{"id":9864,"date":"2022-08-17T15:33:25","date_gmt":"2022-08-17T15:33:25","guid":{"rendered":"https:\/\/www.thefinitive.com\/?post_type=product&#038;p=9864"},"modified":"2024-01-29T12:19:10","modified_gmt":"2024-01-29T11:19:10","slug":"arnaldo-mussolini-fotografia-autografata-il-popolo-ditalia","status":"publish","type":"product","link":"https:\/\/thefinitive.com\/en\/prodotto\/arnaldo-mussolini-fotografia-autografata-il-popolo-ditalia\/","title":{"rendered":"Arnaldo Mussolini fotografia autografata IL POPOLO D&#8217;ITALIA"},"content":{"rendered":"<p>Fotografia autografata originale che ritrae <strong>Arnaldo Mussolini<\/strong>, il fratello del Duce, seduto alla sua scrivania nella redazione de <strong>IL POPOLO D&#8217;ITALIA<\/strong>. La bella foto evidenzia l&#8217;arredamento dello studio del direttore, e si nota sullo sfondo una statua in bronzo che dovrebbe essere il <em><strong>Duce a Cavallo<\/strong><\/em>, ovvero la statua equestre innalzata allo stadio Dall&#8217;Ara di Bologna nel 1927, opera dello scultore Graziosi.<\/p>\n<p><img loading=\"lazy\" decoding=\"async\" class=\"alignnone wp-image-9875\" src=\"https:\/\/www.thefinitive.com\/wp-content\/uploads\/2022\/08\/Stadio_Littoriale-DallAra_Bologna_statua_Mussolini.jpg\" alt=\"\" width=\"426\" height=\"325\" srcset=\"https:\/\/thefinitive.com\/wp-content\/uploads\/2022\/08\/Stadio_Littoriale-DallAra_Bologna_statua_Mussolini.jpg 786w, https:\/\/thefinitive.com\/wp-content\/uploads\/2022\/08\/Stadio_Littoriale-DallAra_Bologna_statua_Mussolini-64x49.jpg 64w, https:\/\/thefinitive.com\/wp-content\/uploads\/2022\/08\/Stadio_Littoriale-DallAra_Bologna_statua_Mussolini-300x229.jpg 300w, https:\/\/thefinitive.com\/wp-content\/uploads\/2022\/08\/Stadio_Littoriale-DallAra_Bologna_statua_Mussolini-768x585.jpg 768w\" sizes=\"(max-width: 426px) 100vw, 426px\" \/><\/p>\n<p>La fotografia di Arnaldo Mussolini, ai sali d&#8217;argento, \u00e8 montata su cartoncino semirigido ed \u00e8 realizzata e autografata dal fotografo <strong>Attilio Badodi<\/strong> di Milano (studio in Via Brera 5) .\u00a0 Accompagnata in calce da una dedica con autografo ad inchiostro nero, ad un personaggio di spicco del ventennio fascista, <strong>Pietro Giacone<\/strong>, prefetto in varie citt\u00e0 italiane ( inclusa Littoria, Rieti, e poi Varese ai tempi della Repubblica Sociale Italiana\u00a0 <strong>R.S.I.<\/strong> )<\/p>\n<h4 style=\"text-align: center;\"><em><strong>Al Camerata S.P. Giacone <\/strong><\/em><\/h4>\n<h4 style=\"text-align: center;\"><em><strong>la cordialit\u00e0 l&#8217;augurio affettuosi <\/strong><\/em><\/h4>\n<h4 style=\"text-align: center;\"><em><strong>del suo direttore <\/strong><\/em><\/h4>\n<h4 style=\"text-align: center;\"><em><strong>Arnaldo Mussolini <\/strong><\/em><\/h4>\n<h4 style=\"text-align: center;\"><em><strong>Agosto &#8216;931 IX<\/strong><\/em><\/h4>\n<p>&nbsp;<\/p>\n<p>Insieme in ottime condizioni, con lievi segni del tempo al cartoncino di supporto.<\/p>\n<p>La fotografia misura circa cm. 23 x 18 , il cartoncino circa cm. 40 x 35<\/p>\n<p>&nbsp;<\/p>\n<h3><span style=\"font-size: 24px;\">Notizie<\/span><\/h3>\n<h2><\/h2>\n<h2>ARNALDO MUSSOLINI<\/h2>\n<p>Chiamato cos\u00ec in onore di\u00a0Arnaldo da Brescia, consegu\u00ec il diploma alla scuola media agraria di\u00a0Cesena\u00a0e nel\u00a01909\u00a0spos\u00f2 Augusta Bondanini, dalla quale ebbe tre figli:\u00a0Vito,\u00a0Sandro\u00a0e\u00a0Rosina. Fu insegnante e segretario comunale\u00a0socialista\u00a0di\u00a0Predappio\u00a0fino al\u00a01914. Prima di dedicarsi all&#8217;insegnamento nel paese natale, Arnaldo Mussolini fu docente di\u00a0agraria, dal 1908 al 1909, presso l&#8217;istituto Falcon-Vial di\u00a0San Vito al Tagliamento. Affezionatosi a questo paese\u00a0friulano, svolse il proprio insegnamento anche nelle scuole elementari di Carbona, frazione di San Vito. Il comune limitrofo di\u00a0Morsano al Tagliamento\u00a0lo nomin\u00f2 segretario comunale, carica che ricopri sino al 1914. Proprio in omaggio a questo paese che lo aveva accolto con affetto chiam\u00f2 il suo figlio primogenito Vito; in seguito il comune ricambi\u00f2, ponendo, a nome dei Sanvitesi, una lapide a suo ricordo nel cortile dell&#8217;istituto Falcon-Vial.<\/p>\n<p>Arnaldo Mussolini, come il fratello, partecip\u00f2 alla\u00a0prima guerra mondiale\u00a0con il grado di sottotenente e nel\u00a01919, al termine del conflitto, si trasfer\u00ec a\u00a0Milano. Qui divenne direttore amministrativo del quotidiano fondato da suo fratello,\u00a0<i>Il Popolo d&#8217;Italia<\/i>, succedendo a\u00a0Manlio Morgagni, che si occup\u00f2 della raccolta pubblicitaria. Nel\u00a01922, quando Benito divenne\u00a0Presidente del Consiglio, ne eredit\u00f2 la direzione, fedele alle linee politiche del fratello, che assecondava totalmente, pur mitigando alcuni eccessi con uno stile pi\u00f9 mite e riservato. Benito Mussolini si fidava ciecamente di Arnaldo, che ebbe anche l&#8217;incarico della correzione delle bozze dei discorsi del fratello. Il due novembre dello stesso anno\u00a0Raoul Vittorio Palermi, Sovrano gran commendatore del Supremo Consiglio della\u00a0Gran Loggia d&#8217;Italia\u00a0gli rimise le insegne di 33\u00ba grado del\u00a0Rito scozzese antico ed accettato.<\/p>\n<div class=\"thumb tleft\">\n<div class=\"thumbinner\">\n<p><img loading=\"lazy\" decoding=\"async\" class=\"thumbimage alignnone\" src=\"https:\/\/upload.wikimedia.org\/wikipedia\/commons\/thumb\/b\/b6\/Bundesarchiv_Bild_102-12378%2C_Arnaldo_Mussolini_am_Strand.jpg\/220px-Bundesarchiv_Bild_102-12378%2C_Arnaldo_Mussolini_am_Strand.jpg\" alt=\"\" width=\"220\" height=\"152\" data-file-width=\"800\" data-file-height=\"552\" \/><\/p>\n<div class=\"thumbcaption\">\n<div class=\"magnify\">Arnaldo Mussolini (secondo da sinistra) nel 1931<\/div>\n<\/div>\n<\/div>\n<\/div>\n<div class=\"magnify\"><\/div>\n<div><\/div>\n<p>Fra il\u00a01923\u00a0e il\u00a01927\u00a0si dedic\u00f2 all&#8217;attivit\u00e0 di giornalista e a varie iniziative editoriali, dando vita a un giornale per i\u00a0Balilla, alla\u00a0<i>Domenica dell&#8217;Agricoltore<\/i>, alla\u00a0<i>Rivista illustrata del Popolo d&#8217;Italia<\/i>, che fond\u00f2 con\u00a0Manlio Morgagni, alla\u00a0<i>Illustrazione Fascista<\/i>, al\u00a0<i>Bosco<\/i>\u00a0e\u00a0<i>Historia<\/i>, pur continuando a dirigere il Popolo d&#8217;Italia. L&#8217;interesse per la natura lo indusse inoltre a dedicarsi alla rinascita boschiva, all&#8217;organizzazione dell&#8217;agricoltura, alle bonifiche, diventando il primo presidente del Comitato Nazionale Forestale. Il 27 novembre\u00a01928\u00a0gli fu conferita la\u00a0laurea honoris causa\u00a0in scienze agrarie.<\/p>\n<p>Nel\u00a01930\u00a0sostenne\u00a0Niccol\u00f2 Giani\u00a0nella fondazione della\u00a0scuola di mistica fascista\u00a0a\u00a0Milano, con l&#8217;obiettivo di far rivivere &#8220;l&#8217;anima del fascismo pi\u00f9 vero&#8221;, quello della\u00a0trincea\u00a0e dei primi anni del movimento, consegnandolo idealmente alle nuove generazioni. La scuola fu intitolata al figlio\u00a0Sandro Italico, scomparso prematuramente a causa di una leucemia, l&#8217;anno prima a soli venti anni. Ne fu presidente anche un altro figlio di Arnaldo, il primogenito Vito.<\/p>\n<p>Di sentimenti profondamente religiosi, Arnaldo Mussolini ebbe una parte importante nel raffreddare i toni tra il regime fascista e la\u00a0Chiesa cattolica\u00a0durante la crisi del 1931 riguardante soprattutto l&#8217;educazione dei giovani. Nel settembre successivo, grazie ad Arnaldo Mussolini, fu raggiunto un compromesso con il quale i giovani cattolici potevano organizzarsi solamente all&#8217;interno dell&#8217;Azione Cattolica, senza svolgere alcuna attivit\u00e0 politica. Gli accordi con la\u00a0Santa Sede\u00a0furono trasmessi dal Ministero dell&#8217;Interno a tutte le Regie Prefetture con circolare telegrafica del 16 settembre 1931.<\/p>\n<p>Secondo\u00a0Marco Zeni, Arnaldo Mussolini si occup\u00f2 anche del caso\u00a0Ida Dalser, la &#8220;moglie segreta&#8221; di Benito, e del loro figlio\u00a0Benito Albino. Mentre la Dalser fin\u00ec in manicomio, pare che Arnaldo \u2013 non \u00e8 chiaro se per ordini ricevuti o per affetto personale \u2013 trattasse nel miglior modo possibile il nipote Benito Albino. Dopo la morte dello zio Arnaldo, anche Albino venne internato, come la madre, in manicomio, dove mor\u00ec nel\u00a01942.<\/p>\n<p>Arnaldo Mussolini mor\u00ec improvvisamente di arresto cardiaco<sup id=\"cite_ref-8\" class=\"reference\"><\/sup>, a\u00a0Milano, il 21 dicembre\u00a01931, a 46 anni. Fu sepolto nel piccolo cimitero di\u00a0Paderno\u00a0di\u00a0Mercato Saraceno, paese natale della moglie Augusta Bondanini, dove ancora esiste, nella casa di famiglia, il suo studio privato con arredi e cimeli dell&#8217;epoca. A\u00a0Forl\u00ec, invece, nella\u00a0Casa del Balilla, poi della\u00a0G.I.L., venne aperta una cappella votiva a lui dedicata. La cappella faceva parte del percorso del &#8220;pellegrino&#8221; fascista dalla\u00a0stazione di Forl\u00ec, lungo il viale Benito Mussolini, oggi\u00a0viale della Libert\u00e0, fino al\u00a0piazzale della Vittoria, con destinazione la casa natale di Benito Mussolini a\u00a0Predappio.<\/p>\n<p>Nella chiesa di Santa Maria Nuova, a Mercato Saraceno, una lapide nel pavimento ricorda la tumulazione provvisoria ordinata da Benito Mussolini, in quanto, a causa della neve, il cimitero di Paderno era divenuto inaccessibile.<\/p>\n<p>Gli fu dedicato l&#8217;<i>Istituto Nazionale di Previdenza dei Giornalisti Italiani\u00a0Arnaldo Mussolini<\/i>, che dopo la guerra divenne\u00a0<i>INPGI G. Amendola<\/i>. Quando mor\u00ec, Benito Mussolini mand\u00f2 un telegramma a tutte le scuole, ordinando di piantare una quercia in memoria del defunto Presidente del Comitato Nazionale Forestale.<\/p>\n<p>Dal 1922 alla morte ebbe una relazione con la scrittrice Maddalena Santoro.<\/p>\n<p>Il fratello Benito ne scrive la biografia in\u00a0<i>Vita di Arnaldo<\/i>, che inizia cos\u00ec: &#8220;Voglio scrivere stasera &#8211; 25 dicembre 1931 &#8211; X &#8211; uno dei pi\u00f9 tristi Natali &#8211; forse il pi\u00f9 triste &#8211; della mia vita, le prime pagine del libro che dedico alla memoria di Arnaldo. Oggi, a Palazzo Venezia, per sei ore, ho cominciato lo spoglio delle carte lasciate da lui; operazione necessaria, delicata, che ho compiuto e compir\u00f2 con grande trepidazione.&#8221;<\/p>\n<p>&nbsp;<\/p>\n<h3>GIACONE Pietro<\/h3>\n<p>Dall&#8217;elenco ufficiale dei prefetti nel periodo fascista, ecco le note riguardanti Giacone Pietro (il destinatario di questa fotografia autografata da Arnaldo Mussolini ) :<\/p>\n<p>Nato a Mombaruzzo (Asti) il 13 dicembre 1884. Tenente Colonnello di artiglieria in posizione ausiliaria. Nominato prefetto di 2\u00aa classe il<br \/>\n16 settembre 1927 e prefetto di 1\u00aa classe il 14 settembre 1934<\/p>\n<p>Cavaliere di Gran Croce dell\u2019Ordine della Corona d\u2019Italia. Grand\u2019Ufficiale dell\u2019Ordine Mauriziano. Commendatore dell\u2019Ordine Coloniale della Stella<br \/>\nd\u2019Italia. Decorazione dell\u2019Ordine della Aquila Tedesca con Stella. Iscritto al P.N.F. dal gennaio 1920<br \/>\nMedaglia d\u2019oro di Benemerenza dell\u2019Opera Nazionale Balilla. Sciarpa Littoria<\/p>\n<p>Console Generale della M.V.S.N. con Croce di anzianit\u00e0<\/p>\n<p>Segretario del Fascio di Cuneo (1923) e Segretario Federale Reggente di Sondrio (settembre &#8211; dicembre 1923)<br \/>\nPrefetto di Rovigo (settembre 1927 &#8211; luglio 1929), Cosenza (luglio 1929 &#8211; maggio 1931), Ascoli Piceno (maggio 1931 &#8211; luglio 1932)<\/p>\n<p>A disposizione (agosto 1932 &#8211; gennaio 1934)<\/p>\n<p>Prefetto di Rieti (gennaio 1934 &#8211; luglio 1936), Latina (agosto 1936 &#8211; giugno 1937)<\/p>\n<p>A disposizione e incaricato di esercitare le funzioni ispettive (luglio 1937 &#8211; agosto 1939) e dall\u2019aprile 1939<\/p>\n<p>Capo della missione a Tirana per l\u2019organizzazione dei servizi di pertinenza degli Enti comunali di assistenza, nonch\u00e8 dei servizi attinenti all\u2019assistenza materna<br \/>\ne infantile<\/p>\n<p>Prefetto di Trapani (agosto 1939 &#8211; giugno 1943), Varese (giugno &#8211; agosto 1943)<\/p>\n<p>Con provvedimento del settembre 1944 \u00e8 collocato a disposizione (R.S.I.), (agosto &#8211; ottobre 1943)<\/p>\n<p>Prefetto di Varese (ottobre 1943 &#8211; gennaio 1944)<\/p>\n<p>A disposizione con l\u2019incarico di Capo dell\u2019Ufficio Alimentazione presso il Gabinetto del Ministro (Sede Nord), (gennaio 1944 &#8211; aprile 1945)<\/p>\n<p>Con Decreto Luogotenenziale dell\u2019agosto 1944 \u00e8 collocato a riposo per ragioni di servizio dall\u2019agosto 1943. Con successivo provvedimento la decorrenza \u00e8 fissata &#8211; su ricorso &#8211; prima all\u2019agosto 1944 e successivamente al dicembre 1945. Deferito alla Commissione per l\u2019epurazione viene dichiarato passibile della<br \/>\nsanzione della perdita del diritto alla pensione. Nell\u2019agosto 1945 viene denunciato dall\u2019Alto Commissariato per le Sanzioni contro il fascismo. Colpito da<br \/>\nmandato di cattura emesso dal Giudice Istruttore di Roma il 6 marzo 1946 viene associato alle carceri di Regina Coeli, per aver \u201ccontribuito a mantenere in vigore il regime fascista\u201d<\/p>\n<p>&nbsp;<\/p>\n<div class=\"thumb tleft\">\n<div class=\"thumbinner\">\n<div class=\"thumbcaption\">\n<h3>Attilio Badodi\u00a0 (fotografo)<\/h3>\n<p>Fu l&#8217;autore della fotografia qui in vendita, poi autografata da Arnaldo Mussolini. Trasferitosi poco pi\u00f9 che ventenne a Milano da Reggio Emilia, apre nel 1908 lo <em>Studio Fotografico e Fototecnico<\/em>\u00a0in\u00a0<em>Via Brera 5<\/em>.<\/p>\n<p>La passione per la cultura e, in particolare per le forme artistiche teatrali, lo fanno avvicinare al mondo dello spettacolo. Sono molte le celebrit\u00e0 dell\u2019epoca\u00a0 che passano dallo\u00a0<em>Studio<\/em> per un ritratto d\u2019autore.\u00a0<em>Badodi<\/em>\u00a0viene premiato con medaglia d\u2019oro all\u2019<em>Esposizione Internazionale di Fotografia<\/em>\u00a0di Torino del 1923.<\/p>\n<p>La sua notoriet\u00e0 fa s\u00ec che gli sia affidato l\u2019incarico di fotografo ufficiale del matrimonio tra <strong>Edda Mussolini<\/strong> e <strong>Galeazzo Ciano<\/strong>, celebrato nel 1930.<\/p>\n<p>Ormai ultra-ottantenne,\u00a0nel 1965\u00a0<em>Attilio<\/em>\u00a0cessa l\u2019attivit\u00e0, quando, oltre che per l\u2019et\u00e0, anche per il senso di delusione per le nuove forme estetiche e tecniche che la fotografia va ormai assumendo: sempre pi\u00f9 \u201cfoto istantanee\u201d, sempre meno \u201cfoto di studio\u201d.<\/p>\n<p>&nbsp;<\/p>\n<\/div>\n<p style=\"text-align: center;\">Cliccando sui <strong>links\/foto<\/strong> avrete informazioni generiche, storiche, relative all&#8217;articolo in vendita<\/p>\n<div class=\"thumbcaption\">\n<h2 style=\"text-align: center;\"><a href=\"https:\/\/www.thefinitive.com\/pnf-partito-nazionale-fascista-mussolini\/\" target=\"_blank\" rel=\"noopener\">Partito Nazionale Fascista &#8211; Benito Mussolini<\/a><\/h2>\n<p><a href=\"https:\/\/www.thefinitive.com\/pnf-partito-nazionale-fascista-mussolini\/\" target=\"_blank\" rel=\"noopener\"><img loading=\"lazy\" decoding=\"async\" class=\"size-full wp-image-8798 aligncenter\" src=\"https:\/\/www.thefinitive.com\/wp-content\/uploads\/2021\/07\/Benito_Mussolini_colored.jpg\" alt=\"\" width=\"202\" height=\"299\" srcset=\"https:\/\/thefinitive.com\/wp-content\/uploads\/2021\/07\/Benito_Mussolini_colored.jpg 202w, https:\/\/thefinitive.com\/wp-content\/uploads\/2021\/07\/Benito_Mussolini_colored-64x95.jpg 64w\" sizes=\"(max-width: 202px) 100vw, 202px\" \/><\/a><\/p>\n<p>&nbsp;<\/p>\n<p>Fonte degli articoli\u00a0 :\u00a0 <a href=\"https:\/\/it.wikipedia.org\/wiki\/Benito_Mussolini\" target=\"_blank\" rel=\"noopener\">Wikipedia<\/a> , <a href=\"https:\/\/it.wikipedia.org\/wiki\/Il_Popolo_d%27Italia\" target=\"_blank\" rel=\"noopener\">Il Popolo d&#8217;Italia<\/a>, per ulteriori approfondimenti data la vastit\u00e0 dell&#8217;argomento.<\/p>\n<\/div>\n<\/div>\n<\/div>\n<p>&nbsp;<\/p>\n<p>8.22<\/p>\n","protected":false},"excerpt":{"rendered":"<p style=\"text-align: center;\">Fotografia autografata originale di <strong>Arnaldo Mussolini<\/strong>, il fratello del Duce, seduto alla sua scrivania nella redazione de <strong>IL POPOLO D&#8217;ITALIA<\/strong><\/p>\n<p style=\"text-align: center;\">Ai sali d&#8217;argento, montata su cartoncino semirigido, realizzata dal fotografo <strong>Attilio Badodi<\/strong> di Milano (studio in Via Brera 5)<\/p>\n<p style=\"text-align: center;\">Dedica ed autografo originali ad inchiostro nero, al prefetto <strong>Pietro Giacone<\/strong><\/p>\n<p>&nbsp;<\/p>\n<p style=\"text-align: center;\"><em><strong>Al Camerata S.P. Giacone <\/strong><\/em><\/p>\n<p style=\"text-align: center;\"><em><strong>la cordialit\u00e0 l&#8217;augurio affettuosi <\/strong><\/em><\/p>\n<p style=\"text-align: center;\"><em><strong>del suo direttore <\/strong><\/em><\/p>\n<p style=\"text-align: center;\"><em><strong>Arnaldo Mussolini <\/strong><\/em><\/p>\n<p style=\"text-align: center;\"><em><strong>Agosto &#8216;931 IX<\/strong><\/em><\/p>\n<p>&nbsp;<\/p>\n<p style=\"text-align: center;\"><strong><em>(Scorri la pagina in basso per ulteriori dettagli e informazioni)<\/em><\/strong><\/p>\n","protected":false},"featured_media":9865,"comment_status":"open","ping_status":"closed","template":"","meta":[],"product_cat":[586],"product_tag":[223,224,197,642,193,157,156],"yoast_head":"<!-- This site is optimized with the Yoast SEO plugin v21.9.1 - https:\/\/yoast.com\/wordpress\/plugins\/seo\/ -->\n<title>Arnaldo Mussolini fotografia autografata IL POPOLO D&#039;ITALIA - Thefinitive<\/title>\n<meta name=\"description\" content=\"Fotografia autografata di Arnaldo Mussolini - Original signed photo - IL POPOLO D&#039;ITALIA - Acquisto memorabilia militare sportiva musicale cinematografica\" \/>\n<meta name=\"robots\" content=\"index, follow, max-snippet:-1, max-image-preview:large, max-video-preview:-1\" \/>\n<link rel=\"canonical\" href=\"https:\/\/thefinitive.com\/en\/prodotto\/arnaldo-mussolini-fotografia-autografata-il-popolo-ditalia\/\" \/>\n<meta property=\"og:locale\" content=\"en_US\" \/>\n<meta property=\"og:type\" content=\"article\" \/>\n<meta property=\"og:title\" content=\"Arnaldo Mussolini fotografia autografata IL POPOLO D&#039;ITALIA - Thefinitive\" \/>\n<meta property=\"og:description\" content=\"Fotografia autografata di Arnaldo Mussolini - Original signed photo - IL POPOLO D&#039;ITALIA - Acquisto memorabilia militare sportiva musicale cinematografica\" \/>\n<meta property=\"og:url\" content=\"https:\/\/thefinitive.com\/en\/prodotto\/arnaldo-mussolini-fotografia-autografata-il-popolo-ditalia\/\" \/>\n<meta property=\"og:site_name\" content=\"Thefinitive\" \/>\n<meta property=\"article:publisher\" content=\"https:\/\/business.facebook.com\/Thefinitive-111771813534320\/\" \/>\n<meta property=\"article:modified_time\" content=\"2024-01-29T11:19:10+00:00\" \/>\n<meta property=\"og:image\" content=\"https:\/\/thefinitive.com\/wp-content\/uploads\/2022\/08\/arn1-2-scaled.jpg\" \/>\n\t<meta property=\"og:image:width\" content=\"2560\" \/>\n\t<meta property=\"og:image:height\" content=\"2560\" \/>\n\t<meta property=\"og:image:type\" content=\"image\/jpeg\" \/>\n<meta name=\"twitter:card\" content=\"summary_large_image\" \/>\n<meta name=\"twitter:label1\" content=\"Est. reading time\" \/>\n\t<meta name=\"twitter:data1\" content=\"10 minutes\" \/>\n<script type=\"application\/ld+json\" class=\"yoast-schema-graph\">{\"@context\":\"https:\/\/schema.org\",\"@graph\":[{\"@type\":\"WebPage\",\"@id\":\"https:\/\/thefinitive.com\/en\/prodotto\/arnaldo-mussolini-fotografia-autografata-il-popolo-ditalia\/\",\"url\":\"https:\/\/thefinitive.com\/en\/prodotto\/arnaldo-mussolini-fotografia-autografata-il-popolo-ditalia\/\",\"name\":\"Arnaldo Mussolini fotografia autografata IL POPOLO D'ITALIA - Thefinitive\",\"isPartOf\":{\"@id\":\"https:\/\/thefinitive.com\/en\/#website\"},\"datePublished\":\"2022-08-17T15:33:25+00:00\",\"dateModified\":\"2024-01-29T11:19:10+00:00\",\"description\":\"Fotografia autografata di Arnaldo Mussolini - Original signed photo - IL POPOLO D'ITALIA - Acquisto memorabilia militare sportiva musicale cinematografica\",\"breadcrumb\":{\"@id\":\"https:\/\/thefinitive.com\/en\/prodotto\/arnaldo-mussolini-fotografia-autografata-il-popolo-ditalia\/#breadcrumb\"},\"inLanguage\":\"en-US\",\"potentialAction\":[{\"@type\":\"ReadAction\",\"target\":[\"https:\/\/thefinitive.com\/en\/prodotto\/arnaldo-mussolini-fotografia-autografata-il-popolo-ditalia\/\"]}]},{\"@type\":\"BreadcrumbList\",\"@id\":\"https:\/\/thefinitive.com\/en\/prodotto\/arnaldo-mussolini-fotografia-autografata-il-popolo-ditalia\/#breadcrumb\",\"itemListElement\":[{\"@type\":\"ListItem\",\"position\":1,\"name\":\"Home\",\"item\":\"https:\/\/thefinitive.com\/en\/\"},{\"@type\":\"ListItem\",\"position\":2,\"name\":\"Shop\",\"item\":\"https:\/\/thefinitive.com\/en\/shop-2\/\"},{\"@type\":\"ListItem\",\"position\":3,\"name\":\"Arnaldo Mussolini fotografia autografata IL POPOLO D&#8217;ITALIA\"}]},{\"@type\":\"WebSite\",\"@id\":\"https:\/\/thefinitive.com\/en\/#website\",\"url\":\"https:\/\/thefinitive.com\/en\/\",\"name\":\"Thefinitive\",\"description\":\"Antiquariato Online\",\"publisher\":{\"@id\":\"https:\/\/thefinitive.com\/en\/#organization\"},\"potentialAction\":[{\"@type\":\"SearchAction\",\"target\":{\"@type\":\"EntryPoint\",\"urlTemplate\":\"https:\/\/thefinitive.com\/en\/?s={search_term_string}\"},\"query-input\":\"required name=search_term_string\"}],\"inLanguage\":\"en-US\"},{\"@type\":\"Organization\",\"@id\":\"https:\/\/thefinitive.com\/en\/#organization\",\"name\":\"Thefinitive\",\"url\":\"https:\/\/thefinitive.com\/en\/\",\"logo\":{\"@type\":\"ImageObject\",\"inLanguage\":\"en-US\",\"@id\":\"https:\/\/thefinitive.com\/en\/#\/schema\/logo\/image\/\",\"url\":\"https:\/\/thefinitive.com\/wp-content\/uploads\/2019\/07\/logo4vett.svg\",\"contentUrl\":\"https:\/\/thefinitive.com\/wp-content\/uploads\/2019\/07\/logo4vett.svg\",\"width\":500,\"height\":100,\"caption\":\"Thefinitive\"},\"image\":{\"@id\":\"https:\/\/thefinitive.com\/en\/#\/schema\/logo\/image\/\"},\"sameAs\":[\"https:\/\/business.facebook.com\/Thefinitive-111771813534320\/\",\"https:\/\/www.instagram.com\/_thefinitive_\/\"]}]}<\/script>\n<!-- \/ Yoast SEO plugin. -->","yoast_head_json":{"title":"Arnaldo Mussolini fotografia autografata IL POPOLO D'ITALIA - Thefinitive","description":"Fotografia autografata di Arnaldo Mussolini - Original signed photo - IL POPOLO D'ITALIA - Acquisto memorabilia militare sportiva musicale cinematografica","robots":{"index":"index","follow":"follow","max-snippet":"max-snippet:-1","max-image-preview":"max-image-preview:large","max-video-preview":"max-video-preview:-1"},"canonical":"https:\/\/thefinitive.com\/en\/prodotto\/arnaldo-mussolini-fotografia-autografata-il-popolo-ditalia\/","og_locale":"en_US","og_type":"article","og_title":"Arnaldo Mussolini fotografia autografata IL POPOLO D'ITALIA - Thefinitive","og_description":"Fotografia autografata di Arnaldo Mussolini - Original signed photo - IL POPOLO D'ITALIA - Acquisto memorabilia militare sportiva musicale cinematografica","og_url":"https:\/\/thefinitive.com\/en\/prodotto\/arnaldo-mussolini-fotografia-autografata-il-popolo-ditalia\/","og_site_name":"Thefinitive","article_publisher":"https:\/\/business.facebook.com\/Thefinitive-111771813534320\/","article_modified_time":"2024-01-29T11:19:10+00:00","og_image":[{"width":2560,"height":2560,"url":"https:\/\/thefinitive.com\/wp-content\/uploads\/2022\/08\/arn1-2-scaled.jpg","type":"image\/jpeg"}],"twitter_card":"summary_large_image","twitter_misc":{"Est. reading time":"10 minutes"},"schema":{"@context":"https:\/\/schema.org","@graph":[{"@type":"WebPage","@id":"https:\/\/thefinitive.com\/en\/prodotto\/arnaldo-mussolini-fotografia-autografata-il-popolo-ditalia\/","url":"https:\/\/thefinitive.com\/en\/prodotto\/arnaldo-mussolini-fotografia-autografata-il-popolo-ditalia\/","name":"Arnaldo Mussolini fotografia autografata IL POPOLO D'ITALIA - Thefinitive","isPartOf":{"@id":"https:\/\/thefinitive.com\/en\/#website"},"datePublished":"2022-08-17T15:33:25+00:00","dateModified":"2024-01-29T11:19:10+00:00","description":"Fotografia autografata di Arnaldo Mussolini - Original signed photo - IL POPOLO D'ITALIA - Acquisto memorabilia militare sportiva musicale cinematografica","breadcrumb":{"@id":"https:\/\/thefinitive.com\/en\/prodotto\/arnaldo-mussolini-fotografia-autografata-il-popolo-ditalia\/#breadcrumb"},"inLanguage":"en-US","potentialAction":[{"@type":"ReadAction","target":["https:\/\/thefinitive.com\/en\/prodotto\/arnaldo-mussolini-fotografia-autografata-il-popolo-ditalia\/"]}]},{"@type":"BreadcrumbList","@id":"https:\/\/thefinitive.com\/en\/prodotto\/arnaldo-mussolini-fotografia-autografata-il-popolo-ditalia\/#breadcrumb","itemListElement":[{"@type":"ListItem","position":1,"name":"Home","item":"https:\/\/thefinitive.com\/en\/"},{"@type":"ListItem","position":2,"name":"Shop","item":"https:\/\/thefinitive.com\/en\/shop-2\/"},{"@type":"ListItem","position":3,"name":"Arnaldo Mussolini fotografia autografata IL POPOLO D&#8217;ITALIA"}]},{"@type":"WebSite","@id":"https:\/\/thefinitive.com\/en\/#website","url":"https:\/\/thefinitive.com\/en\/","name":"Thefinitive","description":"Antiquariato Online","publisher":{"@id":"https:\/\/thefinitive.com\/en\/#organization"},"potentialAction":[{"@type":"SearchAction","target":{"@type":"EntryPoint","urlTemplate":"https:\/\/thefinitive.com\/en\/?s={search_term_string}"},"query-input":"required name=search_term_string"}],"inLanguage":"en-US"},{"@type":"Organization","@id":"https:\/\/thefinitive.com\/en\/#organization","name":"Thefinitive","url":"https:\/\/thefinitive.com\/en\/","logo":{"@type":"ImageObject","inLanguage":"en-US","@id":"https:\/\/thefinitive.com\/en\/#\/schema\/logo\/image\/","url":"https:\/\/thefinitive.com\/wp-content\/uploads\/2019\/07\/logo4vett.svg","contentUrl":"https:\/\/thefinitive.com\/wp-content\/uploads\/2019\/07\/logo4vett.svg","width":500,"height":100,"caption":"Thefinitive"},"image":{"@id":"https:\/\/thefinitive.com\/en\/#\/schema\/logo\/image\/"},"sameAs":["https:\/\/business.facebook.com\/Thefinitive-111771813534320\/","https:\/\/www.instagram.com\/_thefinitive_\/"]}]}},"_links":{"self":[{"href":"https:\/\/thefinitive.com\/en\/wp-json\/wp\/v3\/product\/9864"}],"collection":[{"href":"https:\/\/thefinitive.com\/en\/wp-json\/wp\/v3\/product"}],"about":[{"href":"https:\/\/thefinitive.com\/en\/wp-json\/wp\/v2\/types\/product"}],"replies":[{"embeddable":true,"href":"https:\/\/thefinitive.com\/en\/wp-json\/wp\/v2\/comments?post=9864"}],"version-history":[{"count":2,"href":"https:\/\/thefinitive.com\/en\/wp-json\/wp\/v3\/product\/9864\/revisions"}],"predecessor-version":[{"id":15186,"href":"https:\/\/thefinitive.com\/en\/wp-json\/wp\/v3\/product\/9864\/revisions\/15186"}],"wp:featuredmedia":[{"embeddable":true,"href":"https:\/\/thefinitive.com\/en\/wp-json\/wp\/v2\/media\/9865"}],"wp:attachment":[{"href":"https:\/\/thefinitive.com\/en\/wp-json\/wp\/v2\/media?parent=9864"}],"wp:term":[{"taxonomy":"product_cat","embeddable":true,"href":"https:\/\/thefinitive.com\/en\/wp-json\/wp\/v2\/product_cat?post=9864"},{"taxonomy":"product_tag","embeddable":true,"href":"https:\/\/thefinitive.com\/en\/wp-json\/wp\/v2\/product_tag?post=9864"}],"curies":[{"name":"wp","href":"https:\/\/api.w.org\/{rel}","templated":true}]}}