{"id":9823,"date":"2022-08-16T15:14:54","date_gmt":"2022-08-16T15:14:54","guid":{"rendered":"https:\/\/www.thefinitive.com\/?post_type=product&#038;p=9823"},"modified":"2024-08-11T17:34:37","modified_gmt":"2024-08-11T15:34:37","slug":"il-covo-squadrismo-sansepolcrismo-il-popolo-ditalia","status":"publish","type":"product","link":"https:\/\/thefinitive.com\/en\/prodotto\/il-covo-squadrismo-sansepolcrismo-il-popolo-ditalia\/","title":{"rendered":"IL COVO squadrismo, sansepolcrismo &#8211; IL POPOLO D&#8217;ITALIA"},"content":{"rendered":"\t\t<div data-elementor-type=\"product-post\" data-elementor-id=\"9823\" class=\"elementor elementor-9823\" data-elementor-post-type=\"product\">\n\t\t\t\t\t\t\t\t\t<section class=\"elementor-section elementor-top-section elementor-element elementor-element-47116354 elementor-section-boxed elementor-section-height-default elementor-section-height-default\" data-id=\"47116354\" data-element_type=\"section\">\n\t\t\t\t\t\t<div class=\"elementor-container elementor-column-gap-default\">\n\t\t\t\t\t<div class=\"elementor-column elementor-col-100 elementor-top-column elementor-element elementor-element-344deb51\" data-id=\"344deb51\" data-element_type=\"column\">\n\t\t\t<div class=\"elementor-widget-wrap elementor-element-populated\">\n\t\t\t\t\t\t\t\t<div class=\"elementor-element elementor-element-29fee9aa elementor-widget elementor-widget-text-editor\" data-id=\"29fee9aa\" data-element_type=\"widget\" data-widget_type=\"text-editor.default\">\n\t\t\t\t<div class=\"elementor-widget-container\">\n\t\t\t<style>\/*! elementor - v3.15.0 - 09-08-2023 *\/\n.elementor-widget-text-editor.elementor-drop-cap-view-stacked .elementor-drop-cap{background-color:#69727d;color:#fff}.elementor-widget-text-editor.elementor-drop-cap-view-framed .elementor-drop-cap{color:#69727d;border:3px solid;background-color:transparent}.elementor-widget-text-editor:not(.elementor-drop-cap-view-default) .elementor-drop-cap{margin-top:8px}.elementor-widget-text-editor:not(.elementor-drop-cap-view-default) .elementor-drop-cap-letter{width:1em;height:1em}.elementor-widget-text-editor .elementor-drop-cap{float:left;text-align:center;line-height:1;font-size:50px}.elementor-widget-text-editor .elementor-drop-cap-letter{display:inline-block}<\/style>\t\t\t\t<p><strong>IL COVO<\/strong> di <em><strong>Via Paolo da Cannobio<\/strong><\/em>, la pubblicazione sicuramente pi\u00f9 celebre del fascismo, sul fascismo, sullo squadrismo nascente e sul sansepolcrismo.<\/p><p><strong>SECONDA EDIZIONE<\/strong> speciale, pubblicata in <em><strong>2000<\/strong><\/em> esemplari numerati, e questo \u00e8 l&#8217;<em><strong>esemplare n. 1862<\/strong><\/em><\/p><p><em><strong>Edizione della Scuola di Mistica Fascista Sandro Italico Mussolini<\/strong><\/em>, 1940. In-8 (cm 24 x 24), brossura editoriale, pagine 82 [4] stampate in inchiostro nero e rosso, con numerose immagini e fotografie bianco e nero n.t. (pp. [9\/10], 75\/[6] e [83\/4] con aletta ripiegata). Legatura originale in <strong>corda<\/strong>, a spirale. Impaginazione di <strong>Giuseppe Pagano<\/strong> , realizzazione grafica dell&#8217;istituto Raffaello Bertieri, in Milano nel Febbraio dell&#8217;anno 1940 &#8211; XVIII Era Fascista.<\/p><p><strong>IL COVO<\/strong> \u00e8 uno dei pi\u00f9 celebri libri del fascismo, accenna con suggestive immagini allo squadrismo, al sansepolcrismo. In buono stato \u2013 piccoli difetti marginali, normale usura del tempo.<\/p><p><em>\u201c<strong>Se ci attaccano e entrano in questa stanza due li ammazzo di sicuro<\/strong>\u201d <\/em>avvertiva il Mussolini giornalista<em>. <\/em>Raccolta di fotografie di quello che \u00e8 stato il rifugio del nascente Mussolini, come quella della stanza del Duce, alle spalle del Duce, appiccicato alla parete, lo stendardo nero degli Arditi su cui si stagliava un teschio bianco con il coltello fra i denti: a significare che chi faceva parte di quei reparti andava a morte certa.<\/p><p>\u00a0<\/p><h3><span style=\"font-size: 24px;\">Notizie<\/span><\/h3><p><strong>Benito Amilcare Andrea Mussolini<\/strong>, noto anche per\u00a0antonomasia\u00a0con il solo appellativo di\u00a0<b>Duce <\/b>(Dovia di Predappio,\u00a029 luglio\u00a01883\u00a0\u2013\u00a0Giulino,\u00a028 aprile\u00a01945), \u00e8 stato un\u00a0politico,\u00a0militare\u00a0e\u00a0giornalista\u00a0italiano.<\/p><p>Fondatore del\u00a0fascismo, fu\u00a0presidente del Consiglio\u00a0del\u00a0Regno d&#8217;Italia\u00a0dal 31 ottobre\u00a01922\u00a0al 25 luglio\u00a01943. Nel gennaio\u00a01925\u00a0assunse poteri\u00a0dittatoriali\u00a0e dal dicembre dello stesso anno acquis\u00ec il titolo di\u00a0capo del governo primo ministro segretario di Stato. Dopo la\u00a0guerra d&#8217;Etiopia, aggiunse al titolo di\u00a0duce\u00a0quello di &#8220;Fondatore dell&#8217;Impero&#8221; e divenne\u00a0Primo Maresciallo dell&#8217;Impero\u00a0il 30 marzo\u00a01938. Fu capo della\u00a0Repubblica Sociale Italiana\u00a0dal settembre\u00a01943\u00a0al 27 aprile\u00a01945.<\/p><p>Esponente di spicco del\u00a0Partito Socialista Italiano, fu nominato direttore del quotidiano di partito\u00a0<i>Avanti!<\/i>\u00a0nel\u00a01912. Convinto anti-interventista negli anni della\u00a0guerra italo-turca\u00a0e in quelli precedenti la\u00a0prima guerra mondiale, nel\u00a01914\u00a0cambi\u00f2 opinione, dichiarandosi a favore dell&#8217;intervento in guerra. Trovatosi in netto contrasto con la linea del partito, si dimise dalla direzione dell&#8217;<i>Avanti!<\/i>\u00a0e fond\u00f2\u00a0<i>Il Popolo d&#8217;Italia<\/i>, schierato su posizioni interventiste, venendo quindi espulso dal partito socialista. Nell&#8217;immediato dopoguerra, cavalcando lo scontento per la &#8220;vittoria mutilata&#8221;, fond\u00f2 i\u00a0Fasci italiani di combattimento\u00a0(1919), poi divenuti\u00a0Partito Nazionale Fascista\u00a0nel\u00a01921, e si present\u00f2 al Paese con un programma politico\u00a0nazionalista\u00a0e radicale.<\/p><p>Nel contesto di forte instabilit\u00e0 politica e sociale successivo alla Grande Guerra, punt\u00f2 alla presa del potere; forzando la mano alle istituzioni, con l&#8217;aiuto di atti di\u00a0squadrismo\u00a0e d&#8217;intimidazione politica che culminarono il 28 ottobre 1922 con la\u00a0marcia su Roma, Mussolini ottenne l&#8217;incarico di costituire il Governo (30 ottobre). Dopo il contestato successo alle\u00a0elezioni politiche\u00a0del\u00a01924, instaur\u00f2 nel gennaio 1925 la dittatura, risolvendo con forza la delicata situazione venutasi a creare dopo l&#8217;assassinio di\u00a0Giacomo Matteotti. Negli anni successivi consolid\u00f2 il regime, affermando la supremazia del potere esecutivo, trasformando il sistema amministrativo e inquadrando le masse nelle organizzazioni di partito.<\/p><p>Nel 1929 stipul\u00f2 i\u00a0patti lateranensi\u00a0con la Santa Sede. Per quanto concerne la politica coloniale, Mussolini port\u00f2 a termine la\u00a0riconquista della Libia\u00a0(1922-1932) e intraprese poi la\u00a0conquista dell&#8217;Etiopia\u00a0(1935-1936) violando il diritto internazionale e causando sanzioni economiche da parte della\u00a0Societ\u00e0 delle Nazioni. In politica estera sostenne e finanzi\u00f2 i movimenti fascisti, arrivando ad appoggiare militarmente i\u00a0franchisti\u00a0nella\u00a0guerra civile spagnola\u00a0(1936-1939). Si avvicin\u00f2 alla\u00a0Germania nazionalsocialista\u00a0di\u00a0Adolf Hitler, con il quale stabil\u00ec l&#8217;Asse Roma-Berlino\u00a0del\u00a01936\u00a0e firm\u00f2 il\u00a0Patto d&#8217;Acciaio\u00a0del\u00a01939. \u00c8 in questo periodo che furono approvate in Italia le\u00a0leggi razziali.<\/p><p>Nel\u00a01940, ritenendo ormai prossima la vittoria della Germania, decise per l&#8217;ingresso dell&#8217;Italia nella\u00a0seconda guerra mondiale. In seguito alle disfatte subite dalle Forze Armate italiane e alla messa in minoranza durante il\u00a0Gran Consiglio del Fascismo\u00a0(ordine del giorno Grandi\u00a0del 24 luglio 1943), fu arrestato per ordine del\u00a0Re\u00a0(25 luglio) e successivamente tradotto a\u00a0Campo Imperatore. Liberato dai tedeschi, e ormai in balia delle decisioni di Hitler, instaur\u00f2 nell&#8217;Italia settentrionale la\u00a0Repubblica Sociale Italiana. In seguito alla definitiva sconfitta delle forze italotedesche, abbandon\u00f2 Milano la sera del 25 aprile 1945, dopo aver invano cercato di trattare la resa. Il tentativo di fuga si concluse il 27 aprile con la cattura da parte dei\u00a0partigiani\u00a0a\u00a0Dongo, sul\u00a0lago di Como. Fu\u00a0fucilato\u00a0il giorno seguente insieme alla sua amante\u00a0Claretta Petacci.<\/p><h3>\u00a0<\/h3><h3><span id=\"Fondazione\" class=\"mw-headline\">Fondazione de IL POPOLO D&#8217;ITALIA\u00a0 &#8211; Il Covo<\/span><\/h3><p>\u00abIl Popolo d&#8217;Italia\u00bb fu fondato a\u00a0Milano\u00a0da\u00a0Benito Mussolini\u00a0nel novembre\u00a01914, dopo aver lasciato la direzione dell&#8217;\u00abAvanti!\u00bb. Dal\u00a01912\u00a0Mussolini dirigeva l&#8217;organo del\u00a0Partito Socialista Italiano. Nell&#8217;estate del 1914 alcuni socialisti entrarono in contrapposizione con la linea ufficiale decisa dalla Direzione Centrale del PSI, tesa a rifiutare l&#8217;intervento dell&#8217;Italia nella\u00a0prima guerra mondiale, scoppiata il 28 luglio\u00a01914.<\/p><p>Dopo aver a lungo titubato, Mussolini si sent\u00ec sempre pi\u00f9 trascinato verso questa componente dissidente. Il 18 ottobre pubblic\u00f2 sulla\u00a0terza pagina\u00a0dell&#8217;organo socialista un lungo articolo intitolato\u00a0<i>Dalla neutralit\u00e0 assoluta alla neutralit\u00e0 attiva ed operante<\/i>, in cui rivolse un appello ai socialisti sul pericolo che una neutralit\u00e0 avrebbe comportato per il partito: la condanna all&#8217;isolamento politico. Due giorni dopo Mussolini si dimise dalla carica e inizi\u00f2, sempre a Milano, a lavorare alla fondazione di un giornale\u00a0interventista.<\/p><p>Al progetto di finanziamento del quotidiano contribuirono, con laute somme, socialisti e radicali francesi (nelle persone di\u00a0Joseph Caillaux,\u00a0Bolo Pasci\u00e0,\u00a0Jules Guesde,\u00a0Marcel Cachin), personalit\u00e0 del Regno Unito (su tutti\u00a0Sir Samuel Hoare\u00a0e\u00a0Lord Northcliffe), finanzieri russi, magnati svizzeri e tedeschi, oltrech\u00e9 tutto l&#8217;apparato industriale italiano, composto dalla\u00a0famiglia Agnelli, da entrambi i fratelli Perrone (proprietari dell&#8217;Ansaldo), l&#8217;industria petrolifera, gli industriali zuccherieri italiani, gli agrari emiliani, il Ministro degli Esteri italiano\u00a0Antonino Patern\u00f2 Castello\u00a0e la\u00a0Banca Italiana di Sconto.<\/p><p>Il titolo del nuovo quotidiano riprendeva un giornale\u00a0mazziniano: \u00abL&#8217;Italia del Popolo\u00bb. Fondato dapprima a Milano, ebbe vita breve; fu poi ripubblicato in\u00a0Svizzera\u00a0dagli esuli italiani dopo la caduta della\u00a0Repubblica Romana del 1849.<\/p><p>Il primo numero usc\u00ec il 15 novembre\u00a01914\u00a0a Milano, con una foliazione di quattro pagine e con il sottotitolo &#8220;giornale socialista&#8221;. Al fianco della testata comparvero due citazioni tratte dal\u00a0frontespizio\u00a0di un volume di\u00a0Gustave Herv\u00e9,\u00a0<i>La conqu\u00eate de l&#8217;Arm\u00e9e<\/i>:<\/p><table class=\"citazione-table\"><tbody><tr><td>\u00abLa rivoluzione \u00e8 un&#8217;idea che ha trovato delle baionette\u00bb<\/td><\/tr><tr><td>(<small><a title=\"Napoleone Bonaparte\" href=\"https:\/\/it.wikipedia.org\/wiki\/Napoleone_Bonaparte\">Napoleone Bonaparte<\/a><\/small>)<\/td><\/tr><\/tbody><\/table><table class=\"citazione-table\"><tbody><tr><td>\u00abChi ha del ferro, ha del pane\u00bb<\/td><\/tr><tr><td>(<small><a title=\"Auguste Blanqui\" href=\"https:\/\/it.wikipedia.org\/wiki\/Auguste_Blanqui\">Auguste Blanqui<\/a><\/small>)<\/td><\/tr><\/tbody><\/table><p>La sede (redazione e direzione) era ubicata al n. 35 di via Paolo da Cannobbio, una stretta via dietro\u00a0piazza Duomo. Il giornale non aveva una propria tipografia: veniva stampato da una tipografia esterna. La sede fu presto chiamata &#8220;il covo&#8221;, poich\u00e9 ospitava nelle cantine dello stabile un nutrito gruppo di\u00a0Arditi\u00a0legati a Mussolini, che proteggevano il giornale da attacchi politici nemici.<\/p><p>Silvio Bertoldi, nel suo libro &#8220;Camicia Nera&#8221;, cos\u00ec descriveva il luogo:<\/p><table class=\"citazione-table\"><tbody><tr><td>\u00abUna strada corta, il caseggiato fatiscente. Un cortiletto portava all&#8217;ingresso del giornale e a due scale, una esterna e una interna, per salire al primo piano&#8230; Il sotterraneo serviva da bivacco per gli Arditi che fungevano da guardia del corpo del direttore.&#8221;<i>\u00a0Ed ancora&#8230;\u00a0<\/i>&#8220;Nell&#8217;antro del Covo la redazione del &#8220;Popolo d&#8217;Italia&#8221; era distribuita su due piani. Al terreno stavano l&#8217;amministrazione, gli sportelli degli abbonamenti e della pubblicit\u00e0, la spedizione, l&#8217;archivio e l&#8217;ufficio di\u00a0Arnaldo, il fratello di Benito, che era l&#8217;amministratore. Al primo piano, la stanza del redattore capo, quella della redazione, quella in uso all&#8217;Associazione Nazionale Arditi, una sala di attesa e lo studio di Mussolini d&#8217;angolo&#8230; Alle pareti, alcuni cartelli con beffarde massime di comportamento professionale, quali: &#8216;Chi impegna cinque parole per dire quanto \u00e8 possibile con una parola sola, \u00e8 un uomo capace di qualunque azione.&#8217;. O come:&#8217; Chi non sa tacere mentre il compagno lavora dimostra di non saper compiangere la sventura altrui.&#8217; C&#8217;era un certo umorismo in quelle frasi e se fossero di Mussolini farebbero sospettare in lui una capacit\u00e0 d&#8217;essere spiritoso sempre ignorata. La provava, invece, un famoso invito rivolto ai colleghi che, evidentemente, non brillavano per l&#8217;assiduit\u00e0 in ufficio:&#8217; I signori redattori sono pregati di non andarsene prima di essere venuti.&#8217; E questa era sicuramente di mano sua.\u00bb<\/td><\/tr><\/tbody><\/table><p>La testata venne disegnata dal pittore\u00a0Giorgio Muggiani, l&#8217;impaginatore fu l&#8217;architetto\u00a0<a title=\"Giuseppe Pagano (architetto)\" href=\"https:\/\/it.wikipedia.org\/wiki\/Giuseppe_Pagano_(architetto)\">Giuseppe Pagano (architetto)<\/a>, il capo redattore fu\u00a0Sandro Giuliani, uscito dall&#8217;<i>Avanti!<\/i>\u00a0con Mussolini, e il giornale venne stampato dalla tipografia\u00a0Cordara. Il quotidiano sarebbe stato, per\u00a0tiratura, al terzo posto a livello nazionale per diffusione.<\/p><div class=\"thumb tleft\"><div class=\"thumbinner\"><div class=\"thumbcaption\"><h3>L&#8217;editore GIUSEPPE PAGANO<\/h3><p><strong>Giuseppe Pagano Pogatschnig<\/strong> , docente alla scuola di mistica fascista, era nato in Istria nel 1896 , ma la sua storia lo vedr\u00e0 morire in un lager nazista pochi giorni prima della fine della seconda guerra mondiale. Da iscritto al Partito nazionale fascista e da volontario della seconda guerra mondiale era divenuto, gi\u00e0 dopo il giugno 1943 un militante dell\u2019antifascismo clandestino. Arrestato una prima volta nel novembre 1943 e trasferito in un carcere di Brescia, riesce a evadere il 13 luglio 1944, durante un bombardamento notturno. Tornato da clandestino a Milano, viene arrestato una seconda volta il 6 settembre 1944 e portato a Villa Trieste, dove imperversavano gli atroci figuri della banda Koch. Da l\u00ec, nel novembre 1944, viene trasferito prima nel campo di concentramento di Bolzano e poi a Mauthausen, dov\u00e9 astretto a un durissimo lavoro in miniera. Dopo il pestaggio da parte di un guardiano nazi, e mentre i russi sono arrivati a tredici giorni di distanza dal campo, Pagano muore il 22 aprile 1945.<\/p><p>\u00a0<\/p><\/div><p style=\"text-align: center;\">Cliccando sui <strong>links\/foto<\/strong> avrete informazioni generiche, storiche, relative all&#8217;articolo in vendita<\/p><div class=\"thumbcaption\"><h2 style=\"text-align: center;\"><a href=\"https:\/\/www.thefinitive.com\/pnf-partito-nazionale-fascista-mussolini\/\" target=\"_blank\" rel=\"noopener\">Partito Nazionale Fascista &#8211; Benito Mussolini<\/a><\/h2><p><a href=\"https:\/\/www.thefinitive.com\/pnf-partito-nazionale-fascista-mussolini\/\" target=\"_blank\" rel=\"noopener\"><img loading=\"lazy\" decoding=\"async\" class=\"size-full wp-image-8798 aligncenter\" src=\"https:\/\/www.thefinitive.com\/wp-content\/uploads\/2021\/07\/Benito_Mussolini_colored.jpg\" alt=\"\" width=\"202\" height=\"299\" srcset=\"https:\/\/thefinitive.com\/wp-content\/uploads\/2021\/07\/Benito_Mussolini_colored.jpg 202w, https:\/\/thefinitive.com\/wp-content\/uploads\/2021\/07\/Benito_Mussolini_colored-64x95.jpg 64w\" sizes=\"(max-width: 202px) 100vw, 202px\" \/><\/a><\/p><p>\u00a0<\/p><p>Fonte degli articoli\u00a0 :\u00a0 <a href=\"https:\/\/it.wikipedia.org\/wiki\/Benito_Mussolini\" target=\"_blank\" rel=\"noopener\">Wikipedia<\/a> , <a href=\"https:\/\/it.wikipedia.org\/wiki\/Il_Popolo_d%27Italia\" target=\"_blank\" rel=\"noopener\">Il Popolo d&#8217;Italia<\/a>, per ulteriori approfondimenti data la vastit\u00e0 dell&#8217;argomento.<\/p><\/div><\/div><\/div><p>\u00a0<\/p><p>8.22<\/p>\t\t\t\t\t\t<\/div>\n\t\t\t\t<\/div>\n\t\t\t\t\t<\/div>\n\t\t<\/div>\n\t\t\t\t\t\t\t<\/div>\n\t\t<\/section>\n\t\t\t\t\t\t\t<\/div>\n\t\t","protected":false},"excerpt":{"rendered":"<p style=\"text-align: center;\"><strong>IL COVO<\/strong> di <em><strong>Via Paolo da Cannobio<\/strong><\/em> , <strong>SECONDA EDIZIONE<\/strong> speciale, pubblicata in <em><strong>2000<\/strong><\/em> esemplari numerati.<\/p>\n<p style=\"text-align: center;\">Questo \u00e8 l&#8217;<em><strong>esemplare n. 1862<\/strong><\/em><\/p>\n<p style=\"text-align: center;\"><em><strong>Edizione della Scuola di Mistica Fascista Sandro Italico Mussolini<\/strong><\/em>, 1940<\/p>\n<p style=\"text-align: center;\">In-8 (cm 24 x 24), brossura editoriale, pagine 82 [4] legatura originale in <strong>corda<\/strong>, a spirale. Impaginazione di <strong>Giuseppe Pagano<\/strong> , realizzazione grafica dell&#8217;istituto Raffaello Bertieri, in Milano nel Febbraio dell&#8217;anno 1940 &#8211; XVIII Era Fascista.<\/p>\n<p>&nbsp;<\/p>\n<p style=\"text-align: center;\"><strong><em>(Scorri la pagina in basso per ulteriori dettagli e informazioni)<\/em><\/strong><\/p>\n","protected":false},"featured_media":9824,"comment_status":"open","ping_status":"closed","template":"","meta":[],"product_cat":[586],"product_tag":[223,224,197,642,193,157,156],"yoast_head":"<!-- This site is optimized with the Yoast SEO plugin v21.9.1 - https:\/\/yoast.com\/wordpress\/plugins\/seo\/ -->\n<title>IL COVO squadrismo, sansepolcrismo - IL POPOLO D&#039;ITALIA - Thefinitive<\/title>\n<meta name=\"description\" content=\"Libro IL COVO del POPOLO D&#039;ITALIA nascita dello squadrismo, sansepolcrismo, fascio primigenio. SECONDA EDIZIONE NUMERATA . Benito Mussolini PNF MVSN\" \/>\n<meta name=\"robots\" content=\"index, follow, max-snippet:-1, max-image-preview:large, max-video-preview:-1\" \/>\n<link rel=\"canonical\" href=\"https:\/\/thefinitive.com\/en\/prodotto\/il-covo-squadrismo-sansepolcrismo-il-popolo-ditalia\/\" \/>\n<meta property=\"og:locale\" content=\"en_US\" \/>\n<meta property=\"og:type\" content=\"article\" \/>\n<meta property=\"og:title\" content=\"IL COVO squadrismo, sansepolcrismo - IL POPOLO D&#039;ITALIA - Thefinitive\" \/>\n<meta property=\"og:description\" content=\"Libro IL COVO del POPOLO D&#039;ITALIA nascita dello squadrismo, sansepolcrismo, fascio primigenio. SECONDA EDIZIONE NUMERATA . Benito Mussolini PNF MVSN\" \/>\n<meta property=\"og:url\" content=\"https:\/\/thefinitive.com\/en\/prodotto\/il-covo-squadrismo-sansepolcrismo-il-popolo-ditalia\/\" \/>\n<meta property=\"og:site_name\" content=\"Thefinitive\" \/>\n<meta property=\"article:publisher\" content=\"https:\/\/business.facebook.com\/Thefinitive-111771813534320\/\" \/>\n<meta property=\"article:modified_time\" content=\"2024-08-11T15:34:37+00:00\" \/>\n<meta property=\"og:image\" content=\"https:\/\/thefinitive.com\/wp-content\/uploads\/2022\/08\/cov1-2-scaled.jpg\" \/>\n\t<meta property=\"og:image:width\" content=\"2560\" \/>\n\t<meta property=\"og:image:height\" content=\"2560\" \/>\n\t<meta property=\"og:image:type\" content=\"image\/jpeg\" \/>\n<meta name=\"twitter:card\" content=\"summary_large_image\" \/>\n<meta name=\"twitter:label1\" content=\"Est. reading time\" \/>\n\t<meta name=\"twitter:data1\" content=\"10 minutes\" \/>\n<script type=\"application\/ld+json\" class=\"yoast-schema-graph\">{\"@context\":\"https:\/\/schema.org\",\"@graph\":[{\"@type\":\"WebPage\",\"@id\":\"https:\/\/thefinitive.com\/en\/prodotto\/il-covo-squadrismo-sansepolcrismo-il-popolo-ditalia\/\",\"url\":\"https:\/\/thefinitive.com\/en\/prodotto\/il-covo-squadrismo-sansepolcrismo-il-popolo-ditalia\/\",\"name\":\"IL COVO squadrismo, sansepolcrismo - IL POPOLO D'ITALIA - Thefinitive\",\"isPartOf\":{\"@id\":\"https:\/\/thefinitive.com\/en\/#website\"},\"datePublished\":\"2022-08-16T15:14:54+00:00\",\"dateModified\":\"2024-08-11T15:34:37+00:00\",\"description\":\"Libro IL COVO del POPOLO D'ITALIA nascita dello squadrismo, sansepolcrismo, fascio primigenio. SECONDA EDIZIONE NUMERATA . Benito Mussolini PNF MVSN\",\"breadcrumb\":{\"@id\":\"https:\/\/thefinitive.com\/en\/prodotto\/il-covo-squadrismo-sansepolcrismo-il-popolo-ditalia\/#breadcrumb\"},\"inLanguage\":\"en-US\",\"potentialAction\":[{\"@type\":\"ReadAction\",\"target\":[\"https:\/\/thefinitive.com\/en\/prodotto\/il-covo-squadrismo-sansepolcrismo-il-popolo-ditalia\/\"]}]},{\"@type\":\"BreadcrumbList\",\"@id\":\"https:\/\/thefinitive.com\/en\/prodotto\/il-covo-squadrismo-sansepolcrismo-il-popolo-ditalia\/#breadcrumb\",\"itemListElement\":[{\"@type\":\"ListItem\",\"position\":1,\"name\":\"Home\",\"item\":\"https:\/\/thefinitive.com\/en\/\"},{\"@type\":\"ListItem\",\"position\":2,\"name\":\"Shop\",\"item\":\"https:\/\/thefinitive.com\/en\/shop-2\/\"},{\"@type\":\"ListItem\",\"position\":3,\"name\":\"IL COVO squadrismo, sansepolcrismo &#8211; IL POPOLO D&#8217;ITALIA\"}]},{\"@type\":\"WebSite\",\"@id\":\"https:\/\/thefinitive.com\/en\/#website\",\"url\":\"https:\/\/thefinitive.com\/en\/\",\"name\":\"Thefinitive\",\"description\":\"Antiquariato Online\",\"publisher\":{\"@id\":\"https:\/\/thefinitive.com\/en\/#organization\"},\"potentialAction\":[{\"@type\":\"SearchAction\",\"target\":{\"@type\":\"EntryPoint\",\"urlTemplate\":\"https:\/\/thefinitive.com\/en\/?s={search_term_string}\"},\"query-input\":\"required name=search_term_string\"}],\"inLanguage\":\"en-US\"},{\"@type\":\"Organization\",\"@id\":\"https:\/\/thefinitive.com\/en\/#organization\",\"name\":\"Thefinitive\",\"url\":\"https:\/\/thefinitive.com\/en\/\",\"logo\":{\"@type\":\"ImageObject\",\"inLanguage\":\"en-US\",\"@id\":\"https:\/\/thefinitive.com\/en\/#\/schema\/logo\/image\/\",\"url\":\"https:\/\/thefinitive.com\/wp-content\/uploads\/2019\/07\/logo4vett.svg\",\"contentUrl\":\"https:\/\/thefinitive.com\/wp-content\/uploads\/2019\/07\/logo4vett.svg\",\"width\":500,\"height\":100,\"caption\":\"Thefinitive\"},\"image\":{\"@id\":\"https:\/\/thefinitive.com\/en\/#\/schema\/logo\/image\/\"},\"sameAs\":[\"https:\/\/business.facebook.com\/Thefinitive-111771813534320\/\",\"https:\/\/www.instagram.com\/_thefinitive_\/\"]}]}<\/script>\n<!-- \/ Yoast SEO plugin. -->","yoast_head_json":{"title":"IL COVO squadrismo, sansepolcrismo - IL POPOLO D'ITALIA - Thefinitive","description":"Libro IL COVO del POPOLO D'ITALIA nascita dello squadrismo, sansepolcrismo, fascio primigenio. SECONDA EDIZIONE NUMERATA . Benito Mussolini PNF MVSN","robots":{"index":"index","follow":"follow","max-snippet":"max-snippet:-1","max-image-preview":"max-image-preview:large","max-video-preview":"max-video-preview:-1"},"canonical":"https:\/\/thefinitive.com\/en\/prodotto\/il-covo-squadrismo-sansepolcrismo-il-popolo-ditalia\/","og_locale":"en_US","og_type":"article","og_title":"IL COVO squadrismo, sansepolcrismo - IL POPOLO D'ITALIA - Thefinitive","og_description":"Libro IL COVO del POPOLO D'ITALIA nascita dello squadrismo, sansepolcrismo, fascio primigenio. SECONDA EDIZIONE NUMERATA . Benito Mussolini PNF MVSN","og_url":"https:\/\/thefinitive.com\/en\/prodotto\/il-covo-squadrismo-sansepolcrismo-il-popolo-ditalia\/","og_site_name":"Thefinitive","article_publisher":"https:\/\/business.facebook.com\/Thefinitive-111771813534320\/","article_modified_time":"2024-08-11T15:34:37+00:00","og_image":[{"width":2560,"height":2560,"url":"https:\/\/thefinitive.com\/wp-content\/uploads\/2022\/08\/cov1-2-scaled.jpg","type":"image\/jpeg"}],"twitter_card":"summary_large_image","twitter_misc":{"Est. reading time":"10 minutes"},"schema":{"@context":"https:\/\/schema.org","@graph":[{"@type":"WebPage","@id":"https:\/\/thefinitive.com\/en\/prodotto\/il-covo-squadrismo-sansepolcrismo-il-popolo-ditalia\/","url":"https:\/\/thefinitive.com\/en\/prodotto\/il-covo-squadrismo-sansepolcrismo-il-popolo-ditalia\/","name":"IL COVO squadrismo, sansepolcrismo - IL POPOLO D'ITALIA - Thefinitive","isPartOf":{"@id":"https:\/\/thefinitive.com\/en\/#website"},"datePublished":"2022-08-16T15:14:54+00:00","dateModified":"2024-08-11T15:34:37+00:00","description":"Libro IL COVO del POPOLO D'ITALIA nascita dello squadrismo, sansepolcrismo, fascio primigenio. SECONDA EDIZIONE NUMERATA . Benito Mussolini PNF MVSN","breadcrumb":{"@id":"https:\/\/thefinitive.com\/en\/prodotto\/il-covo-squadrismo-sansepolcrismo-il-popolo-ditalia\/#breadcrumb"},"inLanguage":"en-US","potentialAction":[{"@type":"ReadAction","target":["https:\/\/thefinitive.com\/en\/prodotto\/il-covo-squadrismo-sansepolcrismo-il-popolo-ditalia\/"]}]},{"@type":"BreadcrumbList","@id":"https:\/\/thefinitive.com\/en\/prodotto\/il-covo-squadrismo-sansepolcrismo-il-popolo-ditalia\/#breadcrumb","itemListElement":[{"@type":"ListItem","position":1,"name":"Home","item":"https:\/\/thefinitive.com\/en\/"},{"@type":"ListItem","position":2,"name":"Shop","item":"https:\/\/thefinitive.com\/en\/shop-2\/"},{"@type":"ListItem","position":3,"name":"IL COVO squadrismo, sansepolcrismo &#8211; IL POPOLO D&#8217;ITALIA"}]},{"@type":"WebSite","@id":"https:\/\/thefinitive.com\/en\/#website","url":"https:\/\/thefinitive.com\/en\/","name":"Thefinitive","description":"Antiquariato Online","publisher":{"@id":"https:\/\/thefinitive.com\/en\/#organization"},"potentialAction":[{"@type":"SearchAction","target":{"@type":"EntryPoint","urlTemplate":"https:\/\/thefinitive.com\/en\/?s={search_term_string}"},"query-input":"required name=search_term_string"}],"inLanguage":"en-US"},{"@type":"Organization","@id":"https:\/\/thefinitive.com\/en\/#organization","name":"Thefinitive","url":"https:\/\/thefinitive.com\/en\/","logo":{"@type":"ImageObject","inLanguage":"en-US","@id":"https:\/\/thefinitive.com\/en\/#\/schema\/logo\/image\/","url":"https:\/\/thefinitive.com\/wp-content\/uploads\/2019\/07\/logo4vett.svg","contentUrl":"https:\/\/thefinitive.com\/wp-content\/uploads\/2019\/07\/logo4vett.svg","width":500,"height":100,"caption":"Thefinitive"},"image":{"@id":"https:\/\/thefinitive.com\/en\/#\/schema\/logo\/image\/"},"sameAs":["https:\/\/business.facebook.com\/Thefinitive-111771813534320\/","https:\/\/www.instagram.com\/_thefinitive_\/"]}]}},"_links":{"self":[{"href":"https:\/\/thefinitive.com\/en\/wp-json\/wp\/v3\/product\/9823"}],"collection":[{"href":"https:\/\/thefinitive.com\/en\/wp-json\/wp\/v3\/product"}],"about":[{"href":"https:\/\/thefinitive.com\/en\/wp-json\/wp\/v2\/types\/product"}],"replies":[{"embeddable":true,"href":"https:\/\/thefinitive.com\/en\/wp-json\/wp\/v2\/comments?post=9823"}],"version-history":[{"count":5,"href":"https:\/\/thefinitive.com\/en\/wp-json\/wp\/v3\/product\/9823\/revisions"}],"predecessor-version":[{"id":15039,"href":"https:\/\/thefinitive.com\/en\/wp-json\/wp\/v3\/product\/9823\/revisions\/15039"}],"wp:featuredmedia":[{"embeddable":true,"href":"https:\/\/thefinitive.com\/en\/wp-json\/wp\/v2\/media\/9824"}],"wp:attachment":[{"href":"https:\/\/thefinitive.com\/en\/wp-json\/wp\/v2\/media?parent=9823"}],"wp:term":[{"taxonomy":"product_cat","embeddable":true,"href":"https:\/\/thefinitive.com\/en\/wp-json\/wp\/v2\/product_cat?post=9823"},{"taxonomy":"product_tag","embeddable":true,"href":"https:\/\/thefinitive.com\/en\/wp-json\/wp\/v2\/product_tag?post=9823"}],"curies":[{"name":"wp","href":"https:\/\/api.w.org\/{rel}","templated":true}]}}