{"id":9697,"date":"2022-08-03T15:53:08","date_gmt":"2022-08-03T15:53:08","guid":{"rendered":"https:\/\/www.thefinitive.com\/?post_type=product&#038;p=9697"},"modified":"2024-10-21T20:22:59","modified_gmt":"2024-10-21T18:22:59","slug":"italo-balbo-aoi-foto-con-dedica-e-firma-autografa","status":"publish","type":"product","link":"https:\/\/thefinitive.com\/en\/prodotto\/italo-balbo-aoi-foto-con-dedica-e-firma-autografa\/","title":{"rendered":"\u274c\ud83d\ude41Italo Balbo AOI Foto con dedica e firma autografa"},"content":{"rendered":"<p style=\"text-align: left;\">Foto originale che ritrae <strong>Italo Balbo<\/strong> in AOI, con Pizzirani e Mazzolini. Nella foto in oggetto Italo Balbo \u00e8 in abiti civili a fianco di <strong>Giuseppe Pizzirani<\/strong> , alto funzionario del Ministero dell&#8217;Africa Italiana, quando erano in AOI, e per la dedica viene specificata la &#8220;<strong><em>terra d&#8217;Egitto<\/em><\/strong>&#8221; come lo stesso Maresciallo dell&#8217;Aria lo sottolinea di proprio pugno.<\/p>\n<p>Foto in bianco e nero, applicata su cartoncino, dove \u00e8 stata apposta ad inchiostro stilografico nero, la dedica<\/p>\n<p style=\"text-align: center;\"><strong><em>Al camerata Pizzirani sentinella\u00a0 \u00a0fedele\u00a0 del Ministero Africa Italiana\u00a0 in terra d&#8217;Egitto &#8211; Alala&#8217;<\/em><\/strong><\/p>\n<p style=\"text-align: center;\"><strong><em>Italo Balbo<\/em><\/strong><\/p>\n<p><strong>Pizzirani<\/strong> \u00e8 il camerata alla sinistra di Balbo, con in testa il berretto a bustina nero con fascio littorio, che riconosciamo in piedi con soprabito nero in questa foto<\/p>\n<p><img loading=\"lazy\" decoding=\"async\" class=\"alignnone size-full wp-image-9706\" src=\"https:\/\/www.thefinitive.com\/wp-content\/uploads\/2022\/08\/pizzirani.gif\" alt=\"\" width=\"293\" height=\"207\" \/><\/p>\n<p>Al suo fianco abbiamo <strong>Serafino Mazzolini<\/strong>, che fu anche sottosegretario agli Esteri della RSI, con in testa il berretto nero a bustina recante l&#8217;aquila del PNF, riconoscibile dalle foto seguenti<\/p>\n<p>&nbsp;<\/p>\n<figure id=\"attachment_9705\" aria-describedby=\"caption-attachment-9705\" style=\"width: 300px\" class=\"wp-caption aligncenter\"><img loading=\"lazy\" decoding=\"async\" class=\"wp-image-9705 size-full\" src=\"https:\/\/www.thefinitive.com\/wp-content\/uploads\/2022\/08\/mazzoliniEbalbo.jpg\" alt=\"\" width=\"300\" height=\"185\" srcset=\"https:\/\/thefinitive.com\/wp-content\/uploads\/2022\/08\/mazzoliniEbalbo.jpg 300w, https:\/\/thefinitive.com\/wp-content\/uploads\/2022\/08\/mazzoliniEbalbo-64x39.jpg 64w\" sizes=\"(max-width: 300px) 100vw, 300px\" \/><figcaption id=\"caption-attachment-9705\" class=\"wp-caption-text\"><strong>Mazzolini e Balbo , Egitto<\/strong><\/figcaption><\/figure>\n<p>&nbsp;<\/p>\n<figure id=\"attachment_9704\" aria-describedby=\"caption-attachment-9704\" style=\"width: 190px\" class=\"wp-caption aligncenter\"><img loading=\"lazy\" decoding=\"async\" class=\"wp-image-9704 size-full\" src=\"https:\/\/www.thefinitive.com\/wp-content\/uploads\/2022\/08\/mazzolini.jpg\" alt=\"\" width=\"190\" height=\"266\" srcset=\"https:\/\/thefinitive.com\/wp-content\/uploads\/2022\/08\/mazzolini.jpg 190w, https:\/\/thefinitive.com\/wp-content\/uploads\/2022\/08\/mazzolini-64x90.jpg 64w\" sizes=\"(max-width: 190px) 100vw, 190px\" \/><figcaption id=\"caption-attachment-9704\" class=\"wp-caption-text\">Serafino Mazzolini<\/figcaption><\/figure>\n<p>&nbsp;<\/p>\n<p>La foto misura circa cm. 28 x 22 ed \u00e8 applicata su di un cartoncino per dare margini al passepartout per una eventuale cornice. La dedica e la firma sono originali, autografe, quindi scritte di pugno da Italo Balbo.<\/p>\n<p>In buone condizioni<\/p>\n<p>&nbsp;<\/p>\n<p>&nbsp;<\/p>\n<p>&nbsp;<\/p>\n<p>&nbsp;<\/p>\n<p><strong>MATERIALE\u00a0 \u00a0 \u00a0:\u00a0<\/strong> Carta<\/p>\n<p><strong>MISURE\u00a0 \u00a0 \u00a0 \u00a0 \u00a0 \u00a0 \u00a0:<\/strong>\u00a0 cm. 28 x 22<\/p>\n<p>&nbsp;<\/p>\n<h2 style=\"text-align: left;\">NOTIZIE<\/h2>\n<p>&nbsp;<\/p>\n<h2 style=\"text-align: left;\"><a href=\"https:\/\/www.thefinitive.com\/italo-balbo-il-maresciallo-dellaria\/\" target=\"_blank\" rel=\"noopener\"><img loading=\"lazy\" decoding=\"async\" class=\"size-medium wp-image-2403 aligncenter\" src=\"https:\/\/www.thefinitive.com\/wp-content\/uploads\/2019\/08\/Italo-Balbo-300x225.jpg\" alt=\"\" width=\"300\" height=\"225\" srcset=\"https:\/\/thefinitive.com\/wp-content\/uploads\/2019\/08\/Italo-Balbo-300x225.jpg 300w, https:\/\/thefinitive.com\/wp-content\/uploads\/2019\/08\/Italo-Balbo-64x48.jpg 64w, https:\/\/thefinitive.com\/wp-content\/uploads\/2019\/08\/Italo-Balbo.jpg 574w\" sizes=\"(max-width: 300px) 100vw, 300px\" \/><\/a><\/h2>\n<h2 style=\"text-align: center;\"><a href=\"https:\/\/www.thefinitive.com\/italo-balbo-il-maresciallo-dellaria\/\" target=\"_blank\" rel=\"noopener\">Cliccando sul link avrete accesso ad una pagina con informazioni relative all&#8217;argomento qui trattato<\/a><\/h2>\n<p>&nbsp;<\/p>\n<h3><strong>Giuseppe Pizzirani<\/strong><\/h3>\n<p>Gi\u00e0\u00a0ardito\u00a0di guerra con il grado di\u00a0tenente\u00a0durante il\u00a0primo conflitto mondiale\u00a0ader\u00ec all&#8217;associazione\u00a0Arditi d&#8217;Italia. Quando si svolse il congresso nazionale di Bologna fra il 22 e il 23 ottobre 1922 venne fondata la nuova\u00a0Federazione nazionale Arditi d&#8217;Italia\u00a0di cui Pizzirani divenne segretario generale. Durante il regime fascista ricopr\u00ec il ruolo di\u00a0federale\u00a0fascista di\u00a0Rovigo\u00a0e\u00a0Padova fino a diventare deputato alla\u00a0Camera dei Fasci e delle Corporazioni\u00a0nella\u00a0XXX Legislatura.<\/p>\n<p>Con la proclamazione della\u00a0Repubblica Sociale Italiana\u00a0divenne federale di Roma dove fu chiamato inizialmente a svolgere l&#8217;incarico di ispettore dei Fasci e in seguito a sostituire il federale\u00a0Gino Bardi, il quale aveva costituito una banda dedita a rapine e di cui aveva guidato l&#8217;arresto dopo un&#8217;irruzione in\u00a0Palazzo Braschi\u00a0il 26 novembre 1943. Il 18 febbraio 1944 sub\u00ec, uscendone illeso, un attentato\u00a0gappista\u00a0nel corso del quale morirono tre agenti di scorta, l&#8217;autista e il vice segretario federale Serafini.<\/p>\n<p>Poco\u00a0prima della liberazione di Roma\u00a0il 12 febbraio 1944 lasci\u00f2 l&#8217;incarico a\u00a0Renato Pasqualucci\u00a0per assumere l&#8217;incarico di vicesegretario nazionale del\u00a0Partito Fascista Repubblicano, carica che mantenne fino al novembre dello stesso anno quando fu sostituito da\u00a0Pino Romualdi. In questo periodo, mentre il segretario del partito\u00a0Alessandro Pavolini\u00a0si trasfer\u00ec in\u00a0Toscana\u00a0a ridosso del fronte per costituire le prime formazioni delle\u00a0Brigate Nere, Pizzirani svolse analoga funzione nel nord Italia.<\/p>\n<p>Nel novembre 1944 divenne alto commissario per il Veneto fino alla fine della guerra in questo periodo appoggi\u00f2 l&#8217;azione del ministro dell&#8217;Interno volta a riorganizzare le\u00a0forze di polizia\u00a0della RSI e i reparti autonomi ponendoli tutti sotto il comando delle\u00a0questure. A tal fine in una riunione tenuta a\u00a0Padova\u00a0il 5 gennaio 1945 alla presenza dei questori del Veneto, degli uffici provinciali della\u00a0Guardia Nazionale Repubblicana\u00a0e degli stati maggiori delle Brigate Nere tent\u00f2 inutilmente di portare sotto l&#8217;esclusiva responsabilit\u00e0 delle questure la tutela dell&#8217;ordine pubblico scontrandosi per\u00f2 con la GNR e le Brigate Nere che non nutrivano fiducia nella polizia. Pizzirani, scontento del clima di reciproca sfiducia, trov\u00f2 comunque un compromesso in Veneto delegando l&#8217;ordine pubblico alle questure e i reati politici agli\u00a0UPI\u00a0della GNR mentre le Brigate Nere avrebbero avuto ruolo esclusivamente militare. La sera del 27 aprile 1945 firm\u00f2 la resa delle autorit\u00e0 civili di Padova al CLN.<\/p>\n<p>Processato in contumacia\u00a0dalla corte di assise speciale di Padova fu condannato a venticinque anni per\u00a0collaborazionismo. L&#8217;11 novembre 1946 Pizzirani fu amnistiato e poco tempo dopo prese parte alla nascita del\u00a0Movimento Sociale Italiano.<\/p>\n<p>Nel dopoguerra organizz\u00f2 alcuni gruppi neofascisti clandestini. Referente a Roma dei\u00a0Fasci di azione rivoluzionaria\u00a0fece parte del direttorio e il 21 giugno 1947 nell&#8217;ambito di una estesa serie di perquisizioni svolte in tutta Italia fu arrestato dalle forze dell&#8217;ordine. Nonostante la perdita di Pizzirani la guida dell&#8217;organizzazione rimase intatta anche se alcuni mesi pi\u00f9 tardi si sciolse. Lo storico\u00a0Giuseppe Parlato\u00a0definisce Pizzirani \u00abpersonaggio non marginale nelle vicende del passaggio dalla RSI al neofascismo\u00bb<sup id=\"cite_ref-20\" class=\"reference\"><\/sup>.<\/p>\n<p>In seguito si candid\u00f2 alla Camera alle\u00a0elezioni politiche del 1958\u00a0nelle liste del\u00a0Movimento Sociale Italiano\u00a0senza essere eletto<\/p>\n<p>&nbsp;<\/p>\n<p>fonti \u00a0<a href=\"https:\/\/it.wikipedia.org\/wiki\/Giuseppe_Pizzirani\"><em>Wikipedia<\/em><\/a><\/p>\n<p>&nbsp;<\/p>\n<p>8.22<\/p>\n","protected":false},"excerpt":{"rendered":"<p style=\"text-align: center;\">Foto originale di <strong>Italo Balbo<\/strong> in AOI a fianco di <strong>Giuseppe Pizzirani<\/strong> , alto funzionario del Ministero dell&#8217;Africa Italiana, e <strong>Serafino Mazzolini<\/strong><\/p>\n<p style=\"text-align: center;\">Foto in bianco e nero applicata su cartoncino, dove \u00e8 stata scritta di pugno da Balbo, ad inchiostro stilografico nero, la dedica<\/p>\n<p style=\"text-align: center;\"><strong><em>Al camerata Pizzirani sentinella\u00a0 \u00a0fedele\u00a0 del Ministero Africa Italiana\u00a0 in terra d&#8217;Egitto &#8211; Alala&#8217;<\/em><\/strong><\/p>\n<p style=\"text-align: center;\"><strong><em>Italo Balbo<\/em><\/strong><\/p>\n<p>&nbsp;<\/p>\n<p style=\"text-align: center;\">Ottime condizioni, se ne garantisce l&#8217;autenticit\u00e0 e l&#8217;originalit\u00e0<\/p>\n<p style=\"text-align: center;\"><strong><em>(Scorri la pagina in basso per ulteriori dettagli e informazioni)<\/em><\/strong><\/p>\n<p>&nbsp;<\/p>\n<p>&nbsp;<\/p>\n","protected":false},"featured_media":9698,"comment_status":"open","ping_status":"closed","template":"","meta":[],"product_cat":[586],"product_tag":[723,176,190,182,155,178,198,175],"yoast_head":"<!-- This site is optimized with the Yoast SEO plugin v21.9.1 - https:\/\/yoast.com\/wordpress\/plugins\/seo\/ -->\n<title>\u274c\ud83d\ude41Italo Balbo AOI Foto con dedica e firma autografa - Thefinitive<\/title>\n<meta name=\"description\" content=\"Italo Balbo AOI Foto autografa al camerata nelle colonie Governatorato Tripoli PIZZIRANI - Balbo Original autographed photo\" \/>\n<meta name=\"robots\" content=\"index, follow, max-snippet:-1, max-image-preview:large, max-video-preview:-1\" \/>\n<link rel=\"canonical\" href=\"https:\/\/thefinitive.com\/en\/prodotto\/italo-balbo-aoi-foto-con-dedica-e-firma-autografa\/\" \/>\n<meta property=\"og:locale\" content=\"en_US\" \/>\n<meta property=\"og:type\" content=\"article\" \/>\n<meta property=\"og:title\" content=\"\u274c\ud83d\ude41Italo Balbo AOI Foto con dedica e firma autografa - Thefinitive\" \/>\n<meta property=\"og:description\" content=\"Italo Balbo AOI Foto autografa al camerata nelle colonie Governatorato Tripoli PIZZIRANI - Balbo Original autographed photo\" \/>\n<meta property=\"og:url\" content=\"https:\/\/thefinitive.com\/en\/prodotto\/italo-balbo-aoi-foto-con-dedica-e-firma-autografa\/\" \/>\n<meta property=\"og:site_name\" content=\"Thefinitive\" \/>\n<meta property=\"article:publisher\" content=\"https:\/\/business.facebook.com\/Thefinitive-111771813534320\/\" \/>\n<meta property=\"article:modified_time\" content=\"2024-10-21T18:22:59+00:00\" \/>\n<meta property=\"og:image\" content=\"https:\/\/thefinitive.com\/wp-content\/uploads\/2022\/08\/bal1-2-scaled.jpg\" \/>\n\t<meta property=\"og:image:width\" content=\"2560\" \/>\n\t<meta property=\"og:image:height\" content=\"2560\" \/>\n\t<meta property=\"og:image:type\" content=\"image\/jpeg\" \/>\n<meta name=\"twitter:card\" content=\"summary_large_image\" \/>\n<meta name=\"twitter:label1\" content=\"Est. reading time\" \/>\n\t<meta name=\"twitter:data1\" content=\"5 minutes\" \/>\n<script type=\"application\/ld+json\" class=\"yoast-schema-graph\">{\"@context\":\"https:\/\/schema.org\",\"@graph\":[{\"@type\":\"WebPage\",\"@id\":\"https:\/\/thefinitive.com\/en\/prodotto\/italo-balbo-aoi-foto-con-dedica-e-firma-autografa\/\",\"url\":\"https:\/\/thefinitive.com\/en\/prodotto\/italo-balbo-aoi-foto-con-dedica-e-firma-autografa\/\",\"name\":\"\u274c\ud83d\ude41Italo Balbo AOI Foto con dedica e firma autografa - Thefinitive\",\"isPartOf\":{\"@id\":\"https:\/\/thefinitive.com\/en\/#website\"},\"datePublished\":\"2022-08-03T15:53:08+00:00\",\"dateModified\":\"2024-10-21T18:22:59+00:00\",\"description\":\"Italo Balbo AOI Foto autografa al camerata nelle colonie Governatorato Tripoli PIZZIRANI - Balbo Original autographed photo\",\"breadcrumb\":{\"@id\":\"https:\/\/thefinitive.com\/en\/prodotto\/italo-balbo-aoi-foto-con-dedica-e-firma-autografa\/#breadcrumb\"},\"inLanguage\":\"en-US\",\"potentialAction\":[{\"@type\":\"ReadAction\",\"target\":[\"https:\/\/thefinitive.com\/en\/prodotto\/italo-balbo-aoi-foto-con-dedica-e-firma-autografa\/\"]}]},{\"@type\":\"BreadcrumbList\",\"@id\":\"https:\/\/thefinitive.com\/en\/prodotto\/italo-balbo-aoi-foto-con-dedica-e-firma-autografa\/#breadcrumb\",\"itemListElement\":[{\"@type\":\"ListItem\",\"position\":1,\"name\":\"Home\",\"item\":\"https:\/\/thefinitive.com\/en\/\"},{\"@type\":\"ListItem\",\"position\":2,\"name\":\"Shop\",\"item\":\"https:\/\/thefinitive.com\/en\/shop-2\/\"},{\"@type\":\"ListItem\",\"position\":3,\"name\":\"\u274c\ud83d\ude41Italo Balbo AOI Foto con dedica e firma autografa\"}]},{\"@type\":\"WebSite\",\"@id\":\"https:\/\/thefinitive.com\/en\/#website\",\"url\":\"https:\/\/thefinitive.com\/en\/\",\"name\":\"Thefinitive\",\"description\":\"Antiquariato Online\",\"publisher\":{\"@id\":\"https:\/\/thefinitive.com\/en\/#organization\"},\"potentialAction\":[{\"@type\":\"SearchAction\",\"target\":{\"@type\":\"EntryPoint\",\"urlTemplate\":\"https:\/\/thefinitive.com\/en\/?s={search_term_string}\"},\"query-input\":\"required name=search_term_string\"}],\"inLanguage\":\"en-US\"},{\"@type\":\"Organization\",\"@id\":\"https:\/\/thefinitive.com\/en\/#organization\",\"name\":\"Thefinitive\",\"url\":\"https:\/\/thefinitive.com\/en\/\",\"logo\":{\"@type\":\"ImageObject\",\"inLanguage\":\"en-US\",\"@id\":\"https:\/\/thefinitive.com\/en\/#\/schema\/logo\/image\/\",\"url\":\"https:\/\/thefinitive.com\/wp-content\/uploads\/2019\/07\/logo4vett.svg\",\"contentUrl\":\"https:\/\/thefinitive.com\/wp-content\/uploads\/2019\/07\/logo4vett.svg\",\"width\":500,\"height\":100,\"caption\":\"Thefinitive\"},\"image\":{\"@id\":\"https:\/\/thefinitive.com\/en\/#\/schema\/logo\/image\/\"},\"sameAs\":[\"https:\/\/business.facebook.com\/Thefinitive-111771813534320\/\",\"https:\/\/www.instagram.com\/_thefinitive_\/\"]}]}<\/script>\n<!-- \/ Yoast SEO plugin. -->","yoast_head_json":{"title":"\u274c\ud83d\ude41Italo Balbo AOI Foto con dedica e firma autografa - Thefinitive","description":"Italo Balbo AOI Foto autografa al camerata nelle colonie Governatorato Tripoli PIZZIRANI - Balbo Original autographed photo","robots":{"index":"index","follow":"follow","max-snippet":"max-snippet:-1","max-image-preview":"max-image-preview:large","max-video-preview":"max-video-preview:-1"},"canonical":"https:\/\/thefinitive.com\/en\/prodotto\/italo-balbo-aoi-foto-con-dedica-e-firma-autografa\/","og_locale":"en_US","og_type":"article","og_title":"\u274c\ud83d\ude41Italo Balbo AOI Foto con dedica e firma autografa - Thefinitive","og_description":"Italo Balbo AOI Foto autografa al camerata nelle colonie Governatorato Tripoli PIZZIRANI - Balbo Original autographed photo","og_url":"https:\/\/thefinitive.com\/en\/prodotto\/italo-balbo-aoi-foto-con-dedica-e-firma-autografa\/","og_site_name":"Thefinitive","article_publisher":"https:\/\/business.facebook.com\/Thefinitive-111771813534320\/","article_modified_time":"2024-10-21T18:22:59+00:00","og_image":[{"width":2560,"height":2560,"url":"https:\/\/thefinitive.com\/wp-content\/uploads\/2022\/08\/bal1-2-scaled.jpg","type":"image\/jpeg"}],"twitter_card":"summary_large_image","twitter_misc":{"Est. reading time":"5 minutes"},"schema":{"@context":"https:\/\/schema.org","@graph":[{"@type":"WebPage","@id":"https:\/\/thefinitive.com\/en\/prodotto\/italo-balbo-aoi-foto-con-dedica-e-firma-autografa\/","url":"https:\/\/thefinitive.com\/en\/prodotto\/italo-balbo-aoi-foto-con-dedica-e-firma-autografa\/","name":"\u274c\ud83d\ude41Italo Balbo AOI Foto con dedica e firma autografa - Thefinitive","isPartOf":{"@id":"https:\/\/thefinitive.com\/en\/#website"},"datePublished":"2022-08-03T15:53:08+00:00","dateModified":"2024-10-21T18:22:59+00:00","description":"Italo Balbo AOI Foto autografa al camerata nelle colonie Governatorato Tripoli PIZZIRANI - Balbo Original autographed photo","breadcrumb":{"@id":"https:\/\/thefinitive.com\/en\/prodotto\/italo-balbo-aoi-foto-con-dedica-e-firma-autografa\/#breadcrumb"},"inLanguage":"en-US","potentialAction":[{"@type":"ReadAction","target":["https:\/\/thefinitive.com\/en\/prodotto\/italo-balbo-aoi-foto-con-dedica-e-firma-autografa\/"]}]},{"@type":"BreadcrumbList","@id":"https:\/\/thefinitive.com\/en\/prodotto\/italo-balbo-aoi-foto-con-dedica-e-firma-autografa\/#breadcrumb","itemListElement":[{"@type":"ListItem","position":1,"name":"Home","item":"https:\/\/thefinitive.com\/en\/"},{"@type":"ListItem","position":2,"name":"Shop","item":"https:\/\/thefinitive.com\/en\/shop-2\/"},{"@type":"ListItem","position":3,"name":"\u274c\ud83d\ude41Italo Balbo AOI Foto con dedica e firma autografa"}]},{"@type":"WebSite","@id":"https:\/\/thefinitive.com\/en\/#website","url":"https:\/\/thefinitive.com\/en\/","name":"Thefinitive","description":"Antiquariato Online","publisher":{"@id":"https:\/\/thefinitive.com\/en\/#organization"},"potentialAction":[{"@type":"SearchAction","target":{"@type":"EntryPoint","urlTemplate":"https:\/\/thefinitive.com\/en\/?s={search_term_string}"},"query-input":"required name=search_term_string"}],"inLanguage":"en-US"},{"@type":"Organization","@id":"https:\/\/thefinitive.com\/en\/#organization","name":"Thefinitive","url":"https:\/\/thefinitive.com\/en\/","logo":{"@type":"ImageObject","inLanguage":"en-US","@id":"https:\/\/thefinitive.com\/en\/#\/schema\/logo\/image\/","url":"https:\/\/thefinitive.com\/wp-content\/uploads\/2019\/07\/logo4vett.svg","contentUrl":"https:\/\/thefinitive.com\/wp-content\/uploads\/2019\/07\/logo4vett.svg","width":500,"height":100,"caption":"Thefinitive"},"image":{"@id":"https:\/\/thefinitive.com\/en\/#\/schema\/logo\/image\/"},"sameAs":["https:\/\/business.facebook.com\/Thefinitive-111771813534320\/","https:\/\/www.instagram.com\/_thefinitive_\/"]}]}},"_links":{"self":[{"href":"https:\/\/thefinitive.com\/en\/wp-json\/wp\/v3\/product\/9697"}],"collection":[{"href":"https:\/\/thefinitive.com\/en\/wp-json\/wp\/v3\/product"}],"about":[{"href":"https:\/\/thefinitive.com\/en\/wp-json\/wp\/v2\/types\/product"}],"replies":[{"embeddable":true,"href":"https:\/\/thefinitive.com\/en\/wp-json\/wp\/v2\/comments?post=9697"}],"version-history":[{"count":1,"href":"https:\/\/thefinitive.com\/en\/wp-json\/wp\/v3\/product\/9697\/revisions"}],"predecessor-version":[{"id":14555,"href":"https:\/\/thefinitive.com\/en\/wp-json\/wp\/v3\/product\/9697\/revisions\/14555"}],"wp:featuredmedia":[{"embeddable":true,"href":"https:\/\/thefinitive.com\/en\/wp-json\/wp\/v2\/media\/9698"}],"wp:attachment":[{"href":"https:\/\/thefinitive.com\/en\/wp-json\/wp\/v2\/media?parent=9697"}],"wp:term":[{"taxonomy":"product_cat","embeddable":true,"href":"https:\/\/thefinitive.com\/en\/wp-json\/wp\/v2\/product_cat?post=9697"},{"taxonomy":"product_tag","embeddable":true,"href":"https:\/\/thefinitive.com\/en\/wp-json\/wp\/v2\/product_tag?post=9697"}],"curies":[{"name":"wp","href":"https:\/\/api.w.org\/{rel}","templated":true}]}}