{"id":9684,"date":"2022-07-30T17:20:07","date_gmt":"2022-07-30T17:20:07","guid":{"rendered":"https:\/\/www.thefinitive.com\/?post_type=product&#038;p=9684"},"modified":"2025-12-02T20:05:15","modified_gmt":"2025-12-02T19:05:15","slug":"maria-jose-principessa-di-piemonte-1937-foto-autografa","status":"publish","type":"product","link":"https:\/\/thefinitive.com\/en\/prodotto\/maria-jose-principessa-di-piemonte-1937-foto-autografa\/","title":{"rendered":"Maria Jos\u00e8 Principessa di Piemonte 1937 Foto Autografa"},"content":{"rendered":"<p>Foto a stampa, originale, di <strong>Maria Jos\u00e8 del Belgio, principessa di Piemonte.<\/strong><\/p>\n<p>Ritratta in elegantissimo abito da sera, con indosso diadema e gioielli reali. La foto \u00e8 impreziosita da una dedica ed autografo <strong><em>ALL&#8217;ON.GR.UFF. xxxx xxxx MARIA PRINCIPESSA DI PIEMONTE\u00a0<\/em><\/strong><\/p>\n<p>Il nominativo del Grande Ufficiale al quale \u00e8 dedicata la foto, \u00e8 stato oscurato solo sul supporto digitale.<\/p>\n<p>La foto \u00e8 opera di <strong>Ghitta Carell<\/strong>, firmata in bianco in basso a sinistra, e riporta l&#8217;anno <strong>1937<\/strong>.<\/p>\n<p>L&#8217;immagine interna di Maria Jos\u00e8 misura cm. 23 x 17, e la cornice\/passepartout \u00e8 ritagliata agli angoli. Ci sono dei segni di penna che possono essere nascosti da una cornice, oppure ancora rifilando il perimetro del passepartout stesso.. L&#8217;insieme \u00e8 in buone condizioni, con lievi segni del tempo.<\/p>\n<p>La dedica e l&#8217;autografo della bellissima principessa sono originali, scritti di pugno da Maria Jos\u00e8, ad inchiostro stilografico nero.<\/p>\n<p>&nbsp;<\/p>\n<p><strong>MATERIALE\u00a0 \u00a0&#8230;&#8230;&#8230;&#8230;.<\/strong>\u00a0 stampa fotografica, cartoncino<\/p>\n<p><strong>MISURE\u00a0<\/strong> <strong>&#8230;&#8230;&#8230;&#8230;&#8230;&#8230;..<\/strong> cm. 23 x 17<\/p>\n<p><strong>MARCHIO<\/strong> <strong>&#8230;&#8230;&#8230;&#8230;&#8230;.<\/strong> Ghitta Carell 1937 &#8211; Roma<\/p>\n<h2><\/h2>\n<p>&nbsp;<\/p>\n<h2>NOTIZIE<\/h2>\n<p>&nbsp;<\/p>\n<h3 style=\"text-align: center;\"><a href=\"https:\/\/www.thefinitive.com\/casa-reale-savoia-pochi-cenni-di-introduzione\/\" target=\"_blank\" rel=\"noopener\">Cliccando sul seguente link e sull&#8217;immagine avrete accesso ad informazioni relative all&#8217;argomento in oggetto<\/a><\/h3>\n<p>&nbsp;<\/p>\n<p><a href=\"https:\/\/www.thefinitive.com\/maria-jose-del-belgio-principessa-di-piemonte\/\" target=\"_blank\" rel=\"noopener\"><img loading=\"lazy\" decoding=\"async\" class=\" wp-image-9688 aligncenter\" src=\"https:\/\/www.thefinitive.com\/wp-content\/uploads\/2022\/07\/Coat_of_Arms_of_the_King_of_the_Belgians.svg.png\" alt=\"\" width=\"246\" height=\"276\" srcset=\"https:\/\/thefinitive.com\/wp-content\/uploads\/2022\/07\/Coat_of_Arms_of_the_King_of_the_Belgians.svg.png 180w, https:\/\/thefinitive.com\/wp-content\/uploads\/2022\/07\/Coat_of_Arms_of_the_King_of_the_Belgians.svg-64x72.png 64w\" sizes=\"(max-width: 246px) 100vw, 246px\" \/><\/a><\/p>\n<p>&nbsp;<\/p>\n<p><b>Marie Jos\u00e9 Carlotta Sofia Amelia Enrichetta Gabriella di Sassonia Coburgo-Gotha<sup id=\"cite_ref-thePeerage_1-0\" class=\"reference\"><\/sup><\/b>, pi\u00f9 nota come\u00a0<b>Maria Jos\u00e9 del Belgio<\/b>\u00a0(Ostenda,\u00a04 agosto\u00a01906\u00a0\u2013\u00a0Th\u00f4nex,\u00a027 gennaio\u00a02001), moglie di\u00a0Umberto II di Savoia, fu l&#8217;ultima regina consorte d&#8217;Italia prima della proclamazione della repubblica.<\/p>\n<p>Si tratta della sovrana consorte con il pi\u00f9 breve regno nella\u00a0storia dell&#8217;Italia unita. Il suo nome italianizzato era\u00a0<b>Maria Giuseppina di Savoia<\/b>\u00a0bench\u00e9 ella stessa non l&#8217;abbia mai voluto adottare neppure su documenti ufficiali quali, per esempio, l&#8217;atto di matrimonio.<\/p>\n<p>\u00c8 l&#8217;unica regina italiana la cui effigie sia apparsa su una serie di francobolli regolarmente emessi,\u00a0<i>Nozze del principe Umberto II<\/i>.<\/p>\n<h2><\/h2>\n<h2><span id=\"Biografia\" class=\"mw-headline\">Ghitta Carell<\/span><\/h2>\n<p>Probabilmente di modeste origini, la giovane Ghitta Carell,\u00a0ebrea\u00a0ungherese in visita a\u00a0Firenze\u00a0nel 1924, decide di fermarsi in Italia e intraprendere la professione di fotografa. Illustri esempi provenienti dal suo paese \u2013 tra di essi Alad\u00e1r Sz\u00e9kely, Erzsi Landau, Olga M\u00e1t\u00e9, Ir\u00e9n Werner \u2013 ne sollecitano l&#8217;ambizione, tanto che Ghitta, ribattezzatasi Carell per l&#8217;occasione (forse da Carei, Nagyk\u00e1roly in ungherese, un toponimo nei pressi della regione natale di Szatm\u00e1r e ora in\u00a0Romania, quasi a sintetizzare un predicato che alludesse a nobili origini), costruisce una propria indulgente biografia, con un presunto apprendistato prima a\u00a0Lipsia\u00a0e poi a\u00a0Vienna. L&#8217;assidua frequentazione di una piccola colonia di artisti e intellettuali ungheresi in Italia, raccoltasi intorno allo scultore\u00a0M\u00e1rk Vedres\u00a0a\u00a0Fiesole, la introduce alla borghesia e soprattutto all&#8217;aristocrazia italiana.<\/p>\n<p>I primi ritratti fotografici alla principessa di Piemonte,\u00a0Maria Jos\u00e8, consacrano gli sforzi e la pervicace determinazione dell&#8217;ungherese. La tecnica non \u00e8 un problema: la Carell utilizza un&#8217;attrezzatura tradizionale, per non dire vetusta \u2013 un grande macchina con cavalletto della ditta Luigi Piseroni di Milano \u2013 che impara subito a padroneggiare. Si tratta di un apparecchio con lastre di grande formato (18&#215;24), all&#8217;occorrenza sostituito da pi\u00f9 agili macchine portatili, ma sempre dello stesso formato. Qualche lampada e la corretta associazione tra tempi di posa e apertura del diaframma, proiettano l&#8217;indubbio talento della Carell nel mondo della fotografia, o meglio: del ritratto fotografico, con il quale sintetizza le esperienze che pi\u00f9 l&#8217;hanno interessata, sia della fotografia che della pittura. Nella biblioteca della Carell si accumulano infatti, oltre a testi sulla tecnica fotografica, di ripresa, sviluppo e stampa, anche volumi illustrati sulla storia del ritratto.<\/p>\n<p>La Carell si sofferma sui tagli, le inquadrature, i particolari, l&#8217;uso delle luci, arrivando alla definizione di uno stile inconfondibile. Sulla lastra sono fissate quelle sembianze che pazientemente la fotografa ritoccher\u00e0 al tavolino, con una apposito leggio e una serie di strumenti \u2013 matite, colori, pennelli, raschietti \u2013 che faranno sembrare il suo\u00a0<i>atelier<\/i>\u00a0pi\u00f9 simile a quello di un pittore che di un fotografo. Del resto uno dei suoi maestri elettivi, forse frequentato in Ungheria, era J\u00f3zsef P\u00e9csi (sicuramente in rapporto con Vedres), che all&#8217;inizio della sua attivit\u00e0, assai affine al gusto pittorico, non disdegnava la manipolazione espressiva dei negativi. La firma di Ghitta Carell e la data sulla stampa, a biacca bianca, inchiostro nero o a matita, vergati con l&#8217;inconfondibile calligrafia, siglano la perfezione del ritratto.<\/p>\n<p>La frequentazione della Principessa Maria Jos\u00e8 prelude a una serie di rapporti molto stretti con altre due note personalit\u00e0 femminili del ventennio, anticonvenzionali e determinate, emancipate, dai caratteri e dalle ideologie anche molto distanti tra di loro, ma con alcuni tratti che li accomunano a quelli della stessa Carell. Si tratta di Margherita Sarfatti\u00a0ed\u00a0Edda Ciano Mussolini. La nota critica d&#8217;arte, teorizzatrice del\u00a0Novecento, ebrea come la Carell, dal grande ascendente su\u00a0Mussolini\u00a0e quindi sulla politica culturale del\u00a0Fascismo, e la figlia primogenita e prediletta dello stesso Duce, rivestiranno alla met\u00e0 degli anni trenta un ruolo fondamentale per l&#8217;attivit\u00e0 della Carell. Come gi\u00e0 era accaduto con Maria Jos\u00e8, saranno fotografate innumerevoli volte, in memorabili ritratti, da sole o coi figli. La Sarfatti la introdurr\u00e0 al mondo degli artisti e probabilmente a quello degli architetti, Edda Ciano a quello dell&#8217;aristocrazia vicina al\u00a0Regime; entrambe costituiranno il\u00a0<i>trait d&#8217;union<\/i>\u00a0che porter\u00e0 la Carell ad approntare due campagne fotografiche per una serie di noti ritratti a Mussolini nel 1933 e nel 1937. In questo periodo fotografa anche esponenti del partito fascista, come il funzionario del\u00a0Minculpop\u00a0Annibale Scicluna Sorge.<\/p>\n<p>La promulgazione delle\u00a0leggi razziali nel 1938\u00a0sconvolge la vita degli\u00a0ebrei italiani\u00a0e anche quella di Ghitta Carell. Non sar\u00e0 perseguitata ma il suo ruolo e il suo nome inizieranno a essere\u00a0censurati\u00a0e omessi. La Carell trascorrer\u00e0 in Italia gli\u00a0anni della guerra, tra\u00a0Roma\u00a0e\u00a0Milano, aiutata da alcune amicizie che si consolideranno in questo periodo. Nel\u00a0dopoguerra\u00a0continuer\u00e0 la sua attivit\u00e0. Scompariranno dal suo orizzonte i tre numi di Maria Jos\u00e8, Margherita Sarfatti ed Edda Ciano. La fotografa s&#8217;impegna in mostre e iniziative per promuovere il proprio lavoro, invero non pi\u00f9 animato dallo stesso fervore e su cui tacitamente aleggia il ricordo \u2013 del resto ampiamente condiviso e nel suo caso drammaticamente espiato \u2013 del fascismo.<\/p>\n<p>Gradatamente, nell&#8217;immaginario del pubblico, dei suoi vecchi e nuovi clienti e in un certo senso anche in quello della stessa Carell, la memoria dei ritratti di Mussolini cede il posto alla nota serie realizzata a\u00a0Giovanni XXIII\u00a0nel 1960.<\/p>\n<p>Alla fine degli\u00a0anni sessanta\u00a0parte in fretta dall&#8217;Italia, dove nel 1959 aveva ottenuto la\u00a0cittadinanza; ad alcune amiche ha lasciato il compito di liquidare arredi e attrezzature della sua casa-studio; l&#8217;archivio viene comprato dalla Ferrania \u2013 poi confluita nella 3M \u2013 che organizza nel 1970 una mostra a Roma e poi Milano. La Carell ormai \u00e8 troppo malata per potersi muovere: morir\u00e0 ad Haifa nel 1972. Per la mostra viene ristampata una selezione delle lastre. I ritratti dell&#8217;aristocrazia, dei borghesi, degli alti ranghi del fascismo incutono una certa diffidenza nella critica militante, che pur intuendo l&#8217;importanza del suo lavoro, ripiega sul fenomeno di costume, mondano, oppure lo sottopone, con rimandi di\u00a0ascendenza marxista, a un&#8217;analisi sociologica indifferente alle tecniche e al magistero espressivo della fotografa.\u00a0<i>Signori d&#8217;Italia nei fotoritratti di Ghitta Carell<\/i>\u00a0(1978),\u00a0<i>La fotografia della maschera<\/i>\u00a0(1985), sono i significativi titoli di due piccoli volumi monografici dedicati al lavoro della fotografa ungherese, mentre la stampa si appropria dei luoghi comuni pi\u00f9 suggestivi che la stessa Carell dispensava alla fine della sua vita: \u00abnon fotografo il volto ma l&#8217;anima\u00bb.<\/p>\n<p>La bibliografia su Ghitta Carell si riduce quasi esclusivamente a una letteratura aneddotica ed encomiastica che comunque non si addentra nella sua reale vicenda biografica e artistica; solo recenti contributi hanno in parte riscattato questa protagonista della fotografia, tracciando le basi per uno studio approfondito ancora da compiere.<\/p>\n<p><img loading=\"lazy\" decoding=\"async\" class=\"alignnone  wp-image-9690\" src=\"https:\/\/www.thefinitive.com\/wp-content\/uploads\/2022\/07\/Ghittacarel.jpg\" alt=\"\" width=\"499\" height=\"704\" srcset=\"https:\/\/thefinitive.com\/wp-content\/uploads\/2022\/07\/Ghittacarel.jpg 564w, https:\/\/thefinitive.com\/wp-content\/uploads\/2022\/07\/Ghittacarel-64x90.jpg 64w, https:\/\/thefinitive.com\/wp-content\/uploads\/2022\/07\/Ghittacarel-213x300.jpg 213w\" sizes=\"(max-width: 499px) 100vw, 499px\" \/><\/p>\n<p><em>Ghitta Carell<\/em><\/p>\n<p>&nbsp;<\/p>\n<p>Per approfondimenti\u00a0 fonti <a href=\"https:\/\/it.wikipedia.org\/wiki\/Maria_Jos%C3%A9_del_Belgio\" target=\"_blank\" rel=\"noopener\">Wikipedia<\/a><\/p>\n<p>&nbsp;<\/p>\n<p>8.22<\/p>\n","protected":false},"excerpt":{"rendered":"<p style=\"text-align: center;\">Foto a stampa, originale, di <strong>Maria Jos\u00e8 del Belgio, principessa di Piemonte<\/strong>, con dedica ed autografo<\/p>\n<p style=\"text-align: center;\"><strong><em>ALL&#8217;ON.GR.UFF. xxxx xxxx\u00a0 \u00a0 MARIA PRINCIPESSA DI PIEMONTE\u00a0<\/em><\/strong><\/p>\n<p style=\"text-align: center;\">Il nominativo del Grande Ufficiale al quale \u00e8 dedicata la foto, \u00e8 stato oscurato solo sul supporto digitale.<\/p>\n<p style=\"text-align: center;\">Foto firmata <strong>Ghitta Carrell<\/strong>, in bianco in basso a sinistra,\u00a0 <strong>1937<\/strong><\/p>\n<p>&nbsp;<\/p>\n<p style=\"text-align: center;\"><strong><em>(Scorri la pagina in basso per ulteriori dettagli e informazioni)<\/em><\/strong><\/p>\n","protected":false},"featured_media":9657,"comment_status":"open","ping_status":"closed","template":"","meta":[],"product_cat":[586],"product_tag":[650,304,228,306,654,653,651,652],"yoast_head":"<!-- This site is optimized with the Yoast SEO plugin v21.9.1 - https:\/\/yoast.com\/wordpress\/plugins\/seo\/ -->\n<title>Maria Jos\u00e8 Principessa di Piemonte 1937 Foto Autografa - Thefinitive<\/title>\n<meta name=\"description\" content=\"Maria Jos\u00e8 Principessa di Piemonte foto dedica ed autografo - Diadema Corona Reale - Croce Rossa Red Cross - Valutazioni onorificenze medaglie memorabilia\" \/>\n<meta name=\"robots\" content=\"index, follow, max-snippet:-1, max-image-preview:large, max-video-preview:-1\" \/>\n<link rel=\"canonical\" href=\"https:\/\/thefinitive.com\/en\/prodotto\/maria-jose-principessa-di-piemonte-1937-foto-autografa\/\" \/>\n<meta property=\"og:locale\" content=\"en_US\" \/>\n<meta property=\"og:type\" content=\"article\" \/>\n<meta property=\"og:title\" content=\"Maria Jos\u00e8 Principessa di Piemonte 1937 Foto Autografa - Thefinitive\" \/>\n<meta property=\"og:description\" content=\"Maria Jos\u00e8 Principessa di Piemonte foto dedica ed autografo - Diadema Corona Reale - Croce Rossa Red Cross - Valutazioni onorificenze medaglie memorabilia\" \/>\n<meta property=\"og:url\" content=\"https:\/\/thefinitive.com\/en\/prodotto\/maria-jose-principessa-di-piemonte-1937-foto-autografa\/\" \/>\n<meta property=\"og:site_name\" content=\"Thefinitive\" \/>\n<meta property=\"article:publisher\" content=\"https:\/\/business.facebook.com\/Thefinitive-111771813534320\/\" \/>\n<meta property=\"article:modified_time\" content=\"2025-12-02T19:05:15+00:00\" \/>\n<meta property=\"og:image\" content=\"https:\/\/thefinitive.com\/wp-content\/uploads\/2022\/07\/mjos1-2-scaled.jpg\" \/>\n\t<meta property=\"og:image:width\" content=\"2560\" \/>\n\t<meta property=\"og:image:height\" content=\"2560\" \/>\n\t<meta property=\"og:image:type\" content=\"image\/jpeg\" \/>\n<meta name=\"twitter:card\" content=\"summary_large_image\" \/>\n<meta name=\"twitter:label1\" content=\"Est. reading time\" \/>\n\t<meta name=\"twitter:data1\" content=\"6 minutes\" \/>\n<script type=\"application\/ld+json\" class=\"yoast-schema-graph\">{\"@context\":\"https:\/\/schema.org\",\"@graph\":[{\"@type\":\"WebPage\",\"@id\":\"https:\/\/thefinitive.com\/en\/prodotto\/maria-jose-principessa-di-piemonte-1937-foto-autografa\/\",\"url\":\"https:\/\/thefinitive.com\/en\/prodotto\/maria-jose-principessa-di-piemonte-1937-foto-autografa\/\",\"name\":\"Maria Jos\u00e8 Principessa di Piemonte 1937 Foto Autografa - Thefinitive\",\"isPartOf\":{\"@id\":\"https:\/\/thefinitive.com\/en\/#website\"},\"datePublished\":\"2022-07-30T17:20:07+00:00\",\"dateModified\":\"2025-12-02T19:05:15+00:00\",\"description\":\"Maria Jos\u00e8 Principessa di Piemonte foto dedica ed autografo - Diadema Corona Reale - Croce Rossa Red Cross - Valutazioni onorificenze medaglie memorabilia\",\"breadcrumb\":{\"@id\":\"https:\/\/thefinitive.com\/en\/prodotto\/maria-jose-principessa-di-piemonte-1937-foto-autografa\/#breadcrumb\"},\"inLanguage\":\"en-US\",\"potentialAction\":[{\"@type\":\"ReadAction\",\"target\":[\"https:\/\/thefinitive.com\/en\/prodotto\/maria-jose-principessa-di-piemonte-1937-foto-autografa\/\"]}]},{\"@type\":\"BreadcrumbList\",\"@id\":\"https:\/\/thefinitive.com\/en\/prodotto\/maria-jose-principessa-di-piemonte-1937-foto-autografa\/#breadcrumb\",\"itemListElement\":[{\"@type\":\"ListItem\",\"position\":1,\"name\":\"Home\",\"item\":\"https:\/\/thefinitive.com\/en\/\"},{\"@type\":\"ListItem\",\"position\":2,\"name\":\"Shop\",\"item\":\"https:\/\/thefinitive.com\/en\/shop-2\/\"},{\"@type\":\"ListItem\",\"position\":3,\"name\":\"Maria Jos\u00e8 Principessa di Piemonte 1937 Foto Autografa\"}]},{\"@type\":\"WebSite\",\"@id\":\"https:\/\/thefinitive.com\/en\/#website\",\"url\":\"https:\/\/thefinitive.com\/en\/\",\"name\":\"Thefinitive\",\"description\":\"Antiquariato Online\",\"publisher\":{\"@id\":\"https:\/\/thefinitive.com\/en\/#organization\"},\"potentialAction\":[{\"@type\":\"SearchAction\",\"target\":{\"@type\":\"EntryPoint\",\"urlTemplate\":\"https:\/\/thefinitive.com\/en\/?s={search_term_string}\"},\"query-input\":\"required name=search_term_string\"}],\"inLanguage\":\"en-US\"},{\"@type\":\"Organization\",\"@id\":\"https:\/\/thefinitive.com\/en\/#organization\",\"name\":\"Thefinitive\",\"url\":\"https:\/\/thefinitive.com\/en\/\",\"logo\":{\"@type\":\"ImageObject\",\"inLanguage\":\"en-US\",\"@id\":\"https:\/\/thefinitive.com\/en\/#\/schema\/logo\/image\/\",\"url\":\"https:\/\/thefinitive.com\/wp-content\/uploads\/2019\/07\/logo4vett.svg\",\"contentUrl\":\"https:\/\/thefinitive.com\/wp-content\/uploads\/2019\/07\/logo4vett.svg\",\"width\":500,\"height\":100,\"caption\":\"Thefinitive\"},\"image\":{\"@id\":\"https:\/\/thefinitive.com\/en\/#\/schema\/logo\/image\/\"},\"sameAs\":[\"https:\/\/business.facebook.com\/Thefinitive-111771813534320\/\",\"https:\/\/www.instagram.com\/_thefinitive_\/\"]}]}<\/script>\n<!-- \/ Yoast SEO plugin. -->","yoast_head_json":{"title":"Maria Jos\u00e8 Principessa di Piemonte 1937 Foto Autografa - Thefinitive","description":"Maria Jos\u00e8 Principessa di Piemonte foto dedica ed autografo - Diadema Corona Reale - Croce Rossa Red Cross - Valutazioni onorificenze medaglie memorabilia","robots":{"index":"index","follow":"follow","max-snippet":"max-snippet:-1","max-image-preview":"max-image-preview:large","max-video-preview":"max-video-preview:-1"},"canonical":"https:\/\/thefinitive.com\/en\/prodotto\/maria-jose-principessa-di-piemonte-1937-foto-autografa\/","og_locale":"en_US","og_type":"article","og_title":"Maria Jos\u00e8 Principessa di Piemonte 1937 Foto Autografa - Thefinitive","og_description":"Maria Jos\u00e8 Principessa di Piemonte foto dedica ed autografo - Diadema Corona Reale - Croce Rossa Red Cross - Valutazioni onorificenze medaglie memorabilia","og_url":"https:\/\/thefinitive.com\/en\/prodotto\/maria-jose-principessa-di-piemonte-1937-foto-autografa\/","og_site_name":"Thefinitive","article_publisher":"https:\/\/business.facebook.com\/Thefinitive-111771813534320\/","article_modified_time":"2025-12-02T19:05:15+00:00","og_image":[{"width":2560,"height":2560,"url":"https:\/\/thefinitive.com\/wp-content\/uploads\/2022\/07\/mjos1-2-scaled.jpg","type":"image\/jpeg"}],"twitter_card":"summary_large_image","twitter_misc":{"Est. reading time":"6 minutes"},"schema":{"@context":"https:\/\/schema.org","@graph":[{"@type":"WebPage","@id":"https:\/\/thefinitive.com\/en\/prodotto\/maria-jose-principessa-di-piemonte-1937-foto-autografa\/","url":"https:\/\/thefinitive.com\/en\/prodotto\/maria-jose-principessa-di-piemonte-1937-foto-autografa\/","name":"Maria Jos\u00e8 Principessa di Piemonte 1937 Foto Autografa - Thefinitive","isPartOf":{"@id":"https:\/\/thefinitive.com\/en\/#website"},"datePublished":"2022-07-30T17:20:07+00:00","dateModified":"2025-12-02T19:05:15+00:00","description":"Maria Jos\u00e8 Principessa di Piemonte foto dedica ed autografo - Diadema Corona Reale - Croce Rossa Red Cross - Valutazioni onorificenze medaglie memorabilia","breadcrumb":{"@id":"https:\/\/thefinitive.com\/en\/prodotto\/maria-jose-principessa-di-piemonte-1937-foto-autografa\/#breadcrumb"},"inLanguage":"en-US","potentialAction":[{"@type":"ReadAction","target":["https:\/\/thefinitive.com\/en\/prodotto\/maria-jose-principessa-di-piemonte-1937-foto-autografa\/"]}]},{"@type":"BreadcrumbList","@id":"https:\/\/thefinitive.com\/en\/prodotto\/maria-jose-principessa-di-piemonte-1937-foto-autografa\/#breadcrumb","itemListElement":[{"@type":"ListItem","position":1,"name":"Home","item":"https:\/\/thefinitive.com\/en\/"},{"@type":"ListItem","position":2,"name":"Shop","item":"https:\/\/thefinitive.com\/en\/shop-2\/"},{"@type":"ListItem","position":3,"name":"Maria Jos\u00e8 Principessa di Piemonte 1937 Foto Autografa"}]},{"@type":"WebSite","@id":"https:\/\/thefinitive.com\/en\/#website","url":"https:\/\/thefinitive.com\/en\/","name":"Thefinitive","description":"Antiquariato Online","publisher":{"@id":"https:\/\/thefinitive.com\/en\/#organization"},"potentialAction":[{"@type":"SearchAction","target":{"@type":"EntryPoint","urlTemplate":"https:\/\/thefinitive.com\/en\/?s={search_term_string}"},"query-input":"required name=search_term_string"}],"inLanguage":"en-US"},{"@type":"Organization","@id":"https:\/\/thefinitive.com\/en\/#organization","name":"Thefinitive","url":"https:\/\/thefinitive.com\/en\/","logo":{"@type":"ImageObject","inLanguage":"en-US","@id":"https:\/\/thefinitive.com\/en\/#\/schema\/logo\/image\/","url":"https:\/\/thefinitive.com\/wp-content\/uploads\/2019\/07\/logo4vett.svg","contentUrl":"https:\/\/thefinitive.com\/wp-content\/uploads\/2019\/07\/logo4vett.svg","width":500,"height":100,"caption":"Thefinitive"},"image":{"@id":"https:\/\/thefinitive.com\/en\/#\/schema\/logo\/image\/"},"sameAs":["https:\/\/business.facebook.com\/Thefinitive-111771813534320\/","https:\/\/www.instagram.com\/_thefinitive_\/"]}]}},"_links":{"self":[{"href":"https:\/\/thefinitive.com\/en\/wp-json\/wp\/v3\/product\/9684"}],"collection":[{"href":"https:\/\/thefinitive.com\/en\/wp-json\/wp\/v3\/product"}],"about":[{"href":"https:\/\/thefinitive.com\/en\/wp-json\/wp\/v2\/types\/product"}],"replies":[{"embeddable":true,"href":"https:\/\/thefinitive.com\/en\/wp-json\/wp\/v2\/comments?post=9684"}],"version-history":[{"count":2,"href":"https:\/\/thefinitive.com\/en\/wp-json\/wp\/v3\/product\/9684\/revisions"}],"predecessor-version":[{"id":15479,"href":"https:\/\/thefinitive.com\/en\/wp-json\/wp\/v3\/product\/9684\/revisions\/15479"}],"wp:featuredmedia":[{"embeddable":true,"href":"https:\/\/thefinitive.com\/en\/wp-json\/wp\/v2\/media\/9657"}],"wp:attachment":[{"href":"https:\/\/thefinitive.com\/en\/wp-json\/wp\/v2\/media?parent=9684"}],"wp:term":[{"taxonomy":"product_cat","embeddable":true,"href":"https:\/\/thefinitive.com\/en\/wp-json\/wp\/v2\/product_cat?post=9684"},{"taxonomy":"product_tag","embeddable":true,"href":"https:\/\/thefinitive.com\/en\/wp-json\/wp\/v2\/product_tag?post=9684"}],"curies":[{"name":"wp","href":"https:\/\/api.w.org\/{rel}","templated":true}]}}