{"id":9646,"date":"2022-07-16T16:32:49","date_gmt":"2022-07-16T16:32:49","guid":{"rendered":"https:\/\/www.thefinitive.com\/?post_type=product&#038;p=9646"},"modified":"2025-05-24T14:52:18","modified_gmt":"2025-05-24T12:52:18","slug":"ardisco-non-ordisco-dannunzio-bronzo","status":"publish","type":"product","link":"https:\/\/thefinitive.com\/en\/prodotto\/ardisco-non-ordisco-dannunzio-bronzo\/","title":{"rendered":"ARDISCO NON ORDISCO d&#8217;Annunzio &#8211; Bronzo"},"content":{"rendered":"<p>Placca in bronzo che ritrae <strong>Gabriele d&#8217;Annunzio<\/strong> in divisa da ardito fiumano, a pronunciare uno dei suoi motti <strong>ARDISCO NON ORDISCO<\/strong><\/p>\n<p>Il Vate visto di profilo, con berretto all&#8217;alpina ed i gradi da <strong>Tenente Colonnello,<\/strong> e cuciti all&#8217;avambraccio sinistro il brevetto da <strong>Osservatore<\/strong> di Aeronautica ed il fregio da <strong>ARDITO<\/strong>\u00a0 , prendendo spunto da alcune delle pi\u00f9 note immagini dell&#8217;epoca<\/p>\n<p>&nbsp;<\/p>\n<p style=\"text-align: center;\"><img loading=\"lazy\" decoding=\"async\" class=\"alignnone wp-image-9647 aligncenter\" src=\"https:\/\/www.thefinitive.com\/wp-content\/uploads\/2022\/07\/Enrico_Marchiani_Ritratto_di_Gabriele_dAnnunzio_in_uniforme_da_Ardito._Olio_su_tela.jpg\" alt=\"\" width=\"406\" height=\"619\" srcset=\"https:\/\/thefinitive.com\/wp-content\/uploads\/2022\/07\/Enrico_Marchiani_Ritratto_di_Gabriele_dAnnunzio_in_uniforme_da_Ardito._Olio_su_tela.jpg 294w, https:\/\/thefinitive.com\/wp-content\/uploads\/2022\/07\/Enrico_Marchiani_Ritratto_di_Gabriele_dAnnunzio_in_uniforme_da_Ardito._Olio_su_tela-64x98.jpg 64w, https:\/\/thefinitive.com\/wp-content\/uploads\/2022\/07\/Enrico_Marchiani_Ritratto_di_Gabriele_dAnnunzio_in_uniforme_da_Ardito._Olio_su_tela-197x300.jpg 197w\" sizes=\"(max-width: 406px) 100vw, 406px\" \/>\u00a0 \u00a0 \u00a0 \u00a0 Enrico Marchiani, ritratto di Gabriele d&#8217;Annunzio in uniforme da Ardito. Olio su tela<\/p>\n<p>&nbsp;<\/p>\n<p><img loading=\"lazy\" decoding=\"async\" class=\"alignnone size-full wp-image-9649 aligncenter\" src=\"https:\/\/www.thefinitive.com\/wp-content\/uploads\/2022\/07\/dannunzio-masoero-ariel.jpg\" alt=\"\" width=\"400\" height=\"620\" srcset=\"https:\/\/thefinitive.com\/wp-content\/uploads\/2022\/07\/dannunzio-masoero-ariel.jpg 400w, https:\/\/thefinitive.com\/wp-content\/uploads\/2022\/07\/dannunzio-masoero-ariel-64x99.jpg 64w, https:\/\/thefinitive.com\/wp-content\/uploads\/2022\/07\/dannunzio-masoero-ariel-194x300.jpg 194w\" sizes=\"(max-width: 400px) 100vw, 400px\" \/><\/p>\n<p style=\"text-align: center;\">Gabriele d&#8217;Annunzio a Fiume<\/p>\n<p>&nbsp;<\/p>\n<p>Il 4 maggio 1919 all\u2019Augusteo, su invito del sindaco di Roma Prospero Colonna, parlava Gabriele d\u2019Annunzio:<\/p>\n<p style=\"text-align: center;\">\u00ab\u201c<em><strong>Ardisco non ordisco<\/strong><\/em>\u201d \u00e8 il motto italiano da opporre inaspettatamente agli orditori. L\u2019ho trovato scritto intorno all\u2019elsa di una daga. L\u2019ho preso per me, e per i miei. Ma oggi \u00e8 di tutti. Oggi \u00e8 nell\u2019aria, oggi fischia nei quattro venti d\u2019Italia. E lo vogliamo fermare, lo vogliamo incidere in una pietra del Campidoglio. E\u2019 gemello di quell\u2019altro che fu da me scritto nella tavoletta dietro la ruota del timone, sul mio guscio di Buccari, penetrando nel Carnaro, quando la scia temeraria trasferiva molto pi\u00f9 a levante i termini danteschi e giustamente riempiva la lacuna del Patto di Londra &#8220;<strong><em>Memento audere semper<\/em><\/strong><em>&#8220;<\/em><\/p>\n<p style=\"text-align: center;\">Fiume lo conosce, Fiume nostra se ne ricorda, essa che vorrebbe ardere d\u2019incendio vero come si strugge di vero amore, se noi ci piegassimo alla vergogna. \u00bb<\/p>\n<p>&nbsp;<\/p>\n<p><img loading=\"lazy\" decoding=\"async\" class=\"size-full wp-image-9648 aligncenter\" src=\"https:\/\/www.thefinitive.com\/wp-content\/uploads\/2022\/07\/dannunzio-fiume.jpg\" alt=\"\" width=\"800\" height=\"477\" srcset=\"https:\/\/thefinitive.com\/wp-content\/uploads\/2022\/07\/dannunzio-fiume.jpg 800w, https:\/\/thefinitive.com\/wp-content\/uploads\/2022\/07\/dannunzio-fiume-64x38.jpg 64w, https:\/\/thefinitive.com\/wp-content\/uploads\/2022\/07\/dannunzio-fiume-300x179.jpg 300w, https:\/\/thefinitive.com\/wp-content\/uploads\/2022\/07\/dannunzio-fiume-768x458.jpg 768w\" sizes=\"(max-width: 800px) 100vw, 800px\" \/><\/p>\n<p>&nbsp;<\/p>\n<p>Pregevole realizzazione in altorilievo, con l&#8217;iscrizione <strong><em>Ardisco Non Ordisco<\/em><\/strong> incisa alla base del busto di d&#8217;Annunzio, la placca non reca alcuna firma dell&#8217;autore di questa opera. In ottime condizioni, con bella patina naturale, montata su supporto ligneo e completa di una bella cornice originale dei primi del &#8216;900, coeva alla placca stessa.<\/p>\n<p>Misure approssimative della placca cm. 22 x 13 &#8211; Misura della cornice circa cm. 54 x 43<\/p>\n<p>&nbsp;<\/p>\n<h3><span style=\"font-size: 24px;\">Notizie<\/span><\/h3>\n<div class=\"thumb tleft\">\n<div class=\"thumbinner\">\n<div class=\"thumbcaption\">\n<p>&nbsp;<\/p>\n<p>&nbsp;<\/p>\n<p>Cliccando sui <strong>links\/foto<\/strong> avrete informazioni generiche, storiche, relative all&#8217;articolo in vendita<\/p>\n<h3><a href=\"https:\/\/www.thefinitive.com\/gabriele-dannunzio-limmaginifico-il-vate\/\" target=\"_blank\" rel=\"noopener\"><b>Gabriele D&#8217;Annunzio <\/b>(Pescara, 12 marzo 1863 \u2013 Gardone Riviera, 1 marzo 1938)<\/a><\/h3>\n<figure style=\"width: 173px\" class=\"wp-caption aligncenter\"><a href=\"https:\/\/www.thefinitive.com\/gabriele-dannunzio-limmaginifico-il-vate\/\" target=\"_blank\" rel=\"noopener\"><img loading=\"lazy\" decoding=\"async\" src=\"https:\/\/upload.wikimedia.org\/wikipedia\/it\/b\/b1\/D%27Annunzio_4.jpg\" alt=\"D'Annunzio 4.jpg\" width=\"173\" height=\"235\" data-file-width=\"173\" data-file-height=\"235\" \/><\/a><figcaption class=\"wp-caption-text\">Gabriele d&#8217;Annunzio<\/figcaption><\/figure>\n<p><img loading=\"lazy\" decoding=\"async\" class=\"aligncenter\" src=\"https:\/\/upload.wikimedia.org\/wikipedia\/commons\/thumb\/2\/2c\/D%27Annunzio_signature.svg\/130px-D%27Annunzio_signature.svg.png\" alt=\"Firma di Gabriele D'Annunzio\" width=\"130\" height=\"40\" data-file-width=\"2256\" data-file-height=\"691\" \/><\/p>\n<p><b>Gabriele D&#8217;Annunzio <\/b>(Pescara,\u00a012 marzo\u00a01863\u00a0\u2013\u00a0Gardone Riviera,\u00a01\u00ba marzo\u00a01938), \u00e8 stato uno\u00a0scrittore,\u00a0poeta,\u00a0drammaturgo,\u00a0militare,\u00a0politico,\u00a0giornalista\u00a0e\u00a0patriota\u00a0italiano, simbolo del\u00a0Decadentismo e celebre figura della\u00a0prima guerra mondiale, dal\u00a01924 insignito del titolo di &#8220;principe di Montenevoso&#8221;. \u00a0Soprannominato &#8220;il Vate&#8221;, cio\u00e8 &#8220;poeta sacro, profeta&#8221;, cantore dell&#8217;Italia umbertina, o anche &#8220;l&#8217;Immaginifico&#8221;, occup\u00f2 una posizione preminente nella\u00a0letteratura italiana\u00a0dal\u00a01889\u00a0al\u00a01910\u00a0circa e nella vita politica dal\u00a01914\u00a0al\u00a01924. \u00c8 stato definito \u00abeccezionale e ultimo interprete della pi\u00f9 duratura tradizione poetica italiana [\u2026]\u00bb e come politico lasci\u00f2 un segno nella sua epoca e un&#8217;influenza sugli eventi che gli sarebbero succeduti. L&#8217;arte di D&#8217;Annunzio fu cos\u00ec determinante per la cultura di massa che influenz\u00f2 usi e costumi nell&#8217;Italia -e non solo- del suo tempo: un periodo che pi\u00f9 tardi sarebbe stato definito appunto &#8220;dannunzianesimo&#8221;.<\/p>\n<h2 style=\"text-align: center;\"><a href=\"https:\/\/www.thefinitive.com\/fiume-dannunzio-marcia-di-ronchi\/\" target=\"_blank\" rel=\"noopener\"><strong>IMPRESA DI FIUME<\/strong><\/a><\/h2>\n<div class=\"thumb tleft\">\n<div class=\"thumbinner\">\n<p>&nbsp;<\/p>\n<\/div>\n<\/div>\n<p>L&#8217;<a href=\"https:\/\/www.thefinitive.com\/fiume-dannunzio-marcia-di-ronchi\/\"><b>impresa di Fiume<\/b><\/a>\u00a0fu un episodio del\u00a0periodo interbellico, che consistette nell&#8217;occupazione della citt\u00e0 di\u00a0Fiume, contesa tra il\u00a0Regno d&#8217;Italia\u00a0ed\u00a0Regno dei Serbi, Croati e Sloveni, da parte di reparti ribelli del\u00a0Regio Esercito\u00a0italiano. L&#8217;intento fu quello di proclamare l&#8217;annessione della citt\u00e0 all&#8217;Italia forzando in tal modo la mano ai delegati delle potenze vincitrici della\u00a0prima guerra mondiale, all&#8217;epoca impegnati nella\u00a0Conferenza di pace di Parigi. La spedizione fu capeggiata dal poeta\u00a0Gabriele D&#8217;Annunzio\u00a0e organizzata da una coalizione politica guidata dall&#8217;Associazione Nazionalista Italiana, cui parteciparono esponenti del\u00a0Mazzinianesimo, del\u00a0Futurismo\u00a0e del\u00a0Sindacalismo rivoluzionario. L&#8217;occupazione inizi\u00f2 il 12 settembre 1919 e dur\u00f2 16 mesi con alterne vicende, tra cui la proclamazione della\u00a0Reggenza italiana del Carnaro. Quando i ribelli si opposero al\u00a0Trattato di Rapallo, il governo italiano sgombr\u00f2 la citt\u00e0 con la forza durante il\u00a0Natale 1920, per permettere la creazione dello\u00a0Stato libero di Fiume.<\/p>\n<p>&nbsp;<\/p>\n<p>Fonte degli articoli\u00a0 :\u00a0 <a href=\"https:\/\/it.wikipedia.org\/wiki\/Gabriele_D%27Annunzio\">Wikipedia<\/a> , per ulteriori approfondimenti data la vastit\u00e0 dell&#8217;argomento dannunziano.<\/p>\n<\/div>\n<\/div>\n<\/div>\n<p>&nbsp;<\/p>\n<p>7.22<\/p>\n","protected":false},"excerpt":{"rendered":"<p>Placca in bronzo che ritrae Gabriele d&#8217;Annunzio in divisa da ardito fiumano, a pronunciare uno dei suoi motti ARDISCO NON ORDISCO<\/p>\n<p>Pregevole realizzazione in altorilievo, con l&#8217;iscrizione Ardisco Non Ordisco incisa alla base del busto di d&#8217;Annunzio, la placca non reca alcuna firma dell&#8217;autore di questa opera. In ottime condizioni, con bella patina naturale, montata su supporto ligneo e completa di una bella cornice originale dei primi del &#8216;900, coeva alla placca stessa.<\/p>\n<p>Misure approssimative della placca cm. 22 x 13 &#8211; Misura della cornice circa cm. 54 x 43<\/p>\n","protected":false},"featured_media":9630,"comment_status":"open","ping_status":"closed","template":"","meta":[],"product_cat":[586],"product_tag":[223,224,207,182,203,278,221,220,219,218,225,222,205,206],"yoast_head":"<!-- This site is optimized with the Yoast SEO plugin v21.9.1 - https:\/\/yoast.com\/wordpress\/plugins\/seo\/ -->\n<title>ARDISCO NON ORDISCO d&#039;Annunzio - Bronzo - Thefinitive<\/title>\n<meta name=\"description\" content=\"Gabriele d&#039;Annunzio ARDISCO NON ORDISCO bronzo profilo del Vate in divisa da ARDITO Fiumano - INDEFICIENTER Fiume Carnaro\" \/>\n<meta name=\"robots\" content=\"index, follow, max-snippet:-1, max-image-preview:large, max-video-preview:-1\" \/>\n<link rel=\"canonical\" href=\"https:\/\/thefinitive.com\/en\/prodotto\/ardisco-non-ordisco-dannunzio-bronzo\/\" \/>\n<meta property=\"og:locale\" content=\"en_US\" \/>\n<meta property=\"og:type\" content=\"article\" \/>\n<meta property=\"og:title\" content=\"ARDISCO NON ORDISCO d&#039;Annunzio - Bronzo - Thefinitive\" \/>\n<meta property=\"og:description\" content=\"Gabriele d&#039;Annunzio ARDISCO NON ORDISCO bronzo profilo del Vate in divisa da ARDITO Fiumano - INDEFICIENTER Fiume Carnaro\" \/>\n<meta property=\"og:url\" content=\"https:\/\/thefinitive.com\/en\/prodotto\/ardisco-non-ordisco-dannunzio-bronzo\/\" \/>\n<meta property=\"og:site_name\" content=\"Thefinitive\" \/>\n<meta property=\"article:publisher\" content=\"https:\/\/business.facebook.com\/Thefinitive-111771813534320\/\" \/>\n<meta property=\"article:modified_time\" content=\"2025-05-24T12:52:18+00:00\" \/>\n<meta property=\"og:image\" content=\"https:\/\/thefinitive.com\/wp-content\/uploads\/2022\/07\/br1-scaled.jpg\" \/>\n\t<meta property=\"og:image:width\" content=\"1920\" \/>\n\t<meta property=\"og:image:height\" content=\"2560\" \/>\n\t<meta property=\"og:image:type\" content=\"image\/jpeg\" \/>\n<meta name=\"twitter:card\" content=\"summary_large_image\" \/>\n<meta name=\"twitter:label1\" content=\"Est. reading time\" \/>\n\t<meta name=\"twitter:data1\" content=\"5 minutes\" \/>\n<script type=\"application\/ld+json\" class=\"yoast-schema-graph\">{\"@context\":\"https:\/\/schema.org\",\"@graph\":[{\"@type\":\"WebPage\",\"@id\":\"https:\/\/thefinitive.com\/en\/prodotto\/ardisco-non-ordisco-dannunzio-bronzo\/\",\"url\":\"https:\/\/thefinitive.com\/en\/prodotto\/ardisco-non-ordisco-dannunzio-bronzo\/\",\"name\":\"ARDISCO NON ORDISCO d'Annunzio - Bronzo - Thefinitive\",\"isPartOf\":{\"@id\":\"https:\/\/thefinitive.com\/en\/#website\"},\"datePublished\":\"2022-07-16T16:32:49+00:00\",\"dateModified\":\"2025-05-24T12:52:18+00:00\",\"description\":\"Gabriele d'Annunzio ARDISCO NON ORDISCO bronzo profilo del Vate in divisa da ARDITO Fiumano - INDEFICIENTER Fiume Carnaro\",\"breadcrumb\":{\"@id\":\"https:\/\/thefinitive.com\/en\/prodotto\/ardisco-non-ordisco-dannunzio-bronzo\/#breadcrumb\"},\"inLanguage\":\"en-US\",\"potentialAction\":[{\"@type\":\"ReadAction\",\"target\":[\"https:\/\/thefinitive.com\/en\/prodotto\/ardisco-non-ordisco-dannunzio-bronzo\/\"]}]},{\"@type\":\"BreadcrumbList\",\"@id\":\"https:\/\/thefinitive.com\/en\/prodotto\/ardisco-non-ordisco-dannunzio-bronzo\/#breadcrumb\",\"itemListElement\":[{\"@type\":\"ListItem\",\"position\":1,\"name\":\"Home\",\"item\":\"https:\/\/thefinitive.com\/en\/\"},{\"@type\":\"ListItem\",\"position\":2,\"name\":\"Shop\",\"item\":\"https:\/\/thefinitive.com\/en\/shop-2\/\"},{\"@type\":\"ListItem\",\"position\":3,\"name\":\"ARDISCO NON ORDISCO d&#8217;Annunzio &#8211; Bronzo\"}]},{\"@type\":\"WebSite\",\"@id\":\"https:\/\/thefinitive.com\/en\/#website\",\"url\":\"https:\/\/thefinitive.com\/en\/\",\"name\":\"Thefinitive\",\"description\":\"Antiquariato Online\",\"publisher\":{\"@id\":\"https:\/\/thefinitive.com\/en\/#organization\"},\"potentialAction\":[{\"@type\":\"SearchAction\",\"target\":{\"@type\":\"EntryPoint\",\"urlTemplate\":\"https:\/\/thefinitive.com\/en\/?s={search_term_string}\"},\"query-input\":\"required name=search_term_string\"}],\"inLanguage\":\"en-US\"},{\"@type\":\"Organization\",\"@id\":\"https:\/\/thefinitive.com\/en\/#organization\",\"name\":\"Thefinitive\",\"url\":\"https:\/\/thefinitive.com\/en\/\",\"logo\":{\"@type\":\"ImageObject\",\"inLanguage\":\"en-US\",\"@id\":\"https:\/\/thefinitive.com\/en\/#\/schema\/logo\/image\/\",\"url\":\"https:\/\/thefinitive.com\/wp-content\/uploads\/2019\/07\/logo4vett.svg\",\"contentUrl\":\"https:\/\/thefinitive.com\/wp-content\/uploads\/2019\/07\/logo4vett.svg\",\"width\":500,\"height\":100,\"caption\":\"Thefinitive\"},\"image\":{\"@id\":\"https:\/\/thefinitive.com\/en\/#\/schema\/logo\/image\/\"},\"sameAs\":[\"https:\/\/business.facebook.com\/Thefinitive-111771813534320\/\",\"https:\/\/www.instagram.com\/_thefinitive_\/\"]}]}<\/script>\n<!-- \/ Yoast SEO plugin. -->","yoast_head_json":{"title":"ARDISCO NON ORDISCO d'Annunzio - Bronzo - Thefinitive","description":"Gabriele d'Annunzio ARDISCO NON ORDISCO bronzo profilo del Vate in divisa da ARDITO Fiumano - INDEFICIENTER Fiume Carnaro","robots":{"index":"index","follow":"follow","max-snippet":"max-snippet:-1","max-image-preview":"max-image-preview:large","max-video-preview":"max-video-preview:-1"},"canonical":"https:\/\/thefinitive.com\/en\/prodotto\/ardisco-non-ordisco-dannunzio-bronzo\/","og_locale":"en_US","og_type":"article","og_title":"ARDISCO NON ORDISCO d'Annunzio - Bronzo - Thefinitive","og_description":"Gabriele d'Annunzio ARDISCO NON ORDISCO bronzo profilo del Vate in divisa da ARDITO Fiumano - INDEFICIENTER Fiume Carnaro","og_url":"https:\/\/thefinitive.com\/en\/prodotto\/ardisco-non-ordisco-dannunzio-bronzo\/","og_site_name":"Thefinitive","article_publisher":"https:\/\/business.facebook.com\/Thefinitive-111771813534320\/","article_modified_time":"2025-05-24T12:52:18+00:00","og_image":[{"width":1920,"height":2560,"url":"https:\/\/thefinitive.com\/wp-content\/uploads\/2022\/07\/br1-scaled.jpg","type":"image\/jpeg"}],"twitter_card":"summary_large_image","twitter_misc":{"Est. reading time":"5 minutes"},"schema":{"@context":"https:\/\/schema.org","@graph":[{"@type":"WebPage","@id":"https:\/\/thefinitive.com\/en\/prodotto\/ardisco-non-ordisco-dannunzio-bronzo\/","url":"https:\/\/thefinitive.com\/en\/prodotto\/ardisco-non-ordisco-dannunzio-bronzo\/","name":"ARDISCO NON ORDISCO d'Annunzio - Bronzo - Thefinitive","isPartOf":{"@id":"https:\/\/thefinitive.com\/en\/#website"},"datePublished":"2022-07-16T16:32:49+00:00","dateModified":"2025-05-24T12:52:18+00:00","description":"Gabriele d'Annunzio ARDISCO NON ORDISCO bronzo profilo del Vate in divisa da ARDITO Fiumano - INDEFICIENTER Fiume Carnaro","breadcrumb":{"@id":"https:\/\/thefinitive.com\/en\/prodotto\/ardisco-non-ordisco-dannunzio-bronzo\/#breadcrumb"},"inLanguage":"en-US","potentialAction":[{"@type":"ReadAction","target":["https:\/\/thefinitive.com\/en\/prodotto\/ardisco-non-ordisco-dannunzio-bronzo\/"]}]},{"@type":"BreadcrumbList","@id":"https:\/\/thefinitive.com\/en\/prodotto\/ardisco-non-ordisco-dannunzio-bronzo\/#breadcrumb","itemListElement":[{"@type":"ListItem","position":1,"name":"Home","item":"https:\/\/thefinitive.com\/en\/"},{"@type":"ListItem","position":2,"name":"Shop","item":"https:\/\/thefinitive.com\/en\/shop-2\/"},{"@type":"ListItem","position":3,"name":"ARDISCO NON ORDISCO d&#8217;Annunzio &#8211; Bronzo"}]},{"@type":"WebSite","@id":"https:\/\/thefinitive.com\/en\/#website","url":"https:\/\/thefinitive.com\/en\/","name":"Thefinitive","description":"Antiquariato Online","publisher":{"@id":"https:\/\/thefinitive.com\/en\/#organization"},"potentialAction":[{"@type":"SearchAction","target":{"@type":"EntryPoint","urlTemplate":"https:\/\/thefinitive.com\/en\/?s={search_term_string}"},"query-input":"required name=search_term_string"}],"inLanguage":"en-US"},{"@type":"Organization","@id":"https:\/\/thefinitive.com\/en\/#organization","name":"Thefinitive","url":"https:\/\/thefinitive.com\/en\/","logo":{"@type":"ImageObject","inLanguage":"en-US","@id":"https:\/\/thefinitive.com\/en\/#\/schema\/logo\/image\/","url":"https:\/\/thefinitive.com\/wp-content\/uploads\/2019\/07\/logo4vett.svg","contentUrl":"https:\/\/thefinitive.com\/wp-content\/uploads\/2019\/07\/logo4vett.svg","width":500,"height":100,"caption":"Thefinitive"},"image":{"@id":"https:\/\/thefinitive.com\/en\/#\/schema\/logo\/image\/"},"sameAs":["https:\/\/business.facebook.com\/Thefinitive-111771813534320\/","https:\/\/www.instagram.com\/_thefinitive_\/"]}]}},"_links":{"self":[{"href":"https:\/\/thefinitive.com\/en\/wp-json\/wp\/v3\/product\/9646"}],"collection":[{"href":"https:\/\/thefinitive.com\/en\/wp-json\/wp\/v3\/product"}],"about":[{"href":"https:\/\/thefinitive.com\/en\/wp-json\/wp\/v2\/types\/product"}],"replies":[{"embeddable":true,"href":"https:\/\/thefinitive.com\/en\/wp-json\/wp\/v2\/comments?post=9646"}],"version-history":[{"count":1,"href":"https:\/\/thefinitive.com\/en\/wp-json\/wp\/v3\/product\/9646\/revisions"}],"predecessor-version":[{"id":15480,"href":"https:\/\/thefinitive.com\/en\/wp-json\/wp\/v3\/product\/9646\/revisions\/15480"}],"wp:featuredmedia":[{"embeddable":true,"href":"https:\/\/thefinitive.com\/en\/wp-json\/wp\/v2\/media\/9630"}],"wp:attachment":[{"href":"https:\/\/thefinitive.com\/en\/wp-json\/wp\/v2\/media?parent=9646"}],"wp:term":[{"taxonomy":"product_cat","embeddable":true,"href":"https:\/\/thefinitive.com\/en\/wp-json\/wp\/v2\/product_cat?post=9646"},{"taxonomy":"product_tag","embeddable":true,"href":"https:\/\/thefinitive.com\/en\/wp-json\/wp\/v2\/product_tag?post=9646"}],"curies":[{"name":"wp","href":"https:\/\/api.w.org\/{rel}","templated":true}]}}