{"id":9462,"date":"2021-12-05T15:38:58","date_gmt":"2021-12-05T15:38:58","guid":{"rendered":"https:\/\/www.thefinitive.com\/?post_type=product&#038;p=9462"},"modified":"2024-11-12T15:00:03","modified_gmt":"2024-11-12T14:00:03","slug":"diaz-bollettino-4-novembre-1918-vittoria","status":"publish","type":"product","link":"https:\/\/thefinitive.com\/en\/prodotto\/diaz-bollettino-4-novembre-1918-vittoria\/","title":{"rendered":"DIAZ Bollettino 4 Novembre 1918 &#8211; Vittoria"},"content":{"rendered":"<p>Targa in bronzo del <strong>BOLLETTINO DELLA VITTORIA<\/strong> , commemorativa della fine della Prima Guerra Mondiale, con l&#8217;armistizio di Villa Giusti del <strong>4 Novembre 1918<\/strong>, dove il generale<strong> Armando Diaz<\/strong> proclama la vittoria sull&#8217;esercito austro-ungarico.<\/p>\n<p>La placca \u00e8 realizzata in fusione di bronzo, con il testo integrale del bollettino nella parte centrale, circondato da un bel costrutto scenografico : alla sua sinistra troviamo la <strong>Vittoria alata<\/strong> ed una <em>giovane<\/em> <em>a seno scoperto<\/em> che imbraccia un fascio littorio di tipo risorgimentale, ed in alto a destra notiamo gli scudi delle giovani <strong>Trento<\/strong> e <strong>Trieste<\/strong> appena annesse alla nuova rinata patria italiana.\u00a0 L&#8217;opera scultorea \u00e8 stata disegnata e firmata da <strong>Torquato Tamagnini<\/strong>, come evidente dalla firma in basso a sinistra.<\/p>\n<p>Realizzata presumibilmente dalla fusione del bronzo nemico, preda bellica, coeva di quelle realizzate dallo <strong>SPOLETTIFICIO\u00a0 R.E. ROMA\u00a0<\/strong> delle fonderie del Regio Esercito. La placca in vendita \u00e8 applicata su una bella basetta in marmo rosa venato, originale anch&#8217;essa degli anni &#8217;20<\/p>\n<p>&nbsp;<\/p>\n<p><strong>MATERIALE\u00a0 \u00a0 \u00a0:\u00a0 <\/strong>Bronzo<\/p>\n<p><strong>MISURE piastra\u00a0 :<\/strong>\u00a0 mm.100 x 160<\/p>\n<p><strong>MISURE marmo :<\/strong>\u00a0 mm.150 x 190<\/p>\n<p><strong>MARCHIO\u00a0 \u00a0 \u00a0 \u00a0 \u00a0:<\/strong>\u00a0 T. TAMAGNINI<\/p>\n<p>&nbsp;<\/p>\n<h2 style=\"text-align: left;\">NOTIZIE<\/h2>\n<p>Il\u00a0<b>Bollettino della Vittoria<\/b> (qui in versione piastra in bronzo) \u00e8 il documento ufficiale scritto dopo l&#8217;<a title=\"Armistizio di Villa Giusti\" href=\"https:\/\/it.wikipedia.org\/wiki\/Armistizio_di_Villa_Giusti\">armistizio di Villa Giusti<\/a>\u00a0con cui il generale\u00a0<a title=\"Armando Diaz\" href=\"https:\/\/it.wikipedia.org\/wiki\/Armando_Diaz\">Armando Diaz<\/a>,\u00a0comandante supremo del Regio Esercito, annunci\u00f2, il 4 novembre 1918, la resa dell&#8217;Impero austro-ungarico\u00a0e la vittoria dell&#8217;Italia\u00a0nella\u00a0prima guerra mondiale.<\/p>\n<p>Il suo autore materiale sarebbe stato, in realt\u00e0, il generale\u00a0<a title=\"Domenico Siciliani\" href=\"https:\/\/it.wikipedia.org\/wiki\/Domenico_Siciliani\">Domenico Siciliani<\/a>, capo dell&#8217;Ufficio stampa del comando supremo<sup id=\"cite_ref-1\" class=\"reference\"><\/sup>. Ogni anno, il 4 novembre, le istituzioni italiane celebrano l&#8217;avvenimento con la\u00a0Giornata dell&#8217;Unit\u00e0 Nazionale e delle Forze Armate.<\/p>\n<p>Analogamente fu redatto, dall&#8217;ammiraglio\u00a0Paolo Thaon di Revel,\u00a0comandante supremo della Regia Marina, il\u00a0Bollettino della Vittoria Navale. Non fu mai redatto un analogo bollettino per le forze aeree, visto che queste ultime facevano capo al\u00a0Servizio Aeronautico, reparto destinato agli\u00a0aeromobili\u00a0del\u00a0Regio Esercito: la\u00a0Regia Aeronautica, terza forza armata del\u00a0Regno d&#8217;Italia, fu infatti istituita nel 1923, dopo la fine della prima guerra mondiale.<\/p>\n<h2><span id=\"Il_testo\" class=\"mw-headline\">Il testo<\/span><\/h2>\n<table class=\"citazione-table\">\n<tbody>\n<tr>\n<td>\u00abComando Supremo, 4 novembre 1918, ore 12; Bollettino di guerra n. 1268<\/p>\n<p>La guerra contro l&#8217;Austria-Ungheria che, sotto l&#8217;alta guida di S.M. il Re, duce supremo, l&#8217;Esercito Italiano, inferiore per numero e per mezzi, inizi\u00f2 il 24 maggio 1915 e con fede incrollabile e tenace valore condusse ininterrotta ed asprissima per 41 mesi, \u00e8 vinta. La gigantesca battaglia ingaggiata il 24 dello scorso ottobre ed alla quale prendevano parte cinquantuno divisioni italiane, tre britanniche, due francesi, una cecoslovacca ed un reggimento americano, contro settantatr\u00e9 divisioni austroungariche, \u00e8 finita. La fulminea e arditissima avanzata del XXIX Corpo d&#8217;Armata su Trento, sbarrando le vie della ritirata alle armate nemiche del Trentino, travolte ad occidente dalle truppe della VII armata e ad oriente da quelle della I, VI e IV, ha determinato ieri lo sfacelo totale della fronte avversaria. Dal Brenta al Torre l&#8217;irresistibile slancio della XII, della VIII, della X armata e delle divisioni di cavalleria, ricaccia sempre pi\u00f9 indietro il nemico fuggente. Nella pianura, S.A.R. il Duca d&#8217;Aosta avanza rapidamente alla testa della sua invitta III armata, anelante di ritornare sulle posizioni da essa gi\u00e0 vittoriosamente conquistate, che mai aveva perdute. L&#8217;Esercito Austro-Ungarico \u00e8 annientato: esso ha subito perdite gravissime nell&#8217;accanita resistenza dei primi giorni e nell&#8217;inseguimento ha perduto quantit\u00e0 ingentissime di materiale di ogni sorta e pressoch\u00e9 per intero i suoi magazzini e i depositi. Ha lasciato finora nelle nostre mani circa trecentomila prigionieri con interi stati maggiori e non meno di cinquemila cannoni. I resti di quello che fu uno dei pi\u00f9 potenti eserciti del mondo risalgono in disordine e senza speranza le valli che avevano discese con orgogliosa sicurezza.\u00bb<\/td>\n<\/tr>\n<\/tbody>\n<\/table>\n<h3><span id=\"Curiosit\u00e0\" class=\"mw-headline\">Curiosit\u00e0<\/span><\/h3>\n<p>Successivamente all&#8217;apposizione della targa in tutti i municipi d&#8217;Italia, la fama e il nome di Diaz divennero quelli di un eroe nazionale; in alcune versioni, tuttavia, essa non terminava con il nome e il cognome del generale, ma semplicemente con &#8220;FIRMATO, DIAZ&#8221; (nella forma abbreviata &#8220;F.TO, DIAZ&#8221;), spesso addirittura senza la virgola. La celebrit\u00e0 data al personaggio, unito alla relativa ignoranza o ingenuit\u00e0 della molta parte del popolo che a malapena sapeva leggere, fece credere a molti genitori che &#8220;firmato&#8221; fosse il nome dell&#8217;eroe, cos\u00ec, nei primi anni &#8217;20 del Novecento, in Italia si diffuse, soprattutto nelle fasce pi\u00f9 umili, il nome di battesimo &#8220;Firmato&#8221;, talvolta modificato nel pi\u00f9 noto &#8220;Firmino&#8221; in quanto, pur se presente nel calendario cristiano (i santi Firmato e Flavina, martiri di Auxerre prima del VI secolo, si festeggiano il 5 ottobre) esso non ha mai avuto vera diffusione<sup id=\"cite_ref-5\" class=\"reference\"><\/sup><\/p>\n<p>&nbsp;<\/p>\n<p><strong>Torquato Tamagnini<\/strong> (Perugia, 1886 \u2013 Roma, 1965) \u00e8 stato uno scultore e medaglista italiano, ed \u00e8 qui l&#8217;autore di questa placca in bronzo del Bollettino di Diaz\u00a0 del 4 Novembre 1918<\/p>\n<p>Fu uno scultore che ebbe particolare fama soprattutto per i numerosi monumenti ai caduti della\u00a0Grande Guerra. Autore di alcuni bronzetti di gusto liberty. Presente alla I Biennale Romana. Fonda la casa d&#8217;arte &#8220;Corinthia&#8221; di Roma.<\/p>\n<h3><span id=\"Monumenti_ai_Caduti_della_Grande_Guerra\" class=\"mw-headline\">Monumenti ai Caduti della Grande Guerra<\/span><\/h3>\n<ul>\n<li>1918 &#8211;\u00a0Forl\u00ec del Sannio\u00a0(Isernia)<sup id=\"cite_ref-:0_1-0\" class=\"reference\"><\/sup><\/li>\n<li>1920 &#8211;\u00a0Perugia<sup id=\"cite_ref-2\" class=\"reference\"><\/sup><\/li>\n<li>1920 &#8211;\u00a0Faleria\u00a0(Viterbo)<\/li>\n<li>1921 &#8211;\u00a0Pievebovigliana\u00a0(Macerata)<sup id=\"cite_ref-:0_1-1\" class=\"reference\"><\/sup><\/li>\n<li>1921 &#8211;\u00a0Venafro\u00a0(Isernia)<sup id=\"cite_ref-:0_1-2\" class=\"reference\"><\/sup><\/li>\n<li>1921 &#8211;\u00a0Castelleone (Deruta)\u00a0(Perugia)<sup id=\"cite_ref-:0_1-3\" class=\"reference\"><\/sup><\/li>\n<li>1921 &#8211;\u00a0San Pietro Avellana\u00a0(Isernia)<\/li>\n<li>1922 &#8211;\u00a0Alezio\u00a0(Lecce)<\/li>\n<li>1922 &#8211;\u00a0Ceprano\u00a0(Frosinone)<sup id=\"cite_ref-3\" class=\"reference\"><\/sup><\/li>\n<li>1923 &#8211;\u00a0Tocco da Casauria\u00a0(Pescara, all&#8217;epoca\u00a0Chieti)<sup id=\"cite_ref-:0_1-4\" class=\"reference\"><\/sup><sup id=\"cite_ref-4\" class=\"reference\"><\/sup><\/li>\n<li>1923 &#8211;\u00a0Arcevia\u00a0(Ancona)<sup id=\"cite_ref-:0_1-5\" class=\"reference\"><\/sup><\/li>\n<li>1923 &#8211;\u00a0Paola\u00a0(Cosenza)<\/li>\n<li>1923 &#8211;\u00a0Sala Consilina\u00a0(Salerno)<sup id=\"cite_ref-:0_1-6\" class=\"reference\"><\/sup><\/li>\n<li>1923\/1925 &#8211;\u00a0Pizzoferrato\u00a0(Chieti)<sup id=\"cite_ref-5\" class=\"reference\"><\/sup><\/li>\n<li>1924 &#8211;\u00a0Spoltore\u00a0(Pescara)<sup id=\"cite_ref-6\" class=\"reference\"><\/sup><\/li>\n<li>1924 &#8211;\u00a0Parenti\u00a0(Cosenza)<sup id=\"cite_ref-:0_1-7\" class=\"reference\"><\/sup><\/li>\n<li>1924 &#8211;\u00a0Montecelio\u00a0(citt\u00e0 metropolitana di Roma Capitale, all&#8217;epoca\u00a0Provincia di Roma)<sup id=\"cite_ref-:0_1-8\" class=\"reference\"><\/sup><\/li>\n<li>1925 &#8211;\u00a0Carlentini\u00a0(Siracusa)<\/li>\n<li>1925 &#8211;\u00a0Formello\u00a0(citt\u00e0 metropolitana di Roma Capitale, all&#8217;epoca\u00a0Provincia di Roma)<sup id=\"cite_ref-:0_1-9\" class=\"reference\"><\/sup><\/li>\n<li>1925 &#8211;\u00a0Allumiere\u00a0(citt\u00e0 metropolitana di Roma Capitale, all&#8217;epoca\u00a0Provincia di Roma)<sup id=\"cite_ref-:0_1-10\" class=\"reference\"><\/sup><\/li>\n<li>1925 &#8211;\u00a0San Giovanni in Marignano\u00a0(Rimini)<sup id=\"cite_ref-:0_1-11\" class=\"reference\"><\/sup><\/li>\n<li>1925\/1930 &#8211;\u00a0Montepulciano\u00a0(Siena)<\/li>\n<li>1926 &#8211;\u00a0Guardia Perticara\u00a0(Potenza)<sup id=\"cite_ref-:0_1-12\" class=\"reference\"><\/sup><\/li>\n<li>1926 &#8211;\u00a0Acquaro\u00a0(Vibo Valentia)<sup id=\"cite_ref-:0_1-13\" class=\"reference\"><\/sup><\/li>\n<li>1926 &#8211;\u00a0Mondolfo\u00a0(Pesaro e Urbino)<sup id=\"cite_ref-:0_1-14\" class=\"reference\"><\/sup><\/li>\n<li>1926 &#8211;\u00a0Gerace Marina\u00a0(citt\u00e0 metropolitana di Reggio Calabria, all&#8217;epoca\u00a0Provincia di Reggio Calabria)<sup id=\"cite_ref-:0_1-15\" class=\"reference\"><\/sup><\/li>\n<li>1926 &#8211;\u00a0Seminara\u00a0(citt\u00e0 metropolitana di Reggio Calabria, all&#8217;epoca\u00a0Provincia di Reggio Calabria)<sup id=\"cite_ref-:0_1-16\" class=\"reference\"><\/sup><\/li>\n<li>1926 (circa) &#8211;\u00a0Taviano\u00a0(Lecce)<sup id=\"cite_ref-:0_1-17\" class=\"reference\"><\/sup><\/li>\n<li>1926\/1927 &#8211;\u00a0Terranova da Sibari\u00a0(Cosenza)<sup id=\"cite_ref-:0_1-18\" class=\"reference\"><\/sup><\/li>\n<li>1926\/1927 &#8211;\u00a0Das\u00e0\u00a0(Vibo Valentia)<sup id=\"cite_ref-:0_1-19\" class=\"reference\"><\/sup><\/li>\n<li>1926\/1929 &#8211;\u00a0Tito\u00a0(Potenza)<sup id=\"cite_ref-:0_1-20\" class=\"reference\"><\/sup><\/li>\n<li>1927 &#8211;\u00a0Calasetta\u00a0(Carbonia-Iglesias)<\/li>\n<li>1927 &#8211;\u00a0Montazzoli\u00a0(Chieti)<sup id=\"cite_ref-7\" class=\"reference\"><\/sup><\/li>\n<li>1928 &#8211;\u00a0Andretta\u00a0(Avellino)<sup id=\"cite_ref-:0_1-21\" class=\"reference\"><\/sup><\/li>\n<li>1928 &#8211;\u00a0Galatina\u00a0(Lecce)<sup id=\"cite_ref-:0_1-22\" class=\"reference\"><\/sup><\/li>\n<li>1934 &#8211;\u00a0Castelforte\u00a0(Latina)<sup id=\"cite_ref-:0_1-23\" class=\"reference\"><\/sup><\/li>\n<\/ul>\n<p>&nbsp;<\/p>\n<p>Fonti\u00a0 \u00a0<a href=\"https:\/\/it.wikipedia.org\/wiki\/Bollettino_della_Vittoria\">Wikipedia<\/a><\/p>\n<p>&nbsp;<\/p>\n<p>12.21<\/p>\n","protected":false},"excerpt":{"rendered":"<p style=\"text-align: center;\">Targa in bronzo del <strong>BOLLETTINO DELLA VITTORIA<\/strong> dettato dal comandante <strong>Armando Diaz<\/strong> a seguito della fine della Prima Guerra Mondiale<\/p>\n<p style=\"text-align: center;\">La placca, realizzata in fusione di bronzo, \u00e8 firmata da <strong>Torquato Tamagnini<\/strong>, ed applicata su una basetta in marmo rosa. Misura circa mm.100 x 160. Insieme originale degli anni &#8217;20<\/p>\n<p style=\"text-align: center;\">In ottime condizioni<\/p>\n<p>&nbsp;<\/p>\n<p style=\"text-align: center;\"><strong><em>(Scorri la pagina in basso per ulteriori dettagli e informazioni)<\/em><\/strong><\/p>\n<p>&nbsp;<\/p>\n<p>&nbsp;<\/p>\n","protected":false},"featured_media":9464,"comment_status":"open","ping_status":"closed","template":"","meta":[],"product_cat":[586],"product_tag":[469,191,172,182,468,155,198,192,175,327,306],"yoast_head":"<!-- This site is optimized with the Yoast SEO plugin v21.9.1 - https:\/\/yoast.com\/wordpress\/plugins\/seo\/ -->\n<title>DIAZ Bollettino 4 Novembre 1918 - Vittoria - Thefinitive<\/title>\n<meta name=\"description\" content=\"Bollettino della vittoria del 4 Novembre 1918 firmato Generale Armando DIAZ su piastra in bronzo - 1GM 1WW Guerra contro l&#039;Austria\" \/>\n<meta name=\"robots\" content=\"index, follow, max-snippet:-1, max-image-preview:large, max-video-preview:-1\" \/>\n<link rel=\"canonical\" href=\"https:\/\/thefinitive.com\/en\/prodotto\/diaz-bollettino-4-novembre-1918-vittoria\/\" \/>\n<meta property=\"og:locale\" content=\"en_US\" \/>\n<meta property=\"og:type\" content=\"article\" \/>\n<meta property=\"og:title\" content=\"DIAZ Bollettino 4 Novembre 1918 - Vittoria - Thefinitive\" \/>\n<meta property=\"og:description\" content=\"Bollettino della vittoria del 4 Novembre 1918 firmato Generale Armando DIAZ su piastra in bronzo - 1GM 1WW Guerra contro l&#039;Austria\" \/>\n<meta property=\"og:url\" content=\"https:\/\/thefinitive.com\/en\/prodotto\/diaz-bollettino-4-novembre-1918-vittoria\/\" \/>\n<meta property=\"og:site_name\" content=\"Thefinitive\" \/>\n<meta property=\"article:publisher\" content=\"https:\/\/business.facebook.com\/Thefinitive-111771813534320\/\" \/>\n<meta property=\"article:modified_time\" content=\"2024-11-12T14:00:03+00:00\" \/>\n<meta property=\"og:image\" content=\"https:\/\/thefinitive.com\/wp-content\/uploads\/2021\/12\/boll-2.jpg\" \/>\n\t<meta property=\"og:image:width\" content=\"2160\" \/>\n\t<meta property=\"og:image:height\" content=\"2160\" \/>\n\t<meta property=\"og:image:type\" content=\"image\/jpeg\" \/>\n<meta name=\"twitter:card\" content=\"summary_large_image\" \/>\n<meta name=\"twitter:label1\" content=\"Est. reading time\" \/>\n\t<meta name=\"twitter:data1\" content=\"5 minutes\" \/>\n<script type=\"application\/ld+json\" class=\"yoast-schema-graph\">{\"@context\":\"https:\/\/schema.org\",\"@graph\":[{\"@type\":\"WebPage\",\"@id\":\"https:\/\/thefinitive.com\/en\/prodotto\/diaz-bollettino-4-novembre-1918-vittoria\/\",\"url\":\"https:\/\/thefinitive.com\/en\/prodotto\/diaz-bollettino-4-novembre-1918-vittoria\/\",\"name\":\"DIAZ Bollettino 4 Novembre 1918 - Vittoria - Thefinitive\",\"isPartOf\":{\"@id\":\"https:\/\/thefinitive.com\/en\/#website\"},\"datePublished\":\"2021-12-05T15:38:58+00:00\",\"dateModified\":\"2024-11-12T14:00:03+00:00\",\"description\":\"Bollettino della vittoria del 4 Novembre 1918 firmato Generale Armando DIAZ su piastra in bronzo - 1GM 1WW Guerra contro l'Austria\",\"breadcrumb\":{\"@id\":\"https:\/\/thefinitive.com\/en\/prodotto\/diaz-bollettino-4-novembre-1918-vittoria\/#breadcrumb\"},\"inLanguage\":\"en-US\",\"potentialAction\":[{\"@type\":\"ReadAction\",\"target\":[\"https:\/\/thefinitive.com\/en\/prodotto\/diaz-bollettino-4-novembre-1918-vittoria\/\"]}]},{\"@type\":\"BreadcrumbList\",\"@id\":\"https:\/\/thefinitive.com\/en\/prodotto\/diaz-bollettino-4-novembre-1918-vittoria\/#breadcrumb\",\"itemListElement\":[{\"@type\":\"ListItem\",\"position\":1,\"name\":\"Home\",\"item\":\"https:\/\/thefinitive.com\/en\/\"},{\"@type\":\"ListItem\",\"position\":2,\"name\":\"Shop\",\"item\":\"https:\/\/thefinitive.com\/en\/shop-2\/\"},{\"@type\":\"ListItem\",\"position\":3,\"name\":\"DIAZ Bollettino 4 Novembre 1918 &#8211; Vittoria\"}]},{\"@type\":\"WebSite\",\"@id\":\"https:\/\/thefinitive.com\/en\/#website\",\"url\":\"https:\/\/thefinitive.com\/en\/\",\"name\":\"Thefinitive\",\"description\":\"Antiquariato Online\",\"publisher\":{\"@id\":\"https:\/\/thefinitive.com\/en\/#organization\"},\"potentialAction\":[{\"@type\":\"SearchAction\",\"target\":{\"@type\":\"EntryPoint\",\"urlTemplate\":\"https:\/\/thefinitive.com\/en\/?s={search_term_string}\"},\"query-input\":\"required name=search_term_string\"}],\"inLanguage\":\"en-US\"},{\"@type\":\"Organization\",\"@id\":\"https:\/\/thefinitive.com\/en\/#organization\",\"name\":\"Thefinitive\",\"url\":\"https:\/\/thefinitive.com\/en\/\",\"logo\":{\"@type\":\"ImageObject\",\"inLanguage\":\"en-US\",\"@id\":\"https:\/\/thefinitive.com\/en\/#\/schema\/logo\/image\/\",\"url\":\"https:\/\/thefinitive.com\/wp-content\/uploads\/2019\/07\/logo4vett.svg\",\"contentUrl\":\"https:\/\/thefinitive.com\/wp-content\/uploads\/2019\/07\/logo4vett.svg\",\"width\":500,\"height\":100,\"caption\":\"Thefinitive\"},\"image\":{\"@id\":\"https:\/\/thefinitive.com\/en\/#\/schema\/logo\/image\/\"},\"sameAs\":[\"https:\/\/business.facebook.com\/Thefinitive-111771813534320\/\",\"https:\/\/www.instagram.com\/_thefinitive_\/\"]}]}<\/script>\n<!-- \/ Yoast SEO plugin. -->","yoast_head_json":{"title":"DIAZ Bollettino 4 Novembre 1918 - Vittoria - Thefinitive","description":"Bollettino della vittoria del 4 Novembre 1918 firmato Generale Armando DIAZ su piastra in bronzo - 1GM 1WW Guerra contro l'Austria","robots":{"index":"index","follow":"follow","max-snippet":"max-snippet:-1","max-image-preview":"max-image-preview:large","max-video-preview":"max-video-preview:-1"},"canonical":"https:\/\/thefinitive.com\/en\/prodotto\/diaz-bollettino-4-novembre-1918-vittoria\/","og_locale":"en_US","og_type":"article","og_title":"DIAZ Bollettino 4 Novembre 1918 - Vittoria - Thefinitive","og_description":"Bollettino della vittoria del 4 Novembre 1918 firmato Generale Armando DIAZ su piastra in bronzo - 1GM 1WW Guerra contro l'Austria","og_url":"https:\/\/thefinitive.com\/en\/prodotto\/diaz-bollettino-4-novembre-1918-vittoria\/","og_site_name":"Thefinitive","article_publisher":"https:\/\/business.facebook.com\/Thefinitive-111771813534320\/","article_modified_time":"2024-11-12T14:00:03+00:00","og_image":[{"width":2160,"height":2160,"url":"https:\/\/thefinitive.com\/wp-content\/uploads\/2021\/12\/boll-2.jpg","type":"image\/jpeg"}],"twitter_card":"summary_large_image","twitter_misc":{"Est. reading time":"5 minutes"},"schema":{"@context":"https:\/\/schema.org","@graph":[{"@type":"WebPage","@id":"https:\/\/thefinitive.com\/en\/prodotto\/diaz-bollettino-4-novembre-1918-vittoria\/","url":"https:\/\/thefinitive.com\/en\/prodotto\/diaz-bollettino-4-novembre-1918-vittoria\/","name":"DIAZ Bollettino 4 Novembre 1918 - Vittoria - Thefinitive","isPartOf":{"@id":"https:\/\/thefinitive.com\/en\/#website"},"datePublished":"2021-12-05T15:38:58+00:00","dateModified":"2024-11-12T14:00:03+00:00","description":"Bollettino della vittoria del 4 Novembre 1918 firmato Generale Armando DIAZ su piastra in bronzo - 1GM 1WW Guerra contro l'Austria","breadcrumb":{"@id":"https:\/\/thefinitive.com\/en\/prodotto\/diaz-bollettino-4-novembre-1918-vittoria\/#breadcrumb"},"inLanguage":"en-US","potentialAction":[{"@type":"ReadAction","target":["https:\/\/thefinitive.com\/en\/prodotto\/diaz-bollettino-4-novembre-1918-vittoria\/"]}]},{"@type":"BreadcrumbList","@id":"https:\/\/thefinitive.com\/en\/prodotto\/diaz-bollettino-4-novembre-1918-vittoria\/#breadcrumb","itemListElement":[{"@type":"ListItem","position":1,"name":"Home","item":"https:\/\/thefinitive.com\/en\/"},{"@type":"ListItem","position":2,"name":"Shop","item":"https:\/\/thefinitive.com\/en\/shop-2\/"},{"@type":"ListItem","position":3,"name":"DIAZ Bollettino 4 Novembre 1918 &#8211; Vittoria"}]},{"@type":"WebSite","@id":"https:\/\/thefinitive.com\/en\/#website","url":"https:\/\/thefinitive.com\/en\/","name":"Thefinitive","description":"Antiquariato Online","publisher":{"@id":"https:\/\/thefinitive.com\/en\/#organization"},"potentialAction":[{"@type":"SearchAction","target":{"@type":"EntryPoint","urlTemplate":"https:\/\/thefinitive.com\/en\/?s={search_term_string}"},"query-input":"required name=search_term_string"}],"inLanguage":"en-US"},{"@type":"Organization","@id":"https:\/\/thefinitive.com\/en\/#organization","name":"Thefinitive","url":"https:\/\/thefinitive.com\/en\/","logo":{"@type":"ImageObject","inLanguage":"en-US","@id":"https:\/\/thefinitive.com\/en\/#\/schema\/logo\/image\/","url":"https:\/\/thefinitive.com\/wp-content\/uploads\/2019\/07\/logo4vett.svg","contentUrl":"https:\/\/thefinitive.com\/wp-content\/uploads\/2019\/07\/logo4vett.svg","width":500,"height":100,"caption":"Thefinitive"},"image":{"@id":"https:\/\/thefinitive.com\/en\/#\/schema\/logo\/image\/"},"sameAs":["https:\/\/business.facebook.com\/Thefinitive-111771813534320\/","https:\/\/www.instagram.com\/_thefinitive_\/"]}]}},"_links":{"self":[{"href":"https:\/\/thefinitive.com\/en\/wp-json\/wp\/v3\/product\/9462"}],"collection":[{"href":"https:\/\/thefinitive.com\/en\/wp-json\/wp\/v3\/product"}],"about":[{"href":"https:\/\/thefinitive.com\/en\/wp-json\/wp\/v2\/types\/product"}],"replies":[{"embeddable":true,"href":"https:\/\/thefinitive.com\/en\/wp-json\/wp\/v2\/comments?post=9462"}],"version-history":[{"count":1,"href":"https:\/\/thefinitive.com\/en\/wp-json\/wp\/v3\/product\/9462\/revisions"}],"predecessor-version":[{"id":15481,"href":"https:\/\/thefinitive.com\/en\/wp-json\/wp\/v3\/product\/9462\/revisions\/15481"}],"wp:featuredmedia":[{"embeddable":true,"href":"https:\/\/thefinitive.com\/en\/wp-json\/wp\/v2\/media\/9464"}],"wp:attachment":[{"href":"https:\/\/thefinitive.com\/en\/wp-json\/wp\/v2\/media?parent=9462"}],"wp:term":[{"taxonomy":"product_cat","embeddable":true,"href":"https:\/\/thefinitive.com\/en\/wp-json\/wp\/v2\/product_cat?post=9462"},{"taxonomy":"product_tag","embeddable":true,"href":"https:\/\/thefinitive.com\/en\/wp-json\/wp\/v2\/product_tag?post=9462"}],"curies":[{"name":"wp","href":"https:\/\/api.w.org\/{rel}","templated":true}]}}