{"id":9319,"date":"2021-11-06T15:26:21","date_gmt":"2021-11-06T15:26:21","guid":{"rendered":"https:\/\/www.thefinitive.com\/?post_type=product&#038;p=9319"},"modified":"2023-03-20T17:21:58","modified_gmt":"2023-03-20T16:21:58","slug":"elmetto-adrian-generale-nazionalisti-m15-regio-esercito","status":"publish","type":"product","link":"https:\/\/thefinitive.com\/en\/prodotto\/elmetto-adrian-generale-nazionalisti-m15-regio-esercito\/","title":{"rendered":"\u274c\ud83d\ude41Elmetto Adrian GENERALE Nazionalisti &#8211; M15 Regio Esercito"},"content":{"rendered":"<p>Elmetto <strong>ADRIAN<\/strong> modello <strong>M15<\/strong> \u00a0dalla particolare colorazione, presumibilmente usato da gruppi <strong>Nazionalisti\u00a0 <\/strong>o appartenenti al movimento dei<strong> Realisti, <\/strong>o pi\u00f9 probabile da un ufficiale <strong>GENERALE <\/strong>del\u00a0 <strong><em>Regio Esercito<\/em><\/strong><\/p>\n<p>L&#8217;elmetto \u00e8 originale in ogni sua parte,\u00a0 la verniciatura \u00e8 di una tonalit\u00e0 che tende al color marroncino caki (come una sorta di colorazione per impiego coloniale), o comunque un verdognolo acido come se fosse lentamente virato da una colorazione pi\u00f9 carica, ed \u00e8 assolutamente <strong>originale<\/strong> dell&#8217;epoca. Si notino le rivettature laterali alla bordatura di congiunzione tra la calotta e la visiera, peculiarit\u00e0 del modello <strong>ADRIAN M15<\/strong>.<\/p>\n<p>Il trofeo frontale \u00e8 una magnifica aquila coronata, di derivazione e gusto liberty (simile alle aquile usate nel regno <strong>Austro-Ungarico<\/strong>)\u00a0 ad ali aperte, con in petto uno scudo rosso caricato di croce savoia. Anche lo scudo rosso \u00e8 leggermente virato ad un colore pi\u00f9 chiaro. Data la raffigurazione dell&#8217;aquila con scudo savoia, si pu\u00f2 pensare che l&#8217;elmetto Adrian fosse stato personalizzato da un Generale del Regio Esercito, considerando che i <strong>Nazionalisti <\/strong>avevano come fregio una aquila ad ali aperte ma senza scudo crociato in petto (<strong><em><a href=\"https:\/\/www.thefinitive.com\/shop\/militaria\/italia-1920-1939\/nazionalista-italiano-fascismo-antemarcia-elmetto-adrian\/\" target=\"_blank\" rel=\"noopener\">vedi articolo in vendita<\/a><\/em><\/strong>). Stesso dicasi per i Realisti, di cui non abbiamo alcuna notizia tangibile.<\/p>\n<p>L&#8217;elmetto \u00e8 completo del suo interno in pelle marrone e feltro grigio verde, ma mancano alcune sezioni in lamierino ondulato.<\/p>\n<p>Completa l&#8217;elmetto un soggolo in cuoio ad un passante.<\/p>\n<p>In condizioni vissute, con mancanze alla vernice, scolorimenti alla stessa, ma carico di tutto il fascino che solo l&#8217;uso ed il tempo possono attribuire ad un cimelio avente pi\u00f9 di 100 anni alle spalle, e che nessuna manipolazione riuscirebbe mai ad aggiungere.<\/p>\n<p>&nbsp;<\/p>\n<p>&nbsp;<\/p>\n<p><strong>MATERIALE\u00a0 \u00a0<\/strong>&#8230;&#8230;&#8230;&#8230;.\u00a0 acciaio,\u00a0 pelle<\/p>\n<p><strong>TAGLIA\u00a0 \u00a0\u00a0<\/strong> &#8230;&#8230;&#8230;&#8230;&#8230;&#8230;.. 60 \/ 62<\/p>\n<p><strong>MARCHIO<\/strong> &#8230;&#8230;&#8230;&#8230;&#8230;. Non rilevato<\/p>\n<h2><\/h2>\n<h2><\/h2>\n<h2>NOTIZIE<\/h2>\n<p>&nbsp;<\/p>\n<h3 style=\"text-align: center;\"><strong><a href=\"https:\/\/www.thefinitive.com\/elmetto-adrian-prima-guerra-mondiale\/\" target=\"_blank\" rel=\"noopener\">ELMETTO ADRIAN<\/a><\/strong><\/h3>\n<p>&nbsp;<\/p>\n<h3 style=\"text-align: center;\"><strong><a href=\"https:\/\/www.thefinitive.com\/nazionalismo-italiano-nel-novecento-nazionalisti\/\" target=\"_blank\" rel=\"noopener\">Il movimento NAZIONALISTA<\/a><\/strong><\/h3>\n<p>&#8220;<em>Il Nazionalismo non fa parte di nessuna teoria delle Relazioni Internazionali, ma rappresenta una potente forze di persuasione, poich\u00e9 molti stati per sopravvivere nello scacchiere internazionale o legittimare alcune scelte di politica estera applicano alcuni atteggiamenti nazionalisti<a href=\"https:\/\/www.opiniojuris.it\/il-nazionalismo-vs-il-realismo-nella-teoria-di-mearsheimer\/#_ftn1\" name=\"_ftnref1\"><\/a>. Se per i Realisti lo Stato opera in un sistema globale anarchico, dove non esiste un autorit\u00e0 sovranazionale, \u00e8 necessario conoscere gli equilibri di potenza che regolano il mondo; per il nazionalismo il proprio stato \u00e8 superiore ideologicamente o culturalmente agli altri, considerando gli altri attori statali inferiori. Per\u00f2 si pu\u00f2 anche definire che esiste un gruppo che vede il sentimento nazionalista come una prova di amore nei confronti del loro paese. Il sentimento nazionalista rischia, in alcuni paesi, di aumentare i conflitti quando la societ\u00e0 civile di uno stato ha differenti gruppi etnici e minoranze<\/em>&#8221; (<strong><a href=\"https:\/\/www.opiniojuris.it\/il-nazionalismo-vs-il-realismo-nella-teoria-di-mearsheimer\/\" target=\"_blank\" rel=\"noopener\">John Mearsheimer<\/a><\/strong>)<\/p>\n<p>&nbsp;<\/p>\n<h3 style=\"text-align: center;\"><a href=\"https:\/\/www.thefinitive.com\/regio-esercito-gradi-e-modifiche-1870-1945\/\" target=\"_blank\" rel=\"noopener\">Cliccando sul seguente link avrete accesso ad informazioni relative all&#8217;argomento in oggetto<\/a><\/h3>\n<p><a href=\"https:\/\/www.thefinitive.com\/regio-esercito-gradi-e-modifiche-1870-1945\/\" target=\"_blank\" rel=\"noopener\"><img loading=\"lazy\" decoding=\"async\" class=\"wp-image-8854 aligncenter\" src=\"https:\/\/www.thefinitive.com\/wp-content\/uploads\/2021\/07\/Armando_Diaz_01.jpg\" alt=\"\" width=\"391\" height=\"515\" srcset=\"https:\/\/thefinitive.com\/wp-content\/uploads\/2021\/07\/Armando_Diaz_01.jpg 597w, https:\/\/thefinitive.com\/wp-content\/uploads\/2021\/07\/Armando_Diaz_01-64x84.jpg 64w, https:\/\/thefinitive.com\/wp-content\/uploads\/2021\/07\/Armando_Diaz_01-228x300.jpg 228w\" sizes=\"(max-width: 391px) 100vw, 391px\" \/><\/a><\/p>\n<p>&nbsp;<\/p>\n<p>Il\u00a0<b>Regio Esercito<\/b>\u00a0fu l&#8217;esercito del\u00a0Regno d&#8217;Italia\u00a0dal 4 maggio\u00a01861\u00a0al 18 giugno\u00a01946. Nato dall&#8217;Armata Sarda\u00a0dopo la\u00a0proclamazione del Regno d&#8217;Italia, \u00e8 stato impiegato in tutte le vicende belliche del Regno, inclusa la\u00a0terza guerra d&#8217;indipendenza, il\u00a0colonialismo\u00a0e soprattutto la\u00a0prima\u00a0e la\u00a0seconda guerra mondiale. Dopo la\u00a0nascita della Repubblica Italiana\u00a0cambi\u00f2 la propria denominazione in\u00a0Esercito Italiano.<\/p>\n<p>&nbsp;<\/p>\n<p>Fonti\u00a0 <a href=\"https:\/\/it.wikipedia.org\/wiki\/Regio_Esercito\" target=\"_blank\" rel=\"noopener\">Regio Esercito<\/a><\/p>\n<p>&nbsp;<\/p>\n<p>11.21<\/p>\n","protected":false},"excerpt":{"rendered":"<p style=\"text-align: center;\">Elmetto <strong>ADRIAN<\/strong> modello <strong>M15<\/strong> \u00a0dalla particolare colorazione, presumibilmente usato da gruppi <strong>Nazionalisti\u00a0 <\/strong>o appartenenti al movimento dei<strong> Realisti, <\/strong>o pi\u00f9 probabile da un ufficiale <strong>GENERALE <\/strong>del\u00a0 <strong><em>Regio Esercito<\/em><\/strong><\/p>\n<p style=\"text-align: center;\">Originale in ogni sua parte, completo del suo interno in pelle marrone e feltro grigio verde, mancanti alcune sezioni in lamierino ondulato. Completa l&#8217;elmetto un soggolo in cuoio ad un passante<\/p>\n<p style=\"text-align: center;\">Taglia circa 60 \/ 62<\/p>\n<p>&nbsp;<\/p>\n<p style=\"text-align: center;\"><strong><em>(Scorri la pagina in basso per ulteriori dettagli e informazioni)<\/em><\/strong><\/p>\n","protected":false},"featured_media":9320,"comment_status":"open","ping_status":"closed","template":"","meta":[],"product_cat":[586],"product_tag":[191,723,647,646,301,192,306,243],"yoast_head":"<!-- This site is optimized with the Yoast SEO plugin v21.9.1 - https:\/\/yoast.com\/wordpress\/plugins\/seo\/ -->\n<title>\u274c\ud83d\ude41Elmetto Adrian GENERALE Nazionalisti - M15 Regio Esercito Thefinitive<\/title>\n<meta name=\"description\" content=\"Regio Esercito elmetto ADRIAN M15 da Generale Nazionalisti Realisti coloniale MIMETICO - Prima Guerra Mondiale - WW1 Originale 1915 1918\" \/>\n<meta name=\"robots\" content=\"index, follow, max-snippet:-1, max-image-preview:large, max-video-preview:-1\" \/>\n<link rel=\"canonical\" href=\"https:\/\/thefinitive.com\/en\/prodotto\/elmetto-adrian-generale-nazionalisti-m15-regio-esercito\/\" \/>\n<meta property=\"og:locale\" content=\"en_US\" \/>\n<meta property=\"og:type\" content=\"article\" \/>\n<meta property=\"og:title\" content=\"\u274c\ud83d\ude41Elmetto Adrian GENERALE Nazionalisti - M15 Regio Esercito Thefinitive\" \/>\n<meta property=\"og:description\" content=\"Regio Esercito elmetto ADRIAN M15 da Generale Nazionalisti Realisti coloniale MIMETICO - Prima Guerra Mondiale - WW1 Originale 1915 1918\" \/>\n<meta property=\"og:url\" content=\"https:\/\/thefinitive.com\/en\/prodotto\/elmetto-adrian-generale-nazionalisti-m15-regio-esercito\/\" \/>\n<meta property=\"og:site_name\" content=\"Thefinitive\" \/>\n<meta property=\"article:publisher\" content=\"https:\/\/business.facebook.com\/Thefinitive-111771813534320\/\" \/>\n<meta property=\"article:modified_time\" content=\"2023-03-20T16:21:58+00:00\" \/>\n<meta property=\"og:image\" content=\"https:\/\/thefinitive.com\/wp-content\/uploads\/2021\/11\/real1-2.jpg\" \/>\n\t<meta property=\"og:image:width\" content=\"2160\" \/>\n\t<meta property=\"og:image:height\" content=\"2160\" \/>\n\t<meta property=\"og:image:type\" content=\"image\/jpeg\" \/>\n<meta name=\"twitter:card\" content=\"summary_large_image\" \/>\n<meta name=\"twitter:label1\" content=\"Est. reading time\" \/>\n\t<meta name=\"twitter:data1\" content=\"3 minutes\" \/>\n<script type=\"application\/ld+json\" class=\"yoast-schema-graph\">{\"@context\":\"https:\/\/schema.org\",\"@graph\":[{\"@type\":\"WebPage\",\"@id\":\"https:\/\/thefinitive.com\/en\/prodotto\/elmetto-adrian-generale-nazionalisti-m15-regio-esercito\/\",\"url\":\"https:\/\/thefinitive.com\/en\/prodotto\/elmetto-adrian-generale-nazionalisti-m15-regio-esercito\/\",\"name\":\"\u274c\ud83d\ude41Elmetto Adrian GENERALE Nazionalisti - M15 Regio Esercito Thefinitive\",\"isPartOf\":{\"@id\":\"https:\/\/thefinitive.com\/en\/#website\"},\"datePublished\":\"2021-11-06T15:26:21+00:00\",\"dateModified\":\"2023-03-20T16:21:58+00:00\",\"description\":\"Regio Esercito elmetto ADRIAN M15 da Generale Nazionalisti Realisti coloniale MIMETICO - Prima Guerra Mondiale - WW1 Originale 1915 1918\",\"breadcrumb\":{\"@id\":\"https:\/\/thefinitive.com\/en\/prodotto\/elmetto-adrian-generale-nazionalisti-m15-regio-esercito\/#breadcrumb\"},\"inLanguage\":\"en-US\",\"potentialAction\":[{\"@type\":\"ReadAction\",\"target\":[\"https:\/\/thefinitive.com\/en\/prodotto\/elmetto-adrian-generale-nazionalisti-m15-regio-esercito\/\"]}]},{\"@type\":\"BreadcrumbList\",\"@id\":\"https:\/\/thefinitive.com\/en\/prodotto\/elmetto-adrian-generale-nazionalisti-m15-regio-esercito\/#breadcrumb\",\"itemListElement\":[{\"@type\":\"ListItem\",\"position\":1,\"name\":\"Home\",\"item\":\"https:\/\/thefinitive.com\/en\/\"},{\"@type\":\"ListItem\",\"position\":2,\"name\":\"Shop\",\"item\":\"https:\/\/thefinitive.com\/en\/shop-2\/\"},{\"@type\":\"ListItem\",\"position\":3,\"name\":\"\u274c\ud83d\ude41Elmetto Adrian GENERALE Nazionalisti &#8211; M15 Regio Esercito\"}]},{\"@type\":\"WebSite\",\"@id\":\"https:\/\/thefinitive.com\/en\/#website\",\"url\":\"https:\/\/thefinitive.com\/en\/\",\"name\":\"Thefinitive\",\"description\":\"Antiquariato Online\",\"publisher\":{\"@id\":\"https:\/\/thefinitive.com\/en\/#organization\"},\"potentialAction\":[{\"@type\":\"SearchAction\",\"target\":{\"@type\":\"EntryPoint\",\"urlTemplate\":\"https:\/\/thefinitive.com\/en\/?s={search_term_string}\"},\"query-input\":\"required name=search_term_string\"}],\"inLanguage\":\"en-US\"},{\"@type\":\"Organization\",\"@id\":\"https:\/\/thefinitive.com\/en\/#organization\",\"name\":\"Thefinitive\",\"url\":\"https:\/\/thefinitive.com\/en\/\",\"logo\":{\"@type\":\"ImageObject\",\"inLanguage\":\"en-US\",\"@id\":\"https:\/\/thefinitive.com\/en\/#\/schema\/logo\/image\/\",\"url\":\"https:\/\/thefinitive.com\/wp-content\/uploads\/2019\/07\/logo4vett.svg\",\"contentUrl\":\"https:\/\/thefinitive.com\/wp-content\/uploads\/2019\/07\/logo4vett.svg\",\"width\":500,\"height\":100,\"caption\":\"Thefinitive\"},\"image\":{\"@id\":\"https:\/\/thefinitive.com\/en\/#\/schema\/logo\/image\/\"},\"sameAs\":[\"https:\/\/business.facebook.com\/Thefinitive-111771813534320\/\",\"https:\/\/www.instagram.com\/_thefinitive_\/\"]}]}<\/script>\n<!-- \/ Yoast SEO plugin. -->","yoast_head_json":{"title":"\u274c\ud83d\ude41Elmetto Adrian GENERALE Nazionalisti - M15 Regio Esercito Thefinitive","description":"Regio Esercito elmetto ADRIAN M15 da Generale Nazionalisti Realisti coloniale MIMETICO - Prima Guerra Mondiale - WW1 Originale 1915 1918","robots":{"index":"index","follow":"follow","max-snippet":"max-snippet:-1","max-image-preview":"max-image-preview:large","max-video-preview":"max-video-preview:-1"},"canonical":"https:\/\/thefinitive.com\/en\/prodotto\/elmetto-adrian-generale-nazionalisti-m15-regio-esercito\/","og_locale":"en_US","og_type":"article","og_title":"\u274c\ud83d\ude41Elmetto Adrian GENERALE Nazionalisti - M15 Regio Esercito Thefinitive","og_description":"Regio Esercito elmetto ADRIAN M15 da Generale Nazionalisti Realisti coloniale MIMETICO - Prima Guerra Mondiale - WW1 Originale 1915 1918","og_url":"https:\/\/thefinitive.com\/en\/prodotto\/elmetto-adrian-generale-nazionalisti-m15-regio-esercito\/","og_site_name":"Thefinitive","article_publisher":"https:\/\/business.facebook.com\/Thefinitive-111771813534320\/","article_modified_time":"2023-03-20T16:21:58+00:00","og_image":[{"width":2160,"height":2160,"url":"https:\/\/thefinitive.com\/wp-content\/uploads\/2021\/11\/real1-2.jpg","type":"image\/jpeg"}],"twitter_card":"summary_large_image","twitter_misc":{"Est. reading time":"3 minutes"},"schema":{"@context":"https:\/\/schema.org","@graph":[{"@type":"WebPage","@id":"https:\/\/thefinitive.com\/en\/prodotto\/elmetto-adrian-generale-nazionalisti-m15-regio-esercito\/","url":"https:\/\/thefinitive.com\/en\/prodotto\/elmetto-adrian-generale-nazionalisti-m15-regio-esercito\/","name":"\u274c\ud83d\ude41Elmetto Adrian GENERALE Nazionalisti - M15 Regio Esercito Thefinitive","isPartOf":{"@id":"https:\/\/thefinitive.com\/en\/#website"},"datePublished":"2021-11-06T15:26:21+00:00","dateModified":"2023-03-20T16:21:58+00:00","description":"Regio Esercito elmetto ADRIAN M15 da Generale Nazionalisti Realisti coloniale MIMETICO - Prima Guerra Mondiale - WW1 Originale 1915 1918","breadcrumb":{"@id":"https:\/\/thefinitive.com\/en\/prodotto\/elmetto-adrian-generale-nazionalisti-m15-regio-esercito\/#breadcrumb"},"inLanguage":"en-US","potentialAction":[{"@type":"ReadAction","target":["https:\/\/thefinitive.com\/en\/prodotto\/elmetto-adrian-generale-nazionalisti-m15-regio-esercito\/"]}]},{"@type":"BreadcrumbList","@id":"https:\/\/thefinitive.com\/en\/prodotto\/elmetto-adrian-generale-nazionalisti-m15-regio-esercito\/#breadcrumb","itemListElement":[{"@type":"ListItem","position":1,"name":"Home","item":"https:\/\/thefinitive.com\/en\/"},{"@type":"ListItem","position":2,"name":"Shop","item":"https:\/\/thefinitive.com\/en\/shop-2\/"},{"@type":"ListItem","position":3,"name":"\u274c\ud83d\ude41Elmetto Adrian GENERALE Nazionalisti &#8211; M15 Regio Esercito"}]},{"@type":"WebSite","@id":"https:\/\/thefinitive.com\/en\/#website","url":"https:\/\/thefinitive.com\/en\/","name":"Thefinitive","description":"Antiquariato Online","publisher":{"@id":"https:\/\/thefinitive.com\/en\/#organization"},"potentialAction":[{"@type":"SearchAction","target":{"@type":"EntryPoint","urlTemplate":"https:\/\/thefinitive.com\/en\/?s={search_term_string}"},"query-input":"required name=search_term_string"}],"inLanguage":"en-US"},{"@type":"Organization","@id":"https:\/\/thefinitive.com\/en\/#organization","name":"Thefinitive","url":"https:\/\/thefinitive.com\/en\/","logo":{"@type":"ImageObject","inLanguage":"en-US","@id":"https:\/\/thefinitive.com\/en\/#\/schema\/logo\/image\/","url":"https:\/\/thefinitive.com\/wp-content\/uploads\/2019\/07\/logo4vett.svg","contentUrl":"https:\/\/thefinitive.com\/wp-content\/uploads\/2019\/07\/logo4vett.svg","width":500,"height":100,"caption":"Thefinitive"},"image":{"@id":"https:\/\/thefinitive.com\/en\/#\/schema\/logo\/image\/"},"sameAs":["https:\/\/business.facebook.com\/Thefinitive-111771813534320\/","https:\/\/www.instagram.com\/_thefinitive_\/"]}]}},"_links":{"self":[{"href":"https:\/\/thefinitive.com\/en\/wp-json\/wp\/v3\/product\/9319"}],"collection":[{"href":"https:\/\/thefinitive.com\/en\/wp-json\/wp\/v3\/product"}],"about":[{"href":"https:\/\/thefinitive.com\/en\/wp-json\/wp\/v2\/types\/product"}],"replies":[{"embeddable":true,"href":"https:\/\/thefinitive.com\/en\/wp-json\/wp\/v2\/comments?post=9319"}],"version-history":[{"count":1,"href":"https:\/\/thefinitive.com\/en\/wp-json\/wp\/v3\/product\/9319\/revisions"}],"predecessor-version":[{"id":14560,"href":"https:\/\/thefinitive.com\/en\/wp-json\/wp\/v3\/product\/9319\/revisions\/14560"}],"wp:featuredmedia":[{"embeddable":true,"href":"https:\/\/thefinitive.com\/en\/wp-json\/wp\/v2\/media\/9320"}],"wp:attachment":[{"href":"https:\/\/thefinitive.com\/en\/wp-json\/wp\/v2\/media?parent=9319"}],"wp:term":[{"taxonomy":"product_cat","embeddable":true,"href":"https:\/\/thefinitive.com\/en\/wp-json\/wp\/v2\/product_cat?post=9319"},{"taxonomy":"product_tag","embeddable":true,"href":"https:\/\/thefinitive.com\/en\/wp-json\/wp\/v2\/product_tag?post=9319"}],"curies":[{"name":"wp","href":"https:\/\/api.w.org\/{rel}","templated":true}]}}