{"id":9175,"date":"2021-11-01T18:58:59","date_gmt":"2021-11-01T18:58:59","guid":{"rendered":"https:\/\/www.thefinitive.com\/?post_type=product&#038;p=9175"},"modified":"2023-03-20T17:22:06","modified_gmt":"2023-03-20T16:22:06","slug":"flechas-guerra-spagna-ctv-portasigarette-legionario-36-39","status":"publish","type":"product","link":"https:\/\/thefinitive.com\/en\/prodotto\/flechas-guerra-spagna-ctv-portasigarette-legionario-36-39\/","title":{"rendered":"\u274c\ud83d\ude41FLECHAS Guerra Spagna CTV portasigarette Legionario &#8217;36 &#8217;39"},"content":{"rendered":"<p>Portasigarette appartenuto ad un legionario italiano nella Guerra in Spagna, volontario nelle Flechas del\u00a0 <strong>CTV <\/strong>(<strong>C.T.V.<em>\u00a0Corpo Truppe Volontarie<\/em><\/strong> ), durante il periodo <strong>1936-1939<\/strong> in cui Mussolini invi\u00f2 truppe in aiuto di <strong>Francisco Franco<\/strong> per la Guerra Civile che era in atto nel suo paese.<\/p>\n<p>Realizzato con splendida <strong>doratura vermeil<\/strong>, e con bellissime incisioni in <strong>niellatura<\/strong>, il portasigarette sulla parte frontale ha due ovali che racchiudono uno il simbolo delle <strong>FLECHAS<\/strong> spagnole, e l&#8217;altro un <strong>FASCIO LITTORIO<\/strong> , incisi sotto la scritta <strong><em>Recuerdo de Espa\u00f1a <\/em><\/strong>ed ancora impreziosito da una serie di piccoli strass applicati in mezzo ai due ovali.<\/p>\n<p>Al lato destro accanto al meccanismo di apertura, sulla parte frontale, si trovano incise le iniziali di colui che fu il destinatario di questo oggetto di raffinata bellezza.<\/p>\n<p>Le numerose foto rendono sicuramente l&#8217;idea di quanto importante ed affascinante sia questo portasigarette, dal gusto decisamente romantico, ricordo di un&#8217;epoca che fu<\/p>\n<p>In perfette condizioni, con il meccanismo di apertura e chiusura perfettamente funzionante, senza danni o riparazioni, ancora con la sua fascetta elastica interna per tenere ferme le sigarette.<\/p>\n<p>&nbsp;<\/p>\n<p><strong>MATERIALE\u00a0 \u00a0<\/strong> : Argento vermeil niellato<\/p>\n<p><strong>MISURE\u00a0 \u00a0 \u00a0 \u00a0 \u00a0 \u00a0<\/strong>:<\/p>\n<p><strong>MARCHIO\u00a0 \u00a0 \u00a0 \u00a0<\/strong>: &#8211;<\/p>\n<p>&nbsp;<\/p>\n<h2>NOTIZIE<\/h2>\n<p>&nbsp;<\/p>\n<h3 style=\"text-align: center;\"><a href=\"https:\/\/www.thefinitive.com\/guerra-di-spagna-c-t-v-italiano-1936-1939\/\" target=\"_blank\" rel=\"noopener\">Informazioni storiche sull&#8217;argomento trattato in questo articolo<\/a><a href=\"https:\/\/www.thefinitive.com\/guerra-di-spagna-c-t-v-italiano-1936-1939\/\" target=\"_blank\" rel=\"noopener\"><img loading=\"lazy\" decoding=\"async\" class=\"size-full wp-image-9177 aligncenter\" src=\"https:\/\/www.thefinitive.com\/wp-content\/uploads\/2021\/11\/spagna5.jpg\" alt=\"\" width=\"466\" height=\"304\" srcset=\"https:\/\/thefinitive.com\/wp-content\/uploads\/2021\/11\/spagna5.jpg 466w, https:\/\/thefinitive.com\/wp-content\/uploads\/2021\/11\/spagna5-64x42.jpg 64w, https:\/\/thefinitive.com\/wp-content\/uploads\/2021\/11\/spagna5-300x196.jpg 300w\" sizes=\"(max-width: 466px) 100vw, 466px\" \/><\/a><\/h3>\n<p>&nbsp;<\/p>\n<p>&nbsp;<\/p>\n<p>&nbsp;<\/p>\n<p>Per un breve accenno sulle Flechas del CTV nella Guerra di Spagna, il 15 gennaio 1937 a Siviglia, coi primi contingenti di volontari italiani giunti a Cadice, si costitui&#8217; una brigata mista italo-spagnola al comando del col. Guassardo denominata <strong>&#8220;Flechas Azules&#8221;<\/strong> ( Frecce Azzurre ). Solo tre giorni dopo a Bajadoz si costitui&#8217; la II brigata mista, denominata &#8220;<strong>Flechas Negras&#8221;<\/strong> ( Frecce Nere ) al comando del col. Piazzoni.\u00a0 Il 17 febbraio la M.M.I.S. cambi\u00f2 definizione in\u00a0<strong>&#8220;C.T.V.&#8221; <\/strong>( Comando Truppe Volontarie ) mentre la massa operativa costitu\u00ec il &#8220;<strong>Corpo Truppe Volontarie&#8221;.<\/strong><br \/>\nIl 1 agosto 1937 le due brigate miste &#8220;Frecce Nere&#8221; e &#8220;Frecce Azzurre&#8221; furono riunite nella divisione\u00a0<strong>&#8220;Flechas&#8221;<\/strong>\u00a0( Frecce ) al comando del Generale Roatta. Il 19 giugno la Divisisone &#8220;Frecce&#8221; si sciolse e le due Brigate, piu&#8217; tardi trasformate in divisioni, ritornarono all&#8217;antica autonomia. Le &#8220;Frecce Azzurre&#8221; rimasero sul basso Ebro mantenendo per oltre tre mesi le linee conquistate. Rientrate in Italia le Divisioni legionarie &#8220;Littorio&#8221; e &#8220;XXIII Marzo&#8221;, a partire dal 25 ottobre 1938, venne formata una terza divisione mista denominata\u00a0<strong>Division Legionaria &#8220;Flechas Verdes&#8221;<\/strong><span class=\"stile35\">\u00a0e costituita con elementi italiani tratti dalle altre due divisioni e battaglioni di fanteria spagnola. Nella nuova grande unit\u00e0 affluirono circa 1500 uomini della Divisione &#8220;Fiamme Nere-XXII Marzo&#8221;, rimasti disponibili, uomini delle Divisioni &#8220;Flechas Azules&#8221; e &#8220;Flechas Negras&#8221;, della Divisione &#8220;Volontari del Littorio&#8221; e altri di varia provenienza.<br \/>\nLa sua composizione risult\u00f2 la seguente: Comandante il\u00a0<strong>Colonnello Emilio Battisti<\/strong>\u00a0e Capo si Stato Maggiore il\u00a0<strong>Colonnello Mario Pederzoli<\/strong>; 1\u00b0 reggimento Fanteria &#8220;Flechas Verdes&#8221; articolato su tre battaglioni, 2\u00b0 Reggimento Fanteria &#8220;Flechas Verdes&#8221; con la stessa composizione, due battaglioni complementi, un battaglione mitraglieri, un raggruppamento Artiglieria divisionale, un battaglione Genio, un plotone carri d&#8217;assalto, servizi vari, servizio Sanit\u00e0, sezione CC.RR. e Guardias Civiles. Le tre divisioni &#8220;Frecce&#8221; furono poi protagoniste della battaglia di Catalogna, coronata con l&#8217;occupazione di Barcellona , e poi nelle azioni che portarono alla caduta di Madrid.<\/span><\/p>\n<p>&nbsp;<\/p>\n<h4>Dettagli tecnici di realizzazione del portasigarette<\/h4>\n<p><em>Il termine francese\u00a0<b>vermeil<\/b>\u00a0(pronuncia: verm\u00e8ei, dal francese &#8220;vermiglio&#8221;), indica una speciale variet\u00e0 di\u00a0argento\u00a0dorato\u00a0di complessa realizzazione. Le caratteristiche richieste per questo materiale sono una base di\u00a0argento sterling, rivestita da una placcatura in\u00a0oro\u00a0ad almeno 10\u00a0carati\u00a0e dello spessore di almeno 1\u00a0micron\u00a0e mezzo. \u00c8 per\u00f2 comune l&#8217;utilizzo di oro a 14 carati, con spessori superiori. L&#8217;affinit\u00e0 chimica\u00a0fra argento ed oro conferisce alla placcatura buone doti di resistenza. Attualmente la placcatura \u00e8 ottenuta per\u00a0elettrolisi.<\/em><\/p>\n<p><em>Originariamente, quando questa lavorazione venne introdotta in\u00a0Francia, alla met\u00e0 del Settecento, veniva effettuata una doratura a fuoco. La placcatura consente di evitare i problemi legati all&#8217;ossidazione\u00a0dell&#8217;argento,<\/em><\/p>\n<p><em>Il\u00a0vermeil\u00a0essendo pi\u00f9 costoso dell&#8217;argento \u00e8 un materiale usato per realizzare oggetti di pregio (monili,\u00a0medaglie,\u00a0penne stilografiche,\u00a0posate, servizi da toletta,\u00a0orologi,\u00a0rinfrescatoi,\u00a0tabacchiere,\u00a0n\u00e9cessaires da viaggio, cc.). Il suo costo infatti \u00e8 intermedio fra quello dei due elementi che lo costituiscono, anche se a questo si aggiunge il valore della lavorazione che \u00e8 particolarmente complessa.<\/em><\/p>\n<p><em>Il\u00a0<b>niello<\/b>\u00a0\u00e8 una lega metallica di colore nero che include\u00a0zolfo,\u00a0rame,\u00a0argento\u00a0e spesso anche\u00a0piombo, usata come intarsio nell&#8217;incisione di metalli. Il metallo inciso viene riempito con questa lega macinata lungo i tratti prodotti dall&#8217;incisione a\u00a0bulino. La tecnica prende il nome di\u00a0<b>niellatura<\/b>.<\/em><\/p>\n<p><em>L&#8217;origine della decorazione a niello \u00e8 attribuita agli\u00a0Egizi, ma essa ebbe molta fortuna anche nel\u00a0Medioevo\u00a0ed \u00e8 usata tutt&#8217;oggi.<\/em><\/p>\n<p><em>Il termine deriva dal\u00a0latino\u00a0nigellum\u00a0(&#8220;nerastro&#8221;),\u00a0diminutivo\u00a0di\u00a0niger\u00a0(&#8220;nero&#8221;).<\/em><\/p>\n<p>&nbsp;<\/p>\n<p>Fonti Wikipedia<\/p>\n<p>&nbsp;<\/p>\n<p>11.21<\/p>\n","protected":false},"excerpt":{"rendered":"<p style=\"text-align: center;\">Portasigarette in vermeil e niellatura appartenuto ad un legionario italiano nella Guerra di Spagna del <strong>1936-1939<\/strong>, volontario nelle Flechas del\u00a0 <strong>C.T.V. Corpo Truppe Volontarie<\/strong><\/p>\n<p style=\"text-align: center;\">In perfette condizioni, senza danni o riparazioni, ancora con la sua fascetta elastica interna per tenere ferme le sigarette<\/p>\n<p style=\"text-align: center;\"><strong><em>(Scorri la pagina in basso per ulteriori dettagli e informazioni)<\/em><\/strong><\/p>\n","protected":false},"featured_media":9178,"comment_status":"open","ping_status":"closed","template":"","meta":[],"product_cat":[586],"product_tag":[248,723,172,245,283,197,155,282,160,198,271,156,173],"yoast_head":"<!-- This site is optimized with the Yoast SEO plugin v21.9.1 - https:\/\/yoast.com\/wordpress\/plugins\/seo\/ -->\n<title>\u274c\ud83d\ude41FLECHAS Guerra Spagna CTV portasigarette Legionario &#039;36 &#039;39 Thefinitive<\/title>\n<meta name=\"description\" content=\"Legionario CTV nella Guerra di Spagna FLECHAS Frecce Azzurre Nere Rosse Negras Azules Verdes FRANCO MUSSOLINI Acquisto Compro Guerra Civil\" \/>\n<meta name=\"robots\" content=\"index, follow, max-snippet:-1, max-image-preview:large, max-video-preview:-1\" \/>\n<link rel=\"canonical\" href=\"https:\/\/thefinitive.com\/en\/prodotto\/flechas-guerra-spagna-ctv-portasigarette-legionario-36-39\/\" \/>\n<meta property=\"og:locale\" content=\"en_US\" \/>\n<meta property=\"og:type\" content=\"article\" \/>\n<meta property=\"og:title\" content=\"\u274c\ud83d\ude41FLECHAS Guerra Spagna CTV portasigarette Legionario &#039;36 &#039;39 Thefinitive\" \/>\n<meta property=\"og:description\" content=\"Legionario CTV nella Guerra di Spagna FLECHAS Frecce Azzurre Nere Rosse Negras Azules Verdes FRANCO MUSSOLINI Acquisto Compro Guerra Civil\" \/>\n<meta property=\"og:url\" content=\"https:\/\/thefinitive.com\/en\/prodotto\/flechas-guerra-spagna-ctv-portasigarette-legionario-36-39\/\" \/>\n<meta property=\"og:site_name\" content=\"Thefinitive\" \/>\n<meta property=\"article:publisher\" content=\"https:\/\/business.facebook.com\/Thefinitive-111771813534320\/\" \/>\n<meta property=\"article:modified_time\" content=\"2023-03-20T16:22:06+00:00\" \/>\n<meta property=\"og:image\" content=\"https:\/\/thefinitive.com\/wp-content\/uploads\/2021\/11\/siga1-2.jpg\" \/>\n\t<meta property=\"og:image:width\" content=\"2160\" \/>\n\t<meta property=\"og:image:height\" content=\"2160\" \/>\n\t<meta property=\"og:image:type\" content=\"image\/jpeg\" \/>\n<meta name=\"twitter:card\" content=\"summary_large_image\" \/>\n<meta name=\"twitter:label1\" content=\"Est. reading time\" \/>\n\t<meta name=\"twitter:data1\" content=\"4 minutes\" \/>\n<script type=\"application\/ld+json\" class=\"yoast-schema-graph\">{\"@context\":\"https:\/\/schema.org\",\"@graph\":[{\"@type\":\"WebPage\",\"@id\":\"https:\/\/thefinitive.com\/en\/prodotto\/flechas-guerra-spagna-ctv-portasigarette-legionario-36-39\/\",\"url\":\"https:\/\/thefinitive.com\/en\/prodotto\/flechas-guerra-spagna-ctv-portasigarette-legionario-36-39\/\",\"name\":\"\u274c\ud83d\ude41FLECHAS Guerra Spagna CTV portasigarette Legionario '36 '39 Thefinitive\",\"isPartOf\":{\"@id\":\"https:\/\/thefinitive.com\/en\/#website\"},\"datePublished\":\"2021-11-01T18:58:59+00:00\",\"dateModified\":\"2023-03-20T16:22:06+00:00\",\"description\":\"Legionario CTV nella Guerra di Spagna FLECHAS Frecce Azzurre Nere Rosse Negras Azules Verdes FRANCO MUSSOLINI Acquisto Compro Guerra Civil\",\"breadcrumb\":{\"@id\":\"https:\/\/thefinitive.com\/en\/prodotto\/flechas-guerra-spagna-ctv-portasigarette-legionario-36-39\/#breadcrumb\"},\"inLanguage\":\"en-US\",\"potentialAction\":[{\"@type\":\"ReadAction\",\"target\":[\"https:\/\/thefinitive.com\/en\/prodotto\/flechas-guerra-spagna-ctv-portasigarette-legionario-36-39\/\"]}]},{\"@type\":\"BreadcrumbList\",\"@id\":\"https:\/\/thefinitive.com\/en\/prodotto\/flechas-guerra-spagna-ctv-portasigarette-legionario-36-39\/#breadcrumb\",\"itemListElement\":[{\"@type\":\"ListItem\",\"position\":1,\"name\":\"Home\",\"item\":\"https:\/\/thefinitive.com\/en\/\"},{\"@type\":\"ListItem\",\"position\":2,\"name\":\"Shop\",\"item\":\"https:\/\/thefinitive.com\/en\/shop-2\/\"},{\"@type\":\"ListItem\",\"position\":3,\"name\":\"\u274c\ud83d\ude41FLECHAS Guerra Spagna CTV portasigarette Legionario &#8217;36 &#8217;39\"}]},{\"@type\":\"WebSite\",\"@id\":\"https:\/\/thefinitive.com\/en\/#website\",\"url\":\"https:\/\/thefinitive.com\/en\/\",\"name\":\"Thefinitive\",\"description\":\"Antiquariato Online\",\"publisher\":{\"@id\":\"https:\/\/thefinitive.com\/en\/#organization\"},\"potentialAction\":[{\"@type\":\"SearchAction\",\"target\":{\"@type\":\"EntryPoint\",\"urlTemplate\":\"https:\/\/thefinitive.com\/en\/?s={search_term_string}\"},\"query-input\":\"required name=search_term_string\"}],\"inLanguage\":\"en-US\"},{\"@type\":\"Organization\",\"@id\":\"https:\/\/thefinitive.com\/en\/#organization\",\"name\":\"Thefinitive\",\"url\":\"https:\/\/thefinitive.com\/en\/\",\"logo\":{\"@type\":\"ImageObject\",\"inLanguage\":\"en-US\",\"@id\":\"https:\/\/thefinitive.com\/en\/#\/schema\/logo\/image\/\",\"url\":\"https:\/\/thefinitive.com\/wp-content\/uploads\/2019\/07\/logo4vett.svg\",\"contentUrl\":\"https:\/\/thefinitive.com\/wp-content\/uploads\/2019\/07\/logo4vett.svg\",\"width\":500,\"height\":100,\"caption\":\"Thefinitive\"},\"image\":{\"@id\":\"https:\/\/thefinitive.com\/en\/#\/schema\/logo\/image\/\"},\"sameAs\":[\"https:\/\/business.facebook.com\/Thefinitive-111771813534320\/\",\"https:\/\/www.instagram.com\/_thefinitive_\/\"]}]}<\/script>\n<!-- \/ Yoast SEO plugin. -->","yoast_head_json":{"title":"\u274c\ud83d\ude41FLECHAS Guerra Spagna CTV portasigarette Legionario '36 '39 Thefinitive","description":"Legionario CTV nella Guerra di Spagna FLECHAS Frecce Azzurre Nere Rosse Negras Azules Verdes FRANCO MUSSOLINI Acquisto Compro Guerra Civil","robots":{"index":"index","follow":"follow","max-snippet":"max-snippet:-1","max-image-preview":"max-image-preview:large","max-video-preview":"max-video-preview:-1"},"canonical":"https:\/\/thefinitive.com\/en\/prodotto\/flechas-guerra-spagna-ctv-portasigarette-legionario-36-39\/","og_locale":"en_US","og_type":"article","og_title":"\u274c\ud83d\ude41FLECHAS Guerra Spagna CTV portasigarette Legionario '36 '39 Thefinitive","og_description":"Legionario CTV nella Guerra di Spagna FLECHAS Frecce Azzurre Nere Rosse Negras Azules Verdes FRANCO MUSSOLINI Acquisto Compro Guerra Civil","og_url":"https:\/\/thefinitive.com\/en\/prodotto\/flechas-guerra-spagna-ctv-portasigarette-legionario-36-39\/","og_site_name":"Thefinitive","article_publisher":"https:\/\/business.facebook.com\/Thefinitive-111771813534320\/","article_modified_time":"2023-03-20T16:22:06+00:00","og_image":[{"width":2160,"height":2160,"url":"https:\/\/thefinitive.com\/wp-content\/uploads\/2021\/11\/siga1-2.jpg","type":"image\/jpeg"}],"twitter_card":"summary_large_image","twitter_misc":{"Est. reading time":"4 minutes"},"schema":{"@context":"https:\/\/schema.org","@graph":[{"@type":"WebPage","@id":"https:\/\/thefinitive.com\/en\/prodotto\/flechas-guerra-spagna-ctv-portasigarette-legionario-36-39\/","url":"https:\/\/thefinitive.com\/en\/prodotto\/flechas-guerra-spagna-ctv-portasigarette-legionario-36-39\/","name":"\u274c\ud83d\ude41FLECHAS Guerra Spagna CTV portasigarette Legionario '36 '39 Thefinitive","isPartOf":{"@id":"https:\/\/thefinitive.com\/en\/#website"},"datePublished":"2021-11-01T18:58:59+00:00","dateModified":"2023-03-20T16:22:06+00:00","description":"Legionario CTV nella Guerra di Spagna FLECHAS Frecce Azzurre Nere Rosse Negras Azules Verdes FRANCO MUSSOLINI Acquisto Compro Guerra Civil","breadcrumb":{"@id":"https:\/\/thefinitive.com\/en\/prodotto\/flechas-guerra-spagna-ctv-portasigarette-legionario-36-39\/#breadcrumb"},"inLanguage":"en-US","potentialAction":[{"@type":"ReadAction","target":["https:\/\/thefinitive.com\/en\/prodotto\/flechas-guerra-spagna-ctv-portasigarette-legionario-36-39\/"]}]},{"@type":"BreadcrumbList","@id":"https:\/\/thefinitive.com\/en\/prodotto\/flechas-guerra-spagna-ctv-portasigarette-legionario-36-39\/#breadcrumb","itemListElement":[{"@type":"ListItem","position":1,"name":"Home","item":"https:\/\/thefinitive.com\/en\/"},{"@type":"ListItem","position":2,"name":"Shop","item":"https:\/\/thefinitive.com\/en\/shop-2\/"},{"@type":"ListItem","position":3,"name":"\u274c\ud83d\ude41FLECHAS Guerra Spagna CTV portasigarette Legionario &#8217;36 &#8217;39"}]},{"@type":"WebSite","@id":"https:\/\/thefinitive.com\/en\/#website","url":"https:\/\/thefinitive.com\/en\/","name":"Thefinitive","description":"Antiquariato Online","publisher":{"@id":"https:\/\/thefinitive.com\/en\/#organization"},"potentialAction":[{"@type":"SearchAction","target":{"@type":"EntryPoint","urlTemplate":"https:\/\/thefinitive.com\/en\/?s={search_term_string}"},"query-input":"required name=search_term_string"}],"inLanguage":"en-US"},{"@type":"Organization","@id":"https:\/\/thefinitive.com\/en\/#organization","name":"Thefinitive","url":"https:\/\/thefinitive.com\/en\/","logo":{"@type":"ImageObject","inLanguage":"en-US","@id":"https:\/\/thefinitive.com\/en\/#\/schema\/logo\/image\/","url":"https:\/\/thefinitive.com\/wp-content\/uploads\/2019\/07\/logo4vett.svg","contentUrl":"https:\/\/thefinitive.com\/wp-content\/uploads\/2019\/07\/logo4vett.svg","width":500,"height":100,"caption":"Thefinitive"},"image":{"@id":"https:\/\/thefinitive.com\/en\/#\/schema\/logo\/image\/"},"sameAs":["https:\/\/business.facebook.com\/Thefinitive-111771813534320\/","https:\/\/www.instagram.com\/_thefinitive_\/"]}]}},"_links":{"self":[{"href":"https:\/\/thefinitive.com\/en\/wp-json\/wp\/v3\/product\/9175"}],"collection":[{"href":"https:\/\/thefinitive.com\/en\/wp-json\/wp\/v3\/product"}],"about":[{"href":"https:\/\/thefinitive.com\/en\/wp-json\/wp\/v2\/types\/product"}],"replies":[{"embeddable":true,"href":"https:\/\/thefinitive.com\/en\/wp-json\/wp\/v2\/comments?post=9175"}],"version-history":[{"count":1,"href":"https:\/\/thefinitive.com\/en\/wp-json\/wp\/v3\/product\/9175\/revisions"}],"predecessor-version":[{"id":14564,"href":"https:\/\/thefinitive.com\/en\/wp-json\/wp\/v3\/product\/9175\/revisions\/14564"}],"wp:featuredmedia":[{"embeddable":true,"href":"https:\/\/thefinitive.com\/en\/wp-json\/wp\/v2\/media\/9178"}],"wp:attachment":[{"href":"https:\/\/thefinitive.com\/en\/wp-json\/wp\/v2\/media?parent=9175"}],"wp:term":[{"taxonomy":"product_cat","embeddable":true,"href":"https:\/\/thefinitive.com\/en\/wp-json\/wp\/v2\/product_cat?post=9175"},{"taxonomy":"product_tag","embeddable":true,"href":"https:\/\/thefinitive.com\/en\/wp-json\/wp\/v2\/product_tag?post=9175"}],"curies":[{"name":"wp","href":"https:\/\/api.w.org\/{rel}","templated":true}]}}