{"id":9135,"date":"2021-10-23T07:46:44","date_gmt":"2021-10-23T07:46:44","guid":{"rendered":"https:\/\/www.thefinitive.com\/?post_type=product&#038;p=9135"},"modified":"2023-03-20T17:22:11","modified_gmt":"2023-03-20T16:22:11","slug":"bertelli-dux-profilo-continuo-portapenne-emanuele-turin-1933","status":"publish","type":"product","link":"https:\/\/thefinitive.com\/en\/prodotto\/bertelli-dux-profilo-continuo-portapenne-emanuele-turin-1933\/","title":{"rendered":"\u274c\ud83d\ude41Bertelli DUX profilo continuo portapenne &#8211; Emanuele Turin 1933"},"content":{"rendered":"<p><strong>Profilo Continuo del Duce <\/strong>, <strong>DUX<\/strong>\u00a0 opera di Renato Bertelli, realizzato in bronzo cromato e montato su di una base in marmo nero con portapenna stilografica (stiloforo) per appoggio da scrivania. L&#8217;articolo venne prodotto e distribuito dalla ditta <strong>EMANUELE TURIN<\/strong> di Torino che aveva un contratto di esclusivit\u00e0 con la Bertelli stessa (<a href=\"https:\/\/www.thefinitive.com\/shop\/venduti\/bertelli-profilo-continuo-dux-emanuele-turin-1933\/\" target=\"_blank\" rel=\"noopener\">vedi altro articolo similare andato venduto recentemente su questo sito<\/a>) . Il Profilo Continuo veniva proposto in differenti montaggi, su piedistallo verticale, su basetta in marmo, in ceramica, come possiamo vedere dall&#8217;inserto pubblicitario qui riprodotto.<\/p>\n<p>&nbsp;<\/p>\n<p><a href=\"https:\/\/www.thefinitive.com\/?attachment_id=7436\" rel=\"attachment wp-att-7436\"><img loading=\"lazy\" decoding=\"async\" class=\"size-full wp-image-7436 aligncenter\" src=\"https:\/\/www.thefinitive.com\/wp-content\/uploads\/2020\/12\/profiloduce.jpg\" alt=\"\" width=\"450\" height=\"294\" srcset=\"https:\/\/thefinitive.com\/wp-content\/uploads\/2020\/12\/profiloduce.jpg 450w, https:\/\/thefinitive.com\/wp-content\/uploads\/2020\/12\/profiloduce-64x42.jpg 64w, https:\/\/thefinitive.com\/wp-content\/uploads\/2020\/12\/profiloduce-300x196.jpg 300w\" sizes=\"(max-width: 450px) 100vw, 450px\" \/><\/a><\/p>\n<p>&nbsp;<\/p>\n<p>Il profilo continuo DUX in oggetto, fu un&#8217;opera originale dello scultore <strong>Renato Bertelli<\/strong> che la ide\u00f2 nel 1933 , realizzandola\u00a0 in perfetto stile futurista. Comunque si guarda la scultura, da qualunque angolo, si scorge il profilo del volto del Duce, con indosso l&#8217;elmetto della Milizia (Milizia Volontaria Sicurezza Nazionale MVSN)<\/p>\n<p>Alla base del bronzetto ovvero sul collo dello stesso, troviamo l&#8217;incisione\u00a0 <strong>D U X\u00a0<\/strong><\/p>\n<p>Sotto la base troviamo incisa lungo il bordo l&#8217;iscrizione di fabbrica\u00a0<strong> DEPOS. 36625 <\/strong>, ovvero l&#8217;indicazione del marchio di fabbrica brevettato e depositato.<\/p>\n<p>Il Profilo Continuo \u00e8 montato su una basetta in marmo nero, che presenta delle crepe, ma non ne compromette la stabilit\u00e0 e non inficia l&#8217;aspetto generale dell&#8217;opera. Lo stiloforo \u00e8 in bachelite marmorizzata marcata sul corpo <strong>SUPERIOR RED CIRCLE<\/strong>\u00a0 ed il pennino marcato <strong>OLDGOLD<\/strong> in <strong>oro 14K<\/strong><\/p>\n<p>Il profilo continuo DUX \u00e8 in ottime condizioni, ancora con la sua cromatura, con bella patina del tempo.<\/p>\n<p>&nbsp;<\/p>\n<p><strong>MATERIALE\u00a0 \u00a0<\/strong> : bronzo cromato<\/p>\n<p><strong>MISURE\u00a0 \u00a0 \u00a0 \u00a0 \u00a0 \u00a0<\/strong>: DUX altezza cm.8, diametro cm.6<\/p>\n<p><strong>MISURE\u00a0 \u00a0 \u00a0 \u00a0 \u00a0 \u00a0<\/strong>: basetta in marmo circa cm. 15 x 11 x 15<\/p>\n<p><strong>MARCHIO\u00a0 \u00a0 \u00a0 \u00a0<\/strong>: Depos.36625\u00a0 (E.Turin)<\/p>\n<p>&nbsp;<\/p>\n<h2>NOTIZIE<\/h2>\n<p>&nbsp;<\/p>\n<h3 style=\"text-align: center;\"><a href=\"https:\/\/www.thefinitive.com\/pnf-partito-nazionale-fascista-mussolini\/\" target=\"_blank\" rel=\"noopener\">Informazioni storiche sull&#8217;argomento trattato in questo articolo<\/a><\/h3>\n<p><a href=\"https:\/\/www.thefinitive.com\/pnf-partito-nazionale-fascista-mussolini\/\" target=\"_blank\" rel=\"noopener\"><img loading=\"lazy\" decoding=\"async\" class=\"size-medium wp-image-2298 aligncenter\" src=\"https:\/\/www.thefinitive.com\/wp-content\/uploads\/2019\/08\/Benito_Mussolini_colored-202x300.jpg\" alt=\"mussolini primo caporale\" width=\"202\" height=\"300\" srcset=\"https:\/\/thefinitive.com\/wp-content\/uploads\/2019\/08\/Benito_Mussolini_colored-202x300.jpg 202w, https:\/\/thefinitive.com\/wp-content\/uploads\/2019\/08\/Benito_Mussolini_colored-64x95.jpg 64w, https:\/\/thefinitive.com\/wp-content\/uploads\/2019\/08\/Benito_Mussolini_colored-691x1024.jpg 691w, https:\/\/thefinitive.com\/wp-content\/uploads\/2019\/08\/Benito_Mussolini_colored.jpg 742w\" sizes=\"(max-width: 202px) 100vw, 202px\" \/><\/a><\/p>\n<h3><\/h3>\n<h3>Renato Bertelli<\/h3>\n<p><b>Renato Bertelli<\/b>\u00a0(Lastra a Signa,\u00a01900\u00a0\u2013\u00a0Firenze,\u00a01974) \u00e8 stato un\u00a0artista\u00a0e\u00a0scultore\u00a0italiano.<\/p>\n<p><a href=\"https:\/\/www.thefinitive.com\/?attachment_id=4840\" rel=\"attachment wp-att-4840\"><img loading=\"lazy\" decoding=\"async\" class=\"alignnone wp-image-4840\" src=\"https:\/\/www.thefinitive.com\/wp-content\/uploads\/2020\/02\/Renato_Bertelli.jpg\" alt=\"\" width=\"253\" height=\"286\" srcset=\"https:\/\/thefinitive.com\/wp-content\/uploads\/2020\/02\/Renato_Bertelli.jpg 400w, https:\/\/thefinitive.com\/wp-content\/uploads\/2020\/02\/Renato_Bertelli-64x72.jpg 64w, https:\/\/thefinitive.com\/wp-content\/uploads\/2020\/02\/Renato_Bertelli-265x300.jpg 265w\" sizes=\"(max-width: 253px) 100vw, 253px\" \/><\/a><\/p>\n<p>&nbsp;<\/p>\n<p>Il padre Alberto, titolare di una piccola lavorazione di terrecotte artistiche, e la rilevanza nel settore della vicina Manifattura artistica di Signa, lo avvicinano a quel \u201cclima\u201d artistico che lo porter\u00e0, nel 1914, all\u2019Accademia di Belle Arti di Firenze\u00a0(oltre all\u2019esempio costituito dall\u2019amico\u00a0Mario Moschi, di quattro anni pi\u00f9 anziano, che lo aveva preceduto). Si avvarr\u00e0 per la scultura, degli insegnamenti di\u00a0Domenico Trentacoste\u00a0e\u00a0Libero Andreotti; conclude gli studi nell\u2019anno accademico 1921-1922. Esordisce alla \u201cI Mostra Firenze Primaverile\u201d nel 1922 al Parterre di S. Gallo, con una scultura in gesso intitolata \u201cPiccola danzatrice\u201d. L\u2019anno successivo si sposa e, dopo una breve parentesi fiorentina, torna ad abitare a Lastra a Signa, dove nel 1925 nasce il figlio Giorgio. Tra il 1926 e il 1927 esegue rilievi plastici per il rivestimento delle colonne laterali all\u2019ingresso della Casa dei Sindacati Fascisti delle Signe a\u00a0Ponte a Signa\u00a0su commissione dell\u2019architetto\u00a0Adolfo Copped\u00e8. Nel 1928 partecipa alla XVI\u00a0biennale di Venezia\u00a0e alla I Mostra Regionale Arte Toscana di Firenze, dove ottiene la Medaglia d\u2019oro. In seguito l\u2019intero suo percorso artistico si affider\u00e0 a una produzione di scultura sacra, decorativa o di piccole figure. Nei primi anni Trenta entr\u00f2 nella sfera del\u00a0futurismo\u00a0toscano ricoprendo nel 1933 il ruolo di \u201cCapogruppo Signa\u201d tra i Futuristi Indipendenti diretti da\u00a0Antonio Marasco. In quel periodo, oltre a studi sull\u2019aeropittura e sull\u2019arte sacra futurista&#8230; Nel 1931 realizza la \u201cMadonna del buon viaggio\u201d, brevettandone l\u2019immagine , cos\u00ec come avverr\u00e0 per \u201cProfilo continuo\u201d brevettato il 26 luglio 1933, sorta di anticipazione di quel \u201cconsumismo iconografico\u201d, che si affermer\u00e0 pochi decenni pi\u00f9 tardi.<\/p>\n<p>Bertelli tuttavia per il suo carattere \u201clibero\u201d frequenta poco gli ambienti politici e intellettuali ed \u00e8 lontano dal mondo della committenza.<\/p>\n<h2><span id=\"L.27opera_pi.C3.B9_famosa_.22Profilo_Continuo.22\"><\/span><span id=\"L'opera_pi\u00f9_famosa_&quot;Profilo_Continuo&quot;\" class=\"mw-headline\">L&#8217;opera pi\u00f9 famosa &#8220;Profilo Continuo&#8221;<\/span><\/h2>\n<div class=\"thumb tright\">\n<div class=\"thumbinner\">\n<p><a class=\"image\" href=\"https:\/\/it.wikipedia.org\/wiki\/File:Bertelli_Profilo_continuo.jpg\"><img loading=\"lazy\" decoding=\"async\" class=\"thumbimage\" src=\"https:\/\/upload.wikimedia.org\/wikipedia\/commons\/thumb\/a\/a0\/Bertelli_Profilo_continuo.jpg\/220px-Bertelli_Profilo_continuo.jpg\" srcset=\"\/\/upload.wikimedia.org\/wikipedia\/commons\/thumb\/a\/a0\/Bertelli_Profilo_continuo.jpg\/330px-Bertelli_Profilo_continuo.jpg 1.5x, \/\/upload.wikimedia.org\/wikipedia\/commons\/thumb\/a\/a0\/Bertelli_Profilo_continuo.jpg\/440px-Bertelli_Profilo_continuo.jpg 2x\" alt=\"\" width=\"220\" height=\"293\" data-file-width=\"1200\" data-file-height=\"1600\" \/><\/a><\/p>\n<div class=\"thumbcaption\">\n<div class=\"magnify\"><\/div>\n<p>Renato Bertelli,\u00a0<i>Profilo continuo del Duce DUX<\/i><\/p>\n<\/div>\n<\/div>\n<\/div>\n<p>Universalmente riconosciuta come la sua opera pi\u00f9 famosa, nel suo decennio vitale, questa forma circolare che fondeva in un geniale effetto statico-dinamico deco e futurismo, incontr\u00f2 un buon risultato commerciale che la diffuse in case del Fascio, uffici e abitazioni private non solo italiane. Una forma nella quale il richiamo classico del\u00a0Giano bifronte\u00a0confluiva nei principi dinamici futuristi enunciati da\u00a0<a title=\"Umberto Boccioni\" href=\"https:\/\/it.wikipedia.org\/wiki\/Umberto_Boccioni\">Boccioni<\/a>\u00a0riguardo alla linea curva, elemento privilegiato in quei medesimi anni Trenta dai pi\u00f9 moderni architetti italiani. Il dinamismo plastico del Profilo del Duce visibile da ogni punto (come ha osservato Marco Moretti, critico d\u2019arte e studioso dell\u2019artista) rilanciava \u00absenza retorica la metafora di un Capo vigile e insonne che tutto vede e sorveglia\u00bb. (cfr. M. Moretti,\u00a0<i>Renato Bertelli<\/i>, monografia critica, Masso delle Fate edizioni, Signa, 2007, pp.\u00a0160)<\/p>\n<p>Svincolato oggi dal retaggio della propria epoca, il Profilo Continuo, considerato come testata d\u2019angolo del secondo futurismo, \u00e8 un\u2019opera d\u2019arte richiesta nelle pi\u00f9 importanti mostre in ogni parte del mondo, continuando a stimolare, come gi\u00e0 negli anni Ottanta il fotografo Robert Mapplethorpe e lo scultore Tony Cragg, la creativit\u00e0 di numerosi artisti. Ad oggi, pochissimi esemplari sono giunti ai giorni nostri, tutti comunque presenti presso musei e poche raccolte personali.<\/p>\n<p>&nbsp;<\/p>\n<p>Fonti <a href=\"https:\/\/it.wikipedia.org\/wiki\/Renato_Bertelli\"><em>Wikipedia<\/em><\/a>\u00a0 , <a href=\"https:\/\/it.wikipedia.org\/wiki\/Benito_Mussolini\">Mussolini<\/a><\/p>\n<p>&nbsp;<\/p>\n<p>10.21<\/p>\n","protected":false},"excerpt":{"rendered":"<p style=\"text-align: center;\"><strong>Profilo Continuo del Duce <\/strong>, opera di Renato Bertelli, realizzato in <strong>bronzo<\/strong> <strong>cromato<\/strong> su base in marmo nero, portapenna stilografica.<\/p>\n<p style=\"text-align: center;\">In ottime condizioni, originale del 1933, realizzato dalla ditta Emanuele Turin<\/p>\n<p>&nbsp;<\/p>\n<p style=\"text-align: center;\"><strong><em>(Scorri la pagina in basso per ulteriori dettagli e informazioni)<\/em><\/strong><\/p>\n","protected":false},"featured_media":9136,"comment_status":"open","ping_status":"closed","template":"","meta":[],"product_cat":[586],"product_tag":[248,723,172,245,283,197,155,282,160,198,271,156,173],"yoast_head":"<!-- This site is optimized with the Yoast SEO plugin v21.9.1 - https:\/\/yoast.com\/wordpress\/plugins\/seo\/ -->\n<title>\u274c\ud83d\ude41Bertelli DUX profilo continuo portapenne - Emanuele Turin 1933 Thefinitive<\/title>\n<meta name=\"description\" content=\"BERTELLI profilo continuo del Duce DUX - futurismo - 1933 - Benito Mussolini - EMANUELE TURIN Torino Fascist Futurist Continuous Dux Profile\" \/>\n<meta name=\"robots\" content=\"index, follow, max-snippet:-1, max-image-preview:large, max-video-preview:-1\" \/>\n<link rel=\"canonical\" href=\"https:\/\/thefinitive.com\/en\/prodotto\/bertelli-dux-profilo-continuo-portapenne-emanuele-turin-1933\/\" \/>\n<meta property=\"og:locale\" content=\"en_US\" \/>\n<meta property=\"og:type\" content=\"article\" \/>\n<meta property=\"og:title\" content=\"\u274c\ud83d\ude41Bertelli DUX profilo continuo portapenne - Emanuele Turin 1933 Thefinitive\" \/>\n<meta property=\"og:description\" content=\"BERTELLI profilo continuo del Duce DUX - futurismo - 1933 - Benito Mussolini - EMANUELE TURIN Torino Fascist Futurist Continuous Dux Profile\" \/>\n<meta property=\"og:url\" content=\"https:\/\/thefinitive.com\/en\/prodotto\/bertelli-dux-profilo-continuo-portapenne-emanuele-turin-1933\/\" \/>\n<meta property=\"og:site_name\" content=\"Thefinitive\" \/>\n<meta property=\"article:publisher\" content=\"https:\/\/business.facebook.com\/Thefinitive-111771813534320\/\" \/>\n<meta property=\"article:modified_time\" content=\"2023-03-20T16:22:11+00:00\" \/>\n<meta property=\"og:image\" content=\"https:\/\/thefinitive.com\/wp-content\/uploads\/2021\/10\/berte1-2.jpg\" \/>\n\t<meta property=\"og:image:width\" content=\"2160\" \/>\n\t<meta property=\"og:image:height\" content=\"2160\" \/>\n\t<meta property=\"og:image:type\" content=\"image\/jpeg\" \/>\n<meta name=\"twitter:card\" content=\"summary_large_image\" \/>\n<meta name=\"twitter:label1\" content=\"Est. reading time\" \/>\n\t<meta name=\"twitter:data1\" content=\"5 minutes\" \/>\n<script type=\"application\/ld+json\" class=\"yoast-schema-graph\">{\"@context\":\"https:\/\/schema.org\",\"@graph\":[{\"@type\":\"WebPage\",\"@id\":\"https:\/\/thefinitive.com\/en\/prodotto\/bertelli-dux-profilo-continuo-portapenne-emanuele-turin-1933\/\",\"url\":\"https:\/\/thefinitive.com\/en\/prodotto\/bertelli-dux-profilo-continuo-portapenne-emanuele-turin-1933\/\",\"name\":\"\u274c\ud83d\ude41Bertelli DUX profilo continuo portapenne - Emanuele Turin 1933 Thefinitive\",\"isPartOf\":{\"@id\":\"https:\/\/thefinitive.com\/en\/#website\"},\"datePublished\":\"2021-10-23T07:46:44+00:00\",\"dateModified\":\"2023-03-20T16:22:11+00:00\",\"description\":\"BERTELLI profilo continuo del Duce DUX - futurismo - 1933 - Benito Mussolini - EMANUELE TURIN Torino Fascist Futurist Continuous Dux Profile\",\"breadcrumb\":{\"@id\":\"https:\/\/thefinitive.com\/en\/prodotto\/bertelli-dux-profilo-continuo-portapenne-emanuele-turin-1933\/#breadcrumb\"},\"inLanguage\":\"en-US\",\"potentialAction\":[{\"@type\":\"ReadAction\",\"target\":[\"https:\/\/thefinitive.com\/en\/prodotto\/bertelli-dux-profilo-continuo-portapenne-emanuele-turin-1933\/\"]}]},{\"@type\":\"BreadcrumbList\",\"@id\":\"https:\/\/thefinitive.com\/en\/prodotto\/bertelli-dux-profilo-continuo-portapenne-emanuele-turin-1933\/#breadcrumb\",\"itemListElement\":[{\"@type\":\"ListItem\",\"position\":1,\"name\":\"Home\",\"item\":\"https:\/\/thefinitive.com\/en\/\"},{\"@type\":\"ListItem\",\"position\":2,\"name\":\"Shop\",\"item\":\"https:\/\/thefinitive.com\/en\/shop-2\/\"},{\"@type\":\"ListItem\",\"position\":3,\"name\":\"\u274c\ud83d\ude41Bertelli DUX profilo continuo portapenne &#8211; Emanuele Turin 1933\"}]},{\"@type\":\"WebSite\",\"@id\":\"https:\/\/thefinitive.com\/en\/#website\",\"url\":\"https:\/\/thefinitive.com\/en\/\",\"name\":\"Thefinitive\",\"description\":\"Antiquariato Online\",\"publisher\":{\"@id\":\"https:\/\/thefinitive.com\/en\/#organization\"},\"potentialAction\":[{\"@type\":\"SearchAction\",\"target\":{\"@type\":\"EntryPoint\",\"urlTemplate\":\"https:\/\/thefinitive.com\/en\/?s={search_term_string}\"},\"query-input\":\"required name=search_term_string\"}],\"inLanguage\":\"en-US\"},{\"@type\":\"Organization\",\"@id\":\"https:\/\/thefinitive.com\/en\/#organization\",\"name\":\"Thefinitive\",\"url\":\"https:\/\/thefinitive.com\/en\/\",\"logo\":{\"@type\":\"ImageObject\",\"inLanguage\":\"en-US\",\"@id\":\"https:\/\/thefinitive.com\/en\/#\/schema\/logo\/image\/\",\"url\":\"https:\/\/thefinitive.com\/wp-content\/uploads\/2019\/07\/logo4vett.svg\",\"contentUrl\":\"https:\/\/thefinitive.com\/wp-content\/uploads\/2019\/07\/logo4vett.svg\",\"width\":500,\"height\":100,\"caption\":\"Thefinitive\"},\"image\":{\"@id\":\"https:\/\/thefinitive.com\/en\/#\/schema\/logo\/image\/\"},\"sameAs\":[\"https:\/\/business.facebook.com\/Thefinitive-111771813534320\/\",\"https:\/\/www.instagram.com\/_thefinitive_\/\"]}]}<\/script>\n<!-- \/ Yoast SEO plugin. -->","yoast_head_json":{"title":"\u274c\ud83d\ude41Bertelli DUX profilo continuo portapenne - Emanuele Turin 1933 Thefinitive","description":"BERTELLI profilo continuo del Duce DUX - futurismo - 1933 - Benito Mussolini - EMANUELE TURIN Torino Fascist Futurist Continuous Dux Profile","robots":{"index":"index","follow":"follow","max-snippet":"max-snippet:-1","max-image-preview":"max-image-preview:large","max-video-preview":"max-video-preview:-1"},"canonical":"https:\/\/thefinitive.com\/en\/prodotto\/bertelli-dux-profilo-continuo-portapenne-emanuele-turin-1933\/","og_locale":"en_US","og_type":"article","og_title":"\u274c\ud83d\ude41Bertelli DUX profilo continuo portapenne - Emanuele Turin 1933 Thefinitive","og_description":"BERTELLI profilo continuo del Duce DUX - futurismo - 1933 - Benito Mussolini - EMANUELE TURIN Torino Fascist Futurist Continuous Dux Profile","og_url":"https:\/\/thefinitive.com\/en\/prodotto\/bertelli-dux-profilo-continuo-portapenne-emanuele-turin-1933\/","og_site_name":"Thefinitive","article_publisher":"https:\/\/business.facebook.com\/Thefinitive-111771813534320\/","article_modified_time":"2023-03-20T16:22:11+00:00","og_image":[{"width":2160,"height":2160,"url":"https:\/\/thefinitive.com\/wp-content\/uploads\/2021\/10\/berte1-2.jpg","type":"image\/jpeg"}],"twitter_card":"summary_large_image","twitter_misc":{"Est. reading time":"5 minutes"},"schema":{"@context":"https:\/\/schema.org","@graph":[{"@type":"WebPage","@id":"https:\/\/thefinitive.com\/en\/prodotto\/bertelli-dux-profilo-continuo-portapenne-emanuele-turin-1933\/","url":"https:\/\/thefinitive.com\/en\/prodotto\/bertelli-dux-profilo-continuo-portapenne-emanuele-turin-1933\/","name":"\u274c\ud83d\ude41Bertelli DUX profilo continuo portapenne - Emanuele Turin 1933 Thefinitive","isPartOf":{"@id":"https:\/\/thefinitive.com\/en\/#website"},"datePublished":"2021-10-23T07:46:44+00:00","dateModified":"2023-03-20T16:22:11+00:00","description":"BERTELLI profilo continuo del Duce DUX - futurismo - 1933 - Benito Mussolini - EMANUELE TURIN Torino Fascist Futurist Continuous Dux Profile","breadcrumb":{"@id":"https:\/\/thefinitive.com\/en\/prodotto\/bertelli-dux-profilo-continuo-portapenne-emanuele-turin-1933\/#breadcrumb"},"inLanguage":"en-US","potentialAction":[{"@type":"ReadAction","target":["https:\/\/thefinitive.com\/en\/prodotto\/bertelli-dux-profilo-continuo-portapenne-emanuele-turin-1933\/"]}]},{"@type":"BreadcrumbList","@id":"https:\/\/thefinitive.com\/en\/prodotto\/bertelli-dux-profilo-continuo-portapenne-emanuele-turin-1933\/#breadcrumb","itemListElement":[{"@type":"ListItem","position":1,"name":"Home","item":"https:\/\/thefinitive.com\/en\/"},{"@type":"ListItem","position":2,"name":"Shop","item":"https:\/\/thefinitive.com\/en\/shop-2\/"},{"@type":"ListItem","position":3,"name":"\u274c\ud83d\ude41Bertelli DUX profilo continuo portapenne &#8211; Emanuele Turin 1933"}]},{"@type":"WebSite","@id":"https:\/\/thefinitive.com\/en\/#website","url":"https:\/\/thefinitive.com\/en\/","name":"Thefinitive","description":"Antiquariato Online","publisher":{"@id":"https:\/\/thefinitive.com\/en\/#organization"},"potentialAction":[{"@type":"SearchAction","target":{"@type":"EntryPoint","urlTemplate":"https:\/\/thefinitive.com\/en\/?s={search_term_string}"},"query-input":"required name=search_term_string"}],"inLanguage":"en-US"},{"@type":"Organization","@id":"https:\/\/thefinitive.com\/en\/#organization","name":"Thefinitive","url":"https:\/\/thefinitive.com\/en\/","logo":{"@type":"ImageObject","inLanguage":"en-US","@id":"https:\/\/thefinitive.com\/en\/#\/schema\/logo\/image\/","url":"https:\/\/thefinitive.com\/wp-content\/uploads\/2019\/07\/logo4vett.svg","contentUrl":"https:\/\/thefinitive.com\/wp-content\/uploads\/2019\/07\/logo4vett.svg","width":500,"height":100,"caption":"Thefinitive"},"image":{"@id":"https:\/\/thefinitive.com\/en\/#\/schema\/logo\/image\/"},"sameAs":["https:\/\/business.facebook.com\/Thefinitive-111771813534320\/","https:\/\/www.instagram.com\/_thefinitive_\/"]}]}},"_links":{"self":[{"href":"https:\/\/thefinitive.com\/en\/wp-json\/wp\/v3\/product\/9135"}],"collection":[{"href":"https:\/\/thefinitive.com\/en\/wp-json\/wp\/v3\/product"}],"about":[{"href":"https:\/\/thefinitive.com\/en\/wp-json\/wp\/v2\/types\/product"}],"replies":[{"embeddable":true,"href":"https:\/\/thefinitive.com\/en\/wp-json\/wp\/v2\/comments?post=9135"}],"version-history":[{"count":1,"href":"https:\/\/thefinitive.com\/en\/wp-json\/wp\/v3\/product\/9135\/revisions"}],"predecessor-version":[{"id":14566,"href":"https:\/\/thefinitive.com\/en\/wp-json\/wp\/v3\/product\/9135\/revisions\/14566"}],"wp:featuredmedia":[{"embeddable":true,"href":"https:\/\/thefinitive.com\/en\/wp-json\/wp\/v2\/media\/9136"}],"wp:attachment":[{"href":"https:\/\/thefinitive.com\/en\/wp-json\/wp\/v2\/media?parent=9135"}],"wp:term":[{"taxonomy":"product_cat","embeddable":true,"href":"https:\/\/thefinitive.com\/en\/wp-json\/wp\/v2\/product_cat?post=9135"},{"taxonomy":"product_tag","embeddable":true,"href":"https:\/\/thefinitive.com\/en\/wp-json\/wp\/v2\/product_tag?post=9135"}],"curies":[{"name":"wp","href":"https:\/\/api.w.org\/{rel}","templated":true}]}}