{"id":8884,"date":"2021-08-16T15:46:07","date_gmt":"2021-08-16T15:46:07","guid":{"rendered":"https:\/\/www.thefinitive.com\/?post_type=product&#038;p=8884"},"modified":"2023-03-20T17:22:35","modified_gmt":"2023-03-20T16:22:35","slug":"berretto-generale-brigata-34-regio-esercito","status":"publish","type":"product","link":"https:\/\/thefinitive.com\/en\/prodotto\/berretto-generale-brigata-34-regio-esercito\/","title":{"rendered":"\u274c\ud83d\ude41Berretto Generale Brigata 34 &#8211; Regio Esercito"},"content":{"rendered":"<p>Berretto grigio verde per <strong>Generale<\/strong> di\u00a0 <strong>Brigata<\/strong>\u00a0del <strong>Regio Esercito<\/strong>, per uniforme di servizio<strong>, <\/strong>regolamento\/modello 34 , come da regolamento della <strong>Riforma Baistrocchi<\/strong>. \u00a0In ottimo stato per quello che concerne la stoffa senza danni da tarma, con ossidazione sparsa sulla greca intorno al tamburo.<\/p>\n<p>Il berretto \u00e8 assolutamente originale dell&#8217;epoca (anni &#8217;30 del secolo scorso), completo dei peculiari bottoncini laterali ferma soggolo, in metallo argentato. La greca ed il gallone di grado realizzati in canutiglia argentata. Il fregio frontale in ottimo stato, porta una magnifica Aquila realizzata in canutiglia argentata anch&#8217;essa, montata su sottopanno rosso. Taglia 54 come indicata dalla targhetta interna alla fascia di pelle marocchina.<\/p>\n<p>&nbsp;<\/p>\n<p><strong>MATERIALE\u00a0 \u00a0<\/strong>&#8230;&#8230;&#8230;&#8230;.\u00a0 stoffa, canutiglia, pelle<\/p>\n<p><strong>TAGLIA\u00a0 \u00a0\u00a0<\/strong> &#8230;&#8230;&#8230;&#8230;&#8230;&#8230;.. 54<\/p>\n<p><strong>MARCHIO<\/strong> &#8230;&#8230;&#8230;&#8230;&#8230;. Unione Militare Milano<\/p>\n<h2><\/h2>\n<p>&nbsp;<\/p>\n<h2>NOTIZIE<\/h2>\n<p>&nbsp;<\/p>\n<h3 style=\"text-align: center;\"><a href=\"https:\/\/www.thefinitive.com\/regio-esercito-gradi-e-modifiche-1870-1945\/\" target=\"_blank\" rel=\"noopener\">Cliccando sul seguente link avrete accesso ad informazioni relative all&#8217;argomento in oggetto<\/a><\/h3>\n<p><strong><a href=\"https:\/\/www.thefinitive.com\/regio-esercito-gradi-e-modifiche-1870-1945\/\" target=\"_blank\" rel=\"noopener\"><img loading=\"lazy\" decoding=\"async\" class=\"wp-image-8851 aligncenter\" src=\"https:\/\/www.thefinitive.com\/wp-content\/uploads\/2021\/07\/gradi-esercito.jpg\" alt=\"\" width=\"692\" height=\"521\" srcset=\"https:\/\/thefinitive.com\/wp-content\/uploads\/2021\/07\/gradi-esercito.jpg 1600w, https:\/\/thefinitive.com\/wp-content\/uploads\/2021\/07\/gradi-esercito-1200x903.jpg 1200w, https:\/\/thefinitive.com\/wp-content\/uploads\/2021\/07\/gradi-esercito-64x48.jpg 64w, https:\/\/thefinitive.com\/wp-content\/uploads\/2021\/07\/gradi-esercito-300x226.jpg 300w, https:\/\/thefinitive.com\/wp-content\/uploads\/2021\/07\/gradi-esercito-1024x771.jpg 1024w, https:\/\/thefinitive.com\/wp-content\/uploads\/2021\/07\/gradi-esercito-768x578.jpg 768w, https:\/\/thefinitive.com\/wp-content\/uploads\/2021\/07\/gradi-esercito-1536x1156.jpg 1536w, https:\/\/thefinitive.com\/wp-content\/uploads\/2021\/07\/gradi-esercito-600x452.jpg 600w\" sizes=\"(max-width: 692px) 100vw, 692px\" \/><\/a><\/strong><\/p>\n<p>&nbsp;<\/p>\n<p>&nbsp;<\/p>\n<p><strong>Federico Baistrocchi<\/strong>\u00a0 (Napoli,\u00a09 giugno\u00a01871\u00a0\u2013\u00a0Roma,\u00a031 maggio\u00a01947) nell&#8217;ottobre 1922, in prossimit\u00e0 della marcia su Roma, assicur\u00f2 a Mussolini che la piazza di Napoli, del quale era comandante, non sarebbe intervenuta contro di lui durante l&#8217;adunata fascista nella citt\u00e0 partenopea. Nel 1924 venne eletto alla Camera dei deputati nella XXVII legislatura per il PNF (primo eletto) in Campania, e confermato nel 1929 nella XXVIII legislatura e nel 1934 nella XXIX. Nel 1926 fu promosso generale di divisione e quando nel 1931 divenne generale di corpo d&#8217;armata, fu inviato a Verona per assumere il comando del Corpo d&#8217;armata ivi stanziato.<\/p>\n<p>Nel luglio 1933 Mussolini assunse anche il Ministero della Guerra, e<strong>\u00a0Baistrocchi<\/strong>\u00a0assunse l&#8217;incarico di Sottosegretario di Stato, con l&#8217;obiettivo di iniziare un &#8220;programma di ammodernamento delle Forze armate&#8221; che prevedeva: l&#8217;istituzione del premilitare e postmilitare, ammodernamento e meccanizzazione, la creazione delle divisioni celeri e dei reparti autotrasportati, l&#8217;ammodernamento delle artiglierie e delle armi individuali. Tuttavia questo programma, forse troppo ambizioso, fu attuato solo in parte. Il 14 novembre 1933 eman\u00f2 la cosiddetta &#8220;<strong>Riforma Baistrocchi<\/strong>&#8220;, su uniformi, gradi ed equipaggiamento del Regio Esercito (di cui il berretto 34 da generale di brigata in oggetto ne \u00e8 un esempio), della Milizia e dei Reali Carabinieri. Durante la guerra d&#8217;Etiopia favor\u00ec la costituzione di divisioni di camicie nere, comandate per\u00f2 da ufficiali dell&#8217;esercito. Ricopr\u00ec l&#8217;incarico di Sottosegretario di stato fino all&#8217;ottobre 1936.<\/p>\n<p>Gi\u00e0 Segretario dell&#8217;Ordine militare di Savoia, fu anche\u00a0Capo di Stato Maggiore del Regio Esercito\u00a0dal 1\u00ba ottobre\u00a01934\u00a0al 7 ottobre\u00a01936. Il 23 maggio 1936 raggiunse il grado di\u00a0generale d&#8217;armata. Il 7 ottobre 1937 gli fu concesso con Regio Decreto il titolo di &#8220;Conte&#8221;.<\/p>\n<p>Il 25 marzo\u00a01939\u00a0fu nominato\u00a0senatore del Regno d&#8217;Italia. Nel\u00a01944\u00a0fu collocato in riserva per raggiunti limiti d&#8217;et\u00e0. Il 18 aprile\u00a01945\u00a0fu arrestato con l&#8217;accusa di fascistizzazione dell&#8217;esercito per l&#8217;inserimento della\u00a0Milizia Fascista: processato al\u00a0tribunale militare\u00a0di Roma, fu assolto con formula piena nel settembre\u00a01946. Mor\u00ec il 31 maggio dell&#8217;anno successivo.<\/p>\n<p>&nbsp;<\/p>\n<p>Per approfondimenti\u00a0 , fonti Wikipedia<\/p>\n<p>&nbsp;<\/p>\n<p>8.21<\/p>\n","protected":false},"excerpt":{"rendered":"<p style=\"text-align: center;\">Berretto grigio verde per <strong>Generale<\/strong> di\u00a0 <strong>Brigata<\/strong>\u00a0del <strong>Regio Esercito.<\/strong>\u00a0 In ottimo stato senza danni da tarma, con leggera ossidazione sparsa sulla greca intorno al tamburo.<\/p>\n<p style=\"text-align: center;\">Berretto assolutamente originale dell&#8217;epoca. Taglia 54 come indicata dalla targhetta applicata alla fascia di pelle<\/p>\n<p style=\"text-align: center;\"><strong><em>(Scorri la pagina in basso per ulteriori dettagli e informazioni)<\/em><\/strong><\/p>\n","protected":false},"featured_media":8885,"comment_status":"open","ping_status":"closed","template":"","meta":[],"product_cat":[586],"product_tag":[723,155,161,228,305,195],"yoast_head":"<!-- This site is optimized with the Yoast SEO plugin v21.9.1 - https:\/\/yoast.com\/wordpress\/plugins\/seo\/ -->\n<title>\u274c\ud83d\ude41Berretto Generale Brigata 34 - Regio Esercito - Thefinitive<\/title>\n<meta name=\"description\" content=\"Berretto per Generale di Brigata modello 34 del Regio Esercito - mod.34 uniforme di servizio - italians Royal Army general visor hat WWII\" \/>\n<meta name=\"robots\" content=\"index, follow, max-snippet:-1, max-image-preview:large, max-video-preview:-1\" \/>\n<link rel=\"canonical\" href=\"https:\/\/thefinitive.com\/en\/prodotto\/berretto-generale-brigata-34-regio-esercito\/\" \/>\n<meta property=\"og:locale\" content=\"en_US\" \/>\n<meta property=\"og:type\" content=\"article\" \/>\n<meta property=\"og:title\" content=\"\u274c\ud83d\ude41Berretto Generale Brigata 34 - Regio Esercito - Thefinitive\" \/>\n<meta property=\"og:description\" content=\"Berretto per Generale di Brigata modello 34 del Regio Esercito - mod.34 uniforme di servizio - italians Royal Army general visor hat WWII\" \/>\n<meta property=\"og:url\" content=\"https:\/\/thefinitive.com\/en\/prodotto\/berretto-generale-brigata-34-regio-esercito\/\" \/>\n<meta property=\"og:site_name\" content=\"Thefinitive\" \/>\n<meta property=\"article:publisher\" content=\"https:\/\/business.facebook.com\/Thefinitive-111771813534320\/\" \/>\n<meta property=\"article:modified_time\" content=\"2023-03-20T16:22:35+00:00\" \/>\n<meta property=\"og:image\" content=\"https:\/\/thefinitive.com\/wp-content\/uploads\/2021\/08\/ge1-2-scaled.jpg\" \/>\n\t<meta property=\"og:image:width\" content=\"1440\" \/>\n\t<meta property=\"og:image:height\" content=\"2560\" \/>\n\t<meta property=\"og:image:type\" content=\"image\/jpeg\" \/>\n<meta name=\"twitter:card\" content=\"summary_large_image\" \/>\n<meta name=\"twitter:label1\" content=\"Est. reading time\" \/>\n\t<meta name=\"twitter:data1\" content=\"3 minutes\" \/>\n<script type=\"application\/ld+json\" class=\"yoast-schema-graph\">{\"@context\":\"https:\/\/schema.org\",\"@graph\":[{\"@type\":\"WebPage\",\"@id\":\"https:\/\/thefinitive.com\/en\/prodotto\/berretto-generale-brigata-34-regio-esercito\/\",\"url\":\"https:\/\/thefinitive.com\/en\/prodotto\/berretto-generale-brigata-34-regio-esercito\/\",\"name\":\"\u274c\ud83d\ude41Berretto Generale Brigata 34 - Regio Esercito - Thefinitive\",\"isPartOf\":{\"@id\":\"https:\/\/thefinitive.com\/en\/#website\"},\"datePublished\":\"2021-08-16T15:46:07+00:00\",\"dateModified\":\"2023-03-20T16:22:35+00:00\",\"description\":\"Berretto per Generale di Brigata modello 34 del Regio Esercito - mod.34 uniforme di servizio - italians Royal Army general visor hat WWII\",\"breadcrumb\":{\"@id\":\"https:\/\/thefinitive.com\/en\/prodotto\/berretto-generale-brigata-34-regio-esercito\/#breadcrumb\"},\"inLanguage\":\"en-US\",\"potentialAction\":[{\"@type\":\"ReadAction\",\"target\":[\"https:\/\/thefinitive.com\/en\/prodotto\/berretto-generale-brigata-34-regio-esercito\/\"]}]},{\"@type\":\"BreadcrumbList\",\"@id\":\"https:\/\/thefinitive.com\/en\/prodotto\/berretto-generale-brigata-34-regio-esercito\/#breadcrumb\",\"itemListElement\":[{\"@type\":\"ListItem\",\"position\":1,\"name\":\"Home\",\"item\":\"https:\/\/thefinitive.com\/en\/\"},{\"@type\":\"ListItem\",\"position\":2,\"name\":\"Shop\",\"item\":\"https:\/\/thefinitive.com\/en\/shop-2\/\"},{\"@type\":\"ListItem\",\"position\":3,\"name\":\"\u274c\ud83d\ude41Berretto Generale Brigata 34 &#8211; Regio Esercito\"}]},{\"@type\":\"WebSite\",\"@id\":\"https:\/\/thefinitive.com\/en\/#website\",\"url\":\"https:\/\/thefinitive.com\/en\/\",\"name\":\"Thefinitive\",\"description\":\"Antiquariato Online\",\"publisher\":{\"@id\":\"https:\/\/thefinitive.com\/en\/#organization\"},\"potentialAction\":[{\"@type\":\"SearchAction\",\"target\":{\"@type\":\"EntryPoint\",\"urlTemplate\":\"https:\/\/thefinitive.com\/en\/?s={search_term_string}\"},\"query-input\":\"required name=search_term_string\"}],\"inLanguage\":\"en-US\"},{\"@type\":\"Organization\",\"@id\":\"https:\/\/thefinitive.com\/en\/#organization\",\"name\":\"Thefinitive\",\"url\":\"https:\/\/thefinitive.com\/en\/\",\"logo\":{\"@type\":\"ImageObject\",\"inLanguage\":\"en-US\",\"@id\":\"https:\/\/thefinitive.com\/en\/#\/schema\/logo\/image\/\",\"url\":\"https:\/\/thefinitive.com\/wp-content\/uploads\/2019\/07\/logo4vett.svg\",\"contentUrl\":\"https:\/\/thefinitive.com\/wp-content\/uploads\/2019\/07\/logo4vett.svg\",\"width\":500,\"height\":100,\"caption\":\"Thefinitive\"},\"image\":{\"@id\":\"https:\/\/thefinitive.com\/en\/#\/schema\/logo\/image\/\"},\"sameAs\":[\"https:\/\/business.facebook.com\/Thefinitive-111771813534320\/\",\"https:\/\/www.instagram.com\/_thefinitive_\/\"]}]}<\/script>\n<!-- \/ Yoast SEO plugin. -->","yoast_head_json":{"title":"\u274c\ud83d\ude41Berretto Generale Brigata 34 - Regio Esercito - Thefinitive","description":"Berretto per Generale di Brigata modello 34 del Regio Esercito - mod.34 uniforme di servizio - italians Royal Army general visor hat WWII","robots":{"index":"index","follow":"follow","max-snippet":"max-snippet:-1","max-image-preview":"max-image-preview:large","max-video-preview":"max-video-preview:-1"},"canonical":"https:\/\/thefinitive.com\/en\/prodotto\/berretto-generale-brigata-34-regio-esercito\/","og_locale":"en_US","og_type":"article","og_title":"\u274c\ud83d\ude41Berretto Generale Brigata 34 - Regio Esercito - Thefinitive","og_description":"Berretto per Generale di Brigata modello 34 del Regio Esercito - mod.34 uniforme di servizio - italians Royal Army general visor hat WWII","og_url":"https:\/\/thefinitive.com\/en\/prodotto\/berretto-generale-brigata-34-regio-esercito\/","og_site_name":"Thefinitive","article_publisher":"https:\/\/business.facebook.com\/Thefinitive-111771813534320\/","article_modified_time":"2023-03-20T16:22:35+00:00","og_image":[{"width":1440,"height":2560,"url":"https:\/\/thefinitive.com\/wp-content\/uploads\/2021\/08\/ge1-2-scaled.jpg","type":"image\/jpeg"}],"twitter_card":"summary_large_image","twitter_misc":{"Est. reading time":"3 minutes"},"schema":{"@context":"https:\/\/schema.org","@graph":[{"@type":"WebPage","@id":"https:\/\/thefinitive.com\/en\/prodotto\/berretto-generale-brigata-34-regio-esercito\/","url":"https:\/\/thefinitive.com\/en\/prodotto\/berretto-generale-brigata-34-regio-esercito\/","name":"\u274c\ud83d\ude41Berretto Generale Brigata 34 - Regio Esercito - Thefinitive","isPartOf":{"@id":"https:\/\/thefinitive.com\/en\/#website"},"datePublished":"2021-08-16T15:46:07+00:00","dateModified":"2023-03-20T16:22:35+00:00","description":"Berretto per Generale di Brigata modello 34 del Regio Esercito - mod.34 uniforme di servizio - italians Royal Army general visor hat WWII","breadcrumb":{"@id":"https:\/\/thefinitive.com\/en\/prodotto\/berretto-generale-brigata-34-regio-esercito\/#breadcrumb"},"inLanguage":"en-US","potentialAction":[{"@type":"ReadAction","target":["https:\/\/thefinitive.com\/en\/prodotto\/berretto-generale-brigata-34-regio-esercito\/"]}]},{"@type":"BreadcrumbList","@id":"https:\/\/thefinitive.com\/en\/prodotto\/berretto-generale-brigata-34-regio-esercito\/#breadcrumb","itemListElement":[{"@type":"ListItem","position":1,"name":"Home","item":"https:\/\/thefinitive.com\/en\/"},{"@type":"ListItem","position":2,"name":"Shop","item":"https:\/\/thefinitive.com\/en\/shop-2\/"},{"@type":"ListItem","position":3,"name":"\u274c\ud83d\ude41Berretto Generale Brigata 34 &#8211; Regio Esercito"}]},{"@type":"WebSite","@id":"https:\/\/thefinitive.com\/en\/#website","url":"https:\/\/thefinitive.com\/en\/","name":"Thefinitive","description":"Antiquariato Online","publisher":{"@id":"https:\/\/thefinitive.com\/en\/#organization"},"potentialAction":[{"@type":"SearchAction","target":{"@type":"EntryPoint","urlTemplate":"https:\/\/thefinitive.com\/en\/?s={search_term_string}"},"query-input":"required name=search_term_string"}],"inLanguage":"en-US"},{"@type":"Organization","@id":"https:\/\/thefinitive.com\/en\/#organization","name":"Thefinitive","url":"https:\/\/thefinitive.com\/en\/","logo":{"@type":"ImageObject","inLanguage":"en-US","@id":"https:\/\/thefinitive.com\/en\/#\/schema\/logo\/image\/","url":"https:\/\/thefinitive.com\/wp-content\/uploads\/2019\/07\/logo4vett.svg","contentUrl":"https:\/\/thefinitive.com\/wp-content\/uploads\/2019\/07\/logo4vett.svg","width":500,"height":100,"caption":"Thefinitive"},"image":{"@id":"https:\/\/thefinitive.com\/en\/#\/schema\/logo\/image\/"},"sameAs":["https:\/\/business.facebook.com\/Thefinitive-111771813534320\/","https:\/\/www.instagram.com\/_thefinitive_\/"]}]}},"_links":{"self":[{"href":"https:\/\/thefinitive.com\/en\/wp-json\/wp\/v3\/product\/8884"}],"collection":[{"href":"https:\/\/thefinitive.com\/en\/wp-json\/wp\/v3\/product"}],"about":[{"href":"https:\/\/thefinitive.com\/en\/wp-json\/wp\/v2\/types\/product"}],"replies":[{"embeddable":true,"href":"https:\/\/thefinitive.com\/en\/wp-json\/wp\/v2\/comments?post=8884"}],"version-history":[{"count":1,"href":"https:\/\/thefinitive.com\/en\/wp-json\/wp\/v3\/product\/8884\/revisions"}],"predecessor-version":[{"id":14577,"href":"https:\/\/thefinitive.com\/en\/wp-json\/wp\/v3\/product\/8884\/revisions\/14577"}],"wp:featuredmedia":[{"embeddable":true,"href":"https:\/\/thefinitive.com\/en\/wp-json\/wp\/v2\/media\/8885"}],"wp:attachment":[{"href":"https:\/\/thefinitive.com\/en\/wp-json\/wp\/v2\/media?parent=8884"}],"wp:term":[{"taxonomy":"product_cat","embeddable":true,"href":"https:\/\/thefinitive.com\/en\/wp-json\/wp\/v2\/product_cat?post=8884"},{"taxonomy":"product_tag","embeddable":true,"href":"https:\/\/thefinitive.com\/en\/wp-json\/wp\/v2\/product_tag?post=8884"}],"curies":[{"name":"wp","href":"https:\/\/api.w.org\/{rel}","templated":true}]}}