{"id":8803,"date":"2021-07-05T17:57:24","date_gmt":"2021-07-05T17:57:24","guid":{"rendered":"https:\/\/www.thefinitive.com\/?post_type=product&#038;p=8803"},"modified":"2024-08-11T17:43:56","modified_gmt":"2024-08-11T15:43:56","slug":"rizzo-beffa-di-buccari-foto-autografata","status":"publish","type":"product","link":"https:\/\/thefinitive.com\/en\/prodotto\/rizzo-beffa-di-buccari-foto-autografata\/","title":{"rendered":"RIZZO Beffa di Buccari &#8211; foto autografata"},"content":{"rendered":"<p>Foto autografata con dedica dell&#8217; <strong><em>Ammiraglio<\/em> LUIGI RIZZO<\/strong> , Regia Marina italiana, che nel <strong>Febbraio 1918<\/strong> prese parte all&#8217;impresa conosciuta come <strong>La Beffa di Buccari<\/strong>, insieme a <em><strong>Gabriele d&#8217;Annunzio<\/strong><\/em> e <strong><em>Costanzo Ciano<\/em><\/strong><\/p>\n<p>La foto originale, di belle dimensioni, ritrae Luigi Rizzo in uniforme da Ammiraglio di Divisione, sorridente,<\/p>\n<p>Sul lato sinistro della foto, troviamo la dedica con il nome del destinatario, e la firma\u00a0 <em><strong>LRizzo Settembre 1942 &#8211; XX\u00a0 <\/strong><\/em><\/p>\n<p>Il nome del destinatario\u00a0\u00e8 stato oscurato in rosso solo sul formato digitale, per privacy<\/p>\n<p>In ottime condizioni di conservazione<\/p>\n<p>&nbsp;<\/p>\n<p><strong>MATERIALE\u00a0 \u00a0 \u00a0:\u00a0<\/strong> Carta fotografica, dedica a mano ad inchiostro<\/p>\n<p><strong>MISURE\u00a0 \u00a0 \u00a0 \u00a0 \u00a0 \u00a0 :<\/strong>\u00a0 cm. 29 x 24 circa<\/p>\n<p><strong>MARCHIO\u00a0 \u00a0 \u00a0 \u00a0 \u00a0:<\/strong> &#8211;<\/p>\n<p>&nbsp;<\/p>\n<h2 style=\"text-align: left;\">NOTIZIE<\/h2>\n<p>&nbsp;<\/p>\n<p><b><img loading=\"lazy\" decoding=\"async\" class=\"wp-image-8228 aligncenter\" src=\"https:\/\/www.thefinitive.com\/wp-content\/uploads\/2021\/02\/166px-MAS_N9.jpg\" alt=\"\" width=\"256\" height=\"185\" srcset=\"https:\/\/thefinitive.com\/wp-content\/uploads\/2021\/02\/166px-MAS_N9.jpg 166w, https:\/\/thefinitive.com\/wp-content\/uploads\/2021\/02\/166px-MAS_N9-64x46.jpg 64w\" sizes=\"(max-width: 256px) 100vw, 256px\" \/><\/b><\/p>\n<p>&nbsp;<\/p>\n<p><b>Luigi Rizzo<\/b>, primo\u00a0conte\u00a0di\u00a0Grado\u00a0e di\u00a0Premuda\u00a0(Milazzo,\u00a08 ottobre\u00a01887\u00a0\u2013\u00a0Roma,\u00a027 giugno\u00a01951), \u00e8 stato un\u00a0comandante marittimo\u00a0e\u00a0ammiraglio\u00a0italiano, prest\u00f2 servizio nella Regia Marina\u00a0durante la\u00a0prima\u00a0e la\u00a0seconda guerra mondiale ricevendo numerose decorazioni, come per la azione denominata Beffa di Buccari. Prese parte come volontario all&#8217;Impresa fiumana\u00a0e alla\u00a0guerra d&#8217;Etiopia. Fu consigliere nazionale della\u00a0Camera dei Fasci e delle Corporazioni.<\/p>\n<h2><span id=\"Biografia\" class=\"mw-headline\">Biografia<\/span><\/h2>\n<p>Nacque a\u00a0Milazzo\u00a0l&#8217;8 ottobre\u00a01887\u00a0in una famiglia di comandanti di mercantili.\u00a0Capitano di lungo corso\u00a0nella\u00a0Marina mercantile, il 17 marzo\u00a01912\u00a0fu nominato\u00a0sottotenente di vascello\u00a0di\u00a0complemento\u00a0della\u00a0riserva navale. Nel\u00a0primo conflitto mondiale, dal giugno\u00a01915\u00a0alla fine del\u00a01916\u00a0venne destinato alla difesa marittima di\u00a0Grado, dove, agli ordini del\u00a0capitano di corvetta\u00a0Filippo Camperio\u00a0prima e del\u00a0capitano di fregata\u00a0Alfredo Dentice di Frasso\u00a0poi, si distinse particolarmente, ottenendo anche una\u00a0medaglia d&#8217;argento al valor militare.<\/p>\n<p>Successivamente fu trasferito nella neonata squadriglia dei\u00a0MAS, prendendo parte a varie missioni di guerra. Fra queste si ricordano:<\/p>\n<ul>\n<li>maggio\u00a01917: cattura di due piloti di un\u00a0idrovolante\u00a0austriaco ammarato per avaria; per tale azione ottenne la seconda medaglia d&#8217;argento al valor militare;<\/li>\n<li>dicembre\u00a01917: affondamento della corazzata guardacoste austriaca\u00a0<i>Wien<\/i>, avvenuto nella rada di\u00a0Trieste. Per questa azione Rizzo venne decorato con la\u00a0medaglia d&#8217;oro al valore militare. Nello stesso mese, per le missioni compiute nella difesa delle foci del\u00a0Piave, venne decorato con una terza medaglia d&#8217;argento al valor militare e venne promosso tenente di vascello per meriti di guerra, ottenendo il passaggio in s.p.e. (servizio permanente effettivo);<\/li>\n<li>febbraio\u00a01918: con\u00a0Gabriele d&#8217;Annunzio\u00a0e\u00a0Costanzo Ciano\u00a0partecip\u00f2 alla\u00a0<i>&#8220;Beffa di Buccari&#8221;<\/i>, ottenendo una medaglia di bronzo al valor militare, commutata al termine della guerra in medaglia d&#8217;argento al valor militare;<\/li>\n<li>giugno\u00a01918: il 10 giugno\u00a01918\u00a0al largo di\u00a0Premuda\u00a0attacc\u00f2 e affond\u00f2 la\u00a0corazzata\u00a0<i>Szent Istv\u00e1n<\/i>. Per questa azione venne insignito della Croce di Cavaliere dell&#8217;Ordine Militare di Savoia; infatti, in virt\u00f9 del R.D. 25 maggio\u00a01915\u00a0n. 753, che vietava di conferire alla stessa persona pi\u00f9 di tre medaglie al valore cumulativamente d&#8217;argento e d&#8217;oro, non fu fregiato della seconda\u00a0medaglia d&#8217;oro al valor militare. Tale limitazione fu abrogata con il R.D. 15 giugno\u00a01922\u00a0n. 975 e quindi con R.D. 27 maggio\u00a01923\u00a0gli fu revocata la nomina a\u00a0cavaliere dell&#8217;Ordine militare di Savoia\u00a0e concessa la\u00a0medaglia d&#8217;oro al valor militare\u00a0per l&#8217;impresa di Premuda.<\/li>\n<\/ul>\n<p>Volontario fiumano\u00a0nel\u00a01919, fu posto da D&#8217;Annunzio alla guida della Flotta del Quarnaro, e prest\u00f2 sua attivit\u00e0 in favore del rifornimento di viveri alla citt\u00e0, fino agli inizi del\u00a01920. Quell&#8217;anno lasci\u00f2 il servizio attivo con il grado di\u00a0capitano di fregata. Nel\u00a01925\u00a0assunse la presidenza della\u00a0Societ\u00e0 di Navigazione Eolia\u00a0di Messina, carica che manterr\u00e0 fino al 1948. L&#8217;anno successivo fond\u00f2 a Genova la\u00a0Calatimbar, societ\u00e0 tra armatori, esportatori e spedizionieri, che aveva lo scopo di imbarcare tutte le merci in partenza da quel porto. Alla Calatimbar parteciparono anche privati, quali la\u00a0Fiat, ed Enti pubblici, come il\u00a0Consorzio del porto\u00a0e le\u00a0Ferrovie dello Stato. Negli anni successivi fu anche nominato Presidente della\u00a0Cassa Marittima Infortuni e Malattie della Gente di Mare, dell&#8217;Unione Italiana Sicurt\u00e0 Marittima\u00a0e della\u00a0Societ\u00e0 Anonima di Navigazione Aerea.<\/p>\n<p>Con regio decreto di concessione del 25 ottobre\u00a01932\u00a0e\u00a0rr.ll.pp.\u00a0del 20 giugno\u00a01935, fu nominato\u00a0Conte\u00a0di Grado. Il predicato di\u00a0Premuda. fu aggiunto al titolo comitale di Grado con\u00a0r.d.\u00a0<i>motu proprio<\/i>\u00a0di concessione del 20 ottobre\u00a01941. Nel\u00a01936, volontario, partecip\u00f2 alla\u00a0guerra d&#8217;Etiopia; il 18 giugno\u00a01936\u00a0fu nominato\u00a0ammiraglio di divisione\u00a0della Riserva Navale per meriti eccezionali.<\/p>\n<p>Nel\u00a01939\u00a0fu Consigliere nazionale della\u00a0<a class=\"mw-redirect\" title=\"Camera dei Fasci e delle Corporazioni\" href=\"https:\/\/it.wikipedia.org\/wiki\/Camera_dei_Fasci_e_delle_Corporazioni\">Camera dei Fasci e delle Corporazioni<\/a><sup id=\"cite_ref-2\" class=\"reference\"><\/sup>.<\/p>\n<p>Il 10 giugno\u00a01940, allo scoppio delle ostilit\u00e0, chiese di rientrare in servizio e si occup\u00f2 della lotta antisommergibile nel\u00a0Canale di Sicilia; fu dispensato dal servizio nel gennaio del\u00a01941, assumendo la carica di Presidente del\u00a0Lloyd Triestino. Il 20 febbraio\u00a01942\u00a0fu nominato Presidente dei\u00a0Cantieri Riuniti dell&#8217;Adriatico; dopo l&#8217;8 settembre 1943\u00a0ordin\u00f2 il sabotaggio dei\u00a0transatlantici\u00a0e dei\u00a0piroscafi\u00a0affinch\u00e9 non cadessero in mano tedesca. Per questa sua direttiva venne trasferito dalla\u00a0<i>Gestapo<\/i>\u00a0in\u00a0Austria, prima nel carcere di\u00a0Klagenfurt\u00a0e successivamente nel soggiorno obbligato a\u00a0Hirschegg, dove fu raggiunto dalla figlia Maria Guglielmina.<\/p>\n<p>Rimpatriato al termine del conflitto, mor\u00ec a\u00a0Roma\u00a0il 27 giugno\u00a01951, due mesi dopo un&#8217;operazione per un tumore al polmone. L&#8217;operazione fu effettuata dal professor\u00a0Raffaele Paolucci, suo grande amico, che durante la\u00a0Grande Guerra\u00a0era stato il protagonista con il\u00a0maggiore\u00a0del\u00a0genio navale\u00a0Raffaele Rossetti\u00a0dell&#8217;affondamento nel porto di\u00a0Pola\u00a0della corazzata austriaca\u00a0<i>Viribus Unitis<\/i>.<\/p>\n<h2><span id=\"La_dedica_di_D.27Annunzio\"><\/span><span id=\"La_dedica_di_D'Annunzio\" class=\"mw-headline\">La dedica di D&#8217;Annunzio<\/span><\/h2>\n<p>La cittadinanza di Milazzo, in occasione della dedica di una medaglia d&#8217;oro al suo concittadino, comandante Rizzo, chiese a\u00a0<a title=\"Gabriele D'Annunzio\" href=\"https:\/\/it.wikipedia.org\/wiki\/Gabriele_D%27Annunzio\">Gabriele d&#8217;Annunzio<\/a>\u00a0il testo della dedica e dell&#8217;iscrizione.<\/p>\n<table class=\"citazione-table\">\n<tbody>\n<tr>\n<td>\u00abA te, che osi l&#8217;inosato, distruttore di navi nemiche perdutissimo e tranquillo, converrebbe la corona rostrale, di foggia romana, offerta dalla tua gente marina sopra le acque illustrate in perpetuo dalla vittoria di Roma. Ma la tua semplicit\u00e0 non pregia alcun serto pi\u00f9 della rozza berretta di marinaio che sola \u00e8 la tua insegna di Capo quando conduci la prua disperata di l\u00e0 dalla morte e ne torni con la fortuna attonita. Cos\u00ec la tua gente ha battuto per te in medaglia concisa l&#8217;oro della corona classica, a esprimere il suo orgoglio e a perpetuare il ricordo dell&#8217;evento fulm\u00ecneo. Non mancano all&#8217;offerta l&#8217;assenso e il sorriso di quell&#8217;Eroe che sald\u00f2 per sempre il suo nome al nome della tua citt\u00e0 natale col fuoco della sua pi\u00f9 bella battaglia, come ferro a ferro. Colui che grandi imprese compiva con piccoli legni, il capitano della goletta di Rio Grande e del lancione di Camacua, il pilota notturno dei Mille, non considera come uno dei suoi credi il figlio della sua Milazzo garibaldina. Certo, figlio, il tuo atto \u00e8 a noi un baleno di quella medesima folgore. Con animo figliale accogli questo segno d&#8217;amore pi\u00f9 che d&#8217;onore, capitano Luigi Rizzo. Offrendotelo, la tua gente non spezza il conio. Sa che tu non sei intento se non a superare te stesso e il sangue tuo.\u00bb<\/td>\n<\/tr>\n<tr>\n<td>(<small>Gabriele d&#8217;Annunzio<\/small>)<\/td>\n<\/tr>\n<\/tbody>\n<\/table>\n<p>&nbsp;<\/p>\n<p>&nbsp;<\/p>\n<p>Fonti \u00a0<em>Wikipedia<\/em><\/p>\n<p>&nbsp;<\/p>\n<p>7.21<\/p>\n","protected":false},"excerpt":{"rendered":"<p style=\"text-align: center;\">Foto autografata con dedica dell&#8217; <strong><em>Ammiraglio<\/em> LUIGI RIZZO<\/strong><\/p>\n<p style=\"text-align: center;\">Sul lato sinistro della foto, troviamo la dedica con il nome del destinatario e la firma\u00a0 <em><strong>LRizzo Settembre 1942 &#8211; XX\u00a0 <\/strong><\/em>scritta ad inchiostro, di pugno e non stampata. Misure circa cm. 29 x 24<\/p>\n<p style=\"text-align: center;\">Il nome del destinatario\u00a0\u00e8 stato oscurato in rosso solo sul formato digitale, per privacy<\/p>\n<p style=\"text-align: center;\">In ottime condizioni di conservazione<\/p>\n<p style=\"text-align: center;\"><strong><em>(Scorri la pagina in basso per ulteriori dettagli e informazioni)<\/em><\/strong><\/p>\n<p>&nbsp;<\/p>\n<p>&nbsp;<\/p>\n","protected":false},"featured_media":8804,"comment_status":"open","ping_status":"closed","template":"","meta":[],"product_cat":[586],"product_tag":[190,296,299,182,298,197,155,156],"yoast_head":"<!-- This site is optimized with the Yoast SEO plugin v21.9.1 - https:\/\/yoast.com\/wordpress\/plugins\/seo\/ -->\n<title>RIZZO Beffa di Buccari - foto autografata - Thefinitive<\/title>\n<meta name=\"description\" content=\"Foto autografa Ammiraglio Luigi Rizzo Regia Marina Beffa di Buccari impresa Fiumana - d&#039;Annunzio - MOVM MAS 9 - Italian Royal Navy Admiral\" \/>\n<meta name=\"robots\" content=\"index, follow, max-snippet:-1, max-image-preview:large, max-video-preview:-1\" \/>\n<link rel=\"canonical\" href=\"https:\/\/thefinitive.com\/en\/prodotto\/rizzo-beffa-di-buccari-foto-autografata\/\" \/>\n<meta property=\"og:locale\" content=\"en_US\" \/>\n<meta property=\"og:type\" content=\"article\" \/>\n<meta property=\"og:title\" content=\"RIZZO Beffa di Buccari - foto autografata - Thefinitive\" \/>\n<meta property=\"og:description\" content=\"Foto autografa Ammiraglio Luigi Rizzo Regia Marina Beffa di Buccari impresa Fiumana - d&#039;Annunzio - MOVM MAS 9 - Italian Royal Navy Admiral\" \/>\n<meta property=\"og:url\" content=\"https:\/\/thefinitive.com\/en\/prodotto\/rizzo-beffa-di-buccari-foto-autografata\/\" \/>\n<meta property=\"og:site_name\" content=\"Thefinitive\" \/>\n<meta property=\"article:publisher\" content=\"https:\/\/business.facebook.com\/Thefinitive-111771813534320\/\" \/>\n<meta property=\"article:modified_time\" content=\"2024-08-11T15:43:56+00:00\" \/>\n<meta property=\"og:image\" content=\"https:\/\/thefinitive.com\/wp-content\/uploads\/2021\/07\/rizzo1.jpg\" \/>\n\t<meta property=\"og:image:width\" content=\"2160\" \/>\n\t<meta property=\"og:image:height\" content=\"2160\" \/>\n\t<meta property=\"og:image:type\" content=\"image\/jpeg\" \/>\n<meta name=\"twitter:card\" content=\"summary_large_image\" \/>\n<meta name=\"twitter:label1\" content=\"Est. reading time\" \/>\n\t<meta name=\"twitter:data1\" content=\"7 minutes\" \/>\n<script type=\"application\/ld+json\" class=\"yoast-schema-graph\">{\"@context\":\"https:\/\/schema.org\",\"@graph\":[{\"@type\":\"WebPage\",\"@id\":\"https:\/\/thefinitive.com\/en\/prodotto\/rizzo-beffa-di-buccari-foto-autografata\/\",\"url\":\"https:\/\/thefinitive.com\/en\/prodotto\/rizzo-beffa-di-buccari-foto-autografata\/\",\"name\":\"RIZZO Beffa di Buccari - foto autografata - Thefinitive\",\"isPartOf\":{\"@id\":\"https:\/\/thefinitive.com\/en\/#website\"},\"datePublished\":\"2021-07-05T17:57:24+00:00\",\"dateModified\":\"2024-08-11T15:43:56+00:00\",\"description\":\"Foto autografa Ammiraglio Luigi Rizzo Regia Marina Beffa di Buccari impresa Fiumana - d'Annunzio - MOVM MAS 9 - Italian Royal Navy Admiral\",\"breadcrumb\":{\"@id\":\"https:\/\/thefinitive.com\/en\/prodotto\/rizzo-beffa-di-buccari-foto-autografata\/#breadcrumb\"},\"inLanguage\":\"en-US\",\"potentialAction\":[{\"@type\":\"ReadAction\",\"target\":[\"https:\/\/thefinitive.com\/en\/prodotto\/rizzo-beffa-di-buccari-foto-autografata\/\"]}]},{\"@type\":\"BreadcrumbList\",\"@id\":\"https:\/\/thefinitive.com\/en\/prodotto\/rizzo-beffa-di-buccari-foto-autografata\/#breadcrumb\",\"itemListElement\":[{\"@type\":\"ListItem\",\"position\":1,\"name\":\"Home\",\"item\":\"https:\/\/thefinitive.com\/en\/\"},{\"@type\":\"ListItem\",\"position\":2,\"name\":\"Shop\",\"item\":\"https:\/\/thefinitive.com\/en\/shop-2\/\"},{\"@type\":\"ListItem\",\"position\":3,\"name\":\"RIZZO Beffa di Buccari &#8211; foto autografata\"}]},{\"@type\":\"WebSite\",\"@id\":\"https:\/\/thefinitive.com\/en\/#website\",\"url\":\"https:\/\/thefinitive.com\/en\/\",\"name\":\"Thefinitive\",\"description\":\"Antiquariato Online\",\"publisher\":{\"@id\":\"https:\/\/thefinitive.com\/en\/#organization\"},\"potentialAction\":[{\"@type\":\"SearchAction\",\"target\":{\"@type\":\"EntryPoint\",\"urlTemplate\":\"https:\/\/thefinitive.com\/en\/?s={search_term_string}\"},\"query-input\":\"required name=search_term_string\"}],\"inLanguage\":\"en-US\"},{\"@type\":\"Organization\",\"@id\":\"https:\/\/thefinitive.com\/en\/#organization\",\"name\":\"Thefinitive\",\"url\":\"https:\/\/thefinitive.com\/en\/\",\"logo\":{\"@type\":\"ImageObject\",\"inLanguage\":\"en-US\",\"@id\":\"https:\/\/thefinitive.com\/en\/#\/schema\/logo\/image\/\",\"url\":\"https:\/\/thefinitive.com\/wp-content\/uploads\/2019\/07\/logo4vett.svg\",\"contentUrl\":\"https:\/\/thefinitive.com\/wp-content\/uploads\/2019\/07\/logo4vett.svg\",\"width\":500,\"height\":100,\"caption\":\"Thefinitive\"},\"image\":{\"@id\":\"https:\/\/thefinitive.com\/en\/#\/schema\/logo\/image\/\"},\"sameAs\":[\"https:\/\/business.facebook.com\/Thefinitive-111771813534320\/\",\"https:\/\/www.instagram.com\/_thefinitive_\/\"]}]}<\/script>\n<!-- \/ Yoast SEO plugin. -->","yoast_head_json":{"title":"RIZZO Beffa di Buccari - foto autografata - Thefinitive","description":"Foto autografa Ammiraglio Luigi Rizzo Regia Marina Beffa di Buccari impresa Fiumana - d'Annunzio - MOVM MAS 9 - Italian Royal Navy Admiral","robots":{"index":"index","follow":"follow","max-snippet":"max-snippet:-1","max-image-preview":"max-image-preview:large","max-video-preview":"max-video-preview:-1"},"canonical":"https:\/\/thefinitive.com\/en\/prodotto\/rizzo-beffa-di-buccari-foto-autografata\/","og_locale":"en_US","og_type":"article","og_title":"RIZZO Beffa di Buccari - foto autografata - Thefinitive","og_description":"Foto autografa Ammiraglio Luigi Rizzo Regia Marina Beffa di Buccari impresa Fiumana - d'Annunzio - MOVM MAS 9 - Italian Royal Navy Admiral","og_url":"https:\/\/thefinitive.com\/en\/prodotto\/rizzo-beffa-di-buccari-foto-autografata\/","og_site_name":"Thefinitive","article_publisher":"https:\/\/business.facebook.com\/Thefinitive-111771813534320\/","article_modified_time":"2024-08-11T15:43:56+00:00","og_image":[{"width":2160,"height":2160,"url":"https:\/\/thefinitive.com\/wp-content\/uploads\/2021\/07\/rizzo1.jpg","type":"image\/jpeg"}],"twitter_card":"summary_large_image","twitter_misc":{"Est. reading time":"7 minutes"},"schema":{"@context":"https:\/\/schema.org","@graph":[{"@type":"WebPage","@id":"https:\/\/thefinitive.com\/en\/prodotto\/rizzo-beffa-di-buccari-foto-autografata\/","url":"https:\/\/thefinitive.com\/en\/prodotto\/rizzo-beffa-di-buccari-foto-autografata\/","name":"RIZZO Beffa di Buccari - foto autografata - Thefinitive","isPartOf":{"@id":"https:\/\/thefinitive.com\/en\/#website"},"datePublished":"2021-07-05T17:57:24+00:00","dateModified":"2024-08-11T15:43:56+00:00","description":"Foto autografa Ammiraglio Luigi Rizzo Regia Marina Beffa di Buccari impresa Fiumana - d'Annunzio - MOVM MAS 9 - Italian Royal Navy Admiral","breadcrumb":{"@id":"https:\/\/thefinitive.com\/en\/prodotto\/rizzo-beffa-di-buccari-foto-autografata\/#breadcrumb"},"inLanguage":"en-US","potentialAction":[{"@type":"ReadAction","target":["https:\/\/thefinitive.com\/en\/prodotto\/rizzo-beffa-di-buccari-foto-autografata\/"]}]},{"@type":"BreadcrumbList","@id":"https:\/\/thefinitive.com\/en\/prodotto\/rizzo-beffa-di-buccari-foto-autografata\/#breadcrumb","itemListElement":[{"@type":"ListItem","position":1,"name":"Home","item":"https:\/\/thefinitive.com\/en\/"},{"@type":"ListItem","position":2,"name":"Shop","item":"https:\/\/thefinitive.com\/en\/shop-2\/"},{"@type":"ListItem","position":3,"name":"RIZZO Beffa di Buccari &#8211; foto autografata"}]},{"@type":"WebSite","@id":"https:\/\/thefinitive.com\/en\/#website","url":"https:\/\/thefinitive.com\/en\/","name":"Thefinitive","description":"Antiquariato Online","publisher":{"@id":"https:\/\/thefinitive.com\/en\/#organization"},"potentialAction":[{"@type":"SearchAction","target":{"@type":"EntryPoint","urlTemplate":"https:\/\/thefinitive.com\/en\/?s={search_term_string}"},"query-input":"required name=search_term_string"}],"inLanguage":"en-US"},{"@type":"Organization","@id":"https:\/\/thefinitive.com\/en\/#organization","name":"Thefinitive","url":"https:\/\/thefinitive.com\/en\/","logo":{"@type":"ImageObject","inLanguage":"en-US","@id":"https:\/\/thefinitive.com\/en\/#\/schema\/logo\/image\/","url":"https:\/\/thefinitive.com\/wp-content\/uploads\/2019\/07\/logo4vett.svg","contentUrl":"https:\/\/thefinitive.com\/wp-content\/uploads\/2019\/07\/logo4vett.svg","width":500,"height":100,"caption":"Thefinitive"},"image":{"@id":"https:\/\/thefinitive.com\/en\/#\/schema\/logo\/image\/"},"sameAs":["https:\/\/business.facebook.com\/Thefinitive-111771813534320\/","https:\/\/www.instagram.com\/_thefinitive_\/"]}]}},"_links":{"self":[{"href":"https:\/\/thefinitive.com\/en\/wp-json\/wp\/v3\/product\/8803"}],"collection":[{"href":"https:\/\/thefinitive.com\/en\/wp-json\/wp\/v3\/product"}],"about":[{"href":"https:\/\/thefinitive.com\/en\/wp-json\/wp\/v2\/types\/product"}],"replies":[{"embeddable":true,"href":"https:\/\/thefinitive.com\/en\/wp-json\/wp\/v2\/comments?post=8803"}],"version-history":[{"count":1,"href":"https:\/\/thefinitive.com\/en\/wp-json\/wp\/v3\/product\/8803\/revisions"}],"predecessor-version":[{"id":15428,"href":"https:\/\/thefinitive.com\/en\/wp-json\/wp\/v3\/product\/8803\/revisions\/15428"}],"wp:featuredmedia":[{"embeddable":true,"href":"https:\/\/thefinitive.com\/en\/wp-json\/wp\/v2\/media\/8804"}],"wp:attachment":[{"href":"https:\/\/thefinitive.com\/en\/wp-json\/wp\/v2\/media?parent=8803"}],"wp:term":[{"taxonomy":"product_cat","embeddable":true,"href":"https:\/\/thefinitive.com\/en\/wp-json\/wp\/v2\/product_cat?post=8803"},{"taxonomy":"product_tag","embeddable":true,"href":"https:\/\/thefinitive.com\/en\/wp-json\/wp\/v2\/product_tag?post=8803"}],"curies":[{"name":"wp","href":"https:\/\/api.w.org\/{rel}","templated":true}]}}