{"id":8608,"date":"2021-05-22T18:21:11","date_gmt":"2021-05-22T18:21:11","guid":{"rendered":"https:\/\/www.thefinitive.com\/?post_type=product&#038;p=8608"},"modified":"2023-03-20T17:23:12","modified_gmt":"2023-03-20T16:23:12","slug":"volo-su-vienna-ibis-redibis-gabriele-dannunzio","status":"publish","type":"product","link":"https:\/\/thefinitive.com\/en\/prodotto\/volo-su-vienna-ibis-redibis-gabriele-dannunzio\/","title":{"rendered":"\u274c\ud83d\ude41Volo su Vienna IBIS REDIBIS Gabriele d&#8217;Annunzio"},"content":{"rendered":"<p>Placca in bronzo smaltato fatta applicare da <em><strong>Gabriele d&#8217;Annunzio<\/strong><\/em> sui velivoli\u00a0 <strong>S.V.A.<\/strong> del <strong>Volo su Vienna<\/strong>, con il motto <strong>IBIS REDIBIS\u00a0<\/strong><\/p>\n<p>Un grande airone in volo, smaltato di nero con i contorni ed i dettagli del piumaggio in color bronzo, su sfondo bianco, attorniato dal motto\u00a0 <strong>IBIS REDIBIS<\/strong>\u00a0 che venne impiegato per buon auspicio del raid su Vienna, missione ritenuta pericolosissima, che significa <strong>ANDRAI RITORNERAI<\/strong><\/p>\n<p>Il motto completo da cui d&#8217;Annunzio prese spunto, recita\u00a0 <em><strong>&#8220;<\/strong><strong>ibis redibis non morieris in bello&#8221; <\/strong><\/em>che a seconda di come viene letto (pause e punteggiature omesse), pu\u00f2 essere tradotto in\u00a0 &#8220;<em>andrai, ritornerai, non morirai in guerra<\/em>&#8221;\u00a0 ma anche\u00a0 &#8220;<em>andrai, non ritornerai, morirai in guerra<\/em>&#8221; &#8211; E&#8217; evidente che per evitare fraintendimenti, il Vate us\u00f2 solamente la prima parte del motto, e questo fu ovviamente di buon auspicio per l&#8217;esito finale.<\/p>\n<p>La placca in oggetto fu ordinata e prodotta alla ditta Pagani di Milano.<\/p>\n<p>In ottime condizioni, smalti integri, senza danni.<\/p>\n<p>&nbsp;<\/p>\n<p><strong>MATERIALE\u00a0 \u00a0:<\/strong> Bronzo smaltato<\/p>\n<p><strong>MISURE\u00a0 \u00a0:<\/strong> mm.125 x 70<\/p>\n<p><strong>MARCHI\u00a0 \u00a0:<\/strong>\u00a0 Pagani , Milano (non marcata)<\/p>\n<h3><\/h3>\n<div class=\"thumb tleft\">\n<div class=\"thumbinner\">\n<div class=\"thumbcaption\">\n<h2><img loading=\"lazy\" decoding=\"async\" class=\"alignnone size-full wp-image-8617\" src=\"https:\/\/www.thefinitive.com\/wp-content\/uploads\/2021\/05\/i_piloti_schierati_prima_della_partenza_per_il_volo_su_vienna_0.jpg\" alt=\"\" width=\"1200\" height=\"630\" srcset=\"https:\/\/thefinitive.com\/wp-content\/uploads\/2021\/05\/i_piloti_schierati_prima_della_partenza_per_il_volo_su_vienna_0.jpg 1200w, https:\/\/thefinitive.com\/wp-content\/uploads\/2021\/05\/i_piloti_schierati_prima_della_partenza_per_il_volo_su_vienna_0-64x34.jpg 64w, https:\/\/thefinitive.com\/wp-content\/uploads\/2021\/05\/i_piloti_schierati_prima_della_partenza_per_il_volo_su_vienna_0-600x315.jpg 600w, https:\/\/thefinitive.com\/wp-content\/uploads\/2021\/05\/i_piloti_schierati_prima_della_partenza_per_il_volo_su_vienna_0-300x158.jpg 300w, https:\/\/thefinitive.com\/wp-content\/uploads\/2021\/05\/i_piloti_schierati_prima_della_partenza_per_il_volo_su_vienna_0-1024x538.jpg 1024w, https:\/\/thefinitive.com\/wp-content\/uploads\/2021\/05\/i_piloti_schierati_prima_della_partenza_per_il_volo_su_vienna_0-768x403.jpg 768w\" sizes=\"(max-width: 1200px) 100vw, 1200px\" \/><\/h2>\n<h2><\/h2>\n<h2>Notizie<\/h2>\n<p>Cliccando sui <strong>links\/foto<\/strong> avrete informazioni generiche, storiche, relative all&#8217;articolo in vendita<\/p>\n<h3><a href=\"https:\/\/www.thefinitive.com\/gabriele-dannunzio-limmaginifico-il-vate\/\" target=\"_blank\" rel=\"noopener\"><b>Gabriele D&#8217;Annunzio <\/b>(Pescara, 12 marzo 1863 \u2013 Gardone Riviera, 1 marzo 1938)<\/a><\/h3>\n<p><a href=\"https:\/\/www.thefinitive.com\/gabriele-dannunzio-limmaginifico-il-vate\/\" target=\"_blank\" rel=\"noopener\"><img loading=\"lazy\" decoding=\"async\" class=\"aligncenter\" src=\"https:\/\/upload.wikimedia.org\/wikipedia\/it\/b\/b1\/D%27Annunzio_4.jpg\" alt=\"D'Annunzio 4.jpg\" width=\"173\" height=\"235\" data-file-width=\"173\" data-file-height=\"235\" \/><\/a><\/p>\n<p><img loading=\"lazy\" decoding=\"async\" class=\"aligncenter\" src=\"https:\/\/upload.wikimedia.org\/wikipedia\/commons\/thumb\/2\/2c\/D%27Annunzio_signature.svg\/130px-D%27Annunzio_signature.svg.png\" alt=\"Firma di Gabriele D'Annunzio\" width=\"130\" height=\"40\" data-file-width=\"2256\" data-file-height=\"691\" \/><\/p>\n<p><b>Gabriele D&#8217;Annunzio <\/b>(Pescara,\u00a012 marzo\u00a01863\u00a0\u2013\u00a0Gardone Riviera,\u00a01\u00ba marzo\u00a01938), \u00e8 stato uno\u00a0scrittore,\u00a0poeta,\u00a0drammaturgo,\u00a0militare,\u00a0politico,\u00a0giornalista\u00a0e\u00a0patriota\u00a0italiano, simbolo del\u00a0Decadentismo e celebre figura della\u00a0prima guerra mondiale, dal\u00a01924 insignito del titolo di &#8220;principe di Montenevoso&#8221;. \u00a0Soprannominato &#8220;il Vate&#8221;, cio\u00e8 &#8220;poeta sacro, profeta&#8221;, cantore dell&#8217;Italia umbertina, o anche &#8220;l&#8217;Immaginifico&#8221;, occup\u00f2 una posizione preminente nella\u00a0letteratura italiana\u00a0dal\u00a01889\u00a0al\u00a01910\u00a0circa e nella vita politica dal\u00a01914\u00a0al\u00a01924. \u00c8 stato definito \u00abeccezionale e ultimo interprete della pi\u00f9 duratura tradizione poetica italiana [\u2026]\u00bb e come politico lasci\u00f2 un segno nella sua epoca e un&#8217;influenza sugli eventi che gli sarebbero succeduti. L&#8217;arte di D&#8217;Annunzio fu cos\u00ec determinante per la cultura di massa che influenz\u00f2 usi e costumi nell&#8217;Italia -e non solo- del suo tempo: un periodo che pi\u00f9 tardi sarebbe stato definito appunto &#8220;dannunzianesimo&#8221;.<\/p>\n<\/div>\n<\/div>\n<\/div>\n<div class=\"thumb tleft\">\n<div class=\"thumbinner\">\n<div class=\"thumbcaption\">\n<p>&nbsp;<\/p>\n<p>Fonte degli articoli\u00a0 :\u00a0 <a href=\"https:\/\/it.wikipedia.org\/wiki\/Gabriele_D%27Annunzio\">Wikipedia<\/a> , per ulteriori approfondimenti data la vastit\u00e0 dell&#8217;argomento dannunziano.<\/p>\n<\/div>\n<\/div>\n<\/div>\n<p>&nbsp;<\/p>\n<p>5.21<\/p>\n","protected":false},"excerpt":{"rendered":"<p style=\"text-align: center;\">Placca in bronzo smaltato fatta applicare da <em><strong>Gabriele d&#8217;Annunzio<\/strong><\/em> sui velivoli\u00a0 <strong>S.V.A.<\/strong> del <strong>Volo su Vienna<\/strong>, con il motto <strong>IBIS REDIBIS<\/strong><\/p>\n<p style=\"text-align: center;\">Prodotta dalla ditta Pagani di Milano.\u00a0 In ottime condizioni, smalti integri, senza danni.<\/p>\n<p style=\"text-align: center;\">Misure approssimative mm.125 x 70<\/p>\n<p>&nbsp;<\/p>\n<p style=\"text-align: center;\"><strong><em>(Scorri la pagina in basso per ulteriori dettagli e informazioni)<\/em><\/strong><\/p>\n","protected":false},"featured_media":8609,"comment_status":"open","ping_status":"closed","template":"","meta":[],"product_cat":[586],"product_tag":[163,223,723,634,182,203,587,206],"yoast_head":"<!-- This site is optimized with the Yoast SEO plugin v21.9.1 - https:\/\/yoast.com\/wordpress\/plugins\/seo\/ -->\n<title>\u274c\ud83d\ude41Volo su Vienna IBIS REDIBIS Gabriele d&#039;Annunzio - Thefinitive<\/title>\n<meta name=\"description\" content=\"Volo su Vienna Gabriele d&#039;Annunzio IBIS REDIBIS placca smaltata motori ISOTTA FRASCHINI - Enamelled plate - SVA Flight over Wien\" \/>\n<meta name=\"robots\" content=\"index, follow, max-snippet:-1, max-image-preview:large, max-video-preview:-1\" \/>\n<link rel=\"canonical\" href=\"https:\/\/thefinitive.com\/en\/prodotto\/volo-su-vienna-ibis-redibis-gabriele-dannunzio\/\" \/>\n<meta property=\"og:locale\" content=\"en_US\" \/>\n<meta property=\"og:type\" content=\"article\" \/>\n<meta property=\"og:title\" content=\"\u274c\ud83d\ude41Volo su Vienna IBIS REDIBIS Gabriele d&#039;Annunzio - Thefinitive\" \/>\n<meta property=\"og:description\" content=\"Volo su Vienna Gabriele d&#039;Annunzio IBIS REDIBIS placca smaltata motori ISOTTA FRASCHINI - Enamelled plate - SVA Flight over Wien\" \/>\n<meta property=\"og:url\" content=\"https:\/\/thefinitive.com\/en\/prodotto\/volo-su-vienna-ibis-redibis-gabriele-dannunzio\/\" \/>\n<meta property=\"og:site_name\" content=\"Thefinitive\" \/>\n<meta property=\"article:publisher\" content=\"https:\/\/business.facebook.com\/Thefinitive-111771813534320\/\" \/>\n<meta property=\"article:modified_time\" content=\"2023-03-20T16:23:12+00:00\" \/>\n<meta property=\"og:image\" content=\"https:\/\/thefinitive.com\/wp-content\/uploads\/2021\/05\/ibis1.jpg\" \/>\n\t<meta property=\"og:image:width\" content=\"2160\" \/>\n\t<meta property=\"og:image:height\" content=\"2160\" \/>\n\t<meta property=\"og:image:type\" content=\"image\/jpeg\" \/>\n<meta name=\"twitter:card\" content=\"summary_large_image\" \/>\n<meta name=\"twitter:label1\" content=\"Est. reading time\" \/>\n\t<meta name=\"twitter:data1\" content=\"3 minutes\" \/>\n<script type=\"application\/ld+json\" class=\"yoast-schema-graph\">{\"@context\":\"https:\/\/schema.org\",\"@graph\":[{\"@type\":\"WebPage\",\"@id\":\"https:\/\/thefinitive.com\/en\/prodotto\/volo-su-vienna-ibis-redibis-gabriele-dannunzio\/\",\"url\":\"https:\/\/thefinitive.com\/en\/prodotto\/volo-su-vienna-ibis-redibis-gabriele-dannunzio\/\",\"name\":\"\u274c\ud83d\ude41Volo su Vienna IBIS REDIBIS Gabriele d'Annunzio - Thefinitive\",\"isPartOf\":{\"@id\":\"https:\/\/thefinitive.com\/en\/#website\"},\"datePublished\":\"2021-05-22T18:21:11+00:00\",\"dateModified\":\"2023-03-20T16:23:12+00:00\",\"description\":\"Volo su Vienna Gabriele d'Annunzio IBIS REDIBIS placca smaltata motori ISOTTA FRASCHINI - Enamelled plate - SVA Flight over Wien\",\"breadcrumb\":{\"@id\":\"https:\/\/thefinitive.com\/en\/prodotto\/volo-su-vienna-ibis-redibis-gabriele-dannunzio\/#breadcrumb\"},\"inLanguage\":\"en-US\",\"potentialAction\":[{\"@type\":\"ReadAction\",\"target\":[\"https:\/\/thefinitive.com\/en\/prodotto\/volo-su-vienna-ibis-redibis-gabriele-dannunzio\/\"]}]},{\"@type\":\"BreadcrumbList\",\"@id\":\"https:\/\/thefinitive.com\/en\/prodotto\/volo-su-vienna-ibis-redibis-gabriele-dannunzio\/#breadcrumb\",\"itemListElement\":[{\"@type\":\"ListItem\",\"position\":1,\"name\":\"Home\",\"item\":\"https:\/\/thefinitive.com\/en\/\"},{\"@type\":\"ListItem\",\"position\":2,\"name\":\"Shop\",\"item\":\"https:\/\/thefinitive.com\/en\/shop-2\/\"},{\"@type\":\"ListItem\",\"position\":3,\"name\":\"\u274c\ud83d\ude41Volo su Vienna IBIS REDIBIS Gabriele d&#8217;Annunzio\"}]},{\"@type\":\"WebSite\",\"@id\":\"https:\/\/thefinitive.com\/en\/#website\",\"url\":\"https:\/\/thefinitive.com\/en\/\",\"name\":\"Thefinitive\",\"description\":\"Antiquariato Online\",\"publisher\":{\"@id\":\"https:\/\/thefinitive.com\/en\/#organization\"},\"potentialAction\":[{\"@type\":\"SearchAction\",\"target\":{\"@type\":\"EntryPoint\",\"urlTemplate\":\"https:\/\/thefinitive.com\/en\/?s={search_term_string}\"},\"query-input\":\"required name=search_term_string\"}],\"inLanguage\":\"en-US\"},{\"@type\":\"Organization\",\"@id\":\"https:\/\/thefinitive.com\/en\/#organization\",\"name\":\"Thefinitive\",\"url\":\"https:\/\/thefinitive.com\/en\/\",\"logo\":{\"@type\":\"ImageObject\",\"inLanguage\":\"en-US\",\"@id\":\"https:\/\/thefinitive.com\/en\/#\/schema\/logo\/image\/\",\"url\":\"https:\/\/thefinitive.com\/wp-content\/uploads\/2019\/07\/logo4vett.svg\",\"contentUrl\":\"https:\/\/thefinitive.com\/wp-content\/uploads\/2019\/07\/logo4vett.svg\",\"width\":500,\"height\":100,\"caption\":\"Thefinitive\"},\"image\":{\"@id\":\"https:\/\/thefinitive.com\/en\/#\/schema\/logo\/image\/\"},\"sameAs\":[\"https:\/\/business.facebook.com\/Thefinitive-111771813534320\/\",\"https:\/\/www.instagram.com\/_thefinitive_\/\"]}]}<\/script>\n<!-- \/ Yoast SEO plugin. -->","yoast_head_json":{"title":"\u274c\ud83d\ude41Volo su Vienna IBIS REDIBIS Gabriele d'Annunzio - Thefinitive","description":"Volo su Vienna Gabriele d'Annunzio IBIS REDIBIS placca smaltata motori ISOTTA FRASCHINI - Enamelled plate - SVA Flight over Wien","robots":{"index":"index","follow":"follow","max-snippet":"max-snippet:-1","max-image-preview":"max-image-preview:large","max-video-preview":"max-video-preview:-1"},"canonical":"https:\/\/thefinitive.com\/en\/prodotto\/volo-su-vienna-ibis-redibis-gabriele-dannunzio\/","og_locale":"en_US","og_type":"article","og_title":"\u274c\ud83d\ude41Volo su Vienna IBIS REDIBIS Gabriele d'Annunzio - Thefinitive","og_description":"Volo su Vienna Gabriele d'Annunzio IBIS REDIBIS placca smaltata motori ISOTTA FRASCHINI - Enamelled plate - SVA Flight over Wien","og_url":"https:\/\/thefinitive.com\/en\/prodotto\/volo-su-vienna-ibis-redibis-gabriele-dannunzio\/","og_site_name":"Thefinitive","article_publisher":"https:\/\/business.facebook.com\/Thefinitive-111771813534320\/","article_modified_time":"2023-03-20T16:23:12+00:00","og_image":[{"width":2160,"height":2160,"url":"https:\/\/thefinitive.com\/wp-content\/uploads\/2021\/05\/ibis1.jpg","type":"image\/jpeg"}],"twitter_card":"summary_large_image","twitter_misc":{"Est. reading time":"3 minutes"},"schema":{"@context":"https:\/\/schema.org","@graph":[{"@type":"WebPage","@id":"https:\/\/thefinitive.com\/en\/prodotto\/volo-su-vienna-ibis-redibis-gabriele-dannunzio\/","url":"https:\/\/thefinitive.com\/en\/prodotto\/volo-su-vienna-ibis-redibis-gabriele-dannunzio\/","name":"\u274c\ud83d\ude41Volo su Vienna IBIS REDIBIS Gabriele d'Annunzio - Thefinitive","isPartOf":{"@id":"https:\/\/thefinitive.com\/en\/#website"},"datePublished":"2021-05-22T18:21:11+00:00","dateModified":"2023-03-20T16:23:12+00:00","description":"Volo su Vienna Gabriele d'Annunzio IBIS REDIBIS placca smaltata motori ISOTTA FRASCHINI - Enamelled plate - SVA Flight over Wien","breadcrumb":{"@id":"https:\/\/thefinitive.com\/en\/prodotto\/volo-su-vienna-ibis-redibis-gabriele-dannunzio\/#breadcrumb"},"inLanguage":"en-US","potentialAction":[{"@type":"ReadAction","target":["https:\/\/thefinitive.com\/en\/prodotto\/volo-su-vienna-ibis-redibis-gabriele-dannunzio\/"]}]},{"@type":"BreadcrumbList","@id":"https:\/\/thefinitive.com\/en\/prodotto\/volo-su-vienna-ibis-redibis-gabriele-dannunzio\/#breadcrumb","itemListElement":[{"@type":"ListItem","position":1,"name":"Home","item":"https:\/\/thefinitive.com\/en\/"},{"@type":"ListItem","position":2,"name":"Shop","item":"https:\/\/thefinitive.com\/en\/shop-2\/"},{"@type":"ListItem","position":3,"name":"\u274c\ud83d\ude41Volo su Vienna IBIS REDIBIS Gabriele d&#8217;Annunzio"}]},{"@type":"WebSite","@id":"https:\/\/thefinitive.com\/en\/#website","url":"https:\/\/thefinitive.com\/en\/","name":"Thefinitive","description":"Antiquariato Online","publisher":{"@id":"https:\/\/thefinitive.com\/en\/#organization"},"potentialAction":[{"@type":"SearchAction","target":{"@type":"EntryPoint","urlTemplate":"https:\/\/thefinitive.com\/en\/?s={search_term_string}"},"query-input":"required name=search_term_string"}],"inLanguage":"en-US"},{"@type":"Organization","@id":"https:\/\/thefinitive.com\/en\/#organization","name":"Thefinitive","url":"https:\/\/thefinitive.com\/en\/","logo":{"@type":"ImageObject","inLanguage":"en-US","@id":"https:\/\/thefinitive.com\/en\/#\/schema\/logo\/image\/","url":"https:\/\/thefinitive.com\/wp-content\/uploads\/2019\/07\/logo4vett.svg","contentUrl":"https:\/\/thefinitive.com\/wp-content\/uploads\/2019\/07\/logo4vett.svg","width":500,"height":100,"caption":"Thefinitive"},"image":{"@id":"https:\/\/thefinitive.com\/en\/#\/schema\/logo\/image\/"},"sameAs":["https:\/\/business.facebook.com\/Thefinitive-111771813534320\/","https:\/\/www.instagram.com\/_thefinitive_\/"]}]}},"_links":{"self":[{"href":"https:\/\/thefinitive.com\/en\/wp-json\/wp\/v3\/product\/8608"}],"collection":[{"href":"https:\/\/thefinitive.com\/en\/wp-json\/wp\/v3\/product"}],"about":[{"href":"https:\/\/thefinitive.com\/en\/wp-json\/wp\/v2\/types\/product"}],"replies":[{"embeddable":true,"href":"https:\/\/thefinitive.com\/en\/wp-json\/wp\/v2\/comments?post=8608"}],"version-history":[{"count":1,"href":"https:\/\/thefinitive.com\/en\/wp-json\/wp\/v3\/product\/8608\/revisions"}],"predecessor-version":[{"id":14593,"href":"https:\/\/thefinitive.com\/en\/wp-json\/wp\/v3\/product\/8608\/revisions\/14593"}],"wp:featuredmedia":[{"embeddable":true,"href":"https:\/\/thefinitive.com\/en\/wp-json\/wp\/v2\/media\/8609"}],"wp:attachment":[{"href":"https:\/\/thefinitive.com\/en\/wp-json\/wp\/v2\/media?parent=8608"}],"wp:term":[{"taxonomy":"product_cat","embeddable":true,"href":"https:\/\/thefinitive.com\/en\/wp-json\/wp\/v2\/product_cat?post=8608"},{"taxonomy":"product_tag","embeddable":true,"href":"https:\/\/thefinitive.com\/en\/wp-json\/wp\/v2\/product_tag?post=8608"}],"curies":[{"name":"wp","href":"https:\/\/api.w.org\/{rel}","templated":true}]}}