{"id":8464,"date":"2021-05-06T12:43:29","date_gmt":"2021-05-06T12:43:29","guid":{"rendered":"https:\/\/www.thefinitive.com\/?post_type=product&#038;p=8464"},"modified":"2024-03-04T14:10:32","modified_gmt":"2024-03-04T13:10:32","slug":"renato-ricci-squadrista-ardito-onb-foto-autografa-con-dedica","status":"publish","type":"product","link":"https:\/\/thefinitive.com\/en\/prodotto\/renato-ricci-squadrista-ardito-onb-foto-autografa-con-dedica\/","title":{"rendered":"Renato RICCI squadrista ardito ONB foto autografa con dedica"},"content":{"rendered":"<p>Ritratto fotografico originale di <strong>Renato Ricci<\/strong> , della fine degli anni &#8216;920, gi\u00e0 con il grado di ufficiale Generale della <strong>MVSN<\/strong>, dopo essere stato un valente ardito nella Prima Guerra Mondiale, ed uno squadrista fascista della prima ora. Ritratto in un bel primo piano in uniforme della Milizia Volontaria Sicurezza Nazionale, con giacca grigio verde e fiamme nere al colletto, e con in testa indosso un fez modello &#8217;23 avente per fregio un&#8217;aquila da generale gi\u00e0 del modello &#8217;27\u00a0 ( visto il tipo di fascio tra gli artigli , che non \u00e8 pi\u00f9 il fascio con la scure in testa, ma quello con scure laterale), Renato Ricci aggiunse una dedica autografa indirizzandola\u00a0 <em><strong>AL GRUPPO RIONALE GIOVANNI BERTA &#8211; CORDIALMENTE<\/strong><\/em>\u00a0 e firmandola di proprio pugno <strong><em>RENATO RICCI\u00a0 A. X\u00a0 \u00a0<\/em><\/strong>quindi riportandoci al 1932<\/p>\n<p>Il gruppo Rionale Giovanni Berta \u00e8 riferito ad un gruppo della <em><strong>Federazione Fascista dell&#8217;Urbe (di Roma)<\/strong><\/em>\u00a0la cui denominazione intera era <strong>GRUPPO RIONALE REGOLA &#8220;GIOVANNI BERTA&#8221;<\/strong><\/p>\n<p>Le condizioni sono ottime, la fotografia \u00e8 originale e firmata da un noto fotografo di Roma che la esegu\u00ec (vedasi l&#8217;angolo destro basso) ed applicata su cartoncino\/passepartout, sul quale \u00e8 stata apposta la dedica e la firma autografe da Renato Ricci, nella sua calligrafia coeva di quel periodo.<\/p>\n<p>La dedica e la firma non sono a stampa, ma <strong>olografe<\/strong> di Renato Ricci. Si rilascia certificato di garanzia e di originalit\u00e0.<\/p>\n<p>&nbsp;<\/p>\n<p><strong>MATERIALE\u00a0 :\u00a0<\/strong> fotografia, sali d&#8217;argento, su carta<\/p>\n<p><strong>MISURE\u00a0 \u00a0:<\/strong>\u00a0 cm. 15 x 21\u00a0 la sola fotografia escluso il passepartout<\/p>\n<p><strong>MARCHIO\u00a0 :<\/strong> &#8211;<\/p>\n<p>&nbsp;<\/p>\n<h2 style=\"text-align: left;\">NOTIZIE<\/h2>\n<p><b>Renato Ricci<\/b>\u00a0(Carrara,\u00a01\u00ba giugno\u00a01896\u00a0\u2013\u00a0Roma,\u00a022 gennaio\u00a01956) \u00e8 stato un\u00a0politico\u00a0e\u00a0militare\u00a0italiano,\u00a0ministro delle Corporazioni\u00a0durante il\u00a0Regno d&#8217;Italia\u00a0dal 31 ottobre\u00a01939\u00a0al 5 febbraio\u00a01943, precedentemente Presidente dell&#8217;Opera Nazionale Balilla\u00a0dal\u00a01926\u00a0al\u00a01937, Comandante generale della\u00a0Milizia Volontaria per la Sicurezza Nazionale\u00a0dal settembre\u00a01943\u00a0e poi con l&#8217;avvento della\u00a0Repubblica Sociale Italiana\u00a0Comandante della\u00a0Guardia Nazionale Repubblicana\u00a0fino al\u00a01944.<\/p>\n<p>Figlio di Ernesto ed Emma Checchi, dopo il diploma di ragioneria si arruol\u00f2 volontario nel\u00a01915\u00a0nei\u00a0bersaglieri\u00a0con il grado di\u00a0tenente\u00a0nella\u00a0Prima guerra mondiale, partecipando a tutta la guerra e meritandosi due\u00a0Medaglie al Valore\u00a0ed una\u00a0Croce al merito di guerra, quale comandante di pattuglie di\u00a0Arditi\u00a0per azioni compiute in territorio nemico.<\/p>\n<p>Finita la guerra, l&#8217;ardito Renato Ricci partecip\u00f2 all&#8217;<strong>Impresa di Fiume<\/strong>, capitanata da\u00a0<strong>Gabriele D&#8217;Annunzio<\/strong>, tornando poi a Carrara ad occuparsi di politica, per diventare uno squadrista e fascista della prima ora.<\/p>\n<h3><span id=\"Adesione_al_fascismo\" class=\"mw-headline\">Adesione al fascismo<\/span><\/h3>\n<p>Squadrista convinto, ader\u00ec al Partito Nazionale Fascista (PNF) nel maggio del 1921 ed un mese dopo fond\u00f2 il Fascio della sua citt\u00e0&#8230;<\/p>\n<h4>&#8230; <a href=\"https:\/\/www.thefinitive.com\/renato-ricci-ardito-squadrista-pnf-mvsn\/\" target=\"_blank\" rel=\"noopener\"><strong>seguono altre notizie riguardanti Renato Ricci<\/strong><\/a><\/h4>\n<p><a class=\"image\" href=\"https:\/\/www.thefinitive.com\/renato-ricci-ardito-squadrista-pnf-mvsn\/\" target=\"_blank\" rel=\"noopener\"><img loading=\"lazy\" decoding=\"async\" class=\"thumbimage aligncenter\" src=\"https:\/\/upload.wikimedia.org\/wikipedia\/it\/thumb\/1\/1a\/RenatoRicci.jpg\/220px-RenatoRicci.jpg\" srcset=\"\/\/upload.wikimedia.org\/wikipedia\/it\/thumb\/1\/1a\/RenatoRicci.jpg\/330px-RenatoRicci.jpg 1.5x, \/\/upload.wikimedia.org\/wikipedia\/it\/thumb\/1\/1a\/RenatoRicci.jpg\/440px-RenatoRicci.jpg 2x\" alt=\"\" width=\"220\" height=\"270\" data-file-width=\"1437\" data-file-height=\"1761\" \/><\/a><\/p>\n<h3><\/h3>\n<p>&nbsp;<\/p>\n<div>\n<h3><a href=\"https:\/\/www.thefinitive.com\/opera-nazionale-balilla-onb-1926-1937\/\" target=\"_blank\" rel=\"noopener\">Cliccando sul seguente link\/foto si accede ad una sezione con notizie storiche,documentali e vario inerenti la tematica dell&#8217;oggetto in vendita<\/a><\/h3>\n<p>&nbsp;<\/p>\n<p><em><a href=\"https:\/\/www.thefinitive.com\/opera-nazionale-balilla-onb-1926-1937\/\" target=\"_blank\" rel=\"noopener\"><img loading=\"lazy\" decoding=\"async\" class=\"aligncenter wp-image-7765\" src=\"https:\/\/www.thefinitive.com\/wp-content\/uploads\/2021\/01\/ONBfregio-150x150.png\" alt=\"\" width=\"274\" height=\"274\" srcset=\"https:\/\/thefinitive.com\/wp-content\/uploads\/2021\/01\/ONBfregio-150x150.png 150w, https:\/\/thefinitive.com\/wp-content\/uploads\/2021\/01\/ONBfregio-600x600.png 600w, https:\/\/thefinitive.com\/wp-content\/uploads\/2021\/01\/ONBfregio-100x100.png 100w, https:\/\/thefinitive.com\/wp-content\/uploads\/2021\/01\/ONBfregio-64x63.png 64w, https:\/\/thefinitive.com\/wp-content\/uploads\/2021\/01\/ONBfregio-45x45.png 45w\" sizes=\"(max-width: 274px) 100vw, 274px\" \/><\/a><\/em><\/p>\n<p>&nbsp;<\/p>\n<h2><\/h2>\n<\/div>\n<p>5.21<\/p>\n","protected":false},"excerpt":{"rendered":"<p style=\"text-align: center;\">Foto originale di <strong>Renato Ricci<\/strong> in uniforme della Milizia Volontaria Sicurezza Nazionale con indosso un fez modello &#8217;23 con dedica autografa indirizzata<\/p>\n<p style=\"text-align: center;\"><em><strong>AL GRUPPO RIONALE GIOVANNI BERTA &#8211; CORDIALMENTE<\/strong><\/em>\u00a0 <em><strong>&#8211; Renato Ricci A.X\u00a0 \u00a0<\/strong><\/em> (1932)<\/p>\n<p style=\"text-align: center;\">Il gruppo Rionale Giovanni Berta \u00e8 riferito ad un gruppo della <em><strong>Federazione Fascista dell&#8217;Urbe (di Roma)<\/strong><\/em>\u00a0la cui denominazione intera era <strong>GRUPPO RIONALE REGOLA &#8220;GIOVANNI BERTA&#8221;<\/strong><\/p>\n<p style=\"text-align: center;\">Misure approssimative cm,15&#215;21 della sola foto<\/p>\n<p>&nbsp;<\/p>\n<p style=\"text-align: center;\"><strong><em>(Scorri la pagina in basso per ulteriori dettagli e informazioni)<\/em><\/strong><\/p>\n<p>&nbsp;<\/p>\n<p>&nbsp;<\/p>\n","protected":false},"featured_media":8468,"comment_status":"open","ping_status":"closed","template":"","meta":[],"product_cat":[586],"product_tag":[155,160,198,157,156,200,260],"yoast_head":"<!-- This site is optimized with the Yoast SEO plugin v21.9.1 - https:\/\/yoast.com\/wordpress\/plugins\/seo\/ -->\n<title>Renato RICCI squadrista ardito ONB foto autografa con dedica - Thefinitive<\/title>\n<meta name=\"description\" content=\"Foto con dedica autografa di Renato Ricci, alla Squadra d&#039;Azione BERTA, ardito, squadrista del fascismo prima ora, Fascio Primigenio , PNF ONB\" \/>\n<meta name=\"robots\" content=\"index, follow, max-snippet:-1, max-image-preview:large, max-video-preview:-1\" \/>\n<link rel=\"canonical\" href=\"https:\/\/thefinitive.com\/en\/prodotto\/renato-ricci-squadrista-ardito-onb-foto-autografa-con-dedica\/\" \/>\n<meta property=\"og:locale\" content=\"en_US\" \/>\n<meta property=\"og:type\" content=\"article\" \/>\n<meta property=\"og:title\" content=\"Renato RICCI squadrista ardito ONB foto autografa con dedica - Thefinitive\" \/>\n<meta property=\"og:description\" content=\"Foto con dedica autografa di Renato Ricci, alla Squadra d&#039;Azione BERTA, ardito, squadrista del fascismo prima ora, Fascio Primigenio , PNF ONB\" \/>\n<meta property=\"og:url\" content=\"https:\/\/thefinitive.com\/en\/prodotto\/renato-ricci-squadrista-ardito-onb-foto-autografa-con-dedica\/\" \/>\n<meta property=\"og:site_name\" content=\"Thefinitive\" \/>\n<meta property=\"article:publisher\" content=\"https:\/\/business.facebook.com\/Thefinitive-111771813534320\/\" \/>\n<meta property=\"article:modified_time\" content=\"2024-03-04T13:10:32+00:00\" \/>\n<meta property=\"og:image\" content=\"https:\/\/thefinitive.com\/wp-content\/uploads\/2021\/05\/ricci1.jpg\" \/>\n\t<meta property=\"og:image:width\" content=\"2160\" \/>\n\t<meta property=\"og:image:height\" content=\"2160\" \/>\n\t<meta property=\"og:image:type\" content=\"image\/jpeg\" \/>\n<meta name=\"twitter:card\" content=\"summary_large_image\" \/>\n<meta name=\"twitter:label1\" content=\"Est. reading time\" \/>\n\t<meta name=\"twitter:data1\" content=\"3 minutes\" \/>\n<script type=\"application\/ld+json\" class=\"yoast-schema-graph\">{\"@context\":\"https:\/\/schema.org\",\"@graph\":[{\"@type\":\"WebPage\",\"@id\":\"https:\/\/thefinitive.com\/en\/prodotto\/renato-ricci-squadrista-ardito-onb-foto-autografa-con-dedica\/\",\"url\":\"https:\/\/thefinitive.com\/en\/prodotto\/renato-ricci-squadrista-ardito-onb-foto-autografa-con-dedica\/\",\"name\":\"Renato RICCI squadrista ardito ONB foto autografa con dedica - Thefinitive\",\"isPartOf\":{\"@id\":\"https:\/\/thefinitive.com\/en\/#website\"},\"datePublished\":\"2021-05-06T12:43:29+00:00\",\"dateModified\":\"2024-03-04T13:10:32+00:00\",\"description\":\"Foto con dedica autografa di Renato Ricci, alla Squadra d'Azione BERTA, ardito, squadrista del fascismo prima ora, Fascio Primigenio , PNF ONB\",\"breadcrumb\":{\"@id\":\"https:\/\/thefinitive.com\/en\/prodotto\/renato-ricci-squadrista-ardito-onb-foto-autografa-con-dedica\/#breadcrumb\"},\"inLanguage\":\"en-US\",\"potentialAction\":[{\"@type\":\"ReadAction\",\"target\":[\"https:\/\/thefinitive.com\/en\/prodotto\/renato-ricci-squadrista-ardito-onb-foto-autografa-con-dedica\/\"]}]},{\"@type\":\"BreadcrumbList\",\"@id\":\"https:\/\/thefinitive.com\/en\/prodotto\/renato-ricci-squadrista-ardito-onb-foto-autografa-con-dedica\/#breadcrumb\",\"itemListElement\":[{\"@type\":\"ListItem\",\"position\":1,\"name\":\"Home\",\"item\":\"https:\/\/thefinitive.com\/en\/\"},{\"@type\":\"ListItem\",\"position\":2,\"name\":\"Shop\",\"item\":\"https:\/\/thefinitive.com\/en\/shop-2\/\"},{\"@type\":\"ListItem\",\"position\":3,\"name\":\"Renato RICCI squadrista ardito ONB foto autografa con dedica\"}]},{\"@type\":\"WebSite\",\"@id\":\"https:\/\/thefinitive.com\/en\/#website\",\"url\":\"https:\/\/thefinitive.com\/en\/\",\"name\":\"Thefinitive\",\"description\":\"Antiquariato Online\",\"publisher\":{\"@id\":\"https:\/\/thefinitive.com\/en\/#organization\"},\"potentialAction\":[{\"@type\":\"SearchAction\",\"target\":{\"@type\":\"EntryPoint\",\"urlTemplate\":\"https:\/\/thefinitive.com\/en\/?s={search_term_string}\"},\"query-input\":\"required name=search_term_string\"}],\"inLanguage\":\"en-US\"},{\"@type\":\"Organization\",\"@id\":\"https:\/\/thefinitive.com\/en\/#organization\",\"name\":\"Thefinitive\",\"url\":\"https:\/\/thefinitive.com\/en\/\",\"logo\":{\"@type\":\"ImageObject\",\"inLanguage\":\"en-US\",\"@id\":\"https:\/\/thefinitive.com\/en\/#\/schema\/logo\/image\/\",\"url\":\"https:\/\/thefinitive.com\/wp-content\/uploads\/2019\/07\/logo4vett.svg\",\"contentUrl\":\"https:\/\/thefinitive.com\/wp-content\/uploads\/2019\/07\/logo4vett.svg\",\"width\":500,\"height\":100,\"caption\":\"Thefinitive\"},\"image\":{\"@id\":\"https:\/\/thefinitive.com\/en\/#\/schema\/logo\/image\/\"},\"sameAs\":[\"https:\/\/business.facebook.com\/Thefinitive-111771813534320\/\",\"https:\/\/www.instagram.com\/_thefinitive_\/\"]}]}<\/script>\n<!-- \/ Yoast SEO plugin. -->","yoast_head_json":{"title":"Renato RICCI squadrista ardito ONB foto autografa con dedica - Thefinitive","description":"Foto con dedica autografa di Renato Ricci, alla Squadra d'Azione BERTA, ardito, squadrista del fascismo prima ora, Fascio Primigenio , PNF ONB","robots":{"index":"index","follow":"follow","max-snippet":"max-snippet:-1","max-image-preview":"max-image-preview:large","max-video-preview":"max-video-preview:-1"},"canonical":"https:\/\/thefinitive.com\/en\/prodotto\/renato-ricci-squadrista-ardito-onb-foto-autografa-con-dedica\/","og_locale":"en_US","og_type":"article","og_title":"Renato RICCI squadrista ardito ONB foto autografa con dedica - Thefinitive","og_description":"Foto con dedica autografa di Renato Ricci, alla Squadra d'Azione BERTA, ardito, squadrista del fascismo prima ora, Fascio Primigenio , PNF ONB","og_url":"https:\/\/thefinitive.com\/en\/prodotto\/renato-ricci-squadrista-ardito-onb-foto-autografa-con-dedica\/","og_site_name":"Thefinitive","article_publisher":"https:\/\/business.facebook.com\/Thefinitive-111771813534320\/","article_modified_time":"2024-03-04T13:10:32+00:00","og_image":[{"width":2160,"height":2160,"url":"https:\/\/thefinitive.com\/wp-content\/uploads\/2021\/05\/ricci1.jpg","type":"image\/jpeg"}],"twitter_card":"summary_large_image","twitter_misc":{"Est. reading time":"3 minutes"},"schema":{"@context":"https:\/\/schema.org","@graph":[{"@type":"WebPage","@id":"https:\/\/thefinitive.com\/en\/prodotto\/renato-ricci-squadrista-ardito-onb-foto-autografa-con-dedica\/","url":"https:\/\/thefinitive.com\/en\/prodotto\/renato-ricci-squadrista-ardito-onb-foto-autografa-con-dedica\/","name":"Renato RICCI squadrista ardito ONB foto autografa con dedica - Thefinitive","isPartOf":{"@id":"https:\/\/thefinitive.com\/en\/#website"},"datePublished":"2021-05-06T12:43:29+00:00","dateModified":"2024-03-04T13:10:32+00:00","description":"Foto con dedica autografa di Renato Ricci, alla Squadra d'Azione BERTA, ardito, squadrista del fascismo prima ora, Fascio Primigenio , PNF ONB","breadcrumb":{"@id":"https:\/\/thefinitive.com\/en\/prodotto\/renato-ricci-squadrista-ardito-onb-foto-autografa-con-dedica\/#breadcrumb"},"inLanguage":"en-US","potentialAction":[{"@type":"ReadAction","target":["https:\/\/thefinitive.com\/en\/prodotto\/renato-ricci-squadrista-ardito-onb-foto-autografa-con-dedica\/"]}]},{"@type":"BreadcrumbList","@id":"https:\/\/thefinitive.com\/en\/prodotto\/renato-ricci-squadrista-ardito-onb-foto-autografa-con-dedica\/#breadcrumb","itemListElement":[{"@type":"ListItem","position":1,"name":"Home","item":"https:\/\/thefinitive.com\/en\/"},{"@type":"ListItem","position":2,"name":"Shop","item":"https:\/\/thefinitive.com\/en\/shop-2\/"},{"@type":"ListItem","position":3,"name":"Renato RICCI squadrista ardito ONB foto autografa con dedica"}]},{"@type":"WebSite","@id":"https:\/\/thefinitive.com\/en\/#website","url":"https:\/\/thefinitive.com\/en\/","name":"Thefinitive","description":"Antiquariato Online","publisher":{"@id":"https:\/\/thefinitive.com\/en\/#organization"},"potentialAction":[{"@type":"SearchAction","target":{"@type":"EntryPoint","urlTemplate":"https:\/\/thefinitive.com\/en\/?s={search_term_string}"},"query-input":"required name=search_term_string"}],"inLanguage":"en-US"},{"@type":"Organization","@id":"https:\/\/thefinitive.com\/en\/#organization","name":"Thefinitive","url":"https:\/\/thefinitive.com\/en\/","logo":{"@type":"ImageObject","inLanguage":"en-US","@id":"https:\/\/thefinitive.com\/en\/#\/schema\/logo\/image\/","url":"https:\/\/thefinitive.com\/wp-content\/uploads\/2019\/07\/logo4vett.svg","contentUrl":"https:\/\/thefinitive.com\/wp-content\/uploads\/2019\/07\/logo4vett.svg","width":500,"height":100,"caption":"Thefinitive"},"image":{"@id":"https:\/\/thefinitive.com\/en\/#\/schema\/logo\/image\/"},"sameAs":["https:\/\/business.facebook.com\/Thefinitive-111771813534320\/","https:\/\/www.instagram.com\/_thefinitive_\/"]}]}},"_links":{"self":[{"href":"https:\/\/thefinitive.com\/en\/wp-json\/wp\/v3\/product\/8464"}],"collection":[{"href":"https:\/\/thefinitive.com\/en\/wp-json\/wp\/v3\/product"}],"about":[{"href":"https:\/\/thefinitive.com\/en\/wp-json\/wp\/v2\/types\/product"}],"replies":[{"embeddable":true,"href":"https:\/\/thefinitive.com\/en\/wp-json\/wp\/v2\/comments?post=8464"}],"version-history":[{"count":2,"href":"https:\/\/thefinitive.com\/en\/wp-json\/wp\/v3\/product\/8464\/revisions"}],"predecessor-version":[{"id":15189,"href":"https:\/\/thefinitive.com\/en\/wp-json\/wp\/v3\/product\/8464\/revisions\/15189"}],"wp:featuredmedia":[{"embeddable":true,"href":"https:\/\/thefinitive.com\/en\/wp-json\/wp\/v2\/media\/8468"}],"wp:attachment":[{"href":"https:\/\/thefinitive.com\/en\/wp-json\/wp\/v2\/media?parent=8464"}],"wp:term":[{"taxonomy":"product_cat","embeddable":true,"href":"https:\/\/thefinitive.com\/en\/wp-json\/wp\/v2\/product_cat?post=8464"},{"taxonomy":"product_tag","embeddable":true,"href":"https:\/\/thefinitive.com\/en\/wp-json\/wp\/v2\/product_tag?post=8464"}],"curies":[{"name":"wp","href":"https:\/\/api.w.org\/{rel}","templated":true}]}}