{"id":8434,"date":"2021-05-05T07:47:03","date_gmt":"2021-05-05T07:47:03","guid":{"rendered":"https:\/\/www.thefinitive.com\/?post_type=product&#038;p=8434"},"modified":"2023-07-08T17:21:58","modified_gmt":"2023-07-08T15:21:58","slug":"gabriele-dannunzio-dedica-autografata-su-foto","status":"publish","type":"product","link":"https:\/\/thefinitive.com\/en\/prodotto\/gabriele-dannunzio-dedica-autografata-su-foto\/","title":{"rendered":"Gabriele d&#8217;Annunzio Dedica Autografata su foto"},"content":{"rendered":"<p>Fotografia di <strong>Gabriele d&#8217;Annunzio<\/strong>, con dedica autografata, olografica del Vate ad inchiostro nero\u00a0 &#8220;<strong><em>A Mario Andriani un fedele compagno di suo padre<\/em><\/strong>&#8221;<\/p>\n<p>Consueta immagine di Gabriele d&#8217;Annunzio in uniforme da Colonnello dei Lancieri di Novara, soprannominato il &#8220;<strong><em>lanciere bianco<\/em><\/strong>&#8221; , dal tipico colletto bianco della giubba, peculiarit\u00e0 del reggimento del Regio Esercito nel quale si arruol\u00f2 volontario durante la prima guerra mondiale. Comp\u00ec le storiche gesta del Volo su Vienna, della Beffa di Buccari, e condusse l&#8217;impresa fiumana.<\/p>\n<p>La foto \u00e8 in ottime condizioni, montata su cartoncino, e viene venduta completa della sua cornice originale d&#8217;epoca, in legno, avente normali segni di usura. Si garantisce l&#8217;originalit\u00e0 assoluta di questa fotografia e della dedica autografata da Gabriele d&#8217;Annunzio, e se ne fornisce certificazione di autenticit\u00e0.<\/p>\n<p>Misure approssimative della sola fotografia cm. 18 x 26<\/p>\n<p>&nbsp;<\/p>\n<p>&nbsp;<\/p>\n<h3><\/h3>\n<div class=\"thumb tleft\">\n<div class=\"thumbinner\">\n<p>&nbsp;<\/p>\n<div class=\"thumbcaption\">\n<h2>Notizie<\/h2>\n<p>Cliccando sui <strong>links\/foto<\/strong> avrete informazioni generiche, storiche, relative all&#8217;articolo in vendita<\/p>\n<h3><a href=\"https:\/\/www.thefinitive.com\/gabriele-dannunzio-limmaginifico-il-vate\/\" target=\"_blank\" rel=\"noopener\"><b>Gabriele D&#8217;Annunzio <\/b>(Pescara, 12 marzo 1863 \u2013 Gardone Riviera, 1 marzo 1938)<\/a><\/h3>\n<p><a href=\"https:\/\/www.thefinitive.com\/gabriele-dannunzio-limmaginifico-il-vate\/\" target=\"_blank\" rel=\"noopener\"><img loading=\"lazy\" decoding=\"async\" class=\"aligncenter\" src=\"https:\/\/upload.wikimedia.org\/wikipedia\/it\/b\/b1\/D%27Annunzio_4.jpg\" alt=\"D'Annunzio 4.jpg\" width=\"173\" height=\"235\" data-file-width=\"173\" data-file-height=\"235\" \/><\/a><\/p>\n<p><img loading=\"lazy\" decoding=\"async\" class=\"aligncenter\" src=\"https:\/\/upload.wikimedia.org\/wikipedia\/commons\/thumb\/2\/2c\/D%27Annunzio_signature.svg\/130px-D%27Annunzio_signature.svg.png\" alt=\"Firma di Gabriele D'Annunzio\" width=\"130\" height=\"40\" data-file-width=\"2256\" data-file-height=\"691\" \/><\/p>\n<p><b>Gabriele D&#8217;Annunzio <\/b>(Pescara,\u00a012 marzo\u00a01863\u00a0\u2013\u00a0Gardone Riviera,\u00a01\u00ba marzo\u00a01938), \u00e8 stato uno\u00a0scrittore,\u00a0poeta,\u00a0drammaturgo,\u00a0militare,\u00a0politico,\u00a0giornalista\u00a0e\u00a0patriota\u00a0italiano, simbolo del\u00a0Decadentismo e celebre figura della\u00a0prima guerra mondiale, dal\u00a01924 insignito del titolo di &#8220;principe di Montenevoso&#8221;. \u00a0Soprannominato &#8220;il Vate&#8221;, cio\u00e8 &#8220;poeta sacro, profeta&#8221;, cantore dell&#8217;Italia umbertina, o anche &#8220;l&#8217;Immaginifico&#8221;, occup\u00f2 una posizione preminente nella\u00a0letteratura italiana\u00a0dal\u00a01889\u00a0al\u00a01910\u00a0circa e nella vita politica dal\u00a01914\u00a0al\u00a01924. \u00c8 stato definito \u00abeccezionale e ultimo interprete della pi\u00f9 duratura tradizione poetica italiana [\u2026]\u00bb e come politico lasci\u00f2 un segno nella sua epoca e un&#8217;influenza sugli eventi che gli sarebbero succeduti. L&#8217;arte di D&#8217;Annunzio fu cos\u00ec determinante per la cultura di massa che influenz\u00f2 usi e costumi nell&#8217;Italia -e non solo- del suo tempo: un periodo che pi\u00f9 tardi sarebbe stato definito appunto &#8220;dannunzianesimo&#8221;.<\/p>\n<h2 style=\"text-align: center;\"><a href=\"https:\/\/www.thefinitive.com\/fiume-dannunzio-marcia-di-ronchi\/\" target=\"_blank\" rel=\"noopener\"><strong>IMPRESA DI FIUME<\/strong><\/a><\/h2>\n<div class=\"thumb tleft\">\n<div class=\"thumbinner\">\n<p><a class=\"image\" href=\"https:\/\/www.thefinitive.com\/fiume-dannunzio-marcia-di-ronchi\/\" target=\"_blank\" rel=\"noopener\"><img loading=\"lazy\" decoding=\"async\" class=\"thumbimage alignnone aligncenter\" src=\"https:\/\/upload.wikimedia.org\/wikipedia\/it\/thumb\/3\/3a\/Enrico_Marchiani%2C_Ritratto_di_Gabriele_d%27Annunzio_in_uniforme_da_Ardito._Olio_su_tela.jpg\/220px-Enrico_Marchiani%2C_Ritratto_di_Gabriele_d%27Annunzio_in_uniforme_da_Ardito._Olio_su_tela.jpg\" alt=\"\" width=\"220\" height=\"335\" data-file-width=\"294\" data-file-height=\"448\" \/><\/a><\/p>\n<\/div>\n<\/div>\n<p>L&#8217;<a href=\"https:\/\/www.thefinitive.com\/fiume-dannunzio-marcia-di-ronchi\/\"><b>impresa di Fiume<\/b><\/a>\u00a0fu un episodio del\u00a0periodo interbellico, che consistette nell&#8217;occupazione della citt\u00e0 di\u00a0Fiume, contesa tra il\u00a0Regno d&#8217;Italia\u00a0ed\u00a0Regno dei Serbi, Croati e Sloveni, da parte di reparti ribelli del\u00a0Regio Esercito\u00a0italiano. L&#8217;intento fu quello di proclamare l&#8217;annessione della citt\u00e0 all&#8217;Italia forzando in tal modo la mano ai delegati delle potenze vincitrici della\u00a0prima guerra mondiale, all&#8217;epoca impegnati nella\u00a0Conferenza di pace di Parigi. La spedizione fu capeggiata dal poeta\u00a0Gabriele D&#8217;Annunzio\u00a0e organizzata da una coalizione politica guidata dall&#8217;Associazione Nazionalista Italiana, cui parteciparono esponenti del\u00a0Mazzinianesimo, del\u00a0Futurismo\u00a0e del\u00a0Sindacalismo rivoluzionario. L&#8217;occupazione inizi\u00f2 il 12 settembre 1919 e dur\u00f2 16 mesi con alterne vicende, tra cui la proclamazione della\u00a0Reggenza italiana del Carnaro. Quando i ribelli si opposero al\u00a0Trattato di Rapallo, il governo italiano sgombr\u00f2 la citt\u00e0 con la forza durante il\u00a0Natale 1920, per permettere la creazione dello\u00a0Stato libero di Fiume.<\/p>\n<p>&nbsp;<\/p>\n<p>Fonte degli articoli\u00a0 :\u00a0 <a href=\"https:\/\/it.wikipedia.org\/wiki\/Gabriele_D%27Annunzio\">Wikipedia<\/a> , per ulteriori approfondimenti data la vastit\u00e0 dell&#8217;argomento dannunziano.<\/p>\n<\/div>\n<\/div>\n<\/div>\n<p>&nbsp;<\/p>\n<p>5.21<\/p>\n","protected":false},"excerpt":{"rendered":"<p style=\"text-align: center;\">Fotografia di <strong>Gabriele d&#8217;Annunzio<\/strong>, con dedica autografata originale ad inchiostro nero\u00a0 &#8220;<strong><em>A Mario Andriani un fedele compagno di suo padre<\/em><\/strong>&#8220;<\/p>\n<p style=\"text-align: center;\">Gabriele d&#8217;Annunzio ritratto in uniforme da Colonnello dei Lancieri di Novara<\/p>\n<p style=\"text-align: center;\">La foto \u00e8 in ottime condizioni, completa della sua cornice originale d&#8217;epoca, in legno, avente normali segni di usura.\u00a0Si garantisce l&#8217;originalit\u00e0 assoluta di questa fotografia e se ne fornisce certificazione di autenticit\u00e0.<\/p>\n<p style=\"text-align: center;\">Misure approssimative\u00a0 cm. 18 x 26<\/p>\n<p style=\"text-align: center;\"><strong><em>(Scorri la pagina in basso per ulteriori dettagli e informazioni)<\/em><\/strong><\/p>\n","protected":false},"featured_media":8435,"comment_status":"open","ping_status":"closed","template":"","meta":[],"product_cat":[586],"product_tag":[223,224,207,182,203,278,221,220,219,218,225,222,205,206],"yoast_head":"<!-- This site is optimized with the Yoast SEO plugin v21.9.1 - https:\/\/yoast.com\/wordpress\/plugins\/seo\/ -->\n<title>Gabriele d&#039;Annunzio Dedica Autografata su foto - Thefinitive<\/title>\n<meta name=\"description\" content=\"Gabriele d&#039;Annunzio fotografia con dedica autografata - Autografo originale - Original hand written D&#039;Annunzio signature autographed photo\" \/>\n<meta name=\"robots\" content=\"index, follow, max-snippet:-1, max-image-preview:large, max-video-preview:-1\" \/>\n<link rel=\"canonical\" href=\"https:\/\/thefinitive.com\/en\/prodotto\/gabriele-dannunzio-dedica-autografata-su-foto\/\" \/>\n<meta property=\"og:locale\" content=\"en_US\" \/>\n<meta property=\"og:type\" content=\"article\" \/>\n<meta property=\"og:title\" content=\"Gabriele d&#039;Annunzio Dedica Autografata su foto - Thefinitive\" \/>\n<meta property=\"og:description\" content=\"Gabriele d&#039;Annunzio fotografia con dedica autografata - Autografo originale - Original hand written D&#039;Annunzio signature autographed photo\" \/>\n<meta property=\"og:url\" content=\"https:\/\/thefinitive.com\/en\/prodotto\/gabriele-dannunzio-dedica-autografata-su-foto\/\" \/>\n<meta property=\"og:site_name\" content=\"Thefinitive\" \/>\n<meta property=\"article:publisher\" content=\"https:\/\/business.facebook.com\/Thefinitive-111771813534320\/\" \/>\n<meta property=\"article:modified_time\" content=\"2023-07-08T15:21:58+00:00\" \/>\n<meta property=\"og:image\" content=\"https:\/\/thefinitive.com\/wp-content\/uploads\/2021\/05\/DannAndr1.jpg\" \/>\n\t<meta property=\"og:image:width\" content=\"2160\" \/>\n\t<meta property=\"og:image:height\" content=\"2160\" \/>\n\t<meta property=\"og:image:type\" content=\"image\/jpeg\" \/>\n<meta name=\"twitter:card\" content=\"summary_large_image\" \/>\n<meta name=\"twitter:label1\" content=\"Est. reading time\" \/>\n\t<meta name=\"twitter:data1\" content=\"4 minutes\" \/>\n<script type=\"application\/ld+json\" class=\"yoast-schema-graph\">{\"@context\":\"https:\/\/schema.org\",\"@graph\":[{\"@type\":\"WebPage\",\"@id\":\"https:\/\/thefinitive.com\/en\/prodotto\/gabriele-dannunzio-dedica-autografata-su-foto\/\",\"url\":\"https:\/\/thefinitive.com\/en\/prodotto\/gabriele-dannunzio-dedica-autografata-su-foto\/\",\"name\":\"Gabriele d'Annunzio Dedica Autografata su foto - Thefinitive\",\"isPartOf\":{\"@id\":\"https:\/\/thefinitive.com\/en\/#website\"},\"datePublished\":\"2021-05-05T07:47:03+00:00\",\"dateModified\":\"2023-07-08T15:21:58+00:00\",\"description\":\"Gabriele d'Annunzio fotografia con dedica autografata - Autografo originale - Original hand written D'Annunzio signature autographed photo\",\"breadcrumb\":{\"@id\":\"https:\/\/thefinitive.com\/en\/prodotto\/gabriele-dannunzio-dedica-autografata-su-foto\/#breadcrumb\"},\"inLanguage\":\"en-US\",\"potentialAction\":[{\"@type\":\"ReadAction\",\"target\":[\"https:\/\/thefinitive.com\/en\/prodotto\/gabriele-dannunzio-dedica-autografata-su-foto\/\"]}]},{\"@type\":\"BreadcrumbList\",\"@id\":\"https:\/\/thefinitive.com\/en\/prodotto\/gabriele-dannunzio-dedica-autografata-su-foto\/#breadcrumb\",\"itemListElement\":[{\"@type\":\"ListItem\",\"position\":1,\"name\":\"Home\",\"item\":\"https:\/\/thefinitive.com\/en\/\"},{\"@type\":\"ListItem\",\"position\":2,\"name\":\"Shop\",\"item\":\"https:\/\/thefinitive.com\/en\/shop-2\/\"},{\"@type\":\"ListItem\",\"position\":3,\"name\":\"Gabriele d&#8217;Annunzio Dedica Autografata su foto\"}]},{\"@type\":\"WebSite\",\"@id\":\"https:\/\/thefinitive.com\/en\/#website\",\"url\":\"https:\/\/thefinitive.com\/en\/\",\"name\":\"Thefinitive\",\"description\":\"Antiquariato Online\",\"publisher\":{\"@id\":\"https:\/\/thefinitive.com\/en\/#organization\"},\"potentialAction\":[{\"@type\":\"SearchAction\",\"target\":{\"@type\":\"EntryPoint\",\"urlTemplate\":\"https:\/\/thefinitive.com\/en\/?s={search_term_string}\"},\"query-input\":\"required name=search_term_string\"}],\"inLanguage\":\"en-US\"},{\"@type\":\"Organization\",\"@id\":\"https:\/\/thefinitive.com\/en\/#organization\",\"name\":\"Thefinitive\",\"url\":\"https:\/\/thefinitive.com\/en\/\",\"logo\":{\"@type\":\"ImageObject\",\"inLanguage\":\"en-US\",\"@id\":\"https:\/\/thefinitive.com\/en\/#\/schema\/logo\/image\/\",\"url\":\"https:\/\/thefinitive.com\/wp-content\/uploads\/2019\/07\/logo4vett.svg\",\"contentUrl\":\"https:\/\/thefinitive.com\/wp-content\/uploads\/2019\/07\/logo4vett.svg\",\"width\":500,\"height\":100,\"caption\":\"Thefinitive\"},\"image\":{\"@id\":\"https:\/\/thefinitive.com\/en\/#\/schema\/logo\/image\/\"},\"sameAs\":[\"https:\/\/business.facebook.com\/Thefinitive-111771813534320\/\",\"https:\/\/www.instagram.com\/_thefinitive_\/\"]}]}<\/script>\n<!-- \/ Yoast SEO plugin. -->","yoast_head_json":{"title":"Gabriele d'Annunzio Dedica Autografata su foto - Thefinitive","description":"Gabriele d'Annunzio fotografia con dedica autografata - Autografo originale - Original hand written D'Annunzio signature autographed photo","robots":{"index":"index","follow":"follow","max-snippet":"max-snippet:-1","max-image-preview":"max-image-preview:large","max-video-preview":"max-video-preview:-1"},"canonical":"https:\/\/thefinitive.com\/en\/prodotto\/gabriele-dannunzio-dedica-autografata-su-foto\/","og_locale":"en_US","og_type":"article","og_title":"Gabriele d'Annunzio Dedica Autografata su foto - Thefinitive","og_description":"Gabriele d'Annunzio fotografia con dedica autografata - Autografo originale - Original hand written D'Annunzio signature autographed photo","og_url":"https:\/\/thefinitive.com\/en\/prodotto\/gabriele-dannunzio-dedica-autografata-su-foto\/","og_site_name":"Thefinitive","article_publisher":"https:\/\/business.facebook.com\/Thefinitive-111771813534320\/","article_modified_time":"2023-07-08T15:21:58+00:00","og_image":[{"width":2160,"height":2160,"url":"https:\/\/thefinitive.com\/wp-content\/uploads\/2021\/05\/DannAndr1.jpg","type":"image\/jpeg"}],"twitter_card":"summary_large_image","twitter_misc":{"Est. reading time":"4 minutes"},"schema":{"@context":"https:\/\/schema.org","@graph":[{"@type":"WebPage","@id":"https:\/\/thefinitive.com\/en\/prodotto\/gabriele-dannunzio-dedica-autografata-su-foto\/","url":"https:\/\/thefinitive.com\/en\/prodotto\/gabriele-dannunzio-dedica-autografata-su-foto\/","name":"Gabriele d'Annunzio Dedica Autografata su foto - Thefinitive","isPartOf":{"@id":"https:\/\/thefinitive.com\/en\/#website"},"datePublished":"2021-05-05T07:47:03+00:00","dateModified":"2023-07-08T15:21:58+00:00","description":"Gabriele d'Annunzio fotografia con dedica autografata - Autografo originale - Original hand written D'Annunzio signature autographed photo","breadcrumb":{"@id":"https:\/\/thefinitive.com\/en\/prodotto\/gabriele-dannunzio-dedica-autografata-su-foto\/#breadcrumb"},"inLanguage":"en-US","potentialAction":[{"@type":"ReadAction","target":["https:\/\/thefinitive.com\/en\/prodotto\/gabriele-dannunzio-dedica-autografata-su-foto\/"]}]},{"@type":"BreadcrumbList","@id":"https:\/\/thefinitive.com\/en\/prodotto\/gabriele-dannunzio-dedica-autografata-su-foto\/#breadcrumb","itemListElement":[{"@type":"ListItem","position":1,"name":"Home","item":"https:\/\/thefinitive.com\/en\/"},{"@type":"ListItem","position":2,"name":"Shop","item":"https:\/\/thefinitive.com\/en\/shop-2\/"},{"@type":"ListItem","position":3,"name":"Gabriele d&#8217;Annunzio Dedica Autografata su foto"}]},{"@type":"WebSite","@id":"https:\/\/thefinitive.com\/en\/#website","url":"https:\/\/thefinitive.com\/en\/","name":"Thefinitive","description":"Antiquariato Online","publisher":{"@id":"https:\/\/thefinitive.com\/en\/#organization"},"potentialAction":[{"@type":"SearchAction","target":{"@type":"EntryPoint","urlTemplate":"https:\/\/thefinitive.com\/en\/?s={search_term_string}"},"query-input":"required name=search_term_string"}],"inLanguage":"en-US"},{"@type":"Organization","@id":"https:\/\/thefinitive.com\/en\/#organization","name":"Thefinitive","url":"https:\/\/thefinitive.com\/en\/","logo":{"@type":"ImageObject","inLanguage":"en-US","@id":"https:\/\/thefinitive.com\/en\/#\/schema\/logo\/image\/","url":"https:\/\/thefinitive.com\/wp-content\/uploads\/2019\/07\/logo4vett.svg","contentUrl":"https:\/\/thefinitive.com\/wp-content\/uploads\/2019\/07\/logo4vett.svg","width":500,"height":100,"caption":"Thefinitive"},"image":{"@id":"https:\/\/thefinitive.com\/en\/#\/schema\/logo\/image\/"},"sameAs":["https:\/\/business.facebook.com\/Thefinitive-111771813534320\/","https:\/\/www.instagram.com\/_thefinitive_\/"]}]}},"_links":{"self":[{"href":"https:\/\/thefinitive.com\/en\/wp-json\/wp\/v3\/product\/8434"}],"collection":[{"href":"https:\/\/thefinitive.com\/en\/wp-json\/wp\/v3\/product"}],"about":[{"href":"https:\/\/thefinitive.com\/en\/wp-json\/wp\/v2\/types\/product"}],"replies":[{"embeddable":true,"href":"https:\/\/thefinitive.com\/en\/wp-json\/wp\/v2\/comments?post=8434"}],"version-history":[{"count":1,"href":"https:\/\/thefinitive.com\/en\/wp-json\/wp\/v3\/product\/8434\/revisions"}],"predecessor-version":[{"id":15166,"href":"https:\/\/thefinitive.com\/en\/wp-json\/wp\/v3\/product\/8434\/revisions\/15166"}],"wp:featuredmedia":[{"embeddable":true,"href":"https:\/\/thefinitive.com\/en\/wp-json\/wp\/v2\/media\/8435"}],"wp:attachment":[{"href":"https:\/\/thefinitive.com\/en\/wp-json\/wp\/v2\/media?parent=8434"}],"wp:term":[{"taxonomy":"product_cat","embeddable":true,"href":"https:\/\/thefinitive.com\/en\/wp-json\/wp\/v2\/product_cat?post=8434"},{"taxonomy":"product_tag","embeddable":true,"href":"https:\/\/thefinitive.com\/en\/wp-json\/wp\/v2\/product_tag?post=8434"}],"curies":[{"name":"wp","href":"https:\/\/api.w.org\/{rel}","templated":true}]}}