{"id":8229,"date":"2021-02-19T17:24:17","date_gmt":"2021-02-19T17:24:17","guid":{"rendered":"https:\/\/www.thefinitive.com\/?post_type=product&#038;p=8229"},"modified":"2023-03-20T17:23:47","modified_gmt":"2023-03-20T16:23:47","slug":"umberto-nobile-dirigibile-italia-norge-foto-autografata","status":"publish","type":"product","link":"https:\/\/thefinitive.com\/en\/prodotto\/umberto-nobile-dirigibile-italia-norge-foto-autografata\/","title":{"rendered":"\u274c\ud83d\ude41Umberto NOBILE dirigibile Italia &#8211; Norge &#8211; foto autografata"},"content":{"rendered":"<p>Foto autografata di <strong>UMBERTO NOBILE <\/strong>in uniforme da Tenente Colonnello\u00a0 della Regia Aeronautica italiana, noto al mondo per le sue trasvolate con i dirigibile <strong>Norge<\/strong> del <strong>1926<\/strong> ed <strong>Italia<\/strong> nel <strong>1928\u00a0<\/strong><\/p>\n<p>La firma si trova in diagonale al centro della fotografia, un bello scatto che lo ritrae di tre quarti.<\/p>\n<p>In ottime condizioni di conservazione<\/p>\n<p>&nbsp;<\/p>\n<p><strong>MATERIALE\u00a0 \u00a0 \u00a0:\u00a0<\/strong> Carta fotografica, firma olografa ad inchiostro<\/p>\n<p><strong>MISURE\u00a0 \u00a0 \u00a0 \u00a0 \u00a0 \u00a0 :<\/strong>\u00a0 cm. 17 x 12 circa<\/p>\n<p><strong>MARCHIO\u00a0 \u00a0 \u00a0 \u00a0 \u00a0:<\/strong> &#8211;<\/p>\n<p>&nbsp;<\/p>\n<h2 style=\"text-align: left;\">NOTIZIE<\/h2>\n<p><b>Umberto Nobile<\/b>\u00a0(Lauro,\u00a021 gennaio\u00a01885\u00a0\u2013\u00a0Roma,\u00a030 luglio\u00a01978) \u00e8 stato un generale,\u00a0esploratore,\u00a0ingegnere\u00a0e\u00a0accademico\u00a0italiano.<\/p>\n<p>Fu docente di\u00a0Costruzioni aeronautiche\u00a0dell&#8217;Universit\u00e0 degli Studi di Napoli Federico II\u00a0per oltre trent&#8217;anni, nonch\u00e9 direttore dello Stabilimento militare di costruzioni aeronautiche a Roma dal\u00a01919\u00a0al\u00a01928\u00a0e generale del Corpo del\u00a0Genio aeronautico\u00a0ruolo ingegneri dell&#8217;Aeronautica Militare. Umberto Nobile \u00e8 stato uno dei pionieri e delle personalit\u00e0 pi\u00f9 elevate della storia dell&#8217;aeronautica italiana, divenne famoso al grande pubblico per le sue due trasvolate in dirigibile\u00a0del\u00a0Polo Nord, compiute nel 1926 a bordo del\u00a0dirigibile\u00a0<i>Norge<\/i>\u00a0e nel 1928 a bordo del\u00a0dirigibile\u00a0<i>Italia<\/i>, quest&#8217;ultima conclusasi in tragedia.<\/p>\n<p>&nbsp;<\/p>\n<h3><span id=\"La_trasvolata_del_Polo_Nord\" class=\"mw-headline\">La trasvolata del Polo Nord<\/span><\/h3>\n<h4><span id=\"La_prima_spedizione\" class=\"mw-headline\">La prima spedizione<\/span><\/h4>\n<div class=\"thumb tright\">\n<div class=\"thumbinner\">\n<p><a class=\"image\" href=\"https:\/\/it.wikipedia.org\/wiki\/File:Umberto_Nobile_NYWTS.jpg\"><img loading=\"lazy\" decoding=\"async\" class=\"thumbimage\" src=\"https:\/\/upload.wikimedia.org\/wikipedia\/commons\/thumb\/b\/bd\/Umberto_Nobile_NYWTS.jpg\/220px-Umberto_Nobile_NYWTS.jpg\" srcset=\"\/\/upload.wikimedia.org\/wikipedia\/commons\/thumb\/b\/bd\/Umberto_Nobile_NYWTS.jpg\/330px-Umberto_Nobile_NYWTS.jpg 1.5x, \/\/upload.wikimedia.org\/wikipedia\/commons\/thumb\/b\/bd\/Umberto_Nobile_NYWTS.jpg\/440px-Umberto_Nobile_NYWTS.jpg 2x\" alt=\"\" width=\"220\" height=\"328\" data-file-width=\"2011\" data-file-height=\"3000\" \/><\/a><\/p>\n<div class=\"thumbcaption\">\n<div class=\"magnify\"><\/div>\n<p>Umberto Nobile e la cagnetta Titina, 1926<\/p>\n<\/div>\n<\/div>\n<\/div>\n<p>&nbsp;<\/p>\n<p>Alle ore 9:30 del 10 aprile 1926 il Dirigibile\u00a0<i>Norge<\/i>, comandato da Umberto Nobile, inizi\u00f2 il suo volo da Ciampino, facendo tappa a Pulham (Inghilterra), Oslo, Leningrado e Vads\u00f8 (Norvegia), e giungendo il 7 maggio alle Isole Svalbard. Da qui, saliti a bordo anche l&#8217;esploratore norvegese\u00a0<a title=\"Roald Amundsen\" href=\"https:\/\/it.wikipedia.org\/wiki\/Roald_Amundsen\">Roald Amundsen<\/a>\u00a0e lo sponsor statunitense\u00a0<a title=\"Lincoln Ellsworth\" href=\"https:\/\/it.wikipedia.org\/wiki\/Lincoln_Ellsworth\">Lincoln Ellsworth<\/a>, il\u00a0<i>Norge<\/i>\u00a0riprese il volo il giorno 11 maggio e giunse sopra il Polo Nord il 12 maggio, alle 1.30, ora di Greenwich. Proseguirono come programmato verso l&#8217;Alaska e atterrarono due giorni dopo a Teller, invece che a Nome, per le avverse condizioni atmosferiche, compiendo una traversata di oltre\u00a0<span class=\"nowrap\">5300\u00a0km<\/span>\u00a0di volo ininterrotto.<\/p>\n<p>Successivamente, questo viaggio sfoci\u00f2 in una controversia tra Nobile e Amundsen, su a chi andasse il merito e il credito per la spedizione.<\/p>\n<div class=\"thumb tleft\">\n<div class=\"thumbinner\">\n<p><a class=\"image\" href=\"https:\/\/it.wikipedia.org\/wiki\/File:Norge_ciampino.jpg\"><img loading=\"lazy\" decoding=\"async\" class=\"thumbimage\" src=\"https:\/\/upload.wikimedia.org\/wikipedia\/it\/thumb\/d\/d0\/Norge_ciampino.jpg\/220px-Norge_ciampino.jpg\" srcset=\"\/\/upload.wikimedia.org\/wikipedia\/it\/thumb\/d\/d0\/Norge_ciampino.jpg\/330px-Norge_ciampino.jpg 1.5x, \/\/upload.wikimedia.org\/wikipedia\/it\/thumb\/d\/d0\/Norge_ciampino.jpg\/440px-Norge_ciampino.jpg 2x\" alt=\"\" width=\"220\" height=\"129\" data-file-width=\"578\" data-file-height=\"339\" \/><\/a><\/p>\n<div class=\"thumbcaption\">\n<div class=\"magnify\"><\/div>\n<p>Il Norge parte da\u00a0Ciampino<\/p>\n<\/div>\n<\/div>\n<\/div>\n<p>&nbsp;<\/p>\n<p>Il crescente favore del partito fascista in Italia riteneva l&#8217;impresa di Nobile una buona pubblicit\u00e0 al movimento anche oltreoceano mentre i norvegesi reclamavano il merito maggiore visto che l&#8217;idea era loro, cos\u00ec come l&#8217;acquisto del dirigibile: Amundsen era il grande personaggio della Norvegia, il suo eroe, ma per tutta la durata del viaggio non ebbe altro ruolo che quello di un malcontento passeggero. Una volta tornato in Italia Nobile fu promosso da\u00a0Mussolini\u00a0a\u00a0<span class=\"chiarimento\" title=\"Il testo selezionato deve essere comprovato da una fonte affidabile. Modifica la pagina per aggiungere fonti.\">maggior generale del Genio Aeronautico.<\/span><\/p>\n<p>Sempre nel 1926 Nobile istitu\u00ec il gabinetto di Costruzioni Aeronautiche all&#8217;Universit\u00e0 di Napoli &#8220;Federico II&#8221;.<\/p>\n<h4><span id=\"La_seconda_spedizione\" class=\"mw-headline\">La seconda spedizione<\/span><\/h4>\n<p>Umberto Nobile ritorn\u00f2 al Polo Nord come comandante del dirigibile <i>Italia<\/i>. Questa nuova spedizione, dal carattere marcatamente scientifico, ebbe inizio il 15 aprile\u00a01928, da\u00a0Milano. Alla spedizione partecip\u00f2 anche, con funzioni di supporto, un gruppo di\u00a0alpini\u00a0al comando del capitano\u00a0Gennaro Sora, che avrebbe poi preso parte alle operazioni di soccorso conseguenti il disastro del dirigibile\u00a0<i>Italia<\/i>.<\/p>\n<p>Dopo aver attraversato le\u00a0Alpi, l&#8217;Austria, la\u00a0Cecoslovacchia, la\u00a0Germania\u00a0e la\u00a0Svezia\u00a0l&#8217;<i>Italia<\/i>\u00a0raggiunse\u00a0Kingsbay, base norvegese nelle\u00a0isole Svalbard. Dopo aver effettuato un primo viaggio di esplorazione a oriente delle Svalbard l&#8217;<i>Italia<\/i>\u00a0part\u00ec per il Polo Nord il 23 maggio\u00a01928. L&#8217;ambito limite geografico fu raggiunto alle 00:24 del 24 maggio 1928; dalla verticale del punto furono lanciate una croce benedetta da Pio XI e una bandiera dell&#8217;Italia. Il dirigibile non pot\u00e9 effettuare un atterraggio come previsto a causa delle avverse condizioni climatiche e dopo due ore sopra il polo inizi\u00f2 il viaggio di ritorno.<\/p>\n<h4><span id=\"La_Tenda_Rossa\" class=\"mw-headline\">La Tenda Rossa<\/span><\/h4>\n<div class=\"thumb tleft\">\n<div class=\"thumbinner\"><a class=\"image\" href=\"https:\/\/it.wikipedia.org\/wiki\/File:Bundesarchiv_Bild_102-05737,_Stolp,_Landung_des_Nordpol-Luftschiffes_%22Italia%22.jpg\"><img loading=\"lazy\" decoding=\"async\" class=\"thumbimage\" src=\"https:\/\/upload.wikimedia.org\/wikipedia\/commons\/thumb\/0\/05\/Bundesarchiv_Bild_102-05737%2C_Stolp%2C_Landung_des_Nordpol-Luftschiffes_%22Italia%22.jpg\/220px-Bundesarchiv_Bild_102-05737%2C_Stolp%2C_Landung_des_Nordpol-Luftschiffes_%22Italia%22.jpg\" srcset=\"\/\/upload.wikimedia.org\/wikipedia\/commons\/thumb\/0\/05\/Bundesarchiv_Bild_102-05737%2C_Stolp%2C_Landung_des_Nordpol-Luftschiffes_%22Italia%22.jpg\/330px-Bundesarchiv_Bild_102-05737%2C_Stolp%2C_Landung_des_Nordpol-Luftschiffes_%22Italia%22.jpg 1.5x, \/\/upload.wikimedia.org\/wikipedia\/commons\/thumb\/0\/05\/Bundesarchiv_Bild_102-05737%2C_Stolp%2C_Landung_des_Nordpol-Luftschiffes_%22Italia%22.jpg\/440px-Bundesarchiv_Bild_102-05737%2C_Stolp%2C_Landung_des_Nordpol-Luftschiffes_%22Italia%22.jpg 2x\" alt=\"\" width=\"220\" height=\"157\" data-file-width=\"784\" data-file-height=\"560\" \/><\/a><\/div>\n<\/div>\n<div class=\"magnify\"><\/div>\n<p>&nbsp;<\/p>\n<p>A tragitto quasi del tutto completato, proprio mentre spiccavano all&#8217;orizzonte le montagne delle\u00a0isole Svalbard, il dirigibile\u00a0<i>Italia<\/i>\u00a0si schiant\u00f2 sui ghiacci a causa di una violenta tempesta. La cabina di comando rimase sul ghiaccio con dieci uomini (Nobile, Zappi, Mariano, Viglieri, Biagi, Behounek, Malmgren, Cecioni, Trojani, Pomella morto nell&#8217;impatto) e Titina, la cagnetta del generale, i quali vennero sbalzati dall&#8217;urto sul ghiaccio, mentre il resto del dirigibile (l&#8217;involucro con l&#8217;idrogeno e la grande trave chiglia sottostante contenente gran parte del carico), reso pi\u00f9 leggero, riprendeva quota portando con s\u00e9 altri membri dell&#8217;equipaggio destinati a scomparire per sempre (Pontremoli, Arduino, Ciocca, Lago, Alessandrini e Caratti). Nobile riport\u00f2 gravi ferite a un braccio e a una gamba, al punto da dover essere sistemato in un sacco a pelo, dove rimase fino all&#8217;arrivo dei soccorsi.<\/p>\n<p>I superstiti, fortunatamente, si trovarono circondati di materiali caduti con l&#8217;impatto o gettati eroicamente da Arduino dall&#8217;aeronave, tra i quali cibo, una\u00a0radio\u00a0e la famosa\u00a0Tenda Rossa\u00a0(che in realt\u00e0 era di color argento, colorata di rosso con dell&#8217;anilina, sostanza usata per le rilevazioni altimetriche), entro la quale si adattarono a vivere per sette settimane.<\/p>\n<p>Dall&#8217;incidente scatur\u00ec la prima spedizione internazionale di soccorso polare e un mese dopo Nobile venne portato in salvo con un piccolo aereo svedese comandato dal tenente svedese\u00a0Lundborg. Nobile non voleva essere salvato per primo, poich\u00e9 Cecioni aveva una gamba fratturata, ma il pilota svedese aveva precise consegne e fu irremovibile nell&#8217;ordinare al generale di essere salvato per primo. Quando il pilota ritorn\u00f2 a prendere gli altri, precipit\u00f2 egli stesso, rimanendo a sua volta imprigionato tra i ghiacci. In totale perirono otto persone dell&#8217;equipaggio dell&#8217;<i>Italia<\/i>; lo stesso Amundsen mor\u00ec, scomparendo per sempre, mentre volava su quelle gelide isole per prendere parte alle ricerche dei dispersi.<\/p>\n<p>Mentre tutte le forze internazionali di soccorso si erano mobilitate per salvare i superstiti, la sola nazione che rimase inerte fu proprio l&#8217;Italia. La nave appoggio\u00a0<i>Citt\u00e0 di Milano<\/i>, comandata dal capitano Romagna, rimase alla fonda nella\u00a0Baia del Re\u00a0su precisi ordini di Roma. Una volta che Nobile vi sal\u00ec a bordo vi rimase da prigioniero, impossibilitato a fornire utili indicazioni per il salvataggio, mentre la stampa, su pressione del governo fascista, lo tacciava di vigliaccheria (Nobile non aveva mai espresso il proprio entusiasmo politico verso il regime). Solo il 12 luglio\u00a01928\u00a0il\u00a0rompighiaccio\u00a0sovietico\u00a0<strong><i>Krassin<\/i>\u00a0<\/strong>raggiunse i superstiti e li trasse in salvo. A capo della squadra di soccorso era\u00a0<strong>Rudol&#8217;f Lazarevi\u010d Samojlovi<\/strong>\u010d.<\/p>\n<h3 data-canvas-width=\"297.121370921676\"><\/h3>\n<h3 data-canvas-width=\"297.121370921676\"><a href=\"https:\/\/www.thefinitive.com\/aeronautica-specialita-eventi-storici-nellaviazione-italiana\/\" target=\"_blank\" rel=\"noopener\">Cliccando sulla seguente foto\/link avrete accesso ad una serie di informazioni documentali, storiche, relative all&#8217;argomento inerente questo articolo in vendita<\/a><\/h3>\n<p>&nbsp;<\/p>\n<figure id=\"attachment_7795\" aria-describedby=\"caption-attachment-7795\" style=\"width: 261px\" class=\"wp-caption aligncenter\"><a href=\"https:\/\/www.thefinitive.com\/regia-aeronautica-arma-aeronautica\/\" target=\"_blank\" rel=\"noopener\"><img loading=\"lazy\" decoding=\"async\" class=\"wp-image-7795\" src=\"https:\/\/www.thefinitive.com\/wp-content\/uploads\/2021\/01\/Regia-150x150.png\" alt=\"\" width=\"261\" height=\"261\" srcset=\"https:\/\/thefinitive.com\/wp-content\/uploads\/2021\/01\/Regia-150x150.png 150w, https:\/\/thefinitive.com\/wp-content\/uploads\/2021\/01\/Regia-100x100.png 100w, https:\/\/thefinitive.com\/wp-content\/uploads\/2021\/01\/Regia-45x45.png 45w\" sizes=\"(max-width: 261px) 100vw, 261px\" \/><\/a><figcaption id=\"caption-attachment-7795\" class=\"wp-caption-text\"><strong>\u00a0 \u00a0 \u00a0 \u00a0 SIMBOLO Regia Aeronautica<\/strong><\/figcaption><\/figure>\n<p>&nbsp;<\/p>\n<p>Fonti \u00a0<em>Wikipedia<\/em><\/p>\n<p>&nbsp;<\/p>\n<p>2.21<\/p>\n","protected":false},"excerpt":{"rendered":"<p style=\"text-align: center;\">Foto autografata con firma olografa di <strong>UMBERTO NOBILE <\/strong>in uniforme da Tenente Colonnello\u00a0 della Regia Aeronautica italiana. Noto al mondo per le sue trasvolate con i dirigibile <strong>Norge<\/strong> del <strong>1926<\/strong> ed <strong>Italia<\/strong> nel <strong>1928\u00a0<\/strong><\/p>\n<p style=\"text-align: center;\">In ottime condizioni di conservazione<\/p>\n<p style=\"text-align: center;\">Misure circa cm.17 x 12<\/p>\n<p style=\"text-align: center;\"><strong><em>(Scorri la pagina in basso per ulteriori dettagli e informazioni)<\/em><\/strong><\/p>\n<p>&nbsp;<\/p>\n<p>&nbsp;<\/p>\n","protected":false},"featured_media":8230,"comment_status":"open","ping_status":"closed","template":"","meta":[],"product_cat":[586],"product_tag":[723,190,197,155,156],"yoast_head":"<!-- This site is optimized with the Yoast SEO plugin v21.9.1 - https:\/\/yoast.com\/wordpress\/plugins\/seo\/ -->\n<title>\u274c\ud83d\ude41Umberto NOBILE dirigibile Italia - Norge - foto autografata - Thefinitive<\/title>\n<meta name=\"description\" content=\"Umberto Nobile Foto autografa Generale Regia Aeronautica Trasvolata DIRIGIBILE ITALIA - Polo Nord - NORGE - Amundsen Mussolini Valle\" \/>\n<meta name=\"robots\" content=\"index, follow, max-snippet:-1, max-image-preview:large, max-video-preview:-1\" \/>\n<link rel=\"canonical\" href=\"https:\/\/thefinitive.com\/en\/prodotto\/umberto-nobile-dirigibile-italia-norge-foto-autografata\/\" \/>\n<meta property=\"og:locale\" content=\"en_US\" \/>\n<meta property=\"og:type\" content=\"article\" \/>\n<meta property=\"og:title\" content=\"\u274c\ud83d\ude41Umberto NOBILE dirigibile Italia - Norge - foto autografata - Thefinitive\" \/>\n<meta property=\"og:description\" content=\"Umberto Nobile Foto autografa Generale Regia Aeronautica Trasvolata DIRIGIBILE ITALIA - Polo Nord - NORGE - Amundsen Mussolini Valle\" \/>\n<meta property=\"og:url\" content=\"https:\/\/thefinitive.com\/en\/prodotto\/umberto-nobile-dirigibile-italia-norge-foto-autografata\/\" \/>\n<meta property=\"og:site_name\" content=\"Thefinitive\" \/>\n<meta property=\"article:publisher\" content=\"https:\/\/business.facebook.com\/Thefinitive-111771813534320\/\" \/>\n<meta property=\"article:modified_time\" content=\"2023-03-20T16:23:47+00:00\" \/>\n<meta property=\"og:image\" content=\"https:\/\/thefinitive.com\/wp-content\/uploads\/2021\/02\/nobile1-2.jpg\" \/>\n\t<meta property=\"og:image:width\" content=\"2116\" \/>\n\t<meta property=\"og:image:height\" content=\"2117\" \/>\n\t<meta property=\"og:image:type\" content=\"image\/jpeg\" \/>\n<meta name=\"twitter:card\" content=\"summary_large_image\" \/>\n<meta name=\"twitter:label1\" content=\"Est. reading time\" \/>\n\t<meta name=\"twitter:data1\" content=\"5 minutes\" \/>\n<script type=\"application\/ld+json\" class=\"yoast-schema-graph\">{\"@context\":\"https:\/\/schema.org\",\"@graph\":[{\"@type\":\"WebPage\",\"@id\":\"https:\/\/thefinitive.com\/en\/prodotto\/umberto-nobile-dirigibile-italia-norge-foto-autografata\/\",\"url\":\"https:\/\/thefinitive.com\/en\/prodotto\/umberto-nobile-dirigibile-italia-norge-foto-autografata\/\",\"name\":\"\u274c\ud83d\ude41Umberto NOBILE dirigibile Italia - Norge - foto autografata - Thefinitive\",\"isPartOf\":{\"@id\":\"https:\/\/thefinitive.com\/en\/#website\"},\"datePublished\":\"2021-02-19T17:24:17+00:00\",\"dateModified\":\"2023-03-20T16:23:47+00:00\",\"description\":\"Umberto Nobile Foto autografa Generale Regia Aeronautica Trasvolata DIRIGIBILE ITALIA - Polo Nord - NORGE - Amundsen Mussolini Valle\",\"breadcrumb\":{\"@id\":\"https:\/\/thefinitive.com\/en\/prodotto\/umberto-nobile-dirigibile-italia-norge-foto-autografata\/#breadcrumb\"},\"inLanguage\":\"en-US\",\"potentialAction\":[{\"@type\":\"ReadAction\",\"target\":[\"https:\/\/thefinitive.com\/en\/prodotto\/umberto-nobile-dirigibile-italia-norge-foto-autografata\/\"]}]},{\"@type\":\"BreadcrumbList\",\"@id\":\"https:\/\/thefinitive.com\/en\/prodotto\/umberto-nobile-dirigibile-italia-norge-foto-autografata\/#breadcrumb\",\"itemListElement\":[{\"@type\":\"ListItem\",\"position\":1,\"name\":\"Home\",\"item\":\"https:\/\/thefinitive.com\/en\/\"},{\"@type\":\"ListItem\",\"position\":2,\"name\":\"Shop\",\"item\":\"https:\/\/thefinitive.com\/en\/shop-2\/\"},{\"@type\":\"ListItem\",\"position\":3,\"name\":\"\u274c\ud83d\ude41Umberto NOBILE dirigibile Italia &#8211; Norge &#8211; foto autografata\"}]},{\"@type\":\"WebSite\",\"@id\":\"https:\/\/thefinitive.com\/en\/#website\",\"url\":\"https:\/\/thefinitive.com\/en\/\",\"name\":\"Thefinitive\",\"description\":\"Antiquariato Online\",\"publisher\":{\"@id\":\"https:\/\/thefinitive.com\/en\/#organization\"},\"potentialAction\":[{\"@type\":\"SearchAction\",\"target\":{\"@type\":\"EntryPoint\",\"urlTemplate\":\"https:\/\/thefinitive.com\/en\/?s={search_term_string}\"},\"query-input\":\"required name=search_term_string\"}],\"inLanguage\":\"en-US\"},{\"@type\":\"Organization\",\"@id\":\"https:\/\/thefinitive.com\/en\/#organization\",\"name\":\"Thefinitive\",\"url\":\"https:\/\/thefinitive.com\/en\/\",\"logo\":{\"@type\":\"ImageObject\",\"inLanguage\":\"en-US\",\"@id\":\"https:\/\/thefinitive.com\/en\/#\/schema\/logo\/image\/\",\"url\":\"https:\/\/thefinitive.com\/wp-content\/uploads\/2019\/07\/logo4vett.svg\",\"contentUrl\":\"https:\/\/thefinitive.com\/wp-content\/uploads\/2019\/07\/logo4vett.svg\",\"width\":500,\"height\":100,\"caption\":\"Thefinitive\"},\"image\":{\"@id\":\"https:\/\/thefinitive.com\/en\/#\/schema\/logo\/image\/\"},\"sameAs\":[\"https:\/\/business.facebook.com\/Thefinitive-111771813534320\/\",\"https:\/\/www.instagram.com\/_thefinitive_\/\"]}]}<\/script>\n<!-- \/ Yoast SEO plugin. -->","yoast_head_json":{"title":"\u274c\ud83d\ude41Umberto NOBILE dirigibile Italia - Norge - foto autografata - Thefinitive","description":"Umberto Nobile Foto autografa Generale Regia Aeronautica Trasvolata DIRIGIBILE ITALIA - Polo Nord - NORGE - Amundsen Mussolini Valle","robots":{"index":"index","follow":"follow","max-snippet":"max-snippet:-1","max-image-preview":"max-image-preview:large","max-video-preview":"max-video-preview:-1"},"canonical":"https:\/\/thefinitive.com\/en\/prodotto\/umberto-nobile-dirigibile-italia-norge-foto-autografata\/","og_locale":"en_US","og_type":"article","og_title":"\u274c\ud83d\ude41Umberto NOBILE dirigibile Italia - Norge - foto autografata - Thefinitive","og_description":"Umberto Nobile Foto autografa Generale Regia Aeronautica Trasvolata DIRIGIBILE ITALIA - Polo Nord - NORGE - Amundsen Mussolini Valle","og_url":"https:\/\/thefinitive.com\/en\/prodotto\/umberto-nobile-dirigibile-italia-norge-foto-autografata\/","og_site_name":"Thefinitive","article_publisher":"https:\/\/business.facebook.com\/Thefinitive-111771813534320\/","article_modified_time":"2023-03-20T16:23:47+00:00","og_image":[{"width":2116,"height":2117,"url":"https:\/\/thefinitive.com\/wp-content\/uploads\/2021\/02\/nobile1-2.jpg","type":"image\/jpeg"}],"twitter_card":"summary_large_image","twitter_misc":{"Est. reading time":"5 minutes"},"schema":{"@context":"https:\/\/schema.org","@graph":[{"@type":"WebPage","@id":"https:\/\/thefinitive.com\/en\/prodotto\/umberto-nobile-dirigibile-italia-norge-foto-autografata\/","url":"https:\/\/thefinitive.com\/en\/prodotto\/umberto-nobile-dirigibile-italia-norge-foto-autografata\/","name":"\u274c\ud83d\ude41Umberto NOBILE dirigibile Italia - Norge - foto autografata - Thefinitive","isPartOf":{"@id":"https:\/\/thefinitive.com\/en\/#website"},"datePublished":"2021-02-19T17:24:17+00:00","dateModified":"2023-03-20T16:23:47+00:00","description":"Umberto Nobile Foto autografa Generale Regia Aeronautica Trasvolata DIRIGIBILE ITALIA - Polo Nord - NORGE - Amundsen Mussolini Valle","breadcrumb":{"@id":"https:\/\/thefinitive.com\/en\/prodotto\/umberto-nobile-dirigibile-italia-norge-foto-autografata\/#breadcrumb"},"inLanguage":"en-US","potentialAction":[{"@type":"ReadAction","target":["https:\/\/thefinitive.com\/en\/prodotto\/umberto-nobile-dirigibile-italia-norge-foto-autografata\/"]}]},{"@type":"BreadcrumbList","@id":"https:\/\/thefinitive.com\/en\/prodotto\/umberto-nobile-dirigibile-italia-norge-foto-autografata\/#breadcrumb","itemListElement":[{"@type":"ListItem","position":1,"name":"Home","item":"https:\/\/thefinitive.com\/en\/"},{"@type":"ListItem","position":2,"name":"Shop","item":"https:\/\/thefinitive.com\/en\/shop-2\/"},{"@type":"ListItem","position":3,"name":"\u274c\ud83d\ude41Umberto NOBILE dirigibile Italia &#8211; Norge &#8211; foto autografata"}]},{"@type":"WebSite","@id":"https:\/\/thefinitive.com\/en\/#website","url":"https:\/\/thefinitive.com\/en\/","name":"Thefinitive","description":"Antiquariato Online","publisher":{"@id":"https:\/\/thefinitive.com\/en\/#organization"},"potentialAction":[{"@type":"SearchAction","target":{"@type":"EntryPoint","urlTemplate":"https:\/\/thefinitive.com\/en\/?s={search_term_string}"},"query-input":"required name=search_term_string"}],"inLanguage":"en-US"},{"@type":"Organization","@id":"https:\/\/thefinitive.com\/en\/#organization","name":"Thefinitive","url":"https:\/\/thefinitive.com\/en\/","logo":{"@type":"ImageObject","inLanguage":"en-US","@id":"https:\/\/thefinitive.com\/en\/#\/schema\/logo\/image\/","url":"https:\/\/thefinitive.com\/wp-content\/uploads\/2019\/07\/logo4vett.svg","contentUrl":"https:\/\/thefinitive.com\/wp-content\/uploads\/2019\/07\/logo4vett.svg","width":500,"height":100,"caption":"Thefinitive"},"image":{"@id":"https:\/\/thefinitive.com\/en\/#\/schema\/logo\/image\/"},"sameAs":["https:\/\/business.facebook.com\/Thefinitive-111771813534320\/","https:\/\/www.instagram.com\/_thefinitive_\/"]}]}},"_links":{"self":[{"href":"https:\/\/thefinitive.com\/en\/wp-json\/wp\/v3\/product\/8229"}],"collection":[{"href":"https:\/\/thefinitive.com\/en\/wp-json\/wp\/v3\/product"}],"about":[{"href":"https:\/\/thefinitive.com\/en\/wp-json\/wp\/v2\/types\/product"}],"replies":[{"embeddable":true,"href":"https:\/\/thefinitive.com\/en\/wp-json\/wp\/v2\/comments?post=8229"}],"version-history":[{"count":2,"href":"https:\/\/thefinitive.com\/en\/wp-json\/wp\/v3\/product\/8229\/revisions"}],"predecessor-version":[{"id":14608,"href":"https:\/\/thefinitive.com\/en\/wp-json\/wp\/v3\/product\/8229\/revisions\/14608"}],"wp:featuredmedia":[{"embeddable":true,"href":"https:\/\/thefinitive.com\/en\/wp-json\/wp\/v2\/media\/8230"}],"wp:attachment":[{"href":"https:\/\/thefinitive.com\/en\/wp-json\/wp\/v2\/media?parent=8229"}],"wp:term":[{"taxonomy":"product_cat","embeddable":true,"href":"https:\/\/thefinitive.com\/en\/wp-json\/wp\/v2\/product_cat?post=8229"},{"taxonomy":"product_tag","embeddable":true,"href":"https:\/\/thefinitive.com\/en\/wp-json\/wp\/v2\/product_tag?post=8229"}],"curies":[{"name":"wp","href":"https:\/\/api.w.org\/{rel}","templated":true}]}}