{"id":8197,"date":"2021-02-15T17:14:06","date_gmt":"2021-02-15T17:14:06","guid":{"rendered":"https:\/\/www.thefinitive.com\/?post_type=product&#038;p=8197"},"modified":"2023-03-20T17:23:54","modified_gmt":"2023-03-20T16:23:54","slug":"marcia-su-roma-medaglia-nominativa-1922-lorioli-castelli","status":"publish","type":"product","link":"https:\/\/thefinitive.com\/en\/prodotto\/marcia-su-roma-medaglia-nominativa-1922-lorioli-castelli\/","title":{"rendered":"\u274c\ud83d\ude41Marcia su Roma Medaglia nominativa &#8211; 1922 Lorioli &#038; Castelli"},"content":{"rendered":"<p>Medaglia commemorativa per la <a href=\"https:\/\/it.wikipedia.org\/wiki\/Marcia_su_Roma\"><strong>Marcia su Roma<\/strong><\/a> , modello ti tipo A , nominativa rilasciata ad <strong>UMBERTO<\/strong> &#8230;.\u00a0 (nome oscurato in <span style=\"color: #ff0000;\"><strong>rosso<\/strong> <\/span>solo sul supporto digitale, per ragioni di privacy). Bella incisione realizzata a mano, coeva alla medaglia.<\/p>\n<p>La medaglia \u00e8 costituita da una disco dal diametro di 34 mm. con attacco a cambretta ; al dritto (<em>recto<\/em>) riporta una vittoria alata che regge con la mano destra una corona di quercia e sostiene con la sinistra un fascio littorio. Alle spalle della figura vi sono insegne legionarie, fasci littori e daghe romane ; al verso troviamo uno spazio quadrangolare riempito con un&#8217;incisione nominativa, cio\u00e8 con il nome e la citt\u00e0 di provenienza dell&#8217;insignito che prese parte alla Marcia su Roma. Alla base dello spazio quadrato \u00e8 presente la sigla <strong><i>FM Lorioli &amp; Castelli Milano et EB Mod. Rip. Ris<\/i><\/strong>\u00a0(incusso). Lo spazio quadrato \u00e8 delimitato da quattro fasci littori. Circolarmente il bordo \u00e8 delimitato da un doppio cerchio in cui sono incise le leggende\u00a0<strong><i>Marcia Su Roma<\/i><\/strong>, in alto, e\u00a0<strong><i>27 ottobre-1 novembre 1922<\/i><\/strong>, in basso. Tra le leggende sono presenti due piccole stelle. Il nastrino \u00e8 diviso a met\u00e0, verticalmente, a sinistra \u00e8 rosso-amaranto ed a destra \u00e8 giallo: i colori del comune di Roma.<\/p>\n<p>Medaglia in buone condizioni di conservazione, completa del nastrino originale.<\/p>\n<p>&nbsp;<\/p>\n<p><strong>MATERIALE\u00a0 \u00a0 \u00a0:\u00a0<\/strong> Bronzo<\/p>\n<p><strong>MISURE\u00a0 \u00a0 \u00a0 \u00a0 \u00a0 \u00a0 :<\/strong>\u00a0 mm.34\u00a0 diametro<\/p>\n<p><strong>MARCHIO\u00a0 \u00a0 \u00a0 \u00a0 \u00a0:<\/strong>\u00a0 F.M. Lorioli &amp; Castelli &#8211; Milano<\/p>\n<p>&nbsp;<\/p>\n<h2 style=\"text-align: left;\">NOTIZIE<\/h2>\n<p>La\u00a0<b>medaglia commemorativa della\u00a0Marcia su Roma<\/b> \u00e8 una medaglia del Regno d&#8217;Italia, rilasciata con iscrizione nominativa ai reali partecipanti,\u00a0 istituita dalla direzione del Partito Fascista con foglio d&#8217;ordini M.V.S.N. del 31 dicembre 1923, per commemorare la presa del potere di Benito Mussolini nel 1922 e l&#8217;inizio dell&#8217;Era fascista.<\/p>\n<p>La medaglia della Marcia su Roma fu assegnata nominativa rispettivamente in oro a Benito Mussolini, ai quadrumviri ed al segretario amministrativo del P.N.F. Giovanni Marinelli, in argento ai 19 comandanti delle colonne delle squadre organizzate per convergere su Roma ed in bronzo a tutti coloro che, iscritti al Partito Nazionale Fascista, avevano partecipato alla marcia tra il 27 ottobre e il 1\u00ba novembre 1922.<\/p>\n<p>Attraverso il\u00a0regio decreto\u00a0<strong>n\u00b0 273<\/strong> del<strong> 31 gennaio\u00a01926<\/strong>\u00a0fu autorizzata anche per i <em>membri della\u00a0Milizia Volontaria per la Sicurezza Nazionale<\/em>. Una seconda disposizione, data dal regio decreto n\u00b0 2485 del 1\u00ba novembre\u00a01928, ne concesse l&#8217;uso a quei militari che il 28 ottobre\u00a01922\u00a0non prestavano servizio effettivo nelle Forze Armate dello Stato. Infine il pieno diritto di fregiarsi dell&#8217;insegna da parte di tutti gli appartenenti alle FF.AA., fu concesso con il Regio Decreto n\u00b0 1179 del 15 luglio\u00a01938.<\/p>\n<p>Con foglio d&#8217;ordini del partito, in data<strong> 7 dicembre\u00a01931<\/strong>, la medaglia d&#8217;argento nominativa assegnata ad <strong><a title=\"Achille Starace\" href=\"https:\/\/it.wikipedia.org\/wiki\/Achille_Starace\">Achille Starace<\/a><\/strong>, come <strong>capo-colonna Marcia su Roma<\/strong>, venne commutata in oro in occasione della sua nomina a Segretario del P.N.F.<sup id=\"cite_ref-1\" class=\"reference\"><\/sup><\/p>\n<h3><span id=\"Quadrumviri\" class=\"mw-headline\">Quadrumviri<\/span><\/h3>\n<ul>\n<li><a title=\"Italo Balbo\" href=\"https:\/\/it.wikipedia.org\/wiki\/Italo_Balbo\">Italo Balbo<\/a><\/li>\n<li><a title=\"Michele Bianchi\" href=\"https:\/\/it.wikipedia.org\/wiki\/Michele_Bianchi\">Michele Bianchi<\/a><\/li>\n<li><a title=\"Emilio De Bono\" href=\"https:\/\/it.wikipedia.org\/wiki\/Emilio_De_Bono\">Emilio De Bono<\/a><\/li>\n<li><a title=\"Cesare Maria De Vecchi\" href=\"https:\/\/it.wikipedia.org\/wiki\/Cesare_Maria_De_Vecchi\">Cesare Maria De Vecchi<\/a><\/li>\n<\/ul>\n<h2><\/h2>\n<h2>Marcia su Roma<\/h2>\n<div class=\"thumb tright\">\n<div class=\"thumbinner\"><\/div>\n<\/div>\n<p style=\"text-align: center;\"><a href=\"https:\/\/www.thefinitive.com\/?p=8194&amp;preview=true&amp;_thumbnail_id=8195\">Al seguente link potete trovare notizie a tema dell&#8217;oggetto in vendita<\/a><\/p>\n<p><a href=\"https:\/\/www.thefinitive.com\/?p=8194&amp;preview=true&amp;_thumbnail_id=8195\" target=\"_blank\" rel=\"noopener\"><img loading=\"lazy\" decoding=\"async\" class=\"aligncenter wp-image-8195\" src=\"https:\/\/www.thefinitive.com\/wp-content\/uploads\/2021\/02\/Balla_Marcia_su_Roma.jpg\" alt=\"\" width=\"530\" height=\"420\" srcset=\"https:\/\/thefinitive.com\/wp-content\/uploads\/2021\/02\/Balla_Marcia_su_Roma.jpg 908w, https:\/\/thefinitive.com\/wp-content\/uploads\/2021\/02\/Balla_Marcia_su_Roma-64x51.jpg 64w, https:\/\/thefinitive.com\/wp-content\/uploads\/2021\/02\/Balla_Marcia_su_Roma-300x238.jpg 300w, https:\/\/thefinitive.com\/wp-content\/uploads\/2021\/02\/Balla_Marcia_su_Roma-768x609.jpg 768w\" sizes=\"(max-width: 530px) 100vw, 530px\" \/><\/a><\/p>\n<p>&nbsp;<\/p>\n<p>Fonti \u00a0<a href=\"https:\/\/it.wikipedia.org\/wiki\/Marcia_su_Roma\"><em>Wikipedia<\/em><\/a><\/p>\n<p>&nbsp;<\/p>\n<p>2.21<\/p>\n","protected":false},"excerpt":{"rendered":"<p style=\"text-align: center;\">Medaglia commemorativa per la <a href=\"https:\/\/it.wikipedia.org\/wiki\/Marcia_su_Roma\"><strong>Marcia su Roma<\/strong><\/a> , modello ti tipo A , nominativa\u00a0 ad <i><strong>UMBERTO xxxx\u00a0 <\/strong><\/i>(oscurato in rosso solo sul supporto digitale per ragioni di privacy), con bella incisione realizzata a mano.<\/p>\n<p style=\"text-align: center;\">Diametro di circa mm.34 .\u00a0 <strong><i>FM Lorioli &amp; Castelli Milano et EB Mod. Rip. Ris<\/i><\/strong>\u00a0 . Medaglia in buone condizioni di conservazione, completa di nastrino originale.<\/p>\n<p style=\"text-align: center;\"><strong><em>(Scorri la pagina in basso per ulteriori dettagli e informazioni)<\/em><\/strong><\/p>\n<p>&nbsp;<\/p>\n<p>&nbsp;<\/p>\n","protected":false},"featured_media":8198,"comment_status":"open","ping_status":"closed","template":"","meta":[],"product_cat":[586],"product_tag":[723,190,296,299,182,298,181,297,197,155,193,198,301,156,295,302,300],"yoast_head":"<!-- This site is optimized with the Yoast SEO plugin v21.9.1 - https:\/\/yoast.com\/wordpress\/plugins\/seo\/ -->\n<title>\u274c\ud83d\ude41Marcia su Roma Medaglia nominativa - 1922 Lorioli &amp; Castelli - Thefinitive<\/title>\n<meta name=\"description\" content=\"Medaglia per la partecipazione alla Marcia su Roma - Nominativa - Intestata - Originale 28 Ottobre 1922 - Lorioli &amp; Castelli\" \/>\n<meta name=\"robots\" content=\"index, follow, max-snippet:-1, max-image-preview:large, max-video-preview:-1\" \/>\n<link rel=\"canonical\" href=\"https:\/\/thefinitive.com\/en\/prodotto\/marcia-su-roma-medaglia-nominativa-1922-lorioli-castelli\/\" \/>\n<meta property=\"og:locale\" content=\"en_US\" \/>\n<meta property=\"og:type\" content=\"article\" \/>\n<meta property=\"og:title\" content=\"\u274c\ud83d\ude41Marcia su Roma Medaglia nominativa - 1922 Lorioli &amp; Castelli - Thefinitive\" \/>\n<meta property=\"og:description\" content=\"Medaglia per la partecipazione alla Marcia su Roma - Nominativa - Intestata - Originale 28 Ottobre 1922 - Lorioli &amp; Castelli\" \/>\n<meta property=\"og:url\" content=\"https:\/\/thefinitive.com\/en\/prodotto\/marcia-su-roma-medaglia-nominativa-1922-lorioli-castelli\/\" \/>\n<meta property=\"og:site_name\" content=\"Thefinitive\" \/>\n<meta property=\"article:publisher\" content=\"https:\/\/business.facebook.com\/Thefinitive-111771813534320\/\" \/>\n<meta property=\"article:modified_time\" content=\"2023-03-20T16:23:54+00:00\" \/>\n<meta property=\"og:image\" content=\"https:\/\/thefinitive.com\/wp-content\/uploads\/2021\/02\/marrm1-2.jpg\" \/>\n\t<meta property=\"og:image:width\" content=\"2160\" \/>\n\t<meta property=\"og:image:height\" content=\"2160\" \/>\n\t<meta property=\"og:image:type\" content=\"image\/jpeg\" \/>\n<meta name=\"twitter:card\" content=\"summary_large_image\" \/>\n<meta name=\"twitter:label1\" content=\"Est. reading time\" \/>\n\t<meta name=\"twitter:data1\" content=\"2 minutes\" \/>\n<script type=\"application\/ld+json\" class=\"yoast-schema-graph\">{\"@context\":\"https:\/\/schema.org\",\"@graph\":[{\"@type\":\"WebPage\",\"@id\":\"https:\/\/thefinitive.com\/en\/prodotto\/marcia-su-roma-medaglia-nominativa-1922-lorioli-castelli\/\",\"url\":\"https:\/\/thefinitive.com\/en\/prodotto\/marcia-su-roma-medaglia-nominativa-1922-lorioli-castelli\/\",\"name\":\"\u274c\ud83d\ude41Marcia su Roma Medaglia nominativa - 1922 Lorioli & Castelli - Thefinitive\",\"isPartOf\":{\"@id\":\"https:\/\/thefinitive.com\/en\/#website\"},\"datePublished\":\"2021-02-15T17:14:06+00:00\",\"dateModified\":\"2023-03-20T16:23:54+00:00\",\"description\":\"Medaglia per la partecipazione alla Marcia su Roma - Nominativa - Intestata - Originale 28 Ottobre 1922 - Lorioli & Castelli\",\"breadcrumb\":{\"@id\":\"https:\/\/thefinitive.com\/en\/prodotto\/marcia-su-roma-medaglia-nominativa-1922-lorioli-castelli\/#breadcrumb\"},\"inLanguage\":\"en-US\",\"potentialAction\":[{\"@type\":\"ReadAction\",\"target\":[\"https:\/\/thefinitive.com\/en\/prodotto\/marcia-su-roma-medaglia-nominativa-1922-lorioli-castelli\/\"]}]},{\"@type\":\"BreadcrumbList\",\"@id\":\"https:\/\/thefinitive.com\/en\/prodotto\/marcia-su-roma-medaglia-nominativa-1922-lorioli-castelli\/#breadcrumb\",\"itemListElement\":[{\"@type\":\"ListItem\",\"position\":1,\"name\":\"Home\",\"item\":\"https:\/\/thefinitive.com\/en\/\"},{\"@type\":\"ListItem\",\"position\":2,\"name\":\"Shop\",\"item\":\"https:\/\/thefinitive.com\/en\/shop-2\/\"},{\"@type\":\"ListItem\",\"position\":3,\"name\":\"\u274c\ud83d\ude41Marcia su Roma Medaglia nominativa &#8211; 1922 Lorioli &#038; Castelli\"}]},{\"@type\":\"WebSite\",\"@id\":\"https:\/\/thefinitive.com\/en\/#website\",\"url\":\"https:\/\/thefinitive.com\/en\/\",\"name\":\"Thefinitive\",\"description\":\"Antiquariato Online\",\"publisher\":{\"@id\":\"https:\/\/thefinitive.com\/en\/#organization\"},\"potentialAction\":[{\"@type\":\"SearchAction\",\"target\":{\"@type\":\"EntryPoint\",\"urlTemplate\":\"https:\/\/thefinitive.com\/en\/?s={search_term_string}\"},\"query-input\":\"required name=search_term_string\"}],\"inLanguage\":\"en-US\"},{\"@type\":\"Organization\",\"@id\":\"https:\/\/thefinitive.com\/en\/#organization\",\"name\":\"Thefinitive\",\"url\":\"https:\/\/thefinitive.com\/en\/\",\"logo\":{\"@type\":\"ImageObject\",\"inLanguage\":\"en-US\",\"@id\":\"https:\/\/thefinitive.com\/en\/#\/schema\/logo\/image\/\",\"url\":\"https:\/\/thefinitive.com\/wp-content\/uploads\/2019\/07\/logo4vett.svg\",\"contentUrl\":\"https:\/\/thefinitive.com\/wp-content\/uploads\/2019\/07\/logo4vett.svg\",\"width\":500,\"height\":100,\"caption\":\"Thefinitive\"},\"image\":{\"@id\":\"https:\/\/thefinitive.com\/en\/#\/schema\/logo\/image\/\"},\"sameAs\":[\"https:\/\/business.facebook.com\/Thefinitive-111771813534320\/\",\"https:\/\/www.instagram.com\/_thefinitive_\/\"]}]}<\/script>\n<!-- \/ Yoast SEO plugin. -->","yoast_head_json":{"title":"\u274c\ud83d\ude41Marcia su Roma Medaglia nominativa - 1922 Lorioli & Castelli - Thefinitive","description":"Medaglia per la partecipazione alla Marcia su Roma - Nominativa - Intestata - Originale 28 Ottobre 1922 - Lorioli & Castelli","robots":{"index":"index","follow":"follow","max-snippet":"max-snippet:-1","max-image-preview":"max-image-preview:large","max-video-preview":"max-video-preview:-1"},"canonical":"https:\/\/thefinitive.com\/en\/prodotto\/marcia-su-roma-medaglia-nominativa-1922-lorioli-castelli\/","og_locale":"en_US","og_type":"article","og_title":"\u274c\ud83d\ude41Marcia su Roma Medaglia nominativa - 1922 Lorioli & Castelli - Thefinitive","og_description":"Medaglia per la partecipazione alla Marcia su Roma - Nominativa - Intestata - Originale 28 Ottobre 1922 - Lorioli & Castelli","og_url":"https:\/\/thefinitive.com\/en\/prodotto\/marcia-su-roma-medaglia-nominativa-1922-lorioli-castelli\/","og_site_name":"Thefinitive","article_publisher":"https:\/\/business.facebook.com\/Thefinitive-111771813534320\/","article_modified_time":"2023-03-20T16:23:54+00:00","og_image":[{"width":2160,"height":2160,"url":"https:\/\/thefinitive.com\/wp-content\/uploads\/2021\/02\/marrm1-2.jpg","type":"image\/jpeg"}],"twitter_card":"summary_large_image","twitter_misc":{"Est. reading time":"2 minutes"},"schema":{"@context":"https:\/\/schema.org","@graph":[{"@type":"WebPage","@id":"https:\/\/thefinitive.com\/en\/prodotto\/marcia-su-roma-medaglia-nominativa-1922-lorioli-castelli\/","url":"https:\/\/thefinitive.com\/en\/prodotto\/marcia-su-roma-medaglia-nominativa-1922-lorioli-castelli\/","name":"\u274c\ud83d\ude41Marcia su Roma Medaglia nominativa - 1922 Lorioli & Castelli - Thefinitive","isPartOf":{"@id":"https:\/\/thefinitive.com\/en\/#website"},"datePublished":"2021-02-15T17:14:06+00:00","dateModified":"2023-03-20T16:23:54+00:00","description":"Medaglia per la partecipazione alla Marcia su Roma - Nominativa - Intestata - Originale 28 Ottobre 1922 - Lorioli & Castelli","breadcrumb":{"@id":"https:\/\/thefinitive.com\/en\/prodotto\/marcia-su-roma-medaglia-nominativa-1922-lorioli-castelli\/#breadcrumb"},"inLanguage":"en-US","potentialAction":[{"@type":"ReadAction","target":["https:\/\/thefinitive.com\/en\/prodotto\/marcia-su-roma-medaglia-nominativa-1922-lorioli-castelli\/"]}]},{"@type":"BreadcrumbList","@id":"https:\/\/thefinitive.com\/en\/prodotto\/marcia-su-roma-medaglia-nominativa-1922-lorioli-castelli\/#breadcrumb","itemListElement":[{"@type":"ListItem","position":1,"name":"Home","item":"https:\/\/thefinitive.com\/en\/"},{"@type":"ListItem","position":2,"name":"Shop","item":"https:\/\/thefinitive.com\/en\/shop-2\/"},{"@type":"ListItem","position":3,"name":"\u274c\ud83d\ude41Marcia su Roma Medaglia nominativa &#8211; 1922 Lorioli &#038; Castelli"}]},{"@type":"WebSite","@id":"https:\/\/thefinitive.com\/en\/#website","url":"https:\/\/thefinitive.com\/en\/","name":"Thefinitive","description":"Antiquariato Online","publisher":{"@id":"https:\/\/thefinitive.com\/en\/#organization"},"potentialAction":[{"@type":"SearchAction","target":{"@type":"EntryPoint","urlTemplate":"https:\/\/thefinitive.com\/en\/?s={search_term_string}"},"query-input":"required name=search_term_string"}],"inLanguage":"en-US"},{"@type":"Organization","@id":"https:\/\/thefinitive.com\/en\/#organization","name":"Thefinitive","url":"https:\/\/thefinitive.com\/en\/","logo":{"@type":"ImageObject","inLanguage":"en-US","@id":"https:\/\/thefinitive.com\/en\/#\/schema\/logo\/image\/","url":"https:\/\/thefinitive.com\/wp-content\/uploads\/2019\/07\/logo4vett.svg","contentUrl":"https:\/\/thefinitive.com\/wp-content\/uploads\/2019\/07\/logo4vett.svg","width":500,"height":100,"caption":"Thefinitive"},"image":{"@id":"https:\/\/thefinitive.com\/en\/#\/schema\/logo\/image\/"},"sameAs":["https:\/\/business.facebook.com\/Thefinitive-111771813534320\/","https:\/\/www.instagram.com\/_thefinitive_\/"]}]}},"_links":{"self":[{"href":"https:\/\/thefinitive.com\/en\/wp-json\/wp\/v3\/product\/8197"}],"collection":[{"href":"https:\/\/thefinitive.com\/en\/wp-json\/wp\/v3\/product"}],"about":[{"href":"https:\/\/thefinitive.com\/en\/wp-json\/wp\/v2\/types\/product"}],"replies":[{"embeddable":true,"href":"https:\/\/thefinitive.com\/en\/wp-json\/wp\/v2\/comments?post=8197"}],"version-history":[{"count":1,"href":"https:\/\/thefinitive.com\/en\/wp-json\/wp\/v3\/product\/8197\/revisions"}],"predecessor-version":[{"id":14611,"href":"https:\/\/thefinitive.com\/en\/wp-json\/wp\/v3\/product\/8197\/revisions\/14611"}],"wp:featuredmedia":[{"embeddable":true,"href":"https:\/\/thefinitive.com\/en\/wp-json\/wp\/v2\/media\/8198"}],"wp:attachment":[{"href":"https:\/\/thefinitive.com\/en\/wp-json\/wp\/v2\/media?parent=8197"}],"wp:term":[{"taxonomy":"product_cat","embeddable":true,"href":"https:\/\/thefinitive.com\/en\/wp-json\/wp\/v2\/product_cat?post=8197"},{"taxonomy":"product_tag","embeddable":true,"href":"https:\/\/thefinitive.com\/en\/wp-json\/wp\/v2\/product_tag?post=8197"}],"curies":[{"name":"wp","href":"https:\/\/api.w.org\/{rel}","templated":true}]}}