{"id":8073,"date":"2021-01-17T16:37:20","date_gmt":"2021-01-17T16:37:20","guid":{"rendered":"https:\/\/www.thefinitive.com\/?post_type=product&#038;p=8073"},"modified":"2023-03-20T17:24:04","modified_gmt":"2023-03-20T16:24:04","slug":"portamatita-argento-fascio-littorio-originale-30","status":"publish","type":"product","link":"https:\/\/thefinitive.com\/en\/prodotto\/portamatita-argento-fascio-littorio-originale-30\/","title":{"rendered":"\u274c\ud83d\ude41Portamatita ARGENTO Fascio Littorio &#8211; originale &#8217;30"},"content":{"rendered":"<p>Portamatita in argento, a forma di Fascio Littorio, con impresso a rilievo la sagoma delle fascine tenute insieme da una cinta, ed in cima la scure con la testa di leone ruggente. Il portamatite si apre, ed all&#8217;interno, incastrata quindi assicurata al tappo, trovava alloggio una di quelle matite piatte che venivano magari preferite per la semplicit\u00e0 d&#8217;uso e praticit\u00e0 alle penne stilografiche. Questo modello di portamatita in argento, raffigurando un fascio littorio, era sicuramente usato da personale del Partito Fascista, da gerarchi, da membri delle associazioni, corporazioni, che dipendevano dal PNF<\/p>\n<p>Assolutamente perfetto, insieme al <a href=\"https:\/\/www.thefinitive.com\/shop\/militaria\/ventennio-fascista-pnf-mvsn\/portasigarette-argento-fascista-cigarette-case-pnf\/\"><strong>portasigarette con fascio littorio in argento<\/strong><\/a> che trovate in vendita sul sito, questo portamatita era appartenuto ad un gerarca fascista, il Console Baldi. Anche se l&#8217;oggetto richiama ad un uso piuttosto comune e popolare, il fatto che abbia le fattezze del fascio littorio ne giustifica in qualche modo la provenienza.<\/p>\n<p>Originale, del periodo 1927-1931 (anno in cui il Console Baldi si toglie la vita)<\/p>\n<p>&nbsp;<\/p>\n<p><strong>MATERIALE\u00a0 \u00a0 \u00a0:\u00a0<\/strong> metallo argentato<\/p>\n<p><strong>MISURE\u00a0 \u00a0 \u00a0 \u00a0 \u00a0 \u00a0 \u00a0:<\/strong>\u00a0 mm. 80 x 10<\/p>\n<p><strong>MARCHIO\u00a0 \u00a0 \u00a0 \u00a0 \u00a0:<\/strong>\u00a0 &#8211;<\/p>\n<p>&nbsp;<\/p>\n<h2 style=\"text-align: left;\">NOTIZIE<\/h2>\n<p><b>Fasci italiani di combattimento<\/b>\u00a0\u00e8 il nome del\u00a0movimento politico\u00a0fondato a\u00a0Milano\u00a0da\u00a0Benito Mussolini\u00a0il <strong>23 marzo 1919<\/strong>, erede diretto del\u00a0Fascio d&#8217;azione rivoluzionaria\u00a0del 1915. Il 9 novembre 1921 si trasform\u00f2 in\u00a0<a title=\"Partito Nazionale Fascista\" href=\"https:\/\/it.wikipedia.org\/wiki\/Partito_Nazionale_Fascista\">Partito Nazionale Fascista<\/a>.<\/p>\n<h3><span id=\"Il_&quot;programma_di_San_Sepolcro&quot;\" class=\"mw-headline\">Il &#8220;programma di San Sepolcro&#8221;<\/span><\/h3>\n<p>Il <strong>23 marzo<\/strong> 1919 nella sala riunioni Circolo dell&#8217;alleanza industriale, in piazza San Sepolcro\u00a0a\u00a0Milano, furono ufficialmente fondati i Fasci italiani di combattimento. Tra i fondatori \u00a0troviamo persone di diversa estrazione sociale ed orientamento politico a riflesso di un certo eclettismo ideologico di questa fase originaria; tra i primi aderenti ci furono anche cinque ebrei.<\/p>\n<p>Benito Mussolini\u00a0prevedeva l&#8217;attuazione di uno specifico\u00a0Programma di San Sepolcro\u00a0(dal nome della piazza in cui fu proclamato). I primi appartenenti ai Fasci si chiamarono appunto sansepolcristi, fregiati di una fascia giallorossa (i colori di\u00a0Roma). Gli squadristi semplici invece erano riconoscibili da una striscia rossa al polso della camicia nera.<\/p>\n<p>Il\u00a0<strong><i>Manifesto dei Fasci italiani di combattimento<\/i><\/strong>, alla cui stesura aveva collaborato attivamente\u00a0Alceste De Ambris, fu ufficialmente pubblicato su\u00a0<i>Il Popolo d&#8217;Italia<\/i>\u00a0il 6 giugno 1919. Nel manifesto vengono avanzate numerose proposte di riforma politica e sociale per far \u00abfronte contro due pericoli: quello misoneista di destra e quello distruttivo di sinistra\u00bb, rappresentando la\u00a0terza via\u00a0tra i due opposti poli e sviluppandosi nell&#8217;ambito delle teorie moderniste sull&#8217;uomo nuovo. Solo parte di queste vennero realizzate durante il periodo del\u00a0regime fascista\u00a0(1922\u20131943). Pur riprese successivamente durante la\u00a0Repubblica Sociale Italiana\u00a0come la\u00a0socializzazione delle imprese e dei mezzi di produzione, rimasero sostanzialmente inapplicate a causa degli eventi bellici.<\/p>\n<h2>Console BALDI Francesco<\/h2>\n<p>Classe 1883,<strong>\u00a0combattente coraggioso e nominato Capitano per meriti di guerra durante il conflitto<\/strong>, aderisce al Fascio di Firenze nel novembre del 1920, legandosi da subito di buona amicizia con l\u2019elemento spesso molto pi\u00f9 giovane e irrequieto (Banchelli, Frullini, Dumini, Onori) di quel fascio gi\u00e0 \u201cvivace\u201d di suo.<br \/>\nDiventa, qualche mese dopo,<strong>\u00a0segretario del Fascio di Barberino del Mugello<\/strong>, dove, per\u00f2, gli avversari gli rendono subito la vita difficile. Isolato e malvisto, con la famiglia pi\u00f9 volte minacciata di morte, si \u00e8 risolto, infine a chiedere l\u2019aiuto dei camerati fiorentini, dopo che il 27 marzo del 1921 a seguito della fondazione del Fascio nel suo paese, i sovversivi lo hanno assediato in casa con i suoi familiari.<br \/>\nCon quei guasconi un po\u2019 maneschi delle squadre del capoluogo, egli si trover\u00e0 subito a suo agio, e sar\u00e0 in prima fila, guadagnandosi denunce per lesioni, violenza privata, mancato omicidio, etc, partecipe di un \u201cclima\u201d e di un modo di essere \u2013quello squadrista- destinati a segnare la sua vita futura.<br \/>\n<strong>Partecipa a numerose azioni squadriste, fino a guidare, in occasione della Marcia, la 3\u00b0 Legione fiorentina<\/strong>, tra Spoleto e Foligno, per poi divenire <strong>Console della Milizia<\/strong>.<\/p>\n<p>Nel contempo, essendo benestante di suo, spende circa 400.000 lire per la propaganda e l\u2019attivit\u00e0 delle squadre, e altre 717.000 anticipa, nel 1925, per coprire i debiti di una Cooperativa \u2013il cui controllo era passato ai fascisti dopo il \u201922- e\u00a0<strong>pagare gli stipendi agli operai, tra i quali, forse, ci sono anche alcuni dei suoi assalitori di quella sera del \u201921.<\/strong><br \/>\nAnticiper\u00e0 ancora 160.000 per ripianare i debiti della Centrale elettrica del \u201csuo\u201d Mugello.<br \/>\nDanari dati e senza restituzione, (un conto finale valuter\u00e0 l\u2019esborso complessivo in 1.277.000 lire), che pregiudicano gravemente la sua posizione finanziaria (ha anche cinque figli), fino a costringere la moglie \u2013probabilmente senza che lui lo sappia- a rivolgersi direttamente a Mussolini per un aiuto che consenta ai ragazzi di proseguire negli studi.<br \/>\nIl <strong>23 marzo<\/strong> del 1931 Baldi, ormai quasi sul lastrico, si suicida nel suo ufficio di <strong>Console Generale della Milizia<\/strong>.<\/p>\n<p>(Fonte web <em><a href=\"https:\/\/www.ilprimatonazionale.it\/approfondimenti\/fascisti-come-tanti-francesco-baldi-69801\/\">Fascisti come tanti..<\/a><\/em>)<\/p>\n<p>&nbsp;<\/p>\n<h4 style=\"text-align: center;\"><a href=\"https:\/\/www.thefinitive.com\/pnf-partito-nazionale-fascista-mussolini\/\">Cliccando sul seguente link \/ foto avrete accesso ad una sezione di notizie storiche sul Partito Nazionale Fascista<\/a><\/h4>\n<p><a href=\"https:\/\/www.thefinitive.com\/pnf-partito-nazionale-fascista-mussolini\/\"><img loading=\"lazy\" decoding=\"async\" class=\"size-medium wp-image-7882 aligncenter\" src=\"https:\/\/www.thefinitive.com\/wp-content\/uploads\/2021\/01\/logo-300x300.jpg\" sizes=\"(max-width: 300px) 100vw, 300px\" srcset=\"https:\/\/www.thefinitive.com\/wp-content\/uploads\/2021\/01\/logo-300x300.jpg 300w, https:\/\/www.thefinitive.com\/wp-content\/uploads\/2021\/01\/logo-1024x1024.jpg 1024w, https:\/\/www.thefinitive.com\/wp-content\/uploads\/2021\/01\/logo-150x150.jpg 150w, https:\/\/www.thefinitive.com\/wp-content\/uploads\/2021\/01\/logo-768x768.jpg 768w, https:\/\/www.thefinitive.com\/wp-content\/uploads\/2021\/01\/logo-45x45.jpg 45w, https:\/\/www.thefinitive.com\/wp-content\/uploads\/2021\/01\/logo-600x600.jpg 600w, https:\/\/www.thefinitive.com\/wp-content\/uploads\/2021\/01\/logo-100x100.jpg 100w, https:\/\/www.thefinitive.com\/wp-content\/uploads\/2021\/01\/logo.jpg 1067w\" alt=\"\" width=\"300\" height=\"300\" \/><\/a><\/p>\n<h4 style=\"text-align: center;\"><strong><a href=\"https:\/\/www.thefinitive.com\/squadrismo-camicie-nere-fascisti-manganello-e-olio-di-ricino\/\">Cliccando sul seguente link \/ foto avrete accesso ad una sezione di notizie storiche sullo squadrismo<\/a><\/strong><\/h4>\n<p><a href=\"https:\/\/www.thefinitive.com\/squadrismo-camicie-nere-fascisti-manganello-e-olio-di-ricino\/\"><img loading=\"lazy\" decoding=\"async\" class=\"size-medium wp-image-7887 aligncenter\" src=\"https:\/\/www.thefinitive.com\/wp-content\/uploads\/2021\/01\/1922_Squadra_dazione_di_Lucca-300x208.jpg\" sizes=\"(max-width: 300px) 100vw, 300px\" srcset=\"https:\/\/www.thefinitive.com\/wp-content\/uploads\/2021\/01\/1922_Squadra_dazione_di_Lucca-300x208.jpg 300w, https:\/\/www.thefinitive.com\/wp-content\/uploads\/2021\/01\/1922_Squadra_dazione_di_Lucca.jpg 640w\" alt=\"\" width=\"300\" height=\"208\" \/><\/a><\/p>\n<p>&nbsp;<\/p>\n<p>&nbsp;<\/p>\n<p><em>Fonti varie <a href=\"https:\/\/it.wikipedia.org\/wiki\/Partito_Nazionale_Fascista\">Wikipedia<\/a> , <a href=\"https:\/\/it.wikipedia.org\/wiki\/Fasci_italiani_di_combattimento\">Fasci Italiani di Combattimento<\/a><\/em><\/p>\n<p>1.21<\/p>\n","protected":false},"excerpt":{"rendered":"<p style=\"text-align: center;\">Portamatita in argento, a forma di Fascio Littorio. Al tappo di chiusura si incastrava una di quelle matite piatte, per comodit\u00e0 d&#8217;uso da stare in un taschino.<\/p>\n<p style=\"text-align: center;\">Misure approssimative del portamatite mm.80 x 10. In ottime condizioni.<\/p>\n<p style=\"text-align: center;\"><strong><em>(Scorri la pagina in basso per ulteriori dettagli e informazioni)<\/em><\/strong><\/p>\n<p>&nbsp;<\/p>\n<p>&nbsp;<\/p>\n","protected":false},"featured_media":8074,"comment_status":"open","ping_status":"closed","template":"","meta":[],"product_cat":[586],"product_tag":[191,304,223,224,723,197,162,155,198,157,156,260,305,195],"yoast_head":"<!-- This site is optimized with the Yoast SEO plugin v21.9.1 - https:\/\/yoast.com\/wordpress\/plugins\/seo\/ -->\n<title>\u274c\ud83d\ude41Portamatita ARGENTO Fascio Littorio - originale &#039;30 - Thefinitive<\/title>\n<meta name=\"description\" content=\"Portamatita argento Partito Nazionale Fascista PNF a forma di fascio littorio - ANTEMARCIA 1922 Marcia su Roma - Primigenio camicia nera MVSN\" \/>\n<meta name=\"robots\" content=\"index, follow, max-snippet:-1, max-image-preview:large, max-video-preview:-1\" \/>\n<link rel=\"canonical\" href=\"https:\/\/thefinitive.com\/en\/prodotto\/portamatita-argento-fascio-littorio-originale-30\/\" \/>\n<meta property=\"og:locale\" content=\"en_US\" \/>\n<meta property=\"og:type\" content=\"article\" \/>\n<meta property=\"og:title\" content=\"\u274c\ud83d\ude41Portamatita ARGENTO Fascio Littorio - originale &#039;30 - Thefinitive\" \/>\n<meta property=\"og:description\" content=\"Portamatita argento Partito Nazionale Fascista PNF a forma di fascio littorio - ANTEMARCIA 1922 Marcia su Roma - Primigenio camicia nera MVSN\" \/>\n<meta property=\"og:url\" content=\"https:\/\/thefinitive.com\/en\/prodotto\/portamatita-argento-fascio-littorio-originale-30\/\" \/>\n<meta property=\"og:site_name\" content=\"Thefinitive\" \/>\n<meta property=\"article:publisher\" content=\"https:\/\/business.facebook.com\/Thefinitive-111771813534320\/\" \/>\n<meta property=\"article:modified_time\" content=\"2023-03-20T16:24:04+00:00\" \/>\n<meta property=\"og:image\" content=\"https:\/\/thefinitive.com\/wp-content\/uploads\/2021\/01\/matita1-2.jpg\" \/>\n\t<meta property=\"og:image:width\" content=\"2160\" \/>\n\t<meta property=\"og:image:height\" content=\"2160\" \/>\n\t<meta property=\"og:image:type\" content=\"image\/jpeg\" \/>\n<meta name=\"twitter:card\" content=\"summary_large_image\" \/>\n<meta name=\"twitter:label1\" content=\"Est. reading time\" \/>\n\t<meta name=\"twitter:data1\" content=\"4 minutes\" \/>\n<script type=\"application\/ld+json\" class=\"yoast-schema-graph\">{\"@context\":\"https:\/\/schema.org\",\"@graph\":[{\"@type\":\"WebPage\",\"@id\":\"https:\/\/thefinitive.com\/en\/prodotto\/portamatita-argento-fascio-littorio-originale-30\/\",\"url\":\"https:\/\/thefinitive.com\/en\/prodotto\/portamatita-argento-fascio-littorio-originale-30\/\",\"name\":\"\u274c\ud83d\ude41Portamatita ARGENTO Fascio Littorio - originale '30 - Thefinitive\",\"isPartOf\":{\"@id\":\"https:\/\/thefinitive.com\/en\/#website\"},\"datePublished\":\"2021-01-17T16:37:20+00:00\",\"dateModified\":\"2023-03-20T16:24:04+00:00\",\"description\":\"Portamatita argento Partito Nazionale Fascista PNF a forma di fascio littorio - ANTEMARCIA 1922 Marcia su Roma - Primigenio camicia nera MVSN\",\"breadcrumb\":{\"@id\":\"https:\/\/thefinitive.com\/en\/prodotto\/portamatita-argento-fascio-littorio-originale-30\/#breadcrumb\"},\"inLanguage\":\"en-US\",\"potentialAction\":[{\"@type\":\"ReadAction\",\"target\":[\"https:\/\/thefinitive.com\/en\/prodotto\/portamatita-argento-fascio-littorio-originale-30\/\"]}]},{\"@type\":\"BreadcrumbList\",\"@id\":\"https:\/\/thefinitive.com\/en\/prodotto\/portamatita-argento-fascio-littorio-originale-30\/#breadcrumb\",\"itemListElement\":[{\"@type\":\"ListItem\",\"position\":1,\"name\":\"Home\",\"item\":\"https:\/\/thefinitive.com\/en\/\"},{\"@type\":\"ListItem\",\"position\":2,\"name\":\"Shop\",\"item\":\"https:\/\/thefinitive.com\/en\/shop-2\/\"},{\"@type\":\"ListItem\",\"position\":3,\"name\":\"\u274c\ud83d\ude41Portamatita ARGENTO Fascio Littorio &#8211; originale &#8217;30\"}]},{\"@type\":\"WebSite\",\"@id\":\"https:\/\/thefinitive.com\/en\/#website\",\"url\":\"https:\/\/thefinitive.com\/en\/\",\"name\":\"Thefinitive\",\"description\":\"Antiquariato Online\",\"publisher\":{\"@id\":\"https:\/\/thefinitive.com\/en\/#organization\"},\"potentialAction\":[{\"@type\":\"SearchAction\",\"target\":{\"@type\":\"EntryPoint\",\"urlTemplate\":\"https:\/\/thefinitive.com\/en\/?s={search_term_string}\"},\"query-input\":\"required name=search_term_string\"}],\"inLanguage\":\"en-US\"},{\"@type\":\"Organization\",\"@id\":\"https:\/\/thefinitive.com\/en\/#organization\",\"name\":\"Thefinitive\",\"url\":\"https:\/\/thefinitive.com\/en\/\",\"logo\":{\"@type\":\"ImageObject\",\"inLanguage\":\"en-US\",\"@id\":\"https:\/\/thefinitive.com\/en\/#\/schema\/logo\/image\/\",\"url\":\"https:\/\/thefinitive.com\/wp-content\/uploads\/2019\/07\/logo4vett.svg\",\"contentUrl\":\"https:\/\/thefinitive.com\/wp-content\/uploads\/2019\/07\/logo4vett.svg\",\"width\":500,\"height\":100,\"caption\":\"Thefinitive\"},\"image\":{\"@id\":\"https:\/\/thefinitive.com\/en\/#\/schema\/logo\/image\/\"},\"sameAs\":[\"https:\/\/business.facebook.com\/Thefinitive-111771813534320\/\",\"https:\/\/www.instagram.com\/_thefinitive_\/\"]}]}<\/script>\n<!-- \/ Yoast SEO plugin. -->","yoast_head_json":{"title":"\u274c\ud83d\ude41Portamatita ARGENTO Fascio Littorio - originale '30 - Thefinitive","description":"Portamatita argento Partito Nazionale Fascista PNF a forma di fascio littorio - ANTEMARCIA 1922 Marcia su Roma - Primigenio camicia nera MVSN","robots":{"index":"index","follow":"follow","max-snippet":"max-snippet:-1","max-image-preview":"max-image-preview:large","max-video-preview":"max-video-preview:-1"},"canonical":"https:\/\/thefinitive.com\/en\/prodotto\/portamatita-argento-fascio-littorio-originale-30\/","og_locale":"en_US","og_type":"article","og_title":"\u274c\ud83d\ude41Portamatita ARGENTO Fascio Littorio - originale '30 - Thefinitive","og_description":"Portamatita argento Partito Nazionale Fascista PNF a forma di fascio littorio - ANTEMARCIA 1922 Marcia su Roma - Primigenio camicia nera MVSN","og_url":"https:\/\/thefinitive.com\/en\/prodotto\/portamatita-argento-fascio-littorio-originale-30\/","og_site_name":"Thefinitive","article_publisher":"https:\/\/business.facebook.com\/Thefinitive-111771813534320\/","article_modified_time":"2023-03-20T16:24:04+00:00","og_image":[{"width":2160,"height":2160,"url":"https:\/\/thefinitive.com\/wp-content\/uploads\/2021\/01\/matita1-2.jpg","type":"image\/jpeg"}],"twitter_card":"summary_large_image","twitter_misc":{"Est. reading time":"4 minutes"},"schema":{"@context":"https:\/\/schema.org","@graph":[{"@type":"WebPage","@id":"https:\/\/thefinitive.com\/en\/prodotto\/portamatita-argento-fascio-littorio-originale-30\/","url":"https:\/\/thefinitive.com\/en\/prodotto\/portamatita-argento-fascio-littorio-originale-30\/","name":"\u274c\ud83d\ude41Portamatita ARGENTO Fascio Littorio - originale '30 - Thefinitive","isPartOf":{"@id":"https:\/\/thefinitive.com\/en\/#website"},"datePublished":"2021-01-17T16:37:20+00:00","dateModified":"2023-03-20T16:24:04+00:00","description":"Portamatita argento Partito Nazionale Fascista PNF a forma di fascio littorio - ANTEMARCIA 1922 Marcia su Roma - Primigenio camicia nera MVSN","breadcrumb":{"@id":"https:\/\/thefinitive.com\/en\/prodotto\/portamatita-argento-fascio-littorio-originale-30\/#breadcrumb"},"inLanguage":"en-US","potentialAction":[{"@type":"ReadAction","target":["https:\/\/thefinitive.com\/en\/prodotto\/portamatita-argento-fascio-littorio-originale-30\/"]}]},{"@type":"BreadcrumbList","@id":"https:\/\/thefinitive.com\/en\/prodotto\/portamatita-argento-fascio-littorio-originale-30\/#breadcrumb","itemListElement":[{"@type":"ListItem","position":1,"name":"Home","item":"https:\/\/thefinitive.com\/en\/"},{"@type":"ListItem","position":2,"name":"Shop","item":"https:\/\/thefinitive.com\/en\/shop-2\/"},{"@type":"ListItem","position":3,"name":"\u274c\ud83d\ude41Portamatita ARGENTO Fascio Littorio &#8211; originale &#8217;30"}]},{"@type":"WebSite","@id":"https:\/\/thefinitive.com\/en\/#website","url":"https:\/\/thefinitive.com\/en\/","name":"Thefinitive","description":"Antiquariato Online","publisher":{"@id":"https:\/\/thefinitive.com\/en\/#organization"},"potentialAction":[{"@type":"SearchAction","target":{"@type":"EntryPoint","urlTemplate":"https:\/\/thefinitive.com\/en\/?s={search_term_string}"},"query-input":"required name=search_term_string"}],"inLanguage":"en-US"},{"@type":"Organization","@id":"https:\/\/thefinitive.com\/en\/#organization","name":"Thefinitive","url":"https:\/\/thefinitive.com\/en\/","logo":{"@type":"ImageObject","inLanguage":"en-US","@id":"https:\/\/thefinitive.com\/en\/#\/schema\/logo\/image\/","url":"https:\/\/thefinitive.com\/wp-content\/uploads\/2019\/07\/logo4vett.svg","contentUrl":"https:\/\/thefinitive.com\/wp-content\/uploads\/2019\/07\/logo4vett.svg","width":500,"height":100,"caption":"Thefinitive"},"image":{"@id":"https:\/\/thefinitive.com\/en\/#\/schema\/logo\/image\/"},"sameAs":["https:\/\/business.facebook.com\/Thefinitive-111771813534320\/","https:\/\/www.instagram.com\/_thefinitive_\/"]}]}},"_links":{"self":[{"href":"https:\/\/thefinitive.com\/en\/wp-json\/wp\/v3\/product\/8073"}],"collection":[{"href":"https:\/\/thefinitive.com\/en\/wp-json\/wp\/v3\/product"}],"about":[{"href":"https:\/\/thefinitive.com\/en\/wp-json\/wp\/v2\/types\/product"}],"replies":[{"embeddable":true,"href":"https:\/\/thefinitive.com\/en\/wp-json\/wp\/v2\/comments?post=8073"}],"version-history":[{"count":1,"href":"https:\/\/thefinitive.com\/en\/wp-json\/wp\/v3\/product\/8073\/revisions"}],"predecessor-version":[{"id":14616,"href":"https:\/\/thefinitive.com\/en\/wp-json\/wp\/v3\/product\/8073\/revisions\/14616"}],"wp:featuredmedia":[{"embeddable":true,"href":"https:\/\/thefinitive.com\/en\/wp-json\/wp\/v2\/media\/8074"}],"wp:attachment":[{"href":"https:\/\/thefinitive.com\/en\/wp-json\/wp\/v2\/media?parent=8073"}],"wp:term":[{"taxonomy":"product_cat","embeddable":true,"href":"https:\/\/thefinitive.com\/en\/wp-json\/wp\/v2\/product_cat?post=8073"},{"taxonomy":"product_tag","embeddable":true,"href":"https:\/\/thefinitive.com\/en\/wp-json\/wp\/v2\/product_tag?post=8073"}],"curies":[{"name":"wp","href":"https:\/\/api.w.org\/{rel}","templated":true}]}}