{"id":8049,"date":"2021-01-14T21:16:35","date_gmt":"2021-01-14T21:16:35","guid":{"rendered":"https:\/\/www.thefinitive.com\/?post_type=product&#038;p=8049"},"modified":"2023-03-20T17:24:06","modified_gmt":"2023-03-20T16:24:06","slug":"pnf-scudetto-professionisti-artisti-per-sahariana","status":"publish","type":"product","link":"https:\/\/thefinitive.com\/en\/prodotto\/pnf-scudetto-professionisti-artisti-per-sahariana\/","title":{"rendered":"\u274c\ud83d\ude41PNF scudetto Professionisti Artisti per sahariana"},"content":{"rendered":"<p>Distintivo \/ scudetto da petto in stoffa ricamata, con dettagli in canutiglia dorata ed argentata, per giacca sahariana da uniforme del PNF, per membro componente della confederazione <strong>LIBERI PROFESSIONISTI ED ARTISTI\u00a0<\/strong><\/p>\n<p><img loading=\"lazy\" decoding=\"async\" class=\"wp-image-8062 aligncenter\" src=\"https:\/\/www.thefinitive.com\/wp-content\/uploads\/2021\/01\/scud6-1.jpg\" alt=\"PNF scudetto Professionisti Artisti\" width=\"331\" height=\"331\" srcset=\"https:\/\/thefinitive.com\/wp-content\/uploads\/2021\/01\/scud6-1.jpg 2160w, https:\/\/thefinitive.com\/wp-content\/uploads\/2021\/01\/scud6-1-600x600.jpg 600w, https:\/\/thefinitive.com\/wp-content\/uploads\/2021\/01\/scud6-1-100x100.jpg 100w, https:\/\/thefinitive.com\/wp-content\/uploads\/2021\/01\/scud6-1-1200x1200.jpg 1200w, https:\/\/thefinitive.com\/wp-content\/uploads\/2021\/01\/scud6-1-64x64.jpg 64w, https:\/\/thefinitive.com\/wp-content\/uploads\/2021\/01\/scud6-1-300x300.jpg 300w, https:\/\/thefinitive.com\/wp-content\/uploads\/2021\/01\/scud6-1-1024x1024.jpg 1024w, https:\/\/thefinitive.com\/wp-content\/uploads\/2021\/01\/scud6-1-150x150.jpg 150w, https:\/\/thefinitive.com\/wp-content\/uploads\/2021\/01\/scud6-1-768x768.jpg 768w, https:\/\/thefinitive.com\/wp-content\/uploads\/2021\/01\/scud6-1-1536x1536.jpg 1536w, https:\/\/thefinitive.com\/wp-content\/uploads\/2021\/01\/scud6-1-2048x2048.jpg 2048w, https:\/\/thefinitive.com\/wp-content\/uploads\/2021\/01\/scud6-1-45x45.jpg 45w\" sizes=\"(max-width: 331px) 100vw, 331px\" \/><\/p>\n<p>Con al retro parte della carta protettiva della trama di ricamo, dove \u00e8 riportato il marchio del produttore che purtroppo \u00e8 stato strappato, e che comunque \u00e8 <strong>TANFANI E BERTARELLI &#8211; ROMA<\/strong><\/p>\n<p>In perfette condizioni, da cucire al di sopra della tasca da petto sinistra, della giacca sahariana nera.<\/p>\n<p>&nbsp;<\/p>\n<p>&nbsp;<\/p>\n<h2 style=\"text-align: left;\">NOTIZIE<\/h2>\n<p>La Confederazione nazionale delle Corporazioni sindacali nacque nel gennaio\u00a01922\u00a0in occasione del\u00a0<strong><i>I Convegno di Studi sindacali e corporativi<\/i>\u00a0<\/strong>di\u00a0Bologna.<\/p>\n<p>In quest&#8217;occasione si svilupparono le basi del sindacalismo fascista, con la risoluzione dello scontro tra autonomisti (capeggiati da Edmondo Rossoni e Dino Grandi) e dipendenti (appoggiati da Michele Bianchi e Massimo Rocca) dei sindacati dalla politica. Vinsero i secondi, apportando l&#8217;inserimento delle strutture sindacali fasciste all&#8217;interno del Partito Nazionale Fascista (PNF , vedi lo scudetto Professionisti Artisti), la conferma del superamento della lotta di classe a favore della collaborazione di classe e della supremazia dell&#8217;interesse comune nazionale nei confronti di quello individuale o di categoria.<\/p>\n<p>In quest&#8217;occasione nacque appunto anche la Confederazione nazionale delle Corporazioni sindacali. Tali Corporazioni non furono sindacati misti tra lavoratori e datori di lavoro (che si formarono invece nel\u00a01934), ma sindacati autonomi divisi in cinque Corporazioni suddivise per categorie lavorative.<\/p>\n<p>Immediatamente scoppi\u00f2 una polemica che si ripercosse anche in ambito internazionale, nata dal fatto che la sinistra operaia internazionale, in sede di\u00a0Organizzazione Internazionale del Lavoro\u00a0(ILO), contestava il titolo alla rappresentanza operaia e, quindi, la possibilit\u00e0 di partecipare all&#8217;assemblea. Polemica che non venne accettata, in quanto l&#8217;ILO permise alle Corporazioni di partecipare alle sedute rinnovando il mandato annualmente.<\/p>\n<p>Nei mesi successivi, con l&#8217;ormai tramontato\u00a0biennio rosso\u00a0e l&#8217;offensiva militare del fascismo con le\u00a0squadre d&#8217;azione, venne operato lo sfondamento politico in campo sindacale, con il passaggio di interi settori operai dalle strutture del\u00a0Partito Socialista Italiano\u00a0e della\u00a0CGdL\u00a0al\u00a0fascismo. Tanto che, nell&#8217;estate del 1922 la Confederazione nazionale delle Corporazioni sindacali contava 800.000 iscritti. Ci\u00f2 rientr\u00f2 nelle intenzioni di Rossoni, che pens\u00f2 di creare da una parte una base contadina potente ed affidabile, che appoggiasse e facesse da riserva strategica allo squadrismo, dall&#8217;altra di fare del sindacalismo una delle pietre angolari dello Stato fascista.<\/p>\n<h4 style=\"text-align: center;\"><a href=\"https:\/\/www.thefinitive.com\/pnf-partito-nazionale-fascista-mussolini\/\">Cliccando sul seguente link \/ foto avrete accesso ad una sezione di notizie storiche sul Partito Nazionale Fascista<\/a><\/h4>\n<p><a href=\"https:\/\/www.thefinitive.com\/pnf-partito-nazionale-fascista-mussolini\/\"><img loading=\"lazy\" decoding=\"async\" class=\"size-medium wp-image-7882 aligncenter\" src=\"https:\/\/www.thefinitive.com\/wp-content\/uploads\/2021\/01\/logo-300x300.jpg\" sizes=\"(max-width: 300px) 100vw, 300px\" srcset=\"https:\/\/www.thefinitive.com\/wp-content\/uploads\/2021\/01\/logo-300x300.jpg 300w, https:\/\/www.thefinitive.com\/wp-content\/uploads\/2021\/01\/logo-1024x1024.jpg 1024w, https:\/\/www.thefinitive.com\/wp-content\/uploads\/2021\/01\/logo-150x150.jpg 150w, https:\/\/www.thefinitive.com\/wp-content\/uploads\/2021\/01\/logo-768x768.jpg 768w, https:\/\/www.thefinitive.com\/wp-content\/uploads\/2021\/01\/logo-45x45.jpg 45w, https:\/\/www.thefinitive.com\/wp-content\/uploads\/2021\/01\/logo-600x600.jpg 600w, https:\/\/www.thefinitive.com\/wp-content\/uploads\/2021\/01\/logo-100x100.jpg 100w, https:\/\/www.thefinitive.com\/wp-content\/uploads\/2021\/01\/logo.jpg 1067w\" alt=\"\" width=\"300\" height=\"300\" \/><\/a><\/p>\n<p>&nbsp;<\/p>\n<p>&nbsp;<\/p>\n<p style=\"text-align: center;\"><strong><a href=\"https:\/\/www.thefinitive.com\/confederazione-fascista-ordinamento-sindacati\/\">CONFEDERAZIONE FASCISTA<\/a>\u00a0<\/strong><\/p>\n<p><a href=\"https:\/\/www.thefinitive.com\/confederazione-fascista-ordinamento-sindacati\/\"><img loading=\"lazy\" decoding=\"async\" class=\"wp-image-8054 aligncenter\" src=\"https:\/\/www.thefinitive.com\/wp-content\/uploads\/2021\/01\/CARTA-DEL-LAVORO.jpg\" alt=\"\" width=\"291\" height=\"485\" srcset=\"https:\/\/thefinitive.com\/wp-content\/uploads\/2021\/01\/CARTA-DEL-LAVORO.jpg 481w, https:\/\/thefinitive.com\/wp-content\/uploads\/2021\/01\/CARTA-DEL-LAVORO-64x106.jpg 64w, https:\/\/thefinitive.com\/wp-content\/uploads\/2021\/01\/CARTA-DEL-LAVORO-180x300.jpg 180w\" sizes=\"(max-width: 291px) 100vw, 291px\" \/><\/a><\/p>\n<p>&nbsp;<\/p>\n<p>&nbsp;<\/p>\n<p><em>Fonti varie <a href=\"https:\/\/it.wikipedia.org\/wiki\/Confederazione_nazionale_delle_corporazioni_sindacali\">Wikipedia<\/a><\/em><\/p>\n<p>1.21<\/p>\n","protected":false},"excerpt":{"rendered":"<p style=\"text-align: center;\">Distintivo \/ scudetto da petto in stoffa ricamata, con dettagli in canutiglia dorata ed argentata, per giacca sahariana da uniforme del PNF, per membro componente della confederazione <strong>LIBERI PROFESSIONISTI ED ARTISTI\u00a0<\/strong><\/p>\n<p style=\"text-align: center;\">Marca\u00a0 <strong><em>TANFANI E BERTARELLI &#8211; ROMA<\/em><\/strong><\/p>\n<p style=\"text-align: center;\"><strong><em>(Scorri la pagina in basso per ulteriori dettagli e informazioni)<\/em><\/strong><\/p>\n<p>&nbsp;<\/p>\n<p>&nbsp;<\/p>\n","protected":false},"featured_media":8055,"comment_status":"open","ping_status":"closed","template":"","meta":[],"product_cat":[586],"product_tag":[723,197,162,155,198,156,195],"yoast_head":"<!-- This site is optimized with the Yoast SEO plugin v21.9.1 - https:\/\/yoast.com\/wordpress\/plugins\/seo\/ -->\n<title>\u274c\ud83d\ude41PNF scudetto Professionisti Artisti per sahariana - Thefinitive<\/title>\n<meta name=\"description\" content=\"PNF scudetto Liberi Professionisti ed Artisti Partito Nazionale Fascista - Fascist Party embroidered patch - Giacca sahariana, ministeriale\" \/>\n<meta name=\"robots\" content=\"index, follow, max-snippet:-1, max-image-preview:large, max-video-preview:-1\" \/>\n<link rel=\"canonical\" href=\"https:\/\/thefinitive.com\/en\/prodotto\/pnf-scudetto-professionisti-artisti-per-sahariana\/\" \/>\n<meta property=\"og:locale\" content=\"en_US\" \/>\n<meta property=\"og:type\" content=\"article\" \/>\n<meta property=\"og:title\" content=\"\u274c\ud83d\ude41PNF scudetto Professionisti Artisti per sahariana - Thefinitive\" \/>\n<meta property=\"og:description\" content=\"PNF scudetto Liberi Professionisti ed Artisti Partito Nazionale Fascista - Fascist Party embroidered patch - Giacca sahariana, ministeriale\" \/>\n<meta property=\"og:url\" content=\"https:\/\/thefinitive.com\/en\/prodotto\/pnf-scudetto-professionisti-artisti-per-sahariana\/\" \/>\n<meta property=\"og:site_name\" content=\"Thefinitive\" \/>\n<meta property=\"article:publisher\" content=\"https:\/\/business.facebook.com\/Thefinitive-111771813534320\/\" \/>\n<meta property=\"article:modified_time\" content=\"2023-03-20T16:24:06+00:00\" \/>\n<meta property=\"og:image\" content=\"https:\/\/thefinitive.com\/wp-content\/uploads\/2021\/01\/scud1.jpg\" \/>\n\t<meta property=\"og:image:width\" content=\"2160\" \/>\n\t<meta property=\"og:image:height\" content=\"2160\" \/>\n\t<meta property=\"og:image:type\" content=\"image\/jpeg\" \/>\n<meta name=\"twitter:card\" content=\"summary_large_image\" \/>\n<meta name=\"twitter:label1\" content=\"Est. reading time\" \/>\n\t<meta name=\"twitter:data1\" content=\"2 minutes\" \/>\n<script type=\"application\/ld+json\" class=\"yoast-schema-graph\">{\"@context\":\"https:\/\/schema.org\",\"@graph\":[{\"@type\":\"WebPage\",\"@id\":\"https:\/\/thefinitive.com\/en\/prodotto\/pnf-scudetto-professionisti-artisti-per-sahariana\/\",\"url\":\"https:\/\/thefinitive.com\/en\/prodotto\/pnf-scudetto-professionisti-artisti-per-sahariana\/\",\"name\":\"\u274c\ud83d\ude41PNF scudetto Professionisti Artisti per sahariana - Thefinitive\",\"isPartOf\":{\"@id\":\"https:\/\/thefinitive.com\/en\/#website\"},\"datePublished\":\"2021-01-14T21:16:35+00:00\",\"dateModified\":\"2023-03-20T16:24:06+00:00\",\"description\":\"PNF scudetto Liberi Professionisti ed Artisti Partito Nazionale Fascista - Fascist Party embroidered patch - Giacca sahariana, ministeriale\",\"breadcrumb\":{\"@id\":\"https:\/\/thefinitive.com\/en\/prodotto\/pnf-scudetto-professionisti-artisti-per-sahariana\/#breadcrumb\"},\"inLanguage\":\"en-US\",\"potentialAction\":[{\"@type\":\"ReadAction\",\"target\":[\"https:\/\/thefinitive.com\/en\/prodotto\/pnf-scudetto-professionisti-artisti-per-sahariana\/\"]}]},{\"@type\":\"BreadcrumbList\",\"@id\":\"https:\/\/thefinitive.com\/en\/prodotto\/pnf-scudetto-professionisti-artisti-per-sahariana\/#breadcrumb\",\"itemListElement\":[{\"@type\":\"ListItem\",\"position\":1,\"name\":\"Home\",\"item\":\"https:\/\/thefinitive.com\/en\/\"},{\"@type\":\"ListItem\",\"position\":2,\"name\":\"Shop\",\"item\":\"https:\/\/thefinitive.com\/en\/shop-2\/\"},{\"@type\":\"ListItem\",\"position\":3,\"name\":\"\u274c\ud83d\ude41PNF scudetto Professionisti Artisti per sahariana\"}]},{\"@type\":\"WebSite\",\"@id\":\"https:\/\/thefinitive.com\/en\/#website\",\"url\":\"https:\/\/thefinitive.com\/en\/\",\"name\":\"Thefinitive\",\"description\":\"Antiquariato Online\",\"publisher\":{\"@id\":\"https:\/\/thefinitive.com\/en\/#organization\"},\"potentialAction\":[{\"@type\":\"SearchAction\",\"target\":{\"@type\":\"EntryPoint\",\"urlTemplate\":\"https:\/\/thefinitive.com\/en\/?s={search_term_string}\"},\"query-input\":\"required name=search_term_string\"}],\"inLanguage\":\"en-US\"},{\"@type\":\"Organization\",\"@id\":\"https:\/\/thefinitive.com\/en\/#organization\",\"name\":\"Thefinitive\",\"url\":\"https:\/\/thefinitive.com\/en\/\",\"logo\":{\"@type\":\"ImageObject\",\"inLanguage\":\"en-US\",\"@id\":\"https:\/\/thefinitive.com\/en\/#\/schema\/logo\/image\/\",\"url\":\"https:\/\/thefinitive.com\/wp-content\/uploads\/2019\/07\/logo4vett.svg\",\"contentUrl\":\"https:\/\/thefinitive.com\/wp-content\/uploads\/2019\/07\/logo4vett.svg\",\"width\":500,\"height\":100,\"caption\":\"Thefinitive\"},\"image\":{\"@id\":\"https:\/\/thefinitive.com\/en\/#\/schema\/logo\/image\/\"},\"sameAs\":[\"https:\/\/business.facebook.com\/Thefinitive-111771813534320\/\",\"https:\/\/www.instagram.com\/_thefinitive_\/\"]}]}<\/script>\n<!-- \/ Yoast SEO plugin. -->","yoast_head_json":{"title":"\u274c\ud83d\ude41PNF scudetto Professionisti Artisti per sahariana - Thefinitive","description":"PNF scudetto Liberi Professionisti ed Artisti Partito Nazionale Fascista - Fascist Party embroidered patch - Giacca sahariana, ministeriale","robots":{"index":"index","follow":"follow","max-snippet":"max-snippet:-1","max-image-preview":"max-image-preview:large","max-video-preview":"max-video-preview:-1"},"canonical":"https:\/\/thefinitive.com\/en\/prodotto\/pnf-scudetto-professionisti-artisti-per-sahariana\/","og_locale":"en_US","og_type":"article","og_title":"\u274c\ud83d\ude41PNF scudetto Professionisti Artisti per sahariana - Thefinitive","og_description":"PNF scudetto Liberi Professionisti ed Artisti Partito Nazionale Fascista - Fascist Party embroidered patch - Giacca sahariana, ministeriale","og_url":"https:\/\/thefinitive.com\/en\/prodotto\/pnf-scudetto-professionisti-artisti-per-sahariana\/","og_site_name":"Thefinitive","article_publisher":"https:\/\/business.facebook.com\/Thefinitive-111771813534320\/","article_modified_time":"2023-03-20T16:24:06+00:00","og_image":[{"width":2160,"height":2160,"url":"https:\/\/thefinitive.com\/wp-content\/uploads\/2021\/01\/scud1.jpg","type":"image\/jpeg"}],"twitter_card":"summary_large_image","twitter_misc":{"Est. reading time":"2 minutes"},"schema":{"@context":"https:\/\/schema.org","@graph":[{"@type":"WebPage","@id":"https:\/\/thefinitive.com\/en\/prodotto\/pnf-scudetto-professionisti-artisti-per-sahariana\/","url":"https:\/\/thefinitive.com\/en\/prodotto\/pnf-scudetto-professionisti-artisti-per-sahariana\/","name":"\u274c\ud83d\ude41PNF scudetto Professionisti Artisti per sahariana - Thefinitive","isPartOf":{"@id":"https:\/\/thefinitive.com\/en\/#website"},"datePublished":"2021-01-14T21:16:35+00:00","dateModified":"2023-03-20T16:24:06+00:00","description":"PNF scudetto Liberi Professionisti ed Artisti Partito Nazionale Fascista - Fascist Party embroidered patch - Giacca sahariana, ministeriale","breadcrumb":{"@id":"https:\/\/thefinitive.com\/en\/prodotto\/pnf-scudetto-professionisti-artisti-per-sahariana\/#breadcrumb"},"inLanguage":"en-US","potentialAction":[{"@type":"ReadAction","target":["https:\/\/thefinitive.com\/en\/prodotto\/pnf-scudetto-professionisti-artisti-per-sahariana\/"]}]},{"@type":"BreadcrumbList","@id":"https:\/\/thefinitive.com\/en\/prodotto\/pnf-scudetto-professionisti-artisti-per-sahariana\/#breadcrumb","itemListElement":[{"@type":"ListItem","position":1,"name":"Home","item":"https:\/\/thefinitive.com\/en\/"},{"@type":"ListItem","position":2,"name":"Shop","item":"https:\/\/thefinitive.com\/en\/shop-2\/"},{"@type":"ListItem","position":3,"name":"\u274c\ud83d\ude41PNF scudetto Professionisti Artisti per sahariana"}]},{"@type":"WebSite","@id":"https:\/\/thefinitive.com\/en\/#website","url":"https:\/\/thefinitive.com\/en\/","name":"Thefinitive","description":"Antiquariato Online","publisher":{"@id":"https:\/\/thefinitive.com\/en\/#organization"},"potentialAction":[{"@type":"SearchAction","target":{"@type":"EntryPoint","urlTemplate":"https:\/\/thefinitive.com\/en\/?s={search_term_string}"},"query-input":"required name=search_term_string"}],"inLanguage":"en-US"},{"@type":"Organization","@id":"https:\/\/thefinitive.com\/en\/#organization","name":"Thefinitive","url":"https:\/\/thefinitive.com\/en\/","logo":{"@type":"ImageObject","inLanguage":"en-US","@id":"https:\/\/thefinitive.com\/en\/#\/schema\/logo\/image\/","url":"https:\/\/thefinitive.com\/wp-content\/uploads\/2019\/07\/logo4vett.svg","contentUrl":"https:\/\/thefinitive.com\/wp-content\/uploads\/2019\/07\/logo4vett.svg","width":500,"height":100,"caption":"Thefinitive"},"image":{"@id":"https:\/\/thefinitive.com\/en\/#\/schema\/logo\/image\/"},"sameAs":["https:\/\/business.facebook.com\/Thefinitive-111771813534320\/","https:\/\/www.instagram.com\/_thefinitive_\/"]}]}},"_links":{"self":[{"href":"https:\/\/thefinitive.com\/en\/wp-json\/wp\/v3\/product\/8049"}],"collection":[{"href":"https:\/\/thefinitive.com\/en\/wp-json\/wp\/v3\/product"}],"about":[{"href":"https:\/\/thefinitive.com\/en\/wp-json\/wp\/v2\/types\/product"}],"replies":[{"embeddable":true,"href":"https:\/\/thefinitive.com\/en\/wp-json\/wp\/v2\/comments?post=8049"}],"version-history":[{"count":1,"href":"https:\/\/thefinitive.com\/en\/wp-json\/wp\/v3\/product\/8049\/revisions"}],"predecessor-version":[{"id":14617,"href":"https:\/\/thefinitive.com\/en\/wp-json\/wp\/v3\/product\/8049\/revisions\/14617"}],"wp:featuredmedia":[{"embeddable":true,"href":"https:\/\/thefinitive.com\/en\/wp-json\/wp\/v2\/media\/8055"}],"wp:attachment":[{"href":"https:\/\/thefinitive.com\/en\/wp-json\/wp\/v2\/media?parent=8049"}],"wp:term":[{"taxonomy":"product_cat","embeddable":true,"href":"https:\/\/thefinitive.com\/en\/wp-json\/wp\/v2\/product_cat?post=8049"},{"taxonomy":"product_tag","embeddable":true,"href":"https:\/\/thefinitive.com\/en\/wp-json\/wp\/v2\/product_tag?post=8049"}],"curies":[{"name":"wp","href":"https:\/\/api.w.org\/{rel}","templated":true}]}}