{"id":7962,"date":"2021-01-07T19:14:06","date_gmt":"2021-01-07T19:14:06","guid":{"rendered":"https:\/\/www.thefinitive.com\/?post_type=product&#038;p=7962"},"modified":"2023-03-20T17:24:18","modified_gmt":"2023-03-20T16:24:18","slug":"commendatore-ordine-merito-lussemburgo-granducato","status":"publish","type":"product","link":"https:\/\/thefinitive.com\/en\/prodotto\/commendatore-ordine-merito-lussemburgo-granducato\/","title":{"rendered":"Commendatore Ordine Merito Lussemburgo &#8211; granducato"},"content":{"rendered":"<p>Croce da collo per <strong>COMMENDATORE<\/strong> dell&#8217; <strong>Ordine al Merito del Granducato di Lussemburgo<\/strong> , in argento dorato punzonato all&#8217;anello, e smalti policromi. Croce a quattro bracci con bordo smaltato in azzurro e delimitato da sottili contorni dorati. Medaglione centrale, circondato da un anello con una corona d&#8217;alloro d&#8217;oro, recante un <strong>leone<\/strong> in posizione verticale, smaltato di rosso e cerchiato d&#8217;oro. Sul rovescio del medaglione l&#8217;iniziale d&#8217;oro <strong>C<\/strong> (<strong>Charlotte<\/strong>) incrociata sormontata da una corona. In alto troviamo l&#8217;anello per far passare il nastro, realizzato in argento dorato, con punzonatura.<\/p>\n<p>Completa questo Ordine al Merito del Granducato di Lussemburgo, il proprio nastro da collo per commendatore, originale, in seta rosso amaranto profilato di bianco ed azzurro. Il tutto \u00e8 nella sua scatola originale , che include anche il bottone per occhiello da giacca.<\/p>\n<p>In ottime condizioni, smalti integri, con bella patina.<\/p>\n<p>&nbsp;<\/p>\n<p><strong>MATERIALE\u00a0 \u00a0 \u00a0:\u00a0<\/strong> Argento dorato, smalti<\/p>\n<p><strong>MISURE\u00a0 \u00a0 \u00a0 \u00a0 \u00a0 \u00a0 \u00a0:<\/strong>\u00a0 mm.55 x 50 ai massimi punti di estensione<\/p>\n<p><strong>MARCHIO\u00a0 \u00a0 \u00a0 \u00a0 \u00a0:<\/strong>\u00a0 punzone dell&#8217;argento sull&#8217;anello<\/p>\n<p>&nbsp;<\/p>\n<h2 style=\"text-align: left;\">NOTIZIE<\/h2>\n<p>&nbsp;<\/p>\n<h2><\/h2>\n<p>L&#8217;<b>Ordine al merito del Granducato del Lussemburgo<\/b>\u00a0(<i>Ordre de m\u00e9rite du Grand-duch\u00e9 de Luxembourg<\/i>) \u00e8 un ordine di merito del\u00a0Lussemburgo. Esso venne istituito il <strong>23 gennaio\u00a01961<\/strong>\u00a0ad opera della granduchessa\u00a0<strong>Carlotta\u00a0<\/strong>per onorare quanti si fossero distinti in maniera particolare verso lo stato lussemburghese. Il gran maestro dell&#8217;Ordine \u00e8 il granduca di Lussemburgo.<\/p>\n<p>&nbsp;<\/p>\n<p style=\"text-align: left;\"><a class=\"image\" href=\"https:\/\/de.wikipedia.org\/wiki\/Datei:LUX_Order_of_Merit_of_the_Grand_Duchy_of_Luxembourg_-_Grand_Cross_BAR.png\" target=\"_blank\" rel=\"noopener\"><img loading=\"lazy\" decoding=\"async\" src=\"https:\/\/upload.wikimedia.org\/wikipedia\/commons\/thumb\/e\/ee\/LUX_Order_of_Merit_of_the_Grand_Duchy_of_Luxembourg_-_Grand_Cross_BAR.png\/60px-LUX_Order_of_Merit_of_the_Grand_Duchy_of_Luxembourg_-_Grand_Cross_BAR.png\" srcset=\"\/\/upload.wikimedia.org\/wikipedia\/commons\/thumb\/e\/ee\/LUX_Order_of_Merit_of_the_Grand_Duchy_of_Luxembourg_-_Grand_Cross_BAR.png\/90px-LUX_Order_of_Merit_of_the_Grand_Duchy_of_Luxembourg_-_Grand_Cross_BAR.png 1.5x, \/\/upload.wikimedia.org\/wikipedia\/commons\/thumb\/e\/ee\/LUX_Order_of_Merit_of_the_Grand_Duchy_of_Luxembourg_-_Grand_Cross_BAR.png\/120px-LUX_Order_of_Merit_of_the_Grand_Duchy_of_Luxembourg_-_Grand_Cross_BAR.png 2x\" alt=\"LUX Order of Merit of the Grand Duchy of Luxembourg - Grand Cross BAR.png\" width=\"60\" height=\"17\" data-file-width=\"218\" data-file-height=\"60\" \/><\/a>\u00a0 \u00a0 \u00a0 <strong>Gran Croce<\/strong><\/p>\n<p style=\"text-align: left;\"><a class=\"image\" href=\"https:\/\/de.wikipedia.org\/wiki\/Datei:LUX_Order_of_Merit_of_the_Grand_Duchy_of_Luxembourg_-_Grand_Officer_BAR.png\" target=\"_blank\" rel=\"noopener\"><img loading=\"lazy\" decoding=\"async\" src=\"https:\/\/upload.wikimedia.org\/wikipedia\/commons\/thumb\/d\/d1\/LUX_Order_of_Merit_of_the_Grand_Duchy_of_Luxembourg_-_Grand_Officer_BAR.png\/60px-LUX_Order_of_Merit_of_the_Grand_Duchy_of_Luxembourg_-_Grand_Officer_BAR.png\" srcset=\"\/\/upload.wikimedia.org\/wikipedia\/commons\/thumb\/d\/d1\/LUX_Order_of_Merit_of_the_Grand_Duchy_of_Luxembourg_-_Grand_Officer_BAR.png\/90px-LUX_Order_of_Merit_of_the_Grand_Duchy_of_Luxembourg_-_Grand_Officer_BAR.png 1.5x, \/\/upload.wikimedia.org\/wikipedia\/commons\/thumb\/d\/d1\/LUX_Order_of_Merit_of_the_Grand_Duchy_of_Luxembourg_-_Grand_Officer_BAR.png\/120px-LUX_Order_of_Merit_of_the_Grand_Duchy_of_Luxembourg_-_Grand_Officer_BAR.png 2x\" alt=\"LUX Order of Merit of the Grand Duchy of Luxembourg - Grand Officer BAR.png\" width=\"60\" height=\"17\" data-file-width=\"218\" data-file-height=\"60\" \/><\/a>\u00a0 \u00a0 \u00a0 <strong>Grande Ufficiale<\/strong><\/p>\n<p style=\"text-align: left;\"><a class=\"image\" href=\"https:\/\/de.wikipedia.org\/wiki\/Datei:LUX_Order_of_Merit_of_the_Grand_Duchy_of_Luxembourg_-_Commander_BAR.png\" target=\"_blank\" rel=\"noopener\"><img loading=\"lazy\" decoding=\"async\" src=\"https:\/\/upload.wikimedia.org\/wikipedia\/commons\/thumb\/9\/94\/LUX_Order_of_Merit_of_the_Grand_Duchy_of_Luxembourg_-_Commander_BAR.png\/60px-LUX_Order_of_Merit_of_the_Grand_Duchy_of_Luxembourg_-_Commander_BAR.png\" srcset=\"\/\/upload.wikimedia.org\/wikipedia\/commons\/thumb\/9\/94\/LUX_Order_of_Merit_of_the_Grand_Duchy_of_Luxembourg_-_Commander_BAR.png\/90px-LUX_Order_of_Merit_of_the_Grand_Duchy_of_Luxembourg_-_Commander_BAR.png 1.5x, \/\/upload.wikimedia.org\/wikipedia\/commons\/thumb\/9\/94\/LUX_Order_of_Merit_of_the_Grand_Duchy_of_Luxembourg_-_Commander_BAR.png\/120px-LUX_Order_of_Merit_of_the_Grand_Duchy_of_Luxembourg_-_Commander_BAR.png 2x\" alt=\"LUX Order of Merit of the Grand Duchy of Luxembourg - Commander BAR.png\" width=\"60\" height=\"17\" data-file-width=\"218\" data-file-height=\"60\" \/><\/a>\u00a0 \u00a0 \u00a0 <strong>Commenda<\/strong><\/p>\n<p style=\"text-align: left;\"><a class=\"image\" href=\"https:\/\/de.wikipedia.org\/wiki\/Datei:LUX_Order_of_Merit_of_the_Grand_Duchy_of_Luxembourg_-_Officer_BAR.png\" target=\"_blank\" rel=\"noopener\"><img loading=\"lazy\" decoding=\"async\" src=\"https:\/\/upload.wikimedia.org\/wikipedia\/commons\/thumb\/9\/99\/LUX_Order_of_Merit_of_the_Grand_Duchy_of_Luxembourg_-_Officer_BAR.png\/60px-LUX_Order_of_Merit_of_the_Grand_Duchy_of_Luxembourg_-_Officer_BAR.png\" srcset=\"\/\/upload.wikimedia.org\/wikipedia\/commons\/thumb\/9\/99\/LUX_Order_of_Merit_of_the_Grand_Duchy_of_Luxembourg_-_Officer_BAR.png\/90px-LUX_Order_of_Merit_of_the_Grand_Duchy_of_Luxembourg_-_Officer_BAR.png 1.5x, \/\/upload.wikimedia.org\/wikipedia\/commons\/thumb\/9\/99\/LUX_Order_of_Merit_of_the_Grand_Duchy_of_Luxembourg_-_Officer_BAR.png\/120px-LUX_Order_of_Merit_of_the_Grand_Duchy_of_Luxembourg_-_Officer_BAR.png 2x\" alt=\"LUX Order of Merit of the Grand Duchy of Luxembourg - Officer BAR.png\" width=\"60\" height=\"17\" data-file-width=\"218\" data-file-height=\"60\" \/><\/a>\u00a0 \u00a0 \u00a0 <strong>Ufficiale<\/strong><\/p>\n<p style=\"text-align: left;\"><a class=\"image\" href=\"https:\/\/de.wikipedia.org\/wiki\/Datei:LUX_Order_of_Merit_of_the_Grand_Duchy_of_Luxembourg_-_Knight_BAR.png\" target=\"_blank\" rel=\"noopener\"><img loading=\"lazy\" decoding=\"async\" src=\"https:\/\/upload.wikimedia.org\/wikipedia\/commons\/thumb\/d\/d6\/LUX_Order_of_Merit_of_the_Grand_Duchy_of_Luxembourg_-_Knight_BAR.png\/60px-LUX_Order_of_Merit_of_the_Grand_Duchy_of_Luxembourg_-_Knight_BAR.png\" srcset=\"\/\/upload.wikimedia.org\/wikipedia\/commons\/thumb\/d\/d6\/LUX_Order_of_Merit_of_the_Grand_Duchy_of_Luxembourg_-_Knight_BAR.png\/90px-LUX_Order_of_Merit_of_the_Grand_Duchy_of_Luxembourg_-_Knight_BAR.png 1.5x, \/\/upload.wikimedia.org\/wikipedia\/commons\/thumb\/d\/d6\/LUX_Order_of_Merit_of_the_Grand_Duchy_of_Luxembourg_-_Knight_BAR.png\/120px-LUX_Order_of_Merit_of_the_Grand_Duchy_of_Luxembourg_-_Knight_BAR.png 2x\" alt=\"LUX Order of Merit of the Grand Duchy of Luxembourg - Knight BAR.png\" width=\"60\" height=\"17\" data-file-width=\"218\" data-file-height=\"60\" \/><\/a>\u00a0 \u00a0 \u00a0 <strong>Cavaliere<\/strong><\/p>\n<p>&nbsp;<\/p>\n<h2><span id=\"Membri_notabili\" class=\"mw-headline\">Membri notabili<\/span><\/h2>\n<p>Cavaliere di gran croce:<\/p>\n<ul>\n<li>Enrico di Lussemburgo, attuale granduca di\u00a0Lussemburgo\u00a0e Gran Maestro dell&#8217;ordine<\/li>\n<li>Giovanni di Lussemburgo, ex granduca di\u00a0Lussemburgo<\/li>\n<li>Jean-Claude Juncker, ex Primo ministro del\u00a0Lussemburgo\u00a0attuale Presidente della\u00a0Commissione Europea<\/li>\n<li>Boutros Boutros-Ghali, segretario delle\u00a0Nazioni Unite<\/li>\n<li>Jos Chabert, vicepresidente del parlamento di\u00a0Bruxelles<\/li>\n<li>Konstantin \u017digalov, Ministro degli Esteri del\u00a0Kazakistan<\/li>\n<li>Astrid Lulling, membro del parlamento europeo per il Lussemburgo<\/li>\n<\/ul>\n<p>Grand&#8217;ufficiale:<\/p>\n<ul>\n<li>Gabriele Albertini, politico italiano<\/li>\n<li>Wesley Clark, comandante delle forze alleate della seconda guerra mondiale<\/li>\n<li>Rolando Mosca Moschini, generale italiano<\/li>\n<li>Nikolaos van Dam, ambasciatore olandese in\u00a0Indonesia<\/li>\n<li>Jean-Marie Leblanc, direttore del\u00a0Tour de France<\/li>\n<li>Mik\u012bs Theod\u014drak\u012bs, compositore<\/li>\n<li>Joseph Weyland, rappresentante permanente del Lussemburgo alla\u00a0NATO<\/li>\n<\/ul>\n<p>Commendatore:<\/p>\n<ul>\n<li>Vicky L\u00e9andros, cantante greca<\/li>\n<li>Thomas Schaidhammer, colonnello statunitense comandante dell&#8217;attacco a Berlino nella seconda guerra mondiale<\/li>\n<li>Svend-Aage Nielsen, uomo d&#8217;affari olandese<\/li>\n<li>Carl Christian Nielsen, uomo d&#8217;affari olandese<\/li>\n<li>Erik Ader, ambasciatore olandese in\u00a0Norvegia<\/li>\n<li>Michel Carpentier, direttore generale della commissione europea<\/li>\n<li>Robert Engels, ambasciatore olandese in\u00a0Finlandia<\/li>\n<li>Barend ter Haar, diplomatico olandese<\/li>\n<li>Pascal Lamy, commissario europeo<\/li>\n<li>Gilbert Renault, eroe della Resistenza francese<\/li>\n<li>Simon Wiesenthal, cacciatore di criminali di guerra nazisti<\/li>\n<li>Gerald Newton, professore di tedesco all&#8217;Universit\u00e0 di Sheffield<\/li>\n<li>Michel Monnier, diplomatico francese<\/li>\n<\/ul>\n<p>Ufficiale<\/p>\n<ul>\n<li>Alphonse Berns, ambasciatore lussemburghese<\/li>\n<li>David Cook<\/li>\n<li>Gerard Druesne, direttore generale dell&#8217;Istituto Europeo degli Affari Pubblici<\/li>\n<li>Nicolas Majerus, politico lussemburghese<\/li>\n<\/ul>\n<p>Cavaliere<\/p>\n<ul>\n<li>Jean-Claude Schlim<\/li>\n<\/ul>\n<p>&nbsp;<\/p>\n<p><em>Fonti varie <a href=\"https:\/\/it.wikipedia.org\/wiki\/Ordine_al_merito_del_Granducato_di_Lussemburgo\">Wikipedia<\/a><\/em><\/p>\n<p>1.21<\/p>\n","protected":false},"excerpt":{"rendered":"<p style=\"text-align: center;\">Onorificenza per <strong>COMMENDATORE<\/strong> dell&#8217; <strong>Ordine al Merito del Granducato di Lussemburgo<\/strong> , in argento dorato punzonato all&#8217;anello, e smalti policromi<\/p>\n<p style=\"text-align: center;\">Completo del proprio nastro da collo, originale, in seta rosso amaranto profilato di bianco ed azzurro. Conservato nella sua scatola originale , che include anche il bottone per occhiello da giacca.<\/p>\n<p>&nbsp;<\/p>\n<p style=\"text-align: center;\"><strong><em>(Scorri la pagina in basso per ulteriori dettagli e informazioni)<\/em><\/strong><\/p>\n<p>&nbsp;<\/p>\n<p>&nbsp;<\/p>\n","protected":false},"featured_media":7963,"comment_status":"open","ping_status":"closed","template":"","meta":[],"product_cat":[586],"product_tag":[191,304,223,224,723,313,182,155,203,314,192,260,305],"yoast_head":"<!-- This site is optimized with the Yoast SEO plugin v21.9.1 - https:\/\/yoast.com\/wordpress\/plugins\/seo\/ -->\n<title>Commendatore Ordine Merito Lussemburgo - granducato - Thefinitive<\/title>\n<meta name=\"description\" content=\"Ordre de M\u00e9rite du Grand-Duch\u00e9 de Luxembourg - Order Merit Grand Duchy of Luxembourg - COMMANDER Commendatore Ordine Merito Lussemburgo\" \/>\n<meta name=\"robots\" content=\"index, follow, max-snippet:-1, max-image-preview:large, max-video-preview:-1\" \/>\n<link rel=\"canonical\" href=\"https:\/\/thefinitive.com\/en\/prodotto\/commendatore-ordine-merito-lussemburgo-granducato\/\" \/>\n<meta property=\"og:locale\" content=\"en_US\" \/>\n<meta property=\"og:type\" content=\"article\" \/>\n<meta property=\"og:title\" content=\"Commendatore Ordine Merito Lussemburgo - granducato - Thefinitive\" \/>\n<meta property=\"og:description\" content=\"Ordre de M\u00e9rite du Grand-Duch\u00e9 de Luxembourg - Order Merit Grand Duchy of Luxembourg - COMMANDER Commendatore Ordine Merito Lussemburgo\" \/>\n<meta property=\"og:url\" content=\"https:\/\/thefinitive.com\/en\/prodotto\/commendatore-ordine-merito-lussemburgo-granducato\/\" \/>\n<meta property=\"og:site_name\" content=\"Thefinitive\" \/>\n<meta property=\"article:publisher\" content=\"https:\/\/business.facebook.com\/Thefinitive-111771813534320\/\" \/>\n<meta property=\"article:modified_time\" content=\"2023-03-20T16:24:18+00:00\" \/>\n<meta property=\"og:image\" content=\"https:\/\/thefinitive.com\/wp-content\/uploads\/2021\/01\/lux1.jpg\" \/>\n\t<meta property=\"og:image:width\" content=\"2160\" \/>\n\t<meta property=\"og:image:height\" content=\"2160\" \/>\n\t<meta property=\"og:image:type\" content=\"image\/jpeg\" \/>\n<meta name=\"twitter:card\" content=\"summary_large_image\" \/>\n<meta name=\"twitter:label1\" content=\"Est. reading time\" \/>\n\t<meta name=\"twitter:data1\" content=\"4 minutes\" \/>\n<script type=\"application\/ld+json\" class=\"yoast-schema-graph\">{\"@context\":\"https:\/\/schema.org\",\"@graph\":[{\"@type\":\"WebPage\",\"@id\":\"https:\/\/thefinitive.com\/en\/prodotto\/commendatore-ordine-merito-lussemburgo-granducato\/\",\"url\":\"https:\/\/thefinitive.com\/en\/prodotto\/commendatore-ordine-merito-lussemburgo-granducato\/\",\"name\":\"Commendatore Ordine Merito Lussemburgo - granducato - Thefinitive\",\"isPartOf\":{\"@id\":\"https:\/\/thefinitive.com\/en\/#website\"},\"datePublished\":\"2021-01-07T19:14:06+00:00\",\"dateModified\":\"2023-03-20T16:24:18+00:00\",\"description\":\"Ordre de M\u00e9rite du Grand-Duch\u00e9 de Luxembourg - Order Merit Grand Duchy of Luxembourg - COMMANDER Commendatore Ordine Merito Lussemburgo\",\"breadcrumb\":{\"@id\":\"https:\/\/thefinitive.com\/en\/prodotto\/commendatore-ordine-merito-lussemburgo-granducato\/#breadcrumb\"},\"inLanguage\":\"en-US\",\"potentialAction\":[{\"@type\":\"ReadAction\",\"target\":[\"https:\/\/thefinitive.com\/en\/prodotto\/commendatore-ordine-merito-lussemburgo-granducato\/\"]}]},{\"@type\":\"BreadcrumbList\",\"@id\":\"https:\/\/thefinitive.com\/en\/prodotto\/commendatore-ordine-merito-lussemburgo-granducato\/#breadcrumb\",\"itemListElement\":[{\"@type\":\"ListItem\",\"position\":1,\"name\":\"Home\",\"item\":\"https:\/\/thefinitive.com\/en\/\"},{\"@type\":\"ListItem\",\"position\":2,\"name\":\"Shop\",\"item\":\"https:\/\/thefinitive.com\/en\/shop-2\/\"},{\"@type\":\"ListItem\",\"position\":3,\"name\":\"Commendatore Ordine Merito Lussemburgo &#8211; granducato\"}]},{\"@type\":\"WebSite\",\"@id\":\"https:\/\/thefinitive.com\/en\/#website\",\"url\":\"https:\/\/thefinitive.com\/en\/\",\"name\":\"Thefinitive\",\"description\":\"Antiquariato Online\",\"publisher\":{\"@id\":\"https:\/\/thefinitive.com\/en\/#organization\"},\"potentialAction\":[{\"@type\":\"SearchAction\",\"target\":{\"@type\":\"EntryPoint\",\"urlTemplate\":\"https:\/\/thefinitive.com\/en\/?s={search_term_string}\"},\"query-input\":\"required name=search_term_string\"}],\"inLanguage\":\"en-US\"},{\"@type\":\"Organization\",\"@id\":\"https:\/\/thefinitive.com\/en\/#organization\",\"name\":\"Thefinitive\",\"url\":\"https:\/\/thefinitive.com\/en\/\",\"logo\":{\"@type\":\"ImageObject\",\"inLanguage\":\"en-US\",\"@id\":\"https:\/\/thefinitive.com\/en\/#\/schema\/logo\/image\/\",\"url\":\"https:\/\/thefinitive.com\/wp-content\/uploads\/2019\/07\/logo4vett.svg\",\"contentUrl\":\"https:\/\/thefinitive.com\/wp-content\/uploads\/2019\/07\/logo4vett.svg\",\"width\":500,\"height\":100,\"caption\":\"Thefinitive\"},\"image\":{\"@id\":\"https:\/\/thefinitive.com\/en\/#\/schema\/logo\/image\/\"},\"sameAs\":[\"https:\/\/business.facebook.com\/Thefinitive-111771813534320\/\",\"https:\/\/www.instagram.com\/_thefinitive_\/\"]}]}<\/script>\n<!-- \/ Yoast SEO plugin. -->","yoast_head_json":{"title":"Commendatore Ordine Merito Lussemburgo - granducato - Thefinitive","description":"Ordre de M\u00e9rite du Grand-Duch\u00e9 de Luxembourg - Order Merit Grand Duchy of Luxembourg - COMMANDER Commendatore Ordine Merito Lussemburgo","robots":{"index":"index","follow":"follow","max-snippet":"max-snippet:-1","max-image-preview":"max-image-preview:large","max-video-preview":"max-video-preview:-1"},"canonical":"https:\/\/thefinitive.com\/en\/prodotto\/commendatore-ordine-merito-lussemburgo-granducato\/","og_locale":"en_US","og_type":"article","og_title":"Commendatore Ordine Merito Lussemburgo - granducato - Thefinitive","og_description":"Ordre de M\u00e9rite du Grand-Duch\u00e9 de Luxembourg - Order Merit Grand Duchy of Luxembourg - COMMANDER Commendatore Ordine Merito Lussemburgo","og_url":"https:\/\/thefinitive.com\/en\/prodotto\/commendatore-ordine-merito-lussemburgo-granducato\/","og_site_name":"Thefinitive","article_publisher":"https:\/\/business.facebook.com\/Thefinitive-111771813534320\/","article_modified_time":"2023-03-20T16:24:18+00:00","og_image":[{"width":2160,"height":2160,"url":"https:\/\/thefinitive.com\/wp-content\/uploads\/2021\/01\/lux1.jpg","type":"image\/jpeg"}],"twitter_card":"summary_large_image","twitter_misc":{"Est. reading time":"4 minutes"},"schema":{"@context":"https:\/\/schema.org","@graph":[{"@type":"WebPage","@id":"https:\/\/thefinitive.com\/en\/prodotto\/commendatore-ordine-merito-lussemburgo-granducato\/","url":"https:\/\/thefinitive.com\/en\/prodotto\/commendatore-ordine-merito-lussemburgo-granducato\/","name":"Commendatore Ordine Merito Lussemburgo - granducato - Thefinitive","isPartOf":{"@id":"https:\/\/thefinitive.com\/en\/#website"},"datePublished":"2021-01-07T19:14:06+00:00","dateModified":"2023-03-20T16:24:18+00:00","description":"Ordre de M\u00e9rite du Grand-Duch\u00e9 de Luxembourg - Order Merit Grand Duchy of Luxembourg - COMMANDER Commendatore Ordine Merito Lussemburgo","breadcrumb":{"@id":"https:\/\/thefinitive.com\/en\/prodotto\/commendatore-ordine-merito-lussemburgo-granducato\/#breadcrumb"},"inLanguage":"en-US","potentialAction":[{"@type":"ReadAction","target":["https:\/\/thefinitive.com\/en\/prodotto\/commendatore-ordine-merito-lussemburgo-granducato\/"]}]},{"@type":"BreadcrumbList","@id":"https:\/\/thefinitive.com\/en\/prodotto\/commendatore-ordine-merito-lussemburgo-granducato\/#breadcrumb","itemListElement":[{"@type":"ListItem","position":1,"name":"Home","item":"https:\/\/thefinitive.com\/en\/"},{"@type":"ListItem","position":2,"name":"Shop","item":"https:\/\/thefinitive.com\/en\/shop-2\/"},{"@type":"ListItem","position":3,"name":"Commendatore Ordine Merito Lussemburgo &#8211; granducato"}]},{"@type":"WebSite","@id":"https:\/\/thefinitive.com\/en\/#website","url":"https:\/\/thefinitive.com\/en\/","name":"Thefinitive","description":"Antiquariato Online","publisher":{"@id":"https:\/\/thefinitive.com\/en\/#organization"},"potentialAction":[{"@type":"SearchAction","target":{"@type":"EntryPoint","urlTemplate":"https:\/\/thefinitive.com\/en\/?s={search_term_string}"},"query-input":"required name=search_term_string"}],"inLanguage":"en-US"},{"@type":"Organization","@id":"https:\/\/thefinitive.com\/en\/#organization","name":"Thefinitive","url":"https:\/\/thefinitive.com\/en\/","logo":{"@type":"ImageObject","inLanguage":"en-US","@id":"https:\/\/thefinitive.com\/en\/#\/schema\/logo\/image\/","url":"https:\/\/thefinitive.com\/wp-content\/uploads\/2019\/07\/logo4vett.svg","contentUrl":"https:\/\/thefinitive.com\/wp-content\/uploads\/2019\/07\/logo4vett.svg","width":500,"height":100,"caption":"Thefinitive"},"image":{"@id":"https:\/\/thefinitive.com\/en\/#\/schema\/logo\/image\/"},"sameAs":["https:\/\/business.facebook.com\/Thefinitive-111771813534320\/","https:\/\/www.instagram.com\/_thefinitive_\/"]}]}},"_links":{"self":[{"href":"https:\/\/thefinitive.com\/en\/wp-json\/wp\/v3\/product\/7962"}],"collection":[{"href":"https:\/\/thefinitive.com\/en\/wp-json\/wp\/v3\/product"}],"about":[{"href":"https:\/\/thefinitive.com\/en\/wp-json\/wp\/v2\/types\/product"}],"replies":[{"embeddable":true,"href":"https:\/\/thefinitive.com\/en\/wp-json\/wp\/v2\/comments?post=7962"}],"version-history":[{"count":1,"href":"https:\/\/thefinitive.com\/en\/wp-json\/wp\/v3\/product\/7962\/revisions"}],"predecessor-version":[{"id":14622,"href":"https:\/\/thefinitive.com\/en\/wp-json\/wp\/v3\/product\/7962\/revisions\/14622"}],"wp:featuredmedia":[{"embeddable":true,"href":"https:\/\/thefinitive.com\/en\/wp-json\/wp\/v2\/media\/7963"}],"wp:attachment":[{"href":"https:\/\/thefinitive.com\/en\/wp-json\/wp\/v2\/media?parent=7962"}],"wp:term":[{"taxonomy":"product_cat","embeddable":true,"href":"https:\/\/thefinitive.com\/en\/wp-json\/wp\/v2\/product_cat?post=7962"},{"taxonomy":"product_tag","embeddable":true,"href":"https:\/\/thefinitive.com\/en\/wp-json\/wp\/v2\/product_tag?post=7962"}],"curies":[{"name":"wp","href":"https:\/\/api.w.org\/{rel}","templated":true}]}}