{"id":7681,"date":"2021-01-02T18:14:58","date_gmt":"2021-01-02T18:14:58","guid":{"rendered":"https:\/\/www.thefinitive.com\/?post_type=product&#038;p=7681"},"modified":"2024-04-02T14:16:07","modified_gmt":"2024-04-02T12:16:07","slug":"dannunzio-bideri-lettera-1893-luglio-paris","status":"publish","type":"product","link":"https:\/\/thefinitive.com\/en\/prodotto\/dannunzio-bideri-lettera-1893-luglio-paris\/","title":{"rendered":"D&#8217;ANNUNZIO BIDERI lettera 1893 Luglio &#8211; Paris"},"content":{"rendered":"<p>Da un piccolo nucleo che costituisce una corrispondenza di fine &#8216;800 tra <strong>Gabriele d&#8217;Annunzio<\/strong> ed il suo editore d&#8217;allora, <strong>&#8220;don&#8221; Ferdinando Bideri<\/strong> , questa lettera originale datata <strong>Luglio 1893<\/strong>, scritta ed autografata di pugno dal <em>vate<\/em>, quando si trovava a Napoli. Foglio di carta con unica facciata compilata, firmata <em><strong>GABRIEL<\/strong>\u00a0<\/em><\/p>\n<p>La lettera reca il seguente testo :<\/p>\n<p>&nbsp;<\/p>\n<pre><em><strong>Caro Don Ferdinando\r\nho avuta una settimana\r\ndi passione, nel senso cristiano;\r\nne sono fuori dai fastidii.\r\nLa penna s'\u00e9 arrugginita -\r\nDa otto giorni sono a Napoli\r\n(Corso Umberto, 9). Torner\u00f2 doma-ni.\r\nVi porter\u00f2 qualche cosa.\r\nSpero di trovarvi.\r\nIl vostro\r\nGabriel<\/strong><\/em>\r\n\r\n<em><strong>Buona notizia.<\/strong><\/em>\r\n<em><strong>Il Th\u00e9atre Libre di Parigi mi chiede il<\/strong><\/em>\r\n<em><strong>permesso di trarre dall'Intrus un - dramma. Je Triumphe !<\/strong><\/em><\/pre>\n<p>&nbsp;<\/p>\n<p>Altro eccezionale documento di un d&#8217;Annunzio del periodo napoletano, citt\u00e0 in cui abit\u00f2 e lavor\u00f2 tra il 1891 e il 1893 e dove compose <strong><i>Giovanni Episcopo<\/i><\/strong> e <strong><i>L&#8217;innocente<\/i><\/strong>, seguiti da\u00a0<strong><i>Il trionfo della morte<\/i><\/strong>\u00a0(scritto in\u00a0Abruzzo, tra\u00a0Francavilla al Mare\u00a0e\u00a0San Vito Chietino) e dalle liriche del\u00a0<strong><i>Poema paradisiaco<\/i><\/strong>. Nel 1892, a seguito di una gara con Ferdinando Russo sulla capacit\u00e0 del poeta di comporre liriche in\u00a0napoletano, D&#8217;Annunzio compose anche il testo de<strong> <i>&#8216;A vucchella<\/i><\/strong>, romanza che verr\u00e0 pubblicata nel 1907 musicata da <em>Francesco Paolo Tosti<\/em>\u00a0 (La canzone, fu eseguita da celebri tenori come <em>Enrico Caruso<\/em> e, in seguito, <em>Luciano Pavarotti<\/em> , venne incisa anche da grandi interpreti della canzone napoletana come <em>Roberto Murolo<\/em> che ne faranno un classico).<\/p>\n<p>In questa lettera con Bideri del Luglio 1893, d&#8217;Annunzio accenna al fatto di essere di nuovo a Napoli, e che il <strong>teatro Libre<\/strong> di Parigi gli chiede il permesso di poter tratte un dramma da <strong>L&#8217;INTRUS<\/strong>\u00a0 , notizia per la quale si magnifica sottolineando il\u00a0 <strong>JE TRIUMPHE !\u00a0 <\/strong>a riprova del suo ottimismo narcisista evidenziato ed inseguito durante il periodo nicciano del<strong> superuomo.<\/strong><\/p>\n<p>La lettera autografa di Gabriele d&#8217;Annunzio scritta a Ferdinando BIDERI\u00a0 nel Luglio del 1893 \u00e8 in discrete condizioni, presenta diversi segni del tempo soprattutto nella parte inferiore del foglio, come evidente dalle fotografie. Tuttavia \u00e8 un documento unico ed assolutamente importante, che testimonia il primo d&#8217;Annunzio.\u00a0 Se ne garantisce l&#8217;assoluta originalit\u00e0.<\/p>\n<p>Dimensioni del foglio, circa cm. 24 x 16<\/p>\n<p>Vedi anche le altre lettere in vendita<\/p>\n<h2>Notizie<\/h2>\n<p>Cliccando sul seguente link avrete informazioni generiche, storiche, relative all&#8217;articolo in vendita<\/p>\n<p><b><\/b><b><a href=\"https:\/\/www.thefinitive.com\/gabriele-dannunzio-limmaginifico-il-vate\/\"><img loading=\"lazy\" decoding=\"async\" class=\"alignnone wp-image-7713\" src=\"https:\/\/www.thefinitive.com\/wp-content\/uploads\/2021\/01\/dannunzio.jpg\" alt=\"\" width=\"415\" height=\"415\" srcset=\"https:\/\/thefinitive.com\/wp-content\/uploads\/2021\/01\/dannunzio.jpg 518w, https:\/\/thefinitive.com\/wp-content\/uploads\/2021\/01\/dannunzio-100x100.jpg 100w, https:\/\/thefinitive.com\/wp-content\/uploads\/2021\/01\/dannunzio-64x64.jpg 64w, https:\/\/thefinitive.com\/wp-content\/uploads\/2021\/01\/dannunzio-300x300.jpg 300w, https:\/\/thefinitive.com\/wp-content\/uploads\/2021\/01\/dannunzio-150x150.jpg 150w, https:\/\/thefinitive.com\/wp-content\/uploads\/2021\/01\/dannunzio-45x45.jpg 45w\" sizes=\"(max-width: 415px) 100vw, 415px\" \/><\/a><\/b><\/p>\n<p>&nbsp;<\/p>\n<p><a href=\"https:\/\/www.thefinitive.com\/gabriele-dannunzio-limmaginifico-il-vate\/\"><b>Gabriele D&#8217;Annunzio <\/b>(Pescara, 12 marzo 1863 \u2013 Gardone Riviera, 1 marzo 1938)<\/a><\/p>\n<p>&nbsp;<\/p>\n<p><img loading=\"lazy\" decoding=\"async\" src=\"https:\/\/upload.wikimedia.org\/wikipedia\/it\/b\/b1\/D%27Annunzio_4.jpg\" alt=\"D'Annunzio 4.jpg\" width=\"173\" height=\"235\" data-file-width=\"173\" data-file-height=\"235\" \/><\/p>\n<p><a class=\"image\" style=\"font-family: Georgia, 'Times New Roman', 'Bitstream Charter', Times, serif; font-size: 16px;\" title=\"Firma di Gabriele D'Annunzio\" href=\"https:\/\/it.wikipedia.org\/wiki\/File:D%27Annunzio_signature.svg\"><img loading=\"lazy\" decoding=\"async\" src=\"https:\/\/upload.wikimedia.org\/wikipedia\/commons\/thumb\/2\/2c\/D%27Annunzio_signature.svg\/130px-D%27Annunzio_signature.svg.png\" srcset=\"\/\/upload.wikimedia.org\/wikipedia\/commons\/thumb\/2\/2c\/D%27Annunzio_signature.svg\/195px-D%27Annunzio_signature.svg.png 1.5x, \/\/upload.wikimedia.org\/wikipedia\/commons\/thumb\/2\/2c\/D%27Annunzio_signature.svg\/260px-D%27Annunzio_signature.svg.png 2x\" alt=\"Firma di Gabriele D'Annunzio\" width=\"130\" height=\"40\" data-file-width=\"2256\" data-file-height=\"691\" \/><\/a><\/p>\n<p>&nbsp;<\/p>\n<h2>THEATRE LIBRE<\/h2>\n<p>Il\u00a0<b>Th\u00e9\u00e2tre Libre <\/b>(menzionato da d&#8217;Annunzio in questa lettera con Bideri del Luglio 1893)\u00a0\u00e8 stato\u00a0movimento\u00a0teatrale\u00a0francese\u00a0promosso nel\u00a01887\u00a0a\u00a0Parigi\u00a0da\u00a0Andr\u00e9 Antoine\u00a0con lo scopo di rinnovare il repertorio teatrale mettendo in scena opere della pi\u00f9 recente\u00a0drammaturgia naturalistica\u00a0e grandi opere di autori stranieri.<\/p>\n<p>Nel 1887 Andr\u00e9 Antoine, un attore dilettante colto e ricco di entusiasmo, fond\u00f2 a Parigi una piccola\u00a0compagnia teatrale\u00a0che chiam\u00f2 Th\u00e9\u00e2tre Libre. Il suo\u00a0programma dichiarato era quello di \u201cliberare il teatro da intenti di cassetta\u201d, di contrapporre cio\u00e8 un teatro d\u2019arte al teatro commerciale allora in auge con conseguenze di degrado artistico e culturale. La sua intenzione era quella di dare l&#8217;opportunit\u00e0 ai giovani drammaturghi del nuovo teatro naturalistico di mettere in scena le loro opere. La compagnia del Th\u00e9\u00e2tre Libre ebbe sede a Parigi inizialmente in una piccola sala del\u00a0<i>Passage de l&#8217;\u00c9lys\u00e9e des Beaux Arts<\/i> (ribattezzata nel 1951 Rue Andr\u00e9-Antoine); si spost\u00f2 pochi mesi dopo al\u00a0<i>Th\u00e9\u00e2tre Montparnasse<\/i>\u00a0e infine, nel\u00a01891, al\u00a0<i>Th\u00e9\u00e2tre des Menus Plaisirs<\/i>, un edificio che nel\u00a01897\u00a0prese il nome di\u00a0<i>Th\u00e9\u00e2tre-Antoine<\/i>.<\/p>\n<p>La prima produzione di Antoine fu un gruppo di spettacoli teatrali in un atto che attirarono l&#8217;attenzione di importanti drammaturghi d&#8217;avanguardia come\u00a0Zola\u00a0e\u00a0Becque. Il Th\u00e9\u00e2tre Libre ebbe presto un orizzonte internazionale; per esempio, nel\u00a01888\u00a0fu rappresentato\u00a0<i>La potenza delle tenebre<\/i>\u00a0di\u00a0Tolstoj e nel\u00a01889\u00a0<i>Cavalleria rusticana<\/i>\u00a0di\u00a0Verga. Oltre ai lavori di drammaturghi francesi, al Th\u00e9\u00e2tre Libre furono messe in scena opere di\u00a0Ibsen,\u00a0Strindberg,\u00a0Hauptmann\u00a0e\u00a0Bj\u00f8rnson. Il Th\u00e9\u00e2tre Libre costitu\u00ec il modello della\u00a0<i>Die Freie B\u00fchne<\/i>\u00a0di Berlino, dell&#8217;<i>Independent theatre<\/i>\u00a0di Londra e del\u00a0<i>Teatro d&#8217;arte di Mosca<\/i>. Contribu\u00ec inoltre all&#8217;affermazione di nuovi metodi di messinscena e di recitazione, che difficilmente avrebbero potuto essere messi in atto in un teatro prevalentemente commerciale. Antoine incoraggiava i suoi attori a comportarsi come se non fossero a conoscenza della presenza del pubblico, mentre le sue scenografie miravano a ottenere nei minimi dettagli l&#8217;impressione della vita reale.<\/p>\n<p>Dal punto di vista finanziario il successo fu scarso. Antoine era oberato dai debiti e il 27 aprile 1896 il Th\u00e9\u00e2tre Libre chiuse i battenti<sup id=\"cite_ref-7\" class=\"reference\"><\/sup><\/p>\n<p>&nbsp;<\/p>\n<h2>CASA EDITRICE BIDERI<\/h2>\n<p>La casa editrice napoletana pi\u00f9 antica \u00e8 la Bideri, fondata nel 1806 da Emmanuele\u00a0Bidera, barone originario della Sicilia trasferitosi a Napoli. Tra i suoi collaboratori \u00a0ebbe Donizetti, che music\u00f2 i libretti d\u2019opera da lui editi, Scrisse un libro,\u00a0<em>Passeggiate a Napoli. <\/em>Nel 1837 spos\u00f2 la cantante lirica Teresa Schultz.<\/p>\n<p>La prima sede della casa editrice si trovava in via Concordia. Arrestato per cospirazione nel 1848, fu confinato l\u2019anno seguente nella nat\u00eca Palermo. Il figlio Pietro Atanasio mut\u00f2 il cognome in Bideri. Continu\u00f2 l\u2019attivit\u00e0 paterna, e nel 1865, fond\u00f2 il giornale\u00a0<em>Pubblicit\u00e0 editoriale<\/em> a cura della Tipografia del Plebiscito in via Chiaia, che veniva tradotto \u00a0in 5 lingue. Suo figlio Ferdinando Bideri, nato a Napoli nel 1851, studente di giurisprudenza con Enrico Pessina, fu volontario nella guerra franco-prussiana\u00a0nel 1870. Esule per qualche anno in Svizzera, nel 1876 torn\u00f2 a Napoli, dove apr\u00ec una libreria editrice in via Universit\u00e0 Vecchia, odierna via Palladino. Ebbe un notevole successo con la pubblicazione di romanzi d\u2019amore e d\u2019appendice, coadiuvato dalla sua giovane moglie Rosa d\u2019Ajello.<\/p>\n<p>Nel 1883 trasfer\u00ec la sede in via Cavallerizza a Chiaia, dotandola di una propria moderna tipografia. Pochi mesi dopo, Bideri apr\u00ec una nuova sede in via Costantinopoli, dove diede alle stampe le prime opere di Salvatore di Giacomo e dal 1891 di Gabriele D\u2019Annunzio, poi di Ferdinando Russo e del giovanissimo Benedetto Croce. Sempre nel 1891 fond\u00f2 il settimanale letterario-musicale illustrato<em>\u00a0La tavola rotonda\u00a0<\/em>con firme del calibro di Luigi Pirandello, Giovanni Pascoli, Matilde Serao, Eduardo Scarfoglio e Benedetto Croce. Nel 1909 la spunt\u00f2 su\u00a0<em>Le Figaro<\/em>\u00a0di Parigi aggiudicandosi la stampa d\u00a0<em>Il Manifesto del Futuro<\/em>\u00a0di Marinetti. Continu\u00f2 ad editare importanti pubblicazioni, come il romanzo di Mastriani\u00a0<em>La cieca di Sorrento<\/em>, i drammi di Schiller, poesie e canzoni napoletane di \u00a0Ernesto Murolo, Mario Costa, Eduardo di Capua, Ernesto tagliaferri Libero Bovio e la celeberrima\u00a0<em>\u2018O sole Mio<\/em><\/p>\n<p>Alla improvvisa morte di Ferdinano Bideri nel 1930 nella sua villa di Portici al corso Garibaldi, gli subentr\u00f2 la figlia primogenita Valentina insieme con le sorelle, Flavia, Silvia e Jole. La casa editrice Bideri di Napoli nel 1959 divent\u00f2 Societ\u00e0 per Azioni: in oltre centocinquant\u2019anni di storia aveva prodotto ventimila canzoni. Man mano aveva incorporato altre piccole case editrici napoletane, avviando la \u00a0produzione Bideri discografica.<\/p>\n<p>La Casa Editrice Bideri si \u00e8 sempre tramandata in linea rigorosamente familiare: la guida del gruppo editoriale Bideri pass\u00f2 a Luciano Villevieille Bideri, che raccolse l\u2019eredit\u00e0 del suo bis-trisavolo dal 1950 al 1995, prima come direttore generale e quindi come presidente. Si ritir\u00f2 a vita privata nel 2000. Il Gruppo Editoriale Bideri spa, proprietario del pi\u00f9 importante catalogo di musica napoletana, attualmente vede alla guida Silvia e Flavio Villevieille Bideri. E non finisce qui: dopo pi\u00f9 di duecento anni, un\u2019altra generazione, ovvero Jacopo e Nicol\u00f2, figli di Flavio, \u00e8 pronta a raccogliere il testimone\u2026<\/p>\n<p>Fonte articolo <a href=\"http:\/\/www.lospeakerscorner.eu\/breve-storia-della-bideri-editrice\/\">Bideri<\/a><\/p>\n<p>Fonte degli articoli\u00a0 :\u00a0 <a href=\"https:\/\/it.wikipedia.org\/wiki\/Gabriele_D%27Annunzio\">Wikipedia<\/a> , per ulteriori approfondimenti data la vastit\u00e0 dell&#8217;argomento dannunziano.<\/p>\n<p>&nbsp;<\/p>\n<p>1.21.999<\/p>\n","protected":false},"excerpt":{"rendered":"<p style=\"text-align: center;\">Lettera originale autografa di <strong>Gabriele d&#8217;Annunzio<\/strong>, corrispondenza di fine &#8216;800 tra <strong>d&#8217;Annunzio<\/strong> ed il suo editore d&#8217;allora, <strong>&#8220;don&#8221; Ferdinando Bideri<\/strong> , datata <strong>Luglio 1893<\/strong><\/p>\n<p style=\"text-align: center;\">Scritta ed autografata di pugno, originale. In discrete condizioni<\/p>\n<p style=\"text-align: center;\"><strong><em>(Scorri la pagina in basso per ulteriori dettagli e informazioni)<\/em><\/strong><\/p>\n","protected":false},"featured_media":7682,"comment_status":"open","ping_status":"closed","template":"","meta":[],"product_cat":[586],"product_tag":[223,224,207,172,182,203,278,221,220,219,218,225,222,205,206],"yoast_head":"<!-- This site is optimized with the Yoast SEO plugin v21.9.1 - https:\/\/yoast.com\/wordpress\/plugins\/seo\/ -->\n<title>D&#039;ANNUNZIO BIDERI lettera 1893 Luglio - Paris - Thefinitive<\/title>\n<meta name=\"description\" content=\"Gabriele d&#039;Annunzio lettera autografa editore BIDERI Luglio 1893 original hand written autographed letter - Autografo originale - Fiume PARIS\" \/>\n<meta name=\"robots\" content=\"index, follow, max-snippet:-1, max-image-preview:large, max-video-preview:-1\" \/>\n<link rel=\"canonical\" href=\"https:\/\/thefinitive.com\/en\/prodotto\/dannunzio-bideri-lettera-1893-luglio-paris\/\" \/>\n<meta property=\"og:locale\" content=\"en_US\" \/>\n<meta property=\"og:type\" content=\"article\" \/>\n<meta property=\"og:title\" content=\"D&#039;ANNUNZIO BIDERI lettera 1893 Luglio - Paris - Thefinitive\" \/>\n<meta property=\"og:description\" content=\"Gabriele d&#039;Annunzio lettera autografa editore BIDERI Luglio 1893 original hand written autographed letter - Autografo originale - Fiume PARIS\" \/>\n<meta property=\"og:url\" content=\"https:\/\/thefinitive.com\/en\/prodotto\/dannunzio-bideri-lettera-1893-luglio-paris\/\" \/>\n<meta property=\"og:site_name\" content=\"Thefinitive\" \/>\n<meta property=\"article:publisher\" content=\"https:\/\/business.facebook.com\/Thefinitive-111771813534320\/\" \/>\n<meta property=\"article:modified_time\" content=\"2024-04-02T12:16:07+00:00\" \/>\n<meta property=\"og:image\" content=\"https:\/\/thefinitive.com\/wp-content\/uploads\/2021\/01\/Bidf1-2.jpg\" \/>\n\t<meta property=\"og:image:width\" content=\"2160\" \/>\n\t<meta property=\"og:image:height\" content=\"2160\" \/>\n\t<meta property=\"og:image:type\" content=\"image\/jpeg\" \/>\n<meta name=\"twitter:card\" content=\"summary_large_image\" \/>\n<meta name=\"twitter:label1\" content=\"Est. reading time\" \/>\n\t<meta name=\"twitter:data1\" content=\"8 minutes\" \/>\n<script type=\"application\/ld+json\" class=\"yoast-schema-graph\">{\"@context\":\"https:\/\/schema.org\",\"@graph\":[{\"@type\":\"WebPage\",\"@id\":\"https:\/\/thefinitive.com\/en\/prodotto\/dannunzio-bideri-lettera-1893-luglio-paris\/\",\"url\":\"https:\/\/thefinitive.com\/en\/prodotto\/dannunzio-bideri-lettera-1893-luglio-paris\/\",\"name\":\"D'ANNUNZIO BIDERI lettera 1893 Luglio - Paris - Thefinitive\",\"isPartOf\":{\"@id\":\"https:\/\/thefinitive.com\/en\/#website\"},\"datePublished\":\"2021-01-02T18:14:58+00:00\",\"dateModified\":\"2024-04-02T12:16:07+00:00\",\"description\":\"Gabriele d'Annunzio lettera autografa editore BIDERI Luglio 1893 original hand written autographed letter - Autografo originale - Fiume PARIS\",\"breadcrumb\":{\"@id\":\"https:\/\/thefinitive.com\/en\/prodotto\/dannunzio-bideri-lettera-1893-luglio-paris\/#breadcrumb\"},\"inLanguage\":\"en-US\",\"potentialAction\":[{\"@type\":\"ReadAction\",\"target\":[\"https:\/\/thefinitive.com\/en\/prodotto\/dannunzio-bideri-lettera-1893-luglio-paris\/\"]}]},{\"@type\":\"BreadcrumbList\",\"@id\":\"https:\/\/thefinitive.com\/en\/prodotto\/dannunzio-bideri-lettera-1893-luglio-paris\/#breadcrumb\",\"itemListElement\":[{\"@type\":\"ListItem\",\"position\":1,\"name\":\"Home\",\"item\":\"https:\/\/thefinitive.com\/en\/\"},{\"@type\":\"ListItem\",\"position\":2,\"name\":\"Shop\",\"item\":\"https:\/\/thefinitive.com\/en\/shop-2\/\"},{\"@type\":\"ListItem\",\"position\":3,\"name\":\"D&#8217;ANNUNZIO BIDERI lettera 1893 Luglio &#8211; Paris\"}]},{\"@type\":\"WebSite\",\"@id\":\"https:\/\/thefinitive.com\/en\/#website\",\"url\":\"https:\/\/thefinitive.com\/en\/\",\"name\":\"Thefinitive\",\"description\":\"Antiquariato Online\",\"publisher\":{\"@id\":\"https:\/\/thefinitive.com\/en\/#organization\"},\"potentialAction\":[{\"@type\":\"SearchAction\",\"target\":{\"@type\":\"EntryPoint\",\"urlTemplate\":\"https:\/\/thefinitive.com\/en\/?s={search_term_string}\"},\"query-input\":\"required name=search_term_string\"}],\"inLanguage\":\"en-US\"},{\"@type\":\"Organization\",\"@id\":\"https:\/\/thefinitive.com\/en\/#organization\",\"name\":\"Thefinitive\",\"url\":\"https:\/\/thefinitive.com\/en\/\",\"logo\":{\"@type\":\"ImageObject\",\"inLanguage\":\"en-US\",\"@id\":\"https:\/\/thefinitive.com\/en\/#\/schema\/logo\/image\/\",\"url\":\"https:\/\/thefinitive.com\/wp-content\/uploads\/2019\/07\/logo4vett.svg\",\"contentUrl\":\"https:\/\/thefinitive.com\/wp-content\/uploads\/2019\/07\/logo4vett.svg\",\"width\":500,\"height\":100,\"caption\":\"Thefinitive\"},\"image\":{\"@id\":\"https:\/\/thefinitive.com\/en\/#\/schema\/logo\/image\/\"},\"sameAs\":[\"https:\/\/business.facebook.com\/Thefinitive-111771813534320\/\",\"https:\/\/www.instagram.com\/_thefinitive_\/\"]}]}<\/script>\n<!-- \/ Yoast SEO plugin. -->","yoast_head_json":{"title":"D'ANNUNZIO BIDERI lettera 1893 Luglio - Paris - Thefinitive","description":"Gabriele d'Annunzio lettera autografa editore BIDERI Luglio 1893 original hand written autographed letter - Autografo originale - Fiume PARIS","robots":{"index":"index","follow":"follow","max-snippet":"max-snippet:-1","max-image-preview":"max-image-preview:large","max-video-preview":"max-video-preview:-1"},"canonical":"https:\/\/thefinitive.com\/en\/prodotto\/dannunzio-bideri-lettera-1893-luglio-paris\/","og_locale":"en_US","og_type":"article","og_title":"D'ANNUNZIO BIDERI lettera 1893 Luglio - Paris - Thefinitive","og_description":"Gabriele d'Annunzio lettera autografa editore BIDERI Luglio 1893 original hand written autographed letter - Autografo originale - Fiume PARIS","og_url":"https:\/\/thefinitive.com\/en\/prodotto\/dannunzio-bideri-lettera-1893-luglio-paris\/","og_site_name":"Thefinitive","article_publisher":"https:\/\/business.facebook.com\/Thefinitive-111771813534320\/","article_modified_time":"2024-04-02T12:16:07+00:00","og_image":[{"width":2160,"height":2160,"url":"https:\/\/thefinitive.com\/wp-content\/uploads\/2021\/01\/Bidf1-2.jpg","type":"image\/jpeg"}],"twitter_card":"summary_large_image","twitter_misc":{"Est. reading time":"8 minutes"},"schema":{"@context":"https:\/\/schema.org","@graph":[{"@type":"WebPage","@id":"https:\/\/thefinitive.com\/en\/prodotto\/dannunzio-bideri-lettera-1893-luglio-paris\/","url":"https:\/\/thefinitive.com\/en\/prodotto\/dannunzio-bideri-lettera-1893-luglio-paris\/","name":"D'ANNUNZIO BIDERI lettera 1893 Luglio - Paris - Thefinitive","isPartOf":{"@id":"https:\/\/thefinitive.com\/en\/#website"},"datePublished":"2021-01-02T18:14:58+00:00","dateModified":"2024-04-02T12:16:07+00:00","description":"Gabriele d'Annunzio lettera autografa editore BIDERI Luglio 1893 original hand written autographed letter - Autografo originale - Fiume PARIS","breadcrumb":{"@id":"https:\/\/thefinitive.com\/en\/prodotto\/dannunzio-bideri-lettera-1893-luglio-paris\/#breadcrumb"},"inLanguage":"en-US","potentialAction":[{"@type":"ReadAction","target":["https:\/\/thefinitive.com\/en\/prodotto\/dannunzio-bideri-lettera-1893-luglio-paris\/"]}]},{"@type":"BreadcrumbList","@id":"https:\/\/thefinitive.com\/en\/prodotto\/dannunzio-bideri-lettera-1893-luglio-paris\/#breadcrumb","itemListElement":[{"@type":"ListItem","position":1,"name":"Home","item":"https:\/\/thefinitive.com\/en\/"},{"@type":"ListItem","position":2,"name":"Shop","item":"https:\/\/thefinitive.com\/en\/shop-2\/"},{"@type":"ListItem","position":3,"name":"D&#8217;ANNUNZIO BIDERI lettera 1893 Luglio &#8211; Paris"}]},{"@type":"WebSite","@id":"https:\/\/thefinitive.com\/en\/#website","url":"https:\/\/thefinitive.com\/en\/","name":"Thefinitive","description":"Antiquariato Online","publisher":{"@id":"https:\/\/thefinitive.com\/en\/#organization"},"potentialAction":[{"@type":"SearchAction","target":{"@type":"EntryPoint","urlTemplate":"https:\/\/thefinitive.com\/en\/?s={search_term_string}"},"query-input":"required name=search_term_string"}],"inLanguage":"en-US"},{"@type":"Organization","@id":"https:\/\/thefinitive.com\/en\/#organization","name":"Thefinitive","url":"https:\/\/thefinitive.com\/en\/","logo":{"@type":"ImageObject","inLanguage":"en-US","@id":"https:\/\/thefinitive.com\/en\/#\/schema\/logo\/image\/","url":"https:\/\/thefinitive.com\/wp-content\/uploads\/2019\/07\/logo4vett.svg","contentUrl":"https:\/\/thefinitive.com\/wp-content\/uploads\/2019\/07\/logo4vett.svg","width":500,"height":100,"caption":"Thefinitive"},"image":{"@id":"https:\/\/thefinitive.com\/en\/#\/schema\/logo\/image\/"},"sameAs":["https:\/\/business.facebook.com\/Thefinitive-111771813534320\/","https:\/\/www.instagram.com\/_thefinitive_\/"]}]}},"_links":{"self":[{"href":"https:\/\/thefinitive.com\/en\/wp-json\/wp\/v3\/product\/7681"}],"collection":[{"href":"https:\/\/thefinitive.com\/en\/wp-json\/wp\/v3\/product"}],"about":[{"href":"https:\/\/thefinitive.com\/en\/wp-json\/wp\/v2\/types\/product"}],"replies":[{"embeddable":true,"href":"https:\/\/thefinitive.com\/en\/wp-json\/wp\/v2\/comments?post=7681"}],"version-history":[{"count":2,"href":"https:\/\/thefinitive.com\/en\/wp-json\/wp\/v3\/product\/7681\/revisions"}],"predecessor-version":[{"id":15371,"href":"https:\/\/thefinitive.com\/en\/wp-json\/wp\/v3\/product\/7681\/revisions\/15371"}],"wp:featuredmedia":[{"embeddable":true,"href":"https:\/\/thefinitive.com\/en\/wp-json\/wp\/v2\/media\/7682"}],"wp:attachment":[{"href":"https:\/\/thefinitive.com\/en\/wp-json\/wp\/v2\/media?parent=7681"}],"wp:term":[{"taxonomy":"product_cat","embeddable":true,"href":"https:\/\/thefinitive.com\/en\/wp-json\/wp\/v2\/product_cat?post=7681"},{"taxonomy":"product_tag","embeddable":true,"href":"https:\/\/thefinitive.com\/en\/wp-json\/wp\/v2\/product_tag?post=7681"}],"curies":[{"name":"wp","href":"https:\/\/api.w.org\/{rel}","templated":true}]}}