{"id":7534,"date":"2020-12-21T23:25:45","date_gmt":"2020-12-21T23:25:45","guid":{"rendered":"https:\/\/www.thefinitive.com\/?post_type=product&#038;p=7534"},"modified":"2023-03-20T17:24:59","modified_gmt":"2023-03-20T16:24:59","slug":"associazione-fiorentina-calcio-tessera-1929","status":"publish","type":"product","link":"https:\/\/thefinitive.com\/en\/prodotto\/associazione-fiorentina-calcio-tessera-1929\/","title":{"rendered":"\u274c\ud83d\ude41ASSOCIAZIONE FIORENTINA Calcio Tessera 1929"},"content":{"rendered":"<p>Tessera della <b>ASSOCIAZIONE FIORENTINA del<\/b>\u00a0<strong>Calcio<\/strong> , completa dei dati anagrafici del titolare, e dei timbri della societ\u00e0, per l&#8217;anno <strong>1929 &#8211; 30<\/strong><\/p>\n<p>Con copertina in similpelle rossa, ed intestazione in caratteri impressi in similoro. Interno in due sezioni, cartonata, compilata con i dati del titolare della tessera famoso gerarca fascista, allora <strong>CONSOLE GENERALE<\/strong> della Milizia Volontaria Sicurezza Nazionale <strong>MVSN <\/strong>eccellenza\u00a0<em>Baldi Francesco, <\/em>e di bollino per l&#8217;anno <strong>1929 1930<\/strong><\/p>\n<p>Misure approssimative della tessera\u00a0 Associazione Fiorentina del Calcio,\u00a0 per ogni pagina circa mm. 110\u00a0 x 70, aperta mm.110 x 140<\/p>\n<p>&nbsp;<\/p>\n<p>&nbsp;<\/p>\n<h2 style=\"text-align: left;\">NOTIZIE<\/h2>\n<p>L&#8217;<b>ACF Fiorentina<\/b>\u00a0(<i>Associazione Calcio Firenze<\/i>\u00a0e\u00a0<strong><i>Associazione Fiorentina del Calcio<\/i><\/strong>\u00a0nel <strong>1926<\/strong>,\u00a0 come dalla tessera in vendita , <i>Associazione Calcio Fiorentina<\/i>\u00a0dal 1927 al 2002 e\u00a0<i>Florentia Viola<\/i>\u00a0nel 2002-2003), meglio nota come\u00a0<b>Fiorentina<\/b>, \u00e8 una\u00a0societ\u00e0\u00a0calcistica\u00a0italiana\u00a0con sede nella citt\u00e0 di\u00a0Firenze, fondata il 29 agosto 1926 dal marchese\u00a0Luigi Ridolfi Vay da Verrazzano. Dal 2019 il club \u00e8 di propriet\u00e0 dell&#8217;imprenditore italo-statunitense\u00a0Rocco Commisso.<\/p>\n<p>Nel corso della sua\u00a0storia\u00a0\u00e8 stata per due volte\u00a0campione d&#8217;Italia, nel\u00a01955-1956\u00a0e nel\u00a01968-1969; in ambito nazionale ha inoltre vinto sei\u00a0Coppe Italia\u00a0e una\u00a0Supercoppa italiana. \u00c8 stata la prima squadra italiana a vincere una\u00a0competizione UEFA, la\u00a0Coppa delle Coppe\u00a0nel\u00a01960-1961, nonch\u00e9 una delle quindici squadre europee che hanno disputato una finale di tutte le tre principali\u00a0competizioni continentali: la\u00a0Coppa dei Campioni\u00a0(nel\u00a01956-1957, prima squadra italiana a raggiungere la finale della massima competizione europea), la\u00a0Coppa delle Coppe\u00a0(nel 1960-1961 e nel\u00a01961-1962) e la\u00a0Coppa UEFA\u00a0(nel\u00a01989-1990).<\/p>\n<p>Il colore sociale \u00e8 il\u00a0viola, scelta cromatica voluta espressamente dallo stesso Ridolfi nel 1929; altri segni distintivi della societ\u00e0 sono la\u00a0<i>Canzone viola<\/i>, inno ufficiale composto da\u00a0Marcello Manni\u00a0e reinterpretato e arrangiato nel 1965 da\u00a0Narciso Parigi, e lo\u00a0stemma, caratterizzato da un\u00a0giglio rosso\u00a0su sfondo bianco,\u00a0simbolo\u00a0della citt\u00e0 toscana. Inizialmente la sede delle partite casalighe era lo\u00a0stadio Velodromo Libertas, mentre dal 1931 la squadra disputa i propri incontri casalinghi nello\u00a0stadio Artemio Franchi, gi\u00e0\u00a0<i>Giovanni Berta<\/i>\u00a0e poi\u00a0<i>Comunale<\/i>.<\/p>\n<p>La Fiorentina \u00e8 anche uno dei membri dell&#8217;European Club Association\u00a0(ECA), organizzazione internazionale che ha preso il posto del soppresso\u00a0G-14, composta dai principali club calcistici europei, riuniti in consorzio al fine di ottenere una tutela comune dei diritti sportivi, legali e televisivi di fronte alla\u00a0FIFA.<\/p>\n<p>Il 29 agosto 1926, con la fusione tra la\u00a0<a title=\"Palestra Ginnastica Fiorentina Libertas\" href=\"https:\/\/it.wikipedia.org\/wiki\/Palestra_Ginnastica_Fiorentina_Libertas\">Palestra Ginnastica Fiorentina Libertas<\/a>\u00a0e il\u00a0<a title=\"Club Sportivo Firenze\" href=\"https:\/\/it.wikipedia.org\/wiki\/Club_Sportivo_Firenze\">Club Sportivo Firenze<\/a>, appoggiata da Luigi Ridolfi e altre autorit\u00e0 sportive dell&#8217;epoca, venne fondata l&#8217;<i>Associazione Calcio Firenze<\/i>, denominata l&#8217;anno seguente\u00a0<i>Associazione Calcio Fiorentina<\/i>; <sup id=\"cite_ref-6\" class=\"reference\"><\/sup><sup id=\"cite_ref-7\" class=\"reference\"><\/sup>il primo incontro ufficiale, valevole per il campionato di\u00a0Prima Divisione 1926-1927, si tenne nello\u00a0stadio di via Bellini\u00a0il\u00a03 ottobre\u00a01926 contro il\u00a0Pisa. La prima maglia ufficiale era inquartata bianca e rossa, colori sociali di\u00a0Firenze\u00a0e dei club da cui \u00e8 originata la Fiorentina, con sul petto il\u00a0Giglio di Firenze.<\/p>\n<p>Dopo l&#8217;incorporazione nel club dell&#8217;Itala Football Club\u00a0e la promozione a tavolino del\u00a01927-1928\u00a0nonostante il\u00a0caso Savoia-Fiorentina, i Gigliati disputarono la prima loro stagione nella massima serie, la\u00a0Divisione Nazionale, terminata all&#8217;ultimo posto in classifica; nonostante il regolamento prevedesse per loro la Prima Divisione, vennero ripescati e inseriti in\u00a0Serie B per allargamento dei quadri. Nel 1929, in una amichevole con la\u00a0Roma, la squadra toscana indoss\u00f2 per la prima volta maglie di colore viola.\u00a0I Viola vinsero il\u00a0campionato 1930-1931, ottenendo cos\u00ec la loro prima promozione in\u00a0Serie A.<\/p>\n<div class=\"thumb tright\">\n<div class=\"thumbinner\">\n<p><img loading=\"lazy\" decoding=\"async\" class=\"thumbimage\" src=\"https:\/\/upload.wikimedia.org\/wikipedia\/it\/thumb\/3\/32\/Fiorentina_Campione_d%27Italia_1955-56.jpg\/220px-Fiorentina_Campione_d%27Italia_1955-56.jpg\" srcset=\"\/\/upload.wikimedia.org\/wikipedia\/it\/thumb\/3\/32\/Fiorentina_Campione_d%27Italia_1955-56.jpg\/330px-Fiorentina_Campione_d%27Italia_1955-56.jpg 1.5x, \/\/upload.wikimedia.org\/wikipedia\/it\/3\/32\/Fiorentina_Campione_d%27Italia_1955-56.jpg 2x\" alt=\"\" width=\"220\" height=\"146\" data-file-width=\"400\" data-file-height=\"266\" \/><\/p>\n<div class=\"thumbcaption\">\n<div class=\"magnify\"><\/div>\n<p>La Fiorentina per la prima volta campione d&#8217;Italia nel\u00a01955-1956.<\/p>\n<\/div>\n<\/div>\n<\/div>\n<p>Nel 1931 venne inaugurato lo\u00a0Stadio Giovanni Berta. La prima stagione viola nella nuova struttura termin\u00f2 al quarto posto, con 25 reti di\u00a0Pedro Petrone, capocannoniere del torneo. Negli anni 1930 la Fiorentina debutt\u00f2 nelle\u00a0competizioni calcistiche europee\u00a0(Coppa dell&#8217;Europa Centrale 1935) ma retrocedette in Serie B nel\u00a01937-1938: tuttavia, con il primo posto nella\u00a0successiva stagione, ritorn\u00f2 subito in massima serie. Nel 1940 la Fiorentina conquist\u00f2 il primo trofeo della sua storia, la\u00a0Coppa Italia.<\/p>\n<p>Nella\u00a0stagione 1955-1956\u00a0i Viola, allenati da\u00a0Fulvio Bernardini, conquistarono il loro primo\u00a0scudetto\u00a0con cinque giornate di anticipo. La vittoria della Serie A consent\u00ec al club di partecipare alla\u00a0Coppa dei Campioni, dove i Gigliati arrivarono in finale il 30 maggio 1957 al\u00a0Santiago Bernab\u00e9u, venendo battuti dal\u00a0Real Madrid. Ventidue giorni prima, il club fiorentino aveva vinto la\u00a0Coppa Grasshoppers.<\/p>\n<div class=\"thumb tleft\">\n<div class=\"thumbinner\">\n<p><img loading=\"lazy\" decoding=\"async\" class=\"thumbimage\" src=\"https:\/\/upload.wikimedia.org\/wikipedia\/it\/thumb\/4\/46\/Fiorentina_con_la_Coppa_delle_Coppe_1960-61.jpg\/220px-Fiorentina_con_la_Coppa_delle_Coppe_1960-61.jpg\" srcset=\"\/\/upload.wikimedia.org\/wikipedia\/it\/thumb\/4\/46\/Fiorentina_con_la_Coppa_delle_Coppe_1960-61.jpg\/330px-Fiorentina_con_la_Coppa_delle_Coppe_1960-61.jpg 1.5x, \/\/upload.wikimedia.org\/wikipedia\/it\/thumb\/4\/46\/Fiorentina_con_la_Coppa_delle_Coppe_1960-61.jpg\/440px-Fiorentina_con_la_Coppa_delle_Coppe_1960-61.jpg 2x\" alt=\"\" width=\"220\" height=\"124\" data-file-width=\"800\" data-file-height=\"452\" \/><\/p>\n<div class=\"thumbcaption\">\n<div class=\"magnify\"><\/div>\n<p>La Fiorentina con la\u00a0Coppa delle Coppe 1960-1961.<\/p>\n<\/div>\n<\/div>\n<\/div>\n<p>Dall&#8217;annata seguente la Fiorentina si classific\u00f2 per quattro volte consecutive al secondo posto, arrivando inoltre due volte in finale di Coppa Italia (1958\u00a0e\u00a01959-1960); in campo europeo, gioc\u00f2 come nazione la\u00a0Coppa dell&#8217;Amicizia italo-francese 1959\u00a0e\u00a01960. Nel 1960-1961 il club, guidato da\u00a0N\u00e1ndor Hidegkuti, vinse la\u00a0coppa nazionale, la\u00a0Coppa delle Alpi 1961\u00a0(come nazione) e la\u00a0Coppa delle Coppe, battendo nella doppia finale i\u00a0Rangers; con questa vittoria divenne la prima squadra italiana a vincere una\u00a0competizione UEFA per club. I Gigliati arrivarono in finale di quest&#8217;ultima competizione anche l&#8217;anno successivo, venendo battuti dal\u00a0Atl\u00e9tico Madrid.<\/p>\n<div class=\"thumb tright\">\n<div class=\"thumbinner\">\n<p><img loading=\"lazy\" decoding=\"async\" class=\"thumbimage\" src=\"https:\/\/upload.wikimedia.org\/wikipedia\/it\/thumb\/f\/fb\/AC_Fiorentina_1968-69.jpg\/220px-AC_Fiorentina_1968-69.jpg\" srcset=\"\/\/upload.wikimedia.org\/wikipedia\/it\/thumb\/f\/fb\/AC_Fiorentina_1968-69.jpg\/330px-AC_Fiorentina_1968-69.jpg 1.5x, \/\/upload.wikimedia.org\/wikipedia\/it\/thumb\/f\/fb\/AC_Fiorentina_1968-69.jpg\/440px-AC_Fiorentina_1968-69.jpg 2x\" alt=\"\" width=\"220\" height=\"139\" data-file-width=\"800\" data-file-height=\"504\" \/><\/p>\n<div class=\"thumbcaption\">\n<div class=\"magnify\"><\/div>\n<p>La Fiorentina per la seconda volta scudettata nel\u00a01968-1969.<\/p>\n<\/div>\n<\/div>\n<\/div>\n<p>Per tutti gli anni 1960, considerati il decennio d&#8217;oro della storia viola, la Fiorentina stazion\u00f2 nelle prime posizioni della Serie A, vincendo la\u00a0Coppa Mitropa\u00a0e la\u00a0Coppa Italia\u00a0nel 1966. Nella\u00a0stagione 1968-1969\u00a0la squadra viola, formata da molte giovani promesse per cui venne chiamata &#8220;Fiorentina Ye-Ye&#8221;, conquist\u00f2 il suo secondo titolo nazionale, con\u00a0Bruno Pesaola\u00a0come allenatore.<\/p>\n<p>I primi anni 1970 videro la Fiorentina in un calo da un punto di vista dei risultati rispetto ai decenni precedenti; nel 1975 tuttavia la societ\u00e0 viola vinse la sua quarta\u00a0Coppa Italia\u00a0e la\u00a0Coppa di Lega Italo-Inglese. Nel decennio successivo subentrarono alla presidenza i\u00a0Pontello, che attuarono alcune scelte societarie contestate dai tifosi, come il cambio dell&#8217;inno e dello stemma. Nel\u00a01981-1982\u00a0i Viola contesero fino all&#8217;ultima giornata lo scudetto alla\u00a0Juventus. Nel 1990 la squadra raggiunse la\u00a0finale della Coppa UEFA, sconfitta nuovamente dalla squadra bianconera, in un torneo che ha visto per la prima volta due squadre italiane contendersi un trofeo confederale.<\/p>\n<div class=\"thumb tleft\">\n<div class=\"thumbinner\">\n<p><img loading=\"lazy\" decoding=\"async\" class=\"thumbimage\" src=\"https:\/\/upload.wikimedia.org\/wikipedia\/it\/thumb\/0\/03\/Associazione_Calcio_Fiorentina_1989-90.jpg\/220px-Associazione_Calcio_Fiorentina_1989-90.jpg\" srcset=\"\/\/upload.wikimedia.org\/wikipedia\/it\/thumb\/0\/03\/Associazione_Calcio_Fiorentina_1989-90.jpg\/330px-Associazione_Calcio_Fiorentina_1989-90.jpg 1.5x, \/\/upload.wikimedia.org\/wikipedia\/it\/thumb\/0\/03\/Associazione_Calcio_Fiorentina_1989-90.jpg\/440px-Associazione_Calcio_Fiorentina_1989-90.jpg 2x\" alt=\"\" width=\"220\" height=\"138\" data-file-width=\"1140\" data-file-height=\"714\" \/><\/p>\n<div class=\"thumbcaption\">\n<div class=\"magnify\"><\/div>\n<p>Una formazione della Fiorentina 1989-1990, finalista di Coppa UEFA.<\/p>\n<\/div>\n<\/div>\n<\/div>\n<p>Nello stesso anno i Pontello cedettero il pacchetto azionario di maggioranza a\u00a0Mario Cecchi Gori. Nel\u00a01992-1993, dopo cinquantaquattro anni nella massima serie italiana, i gigliati retrocedettero in Serie B, ma risalirono immediatamente in Serie A\u00a0dopo un anno, ottenendo anche la terza promozione. Il nuovo ciclo, cominciato nel 1993 con la presidenza di\u00a0Vittorio Cecchi Gori, ebbe risultati altalenanti in campionato nelle stagioni successive, arrivando due volte al terzo posto, nel\u00a01995-1996\u00a0e nel\u00a01998-1999\u00a0e vincendo la\u00a0Coppa Italia\u00a0e la\u00a0Supercoppa italiana\u00a0nel 1996. Nella stagione 1999-2000 la Fiorentina torn\u00f2 nella massima competizione internazionale dopo trent&#8217;anni disputando la\u00a0UEFA Champions League\u00a0e nell&#8217;annata seguente, con alla guida tecnica l&#8217;esordiente\u00a0Roberto Mancini, vinse per la sesta volta la\u00a0Coppa Italia.<\/p>\n<div class=\"thumb tright\">\n<div class=\"thumbinner\">\n<p><img loading=\"lazy\" decoding=\"async\" class=\"thumbimage\" src=\"https:\/\/upload.wikimedia.org\/wikipedia\/it\/thumb\/4\/4e\/AC_Fiorentina_-_Supercoppa_italiana_1996.jpg\/220px-AC_Fiorentina_-_Supercoppa_italiana_1996.jpg\" srcset=\"\/\/upload.wikimedia.org\/wikipedia\/it\/thumb\/4\/4e\/AC_Fiorentina_-_Supercoppa_italiana_1996.jpg\/330px-AC_Fiorentina_-_Supercoppa_italiana_1996.jpg 1.5x, \/\/upload.wikimedia.org\/wikipedia\/it\/thumb\/4\/4e\/AC_Fiorentina_-_Supercoppa_italiana_1996.jpg\/440px-AC_Fiorentina_-_Supercoppa_italiana_1996.jpg 2x\" alt=\"\" width=\"220\" height=\"148\" data-file-width=\"1280\" data-file-height=\"861\" \/><\/p>\n<div class=\"thumbcaption\">\n<div class=\"magnify\"><\/div>\n<p>La Fiorentina celebra la vittoria nella\u00a0Supercoppa italiana 1996.<\/p>\n<\/div>\n<\/div>\n<\/div>\n<p>Nell&#8217;estate 2001 il tribunale civile di Firenze avvi\u00f2 una procedura di\u00a0fallimento\u00a0a carico della societ\u00e0, che, nonostante le cessioni dei suoi giocatori pi\u00f9 illustri come\u00a0Batistuta,\u00a0Rui Costa\u00a0e\u00a0Toldo, versava in una grave crisi di bilancio. In questa difficile situazione finanziaria, nel\u00a02001-2002\u00a0la Fiorentina retrocedette in cadetteria, una\u00a0<i>d\u00e9b\u00e2cle<\/i>\u00a0che non si ripeteva dal 1993, giocando uno dei peggiori campionati della sua storia. Successivamente, a causa dei mancati pagamenti degli stipendi di calciatori e dell&#8217;impossibilit\u00e0 di sostenere gli sforzi economici relativi alla partecipazione al successivo campionato, la societ\u00e0 non pot\u00e9 iscriversi alla\u00a0Serie B 2002-2003\u00a0e venne in seguito dichiarata fallita.<\/p>\n<p>Il 1\u00ba agosto 2002 venne fondata la\u00a0<i>Fiorentina 1926 Florentia<\/i>\u00a0da\u00a0Leonardo Domenici,\u00a0sindaco di Firenze; la nuova societ\u00e0, che venne iscritta alla\u00a0Serie C2, venne acquistata da\u00a0Diego Della Valle\u00a0e rinominata\u00a0<i>Florentia Viola<\/i>. Il\u00a0torneo\u00a0fu vinto dai Gigliati, che, in seguito al\u00a0caso Catania\u00a0e al fallimento del\u00a0Cosenza, vennero eccezionalmente ripescati in Serie B per\u00a0meriti sportivi\u00a0e per bacino d&#8217;utenza. La\u00a0stagione 2003-2004\u00a0vide la Fiorentina tornare in Serie A dopo lo spareggio interdivisionale contro il\u00a0Perugia. Dopo una salvezza ottenuta all&#8217;ultima giornata nel\u00a02004-2005, i Viola furono coinvolti nello\u00a0scandalo di Calciopoli, che li penalizz\u00f2 sia nella\u00a0stagione 2005-06, estromettendoli dalle coppe europee, sia in\u00a0quella successiva: in quest&#8217;ultima, malgrado i punti di penalizzazione, riuscirono ugualmente a qualificarsi alla\u00a0Coppa UEFA 2007-2008, che si concluse in semifinale dopo aver ceduto ai\u00a0tiri di rigore\u00a0contro i\u00a0Rangers. I toscani raggiunsero la finale di\u00a0Coppa Italia 2013-2014, poi persa contro il\u00a0Napoli. Il 13 aprile 2014 la Fiorentina ha centrato lo storico traguardo delle 1.000 vittorie in\u00a0Serie A.<\/p>\n<p>Il 6 giugno 2019 si chiude dopo 17 anni l&#8217;era dei fratelli\u00a0Diego\u00a0e\u00a0Andrea Della Valle, con la societ\u00e0 viola che passa in mano all&#8217;imprenditore italo-statunitense\u00a0Rocco Commisso.<\/p>\n<p>Link web <a href=\"https:\/\/it.wikipedia.org\/wiki\/ACF_Fiorentina#:~:text=L'ACF%20Fiorentina%20(Associazione%20Calcio,agosto%201926%20dal%20marchese%20Luigi\">Fiorentina<\/a><\/p>\n<p>12.20<\/p>\n","protected":false},"excerpt":{"rendered":"<p style=\"text-align: center;\">Tessera della <b>ASSOCIAZIONE FIORENTINA del<\/b>\u00a0<strong>Calcio<\/strong> , primissima denominazione della societ\u00e0 della squadra viola, completa dei dati anagrafici del titolare, e dei timbri della societ\u00e0, per l&#8217;anno <strong>1929 &#8211; 30<\/strong><\/p>\n<p style=\"text-align: center;\">Misure approssimative della tessera\u00a0 Associazione Fiorentina del Calcio,\u00a0 per ogni pagina circa mm. 110\u00a0 x 70, aperta mm.110 x 140<\/p>\n<p>&nbsp;<\/p>\n<p style=\"text-align: center;\">Misure approssimative mm. 110 x 70 chiusa, mm.110 x 140 aperta<\/p>\n<p>&nbsp;<\/p>\n<p style=\"text-align: center;\"><strong><em>(Scorri la pagina in basso per ulteriori dettagli e informazioni)<\/em><\/strong><\/p>\n<p>&nbsp;<\/p>\n<p>&nbsp;<\/p>\n","protected":false},"featured_media":7535,"comment_status":"open","ping_status":"closed","template":"","meta":[],"product_cat":[586],"product_tag":[163,723,592,591,155,589,198,156,303,590,588],"yoast_head":"<!-- This site is optimized with the Yoast SEO plugin v21.9.1 - https:\/\/yoast.com\/wordpress\/plugins\/seo\/ -->\n<title>\u274c\ud83d\ude41ASSOCIAZIONE FIORENTINA Calcio Tessera 1929 - Thefinitive<\/title>\n<meta name=\"description\" content=\"ASSOCIAZIONE FIORENTINA Calcio Tessera anno 1929 1930 Console Generale MVSN Baldi Marcia du Roma - Firenze - PNF Fascist football club\" \/>\n<meta name=\"robots\" content=\"index, follow, max-snippet:-1, max-image-preview:large, max-video-preview:-1\" \/>\n<link rel=\"canonical\" href=\"https:\/\/thefinitive.com\/en\/prodotto\/associazione-fiorentina-calcio-tessera-1929\/\" \/>\n<meta property=\"og:locale\" content=\"en_US\" \/>\n<meta property=\"og:type\" content=\"article\" \/>\n<meta property=\"og:title\" content=\"\u274c\ud83d\ude41ASSOCIAZIONE FIORENTINA Calcio Tessera 1929 - Thefinitive\" \/>\n<meta property=\"og:description\" content=\"ASSOCIAZIONE FIORENTINA Calcio Tessera anno 1929 1930 Console Generale MVSN Baldi Marcia du Roma - Firenze - PNF Fascist football club\" \/>\n<meta property=\"og:url\" content=\"https:\/\/thefinitive.com\/en\/prodotto\/associazione-fiorentina-calcio-tessera-1929\/\" \/>\n<meta property=\"og:site_name\" content=\"Thefinitive\" \/>\n<meta property=\"article:publisher\" content=\"https:\/\/business.facebook.com\/Thefinitive-111771813534320\/\" \/>\n<meta property=\"article:modified_time\" content=\"2023-03-20T16:24:59+00:00\" \/>\n<meta property=\"og:image\" content=\"https:\/\/thefinitive.com\/wp-content\/uploads\/2020\/12\/fioreA1-2.jpg\" \/>\n\t<meta property=\"og:image:width\" content=\"2160\" \/>\n\t<meta property=\"og:image:height\" content=\"2160\" \/>\n\t<meta property=\"og:image:type\" content=\"image\/jpeg\" \/>\n<meta name=\"twitter:card\" content=\"summary_large_image\" \/>\n<meta name=\"twitter:label1\" content=\"Est. reading time\" \/>\n\t<meta name=\"twitter:data1\" content=\"7 minutes\" \/>\n<script type=\"application\/ld+json\" class=\"yoast-schema-graph\">{\"@context\":\"https:\/\/schema.org\",\"@graph\":[{\"@type\":\"WebPage\",\"@id\":\"https:\/\/thefinitive.com\/en\/prodotto\/associazione-fiorentina-calcio-tessera-1929\/\",\"url\":\"https:\/\/thefinitive.com\/en\/prodotto\/associazione-fiorentina-calcio-tessera-1929\/\",\"name\":\"\u274c\ud83d\ude41ASSOCIAZIONE FIORENTINA Calcio Tessera 1929 - Thefinitive\",\"isPartOf\":{\"@id\":\"https:\/\/thefinitive.com\/en\/#website\"},\"datePublished\":\"2020-12-21T23:25:45+00:00\",\"dateModified\":\"2023-03-20T16:24:59+00:00\",\"description\":\"ASSOCIAZIONE FIORENTINA Calcio Tessera anno 1929 1930 Console Generale MVSN Baldi Marcia du Roma - Firenze - PNF Fascist football club\",\"breadcrumb\":{\"@id\":\"https:\/\/thefinitive.com\/en\/prodotto\/associazione-fiorentina-calcio-tessera-1929\/#breadcrumb\"},\"inLanguage\":\"en-US\",\"potentialAction\":[{\"@type\":\"ReadAction\",\"target\":[\"https:\/\/thefinitive.com\/en\/prodotto\/associazione-fiorentina-calcio-tessera-1929\/\"]}]},{\"@type\":\"BreadcrumbList\",\"@id\":\"https:\/\/thefinitive.com\/en\/prodotto\/associazione-fiorentina-calcio-tessera-1929\/#breadcrumb\",\"itemListElement\":[{\"@type\":\"ListItem\",\"position\":1,\"name\":\"Home\",\"item\":\"https:\/\/thefinitive.com\/en\/\"},{\"@type\":\"ListItem\",\"position\":2,\"name\":\"Shop\",\"item\":\"https:\/\/thefinitive.com\/en\/shop-2\/\"},{\"@type\":\"ListItem\",\"position\":3,\"name\":\"\u274c\ud83d\ude41ASSOCIAZIONE FIORENTINA Calcio Tessera 1929\"}]},{\"@type\":\"WebSite\",\"@id\":\"https:\/\/thefinitive.com\/en\/#website\",\"url\":\"https:\/\/thefinitive.com\/en\/\",\"name\":\"Thefinitive\",\"description\":\"Antiquariato Online\",\"publisher\":{\"@id\":\"https:\/\/thefinitive.com\/en\/#organization\"},\"potentialAction\":[{\"@type\":\"SearchAction\",\"target\":{\"@type\":\"EntryPoint\",\"urlTemplate\":\"https:\/\/thefinitive.com\/en\/?s={search_term_string}\"},\"query-input\":\"required name=search_term_string\"}],\"inLanguage\":\"en-US\"},{\"@type\":\"Organization\",\"@id\":\"https:\/\/thefinitive.com\/en\/#organization\",\"name\":\"Thefinitive\",\"url\":\"https:\/\/thefinitive.com\/en\/\",\"logo\":{\"@type\":\"ImageObject\",\"inLanguage\":\"en-US\",\"@id\":\"https:\/\/thefinitive.com\/en\/#\/schema\/logo\/image\/\",\"url\":\"https:\/\/thefinitive.com\/wp-content\/uploads\/2019\/07\/logo4vett.svg\",\"contentUrl\":\"https:\/\/thefinitive.com\/wp-content\/uploads\/2019\/07\/logo4vett.svg\",\"width\":500,\"height\":100,\"caption\":\"Thefinitive\"},\"image\":{\"@id\":\"https:\/\/thefinitive.com\/en\/#\/schema\/logo\/image\/\"},\"sameAs\":[\"https:\/\/business.facebook.com\/Thefinitive-111771813534320\/\",\"https:\/\/www.instagram.com\/_thefinitive_\/\"]}]}<\/script>\n<!-- \/ Yoast SEO plugin. -->","yoast_head_json":{"title":"\u274c\ud83d\ude41ASSOCIAZIONE FIORENTINA Calcio Tessera 1929 - Thefinitive","description":"ASSOCIAZIONE FIORENTINA Calcio Tessera anno 1929 1930 Console Generale MVSN Baldi Marcia du Roma - Firenze - PNF Fascist football club","robots":{"index":"index","follow":"follow","max-snippet":"max-snippet:-1","max-image-preview":"max-image-preview:large","max-video-preview":"max-video-preview:-1"},"canonical":"https:\/\/thefinitive.com\/en\/prodotto\/associazione-fiorentina-calcio-tessera-1929\/","og_locale":"en_US","og_type":"article","og_title":"\u274c\ud83d\ude41ASSOCIAZIONE FIORENTINA Calcio Tessera 1929 - Thefinitive","og_description":"ASSOCIAZIONE FIORENTINA Calcio Tessera anno 1929 1930 Console Generale MVSN Baldi Marcia du Roma - Firenze - PNF Fascist football club","og_url":"https:\/\/thefinitive.com\/en\/prodotto\/associazione-fiorentina-calcio-tessera-1929\/","og_site_name":"Thefinitive","article_publisher":"https:\/\/business.facebook.com\/Thefinitive-111771813534320\/","article_modified_time":"2023-03-20T16:24:59+00:00","og_image":[{"width":2160,"height":2160,"url":"https:\/\/thefinitive.com\/wp-content\/uploads\/2020\/12\/fioreA1-2.jpg","type":"image\/jpeg"}],"twitter_card":"summary_large_image","twitter_misc":{"Est. reading time":"7 minutes"},"schema":{"@context":"https:\/\/schema.org","@graph":[{"@type":"WebPage","@id":"https:\/\/thefinitive.com\/en\/prodotto\/associazione-fiorentina-calcio-tessera-1929\/","url":"https:\/\/thefinitive.com\/en\/prodotto\/associazione-fiorentina-calcio-tessera-1929\/","name":"\u274c\ud83d\ude41ASSOCIAZIONE FIORENTINA Calcio Tessera 1929 - Thefinitive","isPartOf":{"@id":"https:\/\/thefinitive.com\/en\/#website"},"datePublished":"2020-12-21T23:25:45+00:00","dateModified":"2023-03-20T16:24:59+00:00","description":"ASSOCIAZIONE FIORENTINA Calcio Tessera anno 1929 1930 Console Generale MVSN Baldi Marcia du Roma - Firenze - PNF Fascist football club","breadcrumb":{"@id":"https:\/\/thefinitive.com\/en\/prodotto\/associazione-fiorentina-calcio-tessera-1929\/#breadcrumb"},"inLanguage":"en-US","potentialAction":[{"@type":"ReadAction","target":["https:\/\/thefinitive.com\/en\/prodotto\/associazione-fiorentina-calcio-tessera-1929\/"]}]},{"@type":"BreadcrumbList","@id":"https:\/\/thefinitive.com\/en\/prodotto\/associazione-fiorentina-calcio-tessera-1929\/#breadcrumb","itemListElement":[{"@type":"ListItem","position":1,"name":"Home","item":"https:\/\/thefinitive.com\/en\/"},{"@type":"ListItem","position":2,"name":"Shop","item":"https:\/\/thefinitive.com\/en\/shop-2\/"},{"@type":"ListItem","position":3,"name":"\u274c\ud83d\ude41ASSOCIAZIONE FIORENTINA Calcio Tessera 1929"}]},{"@type":"WebSite","@id":"https:\/\/thefinitive.com\/en\/#website","url":"https:\/\/thefinitive.com\/en\/","name":"Thefinitive","description":"Antiquariato Online","publisher":{"@id":"https:\/\/thefinitive.com\/en\/#organization"},"potentialAction":[{"@type":"SearchAction","target":{"@type":"EntryPoint","urlTemplate":"https:\/\/thefinitive.com\/en\/?s={search_term_string}"},"query-input":"required name=search_term_string"}],"inLanguage":"en-US"},{"@type":"Organization","@id":"https:\/\/thefinitive.com\/en\/#organization","name":"Thefinitive","url":"https:\/\/thefinitive.com\/en\/","logo":{"@type":"ImageObject","inLanguage":"en-US","@id":"https:\/\/thefinitive.com\/en\/#\/schema\/logo\/image\/","url":"https:\/\/thefinitive.com\/wp-content\/uploads\/2019\/07\/logo4vett.svg","contentUrl":"https:\/\/thefinitive.com\/wp-content\/uploads\/2019\/07\/logo4vett.svg","width":500,"height":100,"caption":"Thefinitive"},"image":{"@id":"https:\/\/thefinitive.com\/en\/#\/schema\/logo\/image\/"},"sameAs":["https:\/\/business.facebook.com\/Thefinitive-111771813534320\/","https:\/\/www.instagram.com\/_thefinitive_\/"]}]}},"_links":{"self":[{"href":"https:\/\/thefinitive.com\/en\/wp-json\/wp\/v3\/product\/7534"}],"collection":[{"href":"https:\/\/thefinitive.com\/en\/wp-json\/wp\/v3\/product"}],"about":[{"href":"https:\/\/thefinitive.com\/en\/wp-json\/wp\/v2\/types\/product"}],"replies":[{"embeddable":true,"href":"https:\/\/thefinitive.com\/en\/wp-json\/wp\/v2\/comments?post=7534"}],"version-history":[{"count":1,"href":"https:\/\/thefinitive.com\/en\/wp-json\/wp\/v3\/product\/7534\/revisions"}],"predecessor-version":[{"id":14639,"href":"https:\/\/thefinitive.com\/en\/wp-json\/wp\/v3\/product\/7534\/revisions\/14639"}],"wp:featuredmedia":[{"embeddable":true,"href":"https:\/\/thefinitive.com\/en\/wp-json\/wp\/v2\/media\/7535"}],"wp:attachment":[{"href":"https:\/\/thefinitive.com\/en\/wp-json\/wp\/v2\/media?parent=7534"}],"wp:term":[{"taxonomy":"product_cat","embeddable":true,"href":"https:\/\/thefinitive.com\/en\/wp-json\/wp\/v2\/product_cat?post=7534"},{"taxonomy":"product_tag","embeddable":true,"href":"https:\/\/thefinitive.com\/en\/wp-json\/wp\/v2\/product_tag?post=7534"}],"curies":[{"name":"wp","href":"https:\/\/api.w.org\/{rel}","templated":true}]}}