{"id":7486,"date":"2020-12-16T22:06:11","date_gmt":"2020-12-16T22:06:11","guid":{"rendered":"https:\/\/www.thefinitive.com\/?post_type=product&#038;p=7486"},"modified":"2023-03-20T17:25:06","modified_gmt":"2023-03-20T16:25:06","slug":"volo-su-vienna-volantino-tricolore-ojetti-dannunzio","status":"publish","type":"product","link":"https:\/\/thefinitive.com\/en\/prodotto\/volo-su-vienna-volantino-tricolore-ojetti-dannunzio\/","title":{"rendered":"\u274c\ud83d\ude41Volo su Vienna Volantino tricolore &#8211; Ojetti D&#8217;Annunzio"},"content":{"rendered":"<p>Volantino tricolore originale per l&#8217;impresa dannunziana del <strong>Volo su Vienna <\/strong>del <strong>9 agosto 1918, <\/strong>compiuto dalla <strong>87\u00aa Squadriglia Aeroplani<\/strong> &#8220;<em>La Serenissima<\/em>&#8221; comandata da <strong>Gabriele d&#8217;Annunzio<\/strong>.<\/p>\n<p>Foglietto di carta stampato in tricromia, a raffigurare il tricolore italiano con in mezzo al campo bianco lo scudo sabaudo, e a tutta pagina il testo del messaggio propagandistico che l&#8217;Italia volle comunicare al popolo viennese<\/p>\n<p><em><strong>WIENER<\/strong>!<\/em><\/p>\n<p><em>Lernt die Italiener kennen.<\/em><br \/>\n<em>Wenn wir wollten, wir k\u00f6nnten ganze Tonnen von Bomben auf eure Stadt hinabwerfen, aber wir senden euch nur einen Gruss der Trikolore, der Trikolore der Freiheit.<\/em><br \/>\n<em>Wir Italiener f\u00fchren den Krieg nicht mit den B\u00fcrgern, Kindern, Greisen und Frauen. Wir f\u00fchren den Krieg mit eurer Regierung, dem Feinde der nationalen Freiheit, mit euren blinden, starrk\u00f6pfigen und grausamen Regierung, die euch weder Brot noch Frieden zu geben vermag und euch nur mit Hass und tr\u00fcgerischen Hoffnungen f\u00fcttert.<\/em><\/p>\n<p><em><strong>WIENER!<\/strong><\/em><\/p>\n<p><em>Man sagt von euch, dass ihr intelligent seid, jedoch seitdem ihr die preussische Uniform angezogen habt ihr seid auf das Niveau eines Berliner-Grobians herabgesunken, und die ganze Welt hat sich gegen euch gewandt.<\/em><br \/>\n<em>Wollt ihr den Krieg fortf\u00fchren? Tut es, wenn ihr Selbstmord begehen wollt. Was h\u00f6fft ihr? Den Entscheidungssieg, den euch die preussische Generale versprochen haben?<\/em><br \/>\n<em>Ihr Entscheidungssieg ist wie das Brot aus der Ukraina: Man erwartet es und stirbt bevor es ankommt.<\/em><\/p>\n<p><em><strong>B\u00fcrger Wiens!<\/strong> Bedenkt was euch erwartet und erwacht!<\/em><\/p>\n<p><em><strong>HOCH LEBE DIE FREIHEIT!<\/strong><\/em><\/p>\n<p><em><strong>HOCH LEBE ITALIEN!<\/strong><\/em><\/p>\n<p><em><strong>HOCH LEBE DIE ENTENTE!<\/strong><\/em><\/p>\n<p>&nbsp;<\/p>\n<p>Il Volantino del Volo su Vienna che vi presentiamo, \u00e8 originale,\u00a0 non \u00e8 una ristampa o una copia anastatica, fa parte di quelli preparati effettivamente per l&#8217;impresa del 1918.\u00a0 Questa \u00e8 la versione in lingua tedesca. In perfetto stato, senza strappi o danni di rilievo.<\/p>\n<p>&nbsp;<\/p>\n<p><strong>MATERIALE\u00a0 \u00a0 \u00a0:\u00a0<\/strong> Carta<\/p>\n<p><strong>MISURE\u00a0 \u00a0 \u00a0 \u00a0 \u00a0 \u00a0 \u00a0:<\/strong>\u00a0 cm.22,5 x 14,2<\/p>\n<p><strong>MARCHIO\u00a0 \u00a0 \u00a0 \u00a0 \u00a0:<\/strong>\u00a0 &#8211;<\/p>\n<h2><\/h2>\n<p>&nbsp;<\/p>\n<h2 style=\"text-align: left;\">NOTIZIE<\/h2>\n<p>Cliccando sui seguenti link avrete accesso ad informazioni e note storiche sull&#8217;argomento trattato in questa vendita<\/p>\n<p>&nbsp;<\/p>\n<p><a href=\"https:\/\/www.thefinitive.com\/gabriele-dannunzio-limmaginifico-il-vate\/\"><img loading=\"lazy\" decoding=\"async\" class=\"wp-image-7713 aligncenter\" src=\"https:\/\/www.thefinitive.com\/wp-content\/uploads\/2021\/01\/dannunzio.jpg\" alt=\"\" width=\"321\" height=\"322\" srcset=\"https:\/\/thefinitive.com\/wp-content\/uploads\/2021\/01\/dannunzio.jpg 518w, https:\/\/thefinitive.com\/wp-content\/uploads\/2021\/01\/dannunzio-100x100.jpg 100w, https:\/\/thefinitive.com\/wp-content\/uploads\/2021\/01\/dannunzio-64x64.jpg 64w, https:\/\/thefinitive.com\/wp-content\/uploads\/2021\/01\/dannunzio-300x300.jpg 300w, https:\/\/thefinitive.com\/wp-content\/uploads\/2021\/01\/dannunzio-150x150.jpg 150w, https:\/\/thefinitive.com\/wp-content\/uploads\/2021\/01\/dannunzio-45x45.jpg 45w\" sizes=\"(max-width: 321px) 100vw, 321px\" \/><\/a><\/p>\n<p>&nbsp;<\/p>\n<figure id=\"attachment_7715\" aria-describedby=\"caption-attachment-7715\" style=\"width: 520px\" class=\"wp-caption aligncenter\"><a href=\"https:\/\/www.thefinitive.com\/volo-su-vienna-gabriele-dannunzio-9-agosto-1918\/\"><img loading=\"lazy\" decoding=\"async\" class=\" wp-image-7715\" src=\"https:\/\/www.thefinitive.com\/wp-content\/uploads\/2020\/12\/DannunzioPalliSVA.jpg\" alt=\"\" width=\"520\" height=\"345\" srcset=\"https:\/\/thefinitive.com\/wp-content\/uploads\/2020\/12\/DannunzioPalliSVA.jpg 1021w, https:\/\/thefinitive.com\/wp-content\/uploads\/2020\/12\/DannunzioPalliSVA-64x42.jpg 64w, https:\/\/thefinitive.com\/wp-content\/uploads\/2020\/12\/DannunzioPalliSVA-300x199.jpg 300w, https:\/\/thefinitive.com\/wp-content\/uploads\/2020\/12\/DannunzioPalliSVA-768x509.jpg 768w\" sizes=\"(max-width: 520px) 100vw, 520px\" \/><\/a><figcaption id=\"caption-attachment-7715\" class=\"wp-caption-text\">Volo su Vienna &#8211; D&#8217;Annunzio e Palli<\/figcaption><\/figure>\n<p>&nbsp;<\/p>\n<p><em>Fonti <a href=\"https:\/\/it.wikipedia.org\/wiki\/Volo_su_Vienna\">Wikipedia<\/a> , <a href=\"https:\/\/it.wikipedia.org\/wiki\/Gabriele_D%27Annunzio\">D&#8217;Annunzio<\/a><\/em><\/p>\n<p>12.20<\/p>\n","protected":false},"excerpt":{"rendered":"<p style=\"text-align: center;\">Volantino tricolore originale per l&#8217;impresa dannunziana del <strong>Volo su Vienna <\/strong>del <strong>9 agosto 1918, <\/strong>compiuto dalla <strong>87\u00aa Squadriglia Aeroplani<\/strong> &#8220;<em>La Serenissima<\/em>&#8221; comandata da <strong>Gabriele d&#8217;Annunzio<\/strong><\/p>\n<p style=\"text-align: center;\">Dimensioni circa\u00a0 cm.<strong>22,5 x 14,2<\/strong><\/p>\n<p style=\"text-align: center;\"><strong><em>P.A.R.\u00a0 Prezzo A Richiesta\u00a0 \u00a0&#8211;\u00a0 \u00a0P.O.D. Price On Demand<\/em><\/strong><\/p>\n<p style=\"text-align: center;\"><strong><em>(Scorri la pagina in basso per ulteriori dettagli e informazioni)<\/em><\/strong><\/p>\n<p>&nbsp;<\/p>\n<p>&nbsp;<\/p>\n","protected":false},"featured_media":7974,"comment_status":"open","ping_status":"closed","template":"","meta":[],"product_cat":[586],"product_tag":[723,182,155,203,278,202,587],"yoast_head":"<!-- This site is optimized with the Yoast SEO plugin v21.9.1 - https:\/\/yoast.com\/wordpress\/plugins\/seo\/ -->\n<title>\u274c\ud83d\ude41Volo su Vienna Volantino tricolore - Ojetti D&#039;Annunzio - Thefinitive<\/title>\n<meta name=\"description\" content=\"Volantino del Volo su Vienna in lingua tedesca - Originale - marcato 128 - TRICOLORE - D&#039;annunzio Ugo Ojetti - Flight over Vienna - Fiume\" \/>\n<meta name=\"robots\" content=\"index, follow, max-snippet:-1, max-image-preview:large, max-video-preview:-1\" \/>\n<link rel=\"canonical\" href=\"https:\/\/thefinitive.com\/en\/prodotto\/volo-su-vienna-volantino-tricolore-ojetti-dannunzio\/\" \/>\n<meta property=\"og:locale\" content=\"en_US\" \/>\n<meta property=\"og:type\" content=\"article\" \/>\n<meta property=\"og:title\" content=\"\u274c\ud83d\ude41Volo su Vienna Volantino tricolore - Ojetti D&#039;Annunzio - Thefinitive\" \/>\n<meta property=\"og:description\" content=\"Volantino del Volo su Vienna in lingua tedesca - Originale - marcato 128 - TRICOLORE - D&#039;annunzio Ugo Ojetti - Flight over Vienna - Fiume\" \/>\n<meta property=\"og:url\" content=\"https:\/\/thefinitive.com\/en\/prodotto\/volo-su-vienna-volantino-tricolore-ojetti-dannunzio\/\" \/>\n<meta property=\"og:site_name\" content=\"Thefinitive\" \/>\n<meta property=\"article:publisher\" content=\"https:\/\/business.facebook.com\/Thefinitive-111771813534320\/\" \/>\n<meta property=\"article:modified_time\" content=\"2023-03-20T16:25:06+00:00\" \/>\n<meta property=\"og:image\" content=\"https:\/\/thefinitive.com\/wp-content\/uploads\/2020\/12\/volant-1.jpg\" \/>\n\t<meta property=\"og:image:width\" content=\"2160\" \/>\n\t<meta property=\"og:image:height\" content=\"2160\" \/>\n\t<meta property=\"og:image:type\" content=\"image\/jpeg\" \/>\n<meta name=\"twitter:card\" content=\"summary_large_image\" \/>\n<meta name=\"twitter:label1\" content=\"Est. reading time\" \/>\n\t<meta name=\"twitter:data1\" content=\"2 minutes\" \/>\n<script type=\"application\/ld+json\" class=\"yoast-schema-graph\">{\"@context\":\"https:\/\/schema.org\",\"@graph\":[{\"@type\":\"WebPage\",\"@id\":\"https:\/\/thefinitive.com\/en\/prodotto\/volo-su-vienna-volantino-tricolore-ojetti-dannunzio\/\",\"url\":\"https:\/\/thefinitive.com\/en\/prodotto\/volo-su-vienna-volantino-tricolore-ojetti-dannunzio\/\",\"name\":\"\u274c\ud83d\ude41Volo su Vienna Volantino tricolore - Ojetti D'Annunzio - Thefinitive\",\"isPartOf\":{\"@id\":\"https:\/\/thefinitive.com\/en\/#website\"},\"datePublished\":\"2020-12-16T22:06:11+00:00\",\"dateModified\":\"2023-03-20T16:25:06+00:00\",\"description\":\"Volantino del Volo su Vienna in lingua tedesca - Originale - marcato 128 - TRICOLORE - D'annunzio Ugo Ojetti - Flight over Vienna - Fiume\",\"breadcrumb\":{\"@id\":\"https:\/\/thefinitive.com\/en\/prodotto\/volo-su-vienna-volantino-tricolore-ojetti-dannunzio\/#breadcrumb\"},\"inLanguage\":\"en-US\",\"potentialAction\":[{\"@type\":\"ReadAction\",\"target\":[\"https:\/\/thefinitive.com\/en\/prodotto\/volo-su-vienna-volantino-tricolore-ojetti-dannunzio\/\"]}]},{\"@type\":\"BreadcrumbList\",\"@id\":\"https:\/\/thefinitive.com\/en\/prodotto\/volo-su-vienna-volantino-tricolore-ojetti-dannunzio\/#breadcrumb\",\"itemListElement\":[{\"@type\":\"ListItem\",\"position\":1,\"name\":\"Home\",\"item\":\"https:\/\/thefinitive.com\/en\/\"},{\"@type\":\"ListItem\",\"position\":2,\"name\":\"Shop\",\"item\":\"https:\/\/thefinitive.com\/en\/shop-2\/\"},{\"@type\":\"ListItem\",\"position\":3,\"name\":\"\u274c\ud83d\ude41Volo su Vienna Volantino tricolore &#8211; Ojetti D&#8217;Annunzio\"}]},{\"@type\":\"WebSite\",\"@id\":\"https:\/\/thefinitive.com\/en\/#website\",\"url\":\"https:\/\/thefinitive.com\/en\/\",\"name\":\"Thefinitive\",\"description\":\"Antiquariato Online\",\"publisher\":{\"@id\":\"https:\/\/thefinitive.com\/en\/#organization\"},\"potentialAction\":[{\"@type\":\"SearchAction\",\"target\":{\"@type\":\"EntryPoint\",\"urlTemplate\":\"https:\/\/thefinitive.com\/en\/?s={search_term_string}\"},\"query-input\":\"required name=search_term_string\"}],\"inLanguage\":\"en-US\"},{\"@type\":\"Organization\",\"@id\":\"https:\/\/thefinitive.com\/en\/#organization\",\"name\":\"Thefinitive\",\"url\":\"https:\/\/thefinitive.com\/en\/\",\"logo\":{\"@type\":\"ImageObject\",\"inLanguage\":\"en-US\",\"@id\":\"https:\/\/thefinitive.com\/en\/#\/schema\/logo\/image\/\",\"url\":\"https:\/\/thefinitive.com\/wp-content\/uploads\/2019\/07\/logo4vett.svg\",\"contentUrl\":\"https:\/\/thefinitive.com\/wp-content\/uploads\/2019\/07\/logo4vett.svg\",\"width\":500,\"height\":100,\"caption\":\"Thefinitive\"},\"image\":{\"@id\":\"https:\/\/thefinitive.com\/en\/#\/schema\/logo\/image\/\"},\"sameAs\":[\"https:\/\/business.facebook.com\/Thefinitive-111771813534320\/\",\"https:\/\/www.instagram.com\/_thefinitive_\/\"]}]}<\/script>\n<!-- \/ Yoast SEO plugin. -->","yoast_head_json":{"title":"\u274c\ud83d\ude41Volo su Vienna Volantino tricolore - Ojetti D'Annunzio - Thefinitive","description":"Volantino del Volo su Vienna in lingua tedesca - Originale - marcato 128 - TRICOLORE - D'annunzio Ugo Ojetti - Flight over Vienna - Fiume","robots":{"index":"index","follow":"follow","max-snippet":"max-snippet:-1","max-image-preview":"max-image-preview:large","max-video-preview":"max-video-preview:-1"},"canonical":"https:\/\/thefinitive.com\/en\/prodotto\/volo-su-vienna-volantino-tricolore-ojetti-dannunzio\/","og_locale":"en_US","og_type":"article","og_title":"\u274c\ud83d\ude41Volo su Vienna Volantino tricolore - Ojetti D'Annunzio - Thefinitive","og_description":"Volantino del Volo su Vienna in lingua tedesca - Originale - marcato 128 - TRICOLORE - D'annunzio Ugo Ojetti - Flight over Vienna - Fiume","og_url":"https:\/\/thefinitive.com\/en\/prodotto\/volo-su-vienna-volantino-tricolore-ojetti-dannunzio\/","og_site_name":"Thefinitive","article_publisher":"https:\/\/business.facebook.com\/Thefinitive-111771813534320\/","article_modified_time":"2023-03-20T16:25:06+00:00","og_image":[{"width":2160,"height":2160,"url":"https:\/\/thefinitive.com\/wp-content\/uploads\/2020\/12\/volant-1.jpg","type":"image\/jpeg"}],"twitter_card":"summary_large_image","twitter_misc":{"Est. reading time":"2 minutes"},"schema":{"@context":"https:\/\/schema.org","@graph":[{"@type":"WebPage","@id":"https:\/\/thefinitive.com\/en\/prodotto\/volo-su-vienna-volantino-tricolore-ojetti-dannunzio\/","url":"https:\/\/thefinitive.com\/en\/prodotto\/volo-su-vienna-volantino-tricolore-ojetti-dannunzio\/","name":"\u274c\ud83d\ude41Volo su Vienna Volantino tricolore - Ojetti D'Annunzio - Thefinitive","isPartOf":{"@id":"https:\/\/thefinitive.com\/en\/#website"},"datePublished":"2020-12-16T22:06:11+00:00","dateModified":"2023-03-20T16:25:06+00:00","description":"Volantino del Volo su Vienna in lingua tedesca - Originale - marcato 128 - TRICOLORE - D'annunzio Ugo Ojetti - Flight over Vienna - Fiume","breadcrumb":{"@id":"https:\/\/thefinitive.com\/en\/prodotto\/volo-su-vienna-volantino-tricolore-ojetti-dannunzio\/#breadcrumb"},"inLanguage":"en-US","potentialAction":[{"@type":"ReadAction","target":["https:\/\/thefinitive.com\/en\/prodotto\/volo-su-vienna-volantino-tricolore-ojetti-dannunzio\/"]}]},{"@type":"BreadcrumbList","@id":"https:\/\/thefinitive.com\/en\/prodotto\/volo-su-vienna-volantino-tricolore-ojetti-dannunzio\/#breadcrumb","itemListElement":[{"@type":"ListItem","position":1,"name":"Home","item":"https:\/\/thefinitive.com\/en\/"},{"@type":"ListItem","position":2,"name":"Shop","item":"https:\/\/thefinitive.com\/en\/shop-2\/"},{"@type":"ListItem","position":3,"name":"\u274c\ud83d\ude41Volo su Vienna Volantino tricolore &#8211; Ojetti D&#8217;Annunzio"}]},{"@type":"WebSite","@id":"https:\/\/thefinitive.com\/en\/#website","url":"https:\/\/thefinitive.com\/en\/","name":"Thefinitive","description":"Antiquariato Online","publisher":{"@id":"https:\/\/thefinitive.com\/en\/#organization"},"potentialAction":[{"@type":"SearchAction","target":{"@type":"EntryPoint","urlTemplate":"https:\/\/thefinitive.com\/en\/?s={search_term_string}"},"query-input":"required name=search_term_string"}],"inLanguage":"en-US"},{"@type":"Organization","@id":"https:\/\/thefinitive.com\/en\/#organization","name":"Thefinitive","url":"https:\/\/thefinitive.com\/en\/","logo":{"@type":"ImageObject","inLanguage":"en-US","@id":"https:\/\/thefinitive.com\/en\/#\/schema\/logo\/image\/","url":"https:\/\/thefinitive.com\/wp-content\/uploads\/2019\/07\/logo4vett.svg","contentUrl":"https:\/\/thefinitive.com\/wp-content\/uploads\/2019\/07\/logo4vett.svg","width":500,"height":100,"caption":"Thefinitive"},"image":{"@id":"https:\/\/thefinitive.com\/en\/#\/schema\/logo\/image\/"},"sameAs":["https:\/\/business.facebook.com\/Thefinitive-111771813534320\/","https:\/\/www.instagram.com\/_thefinitive_\/"]}]}},"_links":{"self":[{"href":"https:\/\/thefinitive.com\/en\/wp-json\/wp\/v3\/product\/7486"}],"collection":[{"href":"https:\/\/thefinitive.com\/en\/wp-json\/wp\/v3\/product"}],"about":[{"href":"https:\/\/thefinitive.com\/en\/wp-json\/wp\/v2\/types\/product"}],"replies":[{"embeddable":true,"href":"https:\/\/thefinitive.com\/en\/wp-json\/wp\/v2\/comments?post=7486"}],"version-history":[{"count":2,"href":"https:\/\/thefinitive.com\/en\/wp-json\/wp\/v3\/product\/7486\/revisions"}],"predecessor-version":[{"id":14642,"href":"https:\/\/thefinitive.com\/en\/wp-json\/wp\/v3\/product\/7486\/revisions\/14642"}],"wp:featuredmedia":[{"embeddable":true,"href":"https:\/\/thefinitive.com\/en\/wp-json\/wp\/v2\/media\/7974"}],"wp:attachment":[{"href":"https:\/\/thefinitive.com\/en\/wp-json\/wp\/v2\/media?parent=7486"}],"wp:term":[{"taxonomy":"product_cat","embeddable":true,"href":"https:\/\/thefinitive.com\/en\/wp-json\/wp\/v2\/product_cat?post=7486"},{"taxonomy":"product_tag","embeddable":true,"href":"https:\/\/thefinitive.com\/en\/wp-json\/wp\/v2\/product_tag?post=7486"}],"curies":[{"name":"wp","href":"https:\/\/api.w.org\/{rel}","templated":true}]}}