{"id":7308,"date":"2020-11-26T18:52:06","date_gmt":"2020-11-26T18:52:06","guid":{"rendered":"https:\/\/www.thefinitive.com\/?post_type=product&#038;p=7308"},"modified":"2024-08-11T17:45:04","modified_gmt":"2024-08-11T15:45:04","slug":"federazione-fascista-cacciatori-1931-tabella-latta","status":"publish","type":"product","link":"https:\/\/thefinitive.com\/en\/prodotto\/federazione-fascista-cacciatori-1931-tabella-latta\/","title":{"rendered":"Federazione Fascista Cacciatori 1931 tabella latta"},"content":{"rendered":"<p>Tabella in latta litografata del 1931, della <strong>FEDERAZIONE FASCISTA CACCIATORI<\/strong> per indicare la <strong>RISERVA DI CACCIA DELLA SEZIONE ASSOCIAZIONE PROVINCIALE<\/strong>.<\/p>\n<p>Questa tabella \u00e8 in condizioni splendide, nuova, stampata in rilievo e litografata, per opera della ditta <strong>METALGRAF<\/strong> di Milano, famosa agli inizi del &#8216;900 per le sue produzioni in lamiera, dai giocattoli a carica a molla, alle scatole di latta per biscotti, caramelle, prodotti di ogni genere, e quindi per le tabelle pubblicitarie che venivano affisse lungo le strade, ai muri dei palazzi, ai negozi.<\/p>\n<p>La tabella veniva usata per indicare la <strong>Riserva di Caccia<\/strong>, affissa alla rete che ne delimitava il perimetro in pi\u00f9 punti.<\/p>\n<p>Notiamo in alto il simbolo del <strong>MINISTERO dell&#8217;AGRICOLTURA e FORESTE<\/strong> dal quale dipendevano le riserve di caccia,\u00a0 ed il simbolo della <strong>Federazione Fascista Cacciatori<\/strong>, che era una branchia del <strong>CONI<\/strong> <em>Comitato Olimpico Nazionale Italiano<\/em>, come stabilito nel 1931 dalle leggi che regolavano la caccia.<\/p>\n<p>La tabella in oggetto della Federazione Fascista Cacciatori del 1931, non \u00e8 mai stata utilizzata, non ha subito restauri, \u00e8 praticamente nuova. Misura circa cm. 34&#215;24<\/p>\n<p>&nbsp;<\/p>\n<p><strong>MATERIALE\u00a0 \u00a0<\/strong>:\u00a0 Lamiera litografata<\/p>\n<p><strong>MISURE<\/strong>\u00a0 :\u00a0 cm.34 x 24<\/p>\n<p><strong>MARCHIO\u00a0<\/strong> : Metalgraf Milano<\/p>\n<p>&nbsp;<\/p>\n<h2>NOTIZIE<\/h2>\n<div class=\"contenitoreSommarioImmagineSx\"><em><span class=\"testoSommarioImmagineSx\">E\u2019 istituita in Roma la Federazione Nazionale Fascista dei cacciatori italiani, che si compone delle Associazioni Provinciali dei cacciatori e delle rispettive Sezioni\u00a0 &lt;omissis&gt; e fa capo al Comitato Olimpico Nazionale Italiano. <\/span><\/em><em><span class=\"testoSommarioImmagineSx\">La Federazione, organo nazionale, che presiede a tutta l\u2019attivit\u00e0 sportiva dei cacciatori italiani, ha il compito di inquadrare e di organizzare, attraverso alle Associazioni provinciali e alle rispettive Sezioni, i cacciatori e i concessionari di bandite e di riserve, al fine della pi\u00f9 rigorosa disciplina nella applicazione della legge in armonia con i superiori interessi nazionali.<\/span><\/em><\/div>\n<div class=\"contenitoreSommarioImmagineSx\"><span class=\"testoSommarioImmagineSx\"><br \/>\nCos\u00ec recitava l\u2019art. <strong>79<\/strong>, commi 1 e 2, del R.D. 15 gennaio <strong>1931<\/strong> \u2013IX, n. 117 Approvazione del T.u. delle leggi sulla caccia, che faceva seguito alla legge 24 giugno 1923, n. 1420 (che aveva unificato le diverse leggi vigenti in varie regioni anche dopo l\u2019unificazione nazionale) e abrogava tutte le altre nome vigenti in materia di caccia.<\/span><\/div>\n<div class=\"contenitoreSommarioImmagineSx\"><span class=\"testoSommarioImmagineSx\"><br \/>\nI superiori interessi nazionali erano la tutela e l\u2019incremento della selvaggina stanziale.<br \/>\nCome si vede, attraverso il t.u. del 1931 il reg\u00ecme si arrogava la potest\u00e0 di organizzare la caccia e i cacciatori, cos\u00ec come aveva fatto con gli agricoltori (Confagricoltura), gli industriali (Confindustria), i commercianti (Confcommercio), gli artigiani (Confartigianato), ecc. <\/span><\/div>\n<div><\/div>\n<div class=\"contenitoreSommarioImmagineSx\"><span class=\"testoSommarioImmagineSx\">Il segno dominante del fascismo in campo sociale ed economico non poteva essere pi\u00f9 chiaro anche in campo venatorio, con la Federazione Fascista dei Cacciatori del 1931.<\/span><\/div>\n<p>Nello stesso decreto si fonda (o rifonda con personalit\u00e0, compiti e finalit\u00e0 nuovi) la Federcaccia, l&#8217;unica associazione venatoria italiana. Infatti\u00a0 \u201c<em>i cittadini che abbiano ottenuto la licenza di caccia o di uccellagione ed i concessionari di bandite o riserve, fanno parte di diritto della Associazione per la durata della rispettiva licenza o concessione<\/em>\u201d (art. 82 comma 2).<\/p>\n<p><span class=\"testoSommarioImmagineSx\">Ma il trattamento monopolistico di cui godeva Federcaccia quale organo unico rappresentativo di tutti i cacciatori muniti di licenza \u00e8 finito a seguito delle sentenze della Corte cost. 26 giugno 1962 n. 69 e 15 maggio 1963 n. 71, che avevano fatto cessare l\u2019obbligo di iscrizione dei cacciatori alla Federcaccia. Sulla scorta delle pronunce della Corte, infatti, ai sensi dell\u2019art. 35 della legge 799 del 1967, \u201cle associazioni venatorie sono libere\u201d (libert\u00e0 intesa come diritto positivo di associarsi e negativo di non associarsi).<\/span><\/p>\n<div class=\"contenitoreSommarioImmagineSx\">Con l\u2019esclusione della Federcaccia dal <strong>CONI<\/strong>, cessa il carattere sportivo della Associazione e la Federcaccia assume i tratti di una associazione del tempo libero come tante altre.<\/div>\n<h2><\/h2>\n<h2><\/h2>\n<h2><span id=\"Origini_e_costituzione\" class=\"mw-headline\">Milizia Volontaria Sicurezza Nazionale MVSN<\/span><\/h2>\n<p>La\u00a0<b>Milizia forestale<\/b>\u00a0(gi\u00e0\u00a0<b>Corpo reale delle foreste<\/b>\u00a0e successivamente\u00a0<b>Guardia nazionale repubblicana della montagna e delle foreste<\/b> nella Repubblica Sociale Italiana) era una specializzazione della Milizia Volontaria per la Sicurezza Nazionale, istituita nel 1926 durante il ventennio fascista in Italia. La Federazione Fascista Cacciatori del 1931, era regolamentata dal CONI sotto la direzione della MVSN Forestale.<\/p>\n<h2><span id=\"Storia\" class=\"mw-headline\">Storia<\/span><\/h2>\n<p>Fu istituita, su iniziativa di\u00a0Italo Balbo, con il regio decreto legge 16 maggio 1926 n. 1066, allo scopo di dare allo Stato un organo vitale e disciplinato per l&#8217;attuazione delle direttive del\u00a0governo Mussolini\u00a0nel campo della politica forestale. Il decreto contestualmente sopprimeva il\u00a0Corpo reale delle foreste.<\/p>\n<p>Inizialmente il reclutamento dei militi fu effettuato traendoli dal personale di custodia del soppresso\u00a0Corpo reale delle foreste\u00a0e da quello addetto alla vigilanza sulla pesca e la custodia dei regi tratturi, inquadrato da ufficiali provenienti in parte dai ruoli tecnici forestali e in parte da ufficiali del R. Esercito e delle altre Forze Armate. Gli ufficiali furono reclutati fra i laureati in\u00a0scienze agrarie\u00a0o in\u00a0ingegneria\u00a0che avessero frequentato un corso speciale d&#8217;istruzione forestale e militare, i sottufficiali e i militi fra coloro che avessero rispettivamente frequentato con buon esito le scuole allievi sottufficiali e allievi militi. Nel\u00a01930\u00a0la Milizia contava 337 ufficiali e 3\u00a0441 sottufficiali e\u00a0camicie nere\u00a0e nel decennio successivo sarebbero arrivati ad oltre 20\u00a0000.<\/p>\n<p>Il comando venne affidato inizialmente al\u00a0generale\u00a0del\u00a0Regio Esercito\u00a0Giuseppe Boriani\u00a0e dal 1928 al\u00a0luogotenente generale\u00a0Augusto Agostini.<\/p>\n<p>Venne riordinata successivamente con i RR. DD. LL. 27 giugno\u00a01935\u00a0n. 1433, 7 maggio\u00a01936\u00a0n. 882 e 23 novembre\u00a01937\u00a0n. 2359. Dipendeva disciplinarmente dal Comando generale della\u00a0Milizia Volontaria per la Sicurezza Nazionale, tecnicamente ed amministrativamente dal\u00a0Ministero dell&#8217;Economia Nazionale\u00a0e dal\u00a01929\u00a0dalla\u00a0Ministero dell&#8217;agricoltura e delle foreste.<\/p>\n<div class=\"thumb tright\">\n<div class=\"thumbinner\">\n<p><img loading=\"lazy\" decoding=\"async\" class=\"thumbimage\" src=\"https:\/\/upload.wikimedia.org\/wikipedia\/it\/thumb\/e\/e3\/Medaglia_milizia_forestale.jpg\/220px-Medaglia_milizia_forestale.jpg\" srcset=\"\/\/upload.wikimedia.org\/wikipedia\/it\/thumb\/e\/e3\/Medaglia_milizia_forestale.jpg\/330px-Medaglia_milizia_forestale.jpg 1.5x, \/\/upload.wikimedia.org\/wikipedia\/it\/thumb\/e\/e3\/Medaglia_milizia_forestale.jpg\/440px-Medaglia_milizia_forestale.jpg 2x\" alt=\"\" width=\"220\" height=\"290\" data-file-width=\"445\" data-file-height=\"586\" \/><\/p>\n<div class=\"thumbcaption\">\n<div class=\"magnify\"><\/div>\n<p>Mussolini\u00a0decora il gagliardetto della Milizia nazionale forestale con la\u00a0medaglia d&#8217;argento al valor militare\u00a0per le operazioni in Africa Orientale.\u00a0Altare della Patria,\u00a0Roma\u00a01\u00ba febbraio\u00a01937.<\/p>\n<\/div>\n<div><\/div>\n<\/div>\n<\/div>\n<h3><\/h3>\n<h3><span id=\"Ascari_forestali\" class=\"mw-headline\">Ascari forestali<\/span><\/h3>\n<p>La 11\u00aa Legione della Milizia nazionale forestale venne costituita in\u00a0Africa Orientale Italiana\u00a0ed organizzata su cinque nuclei. Il comando era ad\u00a0Addis Abeba, dove aveva sede anche la scuola per le reclute locali. Infatti, mentre gli ufficiali erano nazionali, la truppa era in larga maggioranza formata da\u00a0ascari forestali. L&#8217;uniforme era caratterizzata dal fregio della Milizia sul\u00a0tarbush\u00a0e da\u00a0fiocco e fascia verdi.<\/p>\n<p>Agostini fu alla testa della\u00a0Coorte milizia forestale AOI, che l&#8217;8 ottobre\u00a01935\u00a0si imbarc\u00f2 per la\u00a0guerra d&#8217;Etiopia. Sbarcato in\u00a0Somalia italiana, la coorte venne aggregata alla\u00a0Colonna celere &#8220;Agostini&#8221; e si distinse particolarmente nella\u00a0seconda battaglia dell&#8217;Ogaden.<\/p>\n<h3><\/h3>\n<h3><span id=\"Milizia_fascista_forestale_albanese\" class=\"mw-headline\">Milizia fascista forestale albanese<\/span><\/h3>\n<p>Dopo l&#8217;attribuzione della corona del\u00a0Regno d&#8217;Albania\u00a0a\u00a0Vittorio Emanuele III\u00a0il 16 aprile\u00a01939, le forze armate e di polizia albanesi vennero fuse con quelle italiane. Con l&#8217;istituzione il 2 giugno 1939 del\u00a0Partito Fascista Albanese, subordinato a\u00a0Benito Mussolini\u00a0ed al\u00a0Partito Nazionale Fascista\u00a0italiano, ai sensi del decreto luogotenenziale 14 agosto 1939 n. 91 fu istituita la Milizia fascista albanese (MFA), inquadrata nella Milizia Volontaria per la Sicurezza Nazionale italiana e posta anch&#8217;essa sotto il comando del capo del Governo italiano.<\/p>\n<p>Contestualmente venne istituita la\u00a0Milizia fascista forestale, indipendente dalla\u00a0Milizia fascista albanese\u00a0ed inquadrata nella Milizia forestale. Essa era investita degli stessi compiti della corrispondente italiana. La forza ammontava ad una legione, la 12\u00aa Legione della Milizia nazionale forestale (MNF) inserita nell&#8217;organico della Milizia forestale nazionale.<\/p>\n<h3><\/h3>\n<h3><span id=\"Seconda_guerra_mondiale_e_dopoguerra\" class=\"mw-headline\">Seconda guerra mondiale e dopoguerra<\/span><\/h3>\n<p>Durante la\u00a0seconda guerra mondiale\u00a0questa legione venne aggregata alla\u00a09\u00aa Armata\u00a0del\u00a0Regio Esercito\u00a0ed impiegata in\u00a0Jugoslavia ed in\u00a0Grecia per attivit\u00e0 anti-partigiana. Venne impiegata sia in compiti di presidio che in attivit\u00e0 operativa, soprattutto nei\u00a0Balcani. Nel 1941 lo storico comandante Agostini viene sostituito da\u00a0Lorenzo Chierici, fino all&#8217;aprile 1943, quando questi divenne Capo della Polizia italiana.<\/p>\n<p>Dopo l&#8217;armistizio di Cassibile\u00a0dell&#8217;8 settembre\u00a01943, i reparti attivi nel territorio della\u00a0Repubblica Sociale Italiana\u00a0passarono sotto il comando della\u00a0Guardia Nazionale Repubblicana. Con decreto legislativo del Duce 11 dicembre\u00a01944\u00a0n. 908 della\u00a0Repubblica Sociale Italiana\u00a0la Milizia venne ribattezzata\u00a0<b>Guardia nazionale repubblicana della montagna e delle foreste<\/b>, organizzata su un comando superiore, una scuola allievi, un battaglione operativo, 7 legioni ed una coorte e 4 centurie autonome.<\/p>\n<p>Chiusasi la parentesi fascista, il Comando alleato eman\u00f2 un decreto di ricostituzione della Milizia forestale (23 maggio 1945). Il 12 marzo\u00a01948\u00a0venne costituito il\u00a0Corpo forestale dello Stato.<\/p>\n<h2><\/h2>\n<h2><span id=\"Organizzazione\" class=\"mw-headline\">Organizzazione<\/span><\/h2>\n<p>La Milizia forestale era costituita da un comando gruppo Legioni dal quale dipendevano direttamente i comandi delle Legioni, da una coorte autonoma con sede a\u00a0Cagliari, da un deposito e da due scuole (sottufficiali e militi).<\/p>\n<p>Legione,\u00a0coorte,\u00a0centuria,\u00a0manipolo\u00a0e distaccamento costituiscono in ordine gerarchico, i reparti della Milizia nazionale forestale e dal comando di ciascuna Legione, coorte, centuria, manipolo, e squadra, dipendono due o pi\u00f9 comandi del grado immediatamente inferiore.<\/p>\n<p>I comandi retti da ufficiali, che andavano da legione a manipolo, avevano compiti tecnici amministrativi e disciplinari, i reparti comandati da graduati, che sono da squadra a distaccamento, prestavano prevalentemente servizio di polizia.<\/p>\n<p>Le legioni erano sette con sede: la I a\u00a0Udine, la II a\u00a0Trento, la III a\u00a0Torino, la IV a\u00a0Firenze, la V a\u00a0Roma, la VI a\u00a0Caserta\u00a0e la VII a\u00a0Reggio Calabria. Le coorti ventotto, le centurie settantasei, i manipoli duecentouno, le squadre seicentosettantaquattro e i distaccamenti duemilaquarantaquattro. Tutte le legioni sono state costituite il 1\u00ba settembre\u00a01926. A queste si aggiunsero nel 1926 la I Coorte autonoma; la II Coorte Autonoma venne costituita il 1\u00ba gennaio\u00a01927.<\/p>\n<p>Nel 1936 l&#8217;ordinamento venne modificato: le legioni vennero portate a nove, pi\u00f9 una legione su due coorti in\u00a0Libia italiana, una su cinque nuclei in\u00a0Africa Orientale Italiana\u00a0ed una nel\u00a0Regno albanese.<\/p>\n<h2><\/h2>\n<h2><span id=\"Compiti\" class=\"mw-headline\">Compiti<\/span><\/h2>\n<p>I compiti specifici della Milizia consistettero nel disimpegno delle seguenti funzioni:<\/p>\n<ul>\n<li>difesa ed incremento del patrimonio boschivo nazionale.<\/li>\n<li>assestamento forestale, ovvero gestione razionale dei beni silvo-pastorali dei\u00a0comuni\u00a0e degli altri enti fra i quali l&#8217;ente autonomo\u00a0Azienda foreste demaniali.<\/li>\n<li>vivaismo forestale.<\/li>\n<li>sistemazioni idraulico-forestali, consolidamento delle dune ed in generale opere di difesa contro il dissesto idrogeologico<\/li>\n<li>maggior progresso dell&#8217;economia montana in generale, sorveglianza della caccia, della pesca, custodia dei regi\u00a0tratturi\u00a0e delle regie\u00a0trazzere.<\/li>\n<li>concorso nella tutela dell&#8217;ordine pubblico, sempre per\u00f2 nell&#8217;ambito forestale.<\/li>\n<\/ul>\n<p>A queste funzioni tecniche si affiancavano i compiti generici di tutte le milizie in tempo di pace:<\/p>\n<ul>\n<li>servizio ausiliario di pubblica sicurezza.<\/li>\n<li>polizia militare.<\/li>\n<li>assistenza e soccorso in caso di calamit\u00e0.<\/li>\n<\/ul>\n<p>In tempo di guerra, nel caso di mobilitazione la Milizia avrebbe assurto ai compiti di:<\/p>\n<ul>\n<li>polizia militare e guardia di frontiera.<\/li>\n<li>concorso alla protezione e vigilanza delle linee ferroviarie, telegrafiche e telefoniche.<\/li>\n<\/ul>\n<h2><\/h2>\n<h2><span id=\"Uniforme_ed_equipaggiamento\" class=\"mw-headline\">Uniforme ed equipaggiamento<\/span><\/h2>\n<p>Il personale nazionale della Milizia forestale vestiva l&#8217;uniforme grigioverde della MVSN, con gambali in cuoio naturale e bandoliera. Si distingueva per il\u00a0cappello alpino\u00a0con la sola\u00a0nappina\u00a0senza penna (la cosiddetta &#8220;vedova&#8221;) con fascia e bordi neri e per le filettature verdi delle\u00a0fiamme\u00a0nere, dei fregi e delle controspalline. Come per tutta la MVSN, i fascetti littori sostituivano sulle fiamme le\u00a0stellette\u00a0delle Regie Forze Armate.<\/p>\n<p>Il\u00a0fregio\u00a0era rappresentato da un&#8217;aquila ad ali spiegate su due asce incrociate ed un fascio littorio.<\/p>\n<p>Il labaro era rappresentato nel 1927 dalla scritta MILIZIA NAZIONALE FORESTALE (aquila coronata con due asce incrociate su fascio littorio), di colore verde, il retro anch&#8217;esso di colore verde non riportava nessuna scritta; ebbe breve durata perch\u00e9 venne poi sostituito con un nuovo modello con il retro tricolore, mentre l&#8217;aquila della Milizia sostituiva l&#8217;aquila coronata regia, nella parte inferiore sotto l&#8217;aquila era ricamato il numero ed il nome della legione d&#8217;appartenenza.<\/p>\n<p>Gli ufficiali erano armati di pistola o rivoltella. Gli\u00a0aiutanti\u00a0(marescialli) erano armati di pistola a rotazione modello\u00a0Bodeo Mod. 1889\u00a0e di pistole semiautomatiche Beretta Mod. 23. Gli altri\u00a0sottufficiali e le CC.NN.\u00a0erano armati di\u00a0moschetto\u00a0Carcano Mod. 91 per cavalleria\u00a0e di fucili semiautomatici Beretta Mod. Mab 18\/30 cal. 9 mm, appositamente adottati per la Milizia forestale ed erano riconoscibili da un&#8217;aquila con fascio littorio sulla canna, di pistola a rotazione sempre Mod. 1889 e delle pistole Beretta Mod 23.<\/p>\n<h2><span id=\"Comandanti\" class=\"mw-headline\">Comandanti<\/span><\/h2>\n<ul>\n<li>Generale\u00a0Giuseppe Boriani\u00a0(30 giugno 1926 &#8211; 31 gennaio 1928)<\/li>\n<li>Luogotenente generale\u00a0Augusto Agostini\u00a0(31 gennaio 1928 &#8211; 5 dicembre 1941)<\/li>\n<li>Prefetto\u00a0Lorenzo Chierici\u00a0(5 dicembre 1941 &#8211; aprile 1943)<\/li>\n<\/ul>\n<p>&nbsp;<\/p>\n<p>Fonti <a href=\"http:\/\/www.bighunter.it\/tabid\/197\/mid\/707\/newsid707\/6858\/dnnprintmode\/true\/Default.aspx?SkinSrc=%5BG%5DSkins%2F_default%2FNo+Skin&amp;ContainerSrc=%5BG%5DContainers%2F_default%2FNo+Container\">Wikipedia<\/a> , <a href=\"http:\/\/www.federcaccia.org\/\">Federcaccia<\/a> , <a href=\"https:\/\/it.wikipedia.org\/wiki\/Milizia_forestale\">MVSN FORESTALE<\/a><\/p>\n<p>11.20<\/p>\n","protected":false},"excerpt":{"rendered":"<p style=\"text-align: center;\">Tabella in latta litografata del 1931, della <strong>FEDERAZIONE FASCISTA CACCIATORI<\/strong> per indicare la <strong>RISERVA DI CACCIA DELLA SEZIONE ASSOCIAZIONE PROVINCIALE<\/strong><\/p>\n<p style=\"text-align: center;\">In condizioni splendide, nuova, stampata in rilievo e litografata dalla <strong>METALGRAF<\/strong> di Milano, famosa agli inizi del &#8216;900 per le sue produzioni in lamiera, dai giocattoli a carica a molla, alle scatole di latta.<\/p>\n<p style=\"text-align: center;\">Misure cm.34 x 24 , in ottime condizioni.<\/p>\n<p>&nbsp;<\/p>\n<p style=\"text-align: center;\"><strong><em>(Scorri la pagina in basso per ulteriori dettagli e informazioni)<\/em><\/strong><\/p>\n<p align=\"justify\">\n","protected":false},"featured_media":7298,"comment_status":"open","ping_status":"closed","template":"","meta":[],"product_cat":[586],"product_tag":[162,155,160,157,156,195],"yoast_head":"<!-- This site is optimized with the Yoast SEO plugin v21.9.1 - https:\/\/yoast.com\/wordpress\/plugins\/seo\/ -->\n<title>Fez console generale fascista,console comandante mvsn - Thefinitive<\/title>\n<meta name=\"description\" content=\"Tabella Latta della FEDERAZIONE FASCISTA DEI CACCIATORI 1931 - Riserva di Caccia - Ministero Agricoltura e Foreste - Forestale PNF\" \/>\n<meta name=\"robots\" content=\"index, follow, max-snippet:-1, max-image-preview:large, max-video-preview:-1\" \/>\n<link rel=\"canonical\" href=\"https:\/\/thefinitive.com\/en\/prodotto\/federazione-fascista-cacciatori-1931-tabella-latta\/\" \/>\n<meta property=\"og:locale\" content=\"en_US\" \/>\n<meta property=\"og:type\" content=\"article\" \/>\n<meta property=\"og:title\" content=\"Fez console generale fascista,console comandante mvsn - Thefinitive\" \/>\n<meta property=\"og:description\" content=\"Tabella Latta della FEDERAZIONE FASCISTA DEI CACCIATORI 1931 - Riserva di Caccia - Ministero Agricoltura e Foreste - Forestale PNF\" \/>\n<meta property=\"og:url\" content=\"https:\/\/thefinitive.com\/en\/prodotto\/federazione-fascista-cacciatori-1931-tabella-latta\/\" \/>\n<meta property=\"og:site_name\" content=\"Thefinitive\" \/>\n<meta property=\"article:publisher\" content=\"https:\/\/business.facebook.com\/Thefinitive-111771813534320\/\" \/>\n<meta property=\"article:modified_time\" content=\"2024-08-11T15:45:04+00:00\" \/>\n<meta property=\"og:image\" content=\"https:\/\/thefinitive.com\/wp-content\/uploads\/2020\/11\/caccia1.jpg\" \/>\n\t<meta property=\"og:image:width\" content=\"2160\" \/>\n\t<meta property=\"og:image:height\" content=\"2160\" \/>\n\t<meta property=\"og:image:type\" content=\"image\/jpeg\" \/>\n<meta name=\"twitter:card\" content=\"summary_large_image\" \/>\n<meta name=\"twitter:label1\" content=\"Est. reading time\" \/>\n\t<meta name=\"twitter:data1\" content=\"11 minutes\" \/>\n<script type=\"application\/ld+json\" class=\"yoast-schema-graph\">{\"@context\":\"https:\/\/schema.org\",\"@graph\":[{\"@type\":\"WebPage\",\"@id\":\"https:\/\/thefinitive.com\/en\/prodotto\/federazione-fascista-cacciatori-1931-tabella-latta\/\",\"url\":\"https:\/\/thefinitive.com\/en\/prodotto\/federazione-fascista-cacciatori-1931-tabella-latta\/\",\"name\":\"Fez console generale fascista,console comandante mvsn - Thefinitive\",\"isPartOf\":{\"@id\":\"https:\/\/thefinitive.com\/en\/#website\"},\"datePublished\":\"2020-11-26T18:52:06+00:00\",\"dateModified\":\"2024-08-11T15:45:04+00:00\",\"description\":\"Tabella Latta della FEDERAZIONE FASCISTA DEI CACCIATORI 1931 - Riserva di Caccia - Ministero Agricoltura e Foreste - Forestale PNF\",\"breadcrumb\":{\"@id\":\"https:\/\/thefinitive.com\/en\/prodotto\/federazione-fascista-cacciatori-1931-tabella-latta\/#breadcrumb\"},\"inLanguage\":\"en-US\",\"potentialAction\":[{\"@type\":\"ReadAction\",\"target\":[\"https:\/\/thefinitive.com\/en\/prodotto\/federazione-fascista-cacciatori-1931-tabella-latta\/\"]}]},{\"@type\":\"BreadcrumbList\",\"@id\":\"https:\/\/thefinitive.com\/en\/prodotto\/federazione-fascista-cacciatori-1931-tabella-latta\/#breadcrumb\",\"itemListElement\":[{\"@type\":\"ListItem\",\"position\":1,\"name\":\"Home\",\"item\":\"https:\/\/thefinitive.com\/en\/\"},{\"@type\":\"ListItem\",\"position\":2,\"name\":\"Shop\",\"item\":\"https:\/\/thefinitive.com\/en\/shop-2\/\"},{\"@type\":\"ListItem\",\"position\":3,\"name\":\"Federazione Fascista Cacciatori 1931 tabella latta\"}]},{\"@type\":\"WebSite\",\"@id\":\"https:\/\/thefinitive.com\/en\/#website\",\"url\":\"https:\/\/thefinitive.com\/en\/\",\"name\":\"Thefinitive\",\"description\":\"Antiquariato Online\",\"publisher\":{\"@id\":\"https:\/\/thefinitive.com\/en\/#organization\"},\"potentialAction\":[{\"@type\":\"SearchAction\",\"target\":{\"@type\":\"EntryPoint\",\"urlTemplate\":\"https:\/\/thefinitive.com\/en\/?s={search_term_string}\"},\"query-input\":\"required name=search_term_string\"}],\"inLanguage\":\"en-US\"},{\"@type\":\"Organization\",\"@id\":\"https:\/\/thefinitive.com\/en\/#organization\",\"name\":\"Thefinitive\",\"url\":\"https:\/\/thefinitive.com\/en\/\",\"logo\":{\"@type\":\"ImageObject\",\"inLanguage\":\"en-US\",\"@id\":\"https:\/\/thefinitive.com\/en\/#\/schema\/logo\/image\/\",\"url\":\"https:\/\/thefinitive.com\/wp-content\/uploads\/2019\/07\/logo4vett.svg\",\"contentUrl\":\"https:\/\/thefinitive.com\/wp-content\/uploads\/2019\/07\/logo4vett.svg\",\"width\":500,\"height\":100,\"caption\":\"Thefinitive\"},\"image\":{\"@id\":\"https:\/\/thefinitive.com\/en\/#\/schema\/logo\/image\/\"},\"sameAs\":[\"https:\/\/business.facebook.com\/Thefinitive-111771813534320\/\",\"https:\/\/www.instagram.com\/_thefinitive_\/\"]}]}<\/script>\n<!-- \/ Yoast SEO plugin. -->","yoast_head_json":{"title":"Fez console generale fascista,console comandante mvsn - Thefinitive","description":"Tabella Latta della FEDERAZIONE FASCISTA DEI CACCIATORI 1931 - Riserva di Caccia - Ministero Agricoltura e Foreste - Forestale PNF","robots":{"index":"index","follow":"follow","max-snippet":"max-snippet:-1","max-image-preview":"max-image-preview:large","max-video-preview":"max-video-preview:-1"},"canonical":"https:\/\/thefinitive.com\/en\/prodotto\/federazione-fascista-cacciatori-1931-tabella-latta\/","og_locale":"en_US","og_type":"article","og_title":"Fez console generale fascista,console comandante mvsn - Thefinitive","og_description":"Tabella Latta della FEDERAZIONE FASCISTA DEI CACCIATORI 1931 - Riserva di Caccia - Ministero Agricoltura e Foreste - Forestale PNF","og_url":"https:\/\/thefinitive.com\/en\/prodotto\/federazione-fascista-cacciatori-1931-tabella-latta\/","og_site_name":"Thefinitive","article_publisher":"https:\/\/business.facebook.com\/Thefinitive-111771813534320\/","article_modified_time":"2024-08-11T15:45:04+00:00","og_image":[{"width":2160,"height":2160,"url":"https:\/\/thefinitive.com\/wp-content\/uploads\/2020\/11\/caccia1.jpg","type":"image\/jpeg"}],"twitter_card":"summary_large_image","twitter_misc":{"Est. reading time":"11 minutes"},"schema":{"@context":"https:\/\/schema.org","@graph":[{"@type":"WebPage","@id":"https:\/\/thefinitive.com\/en\/prodotto\/federazione-fascista-cacciatori-1931-tabella-latta\/","url":"https:\/\/thefinitive.com\/en\/prodotto\/federazione-fascista-cacciatori-1931-tabella-latta\/","name":"Fez console generale fascista,console comandante mvsn - Thefinitive","isPartOf":{"@id":"https:\/\/thefinitive.com\/en\/#website"},"datePublished":"2020-11-26T18:52:06+00:00","dateModified":"2024-08-11T15:45:04+00:00","description":"Tabella Latta della FEDERAZIONE FASCISTA DEI CACCIATORI 1931 - Riserva di Caccia - Ministero Agricoltura e Foreste - Forestale PNF","breadcrumb":{"@id":"https:\/\/thefinitive.com\/en\/prodotto\/federazione-fascista-cacciatori-1931-tabella-latta\/#breadcrumb"},"inLanguage":"en-US","potentialAction":[{"@type":"ReadAction","target":["https:\/\/thefinitive.com\/en\/prodotto\/federazione-fascista-cacciatori-1931-tabella-latta\/"]}]},{"@type":"BreadcrumbList","@id":"https:\/\/thefinitive.com\/en\/prodotto\/federazione-fascista-cacciatori-1931-tabella-latta\/#breadcrumb","itemListElement":[{"@type":"ListItem","position":1,"name":"Home","item":"https:\/\/thefinitive.com\/en\/"},{"@type":"ListItem","position":2,"name":"Shop","item":"https:\/\/thefinitive.com\/en\/shop-2\/"},{"@type":"ListItem","position":3,"name":"Federazione Fascista Cacciatori 1931 tabella latta"}]},{"@type":"WebSite","@id":"https:\/\/thefinitive.com\/en\/#website","url":"https:\/\/thefinitive.com\/en\/","name":"Thefinitive","description":"Antiquariato Online","publisher":{"@id":"https:\/\/thefinitive.com\/en\/#organization"},"potentialAction":[{"@type":"SearchAction","target":{"@type":"EntryPoint","urlTemplate":"https:\/\/thefinitive.com\/en\/?s={search_term_string}"},"query-input":"required name=search_term_string"}],"inLanguage":"en-US"},{"@type":"Organization","@id":"https:\/\/thefinitive.com\/en\/#organization","name":"Thefinitive","url":"https:\/\/thefinitive.com\/en\/","logo":{"@type":"ImageObject","inLanguage":"en-US","@id":"https:\/\/thefinitive.com\/en\/#\/schema\/logo\/image\/","url":"https:\/\/thefinitive.com\/wp-content\/uploads\/2019\/07\/logo4vett.svg","contentUrl":"https:\/\/thefinitive.com\/wp-content\/uploads\/2019\/07\/logo4vett.svg","width":500,"height":100,"caption":"Thefinitive"},"image":{"@id":"https:\/\/thefinitive.com\/en\/#\/schema\/logo\/image\/"},"sameAs":["https:\/\/business.facebook.com\/Thefinitive-111771813534320\/","https:\/\/www.instagram.com\/_thefinitive_\/"]}]}},"_links":{"self":[{"href":"https:\/\/thefinitive.com\/en\/wp-json\/wp\/v3\/product\/7308"}],"collection":[{"href":"https:\/\/thefinitive.com\/en\/wp-json\/wp\/v3\/product"}],"about":[{"href":"https:\/\/thefinitive.com\/en\/wp-json\/wp\/v2\/types\/product"}],"replies":[{"embeddable":true,"href":"https:\/\/thefinitive.com\/en\/wp-json\/wp\/v2\/comments?post=7308"}],"version-history":[{"count":2,"href":"https:\/\/thefinitive.com\/en\/wp-json\/wp\/v3\/product\/7308\/revisions"}],"predecessor-version":[{"id":15429,"href":"https:\/\/thefinitive.com\/en\/wp-json\/wp\/v3\/product\/7308\/revisions\/15429"}],"wp:featuredmedia":[{"embeddable":true,"href":"https:\/\/thefinitive.com\/en\/wp-json\/wp\/v2\/media\/7298"}],"wp:attachment":[{"href":"https:\/\/thefinitive.com\/en\/wp-json\/wp\/v2\/media?parent=7308"}],"wp:term":[{"taxonomy":"product_cat","embeddable":true,"href":"https:\/\/thefinitive.com\/en\/wp-json\/wp\/v2\/product_cat?post=7308"},{"taxonomy":"product_tag","embeddable":true,"href":"https:\/\/thefinitive.com\/en\/wp-json\/wp\/v2\/product_tag?post=7308"}],"curies":[{"name":"wp","href":"https:\/\/api.w.org\/{rel}","templated":true}]}}