{"id":7282,"date":"2020-11-08T18:20:57","date_gmt":"2020-11-08T18:20:57","guid":{"rendered":"https:\/\/www.thefinitive.com\/?post_type=product&#038;p=7282"},"modified":"2023-03-20T15:38:00","modified_gmt":"2023-03-20T14:38:00","slug":"medaglia-campagna-dancona-garibaldi-ed-autografo-su-foto","status":"publish","type":"product","link":"https:\/\/thefinitive.com\/en\/prodotto\/medaglia-campagna-dancona-garibaldi-ed-autografo-su-foto\/","title":{"rendered":"\u274c\ud83d\ude41Medaglia Campagna d&#8217;Ancona Garibaldi ed autografo su foto"},"content":{"rendered":"<p>Bel lotto appartenuto al garibaldino <strong>Andrea Cefaly<\/strong> , al seguito di Garibaldi durante le campagne del <strong>1860<\/strong>, composto dal medagliere con la medaglia in argento al valor militare per la <strong>Campagna d&#8217;Ancona<\/strong>, la medaglia per le <em><strong>Guerre per l&#8217;Indipendenza e l&#8217;unit\u00e0 d&#8217;Italia<\/strong><\/em> con le barrette <strong>1849<\/strong> e <strong>1859<\/strong>, la medaglia per l&#8217; <strong><em>Unit\u00e0 d&#8217;Italia 1848 1870<\/em><\/strong><em>\u00a0<\/em>, la medaglia per i cooperatori del 1884, ed il distintivo dei <strong>Veterani<\/strong> delle campagne <strong>1848 &#8211; 1849\u00a0<\/strong>. Insieme al suddetto medagliere, abbiamo una bellissima fotografia formato CDV (Carte de Visite) di <strong>Garibaldi<\/strong> con <strong>autografo originale<\/strong>, olografico, ad inchiostro nero (seppia) in calce al ritratto. Al retro della foto, una dedica che recita\u00a0 &#8220;<em><strong>All&#8217;amico Andrea Cefali in pegno d&#8217;amicizia l&#8217;amico Calcinardi Faustino da Brescia<\/strong><\/em>&#8221; . La foto \u00e8 stampata da F.lli <em>BERNIERI<\/em> &#8211; <em>Torino<\/em>. Il medagliere \u00e8 montato d&#8217;epoca in un quadruccio completo di cornice, su un supporto ligneo di forma ottagonale, rivestito di velluto blu con le parole &#8220;<strong> RE\u00a0 ME &#8221;\u00a0 <\/strong>ricamate in corsivo, con filo di canutiglia argentata, secondo i dettami dei motti dell&#8217;epoca dove si accomunava la figura del RE a quella personale, per significare l&#8217;Italia, l&#8217;unit\u00e0 che gli italiani volevano e che il RE personificava, appunto <strong>RE = ME<\/strong><\/p>\n<p>L&#8217;insieme \u00e8 assolutamente coevo, ed appartenuto al garibaldino <strong>Andrea Cefaly <\/strong>, che come risulta dagli annali e dai documenti d&#8217;archivio, prese parte ai moti liberali del<strong> &#8217;48-&#8217;49<\/strong> diventando capitano della <strong>Guardia Nazionale<\/strong>, e partecip\u00f2 alle campagne garibaldine del &#8216;<strong>60<\/strong> ad <em><strong>Ancona<\/strong> <\/em>e quindi fino al <em><strong>Volturno<\/strong><\/em>, meritandosi la medaglia d&#8217;argento al valor militare ( <strong>MAVM<\/strong> ) appunto per la <strong>CAMPAGNA D&#8217;ANCONA<\/strong>. La foto gli fu regalata dal suo amico <strong>Calcinardi Faustino<\/strong> di Brescia, anch&#8217;egli volontario garibaldino, che combatt\u00e8 nella <strong>battaglia di Bezzecca<\/strong> del <strong>1866<\/strong>, durante la Terza Guerra d&#8217;Indipendenza italiana.<\/p>\n<p>Questo bell&#8217;insieme di foto autografa di Garibaldi, del medagliere con la medaglia per la Campagna d&#8217;Ancona, \u00e8 in ottimo stato, considerati gli anni che porta sulle spalle ! Le medaglie sono in perfetto stato, complete dei nastrini, il distintivo \u00e8 in ottimo stato, e la foto nel suo insieme assolutamente in condizioni eccellenti, con una firma ed una dedica ancora ben leggibili e non sbiaditi dal tempo.<\/p>\n<p>Di seguito analizziamo la particolarit\u00e0 di questa Medaglia d&#8217;Argento per la Campagna d&#8217;Ancona di Garibaldi, in vendita.<\/p>\n<p>La medaglia della Campagna d&#8217;Ancona , delle truppe di Vittorio Emanuele II e di Garibaldi, viene appositamente coniata dalla Zecca nel <strong>1860<\/strong>, con la descrizione <em>CAMPAGNA D&#8217;ANCONA &#8211; 1860<\/em> in rilievo al verso, e con la sigla <strong>F.G. <\/strong>al recto. La medaglia qui proposta in questo medagliere, \u00e8 invece il modello di medaglia coniata dalla <strong>Zecca<\/strong> , con sigla <strong>F.G <\/strong>, del <strong>1859<\/strong>. La curiosit\u00e0 che la rende particolare, per non dire <em>unica<\/em>, \u00e8 che si intravedono le parole <strong>CAMPAGNA D&#8217;A&#8230;.<\/strong>\u00a0 che farebbero parte della dicitura completa <strong>CAMPAGNA D&#8217;ANCONA 1860<\/strong> , ma che sono in realt\u00e0 state accennate da un conio che anticipava l&#8217;uscita ufficiale della medaglia del 1860. Evidentemente si fece un tentativo di usare medaglie <em><strong>mute<\/strong> <\/em>gi\u00e0 coniate F.G nel 1859, e di <em><strong>incidere<\/strong> <\/em>su questi modelli usando la matrice che in realt\u00e0 doveva imprimere al rilievo sule medaglie di modello ufficiale 1860. Tuttavia questo esperimento non fu completato, come evidente dalla incisione effimera che leggiamo sulla nostra medaglia, ma la curiosit\u00e0 e la particolarit\u00e0 di questo esemplare potrebbe essere una piccola chicca per il collezionista pi\u00f9 attento.<\/p>\n<p><a href=\"https:\/\/www.thefinitive.com\/mavmancona\/\" rel=\"attachment wp-att-5762\"><img loading=\"lazy\" decoding=\"async\" class=\"alignnone wp-image-5762\" src=\"https:\/\/www.thefinitive.com\/wp-content\/uploads\/2020\/04\/MAVMAncona.jpg\" alt=\"\" width=\"310\" height=\"326\" srcset=\"https:\/\/thefinitive.com\/wp-content\/uploads\/2020\/04\/MAVMAncona.jpg 380w, https:\/\/thefinitive.com\/wp-content\/uploads\/2020\/04\/MAVMAncona-64x67.jpg 64w, https:\/\/thefinitive.com\/wp-content\/uploads\/2020\/04\/MAVMAncona-285x300.jpg 285w\" sizes=\"(max-width: 310px) 100vw, 310px\" \/><\/a> <a href=\"https:\/\/www.thefinitive.com\/\" rel=\"attachment wp-att-5728\"><img loading=\"lazy\" decoding=\"async\" class=\"alignnone wp-image-5728\" src=\"https:\/\/www.thefinitive.com\/wp-content\/uploads\/2020\/04\/medgarib9-2.jpg\" alt=\"Medaglia Campagna d'Ancona Garibaldi\" width=\"326\" height=\"326\" \/><\/a><\/p>\n<p>Medaglia Campagna d&#8217;Ancona Garibaldi &#8211;\u00a0MAVM del <strong>60<\/strong> a confronto con la <strong>mod.59<\/strong> &#8220;muta&#8221;<\/p>\n<p>&nbsp;<\/p>\n<p><strong>MATERIALE\u00a0 \u00a0 \u00a0:\u00a0<\/strong> Medaglie argento, bronzo, foto cartacea<\/p>\n<p><strong>MISURE\u00a0 \u00a0 \u00a0 \u00a0 \u00a0 \u00a0 \u00a0:<\/strong>\u00a0 &#8211;<\/p>\n<p><strong>MARCHIO\u00a0 \u00a0 \u00a0 \u00a0 \u00a0:<\/strong>\u00a0 vedi le foto delle medaglie<\/p>\n<p>&nbsp;<\/p>\n<h2 style=\"text-align: left;\">NOTIZIE<\/h2>\n<h2>Assedio di Ancona<\/h2>\n<p>L&#8217;<b>assedio di Ancona<\/b>\u00a0fu un episodio militare legato alla\u00a0<a title=\"Campagna piemontese in Italia centrale\" href=\"https:\/\/it.wikipedia.org\/wiki\/Campagna_piemontese_in_Italia_centrale\">Campagna piemontese in Italia centrale<\/a>\u00a0che ebbe luogo tra il 24 e il 29 settembre 1860. Centro nevralgico per la difesa dello\u00a0<a title=\"Stato Pontificio\" href=\"https:\/\/it.wikipedia.org\/wiki\/Stato_Pontificio\">Stato pontificio<\/a>,\u00a0<a title=\"Ancona\" href=\"https:\/\/it.wikipedia.org\/wiki\/Ancona\">Ancona<\/a>\u00a0costitu\u00ec il luogo dell&#8217;ultima difesa delle truppe del\u00a0<a title=\"Christophe Louis L\u00e9on Juchault de Lamorici\u00e8re\" href=\"https:\/\/it.wikipedia.org\/wiki\/Christophe_Louis_L%C3%A9on_Juchault_de_Lamorici%C3%A8re\">generale de Lamorici\u00e8re<\/a>\u00a0sconfitte nella\u00a0<a title=\"Battaglia di Castelfidardo\" href=\"https:\/\/it.wikipedia.org\/wiki\/Battaglia_di_Castelfidardo\">battaglia di Castelfidardo<\/a>.<\/p>\n<p><sup id=\"cite_ref-1\" class=\"reference\"><\/sup>Bloccata via mare dalla\u00a0flotta piemontese\u00a0comandata dall&#8217;ammiraglio Persano\u00a0sin dal 20 settembre, la citt\u00e0 (e in particolar modo la\u00a0Cittadella\u00a0e le altre strutture militari) fu sin dai primi giorni obiettivo dell&#8217;artiglieria sabauda; contemporaneamente veniva avviato l&#8217;accerchiamento da parte delle truppe di terra.<br \/>\nIl 24 settembre Ancona era completamente circondata dalle armate del\u00a0generale Fanti. Dopo alcuni giorni di scaramucce, il 28 settembre le truppe piemontesi attaccano via terra e via mare, sottoponendo la fortezza del porto a un pesante bombardamento. L&#8217;assedio si conclude il 29 settembre con la firma della\u00a0resa senza condizioni\u00a0da parte della guarnigione.<\/p>\n<h3><span id=\"L\u2019arrivo_del_generale_De_Lamorici\u00e8re_ad_Ancona\" class=\"mw-headline\">L\u2019arrivo del generale De Lamorici\u00e8re ad Ancona<\/span><\/h3>\n<p>Dopo la sconfitta nella Battaglia di Castelfidardo\u00a0il generale\u00a0De Lamorici\u00e8re\u00a0si diresse verso la costa con circa 50 cavalleggeri assieme ad alcune centinaia di pontifici di lingua tedesca, che per\u00f2 vennero bloccati dai soldati piemontesi, i quali si affrettarono attraverso la localit\u00e0 il Concio, a tagliare loro la strada a Umana, nome allora utilizzato per indicare la citt\u00e0 di\u00a0Numana.<br \/>\nIl De La Morici\u00e8re riusc\u00ec comunque arrivare ad Ancona dalla cosiddetta \u201cpiana degli orti\u201d, attuale Viale della Vittoria verso le 5 e le 6 di sera, si ritiene che i circa 50 cavalleggeri del generale francese abbiano salito i sentieri del\u00a0Monte Conero\u00a0fino al convento dei Camaldolesi e dopo una breve sosta prosegu\u00ec per\u00a0Ancona\u00a0sfruttando i sentieri costieri meno battuti, mentre secondo alcune fonti avrebbero utilizzato anche il passaggio protetto offerto dalle Grotte Romane, oggi non pi\u00f9 interamente percorribile a causa di cedimenti.<br \/>\nAl suo arrivo ad Ancona gli entusiasmi subito si placarono alla notizia della sconfitta sul campo tra\u00a0Loreto\u00a0e\u00a0Castelfidardo.<\/p>\n<h3><span id=\"I_combattimenti_durante_l.E2.80.99assedio\"><\/span><span id=\"I_combattimenti_durante_l\u2019assedio\" class=\"mw-headline\">I combattimenti durante l\u2019assedio<\/span><\/h3>\n<p>Il sedici settembre una nave si affacciava all\u2019imboccatura del porto, si trattava della pirofregata piemontese\u00a0Costituzione, in ricognizione con l\u2019intento di fare rilevazioni sulla presenza di navi nel porto di Ancona, mentre iI 18 settembre iniziava con uno scambio di artiglierie tra i forti pontifici e le navi del Persano, lo stesso giorno lo sconfitto generale De La Morici\u00e8re entrava ad Ancona verso le 17,45.\u00a0 Il giorno 24 settembre le forze piemontesi prendono possesso della Lunetta Scrima, il 26 e 27 settembre, dopo alcuni scontri vengono occupate le importanti alture di Monte Pulito e del Monte Pelago, qui nei pressi di Pietralacroce , vicino a\u00a0Forte Altavilla, tra i cipressi si trova un piccolo monumento dedicato ad alcuni soldati piemontesi caduti in quella circostanza.<br \/>\nLe forze piemontesi avanzano verso Borgo Pio, oggi zona Archi, da questa posizione cannoneggiano\u00a0Porta Pia (Ancona), nel tentativo di sfondare il pesante portone, il XVI\u00b0 Battaglione bersaglieri, a mezzo di barconi, con un colpo di mano prendeva possesso del\u00a0Lazzaretto, che essendo caduto in mano piemontese veniva cannoneggiato da tutte le altre postazioni pontificie, in quanto occupato dal nemico.<br \/>\nDa parte di mare le navi dell\u2019ammiraglio\u00a0Persano\u00a0cannoneggiavano particolarmente il Forte della Lanterna, tentando con barche di incursori di spezzare la catena di sbarramento tesa all\u2019imboccatura del porto.<br \/>\nIl 28 settembre le forze piemontesi, dopo un bombardamento di mezzora, lanciavano un forte attacco contro Porta Farina e Porta Calamo, l\u2019attacco veniva per\u00f2 respinto. L\u2019episodio decisivo \u00e8 determinato dal bombardamento navale, che provocava lo scoppio della polveriera del Forte della Lanterna, causando la morte di circa 125 artiglieri asburgici, mentre Il loro comandante Westminsthal sarebbe caduto in precedenza.<br \/>\nCon la perdita dei forti di mare del Lazzaretto e della Lanterna, la citt\u00e0 poteva essere occupata e anche se i forti di terra potevano ancora resistere, il generale De Lamorici\u00e8re dava l\u2019ordine di resa perch\u00e9 aveva compreso che non sarebbero arrivati gli aiuti militari sui quali i pontifici confidavano.<br \/>\nLa resa definitiva veniva firmata il 29 settembre 1860 a\u00a0Villa Favorita.<\/p>\n<h3><span id=\"L\u2019attentato_al_De_Lamorici\u00e8re\" class=\"mw-headline\">L\u2019attentato al De Lamorici\u00e8re<\/span><\/h3>\n<p>Durante l\u2019assedio, mentre il De Lamorici\u00e8re esaminava le batterie della fortezza in vicinanza dei parapetti, gli veniva sparato contro un colpo di moschetto, che lo mancava, dell\u2019attentato veniva accusato un soldato pontificio locale, che secondo la versione originale, scritta in francese, sarebbe stato \u201cmoschettato\u201d poche ore dopo, mentre nella nota della traduzione italiana si afferma che il soldato pontificio locale accusato era poi stato scagionato per i suoi precedenti e dalla testimonianza del generale\u00a0<a title=\"Hermann Kanzler\" href=\"https:\/\/it.wikipedia.org\/wiki\/Hermann_Kanzler\">Kanzler<\/a>.<sup id=\"cite_ref-6\" class=\"reference\"><\/sup><\/p>\n<h3><span id=\"I_forti_e_le_difese_di_Ancona_nel_1860\" class=\"mw-headline\">I forti e le difese di Ancona nel 1860<\/span><\/h3>\n<p>All\u2019epoca dell\u2019assedio del 1860 Ancona era considerata una importante piazzaforte adriatica ed era difesa nella zona marittima dal Forte della Lanterna (attualmente sede della Guardia Costiera e dei Vigili del Fuoco), dalle batterie lungo le mura del porto ed alcune su pontoni, dal Forte del\u00a0Lazzaretto\u00a0e dalle batterie sul colle dei Cappuccini e Cardeto.<br \/>\nDa parte di terra la difesa era assicurata dal Forte della\u00a0Cittadella di Ancona\u00a0e dal vicino Campo Trincerato (attualmente\u00a0Parco della Cittadella), dalla\u00a0Lunetta Santo Stefano, dal\u00a0Forte Cardeto\u00a0e dal\u00a0Baluardo del Cassero\u00a0o di S. Paolo.<br \/>\nL\u2019ingresso al porto era stato sbarrato in parte con pali conficcati sul fondo ed in parte mediante una grossa catena tesa tra i capi dei due moli, a difesa c\u2019erano anche due pontoni galleggianti con due cannoni ciascuno, secondo la nota della fonte citata sarebbero state presenti anche 4 \u201cpalandre\u201d (grosse imbarcazioni a vela) ancorate ed armate ciascuna con un cannone.<br \/>\nComplessivamente la piazzaforte di Ancona poteva disporre di 129 cannoni, mortai ed altre bocche da fuoco di vario calibro, i proiettili pi\u00f9 grandi erano da 36 libbre, alle quali si aggiunsero alcune altre batterie pervenute successivamente alla battaglia di Castelfidardo e dalle altre truppe pontificie che riuscirono a raggiungere Ancona da altre localit\u00e0.<\/p>\n<h3><sup id=\"cite_ref-8\" class=\"reference\"><\/sup><span id=\"Le_lesioni_degli_eventi_bellici_ottocenteschi\" class=\"mw-headline\">Le lesioni degli eventi bellici ottocenteschi<\/span><\/h3>\n<p>In diversi forti e monumenti si possono ancora vedere alcuni segni relativi agli eventi bellici ottocenteschi, anche se non \u00e8 sempre possibile datare con esattezza l\u2019esatto periodo a cui si riferiscono, 1860, 1849 o periodo francese, si tratta di lesioni che dato il tempo trascorso assumono un carattere storico-monumentale.<\/p>\n<h3><span id=\"Le_forze_in_campo\" class=\"mw-headline\">Le forze in campo<\/span><\/h3>\n<p>La piazzaforte di Ancona era difesa da 6.000 soldati e 348 ufficiali, in base al numero di prigionieri dopo la resa, mentre secondo i dati pontifici la piazzaforte di Ancona sarebbe stata difesa da 4.100 uomini complessivamente. Il maggior numero registrato dai dati piemontesi potrebbe essere dovuto anche all&#8217;arrivo di altri distaccamenti pontifici, che avevano abbandonato postazioni non difendibili per concentrarsi in una posizione ben fortificata, dove in teoria avrebbero potuto resistere a lungo. Le forze piemontesi di terra disponevano di 16.499 soldati, oltre alle navi della marina sarda comandata dall&#8217;ammiraglio\u00a0<a title=\"Carlo Pellion di Persano\" href=\"https:\/\/it.wikipedia.org\/wiki\/Carlo_Pellion_di_Persano\">Persano <\/a><sup id=\"cite_ref-10\" class=\"reference\"><\/sup>con le navi:\u00a0Pirofregata Maria Adelaide\u00a0(nave ammiraglia),\u00a0Pirofregata Vittorio Emanuele,\u00a0Pirofregata Carlo Alberto,\u00a0Corvetta a Ruote Costituzione,\u00a0Corvetta a Ruote Governolo,\u00a0Avviso a ruote Mozambano,\u00a0fregata San Michele,\u00a0Azzardoso\u00a0e i piroscafi Tanaro e Conte di Cavour.<br \/>\nLe fregate erano dotate di cannoni alla\u00a0Paixhans\u00a0per proiettili da 80 libbre, oltre a cannoni a canna rigata che potevano lanciare proiettili cavi da 138 libbre, mentre il resto della altre navi aveva cannoni rigati per proiettili da 4 libbre.<sup id=\"cite_ref-12\" class=\"reference\"><\/sup><\/p>\n<h3><span id=\"Le_vittime_dell.E2.80.99assedio\"><\/span><span id=\"Le_vittime_dell\u2019assedio\" class=\"mw-headline\">Le vittime dell\u2019assedio<\/span><\/h3>\n<p>Secondo alcune fonti i caduti sarebbero 400 militari pontifici, 180 militari piemontesi e 4 vittime civili,<sup id=\"cite_ref-13\" class=\"reference\"><\/sup>\u00a0secondo altre fonti le vittime sarebbero maggiori, in particolare quelle piemontesi.<sup id=\"cite_ref-14\" class=\"reference\"><\/sup><\/p>\n<h3><span id=\"Vittorio_Emanuele_II_fa_il_suo_ingresso\" class=\"mw-headline\">Vittorio Emanuele II fa il suo ingresso<\/span><\/h3>\n<p>Il 3 ottobre 1860 sbarca ad Ancona dalla nave\u00a0Governolo\u00a0il re\u00a0Vittorio Emanuele II, accolto dalle salve delle batterie delle navi e di terra e dalla popolazione festante, era presente il Regio Commissario Generale Straordinario\u00a0Lorenzo Valerio, che fu Commissario generale straordinario nelle province delle Marche (settembre 1860 &#8211; gennaio 1861) autore del Regio decreto di annessione delle Marche al Regno d&#8217;Italia, 17 dicembre 1860. Lo stesso Lorenzo Valerio il 28 settembre 1860 aveva annullato le condanne emesse dai tribunali pontifici nei confronti di\u00a0Michele Fazioli, Andrea Fazioli ed altri patrioti anconetani. Iniziava per Ancona e per l\u2019Italia un nuovo capitolo di storia.<\/p>\n<p>&nbsp;<\/p>\n<p>&nbsp;<\/p>\n<h3>CEFALY Andrea<\/h3>\n<p><b>Andrea Cefaly<\/b>\u00a0(Cortale,\u00a027 agosto\u00a01827\u00a0\u2013\u00a0Cortale,\u00a04 aprile\u00a01907) \u00e8 stato un\u00a0pittore\u00a0e\u00a0politico\u00a0italiano. Nacque a\u00a0Cortale, paese in\u00a0provincia di Catanzaro, da una famiglia dell&#8217;antica aristocrazia. Il padre Domenico era un proprietario terriero, la madre Caterina Pigonati era letterata e musicista. Dopo i suoi studi catanzaresi, nel collegio degli Scolopi, si trasfer\u00ec nel\u00a01842\u00a0a\u00a0Napoli, per intraprendere la professione forense, e frequenta le lezioni del letterato\u00a0Cesare Malpica\u00a0e di\u00a0Francesco de Sanctis. Vinta la resistenza paterna, si iscrisse all&#8217;Accademia di Belle Arti, allievo di\u00a0Filippo Marsigli, e alla scuola libera di\u00a0Giuseppe Bonolis. Nel\u00a01848\u00a0prese parte ai\u00a0Moti liberali antiborbonici\u00a0e combatt\u00e9 nella\u00a0Guardia Nazionale, di cui fu capitano. Nel\u00a01855\u00a0ritorn\u00f2 a Napoli, nel tempo in cui era in corso la\u00a0rivoluzione pittorica verista. Due anni dopo apr\u00ec studio al vicoletto San Mattia, divenuto confluenza e officina di pittori e letterati.<\/p>\n<p>Nel 1860 fu con Garibaldi, che segu\u00ec fino alla battaglia del Volturno e meritando la medaglia d&#8217;argento al valore per la Campagna d&#8217;Ancona, esperienza che tradusse in diverse opere pittoriche.Ritornato a Cortale, nel 1862 fond\u00f2 una Scuola di Pittura, con presidente onorario Garibaldi. La scuola fu frequentata da molti artisti del paese, Raffaele Foderaro e Michele Mangani e di quelli viciniori, Guglielmo Tomaini da San Pietro Apostolo, Antonio Palmieri e Guglielmo De Martino da Lamezia Terme, Carmelo Davoli da Filadelfia, Antonio Migliaccio da Girifalco, Gregorio e Raffaele Cordaro da Borgia, ed ebbe termine nel 1875.<\/p>\n<p>Si interess\u00f2 attivamente di politica e fu consigliere comunale e provinciale (anni 1871-1875), deputato repubblicano al parlamento (1876-1880), nella I e III legislatura del\u00a0Regno d&#8217;Italia, quando la destra era al potere, cercando sempre di sensibilizzare gli ambienti politici intorno alle tristi condizioni della Calabria di allora.<\/p>\n<p><em><a href=\"https:\/\/www.thefinitive.com\/quadrocefalygaribaldini\/\" rel=\"attachment wp-att-5760\"><img loading=\"lazy\" decoding=\"async\" class=\"alignnone wp-image-5760\" src=\"https:\/\/www.thefinitive.com\/wp-content\/uploads\/2020\/04\/quadrocefalygaribaldini.jpg\" alt=\"\" width=\"321\" height=\"244\" srcset=\"https:\/\/thefinitive.com\/wp-content\/uploads\/2020\/04\/quadrocefalygaribaldini.jpg 500w, https:\/\/thefinitive.com\/wp-content\/uploads\/2020\/04\/quadrocefalygaribaldini-64x49.jpg 64w, https:\/\/thefinitive.com\/wp-content\/uploads\/2020\/04\/quadrocefalygaribaldini-300x228.jpg 300w\" sizes=\"(max-width: 321px) 100vw, 321px\" \/><\/a><\/em><\/p>\n<p>Opera di Andrea Cefaly , IL BIVACCO DI GARIBALDI, il dipinto rievoca il periodo garibaldino del pittore, sullo sfondo il paesaggio montuoso e brullo della Calabria.<\/p>\n<p>&nbsp;<\/p>\n<h3>CALCINARDI Faustino<\/h3>\n<p>Garibaldino di Bezzecca, come risulta dall&#8217;archivio di Stato di Torino, di cui un estratto online della sua scheda.<\/p>\n<p><em><a href=\"https:\/\/www.thefinitive.com\/calcinardigaribaldino\/\" rel=\"attachment wp-att-5761\"><img loading=\"lazy\" decoding=\"async\" class=\"alignnone wp-image-5761\" src=\"https:\/\/www.thefinitive.com\/wp-content\/uploads\/2020\/04\/Calcinardigaribaldino.png\" alt=\"\" width=\"665\" height=\"252\" srcset=\"https:\/\/thefinitive.com\/wp-content\/uploads\/2020\/04\/Calcinardigaribaldino.png 1412w, https:\/\/thefinitive.com\/wp-content\/uploads\/2020\/04\/Calcinardigaribaldino-1200x456.png 1200w, https:\/\/thefinitive.com\/wp-content\/uploads\/2020\/04\/Calcinardigaribaldino-64x24.png 64w, https:\/\/thefinitive.com\/wp-content\/uploads\/2020\/04\/Calcinardigaribaldino-300x114.png 300w, https:\/\/thefinitive.com\/wp-content\/uploads\/2020\/04\/Calcinardigaribaldino-1024x389.png 1024w, https:\/\/thefinitive.com\/wp-content\/uploads\/2020\/04\/Calcinardigaribaldino-768x292.png 768w\" sizes=\"(max-width: 665px) 100vw, 665px\" \/><\/a><\/em><\/p>\n<p>La\u00a0<b>battaglia di Bezzecca<\/b>\u00a0fu un episodio dell&#8217;invasione italiana del Trentino, durante la\u00a0terza guerra di indipendenza italiana. La battaglia fu combattuta il\u00a0<strong>21 luglio\u00a01866<\/strong>, e vinta dal\u00a0<strong>Corpo Volontari Italiani<\/strong>\u00a0di\u00a0Giuseppe Garibaldi\u00a0che fermarono il tentativo del comandante austriaco del\u00a0Tirolo\u00a0meridionale (attuali\u00a0Trentino\u00a0e\u00a0Alto Adige) e del generale\u00a0Franz Kuhn von Kuhnenfeld, al comando anch&#8217;essi di truppe volontarie provenienti dalle valli tirolesi, di ricacciarli verso il\u00a0Lago d&#8217;Idro<\/p>\n<p>&nbsp;<\/p>\n<p><em>Fonti varie Wikipedia <a href=\"https:\/\/it.wikipedia.org\/wiki\/Assedio_di_Ancona_(1860)\">Ancona<\/a> , <a href=\"http:\/\/www.culturaitalia.it\/opencms\/viewItem.jsp?language=it&amp;case=&amp;id=oai%3Aculturaitalia.it%3Amuseiditalia-work_20305\">Cefaly<\/a> , <a href=\"https:\/\/it.wikipedia.org\/wiki\/Battaglia_di_Bezzecca\">Bezzecca\u00a0<\/a> , <a href=\"https:\/\/archiviodistatotorino.beniculturali.it\/garb_detl\/?garb_id=58608\">Calcinardi<\/a><\/em><\/p>\n<p>4.20<\/p>\n","protected":false},"excerpt":{"rendered":"<p style=\"text-align: center;\">Lotto appartenuto al garibaldino <strong>Andrea Cefaly<\/strong> , al seguito di Garibaldi durante le campagne del <strong>1860<\/strong>, composto dal medagliere con la medaglia in argento al valor militare per la <strong>Campagna d&#8217;Ancona<\/strong>, la medaglia per le <em><strong>Guerre per l&#8217;Indipendenza e l&#8217;unit\u00e0 d&#8217;Italia<\/strong><\/em> con le barrette <strong>1849<\/strong> e <strong>1859<\/strong>, la medaglia per l&#8217; <strong><em>Unit\u00e0 d&#8217;Italia 1848 1870<\/em><\/strong><em>\u00a0<\/em>, la medaglia per i cooperatori del 1884, ed il distintivo dei <strong>Veterani<\/strong> delle campagne <strong>1848 &#8211; 1849\u00a0<\/strong>. Insieme ad una bellissima fotografia formato CDV\u00a0 di <strong>Garibaldi<\/strong> con <strong>autografo originale<\/strong>, e dedica al retro che recita\u00a0 &#8220;<em><strong>All&#8217;amico Andrea Cefali in pegno d&#8217;amicizia l&#8217;amico Calcinardi Faustino da Brescia<\/strong><\/em>&#8221; , testimonianza dell&#8217;amicizia fra due volontari garibaldini (documentati).<\/p>\n<p style=\"text-align: center;\">L&#8217;insieme \u00e8 assolutamente coevo, e del volontario garibaldino <strong><em>Cefaly Andrea<\/em><\/strong> trovate in vendita anche il suo <strong>keppy<\/strong> per Guardia Nazionale.<\/p>\n<p style=\"text-align: center;\"><strong><em>(Scorri la pagina in basso per ulteriori dettagli e informazioni)<\/em><\/strong><\/p>\n<p>&nbsp;<\/p>\n<p>&nbsp;<\/p>\n","protected":false},"featured_media":5748,"comment_status":"open","ping_status":"closed","template":"","meta":[],"product_cat":[586],"product_tag":[552,274,551,553,280,275,555,554],"yoast_head":"<!-- This site is optimized with the Yoast SEO plugin v21.9.1 - https:\/\/yoast.com\/wordpress\/plugins\/seo\/ -->\n<title>\u274c\ud83d\ude41Medaglia Campagna d&#039;Ancona Garibaldi ed autografo su foto - Thefinitive<\/title>\n<meta name=\"description\" content=\"Medaglia della Campagna d&#039;Ancona con medagliere del garibaldino Cefaly - MAVM Argento FG 1859 - Foto CDV con AUTOGRAFO di Garibaldi\" \/>\n<meta name=\"robots\" content=\"index, follow, max-snippet:-1, max-image-preview:large, max-video-preview:-1\" \/>\n<link rel=\"canonical\" href=\"https:\/\/thefinitive.com\/en\/prodotto\/medaglia-campagna-dancona-garibaldi-ed-autografo-su-foto\/\" \/>\n<meta property=\"og:locale\" content=\"en_US\" \/>\n<meta property=\"og:type\" content=\"article\" \/>\n<meta property=\"og:title\" content=\"\u274c\ud83d\ude41Medaglia Campagna d&#039;Ancona Garibaldi ed autografo su foto - Thefinitive\" \/>\n<meta property=\"og:description\" content=\"Medaglia della Campagna d&#039;Ancona con medagliere del garibaldino Cefaly - MAVM Argento FG 1859 - Foto CDV con AUTOGRAFO di Garibaldi\" \/>\n<meta property=\"og:url\" content=\"https:\/\/thefinitive.com\/en\/prodotto\/medaglia-campagna-dancona-garibaldi-ed-autografo-su-foto\/\" \/>\n<meta property=\"og:site_name\" content=\"Thefinitive\" \/>\n<meta property=\"article:publisher\" content=\"https:\/\/business.facebook.com\/Thefinitive-111771813534320\/\" \/>\n<meta property=\"article:modified_time\" content=\"2023-03-20T14:38:00+00:00\" \/>\n<meta property=\"og:image\" content=\"https:\/\/thefinitive.com\/wp-content\/uploads\/2020\/04\/medgarib29-2.jpg\" \/>\n\t<meta property=\"og:image:width\" content=\"2160\" \/>\n\t<meta property=\"og:image:height\" content=\"2160\" \/>\n\t<meta property=\"og:image:type\" content=\"image\/jpeg\" \/>\n<meta name=\"twitter:card\" content=\"summary_large_image\" \/>\n<meta name=\"twitter:label1\" content=\"Est. reading time\" \/>\n\t<meta name=\"twitter:data1\" content=\"11 minutes\" \/>\n<script type=\"application\/ld+json\" class=\"yoast-schema-graph\">{\"@context\":\"https:\/\/schema.org\",\"@graph\":[{\"@type\":\"WebPage\",\"@id\":\"https:\/\/thefinitive.com\/en\/prodotto\/medaglia-campagna-dancona-garibaldi-ed-autografo-su-foto\/\",\"url\":\"https:\/\/thefinitive.com\/en\/prodotto\/medaglia-campagna-dancona-garibaldi-ed-autografo-su-foto\/\",\"name\":\"\u274c\ud83d\ude41Medaglia Campagna d'Ancona Garibaldi ed autografo su foto - Thefinitive\",\"isPartOf\":{\"@id\":\"https:\/\/thefinitive.com\/en\/#website\"},\"datePublished\":\"2020-11-08T18:20:57+00:00\",\"dateModified\":\"2023-03-20T14:38:00+00:00\",\"description\":\"Medaglia della Campagna d'Ancona con medagliere del garibaldino Cefaly - MAVM Argento FG 1859 - Foto CDV con AUTOGRAFO di Garibaldi\",\"breadcrumb\":{\"@id\":\"https:\/\/thefinitive.com\/en\/prodotto\/medaglia-campagna-dancona-garibaldi-ed-autografo-su-foto\/#breadcrumb\"},\"inLanguage\":\"en-US\",\"potentialAction\":[{\"@type\":\"ReadAction\",\"target\":[\"https:\/\/thefinitive.com\/en\/prodotto\/medaglia-campagna-dancona-garibaldi-ed-autografo-su-foto\/\"]}]},{\"@type\":\"BreadcrumbList\",\"@id\":\"https:\/\/thefinitive.com\/en\/prodotto\/medaglia-campagna-dancona-garibaldi-ed-autografo-su-foto\/#breadcrumb\",\"itemListElement\":[{\"@type\":\"ListItem\",\"position\":1,\"name\":\"Home\",\"item\":\"https:\/\/thefinitive.com\/en\/\"},{\"@type\":\"ListItem\",\"position\":2,\"name\":\"Shop\",\"item\":\"https:\/\/thefinitive.com\/en\/shop-2\/\"},{\"@type\":\"ListItem\",\"position\":3,\"name\":\"\u274c\ud83d\ude41Medaglia Campagna d&#8217;Ancona Garibaldi ed autografo su foto\"}]},{\"@type\":\"WebSite\",\"@id\":\"https:\/\/thefinitive.com\/en\/#website\",\"url\":\"https:\/\/thefinitive.com\/en\/\",\"name\":\"Thefinitive\",\"description\":\"Antiquariato Online\",\"publisher\":{\"@id\":\"https:\/\/thefinitive.com\/en\/#organization\"},\"potentialAction\":[{\"@type\":\"SearchAction\",\"target\":{\"@type\":\"EntryPoint\",\"urlTemplate\":\"https:\/\/thefinitive.com\/en\/?s={search_term_string}\"},\"query-input\":\"required name=search_term_string\"}],\"inLanguage\":\"en-US\"},{\"@type\":\"Organization\",\"@id\":\"https:\/\/thefinitive.com\/en\/#organization\",\"name\":\"Thefinitive\",\"url\":\"https:\/\/thefinitive.com\/en\/\",\"logo\":{\"@type\":\"ImageObject\",\"inLanguage\":\"en-US\",\"@id\":\"https:\/\/thefinitive.com\/en\/#\/schema\/logo\/image\/\",\"url\":\"https:\/\/thefinitive.com\/wp-content\/uploads\/2019\/07\/logo4vett.svg\",\"contentUrl\":\"https:\/\/thefinitive.com\/wp-content\/uploads\/2019\/07\/logo4vett.svg\",\"width\":500,\"height\":100,\"caption\":\"Thefinitive\"},\"image\":{\"@id\":\"https:\/\/thefinitive.com\/en\/#\/schema\/logo\/image\/\"},\"sameAs\":[\"https:\/\/business.facebook.com\/Thefinitive-111771813534320\/\",\"https:\/\/www.instagram.com\/_thefinitive_\/\"]}]}<\/script>\n<!-- \/ Yoast SEO plugin. -->","yoast_head_json":{"title":"\u274c\ud83d\ude41Medaglia Campagna d'Ancona Garibaldi ed autografo su foto - Thefinitive","description":"Medaglia della Campagna d'Ancona con medagliere del garibaldino Cefaly - MAVM Argento FG 1859 - Foto CDV con AUTOGRAFO di Garibaldi","robots":{"index":"index","follow":"follow","max-snippet":"max-snippet:-1","max-image-preview":"max-image-preview:large","max-video-preview":"max-video-preview:-1"},"canonical":"https:\/\/thefinitive.com\/en\/prodotto\/medaglia-campagna-dancona-garibaldi-ed-autografo-su-foto\/","og_locale":"en_US","og_type":"article","og_title":"\u274c\ud83d\ude41Medaglia Campagna d'Ancona Garibaldi ed autografo su foto - Thefinitive","og_description":"Medaglia della Campagna d'Ancona con medagliere del garibaldino Cefaly - MAVM Argento FG 1859 - Foto CDV con AUTOGRAFO di Garibaldi","og_url":"https:\/\/thefinitive.com\/en\/prodotto\/medaglia-campagna-dancona-garibaldi-ed-autografo-su-foto\/","og_site_name":"Thefinitive","article_publisher":"https:\/\/business.facebook.com\/Thefinitive-111771813534320\/","article_modified_time":"2023-03-20T14:38:00+00:00","og_image":[{"width":2160,"height":2160,"url":"https:\/\/thefinitive.com\/wp-content\/uploads\/2020\/04\/medgarib29-2.jpg","type":"image\/jpeg"}],"twitter_card":"summary_large_image","twitter_misc":{"Est. reading time":"11 minutes"},"schema":{"@context":"https:\/\/schema.org","@graph":[{"@type":"WebPage","@id":"https:\/\/thefinitive.com\/en\/prodotto\/medaglia-campagna-dancona-garibaldi-ed-autografo-su-foto\/","url":"https:\/\/thefinitive.com\/en\/prodotto\/medaglia-campagna-dancona-garibaldi-ed-autografo-su-foto\/","name":"\u274c\ud83d\ude41Medaglia Campagna d'Ancona Garibaldi ed autografo su foto - Thefinitive","isPartOf":{"@id":"https:\/\/thefinitive.com\/en\/#website"},"datePublished":"2020-11-08T18:20:57+00:00","dateModified":"2023-03-20T14:38:00+00:00","description":"Medaglia della Campagna d'Ancona con medagliere del garibaldino Cefaly - MAVM Argento FG 1859 - Foto CDV con AUTOGRAFO di Garibaldi","breadcrumb":{"@id":"https:\/\/thefinitive.com\/en\/prodotto\/medaglia-campagna-dancona-garibaldi-ed-autografo-su-foto\/#breadcrumb"},"inLanguage":"en-US","potentialAction":[{"@type":"ReadAction","target":["https:\/\/thefinitive.com\/en\/prodotto\/medaglia-campagna-dancona-garibaldi-ed-autografo-su-foto\/"]}]},{"@type":"BreadcrumbList","@id":"https:\/\/thefinitive.com\/en\/prodotto\/medaglia-campagna-dancona-garibaldi-ed-autografo-su-foto\/#breadcrumb","itemListElement":[{"@type":"ListItem","position":1,"name":"Home","item":"https:\/\/thefinitive.com\/en\/"},{"@type":"ListItem","position":2,"name":"Shop","item":"https:\/\/thefinitive.com\/en\/shop-2\/"},{"@type":"ListItem","position":3,"name":"\u274c\ud83d\ude41Medaglia Campagna d&#8217;Ancona Garibaldi ed autografo su foto"}]},{"@type":"WebSite","@id":"https:\/\/thefinitive.com\/en\/#website","url":"https:\/\/thefinitive.com\/en\/","name":"Thefinitive","description":"Antiquariato Online","publisher":{"@id":"https:\/\/thefinitive.com\/en\/#organization"},"potentialAction":[{"@type":"SearchAction","target":{"@type":"EntryPoint","urlTemplate":"https:\/\/thefinitive.com\/en\/?s={search_term_string}"},"query-input":"required name=search_term_string"}],"inLanguage":"en-US"},{"@type":"Organization","@id":"https:\/\/thefinitive.com\/en\/#organization","name":"Thefinitive","url":"https:\/\/thefinitive.com\/en\/","logo":{"@type":"ImageObject","inLanguage":"en-US","@id":"https:\/\/thefinitive.com\/en\/#\/schema\/logo\/image\/","url":"https:\/\/thefinitive.com\/wp-content\/uploads\/2019\/07\/logo4vett.svg","contentUrl":"https:\/\/thefinitive.com\/wp-content\/uploads\/2019\/07\/logo4vett.svg","width":500,"height":100,"caption":"Thefinitive"},"image":{"@id":"https:\/\/thefinitive.com\/en\/#\/schema\/logo\/image\/"},"sameAs":["https:\/\/business.facebook.com\/Thefinitive-111771813534320\/","https:\/\/www.instagram.com\/_thefinitive_\/"]}]}},"_links":{"self":[{"href":"https:\/\/thefinitive.com\/en\/wp-json\/wp\/v3\/product\/7282"}],"collection":[{"href":"https:\/\/thefinitive.com\/en\/wp-json\/wp\/v3\/product"}],"about":[{"href":"https:\/\/thefinitive.com\/en\/wp-json\/wp\/v2\/types\/product"}],"replies":[{"embeddable":true,"href":"https:\/\/thefinitive.com\/en\/wp-json\/wp\/v2\/comments?post=7282"}],"version-history":[{"count":1,"href":"https:\/\/thefinitive.com\/en\/wp-json\/wp\/v3\/product\/7282\/revisions"}],"predecessor-version":[{"id":14656,"href":"https:\/\/thefinitive.com\/en\/wp-json\/wp\/v3\/product\/7282\/revisions\/14656"}],"wp:featuredmedia":[{"embeddable":true,"href":"https:\/\/thefinitive.com\/en\/wp-json\/wp\/v2\/media\/5748"}],"wp:attachment":[{"href":"https:\/\/thefinitive.com\/en\/wp-json\/wp\/v2\/media?parent=7282"}],"wp:term":[{"taxonomy":"product_cat","embeddable":true,"href":"https:\/\/thefinitive.com\/en\/wp-json\/wp\/v2\/product_cat?post=7282"},{"taxonomy":"product_tag","embeddable":true,"href":"https:\/\/thefinitive.com\/en\/wp-json\/wp\/v2\/product_tag?post=7282"}],"curies":[{"name":"wp","href":"https:\/\/api.w.org\/{rel}","templated":true}]}}