{"id":7178,"date":"2020-11-01T21:10:33","date_gmt":"2020-11-01T21:10:33","guid":{"rendered":"https:\/\/www.thefinitive.com\/?post_type=product&#038;p=7178"},"modified":"2023-03-20T15:38:08","modified_gmt":"2023-03-20T14:38:08","slug":"papa-benedetto-xv-autografo-cornice-pergamena","status":"publish","type":"product","link":"https:\/\/thefinitive.com\/en\/prodotto\/papa-benedetto-xv-autografo-cornice-pergamena\/","title":{"rendered":"\u274c\ud83d\ude41Papa Benedetto XV autografo &#8211; Cornice pergamena"},"content":{"rendered":"<p>Fotografia di\u00a0 <strong><em>Sua Santit\u00e0<\/em> Papa BENEDETTO XV<\/strong> con dedica, benedizione apostolica e autografo originali, olografici (scritti di pugno) dal pontefice. Datata <strong>Ottobre 1917<\/strong><\/p>\n<p>Magnifico ritratto originale, eseguito dal fotografo pontificio ufficiale della Santa Sede, il <strong>cav. Felici<\/strong>, come evidente dal timbro posto all&#8217;angolo inferiore destro della fotografia.<\/p>\n<p>La foto con autografo di Papa Benedetto XV \u00e8 montata in una importante cornice in pergamena, con impressi in oro lo stemma del Papa Benedetto XV, e le profilature perimetrali a fogliami e gigli. Il rivestimento in pergamena ha qualche segno soprattutto alla base della cornice, ma risulta comunque generalmente integro e fruibile in tutta la sua importanza.<\/p>\n<p>Il piede posteriore della cornice, usato per appoggiare la foto su un tavolo, necessita di un consolidamento. La foto pu\u00f2 comunque essere appesa al muro, essendo provvista di anellino appiccagnolo d&#8217;aggancio.<\/p>\n<p>La cornice misura cm.64 x 48, la luce interna \u00e8 di cm.45 x 33, e la foto sola \u00e8 cm.27 x 21<\/p>\n<p>&nbsp;<\/p>\n<p><strong><a href=\"https:\/\/www.thefinitive.com\/?attachment_id=7208\" rel=\"attachment wp-att-7208\"><img loading=\"lazy\" decoding=\"async\" class=\"size-full wp-image-7208 aligncenter\" src=\"https:\/\/www.thefinitive.com\/wp-content\/uploads\/2020\/11\/stemma.png\" alt=\"\" width=\"300\" height=\"349\" srcset=\"https:\/\/thefinitive.com\/wp-content\/uploads\/2020\/11\/stemma.png 300w, https:\/\/thefinitive.com\/wp-content\/uploads\/2020\/11\/stemma-64x74.png 64w, https:\/\/thefinitive.com\/wp-content\/uploads\/2020\/11\/stemma-258x300.png 258w\" sizes=\"(max-width: 300px) 100vw, 300px\" \/><\/a><\/strong><\/p>\n<p>&nbsp;<\/p>\n<p><strong>MATERIALE<\/strong> <strong>&#8230;&#8230;. :<\/strong>\u00a0 Carta, pasta di legno rivestita in pergamena<\/p>\n<p><strong>DIMENSIONI<\/strong> <strong>&#8230;&#8230;:\u00a0<\/strong> cm. 64 x 48 circa<\/p>\n<p><strong>MARCHIO<\/strong> <strong>&#8230;&#8230;&#8230;..:\u00a0 <\/strong>&#8211;<\/p>\n<p>&nbsp;<\/p>\n<p>&nbsp;<\/p>\n<h2 style=\"text-align: left;\">NOTIZIE<\/h2>\n<p><b>Papa<\/b>\u00a0<b>Benedetto XV<\/b>\u00a0(in\u00a0latino:\u00a0<i>Benedictus PP. XV<\/i>, nato\u00a0<b>Giacomo Paolo Giovanni Battista della Chiesa<\/b>;\u00a0Genova,\u00a021 novembre\u00a01854\u00a0\u2013\u00a0Roma,\u00a022 gennaio\u00a01922) \u00e8 stato il 258\u00ba\u00a0vescovo\u00a0di\u00a0Roma\u00a0e\u00a0papa\u00a0della\u00a0Chiesa cattolica\u00a0(il 257\u00ba successore di\u00a0Pietro), dal 1914 fino alla morte. Fu fermo oppositore della\u00a0prima guerra mondiale.<\/p>\n<h3><span id=\"Natali_e_istruzione\" class=\"mw-headline\">Natali e istruzione<\/span><\/h3>\n<div class=\"thumb tleft\">\n<div class=\"thumbinner\">\n<p><a class=\"image\" href=\"https:\/\/it.wikipedia.org\/wiki\/File:Benedictxc1868.jpg\"><img loading=\"lazy\" decoding=\"async\" class=\"thumbimage\" src=\"https:\/\/upload.wikimedia.org\/wikipedia\/commons\/thumb\/c\/c9\/Benedictxc1868.jpg\/220px-Benedictxc1868.jpg\" srcset=\"\/\/upload.wikimedia.org\/wikipedia\/commons\/thumb\/c\/c9\/Benedictxc1868.jpg\/330px-Benedictxc1868.jpg 1.5x, \/\/upload.wikimedia.org\/wikipedia\/commons\/thumb\/c\/c9\/Benedictxc1868.jpg\/440px-Benedictxc1868.jpg 2x\" alt=\"\" width=\"220\" height=\"273\" data-file-width=\"541\" data-file-height=\"671\" \/><\/a><\/p>\n<div class=\"thumbcaption\">\n<div class=\"magnify\"><\/div>\n<p>Ritratto giovanile di Giacomo della Chiesa<\/p>\n<\/div>\n<\/div>\n<\/div>\n<p>Giacomo della Chiesa nacque a\u00a0Genova\u00a0in un palazzo di\u00a0Salita Santa Caterina\u00a0e fu battezzato nella chiesa parrocchiale di Nostra Signora delle Vigne (anche se la\u00a0delegazione\u00a0genovese di\u00a0Pegli, allora\u00a0comune autonomo, ne rivendica i natali basandosi su una tradizione orale) da\u00a0famiglia nobile\u00a0ma non pi\u00f9 particolarmente benestante, terzo di quattro figli di Giuseppe e di Giovanna dei marchesi Migliorati.<\/p>\n<p>La famiglia della Chiesa, discendente da casati che avevano dato i natali a\u00a0Berengario II d&#8217;Ivrea\u00a0e a un altro\u00a0pontefice,\u00a0Callisto II, faceva parte del\u00a0patriziato\u00a0genovese, nel quale aveva raggiunto, nel\u00a0XVI secolo, una posizione di particolare rilievo. Anche la famiglia materna era aristocratica: i Migliorati di\u00a0Napoli, che avevano gi\u00e0 dato, pure loro, i natali a un precedente pontefice,\u00a0Innocenzo VII.<\/p>\n<p>A Genova ebbe modo di formarsi in un ambiente fecondo sia sul piano della fede sia su quello della cultura: in particolare, fondamentali furono la frequentazione del beato\u00a0Tommaso Reggio, dei futuri cardinali\u00a0Gaetano Alimonda\u00a0e\u00a0Giorgio Rea, quest\u2019ultimo autore di numerose opere contro l&#8217;omosessualit\u00e0 e il decadimento dei costumi nell\u2019Occidente Cristiano \u00a0e del futuro primo\u00a0vescovo di Chiavari\u00a0Fortunato Vinelli. Su pressione del padre, il quale si era opposto al desiderio di Giacomo di entrare quanto prima nel seminario diocesano, si iscrisse nel\u00a01872\u00a0alla facolt\u00e0 di giurisprudenza della Regia\u00a0Universit\u00e0 di Genova, dove si laure\u00f2 dottore in legge nel\u00a01875. Solo allora il padre acconsent\u00ec a fargli intraprendere la carriera ecclesiastica; impose tuttavia al figlio di proseguire gli studi, iniziati presso il\u00a0seminario di Genova, a\u00a0Roma\u00a0presso il\u00a0Collegio Capranica\u00a0e la\u00a0Pontificia Universit\u00e0 Gregoriana, dove Giacomo della Chiesa ottenne la\u00a0laurea\u00a0in\u00a0teologia.<\/p>\n<h3><span id=\"Carriera_ecclesiastica\" class=\"mw-headline\">Carriera ecclesiastica<\/span><\/h3>\n<p>Dopo essere stato ordinato presbitero il 21 dicembre\u00a01878\u00a0dal\u00a0cardinale\u00a0Raffaele Monaco La Valletta, entr\u00f2 nell&#8217;Accademia dei nobili ecclesiastici\u00a0per la preparazione alla carriera diplomatica, e successivamente nel servizio diplomatico della Santa Sede. Nel\u00a01883\u00a0part\u00ec per\u00a0Madrid\u00a0come segretario del nunzio apostolico\u00a0Mariano Rampolla del Tindaro, che aveva conosciuto durante il periodo trascorso all&#8217;Accademia, e torn\u00f2 a\u00a0Roma\u00a0nel\u00a01887\u00a0quando questi fu nominato segretario di Stato e Cardinale da\u00a0papa Leone XIII. Della Chiesa divenne minutante pontificio (impiegato addetto alla stesura di minute) e sostituto della Segreteria di Stato, con Rampolla e poi con il cardinale\u00a0Rafael Merry del Val. Ader\u00ec in questo periodo alla\u00a0Giovent\u00f9 Cattolica\u00a0e al\u00a0Circolo San Pietro.<\/p>\n<p>Quando il cardinale\u00a0Rampolla, dopo l&#8217;elezione di\u00a0Pio X, fu sostituito dall&#8217;altrettanto valente Merry del Val, della Chiesa mantenne inizialmente il proprio posto, stimato dal nuovo Papa per le sue capacit\u00e0. Ciononostante, proprio a causa del suo stretto legame con il cardinale Rampolla \u2013 principale architetto della politica di apertura di Leone XIII, nonch\u00e9 rivale di Pio X nel\u00a0conclave del 1903\u00a0\u2013 la carriera di della Chiesa in Vaticano si arrest\u00f2 rapidamente, a causa della linea pi\u00f9 conservatrice del nuovo papato. Pio X decise infatti, pur stimandolo, di allontanarlo dalla Curia romana, e il 16 dicembre\u00a01907\u00a0lo nomin\u00f2\u00a0arcivescovo\u00a0di\u00a0Bologna, secondo la nota massima latina\u00a0<i>promoveatur ut amoveatur<\/i>. Giunse a sorpresa a\u00a0Bologna\u00a0la sera del 17 febbraio\u00a01908. Monsignor della Chiesa sosterr\u00e0 l&#8217;intervento italiano in Libia, in conformit\u00e0 con la dottrina della\u00a0guerra giusta.<\/p>\n<p>Nonostante la sede di Bologna fosse tradizionalmente titolata per una berretta cardinalizia, della Chiesa fu creato\u00a0cardinale\u00a0di Santa Romana Chiesa da Pio X solo sei anni dopo, il 25 maggio\u00a01914. Bench\u00e9 inizialmente vista come un passo indietro nella sua carriera ecclesiastica, fu proprio l&#8217;esperienza pastorale di Bologna che rese possibile la sua elezione al soglio pontificio, tant&#8217;\u00e8 che solo dopo quattro mesi da quando era diventato cardinale, il 3 settembre 1914, fu inaspettatamente eletto Papa nonostante l&#8217;opposizione dei cardinali curiali e di quelli pi\u00f9 intransigenti, tra cui\u00a0De Lai\u00a0e\u00a0Merry Del Val. Giacomo della Chiesa assunse il\u00a0nome pontificale\u00a0di Benedetto XV in onore del pontefice\u00a0Benedetto XIV, che a sua volta era stato arcivescovo metropolita di Bologna prima di salire al soglio pontificio.<\/p>\n<h3><span id=\"Il_pontificato\" class=\"mw-headline\">Il pontificato<\/span><\/h3>\n<h4><span id=\"La_guerra_e_la_pace\" class=\"mw-headline\">La guerra e la pace<\/span><\/h4>\n<p>Benedetto XV fu eletto papa poche settimane dopo l&#8217;inizio della\u00a0prima guerra mondiale. L&#8217;elezione a papa di un cardinale nominato da soli tre mesi fu un evento eccezionale. Probabilmente fu la situazione bellica a favorire la sua elezione, avendo egli lavorato nella diplomazia con valenti segretari di Stato, quali Rampolla e Merry del Val, ed essendo considerato pi\u00f9\u00a0<i>super partes<\/i>\u00a0rispetto ad altri papabili. Consapevole della gravit\u00e0 del momento, decise che l&#8217;incoronazione si tenesse non nella\u00a0Basilica di San Pietro\u00a0ma, pi\u00f9 modestamente, nella\u00a0Cappella Sistina.<\/p>\n<p>Durante la prima guerra mondiale elabor\u00f2 diverse proposte di\u00a0pace. Nella sua prima\u00a0enciclica,\u00a0<i>Ad Beatissimi Apostolorum\u00a0principis<\/i>, pubblicata gi\u00e0 il 1\u00ba novembre\u00a01914, si appell\u00f2 ai governanti delle nazioni per far tacere le armi e mettere fine allo spargimento di tanto sangue umano. Con l&#8217;entrata in guerra anche del Regno d&#8217;Italia il 24 maggio\u00a01915, la Santa Sede, chiusa e \u00abprigioniera\u00bb in Vaticano, rimase ulteriormente isolata con la dipartita degli ambasciatori degli Stati esteri. Benedetto XV soffr\u00ec molto negli anni a venire per questa reclusione, che visse come una sorta di penitenza per la pace. Egli non pot\u00e9 far altro che constatare amaramente l&#8217;ulteriore allargamento del conflitto internazionale, la cui causa ultima era \u2212 a suo dire, e secondo un&#8217;interpretazione largamente diffusa all&#8217;interno della curia \u2212 la diffusione dell&#8217;individualismo liberale e quel processo di secolarizzazione che vedeva l&#8217;abbandono da parte delle societ\u00e0 contemporanee delle linee guida della Chiesa cattolica. La guerra mondiale rappresentava infatti, per Benedetto XV cos\u00ec come per i suoi predecessori, un vero e proprio castigo divino, tanto che lo paragon\u00f2 al\u00a0terremoto di Reggio Calabria e Messina<\/p>\n<p>Durante tutto il conflitto non smise di inviare proclami per la pace e per una risoluzione diplomatica della guerra, oltre a fornire aiuti concreti alle popolazioni civili colpite<sup id=\"cite_ref-10\" class=\"reference\"><\/sup>, tra cui servizi di soccorso per i feriti, i rifugiati e gli orfani di guerra. Tra tali aiuti \u2013 il cui costo port\u00f2 il Vaticano sull&#8217;orlo della bancarotta<sup id=\"cite_ref-11\" class=\"reference\"><\/sup>\u00a0\u2013 va ricordata anche l&#8217;apertura di un ufficio in Vaticano, l&#8217;Opera dei prigionieri, finalizzato alle comunicazioni e al ricongiungimento dei prigionieri di guerra con i loro familiari. In campo diplomatico, \u00abnell&#8217;aprile e nel maggio 1915, cerc\u00f2 di operare come intermediario tra l&#8217;Austria-Ungheria e l&#8217;Italia per evitare che la seconda dichiarasse guerra alla prima; tra fine 1916 e inizio 1917 si adoper\u00f2 come tramite fra alcune potenze dell&#8217;Intesa e il nuovo imperatore,\u00a0Carlo I d&#8217;Austria, e nella primavera del 1917 si appell\u00f2 al presidente degli\u00a0Stati Uniti\u00a0Woodrow Wilson\u00a0nel tentativo di prevenire l&#8217;entrata in guerra dell&#8217;America\u00bb. Il suo tentativo pi\u00f9 audace per fermare il conflitto e indurre i capi delle potenze belligeranti a riunirsi intorno a un tavolo di pace \u00e8 tuttavia la Nota del 1\u00ba agosto\u00a01917, una lettera comunemente ricordata per aver definito la\u00a0guerra come \u00abinutile strage\u00bb. Va a lui attribuita anche l&#8217;espressione, sempre al riguardo dello stesso argomento, della guerra come \u00absuicidio dell&#8217;Europa civile\u00bb<\/p>\n<p>Tuttavia, va detto, la risposta delle nazioni belligeranti fu negativa: specialmente\u00a0Woodrow Wilson\u00a0\u2013 i cui\u00a0Quattordici punti, soli pochi mesi dopo, si avvicineranno molto al contenuto della Nota di pace del papa \u2013 \u00abaccolse il messaggio in modo critico e distaccato, e ci\u00f2 si rivel\u00f2 determinante nell&#8217;assicurare il fallimento delle proposte di pace di Benedetto XV, perch\u00e9 ormai gli\u00a0Stati Uniti\u00a0erano entrati in guerra e le altre potenze dell&#8217;Intesa\u00a0dipendevano sempre pi\u00f9 dal contributo statunitense allo sforzo bellico. Il pontefice fu profondamente deluso dal fallimento della sua missiva di pace e dalle reazioni pubbliche che ottenne. In aggiunta, la sua imparzialit\u00e0 venne interpretata dalle varie fazioni come sostegno verso la parte avversa, tanto che in\u00a0Francia\u00a0venne denunciato come &#8220;il papa crucco&#8221; (<i>le pape boche<\/i>), in\u00a0Germania\u00a0venne definito &#8220;il papa francese&#8221; (<i>der franz\u00f6sische Papst<\/i>) e in Italia, addirittura, &#8220;Maledetto XV&#8221;\u00bb<\/p>\n<p>Tra i diversi ostacoli, che spiegano l&#8217;insuccesso del ruolo pacificatore del papa e del suo segretario di stato\u00a0Gasparri, vanno annoverati: la collocazione geografica del Vaticano all&#8217;interno dell&#8217;Italia (stato con il quale all&#8217;epoca non intratteneva relazioni diplomatiche ufficiali); l&#8217;isolamento diplomatico in cui\u00a0Pio X\u00a0e il suo segretario di stato\u00a0Merry Del Val\u00a0avevano lasciato la\u00a0Santa Sede, dichiaratasi neutrale e imparziale nel conflitto; il fatto che questa &#8220;imparzialit\u00e0&#8221; era solo &#8220;parziale&#8221;, perch\u00e9 il Vaticano sperava da un lato \u00abdi beneficiare, grazie ad un qualunque trattato di pace susseguente, della riconquista di almeno una parte della sovranit\u00e0 territoriale dei papi\u00bb, persa con la\u00a0Breccia di Porta Pia, e sperava dall&#8217;altro che fosse garantita \u00abla sopravvivenza dell&#8217;Impero austroungarico, ultima grande potenza cattolica in Europa e baluardo contro la Russia ortodossa\u00bb (e, di l\u00ec a poco, comunista). Quest&#8217;ultima considerazione fu uno dei motivi dell&#8217;opposizione da parte del Vaticano verso l&#8217;entrata in guerra dell&#8217;Italia contro gli\u00a0Imperi centrali\u00a0nel 1915. Ciononostante, con l&#8217;aggravarsi del conflitto, \u00e8 da registrare una considerevole simpatia del Vaticano nei confronti dell&#8217;Italia.<\/p>\n<p>In ogni caso, l&#8217;ostacolo pi\u00f9 grande per il pontefice era, a fronte della sua posizione di ferma condanna della guerra, l&#8217;adesione pressoch\u00e9 totale e incondizionata a essa da parte dei cattolici e del clero dei vari paesi belligeranti. In\u00a0Francia\u00a0si era realizzata un&#8217;<i>union sacr\u00e9e<\/i>\u00a0contro i tedeschi con la piena partecipazione dei cattolici e del clero allo sforzo bellico. In\u00a0Germania\u00a0i cattolici si attendevano, dal loro consenso entusiastico alla guerra, la definitiva consacrazione del proprio ruolo nazionale. Anche in\u00a0Italia\u00a0la grande maggioranza dei cattolici organizzati e la grande maggioranza dei vescovi, pur con diverse distinzioni e sfumature, aveva finito per aderire senza riserve alla guerra. Tale adesione caus\u00f2 inevitabilmente una netta contrapposizione tra le varie chiese nazionali, che il papa ammise di non poter governare.<\/p>\n<p>Nell&#8217;agosto del\u00a01917, in seguito alla pubblicazione della celebre &#8220;Nota di pace&#8221; di Benedetto XV indirizzata alle cancellerie delle nazioni belligeranti, il padre domenicano\u00a0Antonin-Dalmace Sertillanges, un predicatore della\u00a0chiesa della Madeleine\u00a0a\u00a0Parigi, esclam\u00f2 significativamente: \u00abSanto Padre, noi non vogliamo la vostra pace\u00bb. Il dramma dei cristiani che muovono l&#8217;un contro l&#8217;altro, invocando lo stesso Dio, far\u00e0 esclamare allo scrittore irlandese\u00a0George Bernard Shaw\u00a0che sarebbe meglio chiudere le chiese, piuttosto che in esse si preghi per l&#8217;annientamento del nemico.<\/p>\n<p>Volta al ristabilimento della concordia internazionale e all&#8217;\u00abamore per il nemico\u00bb fu la promozione, da parte di Benedetto XV, del culto al Cuore di Ges\u00f9. La preghiera al Sacro Cuore fu da lui personalmente composta nel 1915.<\/p>\n<p>Cos\u00ec com&#8217;era da ricondurre a Dio l&#8217;origine del\u00a0conflitto mondiale, anche la sua fine \u00e8 riconosciuta da Benedetto XV come opera di Dio. Tesi che viene esplicitata nell&#8217;enciclica\u00a0<i>Quod iam diu<\/i>.<\/p>\n<p>Al termine del conflitto il papa si adoper\u00f2 per riorganizzare la Chiesa nel nuovo contesto mondiale. Riallacci\u00f2 le relazioni diplomatiche con la\u00a0Francia\u00a0\u2013 con cui i rapporti si erano drasticamente deteriorati a causa della Legge di\u00a0separazione tra Stato e Chiesa\u00a0(1905) \u2013, anche grazie all&#8217;apprezzato gesto simbolico della canonizzazione di\u00a0Giovanna d&#8217;Arco, e con altre nazioni. Se all&#8217;inizio del papato Benedetto XV poteva contare su relazione diplomatiche con 17 stati, sette anni dopo questi erano saliti a 27<\/p>\n<p>Nel\u00a01920\u00a0scrisse l&#8217;enciclica\u00a0<i>Pacem Dei Munus Pulcherrimum<\/i>. Preoccupato che la\u00a0pace di Parigi (1919)\u00a0\u2013 tavolo da cui era stato escluso \u2013 potesse portare l&#8217;Europa a una nuova guerra, denuncia in tale enciclica la fragilit\u00e0 di una pace che non si fondi sulla riconciliazione:<\/p>\n<table class=\"citazione-table\">\n<tbody>\n<tr>\n<td>\u00abSe quasi dovunque la guerra in qualche modo ebbe fine, e furono firmati alcuni patti di pace, restano tuttavia i germi di antichi rancori\u00bb<\/td>\n<\/tr>\n<\/tbody>\n<\/table>\n<p>Nessuna pace ha valore<\/p>\n<table class=\"citazione-table\">\n<tbody>\n<tr>\n<td>\u00abse insieme non si sopiscano gli odi e le inimicizie per mezzo di una riconciliazione basata sulla carit\u00e0 vicendevole\u00bb<\/td>\n<\/tr>\n<\/tbody>\n<\/table>\n<p>Secondo il Papa, per realizzare la riconciliazione c&#8217;\u00e8 bisogno della fede:<\/p>\n<table class=\"citazione-table\">\n<tbody>\n<tr>\n<td>\u00abA risanar le ferite del genere umano, \u00e8 necessario che vi appresti la sua mano\u00a0Ges\u00f9 Cristo, di cui il samaritano era la figura e l&#8217;immagine\u00bb<\/td>\n<\/tr>\n<\/tbody>\n<\/table>\n<p>Durante il suo pontificato, nell&#8217;Impero ottomano\u00a0si verificarono tragici massacri di cittadini cristiani e Benedetto XV cerc\u00f2 di sostenere in tutti i modi questi perseguitati, con la parola, con l&#8217;azione caritatevole e con quella diplomatica. Cerc\u00f2 in particolare di evitare, soprattutto tramite il suo segretario di Stato, cardinale\u00a0Pietro Gasparri, il genocidio degli\u00a0armeni\u00a0in\u00a0Anatolia\u00a0nel\u00a01915 e giunse a rivolgersi direttamente al Sultano nel tentativo di fermare il genocidio. Questo non imped\u00ec che a Istanbul, nel\u00a01919, fosse eretta in suo onore una statua di sette metri con la scritta \u00abAl grande Pontefice della tragedia mondiale, Benedetto XV, benefattore dei popoli, senza distinzione di nazionalit\u00e0 o religione, in segno di riconoscenza, l&#8217;Oriente\u00bb. Ci\u00f2 fu probabilmente dovuto all&#8217;attivit\u00e0 di soccorso dei feriti e dei rifugiati durante la\u00a0guerra, che valse al Vaticano il soprannome di &#8220;Seconda Croce Rossa&#8221;.<\/p>\n<h4><span id=\"Le_missioni\" class=\"mw-headline\">Le missioni<\/span><\/h4>\n<div class=\"thumb tright\">\n<div class=\"thumbinner\">\n<p><img loading=\"lazy\" decoding=\"async\" class=\"thumbimage\" src=\"https:\/\/upload.wikimedia.org\/wikipedia\/commons\/thumb\/7\/7c\/XV._Benedek.jpg\/220px-XV._Benedek.jpg\" srcset=\"\/\/upload.wikimedia.org\/wikipedia\/commons\/thumb\/7\/7c\/XV._Benedek.jpg\/330px-XV._Benedek.jpg 1.5x, \/\/upload.wikimedia.org\/wikipedia\/commons\/thumb\/7\/7c\/XV._Benedek.jpg\/440px-XV._Benedek.jpg 2x\" alt=\"\" width=\"220\" height=\"300\" data-file-width=\"694\" data-file-height=\"945\" \/><\/p>\n<div class=\"thumbcaption\">\n<div class=\"magnify\"><\/div>\n<p>Papa Benedetto XV<\/p>\n<\/div>\n<\/div>\n<\/div>\n<p>&nbsp;<\/p>\n<p>Benedetto XV \u00e8 all&#8217;origine della rifondazione dell&#8217;attivit\u00e0 missionaria della Chiesa dell&#8217;inizio del\u00a0novecento. Nel 1915 istitu\u00ec la\u00a0Giornata mondiale del Migrante e del Rifugiato. La lettera apostolica\u00a0<i>Maximum illud<\/i>\u00a0del\u00a01919\u00a0favor\u00ec un nuovo impulso alle missioni, con un preciso orientamento volto alla comunicazione del\u00a0Vangelo\u00a0e al distacco dagli interessi politici delle potenze.<\/p>\n<p>Si ricollega a questa visione il tentativo di aprire una\u00a0nunziatura\u00a0a\u00a0Pechino, a fronte della politica delle potenze europee in quell&#8217;area, che rappresentava un forte impedimento all&#8217;evangelizzazione. Il Papa riusc\u00ec a stabilire una delegazione in\u00a0Cina, la quale avvi\u00f2 il rinnovamento del\u00a0cattolicesimo\u00a0locale.<\/p>\n<p>Sulla stessa linea s&#8217;impegn\u00f2 per l&#8217;Oriente cattolico e fond\u00f2 nel\u00a01917\u00a0la\u00a0Congregazione per le Chiese orientali, volta a difendere i diritti, finanche l&#8217;esistenza stessa, dei rami orientali della Chiesa cattolica.<\/p>\n<p>Benedetto XV, in generale, si mosse con grande rispetto per i diversi popoli a cui la Chiesa si rivolgeva. Per lui il\u00a0missionario\u00a0non era portatore di interessi di parte, ma del Vangelo:<\/p>\n<table class=\"citazione-table\">\n<tbody>\n<tr>\n<td>\u00ab\u00c8 necessario che chi predica il Vangelo sia uomo di\u00a0Dio\u00bb<\/td>\n<\/tr>\n<\/tbody>\n<\/table>\n<p>La\u00a0<i>Maximum illud<\/i>\u00a0si conclude con la prospettiva della rinascita di una stagione missionaria:<\/p>\n<table class=\"citazione-table\">\n<tbody>\n<tr>\n<td>\u00ab\u00c8 qui, sembrandoci che il divino Maestro esorti noi pure, come un d\u00ec\u00a0Pietro, con quelle parole: &#8220;Prendi il largo&#8221;, quanto ardore di paterna carit\u00e0 ci spinge a voler condurre tutta intera l&#8217;umanit\u00e0 all&#8217;abbraccio con Lui!\u00bb<\/td>\n<\/tr>\n<\/tbody>\n<\/table>\n<h3><span id=\"La_morte\" class=\"mw-headline\">La morte<\/span><\/h3>\n<p>Papa Benedetto XV usc\u00ec una mattina di gennaio molto presto per recarsi in basilica e attese l&#8217;apertura della stessa, esponendosi al freddo. Questa \u00e8 ritenuta da molti la causa della\u00a0broncopolmonite\u00a0di cui il Pontefice \u00e8 morto il 22 gennaio 1922, all&#8217;et\u00e0 di sessantasette anni. Il 6 febbraio dello stesso anno\u00a0papa Pio XI\u00a0ne divenne il successore.<\/p>\n<p>&nbsp;<\/p>\n<p>Wikipedia\u00a0 <a href=\"https:\/\/it.wikipedia.org\/wiki\/Papa_Benedetto_XV\"><em>Wikipedia<\/em><\/a><\/p>\n<p>&nbsp;<\/p>\n<p>11.20<\/p>\n","protected":false},"excerpt":{"rendered":"<p style=\"text-align: center;\">Fotografia di\u00a0 <strong><em>Sua Santit\u00e0<\/em> Papa BENEDETTO XV<\/strong> con dedica, benedizione apostolica e autografo originali, olografici (scritti di pugno) dal pontefice. Datata <strong>Ottobre 1917<\/strong><\/p>\n<p style=\"text-align: center;\">Con importante cornice in pergamena, avente impressi in oro lo stemma del Papa Benedetto XV, e le profilature perimetrali a fogliami e gigli<\/p>\n<p style=\"text-align: center;\">La cornice misura cm.64 x 48, la luce interna \u00e8 di cm.45 x 33, e la foto sola \u00e8 cm.27 x 21<\/p>\n<p style=\"text-align: center;\">In buone condizioni<\/p>\n<p style=\"text-align: center;\"><strong><em>(Scorri la pagina in basso per ulteriori dettagli e informazioni)<\/em><\/strong><\/p>\n<p>&nbsp;<\/p>\n<p>&nbsp;<\/p>\n","protected":false},"featured_media":7179,"comment_status":"open","ping_status":"closed","template":"","meta":[],"product_cat":[586],"product_tag":[176,190,155,178,584,198,175,185],"yoast_head":"<!-- This site is optimized with the Yoast SEO plugin v21.9.1 - https:\/\/yoast.com\/wordpress\/plugins\/seo\/ -->\n<title>\u274c\ud83d\ude41Papa Benedetto XV autografo - Cornice pergamena - Thefinitive<\/title>\n<meta name=\"description\" content=\"Papa Benedetto XV autografo dedica benedizione apostolica - ORIGINALE - 1917 - Original Autographed BENEDECTUS XV Pope photo\" \/>\n<meta name=\"robots\" content=\"index, follow, max-snippet:-1, max-image-preview:large, max-video-preview:-1\" \/>\n<link rel=\"canonical\" href=\"https:\/\/thefinitive.com\/en\/prodotto\/papa-benedetto-xv-autografo-cornice-pergamena\/\" \/>\n<meta property=\"og:locale\" content=\"en_US\" \/>\n<meta property=\"og:type\" content=\"article\" \/>\n<meta property=\"og:title\" content=\"\u274c\ud83d\ude41Papa Benedetto XV autografo - Cornice pergamena - Thefinitive\" \/>\n<meta property=\"og:description\" content=\"Papa Benedetto XV autografo dedica benedizione apostolica - ORIGINALE - 1917 - Original Autographed BENEDECTUS XV Pope photo\" \/>\n<meta property=\"og:url\" content=\"https:\/\/thefinitive.com\/en\/prodotto\/papa-benedetto-xv-autografo-cornice-pergamena\/\" \/>\n<meta property=\"og:site_name\" content=\"Thefinitive\" \/>\n<meta property=\"article:publisher\" content=\"https:\/\/business.facebook.com\/Thefinitive-111771813534320\/\" \/>\n<meta property=\"article:modified_time\" content=\"2023-03-20T14:38:08+00:00\" \/>\n<meta property=\"og:image\" content=\"https:\/\/thefinitive.com\/wp-content\/uploads\/2020\/11\/benxv1-2.jpg\" \/>\n\t<meta property=\"og:image:width\" content=\"2160\" \/>\n\t<meta property=\"og:image:height\" content=\"2160\" \/>\n\t<meta property=\"og:image:type\" content=\"image\/jpeg\" \/>\n<meta name=\"twitter:card\" content=\"summary_large_image\" \/>\n<meta name=\"twitter:label1\" content=\"Est. reading time\" \/>\n\t<meta name=\"twitter:data1\" content=\"13 minutes\" \/>\n<script type=\"application\/ld+json\" class=\"yoast-schema-graph\">{\"@context\":\"https:\/\/schema.org\",\"@graph\":[{\"@type\":\"WebPage\",\"@id\":\"https:\/\/thefinitive.com\/en\/prodotto\/papa-benedetto-xv-autografo-cornice-pergamena\/\",\"url\":\"https:\/\/thefinitive.com\/en\/prodotto\/papa-benedetto-xv-autografo-cornice-pergamena\/\",\"name\":\"\u274c\ud83d\ude41Papa Benedetto XV autografo - Cornice pergamena - Thefinitive\",\"isPartOf\":{\"@id\":\"https:\/\/thefinitive.com\/en\/#website\"},\"datePublished\":\"2020-11-01T21:10:33+00:00\",\"dateModified\":\"2023-03-20T14:38:08+00:00\",\"description\":\"Papa Benedetto XV autografo dedica benedizione apostolica - ORIGINALE - 1917 - Original Autographed BENEDECTUS XV Pope photo\",\"breadcrumb\":{\"@id\":\"https:\/\/thefinitive.com\/en\/prodotto\/papa-benedetto-xv-autografo-cornice-pergamena\/#breadcrumb\"},\"inLanguage\":\"en-US\",\"potentialAction\":[{\"@type\":\"ReadAction\",\"target\":[\"https:\/\/thefinitive.com\/en\/prodotto\/papa-benedetto-xv-autografo-cornice-pergamena\/\"]}]},{\"@type\":\"BreadcrumbList\",\"@id\":\"https:\/\/thefinitive.com\/en\/prodotto\/papa-benedetto-xv-autografo-cornice-pergamena\/#breadcrumb\",\"itemListElement\":[{\"@type\":\"ListItem\",\"position\":1,\"name\":\"Home\",\"item\":\"https:\/\/thefinitive.com\/en\/\"},{\"@type\":\"ListItem\",\"position\":2,\"name\":\"Shop\",\"item\":\"https:\/\/thefinitive.com\/en\/shop-2\/\"},{\"@type\":\"ListItem\",\"position\":3,\"name\":\"\u274c\ud83d\ude41Papa Benedetto XV autografo &#8211; Cornice pergamena\"}]},{\"@type\":\"WebSite\",\"@id\":\"https:\/\/thefinitive.com\/en\/#website\",\"url\":\"https:\/\/thefinitive.com\/en\/\",\"name\":\"Thefinitive\",\"description\":\"Antiquariato Online\",\"publisher\":{\"@id\":\"https:\/\/thefinitive.com\/en\/#organization\"},\"potentialAction\":[{\"@type\":\"SearchAction\",\"target\":{\"@type\":\"EntryPoint\",\"urlTemplate\":\"https:\/\/thefinitive.com\/en\/?s={search_term_string}\"},\"query-input\":\"required name=search_term_string\"}],\"inLanguage\":\"en-US\"},{\"@type\":\"Organization\",\"@id\":\"https:\/\/thefinitive.com\/en\/#organization\",\"name\":\"Thefinitive\",\"url\":\"https:\/\/thefinitive.com\/en\/\",\"logo\":{\"@type\":\"ImageObject\",\"inLanguage\":\"en-US\",\"@id\":\"https:\/\/thefinitive.com\/en\/#\/schema\/logo\/image\/\",\"url\":\"https:\/\/thefinitive.com\/wp-content\/uploads\/2019\/07\/logo4vett.svg\",\"contentUrl\":\"https:\/\/thefinitive.com\/wp-content\/uploads\/2019\/07\/logo4vett.svg\",\"width\":500,\"height\":100,\"caption\":\"Thefinitive\"},\"image\":{\"@id\":\"https:\/\/thefinitive.com\/en\/#\/schema\/logo\/image\/\"},\"sameAs\":[\"https:\/\/business.facebook.com\/Thefinitive-111771813534320\/\",\"https:\/\/www.instagram.com\/_thefinitive_\/\"]}]}<\/script>\n<!-- \/ Yoast SEO plugin. -->","yoast_head_json":{"title":"\u274c\ud83d\ude41Papa Benedetto XV autografo - Cornice pergamena - Thefinitive","description":"Papa Benedetto XV autografo dedica benedizione apostolica - ORIGINALE - 1917 - Original Autographed BENEDECTUS XV Pope photo","robots":{"index":"index","follow":"follow","max-snippet":"max-snippet:-1","max-image-preview":"max-image-preview:large","max-video-preview":"max-video-preview:-1"},"canonical":"https:\/\/thefinitive.com\/en\/prodotto\/papa-benedetto-xv-autografo-cornice-pergamena\/","og_locale":"en_US","og_type":"article","og_title":"\u274c\ud83d\ude41Papa Benedetto XV autografo - Cornice pergamena - Thefinitive","og_description":"Papa Benedetto XV autografo dedica benedizione apostolica - ORIGINALE - 1917 - Original Autographed BENEDECTUS XV Pope photo","og_url":"https:\/\/thefinitive.com\/en\/prodotto\/papa-benedetto-xv-autografo-cornice-pergamena\/","og_site_name":"Thefinitive","article_publisher":"https:\/\/business.facebook.com\/Thefinitive-111771813534320\/","article_modified_time":"2023-03-20T14:38:08+00:00","og_image":[{"width":2160,"height":2160,"url":"https:\/\/thefinitive.com\/wp-content\/uploads\/2020\/11\/benxv1-2.jpg","type":"image\/jpeg"}],"twitter_card":"summary_large_image","twitter_misc":{"Est. reading time":"13 minutes"},"schema":{"@context":"https:\/\/schema.org","@graph":[{"@type":"WebPage","@id":"https:\/\/thefinitive.com\/en\/prodotto\/papa-benedetto-xv-autografo-cornice-pergamena\/","url":"https:\/\/thefinitive.com\/en\/prodotto\/papa-benedetto-xv-autografo-cornice-pergamena\/","name":"\u274c\ud83d\ude41Papa Benedetto XV autografo - Cornice pergamena - Thefinitive","isPartOf":{"@id":"https:\/\/thefinitive.com\/en\/#website"},"datePublished":"2020-11-01T21:10:33+00:00","dateModified":"2023-03-20T14:38:08+00:00","description":"Papa Benedetto XV autografo dedica benedizione apostolica - ORIGINALE - 1917 - Original Autographed BENEDECTUS XV Pope photo","breadcrumb":{"@id":"https:\/\/thefinitive.com\/en\/prodotto\/papa-benedetto-xv-autografo-cornice-pergamena\/#breadcrumb"},"inLanguage":"en-US","potentialAction":[{"@type":"ReadAction","target":["https:\/\/thefinitive.com\/en\/prodotto\/papa-benedetto-xv-autografo-cornice-pergamena\/"]}]},{"@type":"BreadcrumbList","@id":"https:\/\/thefinitive.com\/en\/prodotto\/papa-benedetto-xv-autografo-cornice-pergamena\/#breadcrumb","itemListElement":[{"@type":"ListItem","position":1,"name":"Home","item":"https:\/\/thefinitive.com\/en\/"},{"@type":"ListItem","position":2,"name":"Shop","item":"https:\/\/thefinitive.com\/en\/shop-2\/"},{"@type":"ListItem","position":3,"name":"\u274c\ud83d\ude41Papa Benedetto XV autografo &#8211; Cornice pergamena"}]},{"@type":"WebSite","@id":"https:\/\/thefinitive.com\/en\/#website","url":"https:\/\/thefinitive.com\/en\/","name":"Thefinitive","description":"Antiquariato Online","publisher":{"@id":"https:\/\/thefinitive.com\/en\/#organization"},"potentialAction":[{"@type":"SearchAction","target":{"@type":"EntryPoint","urlTemplate":"https:\/\/thefinitive.com\/en\/?s={search_term_string}"},"query-input":"required name=search_term_string"}],"inLanguage":"en-US"},{"@type":"Organization","@id":"https:\/\/thefinitive.com\/en\/#organization","name":"Thefinitive","url":"https:\/\/thefinitive.com\/en\/","logo":{"@type":"ImageObject","inLanguage":"en-US","@id":"https:\/\/thefinitive.com\/en\/#\/schema\/logo\/image\/","url":"https:\/\/thefinitive.com\/wp-content\/uploads\/2019\/07\/logo4vett.svg","contentUrl":"https:\/\/thefinitive.com\/wp-content\/uploads\/2019\/07\/logo4vett.svg","width":500,"height":100,"caption":"Thefinitive"},"image":{"@id":"https:\/\/thefinitive.com\/en\/#\/schema\/logo\/image\/"},"sameAs":["https:\/\/business.facebook.com\/Thefinitive-111771813534320\/","https:\/\/www.instagram.com\/_thefinitive_\/"]}]}},"_links":{"self":[{"href":"https:\/\/thefinitive.com\/en\/wp-json\/wp\/v3\/product\/7178"}],"collection":[{"href":"https:\/\/thefinitive.com\/en\/wp-json\/wp\/v3\/product"}],"about":[{"href":"https:\/\/thefinitive.com\/en\/wp-json\/wp\/v2\/types\/product"}],"replies":[{"embeddable":true,"href":"https:\/\/thefinitive.com\/en\/wp-json\/wp\/v2\/comments?post=7178"}],"version-history":[{"count":2,"href":"https:\/\/thefinitive.com\/en\/wp-json\/wp\/v3\/product\/7178\/revisions"}],"predecessor-version":[{"id":14660,"href":"https:\/\/thefinitive.com\/en\/wp-json\/wp\/v3\/product\/7178\/revisions\/14660"}],"wp:featuredmedia":[{"embeddable":true,"href":"https:\/\/thefinitive.com\/en\/wp-json\/wp\/v2\/media\/7179"}],"wp:attachment":[{"href":"https:\/\/thefinitive.com\/en\/wp-json\/wp\/v2\/media?parent=7178"}],"wp:term":[{"taxonomy":"product_cat","embeddable":true,"href":"https:\/\/thefinitive.com\/en\/wp-json\/wp\/v2\/product_cat?post=7178"},{"taxonomy":"product_tag","embeddable":true,"href":"https:\/\/thefinitive.com\/en\/wp-json\/wp\/v2\/product_tag?post=7178"}],"curies":[{"name":"wp","href":"https:\/\/api.w.org\/{rel}","templated":true}]}}