{"id":7079,"date":"2020-10-31T15:00:36","date_gmt":"2020-10-31T15:00:36","guid":{"rendered":"https:\/\/www.thefinitive.com\/?post_type=product&#038;p=7079"},"modified":"2023-03-20T15:38:21","modified_gmt":"2023-03-20T14:38:21","slug":"proclamazione-impero-maggio-1936-placca","status":"publish","type":"product","link":"https:\/\/thefinitive.com\/en\/prodotto\/proclamazione-impero-maggio-1936-placca\/","title":{"rendered":"\u274c\ud83d\ude41Proclamazione IMPERO Maggio 1936 &#8211; Placca"},"content":{"rendered":"<p>Placca in metallo argentato, commemorativa della Proclamazione dell&#8217;Impero Italiano, 9 Maggio 1936 &#8211; XIV dell&#8217; Era Fascista. Bella rappresentazione iconografica realizzata a stampa sul lamierino, in rilievo, di un gruppo di Fasci Littori affiancati da una fila di Signum , a simboleggiare la marcia del popolo fascista che spezza le catene e si proietta nell&#8217;impresa di creare il nuovo impero,\u00a0 con le aquile imperiali che volteggiano a sorvolare e difendere l&#8217;avanzata. Ai lati della placchetta, troviamo la parte pi\u00f9 significativa del discorso che il Duce eman\u00f2 in quella occasione :<\/p>\n<p style=\"text-align: center;\"><strong>I\u00b0<\/strong><\/p>\n<p style=\"text-align: center;\"><strong>I TERRITORI E LE GENTI CHE APPARTENEVANO ALL\u2019IMPERO DI ETIOPIA SONO POSTI SOTTO LA SOVRANIT\u00c0 PIENA E INTERA DEL REGNO D\u2019ITALIA<\/strong><\/p>\n<p style=\"text-align: center;\"><strong>II\u00b0<\/strong><\/p>\n<p style=\"text-align: center;\"><strong>IL TITOLO DI IMPERATORE D\u2019ETIOPIA VIENE ASSUNTO PER S\u00c9 E PER I SUOI SUCCESSORI DAL RE D\u2019ITALIA<\/strong><\/p>\n<p>&nbsp;<\/p>\n<p style=\"text-align: center;\"><strong>IL POPOLO ITALIANO HA CREATO COL SUO SANGUE L\u2019IMPERO. LO FECONDER\u00c0 COL SUO LAVORO E LO DIFENDER\u00c0 CONTRO CHIUNQUE CON LE SUE ARMI. <\/strong><strong>IN QUESTA CERTEZZA SUPREMA, LEVATE IN ALTO O LEGIONARI, LE INSEGNE, IL FERRO E I CUORI A SALUTARE, DOPO QUINDICI SECOLI, LA RIAPPARIZIONE DELL\u2019IMPERO SUI COLLI FATALI DI ROMA. <\/strong><strong>NE SARETE VOI DEGNI?<\/strong><\/p>\n<p style=\"text-align: center;\"><strong>QUESTO GRIDO \u00c8 COME UN GIURAMENTO SACRO, CHE VI IMPEGNA DINANZI A DIO E DINANZI AGLI UOMINI, PER LA VITA E PER LA MORTE!\u00a0 &#8211; MUSSOLINI<\/strong><\/p>\n<p>&nbsp;<\/p>\n<p>Placca rettangolare, misure circa cm.15&#215;12, in lamierino stampato a rilievo, uniface, montata su un quadretto con cornice, facilmente rimovibile dallo stesso. In perfette condizioni.<\/p>\n<p>&nbsp;<\/p>\n<p><a href=\"https:\/\/www.thefinitive.com\/?attachment_id=7041\" rel=\"attachment wp-att-7041\"><img loading=\"lazy\" decoding=\"async\" class=\"size-full wp-image-7041 aligncenter\" src=\"https:\/\/www.thefinitive.com\/wp-content\/uploads\/2020\/10\/duceM31.jpg\" alt=\"\" width=\"330\" height=\"387\" srcset=\"https:\/\/thefinitive.com\/wp-content\/uploads\/2020\/10\/duceM31.jpg 330w, https:\/\/thefinitive.com\/wp-content\/uploads\/2020\/10\/duceM31-64x75.jpg 64w, https:\/\/thefinitive.com\/wp-content\/uploads\/2020\/10\/duceM31-256x300.jpg 256w\" sizes=\"(max-width: 330px) 100vw, 330px\" \/><\/a><\/p>\n<p>&nbsp;<\/p>\n<p><strong>MATERIALE\u00a0 \u00a0<\/strong>&#8230;&#8230;&#8230;&#8230;. Lamierino argentato, stampato<\/p>\n<p><strong>MISURE<\/strong> &#8230;&#8230;&#8230;&#8230;&#8230;&#8230;.. cm. 15 x 12<\/p>\n<p><strong>MARCHIO<\/strong> &#8230;&#8230;&#8230;&#8230;&#8230;. &#8211;<\/p>\n<h2><\/h2>\n<h2><\/h2>\n<h2><\/h2>\n<h2>NOTIZIE<\/h2>\n<h3>Proclamazione IMPERO 9 Maggio 1936<\/h3>\n<div><\/div>\n<div class=\"\">\n<div class=\"_1mf _1mj\"><em>Ufficiali! Sottufficiali! Gregari di tutte le Forze Armate dello Stato, in Africa e in Italia! Camicie nere della rivoluzione! Italiani e italiane in patria e nel mondo! Ascoltate!<\/em><\/div>\n<\/div>\n<div class=\"\">\n<div class=\"_1mf _1mj\"><em>Con le decisioni che fra pochi istanti conoscerete e che furono acclamate dal Gran Consiglio del Fascismo, un grande evento si compie: viene suggellato il destino dell\u2019Etiopia,\u00a0<strong>oggi, 9 maggio<\/strong>, quattordicesimo anno dell\u2019era fascista.<\/em><\/div>\n<\/div>\n<div class=\"\">\n<div class=\"_1mf _1mj\"><em>Tutti i nodi furono tagliati dalla nostra spada lucente e la Vittoria africana resta nella storia della Patria, integra e pura, come i Legionari caduti e superstiti la sognavano e la volevano.\u00a0<strong>L\u2019Italia ha finalmente il suo Impero.<\/strong><\/em><\/div>\n<div class=\"_1mf _1mj\"><em>Impero Fascista, perch\u00e9 porta i segni indistruttibili della volont\u00e0 e della potenza del Littorio Romano, perch\u00e9 questa \u00e8 la meta verso la quale durante quattordici anni furono sollecitate le energie prorompenti e disciplinate delle giovani, gagliarde generazioni italiane. Impero di pace, perch\u00e9 l\u2019Italia vuole la pace per s\u00e9 e per tutti e si decide alla guerra soltanto quando vi \u00e8 forzata da imperiose, incoercibili necessit\u00e0 di vita.\u00a0<strong>Impero di civilt\u00e0<\/strong>\u00a0e di umanit\u00e0 per tutte le popolazioni dell\u2019Etiopia.<\/em><\/div>\n<div class=\"_1mf _1mj\">\n<div class=\"\">\n<div class=\"_1mf _1mj\"><\/div>\n<\/div>\n<\/div>\n<\/div>\n<div class=\"\">\n<div class=\"_1mf _1mj\"><em>Questo \u00e8 nella tradizione di Roma, che, dopo aver vinto, associava i popoli al suo destino.<\/em><\/div>\n<\/div>\n<div class=\"\">\n<div class=\"_1mf _1mj\"><em>Ecco la legge, o italiani, che chiude un periodo della nostra storia e ne apre un altro come un immenso varco aperto su tutte le possibilit\u00e0 del futuro:<\/em><\/div>\n<\/div>\n<div class=\"_1mf _1mj\"><\/div>\n<div class=\"\">\n<div class=\"_1mf _1mj\"><em>1 \u2013 I territori e le genti che appartenevano all\u2019impero di Etiopia sono posti sotto la sovranit\u00e0 piena e intera del Regno d\u2019Italia.<\/em><\/div>\n<\/div>\n<div class=\"\">\n<div class=\"_1mf _1mj\"><em>2 \u2013\u00a0<strong>Il titolo di Imperatore d\u2019Etiopia viene assunto per s\u00e9 e per i suoi successori dal Re d\u2019Italia.<\/strong><\/em><\/div>\n<\/div>\n<div class=\"\">\n<div class=\"_1mf _1mj\"><em>Ufficiali! Sottufficiali! Gregari di tutte le forze Armate dello Stato, in Africa e in Italia! Camicie nere! Italiani e italiane!<\/em><\/div>\n<\/div>\n<div class=\"\">\n<div class=\"_1mf _1mj\"><em><strong>Il popolo italiano ha creato col suo sangue l\u2019Impero.<\/strong>\u00a0Lo feconder\u00e0 col suo lavoro e lo difender\u00e0 contro chiunque con le sue armi.<\/em><\/div>\n<\/div>\n<div class=\"\">\n<div class=\"_1mf _1mj\"><em>In questa certezza suprema, levate in alto, o Legionari, le insegne, il ferro e i cuori, a salutare, dopo quindici secoli, la\u00a0<strong>riapparizione dell\u2019Impero sui colli fatali di Roma.<\/strong><\/em><\/div>\n<\/div>\n<div class=\"\">\n<div class=\"_1mf _1mj\"><strong><em>Ne sarete voi degni?<\/em><\/strong><\/div>\n<\/div>\n<div class=\"\">\n<div class=\"_1mf _1mj\"><em>Questo grido \u00e8 come un giuramento sacro, che vi impegna dinanzi a Dio e dinanzi agli uomini, per la vita e per la morte!<\/em><\/div>\n<\/div>\n<div class=\"\">\n<div class=\"_1mf _1mj\"><em>Camicie nere! Legionari! Saluto al Re!<\/em><\/div>\n<\/div>\n<div style=\"text-align: left;\"><\/div>\n<div><\/div>\n<div><\/div>\n<div><\/div>\n<div><\/div>\n<div><a href=\"https:\/\/www.thefinitive.com\/?attachment_id=7092\" rel=\"attachment wp-att-7092\"><img loading=\"lazy\" decoding=\"async\" class=\"alignnone size-full wp-image-7092\" src=\"https:\/\/www.thefinitive.com\/wp-content\/uploads\/2020\/10\/mussolini_proclamazione-impero_19361.jpg\" alt=\"\" width=\"218\" height=\"300\" srcset=\"https:\/\/thefinitive.com\/wp-content\/uploads\/2020\/10\/mussolini_proclamazione-impero_19361.jpg 218w, https:\/\/thefinitive.com\/wp-content\/uploads\/2020\/10\/mussolini_proclamazione-impero_19361-64x88.jpg 64w\" sizes=\"(max-width: 218px) 100vw, 218px\" \/><\/a>\u00a0 \u00a0 <a href=\"https:\/\/www.thefinitive.com\/?attachment_id=7091\" rel=\"attachment wp-att-7091\"><img loading=\"lazy\" decoding=\"async\" class=\"alignnone size-full wp-image-7091\" src=\"https:\/\/www.thefinitive.com\/wp-content\/uploads\/2020\/10\/duce_proclamazione-impero_1936.jpg\" alt=\"\" width=\"215\" height=\"300\" srcset=\"https:\/\/thefinitive.com\/wp-content\/uploads\/2020\/10\/duce_proclamazione-impero_1936.jpg 215w, https:\/\/thefinitive.com\/wp-content\/uploads\/2020\/10\/duce_proclamazione-impero_1936-64x89.jpg 64w\" sizes=\"(max-width: 215px) 100vw, 215px\" \/><\/a><\/div>\n<div><em>Proclamazione dell&#8217;Impero sui quotidiani del Maggio\u00a0 1936<\/em><\/div>\n<p>&nbsp;<\/p>\n<h3><\/h3>\n<h3>COLONIALISMO<\/h3>\n<p>Il\u00a0<b>colonialismo italiano<\/b>\u00a0ebbe inizio alla fine del\u00a0XIX secolo, con l&#8217;acquisizione\u00a0pacifica dei porti africani di\u00a0Assab\u00a0e\u00a0Massaua, sul\u00a0mar Rosso. A seguito della\u00a0spartizione dell&#8217;Africa\u00a0da parte delle potenze europee (1881-1914), il\u00a0Regno d&#8217;Italia\u00a0deteneva il controllo dell&#8217;Eritrea\u00a0e della\u00a0Somalia, oltre che di\u00a0Cirenaica,\u00a0Tripolitania\u00a0e\u00a0Isole egee, sottratte all&#8217;Impero ottomano\u00a0nel corso della\u00a0guerra italo-turca\u00a0(1911-1912). Sussisteva anche una\u00a0concessione italiana a Tientsin, in\u00a0Cina, sin dal 1901.<sup id=\"cite_ref-Concessione_1-0\" class=\"reference\">[1]<\/sup>\u00a0Nel corso della\u00a0prima guerra mondiale, un corpo di spedizione italiano\u00a0occup\u00f2 preventivamente l&#8217;Albania meridionale\u00a0per impedirne la conquista da parte dell&#8217;Impero austro-ungarico, instaurandovi\u00a0un protettorato\u00a0(1917-1920).<\/p>\n<p>Il regime fascista di\u00a0Benito Mussolini, salito al potere dopo il conflitto mondiale, manifest\u00f2 l&#8217;intenzione di espandere i possedimenti del regno e soddisfare le pretese degli\u00a0irredentisti. Nel 1934 Cirenaica e Tripolitania furono unite nella\u00a0Libia italiana; con la\u00a0guerra del 1935-36\u00a0l&#8217;Italia conquist\u00f2 l&#8217;Etiopia, che fu unita ad Eritrea e Somalia per dare vita all&#8217;Africa Orientale Italiana, nel 1938\u00a0Vittorio Emanuele III d&#8217;Italia\u00a0assunse il titolo di\u00a0<i>Primo maresciallo dell&#8217;Impero<\/i>\u00a0e fu proclamata ufficialmente la nascita dell&#8217;<i>impero italiano<\/i>\u00a0che dur\u00f2 sino alla\u00a0caduta del fascismo. Nel 1939 fu nuovamente\u00a0conquistata l&#8217;Albania,\u00a0regno\u00a0che fu quindi posto in\u00a0unione personale\u00a0con quello d&#8217;Italia (1939-1943).<\/p>\n<p>Dopo l&#8217;entrata dell&#8217;Italia nella seconda guerra mondiale\u00a0nel 1940, il territorio metropolitano del regno, assieme a quello delle colonie e delle zone di occupazione militare, raggiunse la sua massima espansione. I territori italiani &#8211; oltre a quelli fin qui citati &#8211; si estendevano allora da\u00a0parte della Francia meridionale\u00a0ai protettorati e alle occupazioni nei\u00a0Balcani\u00a0(Slovenia,\u00a0Dalmazia,\u00a0Croazia,\u00a0Montenegro,\u00a0Grecia), alla\u00a0Somalia britannica. Sia le colonie storiche sia le acquisizioni pi\u00f9 recenti andarono tuttavia perdute a causa delle successive vicende belliche e dell&#8217;armistizio tra l&#8217;Italia e gli Alleati\u00a0(8 settembre 1943).<\/p>\n<p>Allo Stato italiano, seppur schieratosi a fianco degli\u00a0Alleati\u00a0dopo il 1943, furono imposte dure condizioni dal\u00a0trattato di Parigi del 1947: tra di esse, la perdita di tutte le colonie ad eccezione della Somalia,\u00a0amministrazione fiduciaria italiana\u00a0dal\u00a01950. Il 1\u00ba luglio 1960 la Somalia ottenne l&#8217;indipendenza, sancendo cos\u00ec la fine dell&#8217;ottantennio coloniale italiano.<\/p>\n<p>&nbsp;<\/p>\n<p><b><img loading=\"lazy\" decoding=\"async\" class=\"alignnone size-medium wp-image-2298\" src=\"https:\/\/www.thefinitive.com\/wp-content\/uploads\/2019\/08\/Benito_Mussolini_colored-202x300.jpg\" alt=\"mussolini primo caporale\" width=\"202\" height=\"300\" srcset=\"https:\/\/thefinitive.com\/wp-content\/uploads\/2019\/08\/Benito_Mussolini_colored-202x300.jpg 202w, https:\/\/thefinitive.com\/wp-content\/uploads\/2019\/08\/Benito_Mussolini_colored-64x95.jpg 64w, https:\/\/thefinitive.com\/wp-content\/uploads\/2019\/08\/Benito_Mussolini_colored-691x1024.jpg 691w, https:\/\/thefinitive.com\/wp-content\/uploads\/2019\/08\/Benito_Mussolini_colored.jpg 742w\" sizes=\"(max-width: 202px) 100vw, 202px\" \/> <\/b><\/p>\n<p><b>Benito Amilcare Andrea Mussolini<\/b>, noto anche con il solo appellativo di\u00a0<b><a title=\"Duce\" href=\"https:\/\/it.wikipedia.org\/wiki\/Duce\">Duce<\/a><\/b><sup id=\"cite_ref-A_3-0\" class=\"reference\"><\/sup><sup id=\"cite_ref-4\" class=\"reference\"><\/sup>\u00a0(Dovia di Predappio,\u00a029 luglio\u00a01883\u00a0\u2013\u00a0Giulino,\u00a028 aprile\u00a01945), \u00e8 stato un\u00a0politico,\u00a0militare,\u00a0giornalista\u00a0e\u00a0dittatore\u00a0italiano.<\/p>\n<p>Fondatore del\u00a0<strong>fascismo<\/strong>, fu\u00a0presidente del Consiglio\u00a0del\u00a0Regno d&#8217;Italia\u00a0dal 31 ottobre\u00a01922\u00a0al 25 luglio\u00a01943. Nel gennaio\u00a01925\u00a0assunse\u00a0<i>de facto<\/i>\u00a0poteri\u00a0dittatoriali\u00a0e dal dicembre dello stesso anno acquis\u00ec il titolo di\u00a0capo del governo primo ministro segretario di Stato. Dopo la\u00a0guerra d&#8217;Etiopia, aggiunse al titolo di\u00a0duce\u00a0quello di &#8220;Fondatore dell&#8217;Impero&#8221; e divenne\u00a0<strong>Primo Maresciallo dell&#8217;Impero<\/strong>\u00a0il 30 marzo\u00a01938. Fu capo della\u00a0Repubblica Sociale Italiana\u00a0dal settembre\u00a01943\u00a0al 27 aprile\u00a01945.<\/p>\n<div id=\"bodyContent\" class=\"mw-body-content\">\n<p>&nbsp;<\/p>\n<\/div>\n<p>Fonti\u00a0 <a href=\"https:\/\/it.wikipedia.org\/wiki\/Colonialismo_italiano\">Wikipedia Colonialismo Italiano<\/a> , <a href=\"https:\/\/it.wikipedia.org\/wiki\/Benito_Mussolini\">Mussolini<\/a> ,<\/p>\n<p>10.20<\/p>\n","protected":false},"excerpt":{"rendered":"<p style=\"text-align: center;\">Placca in metallo argentato, commemorativa della Proclamazione dell&#8217;Impero Italiano del 9 Maggio 1936 &#8211; XIV\u00a0 Era Fascista, riportante parti salienti del discorso pronunciato dal Duce in occasione della fondazione dell&#8217;Impero.<\/p>\n<p style=\"text-align: center;\">Misure circa cm. 15&#215;12 , montata in un quadretto, in perfette condizioni<\/p>\n<p>&nbsp;<\/p>\n<p style=\"text-align: center;\"><strong><em>(Scorri la pagina in basso per ulteriori dettagli e informazioni)<\/em><\/strong><\/p>\n","protected":false},"featured_media":7080,"comment_status":"open","ping_status":"closed","template":"","meta":[],"product_cat":[586],"product_tag":[172,174,197,155,193,160,198,157,271,156,173],"yoast_head":"<!-- This site is optimized with the Yoast SEO plugin v21.9.1 - https:\/\/yoast.com\/wordpress\/plugins\/seo\/ -->\n<title>\u274c\ud83d\ude41Proclamazione IMPERO Maggio 1936 - Placca Thefinitive<\/title>\n<meta name=\"description\" content=\"Placca in lamierino argentato PROCLAMAZIONE dell&#039;Impero italiano 9 Maggio 1936 - Imperatore - Fascist empire - AOI - Africa Orientale DUX\" \/>\n<meta name=\"robots\" content=\"index, follow, max-snippet:-1, max-image-preview:large, max-video-preview:-1\" \/>\n<link rel=\"canonical\" href=\"https:\/\/thefinitive.com\/en\/prodotto\/proclamazione-impero-maggio-1936-placca\/\" \/>\n<meta property=\"og:locale\" content=\"en_US\" \/>\n<meta property=\"og:type\" content=\"article\" \/>\n<meta property=\"og:title\" content=\"\u274c\ud83d\ude41Proclamazione IMPERO Maggio 1936 - Placca Thefinitive\" \/>\n<meta property=\"og:description\" content=\"Placca in lamierino argentato PROCLAMAZIONE dell&#039;Impero italiano 9 Maggio 1936 - Imperatore - Fascist empire - AOI - Africa Orientale DUX\" \/>\n<meta property=\"og:url\" content=\"https:\/\/thefinitive.com\/en\/prodotto\/proclamazione-impero-maggio-1936-placca\/\" \/>\n<meta property=\"og:site_name\" content=\"Thefinitive\" \/>\n<meta property=\"article:publisher\" content=\"https:\/\/business.facebook.com\/Thefinitive-111771813534320\/\" \/>\n<meta property=\"article:modified_time\" content=\"2023-03-20T14:38:21+00:00\" \/>\n<meta property=\"og:image\" content=\"https:\/\/thefinitive.com\/wp-content\/uploads\/2020\/10\/imp1-2.jpg\" \/>\n\t<meta property=\"og:image:width\" content=\"2160\" \/>\n\t<meta property=\"og:image:height\" content=\"2160\" \/>\n\t<meta property=\"og:image:type\" content=\"image\/jpeg\" \/>\n<meta name=\"twitter:card\" content=\"summary_large_image\" \/>\n<meta name=\"twitter:label1\" content=\"Est. reading time\" \/>\n\t<meta name=\"twitter:data1\" content=\"5 minutes\" \/>\n<script type=\"application\/ld+json\" class=\"yoast-schema-graph\">{\"@context\":\"https:\/\/schema.org\",\"@graph\":[{\"@type\":\"WebPage\",\"@id\":\"https:\/\/thefinitive.com\/en\/prodotto\/proclamazione-impero-maggio-1936-placca\/\",\"url\":\"https:\/\/thefinitive.com\/en\/prodotto\/proclamazione-impero-maggio-1936-placca\/\",\"name\":\"\u274c\ud83d\ude41Proclamazione IMPERO Maggio 1936 - Placca Thefinitive\",\"isPartOf\":{\"@id\":\"https:\/\/thefinitive.com\/en\/#website\"},\"datePublished\":\"2020-10-31T15:00:36+00:00\",\"dateModified\":\"2023-03-20T14:38:21+00:00\",\"description\":\"Placca in lamierino argentato PROCLAMAZIONE dell'Impero italiano 9 Maggio 1936 - Imperatore - Fascist empire - AOI - Africa Orientale DUX\",\"breadcrumb\":{\"@id\":\"https:\/\/thefinitive.com\/en\/prodotto\/proclamazione-impero-maggio-1936-placca\/#breadcrumb\"},\"inLanguage\":\"en-US\",\"potentialAction\":[{\"@type\":\"ReadAction\",\"target\":[\"https:\/\/thefinitive.com\/en\/prodotto\/proclamazione-impero-maggio-1936-placca\/\"]}]},{\"@type\":\"BreadcrumbList\",\"@id\":\"https:\/\/thefinitive.com\/en\/prodotto\/proclamazione-impero-maggio-1936-placca\/#breadcrumb\",\"itemListElement\":[{\"@type\":\"ListItem\",\"position\":1,\"name\":\"Home\",\"item\":\"https:\/\/thefinitive.com\/en\/\"},{\"@type\":\"ListItem\",\"position\":2,\"name\":\"Shop\",\"item\":\"https:\/\/thefinitive.com\/en\/shop-2\/\"},{\"@type\":\"ListItem\",\"position\":3,\"name\":\"\u274c\ud83d\ude41Proclamazione IMPERO Maggio 1936 &#8211; Placca\"}]},{\"@type\":\"WebSite\",\"@id\":\"https:\/\/thefinitive.com\/en\/#website\",\"url\":\"https:\/\/thefinitive.com\/en\/\",\"name\":\"Thefinitive\",\"description\":\"Antiquariato Online\",\"publisher\":{\"@id\":\"https:\/\/thefinitive.com\/en\/#organization\"},\"potentialAction\":[{\"@type\":\"SearchAction\",\"target\":{\"@type\":\"EntryPoint\",\"urlTemplate\":\"https:\/\/thefinitive.com\/en\/?s={search_term_string}\"},\"query-input\":\"required name=search_term_string\"}],\"inLanguage\":\"en-US\"},{\"@type\":\"Organization\",\"@id\":\"https:\/\/thefinitive.com\/en\/#organization\",\"name\":\"Thefinitive\",\"url\":\"https:\/\/thefinitive.com\/en\/\",\"logo\":{\"@type\":\"ImageObject\",\"inLanguage\":\"en-US\",\"@id\":\"https:\/\/thefinitive.com\/en\/#\/schema\/logo\/image\/\",\"url\":\"https:\/\/thefinitive.com\/wp-content\/uploads\/2019\/07\/logo4vett.svg\",\"contentUrl\":\"https:\/\/thefinitive.com\/wp-content\/uploads\/2019\/07\/logo4vett.svg\",\"width\":500,\"height\":100,\"caption\":\"Thefinitive\"},\"image\":{\"@id\":\"https:\/\/thefinitive.com\/en\/#\/schema\/logo\/image\/\"},\"sameAs\":[\"https:\/\/business.facebook.com\/Thefinitive-111771813534320\/\",\"https:\/\/www.instagram.com\/_thefinitive_\/\"]}]}<\/script>\n<!-- \/ Yoast SEO plugin. -->","yoast_head_json":{"title":"\u274c\ud83d\ude41Proclamazione IMPERO Maggio 1936 - Placca Thefinitive","description":"Placca in lamierino argentato PROCLAMAZIONE dell'Impero italiano 9 Maggio 1936 - Imperatore - Fascist empire - AOI - Africa Orientale DUX","robots":{"index":"index","follow":"follow","max-snippet":"max-snippet:-1","max-image-preview":"max-image-preview:large","max-video-preview":"max-video-preview:-1"},"canonical":"https:\/\/thefinitive.com\/en\/prodotto\/proclamazione-impero-maggio-1936-placca\/","og_locale":"en_US","og_type":"article","og_title":"\u274c\ud83d\ude41Proclamazione IMPERO Maggio 1936 - Placca Thefinitive","og_description":"Placca in lamierino argentato PROCLAMAZIONE dell'Impero italiano 9 Maggio 1936 - Imperatore - Fascist empire - AOI - Africa Orientale DUX","og_url":"https:\/\/thefinitive.com\/en\/prodotto\/proclamazione-impero-maggio-1936-placca\/","og_site_name":"Thefinitive","article_publisher":"https:\/\/business.facebook.com\/Thefinitive-111771813534320\/","article_modified_time":"2023-03-20T14:38:21+00:00","og_image":[{"width":2160,"height":2160,"url":"https:\/\/thefinitive.com\/wp-content\/uploads\/2020\/10\/imp1-2.jpg","type":"image\/jpeg"}],"twitter_card":"summary_large_image","twitter_misc":{"Est. reading time":"5 minutes"},"schema":{"@context":"https:\/\/schema.org","@graph":[{"@type":"WebPage","@id":"https:\/\/thefinitive.com\/en\/prodotto\/proclamazione-impero-maggio-1936-placca\/","url":"https:\/\/thefinitive.com\/en\/prodotto\/proclamazione-impero-maggio-1936-placca\/","name":"\u274c\ud83d\ude41Proclamazione IMPERO Maggio 1936 - Placca Thefinitive","isPartOf":{"@id":"https:\/\/thefinitive.com\/en\/#website"},"datePublished":"2020-10-31T15:00:36+00:00","dateModified":"2023-03-20T14:38:21+00:00","description":"Placca in lamierino argentato PROCLAMAZIONE dell'Impero italiano 9 Maggio 1936 - Imperatore - Fascist empire - AOI - Africa Orientale DUX","breadcrumb":{"@id":"https:\/\/thefinitive.com\/en\/prodotto\/proclamazione-impero-maggio-1936-placca\/#breadcrumb"},"inLanguage":"en-US","potentialAction":[{"@type":"ReadAction","target":["https:\/\/thefinitive.com\/en\/prodotto\/proclamazione-impero-maggio-1936-placca\/"]}]},{"@type":"BreadcrumbList","@id":"https:\/\/thefinitive.com\/en\/prodotto\/proclamazione-impero-maggio-1936-placca\/#breadcrumb","itemListElement":[{"@type":"ListItem","position":1,"name":"Home","item":"https:\/\/thefinitive.com\/en\/"},{"@type":"ListItem","position":2,"name":"Shop","item":"https:\/\/thefinitive.com\/en\/shop-2\/"},{"@type":"ListItem","position":3,"name":"\u274c\ud83d\ude41Proclamazione IMPERO Maggio 1936 &#8211; Placca"}]},{"@type":"WebSite","@id":"https:\/\/thefinitive.com\/en\/#website","url":"https:\/\/thefinitive.com\/en\/","name":"Thefinitive","description":"Antiquariato Online","publisher":{"@id":"https:\/\/thefinitive.com\/en\/#organization"},"potentialAction":[{"@type":"SearchAction","target":{"@type":"EntryPoint","urlTemplate":"https:\/\/thefinitive.com\/en\/?s={search_term_string}"},"query-input":"required name=search_term_string"}],"inLanguage":"en-US"},{"@type":"Organization","@id":"https:\/\/thefinitive.com\/en\/#organization","name":"Thefinitive","url":"https:\/\/thefinitive.com\/en\/","logo":{"@type":"ImageObject","inLanguage":"en-US","@id":"https:\/\/thefinitive.com\/en\/#\/schema\/logo\/image\/","url":"https:\/\/thefinitive.com\/wp-content\/uploads\/2019\/07\/logo4vett.svg","contentUrl":"https:\/\/thefinitive.com\/wp-content\/uploads\/2019\/07\/logo4vett.svg","width":500,"height":100,"caption":"Thefinitive"},"image":{"@id":"https:\/\/thefinitive.com\/en\/#\/schema\/logo\/image\/"},"sameAs":["https:\/\/business.facebook.com\/Thefinitive-111771813534320\/","https:\/\/www.instagram.com\/_thefinitive_\/"]}]}},"_links":{"self":[{"href":"https:\/\/thefinitive.com\/en\/wp-json\/wp\/v3\/product\/7079"}],"collection":[{"href":"https:\/\/thefinitive.com\/en\/wp-json\/wp\/v3\/product"}],"about":[{"href":"https:\/\/thefinitive.com\/en\/wp-json\/wp\/v2\/types\/product"}],"replies":[{"embeddable":true,"href":"https:\/\/thefinitive.com\/en\/wp-json\/wp\/v2\/comments?post=7079"}],"version-history":[{"count":1,"href":"https:\/\/thefinitive.com\/en\/wp-json\/wp\/v3\/product\/7079\/revisions"}],"predecessor-version":[{"id":14666,"href":"https:\/\/thefinitive.com\/en\/wp-json\/wp\/v3\/product\/7079\/revisions\/14666"}],"wp:featuredmedia":[{"embeddable":true,"href":"https:\/\/thefinitive.com\/en\/wp-json\/wp\/v2\/media\/7080"}],"wp:attachment":[{"href":"https:\/\/thefinitive.com\/en\/wp-json\/wp\/v2\/media?parent=7079"}],"wp:term":[{"taxonomy":"product_cat","embeddable":true,"href":"https:\/\/thefinitive.com\/en\/wp-json\/wp\/v2\/product_cat?post=7079"},{"taxonomy":"product_tag","embeddable":true,"href":"https:\/\/thefinitive.com\/en\/wp-json\/wp\/v2\/product_tag?post=7079"}],"curies":[{"name":"wp","href":"https:\/\/api.w.org\/{rel}","templated":true}]}}