{"id":7042,"date":"2020-10-27T16:59:30","date_gmt":"2020-10-27T16:59:30","guid":{"rendered":"https:\/\/www.thefinitive.com\/?post_type=product&#038;p=7042"},"modified":"2023-03-20T15:38:27","modified_gmt":"2023-03-20T14:38:27","slug":"gabriele-dannunzio-fotografia-autografata-originale","status":"publish","type":"product","link":"https:\/\/thefinitive.com\/en\/prodotto\/gabriele-dannunzio-fotografia-autografata-originale\/","title":{"rendered":"\u274c\ud83d\ude41Gabriele d&#8217;Annunzio fotografia AUTOGRAFATA &#8211; originale"},"content":{"rendered":"<p>Fotografia autografata di <strong>Gabriele d&#8217;Annunzio<\/strong>, firmata di pugno dal Vate.<\/p>\n<p>Siamo nel periodo di fine &#8216;800, approssimativamente 1890-1899, e ritrae un giovane Gabriele d&#8217;Annunzio in una bella fotografia ai sali d&#8217;argento, formato cartolina,\u00a0autografata originale.<\/p>\n<p>La foto \u00e8 in ottime condizioni, presenta normali segni di usura, e viene venduta completa di una simpatica cornice in legno d&#8217;epoca, con gancetto posteriore per poterla appendere. Si garantisce l&#8217;originalit\u00e0 assoluta di questa fotografia autografata da Gabriele d&#8217;Annunzio, e se ne fornisce certificazione di autenticit\u00e0.<\/p>\n<p>Misure approssimative della sola fotografia cm. 9 x 14<\/p>\n<p>&nbsp;<\/p>\n<h2>Notizie<\/h2>\n<p><b>Gabriele D&#8217;Annunzio <\/b>(Pescara,\u00a012 marzo\u00a01863\u00a0\u2013\u00a0Gardone Riviera,\u00a01\u00ba marzo\u00a01938), \u00e8 stato uno\u00a0scrittore,\u00a0poeta,\u00a0drammaturgo,\u00a0militare,\u00a0politico,\u00a0giornalista\u00a0e\u00a0patriota\u00a0italiano, simbolo del\u00a0Decadentismo e celebre figura della\u00a0prima guerra mondiale, dal\u00a01924 insignito del titolo di &#8220;principe di Montenevoso&#8221;. \u00a0Soprannominato &#8220;il Vate&#8221;, cio\u00e8 &#8220;poeta sacro, profeta&#8221;, cantore dell&#8217;Italia umbertina, o anche &#8220;l&#8217;Immaginifico&#8221;, occup\u00f2 una posizione preminente nella\u00a0letteratura italiana\u00a0dal\u00a01889\u00a0al\u00a01910\u00a0circa e nella vita politica dal\u00a01914\u00a0al\u00a01924. \u00c8 stato definito \u00abeccezionale e ultimo interprete della pi\u00f9 duratura tradizione poetica italiana [\u2026]\u00bb e come politico lasci\u00f2 un segno nella sua epoca e un&#8217;influenza sugli eventi che gli sarebbero succeduti. L&#8217;arte di D&#8217;Annunzio fu cos\u00ec determinante per la cultura di massa che influenz\u00f2 usi e costumi nell&#8217;Italia -e non solo- del suo tempo: un periodo che pi\u00f9 tardi sarebbe stato definito appunto &#8220;dannunzianesimo&#8221;.<\/p>\n<p>&nbsp;<\/p>\n<p><img loading=\"lazy\" decoding=\"async\" src=\"https:\/\/upload.wikimedia.org\/wikipedia\/it\/b\/b1\/D%27Annunzio_4.jpg\" alt=\"D'Annunzio 4.jpg\" width=\"173\" height=\"235\" data-file-width=\"173\" data-file-height=\"235\" \/><\/p>\n<p><a class=\"image\" style=\"font-family: Georgia, 'Times New Roman', 'Bitstream Charter', Times, serif; font-size: 16px;\" title=\"Firma di Gabriele D'Annunzio\" href=\"https:\/\/it.wikipedia.org\/wiki\/File:D%27Annunzio_signature.svg\"><img loading=\"lazy\" decoding=\"async\" src=\"https:\/\/upload.wikimedia.org\/wikipedia\/commons\/thumb\/2\/2c\/D%27Annunzio_signature.svg\/130px-D%27Annunzio_signature.svg.png\" srcset=\"\/\/upload.wikimedia.org\/wikipedia\/commons\/thumb\/2\/2c\/D%27Annunzio_signature.svg\/195px-D%27Annunzio_signature.svg.png 1.5x, \/\/upload.wikimedia.org\/wikipedia\/commons\/thumb\/2\/2c\/D%27Annunzio_signature.svg\/260px-D%27Annunzio_signature.svg.png 2x\" alt=\"Firma di Gabriele D'Annunzio\" width=\"130\" height=\"40\" data-file-width=\"2256\" data-file-height=\"691\" \/><\/a><\/p>\n<p>Gabriele d&#8217;Annunzio, in un ritratto simile alla nostra fotografia autografata<\/p>\n<h3><span id=\"La_famiglia_e_gli_anni_di_formazione\" class=\"mw-headline\">La famiglia e gli anni di formazione<\/span><\/h3>\n<p>Gabriele D&#8217;Annunzio nacque a Pescara il 12 marzo\u00a01863\u00a0da una famiglia borghese benestante. Terzo di cinque figli, visse un&#8217;infanzia felice, distinguendosi per intelligenza e vivacit\u00e0.<br \/>\nDalla madre, Luisa de Benedictis (1839-1917), erediter\u00e0 la fine sensibilit\u00e0; dal padre, Francesco Paolo Rapagnetta (1831-1893) (il quale aveva acquisito nel 1851 il cognome D&#8217;Annunzio da un ricco parente che lo adott\u00f2, lo zio Antonio D&#8217;Annunzio), il temperamento sanguigno, la passione per le donne e la disinvoltura nel contrarre debiti, che portarono la famiglia da una condizione agiata a una difficile situazione economica.<br \/>\nReminiscenze della condotta paterna, la cui figura \u00e8 ricordata nelle\u00a0<i>Faville del maglio<\/i>\u00a0e accennata nel\u00a0<i>Poema paradisiaco<\/i>, sono presenti nel romanzo\u00a0<i>Trionfo della morte<\/i>.<\/p>\n<p>Ebbe tre sorelle, cui fu molto legato per tutta la vita, e un fratello minore:<\/p>\n<ul>\n<li>Anna (Pescara, 27 luglio\u00a01859\u00a0&#8211; Pescara, 9 agosto\u00a01914);<\/li>\n<li>Elvira (Pescara, 3 novembre\u00a01861\u00a0&#8211; Pescara,\u00a01942);<\/li>\n<li>Ernestina (Pescara, 10 luglio\u00a01865\u00a0&#8211; Pescara,\u00a01938);<\/li>\n<li>Antonio (Pescara,\u00a01867\u00a0&#8211;\u00a0New York,\u00a01945),\u00a0direttore d&#8217;orchestra, si trasfer\u00ec negli\u00a0Stati Uniti d&#8217;America, dove perse tutto nella\u00a0crisi economica del 1929; D&#8217;Annunzio lo aiut\u00f2 finanziariamente con cospicui prestiti, ma le continue richieste di denaro spinsero Gabriele a rompere i rapporti e a rifiutare di incontrarlo al\u00a0Vittoriale.<\/li>\n<\/ul>\n<p>Il giovane Gabriele D&#8217;Annunzio , come nella fotografia autografata, non tard\u00f2 a manifestare un carattere ambizioso e privo di complessi e inibizioni, portato al confronto competitivo con la realt\u00e0. Ne \u00e8 testimonianza la lettera che, ancora sedicenne, scrisse nel 1879 a Giosu\u00e8 Carducci, il poeta pi\u00f9 stimato nell&#8217;Italia umbertina, mentre frequenta il liceo al prestigioso istituto Convitto Cicognini di Prato. Nel 1879 il padre finanzi\u00f2 la pubblicazione della prima opera del giovane studente, <i>Primo vere<\/i>, una raccolta di poesie che ebbe presto successo. Accompagnato da un&#8217;entusiastica recensione critica sulla rivista romana\u00a0<i>Il Fanfulla della domenica<\/i>, il libro venne pubblicizzato dallo stesso D&#8217;Annunzio con un espediente: fece diffondere la falsa notizia della propria morte per una caduta da cavallo. La notizia ebbe l&#8217;effetto di richiamare l&#8217;attenzione del pubblico romano sul romantico studente abruzzese, facendone un personaggio molto discusso. Lo stesso D&#8217;Annunzio poi sment\u00ec la falsa notizia. Dopo aver concluso gli studi liceali accompagnato da una notoriet\u00e0 in continua ascesa, giunse a Roma e si iscrisse alla Facolt\u00e0 di Lettere, dove non termin\u00f2 mai gli studi.<\/p>\n<h3><span id=\"Il_periodo_romano_(1881-1891)\" class=\"mw-headline\">Il periodo romano (1881-1891)\u00a0\u00a0<\/span><\/h3>\n<div class=\"thumb tleft\">\n<div class=\"thumbinner\">Gli anni 1881-1891\u00a0furono decisivi per la formazione di D&#8217;Annunzio, e nel rapporto con il particolare ambiente culturale e mondano di\u00a0Roma\u00a0da poco divenuta capitale del Regno, cominci\u00f2 a forgiarsi il suo stile raffinato e comunicativo, la sua visione del mondo e il nucleo centrale della sua poetica. La buona accoglienza che trov\u00f2 in citt\u00e0 fu favorita dalla presenza in essa di un folto gruppo di scrittori, artisti, musicisti, giornalisti di origine abruzzese, parte dei quali conosciuti dal poeta a\u00a0Francavilla al Mare, in un\u00a0convento\u00a0di propriet\u00e0 del corregionale e amico\u00a0Francesco Paolo Michetti\u00a0(fra essi\u00a0Scarfoglio,\u00a0Tosti,\u00a0Masciantonio\u00a0e\u00a0Barbella) che fece parlare in seguito di una &#8220;Roma\u00a0bizantina&#8221;, dal nome della rivista su cui scrivevano,\u00a0<i>Cronaca bizantina<\/i>.<\/div>\n<\/div>\n<p>La cultura provinciale e vitalistica di cui il gruppo si faceva portatore appariva al pubblico romano, chiuso in un ambiente ristretto e soffocante \u2014 ancora molto lontano dall&#8217;effervescenza intellettuale che animava le altre capitali europee \u2014 una novit\u00e0 &#8220;barbarica&#8221;, eccitante e trasgressiva; D&#8217;Annunzio seppe condensare perfettamente, con uno stile giornalistico esuberante, raffinato e virtuosistico, gli stimoli che questa opposizione &#8220;centro-periferia&#8221;, &#8220;natura-cultura&#8221; offrivano alle attese di lettori desiderosi di novit\u00e0.<\/p>\n<div class=\"thumb tright\">\n<div class=\"thumbinner\">D&#8217;Annunzio si era dovuto adattare al lavoro giornalistico soprattutto per esigenze economiche, ma attratto alla frequentazione della Roma &#8220;bene&#8221; dal suo gusto per l&#8217;esibizione della bellezza e del lusso, il 28 Luglio\u00a0 1883\u00a0spos\u00f2, con un matrimonio &#8220;di riparazione&#8221; (lei era gi\u00e0 incinta del figlio Mario), nella cappella di\u00a0Palazzo Altemps\u00a0a Roma,\u00a0Maria Hardouin\u00a0duchessa di\u00a0Gallese, da cui ebbe tre figli (Mario, deputato al parlamento,\u00a0Gabriele Maria, attore, e\u00a0Ugo Veniero). Il matrimonio fin\u00ec in una separazione legale dopo pochi anni (anche se il poeta e la ex-moglie rimasero in buoni rapporti), per le numerose relazioni extraconiugali di D&#8217;Annunzio. Tuttavia, le esperienze per lui decisive furono quelle trasfigurate negli eleganti e ricercati resoconti giornalistici. In questo rito di iniziazione letteraria egli mise rapidamente a fuoco i propri riferimenti culturali, nei quali si immedesim\u00f2 fino a trasfondervi tutte le sue energie creative ed emotive. Ma la donna venne presto messa in disparte dallo scrittore, che dall&#8217;aprile del\u00a01887\u00a0guard\u00f2 con grande passione alla nuova amante Barbara Leoni, destinata a restare il suo pi\u00f9 grande amore, anche al di l\u00e0 della loro storia durata cinque anni.<\/div>\n<\/div>\n<p>In quei primi anni giovanili utilizzava lo pseudonimo di &#8220;Duca Minimo&#8221; per gli articoli che scriveva per\u00a0La Tribuna, giornale fondato dagli esponenti della\u00a0Sinistra storica,\u00a0Alfredo Baccarini\u00a0e\u00a0Giuseppe Zanardelli.<\/p>\n<p>Il grande successo letterario arriv\u00f2 con la pubblicazione del suo primo romanzo,\u00a0<i>Il piacere<\/i>\u00a0a\u00a0Milano\u00a0presso l&#8217;editore Treves, nel\u00a01889. Tale romanzo, incentrato sulla figura dell&#8217;esteta decadente, inaugura una nuova prosa introspettiva e psicologica che rompe con i canoni estetici del naturalismo e del positivismo allora imperanti. Accanto a lettori ed estimatori pi\u00f9 attenti e colti, venne presto a crearsi attorno alla figura di D&#8217;Annunzio un vasto pubblico condizionato non tanto dai contenuti, quanto dalle forme e dai risvolti divistici delle sue opere e della sua persona, un vero e proprio\u00a0<i>star system<\/i> ante litteram, che lo stesso scrittore contribu\u00ec a costruire deliberatamente. Egli invent\u00f2 uno stile immaginoso e appariscente di vita da &#8220;grande divo&#8221;, con cui nutr\u00ec il bisogno di sogni, di misteri, di &#8220;vivere un&#8217;altra vita&#8221;, di oggetti e comportamenti-culto che stava connotando in Italia la nuova cultura di massa.<\/p>\n<h3><span id=\"Il_periodo_napoletano_.281891-1893.29\"><\/span><span id=\"Il_periodo_napoletano_(1891-1893)\" class=\"mw-headline\">Il periodo napoletano (1891-1893)<\/span><\/h3>\n<div class=\"thumb tright\">\n<div class=\"thumbinner\">\n<figure style=\"width: 170px\" class=\"wp-caption alignnone\"><img loading=\"lazy\" decoding=\"async\" class=\"thumbimage\" src=\"https:\/\/upload.wikimedia.org\/wikipedia\/commons\/thumb\/7\/74\/Paolo_Monti_-_Servizio_fotografico_%28Gardone_Riviera%2C_1969%29_-_BEIC_6330843.jpg\/170px-Paolo_Monti_-_Servizio_fotografico_%28Gardone_Riviera%2C_1969%29_-_BEIC_6330843.jpg\" alt=\"\" width=\"170\" height=\"248\" data-file-width=\"876\" data-file-height=\"1280\" \/><figcaption class=\"wp-caption-text\"><span style=\"font-size: 16px;\">Busto di\u00a0<\/span><a style=\"font-size: 16px;\" title=\"Paolo Troubetzkoy\" href=\"https:\/\/it.wikipedia.org\/wiki\/Paolo_Troubetzkoy\">Paolo Troubetzkoy<\/a><span style=\"font-size: 16px;\">,\u00a0 1892. <\/span><a style=\"font-size: 16px;\" title=\"Vittoriale degli italiani\" href=\"https:\/\/it.wikipedia.org\/wiki\/Vittoriale_degli_italiani\">Vittoriale degli italiani<\/a><span style=\"font-size: 16px;\">, Gardone Riviera &#8211;\u00a0<\/span><\/figcaption><\/figure>\n<\/div>\n<\/div>\n<p><span style=\"font-size: 16px;\">anche questo del periodo della fotografia autografata di Gabriele d&#8217;Annunzio<\/span><\/p>\n<p>Tra il\u00a01891\u00a0e il\u00a01893\u00a0D&#8217;Annunzio visse a\u00a0Napoli, dove compose\u00a0<i>Giovanni Episcopo<\/i>\u00a0e\u00a0<i>L&#8217;innocente<\/i>, seguiti da\u00a0<i>Il trionfo della morte<\/i>\u00a0(scritto in\u00a0Abruzzo, tra\u00a0Francavilla al Mare\u00a0e\u00a0San Vito Chietino) e dalle liriche del\u00a0<i>Poema paradisiaco<\/i>. Sempre di questo periodo \u00e8 il suo primo approccio agli scritti di\u00a0Friedrich Nietzsche. Le suggestioni nietzschiane, liberamente filtrate dalla sensibilit\u00e0 del Vate si ritroveranno anche ne\u00a0<i>Le vergini delle rocce<\/i>\u00a0(1895), poema in prosa dove l&#8217;arte \u00ab&#8230;si presenta come strumento di una diversa aristocrazia, elemento costitutivo del vivere inimitabile, suprema affermazione dell&#8217;individuo e criterio fondamentale di ogni atto\u00bb.<\/p>\n<p>Nel 1892, a seguito di una gara con Ferdinando Russo sulla capacit\u00e0 del poeta di comporre liriche in dialetto napoletano, D&#8217;Annunzio compone il testo de\u00a0<i>&#8216;A vucchella<\/i>, romanza che verr\u00e0 pubblicata nel 1907 musicata da Francesco Paolo Tosti. La canzone, eseguita da celebri tenori come Enrico Caruso e, in seguito, Luciano Pavarotti verr\u00e0 incisa anche da grandi interpreti della canzone napoletana come\u00a0Roberto Murolo\u00a0che ne faranno un classico.<\/p>\n<h3><span id=\"Il_periodo_fiorentino_.281894-1904.29\"><\/span><span id=\"Il_periodo_fiorentino_(1894-1904)\" class=\"mw-headline\">Il periodo fiorentino (1894-1904)<\/span><\/h3>\n<p>Sempre nel\u00a01892\u00a0cominci\u00f2 una relazione epistolare con la celebre attrice\u00a0Eleonora Duse, con la quale ebbe inizio la stagione centrale della sua vita. Si conobbero personalmente nel 1894 e subito scatt\u00f2 l&#8217;amore. Per vivere accanto alla sua nuova compagna, D&#8217;Annunzio si trasfer\u00ec a\u00a0Firenze, nella zona di\u00a0Settignano, dove affitt\u00f2 la\u00a0villa La Capponcina\u00a0&#8211; dal nome della famiglia Capponi che ne era stata la proprietaria &#8211; (vicinissima alla villa\u00a0La Porziuncola\u00a0dell&#8217;attrice), trasformandola in un monumento del gusto estetico\u00a0decadente, definita da lui &#8220;la vita del signore rinascimentale&#8221;.<\/p>\n<p>Frequent\u00f2 anche il Chianti e conobbe una nobile di\u00a0San Casciano in Val di Pesa, pass\u00f2 un breve periodo presso\u00a0<i>il Fedino<\/i>, una nota villa del luogo. Sono in questi anni che si situa gran parte della drammaturgia dannunziana, piuttosto innovativa rispetto ai canoni del dramma borghese o del teatro, dominanti in Italia, e che non di rado ha come punto di riferimento la figura attoriale della Duse, nonch\u00e9 le sue migliori opere poetiche, la gran parte delle\u00a0<i>Laudi<\/i>, e, tra queste, il vertice e capolavoro della poesia dannunziana, l&#8217;<i>Alcyone<\/i>. La relazione dell&#8217;artista con Eleonora Duse \u00e8 stata celebrata a\u00a0Firenze\u00a0in un modo molto originale. Alla nascita del quartiere fiorentino di\u00a0Coverciano\u00a0(sorto proprio ai piedi della villa dannunziana di Settignano), due importanti arterie stradali della zona vennero inaugurate in memoria dei famosi amanti, prevedendo inoltre un incrocio tra queste vie.<\/p>\n<p>Tra il\u00a01893\u00a0e il\u00a01897\u00a0D&#8217;Annunzio condusse un&#8217;esistenza movimentata, che lo port\u00f2 dapprima nella sua terra d&#8217;origine e poi in\u00a0Grecia, che visit\u00f2 nel corso di un lungo viaggio.<\/p>\n<p>Nel\u00a01897\u00a0volle provare l&#8217;esperienza politica, vivendo anch&#8217;essa, come tutto il resto, in un modo bizzarro e clamoroso: eletto\u00a0deputato\u00a0della destra, pass\u00f2 quasi subito nelle file della sinistra, giustificandosi con la celebre affermazione \u00abvado verso la vita\u00bb, per protesta contro\u00a0Luigi Pelloux\u00a0e le &#8220;leggi liberticide&#8221;; espresse anche vivaci proteste per la sanguinosa repressione dei\u00a0moti di Milano\u00a0da parte del\u00a0generale\u00a0Fiorenzo Bava Beccaris. Dal\u00a01900\u00a0al\u00a01906\u00a0fu molto vicino al\u00a0Partito Socialista Italiano.<\/p>\n<h3><span id=\"Il_trasferimento_in_Francia_(1904-1915)\" class=\"mw-headline\">Il trasferimento in Francia (1904-1915)<\/span><\/h3>\n<div class=\"thumb tleft\">\n<div class=\"thumbinner\">\n<p><a class=\"image\" href=\"https:\/\/it.wikipedia.org\/wiki\/File:Eleonora_Duse.jpg\"><img loading=\"lazy\" decoding=\"async\" class=\"thumbimage alignnone\" src=\"https:\/\/upload.wikimedia.org\/wikipedia\/commons\/thumb\/b\/b9\/Eleonora_Duse.jpg\/150px-Eleonora_Duse.jpg\" alt=\"\" width=\"150\" height=\"183\" data-file-width=\"246\" data-file-height=\"300\" \/><\/a><\/p>\n<div class=\"thumbcaption\">\n<div class=\"magnify\"><a title=\"Eleonora Duse\" href=\"https:\/\/it.wikipedia.org\/wiki\/Eleonora_Duse\">Eleonora Duse<\/a><\/div>\n<\/div>\n<\/div>\n<\/div>\n<p>La relazione con\u00a0Eleonora Duse\u00a0si incrin\u00f2 nel\u00a01904, dopo la pubblicazione del romanzo\u00a0<i>Il fuoco<\/i>, in cui il poeta aveva descritto impietosamente la loro relazione, e il tradimento con Alessandra di Rudin\u00ed. In quell&#8217;epoca la vita dispendiosa condotta dal Vate lo port\u00f2 a sperperare le cospicue somme percepite per le proprie pubblicazioni, che divennero insufficienti a coprire le spese prodottesi. Nel\u00a01910, convinto dalla nuova amante\u00a0Nathalie de Goloubeff, D&#8217;Annunzio si trasfer\u00ec in\u00a0Francia: gi\u00e0 da tempo aveva accumulato una serie di debiti e, per evitare i creditori, aveva preferito allontanarsi dal proprio Paese. L&#8217;arredamento della villa fu messo all&#8217;asta e D&#8217;Annunzio per cinque anni non rientr\u00f2 in Italia. Risale a questo periodo la relazione con l&#8217;americana\u00a0Romaine Beatrice Brooks.<\/p>\n<p>A\u00a0Parigi\u00a0era un personaggio noto, era stato tradotto da Georges H\u00e9relle e il dibattito tra decadentisti e naturalisti aveva a suo tempo suscitato un notevole interesse gi\u00e0 con\u00a0Huysmans. Ci\u00f2 gli permise di mantenere inalterato il suo dissipato stile di vita fatto di debiti e frequentazioni mondane, tra cui quelle con\u00a0<a title=\"Filippo Tommaso Marinetti\" href=\"https:\/\/it.wikipedia.org\/wiki\/Filippo_Tommaso_Marinetti\">Filippo Tommaso Marinetti<\/a>\u00a0e\u00a0<a title=\"Claude Debussy\" href=\"https:\/\/it.wikipedia.org\/wiki\/Claude_Debussy\">Claude Debussy<\/a>. Pur lontano dall&#8217;Italia, collabor\u00f2 al dibattito politico prebellico, pubblicando versi in celebrazione della\u00a0guerra italo-turca, inclusi poi in\u00a0<i>Merope<\/i>, o editoriali per diversi giornali nazionali (in particolare per il\u00a0<i>Corriere della Sera<\/i>), che a loro volta gli concedevano altri prestiti.<\/p>\n<div class=\"thumb tright\">\n<div class=\"thumbinner\">Nel 1910\u00a0D&#8217;Annunzio ader\u00ec all&#8217;Associazione Nazionalista Italiana\u00a0fondata da\u00a0Corradini. Nei suoi contributi inneggi\u00f2 a una\u00a0politica di potenza, opponendo la sua idea di Nazione all&#8217;\u00abItalietta meschina e pacifista\u00bb.<\/div>\n<\/div>\n<p>Nel\u00a01914\u00a0Gabriele D&#8217;Annunzio rifiut\u00f2 di diventare\u00a0Accademico della Crusca, dichiarandosi nemico degli onori letterari e delle Universit\u00e0. Ai bolognesi che gli offrivano una cattedra scrisse infatti: \u201camo pi\u00f9 le aperte spiagge che le chiuse scuole dalle quali vi auguro di liberarvi\u201d.<\/p>\n<p>Dopo il periodo parigino si ritir\u00f2 ad\u00a0Arcachon, sulla costa atlantica, dove si dedic\u00f2 all&#8217;attivit\u00e0 letteraria in collaborazione con musicisti di successo (Mascagni,\u00a0Debussy), e compose libretti d&#8217;opera (<i>Le martyre de Saint S\u00e9bastien<\/i>) e soggetti per film (<i>Cabiria<\/i>).<\/p>\n<h3><span id=\"Partecipazione_alla_prima_guerra_mondiale_(1915-1918)\" class=\"mw-headline\">Partecipazione alla prima guerra mondiale (1915-1918)<\/span><\/h3>\n<p>Nel\u00a01915\u00a0ritorn\u00f2 in Italia, dove rifiut\u00f2 la cattedra di letteratura italiana che era stata di\u00a0Pascoli; condusse immediatamente un&#8217;intensa propaganda interventista, inneggiando al mito di\u00a0Roma\u00a0e del\u00a0Risorgimento\u00a0e richiamandosi alla figura di\u00a0<a title=\"Giuseppe Garibaldi\" href=\"https:\/\/it.wikipedia.org\/wiki\/Giuseppe_Garibaldi\">Giuseppe Garibaldi<\/a>.<sup id=\"cite_ref-:0_11-1\" class=\"reference\"><\/sup><\/p>\n<p>Il discorso celebrativo che D&#8217;Annunzio pronunci\u00f2 a\u00a0Quarto\u00a0il 5 maggio\u00a01915\u00a0durante l&#8217;inaugurazione del\u00a0monumento ai Mille, in seno alle imponenti manifestazioni che si svolsero a Genova in occasione delle celebrazioni del Primo Maggio, segn\u00f2 l&#8217;inizio di un fitto programma di manifestazioni interventiste, che culminarono con le arringhe tenute a Roma durante tutto il periodo antecendente l&#8217;entrata in guerra, durante le cosiddette &#8220;radiose giornate di maggio&#8221;. Con lo scoppio del conflitto con l&#8217;Austria-Ungheria, D&#8217;Annunzio, nonostante avesse 52 anni, ottenne di arruolarsi come\u00a0volontario di guerra\u00a0nei\u00a0Lancieri di Novara, partecipando subito ad alcune azioni dimostrative navali e aeree. Per un periodo risiedette a\u00a0Cervignano del Friuli\u00a0e\u00a0Santa Maria la Longa, localit\u00e0 vicine al Comando della III Armata, a capo della quale era il suo estimatore\u00a0Emanuele Filiberto di Savoia, Duca d&#8217;Aosta.<\/p>\n<div class=\"thumb tleft\">\n<div class=\"thumbinner\">\n<p><a class=\"image\" href=\"https:\/\/it.wikipedia.org\/wiki\/File:Volantinodann.jpg\"><img loading=\"lazy\" decoding=\"async\" class=\"thumbimage alignnone\" src=\"https:\/\/upload.wikimedia.org\/wikipedia\/commons\/thumb\/d\/dd\/Volantinodann.jpg\/220px-Volantinodann.jpg\" alt=\"\" width=\"220\" height=\"135\" data-file-width=\"2652\" data-file-height=\"1628\" \/><\/a><\/p>\n<div class=\"thumbcaption\">\n<div class=\"magnify\"><strong>Uno dei volantini lanciati su Vienna<\/strong> (esistono volantini con firma autografata, e qualche fotografia di Gabriele d&#8217;Annunzio durante la missione su Vienna)<\/div>\n<div><\/div>\n<\/div>\n<\/div>\n<\/div>\n<p>Ottenuto il brevetto di Osservatore d&#8217;aereo, nell&#8217;agosto 1915 effettu\u00f2 un volo sopra Trieste insieme al suo comandante e carissimo amico Giuseppe Garrassini Garbarino, lanciando manifesti propagandistici; nel settembre 1915 partecip\u00f2 a un&#8217;incursione aerea su Trento e nei mesi successivi, sul fronte carsico, a un attacco lanciato sul monte San Michele nel quadro delle battaglie dell&#8217;Isonzo. Il 16 gennaio del 1916, a seguito di un atterraggio d&#8217;emergenza, nell&#8217;urto contro la mitragliatrice dell&#8217;aereo riport\u00f2 una lesione all&#8217;altezza della tempia e dell&#8217;arcata sopracciliare destra. La ferita, non curata per un mese, provoc\u00f2 la <strong>perdita dell&#8217;occhio<\/strong> che tenne coperto da una benda; anche da questo episodio trasse ispirazione per autodefinirsi e autografarsi come\u00a0<i>l&#8217;<strong>Orbo veggente <\/strong><\/i>(rarissimo \u00e8 trovare una fotografia autografata in questo modo di Gabriele d&#8217;Annunzio) &#8211; Dopo l&#8217;incidente pass\u00f2 un periodo di convalescenza a Venezia, durante il quale, assistito dalla figlia Renata, compose il <i>Notturno<\/i>. L&#8217;opera, interamente dedicata a ricordi e riflessioni legati all&#8217;esperienza di guerra, fu pubblicata nel 1921. Torn\u00f2 al fronte: nel settembre 1916 partecip\u00f2 a un&#8217;incursione su Parenzo e, nell&#8217;anno successivo, con la III Armata, alla conquista del\u00a0<strong><i>Veliki<\/i><\/strong>\u00a0e al cruento scontro presso le foci del\u00a0<strong>Timavo<\/strong> nel corso della decima battaglia dell&#8217;Isonzo (famosa la fotografia di Gabriele d&#8217;Annunzio in ginocchio mentre prega per le vittime del Timavo, a volte la si trova anche autografata)<\/p>\n<p>Nell&#8217;agosto del\u00a01917\u00a0comp\u00ec, con i piloti\u00a0Maurizio Pagliano\u00a0e\u00a0Luigi Gori\u00a0e il loro\u00a0Caproni Ca.33, decorato con l&#8217;Asso di Picche, tre raid notturni su\u00a0<strong>Pola<\/strong>\u00a0(3, 5 e 8 agosto). Alla fine del mese effettu\u00f2 col medesimo equipaggio attacchi a volo radente sulla dorsale dell&#8217;Hermada, riportando una ferita al polso e rientrando con il velivolo forato da 134 colpi. A settembre parve realizzarsi la possibilit\u00e0 di effettuare l&#8217;agognato raid su Vienna. A tal fine, con Pagliano e Gori comp\u00ec un volo dimostrativo di 1000\u00a0km in 9 ore di volo, ma all&#8217;ultimo istante il consenso al raid venne negato. Alla fine di settembre si trasfer\u00ec a\u00a0Gioia del Colle\u00a0(BA), inquadrato sempre con Pagliano e Gori, oltre al tenente\u00a0Ivo Oliveti,\u00a0Casimiro Buttini,\u00a0Gino Lisa,\u00a0Mariano D&#8217;Ayala Godoy,\u00a0Andrea Bafile\u00a0e il corrispondente di guerra del\u00a0Corriere della Sera\u00a0Guelfo Civinini, nel\u00a0Distaccamento A.R., comandato dal maggiore\u00a0Armando Armani, sui\u00a0Caproni Ca.33\u00a0e al comando della 1\u00aa Squadriglia bis, per compiere una missione sulle installazioni navali del golfo di\u00a0Cattaro. L&#8217;impresa venne portata a termine con successo, sempre con Pagliano e Gori, la notte del 4 ottobre,\u00a0<span class=\"chiarimento\" title=\"Il testo selezionato deve essere comprovato da una fonte affidabile. Modifica la pagina per aggiungere fonti.\">volando per oltre 500\u00a0km sul mare, senza riferimenti, orientandosi con la bussola e le stelle<\/span>. Alla fine di ottobre, durante la\u00a0battaglia di Caporetto, incit\u00f2 i soldati, pronunciando discorsi appassionati. Nel febbraio del 1918, imbarcato sui\u00a0MAS 96\u00a0della\u00a0Regia Marina, partecip\u00f2 al raid navale, denominato la\u00a0<strong><a title=\"Beffa di Buccari\" href=\"https:\/\/it.wikipedia.org\/wiki\/Beffa_di_Buccari\">beffa di Buccari<\/a><\/strong>, azione dedicata alla memoria dei suoi compagni di volo Pagliano e Gori, caduti il 30 dicembre.<\/p>\n<p>L&#8217;11 marzo 1918, con il grado di\u00a0maggiore, assunse il comando della\u00a0<a title=\"1\u00aa Squadriglia navale S.A.\" href=\"https:\/\/it.wikipedia.org\/wiki\/1%C2%AA_Squadriglia_navale_S.A.\">1\u00aa Squadriglia navale S.A.<\/a>\u00a0del\u00a0campo volo di San Nicol\u00f2\u00a0del\u00a0Lido di Venezia, primo esperimento di siluranti aeree, chiamata Squadra aerea San Marco, e ne coni\u00f2 il motto:\u00a0<strong><i>Sufficit Animus<\/i>\u00a0<\/strong>(&#8220;\u00c8 sufficiente [anche solo] il coraggio&#8221;). Tale squadriglia era mista, in quanto formata da aeroplani da ricognizione-bombardamento (velivoli\u00a0SIA 9B &#8211; 4 velivoli nel 1\u00ba semestre 1918 e 7 velivoli nel 2\u00ba semestre 1918) e da ricognizione\/caccia (10 velivoli\u00a0Ansaldo S.V.A.).<\/p>\n<p>Nell&#8217;agosto del 1918, alla guida della\u00a087\u00aa Squadriglia aeroplani\u00a0&#8220;Serenissima&#8221;, equipaggiata con i nuovi velivoli\u00a0SVA 5, realizz\u00f2 il suo sogno: il\u00a0<strong><a title=\"Volo su Vienna\" href=\"https:\/\/it.wikipedia.org\/wiki\/Volo_su_Vienna\">Volo su Vienna<\/a><\/strong>. Preso posto su uno SVA modificato, pilotato dal capitano Natale Palli, il 9 agosto raggiunse con una formazione di sette aeroplani la capitale asburgica, compiendo un volo di oltre 1000 km, quasi tutti sorvolando il territorio in mano al nemico. L&#8217;azione fu caratterizzata dal lancio di migliaia di manifestini nei cieli di Vienna, con scritte che inneggiavano alla pace e alla fine delle ostilit\u00e0. L&#8217;eco e la risonanza di tale azione furono enormi e perfino il nemico dovette ammetterne il valore. Fino al termine del conflitto, D&#8217;Annunzio si prodig\u00f2 in innumerevoli voli di bombardamento sui territori occupati dall&#8217;esercito austriaco, fino alla battaglia finale, ai primi di novembre 1918.<\/p>\n<p>Si conged\u00f2 con il grado di\u00a0tenente colonnello, inusuale, all&#8217;epoca, per un ufficiale di complemento (ebbe tre promozioni per merito di guerra); gli verr\u00e0 anche concesso nel 1925 il titolo onorario di\u00a0generale di brigata aerea. Fu insignito di una\u00a0medaglia d&#8217;oro al valor militare, cinque d&#8217;argento e una di bronzo. Nell&#8217;immediato dopoguerra D&#8217;Annunzio si fece portatore di un vasto malcontento, insistendo sul tema della &#8220;vittoria mutilata&#8221; e chiedendo, in sintonia con il movimento dei combattenti, il rinnovamento della classe dirigente in Italia. Lo stesso clima di malcontento port\u00f2 all&#8217;ascesa di\u00a0Benito Mussolini, che di qui al\u00a01922\u00a0avrebbe condotto il\u00a0fascismo\u00a0a prendere il potere in Italia.<\/p>\n<p>Durante il conflitto D&#8217;Annunzio conobbe il poeta\u00a0giapponese\u00a0<strong>Harukichi Shimoi<\/strong>, arruolatosi negli\u00a0Arditi\u00a0dell&#8217;esercito italiano. Dall&#8217;incontro dei due poeti-soldati nacque l&#8217;idea, promossa a partire dal marzo 1919, del\u00a0<strong>raid aereo Roma-Tokyo<\/strong>, ovviamente pacifico, a cui il\u00a0<i>Vate<\/i>\u00a0voleva inizialmente partecipare, e che fu portato a termine dall&#8217;aviatore\u00a0Arturo Ferrarin.<\/p>\n<h3><span id=\"L.27impresa_di_Fiume_.281919-1921.29\"><\/span><span id=\"L'impresa_di_Fiume_(1919-1921)\" class=\"mw-headline\">L&#8217;impresa di Fiume (1919-1921)<\/span><\/h3>\n<div class=\"thumb tleft\">\n<div class=\"thumbinner\">\n<p><a class=\"image\" href=\"https:\/\/it.wikipedia.org\/wiki\/File:Enrico_Marchiani,_Ritratto_di_Gabriele_d%27Annunzio_in_uniforme_da_Ardito._Olio_su_tela.jpg\"><img loading=\"lazy\" decoding=\"async\" class=\"thumbimage alignnone\" src=\"https:\/\/upload.wikimedia.org\/wikipedia\/it\/thumb\/3\/3a\/Enrico_Marchiani%2C_Ritratto_di_Gabriele_d%27Annunzio_in_uniforme_da_Ardito._Olio_su_tela.jpg\/220px-Enrico_Marchiani%2C_Ritratto_di_Gabriele_d%27Annunzio_in_uniforme_da_Ardito._Olio_su_tela.jpg\" alt=\"\" width=\"220\" height=\"335\" data-file-width=\"294\" data-file-height=\"448\" \/><\/a><\/p>\n<div class=\"thumbcaption\">\n<p>Enrico Marchiani,\u00a0<i>Ritratto di Gabriele d&#8217;Annunzio in uniforme da Ardito<\/i>. Dipinto esposto al\u00a0<i>Museo D&#8217;Annunzio Eroe<\/i>\u00a0del Vittoriale<\/p>\n<\/div>\n<\/div>\n<\/div>\n<p>Nel settembre 1919\u00a0D&#8217;Annunzio, insieme con un gruppo paramilitare, guid\u00f2 una spedizione di &#8220;legionari&#8221;, partiti da Ronchi di Monfalcone (ribattezzata, nel\u00a01925,\u00a0Ronchi dei Legionari\u00a0in ricordo della storica impresa), per l&#8217;occupazione della citt\u00e0 di\u00a0Fiume, che le potenze alleate vincitrici non avevano assegnato all&#8217;Italia. Con questo gesto D&#8217;Annunzio raggiunse l&#8217;apice del processo di edificazione del proprio mito personale e politico.<\/p>\n<p>A Fiume, occupata dalle truppe alleate, gi\u00e0 nell&#8217;ottobre\u00a01918 si era costituito un Consiglio nazionale che propugnava l&#8217;annessione all&#8217;Italia, di cui fu nominato presidente\u00a0Antonio Grossich. D&#8217;Annunzio con una colonna di volontari (tra i quali vi era anche\u00a0Silvio Montanarella, marito della figlia Renata) occup\u00f2 Fiume e vi instaur\u00f2 il &#8220;Comando dell&#8217;Esercito italiano in Fiume d&#8217;Italia&#8221;. Il 5 ottobre\u00a01920\u00a0ader\u00ec al\u00a0Fascio di combattimento\u00a0di Fiume.<\/p>\n<p>D&#8217;Annunzio, che era anche comandante delle\u00a0Forze Armate Fiumane, e il suo governo vararono tra l&#8217;altro la\u00a0Carta del Carnaro, una\u00a0costituzione\u00a0provvisoria, scritta dal sindacalista rivoluzionario\u00a0Alceste de Ambris e modificata in parte da D&#8217;Annunzio stesso, che prevedeva, assieme alle varie leggi applicative e regolamenti varati, numerosi diritti per i lavoratori, le pensioni di invalidit\u00e0, l&#8217;<i>habeas corpus<\/i>, il\u00a0suffragio universale\u00a0maschile e\u00a0femminile, la libert\u00e0 di opinione, di religione e di orientamento sessuale, la depenalizzazione dell&#8217;omosessualit\u00e0, del\u00a0nudismo\u00a0e dell&#8217;uso di\u00a0droga, la funzione sociale della propriet\u00e0 privata, il\u00a0corporativismo, le\u00a0autonomie locali\u00a0e il risarcimento degli errori giudiziari, il tutto molto tempo prima di altre carte costituzionali dell&#8217;epoca.<\/p>\n<p>Alle 9 corporazioni originarie ne aggiunse una decima, costituita dai cosiddetti &#8220;uomini novissimi&#8221;. Gli articoli XLIII e XLIV delineano la figura di un &#8220;Comandante&#8221; (lo stesso D&#8217;Annunzio), eletto con voto palese, una sorta di\u00a0dittatore romano, attivo per il tempo di guerra, che detiene &#8220;la potest\u00e0 suprema senza appellazione&#8221; e &#8220;assomma tutti i poteri politici e militari, legislativi ed esecutivi. I partecipi del Potere esecutivo assumono presso di lui officio di segretarii e commissarii.&#8221;<\/p>\n<p>Prima della fine dell&#8217;esperienza fiumana, la Reggenza del Carnaro sar\u00e0 il primo Stato indipendente al mondo &#8211; anche se autoproclamato e non ufficiale &#8211; a riconoscere nel 1920 la legittimit\u00e0 della Repubblica Socialista Federativa Sovietica Russa che nel 1923, unendosi alle altre repubbliche federali a essa subordinate, sorte sulle ceneri dell&#8217;Impero Russo durante la rivoluzione d&#8217;ottobre, diverr\u00e0 l&#8217;Unione Sovietica; in cambio, i sovietici, guidati da Lenin, furono gli unici al mondo a riconoscere l&#8217;indipendenza statale di Fiume dalla Jugoslavia. D&#8217;Annunzio per un certo periodo guard\u00f2 con simpatia ai bolscevichi, tanto che il 27 e il 28 maggio 1922 ospit\u00f2 al\u00a0<i>Vittoriale<\/i>\u00a0Georgij Vasil&#8217;jevi\u010d \u010ci\u010derin, commissario\u00a0sovietico\u00a0agli affari esteri arrivato in Italia per la\u00a0conferenza di Genova. Tuttavia nel\u00a01926\u00a0esprimer\u00e0 invece critiche contro il governo sovietico.<\/p>\n<p>Il 12 novembre\u00a01920\u00a0una delegazione di ufficiali del Ministero della Guerra, di cui faceva parte anche\u00a0Pietro Micheletti, stipul\u00f2 il\u00a0trattato di Rapallo: Fiume divenne citt\u00e0 libera e\u00a0Zara\u00a0pass\u00f2 all&#8217;Italia, ma D&#8217;Annunzio non accett\u00f2 l&#8217;accordo e il governo italiano di\u00a0Giovanni Giolitti\u00a0il 26 dicembre\u00a01920\u00a0fece sgomberare i legionari con la forza, causando numerosi morti, nel cosiddetto &#8220;<strong>Natale di sangue<\/strong>&#8220;. Ai tempi di\u00a0Fiume\u00a0D&#8217;Annunzio soprannomin\u00f2 sprezzantemente\u00a0<i>Cagoja<\/i>\u00a0l&#8217;ex primo ministro\u00a0Francesco Saverio Nitti, in relazione alla sua contrariet\u00e0 verso l&#8217;annessione di Fiume. Nel\u00a01924\u00a0lo\u00a0Stato libero di Fiume\u00a0fu infine annesso all&#8217;Italia, e italiano rimase fino al\u00a01945.<\/p>\n<p><strong><em>&#8230; omissis &#8230;<\/em><\/strong><\/p>\n<p>&nbsp;<\/p>\n<p>Fonte degli articoli\u00a0 :\u00a0 <a href=\"https:\/\/it.wikipedia.org\/wiki\/Gabriele_D%27Annunzio\">Wikipedia<\/a> , per ulteriori approfondimenti data la vastit\u00e0 dell&#8217;argomento dannunziano.<\/p>\n<p>&nbsp;<\/p>\n<p>8.20<\/p>\n","protected":false},"excerpt":{"rendered":"<p style=\"text-align: center;\">Fotografia autografata di <strong>Gabriele d&#8217;Annunzio<\/strong>, firmata di pugno dal Vate, periodo\u00a0 1890-1899, originale.<\/p>\n<p style=\"text-align: center;\">La foto \u00e8 in ottime condizioni. Si garantisce l&#8217;originalit\u00e0 assoluta di questa fotografia e se ne fornisce certificazione di autenticit\u00e0.<\/p>\n<p style=\"text-align: center;\">Misure approssimative della sola fotografia cm. 9 x 14<\/p>\n<p style=\"text-align: center;\"><strong><em>(Scorri la pagina in basso per ulteriori dettagli e informazioni)<\/em><\/strong><\/p>\n","protected":false},"featured_media":6893,"comment_status":"open","ping_status":"closed","template":"","meta":[],"product_cat":[586],"product_tag":[223,224,207,182,203,278,221,220,219,218,225,222,205,206],"yoast_head":"<!-- This site is optimized with the Yoast SEO plugin v21.9.1 - https:\/\/yoast.com\/wordpress\/plugins\/seo\/ -->\n<title>\u274c\ud83d\ude41Gabriele d&#039;Annunzio fotografia AUTOGRAFATA - originale - Thefinitive<\/title>\n<meta name=\"description\" content=\"Gabriele d&#039;Annunzio fotografia foto autografata - Autografo originale - Original hand written D&#039;Annunzio signature autographed photo\" \/>\n<meta name=\"robots\" content=\"index, follow, max-snippet:-1, max-image-preview:large, max-video-preview:-1\" \/>\n<link rel=\"canonical\" href=\"https:\/\/thefinitive.com\/en\/prodotto\/gabriele-dannunzio-fotografia-autografata-originale\/\" \/>\n<meta property=\"og:locale\" content=\"en_US\" \/>\n<meta property=\"og:type\" content=\"article\" \/>\n<meta property=\"og:title\" content=\"\u274c\ud83d\ude41Gabriele d&#039;Annunzio fotografia AUTOGRAFATA - originale - Thefinitive\" \/>\n<meta property=\"og:description\" content=\"Gabriele d&#039;Annunzio fotografia foto autografata - Autografo originale - Original hand written D&#039;Annunzio signature autographed photo\" \/>\n<meta property=\"og:url\" content=\"https:\/\/thefinitive.com\/en\/prodotto\/gabriele-dannunzio-fotografia-autografata-originale\/\" \/>\n<meta property=\"og:site_name\" content=\"Thefinitive\" \/>\n<meta property=\"article:publisher\" content=\"https:\/\/business.facebook.com\/Thefinitive-111771813534320\/\" \/>\n<meta property=\"article:modified_time\" content=\"2023-03-20T14:38:27+00:00\" \/>\n<meta property=\"og:image\" content=\"https:\/\/thefinitive.com\/wp-content\/uploads\/2020\/08\/danna1-2.jpg\" \/>\n\t<meta property=\"og:image:width\" content=\"2160\" \/>\n\t<meta property=\"og:image:height\" content=\"2160\" \/>\n\t<meta property=\"og:image:type\" content=\"image\/jpeg\" \/>\n<meta name=\"twitter:card\" content=\"summary_large_image\" \/>\n<meta name=\"twitter:label1\" content=\"Est. reading time\" \/>\n\t<meta name=\"twitter:data1\" content=\"18 minutes\" \/>\n<script type=\"application\/ld+json\" class=\"yoast-schema-graph\">{\"@context\":\"https:\/\/schema.org\",\"@graph\":[{\"@type\":\"WebPage\",\"@id\":\"https:\/\/thefinitive.com\/en\/prodotto\/gabriele-dannunzio-fotografia-autografata-originale\/\",\"url\":\"https:\/\/thefinitive.com\/en\/prodotto\/gabriele-dannunzio-fotografia-autografata-originale\/\",\"name\":\"\u274c\ud83d\ude41Gabriele d'Annunzio fotografia AUTOGRAFATA - originale - Thefinitive\",\"isPartOf\":{\"@id\":\"https:\/\/thefinitive.com\/en\/#website\"},\"datePublished\":\"2020-10-27T16:59:30+00:00\",\"dateModified\":\"2023-03-20T14:38:27+00:00\",\"description\":\"Gabriele d'Annunzio fotografia foto autografata - Autografo originale - Original hand written D'Annunzio signature autographed photo\",\"breadcrumb\":{\"@id\":\"https:\/\/thefinitive.com\/en\/prodotto\/gabriele-dannunzio-fotografia-autografata-originale\/#breadcrumb\"},\"inLanguage\":\"en-US\",\"potentialAction\":[{\"@type\":\"ReadAction\",\"target\":[\"https:\/\/thefinitive.com\/en\/prodotto\/gabriele-dannunzio-fotografia-autografata-originale\/\"]}]},{\"@type\":\"BreadcrumbList\",\"@id\":\"https:\/\/thefinitive.com\/en\/prodotto\/gabriele-dannunzio-fotografia-autografata-originale\/#breadcrumb\",\"itemListElement\":[{\"@type\":\"ListItem\",\"position\":1,\"name\":\"Home\",\"item\":\"https:\/\/thefinitive.com\/en\/\"},{\"@type\":\"ListItem\",\"position\":2,\"name\":\"Shop\",\"item\":\"https:\/\/thefinitive.com\/en\/shop-2\/\"},{\"@type\":\"ListItem\",\"position\":3,\"name\":\"\u274c\ud83d\ude41Gabriele d&#8217;Annunzio fotografia AUTOGRAFATA &#8211; originale\"}]},{\"@type\":\"WebSite\",\"@id\":\"https:\/\/thefinitive.com\/en\/#website\",\"url\":\"https:\/\/thefinitive.com\/en\/\",\"name\":\"Thefinitive\",\"description\":\"Antiquariato Online\",\"publisher\":{\"@id\":\"https:\/\/thefinitive.com\/en\/#organization\"},\"potentialAction\":[{\"@type\":\"SearchAction\",\"target\":{\"@type\":\"EntryPoint\",\"urlTemplate\":\"https:\/\/thefinitive.com\/en\/?s={search_term_string}\"},\"query-input\":\"required name=search_term_string\"}],\"inLanguage\":\"en-US\"},{\"@type\":\"Organization\",\"@id\":\"https:\/\/thefinitive.com\/en\/#organization\",\"name\":\"Thefinitive\",\"url\":\"https:\/\/thefinitive.com\/en\/\",\"logo\":{\"@type\":\"ImageObject\",\"inLanguage\":\"en-US\",\"@id\":\"https:\/\/thefinitive.com\/en\/#\/schema\/logo\/image\/\",\"url\":\"https:\/\/thefinitive.com\/wp-content\/uploads\/2019\/07\/logo4vett.svg\",\"contentUrl\":\"https:\/\/thefinitive.com\/wp-content\/uploads\/2019\/07\/logo4vett.svg\",\"width\":500,\"height\":100,\"caption\":\"Thefinitive\"},\"image\":{\"@id\":\"https:\/\/thefinitive.com\/en\/#\/schema\/logo\/image\/\"},\"sameAs\":[\"https:\/\/business.facebook.com\/Thefinitive-111771813534320\/\",\"https:\/\/www.instagram.com\/_thefinitive_\/\"]}]}<\/script>\n<!-- \/ Yoast SEO plugin. -->","yoast_head_json":{"title":"\u274c\ud83d\ude41Gabriele d'Annunzio fotografia AUTOGRAFATA - originale - Thefinitive","description":"Gabriele d'Annunzio fotografia foto autografata - Autografo originale - Original hand written D'Annunzio signature autographed photo","robots":{"index":"index","follow":"follow","max-snippet":"max-snippet:-1","max-image-preview":"max-image-preview:large","max-video-preview":"max-video-preview:-1"},"canonical":"https:\/\/thefinitive.com\/en\/prodotto\/gabriele-dannunzio-fotografia-autografata-originale\/","og_locale":"en_US","og_type":"article","og_title":"\u274c\ud83d\ude41Gabriele d'Annunzio fotografia AUTOGRAFATA - originale - Thefinitive","og_description":"Gabriele d'Annunzio fotografia foto autografata - Autografo originale - Original hand written D'Annunzio signature autographed photo","og_url":"https:\/\/thefinitive.com\/en\/prodotto\/gabriele-dannunzio-fotografia-autografata-originale\/","og_site_name":"Thefinitive","article_publisher":"https:\/\/business.facebook.com\/Thefinitive-111771813534320\/","article_modified_time":"2023-03-20T14:38:27+00:00","og_image":[{"width":2160,"height":2160,"url":"https:\/\/thefinitive.com\/wp-content\/uploads\/2020\/08\/danna1-2.jpg","type":"image\/jpeg"}],"twitter_card":"summary_large_image","twitter_misc":{"Est. reading time":"18 minutes"},"schema":{"@context":"https:\/\/schema.org","@graph":[{"@type":"WebPage","@id":"https:\/\/thefinitive.com\/en\/prodotto\/gabriele-dannunzio-fotografia-autografata-originale\/","url":"https:\/\/thefinitive.com\/en\/prodotto\/gabriele-dannunzio-fotografia-autografata-originale\/","name":"\u274c\ud83d\ude41Gabriele d'Annunzio fotografia AUTOGRAFATA - originale - Thefinitive","isPartOf":{"@id":"https:\/\/thefinitive.com\/en\/#website"},"datePublished":"2020-10-27T16:59:30+00:00","dateModified":"2023-03-20T14:38:27+00:00","description":"Gabriele d'Annunzio fotografia foto autografata - Autografo originale - Original hand written D'Annunzio signature autographed photo","breadcrumb":{"@id":"https:\/\/thefinitive.com\/en\/prodotto\/gabriele-dannunzio-fotografia-autografata-originale\/#breadcrumb"},"inLanguage":"en-US","potentialAction":[{"@type":"ReadAction","target":["https:\/\/thefinitive.com\/en\/prodotto\/gabriele-dannunzio-fotografia-autografata-originale\/"]}]},{"@type":"BreadcrumbList","@id":"https:\/\/thefinitive.com\/en\/prodotto\/gabriele-dannunzio-fotografia-autografata-originale\/#breadcrumb","itemListElement":[{"@type":"ListItem","position":1,"name":"Home","item":"https:\/\/thefinitive.com\/en\/"},{"@type":"ListItem","position":2,"name":"Shop","item":"https:\/\/thefinitive.com\/en\/shop-2\/"},{"@type":"ListItem","position":3,"name":"\u274c\ud83d\ude41Gabriele d&#8217;Annunzio fotografia AUTOGRAFATA &#8211; originale"}]},{"@type":"WebSite","@id":"https:\/\/thefinitive.com\/en\/#website","url":"https:\/\/thefinitive.com\/en\/","name":"Thefinitive","description":"Antiquariato Online","publisher":{"@id":"https:\/\/thefinitive.com\/en\/#organization"},"potentialAction":[{"@type":"SearchAction","target":{"@type":"EntryPoint","urlTemplate":"https:\/\/thefinitive.com\/en\/?s={search_term_string}"},"query-input":"required name=search_term_string"}],"inLanguage":"en-US"},{"@type":"Organization","@id":"https:\/\/thefinitive.com\/en\/#organization","name":"Thefinitive","url":"https:\/\/thefinitive.com\/en\/","logo":{"@type":"ImageObject","inLanguage":"en-US","@id":"https:\/\/thefinitive.com\/en\/#\/schema\/logo\/image\/","url":"https:\/\/thefinitive.com\/wp-content\/uploads\/2019\/07\/logo4vett.svg","contentUrl":"https:\/\/thefinitive.com\/wp-content\/uploads\/2019\/07\/logo4vett.svg","width":500,"height":100,"caption":"Thefinitive"},"image":{"@id":"https:\/\/thefinitive.com\/en\/#\/schema\/logo\/image\/"},"sameAs":["https:\/\/business.facebook.com\/Thefinitive-111771813534320\/","https:\/\/www.instagram.com\/_thefinitive_\/"]}]}},"_links":{"self":[{"href":"https:\/\/thefinitive.com\/en\/wp-json\/wp\/v3\/product\/7042"}],"collection":[{"href":"https:\/\/thefinitive.com\/en\/wp-json\/wp\/v3\/product"}],"about":[{"href":"https:\/\/thefinitive.com\/en\/wp-json\/wp\/v2\/types\/product"}],"replies":[{"embeddable":true,"href":"https:\/\/thefinitive.com\/en\/wp-json\/wp\/v2\/comments?post=7042"}],"version-history":[{"count":1,"href":"https:\/\/thefinitive.com\/en\/wp-json\/wp\/v3\/product\/7042\/revisions"}],"predecessor-version":[{"id":14669,"href":"https:\/\/thefinitive.com\/en\/wp-json\/wp\/v3\/product\/7042\/revisions\/14669"}],"wp:featuredmedia":[{"embeddable":true,"href":"https:\/\/thefinitive.com\/en\/wp-json\/wp\/v2\/media\/6893"}],"wp:attachment":[{"href":"https:\/\/thefinitive.com\/en\/wp-json\/wp\/v2\/media?parent=7042"}],"wp:term":[{"taxonomy":"product_cat","embeddable":true,"href":"https:\/\/thefinitive.com\/en\/wp-json\/wp\/v2\/product_cat?post=7042"},{"taxonomy":"product_tag","embeddable":true,"href":"https:\/\/thefinitive.com\/en\/wp-json\/wp\/v2\/product_tag?post=7042"}],"curies":[{"name":"wp","href":"https:\/\/api.w.org\/{rel}","templated":true}]}}