{"id":7008,"date":"2020-10-16T14:21:24","date_gmt":"2020-10-16T14:21:24","guid":{"rendered":"https:\/\/www.thefinitive.com\/?post_type=product&#038;p=7008"},"modified":"2023-03-20T15:38:39","modified_gmt":"2023-03-20T14:38:39","slug":"italo-balbo-fotografia-autografa-uniforme-maresciallo-dellaria","status":"publish","type":"product","link":"https:\/\/thefinitive.com\/en\/prodotto\/italo-balbo-fotografia-autografa-uniforme-maresciallo-dellaria\/","title":{"rendered":"\u274c\ud83d\ude41Italo Balbo fotografia autografa &#8211; Uniforme Maresciallo dell&#8217;Aria"},"content":{"rendered":"<p>Fotografia con dedica autografa, originale, di <strong>ITALO BALBO<\/strong> in uniforme da <strong><em>Maresciallo dell&#8217;Aria<\/em><\/strong>, Regia Aeronautica, dopo la <strong>CROCIERA AEREA del DECENNALE<\/strong> avvenuta nel <strong>1933<\/strong> , ed esattamente datata <em><strong>TRIPOLI\u00a0 Aprile XVI\u00b0 <\/strong><\/em>ovvero <strong>1938<\/strong> , quando Balbo era allora governatore della Libia.<\/p>\n<p>Il comandante \u00e8 ritratto nella sua uniforme di servizio, con il berretto da Generale della Regia Aeronautica, avente 4 galloni a sormontare la greca, che indicano il grado di <strong>Maresciallo dell&#8217;Aria<\/strong>, che gli fu conferito il 13 Agosto 1933.<\/p>\n<p>La dedica in questa fotografia \u00e8 scritta di pugno da Italo Balbo, con inchiostro nero, leggermente virato al seppia in alcuni punti, e ne garantisce la vetust\u00e0 della firma autografa e dell&#8217;intera scritto. A rendere ancora pi\u00f9 affascinante la fotografia autografa, \u00e8 il fatto che l&#8217;intestataria della dedica \u00e8 una nobil donna romana, frequentatrice dei salotti dell&#8217;epoca ed amica di Italo Balbo, e della cui famiglia sono arrivati ai giorni nostri altri cimeli che verranno pubblicati sul sito. Il cognome della donna \u00e8 stato tuttavia oscurato con colore ROSSO solo sul supporto digitale, per ragioni di privacy.<\/p>\n<p>Questa fotografia autografa di Italo Balbo viene fornita di certificato di originalit\u00e0.<\/p>\n<p>In buone condizioni avente i suoi segni del tempo, la carta presente pieghe varie ai bordi ed agli angoli.<\/p>\n<p>&nbsp;<\/p>\n<p><strong>MATERIALE<\/strong> <strong>&#8230;&#8230;. :<\/strong>\u00a0 Carta<\/p>\n<p><strong>DIMENSIONI<\/strong> <strong>&#8230;&#8230;:\u00a0<\/strong> mm.30 x 40 circa<\/p>\n<p><strong>MARCHIO<\/strong> <strong>&#8230;&#8230;&#8230;..:\u00a0<\/strong>&#8211;<\/p>\n<p>&nbsp;<\/p>\n<p>&nbsp;<\/p>\n<h2 style=\"text-align: left;\"><img loading=\"lazy\" decoding=\"async\" class=\"alignnone size-medium wp-image-2403\" src=\"https:\/\/www.thefinitive.com\/wp-content\/uploads\/2019\/08\/Italo-Balbo-300x225.jpg\" alt=\"\" width=\"300\" height=\"225\" srcset=\"https:\/\/thefinitive.com\/wp-content\/uploads\/2019\/08\/Italo-Balbo-300x225.jpg 300w, https:\/\/thefinitive.com\/wp-content\/uploads\/2019\/08\/Italo-Balbo-64x48.jpg 64w, https:\/\/thefinitive.com\/wp-content\/uploads\/2019\/08\/Italo-Balbo.jpg 574w\" sizes=\"(max-width: 300px) 100vw, 300px\" \/><\/h2>\n<p>&nbsp;<\/p>\n<h2 style=\"text-align: left;\">NOTIZIE<\/h2>\n<p><b>Italo Balbo<\/b>\u00a0(Quartesana,\u00a06 giugno\u00a01896\u00a0\u2013\u00a0Tobruch,\u00a028 giugno\u00a01940) \u00e8 stato un\u00a0politico,\u00a0generale\u00a0e\u00a0aviatore\u00a0italiano.<\/p>\n<p>Iscritto al\u00a0Partito Nazionale Fascista, fu uno dei\u00a0quadrumviri\u00a0della\u00a0marcia su Roma, diventando in seguito comandante generale della\u00a0Milizia Volontaria per la Sicurezza Nazionale\u00a0e\u00a0sottosegretario\u00a0all&#8217;economia nazionale. Nel 1929 assunse l&#8217;incarico di ministro della\u00a0Regia Aeronautica, veste in cui promosse e guid\u00f2 diverse\u00a0crociere aeree\u00a0come la\u00a0crociera aerea transatlantica Italia-Brasile\u00a0e la\u00a0crociera aerea del Decennale. Considerato un potenziale rivale politico di\u00a0Benito Mussolini\u00a0a causa della grande popolarit\u00e0 raggiunta, Balbo fu nominato nel 1934\u00a0governatore\u00a0della\u00a0Libia.<\/p>\n<p>Allo scoppio della\u00a0seconda guerra mondiale\u00a0organizz\u00f2 voli di guerra per catturare alcuni veicoli del\u00a0Regno Unito, e proprio durante il ritorno da uno di questi voli, il 28 giugno 1940, fu abbattuto per errore dalla\u00a0contraerea\u00a0italiana sopra\u00a0Tobruch.<\/p>\n<h3><span id=\"Adesione_al_fascismo\" class=\"mw-headline\">Adesione al fascismo<\/span><\/h3>\n<p>Venticinquenne, Balbo ader\u00ec al\u00a0<a title=\"Partito Nazionale Fascista\" href=\"https:\/\/it.wikipedia.org\/wiki\/Partito_Nazionale_Fascista\">PNF<\/a>. Essendo stato\u00a0repubblicano, chiese al partito se potesse restarne ugualmente un iscritto, ma ricevuta una risposta negativa si accord\u00f2 con i fascisti di Ferrara per uno stipendio mensile di 1.500 lire (pagato dai proprietari terrieri) e diventando segretario politico al posto di Gaggioli. Ottenne anche la promessa di un posto come ispettore di banca una volta conclusa la\u00a0<i>battaglia<\/i>\u00a0fascista. Il 13 febbraio 1921 quindi Balbo divenne segretario del Fascio di Ferrara ed uno degli esponenti di spicco, oltre che organizzatore e comandante dello\u00a0squadrismo\u00a0agrario, riuscendo ad avere ai suoi ordini tutte le\u00a0squadre d&#8217;azione dell&#8217;Emilia-Romagna. In tal modo riusc\u00ec anche a mettere a frutto le sue esperienze di comando durante la prima guerra mondiale. In questa veste organizz\u00f2 una squadra d&#8217;azione denominata &#8220;Celibano&#8221;. La sede era il Caff\u00e8 Mozzi di Ferrara, soprannominato da Balbo e i suoi &#8220;sit\u00f9zz&#8221;, ovvero piccolo posto,\u00a0<i>posticino<\/i>.<\/p>\n<p>Il gruppo di Balbo, in parte finanziato dai proprietari terrieri locali, contrastava i disordini provocati durante il\u00a0biennio rosso dagli scioperi e dal monopolio instaurato violentemente dalle leghe socialiste attraverso spedizioni punitive, motivate con le aggressioni ai camerati, che colpivano i\u00a0social-comunisti\u00a0e le cooperative contadine delle province di\u00a0Ravenna,\u00a0Modena,\u00a0Bologna\u00a0ma anche\u00a0Rovigo, il\u00a0Polesine, Firenze e\u00a0Venezia. Le leghe socialiste, sostengono pi\u00f9 fonti fra cui il\u00a0Guerri, detenevano un enorme potere, che permetteva loro di emarginare coloro che non aderivano, dirottando solo verso i propri affiliati i finanziamenti pubblici e facendosi rimborsare dalla comunit\u00e0 le spese elettorali.\u00a0Perennemente in\u00a0camicia nera, Balbo era il massimo propagandista di questo emblema del\u00a0fascismo, ottimo organizzatore, di grande fascino fisico, alto, magro e con i capelli neri divisi nel mezzo con due svolazzanti bande ai lati. Trattare alla pari con questori e prefetti a soli venticinque anni, avendone anche la meglio, lo rese ambizioso.<\/p>\n<p>Conquist\u00f2 con i suoi uomini il\u00a0Castello Estense\u00a0di Ferrara obbligando il\u00a0prefetto\u00a0a finanziare alcune misure contro la\u00a0disoccupazione, ma l&#8217;apice dello squadrismo di Balbo venne raggiunto il 26 e 27 luglio 1922 con l&#8217;occupazione di\u00a0Ravenna, usando a pretesto l&#8217;uccisione di un fascista: i disordini provocarono nove morti tra le camicie nere, a cui Balbo rispose incendiando l&#8217;Hotel Byron, sede delle cooperative socialiste, e imbastendo quella che Mussolini chiam\u00f2 una \u00abcolonna di fuoco\u00bb, cio\u00e8 una colonna di autocarri, messi a disposizione dietro minaccia dalla\u00a0questura, che il 29 luglio distrusse e incendi\u00f2 numerose &#8220;case rosse&#8221; nelle province di Forl\u00ec e Ravenna. Compiaciuto e soddisfatto del comportamento tenuto dai suoi uomini, Balbo complet\u00f2 la smobilitazione di Ravenna il mattino seguente.<\/p>\n<p>Nel tentativo di arginare le violenze squadriste, il Prefetto eman\u00f2 un ordine con cui vietava il porto del\u00a0manganello. Balbo, alcuni dicono su suggerimento della moglie, arm\u00f2 i suoi uomini di\u00a0stoccafissi i quali, picchiati con energia sulla testa degli avversari, vi producevano gli stessi effetti; i &#8220;randelli&#8221; di fortuna facevano poi da piatto forte di grandi mangiate conviviali cui talvolta venivano invitate anche le stesse vittime.<\/p>\n<p>Nell&#8217;agosto del 1922 avvennero i\u00a0Fatti di Parma: dopo l&#8217;occupazione militare di gran parte della citt\u00e0 dell&#8217;Emilia, conseguente al cosiddetto\u00a0sciopero legalitario\u00a0di inizio mese, circa diecimila uomini di fede fascista provenienti dalle province limitrofe tentarono la presa della citt\u00e0, in cui si trovavano asserragliati gli\u00a0Arditi del Popolo\u00a0e le\u00a0formazioni di difesa proletaria. Il 5 agosto il governo proclam\u00f2 lo\u00a0stato d&#8217;assedio militare in diverse provincie del nord fra cui Parma. Il 6 agosto, Balbo, resosi conto dell&#8217;impossibilit\u00e0 di conquistare la citt\u00e0 senza scontrarsi con l&#8217;esercito (su consiglio anche del capo della polizia locale, Lodomez.), s&#8217;impegn\u00f2 a ritirarsi dalla citt\u00e0 a partire dalle ore 12:00 del giorno stesso. Alla fine si contarono quattro morti a\u00a0Sala Baganza\u00a0(due nelle file fasciste e due tra gli abitanti) e cinque morti a Parma, tutti abitanti del quartiere\u00a0Oltretorrente. I cinque caduti fra le file delle formazioni di difesa proletaria furono: Ulisse Corazza, consigliere comunale del\u00a0Partito Popolare Italiano, Carluccio Mora, Giuseppe Mussini, Mario Tomba ed il giovanissimo Gino Gazzola<\/p>\n<div class=\"thumb tright\">\n<div class=\"thumbinner\">\n<p><a class=\"image\" href=\"https:\/\/it.wikipedia.org\/wiki\/File:1923mussolini.jpg\"><img loading=\"lazy\" decoding=\"async\" class=\"thumbimage\" src=\"https:\/\/upload.wikimedia.org\/wikipedia\/commons\/thumb\/4\/47\/1923mussolini.jpg\/220px-1923mussolini.jpg\" srcset=\"\/\/upload.wikimedia.org\/wikipedia\/commons\/thumb\/4\/47\/1923mussolini.jpg\/330px-1923mussolini.jpg 1.5x, \/\/upload.wikimedia.org\/wikipedia\/commons\/4\/47\/1923mussolini.jpg 2x\" alt=\"\" width=\"220\" height=\"165\" data-file-width=\"398\" data-file-height=\"299\" \/><\/a><\/p>\n<div class=\"thumbcaption\">\n<div class=\"magnify\"><\/div>\n<\/div>\n<\/div>\n<\/div>\n<h3><span id=\"Quadrumviro\" class=\"mw-headline\">Quadrumviro<\/span><\/h3>\n<p>Balbo venne designato da Mussolini\u00a0<a title=\"Quadrumvirato\" href=\"https:\/\/it.wikipedia.org\/wiki\/Quadrumvirato#Fascismo\">quadrumviro<\/a>\u00a0per prendere parte alla\u00a0<a title=\"Marcia su Roma\" href=\"https:\/\/it.wikipedia.org\/wiki\/Marcia_su_Roma\">marcia su Roma<\/a>, e lo incaric\u00f2 di scegliere gli altri due (Michele Bianchi\u00a0era gi\u00e0 stato scelto dal Duce): Balbo sent\u00ec\u00a0Cesare Maria De Vecchi, che accett\u00f2 subito, mentre per l&#8217;ultimo quadrumviro pens\u00f2 ad\u00a0Attilio Teruzzi, poi scartato perch\u00e9 gi\u00e0 vicesegretario del PNF, e al generale\u00a0Asclepia Gandolfo, che declin\u00f2 l&#8217;invito in quanto aveva la moglie molto malata, oltre a essere lui stesso in precarie condizioni fisiche. Balbo e Bianchi puntarono alla fine su\u00a0Emilio De Bono, che accett\u00f2 l&#8217;investitura.Prima di recarsi a Roma, il 28 ottobre Balbo si precipit\u00f2 a Firenze per calmare lo squadrista Tullio Tamburini, che aveva deciso di assaltare il palazzo del governo dove si stava svolgendo una festa alla presenza del duca della Vittoria\u00a0Armando Diaz: per non coinvolgere l&#8217;esercito nelle questioni fasciste, Balbo liber\u00f2 gli ufficiali della scorta di Diaz presi prigionieri da Tamburini, e, stando al suo racconto, viet\u00f2 \u00abai fascisti di assaltare la prefettura [&#8230;] anzi [&#8230;] che organizzino una grande manifestazione al Duca della Vittoria per le strade di Firenze dove passer\u00e0\u00bb. A Roma guid\u00f2 in particolare la spedizione punitiva contro il quartiere di\u00a0San Lorenzo che aveva attaccato una colonna fascista. Alla fine della marcia, diversamente dagli altri quadrumviri, Balbo non venne ricompensato in alcun modo: secondo alcuni autori Mussolini gi\u00e0 lo intravedeva come un possibile rivale e non volle valorizzarlo troppo.<\/p>\n<p>Sempre nel 1922 inizi\u00f2 a formare, in citt\u00e0, un gruppo ristretto di collaboratori fidati, tra i quali l&#8217;amico Renzo Ravenna. Questi venne candidato alle elezioni amministrative che si tennero alla fine di quello stesso anno, dove fu eletto assessore.<\/p>\n<h3><span id=\"Al_governo\" class=\"mw-headline\">Al governo<\/span><\/h3>\n<p>Dall&#8217;11 gennaio 1923 Balbo fu membro del\u00a0Gran consiglio del fascismo. Il 1\u00ba febbraio 1923 fu nominato comandante generale della\u00a0Milizia Volontaria per la Sicurezza Nazionale\u00a0(vice di De Bono).Voluta da Mussolini per normalizzare le squadre d&#8217;azione, il Duce pens\u00f2 alla MVSN gi\u00e0 prima della marcia su Roma, affidando a Balbo e ad\u00a0Asclepia Gandolfo il compito di formare reparti, gradi e uniformi, sebbene non ci fu ancora una vera e propria militarizzazione del corpo.Nel 1923 intanto Balbo fond\u00f2 a Ferrara il\u00a0<i>Corriere Padano<\/i>\u00a0con i soldi ricevuti in dote dalla moglie Emanuela, affidato poi alla direzione di\u00a0Nello Quilici.<\/p>\n<p>In occasione della preparazione della\u00a0Lista Nazionale\u00a0per le\u00a0elezioni del maggio 1924, con cui fu eletto\u00a0deputato\u00a0alla Camera, si scontr\u00f2 con\u00a0Olao Gaggioli, fondatore del Fascio di Ferrara e convinto che Balbo, iscritto soltanto dal 1921 e con lo stipendio fisso pagato dagli agrari, fosse un intruso.<\/p>\n<p>Sempre nel 1924 venne accusato di essere il mandante dell&#8217;omicidio del parroco antifascista don\u00a0Giovanni Minzoni\u00a0ad\u00a0Argenta, avvenuto per mano di due squadristi facenti capo alle sue milizie: il caso venne archiviato alcuni mesi dopo, per essere poi riaperto &#8211; sotto la pressione della stampa, a seguito del\u00a0delitto Matteotti &#8211; nel 1925, risolvendosi con l&#8217;assoluzione di tutti gli imputati.\u00a0Il 21 novembre\u00a01924\u00a0per\u00f2 Balbo fu costretto a dimettersi dalla carica di comandante della Milizia a seguito delle documentate rivelazioni de\u00a0<i>La Voce Repubblicana<\/i> circa ordini da lui impartiti di bastonature di antifascisti e pressioni sulla magistratura, perdendo la successiva causa per diffamazione da lui intentata al quotidiano. Balbo intanto, a Ferrara, continu\u00f2 ad operare in modo da avere persone di sua fiducia e rappresentative nelle posizioni di potere. L&#8217;amico Ravenna, da sempre estraneo ad ogni atto di squadrismo, fortemente nazionalista, ebreo ma con una visione laica della sua fede fu invitato ad iscriversi al PNF, e successivamente, alla fine del 1924, nominato Segretario Federale Ferrarese del PNF.<\/p>\n<p>Il 31 ottobre 1925 entr\u00f2 nel\u00a0governo Mussolini\u00a0come\u00a0sottosegretario all&#8217;economia nazionale, e con lui si trasfer\u00ec a Roma anche Ravenna. Rimase in carica sino al 6 novembre 1926.<\/p>\n<h3><span id=\"Ministro_dell.27Aeronautica\"><\/span><span id=\"Ministro_dell'Aeronautica\" class=\"mw-headline\">Ministro dell&#8217;Aeronautica<\/span><\/h3>\n<p>In quella data infatti venne nominato\u00a0sottosegretario di Stato\u00a0al\u00a0Ministero dell&#8217;Aeronautica, di cui lo stesso Mussolini era ministro\u00a0<i>ad interim<\/i>, al posto del generale d&#8217;artiglieria\u00a0Alberto Bonzani.\u00a0Si apprest\u00f2 ad organizzare la neocostituita\u00a0Regia Aeronautica come forza armata autonoma, ancora ai primi passi, coi bilanci insufficienti, bisognosa di un ammodernamento e di un aumento di prestigio.\u00a0Con la sua nomina Mussolini ottenne l&#8217;occasione per fare dell&#8217;aviazione un&#8217;arma anche propagandistica, assecondando chi nel PNF voleva alla guida dell&#8217;aeronautica un esponente del fascismo mettendo inoltre sotto il suo diretto controllo uno dei pi\u00f9 autonomi\u00a0ras federali.<\/p>\n<div class=\"thumb tright\">\n<div class=\"thumbinner\">\n<p><img loading=\"lazy\" decoding=\"async\" class=\"thumbimage\" src=\"https:\/\/upload.wikimedia.org\/wikipedia\/commons\/thumb\/a\/a5\/Bundesarchiv_Bild_102-00450%2C_Graf_Aldrovandi_und_Italo_Balbo.jpg\/220px-Bundesarchiv_Bild_102-00450%2C_Graf_Aldrovandi_und_Italo_Balbo.jpg\" srcset=\"\/\/upload.wikimedia.org\/wikipedia\/commons\/thumb\/a\/a5\/Bundesarchiv_Bild_102-00450%2C_Graf_Aldrovandi_und_Italo_Balbo.jpg\/330px-Bundesarchiv_Bild_102-00450%2C_Graf_Aldrovandi_und_Italo_Balbo.jpg 1.5x, \/\/upload.wikimedia.org\/wikipedia\/commons\/thumb\/a\/a5\/Bundesarchiv_Bild_102-00450%2C_Graf_Aldrovandi_und_Italo_Balbo.jpg\/440px-Bundesarchiv_Bild_102-00450%2C_Graf_Aldrovandi_und_Italo_Balbo.jpg 2x\" alt=\"\" width=\"220\" height=\"148\" data-file-width=\"800\" data-file-height=\"537\" \/><\/p>\n<div class=\"thumbcaption\">\n<div class=\"magnify\"><\/div>\n<p>Italo Balbo, al centro in divisa, nel 1930 assieme allo staff della\u00a0crociera aerea transatlantica Italia-Brasile.<\/p>\n<\/div>\n<\/div>\n<\/div>\n<p>Balbo consegu\u00ec il brevetto da pilota nel 1927\u00a0e diede una sede stabile al ministero facendo costruire un nuovo palazzo con criteri architettonici\u00a0razionalisti. Avvi\u00f2 la fondazione della\u00a0<i>citt\u00e0 dell&#8217;aria<\/i>\u00a0a\u00a0Guidonia\u00a0con un moderno centro di ricerca\u00a0aeronautica\u00a0dove lavorarono\u00a0Gaetano Arturo Crocco,\u00a0Luigi Crocco,\u00a0Antonio Ferri\u00a0e\u00a0Luigi Broglio. Inoltre fece nascere un centro studi per coordinare e promuovere lo sviluppo aeronautico, affidandone il comando ad\u00a0Alessandro Guidoni.\u00a0Balbo fece nascere anche il\u00a0Reparto Sperimentale Alta Velocit\u00e0, a\u00a0Desenzano del Garda, dove prima sorgeva l&#8217;idroscalo privato di\u00a0Gabriele D&#8217;Annunzio. Il direttore, tenente colonnello\u00a0Mario Bernasconi, ebbe a disposizione ogni tipo di struttura e materiale per consegnare all&#8217;Italia l&#8217;ambita\u00a0Coppa Schneider.<\/p>\n<h3><span id=\"Le_trasvolate\" class=\"mw-headline\">Le trasvolate<\/span><\/h3>\n<p>Dopo il successo della\u00a0<a class=\"new\" title=\"Crociera aerea del Mediterraneo occidentale (la pagina non esiste)\" href=\"https:\/\/it.wikipedia.org\/w\/index.php?title=Crociera_aerea_del_Mediterraneo_occidentale&amp;action=edit&amp;redlink=1\">crociera aerea del Mediterraneo occidentale<\/a>\u00a0(25 maggio-2 giugno 1928) da lui organizzata insieme al decisivo aiuto del trasvolatore\u00a0<a class=\"mw-redirect\" title=\"Francesco De Pinedo\" href=\"https:\/\/it.wikipedia.org\/wiki\/Francesco_De_Pinedo\">Francesco De Pinedo<\/a>, Balbo venne fatto da Mussolini\u00a0generale di squadra aerea\u00a0in agosto (un simile avanzamento di carriera, da ex capitano degli Alpini, non si era mai visto nelle\u00a0forze armate italiane), provocando il risentimento di De Pinedo, che, a ragione, si vedeva come il vero artefice dell&#8217;impresa. In ottobre, quando dovette essere sostituito il\u00a0capo di stato maggiore della Regia Aeronautica\u00a0Armando Armani, De Pinedo venne nominato solamente sottocapo di stato maggiore. La successiva\u00a0crociera aerea del Mediterraneo orientale\u00a0(5-19 giugno 1929) fu presieduta sempre da Balbo, ma De Pinedo venne incluso come semplice pilota di uno degli aerei della formazione, in quanto la direzione tecnica del volo and\u00f2 al colonnello\u00a0Aldo Pellegrini, capo del gabinetto di Balbo. Il 20 aprile 1929 intanto fu rieletto deputato alla Camera per il PNF. Quasi due mesi dopo, il 12 agosto, Balbo sfrutt\u00f2 le voci che giravano su De Pinedo e gli chiese conto dei fondi a lui destinati per compiere il raid atlantico del 1927. De Pinedo rispose indirizzando una lettera a Mussolini in cui criticava le crociere spettacolari e propagandistiche che ponevano in secondo piano la preparazione bellica (senza sapere che Mussolini era contento di questa strategia), dando poi le dimissioni da sottocapo di stato maggiore, che il Duce accolse con favore, reputandolo non in grado di comprendere le esigenze del regime.<\/p>\n<p>Il 12 settembre 1929, a soli trentatr\u00e9 anni, Italo Balbo fu nominato\u00a0ministro\u00a0dell&#8217;Aeronautica, carica tenuta fino ad allora dal Duce. De Pinedo venne allontanato con l&#8217;incarico di addetto aeronautico in\u00a0Argentina<sup id=\"cite_ref-69\" class=\"reference\"><\/sup>. In questi anni Balbo era ricco, potente e famoso, ancora esuberante ed entusiasta, con amicizie nel mondo della cultura e dell&#8217;industria che lo avevano affermato tra l&#8217;alta borghesia e la nobilt\u00e0 romana.<sup id=\"cite_ref-70\" class=\"reference\"><\/sup><\/p>\n<p>Balbo guid\u00f2 poi due\u00a0crociere aeree\u00a0transatlantiche in formazione, inframezzati, nel 1932, da una proposta avanzata a Mussolini circa l&#8217;istituzione di un unico ministero per la difesa, sostenuto dalla quadruplicazione delle somme destinate alla marina e all&#8217;aeronautica. Alla guida del nuovo ministero sarebbe dovuto andare lo stesso Balbo ma, bench\u00e9 alcuni capi militari vedessero di buon gusto l&#8217;iniziativa, le rivalit\u00e0 tra le forze armate e, soprattutto, la gelosia del Duce nei confronti della popolarit\u00e0 del ministro aviatore, fecero naufragare l&#8217;intero progetto.<\/p>\n<div class=\"thumb tright\">\n<div class=\"thumbinner\">\n<div class=\"thumbcaption\">\n<div class=\"magnify\">Per un&#8217;altra fonte il nuovo dicastero sarebbe spettato a Mussolini, mentre Balbo progettava di ridefinire i compiti del capo di stato maggiore generale e di prendere possesso di tale carica<sup id=\"cite_ref-rocca5758_72-0\" class=\"reference\"><\/sup>. Nel 1929 persuase l&#8217;ingegnere Alessandro Marchetti\u00a0a mettere a punto per l&#8217;impresa gli idrovolanti\u00a0S.55A\u00a0che sarebbero andati ad equipaggiare uno stormo creato\u00a0<i>ad hoc<\/i>\u00a0a\u00a0Orbetello. Si scelse di trasvolare l&#8217;Atlantico meridionale con dodici apparecchi, a cui la\u00a0Regia Marina\u00a0avrebbe fornito appoggio con cinque\u00a0cacciatorpediniere. Gli idrovolanti partirono infine per la\u00a0crociera aerea transatlantica Italia-Brasile\u00a0da Orbetello il 17 dicembre 1930, guidati personalmente da Balbo e dal suo secondo pilota\u00a0Stefano Cagna, alla volta di\u00a0Rio de Janeiro, dove arrivarono, non senza lutti e incidenti, il 15 gennaio 1931. La seconda crociera atlantica, la\u00a0crociera aerea del Decennale, venne organizzata per celebrare il decennale della\u00a0Regia Aeronautica in occasione della\u00a0Century of Progress,\u00a0esposizione universale\u00a0che si tenne a\u00a0Chicago tra il 1933 ed il 1934. Dal 1\u00ba luglio al 12 agosto del 1933 Balbo guid\u00f2 la trasvolata di venticinque idrovolanti\u00a0S.55X partiti da Orbetello verso il\u00a0Canada\u00a0e con destinazione finale gli\u00a0Stati Uniti.<\/div>\n<\/div>\n<\/div>\n<\/div>\n<div class=\"thumb tleft\">\n<div class=\"thumbinner\"><\/div>\n<\/div>\n<div class=\"thumb tright\">\n<div class=\"thumbinner\">Di ritorno in Italia, il 13 agosto 1933 Italo Balbo venne promosso <a title=\"Maresciallo dell'aria (Italia)\" href=\"https:\/\/it.wikipedia.org\/wiki\/Maresciallo_dell%27aria_(Italia)\">Maresciallo dell&#8217;aria<\/a> , massimo grado, come nella fotografia autografa.<\/div>\n<div><\/div>\n<\/div>\n<p>&nbsp;<\/p>\n<div class=\"thumb tright\">\n<div class=\"thumbinner\">\n<p><a class=\"image\" href=\"https:\/\/it.wikipedia.org\/wiki\/File:Italo_Balbo_portrait.jpg\"><img loading=\"lazy\" decoding=\"async\" class=\"thumbimage\" src=\"https:\/\/upload.wikimedia.org\/wikipedia\/commons\/thumb\/4\/49\/Italo_Balbo_portrait.jpg\/220px-Italo_Balbo_portrait.jpg\" srcset=\"\/\/upload.wikimedia.org\/wikipedia\/commons\/thumb\/4\/49\/Italo_Balbo_portrait.jpg\/330px-Italo_Balbo_portrait.jpg 1.5x, \/\/upload.wikimedia.org\/wikipedia\/commons\/thumb\/4\/49\/Italo_Balbo_portrait.jpg\/440px-Italo_Balbo_portrait.jpg 2x\" alt=\"\" width=\"220\" height=\"310\" data-file-width=\"2495\" data-file-height=\"3520\" \/><\/a><\/p>\n<div class=\"thumbcaption\">\n<div class=\"magnify\"><\/div>\n<p>Italo Balbo in uniforme da Maresciallo dell&#8217;aria come nella nostra fotografia autografa<\/p>\n<\/div>\n<\/div>\n<\/div>\n<p>&nbsp;<\/p>\n<p><img loading=\"lazy\" decoding=\"async\" class=\"alignnone size-medium wp-image-2402\" src=\"https:\/\/www.thefinitive.com\/wp-content\/uploads\/2019\/08\/S55-in-volo-300x225.jpg\" alt=\"\" width=\"300\" height=\"225\" srcset=\"https:\/\/thefinitive.com\/wp-content\/uploads\/2019\/08\/S55-in-volo-300x225.jpg 300w, https:\/\/thefinitive.com\/wp-content\/uploads\/2019\/08\/S55-in-volo-64x48.jpg 64w, https:\/\/thefinitive.com\/wp-content\/uploads\/2019\/08\/S55-in-volo.jpg 574w\" sizes=\"(max-width: 300px) 100vw, 300px\" \/><\/p>\n<p>Per approfondite ricerche su Italo Balbo, su tutta la sua vita e carriera fino al raggiungimento dei massimi gradi espressi anche in questa fotografia autografa, data la vastit\u00e0 dell&#8217;argomento, si rimanda alle seguenti fonti web :<\/p>\n<p>Wikipedia <a href=\"https:\/\/it.wikipedia.org\/wiki\/Italo_Balbo#L'ultimo_volo\">Italo Balbo<\/a> ,\u00a0 <a href=\"https:\/\/it.wikipedia.org\/wiki\/Crociera_aerea_del_Decennale\"><em>Wikipedia<\/em><\/a><\/p>\n<p>&nbsp;<\/p>\n<p>8.20<\/p>\n","protected":false},"excerpt":{"rendered":"<p style=\"text-align: center;\">Fotografia con dedica autografa, originale, di <strong>ITALO BALBO<\/strong> in uniforme da <strong><em>Maresciallo dell&#8217;Aria<\/em><\/strong>, Regia Aeronautica, dopo la <strong>CROCIERA AEREA del DECENNALE<\/strong> avvenuta nel <strong>1933<\/strong> , datata <em><strong>TRIPOLI\u00a0 Aprile XVI\u00b0 <\/strong><\/em>ovvero <strong>1938<\/strong> .<\/p>\n<p style=\"text-align: center;\">Dedica scritta di pugno da Balbo, con inchiostro nero, leggermente virato al seppia in alcuni punti. a una nobil donna romana. Cognome oscurato con colore ROSSO solo sul supporto digitale, per ragioni di privacy.<\/p>\n<p style=\"text-align: center;\">La fotografia viene fornita di certificato di originalit\u00e0.<\/p>\n<p style=\"text-align: center;\">In buone condizioni avente i suoi segni del tempo, la carta presente pieghe varie ai bordi ed agli angoli.<\/p>\n<p style=\"text-align: center;\">Dimensioni circa mm.30 x 40<\/p>\n<p style=\"text-align: center;\"><strong><em>(Scorri la pagina in basso per ulteriori dettagli e informazioni)<\/em><\/strong><\/p>\n<p>&nbsp;<\/p>\n<p>&nbsp;<\/p>\n","protected":false},"featured_media":6315,"comment_status":"open","ping_status":"closed","template":"","meta":[],"product_cat":[586],"product_tag":[176,190,180,179,182,181,155,178,198,175,185],"yoast_head":"<!-- This site is optimized with the Yoast SEO plugin v21.9.1 - https:\/\/yoast.com\/wordpress\/plugins\/seo\/ -->\n<title>\u274c\ud83d\ude41Italo Balbo fotografia autografa - Uniforme Maresciallo dell&#039;Aria - Thefinitive<\/title>\n<meta name=\"description\" content=\"Italo Balbo fotografia autografa , dedica, ORIGINALE - Aprile 1938 - Uniforme MARESCIALLO DELL&#039;ARIA - Original Autographed Balbo&#039;s photo\" \/>\n<meta name=\"robots\" content=\"index, follow, max-snippet:-1, max-image-preview:large, max-video-preview:-1\" \/>\n<link rel=\"canonical\" href=\"https:\/\/thefinitive.com\/en\/prodotto\/italo-balbo-fotografia-autografa-uniforme-maresciallo-dellaria\/\" \/>\n<meta property=\"og:locale\" content=\"en_US\" \/>\n<meta property=\"og:type\" content=\"article\" \/>\n<meta property=\"og:title\" content=\"\u274c\ud83d\ude41Italo Balbo fotografia autografa - Uniforme Maresciallo dell&#039;Aria - Thefinitive\" \/>\n<meta property=\"og:description\" content=\"Italo Balbo fotografia autografa , dedica, ORIGINALE - Aprile 1938 - Uniforme MARESCIALLO DELL&#039;ARIA - Original Autographed Balbo&#039;s photo\" \/>\n<meta property=\"og:url\" content=\"https:\/\/thefinitive.com\/en\/prodotto\/italo-balbo-fotografia-autografa-uniforme-maresciallo-dellaria\/\" \/>\n<meta property=\"og:site_name\" content=\"Thefinitive\" \/>\n<meta property=\"article:publisher\" content=\"https:\/\/business.facebook.com\/Thefinitive-111771813534320\/\" \/>\n<meta property=\"article:modified_time\" content=\"2023-03-20T14:38:39+00:00\" \/>\n<meta property=\"og:image\" content=\"https:\/\/thefinitive.com\/wp-content\/uploads\/2020\/08\/balbo1.jpg\" \/>\n\t<meta property=\"og:image:width\" content=\"2160\" \/>\n\t<meta property=\"og:image:height\" content=\"2160\" \/>\n\t<meta property=\"og:image:type\" content=\"image\/jpeg\" \/>\n<meta name=\"twitter:card\" content=\"summary_large_image\" \/>\n<meta name=\"twitter:label1\" content=\"Est. reading time\" \/>\n\t<meta name=\"twitter:data1\" content=\"12 minutes\" \/>\n<script type=\"application\/ld+json\" class=\"yoast-schema-graph\">{\"@context\":\"https:\/\/schema.org\",\"@graph\":[{\"@type\":\"WebPage\",\"@id\":\"https:\/\/thefinitive.com\/en\/prodotto\/italo-balbo-fotografia-autografa-uniforme-maresciallo-dellaria\/\",\"url\":\"https:\/\/thefinitive.com\/en\/prodotto\/italo-balbo-fotografia-autografa-uniforme-maresciallo-dellaria\/\",\"name\":\"\u274c\ud83d\ude41Italo Balbo fotografia autografa - Uniforme Maresciallo dell'Aria - Thefinitive\",\"isPartOf\":{\"@id\":\"https:\/\/thefinitive.com\/en\/#website\"},\"datePublished\":\"2020-10-16T14:21:24+00:00\",\"dateModified\":\"2023-03-20T14:38:39+00:00\",\"description\":\"Italo Balbo fotografia autografa , dedica, ORIGINALE - Aprile 1938 - Uniforme MARESCIALLO DELL'ARIA - Original Autographed Balbo's photo\",\"breadcrumb\":{\"@id\":\"https:\/\/thefinitive.com\/en\/prodotto\/italo-balbo-fotografia-autografa-uniforme-maresciallo-dellaria\/#breadcrumb\"},\"inLanguage\":\"en-US\",\"potentialAction\":[{\"@type\":\"ReadAction\",\"target\":[\"https:\/\/thefinitive.com\/en\/prodotto\/italo-balbo-fotografia-autografa-uniforme-maresciallo-dellaria\/\"]}]},{\"@type\":\"BreadcrumbList\",\"@id\":\"https:\/\/thefinitive.com\/en\/prodotto\/italo-balbo-fotografia-autografa-uniforme-maresciallo-dellaria\/#breadcrumb\",\"itemListElement\":[{\"@type\":\"ListItem\",\"position\":1,\"name\":\"Home\",\"item\":\"https:\/\/thefinitive.com\/en\/\"},{\"@type\":\"ListItem\",\"position\":2,\"name\":\"Shop\",\"item\":\"https:\/\/thefinitive.com\/en\/shop-2\/\"},{\"@type\":\"ListItem\",\"position\":3,\"name\":\"\u274c\ud83d\ude41Italo Balbo fotografia autografa &#8211; Uniforme Maresciallo dell&#8217;Aria\"}]},{\"@type\":\"WebSite\",\"@id\":\"https:\/\/thefinitive.com\/en\/#website\",\"url\":\"https:\/\/thefinitive.com\/en\/\",\"name\":\"Thefinitive\",\"description\":\"Antiquariato Online\",\"publisher\":{\"@id\":\"https:\/\/thefinitive.com\/en\/#organization\"},\"potentialAction\":[{\"@type\":\"SearchAction\",\"target\":{\"@type\":\"EntryPoint\",\"urlTemplate\":\"https:\/\/thefinitive.com\/en\/?s={search_term_string}\"},\"query-input\":\"required name=search_term_string\"}],\"inLanguage\":\"en-US\"},{\"@type\":\"Organization\",\"@id\":\"https:\/\/thefinitive.com\/en\/#organization\",\"name\":\"Thefinitive\",\"url\":\"https:\/\/thefinitive.com\/en\/\",\"logo\":{\"@type\":\"ImageObject\",\"inLanguage\":\"en-US\",\"@id\":\"https:\/\/thefinitive.com\/en\/#\/schema\/logo\/image\/\",\"url\":\"https:\/\/thefinitive.com\/wp-content\/uploads\/2019\/07\/logo4vett.svg\",\"contentUrl\":\"https:\/\/thefinitive.com\/wp-content\/uploads\/2019\/07\/logo4vett.svg\",\"width\":500,\"height\":100,\"caption\":\"Thefinitive\"},\"image\":{\"@id\":\"https:\/\/thefinitive.com\/en\/#\/schema\/logo\/image\/\"},\"sameAs\":[\"https:\/\/business.facebook.com\/Thefinitive-111771813534320\/\",\"https:\/\/www.instagram.com\/_thefinitive_\/\"]}]}<\/script>\n<!-- \/ Yoast SEO plugin. -->","yoast_head_json":{"title":"\u274c\ud83d\ude41Italo Balbo fotografia autografa - Uniforme Maresciallo dell'Aria - Thefinitive","description":"Italo Balbo fotografia autografa , dedica, ORIGINALE - Aprile 1938 - Uniforme MARESCIALLO DELL'ARIA - Original Autographed Balbo's photo","robots":{"index":"index","follow":"follow","max-snippet":"max-snippet:-1","max-image-preview":"max-image-preview:large","max-video-preview":"max-video-preview:-1"},"canonical":"https:\/\/thefinitive.com\/en\/prodotto\/italo-balbo-fotografia-autografa-uniforme-maresciallo-dellaria\/","og_locale":"en_US","og_type":"article","og_title":"\u274c\ud83d\ude41Italo Balbo fotografia autografa - Uniforme Maresciallo dell'Aria - Thefinitive","og_description":"Italo Balbo fotografia autografa , dedica, ORIGINALE - Aprile 1938 - Uniforme MARESCIALLO DELL'ARIA - Original Autographed Balbo's photo","og_url":"https:\/\/thefinitive.com\/en\/prodotto\/italo-balbo-fotografia-autografa-uniforme-maresciallo-dellaria\/","og_site_name":"Thefinitive","article_publisher":"https:\/\/business.facebook.com\/Thefinitive-111771813534320\/","article_modified_time":"2023-03-20T14:38:39+00:00","og_image":[{"width":2160,"height":2160,"url":"https:\/\/thefinitive.com\/wp-content\/uploads\/2020\/08\/balbo1.jpg","type":"image\/jpeg"}],"twitter_card":"summary_large_image","twitter_misc":{"Est. reading time":"12 minutes"},"schema":{"@context":"https:\/\/schema.org","@graph":[{"@type":"WebPage","@id":"https:\/\/thefinitive.com\/en\/prodotto\/italo-balbo-fotografia-autografa-uniforme-maresciallo-dellaria\/","url":"https:\/\/thefinitive.com\/en\/prodotto\/italo-balbo-fotografia-autografa-uniforme-maresciallo-dellaria\/","name":"\u274c\ud83d\ude41Italo Balbo fotografia autografa - Uniforme Maresciallo dell'Aria - Thefinitive","isPartOf":{"@id":"https:\/\/thefinitive.com\/en\/#website"},"datePublished":"2020-10-16T14:21:24+00:00","dateModified":"2023-03-20T14:38:39+00:00","description":"Italo Balbo fotografia autografa , dedica, ORIGINALE - Aprile 1938 - Uniforme MARESCIALLO DELL'ARIA - Original Autographed Balbo's photo","breadcrumb":{"@id":"https:\/\/thefinitive.com\/en\/prodotto\/italo-balbo-fotografia-autografa-uniforme-maresciallo-dellaria\/#breadcrumb"},"inLanguage":"en-US","potentialAction":[{"@type":"ReadAction","target":["https:\/\/thefinitive.com\/en\/prodotto\/italo-balbo-fotografia-autografa-uniforme-maresciallo-dellaria\/"]}]},{"@type":"BreadcrumbList","@id":"https:\/\/thefinitive.com\/en\/prodotto\/italo-balbo-fotografia-autografa-uniforme-maresciallo-dellaria\/#breadcrumb","itemListElement":[{"@type":"ListItem","position":1,"name":"Home","item":"https:\/\/thefinitive.com\/en\/"},{"@type":"ListItem","position":2,"name":"Shop","item":"https:\/\/thefinitive.com\/en\/shop-2\/"},{"@type":"ListItem","position":3,"name":"\u274c\ud83d\ude41Italo Balbo fotografia autografa &#8211; Uniforme Maresciallo dell&#8217;Aria"}]},{"@type":"WebSite","@id":"https:\/\/thefinitive.com\/en\/#website","url":"https:\/\/thefinitive.com\/en\/","name":"Thefinitive","description":"Antiquariato Online","publisher":{"@id":"https:\/\/thefinitive.com\/en\/#organization"},"potentialAction":[{"@type":"SearchAction","target":{"@type":"EntryPoint","urlTemplate":"https:\/\/thefinitive.com\/en\/?s={search_term_string}"},"query-input":"required name=search_term_string"}],"inLanguage":"en-US"},{"@type":"Organization","@id":"https:\/\/thefinitive.com\/en\/#organization","name":"Thefinitive","url":"https:\/\/thefinitive.com\/en\/","logo":{"@type":"ImageObject","inLanguage":"en-US","@id":"https:\/\/thefinitive.com\/en\/#\/schema\/logo\/image\/","url":"https:\/\/thefinitive.com\/wp-content\/uploads\/2019\/07\/logo4vett.svg","contentUrl":"https:\/\/thefinitive.com\/wp-content\/uploads\/2019\/07\/logo4vett.svg","width":500,"height":100,"caption":"Thefinitive"},"image":{"@id":"https:\/\/thefinitive.com\/en\/#\/schema\/logo\/image\/"},"sameAs":["https:\/\/business.facebook.com\/Thefinitive-111771813534320\/","https:\/\/www.instagram.com\/_thefinitive_\/"]}]}},"_links":{"self":[{"href":"https:\/\/thefinitive.com\/en\/wp-json\/wp\/v3\/product\/7008"}],"collection":[{"href":"https:\/\/thefinitive.com\/en\/wp-json\/wp\/v3\/product"}],"about":[{"href":"https:\/\/thefinitive.com\/en\/wp-json\/wp\/v2\/types\/product"}],"replies":[{"embeddable":true,"href":"https:\/\/thefinitive.com\/en\/wp-json\/wp\/v2\/comments?post=7008"}],"version-history":[{"count":1,"href":"https:\/\/thefinitive.com\/en\/wp-json\/wp\/v3\/product\/7008\/revisions"}],"predecessor-version":[{"id":14683,"href":"https:\/\/thefinitive.com\/en\/wp-json\/wp\/v3\/product\/7008\/revisions\/14683"}],"wp:featuredmedia":[{"embeddable":true,"href":"https:\/\/thefinitive.com\/en\/wp-json\/wp\/v2\/media\/6315"}],"wp:attachment":[{"href":"https:\/\/thefinitive.com\/en\/wp-json\/wp\/v2\/media?parent=7008"}],"wp:term":[{"taxonomy":"product_cat","embeddable":true,"href":"https:\/\/thefinitive.com\/en\/wp-json\/wp\/v2\/product_cat?post=7008"},{"taxonomy":"product_tag","embeddable":true,"href":"https:\/\/thefinitive.com\/en\/wp-json\/wp\/v2\/product_tag?post=7008"}],"curies":[{"name":"wp","href":"https:\/\/api.w.org\/{rel}","templated":true}]}}