{"id":7006,"date":"2020-10-16T14:08:56","date_gmt":"2020-10-16T14:08:56","guid":{"rendered":"https:\/\/www.thefinitive.com\/?post_type=product&#038;p=7006"},"modified":"2023-03-20T15:38:40","modified_gmt":"2023-03-20T14:38:40","slug":"enzo-ferrari-dedica-autografo-libro-ferrari-80","status":"publish","type":"product","link":"https:\/\/thefinitive.com\/en\/prodotto\/enzo-ferrari-dedica-autografo-libro-ferrari-80\/","title":{"rendered":"\u274c\ud83d\ude41ENZO FERRARI dedica autografo &#8211; Libro &#8220;FERRARI 80&#8221;"},"content":{"rendered":"<p>Volume originale &#8220;<strong>FERRARI<\/strong> <strong>80&#8243;<\/strong> con dedica ed autografo originali (scritti di pugno) da <em><strong>ENZO FERRARI<\/strong><\/em> , ad un sindacalista degli anni &#8217;70-&#8217;80<\/p>\n<p>La famosa autobiografia in cui Enzo Ferrari racconta se stesso e le sue vetture. Il libro \u00e8 in ottime condizioni. Terza edizione fuori commercio.<\/p>\n<p>&nbsp;<\/p>\n<p><strong>AUTORE &#8230;&#8230;&#8230;&#8230;&#8230;&#8230;&#8230;&#8230;&#8230;&#8230;.:\u00a0\u00a0<\/strong>Enzo Ferrari<\/p>\n<p><strong>ANNO DI PUBBLICAZIONE &#8230;&#8230;..:\u00a0<\/strong> 1981<\/p>\n<p><strong>MISURE &#8230;&#8230;&#8230;&#8230;&#8230;&#8230;&#8230;&#8230;&#8230;&#8230;..:\u00a0<\/strong> cm. 25 x 18<\/p>\n<p><strong>EDITORE &#8230;&#8230;&#8230;&#8230;&#8230;&#8230;&#8230;&#8230;&#8230;&#8230;:<\/strong>\u00a0 ARBE Officine grafiche Modena<\/p>\n<p><strong>NUMERO DI PAGINE &#8230;&#8230;&#8230;&#8230;&#8230;.:<\/strong>\u00a0 2 &#8211; 242<\/p>\n<p>&nbsp;<\/p>\n<p>&nbsp;<\/p>\n<p>&nbsp;<\/p>\n<div class=\"thumb tright\">\n<div class=\"thumbinner\">\n<h2 style=\"text-align: left;\">NOTIZIE<\/h2>\n<\/div>\n<\/div>\n<p><b>Enzo Anselmo Giuseppe Maria Ferrari<\/b>\u00a0noto come\u00a0<b>Enzo Ferrari<\/b>\u00a0(Modena,\u00a020 febbraio\u00a01898\u00a0\u2013\u00a0Modena,\u00a014 agosto\u00a01988) \u00e8 stato un\u00a0imprenditore,\u00a0dirigente sportivo\u00a0e\u00a0pilota automobilistico\u00a0italiano, fondatore della\u00a0omonima casa automobilistica, la cui sezione sportiva, la\u00a0Scuderia Ferrari, conquist\u00f2 in\u00a0Formula 1, con lui ancora in vita, 9\u00a0campionati del mondo piloti\u00a0e 8\u00a0campionati del mondo costruttori<\/p>\n<div class=\"thumb tright\">\n<div class=\"thumbinner\">\n<div class=\"thumb tright\">\n<div class=\"thumbinner\">\n<h3><span id=\"Infanzia_e_giovinezza\" class=\"mw-headline\">Infanzia e giovinezza<\/span><\/h3>\n<p>Il padre, Alfredo Ferrari (1859-1915), era originario di\u00a0Carpi\u00a0(in\u00a0provincia di Modena), mentre la madre, Adalgisa Bisbini (1872-1925), era nata a\u00a0Marano sul Panaro\u00a0(in\u00a0provincia di Modena). La famiglia viveva in\u00a0<i>via Paolo Ferrari 85<\/i>, nella casa adiacente all&#8217;officina di carpenteria meccanica fondata da Alfredo, che lavorava per le vicine ferrovie; il complesso abitativo, unitamente a una nuova galleria espositiva, \u00e8 attualmente sede del\u00a0museo Enzo Ferrari.<\/p>\n<p>A differenza del fratello maggiore Alfredo Junior, detto Dino (1896-1916), Enzo aveva un rendimento scolastico piuttosto scarso e allo studio preferiva di gran lunga lavorare nell&#8217;officina del padre (ne fu un esempio la partecipazione alla realizzazione della pensilina della\u00a0stazione di Giulianova\u00a0nel\u00a01914), che l&#8217;avrebbe voluto ingegnere, sognando invece di poter concretare una delle sue passioni adolescenziali. Infatti avrebbe voluto divenire tenore d&#8217;operetta o giornalista sportivo o pilota automobilistico. Comp\u00ec le prime esperienze di guida sulla\u00a0Diatto\u00a0di famiglia e il 16 novembre\u00a01914\u00a0riusc\u00ec a far pubblicare il suo resoconto della partita di calcio\u00a0Modena-Inter\u00a0sulla\u00a0<i>Gazzetta dello Sport<\/i>.<\/p>\n<p>Nel\u00a01915\u00a0il padre mor\u00ec a causa di una\u00a0polmonite\u00a0e,\u00a0l&#8217;anno seguente, mor\u00ec anche il fratello Dino, partito come volontario allo scoppio della\u00a0Grande Guerra. In attesa di essere chiamato alle armi, grazie alla sua conoscenza delle macchine utensili l&#8217;allora diciottenne Enzo trov\u00f2 impiego, in qualit\u00e0 di istruttore, presso l&#8217;Officina Pompieri di Modena, dove si tenevano corsi per la preparazione di operai da utilizzare nelle industrie ausiliarie. Nel\u00a01917\u00a0venne arruolato nel\u00a0Regio Esercito\u00a0e assegnato al\u00a03\u00ba Reggimento d&#8217;artiglieria alpina, ma nello stesso anno fu congedato a causa di una\u00a0pleurite.<\/p>\n<h3><span id=\"L.27attivit.C3.A0_lavorativa\"><\/span><span id=\"L'attivit\u00e0_lavorativa\" class=\"mw-headline\">L&#8217;attivit\u00e0 lavorativa<\/span><\/h3>\n<p>Ripresosi dalla malattia, dopo un lungo ricovero nella sezione &#8220;incurabili&#8221; del nosocomio bolognese, con una lettera di raccomandazione datagli dal comandante del suo corpo, Enzo Ferrari raggiunse\u00a0Torino\u00a0e chiese di essere assunto presso la\u00a0FIAT, ottenendo un cortese diniego dal direttore del personale Diego Soria.<\/p>\n<table class=\"citazione-table\">\n<tbody>\n<tr>\n<td>\u00abEra l&#8217;inverno 1918-1919, rigidissimo, lo ricordo con grande pena. Mi ritrovai per strada, i vestiti mi si gelavano addosso. Attraversando il\u00a0Parco del Valentino, dopo aver spazzato la neve con la mano, mi lasciai cadere su una panchina. Ero solo, mio padre e mio fratello non c&#8217;erano pi\u00f9. Lo sconforto mi vinse e piansi.\u00bb<\/td>\n<\/tr>\n<tr>\n<td>(<small>Enzo Ferrari, al rifiuto di assunzione in\u00a0FIAT<\/small>)<\/td>\n<\/tr>\n<\/tbody>\n<\/table>\n<p>A rincuorarlo e motivarlo a rimanere nel capoluogo piemontese fu l&#8217;incontro, avvenuto alla\u00a0stazione di Porta Nuova, con la diciannovenne sartina Laura Garello, originaria di\u00a0Racconigi, con la quale si fidanz\u00f2.<\/p>\n<p>Dopo un breve pellegrinaggio tra le molte aziende metalmeccaniche torinesi, trov\u00f2 occupazione nella Carrozzeria Giovannoni, specializzata nel recupero di autocarri leggeri del tipo\u00a0Lancia Zeta-12\/15HP\u00a0o\u00a0Fiat Brevetti, dismessi dall&#8217;uso bellico. Demolite le carrozzerie, gli\u00a0autotelai\u00a0venivano ricondizionati e consegnati alla\u00a0Carrozzeria Italo-Argentina\u00a0di\u00a0Milano, che provvedeva a trasformarli in\u00a0torpedo\u00a0o\u00a0coup\u00e9 de ville\u00a0di lusso. Compito del giovane Ferrari, oltre al lavoro d&#8217;officina, era quello di collaudare gli autotelai ricondizionati e consegnarli alla committente nel capoluogo lombardo. Divenne cos\u00ec un provetto guidatore. La domanda di autotelai recuperati, per\u00f2, si affievol\u00ec in pochi mesi, man mano che le\u00a0case automobilistiche\u00a0venivano progressivamente riconvertite alla produzione civile, lasciando intravedere a Ferrari la non lontana disoccupazione.<\/p>\n<p>Fu durante una delle sue trasferte a Milano che, alla fine del\u00a01919, trov\u00f2 occupazione in una piccola impresa meccanica milanese, la\u00a0CMN, della quale era socio l&#8217;amico\u00a0Ugo Sivocci, conosciuto casualmente da Ferrari nel\u00a0<i>Bar Vittorio Emanuele<\/i>\u00a0di via Orefici. Sivocci prese a cuore la situazione di quel ragazzo squattrinato, ingaggiandolo come assistente al collaudo. La prima competizione importante cui Ferrari partecip\u00f2 fu la\u00a0X Targa Florio, ma con scarso successo. La sua CMN 15\/20HP, infatti, fu attorniata da dimostranti durante una manifestazione politica e Ferrari riusc\u00ec a raggiungere Palermo solo quando i cronometristi avevano ormai abbandonate le loro postazioni.<\/p>\n<p>&nbsp;<\/p>\n<div class=\"thumb tright\">\n<div class=\"thumbinner\">\n<p><img loading=\"lazy\" decoding=\"async\" class=\"thumbimage\" src=\"https:\/\/upload.wikimedia.org\/wikipedia\/commons\/thumb\/5\/50\/Enzo_Ferrari_%C3%A0_la_Targa_Florio_1922_%2816e%29.jpg\/220px-Enzo_Ferrari_%C3%A0_la_Targa_Florio_1922_%2816e%29.jpg\" srcset=\"\/\/upload.wikimedia.org\/wikipedia\/commons\/thumb\/5\/50\/Enzo_Ferrari_%C3%A0_la_Targa_Florio_1922_%2816e%29.jpg\/330px-Enzo_Ferrari_%C3%A0_la_Targa_Florio_1922_%2816e%29.jpg 1.5x, \/\/upload.wikimedia.org\/wikipedia\/commons\/thumb\/5\/50\/Enzo_Ferrari_%C3%A0_la_Targa_Florio_1922_%2816e%29.jpg\/440px-Enzo_Ferrari_%C3%A0_la_Targa_Florio_1922_%2816e%29.jpg 2x\" alt=\"\" width=\"220\" height=\"171\" data-file-width=\"845\" data-file-height=\"658\" \/><\/p>\n<div class=\"thumbcaption\">\n<div class=\"magnify\"><\/div>\n<p>Targa Florio 1922, Ferrari 16e (Alfa-Romeo ES)<\/p>\n<\/div>\n<\/div>\n<\/div>\n<p>&nbsp;<\/p>\n<p>Nel\u00a01920\u00a0cominci\u00f2 a correre con l&#8217;Alfa Romeo, che all&#8217;epoca era un club per\u00a0<i>Gentlemen Driver<\/i>. Normalizzata la sua condizione economica, decise di accasarsi con Laura che spos\u00f2 a Torino il 28 aprile 1923. Nello stesso anno Ferrari vinse la prima edizione del Gran premio del Circuito del Savio (Savio \u00e8 una frazione di Ravenna). Secondo quanto narrato da Enzo Ferrari, fu in quell&#8217;occasione che la madre di Francesco Baracca, contessa Paolina Biancoli, gli consegn\u00f2 il simbolo che l&#8217;aviatore portava sulla carlinga, un cavallino rampante, e gli disse: \u00abFerrari, metta sulle sue macchine il cavallino rampante del mio figliolo. Le porter\u00e0 fortuna\u00bb. A partire dal 1932 questo simbolo apparve sulla carrozzeria delle vetture utilizzate dalla Scuderia Ferrari. Nel 1924 fu insignito del titolo di Cavaliere dell&#8217;Ordine della Corona del Regno d&#8217;Italia.<\/p>\n<p>Nel 1924 Enzo Ferrari partecip\u00f2 alla fondazione del giornale sportivo bolognese \u00abCorriere dello Sport\u00bb. Ferrari rimase consigliere delegato della societ\u00e0 editrice fino al\u00a01926, anno del suo disimpegno dall&#8217;editoria. Nello stesso anno vinse la\u00a0coppa Acerbo\u00a0a\u00a0Pescara\u00a0e, alla fine della stagione sportiva, il pilota dovette troncare ogni attivit\u00e0 agonistica a causa di un forte esaurimento nervoso, che lo costrinse a ritornare a Modena per lunghe cure. A coronamento della sua carriera sportiva, gli furono conferite le onorificenze di\u00a0Cavaliere Ufficiale\u00a0e\u00a0Commendatore della Corona. Nel\u00a01929, completamente rimessosi, venne richiamato a Milano per fondare una squadra corse, collegata all&#8217;Alfa Romeo e destinata a diventare celebre come\u00a0Scuderia Ferrari.<\/p>\n<p>Ferrari convinse il grande progettista\u00a0Vittorio Jano\u00a0a lasciare la FIAT e approdare alla Scuderia Ferrari, inseguendo con lui i suoi sogni; allora Enzo gestiva lo sviluppo delle vetture Alfa e costru\u00ec un team di oltre 40 piloti, tra cui\u00a0Antonio Ascari,\u00a0Giuseppe Campari\u00a0e\u00a0Tazio Nuvolari. Ferrari stesso continu\u00f2 a correre fino alla nascita, nel\u00a01932, del figlio\u00a0Dino.<\/p>\n<h3><span id=\"La_nascita_della_Ferrari\" class=\"mw-headline\">La nascita della Ferrari<\/span><\/h3>\n<p>La crisi economica nel\u00a01933\u00a0port\u00f2 l&#8217;Alfa Romeo a ritirarsi fino al\u00a01937; poco dopo Ferrari si ritir\u00f2 e cre\u00f2 l&#8217;Auto Avio Costruzioni\u00a0(AAC) con sede a Modena. A causa della\u00a0guerra, per paura dei bombardamenti, nel\u00a01943\u00a0Enzo Ferrari trasfer\u00ec l&#8217;AAC nel suo nuovo stabilimento di\u00a0Maranello. Dopo la guerra Ferrari cre\u00f2 &#8220;La Scuderia Ferrari&#8221;, la sezione sportiva della casa automobilistica Ferrari, che era esistente fin dal\u00a01930\u00a0ma che fu costituita in ragione sociale dal\u00a01947, e che \u00e8 attualmente la pi\u00f9 nota squadra del mondo automobilistico sportivo.<\/p>\n<div class=\"thumb tright\">\n<div class=\"thumbinner\">\n<div class=\"thumbcaption\">\n<div class=\"magnify\">La prima gara disputata nel campionato mondiale fu il Gran Premio di Monaco, il 21 maggio del\u00a01950, mentre la prima vittoria in F1 fu il\u00a0Gran Premio di Gran Bretagna del 1951\u00a0con\u00a0Jos\u00e9 Froil\u00e1n Gonz\u00e1lez, sbaragliando lo squadrone\u00a0Alfa Romeo. Fu la vittoria che segn\u00f2 il declino dell&#8217;Alfa Romeo nel mondo della F1 (che pur vincendo il mondiale 1951 decise di ritirarsi per questioni economiche senza portare in gara il rivoluzionario progetto 160) e, contemporaneamente, l&#8217;ascesa sportiva della Ferrari, causando al Drake un conflitto di sentimenti, verso la vecchia\u00a0casa\u00a0milanese alla quale doveva ogni sua fama e conoscenza in campo automobilistico.<\/div>\n<\/div>\n<\/div>\n<\/div>\n<p>Il primo titolo mondiale di F1 giunse nel\u00a01952\u00a0con\u00a0Alberto Ascari\u00a0(l&#8217;Alfa Romeo si era ritirata alla fine del 1951 per concentrare i propri sforzi sulla produzione di auto stradali). La &#8220;Scuderia Ferrari&#8221; \u00e8 attiva nel campionato del mondo di\u00a0Formula 1\u00a0fin dalla sua istituzione, e ne ha vinto 15 volte il titolo piloti e 16 volte quello costruttori.<\/p>\n<p>La conversione di Ferrari pilota e direttore di scuderia sportiva in industriale dell&#8217;automobile fu stimolata dall&#8217;amicizia-competizione con\u00a0Adolfo Orsi, proprietario della\u00a0Maserati, e soprattutto con\u00a0Vittorio Stanguellini, il modenese che alla fine degli anni quaranta dominava i circuiti del mondo con le auto\u00a0FIAT\u00a0abilmente modificate. Testimonianze modenesi attestano che Ferrari si sarebbe avvalso dell&#8217;esperienza delle officine di Stanguellini usufruendo anche di tecnici dell&#8217;amico-avversario.<\/p>\n<p>Ferrari fu insignito di molti titoli, ma quello di cui pi\u00f9 si vantava era quello di &#8220;ingegnere meccanico&#8221;, datogli ad honorem nel 1960 dall&#8217;Universit\u00e0 di Bologna. Inoltre, nel 1988 gli fu conferita anche la\u00a0laurea honoris causa\u00a0in\u00a0Fisica\u00a0dall&#8217;Universit\u00e0 di Modena e Reggio Emilia.<\/p>\n<p>Nel giugno del 1988\u00a0papa Giovanni Paolo II\u00a0si rec\u00f2 in visita agli stabilimenti di Maranello per incontrarlo. Ferrari per\u00f2 era gi\u00e0 troppo malato, i due cos\u00ec ebbero solo una conversazione telefonica, con grande dispiacere di Ferrari che desiderava quell&#8217;incontro da tempo. Enzo Ferrari mor\u00ec il 14 agosto\u00a01988\u00a0all&#8217;et\u00e0 di novant&#8217;anni. La notizia della sua morte, seguendo le sue volont\u00e0, fu divulgata solo a esequie avvenute. Il funerale si svolse in forma strettamente privata, senza corteo e alla presenza dei soli amici e parenti intimi. Ferrari \u00e8 stato tumulato nel cimitero di San Cataldo, a\u00a0Modena, accanto alla tomba del figlio\u00a0Dino.<\/p>\n<p>Poco meno di un mese dopo, al\u00a0Gran Premio d&#8217;Italia di Formula 1\u00a0a\u00a0Monza,\u00a0Gerhard Berger\u00a0e\u00a0Michele Alboreto\u00a0con le due\u00a0Ferrari\u00a0si piazzarono al primo e al secondo posto. La vittoria fu dedicata alla memoria del\u00a0<i>Drake<\/i>.<\/p>\n<h2>Domenico Trucchi<\/h2>\n<p>Domenico Trucchi cominci\u00f2 la sua carriera sindacale nella commissione interna della Piaggio di Finale Ligure. Frequentato il &#8221;corso lungo&#8221; presso il centro studi della Cisl di Firenze nel 1969 e successivamente\u00a0 ricoperto l&#8217;incarico di segretario generale della Cisl di Savona e di segretario generale della Flerica-Cisl fino al 1985, nel dicembre dello stesso anno venne eletto Segretario confederale della Cisl, nella quale \u00e8 stato responsabile del dipartimento dei servizi e dal 1989 responsabile del dipartimento del Pubblico Impiego. Dopo aver lasciato il sindacato fu anche dirigente delle ferrovie dello stato.<\/p>\n<\/div>\n<\/div>\n<\/div>\n<\/div>\n<p>&nbsp;<\/p>\n<p>Fonti \u00a0<a href=\"https:\/\/it.wikipedia.org\/wiki\/Enzo_Ferrari\"><em>Wikipedia<\/em><\/a>\u00a0 al quale si rimanda per ulteriori approfondimenti essendo l&#8217;argomento molto ampio<\/p>\n<p>8.20<\/p>\n","protected":false},"excerpt":{"rendered":"<p style=\"text-align: center;\">Volume originale &#8220;<strong>FERRARI<\/strong> <strong>80&#8243;<\/strong> con dedica ed autografo originali, scritti di pugno da <em><strong>ENZO FERRARI<\/strong><\/em> , ad un sindacalista degli anni &#8217;70-&#8217;80<\/p>\n<p style=\"text-align: center;\">Ottime condizioni. Terza edizione fuori commercio.<\/p>\n<p style=\"text-align: center;\"><strong><em>(Scorri la pagina in basso per ulteriori dettagli e informazioni)<\/em><\/strong><\/p>\n<p>&nbsp;<\/p>\n<p>&nbsp;<\/p>\n","protected":false},"featured_media":6712,"comment_status":"open","ping_status":"closed","template":"","meta":[],"product_cat":[586],"product_tag":[577,476,579,578,581,580],"yoast_head":"<!-- This site is optimized with the Yoast SEO plugin v21.9.1 - https:\/\/yoast.com\/wordpress\/plugins\/seo\/ -->\n<title>\u274c\ud83d\ude41ENZO FERRARI dedica autografo - Libro &quot;FERRARI 80&quot; - Thefinitive<\/title>\n<meta name=\"description\" content=\"Enzo Ferrari original dedication and autograph - Book FERRARI 80 - Dedica e firma autografa autografo autografata autographed book\" \/>\n<meta name=\"robots\" content=\"index, follow, max-snippet:-1, max-image-preview:large, max-video-preview:-1\" \/>\n<link rel=\"canonical\" href=\"https:\/\/thefinitive.com\/en\/prodotto\/enzo-ferrari-dedica-autografo-libro-ferrari-80\/\" \/>\n<meta property=\"og:locale\" content=\"en_US\" \/>\n<meta property=\"og:type\" content=\"article\" \/>\n<meta property=\"og:title\" content=\"\u274c\ud83d\ude41ENZO FERRARI dedica autografo - Libro &quot;FERRARI 80&quot; - Thefinitive\" \/>\n<meta property=\"og:description\" content=\"Enzo Ferrari original dedication and autograph - Book FERRARI 80 - Dedica e firma autografa autografo autografata autographed book\" \/>\n<meta property=\"og:url\" content=\"https:\/\/thefinitive.com\/en\/prodotto\/enzo-ferrari-dedica-autografo-libro-ferrari-80\/\" \/>\n<meta property=\"og:site_name\" content=\"Thefinitive\" \/>\n<meta property=\"article:publisher\" content=\"https:\/\/business.facebook.com\/Thefinitive-111771813534320\/\" \/>\n<meta property=\"article:modified_time\" content=\"2023-03-20T14:38:40+00:00\" \/>\n<meta property=\"og:image\" content=\"https:\/\/thefinitive.com\/wp-content\/uploads\/2020\/08\/ferr2.jpg\" \/>\n\t<meta property=\"og:image:width\" content=\"2160\" \/>\n\t<meta property=\"og:image:height\" content=\"2160\" \/>\n\t<meta property=\"og:image:type\" content=\"image\/jpeg\" \/>\n<meta name=\"twitter:card\" content=\"summary_large_image\" \/>\n<meta name=\"twitter:label1\" content=\"Est. reading time\" \/>\n\t<meta name=\"twitter:data1\" content=\"8 minutes\" \/>\n<script type=\"application\/ld+json\" class=\"yoast-schema-graph\">{\"@context\":\"https:\/\/schema.org\",\"@graph\":[{\"@type\":\"WebPage\",\"@id\":\"https:\/\/thefinitive.com\/en\/prodotto\/enzo-ferrari-dedica-autografo-libro-ferrari-80\/\",\"url\":\"https:\/\/thefinitive.com\/en\/prodotto\/enzo-ferrari-dedica-autografo-libro-ferrari-80\/\",\"name\":\"\u274c\ud83d\ude41ENZO FERRARI dedica autografo - Libro \\\"FERRARI 80\\\" - Thefinitive\",\"isPartOf\":{\"@id\":\"https:\/\/thefinitive.com\/en\/#website\"},\"datePublished\":\"2020-10-16T14:08:56+00:00\",\"dateModified\":\"2023-03-20T14:38:40+00:00\",\"description\":\"Enzo Ferrari original dedication and autograph - Book FERRARI 80 - Dedica e firma autografa autografo autografata autographed book\",\"breadcrumb\":{\"@id\":\"https:\/\/thefinitive.com\/en\/prodotto\/enzo-ferrari-dedica-autografo-libro-ferrari-80\/#breadcrumb\"},\"inLanguage\":\"en-US\",\"potentialAction\":[{\"@type\":\"ReadAction\",\"target\":[\"https:\/\/thefinitive.com\/en\/prodotto\/enzo-ferrari-dedica-autografo-libro-ferrari-80\/\"]}]},{\"@type\":\"BreadcrumbList\",\"@id\":\"https:\/\/thefinitive.com\/en\/prodotto\/enzo-ferrari-dedica-autografo-libro-ferrari-80\/#breadcrumb\",\"itemListElement\":[{\"@type\":\"ListItem\",\"position\":1,\"name\":\"Home\",\"item\":\"https:\/\/thefinitive.com\/en\/\"},{\"@type\":\"ListItem\",\"position\":2,\"name\":\"Shop\",\"item\":\"https:\/\/thefinitive.com\/en\/shop-2\/\"},{\"@type\":\"ListItem\",\"position\":3,\"name\":\"\u274c\ud83d\ude41ENZO FERRARI dedica autografo &#8211; Libro &#8220;FERRARI 80&#8221;\"}]},{\"@type\":\"WebSite\",\"@id\":\"https:\/\/thefinitive.com\/en\/#website\",\"url\":\"https:\/\/thefinitive.com\/en\/\",\"name\":\"Thefinitive\",\"description\":\"Antiquariato Online\",\"publisher\":{\"@id\":\"https:\/\/thefinitive.com\/en\/#organization\"},\"potentialAction\":[{\"@type\":\"SearchAction\",\"target\":{\"@type\":\"EntryPoint\",\"urlTemplate\":\"https:\/\/thefinitive.com\/en\/?s={search_term_string}\"},\"query-input\":\"required name=search_term_string\"}],\"inLanguage\":\"en-US\"},{\"@type\":\"Organization\",\"@id\":\"https:\/\/thefinitive.com\/en\/#organization\",\"name\":\"Thefinitive\",\"url\":\"https:\/\/thefinitive.com\/en\/\",\"logo\":{\"@type\":\"ImageObject\",\"inLanguage\":\"en-US\",\"@id\":\"https:\/\/thefinitive.com\/en\/#\/schema\/logo\/image\/\",\"url\":\"https:\/\/thefinitive.com\/wp-content\/uploads\/2019\/07\/logo4vett.svg\",\"contentUrl\":\"https:\/\/thefinitive.com\/wp-content\/uploads\/2019\/07\/logo4vett.svg\",\"width\":500,\"height\":100,\"caption\":\"Thefinitive\"},\"image\":{\"@id\":\"https:\/\/thefinitive.com\/en\/#\/schema\/logo\/image\/\"},\"sameAs\":[\"https:\/\/business.facebook.com\/Thefinitive-111771813534320\/\",\"https:\/\/www.instagram.com\/_thefinitive_\/\"]}]}<\/script>\n<!-- \/ Yoast SEO plugin. -->","yoast_head_json":{"title":"\u274c\ud83d\ude41ENZO FERRARI dedica autografo - Libro \"FERRARI 80\" - Thefinitive","description":"Enzo Ferrari original dedication and autograph - Book FERRARI 80 - Dedica e firma autografa autografo autografata autographed book","robots":{"index":"index","follow":"follow","max-snippet":"max-snippet:-1","max-image-preview":"max-image-preview:large","max-video-preview":"max-video-preview:-1"},"canonical":"https:\/\/thefinitive.com\/en\/prodotto\/enzo-ferrari-dedica-autografo-libro-ferrari-80\/","og_locale":"en_US","og_type":"article","og_title":"\u274c\ud83d\ude41ENZO FERRARI dedica autografo - Libro \"FERRARI 80\" - Thefinitive","og_description":"Enzo Ferrari original dedication and autograph - Book FERRARI 80 - Dedica e firma autografa autografo autografata autographed book","og_url":"https:\/\/thefinitive.com\/en\/prodotto\/enzo-ferrari-dedica-autografo-libro-ferrari-80\/","og_site_name":"Thefinitive","article_publisher":"https:\/\/business.facebook.com\/Thefinitive-111771813534320\/","article_modified_time":"2023-03-20T14:38:40+00:00","og_image":[{"width":2160,"height":2160,"url":"https:\/\/thefinitive.com\/wp-content\/uploads\/2020\/08\/ferr2.jpg","type":"image\/jpeg"}],"twitter_card":"summary_large_image","twitter_misc":{"Est. reading time":"8 minutes"},"schema":{"@context":"https:\/\/schema.org","@graph":[{"@type":"WebPage","@id":"https:\/\/thefinitive.com\/en\/prodotto\/enzo-ferrari-dedica-autografo-libro-ferrari-80\/","url":"https:\/\/thefinitive.com\/en\/prodotto\/enzo-ferrari-dedica-autografo-libro-ferrari-80\/","name":"\u274c\ud83d\ude41ENZO FERRARI dedica autografo - Libro \"FERRARI 80\" - Thefinitive","isPartOf":{"@id":"https:\/\/thefinitive.com\/en\/#website"},"datePublished":"2020-10-16T14:08:56+00:00","dateModified":"2023-03-20T14:38:40+00:00","description":"Enzo Ferrari original dedication and autograph - Book FERRARI 80 - Dedica e firma autografa autografo autografata autographed book","breadcrumb":{"@id":"https:\/\/thefinitive.com\/en\/prodotto\/enzo-ferrari-dedica-autografo-libro-ferrari-80\/#breadcrumb"},"inLanguage":"en-US","potentialAction":[{"@type":"ReadAction","target":["https:\/\/thefinitive.com\/en\/prodotto\/enzo-ferrari-dedica-autografo-libro-ferrari-80\/"]}]},{"@type":"BreadcrumbList","@id":"https:\/\/thefinitive.com\/en\/prodotto\/enzo-ferrari-dedica-autografo-libro-ferrari-80\/#breadcrumb","itemListElement":[{"@type":"ListItem","position":1,"name":"Home","item":"https:\/\/thefinitive.com\/en\/"},{"@type":"ListItem","position":2,"name":"Shop","item":"https:\/\/thefinitive.com\/en\/shop-2\/"},{"@type":"ListItem","position":3,"name":"\u274c\ud83d\ude41ENZO FERRARI dedica autografo &#8211; Libro &#8220;FERRARI 80&#8221;"}]},{"@type":"WebSite","@id":"https:\/\/thefinitive.com\/en\/#website","url":"https:\/\/thefinitive.com\/en\/","name":"Thefinitive","description":"Antiquariato Online","publisher":{"@id":"https:\/\/thefinitive.com\/en\/#organization"},"potentialAction":[{"@type":"SearchAction","target":{"@type":"EntryPoint","urlTemplate":"https:\/\/thefinitive.com\/en\/?s={search_term_string}"},"query-input":"required name=search_term_string"}],"inLanguage":"en-US"},{"@type":"Organization","@id":"https:\/\/thefinitive.com\/en\/#organization","name":"Thefinitive","url":"https:\/\/thefinitive.com\/en\/","logo":{"@type":"ImageObject","inLanguage":"en-US","@id":"https:\/\/thefinitive.com\/en\/#\/schema\/logo\/image\/","url":"https:\/\/thefinitive.com\/wp-content\/uploads\/2019\/07\/logo4vett.svg","contentUrl":"https:\/\/thefinitive.com\/wp-content\/uploads\/2019\/07\/logo4vett.svg","width":500,"height":100,"caption":"Thefinitive"},"image":{"@id":"https:\/\/thefinitive.com\/en\/#\/schema\/logo\/image\/"},"sameAs":["https:\/\/business.facebook.com\/Thefinitive-111771813534320\/","https:\/\/www.instagram.com\/_thefinitive_\/"]}]}},"_links":{"self":[{"href":"https:\/\/thefinitive.com\/en\/wp-json\/wp\/v3\/product\/7006"}],"collection":[{"href":"https:\/\/thefinitive.com\/en\/wp-json\/wp\/v3\/product"}],"about":[{"href":"https:\/\/thefinitive.com\/en\/wp-json\/wp\/v2\/types\/product"}],"replies":[{"embeddable":true,"href":"https:\/\/thefinitive.com\/en\/wp-json\/wp\/v2\/comments?post=7006"}],"version-history":[{"count":2,"href":"https:\/\/thefinitive.com\/en\/wp-json\/wp\/v3\/product\/7006\/revisions"}],"predecessor-version":[{"id":14686,"href":"https:\/\/thefinitive.com\/en\/wp-json\/wp\/v3\/product\/7006\/revisions\/14686"}],"wp:featuredmedia":[{"embeddable":true,"href":"https:\/\/thefinitive.com\/en\/wp-json\/wp\/v2\/media\/6712"}],"wp:attachment":[{"href":"https:\/\/thefinitive.com\/en\/wp-json\/wp\/v2\/media?parent=7006"}],"wp:term":[{"taxonomy":"product_cat","embeddable":true,"href":"https:\/\/thefinitive.com\/en\/wp-json\/wp\/v2\/product_cat?post=7006"},{"taxonomy":"product_tag","embeddable":true,"href":"https:\/\/thefinitive.com\/en\/wp-json\/wp\/v2\/product_tag?post=7006"}],"curies":[{"name":"wp","href":"https:\/\/api.w.org\/{rel}","templated":true}]}}