{"id":6959,"date":"2020-09-13T18:03:21","date_gmt":"2020-09-13T18:03:21","guid":{"rendered":"https:\/\/www.thefinitive.com\/?post_type=product&#038;p=6959"},"modified":"2023-03-20T15:38:44","modified_gmt":"2023-03-20T14:38:44","slug":"guido-keller-autografo-fiume-lettera-la-yoga-copia","status":"publish","type":"product","link":"https:\/\/thefinitive.com\/en\/prodotto\/guido-keller-autografo-fiume-lettera-la-yoga-copia\/","title":{"rendered":"\u274c\ud83d\ude41Guido KELLER autografo FIUME &#8211; lettera &#8211; LA YOGA"},"content":{"rendered":"<p>Autentico componimento autografo redatto su carta intestata <strong>&#8220;VINCERSI PER VINCERE&#8221;<\/strong>\u00a0 dall&#8217;eclettico e stravagante <strong>Guido KELLER<\/strong> , che fu eccezionale aviatore nella prima guerra, e con <a href=\"https:\/\/www.thefinitive.com\/shop\/autografi\/lettere\/gabriele-dannunzio-lettera-autografa-1932\/\"><em><strong>d&#8217;Annunzio<\/strong><\/em><\/a> durante l&#8217;epopea di <strong>Fiume<\/strong>. Si tratta di un foglio piegato in due, con quattro facciate, e due di queste facciate (la prima e la terza) sono state compilate con la poesia\u00a0 <strong>GOCCIA DI RUGIADA<\/strong>\u00a0 scritta a mano da Guido Keller, e la seconda facciata riporta invece un &#8220;<em>appunto<\/em>&#8221; , una &#8220;<em>nota editoriale<\/em>&#8221; , di altra mano.<\/p>\n<p>Il testo del componimento recita :<\/p>\n<p>&nbsp;<\/p>\n<h3 style=\"text-align: center;\"><strong>GOCCIA DI RUGIADA<\/strong><\/h3>\n<p style=\"text-align: center;\"><strong><em>Sono un fiore col suo<\/em><\/strong><br \/>\n<strong><em>segreto di vastit\u00e0<\/em><\/strong><br \/>\n<strong><em>Ti desidero perdutamente,<\/em><\/strong><br \/>\n<strong><em>per la sete ardente del<\/em><\/strong><br \/>\n<strong><em>mio cuore.<\/em><\/strong><br \/>\n<strong><em>Cresco sulla riva d&#8217;uno stagno<\/em><\/strong><br \/>\n<strong><em>pieno di rane. Vorrei le<\/em><\/strong><br \/>\n<strong><em>ali delle gr\u00f9.<\/em><\/strong><br \/>\n<strong><em>Una nuvola \u00e8 nel cielo<\/em><\/strong><br \/>\n<strong><em>piena d&#8217;ombra forse giungi<\/em><\/strong><br \/>\n<strong><em>con quella.<\/em><\/strong><\/p>\n<p style=\"text-align: center;\">\u00a0 \u00a0 \u00a0 \u00a0 \u00a0 \u00a0 \u00a0 \u00a0 <strong><em>Guido Keller<\/em><\/strong><\/p>\n<p>&nbsp;<\/p>\n<p>Al termine del componimento, redatto con altra penna e da altra mano, quindi sulla terza e quarta facciata, leggiamo parzialmente il seguente commento &#8221; <em>Signora, questo \u00e8 &#8230; con un palese senso di speranza, \u00e0 sete ma di &#8216;foietta&#8217; . Vive fra le rane perch\u00e8 non pu\u00f2 che gracidare &#8230; La prego un &#8230;. : &#8230;.<\/em>&#8221; . Non si capisce chi sia l&#8217;autore del commento, e non si sa chi potr\u00e0 essere stata la destinataria della poesia, vieppi\u00f9 del commento stesso.<\/p>\n<p>La prima facciata reca all&#8217;angolo alto sinistro, stampato, il motto <strong>&#8220;VINCERSI PER VINCERE&#8221;\u00a0<\/strong> all&#8217;interno di un cerchio. Non si sono rinvenute notizie su questa stampa, non \u00e8 chiaro se questo possa avere qualche legame con il movimento YOGA &#8230; sono ben accette idee, suggerimenti e magari spiegazioni plausibili o comprovate !<\/p>\n<p>Il foglio in carta filigranata, leggero, aperto misura <strong>cm.33 x 21,5<\/strong> , ovvero <strong>cm.16,5 x 21,5<\/strong> ogni facciata.<\/p>\n<p>In ottime condizioni di conservazione, per quello che un foglio di carta dopo cento anni pu\u00f2 essere. Piccoli taglietti sparsi.<\/p>\n<p>&nbsp;<\/p>\n<p><strong>MATERIALE\u00a0 \u00a0 \u00a0:\u00a0<\/strong> carta<\/p>\n<p><strong>MISURE\u00a0 \u00a0 \u00a0 \u00a0 \u00a0 \u00a0 \u00a0: <\/strong>cm.16,5 x 21,5 per quattro facciate<\/p>\n<p><strong>MARCHIO\u00a0 \u00a0 \u00a0 \u00a0 \u00a0:<\/strong>\u00a0 VINCERSI PER VINCERE<\/p>\n<h2><\/h2>\n<h2><\/h2>\n<h2 style=\"text-align: left;\">NOTIZIE<\/h2>\n<p class=\"oblique\">Guido Keller nasce a Milano nel 1892 (o 1894) da un\u2019antica famiglia aristocratica elvetica, i conti Keller von Kellerer, che si era trasferita in Lombardia verso la met\u00e0 del Diciottesimo secolo. Personaggio eccentrico, \u201cun po\u2019 guascone e un po\u2019 Don Chisciotte\u201d (Claudia Salaris,\u00a0<em>Alla festa della rivoluzione. Artisti e libertari con D\u2019Annunzio a Fiume<\/em>, il Mulino, 2002), da molti definito \u201cscapigliato\u201d, esteta e uomo d\u2019azione, appassionato di letteratura italiana e straniera, di arti figurative, musica, filosofia e sport, amante del rischio e refrattario alla disciplina e alle convenzioni.<\/p>\n<p class=\"oblique\">\u201cKeller era piccolo di statura, con una capigliatura sempre troppo abbondante e arruffatissima, con una barba selvaggia ma con baffi fieramente obbligati all\u2019ins\u00f9 come quelli di un moschettiere. Aveva uno sguardo fra l\u2019accigliato e il tenero; era alieno dagli scatti con i quali ognuno reagisce di fronte ad una enormit\u00e0, contentandosi di una scrollatina di spalle o di un malinconico oscillare della grossa testa. Nessuno lo sent\u00ec mai alzare la voce. Sul pi\u00f9 bello di una discussione nella quale stava per persuaderti (caso raro, perch\u00e9 di solito non lo capivi) ti lasciava, senza concludere la sua vittoria. Se mai sorrideva, ed era un sorriso che non dimenticavi pi\u00f9, niente ironia, niente superiorit\u00e0: il bel sorriso puro di un fanciullo. Ma sorrideva rarissimamente perch\u00e9 tutto ci\u00f2 che vedeva, anche la pi\u00f9 grossa stramberia, era per lui cosa normalissima, e lo lasciava indifferente, o paternamente consenziente. Sorrideva di rado. Una vera risata, poi, non l\u2019ha mai fatta. [\u2026] Sempre spiantato e sempre trasandato nel vestire ma con l\u2019indifferenza del gran signore, un giorno ti capitava davanti con un capo di raffinata eleganza: una cravatta, un paio di scarpe indubbiamente provenienti da un ottimo negozio. Ma il giorno dopo la cravatta era lordata da una larga macchia d\u2019olio che lui non si curava di togliere, e le scarpe erano orribilmente scalcagnate. Le aveva adoperate per una gita in montagna dove si era arrampicato di notte per assistere allo splendore dell\u2019alba. E ti raccontava, senza enfasi per\u00f2, la commozione che ne aveva provato. Ma se gli proponevi di ripetere la gita insieme ti guardava come se tu fossi matto.\u201d &#8211; <strong><em>Mario Fucini, generale dell\u2019Aeronautica e personaggio di spicco della prima guerra mondiale (da Igino Mencarelli,\u00a0Guido Keller, Ufficio storico dell\u2019Aeronautica, 1970)<\/em><\/strong><\/p>\n<p class=\"oblique\" style=\"text-align: left;\" align=\"center\">Dopo le scuole elementari Keller viene mandato dai genitori a studiare in un convitto svizzero rigoroso e frequentato da famiglie illustri, ma vi resiste soltanto un paio di anni. Nel 1915 si iscrive al Battaglione aviatori civili di Mirafiori dove si distingue come uno dei migliori piloti e allievi. Ottiene il brevetto civile su apparecchio Bl\u00e9riot e si arruola nell\u2019Aeronautica. Il primo giugno 1915 viene nominato pilota militare su Aviatik e il 15 novembre dello stesso anno diventa comandante della Terza Squadriglia Aviatik. Spericolato e imprevedibile, rischia spesso la vita: affronta ogni impresa con grande eccitazione e con un coraggio al limite della follia e s\u2019incanta a guardare i paesaggi che sorvola tanto che il pi\u00f9 delle volte perde di vista il proprio obiettivo e si dimentica degli attacchi nemici. Volare, per lui, \u00e8 un momento estatico e, da vero dandy, porta un servizio da t\u00e8 a bordo del suo velivolo e non indossa mai la divisa tradizionale.<\/p>\n<p class=\"oblique\">\u201cKeller era solito volare in abiti succinti, senza giacca, calzando in capo, in luogo del baschetto di cuoio, un fez da bersagliere munito di un lunghissimo cordone terminante in un grande fiocco: il cordone, come lui desiderava, si distendeva in aria, a guisa di una tremula manica a vento. E in volo talvolta leggeva tenendo il volume assicurato al ginocchio a mezzo di una funicella: leggeva l\u2019<em>Orlando Furioso<\/em>, oppure liriche del Leopardi, del Petrarca, o tragedie di Shakespeare. Leggeva davvero perch\u00e9, dopo l\u2019atterraggio, pi\u00f9 che riferire della missione compiuta, si preoccupava di commentare il libro.\u201d &#8211; <em><strong>Igino Mencarelli<\/strong><\/em><\/p>\n<h3>Keller igienista, nudista<\/h3>\n<p class=\"oblique\">Keller \u00e8 un fanatico igienista, cultore del naturismo e del nudismo: gira sempre a torso nudo per il campo di aviazione e non si separa mai dalla sua aquila addestrata, chiamata proprio come lui, con la quale dorme, quasi sempre seminudo, appollaiato in cima a un albero.<\/p>\n<p class=\"oblique\">\u201cCos\u00ec disdegnava passare la notte nello \u2018alloggio signori ufficiali\u2019 e si era trovato un albero in fondo al campo, sotto al quale una squadra di soldati, con abbondante lavoro di badile, era riuscita a scavare una specie di grotta o di ricovero. [\u2026] Nelle ore di libert\u00e0 saliva sull\u2019albero, nudo completamente e nell\u2019aerea dimora svolgeva tutte quelle attivit\u00e0 \u2013 anche le pi\u00f9 naturali\u2026 \u2013 che molti uomini disimpegnano al livello del terreno.\u201d &#8211; <em><strong>Atlantico Ferrari,\u00a0L\u2019Asso di cuori Guido Keller, Cremonese, 1933<\/strong><\/em><\/p>\n<p class=\"oblique\">\u201cNelle giornate serene, trascorreva le ore libere da impegni di servizio e di volo, nelle campagne circostanti: si denudava, prendeva bagni di sole, faceva lunghe marce, corse, esercizi ginnici. Ad eccezione dei mesi invernali, dormiva sotto la tenda. Una volta, in un campo di guerra, si fece costruire, come sua dimora, una grotta.\u201d- <em><strong>Igino Mencarelli<\/strong><\/em><\/p>\n<p>&nbsp;<\/p>\n<p class=\"oblique\"><img loading=\"lazy\" decoding=\"async\" class=\"alignnone\" src=\"http:\/\/www.oblique.it\/images\/manifesto\/obliqui\/keller\/keller_2.jpg\" alt=\"Guido KELLER pitale\" width=\"245\" height=\"317\" \/><\/p>\n<p class=\"oblique\">A Mirafiori gira voce che Keller abbia la testa talmente dura da riuscire a frantumare un\u2019elica. Keller si indispettisce, convoca tutti i \u201ccalunniatori\u201d e crea la bizzarra Societ\u00e0 degli amici del pelo. A ognuno di loro taglia un ciocca di capelli e gli elenca le norme della societ\u00e0.<\/p>\n<p class=\"oblique\">\u201cTerminata la cerimonia, serio e solenne come un sacerdote che compie una cerimonia liturgica, seguito dai \u2018soci\u2019 in processione, raggiunse l\u2019hangar e part\u00ec in volo recando, in una busta, i capelli degli stessi soci e arrivato su Torino li sparse nel cielo della citt\u00e0 \u2018in segno di promessa e di protezione dei piloti di Mirafiori\u2019. &#8211; <em><strong>Igino Mencarelli<\/strong><\/em><\/p>\n<h3>Fiume , d&#8217;Annunzio , La Yoga<\/h3>\n<p class=\"oblique\">La popolarit\u00e0 di Keller dilaga nel periodo della cosiddetta \u201cpassione fiumana e dalmatica\u201d. La sua fama di abile aviatore e di sostenitore della libert\u00e0 di pensiero gli permettono di entrare in contatto con personaggi di un certo calibro: oltre a Francesco Baracca (Keller fa parte della sua squadriglia durante la grande guerra), conosce infatti l\u2019ufficiale telegrafista Comisso e soprattutto Gabriele D\u2019Annunzio. Keller aveva incontrato il Vate durante la guerra e ne era diventato seguace a Venezia, dopo l\u2019armistizio. Nel settembre del 1919 D\u2019Annunzio occupa Fiume con un piccolo gruppo di legionari, ma presto le gesta leggendarie del poeta-soldato richiamano migliaia di uomini, soprattutto ex combattenti, fra cui Keller: \u201cIl Comandante lo consulta e gli vuol bene. I bambini piccini credono che sia il Diavolo\u201d (Leone Kochnitzky,\u00a0<em>La quinta stagione o i centauri di Fiume<\/em>, a cura di Alberto Luchini, Zanichelli, 1922). Non meno significativo \u00e8 l\u2019incontro con Giovanni Comisso, futuro scrittore e poeta:<\/p>\n<p class=\"oblique\">\u201cUn giorno sulle scale dell\u2019albergo mi incontrai con l\u2019aviatore Guido Keller, segretario d\u2019azione del Comandante. Guardavo questo uomo strano di volto in cui brillavano acutissimi gli occhi neri, che mi scrutavano dalla testa ai piedi. Quando fummo vicini, mi tese la mano e subito ci mettemmo a parlare. [\u2026] Parlammo di fare la rivoluzione che cominciasse a mutare l\u2019ordinamento dell\u2019esercito, di abolire i gradi superiori al capitano, di ricreare le antiche compagnie di ventura di tradizione italiana, di prendere l\u2019ardito come tipo esemplare del vero soldato italiano e di modificare la divisa, abolendo il colletto chiuso e la inutile spada&#8221; &#8211; <em><strong>Giovanni Comisso,\u00a0Le mie stagioni, Longanesi, 1963<\/strong><\/em><\/p>\n<p class=\"oblique\" align=\"center\">*<br \/>\n<img loading=\"lazy\" decoding=\"async\" class=\"alignleft\" src=\"http:\/\/www.oblique.it\/images\/manifesto\/obliqui\/keller\/keller_yoga_min.jpg\" alt=\"YOGA\" width=\"534\" height=\"519\" \/><\/p>\n<p>&nbsp;<\/p>\n<p>&nbsp;<\/p>\n<p>&nbsp;<\/p>\n<p>&nbsp;<\/p>\n<p>&nbsp;<\/p>\n<p>&nbsp;<\/p>\n<p>&nbsp;<\/p>\n<p>&nbsp;<\/p>\n<p>&nbsp;<\/p>\n<p>&nbsp;<\/p>\n<p>&nbsp;<\/p>\n<p>&nbsp;<\/p>\n<p>&nbsp;<\/p>\n<p>&nbsp;<\/p>\n<p class=\"oblique\">Insieme fondano il movimento denominato <strong>La Yoga<\/strong>, l\u2019Unione di Spiriti Liberi tendenti alla perfezione, che assume come simbolo una svastica \u2013 allora allegoria del carro e del sole \u2013 e una rosa a cinque petali. Il movimento, con tendenze esoteriche e trasgressive, si pone l\u2019obiettivo di contrastare gli elementi moderati e conservatori che circondano D\u2019Annunzio e si apre al libero amore, alle orge gay, a ladri e prostitute. Nei proclami del gruppo viene teorizzata la necessit\u00e0 di \u201cinsegnare la scienza dell\u2019Amore cio\u00e8 della Trasformazione. L\u2019Amore come sensazione, come sentimento, come idea; [\u2026] la filosofia non come amore della Scienza, ma come Scienza dell\u2019Amore\u201d (Ferdinando Gerra, <em>L\u2019impresa di Fiume. II: La Reggenza italiana del Carnaro<\/em>, Longanesi). L\u2019esperienza fiumana viene vissuta \u201ccome momento perennemente ludico\u201d, come una festa continua, ma rimane ancorata all\u2019impegno e alla realt\u00e0. I due progettano anche il Castello d\u2019amore, una festa in costume con ambientazione medievale per il Carnevale del 1920, che viene per\u00f2 bocciata da D\u2019Annunzio:<\/p>\n<p class=\"oblique\">\u201cMa perch\u00e9 avete pensato a una festa cos\u00ec antiquata; sembra la mia\u00a0<em>Francesca da Rimini<\/em>. No, no. Si direbbe \u2018Ecco il solito D\u2019Annunzio\u2019. Penser\u00f2 io a qualcosa di nuovo\u201d.<\/p>\n<p class=\"oblique\" style=\"text-align: left;\" align=\"center\">Keller, inoltre, d\u00e0 vita a una compagnia destinata alla guardia del corpo del Comandante (come si fa chiamare D\u2019Annunzio), denominata La Disperata e formata da un gruppo di giovani soldati scapestrati che non sono stati accolti dal Comando e si sono accampati nei cantieri navali della citt\u00e0.<\/p>\n<p class=\"oblique\">\u201cAndato a vedere cosa vi facevano, trov\u00f2 che se ne stavano nudi a tuffarsi dalle prue delle navi immobilizzate, altri cercavano di manovrare vecchie locomotive che un tempo correvano tra Fiume e Budapest, altri arrampicati sulle gru, cantavano. Gli apparvero ebri e felici, li fece radunare e li pass\u00f2 in rassegna: erano tutti bellissimi, fierissimi e li giudic\u00f2 i migliori soldati di Fiume. Inquadr\u00f2 questi soldati che tutti chiamavano i disperati per la loro situazione di abbandono e li offerse al Comandante come una guardia personale. La sua decisione fece scandalo tra gli ufficiali superiori, ma il Comandante accett\u00f2 l\u2019offerta. Con la creazione di questa compagnia, Keller aveva cominciato a realizzare le sue idee di un nuovo ordine militare. Grande parte del giorno questi nuovi soldati facevano esercizio di nuoto e di voga, cantavano e marciavano attraverso la citt\u00e0 a torso nudo con calzoncini corti, non avevano obbligo di rimanere chiusi in caserma, ma gli stessi esercizi con la loro piacevolezza li persuadevano a tenersi raggruppati e alla sera per loro divertimento se ne andavano in una localit\u00e0 deserta chiamata La torretta, dove divisi in due schiere iniziavano veri combattimenti a bombe a mano, e non mancavano i feriti. [Era un] manipolo di uomini decisi, spregiudicati, violenti nell\u2019adorazione e nell\u2019impeto: fiore della rivolta e della libert\u00e0, passato attraverso il setaccio della guerra e degli stati d\u2019animo, se non delle idee, rivoluzionari. Erano mastini ed erano fanciulli: sicuri come truppe di colore, consapevoli come \u2018soldati della morte\u2019, lieti e canori come atleti in gara continua. Alcuni elementi moralmente impuri non la deturparono, ma le diedero un colore crepuscolare di gente maledetta dai saggi e dai mediocri, che costitu\u00ec il suo fascino pi\u00f9 orgoglioso\u201d. &#8211; <em><strong>Giovanni Comisso<\/strong><\/em><\/p>\n<p class=\"oblique\">\u201cIl motto dei legionari era: \u2018<strong>Me ne frego!<\/strong>\u2019 ed i cuori delle fanciulle si facevano rapire. Passavano svelti sfiorando la terra \u2013 il torso nudo \u2013 le gambe nervose \u2013 cantando inghirlandati di fiori dopo il nobile esercizio delle armi.\u201d<\/p>\n<p class=\"oblique\">Tra Keller e D\u2019Annunzio si instaura un forte legame e l\u2019aviatore sar\u00e0 l\u2019unico autorizzato a dargli del tu.<br \/>\nIl poeta attribuisce la mancata annessione di Fiume all\u2019allora presidente del Consiglio Francesco Saverio Nitti e trova il pieno consenso dei legionari. \u00c8 in questa occasione che Keller compie la sua impresa pi\u00f9 memorabile: vola su Roma e lancia tre \u201cmessaggi\u201d, rispettivamente sul Vaticano, sul Quirinale e su Montecitorio, con lo scopo di perorare la causa dannunziana e colpire l\u2019opinione pubblica.<\/p>\n<p class=\"oblique\">\u201cGiunto a destinazione offro al Vaticano delle rose rosse per Frate Francesco, sul Quirinale lancio altre rose rosse alla Regina e al Popolo, in pegno d\u2019amore. Su Montecitorio scaglio invece un arnese di ferro smaltato, con uno striscione di stoffa rossa, delle rape legate al manico e un messaggio: Guido Keller \u2013 Ala Azione nello splendore \u2013 dona al Parlamento e al Governo che si reggono da tempo con la menzogna e la paura, la tangibilit\u00e0 allegorica del Loro Valore. Roma, 14 del terzo mese della Reggenza.\u201d &#8211; <strong><em>Igino Mencarelli<\/em><\/strong><\/p>\n<p class=\"oblique\">L\u2019arnese di ferro smaltato cade sul tetto dell\u2019Hotel Milan. Sul momento tutti pensano che sia una bomba, ma non segue nessuna esplosione: \u201c\u2026<em>qualcuno del personale dell\u2019albergo salito sul tetto e avvicinatosi con precauzione all\u2019involucro caduto non tard\u00f2 a riconoscere che non si trattava di una bomba, ma di un oggetto che sta abitualmente nei comodini vicino al letto, un po\u2019 pi\u00f9 grande dell\u2019ordinario\u2026<\/em>\u201d &#8211; <em>Da Roma<\/em>, in\u00a0<em>Yoga<\/em>, n. 2, 20 novembre 1920<\/p>\n<p class=\"oblique\">L\u2019oggetto in questione altro non \u00e8 che un pitale su cui Keller viene spesso ritratto.<\/p>\n<p class=\"oblique\"><img loading=\"lazy\" decoding=\"async\" class=\"alignnone\" src=\"http:\/\/www.oblique.it\/images\/manifesto\/obliqui\/keller\/keller_nettuno.jpg\" alt=\"Guido KELLER \" width=\"290\" height=\"418\" \/><\/p>\n<p>&nbsp;<\/p>\n<h3>Il futurismo, la fine<\/h3>\n<p class=\"oblique\">Dopo l\u2019esperienza di Fiume, Keller non riesce pi\u00f9 a trovare un suo equilibrio anche a causa dell\u2019enorme uso di cocaina. Si trasferisce prima in Turchia, dove cerca di allestire, fallendo, una scuola di pilotaggio, poi a Berlino, dove si distingue per il suo anticonformismo. Con l\u2019intento di fondere le repubbliche sudamericane, si lancia in un\u2019impresa rivoluzionaria di cui parla all\u2019amico Sandro Pozzi.<\/p>\n<p class=\"oblique\">\u201cLa bella tradizione di fede \u00e0 dilagato il suo respiro nelle terre d\u2019oltre mare. I morti sono pari a quelli di Fiume. Seguo il cammino dettato dal destino: ho cercato la mia terra tranquilla lontana e come Ulisse sono caduto dalla padella nella brace\u201d. &#8211; <em><strong>Sandro Pozzi,\u00a0Guido Keller. Nel pensiero nelle gesta, curata da Sandro Pozzi, Mediolanum, 1933<\/strong><\/em><\/p>\n<p class=\"oblique\"><img loading=\"lazy\" decoding=\"async\" class=\"alignnone\" src=\"http:\/\/www.oblique.it\/images\/manifesto\/obliqui\/keller\/keller_3.jpg\" alt=\"Guido KELLER autografo FIUME\" width=\"202\" height=\"300\" \/><\/p>\n<p class=\"oblique\">Tornato in patria nel 1928, Keller si lega ai futuristi e sogna progetti come la Conquista del sole (uno spettacolo aereo che prevede la collaborazione del pittore e pilota futurista Fedele Azari) e la Citt\u00e0 di vita, un luogo isolato per artisti ed esteti in cui riprodurre l\u2019idea della vita-festa di Fiume.<br \/>\n<strong>Keller muore nel 1929<\/strong> in un incidente stradale insieme a due amici e colleghi, Vittorio Montiglio e Giovanni Battista Salina, nei pressi di Otricoli (Terni), mentre sono diretti a Vallombrosa. Viene sepolto vicino alla tomba di D\u2019Annunzio.<\/p>\n<h2>MIGLIORI NOTIZIE SUL KELLER E LA YOGA<\/h2>\n<div><strong>Guido Keller<\/strong>\u00a0(Milano,\u00a06 febbraio\u00a01892\u00a0\u2013\u00a0Otricoli,\u00a09 novembre\u00a01929) \u00e8 stato un\u00a0aviatore\u00a0italiano\u00a0ed uno dei partecipanti all&#8217;impresa di Fiume\u00a0guidata da\u00a0Gabriele D&#8217;Annunzio. Fu autore di un conferenza autobiografica dal titolo\u00a0Nel pensiero e nelle gesta.<\/div>\n<div>Personaggio\u00a0scapigliato, apparteneva ad una famiglia aristocratica milanese di origine\u00a0elvetica. Nel corso della\u00a0prima guerra mondiale\u00a0fu ufficiale pilota del\u00a0Corpo Aeronautico Militare\u00a0nella\u00a091\u00aa Squadriglia Aeroplani da Caccia\u00a0comandata da\u00a0Francesco Baracca.<\/div>\n<div>Fu fondatore a\u00a0Fiume\u00a0del gruppo Yoga &#8211; che aveva come simbolo la\u00a0svastica\u00a0e la rosa a cinque petali e che fu un gruppo con tendenze\u00a0esoteriche\u00a0e naturistiche, si oppose alla frangia reazionaria fiumana (secondo quanto evidenziano gli scritti del gruppo Yoga pubblicati su\u00a0Unione di spiriti liberi tendenti alla perfezione).<\/div>\n<div><\/div>\n<div>&#8220;Nel novembre 1920, ad avventura fiumana ormai quasi finita, Guido Keller e Comisso decidono di pubblicare una rivista settimanale, con articoli senza autografo, per diffondere le idee della Lega di Fiume. Rifacendosi a un vago misticismo indiano allora di moda, la chiamano \u00abYoga\u00bb, con il sottotitolo \u00abUnione di spiriti liberi tendenti alla perfezione\u00bb; alla sua sinistra \u00e8 raffigurata una svastica, l&#8217;antico simbolo ariano del sole: \u00abLa Yoga riunir\u00e0 sotto il suo segno l&#8217;antichissima e misteriosa svastica, tutti gli uomini forti e fieri, che ambiscono di spezzare questi falsi idoli che sono sulla terra e nelle credenze del nostro spirito, tutti gli uomini che hanno per numi Vita <em>e<\/em><em>\u00a0<\/em>Bellezza\u00bb.<\/div>\n<div>Ne usciranno solo quattro numeri; il tredici, venti, ventisette novembre e il quattro dicembre. Secondo Umberto Carpi \u00e8 stato lo stesso D&#8217;Annunzio a contrastarne la pubblicazione, a causa delle reazioni negative espresse dalle forze pi\u00f9 moderate presenti a Fiume. Le idee programmatiche della rivista nata a Fiume, sono esposte in due articoli, <em>Prolegomeni<\/em><em>\u00a0<\/em>e\u00a0<em>Prospettive<\/em><em>\u00a0<\/em><em>ltaliche,<\/em> privi di firma, come del resto tutti gli altri senza autografo e gerente responsabile ne \u00e8 lo stesso Guido Keller.<\/div>\n<div>In breve: il \u00abGenio della razza italica\u00bb, aristocratico, individualista, \u00e8 stato pervertito dalle idee democratiche e borghesi delle \u00abrazze negative\u00bb, inglesi, francesi e soprattutto ebree, che si sono infiltrate in Italia per mezzo della borghesia ottocentesca. Costoro, con il pretesto di introdurre le idee di democrazia e uguaglianza\u00a0\u00abcopiate\u00bb dalla rivoluzione francese e dal positivismo\u00a0\u00abmaterialista\u00bb, hanno creato con la grande industria una massa di schiavi. E\u2019 necessario tornare alle autentiche tradizioni dello \u00abspirito italico\u00bb, compiutamente espresso nel Rinascimento, e basate sul Principe, l&#8217;artigianato e sul \u00abbinomio perfetto di terra e mare\u00bb. La maggioranza del popolo italiano deve dedicarsi all&#8217;agricoltura, alla pesca e ai commerci, liberando \u00abdalla schiavit\u00f9 delle industrie parassitarie lo stuolo degli operai\u00bb.<\/div>\n<div>Emblematico di queste concezioni condivise con Guido Keller \u00e8 il breve articolo autografo, comparso sul numero 3\u00a0 del 27 novembre 1920, in favore del nazionalista croato Stefano Radic, capo del partito dei contadini, a Fiume:<\/div>\n<div><\/div>\n<div><em>Le<\/em><em>\u00a0<\/em><em>sue idee<\/em><em>\u00a0<\/em><em>sono queste:<\/em><em>\u00a0<\/em><em>la<\/em><em>\u00a0<\/em><em>Croazia \u00e8 una terra contadina.<\/em><em>\u00a0<\/em><em>Il<\/em><em>\u00a0<\/em><em>governo della Croazia<\/em>\u00a0<em>deve essere<\/em><em>\u00a0<\/em><em>scelto tra<\/em><em>\u00a0<\/em><em>i<\/em><em>\u00a0<\/em><em>contadini.<\/em><em>\u00a0<\/em><em>I<\/em><em>\u00a0<\/em><em>croati devono<\/em><em>\u00a0<\/em><em>restare<\/em><em>\u00a0<\/em><em>come sono:<\/em><em>\u00a0<\/em><em>vivere della<\/em>\u00a0<em>terra. Stefano Radic ha l&#8217;anima da poeta e il cervello che<\/em><em>\u00a0<\/em><em>antivede<\/em><em>\u00a0<\/em><em>perch\u00e9 sa. La<\/em>\u00a0<em>Croazia<\/em><em>\u00a0<\/em><em>sta attraversando<\/em><em>\u00a0<\/em><em>la<\/em><em>\u00a0<\/em><em>crisi<\/em><em>\u00a0<\/em><em>dell&#8217;uomo di campagna presso al quale<\/em><em>\u00a0<\/em><em>la<\/em><em>\u00a0<\/em><em>citt\u00e0<\/em>\u00a0<em>ingrandendosi \u00e8 venuta a confinare. Egli<\/em><em>\u00a0<\/em><em>sente<\/em><em>\u00a0<\/em><em>i suoi vestiti e le sue scarpe e<\/em><em>\u00a0<\/em><em>le<\/em><em>\u00a0<\/em><em>sue<\/em>\u00a0<em>mani<\/em><em>\u00a0<\/em><em>callose come aspetti inadatti al<\/em><em>\u00a0<\/em><em>nuovo<\/em><em>\u00a0<\/em><em>stato,<\/em><em>\u00a0<\/em><em>ma<\/em><em>\u00a0<\/em><em>egli non si pu\u00f2<\/em><em>\u00a0<\/em><em>mutare il<\/em>\u00a0<em>cuore e se<\/em><em>\u00a0<\/em><em>un<\/em><em>\u00a0<\/em><em>superficiale<\/em><em>\u00a0<\/em><em>entusiasmo<\/em><em>\u00a0<\/em><em>e<\/em><em>\u00a0<\/em><em>meraviglia<\/em><em>\u00a0<\/em><em>lo<\/em><em>\u00a0<\/em><em>turba<\/em><em>\u00a0<\/em><em>e<\/em><em>\u00a0<\/em><em>male<\/em><em>\u00a0<\/em><em>lo<\/em><em>\u00a0<\/em><em>fa considerare:<\/em>\u00a0<em>dura \u00e8<\/em><em>\u00a0<\/em><em>la<\/em><em>\u00a0<\/em><em>sua<\/em><em>\u00a0<\/em><em>radice.<\/em><em>\u00a0<\/em><em>Si guardi la<\/em><em>\u00a0<\/em><em>Croazia<\/em><em>\u00a0<\/em><em>dall&#8217;invasione industriale, sia<\/em><em>\u00a0<\/em><em>questa<\/em>\u00a0<em>americana, francese, tedesca o<\/em><em>\u00a0<\/em><em>italiana<\/em><em>\u00a0<\/em><em>&#8211;<\/em><em>\u00a0<\/em><em>pensa Stefano Radic<\/em><em>\u00a0<\/em><em>&#8211;<\/em><em>\u00a0<\/em><em>l&#8217;Italia<\/em><em>\u00a0<\/em><em>sta scontando<\/em>\u00a0<em>la<\/em><em>\u00a0<\/em><em>sua<\/em><em>\u00a0<\/em><em>leggerezza<\/em><em>\u00a0<\/em><em>nell&#8217;aver lasciato<\/em><em>\u00a0<\/em><em>radicare nel suo suolo i<\/em><em>\u00a0<\/em><em>templi<\/em><em>\u00a0<\/em><em>ed i<\/em><em>\u00a0<\/em><em>sistemi<\/em>\u00a0<em>delle razze formali, Croazia, sappi che oggi essi<\/em><em>\u00a0<\/em><em>sono<\/em><em>\u00a0<\/em><em>le nostre pietre pi\u00f9 indigeste<\/em><em>\u2013<\/em><em>\u00a0<\/em><em>si potrebbe<\/em><em>\u00a0<\/em><em>soggiungere noi<\/em><em>\u00a0<\/em><em>ed ammonire.<\/em><\/div>\n<div><\/div>\n<div>Nell&#8217;articolo\u00a0<em>Vogliamo vivere<\/em><em>\u00a0<\/em>(20 novembre 1920, n. 2) vi \u00e8 una feroce denuncia dell&#8217;alienazione del lavoro salariato, per \u00abl&#8217;esaltazione dell&#8217;individualit\u00e0\u00bb:<\/div>\n<div><\/div>\n<div><em>L&#8217;operaio<\/em><em>\u00a0<\/em><em>moderno<\/em><em>\u00a0<\/em><em>\u00e8 pi\u00f9 libero? \u00e8 pi\u00f9 felice?<\/em><em>\u00a0<\/em><em>No,<\/em><em>\u00a0<\/em><em>anzi \u00e8 pi\u00f9<\/em><em>\u00a0<\/em><em>schiavo,<\/em><em>\u00a0<\/em><em>\u00e8 pi\u00f9 misero,<\/em>\u00a0<em>perch\u00e9 crede<\/em><em>\u00a0<\/em><em>di<\/em><em>\u00a0<\/em><em>aver migliorato le sue condizioni,<\/em><em>\u00a0<\/em><em>perch\u00e9<\/em><em>\u00a0<\/em><em>con ogni aumento<\/em><em>\u00a0<\/em><em>di<\/em>\u00a0<em>paga<\/em><em>\u00a0<\/em><em>e<\/em><em>\u00a0<\/em><em>con<\/em><em>\u00a0<\/em><em>ogni diminuzione di<\/em><em>\u00a0<\/em><em>lavoro crede<\/em><em>\u00a0<\/em><em>di<\/em><em>\u00a0<\/em><em>migliorare<\/em><em>\u00a0<\/em><em>il suo<\/em><em>\u00a0<\/em><em>stato. mentre<\/em><em>\u00a0<\/em><em>diventa<\/em>\u00a0<em>invece<\/em><em>\u00a0<\/em><em>sempre<\/em><em>\u00a0<\/em><em>pi\u00f9<\/em><em>\u00a0<\/em><em>schiavo,<\/em><em>\u00a0<\/em><em>sempre<\/em><em>\u00a0<\/em><em>pi\u00f9 abbietto.<\/em><em>\u00a0<\/em><em>Che cosa<\/em><em>\u00a0<\/em><em>fai tu, che cosa<\/em>\u00a0<em>senti,<\/em><em>\u00a0<\/em><em>operaio<\/em><em>\u00a0<\/em><em>nell&#8217;officina?<\/em><em>\u00a0<\/em><em>Sei<\/em><em>\u00a0<\/em><em>lo<\/em><em>\u00a0<\/em><em>schiavo<\/em><em>\u00a0<\/em><em>di<\/em><em>\u00a0<\/em><em>una<\/em><em>\u00a0<\/em><em>macchina.<\/em><em>\u00a0<\/em><em>Dotato<\/em><em>\u00a0<\/em><em>dalla natura <\/em><em>dell&#8217;intelligenza<\/em><em>\u00a0<\/em><em>di<\/em><em>\u00a0<\/em><em>un<\/em><em>\u00a0<\/em><em>dio<\/em><em>\u00a0<\/em><em>e<\/em><em>\u00a0<\/em><em>della bellezza degli<\/em><em>\u00a0<\/em><em>angeli,<\/em><em>\u00a0<\/em><em>ti<\/em><em>\u00a0<\/em><em>sei<\/em><em>\u00a0<\/em><em>abbassato<\/em><em>\u00a0<\/em><em>a servire<\/em>\u00a0<em>una macchina. Il<\/em><em>\u00a0<\/em><em>fuochista che consuma<\/em><em>\u00a0<\/em><em>la sua<\/em><em>\u00a0<\/em><em>vita (VITA!<\/em><em>\u00a0<\/em><em>VITA!),<\/em><em>\u00a0<\/em><em>per dar<\/em><em>\u00a0<\/em><em>cibo<\/em>\u00a0<em>alla<\/em><em>\u00a0<\/em><em>vertiginosa<\/em><em>\u00a0<\/em><em>locomotiva<\/em><em>\u00a0<\/em><em>o alle<\/em><em>\u00a0<\/em><em>insaziabili fornaci<\/em><em>\u00a0<\/em><em>dell&#8217;insensato Transatlantico&#8230;<\/em><em>\u00a0<\/em><em>\u00e8 scontento della<\/em><em>\u00a0<\/em><em>sua<\/em><em>\u00a0<\/em><em>paga.<\/em><em>\u00a0<\/em><em>Con<\/em><em>\u00a0<\/em><em>quanta ragione. oh Dio<\/em><em>\u00a0<\/em><em>creatore!<\/em><em>\u00a0<\/em><em>L&#8217;unico<\/em>\u00a0<em>suo torto \u00e8<\/em><em>\u00a0<\/em><em>questo,<\/em><em>\u00a0<\/em><em>credere che esista una paga sufficiente&#8230;<\/em><em>\u00a0<\/em><em>per tale lavoro!<\/em><\/div>\n<div><\/div>\n<div>In \u00abYoga\u00bb vi sono anche articoli di carattere letterario e artistico, ispirati da Comisso, che si rifanno alla metafisica di Giorgio De Chirico e di suo fratello Alberto Savinio. In particolare, il saggio\u00a0<em>Anadiom\u00e9non<\/em><em>\u00a0<\/em>di Savinio, ripreso dalla rivista romana \u00abValori Plastici\u00bb e una prosa di Filippo De Pisis, amico di Comisso,\u00a0<em>Asilo<\/em><em>\u00a0<\/em><em>infantile israelitico.<\/em><em>\u00a0<\/em>\u00abVoga\u00bb, come il movimento metafisica, voleva restaurare i \u00abvalori dello spirito\u00bb, di contro al materialismo positivista. Per questo si oppone al futurismo che invece esalta il meccanicismo e il modernismo. E\u2019 questa la contraddizione di Keller; ama l&#8217;aeroplano, che era l&#8217;espressione pi\u00f9 alta della tecnologia dei suoi tempi, ma disprezza la civilt\u00e0 industriale. Del resto, come D&#8217; Annunzio, concepiva il velivolo come un prodotto artigianale che doveva, ispirandosi a Leonardo, imitare il volo degli uccelli. Scrive a tale proposito Sandro Pozzi, il legionario fiumano \u00ablegato a Keller da una strana amicizia rotta da frequenti e clamorosi litigi\u00bb, nella sua biografia dell&#8217;amico:<\/div>\n<div><\/div>\n<div><em>Non<\/em><em>\u00a0<\/em><em>certo il<\/em><em>\u00a0<\/em><em>volo meccanico,<\/em><em>\u00a0<\/em><em>n\u00e9 il<\/em><em>\u00a0<\/em><em>motore rombante e travolgente l&#8217;avevano<\/em><em>\u00a0<\/em><em>conquiso.<\/em>\u00a0<em>Egli intese<\/em><em>\u00a0<\/em><em>nell&#8217;aviazione una possibilit\u00e0 di<\/em><em>\u00a0<\/em><em>evasione spirituale,<\/em><em>\u00a0<\/em><em>un sublimarsi<\/em>\u00a0<em>ed astrarsi<\/em><em>\u00a0<\/em><em>della materia verso i misteri pi\u00f9 alti e pi\u00f9 puri della natura.<\/em><em>\u00a0<\/em><em>E fu<\/em>\u00a0<em>quell&#8217;alone<\/em><em>\u00a0<\/em><em>eroico<\/em><em>\u00a0<\/em><em>che l&#8217;aviazione ai suoi<\/em><em>\u00a0<\/em><em>albori (con<\/em><em>\u00a0<\/em><em>tanti suoi olocausti pionieri)<\/em>\u00a0<em>effondeva,<\/em><em>\u00a0<\/em><em>che<\/em><em>\u00a0<\/em><em>l&#8217;attrasse<\/em><em>\u00a0<\/em><em>ed<\/em><em>\u00a0<\/em><em>affascin\u00f2:<\/em><em>\u00a0<\/em><em>egli<\/em><em>\u00a0<\/em><em>sempre<\/em><em>\u00a0<\/em><em>andava l\u00e0 dove<\/em><em>\u00a0<\/em><em>maggiore era<\/em><em>\u00a0<\/em><em>il <\/em><em>rischio<\/em><em>\u00a0<\/em><em>e<\/em><em>\u00a0<\/em><em>la bellezza<\/em><em>\u00a0<\/em><em>del sacrif\u00eccio.<\/em><\/div>\n<div><\/div>\n<div>In occasione della firma del trattato di Rapallo (12 novembre 1920) che sanciva un compromesso tra il governo italiano e quello jugoslavo su Fiume e la Dalmazia, Keller progetta di rapire Giolitti mentre si recava in treno all&#8217;incontro. Fallito l&#8217;improbabile piano per la defezione dei suoi \u00abseguaci\u00bb, ripiega su un gesto dimostrativo. Vola su Roma e lascia cadere un vaso da notte, con dentro un mazzo di rape, sopra il Parlamento; unito vi \u00e8 un biglietto: \u00abGuido Keller &#8211; Ala azione nello splendore &#8211; dona al parlamento ed al governo che si regge col tempo, la menzogna e la paura, la tangibilit\u00e0 allegorica del loro valore\u00bb. Getta anche un mazzo di rose rosse sul Quirinale in onore della regina madre di cui ricorreva il compleanno, e uno su San Pietro \u00abper frate Francesco\u00bb.<\/div>\n<div>L&#8217;episodio ebbe un&#8217;eco vastissima su tutta la stampa nazionale e suscit\u00f2 scandalo nella stessa Fiume, dove i moderati, che stavano per avere il sopravvento, cominciarono ad emarginarlo, definendolo un \u00abpazzoide\u00bb. Solo \u00abYoga\u00bb lo difende con un articolo pubblicato sul n. 3 del 27 novembre 1920 intitolato significativamente\u00a0<em>Montecagorio:<\/em><\/div>\n<div><\/div>\n<div><em>Molti giornali vogliono far passare Guido Keller per un pazzoide, figura secondaria di Fiume. Noi ricordiamo che egli, asso della Squadriglia Baracca, inarrivabile pilota, fu tra i primi e tra i pi\u00f9 fidi seguaci di Gabriele D&#8217;Annunzio, al quale \u00e8 legato da forte affetto. In Fiume d&#8217;Italia Guido Keller \u00e8 una testa di ferro per la quale la conclusione amorosa del Tasso \u00e8 un autografo che santifica le labbra della pura follia \u00abamore tanto esser pi\u00f9 nobile quanto \u00e8 men governato dalla ragione\u00bb. Egli \u00e8 l&#8217;intelligenza, l&#8217;audacia, la fede= pazzia. Come tutti i buoni volatori, Keller \u00e8 un folle, \u00e8 un Ulisse dal \u00abFolle volo\u00bb. \u00c8, in una parola, un Italiano, indicibilmente Italiano; \u00e8 un irregolare, \u00e8 un eretico, tutto volitivo. Ha in s\u00e9 un po&#8217; del Cecco Angiolieri e del Fanfulla, spirito bizzarro, non scettico, fiero, che da solo vale tutta la<\/em><\/div>\n<div><em>ballonzolante moltitudine dei greppaioli di Montecagorio. E un soldato di ventura, che si batte per un soldo d&#8217;ideale e di libert\u00e0; \u00e8 uno che non ha intorno al collo la corda della libert\u00e0 ufficiale, n\u00e9 affonda nella greppia il muso ingordo con rumore di mandibole voraci. In quest&#8217;era di vigliaccheria e di vituperio della Patria Keller rappresenta fedelmente e con luce i soldati di ventura di Fiume, i belli lanzichenecchi della libert\u00e0 e dell&#8217;eresia; i garibaldini spavaldi della libert\u00e0 che volano e volando sputano, non dico sull&#8217;aiuola dantesca, ma sul caccatoio d&#8217; Italia e lanciano quelle spregiate crete che possono essere utilissime in ogni evenienza, a tutti i cagoia ed a tutti i Misiano dell&#8217;Italico Regno. Keller \u00e8 il volatore fiumano tipico che vola con qualsiasi tempo, per ore e ore sul petroso Carso a venti metri da terra, leggendo e declamando, atterrando magari nelle doline senza minimamente scalfire le tele ed i legni del suo apparecchio; vola parlando alla sua mascotte: una civetta; vola tenendo per suo compagno di volo un paziente asinello dall&#8217;occhio umano. \u00c8 un volatore magnifico.&#8221;<\/em><\/div>\n<div><\/div>\n<div>(da\u00a0<em>L&#8217;aeronautica italiana: una storia del Novecento<\/em>\u00a0di Paolo Ferrari)<\/div>\n<p>&nbsp;<\/p>\n<p>Considerata la vastit\u00e0 dell&#8217;argomento, si rimandano i gentili amici a ricerche personali.<\/p>\n<p><em>Fonti\u00a0 <a href=\"http:\/\/www.oblique.it\/manifesto_keller.html\">Oblique<\/a> , <a href=\"http:\/\/re-volvere.blogspot.com\/2011\/11\/keller-e-il-gruppo-yoga-unione-di.html\">Keller<\/a><\/em><\/p>\n<p>&nbsp;<\/p>\n<p>&nbsp;<\/p>\n<p>4.20<\/p>\n","protected":false},"excerpt":{"rendered":"<p style=\"text-align: center;\">Autentico componimento autografo redatto su carta intestata <strong>&#8220;VINCERSI PER VINCERE&#8221;<\/strong>\u00a0 dall&#8217;eclettico e stravagante <strong>Guido KELLER<\/strong> , eccezionale aviatore nella prima guerra, e con <em><strong>d&#8217;Annunzio<\/strong><\/em> a <strong>Fiume<\/strong>.<\/p>\n<p style=\"text-align: center;\">Il testo del componimento recita :<\/p>\n<h3 style=\"text-align: center;\"><strong>GOCCIA DI RUGIADA<\/strong><\/h3>\n<p style=\"text-align: center;\"><strong><em>Sono un fiore col suo \/ <\/em><\/strong><strong><em>segreto di vastit\u00e0 \/ <\/em><\/strong><strong><em>Ti desidero perdutamente, \/ <\/em><\/strong><strong><em>per la sete ardente del<\/em><\/strong><strong><em> \/ mio cuore. \/ <\/em><\/strong><strong><em>Cresco sulla riva d&#8217;uno stagno \/ <\/em><\/strong><strong><em>pieno di rane. Vorrei le \/ <\/em><\/strong><strong><em>ali delle gr\u00f9. \/ <\/em><\/strong><strong><em>Una nuvola \u00e8 nel cielo \/ <\/em><\/strong><strong><em>piena d&#8217;ombra forse giungi \/ <\/em><\/strong><strong><em>con quella. \/ <\/em><\/strong><strong><em>Guido Keller<\/em><\/strong><\/p>\n<p>Il foglio in carta filigranata, leggero, misure <strong>cm.33 x 21,5<\/strong> , ovvero <strong>cm.16,5 x 21,5<\/strong> ogni facciata.<\/p>\n<p>In ottime condizioni di conservazione.<\/p>\n<p style=\"text-align: center;\"><strong>P.A.R.<\/strong>\u00a0\u00a0<em>Prezzo A Richiesta<\/em>\u00a0 \u00a0 \u00a0\u00a0<strong>\u00a0P.O.D.\u00a0<\/strong>\u00a0<em>Price On Demand<\/em><\/p>\n<p style=\"text-align: center;\"><strong><em>(Scorri la pagina in basso per ulteriori dettagli e informazioni)<\/em><\/strong><\/p>\n<p>&nbsp;<\/p>\n<p>&nbsp;<\/p>\n","protected":false},"featured_media":5619,"comment_status":"open","ping_status":"closed","template":"","meta":[],"product_cat":[586],"product_tag":[223,224,207,182,197,155,282,157,156,206,523],"yoast_head":"<!-- This site is optimized with the Yoast SEO plugin v21.9.1 - https:\/\/yoast.com\/wordpress\/plugins\/seo\/ -->\n<title>\u274c\ud83d\ude41Guido KELLER autografo FIUME - lettera - LA YOGA - Thefinitive<\/title>\n<meta name=\"description\" content=\"Guido KELLER componimento, lettera con autografo - FIUME - d&#039;Annunzio - Volo su Vienna pitale parlamento, poesa GOCCIA DI RUGIADA\" \/>\n<meta name=\"robots\" content=\"index, follow, max-snippet:-1, max-image-preview:large, max-video-preview:-1\" \/>\n<link rel=\"canonical\" href=\"https:\/\/thefinitive.com\/en\/prodotto\/guido-keller-autografo-fiume-lettera-la-yoga-copia\/\" \/>\n<meta property=\"og:locale\" content=\"en_US\" \/>\n<meta property=\"og:type\" content=\"article\" \/>\n<meta property=\"og:title\" content=\"\u274c\ud83d\ude41Guido KELLER autografo FIUME - lettera - LA YOGA - Thefinitive\" \/>\n<meta property=\"og:description\" content=\"Guido KELLER componimento, lettera con autografo - FIUME - d&#039;Annunzio - Volo su Vienna pitale parlamento, poesa GOCCIA DI RUGIADA\" \/>\n<meta property=\"og:url\" content=\"https:\/\/thefinitive.com\/en\/prodotto\/guido-keller-autografo-fiume-lettera-la-yoga-copia\/\" \/>\n<meta property=\"og:site_name\" content=\"Thefinitive\" \/>\n<meta property=\"article:publisher\" content=\"https:\/\/business.facebook.com\/Thefinitive-111771813534320\/\" \/>\n<meta property=\"article:modified_time\" content=\"2023-03-20T14:38:44+00:00\" \/>\n<meta property=\"og:image\" content=\"https:\/\/thefinitive.com\/wp-content\/uploads\/2020\/04\/kell7-2.jpg\" \/>\n\t<meta property=\"og:image:width\" content=\"2160\" \/>\n\t<meta property=\"og:image:height\" content=\"2160\" \/>\n\t<meta property=\"og:image:type\" content=\"image\/jpeg\" \/>\n<meta name=\"twitter:card\" content=\"summary_large_image\" \/>\n<meta name=\"twitter:label1\" content=\"Est. reading time\" \/>\n\t<meta name=\"twitter:data1\" content=\"20 minutes\" \/>\n<script type=\"application\/ld+json\" class=\"yoast-schema-graph\">{\"@context\":\"https:\/\/schema.org\",\"@graph\":[{\"@type\":\"WebPage\",\"@id\":\"https:\/\/thefinitive.com\/en\/prodotto\/guido-keller-autografo-fiume-lettera-la-yoga-copia\/\",\"url\":\"https:\/\/thefinitive.com\/en\/prodotto\/guido-keller-autografo-fiume-lettera-la-yoga-copia\/\",\"name\":\"\u274c\ud83d\ude41Guido KELLER autografo FIUME - lettera - LA YOGA - Thefinitive\",\"isPartOf\":{\"@id\":\"https:\/\/thefinitive.com\/en\/#website\"},\"datePublished\":\"2020-09-13T18:03:21+00:00\",\"dateModified\":\"2023-03-20T14:38:44+00:00\",\"description\":\"Guido KELLER componimento, lettera con autografo - FIUME - d'Annunzio - Volo su Vienna pitale parlamento, poesa GOCCIA DI RUGIADA\",\"breadcrumb\":{\"@id\":\"https:\/\/thefinitive.com\/en\/prodotto\/guido-keller-autografo-fiume-lettera-la-yoga-copia\/#breadcrumb\"},\"inLanguage\":\"en-US\",\"potentialAction\":[{\"@type\":\"ReadAction\",\"target\":[\"https:\/\/thefinitive.com\/en\/prodotto\/guido-keller-autografo-fiume-lettera-la-yoga-copia\/\"]}]},{\"@type\":\"BreadcrumbList\",\"@id\":\"https:\/\/thefinitive.com\/en\/prodotto\/guido-keller-autografo-fiume-lettera-la-yoga-copia\/#breadcrumb\",\"itemListElement\":[{\"@type\":\"ListItem\",\"position\":1,\"name\":\"Home\",\"item\":\"https:\/\/thefinitive.com\/en\/\"},{\"@type\":\"ListItem\",\"position\":2,\"name\":\"Shop\",\"item\":\"https:\/\/thefinitive.com\/en\/shop-2\/\"},{\"@type\":\"ListItem\",\"position\":3,\"name\":\"\u274c\ud83d\ude41Guido KELLER autografo FIUME &#8211; lettera &#8211; LA YOGA\"}]},{\"@type\":\"WebSite\",\"@id\":\"https:\/\/thefinitive.com\/en\/#website\",\"url\":\"https:\/\/thefinitive.com\/en\/\",\"name\":\"Thefinitive\",\"description\":\"Antiquariato Online\",\"publisher\":{\"@id\":\"https:\/\/thefinitive.com\/en\/#organization\"},\"potentialAction\":[{\"@type\":\"SearchAction\",\"target\":{\"@type\":\"EntryPoint\",\"urlTemplate\":\"https:\/\/thefinitive.com\/en\/?s={search_term_string}\"},\"query-input\":\"required name=search_term_string\"}],\"inLanguage\":\"en-US\"},{\"@type\":\"Organization\",\"@id\":\"https:\/\/thefinitive.com\/en\/#organization\",\"name\":\"Thefinitive\",\"url\":\"https:\/\/thefinitive.com\/en\/\",\"logo\":{\"@type\":\"ImageObject\",\"inLanguage\":\"en-US\",\"@id\":\"https:\/\/thefinitive.com\/en\/#\/schema\/logo\/image\/\",\"url\":\"https:\/\/thefinitive.com\/wp-content\/uploads\/2019\/07\/logo4vett.svg\",\"contentUrl\":\"https:\/\/thefinitive.com\/wp-content\/uploads\/2019\/07\/logo4vett.svg\",\"width\":500,\"height\":100,\"caption\":\"Thefinitive\"},\"image\":{\"@id\":\"https:\/\/thefinitive.com\/en\/#\/schema\/logo\/image\/\"},\"sameAs\":[\"https:\/\/business.facebook.com\/Thefinitive-111771813534320\/\",\"https:\/\/www.instagram.com\/_thefinitive_\/\"]}]}<\/script>\n<!-- \/ Yoast SEO plugin. -->","yoast_head_json":{"title":"\u274c\ud83d\ude41Guido KELLER autografo FIUME - lettera - LA YOGA - Thefinitive","description":"Guido KELLER componimento, lettera con autografo - FIUME - d'Annunzio - Volo su Vienna pitale parlamento, poesa GOCCIA DI RUGIADA","robots":{"index":"index","follow":"follow","max-snippet":"max-snippet:-1","max-image-preview":"max-image-preview:large","max-video-preview":"max-video-preview:-1"},"canonical":"https:\/\/thefinitive.com\/en\/prodotto\/guido-keller-autografo-fiume-lettera-la-yoga-copia\/","og_locale":"en_US","og_type":"article","og_title":"\u274c\ud83d\ude41Guido KELLER autografo FIUME - lettera - LA YOGA - Thefinitive","og_description":"Guido KELLER componimento, lettera con autografo - FIUME - d'Annunzio - Volo su Vienna pitale parlamento, poesa GOCCIA DI RUGIADA","og_url":"https:\/\/thefinitive.com\/en\/prodotto\/guido-keller-autografo-fiume-lettera-la-yoga-copia\/","og_site_name":"Thefinitive","article_publisher":"https:\/\/business.facebook.com\/Thefinitive-111771813534320\/","article_modified_time":"2023-03-20T14:38:44+00:00","og_image":[{"width":2160,"height":2160,"url":"https:\/\/thefinitive.com\/wp-content\/uploads\/2020\/04\/kell7-2.jpg","type":"image\/jpeg"}],"twitter_card":"summary_large_image","twitter_misc":{"Est. reading time":"20 minutes"},"schema":{"@context":"https:\/\/schema.org","@graph":[{"@type":"WebPage","@id":"https:\/\/thefinitive.com\/en\/prodotto\/guido-keller-autografo-fiume-lettera-la-yoga-copia\/","url":"https:\/\/thefinitive.com\/en\/prodotto\/guido-keller-autografo-fiume-lettera-la-yoga-copia\/","name":"\u274c\ud83d\ude41Guido KELLER autografo FIUME - lettera - LA YOGA - Thefinitive","isPartOf":{"@id":"https:\/\/thefinitive.com\/en\/#website"},"datePublished":"2020-09-13T18:03:21+00:00","dateModified":"2023-03-20T14:38:44+00:00","description":"Guido KELLER componimento, lettera con autografo - FIUME - d'Annunzio - Volo su Vienna pitale parlamento, poesa GOCCIA DI RUGIADA","breadcrumb":{"@id":"https:\/\/thefinitive.com\/en\/prodotto\/guido-keller-autografo-fiume-lettera-la-yoga-copia\/#breadcrumb"},"inLanguage":"en-US","potentialAction":[{"@type":"ReadAction","target":["https:\/\/thefinitive.com\/en\/prodotto\/guido-keller-autografo-fiume-lettera-la-yoga-copia\/"]}]},{"@type":"BreadcrumbList","@id":"https:\/\/thefinitive.com\/en\/prodotto\/guido-keller-autografo-fiume-lettera-la-yoga-copia\/#breadcrumb","itemListElement":[{"@type":"ListItem","position":1,"name":"Home","item":"https:\/\/thefinitive.com\/en\/"},{"@type":"ListItem","position":2,"name":"Shop","item":"https:\/\/thefinitive.com\/en\/shop-2\/"},{"@type":"ListItem","position":3,"name":"\u274c\ud83d\ude41Guido KELLER autografo FIUME &#8211; lettera &#8211; LA YOGA"}]},{"@type":"WebSite","@id":"https:\/\/thefinitive.com\/en\/#website","url":"https:\/\/thefinitive.com\/en\/","name":"Thefinitive","description":"Antiquariato Online","publisher":{"@id":"https:\/\/thefinitive.com\/en\/#organization"},"potentialAction":[{"@type":"SearchAction","target":{"@type":"EntryPoint","urlTemplate":"https:\/\/thefinitive.com\/en\/?s={search_term_string}"},"query-input":"required name=search_term_string"}],"inLanguage":"en-US"},{"@type":"Organization","@id":"https:\/\/thefinitive.com\/en\/#organization","name":"Thefinitive","url":"https:\/\/thefinitive.com\/en\/","logo":{"@type":"ImageObject","inLanguage":"en-US","@id":"https:\/\/thefinitive.com\/en\/#\/schema\/logo\/image\/","url":"https:\/\/thefinitive.com\/wp-content\/uploads\/2019\/07\/logo4vett.svg","contentUrl":"https:\/\/thefinitive.com\/wp-content\/uploads\/2019\/07\/logo4vett.svg","width":500,"height":100,"caption":"Thefinitive"},"image":{"@id":"https:\/\/thefinitive.com\/en\/#\/schema\/logo\/image\/"},"sameAs":["https:\/\/business.facebook.com\/Thefinitive-111771813534320\/","https:\/\/www.instagram.com\/_thefinitive_\/"]}]}},"_links":{"self":[{"href":"https:\/\/thefinitive.com\/en\/wp-json\/wp\/v3\/product\/6959"}],"collection":[{"href":"https:\/\/thefinitive.com\/en\/wp-json\/wp\/v3\/product"}],"about":[{"href":"https:\/\/thefinitive.com\/en\/wp-json\/wp\/v2\/types\/product"}],"replies":[{"embeddable":true,"href":"https:\/\/thefinitive.com\/en\/wp-json\/wp\/v2\/comments?post=6959"}],"version-history":[{"count":2,"href":"https:\/\/thefinitive.com\/en\/wp-json\/wp\/v3\/product\/6959\/revisions"}],"predecessor-version":[{"id":14694,"href":"https:\/\/thefinitive.com\/en\/wp-json\/wp\/v3\/product\/6959\/revisions\/14694"}],"wp:featuredmedia":[{"embeddable":true,"href":"https:\/\/thefinitive.com\/en\/wp-json\/wp\/v2\/media\/5619"}],"wp:attachment":[{"href":"https:\/\/thefinitive.com\/en\/wp-json\/wp\/v2\/media?parent=6959"}],"wp:term":[{"taxonomy":"product_cat","embeddable":true,"href":"https:\/\/thefinitive.com\/en\/wp-json\/wp\/v2\/product_cat?post=6959"},{"taxonomy":"product_tag","embeddable":true,"href":"https:\/\/thefinitive.com\/en\/wp-json\/wp\/v2\/product_tag?post=6959"}],"curies":[{"name":"wp","href":"https:\/\/api.w.org\/{rel}","templated":true}]}}