{"id":6782,"date":"2020-08-25T14:55:11","date_gmt":"2020-08-25T14:55:11","guid":{"rendered":"https:\/\/www.thefinitive.com\/?post_type=product&#038;p=6782"},"modified":"2023-03-20T15:38:49","modified_gmt":"2023-03-20T14:38:49","slug":"fregio-fascista-1919-1922-marcia-su-roma-stoffa","status":"publish","type":"product","link":"https:\/\/thefinitive.com\/en\/prodotto\/fregio-fascista-1919-1922-marcia-su-roma-stoffa\/","title":{"rendered":"\u274c\ud83d\ude41Fregio Fascista 1919 1922 marcia su Roma &#8211; Stoffa"},"content":{"rendered":"<p>Fregio in stoffa con fascio primigenio, dei <strong>FASCI DI COMBATTIMENTO<\/strong> del periodo <strong>1919 &#8211; 1921 <\/strong>o del <strong>PNF<\/strong> , Partito Nazionale Fascista appena costituito, antecedente alla Marcia su Roma del 28 Ottobre 1922.<\/p>\n<p>Prodotto in stoffa, su una base ovale a bande verticali del tricolore italiano ( Verde Bianco e Rosso ) con il fregio centrale a rappresentare un fascio littorio di primo tipo (con scure in testa) in uso dal <strong>1919<\/strong> ed utilizzato ancora durante la fascista marcia su Roma nel <strong>1922<\/strong> e fino alla prima modifica entrata in vigore nel <strong>1927<\/strong>. Il fascio \u00e8 in filo di seta marrone con dettagli gialli, ed impreziosito dalla scure realizzata in canutiglia argentata. Anche il perimetro dell&#8217;ovale \u00e8 impreziosito da un filo di canutiglia dorato.<\/p>\n<p>Fregio che veniva cucito al petto delle <strong>camicie nere<\/strong>, oppure anche usato su fiamme e labari che si portavano durante i raduni ed altre manifestazioni.<\/p>\n<p>&nbsp;<\/p>\n<p><strong>MATERIALE\u00a0 \u00a0 \u00a0:\u00a0<\/strong> Stoffa policroma, inserti in canutiglia argentata e dorata<\/p>\n<p><strong>MISURE\u00a0 \u00a0 \u00a0 \u00a0 \u00a0 \u00a0 \u00a0:<\/strong>\u00a0 cm. 10 x 8<\/p>\n<p><strong>MARCHIO\u00a0 \u00a0 \u00a0 \u00a0 \u00a0:<\/strong>\u00a0 &#8211;<\/p>\n<p>&nbsp;<\/p>\n<h2 style=\"text-align: left;\">NOTIZIE<\/h2>\n<p><b>Fasci italiani di combattimento<\/b>\u00a0\u00e8 il nome del\u00a0movimento politico\u00a0fondato a\u00a0Milano\u00a0da\u00a0Benito Mussolini\u00a0il 23 marzo 1919, erede diretto del\u00a0Fascio d&#8217;azione rivoluzionaria\u00a0del 1915. Il 9 novembre 1921 si trasform\u00f2 in\u00a0<a title=\"Partito Nazionale Fascista\" href=\"https:\/\/it.wikipedia.org\/wiki\/Partito_Nazionale_Fascista\">Partito Nazionale Fascista<\/a>.<\/p>\n<h3><span id=\"Il_&quot;programma_di_San_Sepolcro&quot;\" class=\"mw-headline\">Il &#8220;programma di San Sepolcro&#8221;<\/span><\/h3>\n<p>Il 23 marzo 1919 nella sala riunioni Circolo dell&#8217;alleanza industriale, in piazza San Sepolcro\u00a0a\u00a0Milano, furono ufficialmente fondati i Fasci italiani di combattimento. Tra i fondatori \u00a0troviamo persone di diversa estrazione sociale ed orientamento politico a riflesso di un certo eclettismo ideologico di questa fase originaria; tra i primi aderenti ci furono anche cinque ebrei.<\/p>\n<p>Benito Mussolini\u00a0prevedeva l&#8217;attuazione di uno specifico\u00a0Programma di San Sepolcro\u00a0(dal nome della piazza in cui fu proclamato). I primi appartenenti ai Fasci si chiamarono appunto sansepolcristi, fregiati di una fascia giallorossa (i colori di\u00a0Roma). Gli squadristi semplici invece erano riconoscibili da una striscia rossa al polso della camicia nera.<\/p>\n<p>I locali della prima sede a\u00a0Milano\u00a0furono affittati dall&#8217;Associazione lombarda degli industriali presieduta da\u00a0Cesare Goldmann, un industriale e\u00a0massone\u00a0di\u00a0origine ebraica a cui venne pagato regolare affitto. La sede era caratterizzata da simboli degli\u00a0arditi\u00a0che sarebbero divenuti comuni nell&#8217;iconografia fascista, quali il pugnale, il gagliardetto degli arditi e il teschio. Il simbolo dell&#8217;organizzazione era il\u00a0fascio littorio, che si rifaceva alla storia romana cos\u00ec come molti altri simboli del regime.<\/p>\n<p>In breve tempo per tutto il mese di aprile in diverse citt\u00e0 aprirono diverse sezioni,<sup id=\"cite_ref-autogenerato1_20-0\" class=\"reference\"><\/sup>\u00a0anche se le adesioni non furono massicce.<sup id=\"cite_ref-21\" class=\"reference\"><\/sup>\u00a0Accanto ai Fasci di combattimento sorsero affiancate numerose associazioni con lo scopo di reagire ai tentativi insurrezionali del\u00a0Partito Socialista Italiano\u00a0Queste ultime erano costituite principalmente da leghe di reduci e associazioni patriottiche e studentesche.<sup id=\"cite_ref-22\" class=\"reference\"><\/sup><\/p>\n<h3><span id=\"Manifesto_programmatico\" class=\"mw-headline\">Manifesto programmatico<\/span><\/h3>\n<div class=\"thumb tright\">\n<div class=\"thumbinner\">\n<p><a class=\"image\" href=\"https:\/\/it.wikipedia.org\/wiki\/File:Fasci_di_combattimento.jpg\"><img loading=\"lazy\" decoding=\"async\" class=\"thumbimage\" src=\"https:\/\/upload.wikimedia.org\/wikipedia\/commons\/thumb\/9\/90\/Fasci_di_combattimento.jpg\/220px-Fasci_di_combattimento.jpg\" srcset=\"\/\/upload.wikimedia.org\/wikipedia\/commons\/thumb\/9\/90\/Fasci_di_combattimento.jpg\/330px-Fasci_di_combattimento.jpg 1.5x, \/\/upload.wikimedia.org\/wikipedia\/commons\/thumb\/9\/90\/Fasci_di_combattimento.jpg\/440px-Fasci_di_combattimento.jpg 2x\" alt=\"\" width=\"220\" height=\"155\" data-file-width=\"700\" data-file-height=\"492\" \/><\/a><\/p>\n<div class=\"thumbcaption\">\n<div class=\"magnify\"><\/div>\n<p>Manifesto dei Fasci italiani di combattimento pubblicato su\u00a0<i><a title=\"Il Popolo d'Italia\" href=\"https:\/\/it.wikipedia.org\/wiki\/Il_Popolo_d%27Italia\">Il Popolo d&#8217;Italia<\/a><\/i><\/p>\n<\/div>\n<\/div>\n<\/div>\n<p>Il\u00a0<i>Manifesto dei Fasci italiani di combattimento<\/i>, alla cui stesura aveva collaborato attivamente\u00a0Alceste De Ambris, fu ufficialmente pubblicato su\u00a0<i>Il Popolo d&#8217;Italia<\/i>\u00a0il 6 giugno 1919. Nel manifesto vengono avanzate numerose proposte di riforma politica e sociale per far \u00abfronte contro due pericoli: quello misoneista di destra e quello distruttivo di sinistra\u00bb, rappresentando la\u00a0terza via\u00a0tra i due opposti poli e sviluppandosi nell&#8217;ambito delle teorie moderniste sull&#8217;uomo nuovo. Solo parte di queste vennero realizzate durante il periodo del\u00a0regime fascista\u00a0(1922\u20131943). Pur riprese successivamente durante la\u00a0Repubblica Sociale Italiana\u00a0come la\u00a0socializzazione delle imprese e dei mezzi di produzione, rimasero sostanzialmente inapplicate a causa degli eventi bellici.<\/p>\n<p>I Fasci italiani di combattimento riunirono cittadini italiani accomunati dallo scopo di fermare l&#8217;attivit\u00e0 bolscevica. La maggior parte dei partecipanti della prima ora furono reduci interventisti della\u00a0prima guerra mondiale. Molti di loro avevano precedentemente militato in formazioni di sinistra (anarchici,\u00a0repubblicani,\u00a0sindacalisti rivoluzionari\u00a0e\u00a0socialisti).<\/p>\n<h3><span id=\"Il_biennio_rosso_e_prime_elezioni\" class=\"mw-headline\">Il biennio rosso e prime elezioni<\/span><\/h3>\n<p>Al tempo dell&#8217;impresa di Fiume, quando nella citt\u00e0 giuliana occupata da\u00a0Gabriele D&#8217;Annunzio cominciarono a mancare gli approvvigionamenti, i Fasci italiani di combattimento, supportati anche da organizzazioni femminili patriottiche, si occuparono di sfollare verso citt\u00e0 del nord circa quattromila bambini. A Milano i\u00a0primi elementi fascisti\u00a0dei neocostituiti Fasci italiani di combattimento il 15 aprile 1919, facendosi notare per la prima volta a livello nazionale, presero parte all&#8217;assalto\u00a0alla sede del quotidiano\u00a0socialista\u00a0<i>Avanti!<\/i>\u00a0dopo una giornata di scontri tra manifestanti socialisti e contromanifestanti del\u00a0Partito Nazionalista,\u00a0futuristi\u00a0e\u00a0arditi. Nel novembre 1919 si presentarono alle\u00a0elezioni politiche\u00a0nel collegio di Milano con capilista Mussolini,\u00a0Arturo Toscanini\u00a0e\u00a0Filippo Tommaso Marinetti, ma non ebbero alcun eletto.<\/p>\n<p>Giovanni Giolitti, come aveva fatto nei suoi due precedenti governi, decise di non reprimere le rivolte, ma cerc\u00f2 di servirsi dei Fasci di combattimento dando loro piena libert\u00e0 di azione per riportare alla calma la situazione italiana (questo incoraggiamento sarebbe poi stato determinante per l&#8217;ascesa in Italia di Mussolini e del\u00a0fascismo).<\/p>\n<p>Alle\u00a0elezioni politiche\u00a0del maggio 1921 esponenti fascisti si candidarono nelle liste dei\u00a0Blocchi Nazionali\u00a0eleggendo 35 deputati, tra cui lo stesso Mussolini, mentre due furono eletti in liste dei Fasci italiani di combattimento.<\/p>\n<h3><span id=\"Lo_scioglimento_nel_PNF\" class=\"mw-headline\">Lo scioglimento nel PNF<\/span><\/h3>\n<p>Al terzo congresso di Roma nel novembre 1921 fu deciso lo scioglimento del movimento che contava gi\u00e0 312\u00a0000 iscritti<sup id=\"cite_ref-27\" class=\"reference\"><\/sup>\u00a0e fu creato il\u00a0<a title=\"Partito Nazionale Fascista\" href=\"https:\/\/it.wikipedia.org\/wiki\/Partito_Nazionale_Fascista\">Partito Nazionale Fascista<\/a>. La denominazione rimase tuttavia ad indicare le strutture territoriali locali del nuovo partito, tra cui la Federazione dei Fasci di Combattimento a livello provinciale (sempre con il tipo di fregio fascista del periodo 1919 1922)<\/p>\n<p>&nbsp;<\/p>\n<h3>Partito Nazionale Fascista<\/h3>\n<p>Il\u00a0<b>Partito Nazionale Fascista<\/b>\u00a0(<b>P.N.F.<\/b>) \u00e8 stato un\u00a0partito politico\u00a0italiano, espressione del\u00a0movimento fascista.<\/p>\n<p>Nato nel\u00a01921\u00a0dalla trasformazione in partito del movimento\u00a0<a title=\"Fasci italiani di combattimento\" href=\"https:\/\/it.wikipedia.org\/wiki\/Fasci_italiani_di_combattimento\">Fasci italiani di combattimento<\/a>, guid\u00f2 la cosiddetta\u00a0<a title=\"Marcia su Roma\" href=\"https:\/\/it.wikipedia.org\/wiki\/Marcia_su_Roma\">marcia su Roma<\/a>\u00a0che nell&#8217;autunno del\u00a01922\u00a0port\u00f2\u00a0<a title=\"Benito Mussolini\" href=\"https:\/\/it.wikipedia.org\/wiki\/Benito_Mussolini\">Benito Mussolini<\/a> a divenire presidente del Consiglio dei ministri (ancora il fregio fascista era del periodo 1919 1922)<\/p>\n<p>Nel\u00a01923\u00a0si fuse con l&#8217;Associazione Nazionalista Italiana\u00a0e tra la met\u00e0 e la fine degli\u00a0anni 1920\u00a0divent\u00f2, prima\u00a0<i>de facto<\/i>\u00a0e poi\u00a0<i>de iure<\/i>, il partito unico del\u00a0Regno d&#8217;Italia\u00a0fino alla caduta del regime fascista, avvenuta il 25 luglio del\u00a01943.<\/p>\n<p>L&#8217;organo ufficiale del partito era\u00a0<i>Il Popolo d&#8217;Italia<\/i>, quotidiano fondato da Mussolini nel\u00a01914. L&#8217;inno era\u00a0<i>Giovinezza<\/i>, nella versione di\u00a0Salvator Gotta\u00a0del\u00a01925, qualificato come\u00a0<i>Inno trionfale del Partito Nazionale Fascista<\/i>. La legge 20 giugno 1952, n. 645 (detta \u00ablegge Scelba\u00bb), in attuazione della\u00a0XII disposizione transitoria e finale della Costituzione italiana, ne vieta la ricostituzione<sup id=\"cite_ref-31\" class=\"reference\"><\/sup><\/p>\n<p>Il PNF fu dunque fondato a Roma il 9 novembre 1921 per iniziativa di Benito Mussolini come evoluzione in partito del movimento dei Fasci Italiani di Combattimento &#8211; fondati, sempre da Mussolini, a Milano, in piazza San Sepolcro, il 23 marzo 1919 (dal simbolo del fregio fascista del 1919 1922). Come movimento giovanile si dot\u00f2 nel 1921 dell&#8217;Avanguardia Giovanile Fascista. Rispetto ai Fasci, il PNF abbandon\u00f2, via via che si consolidava al potere, gli ideali socialisteggianti e repubblicani per virare decisamente verso la destra dello scacchiere politico italiano.<\/p>\n<h3><span id=\"Conquista_del_potere\" class=\"mw-headline\">Conquista del potere<\/span><\/h3>\n<p>Dopo la marcia su Roma\u00a0del 28 ottobre\u00a01922, Mussolini, che era stato eletto parlamentare l&#8217;anno precedente insieme ad altri esponenti fascisti, fu incaricato dal re\u00a0Vittorio Emanuele III\u00a0di formare\u00a0un nuovo governo\u00a0sostenuto da una maggioranza composta anche dal\u00a0Partito Popolare Italiano\u00a0e da altri gruppi di estrazione\u00a0liberale. Il 15 dicembre\u00a01922\u00a0fu costituito il\u00a0Gran Consiglio del Fascismo, organo supremo del Partito Nazionale Fascista, che tenne la sua prima seduta il 12 gennaio\u00a01923.<\/p>\n<h3><span id=\"Regime\" class=\"mw-headline\">Regime<\/span><\/h3>\n<p>Alle elezioni politiche dell&#8217;aprile 1924, il PNF si present\u00f2 con la\u00a0Lista Nazionale, in cui erano inseriti diversi esponenti della destra liberale. Ci furono violenze squadriste e fu impiegata in alcune regioni una &#8220;lista civetta&#8221;, la Lista Nazionale bis, volta a drenare ulteriori voti. Il &#8220;Listone&#8221; ottenne una netta maggioranza con il 65,2% dei voti e 376 deputati (di cui 275 del PNF). Tali risultati furono per\u00f2 duramente contestati dalle opposizioni, che denunciarono numerose irregolarit\u00e0. In tale quadro, il deputato\u00a0Giacomo Matteotti, dopo aver denunciato brogli in parlamento, venne ucciso da estremisti fascisti. La vicenda ebbe seguito il 3 gennaio\u00a01925, quando Mussolini, con un discorso alla\u00a0Camera dei deputati, dichiar\u00f2 provocatoriamente di assumersi la responsabilit\u00e0 storica di quanto accaduto, promettendo di chiarire la situazione nei giorni immediatamente seguenti. In sede giudiziaria, sia all&#8217;epoca dei fatti, sia nel\u00a0secondo dopoguerra, non fu mai provato alcun coinvolgimento diretto del Duce o di altri gerarchi nell&#8217;organizzazione del delitto: tesi sostenuta anche da alcuni storici e dal giornalista\u00a0Indro Montanelli, per i quali le responsabilit\u00e0 di Mussolini furono solo di natura morale. La crisi seguita all&#8217;omicidio di Matteotti, che era parsa far vacillare la presa di Mussolini e del fascismo, fu invece abilmente sfruttata dal duce per avviare la dittatura.<\/p>\n<p>Dopo l&#8217;emanazione nel\u00a01926\u00a0delle cosiddette\u00a0leggi fascistissime\u00a0il PNF fu l&#8217;unico partito ammesso in Italia fino al 25 luglio\u00a01943, e dotandosi di un proprio\u00a0statuto. Il\u00a0<i>Gran Consiglio del Fascismo<\/i>\u00a0divenne organo costituzionale del Regno: &#8220;organo supremo, che coordina e integra tutte le attivit\u00e0 del regime sorto dalla\u00a0rivoluzione\u00a0dell&#8217;ottobre 1922&#8221;. Il Gran Consiglio deliberava sulla lista dei deputati da sottoporre al corpo elettorale (poi sostituiti dai\u00a0<i>consiglieri nazionali<\/i> della Camera dei Fasci e delle Corporazioni); sugli statuti, gli ordinamenti e le direttive politiche del Partito Nazionale Fascista; sulla nomina e la revoca del Segretario, dei Vicesegretari, del Segretario amministrativo e dei membri del Direttorio nazionale del Partito Nazionale Fascista. Le iscrizioni al Partito aumentarono a dismisura quando, il 29 marzo 1928, si decise che gli iscritti al PNF avrebbero avuto la precedenza nelle liste di collocamento (pi\u00f9 antica era l&#8217;affiliazione, pi\u00f9 si &#8220;scalavano&#8221; le graduatorie). (Intanto nel 1927 il fregio fascista cambia e non era pi\u00f9 quello del 1919 1922)<\/p>\n<p>Quasi due anni esatti dopo, il 28 marzo\u00a01930, si decret\u00f2 che per poter svolgere gli incarichi scolastici di alto livello (presidi e rettori) bisognava essere tesserati almeno da cinque anni. Il 3 marzo del\u00a01931\u00a0le iscrizioni furono sospese per circa un anno; questo dato fa intuire che molte furono le adesioni al Partito Fascista dettate esclusivamente da interesse: contro di esse si mosse il segretario\u00a0Giovanni Giuriati, attivista anti-corruzione che, forse proprio per questa spinta &#8220;moralizzatrice&#8221;, venne destituito dal Duce dopo pochi mesi. Un ruolo educativo fu proprio dall&#8217;Istituto Fascista di Cultura, attualmente Universit\u00e0 Popolare degli studi di Milano, che fu convertita da Universit\u00e0 Popolare di Milano a Scuola Fascista, che durante tutto il periodo diede formazione e cultura fascista.<\/p>\n<p>Nel 1930 furono creati i Fasci giovanili di combattimento (vedi questo distintivo dei Fasci Giovanili di Combattimento). Gli anni Trenta furono caratterizzati dalla segreteria di Achille Starace, &#8220;fedelissimo&#8221; di Mussolini e uno dei pochi gerarchi fascisti provenienti dal sud Italia, che lanci\u00f2 una campagna di fascistizzazione del paese fatta di cerimonie oceaniche e creazione di organizzazioni volte a inquadrare il paese e il cittadino in ogni sua manifestazione (sia pubblica sia privata). Al fine di irregimentare anche i movimenti giovanili Starace port\u00f2 sotto il controllo diretto del PNF sia l&#8217;Opera Nazionale Balilla (ONB) sia i Fasci Giovanili che furono sciolti e fatti confluire nella nuova Giovent\u00f9 Italiana del Littorio (GIL dal quale prosegue il simbolo del distintivo dei Fasci Giovanili di Combattimento).<\/p>\n<p>Il 27 maggio\u00a01933\u00a0l&#8217;iscrizione al PNF \u00e8 dichiarata requisito fondamentale per il concorso a pubblici uffici; il 9 marzo\u00a01937\u00a0diventa obbligatoria se si vuole accedere a un qualunque incarico pubblico e dal 3 giugno\u00a01938\u00a0(Regio decreto n. 827) non si pu\u00f2 essere assunti nel personale salariato statale n\u00e9 si possono avere promozioni all&#8217;interno di questo personale se non si ha la tanto conclamata tessera: \u00e8 chiaro quindi che gli iscritti si contino a milioni ma che tra questi i &#8220;tiepidi&#8221; e i &#8220;freddi&#8221; verso il regime siano moltissimi. Nel\u00a01939\u00a0Ettore Muti\u00a0avvicenda Starace alla guida del partito e tale fatto testimonia l&#8217;aumento dell&#8217;influenza di\u00a0Galeazzo Ciano.<\/p>\n<p>A partire dal\u00a01937\u00a0il segretario nazionale del PNF assurse a rango di\u00a0ministro\u00a0di Stato. Con lo scoppio della\u00a0seconda guerra mondiale\u00a0Mussolini tenta di militarizzare il partito ordinando il giorno di Capodanno del\u00a01941\u00a0la mobilitazione generale di tutti i quadri del PNF. Nel periodo in cui le operazioni belliche volgono verso il peggio, in molti perdono la fiducia verso il regime fascista: anche nell&#8217;organo politico principale monta una critica, seppur latente e oscura, a cui il Duce tenta di dare una spallata nominando il ventisettenne\u00a0Aldo Vidussoni\u00a0segretario del PNF (26 dicembre\u00a01941). La mossa, dettata dal fatto che i giovani sono rimasti i pi\u00f9 accesi sostenitori del\u00a0governo, si rivela catastrofica e il 19 aprile\u00a01943\u00a0il giovane friulano viene sostituito da\u00a0Carlo Scorza.<\/p>\n<h3><span id=\"Scioglimento\" class=\"mw-headline\">Scioglimento<\/span><\/h3>\n<p>Il 27 luglio 1943, in seguito alla votazione dell&#8217;<a title=\"Caduta del fascismo\" href=\"https:\/\/it.wikipedia.org\/wiki\/Caduta_del_fascismo\">ordine del giorno Grandi<\/a>\u00a0(25 luglio), Mussolini venne arrestato dai Reali Carabinieri, decretando di fatto la fine del regime fascista. Lo scioglimento del PNF da parte del nuovo governo di\u00a0Pietro Badoglio\u00a0avvenne il 2 agosto\u00a01943\u00a0con il regio decreto n.704, pubblicato sulla Gazzetta ufficiale del Regno il 5 agosto successivo.<\/p>\n<p>Liberato dai tedeschi il 10 settembre, Mussolini costitu\u00ec il 13 settembre il nuovo\u00a0Partito Fascista Repubblicano\u00a0(PFR) e costitu\u00ec la\u00a0Repubblica Sociale Italiana\u00a0(RSI), nella parte d&#8217;Italia occupata dai tedeschi. Segretario del PFR fu nominato il 15 settembre\u00a0Alessandro Pavolini. A\u00a0Milano\u00a0era gi\u00e0 stato ricostituito il 13 settembre da\u00a0Aldo Resega, che ne fu anche il primo commissario federale. Il PFR cess\u00f2 la sua esistenza con la morte di Mussolini e con la fine della RSI, il 28 aprile del\u00a01945<\/p>\n<p><em>Fonti varie <a href=\"https:\/\/it.wikipedia.org\/wiki\/Partito_Nazionale_Fascista\">Wikipedia<\/a> , <a href=\"https:\/\/it.wikipedia.org\/wiki\/Fasci_italiani_di_combattimento\">Fasci Italiani di Combattimento<\/a><\/em><\/p>\n<p>8.20<\/p>\n","protected":false},"excerpt":{"rendered":"<p style=\"text-align: center;\">Fregio\/Patch in stoffa dei <strong>FASCI DI COMBATTIMENTO<\/strong> del periodo <strong>1919 &#8211; 1921 <\/strong>o del <strong>PNF<\/strong>\u00a0 appena costituito, antecedente alla Marcia su Roma del 28 Ottobre 1922, da portarsi cucito al petto della camicia nera o sulle fiamme\/labari per i raduni di partito e di organizzazioni fasciste.<\/p>\n<p style=\"text-align: center;\">Il fascio \u00e8 in filo di seta marrone con dettagli gialli, ed impreziosito dalla scure realizzata in canutiglia argentata. Anche il perimetro dell&#8217;ovale \u00e8 impreziosito da un filo di canutiglia dorato.<\/p>\n<p style=\"text-align: center;\">Misure approssimative cm.10 x 8. In ottime condizioni.<\/p>\n<p style=\"text-align: center;\"><strong><em>(Scorri la pagina in basso per ulteriori dettagli e informazioni)<\/em><\/strong><\/p>\n<p>&nbsp;<\/p>\n<p>&nbsp;<\/p>\n","protected":false},"featured_media":6774,"comment_status":"open","ping_status":"closed","template":"","meta":[],"product_cat":[586],"product_tag":[191,304,223,224,197,162,155,198,156,260,305,195],"yoast_head":"<!-- This site is optimized with the Yoast SEO plugin v21.9.1 - https:\/\/yoast.com\/wordpress\/plugins\/seo\/ -->\n<title>\u274c\ud83d\ude41Fregio Fascista 1919 1922 marcia su Roma - Stoffa - Thefinitive<\/title>\n<meta name=\"description\" content=\"Fregio in stoffa PATCH Partito Nazionale Fascista PNF ANTEMARCIA 1922 Marcia su Roma - 1919 1927 primo tipo - Primigenio - per camicia nera\" \/>\n<meta name=\"robots\" content=\"index, follow, max-snippet:-1, max-image-preview:large, max-video-preview:-1\" \/>\n<link rel=\"canonical\" href=\"https:\/\/thefinitive.com\/en\/prodotto\/fregio-fascista-1919-1922-marcia-su-roma-stoffa\/\" \/>\n<meta property=\"og:locale\" content=\"en_US\" \/>\n<meta property=\"og:type\" content=\"article\" \/>\n<meta property=\"og:title\" content=\"\u274c\ud83d\ude41Fregio Fascista 1919 1922 marcia su Roma - Stoffa - Thefinitive\" \/>\n<meta property=\"og:description\" content=\"Fregio in stoffa PATCH Partito Nazionale Fascista PNF ANTEMARCIA 1922 Marcia su Roma - 1919 1927 primo tipo - Primigenio - per camicia nera\" \/>\n<meta property=\"og:url\" content=\"https:\/\/thefinitive.com\/en\/prodotto\/fregio-fascista-1919-1922-marcia-su-roma-stoffa\/\" \/>\n<meta property=\"og:site_name\" content=\"Thefinitive\" \/>\n<meta property=\"article:publisher\" content=\"https:\/\/business.facebook.com\/Thefinitive-111771813534320\/\" \/>\n<meta property=\"article:modified_time\" content=\"2023-03-20T14:38:49+00:00\" \/>\n<meta property=\"og:image\" content=\"https:\/\/thefinitive.com\/wp-content\/uploads\/2020\/08\/fascio1-2.jpg\" \/>\n\t<meta property=\"og:image:width\" content=\"2160\" \/>\n\t<meta property=\"og:image:height\" content=\"2160\" \/>\n\t<meta property=\"og:image:type\" content=\"image\/jpeg\" \/>\n<meta name=\"twitter:card\" content=\"summary_large_image\" \/>\n<meta name=\"twitter:label1\" content=\"Est. reading time\" \/>\n\t<meta name=\"twitter:data1\" content=\"11 minutes\" \/>\n<script type=\"application\/ld+json\" class=\"yoast-schema-graph\">{\"@context\":\"https:\/\/schema.org\",\"@graph\":[{\"@type\":\"WebPage\",\"@id\":\"https:\/\/thefinitive.com\/en\/prodotto\/fregio-fascista-1919-1922-marcia-su-roma-stoffa\/\",\"url\":\"https:\/\/thefinitive.com\/en\/prodotto\/fregio-fascista-1919-1922-marcia-su-roma-stoffa\/\",\"name\":\"\u274c\ud83d\ude41Fregio Fascista 1919 1922 marcia su Roma - Stoffa - Thefinitive\",\"isPartOf\":{\"@id\":\"https:\/\/thefinitive.com\/en\/#website\"},\"datePublished\":\"2020-08-25T14:55:11+00:00\",\"dateModified\":\"2023-03-20T14:38:49+00:00\",\"description\":\"Fregio in stoffa PATCH Partito Nazionale Fascista PNF ANTEMARCIA 1922 Marcia su Roma - 1919 1927 primo tipo - Primigenio - per camicia nera\",\"breadcrumb\":{\"@id\":\"https:\/\/thefinitive.com\/en\/prodotto\/fregio-fascista-1919-1922-marcia-su-roma-stoffa\/#breadcrumb\"},\"inLanguage\":\"en-US\",\"potentialAction\":[{\"@type\":\"ReadAction\",\"target\":[\"https:\/\/thefinitive.com\/en\/prodotto\/fregio-fascista-1919-1922-marcia-su-roma-stoffa\/\"]}]},{\"@type\":\"BreadcrumbList\",\"@id\":\"https:\/\/thefinitive.com\/en\/prodotto\/fregio-fascista-1919-1922-marcia-su-roma-stoffa\/#breadcrumb\",\"itemListElement\":[{\"@type\":\"ListItem\",\"position\":1,\"name\":\"Home\",\"item\":\"https:\/\/thefinitive.com\/en\/\"},{\"@type\":\"ListItem\",\"position\":2,\"name\":\"Shop\",\"item\":\"https:\/\/thefinitive.com\/en\/shop-2\/\"},{\"@type\":\"ListItem\",\"position\":3,\"name\":\"\u274c\ud83d\ude41Fregio Fascista 1919 1922 marcia su Roma &#8211; Stoffa\"}]},{\"@type\":\"WebSite\",\"@id\":\"https:\/\/thefinitive.com\/en\/#website\",\"url\":\"https:\/\/thefinitive.com\/en\/\",\"name\":\"Thefinitive\",\"description\":\"Antiquariato Online\",\"publisher\":{\"@id\":\"https:\/\/thefinitive.com\/en\/#organization\"},\"potentialAction\":[{\"@type\":\"SearchAction\",\"target\":{\"@type\":\"EntryPoint\",\"urlTemplate\":\"https:\/\/thefinitive.com\/en\/?s={search_term_string}\"},\"query-input\":\"required name=search_term_string\"}],\"inLanguage\":\"en-US\"},{\"@type\":\"Organization\",\"@id\":\"https:\/\/thefinitive.com\/en\/#organization\",\"name\":\"Thefinitive\",\"url\":\"https:\/\/thefinitive.com\/en\/\",\"logo\":{\"@type\":\"ImageObject\",\"inLanguage\":\"en-US\",\"@id\":\"https:\/\/thefinitive.com\/en\/#\/schema\/logo\/image\/\",\"url\":\"https:\/\/thefinitive.com\/wp-content\/uploads\/2019\/07\/logo4vett.svg\",\"contentUrl\":\"https:\/\/thefinitive.com\/wp-content\/uploads\/2019\/07\/logo4vett.svg\",\"width\":500,\"height\":100,\"caption\":\"Thefinitive\"},\"image\":{\"@id\":\"https:\/\/thefinitive.com\/en\/#\/schema\/logo\/image\/\"},\"sameAs\":[\"https:\/\/business.facebook.com\/Thefinitive-111771813534320\/\",\"https:\/\/www.instagram.com\/_thefinitive_\/\"]}]}<\/script>\n<!-- \/ Yoast SEO plugin. -->","yoast_head_json":{"title":"\u274c\ud83d\ude41Fregio Fascista 1919 1922 marcia su Roma - Stoffa - Thefinitive","description":"Fregio in stoffa PATCH Partito Nazionale Fascista PNF ANTEMARCIA 1922 Marcia su Roma - 1919 1927 primo tipo - Primigenio - per camicia nera","robots":{"index":"index","follow":"follow","max-snippet":"max-snippet:-1","max-image-preview":"max-image-preview:large","max-video-preview":"max-video-preview:-1"},"canonical":"https:\/\/thefinitive.com\/en\/prodotto\/fregio-fascista-1919-1922-marcia-su-roma-stoffa\/","og_locale":"en_US","og_type":"article","og_title":"\u274c\ud83d\ude41Fregio Fascista 1919 1922 marcia su Roma - Stoffa - Thefinitive","og_description":"Fregio in stoffa PATCH Partito Nazionale Fascista PNF ANTEMARCIA 1922 Marcia su Roma - 1919 1927 primo tipo - Primigenio - per camicia nera","og_url":"https:\/\/thefinitive.com\/en\/prodotto\/fregio-fascista-1919-1922-marcia-su-roma-stoffa\/","og_site_name":"Thefinitive","article_publisher":"https:\/\/business.facebook.com\/Thefinitive-111771813534320\/","article_modified_time":"2023-03-20T14:38:49+00:00","og_image":[{"width":2160,"height":2160,"url":"https:\/\/thefinitive.com\/wp-content\/uploads\/2020\/08\/fascio1-2.jpg","type":"image\/jpeg"}],"twitter_card":"summary_large_image","twitter_misc":{"Est. reading time":"11 minutes"},"schema":{"@context":"https:\/\/schema.org","@graph":[{"@type":"WebPage","@id":"https:\/\/thefinitive.com\/en\/prodotto\/fregio-fascista-1919-1922-marcia-su-roma-stoffa\/","url":"https:\/\/thefinitive.com\/en\/prodotto\/fregio-fascista-1919-1922-marcia-su-roma-stoffa\/","name":"\u274c\ud83d\ude41Fregio Fascista 1919 1922 marcia su Roma - Stoffa - Thefinitive","isPartOf":{"@id":"https:\/\/thefinitive.com\/en\/#website"},"datePublished":"2020-08-25T14:55:11+00:00","dateModified":"2023-03-20T14:38:49+00:00","description":"Fregio in stoffa PATCH Partito Nazionale Fascista PNF ANTEMARCIA 1922 Marcia su Roma - 1919 1927 primo tipo - Primigenio - per camicia nera","breadcrumb":{"@id":"https:\/\/thefinitive.com\/en\/prodotto\/fregio-fascista-1919-1922-marcia-su-roma-stoffa\/#breadcrumb"},"inLanguage":"en-US","potentialAction":[{"@type":"ReadAction","target":["https:\/\/thefinitive.com\/en\/prodotto\/fregio-fascista-1919-1922-marcia-su-roma-stoffa\/"]}]},{"@type":"BreadcrumbList","@id":"https:\/\/thefinitive.com\/en\/prodotto\/fregio-fascista-1919-1922-marcia-su-roma-stoffa\/#breadcrumb","itemListElement":[{"@type":"ListItem","position":1,"name":"Home","item":"https:\/\/thefinitive.com\/en\/"},{"@type":"ListItem","position":2,"name":"Shop","item":"https:\/\/thefinitive.com\/en\/shop-2\/"},{"@type":"ListItem","position":3,"name":"\u274c\ud83d\ude41Fregio Fascista 1919 1922 marcia su Roma &#8211; Stoffa"}]},{"@type":"WebSite","@id":"https:\/\/thefinitive.com\/en\/#website","url":"https:\/\/thefinitive.com\/en\/","name":"Thefinitive","description":"Antiquariato Online","publisher":{"@id":"https:\/\/thefinitive.com\/en\/#organization"},"potentialAction":[{"@type":"SearchAction","target":{"@type":"EntryPoint","urlTemplate":"https:\/\/thefinitive.com\/en\/?s={search_term_string}"},"query-input":"required name=search_term_string"}],"inLanguage":"en-US"},{"@type":"Organization","@id":"https:\/\/thefinitive.com\/en\/#organization","name":"Thefinitive","url":"https:\/\/thefinitive.com\/en\/","logo":{"@type":"ImageObject","inLanguage":"en-US","@id":"https:\/\/thefinitive.com\/en\/#\/schema\/logo\/image\/","url":"https:\/\/thefinitive.com\/wp-content\/uploads\/2019\/07\/logo4vett.svg","contentUrl":"https:\/\/thefinitive.com\/wp-content\/uploads\/2019\/07\/logo4vett.svg","width":500,"height":100,"caption":"Thefinitive"},"image":{"@id":"https:\/\/thefinitive.com\/en\/#\/schema\/logo\/image\/"},"sameAs":["https:\/\/business.facebook.com\/Thefinitive-111771813534320\/","https:\/\/www.instagram.com\/_thefinitive_\/"]}]}},"_links":{"self":[{"href":"https:\/\/thefinitive.com\/en\/wp-json\/wp\/v3\/product\/6782"}],"collection":[{"href":"https:\/\/thefinitive.com\/en\/wp-json\/wp\/v3\/product"}],"about":[{"href":"https:\/\/thefinitive.com\/en\/wp-json\/wp\/v2\/types\/product"}],"replies":[{"embeddable":true,"href":"https:\/\/thefinitive.com\/en\/wp-json\/wp\/v2\/comments?post=6782"}],"version-history":[{"count":1,"href":"https:\/\/thefinitive.com\/en\/wp-json\/wp\/v3\/product\/6782\/revisions"}],"predecessor-version":[{"id":14704,"href":"https:\/\/thefinitive.com\/en\/wp-json\/wp\/v3\/product\/6782\/revisions\/14704"}],"wp:featuredmedia":[{"embeddable":true,"href":"https:\/\/thefinitive.com\/en\/wp-json\/wp\/v2\/media\/6774"}],"wp:attachment":[{"href":"https:\/\/thefinitive.com\/en\/wp-json\/wp\/v2\/media?parent=6782"}],"wp:term":[{"taxonomy":"product_cat","embeddable":true,"href":"https:\/\/thefinitive.com\/en\/wp-json\/wp\/v2\/product_cat?post=6782"},{"taxonomy":"product_tag","embeddable":true,"href":"https:\/\/thefinitive.com\/en\/wp-json\/wp\/v2\/product_tag?post=6782"}],"curies":[{"name":"wp","href":"https:\/\/api.w.org\/{rel}","templated":true}]}}