{"id":6680,"date":"2020-08-19T15:50:11","date_gmt":"2020-08-19T15:50:11","guid":{"rendered":"https:\/\/www.thefinitive.com\/?post_type=product&#038;p=6680"},"modified":"2023-03-20T15:38:54","modified_gmt":"2023-03-20T14:38:54","slug":"gruppo-battaglioni-squadristi-dalmazia-cc-nn-distintivo","status":"publish","type":"product","link":"https:\/\/thefinitive.com\/en\/prodotto\/gruppo-battaglioni-squadristi-dalmazia-cc-nn-distintivo\/","title":{"rendered":"\u274c\ud83d\ude41Gruppo Battaglioni Squadristi DALMAZIA &#8211; CC.NN. distintivo"},"content":{"rendered":"<p>Distintivo smaltato del <strong>GRUPPO BATTAGLIONI Camicie Nere SQUADRISTI &#8220;DALMAZIA&#8221;<\/strong> , CC.NN.<\/p>\n<p>Importante distintivo (da giacca, variante a spilla verticale per reduci appartenuti al gruppo) in metallo dorato e smalti policromi, con due fasci littori ai lati destro e sinistro, e recante alla base un cartiglio su smalto nero (<strong>variante<\/strong>) con la dicitura <strong>Gruppo Btgg. CC.NN. Squadristi &#8220;Dalmazia&#8221; <\/strong>&#8211; Subito sopra il cartiglio ci sono due daghe incrociate, a simboleggiare le Camicie Nere e la M.V.S.N. il tutto sottostante la parata di scudi a rappresentare rispettivamente : lo stemma centrale della <strong>Dalmazia<\/strong> in smalto blu e oro, ed intorno, ad ogni quarto i simboli delle regioni di provenienza dei singoli battaglioni di CC.NN. , ovvero lo scudo smaltato in giallo ocra con la lupa di Roma per il <strong>CXII<\/strong>, scudo bianco con il giglio di Firenze per il <strong>LXVIII<\/strong>, scudo rosso con la Trinacria di Sicilia per il <strong>CLXX<\/strong> e scudo celeste con il biscione visconteo per il <strong>VII<\/strong>. Questo distintivo differisce da quello ufficiale di reparto per via dei colori degli smalti negli scudi dei singoli battaglioni (scudi bianchi) e del cartiglio inferiore (rosso).<\/p>\n<p>Il\u00a0<strong>Gruppo Battaglioni &#8220;Dalmazia&#8221;<\/strong> agli ordini del Console <em>Ivan Stucchi<\/em>, per rafforzare le difese di controguerriglia da Fiume al Montenegro di fronte alle offensive ribelli slavo-comuniste, armate da Missioni britanniche dopo l&#8217;entrata in guerra dell&#8217;URSS (22.6.41), era costituito dal\u00a0 Btg. <strong>XCII <\/strong><em><strong>&#8220;Tevere&#8221;<\/strong> (Otello Gaddi) <\/em>, dal <strong>LXVIII <\/strong><em><strong>&#8220;Toscano&#8221;<\/strong> (Pietro Montesi Righetti)<\/em>, dal <strong>CLXX\u00a0<\/strong><em><strong>&#8220;Vespri Siciliani&#8221;<\/strong> (Sante Tagliarini), e dal <strong>VII &#8220;Milano&#8221;<\/strong> (Raul Biagioni), <\/em>schierato insieme alla\u00a0<strong>Divisione &#8220;Zara&#8221;<\/strong> nella provincia di Zara a nord di Sebenico fino al 1943 (nell&#8217;Istria carsica operava un quinto Battaglione CC.NN. Squadristi, il Btg. Emiliano comandato da Ercole Santucci)<\/p>\n<p>Il distintivo \u00e8 in eccezionali condizioni di conservazione.<\/p>\n<p>&nbsp;<\/p>\n<p><strong>MATERIALE<\/strong> <strong>&#8230;&#8230;. :<\/strong>\u00a0 metallo smaltato<\/p>\n<p><strong>DIMENSIONI<\/strong> <strong>&#8230;&#8230;:\u00a0<\/strong> mm. 20 x 20<\/p>\n<p><strong>MARCHIO<\/strong> <strong>&#8230;&#8230;&#8230;..:\u00a0<\/strong> &#8211;<\/p>\n<h2><\/h2>\n<h2 style=\"text-align: left;\">NOTIZIE<\/h2>\n<p>Il rapido e vittorioso conflitto che coinvolse le forze dell&#8217;Asse in Jugoslavia nell&#8217;aprile del 1941, permise al Regno d&#8217;Italia l&#8217;annessione dei territori di Spalato e Cattaro con la conseguente costituzione di un Governatorato della Dalmazia Italiana, ufficializzato con il D.L. del 18 maggio 1941.<br \/>\nQuesto territorio, che comprendeva anche la provincia di Zara, annessa all&#8217;Italia gi\u00e0 nel 1920 con il trattato di Rapallo, venne affidato al\u00a0<em>Governatore Giuseppe Bastianini<\/em>, il quale inizi\u00f2 immediatamente l&#8217;opera di &#8220;italianizzazione&#8221; del territorio con il risultato di veder organizzate anche bande partigiane dalla popolazione slava ostile.<br \/>\nLe sole forze prefettizie non erano sufficienti a fornire un&#8217;adeguata protezione n\u00e8 l&#8217;esrcito poteva dirottare truppe impiegate in complesse operazioni sullo scacchiere balcanico.<br \/>\nBastianini si vide costretto aiuto a Roma che invi\u00f2, nell&#8217;estate del 1942, quattro battaglioni della M.V.S.N. per fronteggiare la guerriglia. Questi rinforzi, comandati dal\u00a0<em>Console Ivan Scalchi<\/em>, costituirono il\u00a0<strong>Gruppo Battaglioni Camicie Nere Squadristi &#8220;Dalmazia&#8221;<\/strong>\u00a0con compiti di controguerriglia.<br \/>\nVennero inizialmente posti alle dipendenze del Gabinetto Militare del Governatorato agli ordini del\u00a0<em>Colonnello Eugenio Morra<\/em>, ma quasi subito nell&#8217;agosto del 1942, passarono al\u00a0<em>XVIII Corpo d&#8217;Armata<\/em>\u00a0e, dopo pochi giorni, con la trasformazione delle\u00a0<em>&#8220;Truppe di Zara&#8221;<\/em>\u00a0in\u00a0<strong>&#8220;158\u00b0 Divisione di Fanteria&#8221;<\/strong>, vennero accorpate in questa unit\u00e0 rimanendo sul territorio dalmato fino al settembre 1943.<\/p>\n<p>(<em> Notizie storiche tratte dall&#8217;articolo di Renzo Catellani &#8211; numero 36\u00a0 rivista &#8220;Uniformi &amp; Armi&#8221; <\/em>)<\/p>\n<p>&nbsp;<\/p>\n<p><a href=\"https:\/\/www.thefinitive.com\/?attachment_id=6143\" rel=\"attachment wp-att-6143\"><img loading=\"lazy\" decoding=\"async\" class=\"alignnone wp-image-6143\" src=\"https:\/\/www.thefinitive.com\/wp-content\/uploads\/2020\/05\/statuto1.jpg\" alt=\"\" width=\"245\" height=\"395\" srcset=\"https:\/\/thefinitive.com\/wp-content\/uploads\/2020\/05\/statuto1.jpg 709w, https:\/\/thefinitive.com\/wp-content\/uploads\/2020\/05\/statuto1-64x103.jpg 64w, https:\/\/thefinitive.com\/wp-content\/uploads\/2020\/05\/statuto1-186x300.jpg 186w, https:\/\/thefinitive.com\/wp-content\/uploads\/2020\/05\/statuto1-636x1024.jpg 636w\" sizes=\"(max-width: 245px) 100vw, 245px\" \/><\/a> <a href=\"https:\/\/www.thefinitive.com\/?attachment_id=6144\" rel=\"attachment wp-att-6144\"><img loading=\"lazy\" decoding=\"async\" class=\"alignnone wp-image-6144\" src=\"https:\/\/www.thefinitive.com\/wp-content\/uploads\/2020\/05\/statuto2.jpg\" alt=\"\" width=\"309\" height=\"393\" srcset=\"https:\/\/thefinitive.com\/wp-content\/uploads\/2020\/05\/statuto2.jpg 857w, https:\/\/thefinitive.com\/wp-content\/uploads\/2020\/05\/statuto2-64x82.jpg 64w, https:\/\/thefinitive.com\/wp-content\/uploads\/2020\/05\/statuto2-235x300.jpg 235w, https:\/\/thefinitive.com\/wp-content\/uploads\/2020\/05\/statuto2-768x980.jpg 768w\" sizes=\"(max-width: 309px) 100vw, 309px\" \/><\/a><\/p>\n<p><a href=\"https:\/\/www.thefinitive.com\/?attachment_id=6145\" rel=\"attachment wp-att-6145\"><img loading=\"lazy\" decoding=\"async\" class=\"alignnone wp-image-6145\" src=\"https:\/\/www.thefinitive.com\/wp-content\/uploads\/2020\/05\/statuto3.jpg\" alt=\"\" width=\"247\" height=\"395\" srcset=\"https:\/\/thefinitive.com\/wp-content\/uploads\/2020\/05\/statuto3.jpg 726w, https:\/\/thefinitive.com\/wp-content\/uploads\/2020\/05\/statuto3-64x102.jpg 64w, https:\/\/thefinitive.com\/wp-content\/uploads\/2020\/05\/statuto3-188x300.jpg 188w, https:\/\/thefinitive.com\/wp-content\/uploads\/2020\/05\/statuto3-640x1024.jpg 640w\" sizes=\"(max-width: 247px) 100vw, 247px\" \/><\/a> <a href=\"https:\/\/www.thefinitive.com\/?attachment_id=6146\" rel=\"attachment wp-att-6146\"><img loading=\"lazy\" decoding=\"async\" class=\"alignnone wp-image-6146\" src=\"https:\/\/www.thefinitive.com\/wp-content\/uploads\/2020\/05\/statuto4.jpg\" alt=\"\" width=\"243\" height=\"394\" srcset=\"https:\/\/thefinitive.com\/wp-content\/uploads\/2020\/05\/statuto4.jpg 731w, https:\/\/thefinitive.com\/wp-content\/uploads\/2020\/05\/statuto4-64x104.jpg 64w, https:\/\/thefinitive.com\/wp-content\/uploads\/2020\/05\/statuto4-185x300.jpg 185w, https:\/\/thefinitive.com\/wp-content\/uploads\/2020\/05\/statuto4-632x1024.jpg 632w\" sizes=\"(max-width: 243px) 100vw, 243px\" \/><\/a> <a href=\"https:\/\/www.thefinitive.com\/?attachment_id=6147\" rel=\"attachment wp-att-6147\"><img loading=\"lazy\" decoding=\"async\" class=\"alignnone wp-image-6147\" src=\"https:\/\/www.thefinitive.com\/wp-content\/uploads\/2020\/05\/statuto5.jpg\" alt=\"\" width=\"258\" height=\"394\" srcset=\"https:\/\/thefinitive.com\/wp-content\/uploads\/2020\/05\/statuto5-64x97.jpg 64w, https:\/\/thefinitive.com\/wp-content\/uploads\/2020\/05\/statuto5-197x300.jpg 197w\" sizes=\"(max-width: 258px) 100vw, 258px\" \/><\/a><\/p>\n<p><a href=\"https:\/\/www.thefinitive.com\/?attachment_id=6148\" rel=\"attachment wp-att-6148\"><img loading=\"lazy\" decoding=\"async\" class=\"alignnone wp-image-6148\" src=\"https:\/\/www.thefinitive.com\/wp-content\/uploads\/2020\/05\/statuto6.jpg\" alt=\"\" width=\"250\" height=\"398\" srcset=\"https:\/\/thefinitive.com\/wp-content\/uploads\/2020\/05\/statuto6.jpg 738w, https:\/\/thefinitive.com\/wp-content\/uploads\/2020\/05\/statuto6-64x102.jpg 64w, https:\/\/thefinitive.com\/wp-content\/uploads\/2020\/05\/statuto6-188x300.jpg 188w, https:\/\/thefinitive.com\/wp-content\/uploads\/2020\/05\/statuto6-641x1024.jpg 641w\" sizes=\"(max-width: 250px) 100vw, 250px\" \/><\/a> <a href=\"https:\/\/www.thefinitive.com\/?attachment_id=6149\" rel=\"attachment wp-att-6149\"><img loading=\"lazy\" decoding=\"async\" class=\"alignnone wp-image-6149\" src=\"https:\/\/www.thefinitive.com\/wp-content\/uploads\/2020\/05\/statuto7.jpg\" alt=\"\" width=\"247\" height=\"398\" srcset=\"https:\/\/thefinitive.com\/wp-content\/uploads\/2020\/05\/statuto7.jpg 724w, https:\/\/thefinitive.com\/wp-content\/uploads\/2020\/05\/statuto7-64x103.jpg 64w, https:\/\/thefinitive.com\/wp-content\/uploads\/2020\/05\/statuto7-186x300.jpg 186w, https:\/\/thefinitive.com\/wp-content\/uploads\/2020\/05\/statuto7-636x1024.jpg 636w\" sizes=\"(max-width: 247px) 100vw, 247px\" \/><\/a><\/p>\n<p>&nbsp;<\/p>\n<p>Dopo la guerra, in base al\u00a0<a class=\"mw-redirect\" title=\"Patto di Londra (1915)\" href=\"https:\/\/it.wikipedia.org\/wiki\/Patto_di_Londra_(1915)\">Patto di Londra<\/a> con cui aveva negoziato la propria entrata in guerra, l&#8217;Italia avrebbe dovuto ottenere la Dalmazia settentrionale incluse le citt\u00e0 di Zara, Sebenico e Tenin. Tuttavia, in base al principio della nazionalit\u00e0 propugnato dal presidente statunitense Woodrow Wilson, la Dalmazia venne annessa al neocostituito Regno dei Serbi, dei Croati e degli Sloveni, con l&#8217;eccezione di Zara (a maggioranza italiana) e dell&#8217;isola di Lagosta, che con altre isole (Cherso e Lussino) vennero annesse all&#8217;Italia. (Questo distintivo dorato, con smalti policromi Azzurri per Dalmazia e Nazionalisti, inneggia alla Dalmazia italiana , 1915)<\/p>\n<p>Al termine del conflitto 1915-1918 , molti italiani dalla Dalmazia emigrarono in Italia, specialmente a Zara, unica citt\u00e0 dalmata annessa all&#8217;Italia da cui presumibilmente il foulard <em>Dalmazia Italiana<\/em>. Tra il 1918 e il 1921 la comunit\u00e0 italiana della Dalmazia sub\u00ec rappresaglie, ma in seguito alle convenzioni di Nettuno stipulate tra l&#8217;Italia e il Regno dei Serbi, Croati e Sloveni godette di protezioni come minoranza linguistica, anche se rimasero spesso sulla carta.<\/p>\n<p>Negli anni venti la Dalmazia iugoslava divent\u00f2 teatro di scontri tra il movimento autonomista croato, connesso alla figura di\u00a0Stjepan Radi\u0107, e le forze centraliste legate alla politica serba dei governi di Belgrado (ORJUNA). Al contrario, nella Dalmazia italiana si ebbe un notevole sviluppo economico favorito dagli aiuti economici con matrice politico-propagandistica voluti dal\u00a0Fascismo.<\/p>\n<p>Nel\u00a01939, alla\u00a0Croazia\u00a0fu concessa un&#8217;ampia autonomia politica; l&#8217;intera Dalmazia iugoslava (salvo le bocche di Cattaro) fu unita alla\u00a0<i>Banovina della Croazia<\/i>\u00a0con sede a Zagabria. Questa entit\u00e0 politica ebbe per\u00f2 corta vita, a causa della conquista della\u00a0Iugoslavia\u00a0da parte dell&#8217;Italia e della Germania nell&#8217;aprile 1941.<\/p>\n<p>Nell&#8217;aprile del\u00a01941, il\u00a0Regno di Jugoslavia, fu occupato dalle\u00a0potenze dell&#8217;Asse. Viene istituito il Commissariato Civile della Dalmazia (Mussolini incarica Commissario Civile Athos Bartolucci). Quasi tutta la parte costiera della Dalmazia settentrionale (con tutti i principali centri urbani, come\u00a0Spalato\u00a0e\u00a0Sebenico) fu annessa al\u00a0Regno d&#8217;Italia, mentre il resto venne annesso al neocostituito\u00a0Regno di Croazia, dominato dagli\u00a0ustascia\u00a0di\u00a0Ante Paveli\u0107. Quest&#8217;ultimo offr\u00ec il trono del giovane stato a un membro della Casa Savoia,\u00a0Aimone, il quale, pur senza rifiutarlo, non ne prese mai possesso.<\/p>\n<p>Mussolini\u00a0cre\u00f2 il\u00a0Governatorato di Dalmazia, che includeva:<\/p>\n<ul>\n<li>la\u00a0provincia di Zara\u00a0che comprendeva il comune di\u00a0Zara\u00a0e il suo entroterra ingrandito con\u00a0Tenin, pi\u00f9 le isole dalmate davanti a Zara che passarono sotto sovranit\u00e0 italiana.<\/li>\n<li>la\u00a0provincia di Spalato\u00a0(1941-1943), che comprendeva le citt\u00e0 di\u00a0Spalato,\u00a0Tra\u00f9\u00a0e\u00a0Sebenico\u00a0con il loro entroterra, pi\u00f9 le isole della\u00a0Solta\u00a0(meno dunque la\u00a0Brazza) e le altre\u00a0Lissa,\u00a0Curzola,\u00a0Lagosta,\u00a0Cazza,\u00a0Pelagosa\u00a0(queste ultime tre scorporate alla\u00a0Provincia di Zara\u00a0alla quale appartenevano dal\u00a01920) e\u00a0Meleda.<\/li>\n<li>la\u00a0provincia di Cattaro\u00a0(1941-1943), che comprendeva i centri di\u00a0Cattaro,\u00a0Perasto,\u00a0Castelnuovo\u00a0con un piccolo entroterra (circa 600\u00a0km\u00b2), seguendo grosso modo i vecchi limiti veneziani ed austriaci, pi\u00f9 l&#8217;isola di\u00a0Saseno, di fronte alle coste dell&#8217;Albania\u00a0vicino a\u00a0Valona, quest&#8217;ultima scorporata dalla\u00a0Provincia di Zara\u00a0di cui faceva parte dal\u00a01920.<\/li>\n<\/ul>\n<p>Le isole di\u00a0Veglia\u00a0ed\u00a0Arbe\u00a0passarono alla\u00a0provincia di Fiume.<\/p>\n<p>Gi\u00e0 dalla fine del\u00a01941, nella Dalmazia (italiana e croata) si innesc\u00f2 una spaventosa e crudele guerra civile, che raggiunse livelli di massacro nell&#8217;estate\u00a01942. Contro le atrocit\u00e0 commesse dal regime\u00a0ustascia, tanto contro i\u00a0serbi\u00a0e gli\u00a0ebrei\u00a0che contro gli oppositori (o presunti oppositori) croati, si sollev\u00f2 sia la resistenza partigiana a guida di\u00a0Tito, plurietnica e comunista, sia varie fazioni nazionalistiche e monarchiche serbe (i\u00a0cetnici). A loro volta i Titini ed i cetnici perpetrarono crimini contro la popolazione civile croata che appoggiava i fascisti croati di\u00a0Ante Paveli\u0107. Numerosi\u00a0crimini di guerra\u00a0furono commessi da tutte le parti in causa, dai tedeschi ai partigiani comunisti.<\/p>\n<p>A causa dell&#8217;annessione della Dalmazia costiera all&#8217;Italia, cominciarono a crescere le tensioni tra il regime ustascia e le forze d&#8217;occupazione italiane; venne perci\u00f2 a formarsi, a partire dal 1942, un&#8217;alleanza tattica tra le forze italiane e i vari gruppi cetnici. Gli italiani incorporarono i cetnici nella Milizia volontaria anticomunista (MVAC) per combattere la resistenza titoista, provocando fortissime tensioni con il regime ustascia. Lo stesso Mussolini propose di annettere al Regno d&#8217;Italia nell&#8217;estate 1942 la zona italiana della Croazia (che si trovava tra il Governatorato di Dalmazia e la zona tedesca della Croazia), allo scopo di allontanare gli Ustascia dalle aree italiane e calmare anche i feroci scontri e massacri tra croati, serbi e mussulmani (favorendo quindi il gruppo battaglioni squadristi Dalmazia)<\/p>\n<p>Nel settembre del\u00a01943, con la\u00a0capitolazione dell&#8217;Italia, la parte italiana della Dalmazia &#8211; ad esclusione di\u00a0Zara\u00a0&#8211; venne occupata dall&#8217;esercito tedesco ed annessa allo\u00a0Stato Indipendente di Croazia. Nella seconda met\u00e0 del\u00a01944, i partigiani comunisti di\u00a0Josip Broz Tito, riforniti dagli alleati, liberarono dai nazisti tutta la regione. L&#8217;isola dalmata di\u00a0Lissa\u00a0divenne il quartier generale di Tito, mentre gli abitanti delle citt\u00e0 dalmate furono soggetti alla repressione da parte della polizia segreta comunista che colp\u00ec ogni sorta di oppositori (e presunti oppositori) al nuovo regime comunista. Una delle principali vittime fu la comunit\u00e0 italiana: a partire dal\u00a01943\u00a0cominci\u00f2 l&#8217;esodo\u00a0degli italiani della Dalmazia che si protrasse per parecchi anni e fu pressoch\u00e9 totale.<\/p>\n<p>A partire dall&#8217;autunno 1943,\u00a0Zara\u00a0viene bombardata per ben 54 volte dagli\u00a0Alleati\u00a0su indicazioni di\u00a0Tito. La citt\u00e0 fu rasa al suolo, venendo chiamata la\u00a0Dresda\u00a0italiana. Nel 1944 Zara fu occupata dai partigiani di Tito (che vi massacrarono molti civili e militari italiani) e successivamente annessa alla Jugoslavia. L&#8217;esodo dalla citt\u00e0 fu pressoch\u00e9 totale, cancellando quasi totalmente il plurisecolare carattere italiano della citt\u00e0. I circa 20.000 italiani della citt\u00e0 (che erano pi\u00f9 del 90% della popolazione) furono ridotti nel 1947 a meno di un migliaio.<\/p>\n<p>L&#8217;ultimo colpo alla presenza italiana avvenne nell&#8217;ottobre del 1953, quando le scuole italiane furono chiuse e gli allievi trasferiti, da un giorno per l&#8217;altro, nelle scuole croate. Si complet\u00f2 cos\u00ec quello che alcuni storici (come il francese Michel Roux) qualificarono come la\u00a0pulizia etnica\u00a0degli Italiani in Dalmazia, usando metodi simili a quelli del Manuale\u00a0Cubrilovic\u00a0contro gli\u00a0Albanesi\u00a0della Iugoslavia.<\/p>\n<p>&nbsp;<\/p>\n<p>Fonti <a href=\"https:\/\/it.wikipedia.org\/wiki\/Storia_della_Dalmazia\"><em>Wikipedia\u00a0<\/em><\/a><\/p>\n<p>&nbsp;<\/p>\n<p>5.20<\/p>\n","protected":false},"excerpt":{"rendered":"<p style=\"text-align: center;\">Distintivo smaltato per militi\/reduci del <strong>GRUPPO BATTAGLIONI Camicie Nere SQUADRISTI &#8220;DALMAZIA&#8221;<\/strong> , CC.NN.<\/p>\n<p style=\"text-align: center;\">In metallo dorato e smalti policromi, con due fasci littori ai lati destro e sinistro, cartiglio su smalto nero (<strong>variante<\/strong>) con la dicitura <strong>Gruppo Btgg. CC.NN. Squadristi &#8220;Dalmazia&#8221; <\/strong><\/p>\n<p style=\"text-align: center;\">Stemma centrale della <strong>Dalmazia<\/strong> in smalto blu e oro, ed intorno, ad ogni quarto i simboli delle regioni di provenienza dei singoli battaglioni di CC.NN.\u00a0 ovvero\u00a0 \u00a0<strong>XCII\u00a0<\/strong><em>&#8220;<strong>Tevere<\/strong>&#8220;<\/em> ,\u00a0 <strong>LXVIII<\/strong> <em>&#8220;<strong>Toscano<\/strong>&#8220;<\/em>, <strong>CLXX\u00a0<\/strong><em>&#8220;<strong>Vespri Siciliani<\/strong>&#8221; e <strong>VII\u00a0<\/strong> &#8220;<strong>Milano<\/strong>&#8221; <\/em><\/p>\n<p style=\"text-align: center;\">Il distintivo \u00e8 in eccezionali condizioni di conservazione.<\/p>\n<p style=\"text-align: center;\">Misure del solo distintivo circa mm.20 x 20<\/p>\n<p>&nbsp;<\/p>\n<p style=\"text-align: center;\"><strong><em>(Scorri la pagina in basso per ulteriori dettagli e informazioni)<\/em><\/strong><\/p>\n<p>&nbsp;<\/p>\n<p>&nbsp;<\/p>\n","protected":false},"featured_media":6527,"comment_status":"open","ping_status":"closed","template":"","meta":[],"product_cat":[586],"product_tag":[182,556,155,557,198,470,301],"yoast_head":"<!-- This site is optimized with the Yoast SEO plugin v21.9.1 - https:\/\/yoast.com\/wordpress\/plugins\/seo\/ -->\n<title>\u274c\ud83d\ude41Gruppo Battaglioni Squadristi DALMAZIA - CC.NN. distintivo - Thefinitive<\/title>\n<meta name=\"description\" content=\"Distintivo Gruppo Battaglioni Squadristi DALMAZIA Nazionalisti - Prima Guerra Mondiale 1915 1918 - Vittoria Mutilata - Yugoslavia - WW1 Esuli Dalmati\" \/>\n<meta name=\"robots\" content=\"index, follow, max-snippet:-1, max-image-preview:large, max-video-preview:-1\" \/>\n<link rel=\"canonical\" href=\"https:\/\/thefinitive.com\/en\/prodotto\/gruppo-battaglioni-squadristi-dalmazia-cc-nn-distintivo\/\" \/>\n<meta property=\"og:locale\" content=\"en_US\" \/>\n<meta property=\"og:type\" content=\"article\" \/>\n<meta property=\"og:title\" content=\"\u274c\ud83d\ude41Gruppo Battaglioni Squadristi DALMAZIA - CC.NN. distintivo - Thefinitive\" \/>\n<meta property=\"og:description\" content=\"Distintivo Gruppo Battaglioni Squadristi DALMAZIA Nazionalisti - Prima Guerra Mondiale 1915 1918 - Vittoria Mutilata - Yugoslavia - WW1 Esuli Dalmati\" \/>\n<meta property=\"og:url\" content=\"https:\/\/thefinitive.com\/en\/prodotto\/gruppo-battaglioni-squadristi-dalmazia-cc-nn-distintivo\/\" \/>\n<meta property=\"og:site_name\" content=\"Thefinitive\" \/>\n<meta property=\"article:publisher\" content=\"https:\/\/business.facebook.com\/Thefinitive-111771813534320\/\" \/>\n<meta property=\"article:modified_time\" content=\"2023-03-20T14:38:54+00:00\" \/>\n<meta property=\"og:image\" content=\"https:\/\/thefinitive.com\/wp-content\/uploads\/2020\/08\/20200814_130726-2.jpg\" \/>\n\t<meta property=\"og:image:width\" content=\"2160\" \/>\n\t<meta property=\"og:image:height\" content=\"2160\" \/>\n\t<meta property=\"og:image:type\" content=\"image\/jpeg\" \/>\n<meta name=\"twitter:card\" content=\"summary_large_image\" \/>\n<meta name=\"twitter:label1\" content=\"Est. reading time\" \/>\n\t<meta name=\"twitter:data1\" content=\"8 minutes\" \/>\n<script type=\"application\/ld+json\" class=\"yoast-schema-graph\">{\"@context\":\"https:\/\/schema.org\",\"@graph\":[{\"@type\":\"WebPage\",\"@id\":\"https:\/\/thefinitive.com\/en\/prodotto\/gruppo-battaglioni-squadristi-dalmazia-cc-nn-distintivo\/\",\"url\":\"https:\/\/thefinitive.com\/en\/prodotto\/gruppo-battaglioni-squadristi-dalmazia-cc-nn-distintivo\/\",\"name\":\"\u274c\ud83d\ude41Gruppo Battaglioni Squadristi DALMAZIA - CC.NN. distintivo - Thefinitive\",\"isPartOf\":{\"@id\":\"https:\/\/thefinitive.com\/en\/#website\"},\"datePublished\":\"2020-08-19T15:50:11+00:00\",\"dateModified\":\"2023-03-20T14:38:54+00:00\",\"description\":\"Distintivo Gruppo Battaglioni Squadristi DALMAZIA Nazionalisti - Prima Guerra Mondiale 1915 1918 - Vittoria Mutilata - Yugoslavia - WW1 Esuli Dalmati\",\"breadcrumb\":{\"@id\":\"https:\/\/thefinitive.com\/en\/prodotto\/gruppo-battaglioni-squadristi-dalmazia-cc-nn-distintivo\/#breadcrumb\"},\"inLanguage\":\"en-US\",\"potentialAction\":[{\"@type\":\"ReadAction\",\"target\":[\"https:\/\/thefinitive.com\/en\/prodotto\/gruppo-battaglioni-squadristi-dalmazia-cc-nn-distintivo\/\"]}]},{\"@type\":\"BreadcrumbList\",\"@id\":\"https:\/\/thefinitive.com\/en\/prodotto\/gruppo-battaglioni-squadristi-dalmazia-cc-nn-distintivo\/#breadcrumb\",\"itemListElement\":[{\"@type\":\"ListItem\",\"position\":1,\"name\":\"Home\",\"item\":\"https:\/\/thefinitive.com\/en\/\"},{\"@type\":\"ListItem\",\"position\":2,\"name\":\"Shop\",\"item\":\"https:\/\/thefinitive.com\/en\/shop-2\/\"},{\"@type\":\"ListItem\",\"position\":3,\"name\":\"\u274c\ud83d\ude41Gruppo Battaglioni Squadristi DALMAZIA &#8211; CC.NN. distintivo\"}]},{\"@type\":\"WebSite\",\"@id\":\"https:\/\/thefinitive.com\/en\/#website\",\"url\":\"https:\/\/thefinitive.com\/en\/\",\"name\":\"Thefinitive\",\"description\":\"Antiquariato Online\",\"publisher\":{\"@id\":\"https:\/\/thefinitive.com\/en\/#organization\"},\"potentialAction\":[{\"@type\":\"SearchAction\",\"target\":{\"@type\":\"EntryPoint\",\"urlTemplate\":\"https:\/\/thefinitive.com\/en\/?s={search_term_string}\"},\"query-input\":\"required name=search_term_string\"}],\"inLanguage\":\"en-US\"},{\"@type\":\"Organization\",\"@id\":\"https:\/\/thefinitive.com\/en\/#organization\",\"name\":\"Thefinitive\",\"url\":\"https:\/\/thefinitive.com\/en\/\",\"logo\":{\"@type\":\"ImageObject\",\"inLanguage\":\"en-US\",\"@id\":\"https:\/\/thefinitive.com\/en\/#\/schema\/logo\/image\/\",\"url\":\"https:\/\/thefinitive.com\/wp-content\/uploads\/2019\/07\/logo4vett.svg\",\"contentUrl\":\"https:\/\/thefinitive.com\/wp-content\/uploads\/2019\/07\/logo4vett.svg\",\"width\":500,\"height\":100,\"caption\":\"Thefinitive\"},\"image\":{\"@id\":\"https:\/\/thefinitive.com\/en\/#\/schema\/logo\/image\/\"},\"sameAs\":[\"https:\/\/business.facebook.com\/Thefinitive-111771813534320\/\",\"https:\/\/www.instagram.com\/_thefinitive_\/\"]}]}<\/script>\n<!-- \/ Yoast SEO plugin. -->","yoast_head_json":{"title":"\u274c\ud83d\ude41Gruppo Battaglioni Squadristi DALMAZIA - CC.NN. distintivo - Thefinitive","description":"Distintivo Gruppo Battaglioni Squadristi DALMAZIA Nazionalisti - Prima Guerra Mondiale 1915 1918 - Vittoria Mutilata - Yugoslavia - WW1 Esuli Dalmati","robots":{"index":"index","follow":"follow","max-snippet":"max-snippet:-1","max-image-preview":"max-image-preview:large","max-video-preview":"max-video-preview:-1"},"canonical":"https:\/\/thefinitive.com\/en\/prodotto\/gruppo-battaglioni-squadristi-dalmazia-cc-nn-distintivo\/","og_locale":"en_US","og_type":"article","og_title":"\u274c\ud83d\ude41Gruppo Battaglioni Squadristi DALMAZIA - CC.NN. distintivo - Thefinitive","og_description":"Distintivo Gruppo Battaglioni Squadristi DALMAZIA Nazionalisti - Prima Guerra Mondiale 1915 1918 - Vittoria Mutilata - Yugoslavia - WW1 Esuli Dalmati","og_url":"https:\/\/thefinitive.com\/en\/prodotto\/gruppo-battaglioni-squadristi-dalmazia-cc-nn-distintivo\/","og_site_name":"Thefinitive","article_publisher":"https:\/\/business.facebook.com\/Thefinitive-111771813534320\/","article_modified_time":"2023-03-20T14:38:54+00:00","og_image":[{"width":2160,"height":2160,"url":"https:\/\/thefinitive.com\/wp-content\/uploads\/2020\/08\/20200814_130726-2.jpg","type":"image\/jpeg"}],"twitter_card":"summary_large_image","twitter_misc":{"Est. reading time":"8 minutes"},"schema":{"@context":"https:\/\/schema.org","@graph":[{"@type":"WebPage","@id":"https:\/\/thefinitive.com\/en\/prodotto\/gruppo-battaglioni-squadristi-dalmazia-cc-nn-distintivo\/","url":"https:\/\/thefinitive.com\/en\/prodotto\/gruppo-battaglioni-squadristi-dalmazia-cc-nn-distintivo\/","name":"\u274c\ud83d\ude41Gruppo Battaglioni Squadristi DALMAZIA - CC.NN. distintivo - Thefinitive","isPartOf":{"@id":"https:\/\/thefinitive.com\/en\/#website"},"datePublished":"2020-08-19T15:50:11+00:00","dateModified":"2023-03-20T14:38:54+00:00","description":"Distintivo Gruppo Battaglioni Squadristi DALMAZIA Nazionalisti - Prima Guerra Mondiale 1915 1918 - Vittoria Mutilata - Yugoslavia - WW1 Esuli Dalmati","breadcrumb":{"@id":"https:\/\/thefinitive.com\/en\/prodotto\/gruppo-battaglioni-squadristi-dalmazia-cc-nn-distintivo\/#breadcrumb"},"inLanguage":"en-US","potentialAction":[{"@type":"ReadAction","target":["https:\/\/thefinitive.com\/en\/prodotto\/gruppo-battaglioni-squadristi-dalmazia-cc-nn-distintivo\/"]}]},{"@type":"BreadcrumbList","@id":"https:\/\/thefinitive.com\/en\/prodotto\/gruppo-battaglioni-squadristi-dalmazia-cc-nn-distintivo\/#breadcrumb","itemListElement":[{"@type":"ListItem","position":1,"name":"Home","item":"https:\/\/thefinitive.com\/en\/"},{"@type":"ListItem","position":2,"name":"Shop","item":"https:\/\/thefinitive.com\/en\/shop-2\/"},{"@type":"ListItem","position":3,"name":"\u274c\ud83d\ude41Gruppo Battaglioni Squadristi DALMAZIA &#8211; CC.NN. distintivo"}]},{"@type":"WebSite","@id":"https:\/\/thefinitive.com\/en\/#website","url":"https:\/\/thefinitive.com\/en\/","name":"Thefinitive","description":"Antiquariato Online","publisher":{"@id":"https:\/\/thefinitive.com\/en\/#organization"},"potentialAction":[{"@type":"SearchAction","target":{"@type":"EntryPoint","urlTemplate":"https:\/\/thefinitive.com\/en\/?s={search_term_string}"},"query-input":"required name=search_term_string"}],"inLanguage":"en-US"},{"@type":"Organization","@id":"https:\/\/thefinitive.com\/en\/#organization","name":"Thefinitive","url":"https:\/\/thefinitive.com\/en\/","logo":{"@type":"ImageObject","inLanguage":"en-US","@id":"https:\/\/thefinitive.com\/en\/#\/schema\/logo\/image\/","url":"https:\/\/thefinitive.com\/wp-content\/uploads\/2019\/07\/logo4vett.svg","contentUrl":"https:\/\/thefinitive.com\/wp-content\/uploads\/2019\/07\/logo4vett.svg","width":500,"height":100,"caption":"Thefinitive"},"image":{"@id":"https:\/\/thefinitive.com\/en\/#\/schema\/logo\/image\/"},"sameAs":["https:\/\/business.facebook.com\/Thefinitive-111771813534320\/","https:\/\/www.instagram.com\/_thefinitive_\/"]}]}},"_links":{"self":[{"href":"https:\/\/thefinitive.com\/en\/wp-json\/wp\/v3\/product\/6680"}],"collection":[{"href":"https:\/\/thefinitive.com\/en\/wp-json\/wp\/v3\/product"}],"about":[{"href":"https:\/\/thefinitive.com\/en\/wp-json\/wp\/v2\/types\/product"}],"replies":[{"embeddable":true,"href":"https:\/\/thefinitive.com\/en\/wp-json\/wp\/v2\/comments?post=6680"}],"version-history":[{"count":2,"href":"https:\/\/thefinitive.com\/en\/wp-json\/wp\/v3\/product\/6680\/revisions"}],"predecessor-version":[{"id":14709,"href":"https:\/\/thefinitive.com\/en\/wp-json\/wp\/v3\/product\/6680\/revisions\/14709"}],"wp:featuredmedia":[{"embeddable":true,"href":"https:\/\/thefinitive.com\/en\/wp-json\/wp\/v2\/media\/6527"}],"wp:attachment":[{"href":"https:\/\/thefinitive.com\/en\/wp-json\/wp\/v2\/media?parent=6680"}],"wp:term":[{"taxonomy":"product_cat","embeddable":true,"href":"https:\/\/thefinitive.com\/en\/wp-json\/wp\/v2\/product_cat?post=6680"},{"taxonomy":"product_tag","embeddable":true,"href":"https:\/\/thefinitive.com\/en\/wp-json\/wp\/v2\/product_tag?post=6680"}],"curies":[{"name":"wp","href":"https:\/\/api.w.org\/{rel}","templated":true}]}}