{"id":6676,"date":"2020-08-19T12:38:08","date_gmt":"2020-08-19T12:38:08","guid":{"rendered":"https:\/\/www.thefinitive.com\/?post_type=product&#038;p=6676"},"modified":"2023-03-20T15:38:55","modified_gmt":"2023-03-20T14:38:55","slug":"feluca-generale-corpo-darmata-34-regio-esercito","status":"publish","type":"product","link":"https:\/\/thefinitive.com\/en\/prodotto\/feluca-generale-corpo-darmata-34-regio-esercito\/","title":{"rendered":"\u274c\ud83d\ude41Feluca Generale Corpo d&#8217;Armata &#8211; &#8217;34 Regio Esercito"},"content":{"rendered":"<p>Feluca per <strong>Generale di Corpo d&#8217;Armata<\/strong>\u00a0del <strong>Regio Esercito<\/strong>,<strong>\u00a0<\/strong>regolamento\/modello 34 , marcata <strong>Unione Militare<\/strong>. \u00a0In buono stato, assolutamente originale dell&#8217;epoca, completa dei peculiari tortiglioni in canutiglia argentata alle due punte estreme della feluca, e delle piume di struzzo lungo tutto l&#8217;arco superiore del copricapo. Piumaggio ancora folto e solido, in ottimo stato. La <em><strong>greca <\/strong><\/em>realizzata in canutiglia argentata, percorre il perimetro superiore della feluca su entrambi i lati, ed al centro del lato sinistro troviamo due stellette inframezzate da una corona sabauda anch&#8217;esse in canutiglia argentata, ad indicare il grado di Generale di Corpo d&#8217;Armata. Con bella patina del tempo, notiamo una leggera consunzione del pelo che riveste il corpo della feluca. La feluca \u00e8 completa della sua scatola originale, marcata <strong>UNIONE MILITARE<\/strong> . Taglia approssimativa 58.<\/p>\n<div class=\"wpb_text_column wpb_content_element \">\n<div class=\"wpb_wrapper\">\n<p><a href=\"https:\/\/www.thefinitive.com\/?attachment_id=6677\" rel=\"attachment wp-att-6677\"><img loading=\"lazy\" decoding=\"async\" class=\"wp-image-6677 aligncenter\" src=\"https:\/\/www.thefinitive.com\/wp-content\/uploads\/2020\/08\/Generale-De-Benedetti-Giovanni-Antonio.jpg\" alt=\"\" width=\"308\" height=\"355\" srcset=\"https:\/\/thefinitive.com\/wp-content\/uploads\/2020\/08\/Generale-De-Benedetti-Giovanni-Antonio.jpg 723w, https:\/\/thefinitive.com\/wp-content\/uploads\/2020\/08\/Generale-De-Benedetti-Giovanni-Antonio-64x74.jpg 64w, https:\/\/thefinitive.com\/wp-content\/uploads\/2020\/08\/Generale-De-Benedetti-Giovanni-Antonio-261x300.jpg 261w\" sizes=\"(max-width: 308px) 100vw, 308px\" \/><\/a><\/p>\n<p>La feluca da Generale di Corpo d&#8217;Armata in oggetto \u00e8 appartenuta al <strong>Generale De Benedetti Giovanni Antonio<\/strong>, come notato dal nome appuntato a matita al retro della scatola, e formava parte del corredo uniformologico rinvenuto in Roma diversi anni orsono.<\/p>\n<p>Il <em><strong>De Benedetti<\/strong><\/em> durante l\u2019anno 1933 ricopr\u00ec il ruolo di Comandante della <strong>9\u00b0 Brigata di Fanteria<\/strong> e successivamente quello di <strong>Comandante generale<\/strong> della <strong>31\u00b0 Divisione di Fanteria<\/strong>.<br \/>\nIl passaggio di grado \u00e8 legato alla sua carriera come capo di servizio del <strong>Genio Militare per la Marina<\/strong>, avendone ricoperto i ruoli di:<\/p>\n<ul>\n<li>Direttore Centrale dal 16.04.1936 al 30.04.1936 (Generale di Divisione)<\/li>\n<li>Direttore Generale dal 01.05.1936 al 01.05.1939 (Generale di Corpo d\u2019Armata) prima della promozione a Generale di Corpo d\u2019Armata, avvenuta il 1 Gennaio 1936<\/li>\n<\/ul>\n<\/div>\n<\/div>\n<p>&nbsp;<\/p>\n<h2>NOTIZIE<\/h2>\n<p>&nbsp;<\/p>\n<p><a href=\"https:\/\/www.thefinitive.com\/regioesercito2\/\" rel=\"attachment wp-att-4005\"><img loading=\"lazy\" decoding=\"async\" class=\"alignnone size-full wp-image-4005\" src=\"https:\/\/www.thefinitive.com\/wp-content\/uploads\/2019\/11\/RegioEsercito2.jpg\" alt=\"\" width=\"520\" height=\"370\" srcset=\"https:\/\/thefinitive.com\/wp-content\/uploads\/2019\/11\/RegioEsercito2.jpg 520w, https:\/\/thefinitive.com\/wp-content\/uploads\/2019\/11\/RegioEsercito2-64x46.jpg 64w, https:\/\/thefinitive.com\/wp-content\/uploads\/2019\/11\/RegioEsercito2-300x213.jpg 300w\" sizes=\"(max-width: 520px) 100vw, 520px\" \/>\u00a0\u00a0\u00a0<\/a><\/p>\n<h2><\/h2>\n<h2><span id=\"Tabella_dei_gradi_delle_forze_armate_del_Regno_d'Italia_1933-1946\" class=\"mw-headline\">Ufficiali Generali delle forze armate del Regno d&#8217;Italia 1933-1946<\/span><\/h2>\n<p>&nbsp;<\/p>\n<p><a class=\"image\" href=\"https:\/\/it.wikipedia.org\/wiki\/File:Flag_of_Italy_(1860).svg\"><img loading=\"lazy\" decoding=\"async\" class=\"noviewer aligncenter\" src=\"https:\/\/upload.wikimedia.org\/wikipedia\/commons\/thumb\/b\/b2\/Flag_of_Italy_%281860%29.svg\/40px-Flag_of_Italy_%281860%29.svg.png\" srcset=\"\/\/upload.wikimedia.org\/wikipedia\/commons\/thumb\/b\/b2\/Flag_of_Italy_%281860%29.svg\/60px-Flag_of_Italy_%281860%29.svg.png 1.5x, \/\/upload.wikimedia.org\/wikipedia\/commons\/thumb\/b\/b2\/Flag_of_Italy_%281860%29.svg\/80px-Flag_of_Italy_%281860%29.svg.png 2x\" alt=\"Flag of Italy (1860).svg\" width=\"40\" height=\"40\" data-file-width=\"1214\" data-file-height=\"1214\" \/><\/a><\/p>\n<p style=\"text-align: center;\">\u00a0 \u00a0Regio Esercito<\/p>\n<p style=\"text-align: center;\">\u00a0 \u00a0 \u00a0 \u00a0 \u00a0 \u00a0 \u00a0 \u00a0 \u00a0 \u00a0<img loading=\"lazy\" decoding=\"async\" class=\"noviewer aligncenter\" src=\"https:\/\/upload.wikimedia.org\/wikipedia\/commons\/thumb\/3\/32\/Rank_insignia_of_primo_maresciallo_dell%27impero_of_the_Italian_Army_%281940%29.png\/40px-Rank_insignia_of_primo_maresciallo_dell%27impero_of_the_Italian_Army_%281940%29.png\" srcset=\"\/\/upload.wikimedia.org\/wikipedia\/commons\/thumb\/3\/32\/Rank_insignia_of_primo_maresciallo_dell%27impero_of_the_Italian_Army_%281940%29.png\/60px-Rank_insignia_of_primo_maresciallo_dell%27impero_of_the_Italian_Army_%281940%29.png 1.5x, \/\/upload.wikimedia.org\/wikipedia\/commons\/thumb\/3\/32\/Rank_insignia_of_primo_maresciallo_dell%27impero_of_the_Italian_Army_%281940%29.png\/80px-Rank_insignia_of_primo_maresciallo_dell%27impero_of_the_Italian_Army_%281940%29.png 2x\" alt=\"Rank insignia of primo maresciallo dell'impero of the Italian Army (1940).png\" width=\"40\" height=\"67\" data-file-width=\"1200\" data-file-height=\"2000\" \/><br \/>\nprimo maresciallo dell&#8217;Impero<\/p>\n<p style=\"text-align: center;\">\u00a0 \u00a0 \u00a0 \u00a0 \u00a0 \u00a0 \u00a0 \u00a0 \u00a0 <img loading=\"lazy\" decoding=\"async\" class=\"noviewer aligncenter\" src=\"https:\/\/upload.wikimedia.org\/wikipedia\/commons\/thumb\/c\/c6\/Rank_insignia_of_generale_d%27armata_of_the_Italian_Army_%281940%29.png\/40px-Rank_insignia_of_generale_d%27armata_of_the_Italian_Army_%281940%29.png\" srcset=\"\/\/upload.wikimedia.org\/wikipedia\/commons\/thumb\/c\/c6\/Rank_insignia_of_generale_d%27armata_of_the_Italian_Army_%281940%29.png\/60px-Rank_insignia_of_generale_d%27armata_of_the_Italian_Army_%281940%29.png 1.5x, \/\/upload.wikimedia.org\/wikipedia\/commons\/thumb\/c\/c6\/Rank_insignia_of_generale_d%27armata_of_the_Italian_Army_%281940%29.png\/80px-Rank_insignia_of_generale_d%27armata_of_the_Italian_Army_%281940%29.png 2x\" alt=\"Rank insignia of generale d'armata of the Italian Army (1940).png\" width=\"40\" height=\"67\" data-file-width=\"1200\" data-file-height=\"2000\" \/><br \/>\ngenerale d&#8217;armata<\/p>\n<p style=\"text-align: center;\"><img loading=\"lazy\" decoding=\"async\" class=\"noviewer aligncenter\" src=\"https:\/\/upload.wikimedia.org\/wikipedia\/commons\/thumb\/1\/1b\/Rank_insignia_of_generale_designato_d%27armata_of_the_Italian_Army_%281940%29.png\/40px-Rank_insignia_of_generale_designato_d%27armata_of_the_Italian_Army_%281940%29.png\" srcset=\"\/\/upload.wikimedia.org\/wikipedia\/commons\/thumb\/1\/1b\/Rank_insignia_of_generale_designato_d%27armata_of_the_Italian_Army_%281940%29.png\/60px-Rank_insignia_of_generale_designato_d%27armata_of_the_Italian_Army_%281940%29.png 1.5x, \/\/upload.wikimedia.org\/wikipedia\/commons\/thumb\/1\/1b\/Rank_insignia_of_generale_designato_d%27armata_of_the_Italian_Army_%281940%29.png\/80px-Rank_insignia_of_generale_designato_d%27armata_of_the_Italian_Army_%281940%29.png 2x\" alt=\"Rank insignia of generale designato d'armata of the Italian Army (1940).png\" width=\"40\" height=\"67\" data-file-width=\"1200\" data-file-height=\"2000\" \/><br \/>\ngenerale designato d&#8217;armata<\/p>\n<p style=\"text-align: center;\"><img loading=\"lazy\" decoding=\"async\" class=\"noviewer aligncenter\" src=\"https:\/\/upload.wikimedia.org\/wikipedia\/commons\/thumb\/e\/e0\/Rank_insignia_of_generale_di_corpo_d%27armata_of_the_Italian_Army_%281940%29.png\/40px-Rank_insignia_of_generale_di_corpo_d%27armata_of_the_Italian_Army_%281940%29.png\" srcset=\"\/\/upload.wikimedia.org\/wikipedia\/commons\/thumb\/e\/e0\/Rank_insignia_of_generale_di_corpo_d%27armata_of_the_Italian_Army_%281940%29.png\/60px-Rank_insignia_of_generale_di_corpo_d%27armata_of_the_Italian_Army_%281940%29.png 1.5x, \/\/upload.wikimedia.org\/wikipedia\/commons\/thumb\/e\/e0\/Rank_insignia_of_generale_di_corpo_d%27armata_of_the_Italian_Army_%281940%29.png\/80px-Rank_insignia_of_generale_di_corpo_d%27armata_of_the_Italian_Army_%281940%29.png 2x\" alt=\"Rank insignia of generale di corpo d'armata of the Italian Army (1940).png\" width=\"40\" height=\"67\" data-file-width=\"1200\" data-file-height=\"2000\" \/><br \/>\ngenerale di corpo d&#8217;armata, grado come nella feluca<br \/>\ntenente generale<\/p>\n<p style=\"text-align: center;\"><img loading=\"lazy\" decoding=\"async\" class=\"noviewer aligncenter\" src=\"https:\/\/upload.wikimedia.org\/wikipedia\/commons\/thumb\/a\/a4\/Rank_insignia_of_generale_di_divisione_of_the_Italian_Army_%281940%29.png\/40px-Rank_insignia_of_generale_di_divisione_of_the_Italian_Army_%281940%29.png\" srcset=\"\/\/upload.wikimedia.org\/wikipedia\/commons\/thumb\/a\/a4\/Rank_insignia_of_generale_di_divisione_of_the_Italian_Army_%281940%29.png\/60px-Rank_insignia_of_generale_di_divisione_of_the_Italian_Army_%281940%29.png 1.5x, \/\/upload.wikimedia.org\/wikipedia\/commons\/thumb\/a\/a4\/Rank_insignia_of_generale_di_divisione_of_the_Italian_Army_%281940%29.png\/80px-Rank_insignia_of_generale_di_divisione_of_the_Italian_Army_%281940%29.png 2x\" alt=\"Rank insignia of generale di divisione of the Italian Army (1940).png\" width=\"40\" height=\"67\" data-file-width=\"1200\" data-file-height=\"2000\" \/><br \/>\ngenerale di divisione<br \/>\nmaggior generale<\/p>\n<p>(a cui corrisponde il grado del berretto nero da generale di divisione, qui proposto in vendita)<\/p>\n<p>&nbsp;<\/p>\n<p style=\"text-align: center;\"><img loading=\"lazy\" decoding=\"async\" class=\"noviewer aligncenter\" src=\"https:\/\/upload.wikimedia.org\/wikipedia\/commons\/thumb\/6\/67\/Rank_insignia_of_generale_di_brigata_of_the_Italian_Army_%281940%29.png\/40px-Rank_insignia_of_generale_di_brigata_of_the_Italian_Army_%281940%29.png\" srcset=\"\/\/upload.wikimedia.org\/wikipedia\/commons\/thumb\/6\/67\/Rank_insignia_of_generale_di_brigata_of_the_Italian_Army_%281940%29.png\/60px-Rank_insignia_of_generale_di_brigata_of_the_Italian_Army_%281940%29.png 1.5x, \/\/upload.wikimedia.org\/wikipedia\/commons\/thumb\/6\/67\/Rank_insignia_of_generale_di_brigata_of_the_Italian_Army_%281940%29.png\/80px-Rank_insignia_of_generale_di_brigata_of_the_Italian_Army_%281940%29.png 2x\" alt=\"Rank insignia of generale di brigata of the Italian Army (1940).png\" width=\"40\" height=\"67\" data-file-width=\"1200\" data-file-height=\"2000\" \/><br \/>\nGenerale di brigata<br \/>\nbrigadier generale<\/p>\n<div class=\"wpb_text_column wpb_content_element \">\n<div class=\"wpb_wrapper\">\n<p>I gradi degli Ufficiali Generali subirono sostanziali modifiche nel corso degli anni.<br \/>\nLa Grande Guerra comport\u00f2 per il Regio Esercito un continuo cambiamento delle gerarchie e dei distintivi di grado. Per ridurre la visibilit\u00e0 degli ufficiali al fronte vennero abolite ad esempio la sciarpa azzurra, la sciabola e altre vistose insegne. I gradi vennero definitivamente rimossi dalle controspalline e fissati sui paramano delle divise, in via sperimentale con le stellette allineate orizzontalmente oppure posti addirittura sul retro del paramano, cio\u00e8 visibili soltanto di spalle. Restarono in questa posizione fino al 1934.<br \/>\nPer distinguere meglio gli incarichi di comando, gli Ufficiali Generali passarono da tre gradi gerarchici a otto. Le stellette erano sempre d\u2019oro, il nastro in tessuto era d\u2019argento su stoffa inizialmente grigio-verde, dal 1918 diventata rossa.<br \/>\nLa massima suddivisione si ebbe nel 1918 quando il grado di colonnello in comando di brigata viene trasformato in brigadier generale ed inserito nella categoria degli ufficiali generali; nascono altres\u00ec i gradi di maggior generale in comando di divisione, tenente generale in comando d\u2019armata e tenente generale capo di stato maggiore dell\u2019esercito.<br \/>\nAlcune prime modifiche all\u2019abbigliamento dei soldati cominciarono ad arrivare negli anni venti, ma un grande cambiamento ci sar\u00e0 solo nel 1933 con la cosiddetta \u201c<strong>Riforma Baistrocchi<\/strong>\u201d che introduce, tra le altre cose, l\u2019abito \u201cborghese\u201d, camicia con collo floscio, \u201cmetallerie\u201d esclusivamente dorate e nuove insegne di grado per gli ufficiali.<\/p>\n<\/div>\n<\/div>\n<div class=\"toggle-block closed-toggle\">\n<div class=\"toggle-element closed-toggle opened\">\n<div class=\"toggle-content\">Le insegne di grado, pur rimanendo sulle maniche, si uniformano nel disegno generale alla marina ed all\u2019aeronautica, non a caso le stellette vengono sostituite da galloni, filetti e greche.<br \/>\nLe stellette per\u00f2 rimangono in vigore per i cappelli a bustina e successivamente per il basco e per le tenute coloniali. Le controspalline degli ufficiali e dei marescialli erano bordate con del filo colorato a seconda della specialit\u00e0 di appartenenza: scarlatto per fanteria e carabinieri, bianco per la cavalleria, giallo-arancio per l\u2019artiglieria, cremisi per il genio militare, viola per il commissariato, celeste per gli automobilisti e blu per l\u2019amministrazione.<br \/>\nLo scoppio della seconda guerra mondiale e l\u2019autarchia voluta dal fascismo comportarono peraltro un\u2019austerit\u00e0 nelle divise militari. I galloni degli ufficiali si rimpiccioliscono notevolmente, spostandosi a pochi centimetri dal bordo inferiore delle manopole per ridurne la visibilit\u00e0 agli occhi del nemico. Dopo il proclama Badoglio dell\u20198 settembre 1943 l\u2019Esercito Nazionale Repubblicano adotta propri gradi mentre rimangono immutati per il Corpo Italiano di Liberazione prima e per i Gruppi di Combattimento poi, eccezion fatta per gli ufficiali che si vedranno trasferite, tra la fine del 1944 e l\u2019inizio del 1945, le insegne di grado nelle controspalline. Questo cambiamento venne effettuato per uniformare le divise italiane a quelle Alleate. Gli ufficiali generali portavano le stellette d\u2019oro su di una controspallina in tessuto d\u2019argento; gli ufficiali superiori, da maggiore a colonnello, portavano la controspallina guarnita da un bordo d\u2019oro; gli ufficiali inferiori avevano una nuova disposizione delle stellette, ora centrate rispetto alla controspallina. Nessuna novit\u00e0 invece per i sottufficiali, che gi\u00e0 avevano le insegne di grado sulle controspalline o sugli avambracci. I sergenti ed i graduati di truppa portavano i gradi sugli avambracci in posizione intermedia tra spalla ed il gomito.<br \/>\nGli Ufficiali Generali, ritornati a tre livelli dopo la prima guerra mondiale, all\u2019avvento della seconda guerra mondiale erano sei. Il disegno veniva portato al di sopra delle manopole della divisa ed era composto da un tratto di greca e un numero di \u201cfiletti\u201d corrispondenti al numero delle stellette; il filetto pi\u00f9 in alto componeva un ovale simile al \u201cgiro di bitta\u201d dei marinai della Regia Marina.<br \/>\nDopo la proclamazione dell\u2019Impero nel 1936, nel 1938 sorse, per il Re e per il Capo del Governo (Benito Mussolini), il grado di \u201cPrimo Maresciallo dell\u2019Impero\u201d, contraddistinto da una doppia greca sormontata da un\u2019aquila romana.<\/div>\n<div><\/div>\n<\/div>\n<\/div>\n<h3><\/h3>\n<h3>Riforma Baistrocchi<\/h3>\n<p>Nel luglio 1933 Mussolini assunse anche il Ministero della Guerra, e Baistrocchi assunse l&#8217;incarico di Sottosegretario di Stato, con l&#8217;obiettivo di iniziare un &#8220;programma di ammodernamento delle Forze armate&#8221; che prevedeva: l&#8217;istituzione del premilitare e postmilitare, ammodernamento e meccanizzazione, la creazione delle divisioni celeri e dei reparti autotrasportati, l&#8217;ammodernamento delle artiglierie e delle armi individuali. Tuttavia questo programma, forse troppo ambizioso, fu attuato solo in parte. Il 14 novembre 1933 eman\u00f2 la cosiddetta &#8220;Riforma Baistrocchi&#8221;, su uniformi, gradi ed equipaggiamento del Regio Esercito, della Milizia e dei Reali Carabinieri. Durante la guerra d&#8217;Etiopia favor\u00ec la costituzione di divisioni di camicie nere, comandate per\u00f2 da ufficiali dell&#8217;esercito. Ricopr\u00ec l&#8217;incarico di Sottosegretario di stato fino all&#8217;ottobre 1936.Dalla riforma Baistrocchi, voluta dal generale <strong>Federico Baistrocchi<\/strong>\u00a0 (Napoli,\u00a09 giugno\u00a01871\u00a0\u2013\u00a0Roma,\u00a031 maggio\u00a01947), di cui evidenziamo alcuni fatti : nell&#8217;ottobre 1922, in prossimit\u00e0 della marcia su Roma, assicur\u00f2 a Mussolini che la piazza di Napoli, del quale era comandante, non sarebbe intervenuta contro di lui durante l&#8217;adunata fascista nella citt\u00e0 partenopea. Nel 1924 venne eletto alla Camera dei deputati nella XXVII legislatura per il PNF (primo eletto) in Campania, e confermato nel 1929 nella XXVIII legislatura e nel 1934 nella XXIX. Nel\u00a01926\u00a0fu promosso\u00a0generale di divisione\u00a0e quando nel\u00a01931\u00a0divenne\u00a0generale di corpo d&#8217;armata, fu inviato a Verona per assumere il comando del\u00a0Corpo d&#8217;armata\u00a0ivi stanziato.<\/p>\n<p>Gi\u00e0 Segretario dell&#8217;Ordine militare di Savoia, fu anche\u00a0Capo di Stato Maggiore del Regio Esercito\u00a0dal 1\u00ba ottobre\u00a01934\u00a0al 7 ottobre\u00a01936. Il 23 maggio 1936 raggiunse il grado di\u00a0generale d&#8217;armata. Il 7 ottobre 1937 gli fu concesso con Regio Decreto il titolo di &#8220;Conte&#8221;.<\/p>\n<p>Il 25 marzo\u00a01939\u00a0fu nominato\u00a0senatore del Regno d&#8217;Italia. Nel\u00a01944\u00a0fu collocato in riserva per raggiunti limiti d&#8217;et\u00e0. Il 18 aprile\u00a01945\u00a0fu arrestato con l&#8217;accusa di fascistizzazione dell&#8217;esercito per l&#8217;inserimento della\u00a0Milizia Fascista: processato al\u00a0tribunale militare\u00a0di Roma, fu assolto con formula piena nel settembre\u00a01946. Mor\u00ec il 31 maggio dell&#8217;anno successivo.<\/p>\n<p>&nbsp;<\/p>\n<p>Per approfondimenti\u00a0 , fonti Wikipedia<\/p>\n<p>&nbsp;<\/p>\n<p>8.20<\/p>\n","protected":false},"excerpt":{"rendered":"<p style=\"text-align: center;\">Feluca per <strong>Generale di Corpo d&#8217;Armata<\/strong>\u00a0del <strong>Regio Esercito<\/strong>, in scatola originale, tutto marcato <strong>Unione Militare<\/strong>.<\/p>\n<p style=\"text-align: center;\">In buono stato, assolutamente originale dell&#8217;epoca, completa dei tortiglioni in canutiglia argentata, delle piume di struzzo lungo tutto l&#8217;arco superiore del copricapo, della <em><strong>greca <\/strong><\/em>realizzata in canutiglia argentata, e delle due stellette inframezzate da corona sabauda ad indicare il grado di Generale di Corpo d&#8217;Armata. Appartenuta al Generale De Benedetti Giovanni Antonio.<\/p>\n<p style=\"text-align: center;\">Con bella patina del tempo, leggera consunzione del pelo che riveste il corpo della feluca<\/p>\n<p style=\"text-align: center;\">Taglia approssimativa 58<\/p>\n<p>&nbsp;<\/p>\n<p style=\"text-align: center;\"><strong><em>(Scorri la pagina in basso per ulteriori dettagli e informazioni)<\/em><\/strong><\/p>\n","protected":false},"featured_media":6610,"comment_status":"open","ping_status":"closed","template":"","meta":[],"product_cat":[586],"product_tag":[155,161,228,305,195],"yoast_head":"<!-- This site is optimized with the Yoast SEO plugin v21.9.1 - https:\/\/yoast.com\/wordpress\/plugins\/seo\/ -->\n<title>\u274c\ud83d\ude41Feluca Generale Corpo d&#039;Armata - &#039;34 Regio Esercito - Thefinitive<\/title>\n<meta name=\"description\" content=\"Feluca per Generale di Corpo d&#039;Armata del Regio Esercito - mod.34 uniforme di servizio - italians Royal Army general visor hat WWII - De Benedetti\" \/>\n<meta name=\"robots\" content=\"index, follow, max-snippet:-1, max-image-preview:large, max-video-preview:-1\" \/>\n<link rel=\"canonical\" href=\"https:\/\/thefinitive.com\/en\/prodotto\/feluca-generale-corpo-darmata-34-regio-esercito\/\" \/>\n<meta property=\"og:locale\" content=\"en_US\" \/>\n<meta property=\"og:type\" content=\"article\" \/>\n<meta property=\"og:title\" content=\"\u274c\ud83d\ude41Feluca Generale Corpo d&#039;Armata - &#039;34 Regio Esercito - Thefinitive\" \/>\n<meta property=\"og:description\" content=\"Feluca per Generale di Corpo d&#039;Armata del Regio Esercito - mod.34 uniforme di servizio - italians Royal Army general visor hat WWII - De Benedetti\" \/>\n<meta property=\"og:url\" content=\"https:\/\/thefinitive.com\/en\/prodotto\/feluca-generale-corpo-darmata-34-regio-esercito\/\" \/>\n<meta property=\"og:site_name\" content=\"Thefinitive\" \/>\n<meta property=\"article:publisher\" content=\"https:\/\/business.facebook.com\/Thefinitive-111771813534320\/\" \/>\n<meta property=\"article:modified_time\" content=\"2023-03-20T14:38:55+00:00\" \/>\n<meta property=\"og:image\" content=\"https:\/\/thefinitive.com\/wp-content\/uploads\/2020\/08\/felu_1.jpg\" \/>\n\t<meta property=\"og:image:width\" content=\"2160\" \/>\n\t<meta property=\"og:image:height\" content=\"2160\" \/>\n\t<meta property=\"og:image:type\" content=\"image\/jpeg\" \/>\n<meta name=\"twitter:card\" content=\"summary_large_image\" \/>\n<meta name=\"twitter:label1\" content=\"Est. reading time\" \/>\n\t<meta name=\"twitter:data1\" content=\"6 minutes\" \/>\n<script type=\"application\/ld+json\" class=\"yoast-schema-graph\">{\"@context\":\"https:\/\/schema.org\",\"@graph\":[{\"@type\":\"WebPage\",\"@id\":\"https:\/\/thefinitive.com\/en\/prodotto\/feluca-generale-corpo-darmata-34-regio-esercito\/\",\"url\":\"https:\/\/thefinitive.com\/en\/prodotto\/feluca-generale-corpo-darmata-34-regio-esercito\/\",\"name\":\"\u274c\ud83d\ude41Feluca Generale Corpo d'Armata - '34 Regio Esercito - Thefinitive\",\"isPartOf\":{\"@id\":\"https:\/\/thefinitive.com\/en\/#website\"},\"datePublished\":\"2020-08-19T12:38:08+00:00\",\"dateModified\":\"2023-03-20T14:38:55+00:00\",\"description\":\"Feluca per Generale di Corpo d'Armata del Regio Esercito - mod.34 uniforme di servizio - italians Royal Army general visor hat WWII - De Benedetti\",\"breadcrumb\":{\"@id\":\"https:\/\/thefinitive.com\/en\/prodotto\/feluca-generale-corpo-darmata-34-regio-esercito\/#breadcrumb\"},\"inLanguage\":\"en-US\",\"potentialAction\":[{\"@type\":\"ReadAction\",\"target\":[\"https:\/\/thefinitive.com\/en\/prodotto\/feluca-generale-corpo-darmata-34-regio-esercito\/\"]}]},{\"@type\":\"BreadcrumbList\",\"@id\":\"https:\/\/thefinitive.com\/en\/prodotto\/feluca-generale-corpo-darmata-34-regio-esercito\/#breadcrumb\",\"itemListElement\":[{\"@type\":\"ListItem\",\"position\":1,\"name\":\"Home\",\"item\":\"https:\/\/thefinitive.com\/en\/\"},{\"@type\":\"ListItem\",\"position\":2,\"name\":\"Shop\",\"item\":\"https:\/\/thefinitive.com\/en\/shop-2\/\"},{\"@type\":\"ListItem\",\"position\":3,\"name\":\"\u274c\ud83d\ude41Feluca Generale Corpo d&#8217;Armata &#8211; &#8217;34 Regio Esercito\"}]},{\"@type\":\"WebSite\",\"@id\":\"https:\/\/thefinitive.com\/en\/#website\",\"url\":\"https:\/\/thefinitive.com\/en\/\",\"name\":\"Thefinitive\",\"description\":\"Antiquariato Online\",\"publisher\":{\"@id\":\"https:\/\/thefinitive.com\/en\/#organization\"},\"potentialAction\":[{\"@type\":\"SearchAction\",\"target\":{\"@type\":\"EntryPoint\",\"urlTemplate\":\"https:\/\/thefinitive.com\/en\/?s={search_term_string}\"},\"query-input\":\"required name=search_term_string\"}],\"inLanguage\":\"en-US\"},{\"@type\":\"Organization\",\"@id\":\"https:\/\/thefinitive.com\/en\/#organization\",\"name\":\"Thefinitive\",\"url\":\"https:\/\/thefinitive.com\/en\/\",\"logo\":{\"@type\":\"ImageObject\",\"inLanguage\":\"en-US\",\"@id\":\"https:\/\/thefinitive.com\/en\/#\/schema\/logo\/image\/\",\"url\":\"https:\/\/thefinitive.com\/wp-content\/uploads\/2019\/07\/logo4vett.svg\",\"contentUrl\":\"https:\/\/thefinitive.com\/wp-content\/uploads\/2019\/07\/logo4vett.svg\",\"width\":500,\"height\":100,\"caption\":\"Thefinitive\"},\"image\":{\"@id\":\"https:\/\/thefinitive.com\/en\/#\/schema\/logo\/image\/\"},\"sameAs\":[\"https:\/\/business.facebook.com\/Thefinitive-111771813534320\/\",\"https:\/\/www.instagram.com\/_thefinitive_\/\"]}]}<\/script>\n<!-- \/ Yoast SEO plugin. -->","yoast_head_json":{"title":"\u274c\ud83d\ude41Feluca Generale Corpo d'Armata - '34 Regio Esercito - Thefinitive","description":"Feluca per Generale di Corpo d'Armata del Regio Esercito - mod.34 uniforme di servizio - italians Royal Army general visor hat WWII - De Benedetti","robots":{"index":"index","follow":"follow","max-snippet":"max-snippet:-1","max-image-preview":"max-image-preview:large","max-video-preview":"max-video-preview:-1"},"canonical":"https:\/\/thefinitive.com\/en\/prodotto\/feluca-generale-corpo-darmata-34-regio-esercito\/","og_locale":"en_US","og_type":"article","og_title":"\u274c\ud83d\ude41Feluca Generale Corpo d'Armata - '34 Regio Esercito - Thefinitive","og_description":"Feluca per Generale di Corpo d'Armata del Regio Esercito - mod.34 uniforme di servizio - italians Royal Army general visor hat WWII - De Benedetti","og_url":"https:\/\/thefinitive.com\/en\/prodotto\/feluca-generale-corpo-darmata-34-regio-esercito\/","og_site_name":"Thefinitive","article_publisher":"https:\/\/business.facebook.com\/Thefinitive-111771813534320\/","article_modified_time":"2023-03-20T14:38:55+00:00","og_image":[{"width":2160,"height":2160,"url":"https:\/\/thefinitive.com\/wp-content\/uploads\/2020\/08\/felu_1.jpg","type":"image\/jpeg"}],"twitter_card":"summary_large_image","twitter_misc":{"Est. reading time":"6 minutes"},"schema":{"@context":"https:\/\/schema.org","@graph":[{"@type":"WebPage","@id":"https:\/\/thefinitive.com\/en\/prodotto\/feluca-generale-corpo-darmata-34-regio-esercito\/","url":"https:\/\/thefinitive.com\/en\/prodotto\/feluca-generale-corpo-darmata-34-regio-esercito\/","name":"\u274c\ud83d\ude41Feluca Generale Corpo d'Armata - '34 Regio Esercito - Thefinitive","isPartOf":{"@id":"https:\/\/thefinitive.com\/en\/#website"},"datePublished":"2020-08-19T12:38:08+00:00","dateModified":"2023-03-20T14:38:55+00:00","description":"Feluca per Generale di Corpo d'Armata del Regio Esercito - mod.34 uniforme di servizio - italians Royal Army general visor hat WWII - De Benedetti","breadcrumb":{"@id":"https:\/\/thefinitive.com\/en\/prodotto\/feluca-generale-corpo-darmata-34-regio-esercito\/#breadcrumb"},"inLanguage":"en-US","potentialAction":[{"@type":"ReadAction","target":["https:\/\/thefinitive.com\/en\/prodotto\/feluca-generale-corpo-darmata-34-regio-esercito\/"]}]},{"@type":"BreadcrumbList","@id":"https:\/\/thefinitive.com\/en\/prodotto\/feluca-generale-corpo-darmata-34-regio-esercito\/#breadcrumb","itemListElement":[{"@type":"ListItem","position":1,"name":"Home","item":"https:\/\/thefinitive.com\/en\/"},{"@type":"ListItem","position":2,"name":"Shop","item":"https:\/\/thefinitive.com\/en\/shop-2\/"},{"@type":"ListItem","position":3,"name":"\u274c\ud83d\ude41Feluca Generale Corpo d&#8217;Armata &#8211; &#8217;34 Regio Esercito"}]},{"@type":"WebSite","@id":"https:\/\/thefinitive.com\/en\/#website","url":"https:\/\/thefinitive.com\/en\/","name":"Thefinitive","description":"Antiquariato Online","publisher":{"@id":"https:\/\/thefinitive.com\/en\/#organization"},"potentialAction":[{"@type":"SearchAction","target":{"@type":"EntryPoint","urlTemplate":"https:\/\/thefinitive.com\/en\/?s={search_term_string}"},"query-input":"required name=search_term_string"}],"inLanguage":"en-US"},{"@type":"Organization","@id":"https:\/\/thefinitive.com\/en\/#organization","name":"Thefinitive","url":"https:\/\/thefinitive.com\/en\/","logo":{"@type":"ImageObject","inLanguage":"en-US","@id":"https:\/\/thefinitive.com\/en\/#\/schema\/logo\/image\/","url":"https:\/\/thefinitive.com\/wp-content\/uploads\/2019\/07\/logo4vett.svg","contentUrl":"https:\/\/thefinitive.com\/wp-content\/uploads\/2019\/07\/logo4vett.svg","width":500,"height":100,"caption":"Thefinitive"},"image":{"@id":"https:\/\/thefinitive.com\/en\/#\/schema\/logo\/image\/"},"sameAs":["https:\/\/business.facebook.com\/Thefinitive-111771813534320\/","https:\/\/www.instagram.com\/_thefinitive_\/"]}]}},"_links":{"self":[{"href":"https:\/\/thefinitive.com\/en\/wp-json\/wp\/v3\/product\/6676"}],"collection":[{"href":"https:\/\/thefinitive.com\/en\/wp-json\/wp\/v3\/product"}],"about":[{"href":"https:\/\/thefinitive.com\/en\/wp-json\/wp\/v2\/types\/product"}],"replies":[{"embeddable":true,"href":"https:\/\/thefinitive.com\/en\/wp-json\/wp\/v2\/comments?post=6676"}],"version-history":[{"count":2,"href":"https:\/\/thefinitive.com\/en\/wp-json\/wp\/v3\/product\/6676\/revisions"}],"predecessor-version":[{"id":14710,"href":"https:\/\/thefinitive.com\/en\/wp-json\/wp\/v3\/product\/6676\/revisions\/14710"}],"wp:featuredmedia":[{"embeddable":true,"href":"https:\/\/thefinitive.com\/en\/wp-json\/wp\/v2\/media\/6610"}],"wp:attachment":[{"href":"https:\/\/thefinitive.com\/en\/wp-json\/wp\/v2\/media?parent=6676"}],"wp:term":[{"taxonomy":"product_cat","embeddable":true,"href":"https:\/\/thefinitive.com\/en\/wp-json\/wp\/v2\/product_cat?post=6676"},{"taxonomy":"product_tag","embeddable":true,"href":"https:\/\/thefinitive.com\/en\/wp-json\/wp\/v2\/product_tag?post=6676"}],"curies":[{"name":"wp","href":"https:\/\/api.w.org\/{rel}","templated":true}]}}