{"id":6647,"date":"2020-08-18T12:44:48","date_gmt":"2020-08-18T12:44:48","guid":{"rendered":"https:\/\/www.thefinitive.com\/?post_type=product&#038;p=6647"},"modified":"2023-03-20T15:38:56","modified_gmt":"2023-03-20T14:38:56","slug":"berretto-maresciallo-carabinieri-reali-1934-baistrocchi","status":"publish","type":"product","link":"https:\/\/thefinitive.com\/en\/prodotto\/berretto-maresciallo-carabinieri-reali-1934-baistrocchi\/","title":{"rendered":"\u274c\ud83d\ude41Berretto Maresciallo CARABINIERI REALI &#8211; 1934 Baistrocchi"},"content":{"rendered":"<p>Berretto invernale, per uniforme di servizio, per <strong>MARESCIALLO<\/strong> dei <strong>CARABINIERI REALI CC.RR. <\/strong>\u00a0Dalla <strong>Riforma Baistrocchi<\/strong> del <strong>1933-34<\/strong> , periodo Vittorio Emanuele III. Il copricapo in oggetto sostituisce il kepi fino ad allora in uso, ed introduce il colore nero per l&#8217;uniforme dell&#8217;Arma dei Carabinieri Reali, per ufficiali, e turchino scuro come in questo berretto da maresciallo. Berretto realizzato in panno castorino, con visiera nera, trofeo centrale regolamentare a raffigurare una granata in esplosione, ricamata in canutiglia in <em><strong>argento <\/strong><\/em>con dettagli in<em><strong> seta nera<\/strong><\/em>, con corpo centrale della granata in sottopanno bianco con applicato il monogramma in metallo stampato <em><strong>VE<\/strong> <\/em>ad indicare il <strong>Re <em>Vittorio Emanuele III<\/em><\/strong><\/p>\n<p>Sul tamburo del nostro berretto da maresciallo dei Carabinieri Reali, \u00e8 montata un gallone di grado in seta argentata screziata di nero. Completano il berretto il soggolo in cuoio dipinto di nero, agganciato con due bottoncini laterali, in metallo argentato con monogramma <em><strong>VE<\/strong><\/em> , fuori ordinanza per il maresciallo, ma sovente usati come <strong>vezzo<\/strong> dai sottufficiali dei Carabinieri Reali.<\/p>\n<p>All&#8217;interno troviamo il rombo recante il marchio del fabbricante <strong>IMPERO<\/strong>, con aquila ad ali spiegate, protetto da una pellicola di mica.<\/p>\n<p>Questo berretto per maresciallo dei Carabinieri Reali \u00e8 in condizioni ottime, tutto come illustrato dalle numerose foto allegate. Bella forma marziale, con visiera tendente verso il basso e fronte imponente. Leggeri segni del tempo, ben evidenziati dalle fotografie, tre piccoli fori sul piatto superiore. Oggetto assolutamente originale.<\/p>\n<p>&nbsp;<\/p>\n<p><strong>MATERIALE\u00a0 \u00a0 \u00a0 \u00a0:\u00a0 <\/strong>berretto in castorino con visiera rigida<\/p>\n<p><strong>MISURE\u00a0 \u00a0 \u00a0 \u00a0 \u00a0 \u00a0 \u00a0:<\/strong>\u00a0 taglia circa 58<\/p>\n<p><strong>PRODUTTORE\u00a0 \u00a0:<\/strong>\u00a0 IMPERO<\/p>\n<p>&nbsp;<\/p>\n<p>&nbsp;<\/p>\n<p>&nbsp;<\/p>\n<h2>NOTIZIE<\/h2>\n<h3>Riforma Baistrocchi<\/h3>\n<p>Tra il 1915 e il 1934 pochissime furono le variazioni all&#8217;uniforme del Regio Esercito, che indoss\u00f2 il glorioso &#8220;<i>grigio-verde<\/i>&#8221; del Podgora e del Carso, divenuto il simbolo stesso del compimento dell&#8217;<b>Unit\u00e0 d&#8217;Italia<\/b>, sin quasi alle soglie del secondo conflitto mondiale. Vero \u00e8 pure che, a fronte delle esigenze di ammodernamento e di mimetizzazione, confermate appunto sui campi della\u00a0<b>prima guerra mondiale<\/b>, che indussero a studiare soluzioni per ottimizzare in un&#8217;ottica di praticit\u00e0 e semplicit\u00e0 le gi\u00e0 sobrie uniformi adottate nel 1908, esisteva una corrente di pensiero, sostenuta dagli elementi pi\u00f9 conservatori delle\u00a0<b>Forze Armate<\/b>, che propugnava il ritorno ad un abbigliamento pi\u00f9 vistoso e direttamente connesso alla tradizione militare italiana. Difatti, per cercare di venire incontro a tutti senza derogare ai principi di razionalit\u00e0 ormai consolidati dall&#8217;esperienza, tra gli anni Venti e Trenta a corredo dell&#8217;uniforme grigioverde riapparvero colbacchi, spalline metalliche, bandoliere gallonate ed elmi.<\/p>\n<p>Nondimeno i tempi incalzavano e, con essi, anche le dottrine d&#8217;impiego tattico. Mentre si reintroducevano capi obsoleti per pure esigenze d&#8217;immagine, prendeva corpo una serie di modifiche pubblicate ufficialmente il <strong>14 novembre 1933<\/strong> in un compendio dal titolo &#8220;<strong><i>Aggiunte e Varianti n.2 al Regolamento sull&#8217;uniforme del 1931<\/i><\/strong>&#8221; firmato dal Sottosegretario al Ministero della Guerra generale\u00a0<b>Federico Baistrocchi<\/b>, donde il nome di &#8220;<strong><i>Riforma Baistrocchi<\/i><\/strong>&#8220;.<\/p>\n<p>Le novit\u00e0 riguardavano tutte le uniformi in dotazione al Regio Esercito nel loro complesso con l&#8217;adozione della giubba grigio-verde a quattro bottoni e altrettante tasche a &#8220;<i>toppa<\/i>&#8220;, con il collo aperto (il che comport\u00f2 conseguentemente l&#8217;introduzione parallela della camicia con colletto rovesciato e la cravatta di foggia borghese) e la sostituzione del chep\u00ec con il berretto piatto detto ironicamente &#8220;<strong><i>a padella<\/i><\/strong>&#8220;; capi che, variamente modificati in alcuni dettagli nel corso del tempo, si sono mantenuti sino ad oggi. Per quanto concerne l&#8217;<strong>Arma<\/strong>, le uniformi erano pressoch\u00e9 identiche alle altre, solo di <strong>colore nero<\/strong> per gli ufficiali, <strong>turchino<\/strong> per sottufficiali e carabinieri; l&#8217;uniforme grigio-verde venne distribuita allo scoppio della seconda guerra mondiale ai reparti mobilitati.<\/p>\n<p>Alcuni accenni sui dettagli della riforma in oggetto, dove con la IV serie di Aggiunte e Varianti al Regolamento sull&#8217;uniforme del 1931, pubblicata il 3 aprile 1934, furono stabilite le uniformi per gli ufficiali dell&#8217;Arma. La tenuta Ordinaria, s&#8217;indossava sia in servizio che in libert\u00e0. La giubba era del modello prescritto per il Regio Esercito, in tessuto diagonale o cordellino nero, con bottoni d&#8217;argento che recavano impresse le cifre reali VE contornate da nodi di Savoia. Il collo aperto era in panno castorino nero bordato di panno scarlatto, ornato dai particolari e tradizionali alamari in filo d&#8217;argento tuttora in uso; le tasche erano, come detto, a toppa, con cannello centrale e pattine. I paramani orizzontali, pure filettati in panno scarlatto, erano sormontati dalle insegne di grado in gallone d&#8217;argento con occhiello o &#8220;<i>giro di bitta<\/i>&#8221; come per la Marina, ma ovale non tondo come questa. Le controspalline rigide e mobili, bordate di rosso, avevano al centro la fiamma distintiva dell&#8217;Arma in oro, quelle degli ufficiali superiori erano inoltre guarnite con un galloncino d&#8217;argento.<\/p>\n<p>Per i marescialli in servizio armato di parata e d&#8217;onore l&#8217;uniforme \u00e8 quella d&#8217;ordinanza in panno <strong>castorino turchino scuro<\/strong>. La giubba dei marescialli aveva gi\u00e0 le stesse caratteristiche del modello da ufficiale, per via delle quattro tasche; i bottoni, gli alamari ed i paramani erano gli stessi prescritti per i carabinieri; il pantalone da cavallo, sempre con le bande rosse (da cm. 4 di larghezza) sui lati, era portato con i gambali neri a stecca. Con questa tenuta si portava il nuovo elmetto nero, la bandoliera ed i guanti di pelle bianca. Per la tenuta ordinaria festiva,\u00a0 l&#8217;uniforme \u00e8 confezionata in tessuto diagonale nero, come per gli ufficiali; il pantalone lungo \u00e8 sempre guarnito di bande rosse per la circostanza, la camicia \u00e8 quella bianca.<\/p>\n<h2><\/h2>\n<h2><span id=\"Struttura\" class=\"mw-headline\">Arma dei Carabinieri<\/span><\/h2>\n<p>L&#8217;<b>Arma dei Carabinieri<\/b>\u00a0(dapprima\u00a0<b>Corpo dei Carabinieri Reali<\/b>\u00a0e poi\u00a0<b>Arma dei Carabinieri Reali<\/b>) \u00e8 una delle\u00a0forze di polizia italiane, con competenza generale e in servizio permanente di\u00a0pubblica sicurezza, facente parte contemporaneamente delle\u00a0forze armate italiane, dal\u00a02000\u00a0con il rango di\u00a0forza armata. Al vertice dell&#8217;istituzione vi \u00e8 un\u00a0comandante generale\u00a0con il grado di\u00a0generale di corpo d&#8217;armata.<\/p>\n<p>In caso di emergenza, per contattare i Carabinieri \u00e8 sufficiente comporre su qualsiasi\u00a0apparecchio telefonico\u00a0il numero\u00a0112\u00a0(senza alcun costo), tranne nelle regioni in cui \u00e8 attivo il\u00a0Numero unico di Emergenza.<\/p>\n<h3><span id=\"La_creazione\" class=\"mw-headline\">La creazione<\/span><\/h3>\n<p>Durante la\u00a0Restaurazione,\u00a0Vittorio Emanuele I di Savoia, al rientro a\u00a0Torino, dopo un periodo passato in sostanziale esilio a\u00a0Cagliari\u00a0poich\u00e9 il territorio continentale del\u00a0Regno di Sardegna\u00a0era stato occupato dalle truppe di\u00a0Napoleone Bonaparte, all&#8217;inizio del\u00a0XIX secolo\u00a0eman\u00f2 la legge reale del 13 luglio\u00a01814\u00a0(&#8220;Regie Patenti&#8221;) con la quale fu istituito il Corpo dei Carabinieri Reali, unit\u00e0 militare con compiti di\u00a0polizia.<\/p>\n<p>Da un punto di vista militare, si trattava di un corpo di\u00a0fanteria leggera\u00a0(con una componente di\u00a0cavalleria), e dunque pi\u00f9 elitario rispetto ad un corpo di\u00a0fanteria di linea; il primo personale arruolato fu, infatti, selezionato nell&#8217;eccellenza dei reparti piemontesi, perci\u00f2 venne considerato un\u00a0corpo d&#8217;\u00e9lite. Il loro primo generale fu\u00a0Giuseppe Thaon di Revel, chiamato a ricoprire la pi\u00f9 alta carica del corpo il 13 agosto 1814. Il 25 giugno\u00a01833\u00a0con decreto del re\u00a0Carlo Alberto di Savoia\u00a0vennero adottati i colori del pennacchio (lo scarlatto ed il turchino).<\/p>\n<h3><span id=\"L'unit\u00e0_d'Italia_e_la_nascita_dell'Arma\" class=\"mw-headline\">L&#8217;unit\u00e0 d&#8217;Italia e la nascita dell&#8217;Arma<\/span><\/h3>\n<p>Durante il\u00a0Risorgimento\u00a0furono impegnati su diversi fronti e dopo il compimento dell&#8217;unit\u00e0 d&#8217;Italia\u00a0i Carabinieri Reali diventarono &#8220;Arma&#8221; del\u00a0Regio Esercito\u00a0l&#8217;8 maggio\u00a01861, raggiungendo il rango delle suddivisioni principali come\u00a0fanteria,\u00a0artiglieria,\u00a0cavalleria, divenendo componente effettiva del\u00a0Regio Esercito\u00a0dell&#8217;Italia unita.<\/p>\n<h3><span id=\"L'impiego_nei_conflitti_e_nella_resistenza_italiana\" class=\"mw-headline\">L&#8217;impiego nei conflitti e nella resistenza italiana<\/span><\/h3>\n<p>Le principali\u00a0battaglie cui prese parte il corpo prima delle guerre mondiali, sono:<\/p>\n<ul>\n<li>Grenoble\u00a0(Francia,\u00a0Savoia), 6 luglio 1815, primo impiego bellico dei Carabinieri Reali, uno\u00a0squadrone\u00a0di\u00a0cavalleria\u00a0dei Carabinieri, guidato dal Sottotenente\u00a0Gerolamo Cavassola, caric\u00f2 le truppe francesi, mettendole in rotta e contribuendo in modo decisivo alla vittoria.<\/li>\n<li>Pastrengo, 30 aprile\u00a01848, bandiera dell&#8217;Arma insignita della prima\u00a0medaglia d&#8217;argento al valor militare.<\/li>\n<li>Verona, 6 maggio 1848, bandiera dell&#8217;Arma insignita della prima\u00a0medaglia di bronzo al valor militare.<\/li>\n<li>Custoza,\u00a0Staffalo,\u00a0Sommacampagna,\u00a0Valeggio,\u00a0Milano,\u00a0Peschiera del Garda, 24 luglio &#8211; 4 agosto\u00a01848.<\/li>\n<li>Perugia,\u00a0Garigliano,\u00a0Mola di Gaeta, 14 settembre &#8211; 4 novembre\u00a01860.<\/li>\n<li>Monzambano,\u00a0Villafranca,\u00a0Custoza, 24 giugno\u00a01866.<\/li>\n<li>Presa di Roma, 20 settembre\u00a01870, insieme ai\u00a0Bersaglieri.<\/li>\n<li>Sciara Sciat\u00a0e\u00a0Due Palme\u00a0(guerra italo-turca,\u00a01911-1912).<\/li>\n<\/ul>\n<p>Nella\u00a0prima guerra mondiale\u00a0si distinsero nella\u00a0battaglia del Podgora, 19 luglio\u00a01915, e per il contributo nel primo conflitto mondiale la Bandiera dell&#8217;Arma fu insignita della prima\u00a0medaglia d&#8217;oro al valor militare. Furono impegnati nelle varie fasi del\u00a0colonialismo italiano\u00a0e nella\u00a0guerra d&#8217;Etiopia\u00a0parteciparono alla\u00a0seconda battaglia dell&#8217;Ogaden\u00a0gli\u00a0zapti\u00e9\u00a0(\u00e0scari\u00a0carabinieri), a partire dalla primavera del\u00a01936.<\/p>\n<p>Nella\u00a0seconda guerra mondiale\u00a0i Carabinieri si distinsero nelle seguenti battaglie:<\/p>\n<ul>\n<li>battaglia di Culqualber\u00a0(Etiopia), 6 agosto &#8211; 21 novembre\u00a01941, Bandiera dell&#8217;Arma insignita della seconda\u00a0medaglia d&#8217;oro al valor militare.<\/li>\n<li>battaglia di Eluet El Asel\u00a0(Libia), 19 dicembre\u00a01941.<\/li>\n<li>battaglia di Klisura\u00a0(fronte\u00a0greco-albanese), 16-30 dicembre\u00a01941, Bandiera dell&#8217;Arma insignita di\u00a0medaglia di bronzo al valor militare<\/li>\n<\/ul>\n<p>Dopo l&#8217;armistizio di Cassibile\u00a0diversi reparti si unirono alla\u00a0resistenza italiana\u00a0e presero parte alla\u00a0guerra di liberazione; particolarmente nota \u00e8 la figura del\u00a0vicebrigadiere\u00a0Salvo D&#8217;Acquisto, che mor\u00ec a\u00a0Torre di Palidoro, vicino a\u00a0Roma, durante la\u00a0seconda guerra mondiale, precisamente il 23 settembre del 1943, ucciso dai tedeschi per\u00a0rappresaglia\u00a0dopo essersi autoaccusato per salvare 22 condannati a morte, bench\u00e9 innocente, per un presunto attentato avvenuto in quella localit\u00e0 nel quale erano morti due militari germanici. Circa 2\u00a0700 carabinieri subirono la deportazione a vario titolo per essersi rifiutati di soggiacere alle disposizioni delle forze militari nazifasciste, soprattutto dopo l&#8217;8 settembre 1943. Dieci carabinieri figurano, inoltre, tra le vittime dell&#8217;eccidio delle Fosse Ardeatine.<\/p>\n<p>&nbsp;<\/p>\n<p>Fonti <a href=\"https:\/\/it.wikipedia.org\/wiki\/Arma_dei_Carabinieri\">Wikipedia <\/a>, <a href=\"http:\/\/www.carabinieri.it\/arma\/ieri\/equipaggiamento-e-materiali\/1910-1940\/le-uniformi\/la-riforma-baistrocchi\">Sito dell&#8217;Arma dei Carabinieri<\/a>\u00a0 dal quale potete avere altre informazioni pi\u00f9 dettagliate<\/p>\n<p>&nbsp;<\/p>\n<p>8.20<\/p>\n","protected":false},"excerpt":{"rendered":"<p style=\"text-align: center;\">Berretto invernale, per uniforme di servizio, per <strong>MARESCIALLO<\/strong> dei <strong>CARABINIERI REALI CC.RR. <\/strong>\u00a0Dalla <strong>Riforma Baistrocchi<\/strong> del <strong>1933-34<\/strong> , periodo Vittorio Emanuele III.\u00a0 In panno castorino, con visiera nera, trofeo centrale regolamentare a raffigurare una granata in esplosione, ricamata in canutiglia in <em><strong>argento <\/strong><\/em>con dettagli in<em><strong> seta nera<\/strong><\/em>, con applicato il monogramma in metallo stampato <em><strong>VE<\/strong> <\/em>ad indicare il <strong>Re <em>Vittorio Emanuele III<\/em><\/strong><\/p>\n<p style=\"text-align: center;\">Gallone di grado in seta argentata screziata di nero<\/p>\n<p style=\"text-align: center;\">All&#8217;interno rombo recante il marchio del fabbricante <strong>IMPERO<\/strong>, con aquila ad ali spiegate<\/p>\n<p style=\"text-align: center;\">Ottime condizioni, bella forma marziale, con visiera tendente verso il basso e fronte imponente. Leggeri segni del tempo, tre piccoli fori sul piatto superiore. Oggetto assolutamente originale.<\/p>\n<p style=\"text-align: center;\">Taglia circa 58<\/p>\n<p style=\"text-align: center;\"><strong><em>(Scorri la pagina in basso per ulteriori dettagli e informazioni)<\/em><\/strong><\/p>\n<p align=\"justify\">\n","protected":false},"featured_media":6590,"comment_status":"open","ping_status":"closed","template":"","meta":[],"product_cat":[586],"product_tag":[162,155,198,156,576,195],"yoast_head":"<!-- This site is optimized with the Yoast SEO plugin v21.9.1 - https:\/\/yoast.com\/wordpress\/plugins\/seo\/ -->\n<title>\u274c\ud83d\ude41Berretto Maresciallo CARABINIERI REALI - 1934 Baistrocchi - Thefinitive<\/title>\n<meta name=\"description\" content=\"Berretto Maresciallo CARABINIERI REALI - PNF Fascist Party - Riforma BAISTROCCHI - CC.RR. - Vittorio Emanuele III - Polizia Coloniale\" \/>\n<meta name=\"robots\" content=\"index, follow, max-snippet:-1, max-image-preview:large, max-video-preview:-1\" \/>\n<link rel=\"canonical\" href=\"https:\/\/thefinitive.com\/en\/prodotto\/berretto-maresciallo-carabinieri-reali-1934-baistrocchi\/\" \/>\n<meta property=\"og:locale\" content=\"en_US\" \/>\n<meta property=\"og:type\" content=\"article\" \/>\n<meta property=\"og:title\" content=\"\u274c\ud83d\ude41Berretto Maresciallo CARABINIERI REALI - 1934 Baistrocchi - Thefinitive\" \/>\n<meta property=\"og:description\" content=\"Berretto Maresciallo CARABINIERI REALI - PNF Fascist Party - Riforma BAISTROCCHI - CC.RR. - Vittorio Emanuele III - Polizia Coloniale\" \/>\n<meta property=\"og:url\" content=\"https:\/\/thefinitive.com\/en\/prodotto\/berretto-maresciallo-carabinieri-reali-1934-baistrocchi\/\" \/>\n<meta property=\"og:site_name\" content=\"Thefinitive\" \/>\n<meta property=\"article:publisher\" content=\"https:\/\/business.facebook.com\/Thefinitive-111771813534320\/\" \/>\n<meta property=\"article:modified_time\" content=\"2023-03-20T14:38:56+00:00\" \/>\n<meta property=\"og:image\" content=\"https:\/\/thefinitive.com\/wp-content\/uploads\/2020\/08\/carab1a.jpg\" \/>\n\t<meta property=\"og:image:width\" content=\"2160\" \/>\n\t<meta property=\"og:image:height\" content=\"2160\" \/>\n\t<meta property=\"og:image:type\" content=\"image\/jpeg\" \/>\n<meta name=\"twitter:card\" content=\"summary_large_image\" \/>\n<meta name=\"twitter:label1\" content=\"Est. reading time\" \/>\n\t<meta name=\"twitter:data1\" content=\"8 minutes\" \/>\n<script type=\"application\/ld+json\" class=\"yoast-schema-graph\">{\"@context\":\"https:\/\/schema.org\",\"@graph\":[{\"@type\":\"WebPage\",\"@id\":\"https:\/\/thefinitive.com\/en\/prodotto\/berretto-maresciallo-carabinieri-reali-1934-baistrocchi\/\",\"url\":\"https:\/\/thefinitive.com\/en\/prodotto\/berretto-maresciallo-carabinieri-reali-1934-baistrocchi\/\",\"name\":\"\u274c\ud83d\ude41Berretto Maresciallo CARABINIERI REALI - 1934 Baistrocchi - Thefinitive\",\"isPartOf\":{\"@id\":\"https:\/\/thefinitive.com\/en\/#website\"},\"datePublished\":\"2020-08-18T12:44:48+00:00\",\"dateModified\":\"2023-03-20T14:38:56+00:00\",\"description\":\"Berretto Maresciallo CARABINIERI REALI - PNF Fascist Party - Riforma BAISTROCCHI - CC.RR. - Vittorio Emanuele III - Polizia Coloniale\",\"breadcrumb\":{\"@id\":\"https:\/\/thefinitive.com\/en\/prodotto\/berretto-maresciallo-carabinieri-reali-1934-baistrocchi\/#breadcrumb\"},\"inLanguage\":\"en-US\",\"potentialAction\":[{\"@type\":\"ReadAction\",\"target\":[\"https:\/\/thefinitive.com\/en\/prodotto\/berretto-maresciallo-carabinieri-reali-1934-baistrocchi\/\"]}]},{\"@type\":\"BreadcrumbList\",\"@id\":\"https:\/\/thefinitive.com\/en\/prodotto\/berretto-maresciallo-carabinieri-reali-1934-baistrocchi\/#breadcrumb\",\"itemListElement\":[{\"@type\":\"ListItem\",\"position\":1,\"name\":\"Home\",\"item\":\"https:\/\/thefinitive.com\/en\/\"},{\"@type\":\"ListItem\",\"position\":2,\"name\":\"Shop\",\"item\":\"https:\/\/thefinitive.com\/en\/shop-2\/\"},{\"@type\":\"ListItem\",\"position\":3,\"name\":\"\u274c\ud83d\ude41Berretto Maresciallo CARABINIERI REALI &#8211; 1934 Baistrocchi\"}]},{\"@type\":\"WebSite\",\"@id\":\"https:\/\/thefinitive.com\/en\/#website\",\"url\":\"https:\/\/thefinitive.com\/en\/\",\"name\":\"Thefinitive\",\"description\":\"Antiquariato Online\",\"publisher\":{\"@id\":\"https:\/\/thefinitive.com\/en\/#organization\"},\"potentialAction\":[{\"@type\":\"SearchAction\",\"target\":{\"@type\":\"EntryPoint\",\"urlTemplate\":\"https:\/\/thefinitive.com\/en\/?s={search_term_string}\"},\"query-input\":\"required name=search_term_string\"}],\"inLanguage\":\"en-US\"},{\"@type\":\"Organization\",\"@id\":\"https:\/\/thefinitive.com\/en\/#organization\",\"name\":\"Thefinitive\",\"url\":\"https:\/\/thefinitive.com\/en\/\",\"logo\":{\"@type\":\"ImageObject\",\"inLanguage\":\"en-US\",\"@id\":\"https:\/\/thefinitive.com\/en\/#\/schema\/logo\/image\/\",\"url\":\"https:\/\/thefinitive.com\/wp-content\/uploads\/2019\/07\/logo4vett.svg\",\"contentUrl\":\"https:\/\/thefinitive.com\/wp-content\/uploads\/2019\/07\/logo4vett.svg\",\"width\":500,\"height\":100,\"caption\":\"Thefinitive\"},\"image\":{\"@id\":\"https:\/\/thefinitive.com\/en\/#\/schema\/logo\/image\/\"},\"sameAs\":[\"https:\/\/business.facebook.com\/Thefinitive-111771813534320\/\",\"https:\/\/www.instagram.com\/_thefinitive_\/\"]}]}<\/script>\n<!-- \/ Yoast SEO plugin. -->","yoast_head_json":{"title":"\u274c\ud83d\ude41Berretto Maresciallo CARABINIERI REALI - 1934 Baistrocchi - Thefinitive","description":"Berretto Maresciallo CARABINIERI REALI - PNF Fascist Party - Riforma BAISTROCCHI - CC.RR. - Vittorio Emanuele III - Polizia Coloniale","robots":{"index":"index","follow":"follow","max-snippet":"max-snippet:-1","max-image-preview":"max-image-preview:large","max-video-preview":"max-video-preview:-1"},"canonical":"https:\/\/thefinitive.com\/en\/prodotto\/berretto-maresciallo-carabinieri-reali-1934-baistrocchi\/","og_locale":"en_US","og_type":"article","og_title":"\u274c\ud83d\ude41Berretto Maresciallo CARABINIERI REALI - 1934 Baistrocchi - Thefinitive","og_description":"Berretto Maresciallo CARABINIERI REALI - PNF Fascist Party - Riforma BAISTROCCHI - CC.RR. - Vittorio Emanuele III - Polizia Coloniale","og_url":"https:\/\/thefinitive.com\/en\/prodotto\/berretto-maresciallo-carabinieri-reali-1934-baistrocchi\/","og_site_name":"Thefinitive","article_publisher":"https:\/\/business.facebook.com\/Thefinitive-111771813534320\/","article_modified_time":"2023-03-20T14:38:56+00:00","og_image":[{"width":2160,"height":2160,"url":"https:\/\/thefinitive.com\/wp-content\/uploads\/2020\/08\/carab1a.jpg","type":"image\/jpeg"}],"twitter_card":"summary_large_image","twitter_misc":{"Est. reading time":"8 minutes"},"schema":{"@context":"https:\/\/schema.org","@graph":[{"@type":"WebPage","@id":"https:\/\/thefinitive.com\/en\/prodotto\/berretto-maresciallo-carabinieri-reali-1934-baistrocchi\/","url":"https:\/\/thefinitive.com\/en\/prodotto\/berretto-maresciallo-carabinieri-reali-1934-baistrocchi\/","name":"\u274c\ud83d\ude41Berretto Maresciallo CARABINIERI REALI - 1934 Baistrocchi - Thefinitive","isPartOf":{"@id":"https:\/\/thefinitive.com\/en\/#website"},"datePublished":"2020-08-18T12:44:48+00:00","dateModified":"2023-03-20T14:38:56+00:00","description":"Berretto Maresciallo CARABINIERI REALI - PNF Fascist Party - Riforma BAISTROCCHI - CC.RR. - Vittorio Emanuele III - Polizia Coloniale","breadcrumb":{"@id":"https:\/\/thefinitive.com\/en\/prodotto\/berretto-maresciallo-carabinieri-reali-1934-baistrocchi\/#breadcrumb"},"inLanguage":"en-US","potentialAction":[{"@type":"ReadAction","target":["https:\/\/thefinitive.com\/en\/prodotto\/berretto-maresciallo-carabinieri-reali-1934-baistrocchi\/"]}]},{"@type":"BreadcrumbList","@id":"https:\/\/thefinitive.com\/en\/prodotto\/berretto-maresciallo-carabinieri-reali-1934-baistrocchi\/#breadcrumb","itemListElement":[{"@type":"ListItem","position":1,"name":"Home","item":"https:\/\/thefinitive.com\/en\/"},{"@type":"ListItem","position":2,"name":"Shop","item":"https:\/\/thefinitive.com\/en\/shop-2\/"},{"@type":"ListItem","position":3,"name":"\u274c\ud83d\ude41Berretto Maresciallo CARABINIERI REALI &#8211; 1934 Baistrocchi"}]},{"@type":"WebSite","@id":"https:\/\/thefinitive.com\/en\/#website","url":"https:\/\/thefinitive.com\/en\/","name":"Thefinitive","description":"Antiquariato Online","publisher":{"@id":"https:\/\/thefinitive.com\/en\/#organization"},"potentialAction":[{"@type":"SearchAction","target":{"@type":"EntryPoint","urlTemplate":"https:\/\/thefinitive.com\/en\/?s={search_term_string}"},"query-input":"required name=search_term_string"}],"inLanguage":"en-US"},{"@type":"Organization","@id":"https:\/\/thefinitive.com\/en\/#organization","name":"Thefinitive","url":"https:\/\/thefinitive.com\/en\/","logo":{"@type":"ImageObject","inLanguage":"en-US","@id":"https:\/\/thefinitive.com\/en\/#\/schema\/logo\/image\/","url":"https:\/\/thefinitive.com\/wp-content\/uploads\/2019\/07\/logo4vett.svg","contentUrl":"https:\/\/thefinitive.com\/wp-content\/uploads\/2019\/07\/logo4vett.svg","width":500,"height":100,"caption":"Thefinitive"},"image":{"@id":"https:\/\/thefinitive.com\/en\/#\/schema\/logo\/image\/"},"sameAs":["https:\/\/business.facebook.com\/Thefinitive-111771813534320\/","https:\/\/www.instagram.com\/_thefinitive_\/"]}]}},"_links":{"self":[{"href":"https:\/\/thefinitive.com\/en\/wp-json\/wp\/v3\/product\/6647"}],"collection":[{"href":"https:\/\/thefinitive.com\/en\/wp-json\/wp\/v3\/product"}],"about":[{"href":"https:\/\/thefinitive.com\/en\/wp-json\/wp\/v2\/types\/product"}],"replies":[{"embeddable":true,"href":"https:\/\/thefinitive.com\/en\/wp-json\/wp\/v2\/comments?post=6647"}],"version-history":[{"count":1,"href":"https:\/\/thefinitive.com\/en\/wp-json\/wp\/v3\/product\/6647\/revisions"}],"predecessor-version":[{"id":14713,"href":"https:\/\/thefinitive.com\/en\/wp-json\/wp\/v3\/product\/6647\/revisions\/14713"}],"wp:featuredmedia":[{"embeddable":true,"href":"https:\/\/thefinitive.com\/en\/wp-json\/wp\/v2\/media\/6590"}],"wp:attachment":[{"href":"https:\/\/thefinitive.com\/en\/wp-json\/wp\/v2\/media?parent=6647"}],"wp:term":[{"taxonomy":"product_cat","embeddable":true,"href":"https:\/\/thefinitive.com\/en\/wp-json\/wp\/v2\/product_cat?post=6647"},{"taxonomy":"product_tag","embeddable":true,"href":"https:\/\/thefinitive.com\/en\/wp-json\/wp\/v2\/product_tag?post=6647"}],"curies":[{"name":"wp","href":"https:\/\/api.w.org\/{rel}","templated":true}]}}