{"id":6545,"date":"2020-08-17T09:29:11","date_gmt":"2020-08-17T09:29:11","guid":{"rendered":"https:\/\/www.thefinitive.com\/?post_type=product&#038;p=6545"},"modified":"2023-03-20T15:38:58","modified_gmt":"2023-03-20T14:38:58","slug":"distintivo-agf-avanguardia-giovanile-fascista-1919","status":"publish","type":"product","link":"https:\/\/thefinitive.com\/en\/prodotto\/distintivo-agf-avanguardia-giovanile-fascista-1919\/","title":{"rendered":"\u274c\ud83d\ude41Distintivo AGF Avanguardia Giovanile Fascista 1919"},"content":{"rendered":"<p>Distintivo del 1921 in metallo dorato e smalti policromi per componente della neonata <strong>AVANGUARDIA GIOVANILE FASCISTA<\/strong> , <strong>AGF<\/strong> , antecedente ai <em><strong>Fasci Giovanili di Combattimento<\/strong> , <strong>FGC<\/strong><\/em> , organizzazione interna al <strong>PNF\u00a0 (Partito Nazionale Fascista)<\/strong><\/p>\n<p>Prodotto dalla <em><strong>LORIOLI &amp; CASTELLI<\/strong><\/em> , <strong><em>Milano &#8211; Via Bronzetti<\/em><\/strong>, questo distintivo AGF per <em>Avanguardia Giovanile Fascista<\/em> \u00e8 realizzato in metallo dorato, con smalti policromi su tre bande verticali Verde, Bianco e Rosso a rappresentare il tricolore italiano, con la sigla AGF <em>Avanguardia Giovanile Fascista<\/em> in smalto dorato, ed applicato al centro del distintivo un <strong>fascio littorio<\/strong> del primo tipo con scure in testa, in metallo dorato. In alto a sinistra, troviamo una <strong>STELLA<\/strong> smaltata in colore dorato, ad indicare il grado o l&#8217;incarico assegnato al destinatario di questo distintivo (comitato centrale, giunta esecutiva, segreteria, componente).\u00a0 Piedino al retro per permettere l&#8217;inserimento all&#8217;occhiello della giacca.<\/p>\n<p>&nbsp;<\/p>\n<p><strong>MATERIALE\u00a0 \u00a0 \u00a0:\u00a0<\/strong> Metallo smaltato policromo<\/p>\n<p><strong>MISURE\u00a0 \u00a0 \u00a0 \u00a0 \u00a0 \u00a0 \u00a0:<\/strong>\u00a0 mm.16 x 11<\/p>\n<p><strong>MARCHIO\u00a0 \u00a0 \u00a0 \u00a0 \u00a0:<\/strong>\u00a0 Lorioli &amp; Castelli<\/p>\n<p>&nbsp;<\/p>\n<h2 style=\"text-align: left;\">NOTIZIE<\/h2>\n<p>L&#8217; Avanguardia Giovanile Fascista, abbreviata AGF , fu un&#8217;organizzazione giovanile del <a title=\"Partito Nazionale Fascista\" href=\"https:\/\/it.wikipedia.org\/wiki\/Partito_Nazionale_Fascista\">Partito Nazionale Fascista<\/a>.<\/p>\n<p>&nbsp;<\/p>\n<p><span style=\"font-family: Arial; font-size: small;\"><b>Statuto Regolamento del Partito del 1921<\/b><\/span><\/p>\n<p align=\"center\"><span style=\"font-family: Arial; font-size: small;\"><b>SCHEMA DI STATUTO<br \/>\nPER LE SEZIONI DELL&#8217;AVANGUARDIA<br \/>\nGIOVANILE FASCISTA<\/b><\/span><\/p>\n<p align=\"center\"><span style=\"font-family: Arial; font-size: small;\"><b>Art.1<\/b><\/span><\/p>\n<p align=\"left\"><span style=\"font-family: Arial; font-size: small;\"><b>Il Partito Nazionale Fascista, allo scopo di inquadrare le forze giovani, che sono spiritualmente attratte nell&#8217;orbita della sua azione e della sua propaganda, delibera l&#8217;istituzione dell&#8217; &#8220;Avanguardia Giovanile Fascista&#8221;.<br \/>\nLe Sezioni dell&#8217;Avanguardia Giovanile Fascista tendono a fiancheggiare l&#8217;opera dei Fasci e ad avviare i giovani verso lo studio dei problemi che interessano la vita e lo sviluppo della Nazione.<\/b><\/span><\/p>\n<p align=\"center\"><span style=\"font-family: Arial; font-size: small;\"><b>Art.2<\/b><\/span><\/p>\n<p align=\"left\"><span style=\"font-family: Arial; font-size: small;\"><b>Resta stabilito pertanto che, nel pi\u00f9 breve termine possibile, ogni Fascio provveder\u00e0 a costruire nell&#8217;orbita della propria giurisdizione, l&#8217;Avanguardia Giovanile Fascista, formando il primo nucleo con tutti i fascisti che abbiano compiuto il quindicesimo anno di et\u00e0 e non abbiano superato il diciottesimo.<\/b><\/span><\/p>\n<p align=\"center\"><span style=\"font-family: Arial; font-size: small;\"><b>Art.3<\/b><\/span><\/p>\n<p align=\"left\"><span style=\"font-family: Arial; font-size: small;\"><b>I Fasci impossibilitati a costituire questo primo nucleo per la mancanza di elementi aventi l&#8217;et\u00e0 prescritta, dovranno subito sviluppare un&#8217; intensa opera di propaganda per la raccolta delle adesioni e iniziare quindi l&#8217;organizzazione degli iscritti.<\/b><\/span><\/p>\n<p align=\"center\"><span style=\"font-family: Arial; font-size: small;\"><b>Art.4<\/b><\/span><\/p>\n<p align=\"left\"><span style=\"font-family: Arial; font-size: small;\"><b>In considerazione di quanto \u00e8 stabilito nella prima parte dell&#8217;Art.2, la Direzione del Partito Nazionale Fascista delibera che tutte le Sezioni ancora esistenti delle &#8220;Avanguardie Studentesche&#8221; debbano senz&#8217;altro trasformarsi in &#8220;Avanguardie Giovanili Fasciste&#8221;.<\/b><\/span><\/p>\n<p align=\"center\"><span style=\"font-family: Arial; font-size: small;\"><b>Art.5<\/b><\/span><\/p>\n<p align=\"left\"><span style=\"font-family: Arial; font-size: small;\"><b>Le Sezioni dell&#8217;Avanguardia Giovanile Fascista dovranno essere costituite e funzionare sulle basi che regolano la costituzione e il regolamento dei Fasci. Lo stesso schema di Statuto, opportunamente adattato, avr\u00e0 valore per le Sezioni giovanili, intendendo che di esse potranno far parte soltanto i giovani dai 15 ai 18 anni di et\u00e0.<\/b><\/span><\/p>\n<p align=\"center\"><span style=\"font-family: Arial; font-size: small;\"><b>Art.6<\/b><\/span><\/p>\n<p align=\"left\"><span style=\"font-family: Arial; font-size: small;\"><b>In via eccezionale, e con l&#8217;approvazione, caso per caso, del Direttorio dei fasci locali, potranno far parte delle Avanguardie Giovanili Fasciste anche i fascisti che abbiano superato i 18 anni di et\u00e0, onde essi possano portare nell&#8217;organizzazione giovanile il loro contributo di esperienza, di capacit\u00e0, di seriet\u00e0, allo scopo di inquadrare opportunamente i pi\u00f9 giovani.<\/b><\/span><\/p>\n<p align=\"center\"><span style=\"font-family: Arial; font-size: small;\"><b>Art.7<\/b><\/span><\/p>\n<p align=\"left\"><span style=\"font-family: Arial; font-size: small;\"><b>Il Direttorio dell&#8217;Avanguardia giovanile dipender\u00e0 dal Direttorio del Fascio locale. Il Segretario dell&#8217;Avanguardia giovanile parteciper\u00e0 alle riunioni del Direttorio del Fascio locale ogni qualvolta si tratter\u00e0 di argomenti interessantil&#8217;organizzazione giovanile.<\/b><\/span><\/p>\n<p align=\"center\"><span style=\"font-family: Arial; font-size: small;\"><b>Art.8<\/b><\/span><\/p>\n<p align=\"left\"><span style=\"font-family: Arial; font-size: small;\"><b>Le Avanguardie giovanili fasciste vivranno del contributo dei rispettivi iscritti e degli eventuali sussidi concessi dai Fasci locali. La gestione amministrativa dell&#8217;Avanguardia, che sar\u00e0 tenuta da un Segretario amministrativo espresso dal Direttorio, dovr\u00e0 essere controllata dal Direttorio del Fascio locale.<\/b><\/span><\/p>\n<p align=\"center\"><span style=\"font-family: Arial; font-size: small;\"><b>Art.9<\/b><\/span><\/p>\n<p align=\"left\"><span style=\"font-family: Arial; font-size: small;\"><b>Per quanto riguarda l&#8217;organizzazione nazionale e il funzionamento di essa, vengono costituiti i seguenti organi :<br \/>\na) un Comitato Centrale. &#8211; Il Comitato Centrale viene eletto dal Congresso Nazionale delle Avanguardie, e si riunisce normalmente ogni sei mesi. Lo compongono tanti rappresentanti quante sono le regioni in cui abbiano almeno dieci Avanguardie regolarmente costituite e funzionanti.<br \/>\nb) una Giunta Esecutiva. &#8211; La Giunta Esecutiva \u00e8 composta di sette membri, scelti fra gli appartenenti all&#8217;Avanguardia di quella citt\u00e0 dove risiede la Direzione del Partito Nazionale Fascista. I componenti la Giunta Esecutiva fanno parte di diritto del Comitato Centrale delle Avanguardie. La Giunta si raduna almeno una volta a quindicina.<br \/>\nc) un Ufficio di Segreteria. &#8211; L&#8217;Ufficio di Segreteria \u00e8 composto da un Segretario Generale, da un impiegato addetto all&#8217;amministrazione ed eventualmente da un Vice-Segretario. Essi saranno designati dal Comitato Centrale delle Avanguardie e nominati ufficialmente dalla Direzione del Partito Nazionale Fascista.<br \/>\nL&#8217;Ufficio di Segreteria delle Avanguardie ha sede presso la Segreteria generale del partito, e funzioner\u00e0 sotto il diretto controllo di essa.<\/b><\/span><\/p>\n<p align=\"center\"><span style=\"font-family: Arial; font-size: small;\"><b>Art.10<\/b><\/span><\/p>\n<p align=\"left\"><span style=\"font-family: Arial; font-size: small;\"><b>Il Comitato Centrale rappresenta l&#8217;organo dirigente le Avanguardie, quale espressione diretta della volont\u00e0 degli avanguardisti i quali, eleggendolo, delegano ad esso tutti i poteri nell&#8217;ambito delle direttive e degli scopi determinati dalle deliberazioni del Congresso e compresi nel quadro generale dell&#8217;attivit\u00e0 del Partito Nazionale Fascista.<\/b><\/span><\/p>\n<p align=\"center\"><span style=\"font-family: Arial; font-size: small;\"><b>Art.11<\/b><\/span><\/p>\n<p align=\"left\"><span style=\"font-family: Arial; font-size: small;\"><b>La Giunta Esecutiva curer\u00e0, per mezzo dell&#8217;Ufficio Segreteria, l&#8217;organizzazione nazionale delle Sezioni ed il loro coordinamento ed emaner\u00e0 tutte le disposizioni tendenti all&#8217;armonizzazione del movimento ed al suo sviluppo.<\/b><\/span><\/p>\n<p align=\"center\"><span style=\"font-family: Arial; font-size: small;\"><b>Art.12<\/b><\/span><\/p>\n<p align=\"left\"><span style=\"font-family: Arial; font-size: small;\"><b>Il Segretario generale delle Avanguardie parteciper\u00e0 alle adunanze del Comitato Centrale del Partito e avr\u00e0 voto deliberativo su tutti gli argomenti interessanti l&#8217;organizzazione giovanile.<\/b><\/span><\/p>\n<p align=\"center\"><span style=\"font-family: Arial; font-size: small;\"><b>Art.13<\/b><\/span><\/p>\n<p align=\"left\"><span style=\"font-family: Arial; font-size: small;\"><b>E&#8217; istituito un distintivo speciale di cui dovranno fregiarsi tutti gli iscritti alle Avanguardie. Viene pure istituita per gli avanguardisti una speciale tessera. Distintivi e tessere verranno distribuiti dall&#8217;Ufficio Segreteria delle Avanguardie alle Sezioni giovanili che ne faranno richiesta previo importo anticipato.<\/b><\/span><\/p>\n<p>Il presente schema di Statuto \u00e8 provvisorio ed avr\u00e0 vigore fino alla convocazione del Congresso delle Avanguardie giovanili fasciste.<\/p>\n<p>&nbsp;<\/p>\n<p>La prima organizzazione giovanile fascista era nata nel <strong>1919<\/strong> e all&#8217;interno dei singoli fasci: le Avanguardie giovanili studentesche. Era stato poi Michele Bianchi a organizzare nel 1921, all&#8217;interno del neonato PNF, il movimento giovanile del partito, denominandola come dalla sigla del distintivo AGF , <strong>Avanguardia Giovanile Fascista<\/strong> e confluita nel\u00a0<strong>1926\u00a0<\/strong>nell&#8217;<strong>Opera Nazionale Balilla<\/strong>.<\/p>\n<p>I fasci giovanili di combattimento furono costituiti dal\u00a0Gran consiglio del fascismo\u00a0l&#8217;8 ottobre\u00a01930 (dove prende corpo il nuovo simbolo come da questo distintivo dei Fasci Giovanili di Combattimento) per completare l&#8217;inquadramento formativo dei ragazzi e delle ragazze dai 18 ai 21 anni, non pi\u00f9 di competenza dell&#8217;Opera Nazionale Balilla. I ragazzi (avanguardisti) e le ragazze (giovani fasciste) dovevano ogni sabato partecipare al\u00a0sabato fascista, continuando l&#8217;istruzione premilitare marciando in piazza o negli spazi a loro riservati dai\u00a0gruppi rionali fascisti.<\/p>\n<p>&nbsp;<\/p>\n<h3>Partito Nazionale Fascista<\/h3>\n<p>Il\u00a0<b>Partito Nazionale Fascista<\/b>\u00a0(<b>P.N.F.<\/b>) \u00e8 stato un\u00a0partito politico\u00a0italiano, espressione del\u00a0movimento fascista.<\/p>\n<p>Nato nel\u00a01921\u00a0dalla trasformazione in partito del movimento\u00a0<a title=\"Fasci italiani di combattimento\" href=\"https:\/\/it.wikipedia.org\/wiki\/Fasci_italiani_di_combattimento\">Fasci italiani di combattimento<\/a>, guid\u00f2 la cosiddetta\u00a0<a title=\"Marcia su Roma\" href=\"https:\/\/it.wikipedia.org\/wiki\/Marcia_su_Roma\">marcia su Roma<\/a>\u00a0che nell&#8217;autunno del\u00a01922\u00a0port\u00f2\u00a0<a title=\"Benito Mussolini\" href=\"https:\/\/it.wikipedia.org\/wiki\/Benito_Mussolini\">Benito Mussolini<\/a>\u00a0a divenire\u00a0presidente del Consiglio dei ministri.<\/p>\n<p>Nel\u00a01923\u00a0si fuse con l&#8217;Associazione Nazionalista Italiana\u00a0e tra la met\u00e0 e la fine degli\u00a0anni 1920\u00a0divent\u00f2, prima\u00a0<i>de facto<\/i>\u00a0e poi\u00a0<i>de iure<\/i>, il partito unico del\u00a0Regno d&#8217;Italia\u00a0fino alla caduta del regime fascista, avvenuta il 25 luglio del\u00a01943.<\/p>\n<p>L&#8217;organo ufficiale del partito era\u00a0<i>Il Popolo d&#8217;Italia<\/i>, quotidiano fondato da Mussolini nel\u00a01914. L&#8217;inno era\u00a0<i>Giovinezza<\/i>, nella versione di\u00a0Salvator Gotta\u00a0del\u00a01925, qualificato come\u00a0<i>Inno trionfale del Partito Nazionale Fascista<\/i>. La legge 20 giugno 1952, n. 645 (detta \u00ablegge Scelba\u00bb), in attuazione della\u00a0XII disposizione transitoria e finale della Costituzione italiana, ne vieta la ricostituzione<sup id=\"cite_ref-31\" class=\"reference\"><\/sup><\/p>\n<p>Il PNF fu dunque fondato a Roma\u00a0il 9 novembre\u00a01921\u00a0per iniziativa di Benito Mussolini come evoluzione in partito del movimento dei Fasci Italiani di Combattimento &#8211; fondati, sempre da Mussolini, a\u00a0Milano, in\u00a0piazza San Sepolcro, il 23 marzo\u00a01919. Come movimento giovanile si dot\u00f2 nel 1921 dell&#8217;Avanguardia Giovanile Fascista. Rispetto ai Fasci, il PNF abbandon\u00f2, via via che si consolidava al potere, gli ideali socialisteggianti e repubblicani per virare decisamente verso la destra dello scacchiere politico italiano.<\/p>\n<h3><span id=\"Conquista_del_potere\" class=\"mw-headline\">Conquista del potere<\/span><\/h3>\n<p>Dopo la marcia su Roma\u00a0del 28 ottobre\u00a01922, Mussolini, che era stato eletto parlamentare l&#8217;anno precedente insieme ad altri esponenti fascisti, fu incaricato dal re\u00a0Vittorio Emanuele III\u00a0di formare\u00a0un nuovo governo\u00a0sostenuto da una maggioranza composta anche dal\u00a0Partito Popolare Italiano\u00a0e da altri gruppi di estrazione\u00a0liberale. Il 15 dicembre\u00a01922\u00a0fu costituito il\u00a0Gran Consiglio del Fascismo, organo supremo del Partito Nazionale Fascista, che tenne la sua prima seduta il 12 gennaio\u00a01923.<\/p>\n<h3><span id=\"Regime\" class=\"mw-headline\">Regime<\/span><\/h3>\n<p>Alle elezioni politiche dell&#8217;aprile 1924, il PNF si present\u00f2 con la\u00a0Lista Nazionale, in cui erano inseriti diversi esponenti della destra liberale. Ci furono violenze squadriste e fu impiegata in alcune regioni una &#8220;lista civetta&#8221;, la Lista Nazionale bis, volta a drenare ulteriori voti. Il &#8220;Listone&#8221; ottenne una netta maggioranza con il 65,2% dei voti e 376 deputati (di cui 275 del PNF). Tali risultati furono per\u00f2 duramente contestati dalle opposizioni, che denunciarono numerose irregolarit\u00e0. In tale quadro, il deputato\u00a0Giacomo Matteotti, dopo aver denunciato brogli in parlamento, venne ucciso da estremisti fascisti. La vicenda ebbe seguito il 3 gennaio\u00a01925, quando Mussolini, con un discorso alla\u00a0Camera dei deputati, dichiar\u00f2 provocatoriamente di assumersi la responsabilit\u00e0 storica di quanto accaduto, promettendo di chiarire la situazione nei giorni immediatamente seguenti. In sede giudiziaria, sia all&#8217;epoca dei fatti, sia nel\u00a0secondo dopoguerra, non fu mai provato alcun coinvolgimento diretto del Duce o di altri gerarchi nell&#8217;organizzazione del delitto: tesi sostenuta anche da alcuni storici e dal giornalista\u00a0Indro Montanelli, per i quali le responsabilit\u00e0 di Mussolini furono solo di natura morale. La crisi seguita all&#8217;omicidio di Matteotti, che era parsa far vacillare la presa di Mussolini e del fascismo, fu invece abilmente sfruttata dal duce per avviare la dittatura.<\/p>\n<p>Dopo l&#8217;emanazione nel\u00a01926\u00a0delle cosiddette\u00a0leggi fascistissime\u00a0il PNF fu l&#8217;unico partito ammesso in Italia fino al 25 luglio\u00a01943, e dotandosi di un proprio\u00a0statuto. Il\u00a0<i>Gran Consiglio del Fascismo<\/i>\u00a0divenne organo costituzionale del Regno: &#8220;organo supremo, che coordina e integra tutte le attivit\u00e0 del regime sorto dalla\u00a0rivoluzione\u00a0dell&#8217;ottobre 1922&#8221;. Il Gran Consiglio deliberava sulla lista dei deputati da sottoporre al corpo elettorale (poi sostituiti dai\u00a0<i>consiglieri nazionali<\/i>\u00a0della\u00a0Camera dei Fasci e delle Corporazioni); sugli statuti, gli ordinamenti e le direttive politiche del Partito Nazionale Fascista; sulla nomina e la revoca del Segretario, dei Vicesegretari, del Segretario amministrativo e dei membri del Direttorio nazionale del Partito Nazionale Fascista. Le iscrizioni al Partito aumentarono a dismisura quando, il 29 marzo 1928, si decise che gli iscritti al PNF avrebbero avuto la precedenza nelle liste di collocamento (pi\u00f9 antica era l&#8217;affiliazione, pi\u00f9 si &#8220;scalavano&#8221; le graduatorie).<\/p>\n<p>Quasi due anni esatti dopo, il 28 marzo\u00a01930, si decret\u00f2 che per poter svolgere gli incarichi scolastici di alto livello (presidi e rettori) bisognava essere tesserati almeno da cinque anni. Il 3 marzo del\u00a01931\u00a0le iscrizioni furono sospese per circa un anno; questo dato fa intuire che molte furono le adesioni al Partito Fascista dettate esclusivamente da interesse: contro di esse si mosse il segretario\u00a0Giovanni Giuriati, attivista anti-corruzione che, forse proprio per questa spinta &#8220;moralizzatrice&#8221;, venne destituito dal Duce dopo pochi mesi. Un ruolo educativo fu proprio dall&#8217;Istituto Fascista di Cultura, attualmente Universit\u00e0 Popolare degli studi di Milano, che fu convertita da Universit\u00e0 Popolare di Milano a Scuola Fascista, che durante tutto il periodo diede formazione e cultura fascista.<\/p>\n<p>Nel 1930 furono creati i Fasci giovanili di combattimento (vedi questo distintivo dei Fasci Giovanili di Combattimento). Gli anni Trenta furono caratterizzati dalla segreteria di Achille Starace, &#8220;fedelissimo&#8221; di Mussolini e uno dei pochi gerarchi fascisti provenienti dal sud Italia, che lanci\u00f2 una campagna di fascistizzazione del paese fatta di cerimonie oceaniche e creazione di organizzazioni volte a inquadrare il paese e il cittadino in ogni sua manifestazione (sia pubblica sia privata). Al fine di irregimentare anche i movimenti giovanili Starace port\u00f2 sotto il controllo diretto del PNF sia l&#8217;Opera Nazionale Balilla (ONB) sia i Fasci Giovanili che furono sciolti e fatti confluire nella nuova Giovent\u00f9 Italiana del Littorio (GIL dal quale prosegue il simbolo del distintivo dei Fasci Giovanili di Combattimento).<\/p>\n<p>Il 27 maggio\u00a01933\u00a0l&#8217;iscrizione al PNF \u00e8 dichiarata requisito fondamentale per il concorso a pubblici uffici; il 9 marzo\u00a01937\u00a0diventa obbligatoria se si vuole accedere a un qualunque incarico pubblico e dal 3 giugno\u00a01938\u00a0(Regio decreto n. 827) non si pu\u00f2 essere assunti nel personale salariato statale n\u00e9 si possono avere promozioni all&#8217;interno di questo personale se non si ha la tanto conclamata tessera: \u00e8 chiaro quindi che gli iscritti si contino a milioni ma che tra questi i &#8220;tiepidi&#8221; e i &#8220;freddi&#8221; verso il regime siano moltissimi. Nel\u00a01939\u00a0Ettore Muti\u00a0avvicenda Starace alla guida del partito e tale fatto testimonia l&#8217;aumento dell&#8217;influenza di\u00a0Galeazzo Ciano.<\/p>\n<p>A partire dal\u00a01937\u00a0il segretario nazionale del PNF assurse a rango di\u00a0ministro\u00a0di Stato. Con lo scoppio della\u00a0seconda guerra mondiale\u00a0Mussolini tenta di militarizzare il partito ordinando il giorno di Capodanno del\u00a01941\u00a0la mobilitazione generale di tutti i quadri del PNF. Nel periodo in cui le operazioni belliche volgono verso il peggio, in molti perdono la fiducia verso il regime fascista: anche nell&#8217;organo politico principale monta una critica, seppur latente e oscura, a cui il Duce tenta di dare una spallata nominando il ventisettenne\u00a0Aldo Vidussoni\u00a0segretario del PNF (26 dicembre\u00a01941). La mossa, dettata dal fatto che i giovani sono rimasti i pi\u00f9 accesi sostenitori del\u00a0governo, si rivela catastrofica e il 19 aprile\u00a01943\u00a0il giovane friulano viene sostituito da\u00a0Carlo Scorza.<\/p>\n<h3><span id=\"Scioglimento\" class=\"mw-headline\">Scioglimento<\/span><\/h3>\n<p>Il 27 luglio 1943, in seguito alla votazione dell&#8217;<a title=\"Caduta del fascismo\" href=\"https:\/\/it.wikipedia.org\/wiki\/Caduta_del_fascismo\">ordine del giorno Grandi<\/a>\u00a0(25 luglio), Mussolini venne arrestato dai Reali Carabinieri, decretando di fatto la fine del regime fascista. Lo scioglimento del PNF da parte del nuovo governo di\u00a0Pietro Badoglio\u00a0avvenne il 2 agosto\u00a01943\u00a0con il regio decreto n.704, pubblicato sulla Gazzetta ufficiale del Regno il 5 agosto successivo.<\/p>\n<p>Liberato dai tedeschi il 10 settembre, Mussolini costitu\u00ec il 13 settembre il nuovo\u00a0Partito Fascista Repubblicano\u00a0(PFR) e costitu\u00ec la\u00a0Repubblica Sociale Italiana\u00a0(RSI), nella parte d&#8217;Italia occupata dai tedeschi. Segretario del PFR fu nominato il 15 settembre\u00a0Alessandro Pavolini. A\u00a0Milano\u00a0era gi\u00e0 stato ricostituito il 13 settembre da\u00a0Aldo Resega, che ne fu anche il primo commissario federale. Il PFR cess\u00f2 la sua esistenza con la morte di Mussolini e con la fine della RSI, il 28 aprile del\u00a01945<\/p>\n<p><em>Fonti varie <a href=\"https:\/\/it.wikipedia.org\/wiki\/Fasci_giovanili_di_combattimento\">Wikipedia<\/a> , <a href=\"http:\/\/spazioinwind.libero.it\/littorio\/org\/ordagf-i.htm\">web<\/a><\/em><\/p>\n<p>8.20<\/p>\n","protected":false},"excerpt":{"rendered":"<p style=\"text-align: center;\">Distintivo del 1921 in metallo dorato e smalti policromi per componente della\u00a0 <strong>AVANGUARDIA GIOVANILE FASCISTA<\/strong> , <strong>AGF<\/strong> ,\u00a0organizzazione interna al <strong>PNF\u00a0 (Partito Nazionale Fascista)<\/strong><\/p>\n<p style=\"text-align: center;\">Modello con piedino al retro per permettere l&#8217;inserimento all&#8217;occhiello della giacca.<\/p>\n<p style=\"text-align: center;\">Marcato <em><strong>LORIOLI &amp; CASTELLI<\/strong><\/em> , <strong><em>Milano &#8211; Via Bronzetti<\/em><\/strong><\/p>\n<p style=\"text-align: center;\">Misure approssimative mm.16 x 11. In ottime condizioni.<\/p>\n<p style=\"text-align: center;\"><strong><em>(Scorri la pagina in basso per ulteriori dettagli e informazioni)<\/em><\/strong><\/p>\n<p>&nbsp;<\/p>\n<p>&nbsp;<\/p>\n","protected":false},"featured_media":6504,"comment_status":"open","ping_status":"closed","template":"","meta":[],"product_cat":[586],"product_tag":[191,304,223,224,197,162,155,198,156,260,305,195],"yoast_head":"<!-- This site is optimized with the Yoast SEO plugin v21.9.1 - https:\/\/yoast.com\/wordpress\/plugins\/seo\/ -->\n<title>\u274c\ud83d\ude41Distintivo AGF Avanguardia Giovanile Fascista 1919 - Thefinitive<\/title>\n<meta name=\"description\" content=\"Distintivo AGF Avanguardia Giovanile Fascista del 1921 - Partito Nazionale Fascista - Fascio Littorio - Duce Mussolini squadrista GIL ONB\" \/>\n<meta name=\"robots\" content=\"index, follow, max-snippet:-1, max-image-preview:large, max-video-preview:-1\" \/>\n<link rel=\"canonical\" href=\"https:\/\/thefinitive.com\/en\/prodotto\/distintivo-agf-avanguardia-giovanile-fascista-1919\/\" \/>\n<meta property=\"og:locale\" content=\"en_US\" \/>\n<meta property=\"og:type\" content=\"article\" \/>\n<meta property=\"og:title\" content=\"\u274c\ud83d\ude41Distintivo AGF Avanguardia Giovanile Fascista 1919 - Thefinitive\" \/>\n<meta property=\"og:description\" content=\"Distintivo AGF Avanguardia Giovanile Fascista del 1921 - Partito Nazionale Fascista - Fascio Littorio - Duce Mussolini squadrista GIL ONB\" \/>\n<meta property=\"og:url\" content=\"https:\/\/thefinitive.com\/en\/prodotto\/distintivo-agf-avanguardia-giovanile-fascista-1919\/\" \/>\n<meta property=\"og:site_name\" content=\"Thefinitive\" \/>\n<meta property=\"article:publisher\" content=\"https:\/\/business.facebook.com\/Thefinitive-111771813534320\/\" \/>\n<meta property=\"article:modified_time\" content=\"2023-03-20T14:38:58+00:00\" \/>\n<meta property=\"og:image\" content=\"https:\/\/thefinitive.com\/wp-content\/uploads\/2020\/08\/20200814_125612-2.jpg\" \/>\n\t<meta property=\"og:image:width\" content=\"2160\" \/>\n\t<meta property=\"og:image:height\" content=\"2160\" \/>\n\t<meta property=\"og:image:type\" content=\"image\/jpeg\" \/>\n<meta name=\"twitter:card\" content=\"summary_large_image\" \/>\n<meta name=\"twitter:label1\" content=\"Est. reading time\" \/>\n\t<meta name=\"twitter:data1\" content=\"11 minutes\" \/>\n<script type=\"application\/ld+json\" class=\"yoast-schema-graph\">{\"@context\":\"https:\/\/schema.org\",\"@graph\":[{\"@type\":\"WebPage\",\"@id\":\"https:\/\/thefinitive.com\/en\/prodotto\/distintivo-agf-avanguardia-giovanile-fascista-1919\/\",\"url\":\"https:\/\/thefinitive.com\/en\/prodotto\/distintivo-agf-avanguardia-giovanile-fascista-1919\/\",\"name\":\"\u274c\ud83d\ude41Distintivo AGF Avanguardia Giovanile Fascista 1919 - Thefinitive\",\"isPartOf\":{\"@id\":\"https:\/\/thefinitive.com\/en\/#website\"},\"datePublished\":\"2020-08-17T09:29:11+00:00\",\"dateModified\":\"2023-03-20T14:38:58+00:00\",\"description\":\"Distintivo AGF Avanguardia Giovanile Fascista del 1921 - Partito Nazionale Fascista - Fascio Littorio - Duce Mussolini squadrista GIL ONB\",\"breadcrumb\":{\"@id\":\"https:\/\/thefinitive.com\/en\/prodotto\/distintivo-agf-avanguardia-giovanile-fascista-1919\/#breadcrumb\"},\"inLanguage\":\"en-US\",\"potentialAction\":[{\"@type\":\"ReadAction\",\"target\":[\"https:\/\/thefinitive.com\/en\/prodotto\/distintivo-agf-avanguardia-giovanile-fascista-1919\/\"]}]},{\"@type\":\"BreadcrumbList\",\"@id\":\"https:\/\/thefinitive.com\/en\/prodotto\/distintivo-agf-avanguardia-giovanile-fascista-1919\/#breadcrumb\",\"itemListElement\":[{\"@type\":\"ListItem\",\"position\":1,\"name\":\"Home\",\"item\":\"https:\/\/thefinitive.com\/en\/\"},{\"@type\":\"ListItem\",\"position\":2,\"name\":\"Shop\",\"item\":\"https:\/\/thefinitive.com\/en\/shop-2\/\"},{\"@type\":\"ListItem\",\"position\":3,\"name\":\"\u274c\ud83d\ude41Distintivo AGF Avanguardia Giovanile Fascista 1919\"}]},{\"@type\":\"WebSite\",\"@id\":\"https:\/\/thefinitive.com\/en\/#website\",\"url\":\"https:\/\/thefinitive.com\/en\/\",\"name\":\"Thefinitive\",\"description\":\"Antiquariato Online\",\"publisher\":{\"@id\":\"https:\/\/thefinitive.com\/en\/#organization\"},\"potentialAction\":[{\"@type\":\"SearchAction\",\"target\":{\"@type\":\"EntryPoint\",\"urlTemplate\":\"https:\/\/thefinitive.com\/en\/?s={search_term_string}\"},\"query-input\":\"required name=search_term_string\"}],\"inLanguage\":\"en-US\"},{\"@type\":\"Organization\",\"@id\":\"https:\/\/thefinitive.com\/en\/#organization\",\"name\":\"Thefinitive\",\"url\":\"https:\/\/thefinitive.com\/en\/\",\"logo\":{\"@type\":\"ImageObject\",\"inLanguage\":\"en-US\",\"@id\":\"https:\/\/thefinitive.com\/en\/#\/schema\/logo\/image\/\",\"url\":\"https:\/\/thefinitive.com\/wp-content\/uploads\/2019\/07\/logo4vett.svg\",\"contentUrl\":\"https:\/\/thefinitive.com\/wp-content\/uploads\/2019\/07\/logo4vett.svg\",\"width\":500,\"height\":100,\"caption\":\"Thefinitive\"},\"image\":{\"@id\":\"https:\/\/thefinitive.com\/en\/#\/schema\/logo\/image\/\"},\"sameAs\":[\"https:\/\/business.facebook.com\/Thefinitive-111771813534320\/\",\"https:\/\/www.instagram.com\/_thefinitive_\/\"]}]}<\/script>\n<!-- \/ Yoast SEO plugin. -->","yoast_head_json":{"title":"\u274c\ud83d\ude41Distintivo AGF Avanguardia Giovanile Fascista 1919 - Thefinitive","description":"Distintivo AGF Avanguardia Giovanile Fascista del 1921 - Partito Nazionale Fascista - Fascio Littorio - Duce Mussolini squadrista GIL ONB","robots":{"index":"index","follow":"follow","max-snippet":"max-snippet:-1","max-image-preview":"max-image-preview:large","max-video-preview":"max-video-preview:-1"},"canonical":"https:\/\/thefinitive.com\/en\/prodotto\/distintivo-agf-avanguardia-giovanile-fascista-1919\/","og_locale":"en_US","og_type":"article","og_title":"\u274c\ud83d\ude41Distintivo AGF Avanguardia Giovanile Fascista 1919 - Thefinitive","og_description":"Distintivo AGF Avanguardia Giovanile Fascista del 1921 - Partito Nazionale Fascista - Fascio Littorio - Duce Mussolini squadrista GIL ONB","og_url":"https:\/\/thefinitive.com\/en\/prodotto\/distintivo-agf-avanguardia-giovanile-fascista-1919\/","og_site_name":"Thefinitive","article_publisher":"https:\/\/business.facebook.com\/Thefinitive-111771813534320\/","article_modified_time":"2023-03-20T14:38:58+00:00","og_image":[{"width":2160,"height":2160,"url":"https:\/\/thefinitive.com\/wp-content\/uploads\/2020\/08\/20200814_125612-2.jpg","type":"image\/jpeg"}],"twitter_card":"summary_large_image","twitter_misc":{"Est. reading time":"11 minutes"},"schema":{"@context":"https:\/\/schema.org","@graph":[{"@type":"WebPage","@id":"https:\/\/thefinitive.com\/en\/prodotto\/distintivo-agf-avanguardia-giovanile-fascista-1919\/","url":"https:\/\/thefinitive.com\/en\/prodotto\/distintivo-agf-avanguardia-giovanile-fascista-1919\/","name":"\u274c\ud83d\ude41Distintivo AGF Avanguardia Giovanile Fascista 1919 - Thefinitive","isPartOf":{"@id":"https:\/\/thefinitive.com\/en\/#website"},"datePublished":"2020-08-17T09:29:11+00:00","dateModified":"2023-03-20T14:38:58+00:00","description":"Distintivo AGF Avanguardia Giovanile Fascista del 1921 - Partito Nazionale Fascista - Fascio Littorio - Duce Mussolini squadrista GIL ONB","breadcrumb":{"@id":"https:\/\/thefinitive.com\/en\/prodotto\/distintivo-agf-avanguardia-giovanile-fascista-1919\/#breadcrumb"},"inLanguage":"en-US","potentialAction":[{"@type":"ReadAction","target":["https:\/\/thefinitive.com\/en\/prodotto\/distintivo-agf-avanguardia-giovanile-fascista-1919\/"]}]},{"@type":"BreadcrumbList","@id":"https:\/\/thefinitive.com\/en\/prodotto\/distintivo-agf-avanguardia-giovanile-fascista-1919\/#breadcrumb","itemListElement":[{"@type":"ListItem","position":1,"name":"Home","item":"https:\/\/thefinitive.com\/en\/"},{"@type":"ListItem","position":2,"name":"Shop","item":"https:\/\/thefinitive.com\/en\/shop-2\/"},{"@type":"ListItem","position":3,"name":"\u274c\ud83d\ude41Distintivo AGF Avanguardia Giovanile Fascista 1919"}]},{"@type":"WebSite","@id":"https:\/\/thefinitive.com\/en\/#website","url":"https:\/\/thefinitive.com\/en\/","name":"Thefinitive","description":"Antiquariato Online","publisher":{"@id":"https:\/\/thefinitive.com\/en\/#organization"},"potentialAction":[{"@type":"SearchAction","target":{"@type":"EntryPoint","urlTemplate":"https:\/\/thefinitive.com\/en\/?s={search_term_string}"},"query-input":"required name=search_term_string"}],"inLanguage":"en-US"},{"@type":"Organization","@id":"https:\/\/thefinitive.com\/en\/#organization","name":"Thefinitive","url":"https:\/\/thefinitive.com\/en\/","logo":{"@type":"ImageObject","inLanguage":"en-US","@id":"https:\/\/thefinitive.com\/en\/#\/schema\/logo\/image\/","url":"https:\/\/thefinitive.com\/wp-content\/uploads\/2019\/07\/logo4vett.svg","contentUrl":"https:\/\/thefinitive.com\/wp-content\/uploads\/2019\/07\/logo4vett.svg","width":500,"height":100,"caption":"Thefinitive"},"image":{"@id":"https:\/\/thefinitive.com\/en\/#\/schema\/logo\/image\/"},"sameAs":["https:\/\/business.facebook.com\/Thefinitive-111771813534320\/","https:\/\/www.instagram.com\/_thefinitive_\/"]}]}},"_links":{"self":[{"href":"https:\/\/thefinitive.com\/en\/wp-json\/wp\/v3\/product\/6545"}],"collection":[{"href":"https:\/\/thefinitive.com\/en\/wp-json\/wp\/v3\/product"}],"about":[{"href":"https:\/\/thefinitive.com\/en\/wp-json\/wp\/v2\/types\/product"}],"replies":[{"embeddable":true,"href":"https:\/\/thefinitive.com\/en\/wp-json\/wp\/v2\/comments?post=6545"}],"version-history":[{"count":1,"href":"https:\/\/thefinitive.com\/en\/wp-json\/wp\/v3\/product\/6545\/revisions"}],"predecessor-version":[{"id":14716,"href":"https:\/\/thefinitive.com\/en\/wp-json\/wp\/v3\/product\/6545\/revisions\/14716"}],"wp:featuredmedia":[{"embeddable":true,"href":"https:\/\/thefinitive.com\/en\/wp-json\/wp\/v2\/media\/6504"}],"wp:attachment":[{"href":"https:\/\/thefinitive.com\/en\/wp-json\/wp\/v2\/media?parent=6545"}],"wp:term":[{"taxonomy":"product_cat","embeddable":true,"href":"https:\/\/thefinitive.com\/en\/wp-json\/wp\/v2\/product_cat?post=6545"},{"taxonomy":"product_tag","embeddable":true,"href":"https:\/\/thefinitive.com\/en\/wp-json\/wp\/v2\/product_tag?post=6545"}],"curies":[{"name":"wp","href":"https:\/\/api.w.org\/{rel}","templated":true}]}}