{"id":6451,"date":"2020-08-14T13:43:22","date_gmt":"2020-08-14T13:43:22","guid":{"rendered":"https:\/\/www.thefinitive.com\/?post_type=product&#038;p=6451"},"modified":"2025-03-21T14:54:17","modified_gmt":"2025-03-21T13:54:17","slug":"badoglio-maresciallo-italia-autografo-su-fotografia-2","status":"publish","type":"product","link":"https:\/\/thefinitive.com\/en\/prodotto\/badoglio-maresciallo-italia-autografo-su-fotografia-2\/","title":{"rendered":"Badoglio Maresciallo Italia autografo su fotografia (2)"},"content":{"rendered":"<p>Foto del <b>Maresciallo d&#8217;Italia <\/b>, <b>PIETRO BADOGLIO <\/b>, con autografo originale. Ritratto in un momento di relax, in abiti civili. Formato cartolina, in ottime condizioni. Autografo ad inchiostro, scritto di pugno dallo stesso Maresciallo d&#8217;Italia Badoglio.<\/p>\n<p><strong>MISURE &#8230;&#8230;..<\/strong> cm. 14 x 9<\/p>\n<p>&nbsp;<\/p>\n<h2>Notizie<\/h2>\n<p><b>Pietro Badoglio<\/b>\u00a0(Grazzano Monferrato,\u00a028 settembre\u00a01871\u00a0\u2013\u00a0Grazzano Badoglio,\u00a01\u00ba novembre\u00a01956) \u00e8 stato un\u00a0generale\u00a0e\u00a0politico\u00a0italiano,\u00a0maresciallo d&#8217;Italia,\u00a0senatore\u00a0e\u00a0capo del governo\u00a0dal 25 luglio\u00a01943\u00a0all&#8217;8 giugno\u00a01944. Fu nominato marchese del Sabotino\u00a0<i>motu proprio<\/i>\u00a0dal re\u00a0Vittorio Emanuele III\u00a0e\u00a0duca di Addis Abeba.<\/p>\n<p>Membro del\u00a0PNF, dopo la deposizione di\u00a0Mussolini\u00a0guid\u00f2 un governo militare durante la\u00a0seconda guerra mondiale\u00a0che condusse il paese all&#8217;armistizio dell&#8217;8 settembre 1943. Venne poi inserito nella lista dei\u00a0criminali di guerra\u00a0dell&#8217;ONU\u00a0su richiesta dell&#8217;Etiopia, ma non venne mai processato.<\/p>\n<p>Figlio di Mario Badoglio, modesto\u00a0proprietario terriero, e di Antonietta Pittarelli, facoltosa\u00a0borghese, il 5 ottobre\u00a01888\u00a0fu ammesso all&#8217;Accademia Reale di Torino, dove consegu\u00ec il grado di\u00a0sottotenente\u00a0il 16 novembre\u00a01890\u00a0e di\u00a0tenente\u00a0il 7 agosto\u00a01892. Nel febbraio 1896 fu inviato in\u00a0Eritrea\u00a0con il generale\u00a0Antonio Baldissera\u00a0e partecip\u00f2 alla spedizione su\u00a0Adigrat\u00a0per liberare dall&#8217;assedio il maggiore\u00a0Marcello Prestinari. Successivamente rimase sino alla fine del\u00a01898\u00a0di guarnigione sull&#8217;altopiano, ad\u00a0Adi Keyh. Tornato in Italia, dopo aver frequentato la\u00a0Scuola di guerra dell&#8217;esercito\u00a0fu promosso\u00a0capitano\u00a0il 13 luglio\u00a01903\u00a0e partecip\u00f2 fin dall&#8217;inizio alla\u00a0guerra italo-turca\u00a0(1911-12), ove fu decorato al valor militare per aver organizzato l&#8217;azione di\u00a0Ain Zara\u00a0e promosso\u00a0Maggiore\u00a0per merito di guerra, per aver pianificato l&#8217;occupazione dell&#8217;oasi di\u00a0Zanzur.<\/p>\n<p class=\"testi\">Rimpatriato, fu assegnato al 3\u00b0 da fortezza di stanza a Roma. Tenente Colonnello il 25 febbraio del 1915 fu assegnato al comando della 2\u00aa Armata. Poco dopo l&#8217;inizio della guerra pass\u00f2 al comando della 4\u00aa divisione, il cui settore era dominato dal Sabotino, un monte privo di vegetazione e fortemente fortificato dagli Austriaci, fino ad allora giudicato imprendibile.<\/p>\n<p class=\"testi\">Badoglio ebbe l&#8217;idea di espugnarlo usando il procedimento delle parallele. I lavori per scavare e rafforzare le successive trincee durarono mesi, Badoglio, promosso Colonnello nell&#8217;aprile 1916 e divenuto capo di Stato Maggiore del VI Corpo d&#8217;Armata, continu\u00f2 a dirigerli e comand\u00f2 la brigata che effettu\u00f2 la conquista del Sabotino il 6 agosto 1916.<\/p>\n<p class=\"testi\">Promosso Maggior Generale per merito di guerra, continu\u00f2 nell&#8217;incarico di Capo di Stato Maggiore fino al novembre, quando prese il comando della brigata Cuneo. Nel maggio 1917 fu incaricato del comando del II Corpo d&#8217;Armata qualche giorno prima dell&#8217;inizio della 10\u00aa battaglia dell&#8217;Isonzo. Il II Corpo d&#8217;Armata conquist\u00f2 il Vodice e Monte Kuk, posizioni ritenute quasi imprendibili, e naturalmente Badoglio acquist\u00f2 nuovi meriti, tanto che il comandante della 2\u00aa Armata, Capello, nella successiva 11\u00aa battaglia lo destin\u00f2 al comando del XXVII corpo. Fu promosso Tenente Generale, ancora per merito di guerra.<\/p>\n<p class=\"testi\">Badoglio continu\u00f2 a comandare il XXVII corpo e fu proprio nel suo settore che la mattina del 24 ottobre 1917 gli Austro-Tedeschi sfondarono dando inizio alla disfatta di Caporetto.<\/p>\n<p class=\"testi\">Badoglio fu nominato Sottocapo di Stato Maggiore dell&#8217;Esercito unitamente al generale Giardino. Lavoratore instancabile, molto preparato professionalmente, intelligente e volitivo, Badoglio divenne presto il punto di forza del nuovo Comando Supremo e quando, nel febbraio 1918, il generale Giardino fu inviato a Versailles, divenne Sottocapo unico e alter ego di Diaz.<\/p>\n<p class=\"testi\">Condusse trattative per l&#8217;armistizio del 4 novembre 1918 con equilibrio, con fermezza e con signorilit\u00e0. Il 24 febbraio 1919 Badoglio fu nominato Senatore. Nell&#8217;agosto 1919 il Comando Supremo fu sciolto ma Badoglio continu\u00f2 a ricoprire l&#8217;incarico di Sottocapo di Stato Maggiore. Nel settembre il Presidente Nitti lo nomin\u00f2 Commissario straordinario del governo per la Venezia Giulia e lo mand\u00f2 a Fiume, occupata da Gabriele D&#8217;Annunzio con i suoi volontari.<\/p>\n<p class=\"testi\">Il 2 dicembre Badoglio, promosso Generale d&#8217;Esercito e nominato Capo di Stato Maggiore al posto di Diaz, torn\u00f2 a Roma. Nel febbraio 1921 lasci\u00f2 l&#8217;incarico ed entr\u00f2 a far parte del Consiglio dell&#8217;Esercito. Nel 1923 Mussolini lo mand\u00f2 in Brasile come ambasciatore, ma gi\u00e0 nell&#8217;aprile del 1925 fu richiamato a Roma e nominato Capo di Stato Maggiore Generale, incarico allora abbinato a quello di Capo di Stato Maggiore dell&#8217;Esercito. Promosso Maresciallo d&#8217;Italia nel 1926, dal 1\u00ba febbraio 1927 lasci\u00f2 l&#8217;incarico di Capo di Stato Maggiore dell&#8217;Esercito al Generale Ferrari.<\/p>\n<p class=\"testi\">Fu inviato in Libia come Governatore generale nel gennaio del 1929. Un&#8217;esperienza pienamente positiva: la colonia fu pacificata ed avviata ad uno sviluppo civile con l&#8217;attuazione di un ampio programma di opere pubbliche.<\/p>\n<p class=\"testi\">Richiamato in Patria alla fine del 1933, nel novembre del 1935 fu inviato in Eritrea quale Comandante supremo.<\/p>\n<p class=\"testi\">Entrato trionfalmente ad Addis Abeba il 5 maggio 1936 Badoglio rientr\u00f2 quasi subito in Patria, accolto con grandi onori e con la concessione del titolo di duca di Addis Abeba.<\/p>\n<p class=\"testi\">Carico di onori e di prebende, Badoglio non ebbe il coraggio di abbandonare l&#8217;incarico di Capo di Stato Maggiore Generale quando Mussolini manifest\u00f2 l&#8217;intenzione di entrare in guerra a fianco della Germania. Le prime cocenti sconfitte in Africa Settentrionale ed in Grecia fecero di Badoglio il capro espiatorio. Di fronte alle accuse di incompetenza, mossegli soprattutto dagli ambienti fascisti, dette le dimissioni. Gli eventi successivi fecero s\u00ec che Badoglio, avvicinato da alcuni uomini politici antifascisti (Bonomi, Soleri, Orlando) dimostrasse la sua disponibilit\u00e0 ad assumere la Presidenza del Consiglio ed a porre fine alla guerra.<\/p>\n<p class=\"testi\">Il 25 luglio 1943 Badoglio divenne il Presidente del Consiglio ed in tale veste gest\u00ec le fasi dell&#8217;armistizio.<\/p>\n<p class=\"testi\">Abbandonata Roma dopo l&#8217;annuncio dell&#8217;armistizio, Badoglio si rec\u00f2 a Brindisi con il sovrano e rimase alla Presidenza del Consiglio fino alla liberazione di Roma. L&#8217;8 giugno 1944\u00a0 cedette, infatti, l&#8217;incarico ad Ivanoe Bonomi, un politico che era gi\u00e0 stato primo ministro dal luglio 1921\u00a0 al febbraio 1922. Ritiratosi a vita privata, (di cui abbiamo questa foto cartolina con autografo del Badoglio Maresciallo d&#8217;Italia) mor\u00ec a Grazzano il 10 novembre 1956.<\/p>\n<p>Data la vastit\u00e0 dell&#8217;argomento, si rimanda a ricerche specifiche sul web, come il link\u00a0 <a href=\"https:\/\/it.wikipedia.org\/wiki\/Pietro_Badoglio\">wikipedia<\/a><\/p>\n<p>8.20<\/p>\n","protected":false},"excerpt":{"rendered":"<p style=\"text-align: center;\"><b>PIETRO BADOGLIO <\/b>, <strong>Maresciallo d&#8217;Italia<\/strong>, foto cartolina con autografo originale. Ritratto in un momento di relax. In ottime condizioni.<\/p>\n<p style=\"text-align: center;\">Autografo ad inchiostro, scritto di pugno dallo stesso Badoglio.<\/p>\n<p style=\"text-align: center;\">Foto in bianco e nero, dimensioni circa cm.14 x 9 .<\/p>\n<p>&nbsp;<\/p>\n<p style=\"text-align: center;\"><strong><em>(Scorri la pagina in basso per ulteriori dettagli e informazioni)<\/em><\/strong><\/p>\n","protected":false},"featured_media":6389,"comment_status":"open","ping_status":"closed","template":"","meta":[],"product_cat":[586],"product_tag":[191,241,570,228,156,192,242,306,238,243],"yoast_head":"<!-- This site is optimized with the Yoast SEO plugin v21.9.1 - https:\/\/yoast.com\/wordpress\/plugins\/seo\/ -->\n<title>Badoglio Maresciallo Italia autografo su fotografia (2) - Thefinitive<\/title>\n<meta name=\"description\" content=\"Badoglio Pietro MARESCIALLO D&#039;ITALIA fotografia privata FIUGGI con autografo originale HAND SIGNED ORIGINAL PRIVATE Badoglio&#039;s photograph\" \/>\n<meta name=\"robots\" content=\"index, follow, max-snippet:-1, max-image-preview:large, max-video-preview:-1\" \/>\n<link rel=\"canonical\" href=\"https:\/\/thefinitive.com\/en\/prodotto\/badoglio-maresciallo-italia-autografo-su-fotografia-2\/\" \/>\n<meta property=\"og:locale\" content=\"en_US\" \/>\n<meta property=\"og:type\" content=\"article\" \/>\n<meta property=\"og:title\" content=\"Badoglio Maresciallo Italia autografo su fotografia (2) - Thefinitive\" \/>\n<meta property=\"og:description\" content=\"Badoglio Pietro MARESCIALLO D&#039;ITALIA fotografia privata FIUGGI con autografo originale HAND SIGNED ORIGINAL PRIVATE Badoglio&#039;s photograph\" \/>\n<meta property=\"og:url\" content=\"https:\/\/thefinitive.com\/en\/prodotto\/badoglio-maresciallo-italia-autografo-su-fotografia-2\/\" \/>\n<meta property=\"og:site_name\" content=\"Thefinitive\" \/>\n<meta property=\"article:publisher\" content=\"https:\/\/business.facebook.com\/Thefinitive-111771813534320\/\" \/>\n<meta property=\"article:modified_time\" content=\"2025-03-21T13:54:17+00:00\" \/>\n<meta property=\"og:image\" content=\"https:\/\/thefinitive.com\/wp-content\/uploads\/2020\/08\/bada1.jpg\" \/>\n\t<meta property=\"og:image:width\" content=\"1637\" \/>\n\t<meta property=\"og:image:height\" content=\"2144\" \/>\n\t<meta property=\"og:image:type\" content=\"image\/jpeg\" \/>\n<meta name=\"twitter:card\" content=\"summary_large_image\" \/>\n<meta name=\"twitter:label1\" content=\"Est. reading time\" \/>\n\t<meta name=\"twitter:data1\" content=\"5 minutes\" \/>\n<script type=\"application\/ld+json\" class=\"yoast-schema-graph\">{\"@context\":\"https:\/\/schema.org\",\"@graph\":[{\"@type\":\"WebPage\",\"@id\":\"https:\/\/thefinitive.com\/en\/prodotto\/badoglio-maresciallo-italia-autografo-su-fotografia-2\/\",\"url\":\"https:\/\/thefinitive.com\/en\/prodotto\/badoglio-maresciallo-italia-autografo-su-fotografia-2\/\",\"name\":\"Badoglio Maresciallo Italia autografo su fotografia (2) - Thefinitive\",\"isPartOf\":{\"@id\":\"https:\/\/thefinitive.com\/en\/#website\"},\"datePublished\":\"2020-08-14T13:43:22+00:00\",\"dateModified\":\"2025-03-21T13:54:17+00:00\",\"description\":\"Badoglio Pietro MARESCIALLO D'ITALIA fotografia privata FIUGGI con autografo originale HAND SIGNED ORIGINAL PRIVATE Badoglio's photograph\",\"breadcrumb\":{\"@id\":\"https:\/\/thefinitive.com\/en\/prodotto\/badoglio-maresciallo-italia-autografo-su-fotografia-2\/#breadcrumb\"},\"inLanguage\":\"en-US\",\"potentialAction\":[{\"@type\":\"ReadAction\",\"target\":[\"https:\/\/thefinitive.com\/en\/prodotto\/badoglio-maresciallo-italia-autografo-su-fotografia-2\/\"]}]},{\"@type\":\"BreadcrumbList\",\"@id\":\"https:\/\/thefinitive.com\/en\/prodotto\/badoglio-maresciallo-italia-autografo-su-fotografia-2\/#breadcrumb\",\"itemListElement\":[{\"@type\":\"ListItem\",\"position\":1,\"name\":\"Home\",\"item\":\"https:\/\/thefinitive.com\/en\/\"},{\"@type\":\"ListItem\",\"position\":2,\"name\":\"Shop\",\"item\":\"https:\/\/thefinitive.com\/en\/shop-2\/\"},{\"@type\":\"ListItem\",\"position\":3,\"name\":\"Badoglio Maresciallo Italia autografo su fotografia (2)\"}]},{\"@type\":\"WebSite\",\"@id\":\"https:\/\/thefinitive.com\/en\/#website\",\"url\":\"https:\/\/thefinitive.com\/en\/\",\"name\":\"Thefinitive\",\"description\":\"Antiquariato Online\",\"publisher\":{\"@id\":\"https:\/\/thefinitive.com\/en\/#organization\"},\"potentialAction\":[{\"@type\":\"SearchAction\",\"target\":{\"@type\":\"EntryPoint\",\"urlTemplate\":\"https:\/\/thefinitive.com\/en\/?s={search_term_string}\"},\"query-input\":\"required name=search_term_string\"}],\"inLanguage\":\"en-US\"},{\"@type\":\"Organization\",\"@id\":\"https:\/\/thefinitive.com\/en\/#organization\",\"name\":\"Thefinitive\",\"url\":\"https:\/\/thefinitive.com\/en\/\",\"logo\":{\"@type\":\"ImageObject\",\"inLanguage\":\"en-US\",\"@id\":\"https:\/\/thefinitive.com\/en\/#\/schema\/logo\/image\/\",\"url\":\"https:\/\/thefinitive.com\/wp-content\/uploads\/2019\/07\/logo4vett.svg\",\"contentUrl\":\"https:\/\/thefinitive.com\/wp-content\/uploads\/2019\/07\/logo4vett.svg\",\"width\":500,\"height\":100,\"caption\":\"Thefinitive\"},\"image\":{\"@id\":\"https:\/\/thefinitive.com\/en\/#\/schema\/logo\/image\/\"},\"sameAs\":[\"https:\/\/business.facebook.com\/Thefinitive-111771813534320\/\",\"https:\/\/www.instagram.com\/_thefinitive_\/\"]}]}<\/script>\n<!-- \/ Yoast SEO plugin. -->","yoast_head_json":{"title":"Badoglio Maresciallo Italia autografo su fotografia (2) - Thefinitive","description":"Badoglio Pietro MARESCIALLO D'ITALIA fotografia privata FIUGGI con autografo originale HAND SIGNED ORIGINAL PRIVATE Badoglio's photograph","robots":{"index":"index","follow":"follow","max-snippet":"max-snippet:-1","max-image-preview":"max-image-preview:large","max-video-preview":"max-video-preview:-1"},"canonical":"https:\/\/thefinitive.com\/en\/prodotto\/badoglio-maresciallo-italia-autografo-su-fotografia-2\/","og_locale":"en_US","og_type":"article","og_title":"Badoglio Maresciallo Italia autografo su fotografia (2) - Thefinitive","og_description":"Badoglio Pietro MARESCIALLO D'ITALIA fotografia privata FIUGGI con autografo originale HAND SIGNED ORIGINAL PRIVATE Badoglio's photograph","og_url":"https:\/\/thefinitive.com\/en\/prodotto\/badoglio-maresciallo-italia-autografo-su-fotografia-2\/","og_site_name":"Thefinitive","article_publisher":"https:\/\/business.facebook.com\/Thefinitive-111771813534320\/","article_modified_time":"2025-03-21T13:54:17+00:00","og_image":[{"width":1637,"height":2144,"url":"https:\/\/thefinitive.com\/wp-content\/uploads\/2020\/08\/bada1.jpg","type":"image\/jpeg"}],"twitter_card":"summary_large_image","twitter_misc":{"Est. reading time":"5 minutes"},"schema":{"@context":"https:\/\/schema.org","@graph":[{"@type":"WebPage","@id":"https:\/\/thefinitive.com\/en\/prodotto\/badoglio-maresciallo-italia-autografo-su-fotografia-2\/","url":"https:\/\/thefinitive.com\/en\/prodotto\/badoglio-maresciallo-italia-autografo-su-fotografia-2\/","name":"Badoglio Maresciallo Italia autografo su fotografia (2) - Thefinitive","isPartOf":{"@id":"https:\/\/thefinitive.com\/en\/#website"},"datePublished":"2020-08-14T13:43:22+00:00","dateModified":"2025-03-21T13:54:17+00:00","description":"Badoglio Pietro MARESCIALLO D'ITALIA fotografia privata FIUGGI con autografo originale HAND SIGNED ORIGINAL PRIVATE Badoglio's photograph","breadcrumb":{"@id":"https:\/\/thefinitive.com\/en\/prodotto\/badoglio-maresciallo-italia-autografo-su-fotografia-2\/#breadcrumb"},"inLanguage":"en-US","potentialAction":[{"@type":"ReadAction","target":["https:\/\/thefinitive.com\/en\/prodotto\/badoglio-maresciallo-italia-autografo-su-fotografia-2\/"]}]},{"@type":"BreadcrumbList","@id":"https:\/\/thefinitive.com\/en\/prodotto\/badoglio-maresciallo-italia-autografo-su-fotografia-2\/#breadcrumb","itemListElement":[{"@type":"ListItem","position":1,"name":"Home","item":"https:\/\/thefinitive.com\/en\/"},{"@type":"ListItem","position":2,"name":"Shop","item":"https:\/\/thefinitive.com\/en\/shop-2\/"},{"@type":"ListItem","position":3,"name":"Badoglio Maresciallo Italia autografo su fotografia (2)"}]},{"@type":"WebSite","@id":"https:\/\/thefinitive.com\/en\/#website","url":"https:\/\/thefinitive.com\/en\/","name":"Thefinitive","description":"Antiquariato Online","publisher":{"@id":"https:\/\/thefinitive.com\/en\/#organization"},"potentialAction":[{"@type":"SearchAction","target":{"@type":"EntryPoint","urlTemplate":"https:\/\/thefinitive.com\/en\/?s={search_term_string}"},"query-input":"required name=search_term_string"}],"inLanguage":"en-US"},{"@type":"Organization","@id":"https:\/\/thefinitive.com\/en\/#organization","name":"Thefinitive","url":"https:\/\/thefinitive.com\/en\/","logo":{"@type":"ImageObject","inLanguage":"en-US","@id":"https:\/\/thefinitive.com\/en\/#\/schema\/logo\/image\/","url":"https:\/\/thefinitive.com\/wp-content\/uploads\/2019\/07\/logo4vett.svg","contentUrl":"https:\/\/thefinitive.com\/wp-content\/uploads\/2019\/07\/logo4vett.svg","width":500,"height":100,"caption":"Thefinitive"},"image":{"@id":"https:\/\/thefinitive.com\/en\/#\/schema\/logo\/image\/"},"sameAs":["https:\/\/business.facebook.com\/Thefinitive-111771813534320\/","https:\/\/www.instagram.com\/_thefinitive_\/"]}]}},"_links":{"self":[{"href":"https:\/\/thefinitive.com\/en\/wp-json\/wp\/v3\/product\/6451"}],"collection":[{"href":"https:\/\/thefinitive.com\/en\/wp-json\/wp\/v3\/product"}],"about":[{"href":"https:\/\/thefinitive.com\/en\/wp-json\/wp\/v2\/types\/product"}],"replies":[{"embeddable":true,"href":"https:\/\/thefinitive.com\/en\/wp-json\/wp\/v2\/comments?post=6451"}],"version-history":[{"count":1,"href":"https:\/\/thefinitive.com\/en\/wp-json\/wp\/v3\/product\/6451\/revisions"}],"predecessor-version":[{"id":15485,"href":"https:\/\/thefinitive.com\/en\/wp-json\/wp\/v3\/product\/6451\/revisions\/15485"}],"wp:featuredmedia":[{"embeddable":true,"href":"https:\/\/thefinitive.com\/en\/wp-json\/wp\/v2\/media\/6389"}],"wp:attachment":[{"href":"https:\/\/thefinitive.com\/en\/wp-json\/wp\/v2\/media?parent=6451"}],"wp:term":[{"taxonomy":"product_cat","embeddable":true,"href":"https:\/\/thefinitive.com\/en\/wp-json\/wp\/v2\/product_cat?post=6451"},{"taxonomy":"product_tag","embeddable":true,"href":"https:\/\/thefinitive.com\/en\/wp-json\/wp\/v2\/product_tag?post=6451"}],"curies":[{"name":"wp","href":"https:\/\/api.w.org\/{rel}","templated":true}]}}