{"id":6328,"date":"2020-08-09T11:42:14","date_gmt":"2020-08-09T11:42:14","guid":{"rendered":"https:\/\/www.thefinitive.com\/?post_type=product&#038;p=6328"},"modified":"2024-03-24T21:09:19","modified_gmt":"2024-03-24T20:09:19","slug":"citta-aperta-roma-polizia-1943-1945-fascia-da-braccio","status":"publish","type":"product","link":"https:\/\/thefinitive.com\/en\/prodotto\/citta-aperta-roma-polizia-1943-1945-fascia-da-braccio\/","title":{"rendered":"\u274c\ud83d\ude41CITTA&#8217; APERTA Roma Polizia 1943 &#8211; 1945 Fascia da Braccio"},"content":{"rendered":"<p>Fascia da braccio per <strong>AUSILIARI DI POLIZIA<\/strong> in uso durante il periodo di <strong>CITTA&#8217; APERTA DI ROMA <\/strong>, dal 14 Agosto 1943 al termine della Seconda Guerra Mondiale. Fascia in cotone con 4 laccetti di cotone bianco per permetterne l&#8217;allaccio intorno al braccio di chi doveva portarla; di forma rettangolare, nella colorazione tipica del comune di Roma, rosso pompeiano attraversato da una striscia diagonale in giallo ocra; in alto troviamo la dicitura <strong>CITTA&#8217; APERTA DI ROMA<\/strong> , stampata in rosso, ed al centro stampato in nero la specifica <strong>AUSILIARI DI POLIZIA.<\/strong><\/p>\n<p>La fascia in oggetto riporta un numero di assegnazione, che in questo caso risulta leggermente sbiadito e non completamente leggibile,\u00a0 \u00a0<em><strong>004100\u00a0 <\/strong><\/em>, stampato in alto a sinistra. A garantirne ulteriormente l&#8217;autenticit\u00e0 troviamo due timbri circolari ad inchiostro : il primo posto in basso, sulla striscia diagonale gialla, <strong>CITTA&#8217; APERTA DI ROMA &#8211; COMANDO POLIZIA ROMA\u00a0<\/strong>; il secondo appena sopra il primo, sul campo rosso, in lingua tedesca si legge <strong>DER &#8230;.. KOMMANDANT<\/strong>\u00a0 con aquila nazista e svastica agli artigli.<\/p>\n<p>Queste fasce sono da ricondursi al periodo di occupazione della citt\u00e0 di Roma da parte delle forze tedesche (settembre 1943 &#8211; giugno 1944) pur essendo stata dichiarata &#8220;citt\u00e0 aperta&#8221; ( quindi secondo il diritto internazionale citt\u00e0 smilitarizzata) Roma era di fatto ancora sotto il controllo delle forze di <em><strong>Kesserling<\/strong> <\/em>e del neo ricostituito partito fascista repubblicano.<\/p>\n<p>La fascia di Polizia per Roma Citt\u00e0 Aperta \u00e8 in ottime condizioni, i laccetti sono presenti e questo la rende molto pi\u00f9 interessante di altri cimeli simili.<\/p>\n<p><strong>MATERIALE&#8230;&#8230; :\u00a0<\/strong> Cotone stampato policromia<\/p>\n<p><strong>DIMENSIONI &#8230;. :<\/strong> cm.28 x 11 circa<\/p>\n<p>&nbsp;<\/p>\n<h2>Notizie<\/h2>\n<h3>Citt\u00e0 Aperta di Roma, polizia<\/h3>\n<p>L&#8217;espressione\u00a0<b>citt\u00e0 aperta<\/b>\u00a0si riferisce a una\u00a0citt\u00e0\u00a0ceduta, per accordo esplicito o tacito tra le parti belligeranti, alle forze nemiche senza\u00a0combattimenti\u00a0con lo scopo di evitarne la distruzione. Lo\u00a0status\u00a0viene attribuito tenendo conto del particolare interesse storico o culturale della citt\u00e0, oppure in virt\u00f9 del consistente numero di\u00a0civili\u00a0presenti nella popolazione.<\/p>\n<p>L&#8217;accesso del nemico alla citt\u00e0 dichiarata &#8220;aperta&#8221; non deve incontrare resistenza;<sup id=\"cite_ref-1\" class=\"reference\"><\/sup>\u00a0secondo il\u00a0diritto bellico\u00a0internazionale, infatti, &#8220;aperta&#8221; significa &#8220;aperta all&#8217;occupazione\u00a0da parte del nemico&#8221;.<\/p>\n<p>Lo statuto conferito alle citt\u00e0 aperte non \u00e8 tuttavia inviolabile, e una dichiarazione unilaterale pu\u00f2 non essere riconosciuta dal nemico, se chi fa la dichiarazione non si comporta di conseguenza. Pi\u00f9 volte durante la\u00a0Seconda guerra mondiale\u00a0alcune citt\u00e0 dichiarate aperte furono bombardate. La dichiarazione di &#8220;citt\u00e0 aperta&#8221; riguardante\u00a0Roma\u00a0del 14 agosto\u00a01943\u00a0fu unilaterale e non venne riconosciuta dagli Alleati nonostante la presenza del Vaticano, che poteva conferire alla capitale italiana il privilegio di &#8220;citt\u00e0 santa&#8221;, perch\u00e9 i tedeschi opposero resistenza fino all&#8217;ultimo all&#8217;ingresso di truppe nemiche nella citt\u00e0 stessa. I tedeschi, di fatto, non ratificarono mai la dichiarazione, e approfittarono invece della ritornata tranquillit\u00e0 dopo le resistenze iniziali all&#8217;occupazione. L&#8217;occupazione tedesca di Roma citt\u00e0 aperta, infatti, se risparmi\u00f2 (da parte tedesca) il patrimonio storico e architettonico della citt\u00e0, fu per\u00f2 durissima per la popolazione (deportazioni di militari italiani e degli ebrei, la prigione di via Tasso, le Fosse Ardeatine, ecc.) Gli Alleati bombardarono Roma almeno 51 volte dopo il 14 agosto, fino al 4 giugno 1944.<\/p>\n<p>&nbsp;<\/p>\n<p>8.20<\/p>\n","protected":false},"excerpt":{"rendered":"<p style=\"text-align: center;\">Fascia da braccio per <strong>AUSILIARI DI POLIZIA<\/strong> in uso durante il periodo di <strong>CITTA&#8217; APERTA DI ROMA <\/strong>, dal 14 Agosto 1943 al termine della Seconda Guerra Mondiale. In cotone con 4 laccetti di cotone bianco , di forma rettangolare, nella colorazione tipica del comune di Roma, rosso pompeiano attraversato da una striscia diagonale in giallo ocra.<\/p>\n<p style=\"text-align: center;\">Con numero di assegnazione, e due timbri circolari ad inchiostro, in lingua italiana <strong>CITTA&#8217; APERTA DI ROMA &#8211; COMANDO POLIZIA ROMA\u00a0<\/strong>ed in lingua tedesca\u00a0con aquila nazista e svastica agli artigli.<\/p>\n<p>&nbsp;<\/p>\n<p style=\"text-align: center;\"><strong><em>(Scorri la pagina in basso per ulteriori dettagli e informazioni)<\/em><\/strong><\/p>\n","protected":false},"featured_media":6329,"comment_status":"open","ping_status":"closed","template":"","meta":[],"product_cat":[586],"product_tag":[155,161,228,305,195],"yoast_head":"<!-- This site is optimized with the Yoast SEO plugin v21.9.1 - https:\/\/yoast.com\/wordpress\/plugins\/seo\/ -->\n<title>\u274c\ud83d\ude41CITTA&#039; APERTA Roma Polizia 1943 - 1945 Fascia da Braccio - Thefinitive<\/title>\n<meta name=\"description\" content=\"Fascia per AUSILIARI DI POLIZIA in servizio nella CITTA&#039; APERTA DI ROMA , durante il periodo della liberazione 1943-1945. Original armband\" \/>\n<meta name=\"robots\" content=\"index, follow, max-snippet:-1, max-image-preview:large, max-video-preview:-1\" \/>\n<link rel=\"canonical\" href=\"https:\/\/thefinitive.com\/en\/prodotto\/citta-aperta-roma-polizia-1943-1945-fascia-da-braccio\/\" \/>\n<meta property=\"og:locale\" content=\"en_US\" \/>\n<meta property=\"og:type\" content=\"article\" \/>\n<meta property=\"og:title\" content=\"\u274c\ud83d\ude41CITTA&#039; APERTA Roma Polizia 1943 - 1945 Fascia da Braccio - Thefinitive\" \/>\n<meta property=\"og:description\" content=\"Fascia per AUSILIARI DI POLIZIA in servizio nella CITTA&#039; APERTA DI ROMA , durante il periodo della liberazione 1943-1945. Original armband\" \/>\n<meta property=\"og:url\" content=\"https:\/\/thefinitive.com\/en\/prodotto\/citta-aperta-roma-polizia-1943-1945-fascia-da-braccio\/\" \/>\n<meta property=\"og:site_name\" content=\"Thefinitive\" \/>\n<meta property=\"article:publisher\" content=\"https:\/\/business.facebook.com\/Thefinitive-111771813534320\/\" \/>\n<meta property=\"article:modified_time\" content=\"2024-03-24T20:09:19+00:00\" \/>\n<meta property=\"og:image\" content=\"https:\/\/thefinitive.com\/wp-content\/uploads\/2020\/08\/roma1.jpg\" \/>\n\t<meta property=\"og:image:width\" content=\"2160\" \/>\n\t<meta property=\"og:image:height\" content=\"2160\" \/>\n\t<meta property=\"og:image:type\" content=\"image\/jpeg\" \/>\n<meta name=\"twitter:card\" content=\"summary_large_image\" \/>\n<meta name=\"twitter:label1\" content=\"Est. reading time\" \/>\n\t<meta name=\"twitter:data1\" content=\"2 minutes\" \/>\n<script type=\"application\/ld+json\" class=\"yoast-schema-graph\">{\"@context\":\"https:\/\/schema.org\",\"@graph\":[{\"@type\":\"WebPage\",\"@id\":\"https:\/\/thefinitive.com\/en\/prodotto\/citta-aperta-roma-polizia-1943-1945-fascia-da-braccio\/\",\"url\":\"https:\/\/thefinitive.com\/en\/prodotto\/citta-aperta-roma-polizia-1943-1945-fascia-da-braccio\/\",\"name\":\"\u274c\ud83d\ude41CITTA' APERTA Roma Polizia 1943 - 1945 Fascia da Braccio - Thefinitive\",\"isPartOf\":{\"@id\":\"https:\/\/thefinitive.com\/en\/#website\"},\"datePublished\":\"2020-08-09T11:42:14+00:00\",\"dateModified\":\"2024-03-24T20:09:19+00:00\",\"description\":\"Fascia per AUSILIARI DI POLIZIA in servizio nella CITTA' APERTA DI ROMA , durante il periodo della liberazione 1943-1945. Original armband\",\"breadcrumb\":{\"@id\":\"https:\/\/thefinitive.com\/en\/prodotto\/citta-aperta-roma-polizia-1943-1945-fascia-da-braccio\/#breadcrumb\"},\"inLanguage\":\"en-US\",\"potentialAction\":[{\"@type\":\"ReadAction\",\"target\":[\"https:\/\/thefinitive.com\/en\/prodotto\/citta-aperta-roma-polizia-1943-1945-fascia-da-braccio\/\"]}]},{\"@type\":\"BreadcrumbList\",\"@id\":\"https:\/\/thefinitive.com\/en\/prodotto\/citta-aperta-roma-polizia-1943-1945-fascia-da-braccio\/#breadcrumb\",\"itemListElement\":[{\"@type\":\"ListItem\",\"position\":1,\"name\":\"Home\",\"item\":\"https:\/\/thefinitive.com\/en\/\"},{\"@type\":\"ListItem\",\"position\":2,\"name\":\"Shop\",\"item\":\"https:\/\/thefinitive.com\/en\/shop-2\/\"},{\"@type\":\"ListItem\",\"position\":3,\"name\":\"\u274c\ud83d\ude41CITTA&#8217; APERTA Roma Polizia 1943 &#8211; 1945 Fascia da Braccio\"}]},{\"@type\":\"WebSite\",\"@id\":\"https:\/\/thefinitive.com\/en\/#website\",\"url\":\"https:\/\/thefinitive.com\/en\/\",\"name\":\"Thefinitive\",\"description\":\"Antiquariato Online\",\"publisher\":{\"@id\":\"https:\/\/thefinitive.com\/en\/#organization\"},\"potentialAction\":[{\"@type\":\"SearchAction\",\"target\":{\"@type\":\"EntryPoint\",\"urlTemplate\":\"https:\/\/thefinitive.com\/en\/?s={search_term_string}\"},\"query-input\":\"required name=search_term_string\"}],\"inLanguage\":\"en-US\"},{\"@type\":\"Organization\",\"@id\":\"https:\/\/thefinitive.com\/en\/#organization\",\"name\":\"Thefinitive\",\"url\":\"https:\/\/thefinitive.com\/en\/\",\"logo\":{\"@type\":\"ImageObject\",\"inLanguage\":\"en-US\",\"@id\":\"https:\/\/thefinitive.com\/en\/#\/schema\/logo\/image\/\",\"url\":\"https:\/\/thefinitive.com\/wp-content\/uploads\/2019\/07\/logo4vett.svg\",\"contentUrl\":\"https:\/\/thefinitive.com\/wp-content\/uploads\/2019\/07\/logo4vett.svg\",\"width\":500,\"height\":100,\"caption\":\"Thefinitive\"},\"image\":{\"@id\":\"https:\/\/thefinitive.com\/en\/#\/schema\/logo\/image\/\"},\"sameAs\":[\"https:\/\/business.facebook.com\/Thefinitive-111771813534320\/\",\"https:\/\/www.instagram.com\/_thefinitive_\/\"]}]}<\/script>\n<!-- \/ Yoast SEO plugin. -->","yoast_head_json":{"title":"\u274c\ud83d\ude41CITTA' APERTA Roma Polizia 1943 - 1945 Fascia da Braccio - Thefinitive","description":"Fascia per AUSILIARI DI POLIZIA in servizio nella CITTA' APERTA DI ROMA , durante il periodo della liberazione 1943-1945. Original armband","robots":{"index":"index","follow":"follow","max-snippet":"max-snippet:-1","max-image-preview":"max-image-preview:large","max-video-preview":"max-video-preview:-1"},"canonical":"https:\/\/thefinitive.com\/en\/prodotto\/citta-aperta-roma-polizia-1943-1945-fascia-da-braccio\/","og_locale":"en_US","og_type":"article","og_title":"\u274c\ud83d\ude41CITTA' APERTA Roma Polizia 1943 - 1945 Fascia da Braccio - Thefinitive","og_description":"Fascia per AUSILIARI DI POLIZIA in servizio nella CITTA' APERTA DI ROMA , durante il periodo della liberazione 1943-1945. Original armband","og_url":"https:\/\/thefinitive.com\/en\/prodotto\/citta-aperta-roma-polizia-1943-1945-fascia-da-braccio\/","og_site_name":"Thefinitive","article_publisher":"https:\/\/business.facebook.com\/Thefinitive-111771813534320\/","article_modified_time":"2024-03-24T20:09:19+00:00","og_image":[{"width":2160,"height":2160,"url":"https:\/\/thefinitive.com\/wp-content\/uploads\/2020\/08\/roma1.jpg","type":"image\/jpeg"}],"twitter_card":"summary_large_image","twitter_misc":{"Est. reading time":"2 minutes"},"schema":{"@context":"https:\/\/schema.org","@graph":[{"@type":"WebPage","@id":"https:\/\/thefinitive.com\/en\/prodotto\/citta-aperta-roma-polizia-1943-1945-fascia-da-braccio\/","url":"https:\/\/thefinitive.com\/en\/prodotto\/citta-aperta-roma-polizia-1943-1945-fascia-da-braccio\/","name":"\u274c\ud83d\ude41CITTA' APERTA Roma Polizia 1943 - 1945 Fascia da Braccio - Thefinitive","isPartOf":{"@id":"https:\/\/thefinitive.com\/en\/#website"},"datePublished":"2020-08-09T11:42:14+00:00","dateModified":"2024-03-24T20:09:19+00:00","description":"Fascia per AUSILIARI DI POLIZIA in servizio nella CITTA' APERTA DI ROMA , durante il periodo della liberazione 1943-1945. Original armband","breadcrumb":{"@id":"https:\/\/thefinitive.com\/en\/prodotto\/citta-aperta-roma-polizia-1943-1945-fascia-da-braccio\/#breadcrumb"},"inLanguage":"en-US","potentialAction":[{"@type":"ReadAction","target":["https:\/\/thefinitive.com\/en\/prodotto\/citta-aperta-roma-polizia-1943-1945-fascia-da-braccio\/"]}]},{"@type":"BreadcrumbList","@id":"https:\/\/thefinitive.com\/en\/prodotto\/citta-aperta-roma-polizia-1943-1945-fascia-da-braccio\/#breadcrumb","itemListElement":[{"@type":"ListItem","position":1,"name":"Home","item":"https:\/\/thefinitive.com\/en\/"},{"@type":"ListItem","position":2,"name":"Shop","item":"https:\/\/thefinitive.com\/en\/shop-2\/"},{"@type":"ListItem","position":3,"name":"\u274c\ud83d\ude41CITTA&#8217; APERTA Roma Polizia 1943 &#8211; 1945 Fascia da Braccio"}]},{"@type":"WebSite","@id":"https:\/\/thefinitive.com\/en\/#website","url":"https:\/\/thefinitive.com\/en\/","name":"Thefinitive","description":"Antiquariato Online","publisher":{"@id":"https:\/\/thefinitive.com\/en\/#organization"},"potentialAction":[{"@type":"SearchAction","target":{"@type":"EntryPoint","urlTemplate":"https:\/\/thefinitive.com\/en\/?s={search_term_string}"},"query-input":"required name=search_term_string"}],"inLanguage":"en-US"},{"@type":"Organization","@id":"https:\/\/thefinitive.com\/en\/#organization","name":"Thefinitive","url":"https:\/\/thefinitive.com\/en\/","logo":{"@type":"ImageObject","inLanguage":"en-US","@id":"https:\/\/thefinitive.com\/en\/#\/schema\/logo\/image\/","url":"https:\/\/thefinitive.com\/wp-content\/uploads\/2019\/07\/logo4vett.svg","contentUrl":"https:\/\/thefinitive.com\/wp-content\/uploads\/2019\/07\/logo4vett.svg","width":500,"height":100,"caption":"Thefinitive"},"image":{"@id":"https:\/\/thefinitive.com\/en\/#\/schema\/logo\/image\/"},"sameAs":["https:\/\/business.facebook.com\/Thefinitive-111771813534320\/","https:\/\/www.instagram.com\/_thefinitive_\/"]}]}},"_links":{"self":[{"href":"https:\/\/thefinitive.com\/en\/wp-json\/wp\/v3\/product\/6328"}],"collection":[{"href":"https:\/\/thefinitive.com\/en\/wp-json\/wp\/v3\/product"}],"about":[{"href":"https:\/\/thefinitive.com\/en\/wp-json\/wp\/v2\/types\/product"}],"replies":[{"embeddable":true,"href":"https:\/\/thefinitive.com\/en\/wp-json\/wp\/v2\/comments?post=6328"}],"version-history":[{"count":1,"href":"https:\/\/thefinitive.com\/en\/wp-json\/wp\/v3\/product\/6328\/revisions"}],"predecessor-version":[{"id":14725,"href":"https:\/\/thefinitive.com\/en\/wp-json\/wp\/v3\/product\/6328\/revisions\/14725"}],"wp:featuredmedia":[{"embeddable":true,"href":"https:\/\/thefinitive.com\/en\/wp-json\/wp\/v2\/media\/6329"}],"wp:attachment":[{"href":"https:\/\/thefinitive.com\/en\/wp-json\/wp\/v2\/media?parent=6328"}],"wp:term":[{"taxonomy":"product_cat","embeddable":true,"href":"https:\/\/thefinitive.com\/en\/wp-json\/wp\/v2\/product_cat?post=6328"},{"taxonomy":"product_tag","embeddable":true,"href":"https:\/\/thefinitive.com\/en\/wp-json\/wp\/v2\/product_tag?post=6328"}],"curies":[{"name":"wp","href":"https:\/\/api.w.org\/{rel}","templated":true}]}}