{"id":6185,"date":"2020-06-29T16:56:56","date_gmt":"2020-06-29T16:56:56","guid":{"rendered":"https:\/\/www.thefinitive.com\/?post_type=product&#038;p=6185"},"modified":"2023-03-20T15:39:08","modified_gmt":"2023-03-20T14:39:08","slug":"carabinieri-reali-gemelli-smaltati-in-scatola-cc-rr","status":"publish","type":"product","link":"https:\/\/thefinitive.com\/en\/prodotto\/carabinieri-reali-gemelli-smaltati-in-scatola-cc-rr\/","title":{"rendered":"\u274c\ud83d\ude41CARABINIERI REALI gemelli smaltati &#8211; in scatola &#8211; CC.RR."},"content":{"rendered":"<p>Coppia di gemelli smaltati, per ufficiale dei <strong>CARABINIERI REALI<\/strong> , con monogramma <strong>VE<\/strong> per <em><strong>Vittorio Emanuele III<\/strong><\/em>. Realizzati in metallo, lega di ottone, con gli elementi a raffigurare la granata con fiamma, e l&#8217;emblema reale VE su sfondo smaltato di bianco. Da portare ai polsini della camicia. Completi della loro custodia originale, con marchio del fabbricante, con alloggi specifici porta gemelli. Originali degli inizi del secolo scorso,\u00a0 gemelli presumibilmente databili in un periodo che va dal 1918 al 1930, anche se la finestra temporale di Vittorio Emanuele III \u00e8 evidentemente pi\u00f9 ampia, 1900-1945.<\/p>\n<p>In ottime condizioni.<\/p>\n<p>&nbsp;<\/p>\n<p><strong>MATERIALE\u00a0 \u00a0 \u00a0:\u00a0<\/strong> Metallo<\/p>\n<p><strong>MISURE\u00a0 \u00a0 \u00a0 \u00a0 \u00a0 \u00a0 \u00a0:<\/strong>\u00a0 circa mm.20 altezza, mm.15 larghezza<\/p>\n<p><strong>MARCHIO\u00a0 \u00a0 \u00a0 \u00a0 \u00a0:<\/strong>\u00a0 Gioielleria Apicella, Avellino<\/p>\n<p>&nbsp;<\/p>\n<h2 style=\"text-align: left;\">NOTIZIE<\/h2>\n<p>Tramontato nel 1814 l&#8217;astro napoleonico, Vittorio Emanuele I, il 20 maggio, ritorn\u00f2 in Piemonte per ristabilirvisi come sovrano. Sua prima cura fu di ripristinare la monarchia esattamente quale era stata fino al 1798, cosicch\u00e9 anche la Casa militare fu ricostituita con all&#8217;incirca gli stessi reparti di 16 anni prima:<\/p>\n<ul>\n<li>la 1^ compagnia Guardie del Corpo costituita da savoiardi;<\/li>\n<li>la 2^ compagnia Guardie del Corpo costituita da piemontesi;<\/li>\n<li>la 3^ compagnia Guardie del Corpo costituita da sardi;<\/li>\n<li>la 1^ e la 2^ compagnia Archibugieri Guardie della Porta;<\/li>\n<li>la compagnia Svizzeri.<\/li>\n<\/ul>\n<p>&nbsp;<\/p>\n<p>Rimase in Sardegna la compagnia Alabardieri Reali al servizio del Vicer\u00e9 Carlo Felice, fratello di Vittorio Emanuele.<br \/>\nOgni compagnia della Guardia del Corpo comprendeva 6 ufficiali, 10 sottufficiali, 17 guardie anziane, 20 guardie cadette, 14 addetti ai servizi e 50 cavalli.<\/p>\n<p>Nello stesso 1814 Vittorio Emanuele I, &#8220;Per ricondurre, ed assicurare viemaggiormente il buon ordine, e la pubblica tranquillit\u00e0, che le passate e disgustose vicende hanno non poco turbata a danno de&#8217; buoni, e fedeli Sudditi&#8230;&#8221;, istituiva il <strong>Corpo dei Carabinieri Reali<\/strong> con Regie Patenti del 13 luglio, al fine di &#8220;sempre pi\u00f9 contribuire alla maggior felicit\u00e0 dello Stato, che non pu\u00f2 andare disgiunta dalla protezione, e difesa de&#8217; buoni, e fedeli Sudditi Nostri, e dalla punizione de&#8217; rei&#8221;.<\/p>\n<p>Al riguardo, \u00e8 particolarmente significativo il contenuto dell&#8217;art. 12 per quelle che sarebbero state le future prerogative dei Carabinieri: &#8220;Il Corpo de&#8217; Carabinieri Reali sar\u00e0 considerato nell&#8217;Armata per il primo fra gli altri, dopo le Guardie Nostre del Corpo&#8230; ed all&#8217;occasione sar\u00e0 preferito per l&#8217;accompagnamento delle Persone Reali&#8221;.<\/p>\n<p>Nel 1815 furono ricostituite le compagnie Dragoni Guardiacaccia e, in seguito all&#8217;annessione della Liguria al Regno di Sardegna, anche la 4^ compagnia Guardie del Corpo composta da elementi genovesi e distinta dalla bandoliera di colore giallo.<\/p>\n<p>Nel 1821, dopo l&#8217;abdicazione di Vittorio Emanuele I in favore di Carlo Felice a seguito dei moti rivoluzionari di Torino dell&#8217;11 marzo, conclusisi con la sconfitta dei rivoltosi presso Novara, non risulta siano state apportate modifiche negli organici della Casa militare.<\/p>\n<p>Anche durante gli avvenimenti di quell&#8217;anno i reparti della Guardia ispirarono, come sempre, la loro condotta a sentimenti di fedelt\u00e0 al giuramento.<\/p>\n<p>Pertanto Carlo Felice ne rese solennemente atto nel Regio Viglietto datato 24 ottobre 1821: &#8220;Le Guardie Nostre del Corpo, che in ogni tempo si distinsero per costante fedelt\u00e0 e perfetta devozione al trono, nuova e luminosa prova mi diedero mediante l&#8217;onorevole contegno da esse tenuto tanto nella capitale de&#8217; nostri Stati ne&#8217; giorni di sconvolgimento che precedettero la partenza del Re mio Amatissimo Fratello, quanto successivamente presso l&#8217;Armata Nostra in Novara, ove diedero nobile esempio di esattezza nel servizio, di subordinazione e di severa ordinanza della militare disciplina sotto la direzione di capi e ufficiali distinti, i quali, seguitando gli impulsi del proprio onore, le condussero a far parte di quelle truppe fedeli anche prima che loro giungessero gli ordini nostri. Per la qual cosa si sono esse maggiormente conciliati la particolare Nostra benevolenza e ci hanno disposti a darne loro un sicuro attestato con determinare che tutti coloro i quali facevano parte delle 4 compagnie delle Nostre Guardie del Corpo il d\u00ec 9 marzo u.s. e vi continuarono al d\u00ec d&#8217;oggi, debbano godere di alcuni vantaggi&#8221;.<\/p>\n<p>Dieci anni dopo, morto Carlo Felice, saliva al trono Carlo Alberto di Savoia-Carignano che, per i suoi precedenti liberali, alimentava nel popolo grandi speranze. Invero, il nuovo sovrano intraprese notevoli riforme specie nell&#8217;esercito.<\/p>\n<p>La prima trasformazione si ebbe proprio nella Casa militare di cui, nel 1831, furono soppresse la compagnia Svizzeri, le due compagnie Guardie Reali di Palazzo e tutte le compagnie Guardie del Corpo, ad eccezione di una.<\/p>\n<p>All&#8217;inizio del 1836 alcuni servizi gi\u00e0 affidati alla Casa militare, quali la vigilanza ai palazzi reali durante le assenze del sovrano, furono devoluti al Corpo dei Carabinieri Reali e, nel maggio dello stesso anno, venne disposto che i Carabinieri partecipassero ai servizi d&#8217;onore al Re e alle altre persone della famiglia reale.<\/p>\n<p>Il Regio Decreto 31 maggio 1836 specificava: &#8220;allorquando Noi, o qualcheduno della Nostra Famiglia, ci troviamo in qualche luogo fuori di Torino, o nelle Nostre villeggiature, \u00e8 riservato ai Carabinieri l&#8217;onore di custodire l&#8217;interno del palazzo; ci\u00f2, per\u00f2, senza pregiudizio dei regolamenti concernenti alle Guardie Nostre del Corpo ed alle Guardie Reali di Palazzo&#8221;.<br \/>\nTale disposizione, da allora, rest\u00f2 sempre in vigore e venne man mano consolidandosi tanto che, durante le campagne di guerra risorgimentali, i Carabinieri si sostituirono completamente alle Guardie del Corpo.<\/p>\n<p>Lo Statuto Albertino era stato proclamato da pochi giorni quando i moti rivoluzionari di Parigi, Vienna, Berlino, Venezia, Modena e Milano (Cinque Giornate) offrirono l&#8217;occasione a Carlo Alberto di muovere contro l&#8217;Austria per realizzare il sogno di liberare il Lombardo-Veneto.<\/p>\n<p>A Goito, Pastrengo, Peschiera, Rivoli e Governolo i Piemontesi diedero prova del loro tradizionale valore ed il Re di stoico disprezzo per la propria vita.<\/p>\n<p>Senza seguire le vicende di tutti i combattimenti svoltisi nel corso di quella campagna, baster\u00e0 citare l&#8217;episodio di Pastrengo, che illumin\u00f2 di gloria i Carabinieri, con il racconto di G. Lang: &#8220;In quel momento le sorti della battaglia volgevano a noi farevoli sull&#8217;ala sinistra, mentre sull&#8217;ala destra il nemico aveva qualche vantaggio. Il Maggiore Sanfront, informato dalla sua avanguardia dei colpi cui era stata fatta segno, ordin\u00f2 ai tre squadroni di avanzare al galoppo, e li spinse poi alla carica sul pendio del monte Bionde, seguito dal Re e dal suo Stato Maggiore.<\/p>\n<p>L&#8217;esempio di questa imponente, compatta e brillante massa di 260 Carabinieri, che vigorosamente e risolutamente avanzava alla carica sotto il fuoco delle artiglierie e della fucileria nemica, risollev\u00f2 e infuse coraggio negli animi della nostra ala destra che, unitamente al resto dei combattenti, si slanci\u00f2 all&#8217;assalto, e Pastrengo fu presa&#8221;.<\/p>\n<p>Fu per tale atto che la bandiera dell&#8217;Arma venne fregiata della sua prima medaglia d&#8217;argento al Valor Militare.<\/p>\n<p>L&#8217;episodio, pur non avendo diretta relazione con la storia delle Guardie del Corpo, serve a dimostrare come la scorta al sovrano sia stata fin d&#8217;allora affidata ai Carabinieri e come questi ultimi fossero ben degni di assolvere anche i compiti speciali riservati alla Guardia.<\/p>\n<p>Peraltro gi\u00e0 nell&#8217;aprile del 1842, in occasione del torneo svoltosi a Torino in piazza S. Carlo per solennizzare le nozze del Principe ereditario e Duca di Savoia Vittorio Emanuele con Maria Adelaide di Lorena, era stato costituito, per la scorta d&#8217;onore, uno speciale squadrone di Carabinieri Reali a cavallo, che venne poi disciolto a cessata esigenza. Nella circostanza i militari indossarono un elmo guarnito di ciniglia azzurra (rossa per i trombettieri) ed una corazza brunita e crociata, sul davanti, in bianco.<\/p>\n<p><img loading=\"lazy\" decoding=\"async\" class=\"imgSx\" src=\"http:\/\/www.carabinieri.it\/Internet\/ImageStore\/arma\/curiosita\/corazzieri\/img\/Image46.jpg\" alt=\"Pietro Galateri - Guardie del Corpo 1822 - 1833 - 1844\" width=\"250\" height=\"255\" \/><\/p>\n<p>All&#8217;atto dell&#8217;assunzione al trono di Vittorio Emanuele II (23 marzo 1849), vennero emanate nuove disposizioni al fine di aggiornare la funzione della Casa militare al mutato ordinamento dello Stato ed alle nuove esigenze.<br \/>\nIl 2 aprile 1849, in seguito all&#8217;abolizione della carica di Vicer\u00e9 di Sardegna, fu disciolta la compagnia Alabardieri Reali e, il 1\u00b0 luglio successivo, venne pure disposto lo scioglimento della compagnia Dragoni Guardiacaccia, che concludeva cos\u00ec, dopo oltre 250 anni, la sua non breve esistenza. I militari di questo reparto, su proposta del comandante, furono trasferiti ad altro corpo dell&#8217;esercito, mentre i quadrupedi passarono alla Cavalleria.<\/p>\n<p>Durante le campagne di guerra del 1859 e del 1866 la 1^ compagnia Guardie del Corpo rimase fissa in Torino per il servizio d&#8217;onore alle persone della famiglia reale e per la vigilanza ai regi palazzi. E, cos\u00ec come era accaduto durante le guerre del 1848 e 1849, le mansioni in precedenza affidate a tale reparto vennero devolute, per tutta la durata delle campagne, ai Carabinieri.<\/p>\n<p>Nel 1854 le attribuzioni del Corpo dei Carabinieri Reali furono ulteriormente ampliate nello specifico settore, come risulta da una circolare riportata nel Giornale Militare dello stesso anno, in cui si legge che la competenza per i servizi d&#8217;onore presso le persone reali spetta anche &#8220;ai Carabinieri chiamati a svolgere fuori di Torino il servizio di Guardia del Corpo&#8221;.<\/p>\n<p>Il drappello dei Carabinieri addetto al Quartier Generale del Re aveva lo specifico incarico di provvedere alla scorta del sovrano. E analogamente avvenne nelle successive campagne durante le quali, ogni qualvolta il Re si recava nella zona delle operazioni, il servizio di scorta fu sempre disimpegnato da quello stesso reparto.<\/p>\n<p>Altri speciali reparti di Carabinieri, a piedi e a cavallo, furono assegnati ai vari Quartieri Generali delle Grandi Unit\u00e0 con l&#8217;incarico di provvedere alla sicurezza pubblica delle zone in stato di guerra.<\/p>\n<p><img loading=\"lazy\" decoding=\"async\" class=\"imgDx\" src=\"http:\/\/www.carabinieri.it\/Internet\/ImageStore\/arma\/curiosita\/corazzieri\/img\/Image47.jpg\" alt=\"Regno di Carlo Alberto - Ufficiale, Trombettiere, Guardia del Corpo\" width=\"203\" height=\"300\" \/><\/p>\n<p>Nell&#8217;imminenza dell&#8217;unificazione nazionale, il 7 settembre 1860 venne costituita in Napoli, per le esigenze di servizio di quella sede, una seconda compagnia di Guardie del Corpo.<br \/>\nL&#8217;anno successivo, con R.D. del 24 gennaio che riordinava l&#8217;Esercito, il Corpo dei Carabinieri Reali assunse per la prima volta ufficialmente la denominazione di Arma, anche se tale venne spesso definita appena pochi anni dopo la sua costituzione. Due mesi pi\u00f9 tardi Vittorio Emanuele II veniva proclamato Re d&#8217;Italia.<\/p>\n<p>Nel 1862 la 2a compagnia Guardie del Corpo fu soppressa ed in sua vece, impiegando gli stessi elementi, venne costituita una seconda compagnia Guardie Reali del Palazzo, con un organico di 3 ufficiali, 7 sottufficiali, 92 guardie semplici e 4 tamburini.<\/p>\n<p>In data 1\u00b0 settembre 1867 fu decretata la fine anche della I^ compagnia Guardie del Corpo, senza che al suo posto venisse creato altro reparto con le stesse caratteristiche e funzioni.<\/p>\n<p>D&#8217;altra parte, cessata del tutto l&#8217;attivit\u00e0 delle Guardie del Corpo, poich\u00e9 \u00e8 da ritenere per certo che si sia subito provveduto ad assicurare la continuit\u00e0 dei servizi di sicurezza al palazzo reale e di scorta alla persona del sovrano, \u00e8 presumibile che l&#8217;incarico sia stato assolto dalla compagnia delle Guardie Reali del Palazzo e dall&#8217;Arma dei Carabinieri con i reparti presenti a quel tempo in Torino, prima, e in Firenze poi.<\/p>\n<p>&nbsp;<\/p>\n<p><em>Fonti varie <a href=\"http:\/\/www.carabinieri.it\/arma\/curiosita\/i-corazzieri\/la-storia\/la-costituzione-del-corpo-dei-cc-reali\">Carabinieri.it<\/a>\u00a0 , per maggiori informazioni <a href=\"https:\/\/it.wikipedia.org\/wiki\/Arma_dei_Carabinieri\">Wikipedia<\/a><\/em><\/p>\n<p>5.20<\/p>\n","protected":false},"excerpt":{"rendered":"<p style=\"text-align: center;\">Gemelli per ufficiale dei <strong>CARABINIERI REALI<\/strong> , con monogramma <strong>VE<\/strong> per <em><strong>Vittorio Emanuele III<\/strong><\/em>. In lega di ottone, sfondo smaltato di bianco. Da portare ai polsini della camicia.<\/p>\n<p style=\"text-align: center;\">Completi della loro custodia originale.<\/p>\n<p style=\"text-align: center;\">Misure mm.20 x mm.15. In ottime condizioni.<\/p>\n<p style=\"text-align: center;\"><strong><em>(Scorri la pagina in basso per ulteriori dettagli e informazioni)<\/em><\/strong><\/p>\n<p>&nbsp;<\/p>\n<p>&nbsp;<\/p>\n","protected":false},"featured_media":6123,"comment_status":"open","ping_status":"closed","template":"","meta":[],"product_cat":[586],"product_tag":[191,304,350,563,564,192,260,305],"yoast_head":"<!-- This site is optimized with the Yoast SEO plugin v21.9.1 - https:\/\/yoast.com\/wordpress\/plugins\/seo\/ -->\n<title>\u274c\ud83d\ude41CARABINIERI REALI gemelli smaltati - in scatola - CC.RR. - Thefinitive<\/title>\n<meta name=\"description\" content=\"Gemelli Smaltati da Polsino per ufficiale CARABINIERI REALI - Periodo VEIII Vittorio Emanuele III - 1WW 2WW - CC.RR. - 1900-1945\" \/>\n<meta name=\"robots\" content=\"index, follow, max-snippet:-1, max-image-preview:large, max-video-preview:-1\" \/>\n<link rel=\"canonical\" href=\"https:\/\/thefinitive.com\/en\/prodotto\/carabinieri-reali-gemelli-smaltati-in-scatola-cc-rr\/\" \/>\n<meta property=\"og:locale\" content=\"en_US\" \/>\n<meta property=\"og:type\" content=\"article\" \/>\n<meta property=\"og:title\" content=\"\u274c\ud83d\ude41CARABINIERI REALI gemelli smaltati - in scatola - CC.RR. - Thefinitive\" \/>\n<meta property=\"og:description\" content=\"Gemelli Smaltati da Polsino per ufficiale CARABINIERI REALI - Periodo VEIII Vittorio Emanuele III - 1WW 2WW - CC.RR. - 1900-1945\" \/>\n<meta property=\"og:url\" content=\"https:\/\/thefinitive.com\/en\/prodotto\/carabinieri-reali-gemelli-smaltati-in-scatola-cc-rr\/\" \/>\n<meta property=\"og:site_name\" content=\"Thefinitive\" \/>\n<meta property=\"article:publisher\" content=\"https:\/\/business.facebook.com\/Thefinitive-111771813534320\/\" \/>\n<meta property=\"article:modified_time\" content=\"2023-03-20T14:39:08+00:00\" \/>\n<meta property=\"og:image\" content=\"https:\/\/thefinitive.com\/wp-content\/uploads\/2020\/05\/ccrrgem1-2.jpg\" \/>\n\t<meta property=\"og:image:width\" content=\"2160\" \/>\n\t<meta property=\"og:image:height\" content=\"2160\" \/>\n\t<meta property=\"og:image:type\" content=\"image\/jpeg\" \/>\n<meta name=\"twitter:card\" content=\"summary_large_image\" \/>\n<meta name=\"twitter:label1\" content=\"Est. reading time\" \/>\n\t<meta name=\"twitter:data1\" content=\"8 minutes\" \/>\n<script type=\"application\/ld+json\" class=\"yoast-schema-graph\">{\"@context\":\"https:\/\/schema.org\",\"@graph\":[{\"@type\":\"WebPage\",\"@id\":\"https:\/\/thefinitive.com\/en\/prodotto\/carabinieri-reali-gemelli-smaltati-in-scatola-cc-rr\/\",\"url\":\"https:\/\/thefinitive.com\/en\/prodotto\/carabinieri-reali-gemelli-smaltati-in-scatola-cc-rr\/\",\"name\":\"\u274c\ud83d\ude41CARABINIERI REALI gemelli smaltati - in scatola - CC.RR. - Thefinitive\",\"isPartOf\":{\"@id\":\"https:\/\/thefinitive.com\/en\/#website\"},\"datePublished\":\"2020-06-29T16:56:56+00:00\",\"dateModified\":\"2023-03-20T14:39:08+00:00\",\"description\":\"Gemelli Smaltati da Polsino per ufficiale CARABINIERI REALI - Periodo VEIII Vittorio Emanuele III - 1WW 2WW - CC.RR. - 1900-1945\",\"breadcrumb\":{\"@id\":\"https:\/\/thefinitive.com\/en\/prodotto\/carabinieri-reali-gemelli-smaltati-in-scatola-cc-rr\/#breadcrumb\"},\"inLanguage\":\"en-US\",\"potentialAction\":[{\"@type\":\"ReadAction\",\"target\":[\"https:\/\/thefinitive.com\/en\/prodotto\/carabinieri-reali-gemelli-smaltati-in-scatola-cc-rr\/\"]}]},{\"@type\":\"BreadcrumbList\",\"@id\":\"https:\/\/thefinitive.com\/en\/prodotto\/carabinieri-reali-gemelli-smaltati-in-scatola-cc-rr\/#breadcrumb\",\"itemListElement\":[{\"@type\":\"ListItem\",\"position\":1,\"name\":\"Home\",\"item\":\"https:\/\/thefinitive.com\/en\/\"},{\"@type\":\"ListItem\",\"position\":2,\"name\":\"Shop\",\"item\":\"https:\/\/thefinitive.com\/en\/shop-2\/\"},{\"@type\":\"ListItem\",\"position\":3,\"name\":\"\u274c\ud83d\ude41CARABINIERI REALI gemelli smaltati &#8211; in scatola &#8211; CC.RR.\"}]},{\"@type\":\"WebSite\",\"@id\":\"https:\/\/thefinitive.com\/en\/#website\",\"url\":\"https:\/\/thefinitive.com\/en\/\",\"name\":\"Thefinitive\",\"description\":\"Antiquariato Online\",\"publisher\":{\"@id\":\"https:\/\/thefinitive.com\/en\/#organization\"},\"potentialAction\":[{\"@type\":\"SearchAction\",\"target\":{\"@type\":\"EntryPoint\",\"urlTemplate\":\"https:\/\/thefinitive.com\/en\/?s={search_term_string}\"},\"query-input\":\"required name=search_term_string\"}],\"inLanguage\":\"en-US\"},{\"@type\":\"Organization\",\"@id\":\"https:\/\/thefinitive.com\/en\/#organization\",\"name\":\"Thefinitive\",\"url\":\"https:\/\/thefinitive.com\/en\/\",\"logo\":{\"@type\":\"ImageObject\",\"inLanguage\":\"en-US\",\"@id\":\"https:\/\/thefinitive.com\/en\/#\/schema\/logo\/image\/\",\"url\":\"https:\/\/thefinitive.com\/wp-content\/uploads\/2019\/07\/logo4vett.svg\",\"contentUrl\":\"https:\/\/thefinitive.com\/wp-content\/uploads\/2019\/07\/logo4vett.svg\",\"width\":500,\"height\":100,\"caption\":\"Thefinitive\"},\"image\":{\"@id\":\"https:\/\/thefinitive.com\/en\/#\/schema\/logo\/image\/\"},\"sameAs\":[\"https:\/\/business.facebook.com\/Thefinitive-111771813534320\/\",\"https:\/\/www.instagram.com\/_thefinitive_\/\"]}]}<\/script>\n<!-- \/ Yoast SEO plugin. -->","yoast_head_json":{"title":"\u274c\ud83d\ude41CARABINIERI REALI gemelli smaltati - in scatola - CC.RR. - Thefinitive","description":"Gemelli Smaltati da Polsino per ufficiale CARABINIERI REALI - Periodo VEIII Vittorio Emanuele III - 1WW 2WW - CC.RR. - 1900-1945","robots":{"index":"index","follow":"follow","max-snippet":"max-snippet:-1","max-image-preview":"max-image-preview:large","max-video-preview":"max-video-preview:-1"},"canonical":"https:\/\/thefinitive.com\/en\/prodotto\/carabinieri-reali-gemelli-smaltati-in-scatola-cc-rr\/","og_locale":"en_US","og_type":"article","og_title":"\u274c\ud83d\ude41CARABINIERI REALI gemelli smaltati - in scatola - CC.RR. - Thefinitive","og_description":"Gemelli Smaltati da Polsino per ufficiale CARABINIERI REALI - Periodo VEIII Vittorio Emanuele III - 1WW 2WW - CC.RR. - 1900-1945","og_url":"https:\/\/thefinitive.com\/en\/prodotto\/carabinieri-reali-gemelli-smaltati-in-scatola-cc-rr\/","og_site_name":"Thefinitive","article_publisher":"https:\/\/business.facebook.com\/Thefinitive-111771813534320\/","article_modified_time":"2023-03-20T14:39:08+00:00","og_image":[{"width":2160,"height":2160,"url":"https:\/\/thefinitive.com\/wp-content\/uploads\/2020\/05\/ccrrgem1-2.jpg","type":"image\/jpeg"}],"twitter_card":"summary_large_image","twitter_misc":{"Est. reading time":"8 minutes"},"schema":{"@context":"https:\/\/schema.org","@graph":[{"@type":"WebPage","@id":"https:\/\/thefinitive.com\/en\/prodotto\/carabinieri-reali-gemelli-smaltati-in-scatola-cc-rr\/","url":"https:\/\/thefinitive.com\/en\/prodotto\/carabinieri-reali-gemelli-smaltati-in-scatola-cc-rr\/","name":"\u274c\ud83d\ude41CARABINIERI REALI gemelli smaltati - in scatola - CC.RR. - Thefinitive","isPartOf":{"@id":"https:\/\/thefinitive.com\/en\/#website"},"datePublished":"2020-06-29T16:56:56+00:00","dateModified":"2023-03-20T14:39:08+00:00","description":"Gemelli Smaltati da Polsino per ufficiale CARABINIERI REALI - Periodo VEIII Vittorio Emanuele III - 1WW 2WW - CC.RR. - 1900-1945","breadcrumb":{"@id":"https:\/\/thefinitive.com\/en\/prodotto\/carabinieri-reali-gemelli-smaltati-in-scatola-cc-rr\/#breadcrumb"},"inLanguage":"en-US","potentialAction":[{"@type":"ReadAction","target":["https:\/\/thefinitive.com\/en\/prodotto\/carabinieri-reali-gemelli-smaltati-in-scatola-cc-rr\/"]}]},{"@type":"BreadcrumbList","@id":"https:\/\/thefinitive.com\/en\/prodotto\/carabinieri-reali-gemelli-smaltati-in-scatola-cc-rr\/#breadcrumb","itemListElement":[{"@type":"ListItem","position":1,"name":"Home","item":"https:\/\/thefinitive.com\/en\/"},{"@type":"ListItem","position":2,"name":"Shop","item":"https:\/\/thefinitive.com\/en\/shop-2\/"},{"@type":"ListItem","position":3,"name":"\u274c\ud83d\ude41CARABINIERI REALI gemelli smaltati &#8211; in scatola &#8211; CC.RR."}]},{"@type":"WebSite","@id":"https:\/\/thefinitive.com\/en\/#website","url":"https:\/\/thefinitive.com\/en\/","name":"Thefinitive","description":"Antiquariato Online","publisher":{"@id":"https:\/\/thefinitive.com\/en\/#organization"},"potentialAction":[{"@type":"SearchAction","target":{"@type":"EntryPoint","urlTemplate":"https:\/\/thefinitive.com\/en\/?s={search_term_string}"},"query-input":"required name=search_term_string"}],"inLanguage":"en-US"},{"@type":"Organization","@id":"https:\/\/thefinitive.com\/en\/#organization","name":"Thefinitive","url":"https:\/\/thefinitive.com\/en\/","logo":{"@type":"ImageObject","inLanguage":"en-US","@id":"https:\/\/thefinitive.com\/en\/#\/schema\/logo\/image\/","url":"https:\/\/thefinitive.com\/wp-content\/uploads\/2019\/07\/logo4vett.svg","contentUrl":"https:\/\/thefinitive.com\/wp-content\/uploads\/2019\/07\/logo4vett.svg","width":500,"height":100,"caption":"Thefinitive"},"image":{"@id":"https:\/\/thefinitive.com\/en\/#\/schema\/logo\/image\/"},"sameAs":["https:\/\/business.facebook.com\/Thefinitive-111771813534320\/","https:\/\/www.instagram.com\/_thefinitive_\/"]}]}},"_links":{"self":[{"href":"https:\/\/thefinitive.com\/en\/wp-json\/wp\/v3\/product\/6185"}],"collection":[{"href":"https:\/\/thefinitive.com\/en\/wp-json\/wp\/v3\/product"}],"about":[{"href":"https:\/\/thefinitive.com\/en\/wp-json\/wp\/v2\/types\/product"}],"replies":[{"embeddable":true,"href":"https:\/\/thefinitive.com\/en\/wp-json\/wp\/v2\/comments?post=6185"}],"version-history":[{"count":1,"href":"https:\/\/thefinitive.com\/en\/wp-json\/wp\/v3\/product\/6185\/revisions"}],"predecessor-version":[{"id":14735,"href":"https:\/\/thefinitive.com\/en\/wp-json\/wp\/v3\/product\/6185\/revisions\/14735"}],"wp:featuredmedia":[{"embeddable":true,"href":"https:\/\/thefinitive.com\/en\/wp-json\/wp\/v2\/media\/6123"}],"wp:attachment":[{"href":"https:\/\/thefinitive.com\/en\/wp-json\/wp\/v2\/media?parent=6185"}],"wp:term":[{"taxonomy":"product_cat","embeddable":true,"href":"https:\/\/thefinitive.com\/en\/wp-json\/wp\/v2\/product_cat?post=6185"},{"taxonomy":"product_tag","embeddable":true,"href":"https:\/\/thefinitive.com\/en\/wp-json\/wp\/v2\/product_tag?post=6185"}],"curies":[{"name":"wp","href":"https:\/\/api.w.org\/{rel}","templated":true}]}}