{"id":6012,"date":"2020-05-14T17:50:36","date_gmt":"2020-05-14T17:50:36","guid":{"rendered":"https:\/\/www.thefinitive.com\/?post_type=product&#038;p=6012"},"modified":"2023-03-20T15:39:17","modified_gmt":"2023-03-20T14:39:17","slug":"pio-xi-papa-autografo-su-foto-benedizione-apostolica-1927","status":"publish","type":"product","link":"https:\/\/thefinitive.com\/en\/prodotto\/pio-xi-papa-autografo-su-foto-benedizione-apostolica-1927\/","title":{"rendered":"\u274c\ud83d\ude41PIO XI Papa autografo su Foto &#8211; Benedizione Apostolica &#8211; 1927"},"content":{"rendered":"<p>Foto di <strong>Papa PIO XI<\/strong> , con <strong>autografo originale<\/strong> (scritto di pugno) e timbro a secco del <strong>Somme Pontefice regnante<\/strong> (timbro a rilievo) .\u00a0 Firma in latino ,<b> PIUS PP. XI . <\/b>Foto montata su cartoncino rigido, realizzata dal fotografo ufficiale del Vaticano, <strong>FELICI<\/strong> , Roma.\u00a0 La richiesta di Benedizione \u00e8 di un prelato che nel Gennaio del 1927 celebrava i 25 anni al servizio della Santa Sede, e si rivolge al <strong>Santo Padre<\/strong> nel giorno della <strong>festa<\/strong> della <strong>Cattedra di S.Pietro. <\/strong>\u00a0(Il 22 febbraio la Chiesa cattolica festeggia la Cattedra di San Pietro. Si tratta della ricorrenza in cui viene messa in modo particolare al centro la memoria della peculiare missione affidata da Ges\u00f9 a Pietro. Cos\u00ec recita il <strong>Martirologio Romano<\/strong>: \u201cFesta della Cattedra di san Pietro Apostolo, al quale disse il Signore: \u00abTu sei Pietro e su questa pietra edificher\u00f2 la mia Chiesa\u00bb). Papa PIO XI fu l&#8217;artefice del trattato autografo trilaterale dei <strong>Patti Lateranensi<\/strong>, firmati tra il Re d&#8217;Italia, Benito Mussolini e la Chiesa Romana.<\/p>\n<p>La foto \u00e8 incorniciata d&#8217;epoca, ed il lotto \u00e8 in ottime condizioni. Non si notano danni o particolari deterioramenti della carta e della foto sulla quale sono apposti il testo autografo ad inchiostro (penna stilografica) e la firma di Papa PIO XI .<\/p>\n<p>Timbro a secco in rilievo , con stemma del sommo pontefice Pio XI.<\/p>\n<p>Le misure del cartoncino sul quale \u00e8 montata la foto sono circa cm.60 x 40 , con la cornice circa cm.70 x 50<\/p>\n<h2>Notizie<\/h2>\n<p><b>Papa<\/b>\u00a0<b>Pio XI<\/b> (come nell&#8217;autografo , in latino <strong><i>Pius PP. XI <\/i><\/strong>, nato <b>Ambrogio Damiano Achille Ratti<\/b>;\u00a0Desio,\u00a031 maggio\u00a01857\u00a0\u2013\u00a0Citt\u00e0 del Vaticano,\u00a010 febbraio\u00a01939) \u00e8 stato il <strong>259\u00ba\u00a0vescovo\u00a0di\u00a0Roma<\/strong>\u00a0e\u00a0papa\u00a0della\u00a0Chiesa cattolica\u00a0dal\u00a0<strong>1922\u00a0<\/strong>alla sua morte. Dal 7 giugno\u00a01929\u00a0fu il 1\u00ba\u00a0sovrano\u00a0del nuovo\u00a0Stato della Citt\u00e0 del Vaticano.<\/p>\n<p>Achille Ratti nacque il 31 maggio\u00a01857, a\u00a0Desio, nella casa che attualmente \u00e8 sede del Museo Casa Natale Pio XI e del &#8220;Centro Internazionale di Studi e Documentazione Pio XI&#8221; (al civico 4 di via Pio XI, all&#8217;epoca via Lampugnani). Quarto di cinque figli, fu battezzato il giorno dopo la nascita, nella prepositurale dei Santi Siro e Materno con il nome di\u00a0<b>Achille Ambrogio Damiano Ratti<\/b> (il nome Ambrogio in onore del nonno paterno, suo padrino di battesimo). \u00a0Avviato alla carriera ecclesiastica dall&#8217;esempio dello zio don Damiano Ratti, Achille studi\u00f2 a partire dal\u00a01867\u00a0nel\u00a0seminario\u00a0di\u00a0Seveso, poi in\u00a0quello\u00a0di\u00a0Monza.\u00a0Si prepar\u00f2 per la maturit\u00e0 presso il\u00a0Collegio San Carlo\u00a0e super\u00f2 gli esami presso il\u00a0Liceo Parini. Dal 1874\u00a0fece parte dell&#8217;ordine terziario francescano. Nel\u00a01875\u00a0inizi\u00f2 gli studi teologici; i primi tre anni nel\u00a0Seminario Maggiore di Milano\u00a0e l&#8217;ultimo nel Seminario di Seveso. Nel\u00a01879\u00a0\u00e8 a Roma presso il Collegio Lombardo. Fu ordinato\u00a0sacerdote\u00a0il 20 dicembre\u00a01879 a Roma dal\u00a0cardinale\u00a0Raffaele Monaco La Valletta.<\/p>\n<p>Ratti fu uomo di vasta erudizione, ottenne infatti tre lauree nei suoi anni di studio romani: in filosofia all&#8217;Accademia di San Tommaso d&#8217;Aquino di Roma, in diritto canonico all&#8217;Universit\u00e0 Gregoriana\u00a0e teologia all&#8217;Universit\u00e0 La Sapienza. Aveva inoltre una forte passione sia per gli studi letterari, dove preferiva\u00a0Dante\u00a0e\u00a0Manzoni, sia per gli studi scientifici, tanto che era stato in dubbio se intraprendere lo studio della\u00a0matematica; a tal proposito fu grande amico e, per un certo periodo collaboratore di don\u00a0Giuseppe Mercalli, noto\u00a0geologo e creatore dell&#8217;omonima scala dei terremoti, che aveva conosciuto come insegnante nel seminario di Milano.<\/p>\n<div class=\"thumb tright\">\n<div class=\"thumbinner\">\n<p><a class=\"image\" href=\"https:\/\/it.wikipedia.org\/wiki\/File:As_a_Young_Priest.JPG\"><img loading=\"lazy\" decoding=\"async\" class=\"thumbimage\" src=\"https:\/\/upload.wikimedia.org\/wikipedia\/commons\/thumb\/0\/06\/As_a_Young_Priest.JPG\/220px-As_a_Young_Priest.JPG\" srcset=\"\/\/upload.wikimedia.org\/wikipedia\/commons\/0\/06\/As_a_Young_Priest.JPG 1.5x\" alt=\"\" width=\"220\" height=\"246\" data-file-width=\"301\" data-file-height=\"336\" \/><\/a><\/p>\n<div class=\"thumbcaption\">\n<div class=\"magnify\">Don Achille Ratti in giovane et\u00e0<\/div>\n<div><\/div>\n<\/div>\n<\/div>\n<\/div>\n<p>Ratti fu anche un valido educatore, non solo nell&#8217;ambito scolastico. Dal\u00a01878 fu professore di matematica al seminario minore. Aveva studiato l&#8217;ebraico\u00a0al corso del seminario arcivescovile e aveva approfondito gli studi con il\u00a0rabbino capo\u00a0di Milano\u00a0Alessandro Da Fano, cos\u00ec divenne docente di ebraico in seminario nel 1907 e mantenne l&#8217;incarico per tre anni. Come docente portava i suoi allievi nella\u00a0Sinagoga di Milano, affinch\u00e9 familiarizzassero con l&#8217;ebraico orale, iniziativa ardita che era inusuale nei seminari. Come cappellano del <strong>Cenacolo di Milano,<\/strong> una comunit\u00e0 religiosa dedita all&#8217;educazione delle ragazze (incarico tenuto dal 1892 al 1914), ebbe modo di esercitare un&#8217;attivit\u00e0 pastorale ed educativa molto efficace, entrando in contatto con fanciulle e ragazze di ogni stato e condizione, ma soprattutto con la buona societ\u00e0 milanese: i\u00a0Gonzaga, i\u00a0Castiglione, i\u00a0Borromeo, i Della Somaglia, i\u00a0Belgioioso, i\u00a0Greppi, i\u00a0Thaon di Revel, gli Jacini, gli Osio, i Gallarati Scotti.<\/p>\n<p>Ratti fu pure un appassionato\u00a0alpinista: scal\u00f2 diverse vette delle\u00a0Alpi\u00a0e fu il primo &#8211; il 31 luglio\u00a01889\u00a0&#8211; a raggiungere la cima del\u00a0Monte Rosa\u00a0dalla parete orientale; conquist\u00f2, sebbene gravato del peso di un ragazzo che portava sulle spalle, il\u00a0Gran Paradiso; il 7 agosto\u00a01889\u00a0scala il Monte Cervino, e a fine luglio\u00a01890\u00a0il\u00a0Monte Bianco, aprendo la via successivamente chiamata &#8220;<strong>Via Ratti &#8211; Grassell<\/strong>i&#8221;.<\/p>\n<h3><span id=\"Carriera_ecclesiastica\" class=\"mw-headline\">Carriera ecclesiastica<\/span><\/h3>\n<p>La profonda competenza negli studi port\u00f2 Ratti all&#8217;attenzione di\u00a0papa <strong>Leone XIII<\/strong>. Nel giugno\u00a01891\u00a0e nel\u00a01893\u00a0fu cos\u00ec invitato a partecipare ad alcune missioni diplomatiche al seguito di monsignor\u00a0Giacomo Radini-Tedeschi\u00a0in\u00a0Austria\u00a0e in\u00a0Francia. Ci\u00f2 avvenne su segnalazione dello stesso Radini-Tedeschi, il quale aveva studiato con Ratti presso il\u00a0Pontificio Seminario Lombardo\u00a0di\u00a0Roma. Nell&#8217;agosto 1882 fu nominato parroco sostituto di\u00a0Barni, ove ancora oggi \u00e8 affissa una targa in suo onore nella chiesa parrocchiale dedicata all&#8217;Annunciazione.<\/p>\n<p>Nel\u00a01888\u00a0entr\u00f2 a far parte del collegio dei dottori della\u00a0Biblioteca Ambrosiana, per diventarne prefetto nel\u00a01907. Il 6 marzo 1907 fu nominato <strong>prelato di Sua Santit\u00e0<\/strong> con il titolo di\u00a0<strong>monsignore<\/strong>.<\/p>\n<p>Intanto nel\u00a01894\u00a0era entrato a far parte degli\u00a0Oblati dei Santi Ambrogio e Carlo, un istituto di sacerdoti secolari profondamente milanese, radicato nella\u00a0spiritualit\u00e0\u00a0di san\u00a0Carlo Borromeo\u00a0e sant&#8217;Ignazio di Loyola. Agli\u00a0esercizi spirituali\u00a0ignaziani don Ratti rester\u00e0 sempre legato, ad esempio mediter\u00e0 gli esercizi del\u00a01908, del\u00a01910\u00a0e del\u00a01911\u00a0presso i\u00a0gesuiti\u00a0di\u00a0Feldkirch, in\u00a0Austria. Chiamato da\u00a0<strong>Pio X<\/strong>\u00a0a\u00a0Roma, fu socio del\u00a0Circolo San Pietro, fu nominato l&#8217;8 novembre\u00a01911\u00a0viceprefetto con diritto di successione e, il 27 settembre\u00a01914, regnante\u00a0Benedetto XV, prefetto della\u00a0Biblioteca Vaticana.<\/p>\n<h3><span id=\"Arcivescovo_di_Milano_e_cardinale\" class=\"mw-headline\">Arcivescovo di Milano e cardinale<\/span><\/h3>\n<div class=\"thumb tright\">\n<div class=\"thumbinner\">\n<p><a class=\"image\" href=\"https:\/\/it.wikipedia.org\/wiki\/File:Coat_of_arms_of_Achille_Ratti.svg\"><img loading=\"lazy\" decoding=\"async\" class=\"thumbimage\" src=\"https:\/\/upload.wikimedia.org\/wikipedia\/commons\/thumb\/e\/eb\/Coat_of_arms_of_Achille_Ratti.svg\/220px-Coat_of_arms_of_Achille_Ratti.svg.png\" srcset=\"\/\/upload.wikimedia.org\/wikipedia\/commons\/thumb\/e\/eb\/Coat_of_arms_of_Achille_Ratti.svg\/330px-Coat_of_arms_of_Achille_Ratti.svg.png 1.5x, \/\/upload.wikimedia.org\/wikipedia\/commons\/thumb\/e\/eb\/Coat_of_arms_of_Achille_Ratti.svg\/440px-Coat_of_arms_of_Achille_Ratti.svg.png 2x\" alt=\"\" width=\"220\" height=\"235\" data-file-width=\"1150\" data-file-height=\"1226\" \/><\/a><\/p>\n<div class=\"thumbcaption\">\n<div class=\"magnify\">Stemma di Achille Ratti come cardinale e arcivescovo di Milano.<\/div>\n<div><\/div>\n<\/div>\n<\/div>\n<\/div>\n<div class=\"thumb tleft\">\n<div class=\"thumbinner\">\n<p><a class=\"image\" href=\"https:\/\/it.wikipedia.org\/wiki\/File:Papst_Pius_XI._als_Kardinal_JS.jpg\"><img loading=\"lazy\" decoding=\"async\" class=\"thumbimage\" src=\"https:\/\/upload.wikimedia.org\/wikipedia\/commons\/thumb\/e\/ed\/Papst_Pius_XI._als_Kardinal_JS.jpg\/220px-Papst_Pius_XI._als_Kardinal_JS.jpg\" srcset=\"\/\/upload.wikimedia.org\/wikipedia\/commons\/thumb\/e\/ed\/Papst_Pius_XI._als_Kardinal_JS.jpg\/330px-Papst_Pius_XI._als_Kardinal_JS.jpg 1.5x, \/\/upload.wikimedia.org\/wikipedia\/commons\/thumb\/e\/ed\/Papst_Pius_XI._als_Kardinal_JS.jpg\/440px-Papst_Pius_XI._als_Kardinal_JS.jpg 2x\" alt=\"\" width=\"220\" height=\"316\" data-file-width=\"1424\" data-file-height=\"2048\" \/><\/a><\/p>\n<div class=\"thumbcaption\">\n<div><\/div>\n<div class=\"magnify\">Nel concistoro del 13 giugno\u00a01921\u00a0Achille Ratti fu nominato\u00a0<strong>arcivescovo\u00a0di\u00a0Milano<\/strong>\u00a0e lo stesso giorno fu creato\u00a0cardinale\u00a0del\u00a0titolo\u00a0dei\u00a0Santi Silvestro e Martino ai Monti. Prese possesso dell&#8217;arcidiocesi l&#8217;8 settembre. Nel suo breve episcopato dispose che il\u00a0Catechismo di Pio X\u00a0dovesse essere l&#8217;unico usato nell&#8217;arcidiocesi, inaugur\u00f2 l&#8217;<strong>Universit\u00e0 Cattolica del Sacro Cuore<\/strong>\u00a0e inizi\u00f2 la fase diocesana della causa di\u00a0canonizzazione\u00a0di padre\u00a0Giorgio Maria Martinelli, il fondatore degli\u00a0Oblati di Rho.<\/div>\n<div><\/div>\n<\/div>\n<\/div>\n<div>\n<h3><span id=\"Elezione_a_Romano_Pontefice\" class=\"mw-headline\">Elezione a Romano Pontefice<\/span><\/h3>\n<p>Achille Ratti fu eletto papa il <strong>6 febbraio\u00a01922<\/strong>\u00a0alla quattordicesima votazione di un conclave contrastato. Gli elettori erano in effetti divisi in due fazioni: da un lato i &#8220;conservatori&#8221;, che puntavano sul cardinale\u00a0<strong>Merry del Val <\/strong>\u00a0(ex\u00a0Segretario di Stato\u00a0sotto\u00a0papa Pio X), dall&#8217;altro i &#8220;liberali&#8221;, riuniti nella preferenza per il Segretario di Stato uscente, cardinale\u00a0Pietro Gasparri. La convergenza sul nome del cardinale lombardo risult\u00f2 dunque frutto di un compromesso. Una volta accettata l&#8217;elezione e scelto il nome, Pio XI, rivestito dell&#8217;abito corale, chiese di potersi affacciare dalla loggia esterna della basilica vaticana (in luogo di quella interna utilizzata dai suoi tre ultimi predecessori): la possibilit\u00e0 gli fu accordata e, una volta recuperato uno stendardo per adornare il balcone (nello specifico quello di\u00a0Pio IX, il pi\u00f9 recente tra quelli a disposizione), il nuovo pontefice pot\u00e9 presentarsi alla folla raccolta in\u00a0Piazza San Pietro, alla quale impart\u00ec una semplice <strong>benedizione\u00a0Urbi et Orbi<\/strong>, senza tuttavia pronunziare alcuna parola.<\/p>\n<p>La scelta di presentarsi con lo sguardo rivolto verso la\u00a0citt\u00e0\u00a0di\u00a0Roma e non entro le mura vaticane, indic\u00f2 la sua volont\u00e0 di risolvere la\u00a0questione romana, con l&#8217;irrisolto conflitto tra i suoi ruoli di capitale d&#8217;Italia\u00a0e sede del\u00a0potere temporale del papa. Significativamente, dagli astanti accorsi dinnanzi alla basilica petrina si lev\u00f2 il grido\u00a0<strong><i>Viva Pio XI! Viva l&#8217;Italia!\u00a0 <\/i><\/strong>La\u00a0<strong>Questione romana\u00a0<\/strong>incontrava non solo le preoccupazioni e le speranze dei cattolici in Italia, ma anche di tutti i cattolici del mondo, tanto da indurre zelanti sacerdoti, peraltro missionari, come per esempio don\u00a0Luigi Orione, a prendere iniziative personali e scrivere pi\u00f9 volte al capo del governo fascista\u00a0<strong>Benito Mussolini<\/strong>; altri sacerdoti intervennero con propri studi presso la\u00a0Segreteria di Stato Vaticana, nella persona del delegato del papa, cardinale\u00a0Pietro Gasparri.<\/p>\n<\/div>\n<\/div>\n<p>L&#8217;<strong>11 febbraio\u00a01929<\/strong>\u00a0il papa fu l&#8217;artefice della firma dei\u00a0<strong>Patti Lateranensi<\/strong>\u00a0tra il cardinale Pietro Gasparri e il governo fascista di Benito Mussolini. Il 13 febbraio 1929 pronunci\u00f2 un discorso agli studenti e ai docenti dell&#8217;Universit\u00e0 Cattolica del Sacro Cuore\u00a0di Milano, che pass\u00f2 alla storia per una definizione, secondo cui Mussolini sarebbe stato \u00ab<strong>un uomo [&#8230;] che la Provvidenza Ci ha fatto incontrare<\/strong>\u00bb:<\/p>\n<table class=\"citazione-table\">\n<tbody>\n<tr>\n<td>\u00abLe condizioni dunque della religione in Italia non si potevano regolare senza un previo accordo dei due poteri, previo accordo a cui si opponeva la condizione della Chiesa in Italia. Dunque per far luogo al Trattato dovevano risanarsi le condizioni, mentre per risanare le condizioni stesse occorreva il Concordato. E allora? La soluzione non era facile, ma dobbiamo ringraziare il Signore di averCela fatta vedere e di aver potuto farla vedere anche agli altri. La soluzione era di far camminare le due cose di pari passo.<\/p>\n<p>E cos\u00ec, insieme al Trattato, si \u00e8 studiato un Concordato propriamente detto e si \u00e8 potuto rivedere e rimaneggiare e, fino ai limiti del possibile, riordinare e regolare tutta quella immensa farragine di leggi tutte direttamente o indirettamente contrarie ai diritti e alle prerogative della Chiesa, delle persone e delle cose della Chiesa; tutto un viluppo di cose, una massa veramente cos\u00ec vasta, cos\u00ec complicata, cos\u00ec difficile, da dare qualche volta addirittura le vertigini. E qualche volta siamo stati tentati di pensare, come lo diciamo con lieta confidenza a voi, s\u00ec buoni figliuoli, che forse a risolvere la questione ci voleva proprio un Papa alpinista, un alpinista immune da vertigini ed abituato ad affrontare le ascensioni pi\u00f9 ardue; come qualche volta abbiamo pensato che forse ci voleva pure un Papa bibliotecario, abituato ad andare in fondo alle ricerche storiche e documentarie, perch\u00e9 di libri e documenti, \u00e8 evidente, si \u00e8 dovuto consultarne molti. Dobbiamo dire che siamo stati anche dall&#8217;altra parte nobilmente assecondati. E forse ci voleva anche un uomo come quello che la Provvidenza Ci ha fatto incontrare; un uomo che non avesse le preoccupazioni della scuola liberale, per gli uomini della quale tutte quelle leggi, tutti quegli ordinamenti, o piuttosto disordinamenti, tutte quelle leggi, diciamo, e tutti quei regolamenti erano altrettanti feticci e, proprio come i feticci, tanto pi\u00f9 intangibili e venerandi quanto pi\u00f9 brutti e deformi.<\/p>\n<p>E con la grazia di Dio, con molta pazienza, con molto lavoro, con l&#8217;incontro di molti e nobili assecondamenti, siamo riusciti \u00ab\u00a0tamquam per medium profundam eundo\u00a0\u00bb a conchiudere un Concordato che, se non \u00e8 il migliore di quanti se ne possono fare, \u00e8 certo tra i migliori che si sono fin qua fatti; ed \u00e8 con profonda compiacenza che crediamo di avere con esso ridato Dio all&#8217;Italia e l&#8217;Italia a Dio.\u00bb<\/td>\n<\/tr>\n<tr>\n<td>(Papa Pio XI, allocuzione <strong style=\"font-family: inherit; font-size: inherit;\"><i>Vogliamo anzitutto\u00a0<\/i><\/strong>&#8211; autografo)<\/td>\n<\/tr>\n<\/tbody>\n<\/table>\n<p>&#8230; omissis &#8230;<\/p>\n<h3><span id=\"Morte_e_discorso_scomparso\" class=\"mw-headline\">Morte e discorso scomparso<\/span><\/h3>\n<div class=\"thumb tleft\">\n<div class=\"thumbinner\">\n<p><a class=\"image\" href=\"https:\/\/it.wikipedia.org\/wiki\/File:Pie_XI_Mort.JPG\"><img loading=\"lazy\" decoding=\"async\" class=\"thumbimage\" src=\"https:\/\/upload.wikimedia.org\/wikipedia\/commons\/thumb\/6\/6f\/Pie_XI_Mort.JPG\/220px-Pie_XI_Mort.JPG\" srcset=\"\/\/upload.wikimedia.org\/wikipedia\/commons\/thumb\/6\/6f\/Pie_XI_Mort.JPG\/330px-Pie_XI_Mort.JPG 1.5x, \/\/upload.wikimedia.org\/wikipedia\/commons\/thumb\/6\/6f\/Pie_XI_Mort.JPG\/440px-Pie_XI_Mort.JPG 2x\" alt=\"\" width=\"220\" height=\"195\" data-file-width=\"3768\" data-file-height=\"3332\" \/><\/a><\/p>\n<div class=\"thumbcaption\">\n<div class=\"magnify\">La salma del Pontefice, appena composta, e la sua esposizione<\/div>\n<\/div>\n<\/div>\n<\/div>\n<div class=\"thumb tright\">\n<div class=\"thumbinner\">\n<p><a class=\"image\" href=\"https:\/\/it.wikipedia.org\/wiki\/File:Pie_XI_D%C3%A9pouille.JPG\"><img loading=\"lazy\" decoding=\"async\" class=\"thumbimage\" src=\"https:\/\/upload.wikimedia.org\/wikipedia\/commons\/thumb\/7\/76\/Pie_XI_D%C3%A9pouille.JPG\/220px-Pie_XI_D%C3%A9pouille.JPG\" srcset=\"\/\/upload.wikimedia.org\/wikipedia\/commons\/thumb\/7\/76\/Pie_XI_D%C3%A9pouille.JPG\/330px-Pie_XI_D%C3%A9pouille.JPG 1.5x, \/\/upload.wikimedia.org\/wikipedia\/commons\/thumb\/7\/76\/Pie_XI_D%C3%A9pouille.JPG\/440px-Pie_XI_D%C3%A9pouille.JPG 2x\" alt=\"\" width=\"220\" height=\"160\" data-file-width=\"4564\" data-file-height=\"3320\" \/><\/a><\/p>\n<div class=\"thumbcaption\">\n<div class=\"magnify\"><\/div>\n<\/div>\n<\/div>\n<\/div>\n<div class=\"thumb tleft\">\n<div class=\"thumbinner\">\n<p><a class=\"image\" href=\"https:\/\/it.wikipedia.org\/wiki\/File:Fun%C3%A9railles_de_Pie_XI.JPG\"><img loading=\"lazy\" decoding=\"async\" class=\"thumbimage\" src=\"https:\/\/upload.wikimedia.org\/wikipedia\/commons\/thumb\/0\/03\/Fun%C3%A9railles_de_Pie_XI.JPG\/220px-Fun%C3%A9railles_de_Pie_XI.JPG\" srcset=\"\/\/upload.wikimedia.org\/wikipedia\/commons\/thumb\/0\/03\/Fun%C3%A9railles_de_Pie_XI.JPG\/330px-Fun%C3%A9railles_de_Pie_XI.JPG 1.5x, \/\/upload.wikimedia.org\/wikipedia\/commons\/thumb\/0\/03\/Fun%C3%A9railles_de_Pie_XI.JPG\/440px-Fun%C3%A9railles_de_Pie_XI.JPG 2x\" alt=\"\" width=\"220\" height=\"166\" data-file-width=\"4569\" data-file-height=\"3453\" \/><\/a><\/p>\n<p>Le esequie<\/p>\n<\/div>\n<\/div>\n<div><\/div>\n<p>Nel febbraio 1939 Pio XI convoc\u00f2 a Roma tutto l&#8217;episcopato italiano in occasione del I decennale della &#8220;conciliazione&#8221; con lo Stato Italiano, del XVII anno del suo pontificato e il 60\u00ba anno del suo sacerdozio. Nei giorni 11 e 12 febbraio Papa PIO XI avrebbe pronunciato un importante discorso, autografo , preparato da mesi, che sarebbe stato il suo testamento spirituale e dove, probabilmente, avrebbe denunciato la violazione dei Patti Lateranensi da parte del governo fascista e le persecuzioni razziali in Germania. Tale discorso \u00e8 rimasto segreto fino al pontificato di papa Giovanni XXIII quando nel 1959 vennero pubblicate alcune parti. Egli infatti mor\u00ec per un attacco cardiaco dopo una lunga malattia, nella notte del <strong>10 febbraio\u00a01939<\/strong>. \u00c8 ormai assodato che il testo del discorso fu fatto distruggere per ordine di Pacelli, al tempo\u00a0Cardinal Segretario di Stato\u00a0e responsabile di gestire il Vaticano nell&#8217;attesa della nomina di un nuovo papa.<\/p>\n<p>&nbsp;<\/p>\n<p><em>Fonti di approfondimento usate\u00a0 <a href=\"https:\/\/it.wikipedia.org\/wiki\/Papa_Pio_XI\">Wikipedia<\/a>. <strong>Considerata la vastit\u00e0 dell&#8217;argomento si rimanda alle notizie consultabili sullo stesso Wikipedia.<\/strong><\/em><\/p>\n<p>&nbsp;<\/p>\n<p>9.19<\/p>\n","protected":false},"excerpt":{"rendered":"<p>Foto di <strong>Papa PIO XI<\/strong> , con <strong>autografo originale<\/strong> (scritto di pugno) e timbro del <strong>Sommo Pontefice<\/strong> a secco (rilievo) . Montata su cartoncino rigido, fotografo ufficiale del Vaticano, <strong>FELICI<\/strong> , Roma. Richiesta di Benedizione di un prelato, <strong>1927<\/strong> . In cornice d&#8217;epoca, ottime condizioni.<\/p>\n<p>Misure del cartoncino sul quale \u00e8 montata la foto sono circa cm.60 x 40 , con la cornice circa cm.70 x 50<\/p>\n<p style=\"text-align: center;\"><strong><em>(Scorri la pagina in basso per ulteriori dettagli e informazioni)<\/em><\/strong><\/p>\n","protected":false},"featured_media":2417,"comment_status":"open","ping_status":"closed","template":"","meta":[],"product_cat":[586],"product_tag":[155,274,276,198,288,287,280,279,192,240],"yoast_head":"<!-- This site is optimized with the Yoast SEO plugin v21.9.1 - https:\/\/yoast.com\/wordpress\/plugins\/seo\/ -->\n<title>\u274c\ud83d\ude41PIO XI Papa autografo su Foto - Benedizione Apostolica - 1927 Thefinitive<\/title>\n<meta name=\"description\" content=\"PIO XI , Papa , Autografo su foto con benedizione apostolica - POPE PIO XI Apostolic blessing - Originale con timbro a secco Sommo Pontefice 1927\" \/>\n<meta name=\"robots\" content=\"index, follow, max-snippet:-1, max-image-preview:large, max-video-preview:-1\" \/>\n<link rel=\"canonical\" href=\"https:\/\/thefinitive.com\/en\/prodotto\/pio-xi-papa-autografo-su-foto-benedizione-apostolica-1927\/\" \/>\n<meta property=\"og:locale\" content=\"en_US\" \/>\n<meta property=\"og:type\" content=\"article\" \/>\n<meta property=\"og:title\" content=\"\u274c\ud83d\ude41PIO XI Papa autografo su Foto - Benedizione Apostolica - 1927 Thefinitive\" \/>\n<meta property=\"og:description\" content=\"PIO XI , Papa , Autografo su foto con benedizione apostolica - POPE PIO XI Apostolic blessing - Originale con timbro a secco Sommo Pontefice 1927\" \/>\n<meta property=\"og:url\" content=\"https:\/\/thefinitive.com\/en\/prodotto\/pio-xi-papa-autografo-su-foto-benedizione-apostolica-1927\/\" \/>\n<meta property=\"og:site_name\" content=\"Thefinitive\" \/>\n<meta property=\"article:publisher\" content=\"https:\/\/business.facebook.com\/Thefinitive-111771813534320\/\" \/>\n<meta property=\"article:modified_time\" content=\"2023-03-20T14:39:17+00:00\" \/>\n<meta property=\"og:image\" content=\"https:\/\/thefinitive.com\/wp-content\/uploads\/2019\/08\/20190812_121847.jpg\" \/>\n\t<meta property=\"og:image:width\" content=\"1608\" \/>\n\t<meta property=\"og:image:height\" content=\"2144\" \/>\n\t<meta property=\"og:image:type\" content=\"image\/jpeg\" \/>\n<meta name=\"twitter:card\" content=\"summary_large_image\" \/>\n<meta name=\"twitter:label1\" content=\"Est. reading time\" \/>\n\t<meta name=\"twitter:data1\" content=\"10 minutes\" \/>\n<script type=\"application\/ld+json\" class=\"yoast-schema-graph\">{\"@context\":\"https:\/\/schema.org\",\"@graph\":[{\"@type\":\"WebPage\",\"@id\":\"https:\/\/thefinitive.com\/en\/prodotto\/pio-xi-papa-autografo-su-foto-benedizione-apostolica-1927\/\",\"url\":\"https:\/\/thefinitive.com\/en\/prodotto\/pio-xi-papa-autografo-su-foto-benedizione-apostolica-1927\/\",\"name\":\"\u274c\ud83d\ude41PIO XI Papa autografo su Foto - Benedizione Apostolica - 1927 Thefinitive\",\"isPartOf\":{\"@id\":\"https:\/\/thefinitive.com\/en\/#website\"},\"datePublished\":\"2020-05-14T17:50:36+00:00\",\"dateModified\":\"2023-03-20T14:39:17+00:00\",\"description\":\"PIO XI , Papa , Autografo su foto con benedizione apostolica - POPE PIO XI Apostolic blessing - Originale con timbro a secco Sommo Pontefice 1927\",\"breadcrumb\":{\"@id\":\"https:\/\/thefinitive.com\/en\/prodotto\/pio-xi-papa-autografo-su-foto-benedizione-apostolica-1927\/#breadcrumb\"},\"inLanguage\":\"en-US\",\"potentialAction\":[{\"@type\":\"ReadAction\",\"target\":[\"https:\/\/thefinitive.com\/en\/prodotto\/pio-xi-papa-autografo-su-foto-benedizione-apostolica-1927\/\"]}]},{\"@type\":\"BreadcrumbList\",\"@id\":\"https:\/\/thefinitive.com\/en\/prodotto\/pio-xi-papa-autografo-su-foto-benedizione-apostolica-1927\/#breadcrumb\",\"itemListElement\":[{\"@type\":\"ListItem\",\"position\":1,\"name\":\"Home\",\"item\":\"https:\/\/thefinitive.com\/en\/\"},{\"@type\":\"ListItem\",\"position\":2,\"name\":\"Shop\",\"item\":\"https:\/\/thefinitive.com\/en\/shop-2\/\"},{\"@type\":\"ListItem\",\"position\":3,\"name\":\"\u274c\ud83d\ude41PIO XI Papa autografo su Foto &#8211; Benedizione Apostolica &#8211; 1927\"}]},{\"@type\":\"WebSite\",\"@id\":\"https:\/\/thefinitive.com\/en\/#website\",\"url\":\"https:\/\/thefinitive.com\/en\/\",\"name\":\"Thefinitive\",\"description\":\"Antiquariato Online\",\"publisher\":{\"@id\":\"https:\/\/thefinitive.com\/en\/#organization\"},\"potentialAction\":[{\"@type\":\"SearchAction\",\"target\":{\"@type\":\"EntryPoint\",\"urlTemplate\":\"https:\/\/thefinitive.com\/en\/?s={search_term_string}\"},\"query-input\":\"required name=search_term_string\"}],\"inLanguage\":\"en-US\"},{\"@type\":\"Organization\",\"@id\":\"https:\/\/thefinitive.com\/en\/#organization\",\"name\":\"Thefinitive\",\"url\":\"https:\/\/thefinitive.com\/en\/\",\"logo\":{\"@type\":\"ImageObject\",\"inLanguage\":\"en-US\",\"@id\":\"https:\/\/thefinitive.com\/en\/#\/schema\/logo\/image\/\",\"url\":\"https:\/\/thefinitive.com\/wp-content\/uploads\/2019\/07\/logo4vett.svg\",\"contentUrl\":\"https:\/\/thefinitive.com\/wp-content\/uploads\/2019\/07\/logo4vett.svg\",\"width\":500,\"height\":100,\"caption\":\"Thefinitive\"},\"image\":{\"@id\":\"https:\/\/thefinitive.com\/en\/#\/schema\/logo\/image\/\"},\"sameAs\":[\"https:\/\/business.facebook.com\/Thefinitive-111771813534320\/\",\"https:\/\/www.instagram.com\/_thefinitive_\/\"]}]}<\/script>\n<!-- \/ Yoast SEO plugin. -->","yoast_head_json":{"title":"\u274c\ud83d\ude41PIO XI Papa autografo su Foto - Benedizione Apostolica - 1927 Thefinitive","description":"PIO XI , Papa , Autografo su foto con benedizione apostolica - POPE PIO XI Apostolic blessing - Originale con timbro a secco Sommo Pontefice 1927","robots":{"index":"index","follow":"follow","max-snippet":"max-snippet:-1","max-image-preview":"max-image-preview:large","max-video-preview":"max-video-preview:-1"},"canonical":"https:\/\/thefinitive.com\/en\/prodotto\/pio-xi-papa-autografo-su-foto-benedizione-apostolica-1927\/","og_locale":"en_US","og_type":"article","og_title":"\u274c\ud83d\ude41PIO XI Papa autografo su Foto - Benedizione Apostolica - 1927 Thefinitive","og_description":"PIO XI , Papa , Autografo su foto con benedizione apostolica - POPE PIO XI Apostolic blessing - Originale con timbro a secco Sommo Pontefice 1927","og_url":"https:\/\/thefinitive.com\/en\/prodotto\/pio-xi-papa-autografo-su-foto-benedizione-apostolica-1927\/","og_site_name":"Thefinitive","article_publisher":"https:\/\/business.facebook.com\/Thefinitive-111771813534320\/","article_modified_time":"2023-03-20T14:39:17+00:00","og_image":[{"width":1608,"height":2144,"url":"https:\/\/thefinitive.com\/wp-content\/uploads\/2019\/08\/20190812_121847.jpg","type":"image\/jpeg"}],"twitter_card":"summary_large_image","twitter_misc":{"Est. reading time":"10 minutes"},"schema":{"@context":"https:\/\/schema.org","@graph":[{"@type":"WebPage","@id":"https:\/\/thefinitive.com\/en\/prodotto\/pio-xi-papa-autografo-su-foto-benedizione-apostolica-1927\/","url":"https:\/\/thefinitive.com\/en\/prodotto\/pio-xi-papa-autografo-su-foto-benedizione-apostolica-1927\/","name":"\u274c\ud83d\ude41PIO XI Papa autografo su Foto - Benedizione Apostolica - 1927 Thefinitive","isPartOf":{"@id":"https:\/\/thefinitive.com\/en\/#website"},"datePublished":"2020-05-14T17:50:36+00:00","dateModified":"2023-03-20T14:39:17+00:00","description":"PIO XI , Papa , Autografo su foto con benedizione apostolica - POPE PIO XI Apostolic blessing - Originale con timbro a secco Sommo Pontefice 1927","breadcrumb":{"@id":"https:\/\/thefinitive.com\/en\/prodotto\/pio-xi-papa-autografo-su-foto-benedizione-apostolica-1927\/#breadcrumb"},"inLanguage":"en-US","potentialAction":[{"@type":"ReadAction","target":["https:\/\/thefinitive.com\/en\/prodotto\/pio-xi-papa-autografo-su-foto-benedizione-apostolica-1927\/"]}]},{"@type":"BreadcrumbList","@id":"https:\/\/thefinitive.com\/en\/prodotto\/pio-xi-papa-autografo-su-foto-benedizione-apostolica-1927\/#breadcrumb","itemListElement":[{"@type":"ListItem","position":1,"name":"Home","item":"https:\/\/thefinitive.com\/en\/"},{"@type":"ListItem","position":2,"name":"Shop","item":"https:\/\/thefinitive.com\/en\/shop-2\/"},{"@type":"ListItem","position":3,"name":"\u274c\ud83d\ude41PIO XI Papa autografo su Foto &#8211; Benedizione Apostolica &#8211; 1927"}]},{"@type":"WebSite","@id":"https:\/\/thefinitive.com\/en\/#website","url":"https:\/\/thefinitive.com\/en\/","name":"Thefinitive","description":"Antiquariato Online","publisher":{"@id":"https:\/\/thefinitive.com\/en\/#organization"},"potentialAction":[{"@type":"SearchAction","target":{"@type":"EntryPoint","urlTemplate":"https:\/\/thefinitive.com\/en\/?s={search_term_string}"},"query-input":"required name=search_term_string"}],"inLanguage":"en-US"},{"@type":"Organization","@id":"https:\/\/thefinitive.com\/en\/#organization","name":"Thefinitive","url":"https:\/\/thefinitive.com\/en\/","logo":{"@type":"ImageObject","inLanguage":"en-US","@id":"https:\/\/thefinitive.com\/en\/#\/schema\/logo\/image\/","url":"https:\/\/thefinitive.com\/wp-content\/uploads\/2019\/07\/logo4vett.svg","contentUrl":"https:\/\/thefinitive.com\/wp-content\/uploads\/2019\/07\/logo4vett.svg","width":500,"height":100,"caption":"Thefinitive"},"image":{"@id":"https:\/\/thefinitive.com\/en\/#\/schema\/logo\/image\/"},"sameAs":["https:\/\/business.facebook.com\/Thefinitive-111771813534320\/","https:\/\/www.instagram.com\/_thefinitive_\/"]}]}},"_links":{"self":[{"href":"https:\/\/thefinitive.com\/en\/wp-json\/wp\/v3\/product\/6012"}],"collection":[{"href":"https:\/\/thefinitive.com\/en\/wp-json\/wp\/v3\/product"}],"about":[{"href":"https:\/\/thefinitive.com\/en\/wp-json\/wp\/v2\/types\/product"}],"replies":[{"embeddable":true,"href":"https:\/\/thefinitive.com\/en\/wp-json\/wp\/v2\/comments?post=6012"}],"version-history":[{"count":1,"href":"https:\/\/thefinitive.com\/en\/wp-json\/wp\/v3\/product\/6012\/revisions"}],"predecessor-version":[{"id":14753,"href":"https:\/\/thefinitive.com\/en\/wp-json\/wp\/v3\/product\/6012\/revisions\/14753"}],"wp:featuredmedia":[{"embeddable":true,"href":"https:\/\/thefinitive.com\/en\/wp-json\/wp\/v2\/media\/2417"}],"wp:attachment":[{"href":"https:\/\/thefinitive.com\/en\/wp-json\/wp\/v2\/media?parent=6012"}],"wp:term":[{"taxonomy":"product_cat","embeddable":true,"href":"https:\/\/thefinitive.com\/en\/wp-json\/wp\/v2\/product_cat?post=6012"},{"taxonomy":"product_tag","embeddable":true,"href":"https:\/\/thefinitive.com\/en\/wp-json\/wp\/v2\/product_tag?post=6012"}],"curies":[{"name":"wp","href":"https:\/\/api.w.org\/{rel}","templated":true}]}}