{"id":6011,"date":"2020-05-14T17:49:37","date_gmt":"2020-05-14T17:49:37","guid":{"rendered":"https:\/\/www.thefinitive.com\/?post_type=product&#038;p=6011"},"modified":"2023-03-20T15:46:43","modified_gmt":"2023-03-20T14:46:43","slug":"croce-rossa-red-cross-maria-jose-belgio-savoia-autografo","status":"publish","type":"product","link":"https:\/\/thefinitive.com\/en\/prodotto\/croce-rossa-red-cross-maria-jose-belgio-savoia-autografo\/","title":{"rendered":"\u274c\ud83d\ude41Croce Rossa Red Cross Maria Jos\u00e9 Belgio Savoia &#8211; autografo"},"content":{"rendered":"<p>Foto con firma autografa di <b>Maria Jos\u00e9 <\/b>del<b> Belgio<\/b> , nata <strong>Principessa<\/strong> del Belgio fu l&#8217;ultima <strong>Regina <\/strong>d&#8217;Italia, moglie di <strong>Umberto II di Savoia, <\/strong>figlio di <strong>Vittorio Emanuele III<\/strong>. \u00a0La Principessa ricopr\u00ec il ruolo di <strong>Ispettrice Nazionale<\/strong> della <strong>Croce Rossa <\/strong>( Red Cross, con la quale fu molto impegnata durante il periodo bellico ) ed in questa foto la troviamo infatti in uniforme da <em><strong>crocerossina<\/strong>.<\/em><\/p>\n<p>La foto \u00e8 <strong>originale<\/strong> dell&#8217;epoca, realizzata dalla famosa fotografa <a href=\"https:\/\/it.wikipedia.org\/wiki\/Ghitta_Carell\"><strong>Ghitta Karrell<\/strong><\/a> (la fotografa ungherese italianizzata ed autrice di ritratti di moltissimi dei personaggi di spicco dell&#8217;epoca). L&#8217;autografo \u00e8 <em><strong>originale<\/strong>\u00a0<\/em>ed <em><strong>olografo <\/strong><\/em>della principessa, scritto di pugno con penna stilografica, e datato <strong>1946<\/strong>. In <em>ottime condizioni<\/em>, misura circa cm. 25 x 20 .<\/p>\n<p>&nbsp;<\/p>\n<h2>Notizie<\/h2>\n<p><b>Marie Jos\u00e9 Carlotta Sofia Amelia Enrichetta Gabriella di Sassonia Coburgo-Gotha<sup id=\"cite_ref-thePeerage_2-0\" class=\"reference\"><\/sup><\/b>, nota come\u00a0<b>Maria Jos\u00e9 del Belgio<\/b>\u00a0(Ostenda,\u00a04 agosto\u00a01906\u00a0\u2013\u00a0Th\u00f4nex,\u00a027 gennaio\u00a02001), nata principessa del Belgio, fu l&#8217;ultima\u00a0regina d&#8217;Italia come consorte di\u00a0re Umberto II. Poich\u00e9 il suo regno dur\u00f2 solamente dal 9 maggio al 10 giugno 1946, venne soprannominata dagli italiani\u00a0<i>Regina di maggio<\/i>. Il suo nome italianizzato era\u00a0<b>Maria Giuseppina di Savoia<\/b>, ma ella non lo volle mai usare, nemmeno nei documenti ufficiali come l&#8217;atto di matrimonio. Di temperamento\u00a0liberale, si distinse in questo senso per il suo\u00a0anticonformismo\u00a0all&#8217;interno dell&#8217;aristocrazia. \u00c8 l&#8217;unica regina italiana la cui effigie appaia su una serie di francobolli regolarmente emessi: le\u00a0<i>Nozze del principe Umberto II<\/i>.<\/p>\n<div class=\"thumb tleft\">\n<div class=\"thumbinner\">\n<p><a class=\"image\" href=\"https:\/\/it.wikipedia.org\/wiki\/File:Marie-Jos%C3%A9_of_Belgium_aged_9_-_Project_Gutenberg_etext_20521.jpg\"><img loading=\"lazy\" decoding=\"async\" class=\"thumbimage\" src=\"https:\/\/upload.wikimedia.org\/wikipedia\/commons\/thumb\/0\/01\/Marie-Jos%C3%A9_of_Belgium_aged_9_-_Project_Gutenberg_etext_20521.jpg\/150px-Marie-Jos%C3%A9_of_Belgium_aged_9_-_Project_Gutenberg_etext_20521.jpg\" srcset=\"\/\/upload.wikimedia.org\/wikipedia\/commons\/thumb\/0\/01\/Marie-Jos%C3%A9_of_Belgium_aged_9_-_Project_Gutenberg_etext_20521.jpg\/225px-Marie-Jos%C3%A9_of_Belgium_aged_9_-_Project_Gutenberg_etext_20521.jpg 1.5x, \/\/upload.wikimedia.org\/wikipedia\/commons\/thumb\/0\/01\/Marie-Jos%C3%A9_of_Belgium_aged_9_-_Project_Gutenberg_etext_20521.jpg\/300px-Marie-Jos%C3%A9_of_Belgium_aged_9_-_Project_Gutenberg_etext_20521.jpg 2x\" alt=\"\" width=\"150\" height=\"202\" data-file-width=\"372\" data-file-height=\"500\" \/><\/a><\/p>\n<div class=\"thumbcaption\">\n<div class=\"magnify\">Maria Jos\u00e9 all&#8217;et\u00e0 di nove anni<\/div>\n<div><\/div>\n<\/div>\n<\/div>\n<\/div>\n<p>Era figlia di\u00a0<strong>Alberto I<\/strong> di Sassonia-Coburgo-Gotha, divenuto\u00a0re dei belgi\u00a0dal\u00a01909, e di\u00a0<strong>Elisabetta Gabriella<\/strong>, nata duchessa in\u00a0Baviera.<\/p>\n<p>I suoi nonni paterni erano il conte\u00a0Filippo di Fiandra\u00a0e la\u00a0principessa\u00a0Maria di Hohenzollern-Sigmaringen; quelli materni il\u00a0duca in Baviera\u00a0Carlo Teodoro\u00a0e la sua seconda moglie\u00a0Maria Jos\u00e9 di Braganza, nata\u00a0infanta\u00a0di\u00a0Portogallo.<\/p>\n<p>Crebbe con i due fratelli maggiori\u00a0Leopoldo\u00a0e\u00a0Carlo Teodoro\u00a0in un ambiente familiare aperto, intriso di cultura, dove, grazie ai vasti interessi dei genitori, svilupp\u00f2 sia le sue doti artistiche studiando il\u00a0pianoforte\u00a0e il\u00a0violino, sia le sue doti sportive e apprese, guidata dal padre, il quale era tra l&#8217;altro incline alle idee\u00a0socialiste, sia la cultura classica sia quella contemporanea.<\/p>\n<p>Durante la sua infanzia dovette affrontare il tragico periodo della\u00a0prima guerra mondiale, venendo mandata con i fratelli a vivere in\u00a0Inghilterra, mentre il padre in patria comandava personalmente l&#8217;esercito belga, guadagnandosi il soprannome di &#8220;<strong><i>Re cavaliere<\/i><\/strong>&#8220;, e la madre svolgeva attivit\u00e0 di <em>assistenza presso i feriti (Croce Rossa internazionale, Red Cross)<\/em><\/p>\n<p>Venne educata per un matrimonio reale e destinata dai genitori, fin da piccola, a sposare\u00a0<strong>Umberto di Savoia<\/strong>, erede al trono d&#8217;Italia, figlio di\u00a0Vittorio Emanuele III\u00a0e di\u00a0Elena del Montenegro. Per questo motivo frequent\u00f2 il collegio della Santissima Annunziata a\u00a0Villa di Poggio Imperiale, dove apprese la\u00a0lingua italiana. Il primo incontro dei due futuri sposi avvenne, nel\u00a01916, al castello di Lispida a\u00a0Monselice. Terminati gli studi in\u00a0Italia\u00a0nel\u00a01919, venne iscritta al collegio delle\u00a0suore del Sacro Cuore\u00a0al castello di Linthout, presso\u00a0Woluwe-Saint-Lambert, in Belgio; in precedenza, nel\u00a01915\u00a0(mentre era rifugiata in\u00a0Inghilterra), aveva studiato presso il convento delle\u00a0Orsoline\u00a0di\u00a0Brentwood.<\/p>\n<p>Le <strong>nozze<\/strong> con il\u00a0<i>Principe di Piemonte<\/i>\u00a0furono celebrate a\u00a0Roma\u00a0l&#8217;8 gennaio del\u00a01930 nella\u00a0Cappella Paolina del palazzo del Quirinale. Dopo la funzione gli sposi furono ricevuti da\u00a0Pio XI, il Papa che l&#8217;anno prima aveva stipulato i\u00a0<strong>Patti Lateranensi<\/strong>, nel quadro di un chiaro disgelo fra Italia e\u00a0Vaticano.<\/p>\n<div class=\"thumb tleft\">\n<div class=\"thumbinner\">\n<p><a class=\"image\" href=\"https:\/\/it.wikipedia.org\/wiki\/File:Nozze_Umberto_II_di_Savoia_e_Maria_Jos%C3%A9_1930.jpg\"><img loading=\"lazy\" decoding=\"async\" class=\"thumbimage\" src=\"https:\/\/upload.wikimedia.org\/wikipedia\/it\/thumb\/f\/f0\/Nozze_Umberto_II_di_Savoia_e_Maria_Jos%C3%A9_1930.jpg\/150px-Nozze_Umberto_II_di_Savoia_e_Maria_Jos%C3%A9_1930.jpg\" srcset=\"\/\/upload.wikimedia.org\/wikipedia\/it\/thumb\/f\/f0\/Nozze_Umberto_II_di_Savoia_e_Maria_Jos%C3%A9_1930.jpg\/225px-Nozze_Umberto_II_di_Savoia_e_Maria_Jos%C3%A9_1930.jpg 1.5x, \/\/upload.wikimedia.org\/wikipedia\/it\/f\/f0\/Nozze_Umberto_II_di_Savoia_e_Maria_Jos%C3%A9_1930.jpg 2x\" alt=\"\" width=\"150\" height=\"241\" data-file-width=\"246\" data-file-height=\"395\" \/><\/a><\/p>\n<div class=\"thumbcaption\">\n<div class=\"magnify\">La coppia trascorse i primi anni di matrimonio a Torino, dove Umberto comandava il <strong>92\u00ba reggimento di fanteria<\/strong> con il grado di colonnello. Maria Jos\u00e9 non ebbe mai buoni rapporti con i membri di Casa Savoia. La sua provenienza dal pi\u00f9 aperto ambiente reale belga e l&#8217;educazione di stampo moderno che aveva ricevuto si scontravano con il rigore della monarchia italiana. La pi\u00f9 classica educazione e istruzione dello stesso Umberto e, soprattutto, il ligio ossequio del principe all&#8217;etichetta, furono tutti fattori di ostacolo alla riuscita della sua unione con l&#8217;erede al trono. Negli anni torinesi la principessa prefer\u00ec sottrarsi ai rapporti con gli esponenti della nobilt\u00e0 e con la cerchia delle amicizie del marito, ritagliandosi spazi e frequentazioni personali. Anche a Roma, nell&#8217;appartamento privato del Quirinale, dotato di pianoforte a coda, ricevette filosofi, intellettuali e scrittori in modo del tutto indipendente da Umberto. Maria Jos\u00e9 e Umberto vissero a Napoli, dal 1933 fino allo scoppio della seconda guerra mondiale, quando la famiglia si trasfer\u00ec al Quirinale.<\/div>\n<\/div>\n<\/div>\n<\/div>\n<div class=\"thumb tright\">\n<div class=\"thumbinner\">\n<div class=\"thumbcaption\">\n<div>\n<p>Sin dal tempo dell&#8217;ascesa del fascismo, Maria Jos\u00e9 provava sentimenti di ostilit\u00e0 nei confronti dell&#8217;operato di <strong>Mussolini<\/strong> e anche Umberto, del resto, faticava a nascondere un certo dissenso<sup id=\"cite_ref-Ult_7-7\" class=\"reference\"><\/sup>. Nel 1938, secondo fonti diplomatiche inglesi Maria Jos\u00e9 si sarebbe accordata con <strong>Rodolfo Graziani<\/strong>\u00a0e con il capo della <strong>polizia\u00a0Arturo Bocchini<\/strong>, per tentare un\u00a0colpo di Stato\u00a0per opera di alcuni reparti delle forze armate, con\u00a0Pietro <strong>Badoglio<\/strong>\u00a0come comandante in capo, azione che sostituisse Mussolini con un \u00abavvocato milanese antifascista\u00bb (probabilmente\u00a0Carlo Aphel) e costringesse Vittorio Emanuele III ad abdicare in favore di Umberto; Umberto era, a sua volta, d&#8217;accordo con la moglie per abdicare subito in favore del piccolo\u00a0Vittorio Emanuele; la stessa Maria Jos\u00e9 sarebbe stata nominata\u00a0reggente\u00a0del Regno in deroga allo\u00a0Statuto Albertino, fino al compimento dei 21 anni del giovanissimo ipotetico sovrano. Questo presunto complotto, che vedeva d&#8217;accordo anche\u00a0<strong>Italo Balbo<\/strong>, l&#8217;anglofilo\u00a0<strong>Dino Grandi<\/strong>\u00a0e l&#8217;antitedesco e ambizioso genero del duce\u00a0<strong>Galeazzo Ciano<\/strong>, non and\u00f2 comunque oltre un incontro preliminare a Racconigi.<\/p>\n<p>Allo scoppio della <strong>Seconda Guerra Mondiale<\/strong>, Maria Jos\u00e9, che aveva sempre sostenuto che l&#8217;Italia non avrebbe mai potuto vincere la guerra e che l&#8217;unico modo per risparmiare al popolo delle inutili sofferenze era quello di eliminare Mussolini e il fascismo<sup id=\"cite_ref-Ult_7-9\" class=\"reference\"><\/sup>, intraprese, a partire dal 1941 fino al colpo di Stato del 25 luglio 1943, un&#8217;azione segreta volta a collegare l&#8217;ambiente antifascista direttamente con i Savoia , operando anche nella Croce Rossa, Red Cross.<\/p>\n<p>Incurante dei rischi che correva, incontr\u00f2 personaggi come\u00a0<strong>Benedetto Croce<\/strong>, <strong>Umberto Zanotti Bianco<\/strong>, liberale fortemente contrario al regime,\u00a0<strong>Ugo la Malfa<\/strong>,\u00a0<strong>Carlo Antoni<\/strong>,\u00a0<strong>Ferdinando Arena<\/strong>, che divenne anche suo medico personale,\u00a0<strong>Ivanoe Bonomi<\/strong>,\u00a0<strong>Elio Vittorini<\/strong>,\u00a0<strong>Alcide de Gasperi<\/strong>,\u00a0<strong>monsignor Montini<\/strong>\u00a0allora sostituto segretario di Stato di\u00a0<strong>papa Pio XII<\/strong>.<\/p>\n<\/div>\n<\/div>\n<\/div>\n<\/div>\n<p>Il 25 luglio Maria Jos\u00e9 seppe dell&#8217;esito della seduta del\u00a0<a class=\"mw-redirect\" title=\"Gran Consiglio del Fascismo\" href=\"https:\/\/it.wikipedia.org\/wiki\/Gran_Consiglio_del_Fascismo\">Gran Consiglio<\/a> e dell&#8217;arresto di Mussolini due ore prima che la notizia fosse diffusa dalla radio.\u00a0Pietro Badoglio annunci\u00f2 di essere il nuovo capo del Governo.<\/p>\n<p>Il 6 agosto Maria Jos\u00e9 venne convocata dal suocero, e le venne espressamente ordinato di troncare immediatamente ogni rapporto con l&#8217;opposizione antifascista e ogni attivit\u00e0 politica; inoltre la costrinse a ritirarsi con i quattro figli nella residenza estiva dei Savoia a Sant&#8217;Anna di Valdieri, sotto la sorveglianza della cognata Iolanda, e di rimanervi fino a che lui stesso non l&#8217;avesse espressamente richiamata a Roma. L&#8217;<strong>8 settembre<\/strong> la principessa si trovava a\u00a0<strong>Sarre<\/strong>, dove si era trasferita da dieci giorni e, come il resto degli italiani, apprese la notizia dell&#8217;armistizio\u00a0dalla radio.<\/p>\n<p><a class=\"image\" href=\"https:\/\/it.wikipedia.org\/wiki\/File:Marie-Jos%C3%A9_of_Belgium2.jpg\"><img loading=\"lazy\" decoding=\"async\" class=\"thumbimage\" src=\"https:\/\/upload.wikimedia.org\/wikipedia\/commons\/thumb\/c\/ca\/Marie-Jos%C3%A9_of_Belgium2.jpg\/180px-Marie-Jos%C3%A9_of_Belgium2.jpg\" srcset=\"\/\/upload.wikimedia.org\/wikipedia\/commons\/thumb\/c\/ca\/Marie-Jos%C3%A9_of_Belgium2.jpg\/270px-Marie-Jos%C3%A9_of_Belgium2.jpg 1.5x, \/\/upload.wikimedia.org\/wikipedia\/commons\/thumb\/c\/ca\/Marie-Jos%C3%A9_of_Belgium2.jpg\/360px-Marie-Jos%C3%A9_of_Belgium2.jpg 2x\" alt=\"\" width=\"180\" height=\"247\" data-file-width=\"500\" data-file-height=\"686\" \/><\/a><\/p>\n<p>In questo momento di grave pericolo per i membri della famiglia reale e, in particolar modo, per il nipote maschio del re, Maria Jos\u00e9 e i suoi figli riuscirono comunque a rifugiarsi in Svizzera, a Montreux. Poi dovettero spostarsi a Glion. Qui Maria Jos\u00e9 riprese i contatti con le persone con cui aveva collaborato precedentemente al colpo di Stato, in particolare con\u00a0Luigi Einaudi, anch&#8217;egli riparato in Svizzera. Fu tentata a unirsi alla\u00a0Resistenza, ma le autorit\u00e0 elvetiche la sorvegliavano strettamente. Riusc\u00ec comunque, in diverse occasioni, a trasportare armi per i partigiani.<\/p>\n<p>Solo nel febbraio del 1945, mentre la Germania stava cadendo, Maria Jos\u00e9 si decise a rientrare in Italia, fu accolta dai partigiani, che la scortarono fino a Racconigi. Qui attese fino al giugno seguente, quando fu mandato un aereo per portarla a Roma, dove ad aspettarla c&#8217;era Umberto. Non si vedevano da circa due anni. Ad agosto andarono a prendere i bambini e la famiglia fu di nuovo riunita.<\/p>\n<h3><span id=\"La_.22Regina_di_maggio.22\"><\/span><span id=\"La_&quot;Regina_di_maggio&quot;\" class=\"mw-headline\">La &#8220;Regina di maggio&#8221;<\/span><\/h3>\n<p>L&#8217;ultimo anno che trascorse in Italia fu in solitudine. Umberto era sempre lontano, impegnato nel suo nuovo ruolo di Luogotenente del regno, e comunque fra i due coniugi ormai vi era una frattura insanabile<sup id=\"cite_ref-Ult_7-15\" class=\"reference\"><\/sup>. Riprese a fare l&#8217;<strong>ispettrice nazionale<\/strong> del\u00a0<strong>Corpo Infermiere Volontarie<\/strong>\u00a0della\u00a0<strong>Croce Rossa<\/strong>, (red cross) visitando i posti pi\u00f9 colpiti dalla guerra e fu proprio mentre tornava da Cassino, da una di queste visite, che venne informata di essere regina. Era il 9 maggio del 1946. Il re aveva abdicato in favore di Umberto. Fonti contemporanee riportano che non manifest\u00f2 nessun entusiasmo, ma che era gi\u00e0 rassegnata alla previsione che la monarchia avrebbe perso il referendum che si sarebbe tenuto di l\u00ec a poco, il 2 giugno.<\/p>\n<p>&nbsp;<\/p>\n<h2><a href=\"https:\/\/it.wikipedia.org\/wiki\/Ghitta_Carell\"><b>Ghitta Carell Klein<\/b><\/a><\/h2>\n<h2><img loading=\"lazy\" decoding=\"async\" class=\"alignnone size-medium wp-image-2354\" src=\"https:\/\/www.thefinitive.com\/wp-content\/uploads\/2019\/08\/Ghittacarel-213x300.jpg\" alt=\"\" width=\"213\" height=\"300\" srcset=\"https:\/\/thefinitive.com\/wp-content\/uploads\/2019\/08\/Ghittacarel-213x300.jpg 213w, https:\/\/thefinitive.com\/wp-content\/uploads\/2019\/08\/Ghittacarel-64x90.jpg 64w, https:\/\/thefinitive.com\/wp-content\/uploads\/2019\/08\/Ghittacarel.jpg 564w\" sizes=\"(max-width: 213px) 100vw, 213px\" \/><\/h2>\n<p>Szatm\u00e1r, 20 settembre 1899 \u2013 Haifa, 18 gennaio 1972, fotografa ungherese naturalizzata italiana.<\/p>\n<p>La giovane Ghitta Carell, ebrea\u00a0ungherese in visita a\u00a0Firenze\u00a0nel 1924, decide di fermarsi in Italia e intraprendere la professione di fotografa<\/p>\n<p>I primi ritratti fotografici alla principessa di Piemonte,\u00a0<strong>Maria Jos\u00e8<\/strong>, consacrano gli sforzi e la pervicace determinazione dell&#8217;ungherese. La Carell utilizza un&#8217;attrezzatura tradizionale, per non dire vetusta \u2013 una grande macchina con cavalletto della ditta Luigi Piseroni di Milano \u2013 che impara subito a padroneggiare. Si tratta di un apparecchio con lastre di grande formato (18&#215;24), all&#8217;occorrenza sostituito da pi\u00f9 agili macchine portatili, ma sempre dello stesso formato. Qualche lampada e la corretta associazione tra tempi di posa e apertura del diaframma, proiettano l&#8217;indubbio talento della Carell nel mondo del ritratto fotografico.<\/p>\n<p>La Carell si sofferma sui tagli, le inquadrature, i particolari, l&#8217;uso delle luci, arrivando alla definizione di uno stile inconfondibile. &#8230;<\/p>\n<p><em>( &#8230; omissis &#8230; )<\/em><\/p>\n<p><em>Fonti di approfondimento\u00a0 Wikipedia \u00a0a cui si rimanda la consultazione data la vastit\u00e0 dell&#8217;argomento.<\/em><\/p>\n<p>&nbsp;<\/p>\n<p>9.19<\/p>\n","protected":false},"excerpt":{"rendered":"<p>Foto con firma autografa di <b>Maria Jos\u00e9 <\/b>del<b> Belgio<\/b> , <strong>1946<\/strong>. In uniforme da Crocerossina, \u00a0la Principessa ricopr\u00ec il ruolo di <strong>Ispettrice Nazionale<\/strong> della <strong>Croce Rossa.<\/strong><\/p>\n<p>La foto \u00e8 <strong>originale,<\/strong> realizzata dalla famosa fotografa <strong>Ghitta <\/strong><strong>Karrell<\/strong> . Autografo\u00a0 <em><strong>originale<\/strong>\u00a0<\/em>ed <em><strong>olografo <\/strong><\/em>della principessa. In <em>ottime condizioni<\/em>, misura circa cm. 25 x 20 .<\/p>\n<p><strong><em>(Scorri la pagina in basso per ulteriori dettagli e informazioni)<\/em><\/strong><\/p>\n","protected":false},"featured_media":2347,"comment_status":"open","ping_status":"closed","template":"","meta":[],"product_cat":[586],"product_tag":[191,263,182,198,228,264,192,262,238],"yoast_head":"<!-- This site is optimized with the Yoast SEO plugin v21.9.1 - https:\/\/yoast.com\/wordpress\/plugins\/seo\/ -->\n<title>\u274c\ud83d\ude41Croce Rossa Red Cross Maria Jos\u00e9 Belgio Savoia - autografo - Thefinitive<\/title>\n<meta name=\"description\" content=\"Croce Rossa red cross MARIA Jos\u00e8 - Maria del Belgio - crocerossina - Moglie Umberto II di Savoia - Foto con autografo - Foto originale Kitta Garrel\" \/>\n<meta name=\"robots\" content=\"index, follow, max-snippet:-1, max-image-preview:large, max-video-preview:-1\" \/>\n<link rel=\"canonical\" href=\"https:\/\/thefinitive.com\/en\/prodotto\/croce-rossa-red-cross-maria-jose-belgio-savoia-autografo\/\" \/>\n<meta property=\"og:locale\" content=\"en_US\" \/>\n<meta property=\"og:type\" content=\"article\" \/>\n<meta property=\"og:title\" content=\"\u274c\ud83d\ude41Croce Rossa Red Cross Maria Jos\u00e9 Belgio Savoia - autografo - Thefinitive\" \/>\n<meta property=\"og:description\" content=\"Croce Rossa red cross MARIA Jos\u00e8 - Maria del Belgio - crocerossina - Moglie Umberto II di Savoia - Foto con autografo - Foto originale Kitta Garrel\" \/>\n<meta property=\"og:url\" content=\"https:\/\/thefinitive.com\/en\/prodotto\/croce-rossa-red-cross-maria-jose-belgio-savoia-autografo\/\" \/>\n<meta property=\"og:site_name\" content=\"Thefinitive\" \/>\n<meta property=\"article:publisher\" content=\"https:\/\/business.facebook.com\/Thefinitive-111771813534320\/\" \/>\n<meta property=\"article:modified_time\" content=\"2023-03-20T14:46:43+00:00\" \/>\n<meta property=\"og:image\" content=\"https:\/\/thefinitive.com\/wp-content\/uploads\/2019\/08\/mariaa.jpg\" \/>\n\t<meta property=\"og:image:width\" content=\"1459\" \/>\n\t<meta property=\"og:image:height\" content=\"1945\" \/>\n\t<meta property=\"og:image:type\" content=\"image\/jpeg\" \/>\n<meta name=\"twitter:card\" content=\"summary_large_image\" \/>\n<meta name=\"twitter:label1\" content=\"Est. reading time\" \/>\n\t<meta name=\"twitter:data1\" content=\"8 minutes\" \/>\n<script type=\"application\/ld+json\" class=\"yoast-schema-graph\">{\"@context\":\"https:\/\/schema.org\",\"@graph\":[{\"@type\":\"WebPage\",\"@id\":\"https:\/\/thefinitive.com\/en\/prodotto\/croce-rossa-red-cross-maria-jose-belgio-savoia-autografo\/\",\"url\":\"https:\/\/thefinitive.com\/en\/prodotto\/croce-rossa-red-cross-maria-jose-belgio-savoia-autografo\/\",\"name\":\"\u274c\ud83d\ude41Croce Rossa Red Cross Maria Jos\u00e9 Belgio Savoia - autografo - Thefinitive\",\"isPartOf\":{\"@id\":\"https:\/\/thefinitive.com\/en\/#website\"},\"datePublished\":\"2020-05-14T17:49:37+00:00\",\"dateModified\":\"2023-03-20T14:46:43+00:00\",\"description\":\"Croce Rossa red cross MARIA Jos\u00e8 - Maria del Belgio - crocerossina - Moglie Umberto II di Savoia - Foto con autografo - Foto originale Kitta Garrel\",\"breadcrumb\":{\"@id\":\"https:\/\/thefinitive.com\/en\/prodotto\/croce-rossa-red-cross-maria-jose-belgio-savoia-autografo\/#breadcrumb\"},\"inLanguage\":\"en-US\",\"potentialAction\":[{\"@type\":\"ReadAction\",\"target\":[\"https:\/\/thefinitive.com\/en\/prodotto\/croce-rossa-red-cross-maria-jose-belgio-savoia-autografo\/\"]}]},{\"@type\":\"BreadcrumbList\",\"@id\":\"https:\/\/thefinitive.com\/en\/prodotto\/croce-rossa-red-cross-maria-jose-belgio-savoia-autografo\/#breadcrumb\",\"itemListElement\":[{\"@type\":\"ListItem\",\"position\":1,\"name\":\"Home\",\"item\":\"https:\/\/thefinitive.com\/en\/\"},{\"@type\":\"ListItem\",\"position\":2,\"name\":\"Shop\",\"item\":\"https:\/\/thefinitive.com\/en\/shop-2\/\"},{\"@type\":\"ListItem\",\"position\":3,\"name\":\"\u274c\ud83d\ude41Croce Rossa Red Cross Maria Jos\u00e9 Belgio Savoia &#8211; autografo\"}]},{\"@type\":\"WebSite\",\"@id\":\"https:\/\/thefinitive.com\/en\/#website\",\"url\":\"https:\/\/thefinitive.com\/en\/\",\"name\":\"Thefinitive\",\"description\":\"Antiquariato Online\",\"publisher\":{\"@id\":\"https:\/\/thefinitive.com\/en\/#organization\"},\"potentialAction\":[{\"@type\":\"SearchAction\",\"target\":{\"@type\":\"EntryPoint\",\"urlTemplate\":\"https:\/\/thefinitive.com\/en\/?s={search_term_string}\"},\"query-input\":\"required name=search_term_string\"}],\"inLanguage\":\"en-US\"},{\"@type\":\"Organization\",\"@id\":\"https:\/\/thefinitive.com\/en\/#organization\",\"name\":\"Thefinitive\",\"url\":\"https:\/\/thefinitive.com\/en\/\",\"logo\":{\"@type\":\"ImageObject\",\"inLanguage\":\"en-US\",\"@id\":\"https:\/\/thefinitive.com\/en\/#\/schema\/logo\/image\/\",\"url\":\"https:\/\/thefinitive.com\/wp-content\/uploads\/2019\/07\/logo4vett.svg\",\"contentUrl\":\"https:\/\/thefinitive.com\/wp-content\/uploads\/2019\/07\/logo4vett.svg\",\"width\":500,\"height\":100,\"caption\":\"Thefinitive\"},\"image\":{\"@id\":\"https:\/\/thefinitive.com\/en\/#\/schema\/logo\/image\/\"},\"sameAs\":[\"https:\/\/business.facebook.com\/Thefinitive-111771813534320\/\",\"https:\/\/www.instagram.com\/_thefinitive_\/\"]}]}<\/script>\n<!-- \/ Yoast SEO plugin. -->","yoast_head_json":{"title":"\u274c\ud83d\ude41Croce Rossa Red Cross Maria Jos\u00e9 Belgio Savoia - autografo - Thefinitive","description":"Croce Rossa red cross MARIA Jos\u00e8 - Maria del Belgio - crocerossina - Moglie Umberto II di Savoia - Foto con autografo - Foto originale Kitta Garrel","robots":{"index":"index","follow":"follow","max-snippet":"max-snippet:-1","max-image-preview":"max-image-preview:large","max-video-preview":"max-video-preview:-1"},"canonical":"https:\/\/thefinitive.com\/en\/prodotto\/croce-rossa-red-cross-maria-jose-belgio-savoia-autografo\/","og_locale":"en_US","og_type":"article","og_title":"\u274c\ud83d\ude41Croce Rossa Red Cross Maria Jos\u00e9 Belgio Savoia - autografo - Thefinitive","og_description":"Croce Rossa red cross MARIA Jos\u00e8 - Maria del Belgio - crocerossina - Moglie Umberto II di Savoia - Foto con autografo - Foto originale Kitta Garrel","og_url":"https:\/\/thefinitive.com\/en\/prodotto\/croce-rossa-red-cross-maria-jose-belgio-savoia-autografo\/","og_site_name":"Thefinitive","article_publisher":"https:\/\/business.facebook.com\/Thefinitive-111771813534320\/","article_modified_time":"2023-03-20T14:46:43+00:00","og_image":[{"width":1459,"height":1945,"url":"https:\/\/thefinitive.com\/wp-content\/uploads\/2019\/08\/mariaa.jpg","type":"image\/jpeg"}],"twitter_card":"summary_large_image","twitter_misc":{"Est. reading time":"8 minutes"},"schema":{"@context":"https:\/\/schema.org","@graph":[{"@type":"WebPage","@id":"https:\/\/thefinitive.com\/en\/prodotto\/croce-rossa-red-cross-maria-jose-belgio-savoia-autografo\/","url":"https:\/\/thefinitive.com\/en\/prodotto\/croce-rossa-red-cross-maria-jose-belgio-savoia-autografo\/","name":"\u274c\ud83d\ude41Croce Rossa Red Cross Maria Jos\u00e9 Belgio Savoia - autografo - Thefinitive","isPartOf":{"@id":"https:\/\/thefinitive.com\/en\/#website"},"datePublished":"2020-05-14T17:49:37+00:00","dateModified":"2023-03-20T14:46:43+00:00","description":"Croce Rossa red cross MARIA Jos\u00e8 - Maria del Belgio - crocerossina - Moglie Umberto II di Savoia - Foto con autografo - Foto originale Kitta Garrel","breadcrumb":{"@id":"https:\/\/thefinitive.com\/en\/prodotto\/croce-rossa-red-cross-maria-jose-belgio-savoia-autografo\/#breadcrumb"},"inLanguage":"en-US","potentialAction":[{"@type":"ReadAction","target":["https:\/\/thefinitive.com\/en\/prodotto\/croce-rossa-red-cross-maria-jose-belgio-savoia-autografo\/"]}]},{"@type":"BreadcrumbList","@id":"https:\/\/thefinitive.com\/en\/prodotto\/croce-rossa-red-cross-maria-jose-belgio-savoia-autografo\/#breadcrumb","itemListElement":[{"@type":"ListItem","position":1,"name":"Home","item":"https:\/\/thefinitive.com\/en\/"},{"@type":"ListItem","position":2,"name":"Shop","item":"https:\/\/thefinitive.com\/en\/shop-2\/"},{"@type":"ListItem","position":3,"name":"\u274c\ud83d\ude41Croce Rossa Red Cross Maria Jos\u00e9 Belgio Savoia &#8211; autografo"}]},{"@type":"WebSite","@id":"https:\/\/thefinitive.com\/en\/#website","url":"https:\/\/thefinitive.com\/en\/","name":"Thefinitive","description":"Antiquariato Online","publisher":{"@id":"https:\/\/thefinitive.com\/en\/#organization"},"potentialAction":[{"@type":"SearchAction","target":{"@type":"EntryPoint","urlTemplate":"https:\/\/thefinitive.com\/en\/?s={search_term_string}"},"query-input":"required name=search_term_string"}],"inLanguage":"en-US"},{"@type":"Organization","@id":"https:\/\/thefinitive.com\/en\/#organization","name":"Thefinitive","url":"https:\/\/thefinitive.com\/en\/","logo":{"@type":"ImageObject","inLanguage":"en-US","@id":"https:\/\/thefinitive.com\/en\/#\/schema\/logo\/image\/","url":"https:\/\/thefinitive.com\/wp-content\/uploads\/2019\/07\/logo4vett.svg","contentUrl":"https:\/\/thefinitive.com\/wp-content\/uploads\/2019\/07\/logo4vett.svg","width":500,"height":100,"caption":"Thefinitive"},"image":{"@id":"https:\/\/thefinitive.com\/en\/#\/schema\/logo\/image\/"},"sameAs":["https:\/\/business.facebook.com\/Thefinitive-111771813534320\/","https:\/\/www.instagram.com\/_thefinitive_\/"]}]}},"_links":{"self":[{"href":"https:\/\/thefinitive.com\/en\/wp-json\/wp\/v3\/product\/6011"}],"collection":[{"href":"https:\/\/thefinitive.com\/en\/wp-json\/wp\/v3\/product"}],"about":[{"href":"https:\/\/thefinitive.com\/en\/wp-json\/wp\/v2\/types\/product"}],"replies":[{"embeddable":true,"href":"https:\/\/thefinitive.com\/en\/wp-json\/wp\/v2\/comments?post=6011"}],"version-history":[{"count":1,"href":"https:\/\/thefinitive.com\/en\/wp-json\/wp\/v3\/product\/6011\/revisions"}],"predecessor-version":[{"id":14754,"href":"https:\/\/thefinitive.com\/en\/wp-json\/wp\/v3\/product\/6011\/revisions\/14754"}],"wp:featuredmedia":[{"embeddable":true,"href":"https:\/\/thefinitive.com\/en\/wp-json\/wp\/v2\/media\/2347"}],"wp:attachment":[{"href":"https:\/\/thefinitive.com\/en\/wp-json\/wp\/v2\/media?parent=6011"}],"wp:term":[{"taxonomy":"product_cat","embeddable":true,"href":"https:\/\/thefinitive.com\/en\/wp-json\/wp\/v2\/product_cat?post=6011"},{"taxonomy":"product_tag","embeddable":true,"href":"https:\/\/thefinitive.com\/en\/wp-json\/wp\/v2\/product_tag?post=6011"}],"curies":[{"name":"wp","href":"https:\/\/api.w.org\/{rel}","templated":true}]}}