{"id":6004,"date":"2020-05-12T18:13:31","date_gmt":"2020-05-12T18:13:31","guid":{"rendered":"https:\/\/www.thefinitive.com\/?post_type=product&#038;p=6004"},"modified":"2023-03-20T15:46:56","modified_gmt":"2023-03-20T14:46:56","slug":"decima-flottiglia-mas-scudetto-teschio-rosa-bregonzio","status":"publish","type":"product","link":"https:\/\/thefinitive.com\/en\/prodotto\/decima-flottiglia-mas-scudetto-teschio-rosa-bregonzio\/","title":{"rendered":"\u274c\ud83d\ude41Decima Flottiglia MAS Scudetto &#8211; Teschio, Rosa BREGONZIO"},"content":{"rendered":"<p>Scudetto omerale, da braccio, per la \u00a0<strong>Decima<\/strong> <strong>Flottiglia MAS\u00a0<\/strong> ( <b>X <\/b><strong>MAS<\/strong>\u00a0 ), teschio con la\u00a0 <strong>ROSA<\/strong> tra i denti, dal <strong>gambo lungo<\/strong>\u00a0, o <strong><em>Rosa Lunga<\/em><\/strong>. Conio originale <strong>BREGONZIO<\/strong>.<\/p>\n<p>Questo scudetto della Decima Flottiglia MAS \u00e8 originale del periodo, non una copia reducistica. Realizzato dalla ditta Bregonzio di Milano, conio su lamierino di zinco , risalente agli inizi del 1944 quando in quel periodo si cominci\u00f2 a produrlo e distribuirlo ai mar\u00f2.<\/p>\n<p>Poche parole da aggiungere per questo splendido esemplare, che conserva almeno il 95% della sua colorazione originale, laddove alcuni punti sono mancanti di smalto per via del tempo e del breve uso che il mar\u00f2 ne fece sulla sua giacca, dove faceva bella mostra lo scudetto in questione.\u00a0 Le foto pubblicate rendono meglio di tante parole.<\/p>\n<p>&nbsp;<\/p>\n<p><strong>MATERIALE\u00a0 \u00a0 \u00a0:\u00a0<\/strong> Zama (zamak) o lega di Zinco<\/p>\n<p><strong>MISURE\u00a0 \u00a0 \u00a0 \u00a0 \u00a0 \u00a0 \u00a0:<\/strong>\u00a0 mm.75.5 x 48.5<\/p>\n<p><strong>MARCHIO\u00a0 \u00a0 \u00a0 \u00a0 \u00a0:<\/strong>\u00a0 &#8211;<\/p>\n<p>&nbsp;<\/p>\n<h2 style=\"text-align: left;\">NOTIZIE<\/h2>\n<p>La\u00a0<b>X\u00aa <\/b><sup id=\"cite_ref-1\" class=\"reference\"><\/sup><b>Flottiglia MAS<\/b>\u00a0(dal 1\u00ba maggio 1944, con l&#8217;unificazione di vari battaglioni, rinominata in\u00a0<b>Divisione fanteria di marina X\u00aa\u00a0<\/b><sup id=\"cite_ref-2\" class=\"reference\"><\/sup>\u00a0anche nota come\u00a0<b>X\u00aa MAS , <\/b>Decima Flottiglia MAS nota per il suo stemma\/scudetto con Teschio) \u00e8 stato un corpo militare indipendente, ufficialmente di fanteria di marina della Marina Nazionale Repubblicana della Repubblica Sociale Italiana, attivo dal 1943 al 1945. La X\u00aa Flottiglia MAS al nord, al comando del capitano di fregata <strong>Junio Valerio Borghese<\/strong>\u00a0in seguito all&#8217;armistizio di Cassibile , strinse accordi di alleanza con il capitano di vascello Berninghaus della\u00a0Marina da guerra germanica.<\/p>\n<p>Durante i due anni che seguirono oper\u00f2 in coordinazione coi reparti\u00a0tedeschi, sia per contrastare l&#8217;avanzata\u00a0alleata\u00a0dopo lo\u00a0sbarco di Anzio\u00a0e sulla\u00a0Linea Gotica\u00a0e nel\u00a0Polesine, sia in operazioni contro la\u00a0resistenza italiana\u00a0con forte determinazione e perdite significative. Attivit\u00e0 durante la quale l&#8217;unit\u00e0 impieg\u00f2 strategie tipiche della controguerriglia e in alcuni episodi si macchi\u00f2 di\u00a0crimini di guerra, e infine nel tentativo di difendere i confini nordorientali dalla controffensiva\u00a0iugoslava, cercando anche di affermare l&#8217;italianit\u00e0 di quelle regioni di fronte alle politiche annessionistiche dell&#8217;occupante tedesco sostenuto da elementi\u00a0collaborazionisti\u00a0serbi,\u00a0croati\u00a0e\u00a0sloveni. Peraltro questi tentativi ostacolati anche dagli stessi tedeschi non ottennero risultati definitivi ed i reparti inviati in\u00a0Friuli\u00a0furono presto fatti trasferire oltre il\u00a0Piave, a\u00a0Thiene, dal\u00a0Gauleiter\u00a0Rainer, deciso a mantenere il controllo totale della regione.<\/p>\n<p>La X\u00aa Divisione MAS si arrese il <strong>26 aprile\u00a01945<\/strong>\u00a0ai rappresentanti del\u00a0Comitato di Liberazione Nazionale\u00a0(<strong>CLN<\/strong>) nella caserma di piazzale Fiume (l&#8217;attuale\u00a0piazza della Repubblica) a\u00a0Milano\u00a0dopo la cerimonia dell&#8217;ammaina bandiera.<\/p>\n<h2><span id=\"Storia\" class=\"mw-headline\">Storia<\/span><\/h2>\n<h3><span id=\"L.27armistizio\"><\/span><span id=\"L'armistizio\" class=\"mw-headline\">L&#8217;armistizio<\/span><\/h3>\n<div class=\"thumb tleft\">\n<div class=\"thumbinner\">\n<p><a class=\"image\" href=\"https:\/\/it.wikipedia.org\/wiki\/File:RSI_-_Soldati_della_X_MAS.jpg\"><img loading=\"lazy\" decoding=\"async\" class=\"thumbimage\" src=\"https:\/\/upload.wikimedia.org\/wikipedia\/it\/thumb\/8\/8e\/RSI_-_Soldati_della_X_MAS.jpg\/220px-RSI_-_Soldati_della_X_MAS.jpg\" srcset=\"\/\/upload.wikimedia.org\/wikipedia\/it\/thumb\/8\/8e\/RSI_-_Soldati_della_X_MAS.jpg\/330px-RSI_-_Soldati_della_X_MAS.jpg 1.5x, \/\/upload.wikimedia.org\/wikipedia\/it\/thumb\/8\/8e\/RSI_-_Soldati_della_X_MAS.jpg\/440px-RSI_-_Soldati_della_X_MAS.jpg 2x\" alt=\"\" width=\"220\" height=\"154\" data-file-width=\"651\" data-file-height=\"456\" \/><\/a><\/p>\n<p>Gruppo di soldati della Decima Flottiglia MAS con al braccio lo scudetto col Teschio<\/p>\n<p>&nbsp;<\/p>\n<\/div>\n<\/div>\n<p>Nella confusione e nello sbandamento delle forze armate causato dalle circostanze dell&#8217;armistizio dell&#8217;8 settembre, la X Flottiglia MAS , per l&#8217;onore, (<strong>Motobarca Armata Silurante<\/strong> &#8211; gi\u00e0 denominata: Motobarca Armata SVAN nella Prima guerra mondiale) a differenza di quasi tutti i reparti delle Regie forze armate non si sband\u00f2. La X MAS rimasta a sud, costitu\u00ec una unit\u00e0 denominata <strong>Mariassalto<\/strong> che partecip\u00f2 nel\u00a01944\u00a0e nel\u00a01945\u00a0ad un paio di azioni, al fianco di omologhe unit\u00e0 britanniche, per mantenere aperto il\u00a0Porto della Spezia, contro il tentativo dei tedeschi di affondare delle navi alla sua entrata. Alla prima di queste azioni prese parte\u00a0<strong>Luigi Durand de la Penne<\/strong>\u00a0una volta rimpatriato dalla prigionia.<\/p>\n<p>Al nord, immediatamente dopo l&#8217;armistizio dell&#8217;8 settembre, molti fucilieri di marina della X Flottiglia Mas tornarono a casa o si rifugiano sulle colline in attesa degli eventi, mentre il comando di stanza nella caserma di La Spezia per l&#8217;onore non si sband\u00f2 e messo in allarme attese ordini disciplinatamente evitando per\u00f2 di distruggere i piccoli mezzi navali all&#8217;ancora fuori della caserma di cui parte poi cadde momentaneamente in mani tedesche. La sera stessa <strong>Junio Valerio Borghese<\/strong>\u00a0raggiunse l&#8217;ammiraglio Aimone d&#8217;Aosta\u00a0e inutilmente cercarono insieme di contattare\u00a0Roma\u00a0per avere conferma dell&#8217;armistizio e ricevere ordini. La X\u00aa MAS, continuando a rimanere priva di ordini, mantenne l&#8217;attivit\u00e0 nella caserma immutata e per tutto il tempo la bandiera italiana rimase sul pennone. Borghese inoltre dispose di aprire il fuoco contro chiunque avesse tentato di attaccare la caserma<sup id=\"cite_ref-autogenerato2_15-1\" class=\"reference\"><\/sup>\u00a0riuscendo a respingere alcuni tentativi tedeschi di disarmare i fucilieri<sup id=\"cite_ref-16\" class=\"reference\"><\/sup>. Il 9 settembre gli ufficiali si riunirono per decidere la strada da intraprendere e Borghese ribad\u00ec la sua intenzione di continuare la guerra contro gli\u00a0angloamericani, scegliendo l&#8217;alleanza con la\u00a0Germania. L&#8217;11 settembre radun\u00f2 i marinai di stanza a La Spezia spiegando la situazione e dando il permesso di congedarsi a coloro che non se la fossero sentita di continuare la guerra<sup id=\"cite_ref-autogenerato3_17-0\" class=\"reference\"><\/sup>. La maggioranza si conged\u00f2<sup id=\"cite_ref-autogenerato3_17-1\" class=\"reference\"><\/sup>.<\/p>\n<h3><span id=\"La_ricostituzione\" class=\"mw-headline\">La ricostituzione<\/span><\/h3>\n<p>Borghese avrebbe poi spiegato tale azione dicendo di avere fatto questo \u00abper riscattare l&#8217;onore militare dell&#8217;Italia, riconquistare la stima della Germania e ricondurre le due nazioni sul piano dell&#8217;alleanza\u00bb (secondo le sue stesse parole tratte da una intervista concessa nel dopoguerra al giornalista e storico Ruggero Zangrandi). La Decima assunse, almeno ufficialmente, atteggiamento del tutto apolitico ed apartitico, tanto che per essere inquadrati nei mar\u00f2 della X\u00aa MAS occorreva non essere iscritti ad alcun partito politico.<\/p>\n<p>Borghese strinse dunque il 12 settembre direttamente con il\u00a0Capitano di vascello\u00a0<strong>Berninghaus<\/strong> della Marina da guerra germanica, la\u00a0<strong>Kriegsmarine<\/strong>, una singolare alleanza che permetteva la continuazione dell&#8217;attivit\u00e0 della X\u00aa MAS con il <strong>Terzo Reich<\/strong>, conservando bandiera (a cui era stato tolto l&#8217;emblema dei\u00a0Savoia) e divisa italiane, seppur sotto il controllo operativo tedesco.<\/p>\n<table id=\"Accordo_Borghese-Berlinghaus14_settembre_1943\">\n<tbody>\n<tr>\n<th>Accordo Borghese-Berlinghaus<br \/>\n<small>14 settembre 1943<\/small><\/th>\n<\/tr>\n<tr>\n<td>La Spezia, 14-9-1943<\/p>\n<p>1) La X\u00aa Flottiglia M.A.S. \u00e8 un&#8217;unit\u00e0 complessa appartenente alla Marina militare italiana, con completa autonomia nel campo logistico, &#8220;organico&#8221;, della giustizia e disciplinare, amministrativo;<\/p>\n<p>2) \u00c8 alleata delle Forze Armate germaniche con parit\u00e0 di diritti e doveri;<\/p>\n<p>3) Batte bandiera da guerra italiana;<\/p>\n<p>4) \u00c8 riconosciuto a chi ne fa parte il diritto all&#8217;uso di ogni arma;<\/p>\n<p>5) \u00c8 autorizzata a ricuperare e armare, con bandiera ed equipaggi italiani, le unit\u00e0 italiane trovantisi nei porti italiani; il loro impiego operativo dipende dal comando della Marina germanica;<\/p>\n<p>6) Il Comandante Borghese ne \u00e8 il capo riconosciuto, con i diritti e i doveri inerenti a tale incarico.<\/p>\n<dl>\n<dd>Berninghaus<\/dd>\n<dd>Capitano di Vascello<\/dd>\n<\/dl>\n<dl>\n<dd>J. V. Borghese<\/dd>\n<dd>Comandante<\/dd>\n<\/dl>\n<\/td>\n<\/tr>\n<\/tbody>\n<\/table>\n<p>Al progetto di Borghese alla met\u00e0 di settembre aderirono circa met\u00e0 dei duecento ufficiali presenti alla sede della Spezia. Gli altri chiesero regolare licenza, concessa dal comandante.<sup id=\"cite_ref-18\" class=\"reference\"><\/sup>\u00a0Ben presto si unirono a quello che avrebbe formato il nucleo della futura formazione autonoma della Decima Mas nella Repubblica Sociale i trecentocinquanta mar\u00f2 al comando del\u00a0capitano di corvetta\u00a0<a title=\"Umberto Bardelli\" href=\"https:\/\/it.wikipedia.org\/wiki\/Umberto_Bardelli\">Umberto Bardelli<\/a>.<\/p>\n<p>Fin dai primissimi giorni dopo l&#8217;armistizio iniziarono a giungere giovani volontari, spesso minorenni, attratti dalla leggenda delle gesta eroiche dei &#8220;maiali&#8221; e dalla fama del comandante Borghese, celebrati dai manifesti di propaganda che tappezzarono le citt\u00e0 italiane. I ruolini della Decima giunsero quindi a contare complessivamente 20.000 uomini, l&#8217;entit\u00e0 di una divisione di fanteria. Vice comandante della divisione fu scelto il Capitano di Fregata Luigi Carallo, che fu ucciso nel dicembre 1944.<\/p>\n<p>&nbsp;<\/p>\n<p><img decoding=\"async\" src=\"https:\/\/upload.wikimedia.org\/wikipedia\/commons\/thumb\/7\/7f\/Borghese.jpg\/170px-Borghese.jpg\" \/>\u00a0 \u00a0 \u00a0 \u00a0<img loading=\"lazy\" decoding=\"async\" class=\"alignnone size-medium wp-image-2407\" src=\"https:\/\/www.thefinitive.com\/wp-content\/uploads\/2019\/08\/Junio_Valerio_Borghese_and_Umberto_Bardelli_April_1944_Nettuno-300x185.jpg\" alt=\"x mas distintivo\" width=\"300\" height=\"185\" srcset=\"https:\/\/thefinitive.com\/wp-content\/uploads\/2019\/08\/Junio_Valerio_Borghese_and_Umberto_Bardelli_April_1944_Nettuno-300x185.jpg 300w, https:\/\/thefinitive.com\/wp-content\/uploads\/2019\/08\/Junio_Valerio_Borghese_and_Umberto_Bardelli_April_1944_Nettuno-1200x740.jpg 1200w, https:\/\/thefinitive.com\/wp-content\/uploads\/2019\/08\/Junio_Valerio_Borghese_and_Umberto_Bardelli_April_1944_Nettuno-64x39.jpg 64w, https:\/\/thefinitive.com\/wp-content\/uploads\/2019\/08\/Junio_Valerio_Borghese_and_Umberto_Bardelli_April_1944_Nettuno-768x473.jpg 768w, https:\/\/thefinitive.com\/wp-content\/uploads\/2019\/08\/Junio_Valerio_Borghese_and_Umberto_Bardelli_April_1944_Nettuno-1024x631.jpg 1024w, https:\/\/thefinitive.com\/wp-content\/uploads\/2019\/08\/Junio_Valerio_Borghese_and_Umberto_Bardelli_April_1944_Nettuno.jpg 1600w\" sizes=\"(max-width: 300px) 100vw, 300px\" \/><\/p>\n<p>Junio Valerio Borghese\u00a0 &#8230;\u00a0 \u00a0 ed insieme ad\u00a0 Umberto Bardelli, (Decima Flottiglia MAS , scudetto col Teschio)<\/p>\n<p>L&#8217;ideologia fondante del corpo era basata sul nazionalismo e sul combattentismo, in cerca della &#8220;bella morte&#8221; in battaglia e dell&#8217;eroismo \u00abper riscattare l&#8217;onore della nazione italiana\u00bb (agli occhi dei volontari che si arruolavano, tradito dall&#8217;armistizio dell&#8217;otto settembre, conclusosi con il crollo dell&#8217;Esercito, la consegna delle navi della Marina e la fuga del sovrano e di Badoglio al sud, lasciando il paese nel caos). Ci\u00f2 trovava espressione nel motto del corpo \u00abPer l&#8217;onore e la bandiera d&#8217;Italia\u00bb e nello scudetto della Decima Flottiglia MAS in cui era disegnata una X, che stava per <em>Decima MAS,<\/em> sormontata da un teschio con una rosa in bocca e nell&#8217;Inno della Decima, scritto dalla moglie di Borghese sulle note di una canzone d&#8217;operetta. L&#8217;immagine del teschio con la rosa in bocca veniva dal capitano di corvetta Salvatore Todaro: poco prima di morire aveva espresso il desiderio di un distintivo per la X MAS che rendesse l&#8217;idea che la morte in combattimento era una cosa dolce, come il profumo di un fiore, e si combatteva per l&#8217;onore (ed ecco lo scudetto della Decima Flottiglia MAS col teschio dalla rosa in bocca)<\/p>\n<p>Nonostante la premessa di voler partecipare solo alla guerra per la &#8220;liberazione dell&#8217;Italia invasa&#8221; ben presto i reparti della Decima furono coinvolti dai tedeschi nelle operazioni di controguerriglia, ma gli ufficiali furono lasciati liberi di congedarsi senza conseguenze qualora avessero rifiutato di sollevare le armi contro altri italiani. L&#8217;esasperazione e la ferocia cui giunse la guerra civile condussero alcuni elementi della Decima a macchiarsi di crimini di guerra, come la fucilazione di prigionieri, la cattura di ostaggi fra i civili, la tortura di partigiani (o civili presunti tali) catturati.\u00a0La X MAS di Borghese aument\u00f2 rapidamente i suoi numeri, sia con arruolamenti regolari sia accettando nelle proprie file disertori di altri reparti (e perfino ex-partigiani), attratti dalla paga migliore, dal regolamento peculiare della Decima e soprattutto dalla prospettiva di poter col\u00e0 combattere contro gli angloamericani. Per contro, la Decima fu una delle unit\u00e0 della RSI che soffr\u00ec meno per le diserzioni (invece epidemiche nelle altre unit\u00e0, soprattutto nell&#8217;Esercito Nazionale Repubblicano). Borghese aveva sancito la pena di morte\u00a0per la\u00a0diserzione\u00a0e la codardia in faccia al nemico ben prima che tale pena fosse estesa alle altre Armi e Forze Armate della RSI.<\/p>\n<p>Borghese negozi\u00f2 direttamente con la Germania nazista i termini della sua collaborazione con l&#8217;Asse. Questo dal punto di vista della legittimit\u00e0 del corpo e del suo successivo inserimento nell&#8217;organico della RSI pose non pochi problemi, e caratterizz\u00f2 i rapporti fra Borghese e RSI, tanto che alcuni autori stentano a considerare la X MAS di Borghese un corpo della Repubblica Sociale Italiana, bens\u00ec un vero e proprio corpo franco o\u00a0<i>compagnia di ventura, per l&#8217;onore, <\/i>inserita nell&#8217;ambito delle forze dell&#8217;Asse: in realt\u00e0, la X\u00aa e la RSI mantenevano rapporti difficili, perch\u00e9 l&#8217;autorit\u00e0 politica della RSI cercava faticosamente di ricondurre tutte le varie forze armate e di polizia sotto il suo controllo centralizzato (in quanto solo allo Stato \u00e8 concesso il monopolio dell&#8217;uso della forza, secondo il diritto). D&#8217;altro canto, Borghese aveva ottenuto legittimazione dai tedeschi, attraverso il capitano di vascello Berlinghaus della Kriegsmarine, con il riconoscimento a combattere sotto bandiera italiana, ottenendo ampia autonomia. Pur rispondendo, in pratica, al comando tedesco e amministrativamente dal Ministero della Difesa repubblicano, la X MAS era formalmente equiparata alla Wehrmacht, e in pratica era un corpo franco, che combatteva per l&#8217;onore della patria. \u00a0In seguito alle voci circolanti su un presunto colpo di stato contro Mussolini, Borghese, convocato a Gargnano, fu posto agli arresti il 14 gennaio 1944. La voce dell&#8217;arresto di Borghese, attraverso circostanze fortuite, arriv\u00f2 al comando della Decima, che valut\u00f2 addirittura l&#8217;ipotesi di marciare su Sal\u00f2. Probabilmente l&#8217;incidente fu risolto anche con la mediazione dei tedeschi, che non volevano una lotta intestina tra i loro alleati. Tutto venne risolto in tempi brevi con il rilascio di Borghese e il seguente licenziamento del sottosegretario alla Marina, Ferruccio Ferrini, da parte di Mussolini, che lo sostitu\u00ec con il contrammiraglio Giuseppe Sparzani. Borghese divenne sottocapo di Stato Maggiore ed ebbe ai suoi ordini tutte le attivit\u00e0 operative di Marina.\u00a0 Dopo l&#8217;alleanza coi tedeschi, il nuovo corpo si dedic\u00f2 all&#8217;organizzazione militare al fine di poter recarsi al fronte a combattere gli anglo-americani. La sera del 3 marzo 1944 il battaglione &#8220;<strong>Barbarigo<\/strong>&#8221; (il primo reparto di fanteria\u00a0della marina, guidato da Bardelli) entr\u00f2 in linea nei pressi di\u00a0<strong>Anzio\u00a0<\/strong>e\u00a0<strong>Nettuno<\/strong>, dove venne impiegato contro gli\u00a0Alleati\u00a0durante lo\u00a0Sbarco di Anzio, operando per\u00f2 alle dipendenze della 175\u00aa divisione tedesca.<\/p>\n<p>&nbsp;<\/p>\n<h2><span id=\"Struttura_della_X\u00aa\" class=\"mw-headline\">Struttura della X\u00aa<\/span><\/h2>\n<table id=\"Regolamento_della_Decima\">\n<tbody>\n<tr>\n<th>Regolamento della Decima<\/th>\n<\/tr>\n<tr>\n<td>\n<ul>\n<li>Il rancio \u00e8 unico per tutti, ufficiali, sottufficiali e marinai<\/li>\n<li>Il panno della divisa \u00e8 uguale per tutti<\/li>\n<li>Sono sospese tutte le promozioni fino alla fine della guerra, tranne che quelle per merito di guerra sul campo<\/li>\n<li>Il reclutamento \u00e8 esclusivamente volontario<\/li>\n<li>Vige la pena di morte per i militari della &#8220;Decima&#8221; che vengano riconosciuti colpevoli di furto o saccheggio, diserzione, o codardia in faccia al nemico<\/li>\n<\/ul>\n<\/td>\n<\/tr>\n<\/tbody>\n<\/table>\n<div class=\"thumb tright\">\n<div class=\"thumbinner\">\n<p><a class=\"image\" href=\"https:\/\/it.wikipedia.org\/wiki\/File:Decima_MAS_-_la_spezia_arruolamenti_1944.jpg\"><img loading=\"lazy\" decoding=\"async\" class=\"thumbimage\" src=\"https:\/\/upload.wikimedia.org\/wikipedia\/it\/thumb\/e\/e2\/Decima_MAS_-_la_spezia_arruolamenti_1944.jpg\/247px-Decima_MAS_-_la_spezia_arruolamenti_1944.jpg\" srcset=\"\/\/upload.wikimedia.org\/wikipedia\/it\/thumb\/e\/e2\/Decima_MAS_-_la_spezia_arruolamenti_1944.jpg\/371px-Decima_MAS_-_la_spezia_arruolamenti_1944.jpg 1.5x, \/\/upload.wikimedia.org\/wikipedia\/it\/thumb\/e\/e2\/Decima_MAS_-_la_spezia_arruolamenti_1944.jpg\/494px-Decima_MAS_-_la_spezia_arruolamenti_1944.jpg 2x\" alt=\"\" width=\"247\" height=\"194\" data-file-width=\"700\" data-file-height=\"550\" \/><\/a><\/p>\n<div class=\"thumbcaption\">\n<div class=\"magnify\">Arruolamenti a La Spezia nel\u00a01944<\/div>\n<\/div>\n<\/div>\n<\/div>\n<ul>\n<li><strong>Comando X\u00aa MAS<\/strong>\n<ul>\n<li>Ufficio Stampa e propaganda<\/li>\n<li>Servizio Ausiliario Femminile\u00a0(SAF)<\/li>\n<li>Servizio Amministrativo<\/li>\n<li>Servizio Sanitario<\/li>\n<li>Servizio Approvvigionamento<\/li>\n<li>Servizio Genio Armi navali<\/li>\n<li>Servizio Polizia interna<\/li>\n<li>Servizio Informazioni<\/li>\n<li>Ufficio Assistenza<\/li>\n<\/ul>\n<\/li>\n<li><b>Divisione\u00a0fanteria di marina\u00a0X\u00aa&#8221;<\/b>\u00a0(dal 1\u00ba maggio 1944) raggruppati su:\n<ul>\n<li>Gruppo Esplorante Divisionale<\/li>\n<li>Battaglione &#8220;Maestrale&#8221; poi &#8220;Barbarigo&#8221;<\/li>\n<li>Battaglione &#8220;Lupo&#8221;<sup id=\"cite_ref-78\" class=\"reference\">[78]<\/sup><\/li>\n<li>Battaglione Nuotatori-Paracadutisti\u00a0(NP)<\/li>\n<li>Battaglione Bersaglieri &#8220;Fulmine&#8221;<\/li>\n<li>Battaglione Guastatori Alpini &#8220;Valanga&#8221;<\/li>\n<li>Battaglione &#8220;Sagittario&#8221;<\/li>\n<li>3\u00ba Reggimento artiglieria di marina &#8220;Condottieri&#8221;, su:\n<ul>\n<li>Gruppo artiglieria &#8220;San Giorgio&#8221;<\/li>\n<li>Gruppo artiglieria &#8220;da Giussano&#8221;<\/li>\n<li>Gruppo artiglieria &#8220;Colleoni&#8221;<\/li>\n<li>Batteria contraerea leggera (20\/65)<\/li>\n<\/ul>\n<\/li>\n<li>Battaglione del Genio &#8220;Freccia&#8221;<\/li>\n<li>Battaglione &#8220;Castagnacci&#8221;<\/li>\n<\/ul>\n<\/li>\n<li><strong>Reparti di terra autonomi:<\/strong>\n<ul>\n<li>Gruppo d&#8217;ardimento &#8220;Medaglia d&#8217;Oro\u00a0Giobbe&#8221;<\/li>\n<li>Battaglione &#8220;Longobardo&#8221;<\/li>\n<li>Battaglione &#8220;Pegaso&#8221;<\/li>\n<li>Battaglione &#8220;Risoluti&#8221;<\/li>\n<li>Battaglione &#8220;San Giusto&#8221;<\/li>\n<li>Battaglione &#8220;Scir\u00e8&#8221;<\/li>\n<li>Battaglione &#8220;Serenissima&#8221;<\/li>\n<li>Battaglione &#8220;Vega&#8221;<\/li>\n<li>Distaccamento &#8220;Umberto Cumero&#8221; (successivamente assorbito nel Distaccamento &#8220;Torino&#8221;)<\/li>\n<li>Distaccamento &#8220;Milano&#8221;<\/li>\n<li>Distaccamento &#8220;Roma&#8221;<\/li>\n<li>Distaccamento &#8220;Torino&#8221;<\/li>\n<li>Compagnia &#8220;Adriatica&#8221;<\/li>\n<li>Compagnia &#8220;d&#8217;Annunzio&#8221;<\/li>\n<li>Compagnia &#8220;Mai Morti&#8221;<\/li>\n<li>Compagnia operativa &#8220;O&#8221; (successivamente assorbita nel Distaccamento &#8220;Milano&#8221;)<\/li>\n<li>Compagnia &#8220;Sauro&#8221;<\/li>\n<li>Gruppo contraereo &#8220;Q&#8221;<\/li>\n<\/ul>\n<\/li>\n<\/ul>\n<ul>\n<li><b>Reparti di mare<\/b>, su:\n<ul>\n<li>Squadriglia MAS &#8220;Comandante Castagnacci&#8221;<\/li>\n<li>Reparto mezzi d&#8217;assalto di superficie &#8220;Medaglia d&#8217;Oro\u00a0Moccagatta&#8221;, su:\n<ul>\n<li>Comando e reparto comando<\/li>\n<li>Gruppo &#8220;Medaglia d&#8217;Oro\u00a0Todaro&#8221; (Scuola mezzi d&#8217;assalto di superficie)<\/li>\n<li>Base operativa di collegamento<\/li>\n<li>Base operativa sud<\/li>\n<li>Base operativa ovest<\/li>\n<li>Base operativa est<\/li>\n<\/ul>\n<\/li>\n<li>Reparto mezzi d&#8217;assalto subacquei, su:\n<ul>\n<li>Scuola sommozzatori<\/li>\n<li>Gruppo operativo SSB<\/li>\n<li>Gruppo &#8220;Gamma&#8221; &#8211; &#8220;Medaglia d&#8217;Oro\u00a0Visintini&#8221;<\/li>\n<li>Gruppo trasporto mezzi d&#8217;assalto &#8220;Aradam&#8221;<\/li>\n<li>Squadriglia\u00a0sommergibili CA<\/li>\n<li>Squadriglia\u00a0sommergibili CB\/CM<\/li>\n<\/ul>\n<\/li>\n<\/ul>\n<\/li>\n<\/ul>\n<p>(&#8230; omissis &#8230;)<\/p>\n<p><em>Data la vastit\u00e0 dell&#8217;argomento si rimanda a consultazioni personali su <a href=\"https:\/\/it.wikipedia.org\/wiki\/X%C2%AA_Flottiglia_MAS_(Repubblica_Sociale_Italiana)\">Wikipedia<\/a> , usata come fonte per parte di quanto qui descritto.<\/em><\/p>\n<p>&nbsp;<\/p>\n<p>3.20<\/p>\n","protected":false},"excerpt":{"rendered":"<p style=\"text-align: center;\">Scudetto omerale, da braccio, per mar\u00f2 della <strong>Flottiglia<\/strong> della <strong>Decima<\/strong> <strong>MAS\u00a0<\/strong> ( <b>X <\/b><strong>MAS<\/strong>\u00a0 ), modello <strong>BREGONZIO originale.<\/strong><\/p>\n<p style=\"text-align: center;\">Lo scudetto \u00e8 originale del periodo, non una copia reducistica. Realizzato su lamierino di zinco , periodo inizi del 1944.<\/p>\n<p style=\"text-align: center;\">In splendide condizioni, smaltatura originale, nessun restauro o ritocco.<\/p>\n<p style=\"text-align: center;\">Misure circa mm.75.5 x 48.5<\/p>\n<p style=\"text-align: center;\"><strong><em>(Scorri la pagina in basso per ulteriori dettagli e informazioni)<\/em><\/strong><\/p>\n<p>&nbsp;<\/p>\n<p>&nbsp;<\/p>\n","protected":false},"featured_media":5037,"comment_status":"open","ping_status":"closed","template":"","meta":[],"product_cat":[586],"product_tag":[207,281,182,155,225,198,260],"yoast_head":"<!-- This site is optimized with the Yoast SEO plugin v21.9.1 - https:\/\/yoast.com\/wordpress\/plugins\/seo\/ -->\n<title>\u274c\ud83d\ude41Decima Flottiglia MAS Scudetto - Teschio, Rosa BREGONZIO - Thefinitive<\/title>\n<meta name=\"description\" content=\"X MAS Scudetto Decima Flottiglia - Teschio con Rosa tra i denti - X Flottiglia MAS - Arditi Incursori San Marco - Royal Navy X MAS metal badge\" \/>\n<meta name=\"robots\" content=\"index, follow, max-snippet:-1, max-image-preview:large, max-video-preview:-1\" \/>\n<link rel=\"canonical\" href=\"https:\/\/thefinitive.com\/en\/prodotto\/decima-flottiglia-mas-scudetto-teschio-rosa-bregonzio\/\" \/>\n<meta property=\"og:locale\" content=\"en_US\" \/>\n<meta property=\"og:type\" content=\"article\" \/>\n<meta property=\"og:title\" content=\"\u274c\ud83d\ude41Decima Flottiglia MAS Scudetto - Teschio, Rosa BREGONZIO - Thefinitive\" \/>\n<meta property=\"og:description\" content=\"X MAS Scudetto Decima Flottiglia - Teschio con Rosa tra i denti - X Flottiglia MAS - Arditi Incursori San Marco - Royal Navy X MAS metal badge\" \/>\n<meta property=\"og:url\" content=\"https:\/\/thefinitive.com\/en\/prodotto\/decima-flottiglia-mas-scudetto-teschio-rosa-bregonzio\/\" \/>\n<meta property=\"og:site_name\" content=\"Thefinitive\" \/>\n<meta property=\"article:publisher\" content=\"https:\/\/business.facebook.com\/Thefinitive-111771813534320\/\" \/>\n<meta property=\"article:modified_time\" content=\"2023-03-20T14:46:56+00:00\" \/>\n<meta property=\"og:image\" content=\"https:\/\/thefinitive.com\/wp-content\/uploads\/2020\/04\/mas1-2.jpg\" \/>\n\t<meta property=\"og:image:width\" content=\"2160\" \/>\n\t<meta property=\"og:image:height\" content=\"2160\" \/>\n\t<meta property=\"og:image:type\" content=\"image\/jpeg\" \/>\n<meta name=\"twitter:card\" content=\"summary_large_image\" \/>\n<meta name=\"twitter:label1\" content=\"Est. reading time\" \/>\n\t<meta name=\"twitter:data1\" content=\"11 minutes\" \/>\n<script type=\"application\/ld+json\" class=\"yoast-schema-graph\">{\"@context\":\"https:\/\/schema.org\",\"@graph\":[{\"@type\":\"WebPage\",\"@id\":\"https:\/\/thefinitive.com\/en\/prodotto\/decima-flottiglia-mas-scudetto-teschio-rosa-bregonzio\/\",\"url\":\"https:\/\/thefinitive.com\/en\/prodotto\/decima-flottiglia-mas-scudetto-teschio-rosa-bregonzio\/\",\"name\":\"\u274c\ud83d\ude41Decima Flottiglia MAS Scudetto - Teschio, Rosa BREGONZIO - Thefinitive\",\"isPartOf\":{\"@id\":\"https:\/\/thefinitive.com\/en\/#website\"},\"datePublished\":\"2020-05-12T18:13:31+00:00\",\"dateModified\":\"2023-03-20T14:46:56+00:00\",\"description\":\"X MAS Scudetto Decima Flottiglia - Teschio con Rosa tra i denti - X Flottiglia MAS - Arditi Incursori San Marco - Royal Navy X MAS metal badge\",\"breadcrumb\":{\"@id\":\"https:\/\/thefinitive.com\/en\/prodotto\/decima-flottiglia-mas-scudetto-teschio-rosa-bregonzio\/#breadcrumb\"},\"inLanguage\":\"en-US\",\"potentialAction\":[{\"@type\":\"ReadAction\",\"target\":[\"https:\/\/thefinitive.com\/en\/prodotto\/decima-flottiglia-mas-scudetto-teschio-rosa-bregonzio\/\"]}]},{\"@type\":\"BreadcrumbList\",\"@id\":\"https:\/\/thefinitive.com\/en\/prodotto\/decima-flottiglia-mas-scudetto-teschio-rosa-bregonzio\/#breadcrumb\",\"itemListElement\":[{\"@type\":\"ListItem\",\"position\":1,\"name\":\"Home\",\"item\":\"https:\/\/thefinitive.com\/en\/\"},{\"@type\":\"ListItem\",\"position\":2,\"name\":\"Shop\",\"item\":\"https:\/\/thefinitive.com\/en\/shop-2\/\"},{\"@type\":\"ListItem\",\"position\":3,\"name\":\"\u274c\ud83d\ude41Decima Flottiglia MAS Scudetto &#8211; Teschio, Rosa BREGONZIO\"}]},{\"@type\":\"WebSite\",\"@id\":\"https:\/\/thefinitive.com\/en\/#website\",\"url\":\"https:\/\/thefinitive.com\/en\/\",\"name\":\"Thefinitive\",\"description\":\"Antiquariato Online\",\"publisher\":{\"@id\":\"https:\/\/thefinitive.com\/en\/#organization\"},\"potentialAction\":[{\"@type\":\"SearchAction\",\"target\":{\"@type\":\"EntryPoint\",\"urlTemplate\":\"https:\/\/thefinitive.com\/en\/?s={search_term_string}\"},\"query-input\":\"required name=search_term_string\"}],\"inLanguage\":\"en-US\"},{\"@type\":\"Organization\",\"@id\":\"https:\/\/thefinitive.com\/en\/#organization\",\"name\":\"Thefinitive\",\"url\":\"https:\/\/thefinitive.com\/en\/\",\"logo\":{\"@type\":\"ImageObject\",\"inLanguage\":\"en-US\",\"@id\":\"https:\/\/thefinitive.com\/en\/#\/schema\/logo\/image\/\",\"url\":\"https:\/\/thefinitive.com\/wp-content\/uploads\/2019\/07\/logo4vett.svg\",\"contentUrl\":\"https:\/\/thefinitive.com\/wp-content\/uploads\/2019\/07\/logo4vett.svg\",\"width\":500,\"height\":100,\"caption\":\"Thefinitive\"},\"image\":{\"@id\":\"https:\/\/thefinitive.com\/en\/#\/schema\/logo\/image\/\"},\"sameAs\":[\"https:\/\/business.facebook.com\/Thefinitive-111771813534320\/\",\"https:\/\/www.instagram.com\/_thefinitive_\/\"]}]}<\/script>\n<!-- \/ Yoast SEO plugin. -->","yoast_head_json":{"title":"\u274c\ud83d\ude41Decima Flottiglia MAS Scudetto - Teschio, Rosa BREGONZIO - Thefinitive","description":"X MAS Scudetto Decima Flottiglia - Teschio con Rosa tra i denti - X Flottiglia MAS - Arditi Incursori San Marco - Royal Navy X MAS metal badge","robots":{"index":"index","follow":"follow","max-snippet":"max-snippet:-1","max-image-preview":"max-image-preview:large","max-video-preview":"max-video-preview:-1"},"canonical":"https:\/\/thefinitive.com\/en\/prodotto\/decima-flottiglia-mas-scudetto-teschio-rosa-bregonzio\/","og_locale":"en_US","og_type":"article","og_title":"\u274c\ud83d\ude41Decima Flottiglia MAS Scudetto - Teschio, Rosa BREGONZIO - Thefinitive","og_description":"X MAS Scudetto Decima Flottiglia - Teschio con Rosa tra i denti - X Flottiglia MAS - Arditi Incursori San Marco - Royal Navy X MAS metal badge","og_url":"https:\/\/thefinitive.com\/en\/prodotto\/decima-flottiglia-mas-scudetto-teschio-rosa-bregonzio\/","og_site_name":"Thefinitive","article_publisher":"https:\/\/business.facebook.com\/Thefinitive-111771813534320\/","article_modified_time":"2023-03-20T14:46:56+00:00","og_image":[{"width":2160,"height":2160,"url":"https:\/\/thefinitive.com\/wp-content\/uploads\/2020\/04\/mas1-2.jpg","type":"image\/jpeg"}],"twitter_card":"summary_large_image","twitter_misc":{"Est. reading time":"11 minutes"},"schema":{"@context":"https:\/\/schema.org","@graph":[{"@type":"WebPage","@id":"https:\/\/thefinitive.com\/en\/prodotto\/decima-flottiglia-mas-scudetto-teschio-rosa-bregonzio\/","url":"https:\/\/thefinitive.com\/en\/prodotto\/decima-flottiglia-mas-scudetto-teschio-rosa-bregonzio\/","name":"\u274c\ud83d\ude41Decima Flottiglia MAS Scudetto - Teschio, Rosa BREGONZIO - Thefinitive","isPartOf":{"@id":"https:\/\/thefinitive.com\/en\/#website"},"datePublished":"2020-05-12T18:13:31+00:00","dateModified":"2023-03-20T14:46:56+00:00","description":"X MAS Scudetto Decima Flottiglia - Teschio con Rosa tra i denti - X Flottiglia MAS - Arditi Incursori San Marco - Royal Navy X MAS metal badge","breadcrumb":{"@id":"https:\/\/thefinitive.com\/en\/prodotto\/decima-flottiglia-mas-scudetto-teschio-rosa-bregonzio\/#breadcrumb"},"inLanguage":"en-US","potentialAction":[{"@type":"ReadAction","target":["https:\/\/thefinitive.com\/en\/prodotto\/decima-flottiglia-mas-scudetto-teschio-rosa-bregonzio\/"]}]},{"@type":"BreadcrumbList","@id":"https:\/\/thefinitive.com\/en\/prodotto\/decima-flottiglia-mas-scudetto-teschio-rosa-bregonzio\/#breadcrumb","itemListElement":[{"@type":"ListItem","position":1,"name":"Home","item":"https:\/\/thefinitive.com\/en\/"},{"@type":"ListItem","position":2,"name":"Shop","item":"https:\/\/thefinitive.com\/en\/shop-2\/"},{"@type":"ListItem","position":3,"name":"\u274c\ud83d\ude41Decima Flottiglia MAS Scudetto &#8211; Teschio, Rosa BREGONZIO"}]},{"@type":"WebSite","@id":"https:\/\/thefinitive.com\/en\/#website","url":"https:\/\/thefinitive.com\/en\/","name":"Thefinitive","description":"Antiquariato Online","publisher":{"@id":"https:\/\/thefinitive.com\/en\/#organization"},"potentialAction":[{"@type":"SearchAction","target":{"@type":"EntryPoint","urlTemplate":"https:\/\/thefinitive.com\/en\/?s={search_term_string}"},"query-input":"required name=search_term_string"}],"inLanguage":"en-US"},{"@type":"Organization","@id":"https:\/\/thefinitive.com\/en\/#organization","name":"Thefinitive","url":"https:\/\/thefinitive.com\/en\/","logo":{"@type":"ImageObject","inLanguage":"en-US","@id":"https:\/\/thefinitive.com\/en\/#\/schema\/logo\/image\/","url":"https:\/\/thefinitive.com\/wp-content\/uploads\/2019\/07\/logo4vett.svg","contentUrl":"https:\/\/thefinitive.com\/wp-content\/uploads\/2019\/07\/logo4vett.svg","width":500,"height":100,"caption":"Thefinitive"},"image":{"@id":"https:\/\/thefinitive.com\/en\/#\/schema\/logo\/image\/"},"sameAs":["https:\/\/business.facebook.com\/Thefinitive-111771813534320\/","https:\/\/www.instagram.com\/_thefinitive_\/"]}]}},"_links":{"self":[{"href":"https:\/\/thefinitive.com\/en\/wp-json\/wp\/v3\/product\/6004"}],"collection":[{"href":"https:\/\/thefinitive.com\/en\/wp-json\/wp\/v3\/product"}],"about":[{"href":"https:\/\/thefinitive.com\/en\/wp-json\/wp\/v2\/types\/product"}],"replies":[{"embeddable":true,"href":"https:\/\/thefinitive.com\/en\/wp-json\/wp\/v2\/comments?post=6004"}],"version-history":[{"count":2,"href":"https:\/\/thefinitive.com\/en\/wp-json\/wp\/v3\/product\/6004\/revisions"}],"predecessor-version":[{"id":14760,"href":"https:\/\/thefinitive.com\/en\/wp-json\/wp\/v3\/product\/6004\/revisions\/14760"}],"wp:featuredmedia":[{"embeddable":true,"href":"https:\/\/thefinitive.com\/en\/wp-json\/wp\/v2\/media\/5037"}],"wp:attachment":[{"href":"https:\/\/thefinitive.com\/en\/wp-json\/wp\/v2\/media?parent=6004"}],"wp:term":[{"taxonomy":"product_cat","embeddable":true,"href":"https:\/\/thefinitive.com\/en\/wp-json\/wp\/v2\/product_cat?post=6004"},{"taxonomy":"product_tag","embeddable":true,"href":"https:\/\/thefinitive.com\/en\/wp-json\/wp\/v2\/product_tag?post=6004"}],"curies":[{"name":"wp","href":"https:\/\/api.w.org\/{rel}","templated":true}]}}