{"id":5688,"date":"2020-04-20T22:03:27","date_gmt":"2020-04-20T22:03:27","guid":{"rendered":"https:\/\/www.thefinitive.com\/?post_type=product&#038;p=5688"},"modified":"2023-03-20T15:47:28","modified_gmt":"2023-03-20T14:47:28","slug":"pnf-fascio-san-marino-fregio-patch-stoffa-uniforme-1922","status":"publish","type":"product","link":"https:\/\/thefinitive.com\/en\/prodotto\/pnf-fascio-san-marino-fregio-patch-stoffa-uniforme-1922\/","title":{"rendered":"\u274c\ud83d\ude41PNF Fascio San Marino fregio Patch stoffa Uniforme 1922"},"content":{"rendered":"<p>Toppa in cotone dipinta a mano del <strong>PFS\u00a0 <em>Partito Fascista Sammarinese , <\/em><\/strong>il fascio di San Marino analogo del nazionale <strong>PNF<\/strong>\u00a0 .\u00a0 Originale dei primi anni &#8217;20, per via della tipologia di fascio littorio raffigurato , con scure in testa al fascio di verghe di legno. Per uniforme da squadrista, camicia nera, andava portata cucita all&#8217;altezza del petto, generalmente sul lato sinistro.<\/p>\n<p>Patch di forma ovale , divisa in due met\u00e0 nei colori bianco (il campo superiore) e blu (il campo inferiore) , colori tipici della bandiera di San Marino. Il fascio littorio \u00e8 dipinto nel mezzo a sovrapporsi ai due semiovali.<\/p>\n<p>La patch \u00e8 in ottimo stato di conservazione, non ha danni e non ha subito riparazioni.<\/p>\n<p>&nbsp;<\/p>\n<p><strong>MATERIALE\u00a0 \u00a0 \u00a0:\u00a0<\/strong> Cotone , dipinto a mano<\/p>\n<p><strong>MISURE\u00a0 \u00a0 \u00a0 \u00a0 \u00a0 \u00a0 \u00a0:<\/strong>\u00a0 mm.90 x 60<\/p>\n<p><strong>MARCHIO\u00a0 \u00a0 \u00a0 \u00a0 \u00a0:<\/strong>\u00a0 &#8211;<\/p>\n<p>&nbsp;<\/p>\n<h2>NOTIZIE<\/h2>\n<h2>Il Partito Fascista Sammarinese<\/h2>\n<p><img loading=\"lazy\" decoding=\"async\" class=\"alignnone wp-image-2605\" src=\"https:\/\/www.thefinitive.com\/wp-content\/uploads\/2019\/08\/balbosanmarino.jpg\" alt=\"\" width=\"245\" height=\"362\" srcset=\"https:\/\/thefinitive.com\/wp-content\/uploads\/2019\/08\/balbosanmarino.jpg 185w, https:\/\/thefinitive.com\/wp-content\/uploads\/2019\/08\/balbosanmarino-64x94.jpg 64w\" sizes=\"(max-width: 245px) 100vw, 245px\" \/> Balbo , San Marino 1923<\/p>\n<p>&nbsp;<\/p>\n<p>Intorno al 1920 la Repubblica di San Marino versava in condizioni economiche e politiche assai precarie . I partiti che gestivano il piccolo stato non riuscivano a trovare iniziative ed indirizzi capaci di migliorare la situazione, e neppure una maggioranza di governo solida, in grado di governare con la necessaria tranquillit\u00e0, cos\u00ec molti sammarinesi continuavano ad emigrare.<\/p>\n<p>Il territorio sammarinese era diventato inoltre frequente rifugio di fuoriusciti politici italiani, soprattutto di tendenza comunista e di estrema sinistra, i quali contribuirono a provocare disordini interni e a suscitare il malumore dei fascisti italiani, che consideravano la repubblica un covo di nemici \u201crossi\u201d.\u00a0 Il 7 febbraio 1920 fu ufficialmente fondata la Camera del Lavoro, che divenne animatrice costante di scioperi nel paese.<\/p>\n<p>Tra la fine del \u201919 e l\u2019inizio del 1920 i cattolici, sulle orme di don Luigi Sturzo in Italia, fondarono il Partito Popolare Sammarinese, che ebbe subito un buon seguito. Il 14 novembre 1920 alle elezioni generali il Partito Popolare ottiene 29 seggi . I socialisti delusi del risultato elettorale, non disposti a fare compromessi, si dimettono in blocco e non entrano nel nuovo Consiglio che si doveva formare. Il nuovo governo dunque rimane in mano al Partito Popolare (29 eletti) ed all\u2019Unione Democratica Sammarinese (13 seggi). Nel biennio 1920-1921 il governo ottiene il pareggio del bilancio, viene approvato il nuovo patto colonico ed approvata la legge tributaria.<\/p>\n<p>Nel Settembre del 1920 esce a S. Marino &#8220;L&#8217;Ardito Rosso\u201c e comincia a divulgarsi in repubblica il comunismo, si tenta di costituire un Soviet. Quest&#8217;attivit\u00e0 fu opera soprattutto dell&#8217;avvocato Vittorio Ambrosini, ex capitano degli arditi rifugiatosi a San Marino nel 1920 dopo l&#8217;occupazione delle fabbriche a Torino. Negli stessi anni si rifugiarono a San Marino anche molti altri sovversivi \u201crossi\u201d (tra cui anche Giuseppe Massarenti). Nel 1921 si costituisce la prima cellula del partito comunista (i comunisti puri).\u00a0 Ma i fatti precipitano: l&#8217; 11 maggio 1921\u00a0 viene colpito a morte a Serravalle, Carlo Bosi, medico filofascista di Rimini (in gita turistico &#8211; propagandistica con amici e la famiglia sul Titano).\u00a0 L&#8217;omicidio \u00e8 attribuito ai rifugiati rossi ed oltre confine si comincia a contestare violentemente la Repubblica;\u00a0 vengono accusati del delitto alcuni rifugiati politici e i loro protettori, ossia i socialisti, \u201csabotatori dello stato\u201d.\u00a0 Questo tragico evento provoc\u00f2 nel circondario sammarinese feroci polemiche contro la Repubblica, e la minaccia sempre pi\u00f9 palesata di un intervento punitivo di qualche <strong>squadra fascista<\/strong> all&#8217;interno dei confini sammarinesi. Per placare il clima incandescente che stava sviluppandosi in territorio, si decise di chiedere aiuto all&#8217;Italia, che provvide a fornire nello stesso anno 30 carabinieri per tenere sotto controllo la situazione. I fasci di Bologna e Ferrara minacciano un intervento per insediarsi a San Marino e sostituire il governo, considerato imbelle ed inefficiente.\u00a0 Il 23 maggio del \u201921 ,<strong> Italo Balbo<\/strong> arriva a <strong>San Marino<\/strong>, con una <strong>squadra fascista<\/strong> su due camion (pare che si stesse preparando una spedizione punitiva in grande stile; ma per fortuna non successe nulla di tutto ci\u00f2).<\/p>\n<p>Tutti questi fatti indussero il governo ad adottare misure eccezionali:\u00a0 la censura dei giornali (Decreto 13 maggio); l\u2019arruolamento di trenta reali carabinieri italiani (Decreto 1 giugno) ; la proibizione per i cittadini di riunirsi in pubblica assemblea (Decreto 9 giugno) ; restrizione del diritto d\u2019asilo<\/p>\n<p>Il <strong>10 agosto 1922<\/strong> si costituisce ufficialmente il <strong>Partito Fascista Sammarinese<\/strong> , sotto l&#8217;egida di <strong>Giuliano Gozi <\/strong>(che fonder\u00e0 a San Marino <strong>\u201cIl Popolo Sammarinese\u201d<\/strong> organo del <strong>PFS<\/strong>\u00a0 sulla falsariga de <strong>Il Popolo d\u2019Italia<\/strong> , del PNF del fascio italiano. Dal 15 agosto 1926, alla caduta del fascismo nel 1943, sar\u00e0 la voce pubblica del regime)<\/p>\n<p>&nbsp;<\/p>\n<p><img loading=\"lazy\" decoding=\"async\" class=\"alignnone wp-image-2604\" src=\"https:\/\/www.thefinitive.com\/wp-content\/uploads\/2019\/08\/Giuliano_Gozi.jpg\" alt=\"\" width=\"252\" height=\"386\" srcset=\"https:\/\/thefinitive.com\/wp-content\/uploads\/2019\/08\/Giuliano_Gozi.jpg 1000w, https:\/\/thefinitive.com\/wp-content\/uploads\/2019\/08\/Giuliano_Gozi-64x98.jpg 64w, https:\/\/thefinitive.com\/wp-content\/uploads\/2019\/08\/Giuliano_Gozi-196x300.jpg 196w, https:\/\/thefinitive.com\/wp-content\/uploads\/2019\/08\/Giuliano_Gozi-768x1178.jpg 768w, https:\/\/thefinitive.com\/wp-content\/uploads\/2019\/08\/Giuliano_Gozi-668x1024.jpg 668w\" sizes=\"(max-width: 252px) 100vw, 252px\" \/>\u00a0 Giuliano Gozi<\/p>\n<p>&nbsp;<\/p>\n<p>Fra gli aderenti ex popolari, ex membri dell\u2019Unione Democratica, conservatori, passatisti, proprietari agrari, nostalgici del periodo oligarchico patriarcale, mitico tempo dell\u2019ordine sociale \u2026\u00a0 In realt\u00e0 la mentalit\u00e0 fascista aveva iniziato a germogliare da tempo, la volont\u00e0 di attuare una decisa reazione alla riforma di indole democratica che era stata varata dall\u2019 Arengo del 25 marzo 1906. Il fascismo a San Marino aveva incontrato subito il consenso delle classi privilegiate del paese e della vecchia oligarchia che era uscita sconfitta dalla rivoluzione pacifica del 1906 e che aveva portato il paese al suffragio allargato; dei proprietari terrieri, restii ad adottare il patto colonico del 1917, del ceto impiegatizio, timoroso di perdere i propri privilegi, e di coloro che non avevano gradito la pur moderata legge tributaria del 1922.<br \/>\nIl <strong>1\u00b0 ottobre 1922<\/strong> , viene eletta una <strong>Reggenza<\/strong> di indole fascista, con due Capitani Reggenti : <strong>Onofrio Fattori<\/strong> e <strong>Giuseppe Balducci<\/strong><\/p>\n<p>Dal Settembre 1922, il gruppo popolare \u00e8 costretto a cedere il potere al gruppo democratico che assume, in minoranza, il governo, e cominciano gli atti di violenza : una squadra fascista assale e devasta la Casa del Popolo di Serravalle, una squadra fascista italiana, aiutata da fascisti locali, entra a San Marino per catturare l&#8217;onorevole Giuseppe Giulietti . Viene occupata la Camera del lavoro, bruciati i mobili e le carte e bastonato il suo segretario. Il segretario delle Leghe bianche Giuseppe Sobrini viene allontanato da San Marino. Anche in quel di San Marino il locale fascio PFS (PNF) s\u2019impossessa delle organizzazioni del lavoro ponendovi a capo il ferrarese Edmondo Mascellani (colui che arbitrariamente colp\u00ec e minacci\u00f2 il prof. Franciosi, obbligandolo a riparare a Montegrimano).\u00a0 Gennaio 1923: i popolari vengono costretti a dimettersi dal Consiglio.\u00a0 Nel marzo 1923, dietro sollecitazione dei fascisti, il governo scioglie il Consiglio Grande e Generale (trasformato poi in Consiglio Principe e Sovrano) e fissa la data delle elezioni anticipate con la presentazione di una lista unica.<\/p>\n<p><img loading=\"lazy\" decoding=\"async\" class=\"alignnone size-full wp-image-2606\" src=\"https:\/\/www.thefinitive.com\/wp-content\/uploads\/2019\/08\/mussolinisanmarinojpg.jpg\" alt=\"pfs san marino sammarinese\" width=\"272\" height=\"185\" srcset=\"https:\/\/thefinitive.com\/wp-content\/uploads\/2019\/08\/mussolinisanmarinojpg.jpg 272w, https:\/\/thefinitive.com\/wp-content\/uploads\/2019\/08\/mussolinisanmarinojpg-64x44.jpg 64w\" sizes=\"(max-width: 272px) 100vw, 272px\" \/> Mussolini in visita a San Marino<\/p>\n<p>&nbsp;<\/p>\n<p>Al listone, il cosiddetto Blocco Patriottico, aderiscono i popolari, che condividono, in posizione subordinata, il programma del <strong>PFS<\/strong>.\u00a0 Alle Elezioni politiche del 4 marzo 1923 il Blocco Patriottico, composto da 30 fascisti, 20 popolari e 10 democratici, trionf\u00f2 senza ostacoli; (nessun partito di opposizione pot\u00e9 scendere in lizza). Cosi a San Marino il fascio locale <strong>PFS<\/strong> ,\u00a0 analogamente al PNF, va al potere (ma votarono solo 1.484 elettori, su 4.263).\u00a0 Gli eletti furono 24 proprietari terrieri, 24 impiegati e commercianti, 7 operai e 5 coloni. Il Consiglio risultava cos\u00ec composto da due raggruppamenti:\u00a0 40 fascisti e 20 popolari. Per il ventennio a seguire, il partito fascista oper\u00f2 incontrastato sulla scena politica sammarinese. Il <strong>PFS<\/strong>\u00a0 di San Marino tuttavia segu\u00ec le sorti del <strong>PNF <\/strong>, fascio italiano,\u00a0 fino alla fine del 1943, crollando subito dopo appena tre giorni dal crollo del PNF ,\u00a0 il 28 luglio.\u00a0 Verr\u00e0 ricostituito qualche mese dopo, quando in Italia venne creata da Mussolini la Repubblica di Sal\u00f2.\u00a0 Il fascismo sammarinese scomparir\u00e0 definitivamente nel settembre del 1944 (dopo che in territorio erano entrate le truppe inglesi occupandolo per due mesi). Tra la fine del &#8217;45 e gli inizi del &#8217;46 il nuovo governo sammarinese sottoporr\u00e0 a processo penale una cinquantina di capi fascisti locali, emanando sentenza di colpevolezza per parecchi di loro il 23 gennaio del 1946.<\/p>\n<p>&nbsp;<\/p>\n<p>Fonti Wikipedia , <a href=\"http:\/\/www.educazione.sm\/on-line\/home\/docenti\/risorse-per-la-didattica\/addendum-sammarinese\/documento41070668.html\">Portale dell&#8217;educazione di San Marino<\/a><\/p>\n<p>&nbsp;<\/p>\n<p>9.19<\/p>\n","protected":false},"excerpt":{"rendered":"<p>Toppa in cotone dipinta a mano del <strong>PFS <\/strong>,<strong>\u00a0 PARTITO FASCISTA SAMMARINESE <\/strong>, per il<strong> fascio di San Marino<\/strong>.\u00a0 Primi anni &#8217;20, da portare cucita su giacchino per uniforme da squadrista, o su camicia nera. Di forma ovale , con i colori bianco e blu della bandiera di San Marino.<\/p>\n<p>Misure circa mm.90 x 60 , patch originale, in ottimo stato di conservazione.<\/p>\n<p style=\"text-align: center;\"><strong><em>(Scorri la pagina in basso per ulteriori dettagli e informazioni)<\/em><\/strong><\/p>\n","protected":false},"featured_media":2596,"comment_status":"open","ping_status":"closed","template":"","meta":[],"product_cat":[586],"product_tag":[190,197,155,193,160,198,157,271,156],"yoast_head":"<!-- This site is optimized with the Yoast SEO plugin v21.9.1 - https:\/\/yoast.com\/wordpress\/plugins\/seo\/ -->\n<title>\u274c\ud83d\ude41PNF Fascio San Marino fregio Patch stoffa Uniforme 1922 Thefinitive<\/title>\n<meta name=\"description\" content=\"Patch con fascio per uniforme da squadrista del PARTITO FASCISTA SAMMARINESE - PFS - San Marino - Camicia Nera - 1922 - 1927 - Distintivo PNF\" \/>\n<meta name=\"robots\" content=\"index, follow, max-snippet:-1, max-image-preview:large, max-video-preview:-1\" \/>\n<link rel=\"canonical\" href=\"https:\/\/thefinitive.com\/en\/prodotto\/pnf-fascio-san-marino-fregio-patch-stoffa-uniforme-1922\/\" \/>\n<meta property=\"og:locale\" content=\"en_US\" \/>\n<meta property=\"og:type\" content=\"article\" \/>\n<meta property=\"og:title\" content=\"\u274c\ud83d\ude41PNF Fascio San Marino fregio Patch stoffa Uniforme 1922 Thefinitive\" \/>\n<meta property=\"og:description\" content=\"Patch con fascio per uniforme da squadrista del PARTITO FASCISTA SAMMARINESE - PFS - San Marino - Camicia Nera - 1922 - 1927 - Distintivo PNF\" \/>\n<meta property=\"og:url\" content=\"https:\/\/thefinitive.com\/en\/prodotto\/pnf-fascio-san-marino-fregio-patch-stoffa-uniforme-1922\/\" \/>\n<meta property=\"og:site_name\" content=\"Thefinitive\" \/>\n<meta property=\"article:publisher\" content=\"https:\/\/business.facebook.com\/Thefinitive-111771813534320\/\" \/>\n<meta property=\"article:modified_time\" content=\"2023-03-20T14:47:28+00:00\" \/>\n<meta property=\"og:image\" content=\"https:\/\/thefinitive.com\/wp-content\/uploads\/2019\/08\/20190815_133621.jpg\" \/>\n\t<meta property=\"og:image:width\" content=\"2160\" \/>\n\t<meta property=\"og:image:height\" content=\"2160\" \/>\n\t<meta property=\"og:image:type\" content=\"image\/jpeg\" \/>\n<meta name=\"twitter:card\" content=\"summary_large_image\" \/>\n<meta name=\"twitter:label1\" content=\"Est. reading time\" \/>\n\t<meta name=\"twitter:data1\" content=\"6 minutes\" \/>\n<script type=\"application\/ld+json\" class=\"yoast-schema-graph\">{\"@context\":\"https:\/\/schema.org\",\"@graph\":[{\"@type\":\"WebPage\",\"@id\":\"https:\/\/thefinitive.com\/en\/prodotto\/pnf-fascio-san-marino-fregio-patch-stoffa-uniforme-1922\/\",\"url\":\"https:\/\/thefinitive.com\/en\/prodotto\/pnf-fascio-san-marino-fregio-patch-stoffa-uniforme-1922\/\",\"name\":\"\u274c\ud83d\ude41PNF Fascio San Marino fregio Patch stoffa Uniforme 1922 Thefinitive\",\"isPartOf\":{\"@id\":\"https:\/\/thefinitive.com\/en\/#website\"},\"datePublished\":\"2020-04-20T22:03:27+00:00\",\"dateModified\":\"2023-03-20T14:47:28+00:00\",\"description\":\"Patch con fascio per uniforme da squadrista del PARTITO FASCISTA SAMMARINESE - PFS - San Marino - Camicia Nera - 1922 - 1927 - Distintivo PNF\",\"breadcrumb\":{\"@id\":\"https:\/\/thefinitive.com\/en\/prodotto\/pnf-fascio-san-marino-fregio-patch-stoffa-uniforme-1922\/#breadcrumb\"},\"inLanguage\":\"en-US\",\"potentialAction\":[{\"@type\":\"ReadAction\",\"target\":[\"https:\/\/thefinitive.com\/en\/prodotto\/pnf-fascio-san-marino-fregio-patch-stoffa-uniforme-1922\/\"]}]},{\"@type\":\"BreadcrumbList\",\"@id\":\"https:\/\/thefinitive.com\/en\/prodotto\/pnf-fascio-san-marino-fregio-patch-stoffa-uniforme-1922\/#breadcrumb\",\"itemListElement\":[{\"@type\":\"ListItem\",\"position\":1,\"name\":\"Home\",\"item\":\"https:\/\/thefinitive.com\/en\/\"},{\"@type\":\"ListItem\",\"position\":2,\"name\":\"Shop\",\"item\":\"https:\/\/thefinitive.com\/en\/shop-2\/\"},{\"@type\":\"ListItem\",\"position\":3,\"name\":\"\u274c\ud83d\ude41PNF Fascio San Marino fregio Patch stoffa Uniforme 1922\"}]},{\"@type\":\"WebSite\",\"@id\":\"https:\/\/thefinitive.com\/en\/#website\",\"url\":\"https:\/\/thefinitive.com\/en\/\",\"name\":\"Thefinitive\",\"description\":\"Antiquariato Online\",\"publisher\":{\"@id\":\"https:\/\/thefinitive.com\/en\/#organization\"},\"potentialAction\":[{\"@type\":\"SearchAction\",\"target\":{\"@type\":\"EntryPoint\",\"urlTemplate\":\"https:\/\/thefinitive.com\/en\/?s={search_term_string}\"},\"query-input\":\"required name=search_term_string\"}],\"inLanguage\":\"en-US\"},{\"@type\":\"Organization\",\"@id\":\"https:\/\/thefinitive.com\/en\/#organization\",\"name\":\"Thefinitive\",\"url\":\"https:\/\/thefinitive.com\/en\/\",\"logo\":{\"@type\":\"ImageObject\",\"inLanguage\":\"en-US\",\"@id\":\"https:\/\/thefinitive.com\/en\/#\/schema\/logo\/image\/\",\"url\":\"https:\/\/thefinitive.com\/wp-content\/uploads\/2019\/07\/logo4vett.svg\",\"contentUrl\":\"https:\/\/thefinitive.com\/wp-content\/uploads\/2019\/07\/logo4vett.svg\",\"width\":500,\"height\":100,\"caption\":\"Thefinitive\"},\"image\":{\"@id\":\"https:\/\/thefinitive.com\/en\/#\/schema\/logo\/image\/\"},\"sameAs\":[\"https:\/\/business.facebook.com\/Thefinitive-111771813534320\/\",\"https:\/\/www.instagram.com\/_thefinitive_\/\"]}]}<\/script>\n<!-- \/ Yoast SEO plugin. -->","yoast_head_json":{"title":"\u274c\ud83d\ude41PNF Fascio San Marino fregio Patch stoffa Uniforme 1922 Thefinitive","description":"Patch con fascio per uniforme da squadrista del PARTITO FASCISTA SAMMARINESE - PFS - San Marino - Camicia Nera - 1922 - 1927 - Distintivo PNF","robots":{"index":"index","follow":"follow","max-snippet":"max-snippet:-1","max-image-preview":"max-image-preview:large","max-video-preview":"max-video-preview:-1"},"canonical":"https:\/\/thefinitive.com\/en\/prodotto\/pnf-fascio-san-marino-fregio-patch-stoffa-uniforme-1922\/","og_locale":"en_US","og_type":"article","og_title":"\u274c\ud83d\ude41PNF Fascio San Marino fregio Patch stoffa Uniforme 1922 Thefinitive","og_description":"Patch con fascio per uniforme da squadrista del PARTITO FASCISTA SAMMARINESE - PFS - San Marino - Camicia Nera - 1922 - 1927 - Distintivo PNF","og_url":"https:\/\/thefinitive.com\/en\/prodotto\/pnf-fascio-san-marino-fregio-patch-stoffa-uniforme-1922\/","og_site_name":"Thefinitive","article_publisher":"https:\/\/business.facebook.com\/Thefinitive-111771813534320\/","article_modified_time":"2023-03-20T14:47:28+00:00","og_image":[{"width":2160,"height":2160,"url":"https:\/\/thefinitive.com\/wp-content\/uploads\/2019\/08\/20190815_133621.jpg","type":"image\/jpeg"}],"twitter_card":"summary_large_image","twitter_misc":{"Est. reading time":"6 minutes"},"schema":{"@context":"https:\/\/schema.org","@graph":[{"@type":"WebPage","@id":"https:\/\/thefinitive.com\/en\/prodotto\/pnf-fascio-san-marino-fregio-patch-stoffa-uniforme-1922\/","url":"https:\/\/thefinitive.com\/en\/prodotto\/pnf-fascio-san-marino-fregio-patch-stoffa-uniforme-1922\/","name":"\u274c\ud83d\ude41PNF Fascio San Marino fregio Patch stoffa Uniforme 1922 Thefinitive","isPartOf":{"@id":"https:\/\/thefinitive.com\/en\/#website"},"datePublished":"2020-04-20T22:03:27+00:00","dateModified":"2023-03-20T14:47:28+00:00","description":"Patch con fascio per uniforme da squadrista del PARTITO FASCISTA SAMMARINESE - PFS - San Marino - Camicia Nera - 1922 - 1927 - Distintivo PNF","breadcrumb":{"@id":"https:\/\/thefinitive.com\/en\/prodotto\/pnf-fascio-san-marino-fregio-patch-stoffa-uniforme-1922\/#breadcrumb"},"inLanguage":"en-US","potentialAction":[{"@type":"ReadAction","target":["https:\/\/thefinitive.com\/en\/prodotto\/pnf-fascio-san-marino-fregio-patch-stoffa-uniforme-1922\/"]}]},{"@type":"BreadcrumbList","@id":"https:\/\/thefinitive.com\/en\/prodotto\/pnf-fascio-san-marino-fregio-patch-stoffa-uniforme-1922\/#breadcrumb","itemListElement":[{"@type":"ListItem","position":1,"name":"Home","item":"https:\/\/thefinitive.com\/en\/"},{"@type":"ListItem","position":2,"name":"Shop","item":"https:\/\/thefinitive.com\/en\/shop-2\/"},{"@type":"ListItem","position":3,"name":"\u274c\ud83d\ude41PNF Fascio San Marino fregio Patch stoffa Uniforme 1922"}]},{"@type":"WebSite","@id":"https:\/\/thefinitive.com\/en\/#website","url":"https:\/\/thefinitive.com\/en\/","name":"Thefinitive","description":"Antiquariato Online","publisher":{"@id":"https:\/\/thefinitive.com\/en\/#organization"},"potentialAction":[{"@type":"SearchAction","target":{"@type":"EntryPoint","urlTemplate":"https:\/\/thefinitive.com\/en\/?s={search_term_string}"},"query-input":"required name=search_term_string"}],"inLanguage":"en-US"},{"@type":"Organization","@id":"https:\/\/thefinitive.com\/en\/#organization","name":"Thefinitive","url":"https:\/\/thefinitive.com\/en\/","logo":{"@type":"ImageObject","inLanguage":"en-US","@id":"https:\/\/thefinitive.com\/en\/#\/schema\/logo\/image\/","url":"https:\/\/thefinitive.com\/wp-content\/uploads\/2019\/07\/logo4vett.svg","contentUrl":"https:\/\/thefinitive.com\/wp-content\/uploads\/2019\/07\/logo4vett.svg","width":500,"height":100,"caption":"Thefinitive"},"image":{"@id":"https:\/\/thefinitive.com\/en\/#\/schema\/logo\/image\/"},"sameAs":["https:\/\/business.facebook.com\/Thefinitive-111771813534320\/","https:\/\/www.instagram.com\/_thefinitive_\/"]}]}},"_links":{"self":[{"href":"https:\/\/thefinitive.com\/en\/wp-json\/wp\/v3\/product\/5688"}],"collection":[{"href":"https:\/\/thefinitive.com\/en\/wp-json\/wp\/v3\/product"}],"about":[{"href":"https:\/\/thefinitive.com\/en\/wp-json\/wp\/v2\/types\/product"}],"replies":[{"embeddable":true,"href":"https:\/\/thefinitive.com\/en\/wp-json\/wp\/v2\/comments?post=5688"}],"version-history":[{"count":1,"href":"https:\/\/thefinitive.com\/en\/wp-json\/wp\/v3\/product\/5688\/revisions"}],"predecessor-version":[{"id":14773,"href":"https:\/\/thefinitive.com\/en\/wp-json\/wp\/v3\/product\/5688\/revisions\/14773"}],"wp:featuredmedia":[{"embeddable":true,"href":"https:\/\/thefinitive.com\/en\/wp-json\/wp\/v2\/media\/2596"}],"wp:attachment":[{"href":"https:\/\/thefinitive.com\/en\/wp-json\/wp\/v2\/media?parent=5688"}],"wp:term":[{"taxonomy":"product_cat","embeddable":true,"href":"https:\/\/thefinitive.com\/en\/wp-json\/wp\/v2\/product_cat?post=5688"},{"taxonomy":"product_tag","embeddable":true,"href":"https:\/\/thefinitive.com\/en\/wp-json\/wp\/v2\/product_tag?post=5688"}],"curies":[{"name":"wp","href":"https:\/\/api.w.org\/{rel}","templated":true}]}}