{"id":5664,"date":"2020-04-18T16:44:48","date_gmt":"2020-04-18T16:44:48","guid":{"rendered":"https:\/\/www.thefinitive.com\/?post_type=product&#038;p=5664"},"modified":"2023-03-20T15:47:32","modified_gmt":"2023-03-20T14:47:32","slug":"medaglia-valor-militare-generale-mannerini","status":"publish","type":"product","link":"https:\/\/thefinitive.com\/en\/prodotto\/medaglia-valor-militare-generale-mannerini\/","title":{"rendered":"\u274c\ud83d\ude41Medaglia Valor Militare GENERALE Mannerini"},"content":{"rendered":"<p>Distintivo con nastrini smaltati per le onorificenze di grado militare del Generale <strong>MANNERINI<\/strong> <strong>Alberto<\/strong>, con medaglia dell &#8216; <strong>Ordine Militare di Savoia<\/strong> OMS nei gradi di Cavaliere e Cavaliere Ufficiale, e con cinque medaglie al Valor Militare ,\u00a0 <strong><em>tre d&#8217; Argento ,<\/em> \u00a0MAVM<\/strong> , e <strong>due di Bronzo <em>,<\/em> \u00a0MBVM<\/strong> ; una croce al Valor Militare ed una promozione per Meriti di Guerra.<\/p>\n<p>Medagliere in perfetto stato, in argento, punzonato <strong>800<\/strong> al piedino posteriore. Probabile manifattura <strong>Iacoangeli<\/strong> , considerando che il piedino realizzato ad ovale traforato, era tipico dell&#8217;argentiere napoletano.<\/p>\n<p>&nbsp;<\/p>\n<table>\n<tbody>\n<tr>\n<td align=\"center\" width=\"60px\"><a class=\"image\" title=\"Cavaliere dell'Ordine Militare di Savoia - nastrino per uniforme ordinaria\" href=\"https:\/\/it.wikipedia.org\/wiki\/File:Cavaliere_BAR.svg\"><img loading=\"lazy\" decoding=\"async\" class=\"noviewer\" src=\"https:\/\/upload.wikimedia.org\/wikipedia\/commons\/thumb\/3\/30\/Cavaliere_BAR.svg\/60px-Cavaliere_BAR.svg.png\" srcset=\"\/\/upload.wikimedia.org\/wikipedia\/commons\/thumb\/3\/30\/Cavaliere_BAR.svg\/90px-Cavaliere_BAR.svg.png 1.5x, \/\/upload.wikimedia.org\/wikipedia\/commons\/thumb\/3\/30\/Cavaliere_BAR.svg\/120px-Cavaliere_BAR.svg.png 2x\" alt=\"Cavaliere dell'Ordine Militare di Savoia - nastrino per uniforme ordinaria\" width=\"60\" height=\"17\" data-file-width=\"218\" data-file-height=\"60\" \/><\/a><\/td>\n<td><a title=\"Ordine militare di Savoia\" href=\"https:\/\/it.wikipedia.org\/wiki\/Ordine_militare_di_Savoia\">Cavaliere dell&#8217;Ordine Militare di Savoia<\/a><\/td>\n<\/tr>\n<tr>\n<td><\/td>\n<td>\u00ab<i>Capo di S.M di un Corpo d\u2019Armata operante in Albania, dava in ogni circostanza la sua intelligente e devota collaborazione, sia nella realizzazione dei concetti operativi del suo comandante, sia nell\u2019organizzazione dei servizi. Pi\u00f9 volte inviato nelle posizioni pi\u00f9 avanzate, e spesso offertosi spontaneamente, per accertare situazioni non chiare, forniva, sempre dati esatti e concreti per le decisioni del comandante. In tali missioni dimostrava sprezzo del pericolo ed ardimento, percorrendo tratti di fronte fortemente battuti dal tiro nemico. Fronte Greco-Albanese, 15 novembre-31 dicembre 1940<\/i>.\u00bb<br \/>\n\u2014\u00a0Regio Decreto 21 maggio 1941<sup id=\"cite_ref-Quirinale_11-0\" class=\"reference\"><\/sup><\/td>\n<\/tr>\n<\/tbody>\n<\/table>\n<table>\n<tbody>\n<tr>\n<td align=\"center\" width=\"60px\"><a class=\"image\" title=\"Ufficiale dell'Ordine Militare di Savoia - nastrino per uniforme ordinaria\" href=\"https:\/\/it.wikipedia.org\/wiki\/File:Ufficiale_OMS_BAR.svg\"><img loading=\"lazy\" decoding=\"async\" class=\"noviewer\" src=\"https:\/\/upload.wikimedia.org\/wikipedia\/commons\/thumb\/3\/3b\/Ufficiale_OMS_BAR.svg\/60px-Ufficiale_OMS_BAR.svg.png\" srcset=\"\/\/upload.wikimedia.org\/wikipedia\/commons\/thumb\/3\/3b\/Ufficiale_OMS_BAR.svg\/90px-Ufficiale_OMS_BAR.svg.png 1.5x, \/\/upload.wikimedia.org\/wikipedia\/commons\/thumb\/3\/3b\/Ufficiale_OMS_BAR.svg\/120px-Ufficiale_OMS_BAR.svg.png 2x\" alt=\"Ufficiale dell'Ordine Militare di Savoia - nastrino per uniforme ordinaria\" width=\"60\" height=\"17\" data-file-width=\"218\" data-file-height=\"60\" \/><\/a><\/td>\n<td><a title=\"Ordine militare di Savoia\" href=\"https:\/\/it.wikipedia.org\/wiki\/Ordine_militare_di_Savoia\">Ufficiale dell&#8217;Ordine Militare di Savoia<\/a><\/td>\n<\/tr>\n<tr>\n<td><\/td>\n<td>\u00ab<i>Durante tre anni di guerra in Africa Settentrionale, trascorsi al comando delle truppe e in delicate e pericolose mansioni, diede ripetute prove di capacit\u00e0 organizzatrice e animatrice, di adamantino carattere, di dedizione assoluta al dovere, di esemplare valore personale. Assunto il comando del Sahara Libico, per virt\u00f9 di esempio, di ascendente e di costante opera appassionata, fece di quelle truppe, in condizioni di ambiente assai difficili, un organismo bellico animato da alto spirito combattivo. Durante gli strenui combattimenti che si susseguirono nel Sahara e in Tunisia, le truppe ai suoi ordini abilmente e decisamente comandate tennero alto il prestigio della Armi italiane. Marmarica \u2013 Sahara Libico \u2013 Tunisia, 1941-1943<\/i>.\u00bb<br \/>\n\u2014 Regio Decreto 14 giugno 1945<sup id=\"cite_ref-Quirinale_11-1\" class=\"reference\"><\/sup><\/td>\n<\/tr>\n<\/tbody>\n<\/table>\n<table>\n<tbody>\n<tr>\n<td align=\"center\" width=\"60px\"><a class=\"image\" title=\"Medaglia d'argento al valor militare - nastrino per uniforme ordinaria\" href=\"https:\/\/it.wikipedia.org\/wiki\/File:Valor_militare_silver_medal_BAR.svg\"><img loading=\"lazy\" decoding=\"async\" class=\"noviewer\" src=\"https:\/\/upload.wikimedia.org\/wikipedia\/commons\/thumb\/3\/30\/Valor_militare_silver_medal_BAR.svg\/60px-Valor_militare_silver_medal_BAR.svg.png\" srcset=\"\/\/upload.wikimedia.org\/wikipedia\/commons\/thumb\/3\/30\/Valor_militare_silver_medal_BAR.svg\/90px-Valor_militare_silver_medal_BAR.svg.png 1.5x, \/\/upload.wikimedia.org\/wikipedia\/commons\/thumb\/3\/30\/Valor_militare_silver_medal_BAR.svg\/120px-Valor_militare_silver_medal_BAR.svg.png 2x\" alt=\"Medaglia d'argento al valor militare - nastrino per uniforme ordinaria\" width=\"60\" height=\"17\" data-file-width=\"218\" data-file-height=\"60\" \/><\/a><\/td>\n<td>Medaglia d&#8217;argento al valor militare Generale Mannerini<\/td>\n<\/tr>\n<tr>\n<td><\/td>\n<td>\u00ab<i>Ispirando risolutezza e ferma volont\u00e0 in tutti i suoi dipendenti per la conquista di una forte posizione nemica, con grande energia, slancio e coraggio, sotto il fuoco avversario di fucileria, mitragliatrici e artiglieria, portava ripetutamente all&#8217;assalto al propria compagnia. Conquistata la posizione, vi faceva dei prigionieri e vi catturava delle armi, tra cui una mitragliatrice. Cima Caldiera, 26 giugno 1916<\/i>.\u00bb<\/td>\n<\/tr>\n<\/tbody>\n<\/table>\n<table style=\"height: 57px;\" width=\"607\">\n<tbody>\n<tr>\n<td align=\"center\" width=\"60px\"><a class=\"image\" title=\"Medaglia d'argento al valor militare - nastrino per uniforme ordinaria\" href=\"https:\/\/it.wikipedia.org\/wiki\/File:Valor_militare_silver_medal_BAR.svg\"><img loading=\"lazy\" decoding=\"async\" class=\"noviewer\" src=\"https:\/\/upload.wikimedia.org\/wikipedia\/commons\/thumb\/3\/30\/Valor_militare_silver_medal_BAR.svg\/60px-Valor_militare_silver_medal_BAR.svg.png\" srcset=\"\/\/upload.wikimedia.org\/wikipedia\/commons\/thumb\/3\/30\/Valor_militare_silver_medal_BAR.svg\/90px-Valor_militare_silver_medal_BAR.svg.png 1.5x, \/\/upload.wikimedia.org\/wikipedia\/commons\/thumb\/3\/30\/Valor_militare_silver_medal_BAR.svg\/120px-Valor_militare_silver_medal_BAR.svg.png 2x\" alt=\"Medaglia d'argento al valor militare - nastrino per uniforme ordinaria\" width=\"60\" height=\"17\" data-file-width=\"218\" data-file-height=\"60\" \/><\/a><\/td>\n<td>Medaglia d&#8217;argento al valor militare Generale Mannerini<\/td>\n<\/tr>\n<tr>\n<td><\/td>\n<td>\u00ab<em>Comandante di una compagnia trascinava i suoi alpini\u00a0<\/em><i>all&#8217;assalto alla baionetta e bombe, sotto l&#8217;intenso fuoco nemico di fucili e mitragliatrici, e, precedendoli, piombava con veemenza sulle trincee avversarie, fugandone i difensori, facendo numerosi prigionieri e catturando due cannoni, mitragliatrici ed altro materiale. Gi\u00e0 distintosi in un precedente combattimento per slancio e coraggio, in circostanze difficili.\u00a0 Castelloni di San Marco. 16 Giugno 1916.\u00bb<\/i><\/td>\n<\/tr>\n<\/tbody>\n<\/table>\n<table>\n<tbody>\n<tr>\n<td align=\"center\" width=\"60px\"><a class=\"image\" title=\"Medaglia d'argento al valor militare - nastrino per uniforme ordinaria\" href=\"https:\/\/it.wikipedia.org\/wiki\/File:Valor_militare_silver_medal_BAR.svg\"><img loading=\"lazy\" decoding=\"async\" class=\"noviewer\" src=\"https:\/\/upload.wikimedia.org\/wikipedia\/commons\/thumb\/3\/30\/Valor_militare_silver_medal_BAR.svg\/60px-Valor_militare_silver_medal_BAR.svg.png\" srcset=\"\/\/upload.wikimedia.org\/wikipedia\/commons\/thumb\/3\/30\/Valor_militare_silver_medal_BAR.svg\/90px-Valor_militare_silver_medal_BAR.svg.png 1.5x, \/\/upload.wikimedia.org\/wikipedia\/commons\/thumb\/3\/30\/Valor_militare_silver_medal_BAR.svg\/120px-Valor_militare_silver_medal_BAR.svg.png 2x\" alt=\"Medaglia d'argento al valor militare - nastrino per uniforme ordinaria\" width=\"60\" height=\"17\" data-file-width=\"218\" data-file-height=\"60\" \/><\/a><\/td>\n<td>Medaglia d&#8217;argento al valor militare Generale Mannerini<\/td>\n<\/tr>\n<tr>\n<td><\/td>\n<td>\u00ab<i>Ufficiale generale addetto a un comando di corpo d&#8217;armata, prestava tutta la sua opera appassionata ed infaticabile per la ricostruzione delle unit\u00e0 dipendenti e del comando. Con animo fervente di entusiasmo, con indiscussa capacit\u00e0 ed esperienza, si adoperava a perfezionare l&#8217;addestramento delle truppe e dei quadri per renderli vieppi\u00f9 idonei ad operare nello speciale ambiente della lotta. In 22 giorni di dura estenuante battaglia, incurante di fatica, disagi e pericoli d&#8217;ogni sorta, si dimostrava prezioso collaboratore del comandante nella condotta delle operazioni, contribuendo cos\u00ec largamente, con dedizione di tutto se stesso, a dare al complesso quella solida nervatura di esperienza, di volont\u00e0, e di fede che ha condotto le truppe ad indiscussi e unanimi successi e riconoscimenti. Tobruk-Bir El Gobi-Ain El Gazala (A.S.), 18 novembre 1941-10 dicembre 1941<\/i>.\u00bb<\/td>\n<\/tr>\n<\/tbody>\n<\/table>\n<table>\n<tbody>\n<tr>\n<td align=\"center\" width=\"60px\"><a class=\"image\" title=\"Medaglia di bronzo al valor militare - nastrino per uniforme ordinaria\" href=\"https:\/\/it.wikipedia.org\/wiki\/File:Valor_militare_bronze_medal_BAR.svg\"><img loading=\"lazy\" decoding=\"async\" class=\"noviewer\" src=\"https:\/\/upload.wikimedia.org\/wikipedia\/commons\/thumb\/2\/2a\/Valor_militare_bronze_medal_BAR.svg\/60px-Valor_militare_bronze_medal_BAR.svg.png\" srcset=\"\/\/upload.wikimedia.org\/wikipedia\/commons\/thumb\/2\/2a\/Valor_militare_bronze_medal_BAR.svg\/90px-Valor_militare_bronze_medal_BAR.svg.png 1.5x, \/\/upload.wikimedia.org\/wikipedia\/commons\/thumb\/2\/2a\/Valor_militare_bronze_medal_BAR.svg\/120px-Valor_militare_bronze_medal_BAR.svg.png 2x\" alt=\"Medaglia di bronzo al valor militare - nastrino per uniforme ordinaria\" width=\"60\" height=\"17\" data-file-width=\"218\" data-file-height=\"60\" \/><\/a><\/td>\n<td>Medaglia di bronzo al valor militare Generale Mannerini<\/td>\n<\/tr>\n<tr>\n<td><\/td>\n<td>\u00ab<i>Addetto al comando di un gruppo alpino, fu valido cooperatore del comando stesso colla sua intelligente e instancabile attivit\u00e0. Sempre pronto, con animo lieto e pieno di ardimento, si rec\u00f2 pi\u00f9 volte spontaneamente, con calma imperturbabile, fin sulla prima linea, sotto il fuoco violento dell&#8217;artiglieria nemica, per recare ordini e assumere notizie sulla situazione, rendendo in tal modo pregevole aiuto al comando. Monte Ortigara, 10-20 giugno 1917<\/i>.\u00bb<\/td>\n<\/tr>\n<\/tbody>\n<\/table>\n<table>\n<tbody>\n<tr>\n<td align=\"center\" width=\"60px\"><a class=\"image\" title=\"Medaglia di bronzo al valor militare - nastrino per uniforme ordinaria\" href=\"https:\/\/it.wikipedia.org\/wiki\/File:Valor_militare_bronze_medal_BAR.svg\"><img loading=\"lazy\" decoding=\"async\" class=\"noviewer\" src=\"https:\/\/upload.wikimedia.org\/wikipedia\/commons\/thumb\/2\/2a\/Valor_militare_bronze_medal_BAR.svg\/60px-Valor_militare_bronze_medal_BAR.svg.png\" srcset=\"\/\/upload.wikimedia.org\/wikipedia\/commons\/thumb\/2\/2a\/Valor_militare_bronze_medal_BAR.svg\/90px-Valor_militare_bronze_medal_BAR.svg.png 1.5x, \/\/upload.wikimedia.org\/wikipedia\/commons\/thumb\/2\/2a\/Valor_militare_bronze_medal_BAR.svg\/120px-Valor_militare_bronze_medal_BAR.svg.png 2x\" alt=\"Medaglia di bronzo al valor militare - nastrino per uniforme ordinaria\" width=\"60\" height=\"17\" data-file-width=\"218\" data-file-height=\"60\" \/><\/a><\/td>\n<td>Medaglia di bronzo al valor militare Generale Mannerini<\/td>\n<\/tr>\n<tr>\n<td><\/td>\n<td>\u00ab<i>Comandante di un reggimento granatieri di formazione destinato ad essere aviotrasportato per l&#8217;occupazione dell&#8217;Albania, organizzava in brevissimo tempo con eccezionale perizia e grande energia tale forma di trasporto, allora per la prima volta effettuato in tale misura per operazioni di guerra. Con sprezzo del pericolo ed energia avveduta azione di comando attuava poi il trasporto e lo sbarco del reggimento a Tirana, efficacemente concorrendo all&#8217;occupazione completa di essa e allo stroncamento di ogni velleit\u00e0 offensiva avversaria. Tirana, 8 aprile 1939<\/i>.\u00bb<\/td>\n<\/tr>\n<\/tbody>\n<\/table>\n<table>\n<tbody>\n<tr>\n<td align=\"center\" width=\"60px\"><a class=\"image\" title=\"Croce di guerra al valor militare - nastrino per uniforme ordinaria\" href=\"https:\/\/it.wikipedia.org\/wiki\/File:MeritoMilitare%2B.png\"><img loading=\"lazy\" decoding=\"async\" class=\"noviewer\" src=\"https:\/\/upload.wikimedia.org\/wikipedia\/commons\/thumb\/a\/a6\/MeritoMilitare%2B.png\/60px-MeritoMilitare%2B.png\" srcset=\"\/\/upload.wikimedia.org\/wikipedia\/commons\/thumb\/a\/a6\/MeritoMilitare%2B.png\/90px-MeritoMilitare%2B.png 1.5x, \/\/upload.wikimedia.org\/wikipedia\/commons\/thumb\/a\/a6\/MeritoMilitare%2B.png\/120px-MeritoMilitare%2B.png 2x\" alt=\"Croce di guerra al valor militare - nastrino per uniforme ordinaria\" width=\"60\" height=\"16\" data-file-width=\"342\" data-file-height=\"94\" \/><\/a><\/td>\n<td>Croce di guerra al valor militare<\/td>\n<\/tr>\n<tr>\n<td><\/td>\n<td>\u00ab<i>Aiutante di campo di un raggruppamento alpini, durante violenti e aspri combattimenti, coadiuv\u00f2 con serenit\u00e0 ed intelligenza il proprio comandante di raggruppamento. Sotto intenso fuoco di artiglieria e di mitragliatrici avversarie, sprezzante del pericolo, attravers\u00f2 pi\u00f9 volte la zona battuta per portare ed assumere sulla situazione notizie necessarie pel coordinamento dell&#8217;azione dando cos\u00ec bella prova di possedere alte qualit\u00e0 di mente e di carattere. Monte Solarolo-Massiccio del Grappa (Treviso), 24-28 novembre 1918<\/i>.\u00bb<\/td>\n<\/tr>\n<\/tbody>\n<\/table>\n<table>\n<tbody>\n<tr>\n<td align=\"center\" width=\"60px\"><a class=\"image\" title=\"avanzamento per merito di guerra - nastrino per uniforme ordinaria\" href=\"https:\/\/it.wikipedia.org\/wiki\/File:Distintivo_avanzamento_merito_di_guerra_ufficiali_generali_e_ammiragli_(forze_armate_italiane).svg\"><img loading=\"lazy\" decoding=\"async\" class=\"noviewer\" src=\"https:\/\/upload.wikimedia.org\/wikipedia\/commons\/thumb\/2\/2f\/Distintivo_avanzamento_merito_di_guerra_ufficiali_generali_e_ammiragli_%28forze_armate_italiane%29.svg\/40px-Distintivo_avanzamento_merito_di_guerra_ufficiali_generali_e_ammiragli_%28forze_armate_italiane%29.svg.png\" srcset=\"\/\/upload.wikimedia.org\/wikipedia\/commons\/thumb\/2\/2f\/Distintivo_avanzamento_merito_di_guerra_ufficiali_generali_e_ammiragli_%28forze_armate_italiane%29.svg\/59px-Distintivo_avanzamento_merito_di_guerra_ufficiali_generali_e_ammiragli_%28forze_armate_italiane%29.svg.png 1.5x, \/\/upload.wikimedia.org\/wikipedia\/commons\/thumb\/2\/2f\/Distintivo_avanzamento_merito_di_guerra_ufficiali_generali_e_ammiragli_%28forze_armate_italiane%29.svg\/79px-Distintivo_avanzamento_merito_di_guerra_ufficiali_generali_e_ammiragli_%28forze_armate_italiane%29.svg.png 2x\" alt=\"avanzamento per merito di guerra - nastrino per uniforme ordinaria\" width=\"40\" height=\"30\" data-file-width=\"420\" data-file-height=\"320\" \/><\/a><\/td>\n<td>avanzamento per merito di guerra<\/td>\n<\/tr>\n<tr>\n<td><\/td>\n<td>\u00ab<i>Capo di stato maggiore di un corpo d&#8217;armata, in condizioni estremamente difficili, esplicava preziose doti di collaboratore e di capo, guidando personalmente in combattimento reparti rimasti privi di comandante e contribuendo con la propria serenit\u00e0 e la propria energia, a mantenere integra la compagine materiale e spirituale della propria grande unit\u00e0, insistentemente premuta dal nemico soverchiante di forze e di mezzi. Passati i nostri alla controffensiva, durante la complessa preparazione e il travolgente corso dell&#8217;azione, esplicava opera altamente redditizia al fine della vittoria finale. Guerra italo-greca, novembre 1940-marzo 1941<\/i>.\u00bb<br \/>\n\u2014\u00a0Regio Decreto 28 giugno 1941<sup id=\"cite_ref-16\" class=\"reference\"><\/sup><\/td>\n<\/tr>\n<\/tbody>\n<\/table>\n<p>&nbsp;<\/p>\n<p><strong>MATERIALE\u00a0 \u00a0 \u00a0:\u00a0<\/strong> Argento, nastrino smaltati<\/p>\n<p><strong>MISURE\u00a0 \u00a0 \u00a0 \u00a0 \u00a0 \u00a0 \u00a0:<\/strong>\u00a0 mm.37 x 13 circa<\/p>\n<p><strong>MARCHIO\u00a0 \u00a0 \u00a0 \u00a0 \u00a0:<\/strong>\u00a0 argento 800 , peso totale circa 8 gr.<\/p>\n<p>&nbsp;<\/p>\n<h2 style=\"text-align: left;\">NOTIZIE<\/h2>\n<p><b>Alberto Mannerini<\/b>\u00a0(Napoli,\u00a022 febbraio\u00a01891\u00a0\u2013\u00a0Roma,\u00a07 febbraio\u00a01962) \u00e8 stato un\u00a0generale\u00a0italiano, veterano della\u00a0prima\u00a0e della\u00a0seconda guerra mondiale. Tra il 25 maggio\u00a01950\u00a0e il 4 maggio\u00a01954\u00a0ricopr\u00ec l&#8217;incarico di Comandante generale dell&#8217;arma dei Carabinieri. Decorato di tre\u00a0Medaglie d&#8217;argento, due\u00a0di bronzo\u00a0ed una\u00a0Croce di guerra al valor militare, della\u00a0Croce di Ufficiale dell&#8217;Ordine Militare di Savoia e della\u00a0Cavaliere di Gran Croce dell&#8217;Ordine al merito della Repubblica Italiana.<\/p>\n<p>Nacque a Napoli il 22 febbraio 1891, figlio di Giovanni e Santa Pigliacelli. Il 7 novembre 1909 entr\u00f2 come Allievo ufficiale presso la\u00a0Regia Accademia Militare di Fanteria e Cavalleria\u00a0di\u00a0Modena, da cui usc\u00ec il 23 febbraio 1913, assegnato con il grado di\u00a0sottotenente\u00a0all&#8217;arma di fanteria, corpo degli\u00a0alpini, assegnato in servizio al\u00a06\u00ba Reggimento alpini. Prese parte ad operazioni belliche in\u00a0Libia\u00a0nel biennio\u00a01913-1914.<\/p>\n<p>Durante il corso della\u00a0prima guerra mondiale, tenne ininterrottamente il comando di reparti del\u00a07\u00ba Reggimento alpini, venendo promosso dapprima\u00a0tenente\u00a0e poi\u00a0capitano. Tra il\u00a01917\u00a0e il\u00a01918\u00a0comand\u00f2 il\u00a0Battaglione alpini &#8220;Monte Pelmo&#8221;, ed al termine del conflitto risultava decorato con due\u00a0Medaglie d&#8217;argento, una\u00a0di bronzo\u00a0ed una\u00a0Croce di guerra al valor militare.<\/p>\n<p>Conseguito l\u2019avanzamento a\u00a0maggiore, resse il comando del Battaglione alpini\u00a0<i>Pieve di Cadore<\/i>, ricoprendo anche numerosi incarichi di\u00a0Stato maggiore. Promosso\u00a0tenente colonnello\u00a0(con anzianit\u00e0 1\u00ba dicembre\u00a01926), comand\u00f2 il II Battaglione del\u00a03\u00ba Reggimento &#8220;Granatieri di Sardegna&#8221;\u00a0e ricopr\u00ec altri incarichi, tra i quali quello di Addetto Militare in\u00a0Turchia, sino al 18 ottobre\u00a01936, quando rientr\u00f2 a Roma per assumere l&#8217;incarico di comandante del 2\u00ba Reggimento granatieri.<\/p>\n<p>Il 31 dicembre dello stesso anno venne promosso\u00a0colonnello, e ricopr\u00ec l&#8217;incarico di comandante del\u00a02\u00ba Reggimento &#8220;Granatieri di Sardegna&#8221;\u00a0sino al 14 febbraio\u00a01939, quando pass\u00f2 a prestare servizio presso il comando dell&#8217;VIII Corpo d&#8217;armata\u00a0di Roma, allora al comando del generale\u00a0Remo Gambelli, per svolgere incarichi speciali.<\/p>\n<p>L&#8217;8 aprile 1939 con un reggimento di formazione di Granatieri di Sardegna, denominato &#8220;<i><b>Mannerini<\/b><\/i>&#8221; fu aviotrasportato a\u00a0Tirana\u00a0e durante le complesse operazioni di occupazione dell&#8217;Albania fu decorato con una seconda Medaglia di bronzo al valor militare. Il 3\u00ba Reggimento granatieri (poi denominato\u00a0<i>di Sardegna e d&#8217;Albania<\/i>) rimase in loco sino al\u00a01943.<\/p>\n<p>Rientrato a Roma, dopo l&#8217;entrata in guerra\u00a0del\u00a0Regno d&#8217;Italia, avvenuta il 10 giugno\u00a01940, fu\u00a0Capo di stato maggiore\u00a0dell&#8217;VIII\u00b0 Corpo d\u2019Armata durante la\u00a0campagna di Grecia\u00a0dal dicembre dello stesso anno, meritando la promozione per meriti di guerra a\u00a0generale di brigata\u00a0l&#8217;11 giugno 1941.<\/p>\n<p>Subito dopo divenne vicecomandante della\u00a021\u00aa Divisione fanteria &#8220;Granatieri di Sardegna&#8221; (generale\u00a0Taddeo Orlando) inviata in\u00a0Slovenia, a presidio della\u00a0provincia di Lubiana, tra\u00a0Lubiana\u00a0e\u00a0Ko\u010devje, ma vi rimase poco tempo perch\u00e9 dall&#8217;11 agosto 1941, su richiesta del generale\u00a0Gastone Gambara, fu assegnato al comando superiore F.F. A.A. Africa settentrionale, per incarichi speciali.<\/p>\n<p>Una volta destinato in\u00a0Africa Settentrionale Italiana, vi svolse numerosi incarichi, tra i quali, la costituzione ed il comando del\u00a0Raggruppamento sahariano &#8220;Mannerini&#8221; all&#8217;inizio del\u00a01943\u00a0in\u00a0Tunisia\u00a0composto con le unit\u00e0 di complementi tratte da altre\u00a0grandi unit\u00e0\u00a0o da reparti reduci di unit\u00e0 sbandate o distrutte. Il suo reparto si distinse sino alla fine della campagna ma poi dovette soccombere, ed egli venne fatto prigioniero in prossimit\u00e0 di\u00a0Gabes\u00a0il 29 marzo successivo.<\/p>\n<p>Rientrato in Italia nel corso del\u00a01945, il 14 giugno fu insignito della\u00a0Croce di Ufficiale dell\u2019Ordine Militare di Savoia. Ricopr\u00ec diverse mansioni a livello ministeriale, conseguendo il grado di\u00a0generale di divisione\u00a0il 29 marzo\u00a01948\u00a0e nel giugno successivo la nomina a Sottocapo di Stato maggiore dell\u2019Esercito.<\/p>\n<p>Promosso\u00a0generale di corpo d&#8217;armata il 9 maggio\u00a01950, dal 25 maggio successivo e sino al 4 maggio\u00a01954\u00a0assunse il prestigioso incarico di Comandante Generale dell&#8217;arma dei Carabinieri.<\/p>\n<p>Il 2 giugno 1956 fu insignito del titolo di\u00a0Cavaliere di Gran Croce dell&#8217;Ordine al merito della Repubblica Italiana. Si spense a Roma il 7 febbraio\u00a01962.<\/p>\n<p>&nbsp;<\/p>\n<p><em>Fonti varie <a href=\"https:\/\/it.wikipedia.org\/wiki\/Alberto_Mannerini\">Wikipedia<\/a> \u00a0<\/em><\/p>\n<p>&nbsp;<\/p>\n<p>3.20<\/p>\n","protected":false},"excerpt":{"rendered":"<p style=\"text-align: center;\">Distintivo con nastrini smaltati per le onorificenze militari del Generale <strong>MANNERINI<\/strong> <strong>Alberto<\/strong>, con\u00a0 <strong>Ordine Militare di Savoia<\/strong> , cinque medaglie al Valor Militare ( <strong><em>tre <\/em>MAVM<\/strong> , <strong>due\u00a0MBVM<\/strong> ), una croce al Valor Militare ed una promozione per Meriti di Guerra.<\/p>\n<p style=\"text-align: center;\">In argento, punzonato <strong>800<\/strong> al piedino posteriore, manifattura <strong>Iacoangeli<\/strong> , Napoli.<\/p>\n<p style=\"text-align: center;\"><strong><em>(Scorri la pagina in basso per ulteriori dettagli e informazioni)<\/em><\/strong><\/p>\n<p>&nbsp;<\/p>\n<p>&nbsp;<\/p>\n","protected":false},"featured_media":5059,"comment_status":"open","ping_status":"closed","template":"","meta":[],"product_cat":[586],"product_tag":[304,318,164,163,176,178,401,175,305],"yoast_head":"<!-- This site is optimized with the Yoast SEO plugin v21.9.1 - https:\/\/yoast.com\/wordpress\/plugins\/seo\/ -->\n<title>\u274c\ud83d\ude41Medaglia Valor Militare GENERALE Mannerini - Thefinitive<\/title>\n<meta name=\"description\" content=\"Medaglia al Valor Militare MAVM MBVM Argento Bronzo GENERALE Mannerini Regio Esercito - Ordine Militare Savoia OMS - Military Valour medal - bravery\" \/>\n<meta name=\"robots\" content=\"index, follow, max-snippet:-1, max-image-preview:large, max-video-preview:-1\" \/>\n<link rel=\"canonical\" href=\"https:\/\/thefinitive.com\/en\/prodotto\/medaglia-valor-militare-generale-mannerini\/\" \/>\n<meta property=\"og:locale\" content=\"en_US\" \/>\n<meta property=\"og:type\" content=\"article\" \/>\n<meta property=\"og:title\" content=\"\u274c\ud83d\ude41Medaglia Valor Militare GENERALE Mannerini - Thefinitive\" \/>\n<meta property=\"og:description\" content=\"Medaglia al Valor Militare MAVM MBVM Argento Bronzo GENERALE Mannerini Regio Esercito - Ordine Militare Savoia OMS - Military Valour medal - bravery\" \/>\n<meta property=\"og:url\" content=\"https:\/\/thefinitive.com\/en\/prodotto\/medaglia-valor-militare-generale-mannerini\/\" \/>\n<meta property=\"og:site_name\" content=\"Thefinitive\" \/>\n<meta property=\"article:publisher\" content=\"https:\/\/business.facebook.com\/Thefinitive-111771813534320\/\" \/>\n<meta property=\"article:modified_time\" content=\"2023-03-20T14:47:32+00:00\" \/>\n<meta property=\"og:image\" content=\"https:\/\/thefinitive.com\/wp-content\/uploads\/2020\/04\/nasc1-2.jpg\" \/>\n\t<meta property=\"og:image:width\" content=\"2160\" \/>\n\t<meta property=\"og:image:height\" content=\"2160\" \/>\n\t<meta property=\"og:image:type\" content=\"image\/jpeg\" \/>\n<meta name=\"twitter:card\" content=\"summary_large_image\" \/>\n<meta name=\"twitter:label1\" content=\"Est. reading time\" \/>\n\t<meta name=\"twitter:data1\" content=\"8 minutes\" \/>\n<script type=\"application\/ld+json\" class=\"yoast-schema-graph\">{\"@context\":\"https:\/\/schema.org\",\"@graph\":[{\"@type\":\"WebPage\",\"@id\":\"https:\/\/thefinitive.com\/en\/prodotto\/medaglia-valor-militare-generale-mannerini\/\",\"url\":\"https:\/\/thefinitive.com\/en\/prodotto\/medaglia-valor-militare-generale-mannerini\/\",\"name\":\"\u274c\ud83d\ude41Medaglia Valor Militare GENERALE Mannerini - Thefinitive\",\"isPartOf\":{\"@id\":\"https:\/\/thefinitive.com\/en\/#website\"},\"datePublished\":\"2020-04-18T16:44:48+00:00\",\"dateModified\":\"2023-03-20T14:47:32+00:00\",\"description\":\"Medaglia al Valor Militare MAVM MBVM Argento Bronzo GENERALE Mannerini Regio Esercito - Ordine Militare Savoia OMS - Military Valour medal - bravery\",\"breadcrumb\":{\"@id\":\"https:\/\/thefinitive.com\/en\/prodotto\/medaglia-valor-militare-generale-mannerini\/#breadcrumb\"},\"inLanguage\":\"en-US\",\"potentialAction\":[{\"@type\":\"ReadAction\",\"target\":[\"https:\/\/thefinitive.com\/en\/prodotto\/medaglia-valor-militare-generale-mannerini\/\"]}]},{\"@type\":\"BreadcrumbList\",\"@id\":\"https:\/\/thefinitive.com\/en\/prodotto\/medaglia-valor-militare-generale-mannerini\/#breadcrumb\",\"itemListElement\":[{\"@type\":\"ListItem\",\"position\":1,\"name\":\"Home\",\"item\":\"https:\/\/thefinitive.com\/en\/\"},{\"@type\":\"ListItem\",\"position\":2,\"name\":\"Shop\",\"item\":\"https:\/\/thefinitive.com\/en\/shop-2\/\"},{\"@type\":\"ListItem\",\"position\":3,\"name\":\"\u274c\ud83d\ude41Medaglia Valor Militare GENERALE Mannerini\"}]},{\"@type\":\"WebSite\",\"@id\":\"https:\/\/thefinitive.com\/en\/#website\",\"url\":\"https:\/\/thefinitive.com\/en\/\",\"name\":\"Thefinitive\",\"description\":\"Antiquariato Online\",\"publisher\":{\"@id\":\"https:\/\/thefinitive.com\/en\/#organization\"},\"potentialAction\":[{\"@type\":\"SearchAction\",\"target\":{\"@type\":\"EntryPoint\",\"urlTemplate\":\"https:\/\/thefinitive.com\/en\/?s={search_term_string}\"},\"query-input\":\"required name=search_term_string\"}],\"inLanguage\":\"en-US\"},{\"@type\":\"Organization\",\"@id\":\"https:\/\/thefinitive.com\/en\/#organization\",\"name\":\"Thefinitive\",\"url\":\"https:\/\/thefinitive.com\/en\/\",\"logo\":{\"@type\":\"ImageObject\",\"inLanguage\":\"en-US\",\"@id\":\"https:\/\/thefinitive.com\/en\/#\/schema\/logo\/image\/\",\"url\":\"https:\/\/thefinitive.com\/wp-content\/uploads\/2019\/07\/logo4vett.svg\",\"contentUrl\":\"https:\/\/thefinitive.com\/wp-content\/uploads\/2019\/07\/logo4vett.svg\",\"width\":500,\"height\":100,\"caption\":\"Thefinitive\"},\"image\":{\"@id\":\"https:\/\/thefinitive.com\/en\/#\/schema\/logo\/image\/\"},\"sameAs\":[\"https:\/\/business.facebook.com\/Thefinitive-111771813534320\/\",\"https:\/\/www.instagram.com\/_thefinitive_\/\"]}]}<\/script>\n<!-- \/ Yoast SEO plugin. -->","yoast_head_json":{"title":"\u274c\ud83d\ude41Medaglia Valor Militare GENERALE Mannerini - Thefinitive","description":"Medaglia al Valor Militare MAVM MBVM Argento Bronzo GENERALE Mannerini Regio Esercito - Ordine Militare Savoia OMS - Military Valour medal - bravery","robots":{"index":"index","follow":"follow","max-snippet":"max-snippet:-1","max-image-preview":"max-image-preview:large","max-video-preview":"max-video-preview:-1"},"canonical":"https:\/\/thefinitive.com\/en\/prodotto\/medaglia-valor-militare-generale-mannerini\/","og_locale":"en_US","og_type":"article","og_title":"\u274c\ud83d\ude41Medaglia Valor Militare GENERALE Mannerini - Thefinitive","og_description":"Medaglia al Valor Militare MAVM MBVM Argento Bronzo GENERALE Mannerini Regio Esercito - Ordine Militare Savoia OMS - Military Valour medal - bravery","og_url":"https:\/\/thefinitive.com\/en\/prodotto\/medaglia-valor-militare-generale-mannerini\/","og_site_name":"Thefinitive","article_publisher":"https:\/\/business.facebook.com\/Thefinitive-111771813534320\/","article_modified_time":"2023-03-20T14:47:32+00:00","og_image":[{"width":2160,"height":2160,"url":"https:\/\/thefinitive.com\/wp-content\/uploads\/2020\/04\/nasc1-2.jpg","type":"image\/jpeg"}],"twitter_card":"summary_large_image","twitter_misc":{"Est. reading time":"8 minutes"},"schema":{"@context":"https:\/\/schema.org","@graph":[{"@type":"WebPage","@id":"https:\/\/thefinitive.com\/en\/prodotto\/medaglia-valor-militare-generale-mannerini\/","url":"https:\/\/thefinitive.com\/en\/prodotto\/medaglia-valor-militare-generale-mannerini\/","name":"\u274c\ud83d\ude41Medaglia Valor Militare GENERALE Mannerini - Thefinitive","isPartOf":{"@id":"https:\/\/thefinitive.com\/en\/#website"},"datePublished":"2020-04-18T16:44:48+00:00","dateModified":"2023-03-20T14:47:32+00:00","description":"Medaglia al Valor Militare MAVM MBVM Argento Bronzo GENERALE Mannerini Regio Esercito - Ordine Militare Savoia OMS - Military Valour medal - bravery","breadcrumb":{"@id":"https:\/\/thefinitive.com\/en\/prodotto\/medaglia-valor-militare-generale-mannerini\/#breadcrumb"},"inLanguage":"en-US","potentialAction":[{"@type":"ReadAction","target":["https:\/\/thefinitive.com\/en\/prodotto\/medaglia-valor-militare-generale-mannerini\/"]}]},{"@type":"BreadcrumbList","@id":"https:\/\/thefinitive.com\/en\/prodotto\/medaglia-valor-militare-generale-mannerini\/#breadcrumb","itemListElement":[{"@type":"ListItem","position":1,"name":"Home","item":"https:\/\/thefinitive.com\/en\/"},{"@type":"ListItem","position":2,"name":"Shop","item":"https:\/\/thefinitive.com\/en\/shop-2\/"},{"@type":"ListItem","position":3,"name":"\u274c\ud83d\ude41Medaglia Valor Militare GENERALE Mannerini"}]},{"@type":"WebSite","@id":"https:\/\/thefinitive.com\/en\/#website","url":"https:\/\/thefinitive.com\/en\/","name":"Thefinitive","description":"Antiquariato Online","publisher":{"@id":"https:\/\/thefinitive.com\/en\/#organization"},"potentialAction":[{"@type":"SearchAction","target":{"@type":"EntryPoint","urlTemplate":"https:\/\/thefinitive.com\/en\/?s={search_term_string}"},"query-input":"required name=search_term_string"}],"inLanguage":"en-US"},{"@type":"Organization","@id":"https:\/\/thefinitive.com\/en\/#organization","name":"Thefinitive","url":"https:\/\/thefinitive.com\/en\/","logo":{"@type":"ImageObject","inLanguage":"en-US","@id":"https:\/\/thefinitive.com\/en\/#\/schema\/logo\/image\/","url":"https:\/\/thefinitive.com\/wp-content\/uploads\/2019\/07\/logo4vett.svg","contentUrl":"https:\/\/thefinitive.com\/wp-content\/uploads\/2019\/07\/logo4vett.svg","width":500,"height":100,"caption":"Thefinitive"},"image":{"@id":"https:\/\/thefinitive.com\/en\/#\/schema\/logo\/image\/"},"sameAs":["https:\/\/business.facebook.com\/Thefinitive-111771813534320\/","https:\/\/www.instagram.com\/_thefinitive_\/"]}]}},"_links":{"self":[{"href":"https:\/\/thefinitive.com\/en\/wp-json\/wp\/v3\/product\/5664"}],"collection":[{"href":"https:\/\/thefinitive.com\/en\/wp-json\/wp\/v3\/product"}],"about":[{"href":"https:\/\/thefinitive.com\/en\/wp-json\/wp\/v2\/types\/product"}],"replies":[{"embeddable":true,"href":"https:\/\/thefinitive.com\/en\/wp-json\/wp\/v2\/comments?post=5664"}],"version-history":[{"count":1,"href":"https:\/\/thefinitive.com\/en\/wp-json\/wp\/v3\/product\/5664\/revisions"}],"predecessor-version":[{"id":14775,"href":"https:\/\/thefinitive.com\/en\/wp-json\/wp\/v3\/product\/5664\/revisions\/14775"}],"wp:featuredmedia":[{"embeddable":true,"href":"https:\/\/thefinitive.com\/en\/wp-json\/wp\/v2\/media\/5059"}],"wp:attachment":[{"href":"https:\/\/thefinitive.com\/en\/wp-json\/wp\/v2\/media?parent=5664"}],"wp:term":[{"taxonomy":"product_cat","embeddable":true,"href":"https:\/\/thefinitive.com\/en\/wp-json\/wp\/v2\/product_cat?post=5664"},{"taxonomy":"product_tag","embeddable":true,"href":"https:\/\/thefinitive.com\/en\/wp-json\/wp\/v2\/product_tag?post=5664"}],"curies":[{"name":"wp","href":"https:\/\/api.w.org\/{rel}","templated":true}]}}