{"id":5360,"date":"2020-04-10T17:04:19","date_gmt":"2020-04-10T17:04:19","guid":{"rendered":"https:\/\/www.thefinitive.com\/?post_type=product&#038;p=5360"},"modified":"2023-03-20T15:47:41","modified_gmt":"2023-03-20T14:47:41","slug":"berretto-ufficiale-marina-repubblicana-rsi-1944","status":"publish","type":"product","link":"https:\/\/thefinitive.com\/en\/prodotto\/berretto-ufficiale-marina-repubblicana-rsi-1944\/","title":{"rendered":"\u274c\ud83d\ude41Berretto ufficiale MARINA REPUBBLICANA &#8211; RSI 1944"},"content":{"rendered":"<p>Berretto da <b>ufficiale superiore <\/b>della<b> MARINA REPUBBLICANA<\/b> , Marina da Guerra , periodo<b> RSI <\/b><em>Repubblica Sociale Italiana<\/em><b> 1943-1945 .<\/b><\/p>\n<p>Con il nuovo ordinamento dell &#8216; <strong>ESERCITO REPUBBLICANO<\/strong> che vede la luce nel <strong>Settembre<\/strong> del <strong>1944<\/strong>, si diramano le disposizioni circa le nuove uniformi ed i nuovi copricapo, con gradi e mostreggiature nuove, e non da meno \u00e8 la <strong>MARINA REPUBBLICANA<\/strong> , cui seguiranno le proprie disposizioni . In un dettaglio che rende peculiari i nuovi copricapo sia dell&#8217; Esercito che della Marina della RSI, abbiamo la fascia lungo tutto il tamburo, che \u00e8 in seta <strong><em>nera operata<\/em><\/strong>, e riporta ricamate tre righe parallele di fogliame, come visibile da un estratto del regolamento qui allegato in foto :<\/p>\n<p><a href=\"https:\/\/www.thefinitive.com\/?attachment_id=5400\" rel=\"attachment wp-att-5400\"><img loading=\"lazy\" decoding=\"async\" class=\"alignnone size-full wp-image-5400\" src=\"https:\/\/www.thefinitive.com\/wp-content\/uploads\/2020\/04\/RSIberrettotamburo.png\" alt=\"\" width=\"481\" height=\"220\" srcset=\"https:\/\/thefinitive.com\/wp-content\/uploads\/2020\/04\/RSIberrettotamburo.png 481w, https:\/\/thefinitive.com\/wp-content\/uploads\/2020\/04\/RSIberrettotamburo-64x29.png 64w, https:\/\/thefinitive.com\/wp-content\/uploads\/2020\/04\/RSIberrettotamburo-300x137.png 300w\" sizes=\"(max-width: 481px) 100vw, 481px\" \/><\/a><\/p>\n<p>Il berretto di colore <strong><em>blu scuro<\/em><\/strong>, con la fascia del tipo di quella sopra menzionata, porta un magnifico fregio centrale in canutiglia dorata, l&#8217;<strong>aquila ad ali aperte<\/strong> tipica della Repubblica Sociale, con foglie di quercia a ventaglio intorno allo stemma centrale dell&#8217;ancora su sfondo rosso ; ai lati troviamo i due <strong>bottoncini<\/strong> metallici dorati, aventi un&#8217;ancora in rilievo, agganciati al tamburo per mezzo delle due alette (nascoste sotto l&#8217;alluda interna del berretto). I bottoncini assicurano il <strong>sottogola<\/strong> al berretto, sottogola in <strong><em>doppio cordoncino dorato<\/em><\/strong>, con i suoi 2 nodi passanti\/scorsoi per lato. Per gli ufficiali superiori, il sottogola doveva essere appunto un cordoncino dorato, mentre per gli ufficiali inferiori era un cordoncino dalle stesse fattezze e di seta nero. Tutto secondo regolamento, questo berretto \u00e8 uno dei pochi esemplari\u00a0 ancora disponibili sul mercato collezionistico, <strong>originale<\/strong> in ogni sua parte. Questo berretto per Ufficiale Superiore della Marina Repubblicana , \u00e8 un rarissimo esemplare in condizioni eccezionali, con qualche forellino sul piatto (vedere le foto)<\/p>\n<p>&nbsp;<\/p>\n<p><strong>MATERIALE\u00a0 \u00a0 \u00a0 \u00a0:\u00a0 <\/strong>berretto in stoffa con visiera rigida<\/p>\n<p><strong>MISURE\u00a0 \u00a0 \u00a0 \u00a0 \u00a0 \u00a0 \u00a0:<\/strong>\u00a0 taglia 57<\/p>\n<p><strong>PRODUTTORE\u00a0 \u00a0:<\/strong>\u00a0 &#8211;<\/p>\n<p>&nbsp;<\/p>\n<p>&nbsp;<\/p>\n<h2>NOTIZIE<\/h2>\n<p><a href=\"https:\/\/www.thefinitive.com\/?attachment_id=5399\" rel=\"attachment wp-att-5399\"><img loading=\"lazy\" decoding=\"async\" class=\"alignnone wp-image-5399\" src=\"https:\/\/www.thefinitive.com\/wp-content\/uploads\/2020\/04\/bandieraRSI.png\" alt=\"\" width=\"452\" height=\"301\" srcset=\"https:\/\/thefinitive.com\/wp-content\/uploads\/2020\/04\/bandieraRSI.png 1280w, https:\/\/thefinitive.com\/wp-content\/uploads\/2020\/04\/bandieraRSI-1200x800.png 1200w, https:\/\/thefinitive.com\/wp-content\/uploads\/2020\/04\/bandieraRSI-64x43.png 64w, https:\/\/thefinitive.com\/wp-content\/uploads\/2020\/04\/bandieraRSI-300x200.png 300w, https:\/\/thefinitive.com\/wp-content\/uploads\/2020\/04\/bandieraRSI-1024x682.png 1024w, https:\/\/thefinitive.com\/wp-content\/uploads\/2020\/04\/bandieraRSI-768x512.png 768w\" sizes=\"(max-width: 452px) 100vw, 452px\" \/><\/a><\/p>\n<p>&nbsp;<\/p>\n<p>La\u00a0<b>Marina Nazionale Repubblicana<\/b>, detta anche\u00a0<b>Marina da Guerra Repubblicana<\/b>, era la\u00a0marina militare\u00a0della\u00a0<strong>Repubblica Sociale Italiana<\/strong>, istituita nel settembre &#8211; ottobre del\u00a0<strong>1943<\/strong>, e divenuta ufficialmente operativa nel gennaio del\u00a0<strong>1944\u00a0<\/strong>e si dedic\u00f2 principalmente al pattugliamento delle coste e alla posa delle\u00a0mine antinave. La grave penuria di mezzi e l&#8217;atteggiamento diffidente degli alleati\u00a0tedeschi\u00a0che le preferivano la\u00a0<strong>X\u00aa Flottiglia MAS<\/strong>\u00a0di\u00a0<em><strong>Junio Valerio Borghese<\/strong><\/em>\u00a0minarono le attivit\u00e0 della neonata marina, che non divenne mai del tutto pienamente operativa e che svolse solo un numero limitatissimo di operazioni finch\u00e9 la nomina il 14 febbraio\u00a01944\u00a0di Borghese stesso a sottocapo della Marina Nazionale Repubblicana comport\u00f2 una ripresa nel settore operativo.<\/p>\n<h3><span id=\"La_resa_della_Regia_Marina\" class=\"mw-headline\">La resa della Regia Marina<\/span><\/h3>\n<p>In base alle clausole dell&#8217;armistizio di Cassibile, firmato dall&#8217;Italia il 3 settembre 1943 e reso noto l&#8217;<strong>8 settembre<\/strong> seguente, le unit\u00e0 della\u00a0Regia Marina\u00a0ricevettero l&#8217;ordine di consegnarsi agli\u00a0Alleati: solo una piccola minoranza di unit\u00e0 non pot\u00e9 o non volle ottemperare all&#8217;ordine o non riusc\u00ec ad auto affondarsi per evitare la cattura da parte dei tedeschi; alcuni reparti, o parti di essi, scelsero di propria volont\u00e0 di continuare la guerra al fianco del\u00a0Terzo Reich; pi\u00f9 tardi e in tempi successivi, essi furono dotati di alcune delle unit\u00e0 navali catturate dai tedeschi nei porti. Alcune piccole unit\u00e0, ormeggiate in\u00a0Istria\u00a0e\u00a0Dalmazia, si consegnarono spontaneamente ai tedeschi sia perch\u00e9 impossibilitate ad adempiere le clausole dell&#8217;armistizio sia in seguito alle nuove disposizioni emanate il 10 settembre dai comandi del\u00a0Regio esercito\u00a0della\u00a0Venezia Giulia, della\u00a0Dalmazia\u00a0e dell&#8217;Albania\u00a0che, premuti dall&#8217;avanzata titina, in contrasto con gli ordini ricevuti avevano disposto altrimenti.<\/p>\n<p>Le unit\u00e0 in questione mantennero bandiera e comando italiano, con l&#8217;impegno di non essere utilizzate contro connazionali.|C&#8217;\u00e8 una fonte, ma cozza contro quanto comunemente noto: a che titolo il Regio esercito avrebbe avuto l&#8217;autorit\u00e0 di sovvertire gli ordini della Regia Marina e, soprattutto, gli ordini che erano direttamente derivanti dalle clausole armistiziali?<\/p>\n<p>Tra queste, le principali furono:<\/p>\n<ul>\n<li>parte della\u00a0X\u00aa Flottiglia MAS\u00a0a\u00a0La Spezia, al comando del\u00a0capitano di fregata\u00a0Valerio Borghese<\/li>\n<li>la base di\u00a0sommergibili\u00a0atlantici\u00a0BETASOM\u00a0di\u00a0Bordeaux, sotto il comando del\u00a0capitano di vascello\u00a0Enzo Grossi<\/li>\n<li>la base di sommergibili di\u00a0Costanza\u00a0sul\u00a0mar Nero.<\/li>\n<li>la\u00a0Scuola Antisom\u00a0del\u00a0Varignano\u00a0presso\u00a0La Spezia, sotto il comando del\u00a0capitano di vascello\u00a0Achille Zoli<\/li>\n<li>Alcune unit\u00e0 italiane minori di stanza nell&#8217;Adriatico che costituirono la &#8220;<i>Flottiglia Dragaggio Venezia<\/i>&#8220;<\/li>\n<\/ul>\n<p>Alcune di queste unit\u00e0, dislocate nell&#8217;Adriatico, disobbedendo agli ordini di\u00a0Supermarina, presero parte i giorni seguenti all&#8217;Armistizio allo sbarco nel porto di\u00a0Zara\u00a0e all&#8217;occupazione delle isole di\u00a0Cherso,\u00a0Lussino\u00a0e\u00a0Veglia\u00a0che erano state occupate dai partigiani titini. Il 21 settembre il\u00a0<i>Pola<\/i>\u00a0sfugg\u00ec al controllo tedesco per trasferirsi a\u00a0Brindisi\u00a0in cui si era rifugiato il legittimo governo italiano (Regno del sud). Analoga vicenda anche per la torpediniera\u00a0<i>Pilo<\/i>\u00a0e il rimorchiatore\u00a0<i>Porto Conte<\/i>\u00a0che durante una scorta a mercantili che stavano trasferendo la divisione &#8220;<i>Brennero<\/i>&#8221; a\u00a0Trieste\u00a0si allontanarono per passare le linee. In seguito le unit\u00e0 restanti furono riunite nella &#8220;<i>Flottiglia Dragaggio Venezia<\/i>&#8221; e inquadrate nella\u00a0Kriegsmarine.<\/p>\n<h3><span id=\"Il_Commissariamento_del_Ministero_della_Marina\" class=\"mw-headline\">Il Commissariamento del Ministero della Marina<\/span><\/h3>\n<p>Il 9 settembre\u00a01943\u00a0l&#8217;ammiraglio\u00a0Raffaele de Courten, prima di trasferirsi a\u00a0Brindisi\u00a0con il Re, convoc\u00f2 una riunione in cui nomin\u00f2 Commissari del Ministero gli ammiragli\u00a0Emilio Ferreri\u00a0e\u00a0Luigi Sansonetti\u00a0con l&#8217;impegno di adempiere le clausole dell&#8217;armistizio. Il 25 settembre Sansonetti riusc\u00ec a raggiungere le linee anglo americane. All&#8217;ammiraglio Ferreri, rimasto solo, fu offerta collaborazione da parte dei tedeschi per sondarne le intenzioni, ma senza risultati. A seguito della nascita della Repubblica Sociale Italiana, e alla creazione a\u00a0Belluno\u00a0del sottosegretariato alla Marina affidato all&#8217;ammiraglio\u00a0Antonio Legnani, Ferreri rassegn\u00f2 le dimissioni e il 30 settembre pass\u00f2 le consegne del Ministero all&#8217;ammiraglio di squadra\u00a0Mario Falangola che divenne il nuovo Commissario.<\/p>\n<h3><span id=\"La_riorganizzazione_della_Marina_Repubblicana\" class=\"mw-headline\">La riorganizzazione della Marina Repubblicana<\/span><\/h3>\n<p><a href=\"https:\/\/www.thefinitive.com\/?attachment_id=5398\" rel=\"attachment wp-att-5398\"><img loading=\"lazy\" decoding=\"async\" class=\"alignnone wp-image-5398\" src=\"https:\/\/www.thefinitive.com\/wp-content\/uploads\/2020\/04\/Antonio_Legnani.jpg\" alt=\"\" width=\"167\" height=\"227\" srcset=\"https:\/\/thefinitive.com\/wp-content\/uploads\/2020\/04\/Antonio_Legnani.jpg 561w, https:\/\/thefinitive.com\/wp-content\/uploads\/2020\/04\/Antonio_Legnani-64x87.jpg 64w, https:\/\/thefinitive.com\/wp-content\/uploads\/2020\/04\/Antonio_Legnani-221x300.jpg 221w\" sizes=\"(max-width: 167px) 100vw, 167px\" \/><\/a><\/p>\n<p>Legnani, assunto anche la carica di capo di stato maggiore della Marina, cominci\u00f2 a riorganizzare gli uffici romani alla guida dei quali pose tutti uomini di provata fiducia tra cui Ferrini. L&#8217;opera di Legnani si interruppe presto a seguito della sua morte il 20 ottobre a causa di un incidente stradale. Prese il suo posto il\u00a0capitano di vascello\u00a0Ferruccio Ferrini\u00a0che cerc\u00f2 di continuarne l&#8217;opera concludendo la rifondazione dell&#8217;intera struttura di Comando. Nel dicembre prese contatti con le autorit\u00e0 tedesche allo scopo di promuovere la creazione di una forza navale composta da unit\u00e0 operanti sia sotto bandiera italiana sia sotto bandiera tedesca. Il progetto non fu per\u00f2 raccolto dall&#8217;ammiraglio\u00a0Karl D\u00f6nitz\u00a0che rinvi\u00f2 l&#8217;incontro con Ferrini a data da stabilirsi. Inoltre integr\u00f2 la\u00a0X\u00aa Flottiglia MAS\u00a0di\u00a0Junio Valerio Borghese all&#8217;interno della Marina repubblicana. Questa decisione port\u00f2 a un duro contrasto con la Decima Mas\u00a0che, fino a quel momento, era restata completamente autonoma. Infatti, il 9 gennaio\u00a01944\u00a0i capitani di vascello Bedeschi e Tortora, inviati ad assumere il comando delle forze di terra della Decima Mas furono arrestati dai comandanti del battaglione Maestrale e del\u00a0battaglione Nuotatori-Paracadutisti\u00a0e consegnati alla\u00a0Guardia Nazionale Repubblicana. Il 13 gennaio, temendo che si stesse preparando un colpo di Stato, il Governo della RSI fece arrestare Borghese. I timori si rivelarono infondati e Borghese fu liberato il 25 dello stesso mese.<\/p>\n<p>Chiaritasi la situazione, Mussolini destitu\u00ec Ferrini e, il 14 febbraio, al suo posto nomin\u00f2 il contrammiraglio\u00a0Giuseppe Sparzani. Borghese divenne sottocapo di stato maggiore ed ebbe ai suoi ordini tutte le attivit\u00e0 operative di Marina. L&#8217;esautorazione di Ferrini, per\u00f2, blocc\u00f2 i progetti di creazione di una forza navale autonoma. Ulteriori contatti con i tedeschi furono avviati dal nuovo sottosegretario Sparzani che, in colloqui tenuti il 17 febbraio\u00a01944, ottenne l&#8217;interesse tedesco affinch\u00e9 fossero creati dei reparti navali con unit\u00e0 cedute dalla\u00a0Kriegsmarine\u00a0e personale italiano a bordo. In realt\u00e0, nonostante gli accordi, la cessione da parte tedesca di unit\u00e0 navali non avvenne.<\/p>\n<p>Tra il novembre e il dicembre 1943 furono costituiti i\u00a0<i>Comandi Servizi Marina<\/i>\u00a0(Maricoser), che avevano sede a Genova (Tirreno) e Venezia (Adriatico). Fu creato, inoltre, un Comando per i sommergibili a\u00a0Pola, poi trasferito a\u00a0La Spezia.<\/p>\n<p>In seguito i &#8220;<i>Maricoser<\/i>&#8221; si trasformarono nei &#8220;<i>Comandi Operativi Marina<\/i>&#8220;, che unificarono sotto un solo comando la Marina repubblicana e la X\u00aa Flottiglia MAS. Nell&#8217;ambito dell&#8217;OZAK\u00a0erano presenti due\u00a0<i>Comandi Operativi Marina<\/i>, a Trieste e a Pola.<\/p>\n<p>Si diede inoltre vita a una pubblicazione quindicinale, denominata\u00a0&#8220;<i>Marina Repubblicana<\/i>&#8221;\u00a0e affidata all&#8217;ammiraglio\u00a0Ubaldo Degli Uberti, capo dell&#8217;ufficio stampa della Marina.<\/p>\n<p>Nel maggio 1944 fu istituita la\u00a0Divisione fanteria di marina &#8220;X\u00aa&#8221;, dipendente dalla Marina, mentre la\u00a03\u00aa Divisione fanteria di marina &#8220;San Marco&#8221;\u00a0dipendeva dall&#8217;Esercito nazionale repubblicano.<\/p>\n<h2><span id=\"Le_forze_a_disposizione\" class=\"mw-headline\">Le forze a disposizione<\/span><\/h2>\n<div class=\"thumb tright\">\n<div class=\"thumbinner\">\n<div class=\"thumbcaption\">\n<div class=\"magnify\">I mezzi navali a disposizione della Marina Nazionale Repubblicana furono pochi. Nei vari cantieri navali sotto la giurisdizione della Repubblica Sociale Italiana\u00a0come\u00a0La Spezia,\u00a0Genova\u00a0e\u00a0Venezia\u00a0furono recuperati una dozzina di sommergibili cui si aggiunsero poi dieci minisommergibili\u00a0Classe CB\u00a0nel frattempo assemblati presso la\u00a0Caproni. Vi erano inoltre 14 MAS solo parzialmente operativi, sei motosiluranti di cui solo una operativa, la\u00a0<i>Pegaso<\/i>\u00a0e la\u00a0<i>Cefalo<\/i>\u00a0come navi appoggio e i due cacciasommergibili\u00a0<i>Equa<\/i>\u00a0e\u00a0<i>Landi<\/i>.<\/div>\n<\/div>\n<\/div>\n<\/div>\n<p>La Scuola Antisom del Varignano port\u00f2 in dote l&#8217;ex\u00a0Aviso\u00a0francese F 15\u00a0<i>Batailleuse<\/i>\u00a0e sette\u00a0Vedette Anti Sommergibile\u00a0(VAS) e il rimorchiatore\u00a0<i>Capo d&#8217;Istria<\/i>.<\/p>\n<p>La Flottiglia Dragaggio Venezia, di stanza a\u00a0Venezia, pur rimanendo inquadrata nella\u00a0Kriegsmarine\u00a0fu consegnata alla Marina Repubblicana. Le varie unit\u00e0 mantennero pertanto la sigla tedesca ma batterono bandiera italiana e furono poste al comando di ufficiali italiani.<\/p>\n<p>A parte di alcune sporadiche azioni belliche i mezzi navali della Marina Repubblicana si dedicarono principalmente al pattugliamento costiero e alla posa delle\u00a0mine. Azioni di rilievo nel\u00a0Tirreno\u00a0furono i due bombardamenti notturni del 2 e del 23 marzo\u00a01944\u00a0contro il porto di\u00a0Bastia\u00a0in\u00a0Corsica e gli attacchi a ridosso del fronte in Toscana del 25, 26 luglio e del 31 agosto. Per il resto le azioni prettamente belliche furono appannaggio della X\u00aa MAS.<\/p>\n<h3><span id=\"Betasom_e_i_Sommergibili_oceanici\" class=\"mw-headline\">Betasom e i Sommergibili oceanici<\/span><\/h3>\n<p>Al momento dell&#8217;armistizio presso la base navale di\u00a0Betasom, sulla costa atlantica della Francia, comandata dal capitano di vascello\u00a0Enzo Grossi, erano distaccati tre sommergibili oceanici, il\u00a0<i>Cagni<\/i>, il\u00a0<i>Finzi<\/i>\u00a0e il\u00a0<i>Bagnolini<\/i>. Il\u00a0<i>Cagni<\/i>\u00a0che era in missione accett\u00f2 l&#8217;armistizio e si rec\u00f2 nel porto Alleato di\u00a0Durban\u00a0dove fu ricevuto con l&#8217;onore delle armi. Gli altri due operarono per breve tempo sotto le bandiere della\u00a0Repubblica Sociale Italiana, poi il 14 ottobre\u00a01943\u00a0furono incorporati nella\u00a0Kriegsmarine. Cinquanta specialisti rientrarono in Italia e furono incorporati nella\u00a0X\u00aa Flottiglia MAS, gli altri continuarono a fare parte della Marina Nazionale Repubblicana e, integrati da altri marinai provenienti dagli\u00a0Internati Militari Italiani, furono impiegati come difesa costiera. In seguito fu costituito il battaglione\u00a0<i>Longobardo<\/i> che rientrato in Italia fu incorporato anch&#8217;esso nella X\u00aa Flottiglia MAS. Fu creata la\u00a01\u00aa Divisione Atlantica Fucilieri di Marina\u00a0per la difesa costiera, che prese parte alla battaglia di Normandia.<\/p>\n<p>Il\u00a0<i>Bagnolini<\/i>, che imbarcava personale misto italo-tedesco, fu utilizzato per missioni di trasporto di materie prime con il\u00a0Giappone\u00a0e fu affondato nei pressi del\u00a0Capo di Buona Speranza\u00a0l&#8217;11 marzo\u00a01944.<\/p>\n<p>&nbsp;<\/p>\n<p>Fonti <a href=\"https:\/\/it.wikipedia.org\/wiki\/Marina_Nazionale_Repubblicana\">Wikipedia<\/a><\/p>\n<p>&nbsp;<\/p>\n<p>4.20<\/p>\n","protected":false},"excerpt":{"rendered":"<p style=\"text-align: center;\">Berretto da <b>ufficiale superiore <\/b>della<b> MARINA REPUBBLICANA<\/b> , Marina da Guerra ,<b>\u00a0RSI <\/b><b>1943-1945\u00a0<\/b><\/p>\n<p style=\"text-align: center;\">Berretto di colore <strong><em>blu scuro<\/em><\/strong>, con fascia operata a fogliame, <strong>aquila ad ali aperte<\/strong> tipica RSI, con foglie di quercia a ventaglio intorno allo stemma centrale. <strong>Sottogola<\/strong> in <strong><em>doppio cordoncino dorato<\/em><\/strong>, con 2 nodi passanti\/scorsoi <strong>per lato<\/strong>. Questo berretto \u00e8 uno dei pochi esemplari\u00a0 ancora disponibili sul mercato collezionistico, <strong>originale<\/strong> in ogni sua parte. Rarissimo esemplare in condizioni eccezionali, con qualche forellino sul piatto (vedere le foto)<\/p>\n<p style=\"text-align: center;\"><strong>P.A.R.<\/strong>\u00a0 <em>Prezzo A Richiesta<\/em>\u00a0 \u00a0 \u00a0 <strong>\u00a0P.O.D.\u00a0<\/strong> <em>Price On Demand<\/em><\/p>\n<p style=\"text-align: center;\"><strong><em>(Scorri la pagina in basso per ulteriori dettagli e informazioni)<\/em><\/strong><\/p>\n<p align=\"justify\">\n","protected":false},"featured_media":5361,"comment_status":"open","ping_status":"closed","template":"","meta":[],"product_cat":[586],"product_tag":[162,155,355,193,514,515,198,156,513,260,195,416],"yoast_head":"<!-- This site is optimized with the Yoast SEO plugin v21.9.1 - https:\/\/yoast.com\/wordpress\/plugins\/seo\/ -->\n<title>\u274c\ud83d\ude41Berretto ufficiale MARINA REPUBBLICANA - RSI 1944 - Thefinitive<\/title>\n<meta name=\"description\" content=\"Berretto blu per ufficiale MARINA REPUBBLICANA della RSI 1944 1945 - Fascist Party - PNF - Repubblica Sociale Italiana - X MAS Decima\" \/>\n<meta name=\"robots\" content=\"index, follow, max-snippet:-1, max-image-preview:large, max-video-preview:-1\" \/>\n<link rel=\"canonical\" href=\"https:\/\/thefinitive.com\/en\/prodotto\/berretto-ufficiale-marina-repubblicana-rsi-1944\/\" \/>\n<meta property=\"og:locale\" content=\"en_US\" \/>\n<meta property=\"og:type\" content=\"article\" \/>\n<meta property=\"og:title\" content=\"\u274c\ud83d\ude41Berretto ufficiale MARINA REPUBBLICANA - RSI 1944 - Thefinitive\" \/>\n<meta property=\"og:description\" content=\"Berretto blu per ufficiale MARINA REPUBBLICANA della RSI 1944 1945 - Fascist Party - PNF - Repubblica Sociale Italiana - X MAS Decima\" \/>\n<meta property=\"og:url\" content=\"https:\/\/thefinitive.com\/en\/prodotto\/berretto-ufficiale-marina-repubblicana-rsi-1944\/\" \/>\n<meta property=\"og:site_name\" content=\"Thefinitive\" \/>\n<meta property=\"article:publisher\" content=\"https:\/\/business.facebook.com\/Thefinitive-111771813534320\/\" \/>\n<meta property=\"article:modified_time\" content=\"2023-03-20T14:47:41+00:00\" \/>\n<meta property=\"og:image\" content=\"https:\/\/thefinitive.com\/wp-content\/uploads\/2020\/04\/rmrsi1.jpg\" \/>\n\t<meta property=\"og:image:width\" content=\"2160\" \/>\n\t<meta property=\"og:image:height\" content=\"2160\" \/>\n\t<meta property=\"og:image:type\" content=\"image\/jpeg\" \/>\n<meta name=\"twitter:card\" content=\"summary_large_image\" \/>\n<meta name=\"twitter:label1\" content=\"Est. reading time\" \/>\n\t<meta name=\"twitter:data1\" content=\"9 minutes\" \/>\n<script type=\"application\/ld+json\" class=\"yoast-schema-graph\">{\"@context\":\"https:\/\/schema.org\",\"@graph\":[{\"@type\":\"WebPage\",\"@id\":\"https:\/\/thefinitive.com\/en\/prodotto\/berretto-ufficiale-marina-repubblicana-rsi-1944\/\",\"url\":\"https:\/\/thefinitive.com\/en\/prodotto\/berretto-ufficiale-marina-repubblicana-rsi-1944\/\",\"name\":\"\u274c\ud83d\ude41Berretto ufficiale MARINA REPUBBLICANA - RSI 1944 - Thefinitive\",\"isPartOf\":{\"@id\":\"https:\/\/thefinitive.com\/en\/#website\"},\"datePublished\":\"2020-04-10T17:04:19+00:00\",\"dateModified\":\"2023-03-20T14:47:41+00:00\",\"description\":\"Berretto blu per ufficiale MARINA REPUBBLICANA della RSI 1944 1945 - Fascist Party - PNF - Repubblica Sociale Italiana - X MAS Decima\",\"breadcrumb\":{\"@id\":\"https:\/\/thefinitive.com\/en\/prodotto\/berretto-ufficiale-marina-repubblicana-rsi-1944\/#breadcrumb\"},\"inLanguage\":\"en-US\",\"potentialAction\":[{\"@type\":\"ReadAction\",\"target\":[\"https:\/\/thefinitive.com\/en\/prodotto\/berretto-ufficiale-marina-repubblicana-rsi-1944\/\"]}]},{\"@type\":\"BreadcrumbList\",\"@id\":\"https:\/\/thefinitive.com\/en\/prodotto\/berretto-ufficiale-marina-repubblicana-rsi-1944\/#breadcrumb\",\"itemListElement\":[{\"@type\":\"ListItem\",\"position\":1,\"name\":\"Home\",\"item\":\"https:\/\/thefinitive.com\/en\/\"},{\"@type\":\"ListItem\",\"position\":2,\"name\":\"Shop\",\"item\":\"https:\/\/thefinitive.com\/en\/shop-2\/\"},{\"@type\":\"ListItem\",\"position\":3,\"name\":\"\u274c\ud83d\ude41Berretto ufficiale MARINA REPUBBLICANA &#8211; RSI 1944\"}]},{\"@type\":\"WebSite\",\"@id\":\"https:\/\/thefinitive.com\/en\/#website\",\"url\":\"https:\/\/thefinitive.com\/en\/\",\"name\":\"Thefinitive\",\"description\":\"Antiquariato Online\",\"publisher\":{\"@id\":\"https:\/\/thefinitive.com\/en\/#organization\"},\"potentialAction\":[{\"@type\":\"SearchAction\",\"target\":{\"@type\":\"EntryPoint\",\"urlTemplate\":\"https:\/\/thefinitive.com\/en\/?s={search_term_string}\"},\"query-input\":\"required name=search_term_string\"}],\"inLanguage\":\"en-US\"},{\"@type\":\"Organization\",\"@id\":\"https:\/\/thefinitive.com\/en\/#organization\",\"name\":\"Thefinitive\",\"url\":\"https:\/\/thefinitive.com\/en\/\",\"logo\":{\"@type\":\"ImageObject\",\"inLanguage\":\"en-US\",\"@id\":\"https:\/\/thefinitive.com\/en\/#\/schema\/logo\/image\/\",\"url\":\"https:\/\/thefinitive.com\/wp-content\/uploads\/2019\/07\/logo4vett.svg\",\"contentUrl\":\"https:\/\/thefinitive.com\/wp-content\/uploads\/2019\/07\/logo4vett.svg\",\"width\":500,\"height\":100,\"caption\":\"Thefinitive\"},\"image\":{\"@id\":\"https:\/\/thefinitive.com\/en\/#\/schema\/logo\/image\/\"},\"sameAs\":[\"https:\/\/business.facebook.com\/Thefinitive-111771813534320\/\",\"https:\/\/www.instagram.com\/_thefinitive_\/\"]}]}<\/script>\n<!-- \/ Yoast SEO plugin. -->","yoast_head_json":{"title":"\u274c\ud83d\ude41Berretto ufficiale MARINA REPUBBLICANA - RSI 1944 - Thefinitive","description":"Berretto blu per ufficiale MARINA REPUBBLICANA della RSI 1944 1945 - Fascist Party - PNF - Repubblica Sociale Italiana - X MAS Decima","robots":{"index":"index","follow":"follow","max-snippet":"max-snippet:-1","max-image-preview":"max-image-preview:large","max-video-preview":"max-video-preview:-1"},"canonical":"https:\/\/thefinitive.com\/en\/prodotto\/berretto-ufficiale-marina-repubblicana-rsi-1944\/","og_locale":"en_US","og_type":"article","og_title":"\u274c\ud83d\ude41Berretto ufficiale MARINA REPUBBLICANA - RSI 1944 - Thefinitive","og_description":"Berretto blu per ufficiale MARINA REPUBBLICANA della RSI 1944 1945 - Fascist Party - PNF - Repubblica Sociale Italiana - X MAS Decima","og_url":"https:\/\/thefinitive.com\/en\/prodotto\/berretto-ufficiale-marina-repubblicana-rsi-1944\/","og_site_name":"Thefinitive","article_publisher":"https:\/\/business.facebook.com\/Thefinitive-111771813534320\/","article_modified_time":"2023-03-20T14:47:41+00:00","og_image":[{"width":2160,"height":2160,"url":"https:\/\/thefinitive.com\/wp-content\/uploads\/2020\/04\/rmrsi1.jpg","type":"image\/jpeg"}],"twitter_card":"summary_large_image","twitter_misc":{"Est. reading time":"9 minutes"},"schema":{"@context":"https:\/\/schema.org","@graph":[{"@type":"WebPage","@id":"https:\/\/thefinitive.com\/en\/prodotto\/berretto-ufficiale-marina-repubblicana-rsi-1944\/","url":"https:\/\/thefinitive.com\/en\/prodotto\/berretto-ufficiale-marina-repubblicana-rsi-1944\/","name":"\u274c\ud83d\ude41Berretto ufficiale MARINA REPUBBLICANA - RSI 1944 - Thefinitive","isPartOf":{"@id":"https:\/\/thefinitive.com\/en\/#website"},"datePublished":"2020-04-10T17:04:19+00:00","dateModified":"2023-03-20T14:47:41+00:00","description":"Berretto blu per ufficiale MARINA REPUBBLICANA della RSI 1944 1945 - Fascist Party - PNF - Repubblica Sociale Italiana - X MAS Decima","breadcrumb":{"@id":"https:\/\/thefinitive.com\/en\/prodotto\/berretto-ufficiale-marina-repubblicana-rsi-1944\/#breadcrumb"},"inLanguage":"en-US","potentialAction":[{"@type":"ReadAction","target":["https:\/\/thefinitive.com\/en\/prodotto\/berretto-ufficiale-marina-repubblicana-rsi-1944\/"]}]},{"@type":"BreadcrumbList","@id":"https:\/\/thefinitive.com\/en\/prodotto\/berretto-ufficiale-marina-repubblicana-rsi-1944\/#breadcrumb","itemListElement":[{"@type":"ListItem","position":1,"name":"Home","item":"https:\/\/thefinitive.com\/en\/"},{"@type":"ListItem","position":2,"name":"Shop","item":"https:\/\/thefinitive.com\/en\/shop-2\/"},{"@type":"ListItem","position":3,"name":"\u274c\ud83d\ude41Berretto ufficiale MARINA REPUBBLICANA &#8211; RSI 1944"}]},{"@type":"WebSite","@id":"https:\/\/thefinitive.com\/en\/#website","url":"https:\/\/thefinitive.com\/en\/","name":"Thefinitive","description":"Antiquariato Online","publisher":{"@id":"https:\/\/thefinitive.com\/en\/#organization"},"potentialAction":[{"@type":"SearchAction","target":{"@type":"EntryPoint","urlTemplate":"https:\/\/thefinitive.com\/en\/?s={search_term_string}"},"query-input":"required name=search_term_string"}],"inLanguage":"en-US"},{"@type":"Organization","@id":"https:\/\/thefinitive.com\/en\/#organization","name":"Thefinitive","url":"https:\/\/thefinitive.com\/en\/","logo":{"@type":"ImageObject","inLanguage":"en-US","@id":"https:\/\/thefinitive.com\/en\/#\/schema\/logo\/image\/","url":"https:\/\/thefinitive.com\/wp-content\/uploads\/2019\/07\/logo4vett.svg","contentUrl":"https:\/\/thefinitive.com\/wp-content\/uploads\/2019\/07\/logo4vett.svg","width":500,"height":100,"caption":"Thefinitive"},"image":{"@id":"https:\/\/thefinitive.com\/en\/#\/schema\/logo\/image\/"},"sameAs":["https:\/\/business.facebook.com\/Thefinitive-111771813534320\/","https:\/\/www.instagram.com\/_thefinitive_\/"]}]}},"_links":{"self":[{"href":"https:\/\/thefinitive.com\/en\/wp-json\/wp\/v3\/product\/5360"}],"collection":[{"href":"https:\/\/thefinitive.com\/en\/wp-json\/wp\/v3\/product"}],"about":[{"href":"https:\/\/thefinitive.com\/en\/wp-json\/wp\/v2\/types\/product"}],"replies":[{"embeddable":true,"href":"https:\/\/thefinitive.com\/en\/wp-json\/wp\/v2\/comments?post=5360"}],"version-history":[{"count":1,"href":"https:\/\/thefinitive.com\/en\/wp-json\/wp\/v3\/product\/5360\/revisions"}],"predecessor-version":[{"id":14779,"href":"https:\/\/thefinitive.com\/en\/wp-json\/wp\/v3\/product\/5360\/revisions\/14779"}],"wp:featuredmedia":[{"embeddable":true,"href":"https:\/\/thefinitive.com\/en\/wp-json\/wp\/v2\/media\/5361"}],"wp:attachment":[{"href":"https:\/\/thefinitive.com\/en\/wp-json\/wp\/v2\/media?parent=5360"}],"wp:term":[{"taxonomy":"product_cat","embeddable":true,"href":"https:\/\/thefinitive.com\/en\/wp-json\/wp\/v2\/product_cat?post=5360"},{"taxonomy":"product_tag","embeddable":true,"href":"https:\/\/thefinitive.com\/en\/wp-json\/wp\/v2\/product_tag?post=5360"}],"curies":[{"name":"wp","href":"https:\/\/api.w.org\/{rel}","templated":true}]}}