{"id":4829,"date":"2020-02-25T13:59:22","date_gmt":"2020-02-25T13:59:22","guid":{"rendered":"https:\/\/www.thefinitive.com\/?post_type=product&#038;p=4829"},"modified":"2023-03-20T15:48:37","modified_gmt":"2023-03-20T14:48:37","slug":"beniamino-gigli-rieti-1931-festa-delluva-argento","status":"publish","type":"product","link":"https:\/\/thefinitive.com\/en\/prodotto\/beniamino-gigli-rieti-1931-festa-delluva-argento\/","title":{"rendered":"\u274c\ud83d\ude41Beniamino Gigli RIETI 1931 &#8211; Festa dell&#8217;uva &#8211; Argento"},"content":{"rendered":"<p>Vaso biansato lavorato a sbalzo, in argento massiccio, appartenuto al tenore <strong>Beniamino Gigli<\/strong> , donatogli in occasione della <strong>II Festa dell&#8217;Uva<\/strong> di <strong>Rieti<\/strong> del <strong>1931<\/strong> , dalla <strong>Federazione Fascista<\/strong> della citt\u00e0 sabina. Il lotto comprende il vaso in argento, fabbricato a mano dai noti argentieri <strong>FRUGONI<\/strong> di Roma , una foto originale del tenore con dedica e firma autografa datata 1937 , XV Era Fascista, una tessera personale di Gigli del 1943-44 per l&#8217;ingresso ai concerti sinfonici al Teatro Adriano, a cura dell&#8217;Accademia di Santa Cecilia sotto l&#8217;egida del Governatorato di Roma, ed un assegno o cambiale bancaria con relativa firma autografa sempre di Beniamino Gigli. Il vaso \u00e8 ovviamente il pezzo centrale del lotto in vendita, ed \u00e8 splendidamente realizzato con lavorazione a sbalzo, di fasci di spighe di grano e rami di ulivo intrecciati, con decori di foglie incorniciate lungo il bordo svasato superiore ed alla base del vaso, il tutto a magnificare il cuore della lavorazione rappresentata da un <strong>FASCIO LITTORIO<\/strong> centrale, contornato da due scudi armoriali che vogliono esaltare :<\/p>\n<ul>\n<li>la <strong>citt\u00e0 di Rieti<\/strong> , alla sinistra del fascio . Lo scudo sannitico troncato, timbrato da una corona da marchese, dove nella met\u00e0 superiore sono rappresentati un cavaliere e una donna in atto di ricevere\u00a0 uno stendardo, mentre alla met\u00e0 inferiore abbiamo una rete e tre pesci ed un cartiglio con la frase \u00a0\u00ab<em>In Pratis Late Rea Condidit Ipsa Reate<\/em>\u00bb la cui origine \u00e8 sconosciuta.<\/li>\n<li>la <b>provincia di Rieti<\/b> , alla destra del fascio. Scudo sannitico\u00a0con una\u00a0banda trasversale\u00a0riportante la sigla <strong>S.P.Q.S.<\/strong> (Senatus Populusque Sabinus) con il cartiglio \u00ab<em>Tota Sabina Civitas<\/em>\u00bb, alternata a gruppi di tre anelli intrecciati. Lo scudo \u00e8 timbrato\u00a0da una\u00a0corona\u00a0da\u00a0provincia.<\/li>\n<\/ul>\n<p>Immediatamente sotto la rappresentazione grafica, lungo tutto il diametro del vaso, corre una fascia che riporta una incisione realizzata interamente a mano e che dice<\/p>\n<p style=\"text-align: center;\">\u00ab<strong>A BENIAMO GIGLI\u00a0 &#8211;\u00a0 LA FEDERAZIONE\u00a0 PROVINCIALE\u00a0 FASCISTA DI RIETI\u00a0 &#8211;\u00a0 XXVII SETTEMBRE MCMXXXI\u00a0 &#8211;\u00a0 ANNO IX<\/strong>\u00bb<\/p>\n<p>Completano il vaso, i due manici laterali intrecciati. Sotto la base possiamo trovare il marchio di produzione <strong>F.FRUGONI &#8211; ARGENTERIE &#8211; ROMA<\/strong> con punzone <strong>800<\/strong> dell&#8217;argento , e marchio proprio dell&#8217;argentiere all&#8217;interno della losanga incisa; gli stessi sono riportati nella fascia che circonda la parte superiore della base del vaso.<\/p>\n<p>Il vaso pesa circa gr.1700 di argento massiccio dal titolo 800.<\/p>\n<p>&nbsp;<\/p>\n<p><strong>MATERIALE\u00a0 \u00a0 \u00a0:\u00a0<\/strong> Argento<\/p>\n<p><strong>MISURE\u00a0 \u00a0 \u00a0 \u00a0 \u00a0 \u00a0 \u00a0<\/strong><\/p>\n<ul>\n<li>altezza cm.25<\/li>\n<li>diametro alla base cm.29<\/li>\n<li>diametro svasatura superiore cm.26<\/li>\n<li>diametro bocca interna cm.15<\/li>\n<\/ul>\n<p><strong>MARCHIO\u00a0 \u00a0 \u00a0 \u00a0 \u00a0:<\/strong>\u00a0 800 , Frugoni Argenterie , Roma<\/p>\n<h2><\/h2>\n<h2 style=\"text-align: left;\">NOTIZIE<\/h2>\n<h3>La festa dell&#8217;Uva &#8211; Rieti 1930 , 1931<\/h3>\n<p>Il 28 settembre 1930 per volere del Capo del governo Benito Mussolini si svolse in tutta Italia la \u201cPrima Festa dell\u2019uva\u201d. \u00abSar\u00e0 gioconda manifestazione di letizia italica, ringraziamento e propiziazione pel dono dell\u2019uva che la provvidenza largisce alla feconda Enotria\u00bb<a href=\"https:\/\/didatticaluceinsabina.com\/2019\/03\/21\/la-festa-delluva-a-rieti-dai-carri-adorni-di-grappoli-agli-archi-trionfali-di-mortadella\/#_ftn1\" name=\"_ftnref1\"><\/a>. Cos\u00ec veniva celebrata questa prima festa che doveva ritenersi di lunga durata, da ripetersi con cadenza annuale negli anni a seguire. Ogni comune d\u2019Italia doveva organizzare feste e cortei folkloristici favorendo in ogni modo la vendita ed il consumo dell\u2019uva. L\u2019organizzazione della festa era demandata ai Comitati locali presieduti dal Podest\u00e0 e composti dai gerarchi e dai rappresentanti di tutte le organizzazioni del Regno, coadiuvati nell\u2019organizzazione delle manifestazioni folkloristiche dalle sezioni locali del Dopolavoro. Ad un apposito ufficio, sotto la direzione della Federazione nazionale fascista del commercio enologico, con sede a Roma in via del Ges\u00f9 venne demandata l\u2019organizzazione della vendita e della distribuzione dell\u2019uva e l\u2019approvvigionamento delle forniture necessarie.<\/p>\n<div class=\"tiled-gallery type-rectangular\" data-original-width=\"660\" data-carousel-extra=\"{&quot;blog_id&quot;:84292007,&quot;permalink&quot;:&quot;https:\\\/\\\/didatticaluceinsabina.com\\\/2019\\\/03\\\/21\\\/la-festa-delluva-a-rieti-dai-carri-adorni-di-grappoli-agli-archi-trionfali-di-mortadella\\\/&quot;,&quot;likes_blog_id&quot;:84292007}\">\n<div class=\"gallery-row\" data-original-width=\"660\" data-original-height=\"472\">\n<div class=\"gallery-group images-1\" data-original-width=\"316\" data-original-height=\"472\">\n<div class=\"tiled-gallery-item tiled-gallery-item-large\"><a href=\"https:\/\/didatticaluceinsabina.com\/2019\/03\/21\/la-festa-delluva-a-rieti-dai-carri-adorni-di-grappoli-agli-archi-trionfali-di-mortadella\/archivio-di-stato-di-rieti-archivio-comunale-di-rieti-carteggio-amministrativo_1\/\"><img loading=\"lazy\" decoding=\"async\" title=\"Archivio di Stato di Rieti, Archivio comunale di Rieti, Carteggio amministrativo, Rieti, Festa dell'uva, Decalogo dell'uva, 1931\" src=\"https:\/\/didatticalucerieti.files.wordpress.com\/2019\/03\/archivio-di-stato-di-rieti-archivio-comunale-di-rieti-carteggio-amministrativo_1.jpg?w=312&amp;h=468\" srcset=\"https:\/\/didatticalucerieti.files.wordpress.com\/2019\/03\/archivio-di-stato-di-rieti-archivio-comunale-di-rieti-carteggio-amministrativo_1.jpg?w=312&amp;h=468&amp;zoom=2 1.5x\" alt=\"Archivio di Stato di Rieti, Archivio comunale di Rieti, Carteggio amministrativo, Rieti, Festa dell'uva, Decalogo dell'uva, 1931\" width=\"312\" height=\"468\" data-attachment-id=\"3327\" data-orig-file=\"https:\/\/didatticalucerieti.files.wordpress.com\/2019\/03\/archivio-di-stato-di-rieti-archivio-comunale-di-rieti-carteggio-amministrativo_1.jpg\" data-orig-size=\"2361,3537\" data-comments-opened=\"1\" data-image-meta=\"{&quot;aperture&quot;:&quot;0&quot;,&quot;credit&quot;:&quot;&quot;,&quot;camera&quot;:&quot;&quot;,&quot;caption&quot;:&quot;&quot;,&quot;created_timestamp&quot;:&quot;1553008681&quot;,&quot;copyright&quot;:&quot;&quot;,&quot;focal_length&quot;:&quot;0&quot;,&quot;iso&quot;:&quot;0&quot;,&quot;shutter_speed&quot;:&quot;0&quot;,&quot;title&quot;:&quot;&quot;,&quot;orientation&quot;:&quot;1&quot;}\" data-image-title=\"Archivio di Stato di Rieti, Archivio comunale di Rieti, Carteggio amministrativo, Rieti, Festa dell\u2019uva, Decalogo dell\u2019uva, 1931\" data-image-description=\"\" data-medium-file=\"https:\/\/didatticalucerieti.files.wordpress.com\/2019\/03\/archivio-di-stato-di-rieti-archivio-comunale-di-rieti-carteggio-amministrativo_1.jpg?w=200\" data-large-file=\"https:\/\/didatticalucerieti.files.wordpress.com\/2019\/03\/archivio-di-stato-di-rieti-archivio-comunale-di-rieti-carteggio-amministrativo_1.jpg?w=660\" data-original-width=\"312\" data-original-height=\"468\" \/><\/a><a href=\"https:\/\/didatticaluceinsabina.com\/2019\/03\/21\/la-festa-delluva-a-rieti-dai-carri-adorni-di-grappoli-agli-archi-trionfali-di-mortadella\/archivio-di-stato-di-rieti-archivio-comunale-di-rieti-carteggio-amministrativo_2\/\"><img loading=\"lazy\" decoding=\"async\" title=\"Archivio di Stato di Rieti, Archivio comunale di Rieti, Carteggio amministrativo, Rieti, Festa dell'uva, Medaglia, 1931\" src=\"https:\/\/didatticalucerieti.files.wordpress.com\/2019\/03\/archivio-di-stato-di-rieti-archivio-comunale-di-rieti-carteggio-amministrativo_2.jpg?w=340&amp;h=468\" srcset=\"https:\/\/didatticalucerieti.files.wordpress.com\/2019\/03\/archivio-di-stato-di-rieti-archivio-comunale-di-rieti-carteggio-amministrativo_2.jpg?w=340&amp;h=468&amp;zoom=2 1.5x\" alt=\"Archivio di Stato di Rieti, Archivio comunale di Rieti, Carteggio amministrativo, Rieti, Festa dell'uva, Medaglia, 1931\" width=\"340\" height=\"468\" data-attachment-id=\"3328\" data-orig-file=\"https:\/\/didatticalucerieti.files.wordpress.com\/2019\/03\/archivio-di-stato-di-rieti-archivio-comunale-di-rieti-carteggio-amministrativo_2.jpg\" data-orig-size=\"2424,3336\" data-comments-opened=\"1\" data-image-meta=\"{&quot;aperture&quot;:&quot;0&quot;,&quot;credit&quot;:&quot;&quot;,&quot;camera&quot;:&quot;&quot;,&quot;caption&quot;:&quot;&quot;,&quot;created_timestamp&quot;:&quot;1553008680&quot;,&quot;copyright&quot;:&quot;&quot;,&quot;focal_length&quot;:&quot;0&quot;,&quot;iso&quot;:&quot;0&quot;,&quot;shutter_speed&quot;:&quot;0&quot;,&quot;title&quot;:&quot;&quot;,&quot;orientation&quot;:&quot;1&quot;}\" data-image-title=\"Archivio di Stato di Rieti, Archivio comunale di Rieti, Carteggio amministrativo, Rieti, Festa dell\u2019uva, Medaglia, 1931\" data-image-description=\"\" data-medium-file=\"https:\/\/didatticalucerieti.files.wordpress.com\/2019\/03\/archivio-di-stato-di-rieti-archivio-comunale-di-rieti-carteggio-amministrativo_2.jpg?w=218\" data-large-file=\"https:\/\/didatticalucerieti.files.wordpress.com\/2019\/03\/archivio-di-stato-di-rieti-archivio-comunale-di-rieti-carteggio-amministrativo_2.jpg?w=660\" data-original-width=\"340\" data-original-height=\"468\" \/><\/a><\/div>\n<\/div>\n<\/div>\n<\/div>\n<div><\/div>\n<div class=\"tiled-gallery type-rectangular\" data-original-width=\"660\" data-carousel-extra=\"{&quot;blog_id&quot;:84292007,&quot;permalink&quot;:&quot;https:\\\/\\\/didatticaluceinsabina.com\\\/2019\\\/03\\\/21\\\/la-festa-delluva-a-rieti-dai-carri-adorni-di-grappoli-agli-archi-trionfali-di-mortadella\\\/&quot;,&quot;likes_blog_id&quot;:84292007}\">\n<div class=\"gallery-row\" data-original-width=\"660\" data-original-height=\"472\">\n<div class=\"gallery-group images-1\" data-original-width=\"316\" data-original-height=\"472\">\n<div><\/div>\n<div><\/div>\n<div><\/div>\n<div><\/div>\n<div class=\"tiled-gallery-item tiled-gallery-item-large\">A Rieti il Comitato era presieduto dal vice podest\u00e0 Francesco Palmegiani, che aveva predisposto la manifestazione in modo che si celebrasse con fasto solenne, allietata da canti e da sorrisi di gruppi di giovani donne in costume tradizionale sabino, oltre alla coreografia di cortei folkloristici di carri, trainati da buoi, opportunamente decorati di motivi che ricordavano la vendemmia insieme ai simboli del fascio. Particolare cura era dedicata anche all\u2019apparato scenografico della piazza Vittorio Emanuele, dove si svolgeva la sfilata: grappoli e tralci d\u2019uva, cartelli e strisce multicolori inneggianti al Duce, bandiere e stendardi, luminarie di vari colori. La fontana della piazza veniva addobbata in stile \u00abedicola pompeiana\u00bb, mentre sempre nella piazza veniva eretto un pergolato rivestito di grappoli e delle edicole per la vendita ed il consumo dell\u2019uva. La vendita dell\u2019uva era demandata a gruppi di ragazze, vestite con costumi tipici sabini, cui si affiancavano anche sei autentiche popolane in costumi tradizionali di Orvinio. L\u2019uva veniva distribuita in cestini di vimini del Piave, dai due ai tre chili, ed in sacchetti di carta oleata, da mezzo chilo o un chilo. Anche ai negozi vennero distribuiti cestini e sacchetti, per allestire la mostra interna ed incentivare le vendite, insieme a buoni di acquisto da distribuire ai propri clienti, mentre le mostre migliori venivano premiate con medaglie d\u2019oro, d\u2019argento e di bronzo. Da Amatrice arrivava la banda del dopolavoro ad allietare il pubblico mentre sfilava il corteo di carri trainati da buoi con le ragazze in costume e, per finire, la sera sia il pergolato della piazza Vittorio Emanuele sia le edicole e la fontana si accendevano di \u00abluminarie alla veneziana\u00bb.<\/div>\n<\/div>\n<\/div>\n<\/div>\n<div class=\"content mb-3\">\n<div class=\"vc_row wpb_row vc_row-fluid\">\n<div class=\"wpb_column vc_column_container vc_col-sm-12\">\n<div class=\"vc_column-inner \">\n<div class=\"wpb_wrapper\">\n<div class=\"wpb_text_column wpb_content_element \">\n<div class=\"wpb_wrapper\">\n<p>Dato il successo ottenuto nel <strong>1930<\/strong>, anche l\u2019<strong>anno successivo<\/strong> , 1931, il <strong>Capo del governo<\/strong> ed il ministro dell\u2019Agricoltura indissero la <strong>seconda edizione della Festa dell\u2019uva<\/strong> , sempre a Rieti dove poi venne celebrato Beniamino Gigli con il vaso in argento donatogli dalla Federazione Fascista. Il prefetto di Rieti ne diede comunicazione ai commissari prefettizi ed ai podest\u00e0 della provincia, facendo riferimento alle istruzioni gi\u00e0 contenute nella circolare 1208 dell\u2019anno precedente, cui si aggiunse l\u2019indicazione di includere tra i membri dei diversi Comitati organizzativi anche i rappresentanti dei Fasci giovanili e delle altre organizzazioni agrarie locali. Il programma prevedeva in mattinata la mostra dell\u2019uva da tavola sotto il portico del municipio, la distribuzione dell\u2019uva ai negozianti, la vendita dell\u2019uva in piazza Vittorio Emanuele da parte delle ragazze e dei balilla tra i banchi artistici creati attorno alla fontana. Nel pomeriggio la sfilata per le vie della citt\u00e0 dei carri addobbati, accompagnati dalle giovani in costume e la distribuzione dei premi per i migliori carri e per i migliori addobbi dei negozi, infine era previsto l\u2019arrivo della banda Gigli di Recanati. Nel complesso anche questa seconda edizione era stata una manifestazione di successo, superiore alle aspettative, grazie anche alla grande serata, che a conclusione della manifestazione, si tenne al teatro Vespasiano con <strong>il concerto di<\/strong> <strong>Beniamino Gigli<\/strong> e di altri artisti (Settembre 1931, Rieti)<\/p>\n<div class=\"tiled-gallery type-rectangular\" data-original-width=\"660\" data-carousel-extra=\"{&quot;blog_id&quot;:84292007,&quot;permalink&quot;:&quot;https:\\\/\\\/didatticaluceinsabina.com\\\/2019\\\/03\\\/21\\\/la-festa-delluva-a-rieti-dai-carri-adorni-di-grappoli-agli-archi-trionfali-di-mortadella\\\/&quot;,&quot;likes_blog_id&quot;:84292007}\">\n<div class=\"gallery-row\" data-original-width=\"660\" data-original-height=\"318\">\n<div class=\"gallery-group images-1\" data-original-width=\"442\" data-original-height=\"318\">\n<div class=\"tiled-gallery-item tiled-gallery-item-large\"><a href=\"https:\/\/didatticaluceinsabina.com\/2019\/03\/21\/festa-della-matricola-universitari-tutta-la-vita\/archivio-di-stato-di-rieti-archivio-comunale-di-rieti-carteggio-amministrativo-rieti-festa-delluva-anni-30_1\/\"><img loading=\"lazy\" decoding=\"async\" title=\"Archivio di Stato di Rieti, Archivio comunale di Rieti, Carteggio amministrativo. Rieti, Festa dell'uva, Anni '30\" src=\"https:\/\/didatticalucerieti.files.wordpress.com\/2019\/03\/archivio-di-stato-di-rieti-archivio-comunale-di-rieti-carteggio-amministrativo.-rieti-festa-delluva-anni-30_1.jpg?w=438&amp;h=314\" srcset=\"https:\/\/didatticalucerieti.files.wordpress.com\/2019\/03\/archivio-di-stato-di-rieti-archivio-comunale-di-rieti-carteggio-amministrativo.-rieti-festa-delluva-anni-30_1.jpg?w=438&amp;h=314&amp;zoom=2 1.5x\" alt=\"Archivio di Stato di Rieti, Archivio comunale di Rieti, Carteggio amministrativo. Rieti, Festa dell'uva, Anni '30\" width=\"438\" height=\"314\" data-attachment-id=\"3339\" data-orig-file=\"https:\/\/didatticalucerieti.files.wordpress.com\/2019\/03\/archivio-di-stato-di-rieti-archivio-comunale-di-rieti-carteggio-amministrativo.-rieti-festa-delluva-anni-30_1.jpg\" data-orig-size=\"2744,1971\" data-comments-opened=\"1\" data-image-meta=\"{&quot;aperture&quot;:&quot;0&quot;,&quot;credit&quot;:&quot;&quot;,&quot;camera&quot;:&quot;&quot;,&quot;caption&quot;:&quot;&quot;,&quot;created_timestamp&quot;:&quot;0&quot;,&quot;copyright&quot;:&quot;&quot;,&quot;focal_length&quot;:&quot;0&quot;,&quot;iso&quot;:&quot;0&quot;,&quot;shutter_speed&quot;:&quot;0&quot;,&quot;title&quot;:&quot;&quot;,&quot;orientation&quot;:&quot;1&quot;}\" data-image-title=\"Archivio di Stato di Rieti, Archivio comunale di Rieti, Carteggio amministrativo. Rieti, Festa dell\u2019uva, Anni \u201930\" data-image-description=\"\" data-medium-file=\"https:\/\/didatticalucerieti.files.wordpress.com\/2019\/03\/archivio-di-stato-di-rieti-archivio-comunale-di-rieti-carteggio-amministrativo.-rieti-festa-delluva-anni-30_1.jpg?w=300\" data-large-file=\"https:\/\/didatticalucerieti.files.wordpress.com\/2019\/03\/archivio-di-stato-di-rieti-archivio-comunale-di-rieti-carteggio-amministrativo.-rieti-festa-delluva-anni-30_1.jpg?w=660\" data-original-width=\"438\" data-original-height=\"314\" \/><\/a><\/div>\n<\/div>\n<div class=\"gallery-group images-2\" data-original-width=\"218\" data-original-height=\"318\">\n<div class=\"tiled-gallery-item tiled-gallery-item-small\"><a href=\"https:\/\/didatticaluceinsabina.com\/2019\/03\/21\/festa-della-matricola-universitari-tutta-la-vita\/archivio-di-stato-di-rieti-archivio-comunale-di-rieti-carteggio-amministrativo-rieti-festa-delluva-anni-30_2\/\"><img loading=\"lazy\" decoding=\"async\" title=\"Archivio di Stato di Rieti, Archivio comunale di Rieti, Carteggio amministrativo. Rieti, Festa dell'uva, Anni '30\" src=\"https:\/\/didatticalucerieti.files.wordpress.com\/2019\/03\/archivio-di-stato-di-rieti-archivio-comunale-di-rieti-carteggio-amministrativo.-rieti-festa-delluva-anni-30_2.jpg?w=214&amp;h=154\" srcset=\"https:\/\/didatticalucerieti.files.wordpress.com\/2019\/03\/archivio-di-stato-di-rieti-archivio-comunale-di-rieti-carteggio-amministrativo.-rieti-festa-delluva-anni-30_2.jpg?w=214&amp;h=154&amp;zoom=2 1.5x\" alt=\"Archivio di Stato di Rieti, Archivio comunale di Rieti, Carteggio amministrativo. Rieti, Festa dell'uva, Anni '30\" width=\"214\" height=\"154\" data-attachment-id=\"3340\" data-orig-file=\"https:\/\/didatticalucerieti.files.wordpress.com\/2019\/03\/archivio-di-stato-di-rieti-archivio-comunale-di-rieti-carteggio-amministrativo.-rieti-festa-delluva-anni-30_2.jpg\" data-orig-size=\"2751,1985\" data-comments-opened=\"1\" data-image-meta=\"{&quot;aperture&quot;:&quot;0&quot;,&quot;credit&quot;:&quot;&quot;,&quot;camera&quot;:&quot;&quot;,&quot;caption&quot;:&quot;&quot;,&quot;created_timestamp&quot;:&quot;0&quot;,&quot;copyright&quot;:&quot;&quot;,&quot;focal_length&quot;:&quot;0&quot;,&quot;iso&quot;:&quot;0&quot;,&quot;shutter_speed&quot;:&quot;0&quot;,&quot;title&quot;:&quot;&quot;,&quot;orientation&quot;:&quot;1&quot;}\" data-image-title=\"Archivio di Stato di Rieti, Archivio comunale di Rieti, Carteggio amministrativo. Rieti, Festa dell\u2019uva, Anni \u201930\" data-image-description=\"\" data-medium-file=\"https:\/\/didatticalucerieti.files.wordpress.com\/2019\/03\/archivio-di-stato-di-rieti-archivio-comunale-di-rieti-carteggio-amministrativo.-rieti-festa-delluva-anni-30_2.jpg?w=300\" data-large-file=\"https:\/\/didatticalucerieti.files.wordpress.com\/2019\/03\/archivio-di-stato-di-rieti-archivio-comunale-di-rieti-carteggio-amministrativo.-rieti-festa-delluva-anni-30_2.jpg?w=660\" data-original-width=\"214\" data-original-height=\"154\" \/><\/a><a href=\"https:\/\/didatticaluceinsabina.com\/2019\/03\/21\/festa-della-matricola-universitari-tutta-la-vita\/archivio-di-stato-di-rieti-archivio-comunale-di-rieti-carteggio-amministrativo-rieti-festa-delluva-anni-30_4\/\"><img loading=\"lazy\" decoding=\"async\" title=\"Archivio di Stato di Rieti, Archivio comunale di Rieti, Carteggio amministrativo. Rieti, Festa dell'uva, Anni '30\" src=\"https:\/\/didatticalucerieti.files.wordpress.com\/2019\/03\/archivio-di-stato-di-rieti-archivio-comunale-di-rieti-carteggio-amministrativo.-rieti-festa-delluva-anni-30_4.jpg?w=214&amp;h=156\" srcset=\"https:\/\/didatticalucerieti.files.wordpress.com\/2019\/03\/archivio-di-stato-di-rieti-archivio-comunale-di-rieti-carteggio-amministrativo.-rieti-festa-delluva-anni-30_4.jpg?w=214&amp;h=156&amp;zoom=2 1.5x\" alt=\"Archivio di Stato di Rieti, Archivio comunale di Rieti, Carteggio amministrativo. Rieti, Festa dell'uva, Anni '30\" width=\"214\" height=\"156\" data-attachment-id=\"3342\" data-orig-file=\"https:\/\/didatticalucerieti.files.wordpress.com\/2019\/03\/archivio-di-stato-di-rieti-archivio-comunale-di-rieti-carteggio-amministrativo.-rieti-festa-delluva-anni-30_4.jpg\" data-orig-size=\"2765,2010\" data-comments-opened=\"1\" data-image-meta=\"{&quot;aperture&quot;:&quot;0&quot;,&quot;credit&quot;:&quot;&quot;,&quot;camera&quot;:&quot;&quot;,&quot;caption&quot;:&quot;&quot;,&quot;created_timestamp&quot;:&quot;0&quot;,&quot;copyright&quot;:&quot;&quot;,&quot;focal_length&quot;:&quot;0&quot;,&quot;iso&quot;:&quot;0&quot;,&quot;shutter_speed&quot;:&quot;0&quot;,&quot;title&quot;:&quot;&quot;,&quot;orientation&quot;:&quot;1&quot;}\" data-image-title=\"Archivio di Stato di Rieti, Archivio comunale di Rieti, Carteggio amministrativo. Rieti, Festa dell\u2019uva, Anni \u201930\" data-image-description=\"\" data-medium-file=\"https:\/\/didatticalucerieti.files.wordpress.com\/2019\/03\/archivio-di-stato-di-rieti-archivio-comunale-di-rieti-carteggio-amministrativo.-rieti-festa-delluva-anni-30_4.jpg?w=300\" data-large-file=\"https:\/\/didatticalucerieti.files.wordpress.com\/2019\/03\/archivio-di-stato-di-rieti-archivio-comunale-di-rieti-carteggio-amministrativo.-rieti-festa-delluva-anni-30_4.jpg?w=660\" data-original-width=\"214\" data-original-height=\"156\" \/><\/a><\/div>\n<div>Festa dell&#8217;uva, Settembre 1931, Rieti, in attesa del concerto di Beniamino Gigli<\/div>\n<div><\/div>\n<\/div>\n<\/div>\n<div class=\"gallery-row\" data-original-width=\"660\" data-original-height=\"464\">\n<div class=\"gallery-group images-1\" data-original-width=\"660\" data-original-height=\"464\">\n<div class=\"tiled-gallery-item tiled-gallery-item-large\"><a href=\"https:\/\/didatticaluceinsabina.com\/2019\/03\/21\/festa-della-matricola-universitari-tutta-la-vita\/archivio-di-stato-di-rieti-archivio-comunale-di-rieti-carteggio-amministrativo-rieti-festa-delluva-anni-30_5\/\"><img loading=\"lazy\" decoding=\"async\" title=\"Archivio di Stato di Rieti, Archivio comunale di Rieti, Carteggio amministrativo. Rieti, Festa dell'uva, Anni '30\" src=\"https:\/\/didatticalucerieti.files.wordpress.com\/2019\/03\/archivio-di-stato-di-rieti-archivio-comunale-di-rieti-carteggio-amministrativo.-rieti-festa-delluva-anni-30_5.jpg?w=656&amp;h=460\" srcset=\"https:\/\/didatticalucerieti.files.wordpress.com\/2019\/03\/archivio-di-stato-di-rieti-archivio-comunale-di-rieti-carteggio-amministrativo.-rieti-festa-delluva-anni-30_5.jpg?w=656&amp;h=460&amp;zoom=2 1.5x\" alt=\"Archivio di Stato di Rieti, Archivio comunale di Rieti, Carteggio amministrativo. Rieti, Festa dell'uva, Anni '30\" width=\"656\" height=\"460\" data-attachment-id=\"3343\" data-orig-file=\"https:\/\/didatticalucerieti.files.wordpress.com\/2019\/03\/archivio-di-stato-di-rieti-archivio-comunale-di-rieti-carteggio-amministrativo.-rieti-festa-delluva-anni-30_5.jpg\" data-orig-size=\"2739,1919\" data-comments-opened=\"1\" data-image-meta=\"{&quot;aperture&quot;:&quot;0&quot;,&quot;credit&quot;:&quot;&quot;,&quot;camera&quot;:&quot;&quot;,&quot;caption&quot;:&quot;&quot;,&quot;created_timestamp&quot;:&quot;0&quot;,&quot;copyright&quot;:&quot;&quot;,&quot;focal_length&quot;:&quot;0&quot;,&quot;iso&quot;:&quot;0&quot;,&quot;shutter_speed&quot;:&quot;0&quot;,&quot;title&quot;:&quot;&quot;,&quot;orientation&quot;:&quot;1&quot;}\" data-image-title=\"Archivio di Stato di Rieti, Archivio comunale di Rieti, Carteggio amministrativo. Rieti, Festa dell\u2019uva, Anni \u201930\" data-image-description=\"\" data-medium-file=\"https:\/\/didatticalucerieti.files.wordpress.com\/2019\/03\/archivio-di-stato-di-rieti-archivio-comunale-di-rieti-carteggio-amministrativo.-rieti-festa-delluva-anni-30_5.jpg?w=300\" data-large-file=\"https:\/\/didatticalucerieti.files.wordpress.com\/2019\/03\/archivio-di-stato-di-rieti-archivio-comunale-di-rieti-carteggio-amministrativo.-rieti-festa-delluva-anni-30_5.jpg?w=660\" data-original-width=\"656\" data-original-height=\"460\" \/><\/a><\/div>\n<div><\/div>\n<\/div>\n<\/div>\n<\/div>\n<p>&nbsp;<\/p>\n<p>&nbsp;<\/p>\n<p>La Festa dell\u2019uva divenne cos\u00ec un evento consolidato che proseguir\u00e0 negli anni successivi con modalit\u00e0 simili, magari con qualche innovazione, come la costruzione, nel 1937 in piazza Vittorio Emanuele, di un \u00abammirevole arco rivestito di mortadella, con nel mezzo un\u2019artistica anfora adornata da nastri dai colori nazionali e della provincia\u00bb.<\/p>\n<p>La Festa dell\u2019uva venne celebrata fino al 1942, pur se mantenuta nei limiti di sobriet\u00e0 imposti dalle contingenze della guerra, mantenendo i prezzi di vendita pi\u00f9 bassi possibili e favorendo le distribuzioni gratuite ai militari ed alle fasce pi\u00f9 bisognose, anche per ovviare alle limitazioni dell\u2019uso dello zucchero dovute alla guerra.<\/p>\n<p>&nbsp;<\/p>\n<div class=\"tiled-gallery type-rectangular\" data-original-width=\"660\" data-carousel-extra=\"{&quot;blog_id&quot;:84292007,&quot;permalink&quot;:&quot;https:\\\/\\\/didatticaluceinsabina.com\\\/2019\\\/03\\\/21\\\/la-festa-delluva-a-rieti-dai-carri-adorni-di-grappoli-agli-archi-trionfali-di-mortadella\\\/&quot;,&quot;likes_blog_id&quot;:84292007}\">\n<div class=\"gallery-row\" data-original-width=\"660\" data-original-height=\"312\">\n<div class=\"gallery-group images-1\" data-original-width=\"472\" data-original-height=\"312\">\n<div class=\"tiled-gallery-item tiled-gallery-item-large\"><a href=\"https:\/\/didatticaluceinsabina.com\/2019\/03\/21\/la-festa-delluva-a-rieti-dai-carri-adorni-di-grappoli-agli-archi-trionfali-di-mortadella\/archivio-di-stato-di-rieti-archivio-comunale-di-rieti-carteggio-amministrativo_5\/\"><img loading=\"lazy\" decoding=\"async\" title=\"Archivio di Stato di Rieti, Archivio comunale di Rieti, Carteggio amministrativo, Rieti, Festa dell'uva, Pieghevole informativo, Anni '50\" src=\"https:\/\/didatticalucerieti.files.wordpress.com\/2019\/03\/archivio-di-stato-di-rieti-archivio-comunale-di-rieti-carteggio-amministrativo_5.jpg?w=425&amp;h=279\" srcset=\"https:\/\/didatticalucerieti.files.wordpress.com\/2019\/03\/archivio-di-stato-di-rieti-archivio-comunale-di-rieti-carteggio-amministrativo_5.jpg?w=425&amp;h=279&amp;zoom=2 1.5x\" alt=\"Archivio di Stato di Rieti, Archivio comunale di Rieti, Carteggio amministrativo, Rieti, Festa dell'uva, Pieghevole informativo, Anni '50\" width=\"425\" height=\"279\" data-attachment-id=\"3331\" data-orig-file=\"https:\/\/didatticalucerieti.files.wordpress.com\/2019\/03\/archivio-di-stato-di-rieti-archivio-comunale-di-rieti-carteggio-amministrativo_5.jpg\" data-orig-size=\"3690,2429\" data-comments-opened=\"1\" data-image-meta=\"{&quot;aperture&quot;:&quot;0&quot;,&quot;credit&quot;:&quot;&quot;,&quot;camera&quot;:&quot;&quot;,&quot;caption&quot;:&quot;&quot;,&quot;created_timestamp&quot;:&quot;0&quot;,&quot;copyright&quot;:&quot;&quot;,&quot;focal_length&quot;:&quot;0&quot;,&quot;iso&quot;:&quot;0&quot;,&quot;shutter_speed&quot;:&quot;0&quot;,&quot;title&quot;:&quot;&quot;,&quot;orientation&quot;:&quot;0&quot;}\" data-image-title=\"Archivio di Stato di Rieti, Archivio comunale di Rieti, Carteggio amministrativo, Rieti, Festa dell\u2019uva, Pieghevole informativo, Anni \u201950\" data-image-description=\"\" data-medium-file=\"https:\/\/didatticalucerieti.files.wordpress.com\/2019\/03\/archivio-di-stato-di-rieti-archivio-comunale-di-rieti-carteggio-amministrativo_5.jpg?w=300\" data-large-file=\"https:\/\/didatticalucerieti.files.wordpress.com\/2019\/03\/archivio-di-stato-di-rieti-archivio-comunale-di-rieti-carteggio-amministrativo_5.jpg?w=660\" data-original-width=\"468\" data-original-height=\"308\" \/><\/a><a href=\"https:\/\/didatticaluceinsabina.com\/2019\/03\/21\/festa-della-matricola-universitari-tutta-la-vita\/archivio-di-stato-di-rieti-fondo-ept-rieti-festa-delluva_1\/\"><img loading=\"lazy\" decoding=\"async\" title=\"Archivio di Stato di Rieti, Fondo EPT, Rieti, Festa dell'uva\" src=\"https:\/\/didatticalucerieti.files.wordpress.com\/2019\/03\/archivio-di-stato-di-rieti-fondo-ept-rieti-festa-delluva_1.jpg?w=184&amp;h=183\" srcset=\"https:\/\/didatticalucerieti.files.wordpress.com\/2019\/03\/archivio-di-stato-di-rieti-fondo-ept-rieti-festa-delluva_1.jpg?w=184&amp;h=183&amp;zoom=2 1.5x\" alt=\"Archivio di Stato di Rieti, Fondo EPT, Rieti, Festa dell'uva\" width=\"184\" height=\"183\" data-attachment-id=\"3344\" data-orig-file=\"https:\/\/didatticalucerieti.files.wordpress.com\/2019\/03\/archivio-di-stato-di-rieti-fondo-ept-rieti-festa-delluva_1.jpg\" data-orig-size=\"2068,2052\" data-comments-opened=\"1\" data-image-meta=\"{&quot;aperture&quot;:&quot;0&quot;,&quot;credit&quot;:&quot;&quot;,&quot;camera&quot;:&quot;&quot;,&quot;caption&quot;:&quot;&quot;,&quot;created_timestamp&quot;:&quot;0&quot;,&quot;copyright&quot;:&quot;&quot;,&quot;focal_length&quot;:&quot;0&quot;,&quot;iso&quot;:&quot;0&quot;,&quot;shutter_speed&quot;:&quot;0&quot;,&quot;title&quot;:&quot;&quot;,&quot;orientation&quot;:&quot;1&quot;}\" data-image-title=\"Archivio di Stato di Rieti, Fondo EPT, Rieti, Festa dell\u2019uva\" data-image-description=\"\" data-medium-file=\"https:\/\/didatticalucerieti.files.wordpress.com\/2019\/03\/archivio-di-stato-di-rieti-fondo-ept-rieti-festa-delluva_1.jpg?w=300\" data-large-file=\"https:\/\/didatticalucerieti.files.wordpress.com\/2019\/03\/archivio-di-stato-di-rieti-fondo-ept-rieti-festa-delluva_1.jpg?w=660\" data-original-width=\"184\" data-original-height=\"183\" \/><\/a><\/div>\n<div><\/div>\n<\/div>\n<div class=\"gallery-group images-2\" data-original-width=\"188\" data-original-height=\"312\">\n<div class=\"tiled-gallery-item tiled-gallery-item-small\"><a href=\"https:\/\/didatticaluceinsabina.com\/2019\/03\/21\/la-festa-delluva-a-rieti-dai-carri-adorni-di-grappoli-agli-archi-trionfali-di-mortadella\/archivio-di-stato-di-rieti-archivio-comunale-di-rieti-carteggio-amministrativo_4\/\"><img loading=\"lazy\" decoding=\"async\" title=\"Archivio di Stato di Rieti, Archivio comunale di Rieti, Carteggio amministrativo, Rieti, Festa dell'uva, Pieghevole informativo, Anni '50\" src=\"https:\/\/didatticalucerieti.files.wordpress.com\/2019\/03\/archivio-di-stato-di-rieti-archivio-comunale-di-rieti-carteggio-amministrativo_4.jpg?w=184&amp;h=121\" srcset=\"https:\/\/didatticalucerieti.files.wordpress.com\/2019\/03\/archivio-di-stato-di-rieti-archivio-comunale-di-rieti-carteggio-amministrativo_4.jpg?w=184&amp;h=121&amp;zoom=2 1.5x\" alt=\"Archivio di Stato di Rieti, Archivio comunale di Rieti, Carteggio amministrativo, Rieti, Festa dell'uva, Pieghevole informativo, Anni '50\" width=\"184\" height=\"121\" data-attachment-id=\"3330\" data-orig-file=\"https:\/\/didatticalucerieti.files.wordpress.com\/2019\/03\/archivio-di-stato-di-rieti-archivio-comunale-di-rieti-carteggio-amministrativo_4.jpg\" data-orig-size=\"3683,2431\" data-comments-opened=\"1\" data-image-meta=\"{&quot;aperture&quot;:&quot;0&quot;,&quot;credit&quot;:&quot;&quot;,&quot;camera&quot;:&quot;&quot;,&quot;caption&quot;:&quot;&quot;,&quot;created_timestamp&quot;:&quot;0&quot;,&quot;copyright&quot;:&quot;&quot;,&quot;focal_length&quot;:&quot;0&quot;,&quot;iso&quot;:&quot;0&quot;,&quot;shutter_speed&quot;:&quot;0&quot;,&quot;title&quot;:&quot;&quot;,&quot;orientation&quot;:&quot;0&quot;}\" data-image-title=\"Archivio di Stato di Rieti, Archivio comunale di Rieti, Carteggio amministrativo, Rieti, Festa dell\u2019uva, Pieghevole informativo, Anni \u201950\" data-image-description=\"\" data-medium-file=\"https:\/\/didatticalucerieti.files.wordpress.com\/2019\/03\/archivio-di-stato-di-rieti-archivio-comunale-di-rieti-carteggio-amministrativo_4.jpg?w=300\" data-large-file=\"https:\/\/didatticalucerieti.files.wordpress.com\/2019\/03\/archivio-di-stato-di-rieti-archivio-comunale-di-rieti-carteggio-amministrativo_4.jpg?w=660\" data-original-width=\"184\" data-original-height=\"121\" \/><\/a><\/div>\n<\/div>\n<\/div>\n<\/div>\n<\/div>\n<\/div>\n<div><\/div>\n<div class=\"wpb_text_column wpb_content_element \">\n<div class=\"wpb_wrapper\">\n<p>&nbsp;<\/p>\n<p>La manifestazione riprese nel 1952 come \u201cCampagna propagandistica per il maggior consumo dell\u2019uva e Sagra dell\u2019uva\u201d, sostituendo alla retorica della ruralit\u00e0 fascista ed agli aspetti prettamente folkloristici, contenuti maggiormente legati agli aspetti medico-salutistici ed alla necessit\u00e0 di incremento dei consumi dell\u2019uva. Pertanto il programma delle attivit\u00e0 comprendeva conferenze affidate a professionalit\u00e0 altamente qualificate, accompagnate da articoli sulla stampa locale, concorsi tra pubblici esercizi per l\u2019allestimento delle mostre e per la redazione dei migliori articoli. Non mancarono comunque le sfilate dei carri allegorici per le vie della citt\u00e0, la consegna agli istituti di beneficienza dell\u2019uva donata dai produttori locali, e l\u2019offerta della stessa alla cittadinanza nei consueti sacchetti, accompagnati da pieghevoli informativi opportunamente predisposti.<\/p>\n<p>&nbsp;<\/p>\n<\/div>\n<h3>Beniamino Gigli<\/h3>\n<div class=\"wpb_wrapper\">\n<div class=\"tiled-gallery type-rectangular\" data-original-width=\"660\" data-carousel-extra=\"{&quot;blog_id&quot;:84292007,&quot;permalink&quot;:&quot;https:\\\/\\\/didatticaluceinsabina.com\\\/2019\\\/03\\\/21\\\/la-festa-delluva-a-rieti-dai-carri-adorni-di-grappoli-agli-archi-trionfali-di-mortadella\\\/&quot;,&quot;likes_blog_id&quot;:84292007}\">\n<div class=\"gallery-group images-3\" data-original-width=\"249\" data-original-height=\"542\"><a href=\"https:\/\/www.thefinitive.com\/?attachment_id=4830\" rel=\"attachment wp-att-4830\"><img loading=\"lazy\" decoding=\"async\" class=\"alignnone size-full wp-image-4830\" src=\"https:\/\/www.thefinitive.com\/wp-content\/uploads\/2020\/02\/Beniamino-Gigli.jpg\" alt=\"\" width=\"190\" height=\"300\" srcset=\"https:\/\/thefinitive.com\/wp-content\/uploads\/2020\/02\/Beniamino-Gigli.jpg 190w, https:\/\/thefinitive.com\/wp-content\/uploads\/2020\/02\/Beniamino-Gigli-64x101.jpg 64w\" sizes=\"(max-width: 190px) 100vw, 190px\" \/><\/a><\/div>\n<div data-original-width=\"249\" data-original-height=\"542\"><\/div>\n<div data-original-width=\"249\" data-original-height=\"542\"><\/div>\n<div data-original-width=\"249\" data-original-height=\"542\"><\/div>\n<div class=\"gallery-group images-3\" data-original-width=\"249\" data-original-height=\"542\">Recanati,\u00a020 marzo\u00a01890\u00a0\u2013\u00a0Roma,\u00a030 novembre\u00a01957 , \u00e8 stato un tenore\u00a0e\u00a0attore\u00a0italiano, uno dei pi\u00f9 celebri cantanti d&#8217;opera\u00a0del\u00a0XX secolo.<\/div>\n<div data-original-width=\"249\" data-original-height=\"542\"><\/div>\n<div data-original-width=\"249\" data-original-height=\"542\">\n<h3><span id=\"Gli_inizi\" class=\"mw-headline\">Gli inizi<\/span><\/h3>\n<p>Ultimo di sei figli di Domenico, calzolaio e campanaro del duomo, ed Ester Magnaterra, mostr\u00f2 sin da piccolissimo grandi attitudini per il canto, venendo accolto a sette anni nel Coro Pueri Cantores della Cattedrale di Recanati. La povert\u00e0 della famiglia lo costrinse a duri sacrifici, ma, tra un&#8217;occupazione e l&#8217;altra, riusc\u00ec a prendere lezioni di canto dal maestro Quirino Lazzarini, organista e direttore del coro della\u00a0Santa Casa\u00a0di\u00a0Loreto.<\/p>\n<p>A quindici anni, mostrando voce di\u00a0contralto, fu scelto a\u00a0Macerata\u00a0come protagonista, in vesti femminili, dell&#8217;operetta\u00a0<i>La fuga di Angelica<\/i>\u00a0di Alessandro Billi, alla quale seguirono altre buone prove del genere, che convinsero la famiglia a favorirne il trasferimento a Roma nell&#8217;autunno del 1907.<\/p>\n<p>Dopo una breve parentesi di alcuni mesi di servizio militare in occasione della\u00a0guerra di Libia\u00a0del 1912, vinse una borsa di studio e si pot\u00e9 iscrivere finalmente al<strong>Conservatorio Santa Cecilia<\/strong>, studiando sotto la guida di Enrico Rosati.<\/p>\n<p>Bench\u00e9 agli allievi fosse vietato esibirsi ufficialmente, apparve con lo\u00a0pseudonimo\u00a0di <strong>Mino Rosa<\/strong> in numerosi salotti romani, riuscendo a guadagnare la rispettabile somma di trecento\u00a0lire. Il 24 aprile 1914 cant\u00f2 con il proprio nome alla sala dell&#8217;<strong>Accademia di Santa Cecilia<\/strong>\u00a0nella fiaba musicale\u00a0<i>La principessa dai capelli d&#8217;oro<\/i>\u00a0di Alessandro Bustini ed il 10 giugno seguente fu ammesso al saggio finale del conservatorio. Il debutto\u00a0teatrale, dopo aver vinto un altro concorso di canto a\u00a0Parma, avvenne al\u00a0Teatro Sociale\u00a0di\u00a0Rovigo\u00a0la sera del 14 ottobre dello stesso anno come Enzo ne\u00a0<i>La Gioconda<\/i>.<\/p>\n<h3><span id=\"La_carriera\" class=\"mw-headline\">La carriera<\/span><\/h3>\n<p>Seguirono presenze in alcuni dei maggiori teatri italiani (Palermo,\u00a0Napoli,\u00a0Genova,\u00a0Catania,\u00a0Costanzi\u00a0di Roma), in opere come\u00a0<i>Manon<\/i>,\u00a0<i>Tosca<\/i>,\u00a0<i>Mefistofele<\/i>,\u00a0<i>La Favorita<\/i>.<\/p>\n<p>Nel 1917 iniziarono le scritture all&#8217;estero (Madrid,\u00a0Barcellona,\u00a0Montecarlo,\u00a0Rio,\u00a0Buenos Aires) e, dopo aver esordito a\u00a0<a title=\"Milano\" href=\"https:\/\/it.wikipedia.org\/wiki\/Milano\">Milano<\/a>\u00a0al\u00a0<a title=\"Teatro Lirico di Milano\" href=\"https:\/\/it.wikipedia.org\/wiki\/Teatro_Lirico_di_Milano\">Teatro Lirico<\/a>\u00a0nella primavera del 1918 con\u00a0<i>Lodoletta<\/i>, il 19 novembre dello stesso anno esord\u00ec alla\u00a0<a title=\"Teatro alla Scala\" href=\"https:\/\/it.wikipedia.org\/wiki\/Teatro_alla_Scala\">Scala<\/a>\u00a0in\u00a0<i>Mefistofele<\/i>, sotto la direzione di\u00a0<a title=\"Arturo Toscanini\" href=\"https:\/\/it.wikipedia.org\/wiki\/Arturo_Toscanini\">Arturo Toscanini<\/a>.<\/p>\n<p>Il 26 novembre 1920 fece l&#8217;ingresso al\u00a0<a class=\"mw-redirect\" title=\"Metropolitan Opera\" href=\"https:\/\/it.wikipedia.org\/wiki\/Metropolitan_Opera\">Metropolitan<\/a>\u00a0di\u00a0<a title=\"New York\" href=\"https:\/\/it.wikipedia.org\/wiki\/New_York\">New York<\/a>, di nuovo con\u00a0<i>Mefistofele<\/i>; fu un successo e il direttore del teatro gli prolung\u00f2 la scrittura, prima per altri due mesi poi per quattro anni. Il successo fu favorito sia dall&#8217;apprezzamento importante della comunit\u00e0 italiana che dalla dichiarazione perentoria di\u00a0<a title=\"Enrico Caruso\" href=\"https:\/\/it.wikipedia.org\/wiki\/Enrico_Caruso\">Enrico Caruso<\/a>, che vide in lui il proprio successore. Il 2 agosto 1921 Caruso scomparve e la stagione del Metropolitan, da lui inaugurata per diciotto anni, lo fu quell&#8217;anno da Gigli con\u00a0<i>La traviata<\/i>. Fu regolarmente presente al &#8220;Met&#8221; per oltre un decennio e il successo si estese a molte altre citt\u00e0 (San Francisco,\u00a0Filadelfia,\u00a0Chicago). Nello stesso periodo fece tourn\u00e9e in\u00a0Europa\u00a0(fra cui l&#8217;importante debutto il 27 maggio\u00a01930\u00a0al\u00a0Covent Garden\u00a0di\u00a0Londra\u00a0in\u00a0<i>Andrea Chenier<\/i>) e\u00a0Sudamerica.<\/p>\n<p>Nel 1932, dopo dodici anni consecutivi e circa cinquecento recite, la collaborazione con il Metropolitan si interruppe in seguito alla riduzione dei compensi dovuta alla grande crisi economica americana e Gigli torn\u00f2 in Italia, facendo del\u00a0Teatro dell&#8217;Opera di Roma\u00a0le sede principale della sua attivit\u00e0 (far\u00e0 ritorno al &#8220;Met&#8221; solo nel 1939 per cinque rappresentazioni, fra le quali\u00a0<i>Aida<\/i>). Fu presente inoltre, fino allo scoppio della\u00a0guerra, nelle altre principali citt\u00e0 europee (di particolare rilevanza l&#8217;esordio in\u00a0<i>Aida<\/i>\u00a0a\u00a0Vienna\u00a0con la direzione di\u00a0Victor De Sabata\u00a0nel 1936) e ancora in Sudamerica.<\/p>\n<div class=\"floatright\"><a class=\"image\" href=\"https:\/\/it.wikipedia.org\/wiki\/File:Beniamino_Gigli_1.jpg\"><img loading=\"lazy\" decoding=\"async\" src=\"https:\/\/upload.wikimedia.org\/wikipedia\/commons\/thumb\/7\/70\/Beniamino_Gigli_1.jpg\/250px-Beniamino_Gigli_1.jpg\" srcset=\"\/\/upload.wikimedia.org\/wikipedia\/commons\/thumb\/7\/70\/Beniamino_Gigli_1.jpg\/375px-Beniamino_Gigli_1.jpg 1.5x, \/\/upload.wikimedia.org\/wikipedia\/commons\/7\/70\/Beniamino_Gigli_1.jpg 2x\" alt=\"Beniamino Gigli 1.jpg\" width=\"250\" height=\"351\" data-file-width=\"433\" data-file-height=\"608\" \/><\/a><\/div>\n<p>In seguito, con l&#8217;avvento del\u00a0sonoro, approd\u00f2 anche al cinema, girando una serie continuativa di sedici film dal 1935 ai primi\u00a0anni cinquanta, malgrado gli evidenti limiti di una\u00a0fotogenia\u00a0non proprio ideale e di una recitazione alquanto convenzionale.<\/p>\n<p>Dopo la\u00a0liberazione\u00a0si ritir\u00f2 temporaneamente dalle scene, ritornandovi nel 1946, ancora in grado d&#8217;entusiasmare il pubblico nonostante l&#8217;et\u00e0 non pi\u00f9 verde. Fu poi costretto per motivi di salute (era affetto da\u00a0diabete) ad interrompere dapprima le produzioni teatrali e poi i concerti, l&#8217;ultimo dei quali, a livello ufficiale, fu alla\u00a0<strong>Carnegie Hall<\/strong>\u00a0di New York il 20 aprile 1955. Nelle ultime tourn\u00e9e si esib\u00ec a volte con la figlia\u00a0Rina, soprano.<\/p>\n<p>Fu accompagnato nella carriera, fin dagli esordi, dal suo agente e segretario particolare Amedeo Grossi, che con la moglie Barbara cur\u00f2 anche un monumentale archivio, oggi custodito presso il\u00a0<strong>Museo Gigli\u00a0di Recanati<\/strong>.<\/p>\n<p>Venne di frequente paragonato a Enrico Caruso, e alla definizione talvolta datagli di &#8220;Caruso Secondo&#8221; soleva rispondere di preferire quella di &#8220;Gigli Primo&#8221;.<\/p>\n<p>&nbsp;<\/p>\n<div class=\"thumb tright\">\n<div class=\"thumbinner\">\n<p><a class=\"image\" href=\"https:\/\/it.wikipedia.org\/wiki\/File:Beniamino_Gigli_busto_a_Recnati.jpg\"><img loading=\"lazy\" decoding=\"async\" class=\"thumbimage\" src=\"https:\/\/upload.wikimedia.org\/wikipedia\/commons\/thumb\/1\/1e\/Beniamino_Gigli_busto_a_Recnati.jpg\/220px-Beniamino_Gigli_busto_a_Recnati.jpg\" srcset=\"\/\/upload.wikimedia.org\/wikipedia\/commons\/thumb\/1\/1e\/Beniamino_Gigli_busto_a_Recnati.jpg\/330px-Beniamino_Gigli_busto_a_Recnati.jpg 1.5x, \/\/upload.wikimedia.org\/wikipedia\/commons\/thumb\/1\/1e\/Beniamino_Gigli_busto_a_Recnati.jpg\/440px-Beniamino_Gigli_busto_a_Recnati.jpg 2x\" alt=\"\" width=\"220\" height=\"293\" data-file-width=\"3259\" data-file-height=\"4345\" \/><\/a><\/p>\n<div class=\"thumbcaption\">\n<div class=\"magnify\"><\/div>\n<p>Busto di Beniamino Gigli a Recanati<\/p>\n<\/div>\n<\/div>\n<\/div>\n<p>&nbsp;<\/p>\n<\/div>\n<\/div>\n<\/div>\n<\/div>\n<\/div>\n<\/div>\n<\/div>\n<\/div>\n<\/div>\n<p><em>Fonti\u00a0 <a href=\"https:\/\/it.wikipedia.org\/wiki\/Euro_(cacciatorpediniere_1927)\">Wikipedia<\/a>\u00a0 ,\u00a0 \u00a0 <a href=\"https:\/\/didatticaluceinsabina.com\/2019\/03\/21\/la-festa-delluva-a-rieti-dai-carri-adorni-di-grappoli-agli-archi-trionfali-di-mortadella\/#jp-carousel-3339\">Archivio di Stato di Rieti, Archivio comunale di Rieti, Carteggio amministrativo. Rieti, Festa dell\u2019uva, Anni \u201930<\/a><\/em><\/p>\n<p>2.20<\/p>\n","protected":false},"excerpt":{"rendered":"<p style=\"text-align: center;\">Lotto comprendente : vaso lavorato a sbalzo, in argento massiccio, appartenuto al tenore <strong>Beniamino Gigli<\/strong> , donatogli in occasione della <strong>II Festa dell&#8217;Uva<\/strong> di <strong>Rieti<\/strong> del <strong>1931<\/strong> , dalla <strong>Federazione Provinciale Fascista<\/strong> della citt\u00e0 sabina ; foto originale del tenore con dedica e firma autografa datata 1937 , XV Era Fascista; tessera personale di Gigli del 1943-44 per l&#8217;ingresso ai concerti sinfonici al Teatro Adriano; assegno o cambiale bancaria con relativa firma autografa sempre di Beniamino Gigli.<\/p>\n<p style=\"text-align: center;\">In ottime condizioni, con bella patina del tempo, originale.<\/p>\n<p style=\"text-align: center;\">(<strong>P.A.R.\u00a0<\/strong> \u00a0Prezzo a richiesta\u00a0 \u00a0 \u00a0 &#8211;\u00a0 \u00a0 \u00a0 \u00a0<strong>P.O.D.<\/strong>\u00a0 \u00a0Price on demand)<\/p>\n<p style=\"text-align: center;\"><strong><em>(Scorri la pagina in basso per ulteriori dettagli e informazioni)<\/em><\/strong><\/p>\n<p>&nbsp;<\/p>\n<p>&nbsp;<\/p>\n","protected":false},"featured_media":4655,"comment_status":"open","ping_status":"closed","template":"","meta":[],"product_cat":[586],"product_tag":[479,197,155,481,156,480],"yoast_head":"<!-- This site is optimized with the Yoast SEO plugin v21.9.1 - https:\/\/yoast.com\/wordpress\/plugins\/seo\/ -->\n<title>\u274c\ud83d\ude41Beniamino Gigli RIETI 1931 - Festa dell&#039;uva - Argento - Thefinitive<\/title>\n<meta name=\"description\" content=\"Beniamino Gigli omaggio vaso in argento Festa dell&#039;uva Settembre 1931 - Rieti - Federazione Fascista PNF - Foto Autografa - Lyrical tenor Beniamino Gigli\" \/>\n<meta name=\"robots\" content=\"index, follow, max-snippet:-1, max-image-preview:large, max-video-preview:-1\" \/>\n<link rel=\"canonical\" href=\"https:\/\/thefinitive.com\/en\/prodotto\/beniamino-gigli-rieti-1931-festa-delluva-argento\/\" \/>\n<meta property=\"og:locale\" content=\"en_US\" \/>\n<meta property=\"og:type\" content=\"article\" \/>\n<meta property=\"og:title\" content=\"\u274c\ud83d\ude41Beniamino Gigli RIETI 1931 - Festa dell&#039;uva - Argento - Thefinitive\" \/>\n<meta property=\"og:description\" content=\"Beniamino Gigli omaggio vaso in argento Festa dell&#039;uva Settembre 1931 - Rieti - Federazione Fascista PNF - Foto Autografa - Lyrical tenor Beniamino Gigli\" \/>\n<meta property=\"og:url\" content=\"https:\/\/thefinitive.com\/en\/prodotto\/beniamino-gigli-rieti-1931-festa-delluva-argento\/\" \/>\n<meta property=\"og:site_name\" content=\"Thefinitive\" \/>\n<meta property=\"article:publisher\" content=\"https:\/\/business.facebook.com\/Thefinitive-111771813534320\/\" \/>\n<meta property=\"article:modified_time\" content=\"2023-03-20T14:48:37+00:00\" \/>\n<meta property=\"og:image\" content=\"https:\/\/thefinitive.com\/wp-content\/uploads\/2020\/02\/20200225_101603.jpg\" \/>\n\t<meta property=\"og:image:width\" content=\"2160\" \/>\n\t<meta property=\"og:image:height\" content=\"2160\" \/>\n\t<meta property=\"og:image:type\" content=\"image\/jpeg\" \/>\n<meta name=\"twitter:card\" content=\"summary_large_image\" \/>\n<meta name=\"twitter:label1\" content=\"Est. reading time\" \/>\n\t<meta name=\"twitter:data1\" content=\"10 minutes\" \/>\n<script type=\"application\/ld+json\" class=\"yoast-schema-graph\">{\"@context\":\"https:\/\/schema.org\",\"@graph\":[{\"@type\":\"WebPage\",\"@id\":\"https:\/\/thefinitive.com\/en\/prodotto\/beniamino-gigli-rieti-1931-festa-delluva-argento\/\",\"url\":\"https:\/\/thefinitive.com\/en\/prodotto\/beniamino-gigli-rieti-1931-festa-delluva-argento\/\",\"name\":\"\u274c\ud83d\ude41Beniamino Gigli RIETI 1931 - Festa dell'uva - Argento - Thefinitive\",\"isPartOf\":{\"@id\":\"https:\/\/thefinitive.com\/en\/#website\"},\"datePublished\":\"2020-02-25T13:59:22+00:00\",\"dateModified\":\"2023-03-20T14:48:37+00:00\",\"description\":\"Beniamino Gigli omaggio vaso in argento Festa dell'uva Settembre 1931 - Rieti - Federazione Fascista PNF - Foto Autografa - Lyrical tenor Beniamino Gigli\",\"breadcrumb\":{\"@id\":\"https:\/\/thefinitive.com\/en\/prodotto\/beniamino-gigli-rieti-1931-festa-delluva-argento\/#breadcrumb\"},\"inLanguage\":\"en-US\",\"potentialAction\":[{\"@type\":\"ReadAction\",\"target\":[\"https:\/\/thefinitive.com\/en\/prodotto\/beniamino-gigli-rieti-1931-festa-delluva-argento\/\"]}]},{\"@type\":\"BreadcrumbList\",\"@id\":\"https:\/\/thefinitive.com\/en\/prodotto\/beniamino-gigli-rieti-1931-festa-delluva-argento\/#breadcrumb\",\"itemListElement\":[{\"@type\":\"ListItem\",\"position\":1,\"name\":\"Home\",\"item\":\"https:\/\/thefinitive.com\/en\/\"},{\"@type\":\"ListItem\",\"position\":2,\"name\":\"Shop\",\"item\":\"https:\/\/thefinitive.com\/en\/shop-2\/\"},{\"@type\":\"ListItem\",\"position\":3,\"name\":\"\u274c\ud83d\ude41Beniamino Gigli RIETI 1931 &#8211; Festa dell&#8217;uva &#8211; Argento\"}]},{\"@type\":\"WebSite\",\"@id\":\"https:\/\/thefinitive.com\/en\/#website\",\"url\":\"https:\/\/thefinitive.com\/en\/\",\"name\":\"Thefinitive\",\"description\":\"Antiquariato Online\",\"publisher\":{\"@id\":\"https:\/\/thefinitive.com\/en\/#organization\"},\"potentialAction\":[{\"@type\":\"SearchAction\",\"target\":{\"@type\":\"EntryPoint\",\"urlTemplate\":\"https:\/\/thefinitive.com\/en\/?s={search_term_string}\"},\"query-input\":\"required name=search_term_string\"}],\"inLanguage\":\"en-US\"},{\"@type\":\"Organization\",\"@id\":\"https:\/\/thefinitive.com\/en\/#organization\",\"name\":\"Thefinitive\",\"url\":\"https:\/\/thefinitive.com\/en\/\",\"logo\":{\"@type\":\"ImageObject\",\"inLanguage\":\"en-US\",\"@id\":\"https:\/\/thefinitive.com\/en\/#\/schema\/logo\/image\/\",\"url\":\"https:\/\/thefinitive.com\/wp-content\/uploads\/2019\/07\/logo4vett.svg\",\"contentUrl\":\"https:\/\/thefinitive.com\/wp-content\/uploads\/2019\/07\/logo4vett.svg\",\"width\":500,\"height\":100,\"caption\":\"Thefinitive\"},\"image\":{\"@id\":\"https:\/\/thefinitive.com\/en\/#\/schema\/logo\/image\/\"},\"sameAs\":[\"https:\/\/business.facebook.com\/Thefinitive-111771813534320\/\",\"https:\/\/www.instagram.com\/_thefinitive_\/\"]}]}<\/script>\n<!-- \/ Yoast SEO plugin. -->","yoast_head_json":{"title":"\u274c\ud83d\ude41Beniamino Gigli RIETI 1931 - Festa dell'uva - Argento - Thefinitive","description":"Beniamino Gigli omaggio vaso in argento Festa dell'uva Settembre 1931 - Rieti - Federazione Fascista PNF - Foto Autografa - Lyrical tenor Beniamino Gigli","robots":{"index":"index","follow":"follow","max-snippet":"max-snippet:-1","max-image-preview":"max-image-preview:large","max-video-preview":"max-video-preview:-1"},"canonical":"https:\/\/thefinitive.com\/en\/prodotto\/beniamino-gigli-rieti-1931-festa-delluva-argento\/","og_locale":"en_US","og_type":"article","og_title":"\u274c\ud83d\ude41Beniamino Gigli RIETI 1931 - Festa dell'uva - Argento - Thefinitive","og_description":"Beniamino Gigli omaggio vaso in argento Festa dell'uva Settembre 1931 - Rieti - Federazione Fascista PNF - Foto Autografa - Lyrical tenor Beniamino Gigli","og_url":"https:\/\/thefinitive.com\/en\/prodotto\/beniamino-gigli-rieti-1931-festa-delluva-argento\/","og_site_name":"Thefinitive","article_publisher":"https:\/\/business.facebook.com\/Thefinitive-111771813534320\/","article_modified_time":"2023-03-20T14:48:37+00:00","og_image":[{"width":2160,"height":2160,"url":"https:\/\/thefinitive.com\/wp-content\/uploads\/2020\/02\/20200225_101603.jpg","type":"image\/jpeg"}],"twitter_card":"summary_large_image","twitter_misc":{"Est. reading time":"10 minutes"},"schema":{"@context":"https:\/\/schema.org","@graph":[{"@type":"WebPage","@id":"https:\/\/thefinitive.com\/en\/prodotto\/beniamino-gigli-rieti-1931-festa-delluva-argento\/","url":"https:\/\/thefinitive.com\/en\/prodotto\/beniamino-gigli-rieti-1931-festa-delluva-argento\/","name":"\u274c\ud83d\ude41Beniamino Gigli RIETI 1931 - Festa dell'uva - Argento - Thefinitive","isPartOf":{"@id":"https:\/\/thefinitive.com\/en\/#website"},"datePublished":"2020-02-25T13:59:22+00:00","dateModified":"2023-03-20T14:48:37+00:00","description":"Beniamino Gigli omaggio vaso in argento Festa dell'uva Settembre 1931 - Rieti - Federazione Fascista PNF - Foto Autografa - Lyrical tenor Beniamino Gigli","breadcrumb":{"@id":"https:\/\/thefinitive.com\/en\/prodotto\/beniamino-gigli-rieti-1931-festa-delluva-argento\/#breadcrumb"},"inLanguage":"en-US","potentialAction":[{"@type":"ReadAction","target":["https:\/\/thefinitive.com\/en\/prodotto\/beniamino-gigli-rieti-1931-festa-delluva-argento\/"]}]},{"@type":"BreadcrumbList","@id":"https:\/\/thefinitive.com\/en\/prodotto\/beniamino-gigli-rieti-1931-festa-delluva-argento\/#breadcrumb","itemListElement":[{"@type":"ListItem","position":1,"name":"Home","item":"https:\/\/thefinitive.com\/en\/"},{"@type":"ListItem","position":2,"name":"Shop","item":"https:\/\/thefinitive.com\/en\/shop-2\/"},{"@type":"ListItem","position":3,"name":"\u274c\ud83d\ude41Beniamino Gigli RIETI 1931 &#8211; Festa dell&#8217;uva &#8211; Argento"}]},{"@type":"WebSite","@id":"https:\/\/thefinitive.com\/en\/#website","url":"https:\/\/thefinitive.com\/en\/","name":"Thefinitive","description":"Antiquariato Online","publisher":{"@id":"https:\/\/thefinitive.com\/en\/#organization"},"potentialAction":[{"@type":"SearchAction","target":{"@type":"EntryPoint","urlTemplate":"https:\/\/thefinitive.com\/en\/?s={search_term_string}"},"query-input":"required name=search_term_string"}],"inLanguage":"en-US"},{"@type":"Organization","@id":"https:\/\/thefinitive.com\/en\/#organization","name":"Thefinitive","url":"https:\/\/thefinitive.com\/en\/","logo":{"@type":"ImageObject","inLanguage":"en-US","@id":"https:\/\/thefinitive.com\/en\/#\/schema\/logo\/image\/","url":"https:\/\/thefinitive.com\/wp-content\/uploads\/2019\/07\/logo4vett.svg","contentUrl":"https:\/\/thefinitive.com\/wp-content\/uploads\/2019\/07\/logo4vett.svg","width":500,"height":100,"caption":"Thefinitive"},"image":{"@id":"https:\/\/thefinitive.com\/en\/#\/schema\/logo\/image\/"},"sameAs":["https:\/\/business.facebook.com\/Thefinitive-111771813534320\/","https:\/\/www.instagram.com\/_thefinitive_\/"]}]}},"_links":{"self":[{"href":"https:\/\/thefinitive.com\/en\/wp-json\/wp\/v3\/product\/4829"}],"collection":[{"href":"https:\/\/thefinitive.com\/en\/wp-json\/wp\/v3\/product"}],"about":[{"href":"https:\/\/thefinitive.com\/en\/wp-json\/wp\/v2\/types\/product"}],"replies":[{"embeddable":true,"href":"https:\/\/thefinitive.com\/en\/wp-json\/wp\/v2\/comments?post=4829"}],"version-history":[{"count":2,"href":"https:\/\/thefinitive.com\/en\/wp-json\/wp\/v3\/product\/4829\/revisions"}],"predecessor-version":[{"id":14806,"href":"https:\/\/thefinitive.com\/en\/wp-json\/wp\/v3\/product\/4829\/revisions\/14806"}],"wp:featuredmedia":[{"embeddable":true,"href":"https:\/\/thefinitive.com\/en\/wp-json\/wp\/v2\/media\/4655"}],"wp:attachment":[{"href":"https:\/\/thefinitive.com\/en\/wp-json\/wp\/v2\/media?parent=4829"}],"wp:term":[{"taxonomy":"product_cat","embeddable":true,"href":"https:\/\/thefinitive.com\/en\/wp-json\/wp\/v2\/product_cat?post=4829"},{"taxonomy":"product_tag","embeddable":true,"href":"https:\/\/thefinitive.com\/en\/wp-json\/wp\/v2\/product_tag?post=4829"}],"curies":[{"name":"wp","href":"https:\/\/api.w.org\/{rel}","templated":true}]}}