{"id":4638,"date":"2020-02-21T11:08:06","date_gmt":"2020-02-21T11:08:06","guid":{"rendered":"https:\/\/www.thefinitive.com\/?post_type=product&#038;p=4638"},"modified":"2023-03-20T15:48:39","modified_gmt":"2023-03-20T14:48:39","slug":"pnf-fascio-primigenio-distintivo-per-giacca-argento-smaltato","status":"publish","type":"product","link":"https:\/\/thefinitive.com\/en\/prodotto\/pnf-fascio-primigenio-distintivo-per-giacca-argento-smaltato\/","title":{"rendered":"\u274c\ud83d\ude41PNF fascio Primigenio distintivo per giacca &#8211; Argento smaltato"},"content":{"rendered":"<p>Distintivo a bottone del <strong>PNF<\/strong> , con <strong>fascio<\/strong> <strong>littorio<\/strong> del primo tipo , <strong>primigenio<\/strong> ( scure in testa alla fascina di verghe ). Tipologia di fascio\u00a0 usata dall&#8217;inizio dei movimenti rivoluzioniari dei primi fascisti dal <strong>1919<\/strong> , passando per i <strong>Sansepolcristi<\/strong>, alla fondazione dei <strong>Fasci di Combattimento<\/strong>, ed alla conclamazione del regime fascista nel <strong>1922<\/strong>, e fino al <strong>1927<\/strong> anno in cui viene modificato il simbolo cambiando lo stile della grafica (da uno stile liberty ad uno pi\u00f9 &#8220;<em>moderno&#8221;<\/em> e razionale) e spostando la scure di lato al fascio.<\/p>\n<p>Il distintivo del PNF con fascio primigenio , \u00e8 del tipo a bottone per occhiello di giacca, in argento marcato <strong>800<\/strong> (al retro) , con smalto nero a circondare il fascio littorio con doratura originale.<\/p>\n<p>In ottime condizioni di conservazione, senza danni o riparazioni da evidenziare.<\/p>\n<p>&nbsp;<\/p>\n<p><strong>MATERIALE\u00a0 \u00a0 \u00a0:\u00a0<\/strong> Argento, smaltato e dorato<\/p>\n<p><strong>MISURE\u00a0 \u00a0 \u00a0 \u00a0 \u00a0 \u00a0 :<\/strong>\u00a0 mm.16 x 10\u00a0 \u00a0circa<\/p>\n<p><strong>MARCHIO\u00a0 \u00a0 \u00a0 \u00a0 \u00a0:<\/strong>\u00a0 &#8211;<\/p>\n<p>&nbsp;<\/p>\n<h2><\/h2>\n<h2 style=\"text-align: left;\">NOTIZIE<\/h2>\n<div class=\"thumb tright\">\n<div class=\"thumbinner\">\n<p>Il termine <b>sansepolcrismo<\/b>\u00a0\u00e8 utilizzato per riferirsi al periodo storico delle origini del\u00a0fascismo\u00a0in Italia, ispirato ai principi enunciati da\u00a0Benito Mussolini\u00a0il 23 marzo\u00a01919\u00a0all&#8217;atto di fondazione dei\u00a0Fasci italiani di combattimento\u00a0durante l&#8217;adunata di\u00a0piazza San Sepolcro\u00a0a\u00a0Milano\u00a0e poi pubblicati l&#8217;indomani su\u00a0<i>Il Popolo d&#8217;Italia<\/i>.<\/p>\n<div class=\"thumbcaption\">\n<div id=\"toc\" class=\"toc\">\n<p>&nbsp;<\/p>\n<\/div>\n<h2><span id=\"Il_Fascio_.22primigenio.22\"><\/span><span id=\"Il_Fascio_&quot;primigenio&quot;\" class=\"mw-headline\">Il Fascio &#8220;primigenio&#8221;<\/span><\/h2>\n<p>Il 2 marzo\u00a01919\u00a0apparve su\u00a0<strong><i>Il Popolo d&#8217;Italia<\/i><\/strong>\u00a0un comunicato in cui si indiceva una riunione programmatica per il 23 dello stesso mese e le prime adesioni giunsero gi\u00e0 il 4 marzo da Genova da parte del\u00a0Fascio dei Reduci di guerra\u00a0&#8220;Italia Redenta&#8221; e del circolo &#8220;Pensiero e Azione&#8221;. In seguito da parte di diverse associazioni combattentistiche sparse in tutta Italia e circa 500 adesioni a titolo individuale.<\/p>\n<p>Il comunicato fu rinnovato il successivo 9 marzo sul Popolo d&#8217;Italia: \u00abIl 23 marzo sar\u00e0 creato l'&#8221;<strong><i>antipartito<\/i><\/strong>&#8221; sorgeranno cio\u00e8 i\u00a0<strong>Fasci di Combattimento<\/strong>, che faranno fronte contro due pericoli: quello misoneista di destra e quello distruttivo di sinistra\u00bb.<\/p>\n<p>La sera del <strong>21 marzo\u00a01919<\/strong>, nei locali dell&#8217;<strong>Associazione Commercianti ed Esercenti<\/strong>, in piazza <strong>San Sepolcro<\/strong> fu ufficialmente fondato il\u00a0<strong>Fascio di Combattimento di Milano<\/strong>, il cosiddetto &#8220;<strong>Fascio primigenio<\/strong>&#8221; dal quale trae poi origine il disegno del distintivo del PNF. Al termine della prima riunione fu formata la Giunta del Fascio di Combattimento milanese composta da: Benito Mussolini, Ferruccio Vecchi, Enzo Ferrari, Michele Bianchi, Mario Giampaoli, Ferruccio Ferradini, e Carlo Meraviglia. Si stabil\u00ec inoltre che l&#8217;adunata del 23 sarebbe stata presieduta dal capitano degli arditi Ferruccio Vecchi e segretario della giunta esecutiva fu nominato Michele Bianchi. pnf fascio primigenio distintivo<\/p>\n<h2><span id=\"La_fondazione_dei_Fasci_di_combattimento\" class=\"mw-headline\">La fondazione dei Fasci di combattimento<\/span><\/h2>\n<p>Nei giorni precedenti si susseguirono voci che imputavano alle Guardie Rosse\u00a0l&#8217;intenzione di impedire l&#8217;adunatae la sera precedente iniziarono a confluire parte dei convenuti a Milano, quasi tutti ex combattenti, ma il mattino del 23 marzo\u00a0piazza San Sepolcro\u00a0fu trovata tranquilla da Giampaoli e Meraviglia che erano appositamente arrivati in anticipo per vagliare la situazione.<\/p>\n<p>La riunione del 23 marzo, inizialmente destinata a svolgersi al\u00a0Teatro Dal Verme, vista la partecipazione inferiore alle aspettative, si tenne nella sala riunioni del Circolo dell&#8217;Alleanza Industriale, in\u00a0piazza San Sepolcro\u00a0a\u00a0Milano, messa a disposizione dal presidente dell&#8217;Alleanza Industriale, l&#8217;interventista\u00a0e\u00a0massone\u00a0Cesare Goldmann, che aveva gi\u00e0 finanziato\u00a0<i>Il Popolo d&#8217;Italia<\/i>\u00a0e prese parte al convegno. Il primo a prendere la parola fu Ferruccio Vecchi, che in qualit\u00e0 di presidente dell&#8217;assemblea apr\u00ec la riunione, seguito dal tenente\u00a0Enzo Agnelli\u00a0che porse i saluti del Fascio di Milano fondato appena due giorni prima.<\/p>\n<div class=\"thumb tright\">\n<div class=\"thumbinner\">\n<p><a class=\"image\" href=\"https:\/\/it.wikipedia.org\/wiki\/File:Mussolini_nel_1919.jpg\"><img loading=\"lazy\" decoding=\"async\" class=\"thumbimage\" src=\"https:\/\/upload.wikimedia.org\/wikipedia\/it\/thumb\/8\/85\/Mussolini_nel_1919.jpg\/150px-Mussolini_nel_1919.jpg\" srcset=\"\/\/upload.wikimedia.org\/wikipedia\/it\/8\/85\/Mussolini_nel_1919.jpg 1.5x\" alt=\"\" width=\"150\" height=\"158\" data-file-width=\"190\" data-file-height=\"200\" \/><\/a><\/p>\n<p>Mussolini nel 1919<\/p>\n<\/div>\n<\/div>\n<p>&nbsp;<\/p>\n<p>Il primo intervento programmatico fu di Mussolini\u00a0che espose a grandi linee i tre punti fondanti del nuovo movimento, furono riassunti il giorno seguente dal\u00a0<i>Il Popolo d&#8217;Italia<\/i>:<\/p>\n<table class=\"citazione-table\">\n<tbody>\n<tr>\n<td>\u00abI.\u00a0<i>L&#8217;adunata del 23 marzo rivolge il suo primo saluto e il suo memore e reverente pensiero ai figli d&#8217;Italia che sono caduti per la grandezza della Patria e per la libert\u00e0 del Mondo, ai mutilati e invalidi, a tutti i combattenti, agli ex prigionieri che compirono il loro dovere, e si dichiara pronta a sostenere energicamente le rivendicazioni d&#8217;ordine materiale e morale che saran propugnate dalle associazioni dei combattenti<\/i><br \/>\nII.\u00a0<i>L&#8217;adunata del 23 marzo dichiara di opporsi all&#8217;imperialismo degli altri popoli a danno dell&#8217;Italia e all&#8217;eventuale imperialismo italiano a danno di altri popoli; accetta il postulato supremo della Societ\u00e0 delle Nazioni e presuppone l&#8217;integrazione di ognuna di esse, integrazione che per quanto riguarda l&#8217;Italia deve realizzarsi sulle Alpi e sull&#8217;Adriatico colla rivendicazione e annessione di Fiume e della Dalmazia<\/i><br \/>\nIII.\u00a0<i>L&#8217;adunata del 23 marzo impegna i fascisti a sabotare con tutti i mezzi le candidature dei neutralisti di tutti i partiti<\/i>\u00bb<\/td>\n<\/tr>\n<tr>\n<td><\/td>\n<\/tr>\n<\/tbody>\n<\/table>\n<p>Dopo Mussolini intervenne\u00a0<strong><a title=\"Filippo Tommaso Marinetti\" href=\"https:\/\/it.wikipedia.org\/wiki\/Filippo_Tommaso_Marinetti\">Filippo Tommaso Marinetti<\/a><\/strong>\u00a0che invit\u00f2 gli intervenuti a contrastare il Partito socialista che accus\u00f2 di sferrare un assalto alla Nazione (era il periodo del\u00a0biennio rosso) sfruttando \u00abla necessit\u00e0 di maggior giustizia sociale\u00bb delle folle operaie. Segu\u00ec un breve intervento di\u00a0<strong>Mario Carli<\/strong>\u00a0che port\u00f2 l&#8217;adesione di alcuni Fasci futuristi come quello di Roma, Firenze, Perugia e Taranto. Le linee guida di Mussolini, messe ai voti, furono approvate all&#8217;unanimit\u00e0 dall&#8217;assemblea.<\/p>\n<p>L&#8217;assemblea fu sospesa per riprendere i lavori nel pomeriggio.\u00a0Celso Morisi\u00a0present\u00f2 un\u00a0ordine del giorno, approvato per acclamazione, a favore degli operai della\u00a0Dalmine e di Pavia che pur essendo entrati in\u00a0sciopero\u00a0e avendo occupato le fabbriche avevano continuato ugualmente a lavorare. Seguirono poi gli interventi di Malusardi e di\u00a0Giovanni Capodivacca\u00a0che richiese di \u00abdare un contenuto esatto all&#8217;azione fascista\u00bb e in particolare di \u00abfare propri i problemi urgenti dell&#8217;assistenza ai danneggiati della guerra\u00bb. L&#8217;intervento di Capodivacca provoc\u00f2 ulteriori precisazioni di Mussolini che prese nuovamente la parola gettando le basi del\u00a0Corporativismo\u00a0e anticipando la costituzione della\u00a0Camera dei Fasci e delle Corporazioni.<\/p>\n<table class=\"citazione-table\">\n<tbody>\n<tr>\n<td>\u00ab<em>L&#8217;attuale rappresentanza politica non ci pu\u00f2 bastare; vogliamo una Rappresentanza diretta dei singoli interessi, perch\u00e9 io come cittadino, posso votare secondo le mie idee, come professionista devo poter votare secondo le mie caratteristiche professionali. Si potrebbe dire contro questo programma che si ritorna alle corporazioni, non importa. Si tratta di costituire dei Consigli di categoria che integrino la rappresentanza sinceramente politica.<\/em>\u00bb<\/td>\n<\/tr>\n<tr>\n<td>(<small>Dal discorso del 23 marzo 1919<\/small>)<\/td>\n<\/tr>\n<\/tbody>\n<\/table>\n<p>Intervennero numerosi altri convenuti tra cui\u00a0<strong>Luigi Razza<\/strong>\u00a0e\u00a0<strong>Giovanni Marinelli<\/strong>.\u00a0Michele Bianchi\u00a0fece l&#8217;unico intervento in parte critico della giornata sottolineando che \u00abTutto ci\u00f2 che la societ\u00e0 attuale contiene di ostacoli per il mantenimento sociale sar\u00e0 da eliminarsi. Perfettamente d&#8217;accordo. Soltanto che, prima ancora dell&#8217;eliminazione, dovremo creare l&#8217;organismo, il sistema, l&#8217;ingranaggio da mettere al posto di quello di cui intendiamo disfarci\u00bb.<\/p>\n<h2><span id=\"Le_basi_ideologiche\" class=\"mw-headline\">Le basi ideologiche<\/span><\/h2>\n<p>Fin dai propositi dichiarati da Mussolini si vede l&#8217;obiettivo di creare la &#8220;terza via&#8221; fra i due opposti poli al di sopra delle divergenti opinioni dei partiti, e sviluppandosi nell&#8217;ambito delle teorie moderniste sull&#8217;Uomo nuovo:<\/p>\n<table class=\"citazione-table\">\n<tbody>\n<tr>\n<td>\u00abNoi ci permettiamo di essere aristocratici e democratici, conservatori e progressisti, reazionari e rivoluzionari, legalisti e illegalisti, a seconda delle circostanze di tempo, di luogo e di ambiente\u00bb<\/td>\n<\/tr>\n<\/tbody>\n<\/table>\n<div class=\"thumb tright\">\n<div class=\"thumbinner\">\n<p><a class=\"image\" href=\"https:\/\/it.wikipedia.org\/wiki\/File:Piazza_san_sepolcro_1919.jpg\"><img loading=\"lazy\" decoding=\"async\" class=\"thumbimage\" src=\"https:\/\/upload.wikimedia.org\/wikipedia\/commons\/thumb\/7\/79\/Piazza_san_sepolcro_1919.jpg\/220px-Piazza_san_sepolcro_1919.jpg\" srcset=\"\/\/upload.wikimedia.org\/wikipedia\/commons\/thumb\/7\/79\/Piazza_san_sepolcro_1919.jpg\/330px-Piazza_san_sepolcro_1919.jpg 1.5x, \/\/upload.wikimedia.org\/wikipedia\/commons\/thumb\/7\/79\/Piazza_san_sepolcro_1919.jpg\/440px-Piazza_san_sepolcro_1919.jpg 2x\" alt=\"\" width=\"220\" height=\"162\" data-file-width=\"450\" data-file-height=\"332\" \/><\/a><\/p>\n<div class=\"thumbcaption\">\n<div class=\"magnify\"><\/div>\n<p>Piazza San Sepolcro, riunione pnf , dal distintivo fascio primigenio, di Mussolini con camicie nere, militari e balilla<\/p>\n<\/div>\n<\/div>\n<\/div>\n<p>Lo storico\u00a0Emilio Gentile\u00a0evidenzia come la stessa espressione &#8220;movimento fascista&#8221;, espressione gi\u00e0 utilizzata nel 1915 su\u00a0<i>Il Popolo d&#8217;Italia<\/i>\u00a0definisca \u00abun&#8217;associazione di tipo nuovo, l&#8217;antipartito, formato da spiriti liberi di militanti politici che rifiutavano i vincoli dottrinari e organizzativi di un partito\u00bb. Il movimento fascista di Mussolini propugnava una\u00a0rivoluzione nazionale\u00a0che portasse al governo della nazione una nuova classe dirigente formata principalmente dai reduci della\u00a0Grande guerra\u00a0delusi dalla &#8220;Vittoria mutilata&#8221; presenti in maniera trasversale in tutti i partiti. Accanto a rivendicazioni radicali come il\u00a0repubblicanesimo, l&#8217;antiparlamentarismo\u00a0e l&#8217;anticlericalismo che volevano scavalcare a sinistra il\u00a0Partito Socialista Italiano, obiettivo immediato dei fasci di combattimento erano le rivendicazioni\u00a0irredentiste\u00a0di\u00a0Fiume\u00a0e della\u00a0Dalmazia e la contrapposizione, anche violenta, ai socialisti e in generale al\u00a0bolscevismo che si erano posti alla guida degli scioperi e delle agitazioni operaie, spesso violente, degli anni 1919-1920, periodo noto come\u00a0Biennio rosso\u00a0che tocc\u00f2 buona parte dell&#8217;Europa. Contrapposizione che diede vita al fenomeno dello\u00a0squadrismo.<\/p>\n<p>Destinatari del messaggio fascista furono in primo luogo ricercati nella sinistra, la quale lungi dal voler sovvertire lo Stato, vi portasse le proprie istanze e lo &#8220;socializzasse&#8221; dall&#8217;interno. I Fasci di Combattimento sarebbero serviti a legare alcuni di questi mondi non omogenei come gli interventisti di sinistra, i futuristi, gli ex arditi, i repubblicani e i sindacalisti rivoluzionari. Un gruppo distintivo di Arditi (la maggior parte degli Arditi) si schier\u00f2 con il PNF del fascio primigenio fin dall&#8217;inizio, infatti a presiedere l&#8217;assemblea vi era il capitano <strong>Ferruccio Vecchi<\/strong> il quale come molti capi fascisti, tra cui Giuseppe Bottai e Mario Carli, proveniva dall&#8217;arditismo.<\/p>\n<p><span class=\"chiarimento\" title=\"Il testo selezionato deve essere comprovato da una fonte affidabile. Modifica la pagina per aggiungere fonti.\">Riferendosi al fascismo delle origini,\u00a0Renzo De Felice\u00a0ha ritenuto di poter distinguere tra la politica di\u00a0Mussolini\u00a0(\u00abci\u00f2 che il Fascismo effettivamente fu\u00bb), determinata in larga misura, a suo modo di vedere, dalle necessit\u00e0 contingenti di adattamento alle situazioni del momento &#8211; e per questo spesso incoerente &#8211; e le aspirazioni di buona parte dei fascisti, che sarebbero invece rimasti legati al &#8220;<strong>sansepolcrismo<\/strong>&#8221; (\u00abci\u00f2 che il Fascismo si era proposto di essere\u00bb).<\/span><\/p>\n<h3><span id=\"Il_programma_di_San_Sepolcro\" class=\"mw-headline\">Il programma di San Sepolcro<\/span><\/h3>\n<div class=\"thumb tright\">\n<div class=\"thumbinner\">\n<p><a class=\"image\" href=\"https:\/\/it.wikipedia.org\/wiki\/File:Fasci_di_combattimento.jpg\"><img loading=\"lazy\" decoding=\"async\" class=\"thumbimage\" src=\"https:\/\/upload.wikimedia.org\/wikipedia\/commons\/thumb\/9\/90\/Fasci_di_combattimento.jpg\/350px-Fasci_di_combattimento.jpg\" srcset=\"\/\/upload.wikimedia.org\/wikipedia\/commons\/thumb\/9\/90\/Fasci_di_combattimento.jpg\/525px-Fasci_di_combattimento.jpg 1.5x, \/\/upload.wikimedia.org\/wikipedia\/commons\/9\/90\/Fasci_di_combattimento.jpg 2x\" alt=\"\" width=\"350\" height=\"246\" data-file-width=\"700\" data-file-height=\"492\" \/><\/a><\/p>\n<div class=\"thumbcaption\">\n<p>Manifesto dei Fasci Italiani di Combattimento pubblicato su &#8220;Il Popolo d&#8217;Italia&#8221; del 6 giugno\u00a01919<\/p>\n<\/div>\n<\/div>\n<\/div>\n<p>&nbsp;<\/p>\n<p>Il programma di San Sepolcro, pubblicato su &#8220;Il Popolo d&#8217;Italia&#8221; del 24 marzo\u00a01919\u00a0si caratterizz\u00f2 per le tematiche nazionaliste:<\/p>\n<ul>\n<li>\u00abSe noi abbiamo scelto questa strada \u00e8 segno che ci sono nella nostra storia, nel nostro sangue, degli elementi e dei fermenti di grandezza, poich\u00e9 se ci\u00f2 non fosse noi oggi saremmo l&#8217;ultimo popolo del mondo [&#8230;]\u00bb<\/li>\n<li>\u00abdichiara di opporsi all&#8217;imperialismo degli altri popoli a danno dell&#8217;Italia e all&#8217;eventuale imperialismo italiano a danno di altri popoli [&#8230;]\u00bb<\/li>\n<\/ul>\n<p>e sindacaliste (UIL), questo per l&#8217;apporto di Alceste De Ambris e Mussolini e in parte ricavato dal manifesto del\u00a0<a title=\"Partito Politico Futurista\" href=\"https:\/\/it.wikipedia.org\/wiki\/Partito_Politico_Futurista\">Partito Politico Futurista<\/a><sup id=\"cite_ref-23\" class=\"reference\"><\/sup>:<\/p>\n<ul>\n<li>\u00abse la borghesia crede di trovare in noi dei parafulmini, s&#8217;inganna\u00bb.<\/li>\n<li>\u00abBisogna perci\u00f2 accettare i postulati delle classi lavoratrici&#8230;anche perch\u00e9 vogliamo abituare le classi operaie alla capacit\u00e0 direttiva delle aziende\u00bb.<\/li>\n<li>\u00abPer quello che riguarda la democrazia economica, noi ci mettiamo sul terreno del sindacalismo nazionale e contro l&#8217;ingerenza dello Stato\u00bb.<\/li>\n<\/ul>\n<p>Nel\u00a01936\u00a0il\u00a0Partito Comunista d&#8217;Italia\u00a0tentando di recuperare i &#8220;<strong>fratelli in camicia nera<\/strong>&#8221; si dichiar\u00f2 disposto a farlo proprio.<\/p>\n<p>\u00c8 notevole che inizialmente i Fasci, stando al programma di Sansepolcro, non fossero propriamente antidemocratici, dichiarando anzi come loro principio fondamentale la partecipazione democratica alle &#8220;libere elezioni&#8221; (dettaglio del programma che scomparir\u00e0 gradualmente a partire dal disastro delle elezioni, alle quali i\u00a0Fasci italiani di combattimento\u00a0verranno surclassati).<\/p>\n<h3><span id=\"Il_manifesto_dei_Fasci\" class=\"mw-headline\">Il manifesto dei Fasci<\/span><\/h3>\n<p>Il 6 giugno\u00a01919\u00a0fu pubblicato sul Popolo d&#8217;Italia il\u00a0<strong><i>Manifesto dei Fasci Italiani di Combattimento<\/i><\/strong>\u00a0alla cui stesura aveva collaborato attivamente\u00a0<strong>Alceste De Ambris<\/strong>. Qui vengono avanzate numerose proposte di riforma politica e sociale in senso progressista, solo parte delle quali vennero realizzate durante il periodo del Regime (1922-1943), e che pur riprese successivamente durante la\u00a0Repubblica Sociale Italiana\u00a0come la\u00a0socializzazione delle imprese e dei mezzi di produzione\u00a0rimasero sostanzialmente inapplicate a causa degli eventi bellici.<\/p>\n<h2><span id=\"I_partecipanti\" class=\"mw-headline\">I partecipanti<\/span><\/h2>\n<div class=\"thumb tright\">\n<div class=\"thumbinner\">\n<p><a class=\"image\" href=\"https:\/\/it.wikipedia.org\/wiki\/File:FilippoTommasoMarinetti.jpg\"><img loading=\"lazy\" decoding=\"async\" class=\"thumbimage\" src=\"https:\/\/upload.wikimedia.org\/wikipedia\/commons\/thumb\/5\/57\/FilippoTommasoMarinetti.jpg\/150px-FilippoTommasoMarinetti.jpg\" srcset=\"\/\/upload.wikimedia.org\/wikipedia\/commons\/thumb\/5\/57\/FilippoTommasoMarinetti.jpg\/225px-FilippoTommasoMarinetti.jpg 1.5x, \/\/upload.wikimedia.org\/wikipedia\/commons\/thumb\/5\/57\/FilippoTommasoMarinetti.jpg\/300px-FilippoTommasoMarinetti.jpg 2x\" alt=\"\" width=\"150\" height=\"206\" data-file-width=\"354\" data-file-height=\"486\" \/><\/a><\/p>\n<div class=\"thumbcaption\">\n<div class=\"magnify\"><\/div>\n<p>In ricordo dell&#8217;adunata del 23 marzo Marinetti scrisse nel\u00a01939\u00a0<i><a title=\"Il poema dei sansepolcristi\" href=\"https:\/\/it.wikipedia.org\/wiki\/Il_poema_dei_sansepolcristi\">Il poema dei sansepolcristi<\/a><\/i><\/p>\n<\/div>\n<\/div>\n<\/div>\n<p>&nbsp;<\/p>\n<p>Assieme a Mussolini si trovano riunite dalle cento alle trecento persone, tra cui Italo Balbo, Emilio De Bono, Michele Bianchi e Cesare Maria De Vecchi, futuri protagonisti della Marcia su Roma; Manlio Morgagni, futuro presidente-direttore generale dell&#8217;Agenzia Stefani e personaggi di diversa formazione ed esperienza culturale e politica i cui i nuclei pi\u00f9 compatti erano formati da reduci della Grande Guerra, Arditi e futuristi cui si aggiungevano nazionalisti, sindacalisti rivoluzionari, anarchici e repubblicani (tutti che aderirono al PNF dal distintivo fascio primigenio) . Secondo un rapporto di polizia non furono pi\u00f9 di trecento a rispondere all&#8217;appello di Mussolini intervenendo di persona all&#8217;adunata. Ma in seguito, quando Mussolini divenne Capo dello Stato, migliaia di persone rivendicarono l&#8217;onore di aver partecipato a quella riunione fondativa del fascismo e ottennero, in qualche modo, un riconoscimento ufficiale. Secondo Mussolini la riunione non colse i successi sperati, d&#8217;altronde nei mesi successivi i Fasci, con l&#8217;eccezione di Milano, pur avendo aperto sezioni in diverse citt\u00e0 non ottennero adesioni massicce e alle elezioni politiche italiane del 1919 subirono una dura sconfitta.<\/p>\n<p>Alcuni tra coloro che parteciparono alla riunione aderirono in seguito all&#8217;antifascismo.<\/p>\n<h3><span id=\"Componenti_della_giunta_esecutiva_del_Fascio_di_Milano\" class=\"mw-headline\">Componenti della giunta esecutiva del Fascio di Milano<\/span><\/h3>\n<ul>\n<li>Benito Mussolini<\/li>\n<li>Ferruccio Vecchi<\/li>\n<li>Enzo Ferrari, avvocato, ex socialista, componente della giunta esecutiva del Fascio di Milano. Il 6 maggio 1919 diventa membro della prima segreteria nazionale con la responsabilit\u00e0 della propaganda<\/li>\n<li>Michele Bianchi<\/li>\n<li>Mario Giampaoli<\/li>\n<li>Ferruccio Ferradini<\/li>\n<li>Carlo Meraviglia<\/li>\n<\/ul>\n<h3><span id=\"Lista_di_sansepolcristi\" class=\"mw-headline\">Lista di sansepolcristi<\/span><\/h3>\n<p>Enrico Agnelli &#8211; Francesco Angiolini &#8211; Leandro Arpinati &#8211; Salvatore Attal &#8211; Giuseppe Aversa -Renato Barabandi &#8211; Ettore Bartolozzi, ex redattore de\u00a0<i>La Rivolta<\/i>, giornale di Lugano (1913) &#8211; Cristoforo Baseggio -Ettore Benvenuti &#8211; Giosu\u00e8 Berti &#8211; Enrico Besana, che di l\u00ec a poco entrer\u00e0 a far parte anche della Commissione amministrativa &#8211; Piero Besozzi &#8211; Camillo Bianchi &#8211; Michele Bianchi &#8211; Umberto Bianchi &#8211; Ambrogio Binda &#8211; Vittorio Boattini &#8211; Emilio Bollani &#8211; Pio Bolzani &#8211; Napoleone Bonafini &#8211; Francesco Bonavita &#8211; Andrea Bonduri &#8211; Nicola Bonservizi &#8211; Ettore Boschi &#8211; Nereo Bosi &#8211; Piero Bottini &#8211; Natale Bozzolo &#8211; Ettore Brambilla &#8211; Giovanni Brambillaschi &#8211; Giselda Brebbia &#8211; Italo Bresciani &#8211; Amedeo Brocchieri &#8211; Giuseppe Brunati &#8211; Giunio Bruzzesi &#8211; Udo Caiani &#8211; Giacomo Canavesi &#8211; Giovanni Capodivacca, redattore de\u00a0<i>Il Popolo d&#8217;Italia<\/i>, e, ai primi del 1920, protagonista di una clamorosa vertenza sindacale e politica con Mussolini e il suo giornale &#8211; Giuseppe Capurro &#8211; Carabellese &#8211; Camillo Carcano &#8211; Mario Carli &#8211; Giulio Casanova &#8211; Giuseppe Cattaneo &#8211; Guido Causin &#8211; -Manlio Cavallari &#8211; Federico Cerasola &#8211; Gino Chierini &#8211; Ernesto Chiesa &#8211; Giovanni Chiesa &#8211; Guido Ciarrocca &#8211; Giulio Colomati &#8211; Giuseppe Colombo &#8211; Giuseppe Conconi &#8211; Ferruccio Consonni &#8211; Aristide Contessi &#8211; Pasquale Contreras &#8211; Giovanni Cornelli &#8211; Bruno Corra &#8211; Giuseppe Costaman &#8211; Michele Costantino &#8211; Leonardo Cottarelli &#8211; Ferruccio Dacc\u00f2 &#8211; Ettore Dagnino &#8211; Ernesto Daquanno &#8211; Defendente De Amici &#8211; Ernesto De Angelis &#8211; Emilio De Magistris &#8211; Filippo De Magistris &#8211; Luigi Deffenu &#8211; Antonio Maria Del Grosso &#8211; Guido Del Latte &#8211; G.R. Dentici &#8211; Mario Dessy &#8211; Dante Dini &#8211; Giovanni Dondena &#8211; Luigi Ercolano &#8211; Nino Fabbianini &#8211; Ottorino Fabbri &#8211; Sileno Fabbri &#8211; Aldo Fabbrini &#8211; Antonio Facchini &#8211; Vittorio Faillaci &#8211; Pietro Falletti &#8211; Quintilio Falugi &#8211; Roberto Farinacci &#8211; Ettore Fasani &#8211; Benedetto Fasciolo &#8211; Ferruccio Ferradini &#8211; Gaetano Ferrara &#8211; Enzo Ferrari &#8211; Franco Fiecchi &#8211; Aldo Franceschelli &#8211; Erminio Franzi &#8211; Alcide Fraschini &#8211; Giuseppe Fraschini &#8211; Antonio Frattigiani &#8211; Luigi Freddi &#8211; Pietro Freschi &#8211; Armando Frigerio &#8211; Achille Funi &#8211; Bartolomeo Fuseri &#8211; Aurelio Galassi &#8211; Amleto Galimberti &#8211; Decio Canzio Garibaldi &#8211; Pietro Gera &#8211; Domenico Ghetti &#8211; Ettore Giannello &#8211; Mario Gioda &#8211; Giuseppe Giovannozzi &#8211; Sandro Giuliani &#8211; Valeriano Giunchedi &#8211; Gino Gobbi &#8211; Cesare Goldmann &#8211; Cesare Gradella &#8211; Filippo Greppi &#8211; Guido Guerrini &#8211; Giorgio Guglielmi &#8211; Piero Jacchia &#8211; Francesco Jachetti &#8211; Mario Jerkling &#8211; Luigi Lanfranconi &#8211; Ajmone Leone &#8211; Attilio Longoni, dal 6 maggio 1919 primo segretario nazionale del Fasci Italiani di Combattimento &#8211; G.B. Losacco &#8211; Riccardo Luzzatto &#8211; Oreste Mainardi &#8211; Emilio Malaspina &#8211; Edoardo Malusardi &#8211; Marco Marchi &#8211; Ernesto Marchiandi &#8211; Giovanni Marinelli &#8211; Filippo Tommaso Marinetti &#8211; Alfredo Giorgio Mariola &#8211; Rodolfo Martignoni &#8211; Angelo Martina &#8211; Giuseppe Marzagalli &#8211; Quirino Marzari &#8211; Giorgio Marzola &#8211; Giovanni Masnata &#8211; Luigi Massaretti &#8211; Cornelia Mastrangelo Stefanini &#8211; Tito Mazzi &#8211; Edmondo Mazzuccato &#8211; Giuseppe Mazzucco &#8211; Enzo Mecheri &#8211; Gino Melli &#8211; Carlo Meraviglia &#8211; Bruno Michelini &#8211; Mario Modoli &#8211; Manlio Morgagni &#8211; Celso Morisi, il 6 maggio 1919 diventa membro della prima segreteria nazionale come segretario amministrativo &#8211; Paolo Moroni &#8211; Arnaldo Mussolini &#8211; Maria Nascimbeni &#8211; Luigi Pacciarini &#8211; Michele Pacciarini &#8211; Umberto Pasella &#8211; Sebastiano Patan\u00e8 &#8211; Giuseppe Pedalino &#8211; Gino Pedoja &#8211; Fernanda Peyrani (Fernanda Ghelfi sposata con Italo Peyrani) &#8211; Italo Peyrani &#8211; Antonio Perazzoli &#8211; Pericle Peruzzi &#8211; Pesce &#8211; Guido Pesenti &#8211; Pacifico Guido Pianigiani &#8211; Giorgio Piccoli &#8211; Piolti De Bianchi Paolina &#8211; Guido Podrecca &#8211; Josto Porcu &#8211; Alessandro Pozzi &#8211; Carlo Raimondi &#8211; Angelo Ranieri Scarsi &#8211; Angelo Ranzanici &#8211; Luigi Razza &#8211; Ubaldo Riva &#8211; Giovanni Rocca &#8211; G.B. Roncari &#8211; Arturo Rossato &#8211; Cesare Rossi &#8211; Edmondo Rossoni &#8211; Salimbeni &#8211; Francesco Sanna &#8211; Cleto Scarani &#8211; Agostino Scarpa &#8211; Angelo Scarzi Ranieri &#8211; Virgilio Semino &#8211; Emilio Settimelli &#8211; Salvatore Stefanini &#8211; Gino Svanoni &#8211; Ines Tedeschi Norsa &#8211; Vittorio Tedeschi &#8211; Giuseppe Tegon &#8211; Arveno Terno &#8211; Regina Terruzzi &#8211; Paolo Tettamanti &#8211; Gina Tinozzi &#8211; Giovanni Tomasini &#8211; Ernesto Torrusio &#8211; Alfonso Vajana &#8211; Ferruccio Vecchi &#8211; Angelo Vergani &#8211; Menotti Vezzani &#8211; Giuseppe Vincenzi &#8211; Vittorio Vitaloni &#8211; Albino Volpi &#8211; Luigi Zanoncelli &#8211; Ferdinando Zappi &#8211; Italo Balbo &#8211; Ettore Bartolazzi, ex redattore del giornale di\u00a0Lugano\u00a0<i>La Rivolta<\/i> (1913) &#8211; Emilio De Bono &#8211; Cesare Maria De Vecchi &#8211; Aldo Finzi &#8211; Giacinto Carlo Monzini\u00a0che, pochi giorni dopo la riunione, entr\u00f2 a far parte della Commissione per la propaganda e la stampa<\/p>\n<p>Rappresentati e ritenuti presenti:<\/p>\n<p>Francesco Aliotto &#8211; Italo Ballarini &#8211; Alfredo Banfi &#8211; Piero Bolzon &#8211; Alberto Businelli &#8211; P.P. Carbonelli &#8211; Olao Gaggioli &#8211; Antonio Giani &#8211; Silvio Maurano &#8211; Neri Nannetti &#8211; Nanni Marcello &#8211; Enrico Rocca &#8211; Ottone Rosai<\/p>\n<\/div>\n<\/div>\n<\/div>\n<div><\/div>\n<div class=\"thumb tright\">\n<div class=\"thumbinner\"><\/div>\n<\/div>\n<p>&nbsp;<\/p>\n<p>Fonti \u00a0<em>Wikipedia, Web<\/em><\/p>\n<p>&nbsp;<\/p>\n<p>9.19<\/p>\n","protected":false},"excerpt":{"rendered":"<p>Distintivo a bottone del <strong>PNF<\/strong> , con <strong>fascio<\/strong> <strong>littorio<\/strong> <strong>primigenio\u00a0<\/strong>( scure in testa alla fascina di verghe ). Tipologia di fascio usata dall&#8217;inizio del fascismo , passando per i\u00a0<strong>Sansepolcristi<\/strong>, alla fondazione dei <strong>Fasci di Combattimento<\/strong>. Il distintivo \u00e8 del tipo a bottone per occhiello di giacca, in argento marcato <strong>800<\/strong> (al retro) , con fascio littorio dorato su sfondo smaltato nero.\u00a0 In ottime condizioni di conservazione, senza danni , misure circa mm.16 x 10<\/p>\n<p style=\"text-align: center;\"><strong><em>(Scorri la pagina in basso per ulteriori dettagli e informazioni)<\/em><\/strong><\/p>\n<p>&nbsp;<\/p>\n<p>&nbsp;<\/p>\n","protected":false},"featured_media":2741,"comment_status":"open","ping_status":"closed","template":"","meta":[],"product_cat":[586],"product_tag":[223,182,197,155,203,282,193,314,198,301,156,302],"yoast_head":"<!-- This site is optimized with the Yoast SEO plugin v21.9.1 - https:\/\/yoast.com\/wordpress\/plugins\/seo\/ -->\n<title>\u274c\ud83d\ude41PNF fascio Primigenio distintivo per giacca - Argento smaltato - Thefinitive<\/title>\n<meta name=\"description\" content=\"Distintivo pnf fascio primigenio - Sansepolcrista - Fasci di Combattimento - 1919 , 1927 - Squadrista - Marcia su Roma - primo fascismo Arditi\" \/>\n<meta name=\"robots\" content=\"index, follow, max-snippet:-1, max-image-preview:large, max-video-preview:-1\" \/>\n<link rel=\"canonical\" href=\"https:\/\/thefinitive.com\/en\/prodotto\/pnf-fascio-primigenio-distintivo-per-giacca-argento-smaltato\/\" \/>\n<meta property=\"og:locale\" content=\"en_US\" \/>\n<meta property=\"og:type\" content=\"article\" \/>\n<meta property=\"og:title\" content=\"\u274c\ud83d\ude41PNF fascio Primigenio distintivo per giacca - Argento smaltato - Thefinitive\" \/>\n<meta property=\"og:description\" content=\"Distintivo pnf fascio primigenio - Sansepolcrista - Fasci di Combattimento - 1919 , 1927 - Squadrista - Marcia su Roma - primo fascismo Arditi\" \/>\n<meta property=\"og:url\" content=\"https:\/\/thefinitive.com\/en\/prodotto\/pnf-fascio-primigenio-distintivo-per-giacca-argento-smaltato\/\" \/>\n<meta property=\"og:site_name\" content=\"Thefinitive\" \/>\n<meta property=\"article:publisher\" content=\"https:\/\/business.facebook.com\/Thefinitive-111771813534320\/\" \/>\n<meta property=\"article:modified_time\" content=\"2023-03-20T14:48:39+00:00\" \/>\n<meta property=\"og:image\" content=\"https:\/\/thefinitive.com\/wp-content\/uploads\/2019\/08\/20190815_143729.jpg\" \/>\n\t<meta property=\"og:image:width\" content=\"2160\" \/>\n\t<meta property=\"og:image:height\" content=\"2160\" \/>\n\t<meta property=\"og:image:type\" content=\"image\/jpeg\" \/>\n<meta name=\"twitter:card\" content=\"summary_large_image\" \/>\n<meta name=\"twitter:label1\" content=\"Est. reading time\" \/>\n\t<meta name=\"twitter:data1\" content=\"14 minutes\" \/>\n<script type=\"application\/ld+json\" class=\"yoast-schema-graph\">{\"@context\":\"https:\/\/schema.org\",\"@graph\":[{\"@type\":\"WebPage\",\"@id\":\"https:\/\/thefinitive.com\/en\/prodotto\/pnf-fascio-primigenio-distintivo-per-giacca-argento-smaltato\/\",\"url\":\"https:\/\/thefinitive.com\/en\/prodotto\/pnf-fascio-primigenio-distintivo-per-giacca-argento-smaltato\/\",\"name\":\"\u274c\ud83d\ude41PNF fascio Primigenio distintivo per giacca - Argento smaltato - Thefinitive\",\"isPartOf\":{\"@id\":\"https:\/\/thefinitive.com\/en\/#website\"},\"datePublished\":\"2020-02-21T11:08:06+00:00\",\"dateModified\":\"2023-03-20T14:48:39+00:00\",\"description\":\"Distintivo pnf fascio primigenio - Sansepolcrista - Fasci di Combattimento - 1919 , 1927 - Squadrista - Marcia su Roma - primo fascismo Arditi\",\"breadcrumb\":{\"@id\":\"https:\/\/thefinitive.com\/en\/prodotto\/pnf-fascio-primigenio-distintivo-per-giacca-argento-smaltato\/#breadcrumb\"},\"inLanguage\":\"en-US\",\"potentialAction\":[{\"@type\":\"ReadAction\",\"target\":[\"https:\/\/thefinitive.com\/en\/prodotto\/pnf-fascio-primigenio-distintivo-per-giacca-argento-smaltato\/\"]}]},{\"@type\":\"BreadcrumbList\",\"@id\":\"https:\/\/thefinitive.com\/en\/prodotto\/pnf-fascio-primigenio-distintivo-per-giacca-argento-smaltato\/#breadcrumb\",\"itemListElement\":[{\"@type\":\"ListItem\",\"position\":1,\"name\":\"Home\",\"item\":\"https:\/\/thefinitive.com\/en\/\"},{\"@type\":\"ListItem\",\"position\":2,\"name\":\"Shop\",\"item\":\"https:\/\/thefinitive.com\/en\/shop-2\/\"},{\"@type\":\"ListItem\",\"position\":3,\"name\":\"\u274c\ud83d\ude41PNF fascio Primigenio distintivo per giacca &#8211; Argento smaltato\"}]},{\"@type\":\"WebSite\",\"@id\":\"https:\/\/thefinitive.com\/en\/#website\",\"url\":\"https:\/\/thefinitive.com\/en\/\",\"name\":\"Thefinitive\",\"description\":\"Antiquariato Online\",\"publisher\":{\"@id\":\"https:\/\/thefinitive.com\/en\/#organization\"},\"potentialAction\":[{\"@type\":\"SearchAction\",\"target\":{\"@type\":\"EntryPoint\",\"urlTemplate\":\"https:\/\/thefinitive.com\/en\/?s={search_term_string}\"},\"query-input\":\"required name=search_term_string\"}],\"inLanguage\":\"en-US\"},{\"@type\":\"Organization\",\"@id\":\"https:\/\/thefinitive.com\/en\/#organization\",\"name\":\"Thefinitive\",\"url\":\"https:\/\/thefinitive.com\/en\/\",\"logo\":{\"@type\":\"ImageObject\",\"inLanguage\":\"en-US\",\"@id\":\"https:\/\/thefinitive.com\/en\/#\/schema\/logo\/image\/\",\"url\":\"https:\/\/thefinitive.com\/wp-content\/uploads\/2019\/07\/logo4vett.svg\",\"contentUrl\":\"https:\/\/thefinitive.com\/wp-content\/uploads\/2019\/07\/logo4vett.svg\",\"width\":500,\"height\":100,\"caption\":\"Thefinitive\"},\"image\":{\"@id\":\"https:\/\/thefinitive.com\/en\/#\/schema\/logo\/image\/\"},\"sameAs\":[\"https:\/\/business.facebook.com\/Thefinitive-111771813534320\/\",\"https:\/\/www.instagram.com\/_thefinitive_\/\"]}]}<\/script>\n<!-- \/ Yoast SEO plugin. -->","yoast_head_json":{"title":"\u274c\ud83d\ude41PNF fascio Primigenio distintivo per giacca - Argento smaltato - Thefinitive","description":"Distintivo pnf fascio primigenio - Sansepolcrista - Fasci di Combattimento - 1919 , 1927 - Squadrista - Marcia su Roma - primo fascismo Arditi","robots":{"index":"index","follow":"follow","max-snippet":"max-snippet:-1","max-image-preview":"max-image-preview:large","max-video-preview":"max-video-preview:-1"},"canonical":"https:\/\/thefinitive.com\/en\/prodotto\/pnf-fascio-primigenio-distintivo-per-giacca-argento-smaltato\/","og_locale":"en_US","og_type":"article","og_title":"\u274c\ud83d\ude41PNF fascio Primigenio distintivo per giacca - Argento smaltato - Thefinitive","og_description":"Distintivo pnf fascio primigenio - Sansepolcrista - Fasci di Combattimento - 1919 , 1927 - Squadrista - Marcia su Roma - primo fascismo Arditi","og_url":"https:\/\/thefinitive.com\/en\/prodotto\/pnf-fascio-primigenio-distintivo-per-giacca-argento-smaltato\/","og_site_name":"Thefinitive","article_publisher":"https:\/\/business.facebook.com\/Thefinitive-111771813534320\/","article_modified_time":"2023-03-20T14:48:39+00:00","og_image":[{"width":2160,"height":2160,"url":"https:\/\/thefinitive.com\/wp-content\/uploads\/2019\/08\/20190815_143729.jpg","type":"image\/jpeg"}],"twitter_card":"summary_large_image","twitter_misc":{"Est. reading time":"14 minutes"},"schema":{"@context":"https:\/\/schema.org","@graph":[{"@type":"WebPage","@id":"https:\/\/thefinitive.com\/en\/prodotto\/pnf-fascio-primigenio-distintivo-per-giacca-argento-smaltato\/","url":"https:\/\/thefinitive.com\/en\/prodotto\/pnf-fascio-primigenio-distintivo-per-giacca-argento-smaltato\/","name":"\u274c\ud83d\ude41PNF fascio Primigenio distintivo per giacca - Argento smaltato - Thefinitive","isPartOf":{"@id":"https:\/\/thefinitive.com\/en\/#website"},"datePublished":"2020-02-21T11:08:06+00:00","dateModified":"2023-03-20T14:48:39+00:00","description":"Distintivo pnf fascio primigenio - Sansepolcrista - Fasci di Combattimento - 1919 , 1927 - Squadrista - Marcia su Roma - primo fascismo Arditi","breadcrumb":{"@id":"https:\/\/thefinitive.com\/en\/prodotto\/pnf-fascio-primigenio-distintivo-per-giacca-argento-smaltato\/#breadcrumb"},"inLanguage":"en-US","potentialAction":[{"@type":"ReadAction","target":["https:\/\/thefinitive.com\/en\/prodotto\/pnf-fascio-primigenio-distintivo-per-giacca-argento-smaltato\/"]}]},{"@type":"BreadcrumbList","@id":"https:\/\/thefinitive.com\/en\/prodotto\/pnf-fascio-primigenio-distintivo-per-giacca-argento-smaltato\/#breadcrumb","itemListElement":[{"@type":"ListItem","position":1,"name":"Home","item":"https:\/\/thefinitive.com\/en\/"},{"@type":"ListItem","position":2,"name":"Shop","item":"https:\/\/thefinitive.com\/en\/shop-2\/"},{"@type":"ListItem","position":3,"name":"\u274c\ud83d\ude41PNF fascio Primigenio distintivo per giacca &#8211; Argento smaltato"}]},{"@type":"WebSite","@id":"https:\/\/thefinitive.com\/en\/#website","url":"https:\/\/thefinitive.com\/en\/","name":"Thefinitive","description":"Antiquariato Online","publisher":{"@id":"https:\/\/thefinitive.com\/en\/#organization"},"potentialAction":[{"@type":"SearchAction","target":{"@type":"EntryPoint","urlTemplate":"https:\/\/thefinitive.com\/en\/?s={search_term_string}"},"query-input":"required name=search_term_string"}],"inLanguage":"en-US"},{"@type":"Organization","@id":"https:\/\/thefinitive.com\/en\/#organization","name":"Thefinitive","url":"https:\/\/thefinitive.com\/en\/","logo":{"@type":"ImageObject","inLanguage":"en-US","@id":"https:\/\/thefinitive.com\/en\/#\/schema\/logo\/image\/","url":"https:\/\/thefinitive.com\/wp-content\/uploads\/2019\/07\/logo4vett.svg","contentUrl":"https:\/\/thefinitive.com\/wp-content\/uploads\/2019\/07\/logo4vett.svg","width":500,"height":100,"caption":"Thefinitive"},"image":{"@id":"https:\/\/thefinitive.com\/en\/#\/schema\/logo\/image\/"},"sameAs":["https:\/\/business.facebook.com\/Thefinitive-111771813534320\/","https:\/\/www.instagram.com\/_thefinitive_\/"]}]}},"_links":{"self":[{"href":"https:\/\/thefinitive.com\/en\/wp-json\/wp\/v3\/product\/4638"}],"collection":[{"href":"https:\/\/thefinitive.com\/en\/wp-json\/wp\/v3\/product"}],"about":[{"href":"https:\/\/thefinitive.com\/en\/wp-json\/wp\/v2\/types\/product"}],"replies":[{"embeddable":true,"href":"https:\/\/thefinitive.com\/en\/wp-json\/wp\/v2\/comments?post=4638"}],"version-history":[{"count":1,"href":"https:\/\/thefinitive.com\/en\/wp-json\/wp\/v3\/product\/4638\/revisions"}],"predecessor-version":[{"id":14807,"href":"https:\/\/thefinitive.com\/en\/wp-json\/wp\/v3\/product\/4638\/revisions\/14807"}],"wp:featuredmedia":[{"embeddable":true,"href":"https:\/\/thefinitive.com\/en\/wp-json\/wp\/v2\/media\/2741"}],"wp:attachment":[{"href":"https:\/\/thefinitive.com\/en\/wp-json\/wp\/v2\/media?parent=4638"}],"wp:term":[{"taxonomy":"product_cat","embeddable":true,"href":"https:\/\/thefinitive.com\/en\/wp-json\/wp\/v2\/product_cat?post=4638"},{"taxonomy":"product_tag","embeddable":true,"href":"https:\/\/thefinitive.com\/en\/wp-json\/wp\/v2\/product_tag?post=4638"}],"curies":[{"name":"wp","href":"https:\/\/api.w.org\/{rel}","templated":true}]}}