{"id":4573,"date":"2020-01-24T19:02:48","date_gmt":"2020-01-24T19:02:48","guid":{"rendered":"https:\/\/www.thefinitive.com\/?post_type=product&#038;p=4573"},"modified":"2023-03-20T15:48:43","modified_gmt":"2023-03-20T14:48:43","slug":"sciarpa-rsi-ufficiale-enr-rosso-granata","status":"publish","type":"product","link":"https:\/\/thefinitive.com\/en\/prodotto\/sciarpa-rsi-ufficiale-enr-rosso-granata\/","title":{"rendered":"\u274c\ud83d\ude41Sciarpa RSI Ufficiale ENR &#8211; Rosso granata"},"content":{"rendered":"<p>Sciarpa per Ufficiale dell&#8217;Esercito Nazionale Repubblicano, ENR , periodo RSI Repubblica Sociale Italiana, dal colore rosso granata. La sciarpa sostituiva quella dal colore azzurro in essere con il Regio Esercito italiano, ed alla costituzione dell&#8217; ENR , nella RSI,\u00a0 l&#8217;ufficiale in alta uniforme doveva indossarla come da regolamento dell&#8217;<strong>I<\/strong><b><span style=\"font-family: Verdana; font-size: small;\">struzione provvisoria sull&#8217;uniforme <\/span><\/b><b><span style=\"font-family: Verdana; font-size: small;\">dell&#8217;Esercito Nazionale Repubblicano <\/span><\/b><span style=\"font-family: Verdana; font-size: small;\">(1944 &#8211; XXII). Essendo il regolamento provvisorio, ed anche per via dell&#8217;anno di istituzione, la colorazione potrebbe non essere conforme appieno a quanto emanato dalle circolari. La sciarpa \u00e8 comunque in condizioni perfette, forse leggermente sbiadita ma completa della sua scatola originale della <strong>Ve.De.Me.<\/strong> di <strong>Milano <\/strong>, scatola in buone condizioni.<\/span><\/p>\n<p><strong>\u00a0MATERIALE\u00a0 \u00a0 \u00a0:\u00a0<\/strong> Stoffa<\/p>\n<p><strong>MISURE\u00a0 \u00a0 \u00a0 \u00a0 \u00a0 \u00a0 :<\/strong>\u00a0 &#8211;<\/p>\n<p><strong>MARCHIO\u00a0 \u00a0 \u00a0 \u00a0 \u00a0:<\/strong>\u00a0 Ve.De.Me.<\/p>\n<p>&nbsp;<\/p>\n<h2 style=\"text-align: left;\">NOTIZIE<\/h2>\n<p style=\"text-align: left;\" align=\"center\">Notare alla figura 78, alla fine di questo regolamento per la RSI, la descrizione della sciarpa per ufficiale ENR in questione<\/p>\n<p align=\"center\">REGOLAMENTO UFFICIALE E.N.R.<\/p>\n<p align=\"center\"><b><span style=\"font-family: Verdana; font-size: small;\">Istruzione provvisoria sull&#8217;uniforme<\/span><\/b><\/p>\n<p align=\"center\"><b><span style=\"font-family: Verdana; font-size: small;\">dell&#8217;Esercito Nazionale Repubblicano<\/span><\/b><\/p>\n<p align=\"center\"><span style=\"font-family: Verdana; font-size: small;\">(1944 &#8211; XXII)<\/span><\/p>\n<p align=\"center\"><b><span style=\"font-family: Verdana; font-size: small;\">Tavola delle uniformi<\/span><\/b><\/p>\n<div align=\"center\">\n<table id=\"table7\" border=\"1\" width=\"620\">\n<tbody>\n<tr>\n<td align=\"center\" width=\"302\">\n<p align=\"center\"><img loading=\"lazy\" decoding=\"async\" src=\"http:\/\/www.regioesercito.it\/uniformi\/imguni\/enr\/rsi2.jpg\" width=\"302\" height=\"400\" border=\"0\" \/><\/p>\n<\/td>\n<td align=\"center\" width=\"302\"><img loading=\"lazy\" decoding=\"async\" src=\"http:\/\/www.regioesercito.it\/uniformi\/imguni\/enr\/rsi3.jpg\" width=\"302\" height=\"400\" border=\"0\" \/><\/td>\n<\/tr>\n<tr>\n<td align=\"center\" width=\"302\">\n<p align=\"center\"><span style=\"font-family: Verdana; font-size: small;\">1-2 Berretto rigido (Uff. Inf. alpini)<\/span><\/p>\n<\/td>\n<td align=\"center\" width=\"302\">\n<p align=\"center\"><span style=\"font-family: Verdana; font-size: small;\">3 &#8211; Berretto rigido (Uff. Sup. alpini)<\/span><\/p>\n<p align=\"center\"><span style=\"font-family: Verdana; font-size: small;\">4 &#8211; Berretto rigido (Uff. in servizio di S. M.)<\/span><\/p>\n<\/td>\n<\/tr>\n<\/tbody>\n<\/table>\n<\/div>\n<div align=\"center\">\n<p>&nbsp;<\/p>\n<table id=\"table8\" border=\"1\" width=\"620\">\n<tbody>\n<tr>\n<td align=\"center\" width=\"302\">\n<p align=\"center\"><span id=\"news_dom\" class=\"news_css\"><span id=\"news_dom247\" class=\"news_css\"><img loading=\"lazy\" decoding=\"async\" src=\"http:\/\/www.regioesercito.it\/uniformi\/imguni\/enr\/rsi4.jpg\" width=\"302\" height=\"400\" border=\"0\" \/><\/span><\/span><\/p>\n<\/td>\n<td align=\"center\" width=\"302\"><span id=\"news_dom\" class=\"news_css\"><span id=\"news_dom251\" class=\"news_css\"><img loading=\"lazy\" decoding=\"async\" src=\"http:\/\/www.regioesercito.it\/uniformi\/imguni\/enr\/rsi5.jpg\" width=\"321\" height=\"400\" border=\"0\" \/><\/span><\/span><\/td>\n<\/tr>\n<tr>\n<td width=\"302\">\n<p align=\"center\"><span style=\"font-family: Verdana; font-size: small;\">5-6 Berretto rigido (Mar. dell&#8217;Imp. e d&#8217;Italia e Uff. Gen.)<\/span><\/p>\n<\/td>\n<td width=\"302\">\n<p align=\"center\"><span style=\"font-family: Verdana; font-size: small;\">7-8 Nastro operato e ricamato per\u00a0<\/span><span id=\"news_dom307\" class=\"news_css\"><span id=\"news_dom308\" class=\"news_css\"><span id=\"news_dom309\" class=\"news_css\"><span style=\"font-family: Verdana; font-size: small;\">Mar. dell&#8217;Imp. e d&#8217;Italia e Uff. Gen.<\/span><\/span><\/span><\/span><\/p>\n<p align=\"center\"><span style=\"font-family: Verdana; font-size: small;\">9 &#8211; Nastro operato semplice per Uff. Superiori<\/span><\/p>\n<\/td>\n<\/tr>\n<\/tbody>\n<\/table>\n<\/div>\n<div align=\"center\">\n<p>&nbsp;<\/p>\n<table id=\"table9\" border=\"1\" width=\"641\">\n<tbody>\n<tr>\n<td width=\"321\">\n<p align=\"center\"><span id=\"news_dom\" class=\"news_css\"><span id=\"news_dom251\" class=\"news_css\"><img loading=\"lazy\" decoding=\"async\" src=\"http:\/\/www.regioesercito.it\/uniformi\/imguni\/enr\/rsi6.jpg\" width=\"304\" height=\"400\" border=\"0\" \/><\/span><\/span><\/p>\n<\/td>\n<td width=\"304\"><span id=\"news_dom\" class=\"news_css\"><span id=\"news_dom252\" class=\"news_css\"><img loading=\"lazy\" decoding=\"async\" src=\"http:\/\/www.regioesercito.it\/uniformi\/imguni\/enr\/rsi7.jpg\" width=\"304\" height=\"400\" border=\"0\" \/><\/span><\/span><\/td>\n<\/tr>\n<tr>\n<td width=\"321\">\n<p align=\"center\"><span style=\"font-family: Verdana; font-size: small;\">10 &#8211; Soggolo per Mar. dell&#8217;Imp. e d&#8217;Italia (oro) e Uff. Gen. (argento)<\/span><\/p>\n<p align=\"center\"><span style=\"font-family: Verdana; font-size: small;\">11 &#8211; Soggolo per Uff. Sup. (oro)<\/span><\/p>\n<p align=\"center\"><span style=\"font-family: Verdana; font-size: small;\">12 &#8211; Soggolo per Uff. Inf. (oro e g.v.)<\/span><\/p>\n<\/td>\n<td width=\"304\">\n<p align=\"center\"><span style=\"font-family: Verdana; font-size: small;\">13-14 Berretto da campagna<\/span><\/p>\n<\/td>\n<\/tr>\n<\/tbody>\n<\/table>\n<\/div>\n<div align=\"center\">\n<p>&nbsp;<\/p>\n<table id=\"table10\" border=\"1\" width=\"624\">\n<tbody>\n<tr>\n<td width=\"304\">\n<p align=\"center\"><span id=\"news_dom\" class=\"news_css\"><span id=\"news_dom252\" class=\"news_css\"><img loading=\"lazy\" decoding=\"async\" src=\"http:\/\/www.regioesercito.it\/uniformi\/imguni\/enr\/rsi8.jpg\" width=\"304\" height=\"400\" border=\"0\" \/><\/span><\/span><\/p>\n<\/td>\n<td width=\"304\"><span id=\"news_dom\" class=\"news_css\"><span id=\"news_dom260\" class=\"news_css\"><img loading=\"lazy\" decoding=\"async\" src=\"http:\/\/www.regioesercito.it\/uniformi\/imguni\/enr\/rsi9.jpg\" width=\"304\" height=\"400\" border=\"0\" \/><\/span><\/span><\/td>\n<\/tr>\n<tr>\n<td width=\"304\">\n<p align=\"center\"><span style=\"font-family: Verdana; font-size: small;\">15 &#8211; Cappello alpino<\/span><\/p>\n<p align=\"center\"><span style=\"font-family: Verdana; font-size: small;\">16 &#8211; Basco<\/span><\/p>\n<p align=\"center\"><span style=\"font-family: Verdana; font-size: small;\">17 &#8211; Fez da bersagliere<\/span><\/p>\n<\/td>\n<td width=\"304\">\n<p align=\"center\"><span style=\"font-family: Verdana; font-size: small;\">18-19 &#8211; Elmetto<\/span><\/p>\n<p align=\"center\"><span style=\"font-family: Verdana; font-size: small;\">20 &#8211; Fregio per elmetto<\/span><\/p>\n<p align=\"center\"><span style=\"font-family: Verdana; font-size: small;\">21 &#8211; Scudetto per elmetto<\/span><\/p>\n<\/td>\n<\/tr>\n<\/tbody>\n<\/table>\n<\/div>\n<div align=\"center\">\n<p>&nbsp;<\/p>\n<table id=\"table11\" border=\"1\" width=\"624\">\n<tbody>\n<tr>\n<td width=\"304\">\n<p align=\"center\"><span id=\"news_dom\" class=\"news_css\"><span id=\"news_dom260\" class=\"news_css\"><img loading=\"lazy\" decoding=\"async\" src=\"http:\/\/www.regioesercito.it\/uniformi\/imguni\/enr\/rsi10.jpg\" width=\"304\" height=\"400\" border=\"0\" \/><\/span><\/span><\/p>\n<\/td>\n<td width=\"304\"><span id=\"news_dom\" class=\"news_css\"><span id=\"news_dom262\" class=\"news_css\"><img loading=\"lazy\" decoding=\"async\" src=\"http:\/\/www.regioesercito.it\/uniformi\/imguni\/enr\/rsi11.jpg\" width=\"304\" height=\"400\" border=\"0\" \/><\/span><\/span><\/td>\n<\/tr>\n<tr>\n<td width=\"304\">\n<p align=\"center\"><span style=\"font-family: Verdana; font-size: small;\">22 &#8211; Giubba per Ufficiale (davanti)<\/span><\/p>\n<\/td>\n<td width=\"304\">\n<p align=\"center\"><span style=\"font-family: Verdana; font-size: small;\">23 &#8211; Giubba per Ufficiale (dietro)<\/span><\/p>\n<\/td>\n<\/tr>\n<\/tbody>\n<\/table>\n<\/div>\n<div align=\"center\">\n<p>&nbsp;<\/p>\n<table id=\"table12\" border=\"1\" width=\"624\">\n<tbody>\n<tr>\n<td width=\"304\">\n<p align=\"center\"><span id=\"news_dom\" class=\"news_css\"><span id=\"news_dom262\" class=\"news_css\"><img loading=\"lazy\" decoding=\"async\" src=\"http:\/\/www.regioesercito.it\/uniformi\/imguni\/enr\/rsi12.jpg\" width=\"304\" height=\"400\" border=\"0\" \/><\/span><\/span><\/p>\n<\/td>\n<td width=\"304\"><span id=\"news_dom\" class=\"news_css\"><span id=\"news_dom264\" class=\"news_css\"><img loading=\"lazy\" decoding=\"async\" src=\"http:\/\/www.regioesercito.it\/uniformi\/imguni\/enr\/rsi13.jpg\" width=\"304\" height=\"400\" border=\"0\" \/><\/span><\/span><\/td>\n<\/tr>\n<tr>\n<td width=\"304\">\n<p align=\"center\"><span style=\"font-family: Verdana; font-size: small;\">24 &#8211; Pantalone corto con bande (per Ufficiale)<\/span><\/p>\n<\/td>\n<td width=\"304\">\n<p align=\"center\"><span style=\"font-family: Verdana; font-size: small;\">25 &#8211; Giubba sahariana (davanti)<\/span><\/p>\n<\/td>\n<\/tr>\n<\/tbody>\n<\/table>\n<\/div>\n<div align=\"center\">\n<p>&nbsp;<\/p>\n<table id=\"table13\" border=\"1\" width=\"624\">\n<tbody>\n<tr>\n<td width=\"304\">\n<p align=\"center\"><span id=\"news_dom\" class=\"news_css\"><span id=\"news_dom264\" class=\"news_css\"><img loading=\"lazy\" decoding=\"async\" src=\"http:\/\/www.regioesercito.it\/uniformi\/imguni\/enr\/rsi14.jpg\" width=\"304\" height=\"400\" border=\"0\" \/><\/span><\/span><\/p>\n<\/td>\n<td width=\"304\"><span id=\"news_dom\" class=\"news_css\"><span id=\"news_dom267\" class=\"news_css\"><img loading=\"lazy\" decoding=\"async\" src=\"http:\/\/www.regioesercito.it\/uniformi\/imguni\/enr\/rsi15.jpg\" width=\"304\" height=\"400\" border=\"0\" \/><\/span><\/span><\/td>\n<\/tr>\n<tr>\n<td width=\"304\">\n<p align=\"center\"><span style=\"font-family: Verdana; font-size: small;\">26 &#8211; Giubba sahariana (dietro)<\/span><\/p>\n<\/td>\n<td width=\"304\">\n<p align=\"center\"><span style=\"font-family: Verdana; font-size: small;\">27 &#8211; Cappotto da Ufficiale (davanti)<\/span><\/p>\n<\/td>\n<\/tr>\n<\/tbody>\n<\/table>\n<\/div>\n<div align=\"center\">\n<p>&nbsp;<\/p>\n<table id=\"table14\" border=\"1\" width=\"624\">\n<tbody>\n<tr>\n<td width=\"304\">\n<p align=\"center\"><span id=\"news_dom\" class=\"news_css\"><span id=\"news_dom267\" class=\"news_css\"><img loading=\"lazy\" decoding=\"async\" src=\"http:\/\/www.regioesercito.it\/uniformi\/imguni\/enr\/rsi16.jpg\" width=\"304\" height=\"400\" border=\"0\" \/><\/span><\/span><\/p>\n<\/td>\n<td width=\"304\"><span id=\"news_dom\" class=\"news_css\"><span id=\"news_dom270\" class=\"news_css\"><img loading=\"lazy\" decoding=\"async\" src=\"http:\/\/www.regioesercito.it\/uniformi\/imguni\/enr\/rsi17.jpg\" width=\"304\" height=\"400\" border=\"0\" \/><\/span><\/span><\/td>\n<\/tr>\n<tr>\n<td width=\"304\">\n<p align=\"center\"><span style=\"font-family: Verdana; font-size: small;\">28 &#8211; Cappotto da Ufficiale (dietro)<\/span><\/p>\n<\/td>\n<td width=\"304\">\n<p align=\"center\"><span style=\"font-family: Verdana; font-size: small;\">29 &#8211; Maglione<\/span><\/p>\n<p align=\"center\"><span style=\"font-family: Verdana; font-size: small;\">30 &#8211; Uniforme da fatica (giubbetto e pantaloni)<\/span><\/p>\n<\/td>\n<\/tr>\n<\/tbody>\n<\/table>\n<\/div>\n<div align=\"center\">\n<p>&nbsp;<\/p>\n<table id=\"table15\" border=\"1\" width=\"624\">\n<tbody>\n<tr>\n<td width=\"304\">\n<p align=\"center\"><span id=\"news_dom\" class=\"news_css\"><span id=\"news_dom270\" class=\"news_css\"><img loading=\"lazy\" decoding=\"async\" src=\"http:\/\/www.regioesercito.it\/uniformi\/imguni\/enr\/rsi18.jpg\" width=\"304\" height=\"400\" border=\"0\" \/><\/span><\/span><\/p>\n<\/td>\n<td width=\"304\"><span id=\"news_dom\" class=\"news_css\"><span id=\"news_dom300\" class=\"news_css\"><img loading=\"lazy\" decoding=\"async\" src=\"http:\/\/www.regioesercito.it\/uniformi\/imguni\/enr\/rsi19.jpg\" width=\"304\" height=\"400\" border=\"0\" \/><\/span><\/span><\/td>\n<\/tr>\n<tr>\n<td width=\"304\">\n<p align=\"center\"><span style=\"font-family: Verdana; font-size: small;\">31 &#8211; Giubba per sottufficiali e truppa (chiusa)<\/span><\/p>\n<\/td>\n<td width=\"304\">\n<p align=\"center\"><span style=\"font-family: Verdana; font-size: small;\">32 &#8211; Giubba per sottufficiali e truppa (aperta)<\/span><\/p>\n<\/td>\n<\/tr>\n<\/tbody>\n<\/table>\n<\/div>\n<div align=\"center\">\n<p>&nbsp;<\/p>\n<table id=\"table32\" border=\"1\" width=\"624\">\n<tbody>\n<tr>\n<td width=\"304\">\n<p align=\"center\"><span id=\"news_dom\" class=\"news_css\"><span id=\"news_dom300\" class=\"news_css\"><img loading=\"lazy\" decoding=\"async\" src=\"http:\/\/www.regioesercito.it\/uniformi\/imguni\/enr\/rsi20.jpg\" width=\"304\" height=\"400\" border=\"0\" \/><\/span><\/span><\/p>\n<\/td>\n<td width=\"304\"><span id=\"news_dom\" class=\"news_css\"><span id=\"news_dom300\" class=\"news_css\"><img loading=\"lazy\" decoding=\"async\" src=\"http:\/\/www.regioesercito.it\/uniformi\/imguni\/enr\/rsi21.jpg\" width=\"304\" height=\"400\" border=\"0\" \/><\/span><\/span><\/td>\n<\/tr>\n<tr>\n<td width=\"304\">\n<p align=\"center\"><span style=\"font-family: Verdana; font-size: small;\">33 &#8211; Giubba per sottufficiali e truppa (dietro)<\/span><\/p>\n<\/td>\n<td width=\"304\">\n<p align=\"center\"><span style=\"font-family: Verdana; font-size: small;\">34 &#8211; Pantalone da paracadutista<\/span><\/p>\n<p align=\"center\"><span style=\"font-family: Verdana; font-size: small;\">35 &#8211; Pantalone corto per armi a cavallo<\/span><\/p>\n<\/td>\n<\/tr>\n<\/tbody>\n<\/table>\n<\/div>\n<div align=\"center\">\n<p>&nbsp;<\/p>\n<table id=\"table33\" border=\"1\" width=\"624\">\n<tbody>\n<tr>\n<td width=\"304\">\n<p align=\"center\"><span id=\"news_dom\" class=\"news_css\"><span id=\"news_dom300\" class=\"news_css\"><img loading=\"lazy\" decoding=\"async\" src=\"http:\/\/www.regioesercito.it\/uniformi\/imguni\/enr\/rsi22.jpg\" width=\"304\" height=\"400\" border=\"0\" \/><\/span><\/span><\/p>\n<\/td>\n<td width=\"304\"><span id=\"news_dom\" class=\"news_css\"><span id=\"news_dom300\" class=\"news_css\"><img loading=\"lazy\" decoding=\"async\" src=\"http:\/\/www.regioesercito.it\/uniformi\/imguni\/enr\/rsi23.jpg\" width=\"304\" height=\"400\" border=\"0\" \/><\/span><\/span><\/td>\n<\/tr>\n<tr>\n<td width=\"304\">\n<p align=\"center\"><span style=\"font-family: Verdana; font-size: small;\">36 &#8211; Pantalone per carrista<\/span><\/p>\n<p align=\"center\"><span style=\"font-family: Verdana; font-size: small;\">37 &#8211; Pantalone per armi a piedi e servizi<\/span><\/p>\n<\/td>\n<td width=\"304\">\n<p align=\"center\"><span style=\"font-family: Verdana; font-size: small;\">38 &#8211; Cappotto per sottufficiali e truppa (davanti)<\/span><\/p>\n<\/td>\n<\/tr>\n<\/tbody>\n<\/table>\n<\/div>\n<div align=\"center\">\n<p>&nbsp;<\/p>\n<table id=\"table34\" border=\"1\" width=\"624\">\n<tbody>\n<tr>\n<td width=\"304\">\n<p align=\"center\"><span id=\"news_dom\" class=\"news_css\"><span id=\"news_dom300\" class=\"news_css\"><img loading=\"lazy\" decoding=\"async\" src=\"http:\/\/www.regioesercito.it\/uniformi\/imguni\/enr\/rsi24.jpg\" width=\"304\" height=\"400\" border=\"0\" \/><\/span><\/span><\/p>\n<\/td>\n<td width=\"304\"><span id=\"news_dom\" class=\"news_css\"><span id=\"news_dom300\" class=\"news_css\"><img loading=\"lazy\" decoding=\"async\" src=\"http:\/\/www.regioesercito.it\/uniformi\/imguni\/enr\/rsi25.jpg\" width=\"298\" height=\"400\" border=\"0\" \/><\/span><\/span><\/td>\n<\/tr>\n<tr>\n<td width=\"304\">\n<p align=\"center\"><span style=\"font-family: Verdana; font-size: small;\">39 &#8211; Cappotto per sottufficiali e truppa (dietro)<\/span><\/p>\n<\/td>\n<td width=\"304\">\n<p align=\"center\"><span style=\"font-family: Verdana; font-size: small;\">40 &#8211; Stivale a mezza gamba<\/span><\/p>\n<p align=\"center\"><span style=\"font-family: Verdana; font-size: small;\">41 &#8211; Stivaletto<\/span><\/p>\n<p align=\"center\"><span style=\"font-family: Verdana; font-size: small;\">42 &#8211; Gambale per reparti a cavallo<\/span><\/p>\n<p align=\"center\"><span style=\"font-family: Verdana; font-size: small;\">43 &#8211; Gambale per ciclisti e motociclisti<\/span><\/p>\n<\/td>\n<\/tr>\n<\/tbody>\n<\/table>\n<\/div>\n<div align=\"center\">\n<p>&nbsp;<\/p>\n<table id=\"table35\" border=\"1\" width=\"624\">\n<tbody>\n<tr>\n<td width=\"304\">\n<p align=\"center\"><span id=\"news_dom\" class=\"news_css\"><span id=\"news_dom300\" class=\"news_css\"><img loading=\"lazy\" decoding=\"async\" src=\"http:\/\/www.regioesercito.it\/uniformi\/imguni\/enr\/rsi26.jpg\" width=\"298\" height=\"400\" border=\"0\" \/><\/span><\/span><\/p>\n<\/td>\n<td width=\"304\"><span id=\"news_dom\" class=\"news_css\"><span id=\"news_dom300\" class=\"news_css\"><img loading=\"lazy\" decoding=\"async\" src=\"http:\/\/www.regioesercito.it\/uniformi\/imguni\/enr\/rsi27.jpg\" width=\"298\" height=\"400\" border=\"0\" \/><\/span><\/span><\/td>\n<\/tr>\n<tr>\n<td width=\"304\">\n<p align=\"center\"><span style=\"font-family: Verdana; font-size: small;\">44 &#8211; Bandoliera<\/span><\/p>\n<p align=\"center\"><span style=\"font-family: Verdana; font-size: small;\">45 &#8211; cinturino per giberne<\/span><\/p>\n<\/td>\n<td width=\"304\">\n<p align=\"center\"><span style=\"font-family: Verdana; font-size: small;\">46 &#8211; Controspalline per Maresciallo dell&#8217;Impero<\/span><\/p>\n<p align=\"center\"><span style=\"font-family: Verdana; font-size: small;\">47 &#8211; Controspalline per Maresciallo d&#8217;Italia<\/span><\/p>\n<p align=\"center\"><span style=\"font-family: Verdana; font-size: small;\">48 &#8211; Distintivo per Ufficiali muniti di brevetto I.S.G.<\/span><\/p>\n<\/td>\n<\/tr>\n<\/tbody>\n<\/table>\n<\/div>\n<div align=\"center\">\n<p>&nbsp;<\/p>\n<table id=\"table36\" border=\"1\" width=\"624\">\n<tbody>\n<tr>\n<td width=\"304\">\n<p align=\"center\"><span id=\"news_dom\" class=\"news_css\"><span id=\"news_dom300\" class=\"news_css\"><img loading=\"lazy\" decoding=\"async\" src=\"http:\/\/www.regioesercito.it\/uniformi\/imguni\/enr\/rsi28.jpg\" width=\"298\" height=\"400\" border=\"0\" \/><\/span><\/span><\/p>\n<\/td>\n<td width=\"304\"><span id=\"news_dom\" class=\"news_css\"><span id=\"news_dom300\" class=\"news_css\"><img loading=\"lazy\" decoding=\"async\" src=\"http:\/\/www.regioesercito.it\/uniformi\/imguni\/enr\/rsi29.jpg\" width=\"298\" height=\"400\" border=\"0\" \/><\/span><\/span><\/td>\n<\/tr>\n<tr>\n<td width=\"304\">\n<p align=\"center\"><span style=\"font-family: Verdana; font-size: small;\">49 &#8211; Distintivo per Ufficiali maestri direttori di banda<\/span><\/p>\n<p align=\"center\"><span style=\"font-family: Verdana; font-size: small;\">50 &#8211; Distintivo per Ufficiali maestri di scherma<\/span><\/p>\n<p align=\"center\"><span style=\"font-family: Verdana; font-size: small;\">51 &#8211; Distintivo per ferita<\/span><\/p>\n<p align=\"center\"><span style=\"font-family: Verdana; font-size: small;\">52 &#8211; Distintivo per mutilato di guerra<\/span><\/p>\n<p align=\"center\"><span style=\"font-family: Verdana; font-size: small;\">53 &#8211; Distintivo per orfani di guerra<\/span><\/p>\n<\/td>\n<td width=\"304\">\n<p align=\"center\"><span style=\"font-family: Verdana; font-size: small;\">56 &#8211; Distintivo per osservatore di aeroplano<\/span><\/p>\n<p align=\"center\"><span style=\"font-family: Verdana; font-size: small;\">57 &#8211; Distintivo per Uff. artigl. ruolo tecnico<\/span><\/p>\n<p align=\"center\"><span style=\"font-family: Verdana; font-size: small;\">58 &#8211; Distintivo per Uff. Genio ruolo tecnico<\/span><\/p>\n<p align=\"center\"><span style=\"font-family: Verdana; font-size: small;\">59 &#8211; Distintivo per Uff. commiss. periti in merceologia (controllori)<\/span><\/p>\n<\/td>\n<\/tr>\n<\/tbody>\n<\/table>\n<\/div>\n<div align=\"center\">\n<p>&nbsp;<\/p>\n<table id=\"table37\" border=\"1\" width=\"624\">\n<tbody>\n<tr>\n<td width=\"304\">\n<p align=\"center\"><span id=\"news_dom\" class=\"news_css\"><span id=\"news_dom300\" class=\"news_css\"><img loading=\"lazy\" decoding=\"async\" src=\"http:\/\/www.regioesercito.it\/uniformi\/imguni\/enr\/rsi30.jpg\" width=\"268\" height=\"400\" border=\"0\" \/><\/span><\/span><\/p>\n<\/td>\n<td width=\"304\"><span id=\"news_dom\" class=\"news_css\"><span id=\"news_dom300\" class=\"news_css\"><img loading=\"lazy\" decoding=\"async\" src=\"http:\/\/www.regioesercito.it\/uniformi\/imguni\/enr\/rsi31.jpg\" width=\"268\" height=\"400\" border=\"0\" \/><\/span><\/span><\/td>\n<\/tr>\n<tr>\n<td width=\"304\">\n<p align=\"center\"><span style=\"font-family: Verdana; font-size: small;\">60 &#8211; Fregio d&#8217;aquila per berretto Uff. Gen. in servizio S.M.<\/span><\/p>\n<p align=\"center\"><span style=\"font-family: Verdana; font-size: small;\">61 &#8211; Fregio d&#8217;arma di fanteria<\/span><\/p>\n<p align=\"center\"><span style=\"font-family: Verdana; font-size: small;\">62 &#8211; Fregio per bersaglieri<\/span><\/p>\n<\/td>\n<td width=\"304\">\n<p align=\"center\"><span style=\"font-family: Verdana; font-size: small;\">63 &#8211; Fregio per alpini<\/span><\/p>\n<p align=\"center\"><span style=\"font-family: Verdana; font-size: small;\">64 &#8211; Fregio per camicie nere<\/span><\/p>\n<p align=\"center\"><span style=\"font-family: Verdana; font-size: small;\">65 &#8211; Fregio per carristi<\/span><\/p>\n<\/td>\n<\/tr>\n<\/tbody>\n<\/table>\n<\/div>\n<div align=\"center\">\n<p>&nbsp;<\/p>\n<table id=\"table38\" border=\"1\" width=\"624\">\n<tbody>\n<tr>\n<td width=\"304\">\n<p align=\"center\"><span id=\"news_dom\" class=\"news_css\"><span id=\"news_dom300\" class=\"news_css\"><img loading=\"lazy\" decoding=\"async\" src=\"http:\/\/www.regioesercito.it\/uniformi\/imguni\/enr\/rsi32.jpg\" width=\"277\" height=\"400\" border=\"0\" \/><\/span><\/span><\/p>\n<\/td>\n<td width=\"304\"><span id=\"news_dom\" class=\"news_css\"><span id=\"news_dom300\" class=\"news_css\"><img loading=\"lazy\" decoding=\"async\" src=\"http:\/\/www.regioesercito.it\/uniformi\/imguni\/enr\/rsi33.jpg\" width=\"277\" height=\"400\" border=\"0\" \/><\/span><\/span><\/td>\n<\/tr>\n<tr>\n<td width=\"304\">\n<p align=\"center\"><span style=\"font-family: Verdana; font-size: small;\">66 &#8211; Fregio per l&#8217;arma di cavalleria; squadroni rimonta e palafrenieri<\/span><\/p>\n<p align=\"center\"><span style=\"font-family: Verdana; font-size: small;\">67 &#8211; Fregio per l&#8217;arma di artiglieria<\/span><\/p>\n<p align=\"center\"><span style=\"font-family: Verdana; font-size: small;\">68 &#8211; Fregio per l&#8217;arma del genio<\/span><\/p>\n<\/td>\n<td width=\"304\">\n<p align=\"center\"><span style=\"font-family: Verdana; font-size: small;\">69 &#8211; Fregio delle truppe e servizio chimico<\/span><\/p>\n<p align=\"center\"><span style=\"font-family: Verdana; font-size: small;\">70 &#8211; Fregio per automobilisti<\/span><\/p>\n<p align=\"center\"><span style=\"font-family: Verdana; font-size: small;\">71 &#8211; Fregio per paracadutisti<\/span><\/p>\n<\/td>\n<\/tr>\n<\/tbody>\n<\/table>\n<\/div>\n<div align=\"center\">\n<p>&nbsp;<\/p>\n<table id=\"table39\" border=\"1\" width=\"624\">\n<tbody>\n<tr>\n<td width=\"304\">\n<p align=\"center\"><span id=\"news_dom\" class=\"news_css\"><span id=\"news_dom300\" class=\"news_css\"><img loading=\"lazy\" decoding=\"async\" src=\"http:\/\/www.regioesercito.it\/uniformi\/imguni\/enr\/rsi34.jpg\" width=\"277\" height=\"400\" border=\"0\" \/><\/span><\/span><\/p>\n<\/td>\n<td width=\"304\"><span id=\"news_dom\" class=\"news_css\"><span id=\"news_dom300\" class=\"news_css\"><img loading=\"lazy\" decoding=\"async\" src=\"http:\/\/www.regioesercito.it\/uniformi\/imguni\/enr\/rsi35.jpg\" width=\"277\" height=\"400\" border=\"0\" \/><\/span><\/span><\/td>\n<\/tr>\n<tr>\n<td width=\"304\">\n<p align=\"center\"><span style=\"font-family: Verdana; font-size: small;\">72 &#8211; Fregio del servizio medico, farmaceutico e veterinario<sup>1<\/sup><\/span><\/p>\n<p align=\"center\"><span style=\"font-family: Verdana; font-size: small;\">73 &#8211; Fregio del servizio di commissariato<\/span><span style=\"font-family: Verdana; font-size: small;\"><span id=\"news_dom283\" class=\"news_css\"><sup>1<\/sup><\/span><\/span><\/p>\n<p align=\"center\"><span style=\"font-family: Verdana; font-size: small;\">74 &#8211; Fregio del servizio di amministrazione<\/span><span style=\"font-family: Verdana; font-size: small;\"><span id=\"news_dom283\" class=\"news_css\"><sup>1<\/sup><\/span><\/span><\/p>\n<\/td>\n<td width=\"304\">\n<p align=\"center\"><span style=\"font-family: Verdana; font-size: small;\">75 &#8211; Fregio del servizio della sussistenza<\/span><span style=\"font-family: Verdana; font-size: small;\"><sup>1<\/sup><\/span><\/p>\n<p align=\"center\"><span style=\"font-family: Verdana; font-size: small;\">76 &#8211; Fregio del servizio della giustizia militare<\/span><\/p>\n<p align=\"center\"><span style=\"font-family: Verdana; font-size: small;\">77 &#8211; Fregio per cappellani militari<\/span><\/p>\n<\/td>\n<\/tr>\n<\/tbody>\n<\/table>\n<\/div>\n<div align=\"center\">\n<p>&nbsp;<\/p>\n<table id=\"table40\" border=\"1\" width=\"624\">\n<tbody>\n<tr>\n<td width=\"304\">\n<p align=\"center\"><span id=\"news_dom\" class=\"news_css\"><span id=\"news_dom300\" class=\"news_css\"><img loading=\"lazy\" decoding=\"async\" src=\"http:\/\/www.regioesercito.it\/uniformi\/imguni\/enr\/rsi36.jpg\" width=\"297\" height=\"400\" border=\"0\" \/><\/span><\/span><\/p>\n<\/td>\n<td bgcolor=\"#C0C0C0\" width=\"304\"><\/td>\n<\/tr>\n<tr>\n<td width=\"304\">\n<p align=\"center\"><span style=\"font-family: Verdana; font-size: small;\">78 &#8211; Sciarpa per Ufficiale rosso-granata ENR Rsi<\/span><\/p>\n<\/td>\n<td width=\"304\">\n<p align=\"center\">\n<\/td>\n<\/tr>\n<\/tbody>\n<\/table>\n<\/div>\n<p align=\"center\"><span id=\"news_dom101\" class=\"news_css\">Nota (1) medici: croce rossa in campo bianco<\/span><\/p>\n<p align=\"center\"><span id=\"news_dom101\" class=\"news_css\">farmacisti: croce rossa in campo azzurro<\/span><\/p>\n<p align=\"center\"><span id=\"news_dom101\" class=\"news_css\">veterinari: croce azzurra in campo bianco<\/span><\/p>\n<p align=\"center\"><span id=\"news_dom101\" class=\"news_css\">commissariato: croce oro in campo viola<\/span><\/p>\n<p align=\"center\"><span id=\"news_dom101\" class=\"news_css\">amministrazione: croce oro in campo nero<\/span><\/p>\n<p align=\"center\"><span id=\"news_dom101\" class=\"news_css\">sussistenza: croce oro in campo azzurro<\/span><\/p>\n<p>&nbsp;<\/p>\n<p>L&#8217;<b>Esercito\u00a0Nazionale Repubblica<\/b><b>no<\/b>\u00a0fu l&#8217;esercito regolare della\u00a0<a title=\"Repubblica Sociale Italiana\" href=\"https:\/\/it.wikipedia.org\/wiki\/Repubblica_Sociale_Italiana\">Repubblica Sociale Italiana<\/a>. Dipendeva dal governo della R.S.I, ma per l&#8217;impiego operativo era di fatto subordinato ai comandi militari tedeschi.<\/p>\n<p>Il proposito di \u00abcontinuare la guerra\u00bb era sempre stato presente nella natura del fascismo repubblicano fino dalla sua fondazione, a inizio autunno\u00a01943. Durante i colloqui svoltisi al\u00a0Quartier generale\u00a0del\u00a0F\u00fchrer, Mussolini e\u00a0Hitler\u00a0concordarono la formazione di un nuovo esercito fascista: Hitler aveva intenzione, inizialmente, di far istituire un&#8217;armata di circa 10 o 15 divisioni, ma poi nella sua direttiva per l&#8217;attuazione del piano ne furono previste solo quattro.<\/p>\n<p>Intanto Mussolini torn\u00f2 in\u00a0Italia\u00a0e ad ottobre partecip\u00f2 a un convegno, insieme al neo-nominato ministro della difesa\u00a0maresciallo\u00a0Rodolfo Graziani\u00a0(capo di\u00a0Stato maggiore\u00a0fu il generale\u00a0Gastone Gambara), sulla ricostituzione dell&#8217;esercito: venne considerata realistica la prospettiva di arruolare ben 500.000 militari, con i quali armare 25 divisioni, delle quali 5 corazzate e 10 motorizzate. Il progetto, per\u00f2, apparve subito alquanto pretenzioso, poich\u00e9 nemmeno un massiccio sostegno tedesco &#8211; tra l&#8217;altro difficile da ottenere in quel momento &#8211; avrebbe potuto portare ad un risultato numericamente cos\u00ec imponente.<\/p>\n<p>Una figura di rilievo nella costituzione dell&#8217;Esercito Nazionale Repubblicano fu quella del generale\u00a0Emilio Canevari.<\/p>\n<h2><span id=\"Reclutamenti\" class=\"mw-headline\">Reclutamenti<\/span><\/h2>\n<p>Secondo rilevamenti dell&#8217;Ufficio Storico dello Stato maggiore dell&#8217;Esercito Italiano nel periodo\u00a01943-1945\u00a0l&#8217;Esercito della Repubblica Sociale cont\u00f2 558.000 effettivi.<\/p>\n<p>Nell&#8217;aprile del\u00a01944\u00a0gli arruolati (volontari e coscritti &#8211; erano anche state richiamate alcune classi di\u00a0leva) erano circa 200.000;\u00a0<span class=\"chiarimento\" title=\"Il testo selezionato deve essere comprovato da una fonte affidabile. Modifica la pagina per aggiungere fonti.\">di questi, molti erano destinati ad altre mansioni: lavoratori nelle industrie della\u00a0Germania\u00a0soprattutto, e ausiliari per la\u00a0FlaK\u00a0(l&#8217;artiglieria contraerei tedesca).<\/span>\u00a0<span class=\"chiarimento\" title=\"Il testo selezionato deve essere comprovato da una fonte affidabile. Modifica la pagina per aggiungere fonti.\">Alla fine dell&#8217;anno, anche grazie alla minaccia della\u00a0pena di morte\u00a0per i\u00a0renitenti, vennero arruolati 250.000 soldati, di cui 50.000 ceduti alla\u00a0Luftwaffe.<\/span>\u00a0Il personale dell&#8217;apparato territoriale, il cui compito principale era quello di assicurare l&#8217;arruolamento e i\u00a0servizi logistici, pass\u00f2 da circa 29.000 unit\u00e0 al momento dell&#8217;istituzione a 47.000 a met\u00e0 del 1944; dopo, a causa dell&#8217;avanzata alleata, la riduzione del numero di\u00a0comandi militari regionali\u00a0port\u00f2 anche alla riduzione del personale, che fin\u00ec per stabilizzarsi sulle 27.000 unit\u00e0.<\/p>\n<h2><span id=\"Organizzazione\" class=\"mw-headline\">Organizzazione<\/span><\/h2>\n<p>Ai vertici dell&#8217;organizzazione militare della RSI stava il Ministero della difesa nazionale che, dal 6 gennaio\u00a01944\u00a0si chiam\u00f2\u00a0Ministero delle Forze Armate. A capo di esso fu designato l&#8217;ex\u00a0Maresciallo d&#8217;Italia\u00a0Rodolfo Graziani, che a sua volta nomin\u00f2 quale\u00a0Capo di stato maggiore generale\u00a0il\u00a0generale\u00a0Gastone Gambara.<br \/>\nCollaboravano col ministro un sottosegretario per l&#8217;Esercito, uno per la\u00a0Marina Nazionale Repubblicana\u00a0e uno per l&#8217;Aeronautica Nazionale Repubblicana, per ognuno di essi esisteva inoltre un capo di Stato maggiore.<\/p>\n<p>A livello gerarchico, le forze armate erano alle dipendenze del Capo di Stato che in tempo di pace esercitava il comando attraverso il Ministro della Difesa, in tempo di guerra a mezzo del Capo di Stato maggiore Generale.<\/p>\n<p>Dal 15 agosto\u00a01944\u00a0entr\u00f2 nei ranghi dell&#8217;Esercito Nazionale Repubblicano anche la\u00a0Guardia Nazionale Repubblicana, con Decreto Legislativo del\u00a0Duce\u00a0n\u00ba\u00a0469\u00a0del 14 agosto\u00a01944\u00a0&#8211; XXII E.F.\u00a0<i>&#8220;Passaggio della G.N.R. nell&#8217;Esercito Nazionale Repubblicano&#8221;<\/i>. (periodo della RSI di pubblicazione del nuovo regolamento ufficiale per ENR da dove estraiamo le specifiche di questa sciarpa in vendita)<\/p>\n<p>Molti reparti furono falcidiati dalle diserzioni, in alcuni casi anche a vantaggio delle formazioni partigiane, che divennero problematiche soprattutto per le grandi unit\u00e0 (meno coese ideologicamente) verso la fine della guerra.<\/p>\n<h2>Monterosa<\/h2>\n<p>La divisione nasce il 1\u00ba gennaio 1944 a Pavia, ma \u00e8 mobilitata solamente il 15 febbraio dello stesso anno. La divisione, formata da circa 20.000 uomini, di cui il 20% provenienti dal\u00a0Regio Esercito, viene costituita dai dirigenti della Repubblica Sociale per combattere in ambito montano a fianco dell&#8217;esercito tedesco. Per l&#8217;addestramento la divisione viene inviata in\u00a0Germania\u00a0per 6 mesi, dove gli uomini sono addestrati da istruttori tedeschi e armati con materiale proveniente dai magazzini della\u00a0Wehrmacht. Nell&#8217;organico della divisione si contano anche 30 ausiliarie alpine, le prime nella storia del corpo.<\/p>\n<p>Il 16 luglio dello stesso anno\u00a0Benito Mussolini\u00a0consegna la bandiera ai reggimenti, a\u00a0M\u00fcnsingen.<\/p>\n<p>In luglio, all&#8217;arrivo in Italia, viene posta sotto il comando del Corpo d&#8217;armata &#8220;Lombardia&#8221;, nell&#8217;area\u00a0ligure, per contrastare un eventuale sbarco delle forze\u00a0alleate. Successivamente viene spostata nella\u00a0Garfagnana\u00a0tra il fiume\u00a0Serchio\u00a0e le\u00a0Alpi Apuane, Nel gennaio\u00a01945\u00a0circa la met\u00e0 della divisione viene spostata sulle\u00a0Alpi occidentali\u00a0per contrastare l&#8217;avanzata americana e francese ed in questa occasione per dar man forte viene aggregato il Battaglione &#8220;Cadore&#8221;, ricevuto dal Raggruppamento &#8220;Cacciatori degli Appennini&#8221;<\/p>\n<p>La Divisione alla fine della guerra conta 1.100 caduti, 142 decorazioni assegnate, tra le quali tre medaglie d&#8217;oro al\u00a0valor militare\u00a0all&#8217;alpino\u00a0Renato Assante, al sottotenente\u00a0Eraldo Boschi\u00a0e al sottotenente medico\u00a0Mario Da Re, inoltre 89 encomi e numerosi croci di guerra. Viene sciolta il 28 aprile\u00a01945\u00a0dal maresciallo\u00a0Rodolfo Graziani, che emana l&#8217;ordine di cessare le ostilit\u00e0.<\/p>\n<h2>San Marco<\/h2>\n<p>Un primo nucleo di istruttori perviene a\u00a0Grafenw\u00f6hr, sede del campo di addestramento nel dicembre\u00a01943. La divisione fu indicata dai tedeschi con la denominazione\u00a0<i>3. Italienische Infanterie Division<\/i>. I quadri vengono completati all&#8217;inizio di febbraio, con l&#8217;apporto dei &#8220;volontari&#8221; circa 1.800, provenienti da reparti della\u00a0X\u00aa Flottiglia MAS\u00a0e dalla &#8220;1\u00aa Divisione di marina\u00a0italiana&#8221; proveniente, in massima parte, da\u00a0Bordeaux. Un centinaio di volontari provenienti dal disciolto\u00a0Battaglione &#8220;Caorle&#8221;. Il grosso della forza venne fornito dalla leva delle classi 1924 e 1925, e inviati al campo d&#8217;addestramento di Grafenw\u00f6hr.<\/p>\n<p>\u00c8 la prima unit\u00e0 ad avere i ranghi al completo e la prima a iniziare l&#8217;addestramento. Alcuni reparti vengono addestrati nel campo di\u00a0Heuberg.<span id=\"Attivit.C3.A0\"><\/span><\/p>\n<p>Rientrata in Italia nel luglio 1944 la Divisione fu schierata a difesa delle coste della Liguria occidentale, ed ebbe subito numerose diserzioni, con il comandante Aldo Princivalle che entr\u00f2 in contrasto con gli ufficiali di collegamento tedeschi e fu sostituito.<\/p>\n<h2>Littorio<\/h2>\n<p style=\"font-weight: 400;\">Addestrata nel campo di Senne-Paderborn e Detmold in Renania Vestfalia al confine con la Bassa Sassonia , comandata dal Gen. Tito Agosti. Era costituita da 1 Rgt di granatieri (3 Btg), 1 Rgt di Alpini (3 btg) e 1 Rgt di Artiglieria (4 Gruppi). Contava circa 17000 uomini. Rientr\u00f2 in Italia nell\u2019ottobre 1944 e, dopo una breve sosta in Emilia e Lombardia, il 3 dicembre fu posta a difesa delle Alpi Occidentali nel tratto da Cima del Diavolo al Monviso.<\/p>\n<h2>Italia<\/h2>\n<p>Divisione addestrata ad Heuberg nel Baden Wuerttemberg; comandante Gen.Giardina fino al 29\/11\/1943, Gen. Carloni fino al 15\/7\/1944, Gen. Guido Mainardi dal 14\/8\/1944 al 22.2.1945, poi Gen. Mario Carloni fino al 29.4.1945. Contava circa 14000 uomini successivamente ridottisi a poco pi\u00f9 di 10000. Rientrata dalla Germania nel dicembre 1944, fu schierata fra Parma, Fidenza e Salsomaggiore. A met\u00e0 gennaio 1945 cominci\u00f2 lo spostamento verso il fronte della Garfagnana dove and\u00f2 a dare il cambio ai reparti della Monterosa (ad eccezione del Btg. \u201cIntra\u201d) e della San Marco. Durante il ripiegamento combatt\u00e8 valorosamente per difendere le vie che consentirono il ripiegamento fino a Medesano, dove avvenne la resa con l\u2019onore delle armi.<\/p>\n<p>&nbsp;<\/p>\n<p>Fonti\u00a0 <a href=\"http:\/\/www.regioesercito.it\/uniformi\/unienr2.htm\">Regolamento ENR<\/a> ,\u00a0 <a href=\"http:\/\/web.tiscali.it\/RSI_ANALISI\/esercito.htm\">Esercito Repubblicano<\/a><\/p>\n<p>&nbsp;<\/p>\n<p>1.20<\/p>\n","protected":false},"excerpt":{"rendered":"<p style=\"text-align: center;\">Sciarpa per Ufficiale dell&#8217;Esercito Nazionale Repubblicano, ENR , periodo RSI Repubblica Sociale Italiana, dal colore rosso granata. Come da regolamento dell&#8217;<strong>I<\/strong><b><span style=\"font-family: Verdana; font-size: small;\">struzione provvisoria sull&#8217;uniforme <\/span><\/b><b><span style=\"font-family: Verdana; font-size: small;\">dell&#8217;Esercito Nazionale Repubblicano <\/span><\/b><span style=\"font-family: Verdana; font-size: small;\">(1944 &#8211; XXII). In condizioni perfette, completa della sua scatola originale della <strong>Ve.De.Me.<\/strong> di <strong>Milano <\/strong>, scatola in buone condizioni.<\/span><\/p>\n<p style=\"text-align: center;\"><strong><em>(Scorri la pagina in basso per ulteriori dettagli e informazioni)<\/em><\/strong><\/p>\n<p>&nbsp;<\/p>\n<p>&nbsp;<\/p>\n","protected":false},"featured_media":4479,"comment_status":"open","ping_status":"closed","template":"","meta":[],"product_cat":[586],"product_tag":[304,197,155,165,198,156,261,260,305],"yoast_head":"<!-- This site is optimized with the Yoast SEO plugin v21.9.1 - https:\/\/yoast.com\/wordpress\/plugins\/seo\/ -->\n<title>\u274c\ud83d\ude41Sciarpa RSI Ufficiale ENR - Rosso granata - Thefinitive<\/title>\n<meta name=\"description\" content=\"Sciarpa per Ufficiale RSI dell&#039; Esercito Nazionale Repubblicano ENR - Repubblica Sociale - PATRIA ONORE Fedelt\u00e0 - Originale\" \/>\n<meta name=\"robots\" content=\"index, follow, max-snippet:-1, max-image-preview:large, max-video-preview:-1\" \/>\n<link rel=\"canonical\" href=\"https:\/\/thefinitive.com\/en\/prodotto\/sciarpa-rsi-ufficiale-enr-rosso-granata\/\" \/>\n<meta property=\"og:locale\" content=\"en_US\" \/>\n<meta property=\"og:type\" content=\"article\" \/>\n<meta property=\"og:title\" content=\"\u274c\ud83d\ude41Sciarpa RSI Ufficiale ENR - Rosso granata - Thefinitive\" \/>\n<meta property=\"og:description\" content=\"Sciarpa per Ufficiale RSI dell&#039; Esercito Nazionale Repubblicano ENR - Repubblica Sociale - PATRIA ONORE Fedelt\u00e0 - Originale\" \/>\n<meta property=\"og:url\" content=\"https:\/\/thefinitive.com\/en\/prodotto\/sciarpa-rsi-ufficiale-enr-rosso-granata\/\" \/>\n<meta property=\"og:site_name\" content=\"Thefinitive\" \/>\n<meta property=\"article:publisher\" content=\"https:\/\/business.facebook.com\/Thefinitive-111771813534320\/\" \/>\n<meta property=\"article:modified_time\" content=\"2023-03-20T14:48:43+00:00\" \/>\n<meta property=\"og:image\" content=\"https:\/\/thefinitive.com\/wp-content\/uploads\/2020\/01\/20200122_165008.jpg\" \/>\n\t<meta property=\"og:image:width\" content=\"2160\" \/>\n\t<meta property=\"og:image:height\" content=\"2160\" \/>\n\t<meta property=\"og:image:type\" content=\"image\/jpeg\" \/>\n<meta name=\"twitter:card\" content=\"summary_large_image\" \/>\n<meta name=\"twitter:label1\" content=\"Est. reading time\" \/>\n\t<meta name=\"twitter:data1\" content=\"9 minutes\" \/>\n<script type=\"application\/ld+json\" class=\"yoast-schema-graph\">{\"@context\":\"https:\/\/schema.org\",\"@graph\":[{\"@type\":\"WebPage\",\"@id\":\"https:\/\/thefinitive.com\/en\/prodotto\/sciarpa-rsi-ufficiale-enr-rosso-granata\/\",\"url\":\"https:\/\/thefinitive.com\/en\/prodotto\/sciarpa-rsi-ufficiale-enr-rosso-granata\/\",\"name\":\"\u274c\ud83d\ude41Sciarpa RSI Ufficiale ENR - Rosso granata - Thefinitive\",\"isPartOf\":{\"@id\":\"https:\/\/thefinitive.com\/en\/#website\"},\"datePublished\":\"2020-01-24T19:02:48+00:00\",\"dateModified\":\"2023-03-20T14:48:43+00:00\",\"description\":\"Sciarpa per Ufficiale RSI dell' Esercito Nazionale Repubblicano ENR - Repubblica Sociale - PATRIA ONORE Fedelt\u00e0 - Originale\",\"breadcrumb\":{\"@id\":\"https:\/\/thefinitive.com\/en\/prodotto\/sciarpa-rsi-ufficiale-enr-rosso-granata\/#breadcrumb\"},\"inLanguage\":\"en-US\",\"potentialAction\":[{\"@type\":\"ReadAction\",\"target\":[\"https:\/\/thefinitive.com\/en\/prodotto\/sciarpa-rsi-ufficiale-enr-rosso-granata\/\"]}]},{\"@type\":\"BreadcrumbList\",\"@id\":\"https:\/\/thefinitive.com\/en\/prodotto\/sciarpa-rsi-ufficiale-enr-rosso-granata\/#breadcrumb\",\"itemListElement\":[{\"@type\":\"ListItem\",\"position\":1,\"name\":\"Home\",\"item\":\"https:\/\/thefinitive.com\/en\/\"},{\"@type\":\"ListItem\",\"position\":2,\"name\":\"Shop\",\"item\":\"https:\/\/thefinitive.com\/en\/shop-2\/\"},{\"@type\":\"ListItem\",\"position\":3,\"name\":\"\u274c\ud83d\ude41Sciarpa RSI Ufficiale ENR &#8211; Rosso granata\"}]},{\"@type\":\"WebSite\",\"@id\":\"https:\/\/thefinitive.com\/en\/#website\",\"url\":\"https:\/\/thefinitive.com\/en\/\",\"name\":\"Thefinitive\",\"description\":\"Antiquariato Online\",\"publisher\":{\"@id\":\"https:\/\/thefinitive.com\/en\/#organization\"},\"potentialAction\":[{\"@type\":\"SearchAction\",\"target\":{\"@type\":\"EntryPoint\",\"urlTemplate\":\"https:\/\/thefinitive.com\/en\/?s={search_term_string}\"},\"query-input\":\"required name=search_term_string\"}],\"inLanguage\":\"en-US\"},{\"@type\":\"Organization\",\"@id\":\"https:\/\/thefinitive.com\/en\/#organization\",\"name\":\"Thefinitive\",\"url\":\"https:\/\/thefinitive.com\/en\/\",\"logo\":{\"@type\":\"ImageObject\",\"inLanguage\":\"en-US\",\"@id\":\"https:\/\/thefinitive.com\/en\/#\/schema\/logo\/image\/\",\"url\":\"https:\/\/thefinitive.com\/wp-content\/uploads\/2019\/07\/logo4vett.svg\",\"contentUrl\":\"https:\/\/thefinitive.com\/wp-content\/uploads\/2019\/07\/logo4vett.svg\",\"width\":500,\"height\":100,\"caption\":\"Thefinitive\"},\"image\":{\"@id\":\"https:\/\/thefinitive.com\/en\/#\/schema\/logo\/image\/\"},\"sameAs\":[\"https:\/\/business.facebook.com\/Thefinitive-111771813534320\/\",\"https:\/\/www.instagram.com\/_thefinitive_\/\"]}]}<\/script>\n<!-- \/ Yoast SEO plugin. -->","yoast_head_json":{"title":"\u274c\ud83d\ude41Sciarpa RSI Ufficiale ENR - Rosso granata - Thefinitive","description":"Sciarpa per Ufficiale RSI dell' Esercito Nazionale Repubblicano ENR - Repubblica Sociale - PATRIA ONORE Fedelt\u00e0 - Originale","robots":{"index":"index","follow":"follow","max-snippet":"max-snippet:-1","max-image-preview":"max-image-preview:large","max-video-preview":"max-video-preview:-1"},"canonical":"https:\/\/thefinitive.com\/en\/prodotto\/sciarpa-rsi-ufficiale-enr-rosso-granata\/","og_locale":"en_US","og_type":"article","og_title":"\u274c\ud83d\ude41Sciarpa RSI Ufficiale ENR - Rosso granata - Thefinitive","og_description":"Sciarpa per Ufficiale RSI dell' Esercito Nazionale Repubblicano ENR - Repubblica Sociale - PATRIA ONORE Fedelt\u00e0 - Originale","og_url":"https:\/\/thefinitive.com\/en\/prodotto\/sciarpa-rsi-ufficiale-enr-rosso-granata\/","og_site_name":"Thefinitive","article_publisher":"https:\/\/business.facebook.com\/Thefinitive-111771813534320\/","article_modified_time":"2023-03-20T14:48:43+00:00","og_image":[{"width":2160,"height":2160,"url":"https:\/\/thefinitive.com\/wp-content\/uploads\/2020\/01\/20200122_165008.jpg","type":"image\/jpeg"}],"twitter_card":"summary_large_image","twitter_misc":{"Est. reading time":"9 minutes"},"schema":{"@context":"https:\/\/schema.org","@graph":[{"@type":"WebPage","@id":"https:\/\/thefinitive.com\/en\/prodotto\/sciarpa-rsi-ufficiale-enr-rosso-granata\/","url":"https:\/\/thefinitive.com\/en\/prodotto\/sciarpa-rsi-ufficiale-enr-rosso-granata\/","name":"\u274c\ud83d\ude41Sciarpa RSI Ufficiale ENR - Rosso granata - Thefinitive","isPartOf":{"@id":"https:\/\/thefinitive.com\/en\/#website"},"datePublished":"2020-01-24T19:02:48+00:00","dateModified":"2023-03-20T14:48:43+00:00","description":"Sciarpa per Ufficiale RSI dell' Esercito Nazionale Repubblicano ENR - Repubblica Sociale - PATRIA ONORE Fedelt\u00e0 - Originale","breadcrumb":{"@id":"https:\/\/thefinitive.com\/en\/prodotto\/sciarpa-rsi-ufficiale-enr-rosso-granata\/#breadcrumb"},"inLanguage":"en-US","potentialAction":[{"@type":"ReadAction","target":["https:\/\/thefinitive.com\/en\/prodotto\/sciarpa-rsi-ufficiale-enr-rosso-granata\/"]}]},{"@type":"BreadcrumbList","@id":"https:\/\/thefinitive.com\/en\/prodotto\/sciarpa-rsi-ufficiale-enr-rosso-granata\/#breadcrumb","itemListElement":[{"@type":"ListItem","position":1,"name":"Home","item":"https:\/\/thefinitive.com\/en\/"},{"@type":"ListItem","position":2,"name":"Shop","item":"https:\/\/thefinitive.com\/en\/shop-2\/"},{"@type":"ListItem","position":3,"name":"\u274c\ud83d\ude41Sciarpa RSI Ufficiale ENR &#8211; Rosso granata"}]},{"@type":"WebSite","@id":"https:\/\/thefinitive.com\/en\/#website","url":"https:\/\/thefinitive.com\/en\/","name":"Thefinitive","description":"Antiquariato Online","publisher":{"@id":"https:\/\/thefinitive.com\/en\/#organization"},"potentialAction":[{"@type":"SearchAction","target":{"@type":"EntryPoint","urlTemplate":"https:\/\/thefinitive.com\/en\/?s={search_term_string}"},"query-input":"required name=search_term_string"}],"inLanguage":"en-US"},{"@type":"Organization","@id":"https:\/\/thefinitive.com\/en\/#organization","name":"Thefinitive","url":"https:\/\/thefinitive.com\/en\/","logo":{"@type":"ImageObject","inLanguage":"en-US","@id":"https:\/\/thefinitive.com\/en\/#\/schema\/logo\/image\/","url":"https:\/\/thefinitive.com\/wp-content\/uploads\/2019\/07\/logo4vett.svg","contentUrl":"https:\/\/thefinitive.com\/wp-content\/uploads\/2019\/07\/logo4vett.svg","width":500,"height":100,"caption":"Thefinitive"},"image":{"@id":"https:\/\/thefinitive.com\/en\/#\/schema\/logo\/image\/"},"sameAs":["https:\/\/business.facebook.com\/Thefinitive-111771813534320\/","https:\/\/www.instagram.com\/_thefinitive_\/"]}]}},"_links":{"self":[{"href":"https:\/\/thefinitive.com\/en\/wp-json\/wp\/v3\/product\/4573"}],"collection":[{"href":"https:\/\/thefinitive.com\/en\/wp-json\/wp\/v3\/product"}],"about":[{"href":"https:\/\/thefinitive.com\/en\/wp-json\/wp\/v2\/types\/product"}],"replies":[{"embeddable":true,"href":"https:\/\/thefinitive.com\/en\/wp-json\/wp\/v2\/comments?post=4573"}],"version-history":[{"count":1,"href":"https:\/\/thefinitive.com\/en\/wp-json\/wp\/v3\/product\/4573\/revisions"}],"predecessor-version":[{"id":14809,"href":"https:\/\/thefinitive.com\/en\/wp-json\/wp\/v3\/product\/4573\/revisions\/14809"}],"wp:featuredmedia":[{"embeddable":true,"href":"https:\/\/thefinitive.com\/en\/wp-json\/wp\/v2\/media\/4479"}],"wp:attachment":[{"href":"https:\/\/thefinitive.com\/en\/wp-json\/wp\/v2\/media?parent=4573"}],"wp:term":[{"taxonomy":"product_cat","embeddable":true,"href":"https:\/\/thefinitive.com\/en\/wp-json\/wp\/v2\/product_cat?post=4573"},{"taxonomy":"product_tag","embeddable":true,"href":"https:\/\/thefinitive.com\/en\/wp-json\/wp\/v2\/product_tag?post=4573"}],"curies":[{"name":"wp","href":"https:\/\/api.w.org\/{rel}","templated":true}]}}