{"id":4453,"date":"2020-01-22T18:11:23","date_gmt":"2020-01-22T17:11:23","guid":{"rendered":"https:\/\/www.thefinitive.com\/?post_type=product&#038;p=4453"},"modified":"2023-04-09T15:02:18","modified_gmt":"2023-04-09T13:02:18","slug":"nazionalista-italiano-fascismo-antemarcia-elmetto-adrian","status":"publish","type":"product","link":"https:\/\/thefinitive.com\/en\/prodotto\/nazionalista-italiano-fascismo-antemarcia-elmetto-adrian\/","title":{"rendered":"Nazionalista italiano fascismo antemarcia ELMETTO Adrian"},"content":{"rendered":"<p>Elmetto Adrian per\u00a0 \u00a0<strong>NAZIONALISTA\u00a0<\/strong> <em><strong>italiano<\/strong> <\/em>, usato nei movimenti nazionali che nascevano insieme al fascismo antemarcia, L&#8217;Elmetto originariamente facente parte degli Adrian di prima dotazione del Regio Esercito nella prima guerra mondiale, colorato di Bleu Horizon, \u00e8 ridipinto di <strong>vernice azzurra<\/strong> (un blu pi\u00f9 scuro rispetto a quello originale sottostante), come dal colore dei nazionalisti che vestivano in <strong>CAMICIA AZZURRA<\/strong> , e lo possiamo notare nei diversi punti di mancanza della vernice stessa. All&#8217;interno troviamo il timbro\u00a0 <strong>BA\u00a0<\/strong> all&#8217;interno di un cerchio, sormontato da una corona reale. Il fregio \u00e8 un&#8217;aquila del tipo specificatamente NAZIONALISTA , realizzata in materiale cartaceo dipinto a mano ed applicato sul frontale dell&#8217;elmetto stesso. Purtroppo l&#8217;aquila presente una mancanza all&#8217;ala destra (sinistra guardando l&#8217;elmetto di fronte) , e l&#8217;elmetto \u00e8 privo del suo interno in tela cerata o pelle. Comunque resta un pezzo carico di storia, e quasi unico nel suo genere. Siamo ancora fortunati ad averlo qui con noi dopo 100 anni !!!<\/p>\n<p>&nbsp;<\/p>\n<p><strong><a href=\"https:\/\/www.thefinitive.com\/?attachment_id=4454\" rel=\"attachment wp-att-4454\"><img loading=\"lazy\" decoding=\"async\" class=\"alignnone wp-image-4454\" src=\"https:\/\/www.thefinitive.com\/wp-content\/uploads\/2020\/01\/tesseranazionalista.jpg\" alt=\"\" width=\"396\" height=\"264\" srcset=\"https:\/\/thefinitive.com\/wp-content\/uploads\/2020\/01\/tesseranazionalista.jpg 768w, https:\/\/thefinitive.com\/wp-content\/uploads\/2020\/01\/tesseranazionalista-64x43.jpg 64w, https:\/\/thefinitive.com\/wp-content\/uploads\/2020\/01\/tesseranazionalista-300x200.jpg 300w\" sizes=\"(max-width: 396px) 100vw, 396px\" \/><\/a><a href=\"https:\/\/www.thefinitive.com\/?attachment_id=4456\" rel=\"attachment wp-att-4456\"><img loading=\"lazy\" decoding=\"async\" class=\"alignnone wp-image-4456\" src=\"https:\/\/www.thefinitive.com\/wp-content\/uploads\/2020\/01\/nazionalista.jpg\" alt=\"\" width=\"311\" height=\"260\" srcset=\"https:\/\/thefinitive.com\/wp-content\/uploads\/2020\/01\/nazionalista.jpg 461w, https:\/\/thefinitive.com\/wp-content\/uploads\/2020\/01\/nazionalista-64x54.jpg 64w, https:\/\/thefinitive.com\/wp-content\/uploads\/2020\/01\/nazionalista-300x251.jpg 300w\" sizes=\"(max-width: 311px) 100vw, 311px\" \/><\/a><a href=\"https:\/\/www.thefinitive.com\/?attachment_id=4455\" rel=\"attachment wp-att-4455\"><img loading=\"lazy\" decoding=\"async\" class=\"alignnone wp-image-4455\" src=\"https:\/\/www.thefinitive.com\/wp-content\/uploads\/2020\/01\/crocenazionalista1924.jpg\" alt=\"\" width=\"362\" height=\"316\" srcset=\"https:\/\/thefinitive.com\/wp-content\/uploads\/2020\/01\/crocenazionalista1924.jpg 545w, https:\/\/thefinitive.com\/wp-content\/uploads\/2020\/01\/crocenazionalista1924-64x56.jpg 64w, https:\/\/thefinitive.com\/wp-content\/uploads\/2020\/01\/crocenazionalista1924-300x262.jpg 300w\" sizes=\"(max-width: 362px) 100vw, 362px\" \/><\/a><a href=\"https:\/\/www.thefinitive.com\/?attachment_id=4457\" rel=\"attachment wp-att-4457\"><img loading=\"lazy\" decoding=\"async\" class=\"alignnone wp-image-4457\" src=\"https:\/\/www.thefinitive.com\/wp-content\/uploads\/2020\/01\/nazionalistimedaglia.jpg\" alt=\"\" width=\"344\" height=\"304\" srcset=\"https:\/\/thefinitive.com\/wp-content\/uploads\/2020\/01\/nazionalistimedaglia.jpg 987w, https:\/\/thefinitive.com\/wp-content\/uploads\/2020\/01\/nazionalistimedaglia-64x56.jpg 64w, https:\/\/thefinitive.com\/wp-content\/uploads\/2020\/01\/nazionalistimedaglia-300x265.jpg 300w, https:\/\/thefinitive.com\/wp-content\/uploads\/2020\/01\/nazionalistimedaglia-768x678.jpg 768w\" sizes=\"(max-width: 344px) 100vw, 344px\" \/><\/a><\/strong><\/p>\n<p>Alcune foto di materiale nazionalista italiano , pre fascismo, antemarcia<\/p>\n<p><strong>MATERIALE\u00a0 \u00a0 \u00a0:\u00a0<\/strong> metallo<\/p>\n<p><strong>MISURE\u00a0 \u00a0 \u00a0 \u00a0 \u00a0 \u00a0 :<\/strong>\u00a0 &#8211;<\/p>\n<p><strong>MARCHIO\u00a0 \u00a0 \u00a0 \u00a0 \u00a0:<\/strong>\u00a0 BA (?)<\/p>\n<p>&nbsp;<\/p>\n<h2 style=\"text-align: left;\">NOTIZIE<\/h2>\n<p>Il\u00a0<b>nazionalismo italiano<\/b>\u00a0\u00e8 l&#8217;ideologia\u00a0nazionalista\u00a0che postula l&#8217;omogeneit\u00e0 culturale degli\u00a0italiani\u00a0in qualit\u00e0 di\u00a0nazione.Esso sostiene che gli italiani siano un popolo di cultura e lingua sostanzialmente omogenea, in quanto discendenti degli\u00a0antichi romani\u00a0che hanno abitato la\u00a0penisola\u00a0per secoli, in un periodo di\u00a0unit\u00e0 storica dell&#8217;Italia. Il nazionalismo italiano ha storicamente aderito anche a\u00a0teorie imperialistiche. Le origini del nazionalismo italiano sono state spesso individuate nel\u00a0Rinascimento.<\/p>\n<p>Il nazionalismo italiano torn\u00f2 prepotentemente in auge negli anni immediatamente precedenti la\u00a0prima guerra mondiale, (movimento nazionalista italiano, pre fascismo, antemarcia ) con la ripresa del colonialismo\u00a0e con le\u00a0pretese irredentiste\u00a0verso alcuni territori\u00a0italofoni\u00a0ancora sotto il dominio dell&#8217;Austria-Ungheria, costituendo nel 1910 un partito politico, l&#8217;Associazione Nazionalista Italiana, con leader\u00a0Enrico Corradini. Fu poi uno dei tratti distintivi del\u00a0regime fascista.<\/p>\n<p>Prima e dopo l&#8217;unit\u00e0 d&#8217;Italia, diversi movimenti legati alle identit\u00e0 territoriali (vedansi per esempio il\u00a0sardismo, strutturatosi definitivamente gi\u00e0 in occasione della &#8220;Fusione Perfetta&#8221; del 1848, e il\u00a0sicilianismo, proiettatosi contro i\u00a0Borbone\u00a0e in seguito i\u00a0Savoia) misero in discussione il piano della cosiddetta &#8220;piemontesizzazione&#8221; dello stato guidato dal\u00a0Regno sardo-piemontese, criticato anche da alcuni nazionalisti non monarchici. Lo sviluppo di differenti condizioni economiche, contribuenti alla definizione di un ampio divario fra un &#8220;Nord&#8221; altamente industrializzato e un &#8220;Sud&#8221; marcatamente agricolo, ha messo a dura prova la costruzione dell&#8217;attuale identit\u00e0 italiana. Tale divario economico, negli anni Ottanta, ha provocato il sorgere del cosiddetto\u00a0padanismo, un fenomeno quasi esclusivamente legato alle fortune elettorali in\u00a0Lombardia\u00a0e\u00a0Veneto\u00a0della Lega Nord (attestatasi poi su un moderato nazionalismo), e del\u00a0neoborbonismo.<\/p>\n<h3><span id=\"Dalla_presa_di_Roma_al_primo_novecento\" class=\"mw-headline\">Dalla presa di Roma al primo novecento<\/span><\/h3>\n<div class=\"thumb tleft\">\n<div class=\"thumbinner\">\n<p><a class=\"image\" href=\"https:\/\/it.wikipedia.org\/wiki\/File:Gabriele_D%27Anunnzio.png\"><img loading=\"lazy\" decoding=\"async\" class=\"thumbimage\" src=\"https:\/\/upload.wikimedia.org\/wikipedia\/it\/thumb\/6\/63\/Gabriele_D%27Anunnzio.png\/180px-Gabriele_D%27Anunnzio.png\" srcset=\"\/\/upload.wikimedia.org\/wikipedia\/it\/6\/63\/Gabriele_D%27Anunnzio.png 1.5x\" alt=\"\" width=\"180\" height=\"255\" data-file-width=\"261\" data-file-height=\"370\" \/><\/a><\/p>\n<div class=\"thumbcaption\">\n<div class=\"magnify\"><\/div>\n<p><a title=\"Gabriele D'Annunzio\" href=\"https:\/\/it.wikipedia.org\/wiki\/Gabriele_D%27Annunzio\">Gabriele D&#8217;Annunzio<\/a><\/p>\n<\/div>\n<\/div>\n<\/div>\n<p>Dopo l&#8217;unit\u00e0 d&#8217;Italia venne completata nel\u00a01870, con la\u00a0presa di Roma\u00a0e la fine dello\u00a0Stato Pontificio, il governo italiano dovette affrontare la paralisi politica interna e le tensioni interne, con conseguente ricorso a una\u00a0politica coloniale\u00a0per distogliere l&#8217;attenzione dell&#8217;opinione pubblica italiana e arginare il malcontento generale. L&#8217;Italia riusc\u00ec a colonizzare le coste dell&#8217;Africa orientale, cio\u00e8 l&#8217;Eritrea\u00a0e\u00a0Somalia\u00a0(oltre alla piccola\u00a0Concessione italiana di Tientsin, in\u00a0Cina), ma venne arginata in\u00a0Etiopia\u00a0con 15.000 italiani che morirono nella\u00a0guerra d&#8217;Abissinia, provocando il conseguente ritiro del\u00a0Regio esercito, la caduta del governo di\u00a0Francesco Crispi\u00a0e la fine della prima avventura coloniale. Nel\u00a01911-1912\u00a0l&#8217;Italia\u00a0dichiar\u00f2 guerra\u00a0alla\u00a0Turchia, ottenendo la\u00a0Libia\u00a0e le isole del\u00a0Dodecaneso italiano. Tuttavia, questi tentativi di ottenere il sostegno popolare di massa non riuscirono, e alcune ribellioni e proteste violente, come avvenuto gi\u00e0 con i moti del 1898 divenne cos\u00ec intenso che molti osservatori ritenevano che il Regno d&#8217;Italia non sarebbe sopravvissuto.Venne concesso anche il\u00a0suffragio universale\u00a0maschile, ma lo\u00a0stato liberale\u00a0era ormai in crisi, alla vigilia della\u00a0prima guerra mondiale.<\/p>\n<h3><span id=\"L.27associazione_nazionalista_e_l.27interventismo\"><\/span><span id=\"L'associazione_nazionalista_e_l'interventismo\" class=\"mw-headline\">L&#8217;associazione nazionalista e l&#8217;interventismo<\/span><\/h3>\n<div class=\"thumb tright\">\n<div class=\"thumbinner\">\n<p><a class=\"image\" href=\"https:\/\/it.wikipedia.org\/wiki\/File:EnricoCorradini.jpg\"><img loading=\"lazy\" decoding=\"async\" class=\"thumbimage\" src=\"https:\/\/upload.wikimedia.org\/wikipedia\/commons\/thumb\/4\/43\/EnricoCorradini.jpg\/180px-EnricoCorradini.jpg\" srcset=\"\/\/upload.wikimedia.org\/wikipedia\/commons\/4\/43\/EnricoCorradini.jpg 1.5x\" alt=\"\" width=\"180\" height=\"247\" data-file-width=\"269\" data-file-height=\"369\" \/><\/a><\/p>\n<div class=\"thumbcaption\">\n<div class=\"magnify\"><\/div>\n<p><a title=\"Enrico Corradini\" href=\"https:\/\/it.wikipedia.org\/wiki\/Enrico_Corradini\">Enrico Corradini<\/a>, leader dell&#8217;ANI<\/p>\n<\/div>\n<\/div>\n<\/div>\n<p>Stanchi dei conflitti interni in Italia, un movimento di intellettuali borghesi guidati dal celebre poeta e scrittore\u00a0Gabriele D&#8217;Annunzio, soprannominato\u00a0<i>il Vate d&#8217;Italia<\/i>, e da altri come\u00a0Gaetano Mosca,\u00a0Enrico Corradini, il\u00a0futurista\u00a0Filippo Tommaso Marinetti, il\u00a0sindacalista rivoluzionario\u00a0Filippo Corridoni\u00a0e\u00a0Vilfredo Pareto\u00a0cominciarono una serrata critica al sistema parlamentare e d&#8217;incitamento ad una politica nazionalistica, e la loro posizione guadagn\u00f2 seguito tra gli italiani, perfino tra i\u00a0socialisti. D&#8217;Annunzio divenne un modello per i giovani italiani, sostenendo azioni di forza in senso nazionalista.<\/p>\n<p>Nel\u00a01910\u00a0Corradini diede vita all&#8217;Associazione Nazionalista Italiana, che raccolse le adesioni di numerosi esponenti politici e intellettuali, tra i quali\u00a0Giovanni Pascoli. L&#8217;ANI sottolineava la rilevanza dell&#8217;eroismo, il sacrificio dell&#8217;individualismo, la necessit\u00e0 di disciplina nella societ\u00e0, la maestosit\u00e0 e la potenza di Roma antica, e l&#8217;amore del rischio e del pericolo. Essa, inoltre, si dichiar\u00f2 a favore del\u00a0protezionismo\u00a0industriale, ottenendo in tal modo il sostegno di larghi settori della grande industria. L&#8217;ANI aveva seguito soprattutto tra gli studenti e gli intellettuali.<\/p>\n<p>Allo scoppio della\u00a0prima guerra mondiale\u00a0nel\u00a01914, l&#8217;Italia inizialmente mantenne la\u00a0neutralit\u00e0, nonostante la sua alleanza ufficiale (&#8220;Triplice Alleanza&#8221;) con la Germania e l&#8217;Austria-Ungheria dal\u00a01882\u00a0sulla base del fatto che i due imperi stavano conducendo una guerra di aggressione. Nel 1915, spinta popolarmente verso l&#8217;interventismo\u00a0dal movimento\u00a0irredentista\u00a0di\u00a0Cesare Battisti\u00a0(nato in territorio austriaco, e per questo catturato e impiccato dagli austriaci durante il conflitto), e da D&#8217;Annunzio, l&#8217;Italia entr\u00f2 in guerra a fianco degli\u00a0inglesi\u00a0e dei\u00a0francesi, nella Triplice Intesa, contro l&#8217;Austria-Ungheria\u00a0e la\u00a0Germania.<\/p>\n<p>Con l&#8217;adesione degli Stati Uniti e la defezione della Russia, la coalizione divenne nota come &#8220;alleati&#8221;, in contrapposizione agli\u00a0Imperi centrali. Dopo la disfatta di Caporetto, il sentimento nazionalista crebbe in tutta Italia, per il sentimento diffuso della &#8220;patria in pericolo&#8221;. Questo, per\u00f2, non valse a coinvolgere la popolazione, che in larga parte rest\u00f2 estranea alle ragioni della guerra.<\/p>\n<p>L&#8217;orgoglio nazionalista divenne importante in Italia anche dopo la fine delle ostilit\u00e0 nel novembre 1918 con la vittoria dell&#8217;Italia e e delle forze alleate contro l&#8217;Austria-Ungheria e l&#8217;annessione dei territori irredenti, come il\u00a0Trentino &#8211; Alto Adige, l&#8217;Istria\u00a0e la\u00a0Venezia Giulia, in quella che i nazionalisti presentarono come la\u00a0Quarta guerra d&#8217;indipendenza italiana. Il popolo di Roma scese in piazza per celebrare la vittoria. ( Il movimento nazionalista italiano scendeva in piazza anticipando il\u00a0 fascismo, una sorta di antemarcia )<\/p>\n<h3><span id=\"Dalla_vittoria_.22mutilata.22_al_Dannunzianesimo_fiumano\"><\/span><span id=\"Dalla_vittoria_&quot;mutilata&quot;_al_Dannunzianesimo_fiumano\" class=\"mw-headline\">Dalla vittoria &#8220;mutilata&#8221; al Dannunzianesimo fiumano<\/span><\/h3>\n<p>Le richieste italiane nel piano di pace di Parigi del\u00a01919, quale erano state promesse nel 1915, non furono pienamente raggiunte, in quanto all&#8217;Italia vennero concesse si le terre irredente, ma da esse furono escluse la citt\u00e0 di\u00a0Fiume\u00a0e la\u00a0Dalmazia.<\/p>\n<p>In particolare, i nazionalisti italiani erano infuriati per la negazione del diritto di annettere Fiume, sostenendo che avrebbe violato i principi dell&#8217;autodeterminazione dei popoli\u00a0di\u00a0Woodrow Wilson. Molti scontenti si raccolsero intorno all&#8217;eroe di guerra D&#8217;Annunzio, che rispose mobilitando duemila veterani, i legionari di Fiume, che\u00a0presero la citt\u00e0\u00a0con la forza; questa azione venne accolta nella condanna internazionale, ma venne sostenuto dalla maggioranza degli italiani, in nome della giustizia contro la &#8220;vittoria mutilata&#8221;. Anche se il governo\u00a0rivoluzionario\u00a0e nazionalista di D&#8217;Annunzio, la\u00a0Reggenza Italiana del Carnaro, fu costretto a cedere per l&#8217;intervento dell&#8217;esercito italiano, l&#8217;Italia annett\u00e9 lo\u00a0Stato Libero di Fiume, creato dalle potenze alleate dopo la fine del periodo dannunziano, pochi anni dopo.<\/p>\n<h3><span id=\"Il_fascismo,_la_seconda_guerra_mondiale_ed_il_secondo_dopoguerra\" class=\"mw-headline\">Il fascismo, la seconda guerra mondiale ed il secondo dopoguerra<\/span><\/h3>\n<p>Presentatasi alle elezioni politiche del 1921, l&#8217;ANI elesse una decina di deputati alla Camera. Il movimento nazionalista italiano, anticipando un pre fascismo antemarcia , precede la presa del potere del fascismo, con a capo\u00a0Benito Mussolini, nazionalista ed ex\u00a0socialista rivoluzionario, che divenne\u00a0Primo Ministro\u00a0nell&#8217;ottobre\u00a01922, port\u00f2 nell&#8217;aprile 1923 all&#8217;unificazione dei partiti nazionalista e fascista. La nascita nel\u00a01925\u00a0di uno stato\u00a0totalitario, e dal 1938 anche\u00a0razzista, fece da subito appello al nazionalismo italiano, sostenendo la costruzione di un\u00a0Impero italiano\u00a0nel\u00a0Mediterraneo, tramite il progetto della &#8220;Grande Italia&#8221;, ottenendo inoltre la\u00a0conciliazione con la Chiesa cattolica.<\/p>\n<p>Mussolini cerc\u00f2 di costruire relazioni strette con la Germania e il Regno Unito, mentre mostr\u00f2 ostilit\u00e0 verso la Francia e la\u00a0Jugoslavia. Con la\u00a0guerra d&#8217;Etiopia, l&#8217;annessione dell&#8217;Albania, e alcune campagne a fianco della\u00a0Germania nazista, dopo l&#8217;alleanza con essa e il\u00a0Giappone, nell&#8217;ambito delle\u00a0Potenze dell&#8217;Asse, l&#8217;Italia occup\u00f2 nel\u00a01940-41\u00a0un territorio considerevole (3.965.030,5 km\u00b2, una superficie superiore a quello dell&#8217;antico\u00a0Impero romano d&#8217;Occidente, ultimo nucleo statale in Italia della\u00a0grande potenza romana\u00a0a cui il nazionalismo mussoliniano si richiamava idealmente nella propaganda), anche se per pochissimo, consentendo intanto a Mussolini di proclamare la rinascita dell&#8217;Impero sui\u00a0<i>&#8220;colli fatali di Roma&#8221;<\/i>\u00a0(1936), con a capo\u00a0Vittorio Emanuele III, &#8220;Re d&#8217;Italia\u00a0e di Albania,\u00a0Imperatore d&#8217;Etiopia&#8221;.<\/p>\n<div class=\"thumb tleft\">\n<div class=\"thumbinner\">\n<p><a class=\"image\" href=\"https:\/\/it.wikipedia.org\/wiki\/File:Bundesarchiv_Bild_102-09844,_Mussolini_in_Mailand.jpg\"><img loading=\"lazy\" decoding=\"async\" class=\"thumbimage\" src=\"https:\/\/upload.wikimedia.org\/wikipedia\/commons\/thumb\/a\/ae\/Bundesarchiv_Bild_102-09844%2C_Mussolini_in_Mailand.jpg\/220px-Bundesarchiv_Bild_102-09844%2C_Mussolini_in_Mailand.jpg\" srcset=\"\/\/upload.wikimedia.org\/wikipedia\/commons\/thumb\/a\/ae\/Bundesarchiv_Bild_102-09844%2C_Mussolini_in_Mailand.jpg\/330px-Bundesarchiv_Bild_102-09844%2C_Mussolini_in_Mailand.jpg 1.5x, \/\/upload.wikimedia.org\/wikipedia\/commons\/thumb\/a\/ae\/Bundesarchiv_Bild_102-09844%2C_Mussolini_in_Mailand.jpg\/440px-Bundesarchiv_Bild_102-09844%2C_Mussolini_in_Mailand.jpg 2x\" alt=\"\" width=\"220\" height=\"156\" data-file-width=\"800\" data-file-height=\"568\" \/><\/a><\/p>\n<div class=\"thumbcaption\">\n<div class=\"magnify\"><\/div>\n<p>Mussolini durante un discorso<\/p>\n<\/div>\n<\/div>\n<\/div>\n<p>&nbsp;<\/p>\n<p>La sconfitta dell&#8217;Italia, in seguito all&#8217;armistizio\u00a0con gli &#8220;alleati&#8221; nel\u00a01943, la\u00a0fuga del re da Roma, la divisione temporanea tra occupanti nazisti, alleati con i fascisti al nord, e angloamericani, alleati con i monarchici al sud, posero fine di fatto all&#8217;impero coloniale italiano ben prima del\u00a01945\u00a0(sancendo inoltre la perdita temporanea di Trieste, a quella definitiva di alcuni territori, come l&#8217;Istria e le isole dalmate).<\/p>\n<p>Negli ultimi anni di guerra, si dichiaravano patrioti sia i fascisti della\u00a0Repubblica sociale italiana, sia parte del movimento della\u00a0Resistenza italiana, precisamente i\u00a0partigiani\u00a0che si ispiravano al nazionalismo moderato, detto anche nazionalismo democratico. Nel\u00a01946, anche la\u00a0monarchia\u00a0decadde e l&#8217;Italia divenne una\u00a0Repubblica. La Repubblica italiana conserv\u00f2 solo la Somalia in\u00a0amministrazione fiduciaria, dal\u00a01950\u00a0fino al\u00a01960, ed entr\u00f2 nelle\u00a0Nazioni unite\u00a0e nella\u00a0NATO. Alcuni nazionalisti videro nell&#8217;adesione, o pi\u00f9 precisamente nel posizionamento sul suolo italiano di alcune basi americane in funzione\u00a0antisovietica\u00a0(molte delle quali gestite da statunitensi e alcune con la presenza di\u00a0armi nucleari condivise), una\u00a0colonizzazione\u00a0militare implicita della penisola.<\/p>\n<p>La\u00a0Costituzione della Repubblica italiana\u00a0del 1948 &#8220;ripudia la guerra&#8221; (art. 11), ma considera &#8220;sacro dovere del cittadino&#8221; la difesa della\u00a0Patria\u00a0(art. 52). La cultura della\u00a0prima Repubblica\u00a0in questo ripudio si era per\u00f2 spinta oltre: &#8220;fino a considerare con sospetto (unico caso in Europa) lo stesso riferimento allo Stato e alla difesa degli interessi nazionali&#8221;. Le espressioni &#8220;nazionalismo costituzionale&#8221; e &#8220;patriottismo costituzionale&#8221; furono tuttavie usate dal\u00a0secondo dopoguerra\u00a0per indicare un sentimento nazionale ma di natura fortemente\u00a0antifascista.<\/p>\n<p>&nbsp;<\/p>\n<p>Fonti\u00a0 \u00a0<a href=\"https:\/\/it.wikipedia.org\/wiki\/Nazionalismo_italiano\">Nazionalismo Italiano<\/a>\u00a0 , \u00a0 \u00a0<a href=\"https:\/\/it.wikipedia.org\/wiki\/Associazione_Nazionalista_Italiana\">ANI<\/a><\/p>\n<p>1.20<\/p>\n","protected":false},"excerpt":{"rendered":"<p style=\"text-align: center;\">Elmetto Adrian per\u00a0 \u00a0<strong>NAZIONALISTA\u00a0<\/strong> <em><strong>italiano<\/strong> <\/em>, originariamente facente parte degli Adrian di prima dotazione del Regio Esercito nella prima guerra mondiale, colorato di Bleu Horizon, e ridipinto di <strong>vernice azzurra<\/strong> come dal colore dei nazionalisti che vestivano in <strong>CAMICIA AZZURRA<\/strong> . Il fregio \u00e8 un&#8217;aquila del tipo specificatamente NAZIONALISTA , realizzata in materiale cartaceo dipinto a mano ed applicato sul frontale dell&#8217;elmetto stesso. Elmetto mancante dell&#8217;interno, e con evidenti segni del tempo. Aquila con mancanza ad una delle due ali.<\/p>\n<p>&nbsp;<\/p>\n<p style=\"text-align: center;\"><strong><em>(Scorri la pagina in basso per ulteriori dettagli e informazioni)<\/em><\/strong><\/p>\n<p>&nbsp;<\/p>\n<p>&nbsp;<\/p>\n","protected":false},"featured_media":4396,"comment_status":"open","ping_status":"closed","template":"","meta":[],"product_cat":[586],"product_tag":[191,182,197,155,193,314,198,471,470,301,156,192,260],"yoast_head":"<!-- This site is optimized with the Yoast SEO plugin v21.9.1 - https:\/\/yoast.com\/wordpress\/plugins\/seo\/ -->\n<title>Nazionalista italiano fascismo antemarcia ELMETTO Adrian - Thefinitive<\/title>\n<meta name=\"description\" content=\"Elmetto Adrian NAZIONALISTA ITALIANO movimento antemarcia pre fascismo - 1920 - Camicie Azzurre Arditi Marcia di Ronchi d&#039;Annunzio\" \/>\n<meta name=\"robots\" content=\"index, follow, max-snippet:-1, max-image-preview:large, max-video-preview:-1\" \/>\n<link rel=\"canonical\" href=\"https:\/\/thefinitive.com\/en\/prodotto\/nazionalista-italiano-fascismo-antemarcia-elmetto-adrian\/\" \/>\n<meta property=\"og:locale\" content=\"en_US\" \/>\n<meta property=\"og:type\" content=\"article\" \/>\n<meta property=\"og:title\" content=\"Nazionalista italiano fascismo antemarcia ELMETTO Adrian - Thefinitive\" \/>\n<meta property=\"og:description\" content=\"Elmetto Adrian NAZIONALISTA ITALIANO movimento antemarcia pre fascismo - 1920 - Camicie Azzurre Arditi Marcia di Ronchi d&#039;Annunzio\" \/>\n<meta property=\"og:url\" content=\"https:\/\/thefinitive.com\/en\/prodotto\/nazionalista-italiano-fascismo-antemarcia-elmetto-adrian\/\" \/>\n<meta property=\"og:site_name\" content=\"Thefinitive\" \/>\n<meta property=\"article:publisher\" content=\"https:\/\/business.facebook.com\/Thefinitive-111771813534320\/\" \/>\n<meta property=\"article:modified_time\" content=\"2023-04-09T13:02:18+00:00\" \/>\n<meta property=\"og:image\" content=\"https:\/\/thefinitive.com\/wp-content\/uploads\/2020\/01\/20200119_125357.jpg\" \/>\n\t<meta property=\"og:image:width\" content=\"2160\" \/>\n\t<meta property=\"og:image:height\" content=\"2160\" \/>\n\t<meta property=\"og:image:type\" content=\"image\/jpeg\" \/>\n<meta name=\"twitter:card\" content=\"summary_large_image\" \/>\n<meta name=\"twitter:label1\" content=\"Est. reading time\" \/>\n\t<meta name=\"twitter:data1\" content=\"8 minutes\" \/>\n<script type=\"application\/ld+json\" class=\"yoast-schema-graph\">{\"@context\":\"https:\/\/schema.org\",\"@graph\":[{\"@type\":\"WebPage\",\"@id\":\"https:\/\/thefinitive.com\/en\/prodotto\/nazionalista-italiano-fascismo-antemarcia-elmetto-adrian\/\",\"url\":\"https:\/\/thefinitive.com\/en\/prodotto\/nazionalista-italiano-fascismo-antemarcia-elmetto-adrian\/\",\"name\":\"Nazionalista italiano fascismo antemarcia ELMETTO Adrian - Thefinitive\",\"isPartOf\":{\"@id\":\"https:\/\/thefinitive.com\/en\/#website\"},\"datePublished\":\"2020-01-22T17:11:23+00:00\",\"dateModified\":\"2023-04-09T13:02:18+00:00\",\"description\":\"Elmetto Adrian NAZIONALISTA ITALIANO movimento antemarcia pre fascismo - 1920 - Camicie Azzurre Arditi Marcia di Ronchi d'Annunzio\",\"breadcrumb\":{\"@id\":\"https:\/\/thefinitive.com\/en\/prodotto\/nazionalista-italiano-fascismo-antemarcia-elmetto-adrian\/#breadcrumb\"},\"inLanguage\":\"en-US\",\"potentialAction\":[{\"@type\":\"ReadAction\",\"target\":[\"https:\/\/thefinitive.com\/en\/prodotto\/nazionalista-italiano-fascismo-antemarcia-elmetto-adrian\/\"]}]},{\"@type\":\"BreadcrumbList\",\"@id\":\"https:\/\/thefinitive.com\/en\/prodotto\/nazionalista-italiano-fascismo-antemarcia-elmetto-adrian\/#breadcrumb\",\"itemListElement\":[{\"@type\":\"ListItem\",\"position\":1,\"name\":\"Home\",\"item\":\"https:\/\/thefinitive.com\/en\/\"},{\"@type\":\"ListItem\",\"position\":2,\"name\":\"Shop\",\"item\":\"https:\/\/thefinitive.com\/en\/shop-2\/\"},{\"@type\":\"ListItem\",\"position\":3,\"name\":\"Nazionalista italiano fascismo antemarcia ELMETTO Adrian\"}]},{\"@type\":\"WebSite\",\"@id\":\"https:\/\/thefinitive.com\/en\/#website\",\"url\":\"https:\/\/thefinitive.com\/en\/\",\"name\":\"Thefinitive\",\"description\":\"Antiquariato Online\",\"publisher\":{\"@id\":\"https:\/\/thefinitive.com\/en\/#organization\"},\"potentialAction\":[{\"@type\":\"SearchAction\",\"target\":{\"@type\":\"EntryPoint\",\"urlTemplate\":\"https:\/\/thefinitive.com\/en\/?s={search_term_string}\"},\"query-input\":\"required name=search_term_string\"}],\"inLanguage\":\"en-US\"},{\"@type\":\"Organization\",\"@id\":\"https:\/\/thefinitive.com\/en\/#organization\",\"name\":\"Thefinitive\",\"url\":\"https:\/\/thefinitive.com\/en\/\",\"logo\":{\"@type\":\"ImageObject\",\"inLanguage\":\"en-US\",\"@id\":\"https:\/\/thefinitive.com\/en\/#\/schema\/logo\/image\/\",\"url\":\"https:\/\/thefinitive.com\/wp-content\/uploads\/2019\/07\/logo4vett.svg\",\"contentUrl\":\"https:\/\/thefinitive.com\/wp-content\/uploads\/2019\/07\/logo4vett.svg\",\"width\":500,\"height\":100,\"caption\":\"Thefinitive\"},\"image\":{\"@id\":\"https:\/\/thefinitive.com\/en\/#\/schema\/logo\/image\/\"},\"sameAs\":[\"https:\/\/business.facebook.com\/Thefinitive-111771813534320\/\",\"https:\/\/www.instagram.com\/_thefinitive_\/\"]}]}<\/script>\n<!-- \/ Yoast SEO plugin. -->","yoast_head_json":{"title":"Nazionalista italiano fascismo antemarcia ELMETTO Adrian - Thefinitive","description":"Elmetto Adrian NAZIONALISTA ITALIANO movimento antemarcia pre fascismo - 1920 - Camicie Azzurre Arditi Marcia di Ronchi d'Annunzio","robots":{"index":"index","follow":"follow","max-snippet":"max-snippet:-1","max-image-preview":"max-image-preview:large","max-video-preview":"max-video-preview:-1"},"canonical":"https:\/\/thefinitive.com\/en\/prodotto\/nazionalista-italiano-fascismo-antemarcia-elmetto-adrian\/","og_locale":"en_US","og_type":"article","og_title":"Nazionalista italiano fascismo antemarcia ELMETTO Adrian - Thefinitive","og_description":"Elmetto Adrian NAZIONALISTA ITALIANO movimento antemarcia pre fascismo - 1920 - Camicie Azzurre Arditi Marcia di Ronchi d'Annunzio","og_url":"https:\/\/thefinitive.com\/en\/prodotto\/nazionalista-italiano-fascismo-antemarcia-elmetto-adrian\/","og_site_name":"Thefinitive","article_publisher":"https:\/\/business.facebook.com\/Thefinitive-111771813534320\/","article_modified_time":"2023-04-09T13:02:18+00:00","og_image":[{"width":2160,"height":2160,"url":"https:\/\/thefinitive.com\/wp-content\/uploads\/2020\/01\/20200119_125357.jpg","type":"image\/jpeg"}],"twitter_card":"summary_large_image","twitter_misc":{"Est. reading time":"8 minutes"},"schema":{"@context":"https:\/\/schema.org","@graph":[{"@type":"WebPage","@id":"https:\/\/thefinitive.com\/en\/prodotto\/nazionalista-italiano-fascismo-antemarcia-elmetto-adrian\/","url":"https:\/\/thefinitive.com\/en\/prodotto\/nazionalista-italiano-fascismo-antemarcia-elmetto-adrian\/","name":"Nazionalista italiano fascismo antemarcia ELMETTO Adrian - Thefinitive","isPartOf":{"@id":"https:\/\/thefinitive.com\/en\/#website"},"datePublished":"2020-01-22T17:11:23+00:00","dateModified":"2023-04-09T13:02:18+00:00","description":"Elmetto Adrian NAZIONALISTA ITALIANO movimento antemarcia pre fascismo - 1920 - Camicie Azzurre Arditi Marcia di Ronchi d'Annunzio","breadcrumb":{"@id":"https:\/\/thefinitive.com\/en\/prodotto\/nazionalista-italiano-fascismo-antemarcia-elmetto-adrian\/#breadcrumb"},"inLanguage":"en-US","potentialAction":[{"@type":"ReadAction","target":["https:\/\/thefinitive.com\/en\/prodotto\/nazionalista-italiano-fascismo-antemarcia-elmetto-adrian\/"]}]},{"@type":"BreadcrumbList","@id":"https:\/\/thefinitive.com\/en\/prodotto\/nazionalista-italiano-fascismo-antemarcia-elmetto-adrian\/#breadcrumb","itemListElement":[{"@type":"ListItem","position":1,"name":"Home","item":"https:\/\/thefinitive.com\/en\/"},{"@type":"ListItem","position":2,"name":"Shop","item":"https:\/\/thefinitive.com\/en\/shop-2\/"},{"@type":"ListItem","position":3,"name":"Nazionalista italiano fascismo antemarcia ELMETTO Adrian"}]},{"@type":"WebSite","@id":"https:\/\/thefinitive.com\/en\/#website","url":"https:\/\/thefinitive.com\/en\/","name":"Thefinitive","description":"Antiquariato Online","publisher":{"@id":"https:\/\/thefinitive.com\/en\/#organization"},"potentialAction":[{"@type":"SearchAction","target":{"@type":"EntryPoint","urlTemplate":"https:\/\/thefinitive.com\/en\/?s={search_term_string}"},"query-input":"required name=search_term_string"}],"inLanguage":"en-US"},{"@type":"Organization","@id":"https:\/\/thefinitive.com\/en\/#organization","name":"Thefinitive","url":"https:\/\/thefinitive.com\/en\/","logo":{"@type":"ImageObject","inLanguage":"en-US","@id":"https:\/\/thefinitive.com\/en\/#\/schema\/logo\/image\/","url":"https:\/\/thefinitive.com\/wp-content\/uploads\/2019\/07\/logo4vett.svg","contentUrl":"https:\/\/thefinitive.com\/wp-content\/uploads\/2019\/07\/logo4vett.svg","width":500,"height":100,"caption":"Thefinitive"},"image":{"@id":"https:\/\/thefinitive.com\/en\/#\/schema\/logo\/image\/"},"sameAs":["https:\/\/business.facebook.com\/Thefinitive-111771813534320\/","https:\/\/www.instagram.com\/_thefinitive_\/"]}]}},"_links":{"self":[{"href":"https:\/\/thefinitive.com\/en\/wp-json\/wp\/v3\/product\/4453"}],"collection":[{"href":"https:\/\/thefinitive.com\/en\/wp-json\/wp\/v3\/product"}],"about":[{"href":"https:\/\/thefinitive.com\/en\/wp-json\/wp\/v2\/types\/product"}],"replies":[{"embeddable":true,"href":"https:\/\/thefinitive.com\/en\/wp-json\/wp\/v2\/comments?post=4453"}],"version-history":[{"count":1,"href":"https:\/\/thefinitive.com\/en\/wp-json\/wp\/v3\/product\/4453\/revisions"}],"predecessor-version":[{"id":15062,"href":"https:\/\/thefinitive.com\/en\/wp-json\/wp\/v3\/product\/4453\/revisions\/15062"}],"wp:featuredmedia":[{"embeddable":true,"href":"https:\/\/thefinitive.com\/en\/wp-json\/wp\/v2\/media\/4396"}],"wp:attachment":[{"href":"https:\/\/thefinitive.com\/en\/wp-json\/wp\/v2\/media?parent=4453"}],"wp:term":[{"taxonomy":"product_cat","embeddable":true,"href":"https:\/\/thefinitive.com\/en\/wp-json\/wp\/v2\/product_cat?post=4453"},{"taxonomy":"product_tag","embeddable":true,"href":"https:\/\/thefinitive.com\/en\/wp-json\/wp\/v2\/product_tag?post=4453"}],"curies":[{"name":"wp","href":"https:\/\/api.w.org\/{rel}","templated":true}]}}