{"id":4363,"date":"2020-01-15T19:49:41","date_gmt":"2020-01-15T19:49:41","guid":{"rendered":"https:\/\/www.thefinitive.com\/?post_type=product&#038;p=4363"},"modified":"2023-03-20T15:49:08","modified_gmt":"2023-03-20T14:49:08","slug":"controspalline-generale-regio-esercito-spalline-mod-34","status":"publish","type":"product","link":"https:\/\/thefinitive.com\/en\/prodotto\/controspalline-generale-regio-esercito-spalline-mod-34\/","title":{"rendered":"\u274c\ud83d\ude41Controspalline Generale Regio Esercito &#8211; spalline mod.34"},"content":{"rendered":"<p>Controspalline per <strong>Generale<\/strong> del <strong>Regio Esercito<\/strong> , uniforme <strong>grigio verde, <\/strong>regolamento\/modello 34 . Realizzate in canutiglia argentata , con aquila argentata sormontata da corona reale , sottopannata di rosso.\u00a0 Complete dei corretti bottoni a vite per fissaggio alla giacca, con simbologia per ufficiale generale del Regio Esercito, la coppia di controspalline \u00e8 evidentemente usata, si notano i segni del tempo (vedi una delle aquile ed il panno rosso alla parte posteriore delle spalline stesse) , ed una patina omogenea su tutta la parte argentata, che dona sapore e ne assicura l&#8217;originalit\u00e0 .\u00a0 Sono comunque in buono stato, originali dell&#8217;epoca (anni &#8217;30 &#8211; &#8217;40 del secolo scorso).\u00a0 Queste spalline erano per <strong>Generale di Brigata<\/strong> e <strong>Generale di Divisione<\/strong>; nei successivi gradi l&#8217;aquila era in canutiglia dorata.<\/p>\n<p>Misure approssimative cm. 11,5 x 5,5<\/p>\n<p>&nbsp;<\/p>\n<h2>Notizie<\/h2>\n<h2><span id=\"Tabella_dei_gradi_delle_forze_armate_del_Regno_d'Italia_1933-1946\" class=\"mw-headline\">Ufficiali Generali delle forze armate del Regno d&#8217;Italia 1933-1946<\/span><\/h2>\n<table class=\"wikitable\" width=\"100%\">\n<tbody>\n<tr>\n<th colspan=\"2\"><a class=\"image\" href=\"https:\/\/it.wikipedia.org\/wiki\/File:Flag_of_Italy_(1860).svg\"><img loading=\"lazy\" decoding=\"async\" class=\"noviewer\" src=\"https:\/\/upload.wikimedia.org\/wikipedia\/commons\/thumb\/b\/b2\/Flag_of_Italy_%281860%29.svg\/40px-Flag_of_Italy_%281860%29.svg.png\" srcset=\"\/\/upload.wikimedia.org\/wikipedia\/commons\/thumb\/b\/b2\/Flag_of_Italy_%281860%29.svg\/60px-Flag_of_Italy_%281860%29.svg.png 1.5x, \/\/upload.wikimedia.org\/wikipedia\/commons\/thumb\/b\/b2\/Flag_of_Italy_%281860%29.svg\/80px-Flag_of_Italy_%281860%29.svg.png 2x\" alt=\"Flag of Italy (1860).svg\" width=\"40\" height=\"40\" data-file-width=\"1214\" data-file-height=\"1214\" \/><\/a><br \/>\nRegio Esercito<\/th>\n<th rowspan=\"2\"><img loading=\"lazy\" decoding=\"async\" class=\"noviewer\" src=\"https:\/\/upload.wikimedia.org\/wikipedia\/commons\/thumb\/a\/a6\/Emblem_of_the_Regia_Marina.svg\/40px-Emblem_of_the_Regia_Marina.svg.png\" srcset=\"\/\/upload.wikimedia.org\/wikipedia\/commons\/thumb\/a\/a6\/Emblem_of_the_Regia_Marina.svg\/60px-Emblem_of_the_Regia_Marina.svg.png 1.5x, \/\/upload.wikimedia.org\/wikipedia\/commons\/thumb\/a\/a6\/Emblem_of_the_Regia_Marina.svg\/80px-Emblem_of_the_Regia_Marina.svg.png 2x\" alt=\"Emblem of the Regia Marina.svg\" width=\"40\" height=\"35\" data-file-width=\"910\" data-file-height=\"800\" \/><br \/>\nRegia Marina<\/th>\n<th rowspan=\"2\"><img loading=\"lazy\" decoding=\"async\" class=\"noviewer\" src=\"https:\/\/upload.wikimedia.org\/wikipedia\/commons\/thumb\/9\/95\/Lesser_coat_of_arms_of_the_Kingdom_of_Italy_%281929-1943%29.svg\/40px-Lesser_coat_of_arms_of_the_Kingdom_of_Italy_%281929-1943%29.svg.png\" srcset=\"\/\/upload.wikimedia.org\/wikipedia\/commons\/thumb\/9\/95\/Lesser_coat_of_arms_of_the_Kingdom_of_Italy_%281929-1943%29.svg\/60px-Lesser_coat_of_arms_of_the_Kingdom_of_Italy_%281929-1943%29.svg.png 1.5x, \/\/upload.wikimedia.org\/wikipedia\/commons\/thumb\/9\/95\/Lesser_coat_of_arms_of_the_Kingdom_of_Italy_%281929-1943%29.svg\/80px-Lesser_coat_of_arms_of_the_Kingdom_of_Italy_%281929-1943%29.svg.png 2x\" alt=\"Lesser coat of arms of the Kingdom of Italy (1929-1943).svg\" width=\"40\" height=\"48\" data-file-width=\"1550\" data-file-height=\"1860\" \/><br \/>\nRegia Aeronautica<\/th>\n<th rowspan=\"2\"><img loading=\"lazy\" decoding=\"async\" class=\"noviewer\" src=\"https:\/\/upload.wikimedia.org\/wikipedia\/commons\/thumb\/2\/21\/CCNN41.svg\/35px-CCNN41.svg.png\" srcset=\"\/\/upload.wikimedia.org\/wikipedia\/commons\/thumb\/2\/21\/CCNN41.svg\/53px-CCNN41.svg.png 1.5x, \/\/upload.wikimedia.org\/wikipedia\/commons\/thumb\/2\/21\/CCNN41.svg\/70px-CCNN41.svg.png 2x\" alt=\"CCNN41.svg\" width=\"35\" height=\"43\" data-file-width=\"691\" data-file-height=\"850\" \/><br \/>\nMVSN<\/th>\n<\/tr>\n<tr>\n<th><\/th>\n<th>Carabinieri Reali<\/th>\n<\/tr>\n<tr>\n<th colspan=\"5\">ufficiali generali \/ ufficiali ammiragli<\/th>\n<\/tr>\n<tr align=\"center\">\n<td colspan=\"4\"><img loading=\"lazy\" decoding=\"async\" class=\"noviewer\" src=\"https:\/\/upload.wikimedia.org\/wikipedia\/commons\/thumb\/3\/32\/Rank_insignia_of_primo_maresciallo_dell%27impero_of_the_Italian_Army_%281940%29.png\/40px-Rank_insignia_of_primo_maresciallo_dell%27impero_of_the_Italian_Army_%281940%29.png\" srcset=\"\/\/upload.wikimedia.org\/wikipedia\/commons\/thumb\/3\/32\/Rank_insignia_of_primo_maresciallo_dell%27impero_of_the_Italian_Army_%281940%29.png\/60px-Rank_insignia_of_primo_maresciallo_dell%27impero_of_the_Italian_Army_%281940%29.png 1.5x, \/\/upload.wikimedia.org\/wikipedia\/commons\/thumb\/3\/32\/Rank_insignia_of_primo_maresciallo_dell%27impero_of_the_Italian_Army_%281940%29.png\/80px-Rank_insignia_of_primo_maresciallo_dell%27impero_of_the_Italian_Army_%281940%29.png 2x\" alt=\"Rank insignia of primo maresciallo dell'impero of the Italian Army (1940).png\" width=\"40\" height=\"67\" data-file-width=\"1200\" data-file-height=\"2000\" \/><br \/>\nprimo maresciallo dell&#8217;Impero<\/td>\n<td><img loading=\"lazy\" decoding=\"async\" class=\"noviewer\" src=\"https:\/\/upload.wikimedia.org\/wikipedia\/commons\/thumb\/a\/af\/Primo_caporale_d%27onore.svg\/40px-Primo_caporale_d%27onore.svg.png\" srcset=\"\/\/upload.wikimedia.org\/wikipedia\/commons\/thumb\/a\/af\/Primo_caporale_d%27onore.svg\/60px-Primo_caporale_d%27onore.svg.png 1.5x, \/\/upload.wikimedia.org\/wikipedia\/commons\/thumb\/a\/af\/Primo_caporale_d%27onore.svg\/80px-Primo_caporale_d%27onore.svg.png 2x\" alt=\"Primo caporale d'onore.svg\" width=\"40\" height=\"45\" data-file-width=\"3770\" data-file-height=\"4253\" \/><br \/>\nPrimo caporale d&#8217;onore<\/td>\n<\/tr>\n<tr align=\"center\">\n<td colspan=\"2\"><img loading=\"lazy\" decoding=\"async\" class=\"noviewer\" src=\"https:\/\/upload.wikimedia.org\/wikipedia\/commons\/thumb\/9\/98\/Rank_insignia_of_maresciallo_d%27Italia_of_the_Italian_Army_%281940%29.png\/40px-Rank_insignia_of_maresciallo_d%27Italia_of_the_Italian_Army_%281940%29.png\" srcset=\"\/\/upload.wikimedia.org\/wikipedia\/commons\/thumb\/9\/98\/Rank_insignia_of_maresciallo_d%27Italia_of_the_Italian_Army_%281940%29.png\/60px-Rank_insignia_of_maresciallo_d%27Italia_of_the_Italian_Army_%281940%29.png 1.5x, \/\/upload.wikimedia.org\/wikipedia\/commons\/thumb\/9\/98\/Rank_insignia_of_maresciallo_d%27Italia_of_the_Italian_Army_%281940%29.png\/80px-Rank_insignia_of_maresciallo_d%27Italia_of_the_Italian_Army_%281940%29.png 2x\" alt=\"Rank insignia of maresciallo d'Italia of the Italian Army (1940).png\" width=\"40\" height=\"67\" data-file-width=\"1200\" data-file-height=\"2000\" \/><br \/>\nmaresciallo d&#8217;Italia<\/td>\n<td><img loading=\"lazy\" decoding=\"async\" class=\"noviewer\" src=\"https:\/\/upload.wikimedia.org\/wikipedia\/commons\/thumb\/8\/8a\/Rank_insignia_of_grande_ammiraglio_of_the_Regia_Marina_%281936%29.svg\/40px-Rank_insignia_of_grande_ammiraglio_of_the_Regia_Marina_%281936%29.svg.png\" srcset=\"\/\/upload.wikimedia.org\/wikipedia\/commons\/thumb\/8\/8a\/Rank_insignia_of_grande_ammiraglio_of_the_Regia_Marina_%281936%29.svg\/60px-Rank_insignia_of_grande_ammiraglio_of_the_Regia_Marina_%281936%29.svg.png 1.5x, \/\/upload.wikimedia.org\/wikipedia\/commons\/thumb\/8\/8a\/Rank_insignia_of_grande_ammiraglio_of_the_Regia_Marina_%281936%29.svg\/80px-Rank_insignia_of_grande_ammiraglio_of_the_Regia_Marina_%281936%29.svg.png 2x\" alt=\"Rank insignia of grande ammiraglio of the Regia Marina (1936).svg\" width=\"40\" height=\"64\" data-file-width=\"250\" data-file-height=\"400\" \/><br \/>\ngrande ammiraglio<\/td>\n<td><img loading=\"lazy\" decoding=\"async\" class=\"noviewer\" src=\"https:\/\/upload.wikimedia.org\/wikipedia\/commons\/thumb\/e\/e6\/IT-Airforce-OF-10.png\/40px-IT-Airforce-OF-10.png\" srcset=\"\/\/upload.wikimedia.org\/wikipedia\/commons\/thumb\/e\/e6\/IT-Airforce-OF-10.png\/60px-IT-Airforce-OF-10.png 1.5x, \/\/upload.wikimedia.org\/wikipedia\/commons\/thumb\/e\/e6\/IT-Airforce-OF-10.png\/80px-IT-Airforce-OF-10.png 2x\" alt=\"IT-Airforce-OF-10.png\" width=\"40\" height=\"56\" data-file-width=\"450\" data-file-height=\"630\" \/><br \/>\nmaresciallo dell&#8217;aria<\/td>\n<td><img loading=\"lazy\" decoding=\"async\" class=\"noviewer\" src=\"https:\/\/upload.wikimedia.org\/wikipedia\/commons\/thumb\/e\/ea\/Caporale_d%27onore.svg\/40px-Caporale_d%27onore.svg.png\" srcset=\"\/\/upload.wikimedia.org\/wikipedia\/commons\/thumb\/e\/ea\/Caporale_d%27onore.svg\/60px-Caporale_d%27onore.svg.png 1.5x, \/\/upload.wikimedia.org\/wikipedia\/commons\/thumb\/e\/ea\/Caporale_d%27onore.svg\/80px-Caporale_d%27onore.svg.png 2x\" alt=\"Caporale d'onore.svg\" width=\"40\" height=\"45\" data-file-width=\"2828\" data-file-height=\"3189\" \/><br \/>\nCaporale d&#8217;onore<\/td>\n<\/tr>\n<tr align=\"center\">\n<td><img loading=\"lazy\" decoding=\"async\" class=\"noviewer\" src=\"https:\/\/upload.wikimedia.org\/wikipedia\/commons\/thumb\/c\/c6\/Rank_insignia_of_generale_d%27armata_of_the_Italian_Army_%281940%29.png\/40px-Rank_insignia_of_generale_d%27armata_of_the_Italian_Army_%281940%29.png\" srcset=\"\/\/upload.wikimedia.org\/wikipedia\/commons\/thumb\/c\/c6\/Rank_insignia_of_generale_d%27armata_of_the_Italian_Army_%281940%29.png\/60px-Rank_insignia_of_generale_d%27armata_of_the_Italian_Army_%281940%29.png 1.5x, \/\/upload.wikimedia.org\/wikipedia\/commons\/thumb\/c\/c6\/Rank_insignia_of_generale_d%27armata_of_the_Italian_Army_%281940%29.png\/80px-Rank_insignia_of_generale_d%27armata_of_the_Italian_Army_%281940%29.png 2x\" alt=\"Rank insignia of generale d'armata of the Italian Army (1940).png\" width=\"40\" height=\"67\" data-file-width=\"1200\" data-file-height=\"2000\" \/><br \/>\ngenerale d&#8217;armata<\/td>\n<td><img loading=\"lazy\" decoding=\"async\" class=\"noviewer\" src=\"https:\/\/upload.wikimedia.org\/wikipedia\/commons\/thumb\/c\/c8\/RC-Generale_d%27Armata.png\/40px-RC-Generale_d%27Armata.png\" srcset=\"\/\/upload.wikimedia.org\/wikipedia\/commons\/thumb\/c\/c8\/RC-Generale_d%27Armata.png\/60px-RC-Generale_d%27Armata.png 1.5x, \/\/upload.wikimedia.org\/wikipedia\/commons\/thumb\/c\/c8\/RC-Generale_d%27Armata.png\/80px-RC-Generale_d%27Armata.png 2x\" alt=\"RC-Generale d'Armata.png\" width=\"40\" height=\"64\" data-file-width=\"250\" data-file-height=\"400\" \/><br \/>\ngenerale d&#8217;armata<\/td>\n<td><img loading=\"lazy\" decoding=\"async\" class=\"noviewer\" src=\"https:\/\/upload.wikimedia.org\/wikipedia\/commons\/thumb\/d\/de\/Rank_insignia_of_ammiraglio_d%27armata_of_the_Regia_Marina_%281936%29.svg\/40px-Rank_insignia_of_ammiraglio_d%27armata_of_the_Regia_Marina_%281936%29.svg.png\" srcset=\"\/\/upload.wikimedia.org\/wikipedia\/commons\/thumb\/d\/de\/Rank_insignia_of_ammiraglio_d%27armata_of_the_Regia_Marina_%281936%29.svg\/60px-Rank_insignia_of_ammiraglio_d%27armata_of_the_Regia_Marina_%281936%29.svg.png 1.5x, \/\/upload.wikimedia.org\/wikipedia\/commons\/thumb\/d\/de\/Rank_insignia_of_ammiraglio_d%27armata_of_the_Regia_Marina_%281936%29.svg\/80px-Rank_insignia_of_ammiraglio_d%27armata_of_the_Regia_Marina_%281936%29.svg.png 2x\" alt=\"Rank insignia of ammiraglio d'armata of the Regia Marina (1936).svg\" width=\"40\" height=\"64\" data-file-width=\"250\" data-file-height=\"400\" \/><br \/>\nammiraglio d&#8217;armata<\/td>\n<td><img loading=\"lazy\" decoding=\"async\" class=\"noviewer\" src=\"https:\/\/upload.wikimedia.org\/wikipedia\/commons\/thumb\/b\/be\/IT-Airforce-OF-9.png\/40px-IT-Airforce-OF-9.png\" srcset=\"\/\/upload.wikimedia.org\/wikipedia\/commons\/thumb\/b\/be\/IT-Airforce-OF-9.png\/60px-IT-Airforce-OF-9.png 1.5x, \/\/upload.wikimedia.org\/wikipedia\/commons\/thumb\/b\/be\/IT-Airforce-OF-9.png\/80px-IT-Airforce-OF-9.png 2x\" alt=\"IT-Airforce-OF-9.png\" width=\"40\" height=\"51\" data-file-width=\"450\" data-file-height=\"570\" \/><br \/>\ngenerale d&#8217;armata aerea<\/td>\n<td><img loading=\"lazy\" decoding=\"async\" class=\"noviewer\" src=\"https:\/\/upload.wikimedia.org\/wikipedia\/commons\/thumb\/6\/68\/MVSN-Comandante_generale.svg\/40px-MVSN-Comandante_generale.svg.png\" srcset=\"\/\/upload.wikimedia.org\/wikipedia\/commons\/thumb\/6\/68\/MVSN-Comandante_generale.svg\/60px-MVSN-Comandante_generale.svg.png 1.5x, \/\/upload.wikimedia.org\/wikipedia\/commons\/thumb\/6\/68\/MVSN-Comandante_generale.svg\/80px-MVSN-Comandante_generale.svg.png 2x\" alt=\"MVSN-Comandante generale.svg\" width=\"40\" height=\"57\" data-file-width=\"1400\" data-file-height=\"2000\" \/><br \/>\ncomandante generale<\/td>\n<\/tr>\n<tr align=\"center\">\n<td><img loading=\"lazy\" decoding=\"async\" class=\"noviewer\" src=\"https:\/\/upload.wikimedia.org\/wikipedia\/commons\/thumb\/1\/1b\/Rank_insignia_of_generale_designato_d%27armata_of_the_Italian_Army_%281940%29.png\/40px-Rank_insignia_of_generale_designato_d%27armata_of_the_Italian_Army_%281940%29.png\" srcset=\"\/\/upload.wikimedia.org\/wikipedia\/commons\/thumb\/1\/1b\/Rank_insignia_of_generale_designato_d%27armata_of_the_Italian_Army_%281940%29.png\/60px-Rank_insignia_of_generale_designato_d%27armata_of_the_Italian_Army_%281940%29.png 1.5x, \/\/upload.wikimedia.org\/wikipedia\/commons\/thumb\/1\/1b\/Rank_insignia_of_generale_designato_d%27armata_of_the_Italian_Army_%281940%29.png\/80px-Rank_insignia_of_generale_designato_d%27armata_of_the_Italian_Army_%281940%29.png 2x\" alt=\"Rank insignia of generale designato d'armata of the Italian Army (1940).png\" width=\"40\" height=\"67\" data-file-width=\"1200\" data-file-height=\"2000\" \/><br \/>\ngenerale designato d&#8217;armata<\/td>\n<td><\/td>\n<td><img loading=\"lazy\" decoding=\"async\" class=\"noviewer\" src=\"https:\/\/upload.wikimedia.org\/wikipedia\/commons\/thumb\/6\/6d\/Rank_insignia_of_ammiraglio_designato_d%27armata_of_the_Regia_Marina_%281936%29.svg\/40px-Rank_insignia_of_ammiraglio_designato_d%27armata_of_the_Regia_Marina_%281936%29.svg.png\" srcset=\"\/\/upload.wikimedia.org\/wikipedia\/commons\/thumb\/6\/6d\/Rank_insignia_of_ammiraglio_designato_d%27armata_of_the_Regia_Marina_%281936%29.svg\/60px-Rank_insignia_of_ammiraglio_designato_d%27armata_of_the_Regia_Marina_%281936%29.svg.png 1.5x, \/\/upload.wikimedia.org\/wikipedia\/commons\/thumb\/6\/6d\/Rank_insignia_of_ammiraglio_designato_d%27armata_of_the_Regia_Marina_%281936%29.svg\/80px-Rank_insignia_of_ammiraglio_designato_d%27armata_of_the_Regia_Marina_%281936%29.svg.png 2x\" alt=\"Rank insignia of ammiraglio designato d'armata of the Regia Marina (1936).svg\" width=\"40\" height=\"64\" data-file-width=\"250\" data-file-height=\"400\" \/><br \/>\nammiraglio designato d&#8217;armata<\/td>\n<td><img loading=\"lazy\" decoding=\"async\" class=\"noviewer\" src=\"https:\/\/upload.wikimedia.org\/wikipedia\/commons\/thumb\/0\/0c\/RA-Generale_designato_di_armata_aerea.png\/40px-RA-Generale_designato_di_armata_aerea.png\" srcset=\"\/\/upload.wikimedia.org\/wikipedia\/commons\/thumb\/0\/0c\/RA-Generale_designato_di_armata_aerea.png\/60px-RA-Generale_designato_di_armata_aerea.png 1.5x, \/\/upload.wikimedia.org\/wikipedia\/commons\/thumb\/0\/0c\/RA-Generale_designato_di_armata_aerea.png\/80px-RA-Generale_designato_di_armata_aerea.png 2x\" alt=\"RA-Generale designato di armata aerea.png\" width=\"40\" height=\"52\" data-file-width=\"452\" data-file-height=\"587\" \/><br \/>\ngenerale designato d&#8217;armata aerea<\/td>\n<td><\/td>\n<\/tr>\n<tr align=\"center\">\n<td><img loading=\"lazy\" decoding=\"async\" class=\"noviewer\" src=\"https:\/\/upload.wikimedia.org\/wikipedia\/commons\/thumb\/e\/e0\/Rank_insignia_of_generale_di_corpo_d%27armata_of_the_Italian_Army_%281940%29.png\/40px-Rank_insignia_of_generale_di_corpo_d%27armata_of_the_Italian_Army_%281940%29.png\" srcset=\"\/\/upload.wikimedia.org\/wikipedia\/commons\/thumb\/e\/e0\/Rank_insignia_of_generale_di_corpo_d%27armata_of_the_Italian_Army_%281940%29.png\/60px-Rank_insignia_of_generale_di_corpo_d%27armata_of_the_Italian_Army_%281940%29.png 1.5x, \/\/upload.wikimedia.org\/wikipedia\/commons\/thumb\/e\/e0\/Rank_insignia_of_generale_di_corpo_d%27armata_of_the_Italian_Army_%281940%29.png\/80px-Rank_insignia_of_generale_di_corpo_d%27armata_of_the_Italian_Army_%281940%29.png 2x\" alt=\"Rank insignia of generale di corpo d'armata of the Italian Army (1940).png\" width=\"40\" height=\"67\" data-file-width=\"1200\" data-file-height=\"2000\" \/><br \/>\ngenerale di corpo d&#8217;armata<br \/>\ntenente generale<\/td>\n<td><img loading=\"lazy\" decoding=\"async\" class=\"noviewer\" src=\"https:\/\/upload.wikimedia.org\/wikipedia\/commons\/thumb\/9\/94\/RC-Generale_di_Corpo_d%27Armata.png\/40px-RC-Generale_di_Corpo_d%27Armata.png\" srcset=\"\/\/upload.wikimedia.org\/wikipedia\/commons\/thumb\/9\/94\/RC-Generale_di_Corpo_d%27Armata.png\/60px-RC-Generale_di_Corpo_d%27Armata.png 1.5x, \/\/upload.wikimedia.org\/wikipedia\/commons\/thumb\/9\/94\/RC-Generale_di_Corpo_d%27Armata.png\/80px-RC-Generale_di_Corpo_d%27Armata.png 2x\" alt=\"RC-Generale di Corpo d'Armata.png\" width=\"40\" height=\"64\" data-file-width=\"251\" data-file-height=\"400\" \/><br \/>\nGenerale di corpo d&#8217;armata<br \/>\ntenente generale<\/td>\n<td><img loading=\"lazy\" decoding=\"async\" class=\"noviewer\" src=\"https:\/\/upload.wikimedia.org\/wikipedia\/commons\/thumb\/0\/04\/Rank_insignia_of_ammiraglio_di_squadra_of_the_Regia_Marina_%281936%29.svg\/40px-Rank_insignia_of_ammiraglio_di_squadra_of_the_Regia_Marina_%281936%29.svg.png\" srcset=\"\/\/upload.wikimedia.org\/wikipedia\/commons\/thumb\/0\/04\/Rank_insignia_of_ammiraglio_di_squadra_of_the_Regia_Marina_%281936%29.svg\/60px-Rank_insignia_of_ammiraglio_di_squadra_of_the_Regia_Marina_%281936%29.svg.png 1.5x, \/\/upload.wikimedia.org\/wikipedia\/commons\/thumb\/0\/04\/Rank_insignia_of_ammiraglio_di_squadra_of_the_Regia_Marina_%281936%29.svg\/80px-Rank_insignia_of_ammiraglio_di_squadra_of_the_Regia_Marina_%281936%29.svg.png 2x\" alt=\"Rank insignia of ammiraglio di squadra of the Regia Marina (1936).svg\" width=\"40\" height=\"64\" data-file-width=\"250\" data-file-height=\"400\" \/><br \/>\nammiraglio di squadra<br \/>\nAmmiraglio ispettore capo<\/td>\n<td><img loading=\"lazy\" decoding=\"async\" class=\"noviewer\" src=\"https:\/\/upload.wikimedia.org\/wikipedia\/commons\/thumb\/8\/89\/RA-Generale_di_squadra_aerea.png\/40px-RA-Generale_di_squadra_aerea.png\" srcset=\"\/\/upload.wikimedia.org\/wikipedia\/commons\/thumb\/8\/89\/RA-Generale_di_squadra_aerea.png\/60px-RA-Generale_di_squadra_aerea.png 1.5x, \/\/upload.wikimedia.org\/wikipedia\/commons\/thumb\/8\/89\/RA-Generale_di_squadra_aerea.png\/80px-RA-Generale_di_squadra_aerea.png 2x\" alt=\"RA-Generale di squadra aerea.png\" width=\"40\" height=\"52\" data-file-width=\"452\" data-file-height=\"587\" \/><br \/>\nGenerale di squadra aerea<\/td>\n<td><img loading=\"lazy\" decoding=\"async\" class=\"noviewer\" src=\"https:\/\/upload.wikimedia.org\/wikipedia\/commons\/thumb\/d\/de\/MVSN-Luogotenente_generale_capo_di_manipolo.svg\/40px-MVSN-Luogotenente_generale_capo_di_manipolo.svg.png\" srcset=\"\/\/upload.wikimedia.org\/wikipedia\/commons\/thumb\/d\/de\/MVSN-Luogotenente_generale_capo_di_manipolo.svg\/60px-MVSN-Luogotenente_generale_capo_di_manipolo.svg.png 1.5x, \/\/upload.wikimedia.org\/wikipedia\/commons\/thumb\/d\/de\/MVSN-Luogotenente_generale_capo_di_manipolo.svg\/80px-MVSN-Luogotenente_generale_capo_di_manipolo.svg.png 2x\" alt=\"MVSN-Luogotenente generale capo di manipolo.svg\" width=\"40\" height=\"57\" data-file-width=\"1400\" data-file-height=\"2000\" \/><br \/>\nluogotenente generale capo di stato maggiore<\/td>\n<\/tr>\n<tr align=\"center\">\n<td><img loading=\"lazy\" decoding=\"async\" class=\"noviewer\" src=\"https:\/\/upload.wikimedia.org\/wikipedia\/commons\/thumb\/a\/a4\/Rank_insignia_of_generale_di_divisione_of_the_Italian_Army_%281940%29.png\/40px-Rank_insignia_of_generale_di_divisione_of_the_Italian_Army_%281940%29.png\" srcset=\"\/\/upload.wikimedia.org\/wikipedia\/commons\/thumb\/a\/a4\/Rank_insignia_of_generale_di_divisione_of_the_Italian_Army_%281940%29.png\/60px-Rank_insignia_of_generale_di_divisione_of_the_Italian_Army_%281940%29.png 1.5x, \/\/upload.wikimedia.org\/wikipedia\/commons\/thumb\/a\/a4\/Rank_insignia_of_generale_di_divisione_of_the_Italian_Army_%281940%29.png\/80px-Rank_insignia_of_generale_di_divisione_of_the_Italian_Army_%281940%29.png 2x\" alt=\"Rank insignia of generale di divisione of the Italian Army (1940).png\" width=\"40\" height=\"67\" data-file-width=\"1200\" data-file-height=\"2000\" \/><br \/>\ngenerale di divisione<br \/>\nmaggior generale<\/td>\n<td><img loading=\"lazy\" decoding=\"async\" class=\"noviewer\" src=\"https:\/\/upload.wikimedia.org\/wikipedia\/commons\/thumb\/f\/f6\/RC-Generale_di_Divisione.png\/40px-RC-Generale_di_Divisione.png\" srcset=\"\/\/upload.wikimedia.org\/wikipedia\/commons\/thumb\/f\/f6\/RC-Generale_di_Divisione.png\/60px-RC-Generale_di_Divisione.png 1.5x, \/\/upload.wikimedia.org\/wikipedia\/commons\/thumb\/f\/f6\/RC-Generale_di_Divisione.png\/80px-RC-Generale_di_Divisione.png 2x\" alt=\"RC-Generale di Divisione.png\" width=\"40\" height=\"64\" data-file-width=\"250\" data-file-height=\"400\" \/><br \/>\ngenerale di divisione<br \/>\nmaggior generale<\/td>\n<td><img loading=\"lazy\" decoding=\"async\" class=\"noviewer\" src=\"https:\/\/upload.wikimedia.org\/wikipedia\/commons\/thumb\/f\/fb\/Rank_insignia_of_ammiraglio_di_divisione_of_the_Regia_Marina_%281936%29.svg\/40px-Rank_insignia_of_ammiraglio_di_divisione_of_the_Regia_Marina_%281936%29.svg.png\" srcset=\"\/\/upload.wikimedia.org\/wikipedia\/commons\/thumb\/f\/fb\/Rank_insignia_of_ammiraglio_di_divisione_of_the_Regia_Marina_%281936%29.svg\/60px-Rank_insignia_of_ammiraglio_di_divisione_of_the_Regia_Marina_%281936%29.svg.png 1.5x, \/\/upload.wikimedia.org\/wikipedia\/commons\/thumb\/f\/fb\/Rank_insignia_of_ammiraglio_di_divisione_of_the_Regia_Marina_%281936%29.svg\/80px-Rank_insignia_of_ammiraglio_di_divisione_of_the_Regia_Marina_%281936%29.svg.png 2x\" alt=\"Rank insignia of ammiraglio di divisione of the Regia Marina (1936).svg\" width=\"40\" height=\"64\" data-file-width=\"250\" data-file-height=\"400\" \/><br \/>\nammiraglio di divisione<br \/>\nAmmiraglio ispettore<\/td>\n<td><img loading=\"lazy\" decoding=\"async\" class=\"noviewer\" src=\"https:\/\/upload.wikimedia.org\/wikipedia\/commons\/thumb\/3\/30\/IT-Airforce-OF-8.png\/40px-IT-Airforce-OF-8.png\" srcset=\"\/\/upload.wikimedia.org\/wikipedia\/commons\/thumb\/3\/30\/IT-Airforce-OF-8.png\/60px-IT-Airforce-OF-8.png 1.5x, \/\/upload.wikimedia.org\/wikipedia\/commons\/thumb\/3\/30\/IT-Airforce-OF-8.png\/80px-IT-Airforce-OF-8.png 2x\" alt=\"IT-Airforce-OF-8.png\" width=\"40\" height=\"49\" data-file-width=\"450\" data-file-height=\"550\" \/><br \/>\ngenerale di divisione aerea<\/td>\n<td><img loading=\"lazy\" decoding=\"async\" class=\"noviewer\" src=\"https:\/\/upload.wikimedia.org\/wikipedia\/commons\/thumb\/b\/b2\/MVSN-Luogotenente_generale.svg\/40px-MVSN-Luogotenente_generale.svg.png\" srcset=\"\/\/upload.wikimedia.org\/wikipedia\/commons\/thumb\/b\/b2\/MVSN-Luogotenente_generale.svg\/60px-MVSN-Luogotenente_generale.svg.png 1.5x, \/\/upload.wikimedia.org\/wikipedia\/commons\/thumb\/b\/b2\/MVSN-Luogotenente_generale.svg\/80px-MVSN-Luogotenente_generale.svg.png 2x\" alt=\"MVSN-Luogotenente generale.svg\" width=\"40\" height=\"57\" data-file-width=\"1750\" data-file-height=\"2500\" \/><br \/>\nluogotenente generale<\/td>\n<\/tr>\n<tr align=\"center\">\n<td><img loading=\"lazy\" decoding=\"async\" class=\"noviewer\" src=\"https:\/\/upload.wikimedia.org\/wikipedia\/commons\/thumb\/6\/67\/Rank_insignia_of_generale_di_brigata_of_the_Italian_Army_%281940%29.png\/40px-Rank_insignia_of_generale_di_brigata_of_the_Italian_Army_%281940%29.png\" srcset=\"\/\/upload.wikimedia.org\/wikipedia\/commons\/thumb\/6\/67\/Rank_insignia_of_generale_di_brigata_of_the_Italian_Army_%281940%29.png\/60px-Rank_insignia_of_generale_di_brigata_of_the_Italian_Army_%281940%29.png 1.5x, \/\/upload.wikimedia.org\/wikipedia\/commons\/thumb\/6\/67\/Rank_insignia_of_generale_di_brigata_of_the_Italian_Army_%281940%29.png\/80px-Rank_insignia_of_generale_di_brigata_of_the_Italian_Army_%281940%29.png 2x\" alt=\"Rank insignia of generale di brigata of the Italian Army (1940).png\" width=\"40\" height=\"67\" data-file-width=\"1200\" data-file-height=\"2000\" \/><br \/>\nGenerale di brigata<br \/>\nbrigadier generale<\/td>\n<td><img loading=\"lazy\" decoding=\"async\" class=\"noviewer\" src=\"https:\/\/upload.wikimedia.org\/wikipedia\/commons\/thumb\/c\/c4\/RC-Generale_di_Brigata.png\/40px-RC-Generale_di_Brigata.png\" srcset=\"\/\/upload.wikimedia.org\/wikipedia\/commons\/thumb\/c\/c4\/RC-Generale_di_Brigata.png\/60px-RC-Generale_di_Brigata.png 1.5x, \/\/upload.wikimedia.org\/wikipedia\/commons\/thumb\/c\/c4\/RC-Generale_di_Brigata.png\/80px-RC-Generale_di_Brigata.png 2x\" alt=\"RC-Generale di Brigata.png\" width=\"40\" height=\"64\" data-file-width=\"250\" data-file-height=\"400\" \/><br \/>\nGenerale di brigata<br \/>\nbrigadier generale<\/td>\n<td><img loading=\"lazy\" decoding=\"async\" class=\"noviewer\" src=\"https:\/\/upload.wikimedia.org\/wikipedia\/commons\/thumb\/5\/54\/Rank_insignia_of_contrammiraglio_of_the_Regia_Marina_%281936%29.svg\/40px-Rank_insignia_of_contrammiraglio_of_the_Regia_Marina_%281936%29.svg.png\" srcset=\"\/\/upload.wikimedia.org\/wikipedia\/commons\/thumb\/5\/54\/Rank_insignia_of_contrammiraglio_of_the_Regia_Marina_%281936%29.svg\/60px-Rank_insignia_of_contrammiraglio_of_the_Regia_Marina_%281936%29.svg.png 1.5x, \/\/upload.wikimedia.org\/wikipedia\/commons\/thumb\/5\/54\/Rank_insignia_of_contrammiraglio_of_the_Regia_Marina_%281936%29.svg\/80px-Rank_insignia_of_contrammiraglio_of_the_Regia_Marina_%281936%29.svg.png 2x\" alt=\"Rank insignia of contrammiraglio of the Regia Marina (1936).svg\" width=\"40\" height=\"64\" data-file-width=\"250\" data-file-height=\"400\" \/><br \/>\ncontrammiraglio<\/td>\n<td><img loading=\"lazy\" decoding=\"async\" class=\"noviewer\" src=\"https:\/\/upload.wikimedia.org\/wikipedia\/commons\/thumb\/e\/e9\/IT-Airforce-OF-7.png\/40px-IT-Airforce-OF-7.png\" srcset=\"\/\/upload.wikimedia.org\/wikipedia\/commons\/thumb\/e\/e9\/IT-Airforce-OF-7.png\/60px-IT-Airforce-OF-7.png 1.5x, \/\/upload.wikimedia.org\/wikipedia\/commons\/thumb\/e\/e9\/IT-Airforce-OF-7.png\/80px-IT-Airforce-OF-7.png 2x\" alt=\"IT-Airforce-OF-7.png\" width=\"40\" height=\"42\" data-file-width=\"450\" data-file-height=\"470\" \/><br \/>\ngenerale di brigata aerea<\/td>\n<td><img loading=\"lazy\" decoding=\"async\" class=\"noviewer\" src=\"https:\/\/upload.wikimedia.org\/wikipedia\/commons\/thumb\/b\/be\/MVSN-Console_generale.svg\/40px-MVSN-Console_generale.svg.png\" srcset=\"\/\/upload.wikimedia.org\/wikipedia\/commons\/thumb\/b\/be\/MVSN-Console_generale.svg\/60px-MVSN-Console_generale.svg.png 1.5x, \/\/upload.wikimedia.org\/wikipedia\/commons\/thumb\/b\/be\/MVSN-Console_generale.svg\/80px-MVSN-Console_generale.svg.png 2x\" alt=\"MVSN-Console generale.svg\" width=\"40\" height=\"57\" data-file-width=\"1400\" data-file-height=\"2000\" \/><br \/>\nconsole generale<\/td>\n<\/tr>\n<\/tbody>\n<\/table>\n<p>Dalla riforma Baistrocchi, voluta dal generale <strong>Federico Baistrocchi<\/strong>\u00a0 (Napoli,\u00a09 giugno\u00a01871\u00a0\u2013\u00a0Roma,\u00a031 maggio\u00a01947), di cui evidenziamo alcuni fatti : nell&#8217;ottobre 1922, in prossimit\u00e0 della marcia su Roma, assicur\u00f2 a Mussolini che la piazza di Napoli, del quale era comandante, non sarebbe intervenuta contro di lui durante l&#8217;adunata fascista nella citt\u00e0 partenopea. Nel 1924 venne eletto alla Camera dei deputati nella XXVII legislatura per il PNF (primo eletto) in Campania, e confermato nel 1929 nella XXVIII legislatura e nel 1934 nella XXIX. Nel\u00a01926\u00a0fu promosso\u00a0generale di divisione\u00a0e quando nel\u00a01931\u00a0divenne\u00a0generale di corpo d&#8217;armata, fu inviato a Verona per assumere il comando del\u00a0Corpo d&#8217;armata\u00a0ivi stanziato.<\/p>\n<p>Nel luglio\u00a01933\u00a0Mussolini assunse anche il\u00a0Ministero della Guerra, e Baistrocchi assunse l&#8217;incarico di\u00a0Sottosegretario\u00a0di Stato, con l&#8217;obiettivo di iniziare un &#8220;programma di ammodernamento delle Forze armate&#8221; che prevedeva: l&#8217;istituzione del premilitare e postmilitare, ammodernamento e meccanizzazione, la creazione delle divisioni celeri e dei reparti autotrasportati, l&#8217;ammodernamento delle artiglierie e delle armi individuali. Tuttavia questo programma, forse troppo ambizioso, fu attuato solo in parte. Il 14 novembre\u00a01933\u00a0eman\u00f2 la cosiddetta &#8220;Riforma Baistrocchi&#8221;, su uniformi, gradi ed equipaggiamento del Regio Esercito, della Milizia e dei Reali Carabinieri. Durante la\u00a0guerra d&#8217;Etiopia\u00a0favor\u00ec la costituzione di divisioni di camicie nere, comandate per\u00f2 da ufficiali dell&#8217;esercito. Ricopr\u00ec l&#8217;incarico di Sottosegretario di stato fino all&#8217;ottobre\u00a01936.<\/p>\n<p>Gi\u00e0 Segretario dell&#8217;Ordine militare di Savoia, fu anche\u00a0Capo di Stato Maggiore del Regio Esercito\u00a0dal 1\u00ba ottobre\u00a01934\u00a0al 7 ottobre\u00a01936. Il 23 maggio 1936 raggiunse il grado di\u00a0generale d&#8217;armata. Il 7 ottobre 1937 gli fu concesso con Regio Decreto il titolo di &#8220;Conte&#8221;.<\/p>\n<p>Il 25 marzo\u00a01939\u00a0fu nominato\u00a0senatore del Regno d&#8217;Italia. Nel\u00a01944\u00a0fu collocato in riserva per raggiunti limiti d&#8217;et\u00e0. Il 18 aprile\u00a01945\u00a0fu arrestato con l&#8217;accusa di fascistizzazione dell&#8217;esercito per l&#8217;inserimento della\u00a0Milizia Fascista: processato al\u00a0tribunale militare\u00a0di Roma, fu assolto con formula piena nel settembre\u00a01946. Mor\u00ec il 31 maggio dell&#8217;anno successivo.<\/p>\n<p>&nbsp;<\/p>\n<p>Per approfondimenti\u00a0 , fonti Wikipedia<\/p>\n<p>&nbsp;<\/p>\n<p>9.19<\/p>\n","protected":false},"excerpt":{"rendered":"<p>Controspalline per Generale del Regio Esercito , uniforme grigio verde. In canutiglia argentata , sottopannate di rosso, complete dei corretti bottoni a vite per fissaggio alla giacca, In buono stato, con bella patina , originali dell&#8217;epoca (anni &#8217;30 &#8211; &#8217;40 del secolo scorso). Misure approssimative cm. 11,5 x 5,5<\/p>\n<p style=\"text-align: center;\"><strong><em>(Scorri la pagina in basso per ulteriori dettagli e informazioni)<\/em><\/strong><\/p>\n","protected":false},"featured_media":2511,"comment_status":"open","ping_status":"closed","template":"","meta":[],"product_cat":[586],"product_tag":[155],"yoast_head":"<!-- This site is optimized with the Yoast SEO plugin v21.9.1 - https:\/\/yoast.com\/wordpress\/plugins\/seo\/ -->\n<title>\u274c\ud83d\ude41Controspalline Generale Regio Esercito - spalline mod.34 - Thefinitive<\/title>\n<meta name=\"description\" content=\"Coppia di controspalline Generale Regio Esercito italiane - italians Royal Army general epaulettes - spalline mod.34 - Uniforme\" \/>\n<meta name=\"robots\" content=\"index, follow, max-snippet:-1, max-image-preview:large, max-video-preview:-1\" \/>\n<link rel=\"canonical\" href=\"https:\/\/thefinitive.com\/en\/prodotto\/controspalline-generale-regio-esercito-spalline-mod-34\/\" \/>\n<meta property=\"og:locale\" content=\"en_US\" \/>\n<meta property=\"og:type\" content=\"article\" \/>\n<meta property=\"og:title\" content=\"\u274c\ud83d\ude41Controspalline Generale Regio Esercito - spalline mod.34 - Thefinitive\" \/>\n<meta property=\"og:description\" content=\"Coppia di controspalline Generale Regio Esercito italiane - italians Royal Army general epaulettes - spalline mod.34 - Uniforme\" \/>\n<meta property=\"og:url\" content=\"https:\/\/thefinitive.com\/en\/prodotto\/controspalline-generale-regio-esercito-spalline-mod-34\/\" \/>\n<meta property=\"og:site_name\" content=\"Thefinitive\" \/>\n<meta property=\"article:publisher\" content=\"https:\/\/business.facebook.com\/Thefinitive-111771813534320\/\" \/>\n<meta property=\"article:modified_time\" content=\"2023-03-20T14:49:08+00:00\" \/>\n<meta property=\"og:image\" content=\"https:\/\/thefinitive.com\/wp-content\/uploads\/2019\/08\/20190813_192020.jpg\" \/>\n\t<meta property=\"og:image:width\" content=\"1171\" \/>\n\t<meta property=\"og:image:height\" content=\"1190\" \/>\n\t<meta property=\"og:image:type\" content=\"image\/jpeg\" \/>\n<meta name=\"twitter:card\" content=\"summary_large_image\" \/>\n<meta name=\"twitter:label1\" content=\"Est. reading time\" \/>\n\t<meta name=\"twitter:data1\" content=\"3 minutes\" \/>\n<script type=\"application\/ld+json\" class=\"yoast-schema-graph\">{\"@context\":\"https:\/\/schema.org\",\"@graph\":[{\"@type\":\"WebPage\",\"@id\":\"https:\/\/thefinitive.com\/en\/prodotto\/controspalline-generale-regio-esercito-spalline-mod-34\/\",\"url\":\"https:\/\/thefinitive.com\/en\/prodotto\/controspalline-generale-regio-esercito-spalline-mod-34\/\",\"name\":\"\u274c\ud83d\ude41Controspalline Generale Regio Esercito - spalline mod.34 - Thefinitive\",\"isPartOf\":{\"@id\":\"https:\/\/thefinitive.com\/en\/#website\"},\"datePublished\":\"2020-01-15T19:49:41+00:00\",\"dateModified\":\"2023-03-20T14:49:08+00:00\",\"description\":\"Coppia di controspalline Generale Regio Esercito italiane - italians Royal Army general epaulettes - spalline mod.34 - Uniforme\",\"breadcrumb\":{\"@id\":\"https:\/\/thefinitive.com\/en\/prodotto\/controspalline-generale-regio-esercito-spalline-mod-34\/#breadcrumb\"},\"inLanguage\":\"en-US\",\"potentialAction\":[{\"@type\":\"ReadAction\",\"target\":[\"https:\/\/thefinitive.com\/en\/prodotto\/controspalline-generale-regio-esercito-spalline-mod-34\/\"]}]},{\"@type\":\"BreadcrumbList\",\"@id\":\"https:\/\/thefinitive.com\/en\/prodotto\/controspalline-generale-regio-esercito-spalline-mod-34\/#breadcrumb\",\"itemListElement\":[{\"@type\":\"ListItem\",\"position\":1,\"name\":\"Home\",\"item\":\"https:\/\/thefinitive.com\/en\/\"},{\"@type\":\"ListItem\",\"position\":2,\"name\":\"Shop\",\"item\":\"https:\/\/thefinitive.com\/en\/shop-2\/\"},{\"@type\":\"ListItem\",\"position\":3,\"name\":\"\u274c\ud83d\ude41Controspalline Generale Regio Esercito &#8211; spalline mod.34\"}]},{\"@type\":\"WebSite\",\"@id\":\"https:\/\/thefinitive.com\/en\/#website\",\"url\":\"https:\/\/thefinitive.com\/en\/\",\"name\":\"Thefinitive\",\"description\":\"Antiquariato Online\",\"publisher\":{\"@id\":\"https:\/\/thefinitive.com\/en\/#organization\"},\"potentialAction\":[{\"@type\":\"SearchAction\",\"target\":{\"@type\":\"EntryPoint\",\"urlTemplate\":\"https:\/\/thefinitive.com\/en\/?s={search_term_string}\"},\"query-input\":\"required name=search_term_string\"}],\"inLanguage\":\"en-US\"},{\"@type\":\"Organization\",\"@id\":\"https:\/\/thefinitive.com\/en\/#organization\",\"name\":\"Thefinitive\",\"url\":\"https:\/\/thefinitive.com\/en\/\",\"logo\":{\"@type\":\"ImageObject\",\"inLanguage\":\"en-US\",\"@id\":\"https:\/\/thefinitive.com\/en\/#\/schema\/logo\/image\/\",\"url\":\"https:\/\/thefinitive.com\/wp-content\/uploads\/2019\/07\/logo4vett.svg\",\"contentUrl\":\"https:\/\/thefinitive.com\/wp-content\/uploads\/2019\/07\/logo4vett.svg\",\"width\":500,\"height\":100,\"caption\":\"Thefinitive\"},\"image\":{\"@id\":\"https:\/\/thefinitive.com\/en\/#\/schema\/logo\/image\/\"},\"sameAs\":[\"https:\/\/business.facebook.com\/Thefinitive-111771813534320\/\",\"https:\/\/www.instagram.com\/_thefinitive_\/\"]}]}<\/script>\n<!-- \/ Yoast SEO plugin. -->","yoast_head_json":{"title":"\u274c\ud83d\ude41Controspalline Generale Regio Esercito - spalline mod.34 - Thefinitive","description":"Coppia di controspalline Generale Regio Esercito italiane - italians Royal Army general epaulettes - spalline mod.34 - Uniforme","robots":{"index":"index","follow":"follow","max-snippet":"max-snippet:-1","max-image-preview":"max-image-preview:large","max-video-preview":"max-video-preview:-1"},"canonical":"https:\/\/thefinitive.com\/en\/prodotto\/controspalline-generale-regio-esercito-spalline-mod-34\/","og_locale":"en_US","og_type":"article","og_title":"\u274c\ud83d\ude41Controspalline Generale Regio Esercito - spalline mod.34 - Thefinitive","og_description":"Coppia di controspalline Generale Regio Esercito italiane - italians Royal Army general epaulettes - spalline mod.34 - Uniforme","og_url":"https:\/\/thefinitive.com\/en\/prodotto\/controspalline-generale-regio-esercito-spalline-mod-34\/","og_site_name":"Thefinitive","article_publisher":"https:\/\/business.facebook.com\/Thefinitive-111771813534320\/","article_modified_time":"2023-03-20T14:49:08+00:00","og_image":[{"width":1171,"height":1190,"url":"https:\/\/thefinitive.com\/wp-content\/uploads\/2019\/08\/20190813_192020.jpg","type":"image\/jpeg"}],"twitter_card":"summary_large_image","twitter_misc":{"Est. reading time":"3 minutes"},"schema":{"@context":"https:\/\/schema.org","@graph":[{"@type":"WebPage","@id":"https:\/\/thefinitive.com\/en\/prodotto\/controspalline-generale-regio-esercito-spalline-mod-34\/","url":"https:\/\/thefinitive.com\/en\/prodotto\/controspalline-generale-regio-esercito-spalline-mod-34\/","name":"\u274c\ud83d\ude41Controspalline Generale Regio Esercito - spalline mod.34 - Thefinitive","isPartOf":{"@id":"https:\/\/thefinitive.com\/en\/#website"},"datePublished":"2020-01-15T19:49:41+00:00","dateModified":"2023-03-20T14:49:08+00:00","description":"Coppia di controspalline Generale Regio Esercito italiane - italians Royal Army general epaulettes - spalline mod.34 - Uniforme","breadcrumb":{"@id":"https:\/\/thefinitive.com\/en\/prodotto\/controspalline-generale-regio-esercito-spalline-mod-34\/#breadcrumb"},"inLanguage":"en-US","potentialAction":[{"@type":"ReadAction","target":["https:\/\/thefinitive.com\/en\/prodotto\/controspalline-generale-regio-esercito-spalline-mod-34\/"]}]},{"@type":"BreadcrumbList","@id":"https:\/\/thefinitive.com\/en\/prodotto\/controspalline-generale-regio-esercito-spalline-mod-34\/#breadcrumb","itemListElement":[{"@type":"ListItem","position":1,"name":"Home","item":"https:\/\/thefinitive.com\/en\/"},{"@type":"ListItem","position":2,"name":"Shop","item":"https:\/\/thefinitive.com\/en\/shop-2\/"},{"@type":"ListItem","position":3,"name":"\u274c\ud83d\ude41Controspalline Generale Regio Esercito &#8211; spalline mod.34"}]},{"@type":"WebSite","@id":"https:\/\/thefinitive.com\/en\/#website","url":"https:\/\/thefinitive.com\/en\/","name":"Thefinitive","description":"Antiquariato Online","publisher":{"@id":"https:\/\/thefinitive.com\/en\/#organization"},"potentialAction":[{"@type":"SearchAction","target":{"@type":"EntryPoint","urlTemplate":"https:\/\/thefinitive.com\/en\/?s={search_term_string}"},"query-input":"required name=search_term_string"}],"inLanguage":"en-US"},{"@type":"Organization","@id":"https:\/\/thefinitive.com\/en\/#organization","name":"Thefinitive","url":"https:\/\/thefinitive.com\/en\/","logo":{"@type":"ImageObject","inLanguage":"en-US","@id":"https:\/\/thefinitive.com\/en\/#\/schema\/logo\/image\/","url":"https:\/\/thefinitive.com\/wp-content\/uploads\/2019\/07\/logo4vett.svg","contentUrl":"https:\/\/thefinitive.com\/wp-content\/uploads\/2019\/07\/logo4vett.svg","width":500,"height":100,"caption":"Thefinitive"},"image":{"@id":"https:\/\/thefinitive.com\/en\/#\/schema\/logo\/image\/"},"sameAs":["https:\/\/business.facebook.com\/Thefinitive-111771813534320\/","https:\/\/www.instagram.com\/_thefinitive_\/"]}]}},"_links":{"self":[{"href":"https:\/\/thefinitive.com\/en\/wp-json\/wp\/v3\/product\/4363"}],"collection":[{"href":"https:\/\/thefinitive.com\/en\/wp-json\/wp\/v3\/product"}],"about":[{"href":"https:\/\/thefinitive.com\/en\/wp-json\/wp\/v2\/types\/product"}],"replies":[{"embeddable":true,"href":"https:\/\/thefinitive.com\/en\/wp-json\/wp\/v2\/comments?post=4363"}],"version-history":[{"count":1,"href":"https:\/\/thefinitive.com\/en\/wp-json\/wp\/v3\/product\/4363\/revisions"}],"predecessor-version":[{"id":14821,"href":"https:\/\/thefinitive.com\/en\/wp-json\/wp\/v3\/product\/4363\/revisions\/14821"}],"wp:featuredmedia":[{"embeddable":true,"href":"https:\/\/thefinitive.com\/en\/wp-json\/wp\/v2\/media\/2511"}],"wp:attachment":[{"href":"https:\/\/thefinitive.com\/en\/wp-json\/wp\/v2\/media?parent=4363"}],"wp:term":[{"taxonomy":"product_cat","embeddable":true,"href":"https:\/\/thefinitive.com\/en\/wp-json\/wp\/v2\/product_cat?post=4363"},{"taxonomy":"product_tag","embeddable":true,"href":"https:\/\/thefinitive.com\/en\/wp-json\/wp\/v2\/product_tag?post=4363"}],"curies":[{"name":"wp","href":"https:\/\/api.w.org\/{rel}","templated":true}]}}