{"id":4305,"date":"2019-12-29T19:39:19","date_gmt":"2019-12-29T19:39:19","guid":{"rendered":"https:\/\/www.thefinitive.com\/?post_type=product&#038;p=4305"},"modified":"2023-03-20T15:49:31","modified_gmt":"2023-03-20T14:49:31","slug":"guardia-nobile-pontificia-papa-kepi-da-capitano","status":"publish","type":"product","link":"https:\/\/thefinitive.com\/en\/prodotto\/guardia-nobile-pontificia-papa-kepi-da-capitano\/","title":{"rendered":"\u274c\ud83d\ude41Guardia Nobile pontificia Papa &#8211; Kepi da Capitano"},"content":{"rendered":"<p>Berretto , kepi , per ufficiale inferiore , capitano,\u00a0 della<strong> Guardia Nobile pontificia<\/strong> , al servizio del <strong>Papa <\/strong>, periodo 1930-1945, kepi per uniforme di servizio.<\/p>\n<p>Il kepi \u00e8 in stoffa di colore azzurro, riportante una fascia di stoffa nera al tamburo di circa cm.4 di altezza, con tre galloncini in tessuto dorato cuciti sul corpo azzurro del kepi, lungo tutta la circonferenza del berretto ad indicarne il grado di Capitano. Dai due lati all&#8217;altezza del bottoncino del soggolo, e dalla parte frontale e da quella posteriore, si dipartono due galloncini in canutiglia dorata, a salire fino al bordo interno del piatto del berretto. Al centro del piatto troviamo un intreccio di cerchi ed ovali , realizzato con doppio galloncino in canutiglia dorata.<\/p>\n<p>Alla parte frontale si trova il fregio simbolo della <strong>Guardia Nobile<\/strong> , realizzato in canutiglia dorata, con le lettere <strong>G N<\/strong>\u00a0 (Guardia Nobile) all&#8217;interno di un tondello, sovrastato dalla Tiaria pontificia, il tutto ricamato su panno azzurro.<\/p>\n<p>&nbsp;<\/p>\n<p>&nbsp;<\/p>\n<h2>NOTIZIE<\/h2>\n<p>La Guardia nobile venne costituita l&#8217;<strong>11 maggio\u00a01801<\/strong>\u00a0da\u00a0<a title=\"Papa Pio VII\" href=\"https:\/\/it.wikipedia.org\/wiki\/Papa_Pio_VII\">papa Pio VII<\/a>\u00a0come\u00a0reggimento\u00a0di\u00a0cavalleria pesante. Comprendeva l&#8217;ex corpo delle\u00a0lance spezzate\u00a0(anche cos\u00ec erano chiamati i Cavalieri di Guardia di N. S.), disciolto il 20 febbraio\u00a01798\u00a0a seguito dell&#8217;occupazione francese di Roma, unito ai cavalleggeri pontifici. Il corpo, che fu anche chiamato &#8220;<strong>Cavalleggeri<\/strong>&#8220;, era composto da reclute provenienti dai\u00a0cadetti\u00a0delle <strong>famiglie nobili<\/strong> ed era inizialmente diviso in due\u00a0compagnie.<\/p>\n<div class=\"thumb tright\">\n<div class=\"thumbinner\">\n<p><a class=\"image\" href=\"https:\/\/it.wikipedia.org\/wiki\/File:Garde_noble_vatican_1.jpg\"><img loading=\"lazy\" decoding=\"async\" class=\"thumbimage\" src=\"https:\/\/upload.wikimedia.org\/wikipedia\/commons\/thumb\/c\/c7\/Garde_noble_vatican_1.jpg\/220px-Garde_noble_vatican_1.jpg\" srcset=\"\/\/upload.wikimedia.org\/wikipedia\/commons\/c\/c7\/Garde_noble_vatican_1.jpg 1.5x\" alt=\"\" width=\"220\" height=\"356\" data-file-width=\"256\" data-file-height=\"414\" \/><\/a><\/p>\n<div class=\"thumbcaption\">\n<div class=\"magnify\"><\/div>\n<p>Guardia nobile in uniforme di servizio.<\/p>\n<\/div>\n<div><\/div>\n<\/div>\n<\/div>\n<p>Inizialmente questo reggimento doveva servire come <strong>scorta personale per il\u00a0pontefice<\/strong>, nonch\u00e9 per le maggiori cariche ecclesiastiche dello\u00a0Stato Pontificio inviate per conto del pontefice nelle province dello Stato in missioni particolari. Uno dei compiti della Guardia era quello di dare l&#8217;annunzio di nomina ai nuovi\u00a0cardinali\u00a0che abitavano fuori Roma, consegnando lo<strong>\u00a0zucchetto\u00a0cardinalizio<\/strong>. Il primo militare ad espletare tale funzione fu il <strong>marchese Costaguti<\/strong>, che nel settembre del 1801 annunci\u00f2 a\u00a0Antonio Felice Zondadari\u00a0la nomina ad\u00a0Arcivescovo di Siena. Il marchese Luigi Serlupi d&#8217;Ongran port\u00f2 lo zucchetto cardinalizio al card. Angelo Roncalli poi Papa Giovanni XXIII.<\/p>\n<p>Una delle missioni pi\u00f9 note eseguite da questo corpo fu l&#8217;aver scortato\u00a0Pio VII\u00a0a\u00a0Parigi\u00a0per l&#8217;incoronazione di\u00a0Napoleone Bonaparte\u00a0nel\u00a01805.<\/p>\n<p>Il corpo fu sciolto dopo la seconda invasione francese (1808), salvo poi essere ricostituito dallo stesso <strong>Pio VII<\/strong> con decreto del 4 ottobre\u00a0<strong>1815<\/strong>\u00a0(in realt\u00e0 i reparti si erano gi\u00e0 ricostituiti spontaneamente nel 1814. Il decreto sanc\u00ec una realt\u00e0 gi\u00e0 in essere). Nel\u00a01824\u00a0Leone XII\u00a0unific\u00f2 le due compagnie affidandole ad un unico comandante, con mandato a vita.<\/p>\n<p>Con l&#8217;unificazione dell&#8217;Italia\u00a0e la confisca degli stati papali nel\u00a0<strong>1870\u00a0<\/strong>con la\u00a0<strong><a title=\"Presa di Roma\" href=\"https:\/\/it.wikipedia.org\/wiki\/Presa_di_Roma\">presa di Roma<\/a><\/strong>, la Guardia nobile rimase in servizio ma mut\u00f2 la propria natura divenendo un corpo elitario di guardie a piedi.<\/p>\n<p>Affiancatasi sempre pi\u00f9, per servizio, alla\u00a0<a title=\"Guardia palatina d'onore\" href=\"https:\/\/it.wikipedia.org\/wiki\/Guardia_palatina_d%27onore\">Guardia palatina d&#8217;onore<\/a>\u00a0e alla\u00a0<a title=\"Guardia svizzera pontificia\" href=\"https:\/\/it.wikipedia.org\/wiki\/Guardia_svizzera_pontificia\">Guardia svizzera pontificia<\/a>, la Guardia nobile pontificia venne sostituita da questo ultimo corpo nelle proprie funzioni per volere di\u00a0 Papa\u00a0 \u00a0<a title=\"Papa Paolo VI\" href=\"https:\/\/it.wikipedia.org\/wiki\/Papa_Paolo_VI\"> Paolo VI<\/a>\u00a0il 14 settembre\u00a01970\u00a0come parte delle riforme introdotte dal\u00a0Concilio Vaticano II. A coloro che al momento erano in carica venne offerto il titolo di Gentiluomo di Sua Santit\u00e0 che nessuno accett\u00f2.<\/p>\n<h2><span id=\"Composizione\" class=\"mw-headline\">Composizione<\/span><\/h2>\n<p>Il corpo della guardia nobile pontificia era costituito unicamente da volontari fedeli al Papa, dal momento che i membri non venivano pagati per il loro servizio e per di pi\u00f9 dovevano provvedere personalmente al proprio\u00a0armamento\u00a0e all&#8217;acquisto e manutenzione della apposita\u00a0uniforme. Date queste condizioni il numero degli aderenti era estremamente ristretto ed erano perlopi\u00f9 appartenenti all&#8217;aristocrazia\u00a0romana detta &#8220;di baldacchino&#8221;, ovvero appartenevano alle maggiori famiglie romane legate alla Santa Sede, da cui anche il nome di guardia\u00a0<i>nobile<\/i>.<\/p>\n<p>Il comandante del corpo, col rango di Capitano, aveva tra i propri sottoposti anche un alfiere col compito di portare, in ogni occasione in cui la guardia nobile pontificia fosse direttamente coinvolta, lo stendardo con le insegne del papa.<\/p>\n<p>Nei ranghi del corpo in qualit\u00e0 di Tenente e talvolta come Comandante e Tenente Generale era anche inquadrato il\u00a0<i>Vessillifero ereditario di Santa Romana Chiesa<\/i>\u00a0carica appartenente alla famiglia\u00a0Patrizi Naro Montoro.<\/p>\n<p>La guardia nobile faceva le proprie apparizioni in pubblico solo nelle occasioni in cui il papa svolgesse delle attivit\u00e0 in pubblico e durante il periodo di\u00a0sede vacante\u00a0il corpo si poneva al servizio del\u00a0Collegio dei cardinali. Tra le funzioni di sicurezza personale, ad esempio, quando il papa quotidianamente faceva la propria passeggiata nei\u00a0Giardini Vaticani, due guardie nobili lo seguivano a distanza per vigilare sulla sua incolumit\u00e0. Oggi tale funzione \u00e8 ricoperta dalla\u00a0Gendarmeria dello Stato della Citt\u00e0 del Vaticano.<\/p>\n<h2><span id=\"Uniformi_e_armamento\" class=\"mw-headline\">Uniformi e armamento<\/span><\/h2>\n<p>La guardia nobile disponeva di due uniformi distinte a seconda delle diverse occasioni in cui il membro del corpo si trovava a dover operare. La prima era l&#8217;<strong><i>uniforme d&#8217;onore<\/i><\/strong>\u00a0utilizzata per le occasioni pi\u00f9 importanti e per le celebrazioni liturgiche in cui la guardia era presente. Essa era composta da un <strong>elmo da\u00a0corazziere\u00a0piumato di bianco e crinato di nero<\/strong>, una giubba rossa con bandoliera e spalline dorate una cintura bianca in vita, pantaloni bianchi e stivali neri da cavallerizzo. In tutti questi particolari l&#8217;uniforme ricordava chiaramente quella dei corazzieri e tale rimase sino alla soppressione del corpo, in ricordo dell&#8217;originaria funzione svolta da questa guardia.<\/p>\n<p>L<strong>&#8216;<i>uniforme di servizio<\/i><\/strong>\u00a0era invece l&#8217;uniforme utilizzata quotidianamente, composta da un elmo da corazziere con impresso sul davanti lo stemma papale, una giacca color blu di Prussia bottonata a due file d&#8217;oro e bordata di rosso con una cintura nera a fibbia dorata con le armi pontificie e un paio di pantaloni azzurro cupo rigati di rosso.<\/p>\n<p>L&#8217;unico armamento della guardia nobile era costituito da una\u00a0sciabola\u00a0da cavalleria e anche questo corpo, come quello della Guardia Svizzera pontificia, era tra i pochi ad essere autorizzato a portare le armi anche in chiesa e alla presenza del pontefice.<\/p>\n<h2><span id=\"I_Comandanti\" class=\"mw-headline\">I Comandanti<\/span><\/h2>\n<ul>\n<li>Giuseppe Mattei Duca di Giove (1801-1809)<\/li>\n<li><a class=\"mw-redirect\" title=\"Giovanni Patrizi Naro Montoro\" href=\"https:\/\/it.wikipedia.org\/wiki\/Giovanni_Patrizi_Naro_Montoro\">Giovanni Patrizi Naro Montoro<\/a>\u00a0(coadiutore: 1801-1804)<\/li>\n<li><a title=\"Luigi Braschi-Onesti\" href=\"https:\/\/it.wikipedia.org\/wiki\/Luigi_Braschi-Onesti\">Luigi Braschi-Onesti, I duca di Nemi<\/a>\u00a0(1814-1816)<\/li>\n<li><a title=\"Paluzzo Altieri, V principe di Oriolo\" href=\"https:\/\/it.wikipedia.org\/wiki\/Paluzzo_Altieri,_V_principe_di_Oriolo\">Paluzzo Altieri, V principe di Oriolo<\/a>\u00a0(coadiutore: 1801-1814, comandante: 1816-1819)<\/li>\n<li>Francesco Barberini, principe di Palestrina (coadiutore: 1816-1819, comandante: 1819-1853)<\/li>\n<li>Carlo Barberini, duca di Castelvecchio (coadiutore: 1819-1853, comandante: 1853-1878)<\/li>\n<li><a title=\"Emilio Altieri, VII principe di Oriolo\" href=\"https:\/\/it.wikipedia.org\/wiki\/Emilio_Altieri,_VII_principe_di_Oriolo\">Emilio Altieri, VII principe di Oriolo<\/a>\u00a0(coadiutore: 1853-1878, comandante: 1878-1900)<\/li>\n<li><a title=\"Paolo Altieri, VIII principe di Oriolo\" href=\"https:\/\/it.wikipedia.org\/wiki\/Paolo_Altieri,_VIII_principe_di_Oriolo\">Paolo Altieri, VIII principe di Oriolo<\/a>\u00a0(coadiutore: 1895-1900, comandante: 1900-1901)<\/li>\n<li>Camillo Rospigliosi, principe di Zagarolo (pontificato di Leone XIII, figlio) (1901-1915)<\/li>\n<li>Giuseppe Aldobrandini (1915-1939)<\/li>\n<li>Francesco Chigi della Rovere \u00a0(1939-1953)<\/li>\n<li><a title=\"Mario del Drago\" href=\"https:\/\/it.wikipedia.org\/wiki\/Mario_del_Drago\">Mario del Drago<\/a>\u00a0(1957-1970) &#8211; Ultimo dei Comandanti<\/li>\n<\/ul>\n<table class=\"wikitable\" width=\"100%\">\n<tbody>\n<tr>\n<th><a class=\"image\" href=\"https:\/\/it.wikipedia.org\/wiki\/File:Armes_sant_pere.png\"><img loading=\"lazy\" decoding=\"async\" class=\"noviewer\" src=\"https:\/\/upload.wikimedia.org\/wikipedia\/commons\/thumb\/0\/0f\/Armes_sant_pere.png\/40px-Armes_sant_pere.png\" srcset=\"\/\/upload.wikimedia.org\/wikipedia\/commons\/thumb\/0\/0f\/Armes_sant_pere.png\/60px-Armes_sant_pere.png 1.5x, \/\/upload.wikimedia.org\/wikipedia\/commons\/thumb\/0\/0f\/Armes_sant_pere.png\/80px-Armes_sant_pere.png 2x\" alt=\"Armes sant pere.png\" width=\"40\" height=\"63\" data-file-width=\"200\" data-file-height=\"317\" \/><\/a><br \/>\n<a title=\"Esercito dello Stato della Chiesa\" href=\"https:\/\/it.wikipedia.org\/wiki\/Esercito_dello_Stato_della_Chiesa\">Esercito dello Stato della Chiesa<\/a><\/th>\n<th><a class=\"image\" title=\"Stato Pontificio\" href=\"https:\/\/it.wikipedia.org\/wiki\/File:Flag_of_the_Papal_States_(1808-1870).svg\"><img loading=\"lazy\" decoding=\"async\" class=\"noviewer thumbborder\" src=\"https:\/\/upload.wikimedia.org\/wikipedia\/commons\/thumb\/2\/20\/Flag_of_the_Papal_States_%281808-1870%29.svg\/40px-Flag_of_the_Papal_States_%281808-1870%29.svg.png\" srcset=\"\/\/upload.wikimedia.org\/wikipedia\/commons\/thumb\/2\/20\/Flag_of_the_Papal_States_%281808-1870%29.svg\/60px-Flag_of_the_Papal_States_%281808-1870%29.svg.png 1.5x, \/\/upload.wikimedia.org\/wikipedia\/commons\/thumb\/2\/20\/Flag_of_the_Papal_States_%281808-1870%29.svg\/80px-Flag_of_the_Papal_States_%281808-1870%29.svg.png 2x\" alt=\"Stato Pontificio\" width=\"40\" height=\"40\" data-file-width=\"800\" data-file-height=\"800\" \/><\/a><br \/>\n<a title=\"Zuavi pontifici\" href=\"https:\/\/it.wikipedia.org\/wiki\/Zuavi_pontifici\">Zuavi pontifici<\/a><\/th>\n<th><a class=\"image\" href=\"https:\/\/it.wikipedia.org\/wiki\/File:Pontifical_navy_Petrus_Paulus.svg\"><img loading=\"lazy\" decoding=\"async\" class=\"noviewer\" src=\"https:\/\/upload.wikimedia.org\/wikipedia\/commons\/thumb\/b\/b6\/Pontifical_navy_Petrus_Paulus.svg\/40px-Pontifical_navy_Petrus_Paulus.svg.png\" srcset=\"\/\/upload.wikimedia.org\/wikipedia\/commons\/thumb\/b\/b6\/Pontifical_navy_Petrus_Paulus.svg\/60px-Pontifical_navy_Petrus_Paulus.svg.png 1.5x, \/\/upload.wikimedia.org\/wikipedia\/commons\/thumb\/b\/b6\/Pontifical_navy_Petrus_Paulus.svg\/80px-Pontifical_navy_Petrus_Paulus.svg.png 2x\" alt=\"Pontifical navy Petrus Paulus.svg\" width=\"40\" height=\"30\" data-file-width=\"800\" data-file-height=\"600\" \/><\/a><br \/>\n<a title=\"Marina pontificia\" href=\"https:\/\/it.wikipedia.org\/wiki\/Marina_pontificia\">Marina pontificia<\/a><\/th>\n<th><a class=\"image\" href=\"https:\/\/it.wikipedia.org\/wiki\/File:SwissGuardFlag-Generique.png\"><img loading=\"lazy\" decoding=\"async\" class=\"noviewer\" src=\"https:\/\/upload.wikimedia.org\/wikipedia\/commons\/thumb\/b\/b0\/SwissGuardFlag-Generique.png\/40px-SwissGuardFlag-Generique.png\" srcset=\"\/\/upload.wikimedia.org\/wikipedia\/commons\/thumb\/b\/b0\/SwissGuardFlag-Generique.png\/60px-SwissGuardFlag-Generique.png 1.5x, \/\/upload.wikimedia.org\/wikipedia\/commons\/thumb\/b\/b0\/SwissGuardFlag-Generique.png\/80px-SwissGuardFlag-Generique.png 2x\" alt=\"SwissGuardFlag-Generique.png\" width=\"40\" height=\"38\" data-file-width=\"945\" data-file-height=\"899\" \/><\/a><br \/>\n<a title=\"Guardia svizzera pontificia\" href=\"https:\/\/it.wikipedia.org\/wiki\/Guardia_svizzera_pontificia\">Guardia svizzera pontificia<\/a><\/th>\n<th><a class=\"image\" href=\"https:\/\/it.wikipedia.org\/wiki\/File:Stemma_GuardiaNobilePontificia.jpg\"><img loading=\"lazy\" decoding=\"async\" class=\"noviewer\" src=\"https:\/\/upload.wikimedia.org\/wikipedia\/commons\/thumb\/5\/56\/Stemma_GuardiaNobilePontificia.jpg\/40px-Stemma_GuardiaNobilePontificia.jpg\" srcset=\"\/\/upload.wikimedia.org\/wikipedia\/commons\/thumb\/5\/56\/Stemma_GuardiaNobilePontificia.jpg\/60px-Stemma_GuardiaNobilePontificia.jpg 1.5x, \/\/upload.wikimedia.org\/wikipedia\/commons\/thumb\/5\/56\/Stemma_GuardiaNobilePontificia.jpg\/80px-Stemma_GuardiaNobilePontificia.jpg 2x\" alt=\"Stemma GuardiaNobilePontificia.jpg\" width=\"40\" height=\"40\" data-file-width=\"900\" data-file-height=\"900\" \/><\/a><br \/>\n<a title=\"Guardia nobile\" href=\"https:\/\/it.wikipedia.org\/wiki\/Guardia_nobile\">Guardia nobile<\/a><\/th>\n<th><a class=\"image\" href=\"https:\/\/it.wikipedia.org\/wiki\/File:Stemma_Guardia_Palatina_Vaticana.png\"><img loading=\"lazy\" decoding=\"async\" class=\"noviewer\" src=\"https:\/\/upload.wikimedia.org\/wikipedia\/commons\/thumb\/2\/2f\/Stemma_Guardia_Palatina_Vaticana.png\/40px-Stemma_Guardia_Palatina_Vaticana.png\" srcset=\"\/\/upload.wikimedia.org\/wikipedia\/commons\/thumb\/2\/2f\/Stemma_Guardia_Palatina_Vaticana.png\/60px-Stemma_Guardia_Palatina_Vaticana.png 1.5x, \/\/upload.wikimedia.org\/wikipedia\/commons\/thumb\/2\/2f\/Stemma_Guardia_Palatina_Vaticana.png\/80px-Stemma_Guardia_Palatina_Vaticana.png 2x\" alt=\"Stemma Guardia Palatina Vaticana.png\" width=\"40\" height=\"36\" data-file-width=\"816\" data-file-height=\"732\" \/><\/a><br \/>\n<a title=\"Guardia palatina d'onore\" href=\"https:\/\/it.wikipedia.org\/wiki\/Guardia_palatina_d%27onore\">Guardia palatina d&#8217;onore<\/a><\/th>\n<th><a class=\"image\" href=\"https:\/\/it.wikipedia.org\/wiki\/File:Stemma_Gendarmeria_Vaticana.svg\"><img loading=\"lazy\" decoding=\"async\" class=\"noviewer\" src=\"https:\/\/upload.wikimedia.org\/wikipedia\/it\/thumb\/1\/18\/Stemma_Gendarmeria_Vaticana.svg\/40px-Stemma_Gendarmeria_Vaticana.svg.png\" srcset=\"\/\/upload.wikimedia.org\/wikipedia\/it\/thumb\/1\/18\/Stemma_Gendarmeria_Vaticana.svg\/60px-Stemma_Gendarmeria_Vaticana.svg.png 1.5x, \/\/upload.wikimedia.org\/wikipedia\/it\/thumb\/1\/18\/Stemma_Gendarmeria_Vaticana.svg\/80px-Stemma_Gendarmeria_Vaticana.svg.png 2x\" alt=\"Stemma Gendarmeria Vaticana.svg\" width=\"40\" height=\"37\" data-file-width=\"2571\" data-file-height=\"2357\" \/><\/a><br \/>\n<a title=\"Gendarmeria pontificia\" href=\"https:\/\/it.wikipedia.org\/wiki\/Gendarmeria_pontificia\">Gendarmeria pontificia<\/a><\/th>\n<\/tr>\n<tr>\n<th colspan=\"7\">ufficiali generali<\/th>\n<\/tr>\n<tr align=\"center\">\n<td><a class=\"image\" href=\"https:\/\/it.wikipedia.org\/wiki\/File:Gen.CA-ImpFrArmy.jpg\"><img loading=\"lazy\" decoding=\"async\" src=\"https:\/\/upload.wikimedia.org\/wikipedia\/commons\/thumb\/f\/fd\/Gen.CA-ImpFrArmy.jpg\/60px-Gen.CA-ImpFrArmy.jpg\" srcset=\"\/\/upload.wikimedia.org\/wikipedia\/commons\/thumb\/f\/fd\/Gen.CA-ImpFrArmy.jpg\/90px-Gen.CA-ImpFrArmy.jpg 1.5x, \/\/upload.wikimedia.org\/wikipedia\/commons\/thumb\/f\/fd\/Gen.CA-ImpFrArmy.jpg\/120px-Gen.CA-ImpFrArmy.jpg 2x\" alt=\"Gen.CA-ImpFrArmy.jpg\" width=\"60\" height=\"60\" data-file-width=\"313\" data-file-height=\"312\" \/><\/a><br \/>\nGenerale di Corpo d&#8217;Armata<\/td>\n<td><i>grado equivalente non previsto<\/i><\/td>\n<td><a class=\"image\" href=\"https:\/\/it.wikipedia.org\/wiki\/File:Rank_insignia_of_ammiraglio_of_the_Regia_Marina_(1861-1878).svg\"><img loading=\"lazy\" decoding=\"async\" class=\"noviewer\" src=\"https:\/\/upload.wikimedia.org\/wikipedia\/commons\/thumb\/8\/8b\/Rank_insignia_of_ammiraglio_of_the_Regia_Marina_%281861-1878%29.svg\/40px-Rank_insignia_of_ammiraglio_of_the_Regia_Marina_%281861-1878%29.svg.png\" srcset=\"\/\/upload.wikimedia.org\/wikipedia\/commons\/thumb\/8\/8b\/Rank_insignia_of_ammiraglio_of_the_Regia_Marina_%281861-1878%29.svg\/60px-Rank_insignia_of_ammiraglio_of_the_Regia_Marina_%281861-1878%29.svg.png 1.5x, \/\/upload.wikimedia.org\/wikipedia\/commons\/thumb\/8\/8b\/Rank_insignia_of_ammiraglio_of_the_Regia_Marina_%281861-1878%29.svg\/80px-Rank_insignia_of_ammiraglio_of_the_Regia_Marina_%281861-1878%29.svg.png 2x\" alt=\"Rank insignia of ammiraglio of the Regia Marina (1861-1878).svg\" width=\"40\" height=\"89\" data-file-width=\"450\" data-file-height=\"1000\" \/><\/a><br \/>\nAmmiraglio<\/td>\n<td><i>grado equivalente non previsto<\/i><\/td>\n<td><i>grado equivalente non previsto<\/i><\/td>\n<td><i>grado equivalente non previsto<\/i><\/td>\n<td><i>grado equivalente non previsto<\/i><\/td>\n<\/tr>\n<tr align=\"center\">\n<td><a class=\"image\" href=\"https:\/\/it.wikipedia.org\/wiki\/File:Gen.Div-ImpFrArmy.jpg\"><img loading=\"lazy\" decoding=\"async\" src=\"https:\/\/upload.wikimedia.org\/wikipedia\/commons\/thumb\/9\/98\/Gen.Div-ImpFrArmy.jpg\/60px-Gen.Div-ImpFrArmy.jpg\" srcset=\"\/\/upload.wikimedia.org\/wikipedia\/commons\/thumb\/9\/98\/Gen.Div-ImpFrArmy.jpg\/90px-Gen.Div-ImpFrArmy.jpg 1.5x, \/\/upload.wikimedia.org\/wikipedia\/commons\/thumb\/9\/98\/Gen.Div-ImpFrArmy.jpg\/120px-Gen.Div-ImpFrArmy.jpg 2x\" alt=\"Gen.Div-ImpFrArmy.jpg\" width=\"60\" height=\"60\" data-file-width=\"313\" data-file-height=\"312\" \/><\/a><br \/>\nGenerale di Divisione<\/td>\n<td><i>grado equivalente non previsto<\/i><\/td>\n<td><a class=\"image\" href=\"https:\/\/it.wikipedia.org\/wiki\/File:Rank_insignia_of_vice_ammiraglio_of_the_Regia_Marina_(1861-1878).svg\"><img loading=\"lazy\" decoding=\"async\" class=\"noviewer\" src=\"https:\/\/upload.wikimedia.org\/wikipedia\/commons\/thumb\/8\/8b\/Rank_insignia_of_vice_ammiraglio_of_the_Regia_Marina_%281861-1878%29.svg\/40px-Rank_insignia_of_vice_ammiraglio_of_the_Regia_Marina_%281861-1878%29.svg.png\" srcset=\"\/\/upload.wikimedia.org\/wikipedia\/commons\/thumb\/8\/8b\/Rank_insignia_of_vice_ammiraglio_of_the_Regia_Marina_%281861-1878%29.svg\/60px-Rank_insignia_of_vice_ammiraglio_of_the_Regia_Marina_%281861-1878%29.svg.png 1.5x, \/\/upload.wikimedia.org\/wikipedia\/commons\/thumb\/8\/8b\/Rank_insignia_of_vice_ammiraglio_of_the_Regia_Marina_%281861-1878%29.svg\/80px-Rank_insignia_of_vice_ammiraglio_of_the_Regia_Marina_%281861-1878%29.svg.png 2x\" alt=\"Rank insignia of vice ammiraglio of the Regia Marina (1861-1878).svg\" width=\"40\" height=\"89\" data-file-width=\"450\" data-file-height=\"1000\" \/><\/a><br \/>\nViceammiraglio<\/td>\n<td><i>grado equivalente non previsto<\/i><\/td>\n<td><i>grado equivalente non previsto<\/i><\/td>\n<td><i>grado equivalente non previsto<\/i><\/td>\n<td><i>grado equivalente non previsto<\/i><\/td>\n<\/tr>\n<tr align=\"center\">\n<td><a class=\"image\" href=\"https:\/\/it.wikipedia.org\/wiki\/File:STen.GNP.jpg\"><img loading=\"lazy\" decoding=\"async\" src=\"https:\/\/upload.wikimedia.org\/wikipedia\/commons\/thumb\/0\/0a\/STen.GNP.jpg\/60px-STen.GNP.jpg\" srcset=\"\/\/upload.wikimedia.org\/wikipedia\/commons\/thumb\/0\/0a\/STen.GNP.jpg\/90px-STen.GNP.jpg 1.5x, \/\/upload.wikimedia.org\/wikipedia\/commons\/thumb\/0\/0a\/STen.GNP.jpg\/120px-STen.GNP.jpg 2x\" alt=\"STen.GNP.jpg\" width=\"60\" height=\"60\" data-file-width=\"313\" data-file-height=\"312\" \/><\/a><br \/>\nGenerale di Brigata<\/td>\n<td><i>grado equivalente non previsto<\/i><\/td>\n<td><a class=\"image\" href=\"https:\/\/it.wikipedia.org\/wiki\/File:Rank_insignia_of_contrammiraglio_of_the_Regia_Marina_(1861-1878).svg\"><img loading=\"lazy\" decoding=\"async\" class=\"noviewer\" src=\"https:\/\/upload.wikimedia.org\/wikipedia\/commons\/thumb\/d\/d0\/Rank_insignia_of_contrammiraglio_of_the_Regia_Marina_%281861-1878%29.svg\/40px-Rank_insignia_of_contrammiraglio_of_the_Regia_Marina_%281861-1878%29.svg.png\" srcset=\"\/\/upload.wikimedia.org\/wikipedia\/commons\/thumb\/d\/d0\/Rank_insignia_of_contrammiraglio_of_the_Regia_Marina_%281861-1878%29.svg\/60px-Rank_insignia_of_contrammiraglio_of_the_Regia_Marina_%281861-1878%29.svg.png 1.5x, \/\/upload.wikimedia.org\/wikipedia\/commons\/thumb\/d\/d0\/Rank_insignia_of_contrammiraglio_of_the_Regia_Marina_%281861-1878%29.svg\/80px-Rank_insignia_of_contrammiraglio_of_the_Regia_Marina_%281861-1878%29.svg.png 2x\" alt=\"Rank insignia of contrammiraglio of the Regia Marina (1861-1878).svg\" width=\"40\" height=\"89\" data-file-width=\"450\" data-file-height=\"1000\" \/><\/a><br \/>\nContrammiraglio<\/td>\n<td><i>grado equivalente non previsto<\/i><\/td>\n<td><i>grado equivalente non previsto<\/i><\/td>\n<td><i>grado equivalente non previsto<\/i><\/td>\n<td><a class=\"image\" href=\"https:\/\/it.wikipedia.org\/wiki\/File:MaggioreGeneraleREI-1870.jpg\"><img loading=\"lazy\" decoding=\"async\" src=\"https:\/\/upload.wikimedia.org\/wikipedia\/commons\/thumb\/b\/b4\/MaggioreGeneraleREI-1870.jpg\/60px-MaggioreGeneraleREI-1870.jpg\" srcset=\"\/\/upload.wikimedia.org\/wikipedia\/commons\/thumb\/b\/b4\/MaggioreGeneraleREI-1870.jpg\/90px-MaggioreGeneraleREI-1870.jpg 1.5x, \/\/upload.wikimedia.org\/wikipedia\/commons\/thumb\/b\/b4\/MaggioreGeneraleREI-1870.jpg\/120px-MaggioreGeneraleREI-1870.jpg 2x\" alt=\"MaggioreGeneraleREI-1870.jpg\" width=\"60\" height=\"29\" data-file-width=\"503\" data-file-height=\"245\" \/><\/a><br \/>\nComandante generale<\/td>\n<\/tr>\n<tr>\n<th colspan=\"7\">ufficiali superiori<\/th>\n<\/tr>\n<tr align=\"center\">\n<td><a class=\"image\" href=\"https:\/\/it.wikipedia.org\/wiki\/File:Colonel-ImpFrArmy.jpg\"><img loading=\"lazy\" decoding=\"async\" src=\"https:\/\/upload.wikimedia.org\/wikipedia\/commons\/thumb\/1\/13\/Colonel-ImpFrArmy.jpg\/60px-Colonel-ImpFrArmy.jpg\" srcset=\"\/\/upload.wikimedia.org\/wikipedia\/commons\/thumb\/1\/13\/Colonel-ImpFrArmy.jpg\/90px-Colonel-ImpFrArmy.jpg 1.5x, \/\/upload.wikimedia.org\/wikipedia\/commons\/thumb\/1\/13\/Colonel-ImpFrArmy.jpg\/120px-Colonel-ImpFrArmy.jpg 2x\" alt=\"Colonel-ImpFrArmy.jpg\" width=\"60\" height=\"60\" data-file-width=\"313\" data-file-height=\"312\" \/><\/a><br \/>\nColonnello<\/td>\n<td><a class=\"image\" href=\"https:\/\/it.wikipedia.org\/wiki\/File:Colonel-ImpFrArmy.jpg\"><img loading=\"lazy\" decoding=\"async\" src=\"https:\/\/upload.wikimedia.org\/wikipedia\/commons\/thumb\/1\/13\/Colonel-ImpFrArmy.jpg\/60px-Colonel-ImpFrArmy.jpg\" srcset=\"\/\/upload.wikimedia.org\/wikipedia\/commons\/thumb\/1\/13\/Colonel-ImpFrArmy.jpg\/90px-Colonel-ImpFrArmy.jpg 1.5x, \/\/upload.wikimedia.org\/wikipedia\/commons\/thumb\/1\/13\/Colonel-ImpFrArmy.jpg\/120px-Colonel-ImpFrArmy.jpg 2x\" alt=\"Colonel-ImpFrArmy.jpg\" width=\"60\" height=\"60\" data-file-width=\"313\" data-file-height=\"312\" \/><\/a><br \/>\nColonnello<\/td>\n<td><a class=\"image\" href=\"https:\/\/it.wikipedia.org\/wiki\/File:Rank_insignia_of_capitano_di_vascello_of_the_Regia_Marina_(1861-1878).svg\"><img loading=\"lazy\" decoding=\"async\" class=\"noviewer\" src=\"https:\/\/upload.wikimedia.org\/wikipedia\/commons\/thumb\/3\/39\/Rank_insignia_of_capitano_di_vascello_of_the_Regia_Marina_%281861-1878%29.svg\/40px-Rank_insignia_of_capitano_di_vascello_of_the_Regia_Marina_%281861-1878%29.svg.png\" srcset=\"\/\/upload.wikimedia.org\/wikipedia\/commons\/thumb\/3\/39\/Rank_insignia_of_capitano_di_vascello_of_the_Regia_Marina_%281861-1878%29.svg\/60px-Rank_insignia_of_capitano_di_vascello_of_the_Regia_Marina_%281861-1878%29.svg.png 1.5x, \/\/upload.wikimedia.org\/wikipedia\/commons\/thumb\/3\/39\/Rank_insignia_of_capitano_di_vascello_of_the_Regia_Marina_%281861-1878%29.svg\/80px-Rank_insignia_of_capitano_di_vascello_of_the_Regia_Marina_%281861-1878%29.svg.png 2x\" alt=\"Rank insignia of capitano di vascello of the Regia Marina (1861-1878).svg\" width=\"40\" height=\"89\" data-file-width=\"450\" data-file-height=\"1000\" \/><\/a><br \/>\nCapitano di vascello<\/td>\n<td><a class=\"image\" href=\"https:\/\/it.wikipedia.org\/wiki\/File:COL-GuardiaSvizzera.png\"><img loading=\"lazy\" decoding=\"async\" class=\"noviewer\" src=\"https:\/\/upload.wikimedia.org\/wikipedia\/commons\/thumb\/a\/a7\/COL-GuardiaSvizzera.png\/40px-COL-GuardiaSvizzera.png\" srcset=\"\/\/upload.wikimedia.org\/wikipedia\/commons\/thumb\/a\/a7\/COL-GuardiaSvizzera.png\/60px-COL-GuardiaSvizzera.png 1.5x, \/\/upload.wikimedia.org\/wikipedia\/commons\/thumb\/a\/a7\/COL-GuardiaSvizzera.png\/80px-COL-GuardiaSvizzera.png 2x\" alt=\"COL-GuardiaSvizzera.png\" width=\"40\" height=\"95\" data-file-width=\"215\" data-file-height=\"510\" \/><\/a><br \/>\nColonnello comandante<br \/>\n(<i>Oberst<\/i>)<\/td>\n<td><i>grado equivalente non previsto<\/i><\/td>\n<td><a class=\"image\" href=\"https:\/\/it.wikipedia.org\/wiki\/File:Colonnello-EpauletteIT.jpg\"><img loading=\"lazy\" decoding=\"async\" src=\"https:\/\/upload.wikimedia.org\/wikipedia\/commons\/thumb\/7\/72\/Colonnello-EpauletteIT.jpg\/60px-Colonnello-EpauletteIT.jpg\" srcset=\"\/\/upload.wikimedia.org\/wikipedia\/commons\/thumb\/7\/72\/Colonnello-EpauletteIT.jpg\/90px-Colonnello-EpauletteIT.jpg 1.5x, \/\/upload.wikimedia.org\/wikipedia\/commons\/thumb\/7\/72\/Colonnello-EpauletteIT.jpg\/120px-Colonnello-EpauletteIT.jpg 2x\" alt=\"Colonnello-EpauletteIT.jpg\" width=\"60\" height=\"84\" data-file-width=\"250\" data-file-height=\"350\" \/><\/a><br \/>\nColonnello comandante<\/td>\n<td><a class=\"image\" href=\"https:\/\/it.wikipedia.org\/wiki\/File:ColonnelloREI-1870.jpg\"><img loading=\"lazy\" decoding=\"async\" src=\"https:\/\/upload.wikimedia.org\/wikipedia\/commons\/thumb\/f\/f9\/ColonnelloREI-1870.jpg\/60px-ColonnelloREI-1870.jpg\" srcset=\"\/\/upload.wikimedia.org\/wikipedia\/commons\/thumb\/f\/f9\/ColonnelloREI-1870.jpg\/90px-ColonnelloREI-1870.jpg 1.5x, \/\/upload.wikimedia.org\/wikipedia\/commons\/thumb\/f\/f9\/ColonnelloREI-1870.jpg\/120px-ColonnelloREI-1870.jpg 2x\" alt=\"ColonnelloREI-1870.jpg\" width=\"60\" height=\"123\" data-file-width=\"504\" data-file-height=\"1036\" \/><\/a><br \/>\nColonnello<\/td>\n<\/tr>\n<tr align=\"center\">\n<td><i>grado equivalente non previsto<\/i><\/td>\n<td><i>grado equivalente non previsto<\/i><\/td>\n<td><a class=\"image\" href=\"https:\/\/it.wikipedia.org\/wiki\/File:Rank_insignia_of_capitano_di_fregata_of_the_Regia_Marina_(1861-1878).svg\"><img loading=\"lazy\" decoding=\"async\" class=\"noviewer\" src=\"https:\/\/upload.wikimedia.org\/wikipedia\/commons\/thumb\/9\/9b\/Rank_insignia_of_capitano_di_fregata_of_the_Regia_Marina_%281861-1878%29.svg\/40px-Rank_insignia_of_capitano_di_fregata_of_the_Regia_Marina_%281861-1878%29.svg.png\" srcset=\"\/\/upload.wikimedia.org\/wikipedia\/commons\/thumb\/9\/9b\/Rank_insignia_of_capitano_di_fregata_of_the_Regia_Marina_%281861-1878%29.svg\/60px-Rank_insignia_of_capitano_di_fregata_of_the_Regia_Marina_%281861-1878%29.svg.png 1.5x, \/\/upload.wikimedia.org\/wikipedia\/commons\/thumb\/9\/9b\/Rank_insignia_of_capitano_di_fregata_of_the_Regia_Marina_%281861-1878%29.svg\/80px-Rank_insignia_of_capitano_di_fregata_of_the_Regia_Marina_%281861-1878%29.svg.png 2x\" alt=\"Rank insignia of capitano di fregata of the Regia Marina (1861-1878).svg\" width=\"40\" height=\"89\" data-file-width=\"450\" data-file-height=\"1000\" \/><\/a><br \/>\nCapitano di fregata<\/td>\n<td><a class=\"image\" href=\"https:\/\/it.wikipedia.org\/wiki\/File:TCOL-GuardiaSvizzera.png\"><img loading=\"lazy\" decoding=\"async\" class=\"noviewer\" src=\"https:\/\/upload.wikimedia.org\/wikipedia\/commons\/thumb\/e\/e7\/TCOL-GuardiaSvizzera.png\/40px-TCOL-GuardiaSvizzera.png\" srcset=\"\/\/upload.wikimedia.org\/wikipedia\/commons\/thumb\/e\/e7\/TCOL-GuardiaSvizzera.png\/60px-TCOL-GuardiaSvizzera.png 1.5x, \/\/upload.wikimedia.org\/wikipedia\/commons\/thumb\/e\/e7\/TCOL-GuardiaSvizzera.png\/80px-TCOL-GuardiaSvizzera.png 2x\" alt=\"TCOL-GuardiaSvizzera.png\" width=\"40\" height=\"95\" data-file-width=\"215\" data-file-height=\"510\" \/><\/a><br \/>\nTenente colonnello<br \/>\n(<i>Oberstleutnant<\/i>\u00a0e\u00a0<i>Kaplan<\/i>)<\/td>\n<td><i>grado equivalente non previsto<\/i><\/td>\n<td><a class=\"image\" href=\"https:\/\/it.wikipedia.org\/wiki\/File:Ten.Colonnello-EpauletteIT.jpg\"><img loading=\"lazy\" decoding=\"async\" src=\"https:\/\/upload.wikimedia.org\/wikipedia\/commons\/thumb\/0\/05\/Ten.Colonnello-EpauletteIT.jpg\/60px-Ten.Colonnello-EpauletteIT.jpg\" srcset=\"\/\/upload.wikimedia.org\/wikipedia\/commons\/thumb\/0\/05\/Ten.Colonnello-EpauletteIT.jpg\/90px-Ten.Colonnello-EpauletteIT.jpg 1.5x, \/\/upload.wikimedia.org\/wikipedia\/commons\/thumb\/0\/05\/Ten.Colonnello-EpauletteIT.jpg\/120px-Ten.Colonnello-EpauletteIT.jpg 2x\" alt=\"Ten.Colonnello-EpauletteIT.jpg\" width=\"60\" height=\"84\" data-file-width=\"250\" data-file-height=\"350\" \/><\/a><br \/>\nTenente colonnello<\/td>\n<td><a class=\"image\" href=\"https:\/\/it.wikipedia.org\/wiki\/File:TenenteColonnelloREI-1870.jpg\"><img loading=\"lazy\" decoding=\"async\" src=\"https:\/\/upload.wikimedia.org\/wikipedia\/commons\/thumb\/4\/4a\/TenenteColonnelloREI-1870.jpg\/60px-TenenteColonnelloREI-1870.jpg\" srcset=\"\/\/upload.wikimedia.org\/wikipedia\/commons\/thumb\/4\/4a\/TenenteColonnelloREI-1870.jpg\/90px-TenenteColonnelloREI-1870.jpg 1.5x, \/\/upload.wikimedia.org\/wikipedia\/commons\/thumb\/4\/4a\/TenenteColonnelloREI-1870.jpg\/120px-TenenteColonnelloREI-1870.jpg 2x\" alt=\"TenenteColonnelloREI-1870.jpg\" width=\"60\" height=\"117\" data-file-width=\"506\" data-file-height=\"988\" \/><\/a><br \/>\nTenente colonnello<\/td>\n<\/tr>\n<tr align=\"center\">\n<td><a class=\"image\" href=\"https:\/\/it.wikipedia.org\/wiki\/File:Magg-ImpFrArmy.jpg\"><img loading=\"lazy\" decoding=\"async\" src=\"https:\/\/upload.wikimedia.org\/wikipedia\/commons\/thumb\/8\/89\/Magg-ImpFrArmy.jpg\/60px-Magg-ImpFrArmy.jpg\" srcset=\"\/\/upload.wikimedia.org\/wikipedia\/commons\/thumb\/8\/89\/Magg-ImpFrArmy.jpg\/90px-Magg-ImpFrArmy.jpg 1.5x, \/\/upload.wikimedia.org\/wikipedia\/commons\/thumb\/8\/89\/Magg-ImpFrArmy.jpg\/120px-Magg-ImpFrArmy.jpg 2x\" alt=\"Magg-ImpFrArmy.jpg\" width=\"60\" height=\"62\" data-file-width=\"292\" data-file-height=\"300\" \/><\/a><br \/>\nMaggiore<\/td>\n<td><a class=\"image\" href=\"https:\/\/it.wikipedia.org\/wiki\/File:Magg-ImpFrArmy.jpg\"><img loading=\"lazy\" decoding=\"async\" src=\"https:\/\/upload.wikimedia.org\/wikipedia\/commons\/thumb\/8\/89\/Magg-ImpFrArmy.jpg\/60px-Magg-ImpFrArmy.jpg\" srcset=\"\/\/upload.wikimedia.org\/wikipedia\/commons\/thumb\/8\/89\/Magg-ImpFrArmy.jpg\/90px-Magg-ImpFrArmy.jpg 1.5x, \/\/upload.wikimedia.org\/wikipedia\/commons\/thumb\/8\/89\/Magg-ImpFrArmy.jpg\/120px-Magg-ImpFrArmy.jpg 2x\" alt=\"Magg-ImpFrArmy.jpg\" width=\"60\" height=\"62\" data-file-width=\"292\" data-file-height=\"300\" \/><\/a><br \/>\nMaggiore<\/td>\n<td><i>grado equivalente non previsto<\/i><\/td>\n<td><a class=\"image\" href=\"https:\/\/it.wikipedia.org\/wiki\/File:MAG-GuardiaSvizzera.png\"><img loading=\"lazy\" decoding=\"async\" class=\"noviewer\" src=\"https:\/\/upload.wikimedia.org\/wikipedia\/commons\/thumb\/d\/d5\/MAG-GuardiaSvizzera.png\/40px-MAG-GuardiaSvizzera.png\" srcset=\"\/\/upload.wikimedia.org\/wikipedia\/commons\/thumb\/d\/d5\/MAG-GuardiaSvizzera.png\/60px-MAG-GuardiaSvizzera.png 1.5x, \/\/upload.wikimedia.org\/wikipedia\/commons\/thumb\/d\/d5\/MAG-GuardiaSvizzera.png\/80px-MAG-GuardiaSvizzera.png 2x\" alt=\"MAG-GuardiaSvizzera.png\" width=\"40\" height=\"95\" data-file-width=\"215\" data-file-height=\"510\" \/><\/a><br \/>\nMaggiore<br \/>\n(<i>Major<\/i>)<\/td>\n<td><i>grado equivalente non previsto<\/i><\/td>\n<td><a class=\"image\" href=\"https:\/\/it.wikipedia.org\/wiki\/File:Maggiore-EpauletteIT.jpg\"><img loading=\"lazy\" decoding=\"async\" src=\"https:\/\/upload.wikimedia.org\/wikipedia\/commons\/thumb\/e\/ef\/Maggiore-EpauletteIT.jpg\/60px-Maggiore-EpauletteIT.jpg\" srcset=\"\/\/upload.wikimedia.org\/wikipedia\/commons\/thumb\/e\/ef\/Maggiore-EpauletteIT.jpg\/90px-Maggiore-EpauletteIT.jpg 1.5x, \/\/upload.wikimedia.org\/wikipedia\/commons\/thumb\/e\/ef\/Maggiore-EpauletteIT.jpg\/120px-Maggiore-EpauletteIT.jpg 2x\" alt=\"Maggiore-EpauletteIT.jpg\" width=\"60\" height=\"83\" data-file-width=\"253\" data-file-height=\"351\" \/><\/a><br \/>\nMaggiore<\/td>\n<td><a class=\"image\" href=\"https:\/\/it.wikipedia.org\/wiki\/File:MaggioreREI-1870.jpg\"><img loading=\"lazy\" decoding=\"async\" src=\"https:\/\/upload.wikimedia.org\/wikipedia\/commons\/thumb\/b\/b0\/MaggioreREI-1870.jpg\/60px-MaggioreREI-1870.jpg\" srcset=\"\/\/upload.wikimedia.org\/wikipedia\/commons\/thumb\/b\/b0\/MaggioreREI-1870.jpg\/90px-MaggioreREI-1870.jpg 1.5x, \/\/upload.wikimedia.org\/wikipedia\/commons\/thumb\/b\/b0\/MaggioreREI-1870.jpg\/120px-MaggioreREI-1870.jpg 2x\" alt=\"MaggioreREI-1870.jpg\" width=\"60\" height=\"111\" data-file-width=\"506\" data-file-height=\"933\" \/><\/a><br \/>\nMaggiore<\/td>\n<\/tr>\n<tr>\n<th colspan=\"3\">ufficiali inferiori<\/th>\n<\/tr>\n<tr align=\"center\">\n<td><a class=\"image\" href=\"https:\/\/it.wikipedia.org\/wiki\/File:Colonel-ImpFrArmy.jpg\"><img loading=\"lazy\" decoding=\"async\" src=\"https:\/\/upload.wikimedia.org\/wikipedia\/commons\/thumb\/1\/13\/Colonel-ImpFrArmy.jpg\/60px-Colonel-ImpFrArmy.jpg\" srcset=\"\/\/upload.wikimedia.org\/wikipedia\/commons\/thumb\/1\/13\/Colonel-ImpFrArmy.jpg\/90px-Colonel-ImpFrArmy.jpg 1.5x, \/\/upload.wikimedia.org\/wikipedia\/commons\/thumb\/1\/13\/Colonel-ImpFrArmy.jpg\/120px-Colonel-ImpFrArmy.jpg 2x\" alt=\"Colonel-ImpFrArmy.jpg\" width=\"60\" height=\"60\" data-file-width=\"313\" data-file-height=\"312\" \/><\/a><br \/>\nCapitano<br \/>\n(<i>frange fini<\/i>)<\/td>\n<td><a class=\"image\" href=\"https:\/\/it.wikipedia.org\/wiki\/File:Colonel-ImpFrArmy.jpg\"><img loading=\"lazy\" decoding=\"async\" src=\"https:\/\/upload.wikimedia.org\/wikipedia\/commons\/thumb\/1\/13\/Colonel-ImpFrArmy.jpg\/60px-Colonel-ImpFrArmy.jpg\" srcset=\"\/\/upload.wikimedia.org\/wikipedia\/commons\/thumb\/1\/13\/Colonel-ImpFrArmy.jpg\/90px-Colonel-ImpFrArmy.jpg 1.5x, \/\/upload.wikimedia.org\/wikipedia\/commons\/thumb\/1\/13\/Colonel-ImpFrArmy.jpg\/120px-Colonel-ImpFrArmy.jpg 2x\" alt=\"Colonel-ImpFrArmy.jpg\" width=\"60\" height=\"60\" data-file-width=\"313\" data-file-height=\"312\" \/><\/a><br \/>\nCapitano<br \/>\n(<i>frange fini<\/i>)<\/td>\n<td><a class=\"image\" href=\"https:\/\/it.wikipedia.org\/wiki\/File:Rank_insignia_of_luogotenente_di_vascello_of_the_Regia_Marina_(1861-1878).svg\"><img loading=\"lazy\" decoding=\"async\" src=\"https:\/\/upload.wikimedia.org\/wikipedia\/commons\/thumb\/0\/08\/Rank_insignia_of_luogotenente_di_vascello_of_the_Regia_Marina_%281861-1878%29.svg\/60px-Rank_insignia_of_luogotenente_di_vascello_of_the_Regia_Marina_%281861-1878%29.svg.png\" srcset=\"\/\/upload.wikimedia.org\/wikipedia\/commons\/thumb\/0\/08\/Rank_insignia_of_luogotenente_di_vascello_of_the_Regia_Marina_%281861-1878%29.svg\/90px-Rank_insignia_of_luogotenente_di_vascello_of_the_Regia_Marina_%281861-1878%29.svg.png 1.5x, \/\/upload.wikimedia.org\/wikipedia\/commons\/thumb\/0\/08\/Rank_insignia_of_luogotenente_di_vascello_of_the_Regia_Marina_%281861-1878%29.svg\/120px-Rank_insignia_of_luogotenente_di_vascello_of_the_Regia_Marina_%281861-1878%29.svg.png 2x\" alt=\"Rank insignia of luogotenente di vascello of the Regia Marina (1861-1878).svg\" width=\"60\" height=\"133\" data-file-width=\"450\" data-file-height=\"1000\" \/><\/a><br \/>\nLuogotenente di vascello<\/td>\n<td><a class=\"image\" href=\"https:\/\/it.wikipedia.org\/wiki\/File:CAP-GuardiaSvizzera.png\"><img loading=\"lazy\" decoding=\"async\" class=\"noviewer\" src=\"https:\/\/upload.wikimedia.org\/wikipedia\/commons\/thumb\/5\/59\/CAP-GuardiaSvizzera.png\/40px-CAP-GuardiaSvizzera.png\" srcset=\"\/\/upload.wikimedia.org\/wikipedia\/commons\/thumb\/5\/59\/CAP-GuardiaSvizzera.png\/60px-CAP-GuardiaSvizzera.png 1.5x, \/\/upload.wikimedia.org\/wikipedia\/commons\/thumb\/5\/59\/CAP-GuardiaSvizzera.png\/80px-CAP-GuardiaSvizzera.png 2x\" alt=\"CAP-GuardiaSvizzera.png\" width=\"40\" height=\"95\" data-file-width=\"215\" data-file-height=\"510\" \/><\/a><br \/>\nCapitano<br \/>\n(<i>Hauptmann<\/i>)<\/td>\n<td><a class=\"image\" href=\"https:\/\/it.wikipedia.org\/wiki\/File:Gen.CA-ImpFrArmy.jpg\"><img loading=\"lazy\" decoding=\"async\" src=\"https:\/\/upload.wikimedia.org\/wikipedia\/commons\/thumb\/f\/fd\/Gen.CA-ImpFrArmy.jpg\/60px-Gen.CA-ImpFrArmy.jpg\" srcset=\"\/\/upload.wikimedia.org\/wikipedia\/commons\/thumb\/f\/fd\/Gen.CA-ImpFrArmy.jpg\/90px-Gen.CA-ImpFrArmy.jpg 1.5x, \/\/upload.wikimedia.org\/wikipedia\/commons\/thumb\/f\/fd\/Gen.CA-ImpFrArmy.jpg\/120px-Gen.CA-ImpFrArmy.jpg 2x\" alt=\"Gen.CA-ImpFrArmy.jpg\" width=\"60\" height=\"60\" data-file-width=\"313\" data-file-height=\"312\" \/><\/a><br \/>\nComandante<br \/>\n(Capitano)<\/td>\n<td><a class=\"image\" href=\"https:\/\/it.wikipedia.org\/wiki\/File:Capitano-EpauletteIT.jpg\"><img loading=\"lazy\" decoding=\"async\" src=\"https:\/\/upload.wikimedia.org\/wikipedia\/commons\/thumb\/5\/51\/Capitano-EpauletteIT.jpg\/60px-Capitano-EpauletteIT.jpg\" srcset=\"\/\/upload.wikimedia.org\/wikipedia\/commons\/thumb\/5\/51\/Capitano-EpauletteIT.jpg\/90px-Capitano-EpauletteIT.jpg 1.5x, \/\/upload.wikimedia.org\/wikipedia\/commons\/thumb\/5\/51\/Capitano-EpauletteIT.jpg\/120px-Capitano-EpauletteIT.jpg 2x\" alt=\"Capitano-EpauletteIT.jpg\" width=\"60\" height=\"83\" data-file-width=\"253\" data-file-height=\"351\" \/><\/a><br \/>\nCapitano<\/td>\n<td><a class=\"image\" href=\"https:\/\/it.wikipedia.org\/wiki\/File:CapitanoREI-1870.jpg\"><img loading=\"lazy\" decoding=\"async\" src=\"https:\/\/upload.wikimedia.org\/wikipedia\/commons\/thumb\/5\/57\/CapitanoREI-1870.jpg\/60px-CapitanoREI-1870.jpg\" srcset=\"\/\/upload.wikimedia.org\/wikipedia\/commons\/thumb\/5\/57\/CapitanoREI-1870.jpg\/90px-CapitanoREI-1870.jpg 1.5x, \/\/upload.wikimedia.org\/wikipedia\/commons\/thumb\/5\/57\/CapitanoREI-1870.jpg\/120px-CapitanoREI-1870.jpg 2x\" alt=\"CapitanoREI-1870.jpg\" width=\"60\" height=\"115\" data-file-width=\"488\" data-file-height=\"932\" \/><\/a><br \/>\nCapitano<\/td>\n<\/tr>\n<tr align=\"center\">\n<td><a class=\"image\" href=\"https:\/\/it.wikipedia.org\/wiki\/File:Ten-EsPont.jpg\"><img loading=\"lazy\" decoding=\"async\" src=\"https:\/\/upload.wikimedia.org\/wikipedia\/commons\/thumb\/a\/ac\/Ten-EsPont.jpg\/80px-Ten-EsPont.jpg\" srcset=\"\/\/upload.wikimedia.org\/wikipedia\/commons\/thumb\/a\/ac\/Ten-EsPont.jpg\/120px-Ten-EsPont.jpg 1.5x, \/\/upload.wikimedia.org\/wikipedia\/commons\/thumb\/a\/ac\/Ten-EsPont.jpg\/160px-Ten-EsPont.jpg 2x\" alt=\"Ten-EsPont.jpg\" width=\"80\" height=\"44\" data-file-width=\"562\" data-file-height=\"312\" \/><\/a><br \/>\nTenente<br \/>\n(<i>frange fini<\/i>)<\/td>\n<td><a class=\"image\" href=\"https:\/\/it.wikipedia.org\/wiki\/File:Ten-EsPont.jpg\"><img loading=\"lazy\" decoding=\"async\" src=\"https:\/\/upload.wikimedia.org\/wikipedia\/commons\/thumb\/a\/ac\/Ten-EsPont.jpg\/80px-Ten-EsPont.jpg\" srcset=\"\/\/upload.wikimedia.org\/wikipedia\/commons\/thumb\/a\/ac\/Ten-EsPont.jpg\/120px-Ten-EsPont.jpg 1.5x, \/\/upload.wikimedia.org\/wikipedia\/commons\/thumb\/a\/ac\/Ten-EsPont.jpg\/160px-Ten-EsPont.jpg 2x\" alt=\"Ten-EsPont.jpg\" width=\"80\" height=\"44\" data-file-width=\"562\" data-file-height=\"312\" \/><\/a><br \/>\nTenente<br \/>\n(<i>frange fini<\/i>)<\/td>\n<td><a class=\"image\" href=\"https:\/\/it.wikipedia.org\/wiki\/File:Rank_insignia_of_sottotenente_di_vascello_of_the_Regia_Marina_(1861-1878).svg\"><img loading=\"lazy\" decoding=\"async\" src=\"https:\/\/upload.wikimedia.org\/wikipedia\/commons\/thumb\/9\/9f\/Rank_insignia_of_sottotenente_di_vascello_of_the_Regia_Marina_%281861-1878%29.svg\/60px-Rank_insignia_of_sottotenente_di_vascello_of_the_Regia_Marina_%281861-1878%29.svg.png\" srcset=\"\/\/upload.wikimedia.org\/wikipedia\/commons\/thumb\/9\/9f\/Rank_insignia_of_sottotenente_di_vascello_of_the_Regia_Marina_%281861-1878%29.svg\/90px-Rank_insignia_of_sottotenente_di_vascello_of_the_Regia_Marina_%281861-1878%29.svg.png 1.5x, \/\/upload.wikimedia.org\/wikipedia\/commons\/thumb\/9\/9f\/Rank_insignia_of_sottotenente_di_vascello_of_the_Regia_Marina_%281861-1878%29.svg\/120px-Rank_insignia_of_sottotenente_di_vascello_of_the_Regia_Marina_%281861-1878%29.svg.png 2x\" alt=\"Rank insignia of sottotenente di vascello of the Regia Marina (1861-1878).svg\" width=\"60\" height=\"133\" data-file-width=\"450\" data-file-height=\"1000\" \/><\/a><br \/>\nSottotenente di vascello<\/td>\n<td><i>grado equivalente non previsto<\/i><\/td>\n<td><a class=\"image\" href=\"https:\/\/it.wikipedia.org\/wiki\/File:Gen.Div-ImpFrArmy.jpg\"><img loading=\"lazy\" decoding=\"async\" src=\"https:\/\/upload.wikimedia.org\/wikipedia\/commons\/thumb\/9\/98\/Gen.Div-ImpFrArmy.jpg\/60px-Gen.Div-ImpFrArmy.jpg\" srcset=\"\/\/upload.wikimedia.org\/wikipedia\/commons\/thumb\/9\/98\/Gen.Div-ImpFrArmy.jpg\/90px-Gen.Div-ImpFrArmy.jpg 1.5x, \/\/upload.wikimedia.org\/wikipedia\/commons\/thumb\/9\/98\/Gen.Div-ImpFrArmy.jpg\/120px-Gen.Div-ImpFrArmy.jpg 2x\" alt=\"Gen.Div-ImpFrArmy.jpg\" width=\"60\" height=\"60\" data-file-width=\"313\" data-file-height=\"312\" \/><\/a><br \/>\nTenente<\/td>\n<td><a class=\"image\" href=\"https:\/\/it.wikipedia.org\/wiki\/File:Tenente-EpauletteIT.jpg\"><img loading=\"lazy\" decoding=\"async\" src=\"https:\/\/upload.wikimedia.org\/wikipedia\/commons\/thumb\/b\/ba\/Tenente-EpauletteIT.jpg\/60px-Tenente-EpauletteIT.jpg\" srcset=\"\/\/upload.wikimedia.org\/wikipedia\/commons\/thumb\/b\/ba\/Tenente-EpauletteIT.jpg\/90px-Tenente-EpauletteIT.jpg 1.5x, \/\/upload.wikimedia.org\/wikipedia\/commons\/thumb\/b\/ba\/Tenente-EpauletteIT.jpg\/120px-Tenente-EpauletteIT.jpg 2x\" alt=\"Tenente-EpauletteIT.jpg\" width=\"60\" height=\"83\" data-file-width=\"253\" data-file-height=\"351\" \/><\/a><br \/>\nTenente<\/td>\n<td><a class=\"image\" href=\"https:\/\/it.wikipedia.org\/wiki\/File:TenenteREI-1870.jpg\"><img loading=\"lazy\" decoding=\"async\" src=\"https:\/\/upload.wikimedia.org\/wikipedia\/commons\/thumb\/5\/52\/TenenteREI-1870.jpg\/60px-TenenteREI-1870.jpg\" srcset=\"\/\/upload.wikimedia.org\/wikipedia\/commons\/thumb\/5\/52\/TenenteREI-1870.jpg\/90px-TenenteREI-1870.jpg 1.5x, \/\/upload.wikimedia.org\/wikipedia\/commons\/thumb\/5\/52\/TenenteREI-1870.jpg\/120px-TenenteREI-1870.jpg 2x\" alt=\"TenenteREI-1870.jpg\" width=\"60\" height=\"107\" data-file-width=\"488\" data-file-height=\"872\" \/><\/a><br \/>\nTenente<\/td>\n<\/tr>\n<tr align=\"center\">\n<td><a class=\"image\" href=\"https:\/\/it.wikipedia.org\/wiki\/File:Capt-ImpFrArmy.jpg\"><img loading=\"lazy\" decoding=\"async\" src=\"https:\/\/upload.wikimedia.org\/wikipedia\/commons\/thumb\/6\/62\/Capt-ImpFrArmy.jpg\/80px-Capt-ImpFrArmy.jpg\" srcset=\"\/\/upload.wikimedia.org\/wikipedia\/commons\/thumb\/6\/62\/Capt-ImpFrArmy.jpg\/120px-Capt-ImpFrArmy.jpg 1.5x, \/\/upload.wikimedia.org\/wikipedia\/commons\/thumb\/6\/62\/Capt-ImpFrArmy.jpg\/160px-Capt-ImpFrArmy.jpg 2x\" alt=\"Capt-ImpFrArmy.jpg\" width=\"80\" height=\"49\" data-file-width=\"512\" data-file-height=\"312\" \/><\/a><br \/>\nSottotenente<br \/>\n(<i>frange fini<\/i>)<\/td>\n<td><a class=\"image\" href=\"https:\/\/it.wikipedia.org\/wiki\/File:Capt-ImpFrArmy.jpg\"><img loading=\"lazy\" decoding=\"async\" src=\"https:\/\/upload.wikimedia.org\/wikipedia\/commons\/thumb\/6\/62\/Capt-ImpFrArmy.jpg\/80px-Capt-ImpFrArmy.jpg\" srcset=\"\/\/upload.wikimedia.org\/wikipedia\/commons\/thumb\/6\/62\/Capt-ImpFrArmy.jpg\/120px-Capt-ImpFrArmy.jpg 1.5x, \/\/upload.wikimedia.org\/wikipedia\/commons\/thumb\/6\/62\/Capt-ImpFrArmy.jpg\/160px-Capt-ImpFrArmy.jpg 2x\" alt=\"Capt-ImpFrArmy.jpg\" width=\"80\" height=\"49\" data-file-width=\"512\" data-file-height=\"312\" \/><\/a><br \/>\nSottotenente<br \/>\n(<i>frange fini<\/i>)<\/td>\n<td><a class=\"image\" href=\"https:\/\/it.wikipedia.org\/wiki\/File:Rank_insignia_of_guardiamarina_of_the_Regia_Marina_(1861-1878).svg\"><img loading=\"lazy\" decoding=\"async\" src=\"https:\/\/upload.wikimedia.org\/wikipedia\/commons\/thumb\/1\/14\/Rank_insignia_of_guardiamarina_of_the_Regia_Marina_%281861-1878%29.svg\/60px-Rank_insignia_of_guardiamarina_of_the_Regia_Marina_%281861-1878%29.svg.png\" srcset=\"\/\/upload.wikimedia.org\/wikipedia\/commons\/thumb\/1\/14\/Rank_insignia_of_guardiamarina_of_the_Regia_Marina_%281861-1878%29.svg\/90px-Rank_insignia_of_guardiamarina_of_the_Regia_Marina_%281861-1878%29.svg.png 1.5x, \/\/upload.wikimedia.org\/wikipedia\/commons\/thumb\/1\/14\/Rank_insignia_of_guardiamarina_of_the_Regia_Marina_%281861-1878%29.svg\/120px-Rank_insignia_of_guardiamarina_of_the_Regia_Marina_%281861-1878%29.svg.png 2x\" alt=\"Rank insignia of guardiamarina of the Regia Marina (1861-1878).svg\" width=\"60\" height=\"133\" data-file-width=\"450\" data-file-height=\"1000\" \/><\/a><br \/>\nGuardiamarina<\/td>\n<td><i>grado equivalente non previsto<\/i><\/td>\n<td><a class=\"image\" href=\"https:\/\/it.wikipedia.org\/wiki\/File:STen.GNP.jpg\"><img loading=\"lazy\" decoding=\"async\" src=\"https:\/\/upload.wikimedia.org\/wikipedia\/commons\/thumb\/0\/0a\/STen.GNP.jpg\/60px-STen.GNP.jpg\" srcset=\"\/\/upload.wikimedia.org\/wikipedia\/commons\/thumb\/0\/0a\/STen.GNP.jpg\/90px-STen.GNP.jpg 1.5x, \/\/upload.wikimedia.org\/wikipedia\/commons\/thumb\/0\/0a\/STen.GNP.jpg\/120px-STen.GNP.jpg 2x\" alt=\"STen.GNP.jpg\" width=\"60\" height=\"60\" data-file-width=\"313\" data-file-height=\"312\" \/><\/a><br \/>\nSottotenente<\/td>\n<td><a class=\"image\" href=\"https:\/\/it.wikipedia.org\/wiki\/File:Sottotenente-EpauletteIT.jpg\"><img loading=\"lazy\" decoding=\"async\" src=\"https:\/\/upload.wikimedia.org\/wikipedia\/commons\/thumb\/d\/dd\/Sottotenente-EpauletteIT.jpg\/60px-Sottotenente-EpauletteIT.jpg\" srcset=\"\/\/upload.wikimedia.org\/wikipedia\/commons\/thumb\/d\/dd\/Sottotenente-EpauletteIT.jpg\/90px-Sottotenente-EpauletteIT.jpg 1.5x, \/\/upload.wikimedia.org\/wikipedia\/commons\/thumb\/d\/dd\/Sottotenente-EpauletteIT.jpg\/120px-Sottotenente-EpauletteIT.jpg 2x\" alt=\"Sottotenente-EpauletteIT.jpg\" width=\"60\" height=\"83\" data-file-width=\"253\" data-file-height=\"351\" \/><\/a><br \/>\nSottotenente<\/td>\n<td><a class=\"image\" href=\"https:\/\/it.wikipedia.org\/wiki\/File:SottotenenteREI-1870.jpg\"><img loading=\"lazy\" decoding=\"async\" src=\"https:\/\/upload.wikimedia.org\/wikipedia\/commons\/thumb\/d\/d6\/SottotenenteREI-1870.jpg\/60px-SottotenenteREI-1870.jpg\" srcset=\"\/\/upload.wikimedia.org\/wikipedia\/commons\/thumb\/d\/d6\/SottotenenteREI-1870.jpg\/90px-SottotenenteREI-1870.jpg 1.5x, \/\/upload.wikimedia.org\/wikipedia\/commons\/thumb\/d\/d6\/SottotenenteREI-1870.jpg\/120px-SottotenenteREI-1870.jpg 2x\" alt=\"SottotenenteREI-1870.jpg\" width=\"60\" height=\"102\" data-file-width=\"488\" data-file-height=\"826\" \/><\/a><br \/>\nSottotenente<\/td>\n<\/tr>\n<tr align=\"center\">\n<td><i>grado equivalente non previsto<\/i><\/td>\n<td><i>grado equivalente non previsto<\/i><\/td>\n<td><i>grado equivalente non previsto<\/i><\/td>\n<td><i>grado equivalente non previsto<\/i><\/td>\n<td><a class=\"image\" href=\"https:\/\/it.wikipedia.org\/wiki\/File:Colonel-ImpFrArmy.jpg\"><img loading=\"lazy\" decoding=\"async\" src=\"https:\/\/upload.wikimedia.org\/wikipedia\/commons\/thumb\/1\/13\/Colonel-ImpFrArmy.jpg\/60px-Colonel-ImpFrArmy.jpg\" srcset=\"\/\/upload.wikimedia.org\/wikipedia\/commons\/thumb\/1\/13\/Colonel-ImpFrArmy.jpg\/90px-Colonel-ImpFrArmy.jpg 1.5x, \/\/upload.wikimedia.org\/wikipedia\/commons\/thumb\/1\/13\/Colonel-ImpFrArmy.jpg\/120px-Colonel-ImpFrArmy.jpg 2x\" alt=\"Colonel-ImpFrArmy.jpg\" width=\"60\" height=\"60\" data-file-width=\"313\" data-file-height=\"312\" \/><\/a><br \/>\nEsente<\/td>\n<td><i>grado equivalente non previsto<\/i><\/td>\n<td><i>grado equivalente non previsto<\/i><\/td>\n<\/tr>\n<tr align=\"center\">\n<td><a class=\"image\" href=\"https:\/\/it.wikipedia.org\/wiki\/File:Leut1-ImpFrArmy.jpg\"><img loading=\"lazy\" decoding=\"async\" src=\"https:\/\/upload.wikimedia.org\/wikipedia\/commons\/thumb\/0\/0b\/Leut1-ImpFrArmy.jpg\/80px-Leut1-ImpFrArmy.jpg\" srcset=\"\/\/upload.wikimedia.org\/wikipedia\/commons\/thumb\/0\/0b\/Leut1-ImpFrArmy.jpg\/120px-Leut1-ImpFrArmy.jpg 1.5x, \/\/upload.wikimedia.org\/wikipedia\/commons\/thumb\/0\/0b\/Leut1-ImpFrArmy.jpg\/160px-Leut1-ImpFrArmy.jpg 2x\" alt=\"Leut1-ImpFrArmy.jpg\" width=\"80\" height=\"49\" data-file-width=\"512\" data-file-height=\"312\" \/><\/a><br \/>\nAiutante sottufficiale<br \/>\n(<i>frange fini<\/i>)<\/td>\n<td><a class=\"image\" href=\"https:\/\/it.wikipedia.org\/wiki\/File:Leut1-ImpFrArmy.jpg\"><img loading=\"lazy\" decoding=\"async\" src=\"https:\/\/upload.wikimedia.org\/wikipedia\/commons\/thumb\/0\/0b\/Leut1-ImpFrArmy.jpg\/80px-Leut1-ImpFrArmy.jpg\" srcset=\"\/\/upload.wikimedia.org\/wikipedia\/commons\/thumb\/0\/0b\/Leut1-ImpFrArmy.jpg\/120px-Leut1-ImpFrArmy.jpg 1.5x, \/\/upload.wikimedia.org\/wikipedia\/commons\/thumb\/0\/0b\/Leut1-ImpFrArmy.jpg\/160px-Leut1-ImpFrArmy.jpg 2x\" alt=\"Leut1-ImpFrArmy.jpg\" width=\"80\" height=\"49\" data-file-width=\"512\" data-file-height=\"312\" \/><\/a><br \/>\nAiutante sottufficiale<br \/>\n(<i>frange fini<\/i>)<\/td>\n<td><i>grado equivalente non previsto<\/i><\/td>\n<td><i>grado equivalente non previsto<\/i><\/td>\n<td><a class=\"image\" href=\"https:\/\/it.wikipedia.org\/wiki\/File:Magg-ImpFrArmy.jpg\"><img loading=\"lazy\" decoding=\"async\" src=\"https:\/\/upload.wikimedia.org\/wikipedia\/commons\/thumb\/8\/89\/Magg-ImpFrArmy.jpg\/60px-Magg-ImpFrArmy.jpg\" srcset=\"\/\/upload.wikimedia.org\/wikipedia\/commons\/thumb\/8\/89\/Magg-ImpFrArmy.jpg\/90px-Magg-ImpFrArmy.jpg 1.5x, \/\/upload.wikimedia.org\/wikipedia\/commons\/thumb\/8\/89\/Magg-ImpFrArmy.jpg\/120px-Magg-ImpFrArmy.jpg 2x\" alt=\"Magg-ImpFrArmy.jpg\" width=\"60\" height=\"62\" data-file-width=\"292\" data-file-height=\"300\" \/><\/a><br \/>\nCadetto<\/td>\n<td><i>grado equivalente non previsto<\/i><\/td>\n<td><i>grado equivalente non previsto<\/i><\/td>\n<\/tr>\n<tr>\n<th colspan=\"7\">sottufficiali sergenti<\/th>\n<\/tr>\n<tr align=\"center\">\n<td><a class=\"image\" href=\"https:\/\/it.wikipedia.org\/wiki\/File:Serg.M-ImpFrArmy.png\"><img loading=\"lazy\" decoding=\"async\" class=\"noviewer\" src=\"https:\/\/upload.wikimedia.org\/wikipedia\/commons\/thumb\/a\/a0\/Serg.M-ImpFrArmy.png\/40px-Serg.M-ImpFrArmy.png\" srcset=\"\/\/upload.wikimedia.org\/wikipedia\/commons\/thumb\/a\/a0\/Serg.M-ImpFrArmy.png\/60px-Serg.M-ImpFrArmy.png 1.5x, \/\/upload.wikimedia.org\/wikipedia\/commons\/thumb\/a\/a0\/Serg.M-ImpFrArmy.png\/80px-Serg.M-ImpFrArmy.png 2x\" alt=\"Serg.M-ImpFrArmy.png\" width=\"40\" height=\"56\" data-file-width=\"250\" data-file-height=\"350\" \/><\/a><br \/>\n<a title=\"Sergente maggiore\" href=\"https:\/\/it.wikipedia.org\/wiki\/Sergente_maggiore\">Sergente maggiore<\/a><\/td>\n<td><a class=\"image\" href=\"https:\/\/it.wikipedia.org\/wiki\/File:Serg.M-ImpFrArmy.png\"><img loading=\"lazy\" decoding=\"async\" class=\"noviewer\" src=\"https:\/\/upload.wikimedia.org\/wikipedia\/commons\/thumb\/a\/a0\/Serg.M-ImpFrArmy.png\/40px-Serg.M-ImpFrArmy.png\" srcset=\"\/\/upload.wikimedia.org\/wikipedia\/commons\/thumb\/a\/a0\/Serg.M-ImpFrArmy.png\/60px-Serg.M-ImpFrArmy.png 1.5x, \/\/upload.wikimedia.org\/wikipedia\/commons\/thumb\/a\/a0\/Serg.M-ImpFrArmy.png\/80px-Serg.M-ImpFrArmy.png 2x\" alt=\"Serg.M-ImpFrArmy.png\" width=\"40\" height=\"56\" data-file-width=\"250\" data-file-height=\"350\" \/><\/a><br \/>\n<a title=\"Sergente maggiore\" href=\"https:\/\/it.wikipedia.org\/wiki\/Sergente_maggiore\">Sergente maggiore<\/a><\/td>\n<td><a class=\"image\" href=\"https:\/\/it.wikipedia.org\/wiki\/File:Rank_insignia_of_nocchiere_di_3%C2%AA_classe_of_the_Regia_Marina_(1873).svg\"><img loading=\"lazy\" decoding=\"async\" class=\"noviewer\" src=\"https:\/\/upload.wikimedia.org\/wikipedia\/commons\/thumb\/0\/0c\/Rank_insignia_of_nocchiere_di_3%C2%AA_classe_of_the_Regia_Marina_%281873%29.svg\/40px-Rank_insignia_of_nocchiere_di_3%C2%AA_classe_of_the_Regia_Marina_%281873%29.svg.png\" srcset=\"\/\/upload.wikimedia.org\/wikipedia\/commons\/thumb\/0\/0c\/Rank_insignia_of_nocchiere_di_3%C2%AA_classe_of_the_Regia_Marina_%281873%29.svg\/60px-Rank_insignia_of_nocchiere_di_3%C2%AA_classe_of_the_Regia_Marina_%281873%29.svg.png 1.5x, \/\/upload.wikimedia.org\/wikipedia\/commons\/thumb\/0\/0c\/Rank_insignia_of_nocchiere_di_3%C2%AA_classe_of_the_Regia_Marina_%281873%29.svg\/80px-Rank_insignia_of_nocchiere_di_3%C2%AA_classe_of_the_Regia_Marina_%281873%29.svg.png 2x\" alt=\"Rank insignia of nocchiere di 3\u00aa classe of the Regia Marina (1873).svg\" width=\"40\" height=\"89\" data-file-width=\"450\" data-file-height=\"1000\" \/><\/a><br \/>\nPrimo nocchiere<\/td>\n<td><a class=\"image\" href=\"https:\/\/it.wikipedia.org\/wiki\/File:Sergeant_Major_GSP_Insignia.png\"><img loading=\"lazy\" decoding=\"async\" class=\"noviewer\" src=\"https:\/\/upload.wikimedia.org\/wikipedia\/commons\/thumb\/9\/98\/Sergeant_Major_GSP_Insignia.png\/40px-Sergeant_Major_GSP_Insignia.png\" srcset=\"\/\/upload.wikimedia.org\/wikipedia\/commons\/thumb\/9\/98\/Sergeant_Major_GSP_Insignia.png\/60px-Sergeant_Major_GSP_Insignia.png 1.5x, \/\/upload.wikimedia.org\/wikipedia\/commons\/9\/98\/Sergeant_Major_GSP_Insignia.png 2x\" alt=\"Sergeant Major GSP Insignia.png\" width=\"40\" height=\"43\" data-file-width=\"80\" data-file-height=\"86\" \/><\/a><br \/>\n<a title=\"Sergente maggiore\" href=\"https:\/\/it.wikipedia.org\/wiki\/Sergente_maggiore\">Sergente maggiore<\/a><br \/>\n(<i>Feldweibel<\/i>)<\/td>\n<td><i>grado equivalente non previsto<\/i><\/td>\n<td><a class=\"image\" href=\"https:\/\/it.wikipedia.org\/wiki\/File:SergenteMaggioreREI-1870.jpg\"><img loading=\"lazy\" decoding=\"async\" class=\"noviewer\" src=\"https:\/\/upload.wikimedia.org\/wikipedia\/commons\/thumb\/4\/43\/SergenteMaggioreREI-1870.jpg\/40px-SergenteMaggioreREI-1870.jpg\" srcset=\"\/\/upload.wikimedia.org\/wikipedia\/commons\/thumb\/4\/43\/SergenteMaggioreREI-1870.jpg\/60px-SergenteMaggioreREI-1870.jpg 1.5x, \/\/upload.wikimedia.org\/wikipedia\/commons\/thumb\/4\/43\/SergenteMaggioreREI-1870.jpg\/80px-SergenteMaggioreREI-1870.jpg 2x\" alt=\"SergenteMaggioreREI-1870.jpg\" width=\"40\" height=\"80\" data-file-width=\"488\" data-file-height=\"982\" \/><\/a><br \/>\n<a title=\"Sergente maggiore\" href=\"https:\/\/it.wikipedia.org\/wiki\/Sergente_maggiore\">Sergente maggiore<\/a><\/td>\n<td><a class=\"image\" href=\"https:\/\/it.wikipedia.org\/wiki\/File:GEND.PONT-SergenteMagg.jpg\"><img loading=\"lazy\" decoding=\"async\" class=\"noviewer\" src=\"https:\/\/upload.wikimedia.org\/wikipedia\/commons\/thumb\/1\/17\/GEND.PONT-SergenteMagg.jpg\/40px-GEND.PONT-SergenteMagg.jpg\" srcset=\"\/\/upload.wikimedia.org\/wikipedia\/commons\/thumb\/1\/17\/GEND.PONT-SergenteMagg.jpg\/60px-GEND.PONT-SergenteMagg.jpg 1.5x, \/\/upload.wikimedia.org\/wikipedia\/commons\/thumb\/1\/17\/GEND.PONT-SergenteMagg.jpg\/80px-GEND.PONT-SergenteMagg.jpg 2x\" alt=\"GEND.PONT-SergenteMagg.jpg\" width=\"40\" height=\"81\" data-file-width=\"320\" data-file-height=\"644\" \/><\/a><br \/>\n<a title=\"Sergente maggiore\" href=\"https:\/\/it.wikipedia.org\/wiki\/Sergente_maggiore\">Sergente maggiore<\/a><br \/>\n(Brigadiere)<\/td>\n<\/tr>\n<tr align=\"center\">\n<td><a class=\"image\" href=\"https:\/\/it.wikipedia.org\/wiki\/File:Serg.EsPont.png\"><img loading=\"lazy\" decoding=\"async\" class=\"noviewer\" src=\"https:\/\/upload.wikimedia.org\/wikipedia\/commons\/thumb\/e\/ec\/Serg.EsPont.png\/40px-Serg.EsPont.png\" srcset=\"\/\/upload.wikimedia.org\/wikipedia\/commons\/thumb\/e\/ec\/Serg.EsPont.png\/60px-Serg.EsPont.png 1.5x, \/\/upload.wikimedia.org\/wikipedia\/commons\/thumb\/e\/ec\/Serg.EsPont.png\/80px-Serg.EsPont.png 2x\" alt=\"Serg.EsPont.png\" width=\"40\" height=\"56\" data-file-width=\"250\" data-file-height=\"350\" \/><\/a><br \/>\n<a title=\"Sergente\" href=\"https:\/\/it.wikipedia.org\/wiki\/Sergente\">Sergente<\/a><\/td>\n<td><a class=\"image\" href=\"https:\/\/it.wikipedia.org\/wiki\/File:Serg.EsPont.png\"><img loading=\"lazy\" decoding=\"async\" class=\"noviewer\" src=\"https:\/\/upload.wikimedia.org\/wikipedia\/commons\/thumb\/e\/ec\/Serg.EsPont.png\/40px-Serg.EsPont.png\" srcset=\"\/\/upload.wikimedia.org\/wikipedia\/commons\/thumb\/e\/ec\/Serg.EsPont.png\/60px-Serg.EsPont.png 1.5x, \/\/upload.wikimedia.org\/wikipedia\/commons\/thumb\/e\/ec\/Serg.EsPont.png\/80px-Serg.EsPont.png 2x\" alt=\"Serg.EsPont.png\" width=\"40\" height=\"56\" data-file-width=\"250\" data-file-height=\"350\" \/><\/a><br \/>\n<a title=\"Sergente\" href=\"https:\/\/it.wikipedia.org\/wiki\/Sergente\">Sergente<\/a><\/td>\n<td><a class=\"image\" href=\"https:\/\/it.wikipedia.org\/wiki\/File:Rank_insignia_of_secondo_nocchiere_of_the_Regia_Marina_(1873).svg\"><img loading=\"lazy\" decoding=\"async\" class=\"noviewer\" src=\"https:\/\/upload.wikimedia.org\/wikipedia\/commons\/thumb\/d\/d2\/Rank_insignia_of_secondo_nocchiere_of_the_Regia_Marina_%281873%29.svg\/40px-Rank_insignia_of_secondo_nocchiere_of_the_Regia_Marina_%281873%29.svg.png\" srcset=\"\/\/upload.wikimedia.org\/wikipedia\/commons\/thumb\/d\/d2\/Rank_insignia_of_secondo_nocchiere_of_the_Regia_Marina_%281873%29.svg\/60px-Rank_insignia_of_secondo_nocchiere_of_the_Regia_Marina_%281873%29.svg.png 1.5x, \/\/upload.wikimedia.org\/wikipedia\/commons\/thumb\/d\/d2\/Rank_insignia_of_secondo_nocchiere_of_the_Regia_Marina_%281873%29.svg\/80px-Rank_insignia_of_secondo_nocchiere_of_the_Regia_Marina_%281873%29.svg.png 2x\" alt=\"Rank insignia of secondo nocchiere of the Regia Marina (1873).svg\" width=\"40\" height=\"89\" data-file-width=\"450\" data-file-height=\"1000\" \/><\/a><br \/>\nSecondo nocchiere<\/td>\n<td><a class=\"image\" href=\"https:\/\/it.wikipedia.org\/wiki\/File:Sergeant_GSP_Insignia.png\"><img loading=\"lazy\" decoding=\"async\" class=\"noviewer\" src=\"https:\/\/upload.wikimedia.org\/wikipedia\/commons\/thumb\/5\/58\/Sergeant_GSP_Insignia.png\/40px-Sergeant_GSP_Insignia.png\" srcset=\"\/\/upload.wikimedia.org\/wikipedia\/commons\/thumb\/5\/58\/Sergeant_GSP_Insignia.png\/60px-Sergeant_GSP_Insignia.png 1.5x, \/\/upload.wikimedia.org\/wikipedia\/commons\/thumb\/5\/58\/Sergeant_GSP_Insignia.png\/80px-Sergeant_GSP_Insignia.png 2x\" alt=\"Sergeant GSP Insignia.png\" width=\"40\" height=\"40\" data-file-width=\"83\" data-file-height=\"82\" \/><\/a><br \/>\n<a title=\"Sergente\" href=\"https:\/\/it.wikipedia.org\/wiki\/Sergente\">Sergente<\/a><br \/>\n(<i>Wachtmeister<\/i>)<\/td>\n<td><a class=\"image\" href=\"https:\/\/it.wikipedia.org\/wiki\/File:Serg.EsPont.png\"><img loading=\"lazy\" decoding=\"async\" class=\"noviewer\" src=\"https:\/\/upload.wikimedia.org\/wikipedia\/commons\/thumb\/e\/ec\/Serg.EsPont.png\/40px-Serg.EsPont.png\" srcset=\"\/\/upload.wikimedia.org\/wikipedia\/commons\/thumb\/e\/ec\/Serg.EsPont.png\/60px-Serg.EsPont.png 1.5x, \/\/upload.wikimedia.org\/wikipedia\/commons\/thumb\/e\/ec\/Serg.EsPont.png\/80px-Serg.EsPont.png 2x\" alt=\"Serg.EsPont.png\" width=\"40\" height=\"56\" data-file-width=\"250\" data-file-height=\"350\" \/><\/a><br \/>\nForiere<\/td>\n<td><a class=\"image\" href=\"https:\/\/it.wikipedia.org\/wiki\/File:SergenteREI-1870.jpg\"><img loading=\"lazy\" decoding=\"async\" class=\"noviewer\" src=\"https:\/\/upload.wikimedia.org\/wikipedia\/commons\/thumb\/a\/a6\/SergenteREI-1870.jpg\/40px-SergenteREI-1870.jpg\" srcset=\"\/\/upload.wikimedia.org\/wikipedia\/commons\/thumb\/a\/a6\/SergenteREI-1870.jpg\/60px-SergenteREI-1870.jpg 1.5x, \/\/upload.wikimedia.org\/wikipedia\/commons\/thumb\/a\/a6\/SergenteREI-1870.jpg\/80px-SergenteREI-1870.jpg 2x\" alt=\"SergenteREI-1870.jpg\" width=\"40\" height=\"77\" data-file-width=\"494\" data-file-height=\"946\" \/><\/a><br \/>\n<a title=\"Sergente\" href=\"https:\/\/it.wikipedia.org\/wiki\/Sergente\">Sergente<\/a><\/td>\n<td><a class=\"image\" href=\"https:\/\/it.wikipedia.org\/wiki\/File:GEND.PONT-Sergente.jpg\"><img loading=\"lazy\" decoding=\"async\" class=\"noviewer\" src=\"https:\/\/upload.wikimedia.org\/wikipedia\/commons\/thumb\/8\/87\/GEND.PONT-Sergente.jpg\/40px-GEND.PONT-Sergente.jpg\" srcset=\"\/\/upload.wikimedia.org\/wikipedia\/commons\/thumb\/8\/87\/GEND.PONT-Sergente.jpg\/60px-GEND.PONT-Sergente.jpg 1.5x, \/\/upload.wikimedia.org\/wikipedia\/commons\/thumb\/8\/87\/GEND.PONT-Sergente.jpg\/80px-GEND.PONT-Sergente.jpg 2x\" alt=\"GEND.PONT-Sergente.jpg\" width=\"40\" height=\"77\" data-file-width=\"320\" data-file-height=\"613\" \/><\/a><br \/>\n<a title=\"Sergente\" href=\"https:\/\/it.wikipedia.org\/wiki\/Sergente\">Sergente<\/a><br \/>\n(Vicebrigadiere)<\/td>\n<\/tr>\n<tr>\n<th colspan=\"7\">truppa<\/th>\n<\/tr>\n<tr align=\"center\">\n<td><a class=\"image\" href=\"https:\/\/it.wikipedia.org\/wiki\/File:CaporalM.ImpFrArmy.png\"><img loading=\"lazy\" decoding=\"async\" class=\"noviewer\" src=\"https:\/\/upload.wikimedia.org\/wikipedia\/commons\/thumb\/c\/c0\/CaporalM.ImpFrArmy.png\/40px-CaporalM.ImpFrArmy.png\" srcset=\"\/\/upload.wikimedia.org\/wikipedia\/commons\/thumb\/c\/c0\/CaporalM.ImpFrArmy.png\/60px-CaporalM.ImpFrArmy.png 1.5x, \/\/upload.wikimedia.org\/wikipedia\/commons\/thumb\/c\/c0\/CaporalM.ImpFrArmy.png\/80px-CaporalM.ImpFrArmy.png 2x\" alt=\"CaporalM.ImpFrArmy.png\" width=\"40\" height=\"56\" data-file-width=\"250\" data-file-height=\"350\" \/><\/a><br \/>\n<a title=\"Caporale\" href=\"https:\/\/it.wikipedia.org\/wiki\/Caporale\">Caporale<\/a><\/td>\n<td><a class=\"image\" href=\"https:\/\/it.wikipedia.org\/wiki\/File:CaporalM.ImpFrArmy.png\"><img loading=\"lazy\" decoding=\"async\" class=\"noviewer\" src=\"https:\/\/upload.wikimedia.org\/wikipedia\/commons\/thumb\/c\/c0\/CaporalM.ImpFrArmy.png\/40px-CaporalM.ImpFrArmy.png\" srcset=\"\/\/upload.wikimedia.org\/wikipedia\/commons\/thumb\/c\/c0\/CaporalM.ImpFrArmy.png\/60px-CaporalM.ImpFrArmy.png 1.5x, \/\/upload.wikimedia.org\/wikipedia\/commons\/thumb\/c\/c0\/CaporalM.ImpFrArmy.png\/80px-CaporalM.ImpFrArmy.png 2x\" alt=\"CaporalM.ImpFrArmy.png\" width=\"40\" height=\"56\" data-file-width=\"250\" data-file-height=\"350\" \/><\/a><br \/>\n<a title=\"Caporale\" href=\"https:\/\/it.wikipedia.org\/wiki\/Caporale\">Caporale<\/a><\/td>\n<td><a class=\"image\" href=\"https:\/\/it.wikipedia.org\/wiki\/File:Rank_insignia_of_sottocapo_of_the_Regia_Marina_(1926).svg\"><img loading=\"lazy\" decoding=\"async\" class=\"noviewer\" src=\"https:\/\/upload.wikimedia.org\/wikipedia\/commons\/thumb\/0\/06\/Rank_insignia_of_sottocapo_of_the_Regia_Marina_%281926%29.svg\/40px-Rank_insignia_of_sottocapo_of_the_Regia_Marina_%281926%29.svg.png\" srcset=\"\/\/upload.wikimedia.org\/wikipedia\/commons\/thumb\/0\/06\/Rank_insignia_of_sottocapo_of_the_Regia_Marina_%281926%29.svg\/60px-Rank_insignia_of_sottocapo_of_the_Regia_Marina_%281926%29.svg.png 1.5x, \/\/upload.wikimedia.org\/wikipedia\/commons\/thumb\/0\/06\/Rank_insignia_of_sottocapo_of_the_Regia_Marina_%281926%29.svg\/80px-Rank_insignia_of_sottocapo_of_the_Regia_Marina_%281926%29.svg.png 2x\" alt=\"Rank insignia of sottocapo of the Regia Marina (1926).svg\" width=\"40\" height=\"89\" data-file-width=\"450\" data-file-height=\"1000\" \/><\/a><br \/>\nSottonocchiere<\/td>\n<td><a class=\"image\" href=\"https:\/\/it.wikipedia.org\/wiki\/File:Corporal_GSP_Insignia.png\"><img loading=\"lazy\" decoding=\"async\" class=\"noviewer\" src=\"https:\/\/upload.wikimedia.org\/wikipedia\/commons\/thumb\/2\/27\/Corporal_GSP_Insignia.png\/40px-Corporal_GSP_Insignia.png\" srcset=\"\/\/upload.wikimedia.org\/wikipedia\/commons\/thumb\/2\/27\/Corporal_GSP_Insignia.png\/60px-Corporal_GSP_Insignia.png 1.5x, \/\/upload.wikimedia.org\/wikipedia\/commons\/thumb\/2\/27\/Corporal_GSP_Insignia.png\/80px-Corporal_GSP_Insignia.png 2x\" alt=\"Corporal GSP Insignia.png\" width=\"40\" height=\"35\" data-file-width=\"98\" data-file-height=\"85\" \/><\/a><br \/>\n<a title=\"Caporale\" href=\"https:\/\/it.wikipedia.org\/wiki\/Caporale\">Caporale<\/a><br \/>\n(<i>Korporal<\/i>)<\/td>\n<td><i>grado equivalente non previsto<\/i><\/td>\n<td><a class=\"image\" href=\"https:\/\/it.wikipedia.org\/wiki\/File:Rank_insignia_of_caporale_maggiore_of_the_Italian_Army_(1908).png\"><img loading=\"lazy\" decoding=\"async\" class=\"noviewer\" src=\"https:\/\/upload.wikimedia.org\/wikipedia\/commons\/thumb\/0\/09\/Rank_insignia_of_caporale_maggiore_of_the_Italian_Army_%281908%29.png\/40px-Rank_insignia_of_caporale_maggiore_of_the_Italian_Army_%281908%29.png\" srcset=\"\/\/upload.wikimedia.org\/wikipedia\/commons\/thumb\/0\/09\/Rank_insignia_of_caporale_maggiore_of_the_Italian_Army_%281908%29.png\/60px-Rank_insignia_of_caporale_maggiore_of_the_Italian_Army_%281908%29.png 1.5x, \/\/upload.wikimedia.org\/wikipedia\/commons\/thumb\/0\/09\/Rank_insignia_of_caporale_maggiore_of_the_Italian_Army_%281908%29.png\/80px-Rank_insignia_of_caporale_maggiore_of_the_Italian_Army_%281908%29.png 2x\" alt=\"Rank insignia of caporale maggiore of the Italian Army (1908).png\" width=\"40\" height=\"44\" data-file-width=\"1800\" data-file-height=\"2000\" \/><\/a><br \/>\n<a class=\"mw-redirect\" title=\"Caporale maggiore\" href=\"https:\/\/it.wikipedia.org\/wiki\/Caporale_maggiore\">Caporale maggiore<\/a><\/td>\n<td><a class=\"image\" href=\"https:\/\/it.wikipedia.org\/wiki\/File:GEND.PONT.CaporaleMagg.png\"><img loading=\"lazy\" decoding=\"async\" class=\"noviewer\" src=\"https:\/\/upload.wikimedia.org\/wikipedia\/commons\/thumb\/6\/6b\/GEND.PONT.CaporaleMagg.png\/40px-GEND.PONT.CaporaleMagg.png\" srcset=\"\/\/upload.wikimedia.org\/wikipedia\/commons\/thumb\/6\/6b\/GEND.PONT.CaporaleMagg.png\/60px-GEND.PONT.CaporaleMagg.png 1.5x, \/\/upload.wikimedia.org\/wikipedia\/commons\/thumb\/6\/6b\/GEND.PONT.CaporaleMagg.png\/80px-GEND.PONT.CaporaleMagg.png 2x\" alt=\"GEND.PONT.CaporaleMagg.png\" width=\"40\" height=\"44\" data-file-width=\"800\" data-file-height=\"889\" \/><\/a><br \/>\n<a class=\"mw-redirect\" title=\"Caporale maggiore\" href=\"https:\/\/it.wikipedia.org\/wiki\/Caporale_maggiore\">Caporale maggiore<\/a><\/td>\n<\/tr>\n<tr align=\"center\">\n<td><a class=\"image\" href=\"https:\/\/it.wikipedia.org\/wiki\/File:Vicecap.EsPont.png\"><img loading=\"lazy\" decoding=\"async\" class=\"noviewer\" src=\"https:\/\/upload.wikimedia.org\/wikipedia\/commons\/thumb\/d\/d6\/Vicecap.EsPont.png\/40px-Vicecap.EsPont.png\" srcset=\"\/\/upload.wikimedia.org\/wikipedia\/commons\/thumb\/d\/d6\/Vicecap.EsPont.png\/60px-Vicecap.EsPont.png 1.5x, \/\/upload.wikimedia.org\/wikipedia\/commons\/thumb\/d\/d6\/Vicecap.EsPont.png\/80px-Vicecap.EsPont.png 2x\" alt=\"Vicecap.EsPont.png\" width=\"40\" height=\"56\" data-file-width=\"250\" data-file-height=\"350\" \/><\/a><br \/>\nVicecaporale<\/td>\n<td><a class=\"image\" href=\"https:\/\/it.wikipedia.org\/wiki\/File:Vicecap.EsPont.png\"><img loading=\"lazy\" decoding=\"async\" class=\"noviewer\" src=\"https:\/\/upload.wikimedia.org\/wikipedia\/commons\/thumb\/d\/d6\/Vicecap.EsPont.png\/40px-Vicecap.EsPont.png\" srcset=\"\/\/upload.wikimedia.org\/wikipedia\/commons\/thumb\/d\/d6\/Vicecap.EsPont.png\/60px-Vicecap.EsPont.png 1.5x, \/\/upload.wikimedia.org\/wikipedia\/commons\/thumb\/d\/d6\/Vicecap.EsPont.png\/80px-Vicecap.EsPont.png 2x\" alt=\"Vicecap.EsPont.png\" width=\"40\" height=\"56\" data-file-width=\"250\" data-file-height=\"350\" \/><\/a><br \/>\nVicecaporale<\/td>\n<td><a class=\"image\" href=\"https:\/\/it.wikipedia.org\/wiki\/File:Rank_insignia_of_comune_di_1%C2%AA_classe_of_the_Regia_Marina_(1926).svg\"><img loading=\"lazy\" decoding=\"async\" class=\"noviewer\" src=\"https:\/\/upload.wikimedia.org\/wikipedia\/commons\/thumb\/3\/3f\/Rank_insignia_of_comune_di_1%C2%AA_classe_of_the_Regia_Marina_%281926%29.svg\/40px-Rank_insignia_of_comune_di_1%C2%AA_classe_of_the_Regia_Marina_%281926%29.svg.png\" srcset=\"\/\/upload.wikimedia.org\/wikipedia\/commons\/thumb\/3\/3f\/Rank_insignia_of_comune_di_1%C2%AA_classe_of_the_Regia_Marina_%281926%29.svg\/60px-Rank_insignia_of_comune_di_1%C2%AA_classe_of_the_Regia_Marina_%281926%29.svg.png 1.5x, \/\/upload.wikimedia.org\/wikipedia\/commons\/thumb\/3\/3f\/Rank_insignia_of_comune_di_1%C2%AA_classe_of_the_Regia_Marina_%281926%29.svg\/80px-Rank_insignia_of_comune_di_1%C2%AA_classe_of_the_Regia_Marina_%281926%29.svg.png 2x\" alt=\"Rank insignia of comune di 1\u00aa classe of the Regia Marina (1926).svg\" width=\"40\" height=\"89\" data-file-width=\"450\" data-file-height=\"1000\" \/><\/a><br \/>\nMarinario di I classe<\/td>\n<td><a class=\"image\" href=\"https:\/\/it.wikipedia.org\/wiki\/File:Vice_Corporal_GSP_Insignia.png\"><img loading=\"lazy\" decoding=\"async\" class=\"noviewer\" src=\"https:\/\/upload.wikimedia.org\/wikipedia\/commons\/thumb\/d\/de\/Vice_Corporal_GSP_Insignia.png\/40px-Vice_Corporal_GSP_Insignia.png\" srcset=\"\/\/upload.wikimedia.org\/wikipedia\/commons\/thumb\/d\/de\/Vice_Corporal_GSP_Insignia.png\/60px-Vice_Corporal_GSP_Insignia.png 1.5x, \/\/upload.wikimedia.org\/wikipedia\/commons\/thumb\/d\/de\/Vice_Corporal_GSP_Insignia.png\/80px-Vice_Corporal_GSP_Insignia.png 2x\" alt=\"Vice Corporal GSP Insignia.png\" width=\"40\" height=\"35\" data-file-width=\"98\" data-file-height=\"85\" \/><\/a><br \/>\nVicecaporale<br \/>\n(<i>Vizekorporal<\/i>)<\/td>\n<td><a class=\"image\" href=\"https:\/\/it.wikipedia.org\/wiki\/File:Vicecap.EsPont.png\"><img loading=\"lazy\" decoding=\"async\" class=\"noviewer\" src=\"https:\/\/upload.wikimedia.org\/wikipedia\/commons\/thumb\/d\/d6\/Vicecap.EsPont.png\/40px-Vicecap.EsPont.png\" srcset=\"\/\/upload.wikimedia.org\/wikipedia\/commons\/thumb\/d\/d6\/Vicecap.EsPont.png\/60px-Vicecap.EsPont.png 1.5x, \/\/upload.wikimedia.org\/wikipedia\/commons\/thumb\/d\/d6\/Vicecap.EsPont.png\/80px-Vicecap.EsPont.png 2x\" alt=\"Vicecap.EsPont.png\" width=\"40\" height=\"56\" data-file-width=\"250\" data-file-height=\"350\" \/><\/a><br \/>\nCaporale<\/td>\n<td><a class=\"image\" href=\"https:\/\/it.wikipedia.org\/wiki\/File:Rank_insignia_of_caporale_of_the_Italian_Army_(1908).png\"><img loading=\"lazy\" decoding=\"async\" class=\"noviewer\" src=\"https:\/\/upload.wikimedia.org\/wikipedia\/commons\/thumb\/0\/01\/Rank_insignia_of_caporale_of_the_Italian_Army_%281908%29.png\/40px-Rank_insignia_of_caporale_of_the_Italian_Army_%281908%29.png\" srcset=\"\/\/upload.wikimedia.org\/wikipedia\/commons\/thumb\/0\/01\/Rank_insignia_of_caporale_of_the_Italian_Army_%281908%29.png\/60px-Rank_insignia_of_caporale_of_the_Italian_Army_%281908%29.png 1.5x, \/\/upload.wikimedia.org\/wikipedia\/commons\/thumb\/0\/01\/Rank_insignia_of_caporale_of_the_Italian_Army_%281908%29.png\/80px-Rank_insignia_of_caporale_of_the_Italian_Army_%281908%29.png 2x\" alt=\"Rank insignia of caporale of the Italian Army (1908).png\" width=\"40\" height=\"44\" data-file-width=\"1800\" data-file-height=\"2000\" \/><\/a><br \/>\n<a title=\"Caporale\" href=\"https:\/\/it.wikipedia.org\/wiki\/Caporale\">Caporale<\/a><\/td>\n<td><a class=\"image\" href=\"https:\/\/it.wikipedia.org\/wiki\/File:GEND.PONT.Caporale.png\"><img loading=\"lazy\" decoding=\"async\" class=\"noviewer\" src=\"https:\/\/upload.wikimedia.org\/wikipedia\/commons\/thumb\/a\/af\/GEND.PONT.Caporale.png\/40px-GEND.PONT.Caporale.png\" srcset=\"\/\/upload.wikimedia.org\/wikipedia\/commons\/thumb\/a\/af\/GEND.PONT.Caporale.png\/60px-GEND.PONT.Caporale.png 1.5x, \/\/upload.wikimedia.org\/wikipedia\/commons\/thumb\/a\/af\/GEND.PONT.Caporale.png\/80px-GEND.PONT.Caporale.png 2x\" alt=\"GEND.PONT.Caporale.png\" width=\"40\" height=\"44\" data-file-width=\"800\" data-file-height=\"889\" \/><\/a><br \/>\n<a title=\"Caporale\" href=\"https:\/\/it.wikipedia.org\/wiki\/Caporale\">Caporale<\/a><\/td>\n<\/tr>\n<tr align=\"center\">\n<td>Soldato<\/td>\n<td>Zuavo<\/td>\n<td>Marinaio<\/td>\n<td>Alabardiere\/Guardia<br \/>\n(<i>Hellebardier\/Gardist<\/i>)<\/td>\n<td>Guardia<\/td>\n<td>Guardia<\/td>\n<td>Gendarme<\/td>\n<\/tr>\n<\/tbody>\n<\/table>\n<p>&nbsp;<\/p>\n<p>&nbsp;<\/p>\n<p>Fonti <a href=\"https:\/\/it.wikipedia.org\/wiki\/Guardia_nobile\">Wikipedia<\/a> , <a href=\"https:\/\/it.wikipedia.org\/wiki\/Gradi_delle_forze_armate_dello_Stato_Pontificio\">web<\/a><\/p>\n<p>9.19<\/p>\n","protected":false},"excerpt":{"rendered":"<p style=\"text-align: center;\">Berretto grigio verde, a visiera, per\u00a0<strong> CONSOLE GENERALE<\/strong>\u00a0 della <strong>MVSN<\/strong>\u00a0 . In fine stoffa sartoriale grigio verde, con tamburo avente la <strong>Greca<\/strong> <strong>Littoria<\/strong> ricamata in canutiglia dorata. Fregio frontale in canutiglia dorata, conforme al regolamento 35 della MVSN. Taglia 58 circa. Produzione della ditta <strong>S. CARDIA &#8211; Roma<\/strong> ,Condizioni perfette. Come da regolamento ufficiale della MVSN del <strong>1940<\/strong>.<\/p>\n<p style=\"text-align: center;\"><strong>P.A.R.<\/strong>\u00a0 Prezzo a Richiesta\u00a0 \/ <strong>P.O.D.<\/strong> Price on Demand<\/p>\n<p style=\"text-align: center;\"><strong><em>(Scorri la pagina in basso per ulteriori dettagli e informazioni)<\/em><\/strong><\/p>\n<p align=\"justify\">\n","protected":false},"featured_media":3038,"comment_status":"open","ping_status":"closed","template":"","meta":[],"product_cat":[586],"product_tag":[373,372,155,160,375,280,376,374,279,195],"yoast_head":"<!-- This site is optimized with the Yoast SEO plugin v21.9.1 - https:\/\/yoast.com\/wordpress\/plugins\/seo\/ -->\n<title>\u274c\ud83d\ude41Guardia Nobile pontificia Papa - Kepi da Capitano - Thefinitive<\/title>\n<meta name=\"description\" content=\"Berretto a visiera Capitano Guardia Nobile pontificia - Papal Noble Guard kepi hat - Kepi - Papa - Stato della Chiesa - Pontificial\" \/>\n<meta name=\"robots\" content=\"index, follow, max-snippet:-1, max-image-preview:large, max-video-preview:-1\" \/>\n<link rel=\"canonical\" href=\"https:\/\/thefinitive.com\/en\/prodotto\/guardia-nobile-pontificia-papa-kepi-da-capitano\/\" \/>\n<meta property=\"og:locale\" content=\"en_US\" \/>\n<meta property=\"og:type\" content=\"article\" \/>\n<meta property=\"og:title\" content=\"\u274c\ud83d\ude41Guardia Nobile pontificia Papa - Kepi da Capitano - Thefinitive\" \/>\n<meta property=\"og:description\" content=\"Berretto a visiera Capitano Guardia Nobile pontificia - Papal Noble Guard kepi hat - Kepi - Papa - Stato della Chiesa - Pontificial\" \/>\n<meta property=\"og:url\" content=\"https:\/\/thefinitive.com\/en\/prodotto\/guardia-nobile-pontificia-papa-kepi-da-capitano\/\" \/>\n<meta property=\"og:site_name\" content=\"Thefinitive\" \/>\n<meta property=\"article:publisher\" content=\"https:\/\/business.facebook.com\/Thefinitive-111771813534320\/\" \/>\n<meta property=\"article:modified_time\" content=\"2023-03-20T14:49:31+00:00\" \/>\n<meta property=\"og:image\" content=\"https:\/\/thefinitive.com\/wp-content\/uploads\/2019\/08\/20190818_105606.jpg\" \/>\n\t<meta property=\"og:image:width\" content=\"2160\" \/>\n\t<meta property=\"og:image:height\" content=\"2160\" \/>\n\t<meta property=\"og:image:type\" content=\"image\/jpeg\" \/>\n<meta name=\"twitter:card\" content=\"summary_large_image\" \/>\n<meta name=\"twitter:label1\" content=\"Est. reading time\" \/>\n\t<meta name=\"twitter:data1\" content=\"7 minutes\" \/>\n<script type=\"application\/ld+json\" class=\"yoast-schema-graph\">{\"@context\":\"https:\/\/schema.org\",\"@graph\":[{\"@type\":\"WebPage\",\"@id\":\"https:\/\/thefinitive.com\/en\/prodotto\/guardia-nobile-pontificia-papa-kepi-da-capitano\/\",\"url\":\"https:\/\/thefinitive.com\/en\/prodotto\/guardia-nobile-pontificia-papa-kepi-da-capitano\/\",\"name\":\"\u274c\ud83d\ude41Guardia Nobile pontificia Papa - Kepi da Capitano - Thefinitive\",\"isPartOf\":{\"@id\":\"https:\/\/thefinitive.com\/en\/#website\"},\"datePublished\":\"2019-12-29T19:39:19+00:00\",\"dateModified\":\"2023-03-20T14:49:31+00:00\",\"description\":\"Berretto a visiera Capitano Guardia Nobile pontificia - Papal Noble Guard kepi hat - Kepi - Papa - Stato della Chiesa - Pontificial\",\"breadcrumb\":{\"@id\":\"https:\/\/thefinitive.com\/en\/prodotto\/guardia-nobile-pontificia-papa-kepi-da-capitano\/#breadcrumb\"},\"inLanguage\":\"en-US\",\"potentialAction\":[{\"@type\":\"ReadAction\",\"target\":[\"https:\/\/thefinitive.com\/en\/prodotto\/guardia-nobile-pontificia-papa-kepi-da-capitano\/\"]}]},{\"@type\":\"BreadcrumbList\",\"@id\":\"https:\/\/thefinitive.com\/en\/prodotto\/guardia-nobile-pontificia-papa-kepi-da-capitano\/#breadcrumb\",\"itemListElement\":[{\"@type\":\"ListItem\",\"position\":1,\"name\":\"Home\",\"item\":\"https:\/\/thefinitive.com\/en\/\"},{\"@type\":\"ListItem\",\"position\":2,\"name\":\"Shop\",\"item\":\"https:\/\/thefinitive.com\/en\/shop-2\/\"},{\"@type\":\"ListItem\",\"position\":3,\"name\":\"\u274c\ud83d\ude41Guardia Nobile pontificia Papa &#8211; Kepi da Capitano\"}]},{\"@type\":\"WebSite\",\"@id\":\"https:\/\/thefinitive.com\/en\/#website\",\"url\":\"https:\/\/thefinitive.com\/en\/\",\"name\":\"Thefinitive\",\"description\":\"Antiquariato Online\",\"publisher\":{\"@id\":\"https:\/\/thefinitive.com\/en\/#organization\"},\"potentialAction\":[{\"@type\":\"SearchAction\",\"target\":{\"@type\":\"EntryPoint\",\"urlTemplate\":\"https:\/\/thefinitive.com\/en\/?s={search_term_string}\"},\"query-input\":\"required name=search_term_string\"}],\"inLanguage\":\"en-US\"},{\"@type\":\"Organization\",\"@id\":\"https:\/\/thefinitive.com\/en\/#organization\",\"name\":\"Thefinitive\",\"url\":\"https:\/\/thefinitive.com\/en\/\",\"logo\":{\"@type\":\"ImageObject\",\"inLanguage\":\"en-US\",\"@id\":\"https:\/\/thefinitive.com\/en\/#\/schema\/logo\/image\/\",\"url\":\"https:\/\/thefinitive.com\/wp-content\/uploads\/2019\/07\/logo4vett.svg\",\"contentUrl\":\"https:\/\/thefinitive.com\/wp-content\/uploads\/2019\/07\/logo4vett.svg\",\"width\":500,\"height\":100,\"caption\":\"Thefinitive\"},\"image\":{\"@id\":\"https:\/\/thefinitive.com\/en\/#\/schema\/logo\/image\/\"},\"sameAs\":[\"https:\/\/business.facebook.com\/Thefinitive-111771813534320\/\",\"https:\/\/www.instagram.com\/_thefinitive_\/\"]}]}<\/script>\n<!-- \/ Yoast SEO plugin. -->","yoast_head_json":{"title":"\u274c\ud83d\ude41Guardia Nobile pontificia Papa - Kepi da Capitano - Thefinitive","description":"Berretto a visiera Capitano Guardia Nobile pontificia - Papal Noble Guard kepi hat - Kepi - Papa - Stato della Chiesa - Pontificial","robots":{"index":"index","follow":"follow","max-snippet":"max-snippet:-1","max-image-preview":"max-image-preview:large","max-video-preview":"max-video-preview:-1"},"canonical":"https:\/\/thefinitive.com\/en\/prodotto\/guardia-nobile-pontificia-papa-kepi-da-capitano\/","og_locale":"en_US","og_type":"article","og_title":"\u274c\ud83d\ude41Guardia Nobile pontificia Papa - Kepi da Capitano - Thefinitive","og_description":"Berretto a visiera Capitano Guardia Nobile pontificia - Papal Noble Guard kepi hat - Kepi - Papa - Stato della Chiesa - Pontificial","og_url":"https:\/\/thefinitive.com\/en\/prodotto\/guardia-nobile-pontificia-papa-kepi-da-capitano\/","og_site_name":"Thefinitive","article_publisher":"https:\/\/business.facebook.com\/Thefinitive-111771813534320\/","article_modified_time":"2023-03-20T14:49:31+00:00","og_image":[{"width":2160,"height":2160,"url":"https:\/\/thefinitive.com\/wp-content\/uploads\/2019\/08\/20190818_105606.jpg","type":"image\/jpeg"}],"twitter_card":"summary_large_image","twitter_misc":{"Est. reading time":"7 minutes"},"schema":{"@context":"https:\/\/schema.org","@graph":[{"@type":"WebPage","@id":"https:\/\/thefinitive.com\/en\/prodotto\/guardia-nobile-pontificia-papa-kepi-da-capitano\/","url":"https:\/\/thefinitive.com\/en\/prodotto\/guardia-nobile-pontificia-papa-kepi-da-capitano\/","name":"\u274c\ud83d\ude41Guardia Nobile pontificia Papa - Kepi da Capitano - Thefinitive","isPartOf":{"@id":"https:\/\/thefinitive.com\/en\/#website"},"datePublished":"2019-12-29T19:39:19+00:00","dateModified":"2023-03-20T14:49:31+00:00","description":"Berretto a visiera Capitano Guardia Nobile pontificia - Papal Noble Guard kepi hat - Kepi - Papa - Stato della Chiesa - Pontificial","breadcrumb":{"@id":"https:\/\/thefinitive.com\/en\/prodotto\/guardia-nobile-pontificia-papa-kepi-da-capitano\/#breadcrumb"},"inLanguage":"en-US","potentialAction":[{"@type":"ReadAction","target":["https:\/\/thefinitive.com\/en\/prodotto\/guardia-nobile-pontificia-papa-kepi-da-capitano\/"]}]},{"@type":"BreadcrumbList","@id":"https:\/\/thefinitive.com\/en\/prodotto\/guardia-nobile-pontificia-papa-kepi-da-capitano\/#breadcrumb","itemListElement":[{"@type":"ListItem","position":1,"name":"Home","item":"https:\/\/thefinitive.com\/en\/"},{"@type":"ListItem","position":2,"name":"Shop","item":"https:\/\/thefinitive.com\/en\/shop-2\/"},{"@type":"ListItem","position":3,"name":"\u274c\ud83d\ude41Guardia Nobile pontificia Papa &#8211; Kepi da Capitano"}]},{"@type":"WebSite","@id":"https:\/\/thefinitive.com\/en\/#website","url":"https:\/\/thefinitive.com\/en\/","name":"Thefinitive","description":"Antiquariato Online","publisher":{"@id":"https:\/\/thefinitive.com\/en\/#organization"},"potentialAction":[{"@type":"SearchAction","target":{"@type":"EntryPoint","urlTemplate":"https:\/\/thefinitive.com\/en\/?s={search_term_string}"},"query-input":"required name=search_term_string"}],"inLanguage":"en-US"},{"@type":"Organization","@id":"https:\/\/thefinitive.com\/en\/#organization","name":"Thefinitive","url":"https:\/\/thefinitive.com\/en\/","logo":{"@type":"ImageObject","inLanguage":"en-US","@id":"https:\/\/thefinitive.com\/en\/#\/schema\/logo\/image\/","url":"https:\/\/thefinitive.com\/wp-content\/uploads\/2019\/07\/logo4vett.svg","contentUrl":"https:\/\/thefinitive.com\/wp-content\/uploads\/2019\/07\/logo4vett.svg","width":500,"height":100,"caption":"Thefinitive"},"image":{"@id":"https:\/\/thefinitive.com\/en\/#\/schema\/logo\/image\/"},"sameAs":["https:\/\/business.facebook.com\/Thefinitive-111771813534320\/","https:\/\/www.instagram.com\/_thefinitive_\/"]}]}},"_links":{"self":[{"href":"https:\/\/thefinitive.com\/en\/wp-json\/wp\/v3\/product\/4305"}],"collection":[{"href":"https:\/\/thefinitive.com\/en\/wp-json\/wp\/v3\/product"}],"about":[{"href":"https:\/\/thefinitive.com\/en\/wp-json\/wp\/v2\/types\/product"}],"replies":[{"embeddable":true,"href":"https:\/\/thefinitive.com\/en\/wp-json\/wp\/v2\/comments?post=4305"}],"version-history":[{"count":1,"href":"https:\/\/thefinitive.com\/en\/wp-json\/wp\/v3\/product\/4305\/revisions"}],"predecessor-version":[{"id":14832,"href":"https:\/\/thefinitive.com\/en\/wp-json\/wp\/v3\/product\/4305\/revisions\/14832"}],"wp:featuredmedia":[{"embeddable":true,"href":"https:\/\/thefinitive.com\/en\/wp-json\/wp\/v2\/media\/3038"}],"wp:attachment":[{"href":"https:\/\/thefinitive.com\/en\/wp-json\/wp\/v2\/media?parent=4305"}],"wp:term":[{"taxonomy":"product_cat","embeddable":true,"href":"https:\/\/thefinitive.com\/en\/wp-json\/wp\/v2\/product_cat?post=4305"},{"taxonomy":"product_tag","embeddable":true,"href":"https:\/\/thefinitive.com\/en\/wp-json\/wp\/v2\/product_tag?post=4305"}],"curies":[{"name":"wp","href":"https:\/\/api.w.org\/{rel}","templated":true}]}}